{"id":704761,"date":"2024-06-08T04:12:41","date_gmt":"2024-06-08T04:12:41","guid":{"rendered":"https:\/\/talkpal.ai\/vocabulary\/parole-per-festivita-e-occasioni-speciali-in-catalano\/"},"modified":"2024-06-08T04:12:41","modified_gmt":"2024-06-08T04:12:41","slug":"parole-per-festivita-e-occasioni-speciali-in-catalano","status":"publish","type":"vocabulary","link":"https:\/\/talkpal.ai\/it\/vocabulary\/parole-per-festivita-e-occasioni-speciali-in-catalano\/","title":{"rendered":"Parole per festivit\u00e0 e occasioni speciali in catalano"},"content":{"rendered":"<p>Le festivit\u00e0 e le occasioni speciali sono momenti importanti nella vita di ogni persona e ogni cultura ha le <a href=\"https:\/\/talkpal.ai\/locations\/language-courses-in-sue\/\">sue<\/a> tradizioni e parole specifiche per descriverle. In questo articolo, esploreremo alcune delle parole catalane pi\u00f9 comuni usate per le festivit\u00e0 e le occasioni speciali, fornendo definizioni e frasi di esempio per aiutarti a comprendere e utilizzare meglio queste parole.<\/p>\n<h2>Nadal (Natale)<\/h2>\n<p><b>Nadal<\/b> \u00e8 la parola catalana per <a href=\"https:\/\/talkpal.ai\/talkpal-christmas-discount\/\">Natale<\/a>, una delle festivit\u00e0 pi\u00f9 importanti e celebrate in tutto il mondo. Durante il <a href=\"https:\/\/talkpal.ai\/talkpal-christmas-discount\/\">Nadal<\/a>, le famiglie si riuniscono, scambiano regali e festeggiano insieme.<\/p>\n<p><font color=\"#2D3AC7\">Celebrem el <b>Nadal<\/b> amb tota la fam\u00edlia cada any.<\/font><\/p>\n<h3>Reis (Epifania)<\/h3>\n<p>L&#8217;Epifania, o &#8220;Reis&#8221; in <a href=\"https:\/\/talkpal.ai\/learn-catalan\/\">catalano<\/a>, \u00e8 una festivit\u00e0 che celebra l&#8217;arrivo dei Re Magi. In Spagna e in particolare in Catalogna, \u00e8 una festa molto sentita, con parate e regali per i bambini.<\/p>\n<p><font color=\"#2D3AC7\">Els <b>Reis<\/b> d&#8217;Orient porten regals als nens la nit del 5 de gener.<\/font><\/p>\n<h3>Cap d&#8217;Any (Capodanno)<\/h3>\n<p><b>Cap d&#8217;Any<\/b> significa <a href=\"https:\/\/talkpal.ai\/talkpal-new-years-discount\/\">Capodanno<\/a> in catalano. \u00c8 il giorno in cui si celebra l&#8217;inizio del nuovo anno. Le persone festeggiano con cene speciali, fuochi d&#8217;artificio e <a href=\"https:\/\/talkpal.ai\/locations\/language-courses-in-brindisi\/\">brindisi<\/a> a mezzanotte.<\/p>\n<p><font color=\"#2D3AC7\">Ens agrada celebrar el <b>Cap d&#8217;Any<\/b> amb amics i focs artificials.<\/font><\/p>\n<h2>Setmana Santa (Settimana Santa)<\/h2>\n<p>La <b>Setmana Santa<\/b> \u00e8 la settimana che precede la <a href=\"https:\/\/talkpal.ai\/talkpal-easter-discount\/\">Pasqua<\/a> ed \u00e8 caratterizzata da processioni religiose e celebrazioni. \u00c8 un periodo di riflessione e di fede per molte persone.<\/p>\n<p><font color=\"#2D3AC7\">Durant la <b>Setmana Santa<\/b>, moltes ciutats organitzen processons.<\/font><\/p>\n<h3>P\u00e0squa (Pasqua)<\/h3>\n<p>La <b>P\u00e0squa<\/b> \u00e8 la celebrazione della resurrezione di Ges\u00f9 Cristo. In Catalogna, come in molte altre regioni, \u00e8 un momento di festa che include tradizioni come mangiare dolci tipici e partecipare a celebrazioni religiose.<\/p>\n<p><font color=\"#2D3AC7\">Celebrem la <b>P\u00e0squa<\/b> amb la fam\u00edlia i menjant mones.<\/font><\/p>\n<h2>Diada (Giorno della Catalogna)<\/h2>\n<p>La <b>Diada<\/b> \u00e8 la festa nazionale della Catalogna, celebrata l&#8217;11 settembre. \u00c8 un giorno di commemorazione storica e di orgoglio regionale, con eventi e manifestazioni in tutta la regione.<\/p>\n<p><font color=\"#2D3AC7\">La <b>Diada<\/b> \u00e9s una jornada de reivindicaci\u00f3 i orgull catal\u00e0.<\/font><\/p>\n<h3>Sant Jordi (San Giorgio)<\/h3>\n<p>Il <b>Sant Jordi<\/b>, celebrato il 23 aprile, \u00e8 il giorno di San Giorgio ed \u00e8 una festa molto amata in Catalogna. \u00c8 tradizione regalare libri e rose alle persone care.<\/p>\n<p><font color=\"#2D3AC7\">El dia de <b>Sant Jordi<\/b>, regalem roses i llibres als nostres estimats.<\/font><\/p>\n<h2>Carnestoltes (Carnevale)<\/h2>\n<p>Il <b>Carnestoltes<\/b> \u00e8 il carnevale, una festa caratterizzata da sfilate, costumi e feste. \u00c8 un momento di allegria e divertimento che precede la Quaresima.<\/p>\n<p><font color=\"#2D3AC7\">Ens disfressem cada any per celebrar el <b>Carnestoltes<\/b>.<\/font><\/p>\n<h3>Castanyada (Festa delle Castagne)<\/h3>\n<p>La <b>Castanyada<\/b> \u00e8 una festa tradizionale catalana che si celebra il 31 ottobre, in concomitanza con Halloween. Si mangiano castagne, panellets (dolci tipici) e si beve moscatel.<\/p>\n<p><font color=\"#2D3AC7\">Durant la <b>Castanyada<\/b>, mengem castanyes i panellets.<\/font><\/p>\n<h2>Sant Joan (San Giovanni)<\/h2>\n<p>Il <b>Sant Joan<\/b> \u00e8 una festa che celebra il solstizio d&#8217;estate, il 23 giugno. \u00c8 caratterizzata da fuochi d&#8217;artificio, fal\u00f2 e feste notturne.<\/p>\n<p><font color=\"#2D3AC7\">La nit de <b>Sant Joan<\/b> encenem fogueres i tirem petards.<\/font><\/p>\n<h3>Tots Sants (Ognissanti)<\/h3>\n<p>La festa di <b>Tots Sants<\/b>, celebrata il 1 novembre, \u00e8 un momento per ricordare i defunti. \u00c8 tradizione visitare i cimiteri e portare fiori sulle tombe.<\/p>\n<p><font color=\"#2D3AC7\">El dia de <b>Tots Sants<\/b> visitem els cementiris i portem flors als nostres difunts.<\/font><\/p>\n<h2>Festa Major (Festa Grande)<\/h2>\n<p>La <b>Festa Major<\/b> \u00e8 una grande festa che si celebra in molte citt\u00e0 e paesi della Catalogna. Ogni comunit\u00e0 ha la sua Festa Major con eventi, concerti, danze e altre celebrazioni locali.<\/p>\n<p><font color=\"#2D3AC7\">La <b>Festa Major<\/b> del nostre poble \u00e9s sempre molt animada i divertida.<\/font><\/p>\n<h3>Sant Esteve (Santo Stefano)<\/h3>\n<p>Il <b>Sant Esteve<\/b> si celebra il 26 dicembre, il giorno dopo Natale. \u00c8 un giorno festivo in Catalogna, spesso dedicato a riunioni familiari e pranzi abbondanti.<\/p>\n<p><font color=\"#2D3AC7\">El dia de <b>Sant Esteve<\/b> dinem amb tota la fam\u00edlia a casa dels avis.<\/font><\/p>\n<h2>Fira (Fiera)<\/h2>\n<p>Una <b>Fira<\/b> \u00e8 una fiera, spesso caratterizzata da bancarelle, giostre e attrazioni. In Catalogna, le fiere sono eventi popolari che attirano grandi folle.<\/p>\n<p><font color=\"#2D3AC7\">A la <b>Fira<\/b> de la Merc\u00e8 hi ha moltes atraccions i parades de menjar.<\/font><\/p>\n<h3>Verbena (Festa Notturna)<\/h3>\n<p>La <b>Verbena<\/b> \u00e8 una festa notturna tipica delle celebrazioni di San Giovanni e altre feste estive. Include balli, musica e spesso fuochi d&#8217;artificio.<\/p>\n<p><font color=\"#2D3AC7\">La <b>Verbena<\/b> de Sant Joan \u00e9s coneguda pels seus focs artificials i ball.<\/font><\/p>\n<h2>Romeria (Pellegrinaggio)<\/h2>\n<p>Una <b>Romeria<\/b> \u00e8 un pellegrinaggio verso un luogo sacro. \u00c8 spesso un evento festivo e comunitario, con canti, balli e celebrazioni religiose.<\/p>\n<p><font color=\"#2D3AC7\">Cada any fem una <b>Romeria<\/b> al santuari del nostre patr\u00f3.<\/font><\/p>\n<h3>Caga Ti\u00f3 (Tronchetto di Natale)<\/h3>\n<p>Il <b>Caga Ti\u00f3<\/b> \u00e8 una tradizione natalizia catalana in cui un tronchetto di legno &#8220;caga&#8221; regali e dolci per i bambini. \u00c8 un evento molto amato e atteso dai pi\u00f9 piccoli.<\/p>\n<p><font color=\"#2D3AC7\">El <b>Caga Ti\u00f3<\/b> ens porta dol\u00e7os i regals per Nadal.<\/font><\/p>\n<h2>Correfoc (Corsa del Fuoco)<\/h2>\n<p>Il <b>Correfoc<\/b> \u00e8 un evento pirotecnico tipico delle feste catalane, in cui persone vestite da diavoli corrono per le strade con fuochi d&#8217;artificio. \u00c8 uno spettacolo affascinante e molto popolare.<\/p>\n<p><font color=\"#2D3AC7\">El <b>Correfoc<\/b> \u00e9s l&#8217;esdeveniment m\u00e9s esperat de la Festa Major.<\/font><\/p>\n<h3>Patum (Festa di Berga)<\/h3>\n<p>La <b>Patum<\/b> \u00e8 una festa tradizionale che si tiene a Berga durante la settimana del Corpus Domini. \u00c8 caratterizzata da spettacoli di fuoco, giganti e musica.<\/p>\n<p><font color=\"#2D3AC7\">La <b>Patum<\/b> de Berga \u00e9s una festa \u00fanica i espectacular.<\/font><\/p>\n<h2>Aplec (Raduno)<\/h2>\n<p>Un <b>Aplec<\/b> \u00e8 un raduno o incontro, spesso di carattere festivo o religioso. \u00c8 un&#8217;occasione per stare insieme, ballare la sardana (danza tradizionale catalana) e condividere cibo.<\/p>\n<p><font color=\"#2D3AC7\">L&#8217;<b>Aplec<\/b> de la Sardana reuneix balladors de tot Catalunya.<\/font><\/p>\n<h3>Festa de la Merc\u00e8 (Festa della Merc\u00e8)<\/h3>\n<p>La <b>Festa de la Merc\u00e8<\/b> \u00e8 la festa patronale di Barcellona, celebrata il 24 settembre. Include concerti, spettacoli di strada, castellers (torri umane) e molto altro.<\/p>\n<p><font color=\"#2D3AC7\">La <b>Festa de la Merc\u00e8<\/b> transforma Barcelona en un escenari de festes i activitats.<\/font><\/p>\n<h2>Fira de Santa Ll\u00facia (Fiera di Santa Lucia)<\/h2>\n<p>La <b>Fira de Santa Ll\u00facia<\/b> \u00e8 una fiera natalizia che si tiene a Barcellona e in altre citt\u00e0 catalane, dove si vendono decorazioni natalizie, presepi e artigianato.<\/p>\n<p><font color=\"#2D3AC7\">Cada any anem a la <b>Fira de Santa Ll\u00facia<\/b> per comprar adorns de Nadal.<\/font><\/p>\n<h3>Festa de la Candelera (Festa della Candelora)<\/h3>\n<p>La <b>Festa de la Candelera<\/b> si celebra il 2 febbraio e segna la fine del periodo natalizio. \u00c8 una festa religiosa che prevede la benedizione delle candele.<\/p>\n<p><font color=\"#2D3AC7\">A la <b>Festa de la Candelera<\/b> bene\u00efm les espelmes a l&#8217;esgl\u00e9sia.<\/font><\/p>\n<p>In conclusione, le festivit\u00e0 e le occasioni speciali in Catalogna sono ricche di tradizioni e significati. Conoscere e usare le parole giuste ti aiuter\u00e0 a immergerti meglio nella cultura catalana e a partecipare pienamente alle celebrazioni. Speriamo che questo articolo ti sia stato utile e ti auguriamo buone feste e celebrazioni!<\/p>\n","protected":false},"featured_media":1527876,"template":"","vocabulary_language":[3969],"class_list":["post-704761","vocabulary","type-vocabulary","status-publish","has-post-thumbnail","hentry","vocabulary_language-catalano"],"acf":[],"yoast_head":"<!-- This site is optimized with the Yoast SEO Premium plugin v27.2 (Yoast SEO v27.2) - https:\/\/yoast.com\/product\/yoast-seo-premium-wordpress\/ -->\n<title>Parole per festivit\u00e0 e occasioni speciali in catalano - Talkpal<\/title>\n<meta name=\"description\" content=\"Le festivit\u00e0 e le occasioni speciali sono momenti importanti nella vita di ogni persona e ogni cultura ha le sue tradizioni e parole specifiche per\" \/>\n<meta name=\"robots\" content=\"index, follow, max-snippet:-1, max-image-preview:large, max-video-preview:-1\" \/>\n<link rel=\"canonical\" href=\"https:\/\/talkpal.ai\/it\/vocabulary\/parole-per-festivita-e-occasioni-speciali-in-catalano\/\" \/>\n<meta property=\"og:locale\" content=\"it_IT\" \/>\n<meta property=\"og:type\" content=\"article\" \/>\n<meta property=\"og:title\" content=\"Parole per festivit\u00e0 e occasioni speciali in catalano\" \/>\n<meta property=\"og:description\" content=\"Le festivit\u00e0 e le occasioni speciali sono momenti importanti nella vita di ogni persona e ogni cultura ha le sue tradizioni e parole specifiche per\" \/>\n<meta property=\"og:url\" content=\"https:\/\/talkpal.ai\/it\/vocabulary\/parole-per-festivita-e-occasioni-speciali-in-catalano\/\" \/>\n<meta property=\"og:site_name\" content=\"Talkpal\" \/>\n<meta property=\"article:publisher\" content=\"https:\/\/www.facebook.com\/profile.php?id=100090733639311\" \/>\n<meta property=\"og:image\" content=\"https:\/\/talkpal.ai\/wp-content\/uploads\/2024\/10\/talkpal_flat_illustration_of_a_employees_working_together_happi_c674ff77-e477-4e09-835a-01d30e561e99.png\" \/>\n\t<meta property=\"og:image:width\" content=\"1024\" \/>\n\t<meta property=\"og:image:height\" content=\"1024\" \/>\n\t<meta property=\"og:image:type\" content=\"image\/png\" \/>\n<meta name=\"twitter:card\" content=\"summary_large_image\" \/>\n<meta name=\"twitter:site\" content=\"@talkpalai\" \/>\n<meta name=\"twitter:label1\" content=\"Tempo di lettura stimato\" \/>\n\t<meta name=\"twitter:data1\" content=\"5 minuti\" \/>\n<script type=\"application\/ld+json\" class=\"yoast-schema-graph\">{\"@context\":\"https:\/\/schema.org\",\"@graph\":[{\"@type\":\"WebPage\",\"@id\":\"https:\/\/talkpal.ai\/it\/vocabulary\/parole-per-festivita-e-occasioni-speciali-in-catalano\/\",\"url\":\"https:\/\/talkpal.ai\/it\/vocabulary\/parole-per-festivita-e-occasioni-speciali-in-catalano\/\",\"name\":\"Parole per festivit\u00e0 e occasioni speciali in catalano - Talkpal\",\"isPartOf\":{\"@id\":\"https:\/\/talkpal.ai\/it\/#website\"},\"primaryImageOfPage\":{\"@id\":\"https:\/\/talkpal.ai\/it\/vocabulary\/parole-per-festivita-e-occasioni-speciali-in-catalano\/#primaryimage\"},\"image\":{\"@id\":\"https:\/\/talkpal.ai\/it\/vocabulary\/parole-per-festivita-e-occasioni-speciali-in-catalano\/#primaryimage\"},\"thumbnailUrl\":\"https:\/\/talkpal.ai\/wp-content\/uploads\/2025\/12\/screen-is-shared-learning-languages.webp\",\"datePublished\":\"2024-06-08T04:12:41+00:00\",\"description\":\"Le festivit\u00e0 e le occasioni speciali sono momenti importanti nella vita di ogni persona e ogni cultura ha le sue tradizioni e parole specifiche per\",\"breadcrumb\":{\"@id\":\"https:\/\/talkpal.ai\/it\/vocabulary\/parole-per-festivita-e-occasioni-speciali-in-catalano\/#breadcrumb\"},\"inLanguage\":\"it-IT\",\"potentialAction\":[{\"@type\":\"ReadAction\",\"target\":[\"https:\/\/talkpal.ai\/it\/vocabulary\/parole-per-festivita-e-occasioni-speciali-in-catalano\/\"]}]},{\"@type\":\"ImageObject\",\"inLanguage\":\"it-IT\",\"@id\":\"https:\/\/talkpal.ai\/it\/vocabulary\/parole-per-festivita-e-occasioni-speciali-in-catalano\/#primaryimage\",\"url\":\"https:\/\/talkpal.ai\/wp-content\/uploads\/2025\/12\/screen-is-shared-learning-languages.webp\",\"contentUrl\":\"https:\/\/talkpal.ai\/wp-content\/uploads\/2025\/12\/screen-is-shared-learning-languages.webp\",\"width\":1200,\"height\":896,\"caption\":\"A laptop is shared by three students pointing at the screen while learning languages.\"},{\"@type\":\"BreadcrumbList\",\"@id\":\"https:\/\/talkpal.ai\/it\/vocabulary\/parole-per-festivita-e-occasioni-speciali-in-catalano\/#breadcrumb\",\"itemListElement\":[{\"@type\":\"ListItem\",\"position\":1,\"name\":\"Homepage\",\"item\":\"https:\/\/talkpal.ai\/it\/\"},{\"@type\":\"ListItem\",\"position\":2,\"name\":\"Parole per festivit\u00e0 e occasioni speciali in catalano\"}]},{\"@type\":\"WebSite\",\"@id\":\"https:\/\/talkpal.ai\/it\/#website\",\"url\":\"https:\/\/talkpal.ai\/it\/\",\"name\":\"Talkpal\",\"description\":\"AI Language Learning\",\"publisher\":{\"@id\":\"https:\/\/talkpal.ai\/it\/#organization\"},\"alternateName\":\"Talkpal AI\",\"potentialAction\":[{\"@type\":\"SearchAction\",\"target\":{\"@type\":\"EntryPoint\",\"urlTemplate\":\"https:\/\/talkpal.ai\/it\/?s={search_term_string}\"},\"query-input\":{\"@type\":\"PropertyValueSpecification\",\"valueRequired\":true,\"valueName\":\"search_term_string\"}}],\"inLanguage\":\"it-IT\"},{\"@type\":\"Organization\",\"@id\":\"https:\/\/talkpal.ai\/it\/#organization\",\"name\":\"Talkpal, Inc.\",\"alternateName\":\"Talkpal AI\",\"url\":\"https:\/\/talkpal.ai\/it\/\",\"logo\":{\"@type\":\"ImageObject\",\"inLanguage\":\"it-IT\",\"@id\":\"https:\/\/talkpal.ai\/it\/#\/schema\/logo\/image\/\",\"url\":\"https:\/\/talkpal.ai\/wp-content\/uploads\/2024\/03\/Talkpal-Logo-Icon.png\",\"contentUrl\":\"https:\/\/talkpal.ai\/wp-content\/uploads\/2024\/03\/Talkpal-Logo-Icon.png\",\"width\":2880,\"height\":2880,\"caption\":\"Talkpal, Inc.\"},\"image\":{\"@id\":\"https:\/\/talkpal.ai\/it\/#\/schema\/logo\/image\/\"},\"sameAs\":[\"https:\/\/www.facebook.com\/profile.php?id=100090733639311\",\"https:\/\/x.com\/talkpalai\",\"https:\/\/www.linkedin.com\/company\/talkpal\/\",\"https:\/\/www.youtube.com\/@TalkPal\/\",\"https:\/\/www.tiktok.com\/@talkpal\",\"https:\/\/www.instagram.com\/talkpal_ai\/\",\"https:\/\/www.crunchbase.com\/organization\/talkpal-9cde\",\"https:\/\/www.g2.com\/products\/talkpal-for-business\/\",\"https:\/\/www.trustpilot.com\/review\/talkpal.ai\",\"https:\/\/www.capterra.com\/p\/10006800\/TalkPal\/\"],\"description\":\"Talkpal is a language learning web and mobile education app, powered by the latest AI technologies, that provides engaging experiences to its customers in many different languages to help them improve their language skills. Users can chat about unlimited amount of topics with the app and use other modes to practice their language learning.\",\"email\":\"support@talkpal.ai\",\"legalName\":\"Talkpal, Inc.\",\"foundingDate\":\"2023-04-03\",\"duns\":\"118989042\",\"numberOfEmployees\":{\"@type\":\"QuantitativeValue\",\"minValue\":\"11\",\"maxValue\":\"50\"},\"publishingPrinciples\":\"https:\/\/talkpal.ai\/publishing-principles\/\",\"actionableFeedbackPolicy\":\"https:\/\/talkpal.ai\/actionable-feedback-policy\/\",\"correctionsPolicy\":\"https:\/\/talkpal.ai\/corrections-policy\/\",\"ethicsPolicy\":\"https:\/\/talkpal.ai\/ethics-policy\/\",\"diversityPolicy\":\"https:\/\/talkpal.ai\/diversity-policy\/\",\"diversityStaffingReport\":\"https:\/\/talkpal.ai\/diversity-policy\/\"}]}<\/script>\n<!-- \/ Yoast SEO Premium plugin. -->","yoast_head_json":{"title":"Parole per festivit\u00e0 e occasioni speciali in catalano - Talkpal","description":"Le festivit\u00e0 e le occasioni speciali sono momenti importanti nella vita di ogni persona e ogni cultura ha le sue tradizioni e parole specifiche per","robots":{"index":"index","follow":"follow","max-snippet":"max-snippet:-1","max-image-preview":"max-image-preview:large","max-video-preview":"max-video-preview:-1"},"canonical":"https:\/\/talkpal.ai\/it\/vocabulary\/parole-per-festivita-e-occasioni-speciali-in-catalano\/","og_locale":"it_IT","og_type":"article","og_title":"Parole per festivit\u00e0 e occasioni speciali in catalano","og_description":"Le festivit\u00e0 e le occasioni speciali sono momenti importanti nella vita di ogni persona e ogni cultura ha le sue tradizioni e parole specifiche per","og_url":"https:\/\/talkpal.ai\/it\/vocabulary\/parole-per-festivita-e-occasioni-speciali-in-catalano\/","og_site_name":"Talkpal","article_publisher":"https:\/\/www.facebook.com\/profile.php?id=100090733639311","og_image":[{"width":1024,"height":1024,"url":"https:\/\/talkpal.ai\/wp-content\/uploads\/2024\/10\/talkpal_flat_illustration_of_a_employees_working_together_happi_c674ff77-e477-4e09-835a-01d30e561e99.png","type":"image\/png"}],"twitter_card":"summary_large_image","twitter_site":"@talkpalai","twitter_misc":{"Tempo di lettura stimato":"5 minuti"},"schema":{"@context":"https:\/\/schema.org","@graph":[{"@type":"WebPage","@id":"https:\/\/talkpal.ai\/it\/vocabulary\/parole-per-festivita-e-occasioni-speciali-in-catalano\/","url":"https:\/\/talkpal.ai\/it\/vocabulary\/parole-per-festivita-e-occasioni-speciali-in-catalano\/","name":"Parole per festivit\u00e0 e occasioni speciali in catalano - Talkpal","isPartOf":{"@id":"https:\/\/talkpal.ai\/it\/#website"},"primaryImageOfPage":{"@id":"https:\/\/talkpal.ai\/it\/vocabulary\/parole-per-festivita-e-occasioni-speciali-in-catalano\/#primaryimage"},"image":{"@id":"https:\/\/talkpal.ai\/it\/vocabulary\/parole-per-festivita-e-occasioni-speciali-in-catalano\/#primaryimage"},"thumbnailUrl":"https:\/\/talkpal.ai\/wp-content\/uploads\/2025\/12\/screen-is-shared-learning-languages.webp","datePublished":"2024-06-08T04:12:41+00:00","description":"Le festivit\u00e0 e le occasioni speciali sono momenti importanti nella vita di ogni persona e ogni cultura ha le sue tradizioni e parole specifiche per","breadcrumb":{"@id":"https:\/\/talkpal.ai\/it\/vocabulary\/parole-per-festivita-e-occasioni-speciali-in-catalano\/#breadcrumb"},"inLanguage":"it-IT","potentialAction":[{"@type":"ReadAction","target":["https:\/\/talkpal.ai\/it\/vocabulary\/parole-per-festivita-e-occasioni-speciali-in-catalano\/"]}]},{"@type":"ImageObject","inLanguage":"it-IT","@id":"https:\/\/talkpal.ai\/it\/vocabulary\/parole-per-festivita-e-occasioni-speciali-in-catalano\/#primaryimage","url":"https:\/\/talkpal.ai\/wp-content\/uploads\/2025\/12\/screen-is-shared-learning-languages.webp","contentUrl":"https:\/\/talkpal.ai\/wp-content\/uploads\/2025\/12\/screen-is-shared-learning-languages.webp","width":1200,"height":896,"caption":"A laptop is shared by three students pointing at the screen while learning languages."},{"@type":"BreadcrumbList","@id":"https:\/\/talkpal.ai\/it\/vocabulary\/parole-per-festivita-e-occasioni-speciali-in-catalano\/#breadcrumb","itemListElement":[{"@type":"ListItem","position":1,"name":"Homepage","item":"https:\/\/talkpal.ai\/it\/"},{"@type":"ListItem","position":2,"name":"Parole per festivit\u00e0 e occasioni speciali in catalano"}]},{"@type":"WebSite","@id":"https:\/\/talkpal.ai\/it\/#website","url":"https:\/\/talkpal.ai\/it\/","name":"Talkpal","description":"AI Language Learning","publisher":{"@id":"https:\/\/talkpal.ai\/it\/#organization"},"alternateName":"Talkpal AI","potentialAction":[{"@type":"SearchAction","target":{"@type":"EntryPoint","urlTemplate":"https:\/\/talkpal.ai\/it\/?s={search_term_string}"},"query-input":{"@type":"PropertyValueSpecification","valueRequired":true,"valueName":"search_term_string"}}],"inLanguage":"it-IT"},{"@type":"Organization","@id":"https:\/\/talkpal.ai\/it\/#organization","name":"Talkpal, Inc.","alternateName":"Talkpal AI","url":"https:\/\/talkpal.ai\/it\/","logo":{"@type":"ImageObject","inLanguage":"it-IT","@id":"https:\/\/talkpal.ai\/it\/#\/schema\/logo\/image\/","url":"https:\/\/talkpal.ai\/wp-content\/uploads\/2024\/03\/Talkpal-Logo-Icon.png","contentUrl":"https:\/\/talkpal.ai\/wp-content\/uploads\/2024\/03\/Talkpal-Logo-Icon.png","width":2880,"height":2880,"caption":"Talkpal, Inc."},"image":{"@id":"https:\/\/talkpal.ai\/it\/#\/schema\/logo\/image\/"},"sameAs":["https:\/\/www.facebook.com\/profile.php?id=100090733639311","https:\/\/x.com\/talkpalai","https:\/\/www.linkedin.com\/company\/talkpal\/","https:\/\/www.youtube.com\/@TalkPal\/","https:\/\/www.tiktok.com\/@talkpal","https:\/\/www.instagram.com\/talkpal_ai\/","https:\/\/www.crunchbase.com\/organization\/talkpal-9cde","https:\/\/www.g2.com\/products\/talkpal-for-business\/","https:\/\/www.trustpilot.com\/review\/talkpal.ai","https:\/\/www.capterra.com\/p\/10006800\/TalkPal\/"],"description":"Talkpal is a language learning web and mobile education app, powered by the latest AI technologies, that provides engaging experiences to its customers in many different languages to help them improve their language skills. Users can chat about unlimited amount of topics with the app and use other modes to practice their language learning.","email":"support@talkpal.ai","legalName":"Talkpal, Inc.","foundingDate":"2023-04-03","duns":"118989042","numberOfEmployees":{"@type":"QuantitativeValue","minValue":"11","maxValue":"50"},"publishingPrinciples":"https:\/\/talkpal.ai\/publishing-principles\/","actionableFeedbackPolicy":"https:\/\/talkpal.ai\/actionable-feedback-policy\/","correctionsPolicy":"https:\/\/talkpal.ai\/corrections-policy\/","ethicsPolicy":"https:\/\/talkpal.ai\/ethics-policy\/","diversityPolicy":"https:\/\/talkpal.ai\/diversity-policy\/","diversityStaffingReport":"https:\/\/talkpal.ai\/diversity-policy\/"}]}},"_links":{"self":[{"href":"https:\/\/talkpal.ai\/it\/wp-json\/wp\/v2\/vocabulary\/704761","targetHints":{"allow":["GET"]}}],"collection":[{"href":"https:\/\/talkpal.ai\/it\/wp-json\/wp\/v2\/vocabulary"}],"about":[{"href":"https:\/\/talkpal.ai\/it\/wp-json\/wp\/v2\/types\/vocabulary"}],"wp:featuredmedia":[{"embeddable":true,"href":"https:\/\/talkpal.ai\/it\/wp-json\/wp\/v2\/media\/1527876"}],"wp:attachment":[{"href":"https:\/\/talkpal.ai\/it\/wp-json\/wp\/v2\/media?parent=704761"}],"wp:term":[{"taxonomy":"vocabulary_language","embeddable":true,"href":"https:\/\/talkpal.ai\/it\/wp-json\/wp\/v2\/vocabulary_language?post=704761"}],"curies":[{"name":"wp","href":"https:\/\/api.w.org\/{rel}","templated":true}]}}