{"id":262614,"date":"2024-05-07T14:57:26","date_gmt":"2024-05-07T14:57:26","guid":{"rendered":"https:\/\/talkpal.ai\/vocabulary\/parole-portoghesi-legate-allinverno-e-alla-neve\/"},"modified":"2024-05-07T14:57:26","modified_gmt":"2024-05-07T14:57:26","slug":"parole-portoghesi-legate-allinverno-e-alla-neve","status":"publish","type":"vocabulary","link":"https:\/\/talkpal.ai\/it\/vocabulary\/parole-portoghesi-legate-allinverno-e-alla-neve\/","title":{"rendered":"Parole portoghesi legate all&#8217;inverno e alla neve"},"content":{"rendered":"<p>Il <a href=\"https:\/\/talkpal.ai\/learn-portuguese\/\">portoghese<\/a> \u00e8 una lingua ricca di terminologie specifiche per descrivere ogni singola sfumatura dell&#8217;inverno e della neve. In questo articolo, esploriamo alcune delle parole pi\u00f9 usate e affascinanti che accompagnano la stagione fredda in Portogallo e in Brasile, nonch\u00e9 in altre nazioni lusofone.<\/p>\n<p><b>Inverno<\/b> \u00e8 semplicemente la traduzione di &#8220;inverno&#8221;. \u00c8 la stagione pi\u00f9 fredda dell&#8217;anno, caratterizzata da temperature basse e, in alcune regioni, da precipitazioni nevose.<br \/>\n<font color=\"#2D3AC7\">O inverno em <a href=\"https:\/\/talkpal.ai\/locations\/language-courses-in-portugal\/\">Portugal<\/a> pode ser bastante frio, especialmente no norte do pa\u00eds.<\/font><\/p>\n<p><b>Neve<\/b> si traduce in &#8220;neve&#8221;. Questo fenomeno meteorologico si verifica quando l&#8217;acqua si congela nell&#8217;atmosfera e cade a terra sotto forma di fiocchi bianchi.<br \/>\n<font color=\"#2D3AC7\">A neve cobriu as montanhas de branco.<\/font><\/p>\n<p><b>Frio<\/b> significa &#8220;freddo&#8221;. Questa parola \u00e8 usata per descrivere bassa temperatura ambientale <a href=\"https:\/\/talkpal.ai\/culture\/what-is-the-difference-between-o-and-la-when-using-the-verb-to-be\/\">o la<\/a> sensazione di freddo che proviamo.<br \/>\n<font color=\"#2D3AC7\">Est\u00e1 muito frio l\u00e1 fora, <a href=\"https:\/\/talkpal.ai\/es\/la-mejor-aplicacion-de-conversacion-con-ia\/\">melhor<\/a> vestir um <a href=\"https:\/\/talkpal.ai\/learn-kazakh\/\">casaco<\/a>.<\/font><\/p>\n<p><b>Geada<\/b> indica la &#8220;brina&#8221;, ossia la formazione di piccoli cristalli di ghiaccio che si posano sul suolo o su altre superfici, tipica delle notti invernali.<br \/>\n<font color=\"#2D3AC7\">Quando acordei, a geada tinha coberto <a href=\"https:\/\/talkpal.ai\/locations\/language-courses-in-toda\/\">toda<\/a> a relva com uma camada fina de gelo.<\/font><\/p>\n<p><b>Agasalho<\/b> \u00e8 il termine utilizzato per &#8220;indumento pesante&#8221;, come un cappotto o un maglione, usato per proteggersi dal freddo.<br \/>\n<font color=\"#2D3AC7\">N\u00e3o se esque\u00e7a de trazer um agasalho, vai esfriar \u00e0 noite.<\/font><\/p>\n<p><b>Lareira<\/b> sta per &#8220;camino&#8221;, molto comune nelle case per creare calore e atmosfera durante i mesi invernali.<br \/>\n<font color=\"#2D3AC7\">Nada <a href=\"https:\/\/talkpal.ai\/locations\/language-courses-in-como\/\">como<\/a> o calor da lareira para aquecer nas noites de inverno.<\/font><\/p>\n<p><b>Esfriar<\/b> si traduce in &#8220;raffreddarsi&#8221;. Questo verbo descrive il processo di diminuzione della temperatura.<br \/>\n<font color=\"#2D3AC7\">\u00c0 medida que o sol se p\u00f5e, come\u00e7a a esfriar rapidamente.<\/font><\/p>\n<p><b>Gorros<\/b> sono i &#8220;cappelli di lana&#8221; che si indossano per coprire la testa quando fa freddo.<br \/>\n<font color=\"#2D3AC7\">Meu gorro \u00e9 essencial para me proteger do frio.<\/font><\/p>\n<p><b>Luvioso<\/b> significa &#8220;piovoso&#8221;, riferendosi a giorni o periodi caratterizzati da precipitazioni frequenti.<br \/>\n<font color=\"#2D3AC7\">O clima est\u00e1 luvioso, melhor levar um guarda-chuva.<\/font><\/p>\n<p><b>Luvas<\/b> si traduce con &#8220;guanti&#8221;, e serve a definire il capo di abbigliamento utilizzato per proteggere e riscaldare le mani.<br \/>\n<font color=\"#2D3AC7\">Coloquei minhas luvas para n\u00e3o sentir frio nas m\u00e3os.<\/font><\/p>\n<p><b>Cachecol<\/b> corrisponde a &#8220;sciarpa&#8221;, un accessorio di stoffa che si avvolge intorno al collo per difendersi dal freddo.<br \/>\n<font color=\"#2D3AC7\">Esse cachecol \u00e9 muito quente e confort\u00e1vel.<\/font><\/p>\n<p><b>Botas<\/b> si riferisce a &#8220;stivali&#8221;, particolarmente utili nella stagione invernale per mantenere i piedi asciutti e al caldo.<br \/>\n<font color=\"#2D3AC7\">Comprei botas novas para a temporada de inverno.<\/font><\/p>\n<p><b>Gelo<\/b> significa &#8220;ghiaccio&#8221;, e si riferisce all&#8217;acqua congelata, sia in forma naturale che quando usata per avvolgere alimenti o rinfrescare bevande.<br \/>\n<font color=\"#2D3AC7\">Cuidado ao caminhar sobre o gelo, pode ser escorregadio.<\/font><\/p>\n<p><b>Cobertor<\/b> \u00e8 il termine per &#8220;coperta&#8221;, spesso utilizzato per aumentare il calore durante il sonno in notti fredde.<br \/>\n<font color=\"#2D3AC7\">Puxei o cobertor para me esquentar na cama.<\/font><\/p>\n<p><b>Ventania<\/b> si traduce con &#8220;vento forte&#8221;, fenomeno non raro in inverno e che pu\u00f2 accompagnare tempeste di neve.<br \/>\n<font color=\"#2D3AC7\">A ventania durante a noite derrubou v\u00e1rios galhos das \u00e1rvores.<\/font><\/p>\n<p><b>Casaco<\/b> sta per &#8220;cappotto&#8221;. \u00c8 un indumento invernale pi\u00f9 spesso rispetto a una giacca, capace di offrire un ottimo isolamento dal freddo.<br \/>\n<font color=\"#2D3AC7\">Vou precisar de um <a href=\"https:\/\/talkpal.ai\/learn-kazakh\/\">casaco<\/a> mais pesado para enfrentar o frio.<\/font><\/p>\n<p><b>Pinguim<\/b>, lo stesso termine italiano, \u00e8 un animale spesso associato al freddo e ai climi polari, sebbene alcuni pinguini vivano anche in regioni meno estreme.<br \/>\n<font color=\"#2D3AC7\">Os pinguins s\u00e3o animais adaptados ao clima frio.<\/font><\/p>\n<p><b>Flocos de neve<\/b>, o &#8220;fiocchi di neve&#8221;, sono le singole particelle di neve che scendono dal cielo, ognuna con una forma unica e spesso simmetrica.<br \/>\n<font color=\"#2D3AC7\">Os flocos de neve ca\u00edam suavemente sobre a cidade.<\/font><\/p>\n<p>Conoscere queste e altre parole legate all&#8217;inverno in portoghese pu\u00f2 rivelarsi utile per viaggiare nei paesi di lingua portoghese durante i mesi freddi, per comprendere la letteratura, la musica e i film che trattano questa stagione, o semplicemente per ampliare il proprio vocabolario personale. Ricordiamo che ogni parola va contestualizzata e usata in frasi adeguate per comprenderne tutte le sfumature.<\/p>\n","protected":false},"featured_media":1527876,"template":"","vocabulary_language":[3354],"class_list":["post-262614","vocabulary","type-vocabulary","status-publish","has-post-thumbnail","hentry","vocabulary_language-portoghese"],"acf":[],"yoast_head":"<!-- This site is optimized with the Yoast SEO Premium plugin v27.2 (Yoast SEO v27.2) - https:\/\/yoast.com\/product\/yoast-seo-premium-wordpress\/ -->\n<title>Parole portoghesi legate all&#039;inverno e alla neve - Talkpal<\/title>\n<meta name=\"description\" content=\"Il portoghese \u00e8 una lingua ricca di terminologie specifiche per descrivere ogni singola sfumatura dell&#039;inverno e della neve. In questo articolo,\" \/>\n<meta name=\"robots\" content=\"index, follow, max-snippet:-1, max-image-preview:large, max-video-preview:-1\" \/>\n<link rel=\"canonical\" href=\"https:\/\/talkpal.ai\/it\/vocabulary\/parole-portoghesi-legate-allinverno-e-alla-neve\/\" \/>\n<meta property=\"og:locale\" content=\"it_IT\" \/>\n<meta property=\"og:type\" content=\"article\" \/>\n<meta property=\"og:title\" content=\"Parole portoghesi legate all&#039;inverno e alla neve\" \/>\n<meta property=\"og:description\" content=\"Il portoghese \u00e8 una lingua ricca di terminologie specifiche per descrivere ogni singola sfumatura dell&#039;inverno e della neve. In questo articolo,\" \/>\n<meta property=\"og:url\" content=\"https:\/\/talkpal.ai\/it\/vocabulary\/parole-portoghesi-legate-allinverno-e-alla-neve\/\" \/>\n<meta property=\"og:site_name\" content=\"Talkpal\" \/>\n<meta property=\"article:publisher\" content=\"https:\/\/www.facebook.com\/profile.php?id=100090733639311\" \/>\n<meta property=\"og:image\" content=\"https:\/\/talkpal.ai\/wp-content\/uploads\/2024\/10\/talkpal_flat_illustration_of_a_employees_working_together_happi_c674ff77-e477-4e09-835a-01d30e561e99.png\" \/>\n\t<meta property=\"og:image:width\" content=\"1024\" \/>\n\t<meta property=\"og:image:height\" content=\"1024\" \/>\n\t<meta property=\"og:image:type\" content=\"image\/png\" \/>\n<meta name=\"twitter:card\" content=\"summary_large_image\" \/>\n<meta name=\"twitter:site\" content=\"@talkpalai\" \/>\n<meta name=\"twitter:label1\" content=\"Tempo di lettura stimato\" \/>\n\t<meta name=\"twitter:data1\" content=\"3 minuti\" \/>\n<script type=\"application\/ld+json\" class=\"yoast-schema-graph\">{\"@context\":\"https:\/\/schema.org\",\"@graph\":[{\"@type\":\"WebPage\",\"@id\":\"https:\/\/talkpal.ai\/it\/vocabulary\/parole-portoghesi-legate-allinverno-e-alla-neve\/\",\"url\":\"https:\/\/talkpal.ai\/it\/vocabulary\/parole-portoghesi-legate-allinverno-e-alla-neve\/\",\"name\":\"Parole portoghesi legate all'inverno e alla neve - Talkpal\",\"isPartOf\":{\"@id\":\"https:\/\/talkpal.ai\/it\/#website\"},\"primaryImageOfPage\":{\"@id\":\"https:\/\/talkpal.ai\/it\/vocabulary\/parole-portoghesi-legate-allinverno-e-alla-neve\/#primaryimage\"},\"image\":{\"@id\":\"https:\/\/talkpal.ai\/it\/vocabulary\/parole-portoghesi-legate-allinverno-e-alla-neve\/#primaryimage\"},\"thumbnailUrl\":\"https:\/\/talkpal.ai\/wp-content\/uploads\/2025\/12\/screen-is-shared-learning-languages.webp\",\"datePublished\":\"2024-05-07T14:57:26+00:00\",\"description\":\"Il portoghese \u00e8 una lingua ricca di terminologie specifiche per descrivere ogni singola sfumatura dell'inverno e della neve. In questo articolo,\",\"breadcrumb\":{\"@id\":\"https:\/\/talkpal.ai\/it\/vocabulary\/parole-portoghesi-legate-allinverno-e-alla-neve\/#breadcrumb\"},\"inLanguage\":\"it-IT\",\"potentialAction\":[{\"@type\":\"ReadAction\",\"target\":[\"https:\/\/talkpal.ai\/it\/vocabulary\/parole-portoghesi-legate-allinverno-e-alla-neve\/\"]}]},{\"@type\":\"ImageObject\",\"inLanguage\":\"it-IT\",\"@id\":\"https:\/\/talkpal.ai\/it\/vocabulary\/parole-portoghesi-legate-allinverno-e-alla-neve\/#primaryimage\",\"url\":\"https:\/\/talkpal.ai\/wp-content\/uploads\/2025\/12\/screen-is-shared-learning-languages.webp\",\"contentUrl\":\"https:\/\/talkpal.ai\/wp-content\/uploads\/2025\/12\/screen-is-shared-learning-languages.webp\",\"width\":1200,\"height\":896,\"caption\":\"A laptop is shared by three students pointing at the screen while learning languages.\"},{\"@type\":\"BreadcrumbList\",\"@id\":\"https:\/\/talkpal.ai\/it\/vocabulary\/parole-portoghesi-legate-allinverno-e-alla-neve\/#breadcrumb\",\"itemListElement\":[{\"@type\":\"ListItem\",\"position\":1,\"name\":\"Homepage\",\"item\":\"https:\/\/talkpal.ai\/it\/\"},{\"@type\":\"ListItem\",\"position\":2,\"name\":\"Parole portoghesi legate all&#8217;inverno e alla neve\"}]},{\"@type\":\"WebSite\",\"@id\":\"https:\/\/talkpal.ai\/it\/#website\",\"url\":\"https:\/\/talkpal.ai\/it\/\",\"name\":\"Talkpal\",\"description\":\"AI Language Learning\",\"publisher\":{\"@id\":\"https:\/\/talkpal.ai\/it\/#organization\"},\"alternateName\":\"Talkpal AI\",\"potentialAction\":[{\"@type\":\"SearchAction\",\"target\":{\"@type\":\"EntryPoint\",\"urlTemplate\":\"https:\/\/talkpal.ai\/it\/?s={search_term_string}\"},\"query-input\":{\"@type\":\"PropertyValueSpecification\",\"valueRequired\":true,\"valueName\":\"search_term_string\"}}],\"inLanguage\":\"it-IT\"},{\"@type\":\"Organization\",\"@id\":\"https:\/\/talkpal.ai\/it\/#organization\",\"name\":\"Talkpal, Inc.\",\"alternateName\":\"Talkpal AI\",\"url\":\"https:\/\/talkpal.ai\/it\/\",\"logo\":{\"@type\":\"ImageObject\",\"inLanguage\":\"it-IT\",\"@id\":\"https:\/\/talkpal.ai\/it\/#\/schema\/logo\/image\/\",\"url\":\"https:\/\/talkpal.ai\/wp-content\/uploads\/2024\/03\/Talkpal-Logo-Icon.png\",\"contentUrl\":\"https:\/\/talkpal.ai\/wp-content\/uploads\/2024\/03\/Talkpal-Logo-Icon.png\",\"width\":2880,\"height\":2880,\"caption\":\"Talkpal, Inc.\"},\"image\":{\"@id\":\"https:\/\/talkpal.ai\/it\/#\/schema\/logo\/image\/\"},\"sameAs\":[\"https:\/\/www.facebook.com\/profile.php?id=100090733639311\",\"https:\/\/x.com\/talkpalai\",\"https:\/\/www.linkedin.com\/company\/talkpal\/\",\"https:\/\/www.youtube.com\/@TalkPal\/\",\"https:\/\/www.tiktok.com\/@talkpal\",\"https:\/\/www.instagram.com\/talkpal_ai\/\",\"https:\/\/www.crunchbase.com\/organization\/talkpal-9cde\",\"https:\/\/www.g2.com\/products\/talkpal-for-business\/\",\"https:\/\/www.trustpilot.com\/review\/talkpal.ai\",\"https:\/\/www.capterra.com\/p\/10006800\/TalkPal\/\"],\"description\":\"Talkpal is a language learning web and mobile education app, powered by the latest AI technologies, that provides engaging experiences to its customers in many different languages to help them improve their language skills. Users can chat about unlimited amount of topics with the app and use other modes to practice their language learning.\",\"email\":\"support@talkpal.ai\",\"legalName\":\"Talkpal, Inc.\",\"foundingDate\":\"2023-04-03\",\"duns\":\"118989042\",\"numberOfEmployees\":{\"@type\":\"QuantitativeValue\",\"minValue\":\"11\",\"maxValue\":\"50\"},\"publishingPrinciples\":\"https:\/\/talkpal.ai\/publishing-principles\/\",\"actionableFeedbackPolicy\":\"https:\/\/talkpal.ai\/actionable-feedback-policy\/\",\"correctionsPolicy\":\"https:\/\/talkpal.ai\/corrections-policy\/\",\"ethicsPolicy\":\"https:\/\/talkpal.ai\/ethics-policy\/\",\"diversityPolicy\":\"https:\/\/talkpal.ai\/diversity-policy\/\",\"diversityStaffingReport\":\"https:\/\/talkpal.ai\/diversity-policy\/\"}]}<\/script>\n<!-- \/ Yoast SEO Premium plugin. -->","yoast_head_json":{"title":"Parole portoghesi legate all'inverno e alla neve - Talkpal","description":"Il portoghese \u00e8 una lingua ricca di terminologie specifiche per descrivere ogni singola sfumatura dell'inverno e della neve. In questo articolo,","robots":{"index":"index","follow":"follow","max-snippet":"max-snippet:-1","max-image-preview":"max-image-preview:large","max-video-preview":"max-video-preview:-1"},"canonical":"https:\/\/talkpal.ai\/it\/vocabulary\/parole-portoghesi-legate-allinverno-e-alla-neve\/","og_locale":"it_IT","og_type":"article","og_title":"Parole portoghesi legate all'inverno e alla neve","og_description":"Il portoghese \u00e8 una lingua ricca di terminologie specifiche per descrivere ogni singola sfumatura dell'inverno e della neve. In questo articolo,","og_url":"https:\/\/talkpal.ai\/it\/vocabulary\/parole-portoghesi-legate-allinverno-e-alla-neve\/","og_site_name":"Talkpal","article_publisher":"https:\/\/www.facebook.com\/profile.php?id=100090733639311","og_image":[{"width":1024,"height":1024,"url":"https:\/\/talkpal.ai\/wp-content\/uploads\/2024\/10\/talkpal_flat_illustration_of_a_employees_working_together_happi_c674ff77-e477-4e09-835a-01d30e561e99.png","type":"image\/png"}],"twitter_card":"summary_large_image","twitter_site":"@talkpalai","twitter_misc":{"Tempo di lettura stimato":"3 minuti"},"schema":{"@context":"https:\/\/schema.org","@graph":[{"@type":"WebPage","@id":"https:\/\/talkpal.ai\/it\/vocabulary\/parole-portoghesi-legate-allinverno-e-alla-neve\/","url":"https:\/\/talkpal.ai\/it\/vocabulary\/parole-portoghesi-legate-allinverno-e-alla-neve\/","name":"Parole portoghesi legate all'inverno e alla neve - Talkpal","isPartOf":{"@id":"https:\/\/talkpal.ai\/it\/#website"},"primaryImageOfPage":{"@id":"https:\/\/talkpal.ai\/it\/vocabulary\/parole-portoghesi-legate-allinverno-e-alla-neve\/#primaryimage"},"image":{"@id":"https:\/\/talkpal.ai\/it\/vocabulary\/parole-portoghesi-legate-allinverno-e-alla-neve\/#primaryimage"},"thumbnailUrl":"https:\/\/talkpal.ai\/wp-content\/uploads\/2025\/12\/screen-is-shared-learning-languages.webp","datePublished":"2024-05-07T14:57:26+00:00","description":"Il portoghese \u00e8 una lingua ricca di terminologie specifiche per descrivere ogni singola sfumatura dell'inverno e della neve. In questo articolo,","breadcrumb":{"@id":"https:\/\/talkpal.ai\/it\/vocabulary\/parole-portoghesi-legate-allinverno-e-alla-neve\/#breadcrumb"},"inLanguage":"it-IT","potentialAction":[{"@type":"ReadAction","target":["https:\/\/talkpal.ai\/it\/vocabulary\/parole-portoghesi-legate-allinverno-e-alla-neve\/"]}]},{"@type":"ImageObject","inLanguage":"it-IT","@id":"https:\/\/talkpal.ai\/it\/vocabulary\/parole-portoghesi-legate-allinverno-e-alla-neve\/#primaryimage","url":"https:\/\/talkpal.ai\/wp-content\/uploads\/2025\/12\/screen-is-shared-learning-languages.webp","contentUrl":"https:\/\/talkpal.ai\/wp-content\/uploads\/2025\/12\/screen-is-shared-learning-languages.webp","width":1200,"height":896,"caption":"A laptop is shared by three students pointing at the screen while learning languages."},{"@type":"BreadcrumbList","@id":"https:\/\/talkpal.ai\/it\/vocabulary\/parole-portoghesi-legate-allinverno-e-alla-neve\/#breadcrumb","itemListElement":[{"@type":"ListItem","position":1,"name":"Homepage","item":"https:\/\/talkpal.ai\/it\/"},{"@type":"ListItem","position":2,"name":"Parole portoghesi legate all&#8217;inverno e alla neve"}]},{"@type":"WebSite","@id":"https:\/\/talkpal.ai\/it\/#website","url":"https:\/\/talkpal.ai\/it\/","name":"Talkpal","description":"AI Language Learning","publisher":{"@id":"https:\/\/talkpal.ai\/it\/#organization"},"alternateName":"Talkpal AI","potentialAction":[{"@type":"SearchAction","target":{"@type":"EntryPoint","urlTemplate":"https:\/\/talkpal.ai\/it\/?s={search_term_string}"},"query-input":{"@type":"PropertyValueSpecification","valueRequired":true,"valueName":"search_term_string"}}],"inLanguage":"it-IT"},{"@type":"Organization","@id":"https:\/\/talkpal.ai\/it\/#organization","name":"Talkpal, Inc.","alternateName":"Talkpal AI","url":"https:\/\/talkpal.ai\/it\/","logo":{"@type":"ImageObject","inLanguage":"it-IT","@id":"https:\/\/talkpal.ai\/it\/#\/schema\/logo\/image\/","url":"https:\/\/talkpal.ai\/wp-content\/uploads\/2024\/03\/Talkpal-Logo-Icon.png","contentUrl":"https:\/\/talkpal.ai\/wp-content\/uploads\/2024\/03\/Talkpal-Logo-Icon.png","width":2880,"height":2880,"caption":"Talkpal, Inc."},"image":{"@id":"https:\/\/talkpal.ai\/it\/#\/schema\/logo\/image\/"},"sameAs":["https:\/\/www.facebook.com\/profile.php?id=100090733639311","https:\/\/x.com\/talkpalai","https:\/\/www.linkedin.com\/company\/talkpal\/","https:\/\/www.youtube.com\/@TalkPal\/","https:\/\/www.tiktok.com\/@talkpal","https:\/\/www.instagram.com\/talkpal_ai\/","https:\/\/www.crunchbase.com\/organization\/talkpal-9cde","https:\/\/www.g2.com\/products\/talkpal-for-business\/","https:\/\/www.trustpilot.com\/review\/talkpal.ai","https:\/\/www.capterra.com\/p\/10006800\/TalkPal\/"],"description":"Talkpal is a language learning web and mobile education app, powered by the latest AI technologies, that provides engaging experiences to its customers in many different languages to help them improve their language skills. Users can chat about unlimited amount of topics with the app and use other modes to practice their language learning.","email":"support@talkpal.ai","legalName":"Talkpal, Inc.","foundingDate":"2023-04-03","duns":"118989042","numberOfEmployees":{"@type":"QuantitativeValue","minValue":"11","maxValue":"50"},"publishingPrinciples":"https:\/\/talkpal.ai\/publishing-principles\/","actionableFeedbackPolicy":"https:\/\/talkpal.ai\/actionable-feedback-policy\/","correctionsPolicy":"https:\/\/talkpal.ai\/corrections-policy\/","ethicsPolicy":"https:\/\/talkpal.ai\/ethics-policy\/","diversityPolicy":"https:\/\/talkpal.ai\/diversity-policy\/","diversityStaffingReport":"https:\/\/talkpal.ai\/diversity-policy\/"}]}},"_links":{"self":[{"href":"https:\/\/talkpal.ai\/it\/wp-json\/wp\/v2\/vocabulary\/262614","targetHints":{"allow":["GET"]}}],"collection":[{"href":"https:\/\/talkpal.ai\/it\/wp-json\/wp\/v2\/vocabulary"}],"about":[{"href":"https:\/\/talkpal.ai\/it\/wp-json\/wp\/v2\/types\/vocabulary"}],"wp:featuredmedia":[{"embeddable":true,"href":"https:\/\/talkpal.ai\/it\/wp-json\/wp\/v2\/media\/1527876"}],"wp:attachment":[{"href":"https:\/\/talkpal.ai\/it\/wp-json\/wp\/v2\/media?parent=262614"}],"wp:term":[{"taxonomy":"vocabulary_language","embeddable":true,"href":"https:\/\/talkpal.ai\/it\/wp-json\/wp\/v2\/vocabulary_language?post=262614"}],"curies":[{"name":"wp","href":"https:\/\/api.w.org\/{rel}","templated":true}]}}