{"id":262577,"date":"2024-05-07T14:54:42","date_gmt":"2024-05-07T14:54:42","guid":{"rendered":"https:\/\/talkpal.ai\/vocabulary\/parole-portoghesi-legate-al-tempo\/"},"modified":"2024-05-07T14:54:42","modified_gmt":"2024-05-07T14:54:42","slug":"parole-portoghesi-legate-al-tempo","status":"publish","type":"vocabulary","link":"https:\/\/talkpal.ai\/it\/vocabulary\/parole-portoghesi-legate-al-tempo\/","title":{"rendered":"Parole portoghesi legate al tempo"},"content":{"rendered":"<p>Il <a href=\"https:\/\/talkpal.ai\/learn-portuguese\/\">portoghese<\/a> \u00e8 una lingua ricca e espressiva, particolarmente quando si <a href=\"https:\/\/talkpal.ai\/locations\/language-courses-in-parla\/\">parla<\/a> di fenomeni legati al clima e al tempo meteorologico. Conoscere queste parole non solo arricchisce il vocabolario, ma aiuta anche a comprendere meglio la cultura e l&#8217;ambiente in cui il portoghese \u00e8 parlato. Ecco alcune delle parole pi\u00f9 comuni legate al tempo in portoghese.<\/p>\n<p><b>Tempo<\/b><br \/>\nIl significato di &#8220;tempo&#8221; in portoghese pu\u00f2 riferirsi al clima. \u00c8 una parola usata di frequente per parlare delle condizioni atmosferiche.<br \/>\n<font color=\"#2D3AC7\"><a href=\"https:\/\/talkpal.ai\/locations\/language-courses-in-como\/\">Como<\/a> est\u00e1 o tempo hoje?<\/font><\/p>\n<p><b>Clima<\/b><br \/>\nLa parola si riferisce alle condizioni meteorologiche generali di una regione.<br \/>\n<font color=\"#2D3AC7\">O clima da regi\u00e3o Nordeste \u00e9 muito quente.<\/font><\/p>\n<p><b>Previs\u00e3o do tempo<\/b><br \/>\n\u00c8 la previsione metereologica. Spesso controllata prima di programmare eventi all&#8217;aperto.<br \/>\n<font color=\"#2D3AC7\">Vamos ver a previs\u00e3o do tempo para este fim de semana.<\/font><\/p>\n<p><b>Ensolarado<\/b><br \/>\nUna giornata descritta come &#8220;ensolarada&#8221; \u00e8 piena di sole, con quasi nessuna nuvola nel cielo.<br \/>\n<font color=\"#2D3AC7\">Hoje est\u00e1 um dia muito ensolarado, perfeito para a praia.<\/font><\/p>\n<p><b>Nuvem<\/b><br \/>\nUna nuvola nel cielo, che pu\u00f2 portare pioggia o semplicemente offrire un riparo dal sole.<br \/>\n<font color=\"#2D3AC7\">Olha aquela nuvem em forma de elefante.<\/font><\/p>\n<p><b>Nublado<\/b><br \/>\nQuesta descrizione indica che il cielo \u00e8 coperto di nuvole.<br \/>\n<font color=\"#2D3AC7\">Est\u00e1 muito nublado, pode chover a qualquer momento.<\/font><\/p>\n<p><b>Chuva<\/b><br \/>\nPioggia, una precipitazione d&#8217;acqua in gocce cadenti dal cielo, essenziale per la vita.<br \/>\n<font color=\"#2D3AC7\">Esqueci meu guarda-chuva e fui pego pela chuva.<\/font><\/p>\n<p><b>Chuvisco<\/b><br \/>\nUna pioggia leggera e fine, spesso associata al maltempo.<br \/>\n<font color=\"#2D3AC7\">Est\u00e1 apenas choviscando, n\u00e3o precisa de guarda-chuva.<\/font><\/p>\n<p><b>Tempestade<\/b><br \/>\nUn disturbo atmosferico severo, con pioggia, tuoni, lampi e talvolta anche vento forte.<br \/>\n<font color=\"#2D3AC7\">Durante a tempestade, \u00e9 mais seguro ficar em casa.<\/font><\/p>\n<p><b>Trov\u00e3o<\/b><br \/>\nIl suono emesso da una scarica elettrica durante una tempestade, communemente chiamato tuono.<br \/>\n<font color=\"#2D3AC7\">O som do trov\u00e3o pode ser muito assustador para as crian\u00e7as.<\/font><\/p>\n<p><b>Rel\u00e2mpago<\/b><br \/>\nLa luce generata da una scarica elettrica in una tempestade, comunemente riferito come fulmine.<br \/>\n<font color=\"#2D3AC7\">O rel\u00e2mpago iluminou todo o c\u00e9u.<\/font><\/p>\n<p><b>Vento<\/b><br \/>\nMovimento dell&#8217;aria da una parte all&#8217;altra, pu\u00f2 essere fresco o forte.<br \/>\n<font color=\"#2D3AC7\">O vento est\u00e1 forte hoje, cuidado com o chap\u00e9u.<\/font><\/p>\n<p><b>Brisa<\/b><br \/>\nUn vento leggero e piacevole, spesso associato al mare o a giornate serene.<br \/>\n<font color=\"#2D3AC7\">Uma brisa suave torna o passeio na praia mais agrad\u00e1vel.<\/font><\/p>\n<p><b>Neve<\/b><br \/>\nPrecipitazione sotto forma di fiocchi di ghiaccio, frequente in regioni fredde.<br \/>\n<font color=\"#2D3AC7\">A neve deixou a paisagem ainda mais bela.<\/font><\/p>\n<p><b>Nevoeiro<\/b><br \/>\nUna collezione di gocce d&#8217;acqua in aria che riduce la visibilit\u00e0.<br \/>\n<font color=\"#2D3AC7\">Com tanto nevoeiro, fica dif\u00edcil dirigir na estrada.<\/font><\/p>\n<p><b>Gelo<\/b><br \/>\nSi riferisce alla formazione di ghiaccio a seguito di temperature al di sotto dello zero.<br \/>\n<font color=\"#2D3AC7\">A geada da manh\u00e3 cobriu as plantas de gelo.<\/font><\/p>\n<p><b>Umidade<\/b><br \/>\nLivello di vapor d&#8217;acqua nell&#8217;aria, pu\u00f2 essere causa di disagi durante determinate stagioni.<br \/>\n<font color=\"#2D3AC7\">A umidade hoje est\u00e1 muito alta, sinto dificuldade para respirar.<\/font><\/p>\n<p><b>Seca<\/b><br \/>\nUn periodo senza pioggia, che pu\u00f2 portare a siccit\u00e0 e problemi nell&#8217;agricoltura.<br \/>\n<font color=\"#2D3AC7\">A seca este ano prejudicou a colheita de milho.<\/font><\/p>\n<p><b>Esta\u00e7\u00e3o do ano<\/b><br \/>\nRiferimento a una delle quattro divisioni dell&#8217;anno (primavera, estate, autunno, inverno) basate su differenze climatiche o astronomiche.<br \/>\n<font color=\"#2D3AC7\">Qual \u00e9 a sua esta\u00e7\u00e3o do ano preferida?<\/font><\/p>\n<p><b>Calor<\/b><br \/>\nSensazione di temperature elevate.<br \/>\n<font color=\"#2D3AC7\">N\u00e3o suporto o calor insuport\u00e1vel do ver\u00e3o.<\/font><\/p>\n<p><b>Frio<\/b><br \/>\nSensazione di temperature basse.<br \/>\n<font color=\"#2D3AC7\">Gosto do frio porque posso usar minhas roupas de inverno.<\/font><\/p>\n<p>La comprensione di queste parole \u00e8 fondamentale per chiunque stia imparando il portoghese e voglia leggere, guardare o parlare del tempo meteorologico e delle <a href=\"https:\/\/talkpal.ai\/locations\/language-courses-in-sue\/\">sue<\/a> variazioni. \u00c8 anche un ottimo modo per <a href=\"https:\/\/talkpal.ai\/ko\/ai-%ec%96%b8%ec%96%b4-%ea%b5%90%ec%82%ac\/\">iniziare<\/a> una conversazione con persone di <a href=\"https:\/\/talkpal.ai\/it\/corsi-di-lingua-portoghese\/\">lingua portoghese<\/a>, dato che il tempo \u00e8 sovente un argomento universale. Ricordate che molte di queste parole e espressioni possono avere significati figurati o essere usate in modi diversi. L&#8217;esposizione regolare e la pratica continuer\u00e0 a migliorare la vostra padronanza del lessico portoghese legato al tempo.<\/p>\n","protected":false},"featured_media":1528082,"template":"","vocabulary_language":[3354],"class_list":["post-262577","vocabulary","type-vocabulary","status-publish","has-post-thumbnail","hentry","vocabulary_language-portoghese"],"acf":[],"yoast_head":"<!-- This site is optimized with the Yoast SEO Premium plugin v27.2 (Yoast SEO v27.2) - https:\/\/yoast.com\/product\/yoast-seo-premium-wordpress\/ -->\n<title>Parole portoghesi legate al tempo - Talkpal<\/title>\n<meta name=\"description\" content=\"Il portoghese \u00e8 una lingua ricca e espressiva, particolarmente quando si parla di fenomeni legati al clima e al tempo meteorologico. Conoscere queste\" \/>\n<meta name=\"robots\" content=\"index, follow, max-snippet:-1, max-image-preview:large, max-video-preview:-1\" \/>\n<link rel=\"canonical\" href=\"https:\/\/talkpal.ai\/it\/vocabulary\/parole-portoghesi-legate-al-tempo\/\" \/>\n<meta property=\"og:locale\" content=\"it_IT\" \/>\n<meta property=\"og:type\" content=\"article\" \/>\n<meta property=\"og:title\" content=\"Parole portoghesi legate al tempo\" \/>\n<meta property=\"og:description\" content=\"Il portoghese \u00e8 una lingua ricca e espressiva, particolarmente quando si parla di fenomeni legati al clima e al tempo meteorologico. Conoscere queste\" \/>\n<meta property=\"og:url\" content=\"https:\/\/talkpal.ai\/it\/vocabulary\/parole-portoghesi-legate-al-tempo\/\" \/>\n<meta property=\"og:site_name\" content=\"Talkpal\" \/>\n<meta property=\"article:publisher\" content=\"https:\/\/www.facebook.com\/profile.php?id=100090733639311\" \/>\n<meta property=\"og:image\" content=\"https:\/\/talkpal.ai\/wp-content\/uploads\/2024\/10\/talkpal_flat_illustration_of_a_employees_working_together_happi_c674ff77-e477-4e09-835a-01d30e561e99.png\" \/>\n\t<meta property=\"og:image:width\" content=\"1024\" \/>\n\t<meta property=\"og:image:height\" content=\"1024\" \/>\n\t<meta property=\"og:image:type\" content=\"image\/png\" \/>\n<meta name=\"twitter:card\" content=\"summary_large_image\" \/>\n<meta name=\"twitter:site\" content=\"@talkpalai\" \/>\n<meta name=\"twitter:label1\" content=\"Tempo di lettura stimato\" \/>\n\t<meta name=\"twitter:data1\" content=\"3 minuti\" \/>\n<script type=\"application\/ld+json\" class=\"yoast-schema-graph\">{\"@context\":\"https:\/\/schema.org\",\"@graph\":[{\"@type\":\"WebPage\",\"@id\":\"https:\/\/talkpal.ai\/it\/vocabulary\/parole-portoghesi-legate-al-tempo\/\",\"url\":\"https:\/\/talkpal.ai\/it\/vocabulary\/parole-portoghesi-legate-al-tempo\/\",\"name\":\"Parole portoghesi legate al tempo - Talkpal\",\"isPartOf\":{\"@id\":\"https:\/\/talkpal.ai\/it\/#website\"},\"primaryImageOfPage\":{\"@id\":\"https:\/\/talkpal.ai\/it\/vocabulary\/parole-portoghesi-legate-al-tempo\/#primaryimage\"},\"image\":{\"@id\":\"https:\/\/talkpal.ai\/it\/vocabulary\/parole-portoghesi-legate-al-tempo\/#primaryimage\"},\"thumbnailUrl\":\"https:\/\/talkpal.ai\/wp-content\/uploads\/2025\/12\/woman-is-learning-languages-at-cafe.webp\",\"datePublished\":\"2024-05-07T14:54:42+00:00\",\"description\":\"Il portoghese \u00e8 una lingua ricca e espressiva, particolarmente quando si parla di fenomeni legati al clima e al tempo meteorologico. Conoscere queste\",\"breadcrumb\":{\"@id\":\"https:\/\/talkpal.ai\/it\/vocabulary\/parole-portoghesi-legate-al-tempo\/#breadcrumb\"},\"inLanguage\":\"it-IT\",\"potentialAction\":[{\"@type\":\"ReadAction\",\"target\":[\"https:\/\/talkpal.ai\/it\/vocabulary\/parole-portoghesi-legate-al-tempo\/\"]}]},{\"@type\":\"ImageObject\",\"inLanguage\":\"it-IT\",\"@id\":\"https:\/\/talkpal.ai\/it\/vocabulary\/parole-portoghesi-legate-al-tempo\/#primaryimage\",\"url\":\"https:\/\/talkpal.ai\/wp-content\/uploads\/2025\/12\/woman-is-learning-languages-at-cafe.webp\",\"contentUrl\":\"https:\/\/talkpal.ai\/wp-content\/uploads\/2025\/12\/woman-is-learning-languages-at-cafe.webp\",\"width\":1200,\"height\":896,\"caption\":\"A woman with a bun works on her laptop to learn languages in a caf\u00e9 lit by pendant lights.\"},{\"@type\":\"BreadcrumbList\",\"@id\":\"https:\/\/talkpal.ai\/it\/vocabulary\/parole-portoghesi-legate-al-tempo\/#breadcrumb\",\"itemListElement\":[{\"@type\":\"ListItem\",\"position\":1,\"name\":\"Homepage\",\"item\":\"https:\/\/talkpal.ai\/it\/\"},{\"@type\":\"ListItem\",\"position\":2,\"name\":\"Parole portoghesi legate al tempo\"}]},{\"@type\":\"WebSite\",\"@id\":\"https:\/\/talkpal.ai\/it\/#website\",\"url\":\"https:\/\/talkpal.ai\/it\/\",\"name\":\"Talkpal\",\"description\":\"AI Language Learning\",\"publisher\":{\"@id\":\"https:\/\/talkpal.ai\/it\/#organization\"},\"alternateName\":\"Talkpal AI\",\"potentialAction\":[{\"@type\":\"SearchAction\",\"target\":{\"@type\":\"EntryPoint\",\"urlTemplate\":\"https:\/\/talkpal.ai\/it\/?s={search_term_string}\"},\"query-input\":{\"@type\":\"PropertyValueSpecification\",\"valueRequired\":true,\"valueName\":\"search_term_string\"}}],\"inLanguage\":\"it-IT\"},{\"@type\":\"Organization\",\"@id\":\"https:\/\/talkpal.ai\/it\/#organization\",\"name\":\"Talkpal, Inc.\",\"alternateName\":\"Talkpal AI\",\"url\":\"https:\/\/talkpal.ai\/it\/\",\"logo\":{\"@type\":\"ImageObject\",\"inLanguage\":\"it-IT\",\"@id\":\"https:\/\/talkpal.ai\/it\/#\/schema\/logo\/image\/\",\"url\":\"https:\/\/talkpal.ai\/wp-content\/uploads\/2024\/03\/Talkpal-Logo-Icon.png\",\"contentUrl\":\"https:\/\/talkpal.ai\/wp-content\/uploads\/2024\/03\/Talkpal-Logo-Icon.png\",\"width\":2880,\"height\":2880,\"caption\":\"Talkpal, Inc.\"},\"image\":{\"@id\":\"https:\/\/talkpal.ai\/it\/#\/schema\/logo\/image\/\"},\"sameAs\":[\"https:\/\/www.facebook.com\/profile.php?id=100090733639311\",\"https:\/\/x.com\/talkpalai\",\"https:\/\/www.linkedin.com\/company\/talkpal\/\",\"https:\/\/www.youtube.com\/@TalkPal\/\",\"https:\/\/www.tiktok.com\/@talkpal\",\"https:\/\/www.instagram.com\/talkpal_ai\/\",\"https:\/\/www.crunchbase.com\/organization\/talkpal-9cde\",\"https:\/\/www.g2.com\/products\/talkpal-for-business\/\",\"https:\/\/www.trustpilot.com\/review\/talkpal.ai\",\"https:\/\/www.capterra.com\/p\/10006800\/TalkPal\/\"],\"description\":\"Talkpal is a language learning web and mobile education app, powered by the latest AI technologies, that provides engaging experiences to its customers in many different languages to help them improve their language skills. Users can chat about unlimited amount of topics with the app and use other modes to practice their language learning.\",\"email\":\"support@talkpal.ai\",\"legalName\":\"Talkpal, Inc.\",\"foundingDate\":\"2023-04-03\",\"duns\":\"118989042\",\"numberOfEmployees\":{\"@type\":\"QuantitativeValue\",\"minValue\":\"11\",\"maxValue\":\"50\"},\"publishingPrinciples\":\"https:\/\/talkpal.ai\/publishing-principles\/\",\"actionableFeedbackPolicy\":\"https:\/\/talkpal.ai\/actionable-feedback-policy\/\",\"correctionsPolicy\":\"https:\/\/talkpal.ai\/corrections-policy\/\",\"ethicsPolicy\":\"https:\/\/talkpal.ai\/ethics-policy\/\",\"diversityPolicy\":\"https:\/\/talkpal.ai\/diversity-policy\/\",\"diversityStaffingReport\":\"https:\/\/talkpal.ai\/diversity-policy\/\"}]}<\/script>\n<!-- \/ Yoast SEO Premium plugin. -->","yoast_head_json":{"title":"Parole portoghesi legate al tempo - Talkpal","description":"Il portoghese \u00e8 una lingua ricca e espressiva, particolarmente quando si parla di fenomeni legati al clima e al tempo meteorologico. Conoscere queste","robots":{"index":"index","follow":"follow","max-snippet":"max-snippet:-1","max-image-preview":"max-image-preview:large","max-video-preview":"max-video-preview:-1"},"canonical":"https:\/\/talkpal.ai\/it\/vocabulary\/parole-portoghesi-legate-al-tempo\/","og_locale":"it_IT","og_type":"article","og_title":"Parole portoghesi legate al tempo","og_description":"Il portoghese \u00e8 una lingua ricca e espressiva, particolarmente quando si parla di fenomeni legati al clima e al tempo meteorologico. Conoscere queste","og_url":"https:\/\/talkpal.ai\/it\/vocabulary\/parole-portoghesi-legate-al-tempo\/","og_site_name":"Talkpal","article_publisher":"https:\/\/www.facebook.com\/profile.php?id=100090733639311","og_image":[{"width":1024,"height":1024,"url":"https:\/\/talkpal.ai\/wp-content\/uploads\/2024\/10\/talkpal_flat_illustration_of_a_employees_working_together_happi_c674ff77-e477-4e09-835a-01d30e561e99.png","type":"image\/png"}],"twitter_card":"summary_large_image","twitter_site":"@talkpalai","twitter_misc":{"Tempo di lettura stimato":"3 minuti"},"schema":{"@context":"https:\/\/schema.org","@graph":[{"@type":"WebPage","@id":"https:\/\/talkpal.ai\/it\/vocabulary\/parole-portoghesi-legate-al-tempo\/","url":"https:\/\/talkpal.ai\/it\/vocabulary\/parole-portoghesi-legate-al-tempo\/","name":"Parole portoghesi legate al tempo - Talkpal","isPartOf":{"@id":"https:\/\/talkpal.ai\/it\/#website"},"primaryImageOfPage":{"@id":"https:\/\/talkpal.ai\/it\/vocabulary\/parole-portoghesi-legate-al-tempo\/#primaryimage"},"image":{"@id":"https:\/\/talkpal.ai\/it\/vocabulary\/parole-portoghesi-legate-al-tempo\/#primaryimage"},"thumbnailUrl":"https:\/\/talkpal.ai\/wp-content\/uploads\/2025\/12\/woman-is-learning-languages-at-cafe.webp","datePublished":"2024-05-07T14:54:42+00:00","description":"Il portoghese \u00e8 una lingua ricca e espressiva, particolarmente quando si parla di fenomeni legati al clima e al tempo meteorologico. Conoscere queste","breadcrumb":{"@id":"https:\/\/talkpal.ai\/it\/vocabulary\/parole-portoghesi-legate-al-tempo\/#breadcrumb"},"inLanguage":"it-IT","potentialAction":[{"@type":"ReadAction","target":["https:\/\/talkpal.ai\/it\/vocabulary\/parole-portoghesi-legate-al-tempo\/"]}]},{"@type":"ImageObject","inLanguage":"it-IT","@id":"https:\/\/talkpal.ai\/it\/vocabulary\/parole-portoghesi-legate-al-tempo\/#primaryimage","url":"https:\/\/talkpal.ai\/wp-content\/uploads\/2025\/12\/woman-is-learning-languages-at-cafe.webp","contentUrl":"https:\/\/talkpal.ai\/wp-content\/uploads\/2025\/12\/woman-is-learning-languages-at-cafe.webp","width":1200,"height":896,"caption":"A woman with a bun works on her laptop to learn languages in a caf\u00e9 lit by pendant lights."},{"@type":"BreadcrumbList","@id":"https:\/\/talkpal.ai\/it\/vocabulary\/parole-portoghesi-legate-al-tempo\/#breadcrumb","itemListElement":[{"@type":"ListItem","position":1,"name":"Homepage","item":"https:\/\/talkpal.ai\/it\/"},{"@type":"ListItem","position":2,"name":"Parole portoghesi legate al tempo"}]},{"@type":"WebSite","@id":"https:\/\/talkpal.ai\/it\/#website","url":"https:\/\/talkpal.ai\/it\/","name":"Talkpal","description":"AI Language Learning","publisher":{"@id":"https:\/\/talkpal.ai\/it\/#organization"},"alternateName":"Talkpal AI","potentialAction":[{"@type":"SearchAction","target":{"@type":"EntryPoint","urlTemplate":"https:\/\/talkpal.ai\/it\/?s={search_term_string}"},"query-input":{"@type":"PropertyValueSpecification","valueRequired":true,"valueName":"search_term_string"}}],"inLanguage":"it-IT"},{"@type":"Organization","@id":"https:\/\/talkpal.ai\/it\/#organization","name":"Talkpal, Inc.","alternateName":"Talkpal AI","url":"https:\/\/talkpal.ai\/it\/","logo":{"@type":"ImageObject","inLanguage":"it-IT","@id":"https:\/\/talkpal.ai\/it\/#\/schema\/logo\/image\/","url":"https:\/\/talkpal.ai\/wp-content\/uploads\/2024\/03\/Talkpal-Logo-Icon.png","contentUrl":"https:\/\/talkpal.ai\/wp-content\/uploads\/2024\/03\/Talkpal-Logo-Icon.png","width":2880,"height":2880,"caption":"Talkpal, Inc."},"image":{"@id":"https:\/\/talkpal.ai\/it\/#\/schema\/logo\/image\/"},"sameAs":["https:\/\/www.facebook.com\/profile.php?id=100090733639311","https:\/\/x.com\/talkpalai","https:\/\/www.linkedin.com\/company\/talkpal\/","https:\/\/www.youtube.com\/@TalkPal\/","https:\/\/www.tiktok.com\/@talkpal","https:\/\/www.instagram.com\/talkpal_ai\/","https:\/\/www.crunchbase.com\/organization\/talkpal-9cde","https:\/\/www.g2.com\/products\/talkpal-for-business\/","https:\/\/www.trustpilot.com\/review\/talkpal.ai","https:\/\/www.capterra.com\/p\/10006800\/TalkPal\/"],"description":"Talkpal is a language learning web and mobile education app, powered by the latest AI technologies, that provides engaging experiences to its customers in many different languages to help them improve their language skills. Users can chat about unlimited amount of topics with the app and use other modes to practice their language learning.","email":"support@talkpal.ai","legalName":"Talkpal, Inc.","foundingDate":"2023-04-03","duns":"118989042","numberOfEmployees":{"@type":"QuantitativeValue","minValue":"11","maxValue":"50"},"publishingPrinciples":"https:\/\/talkpal.ai\/publishing-principles\/","actionableFeedbackPolicy":"https:\/\/talkpal.ai\/actionable-feedback-policy\/","correctionsPolicy":"https:\/\/talkpal.ai\/corrections-policy\/","ethicsPolicy":"https:\/\/talkpal.ai\/ethics-policy\/","diversityPolicy":"https:\/\/talkpal.ai\/diversity-policy\/","diversityStaffingReport":"https:\/\/talkpal.ai\/diversity-policy\/"}]}},"_links":{"self":[{"href":"https:\/\/talkpal.ai\/it\/wp-json\/wp\/v2\/vocabulary\/262577","targetHints":{"allow":["GET"]}}],"collection":[{"href":"https:\/\/talkpal.ai\/it\/wp-json\/wp\/v2\/vocabulary"}],"about":[{"href":"https:\/\/talkpal.ai\/it\/wp-json\/wp\/v2\/types\/vocabulary"}],"wp:featuredmedia":[{"embeddable":true,"href":"https:\/\/talkpal.ai\/it\/wp-json\/wp\/v2\/media\/1528082"}],"wp:attachment":[{"href":"https:\/\/talkpal.ai\/it\/wp-json\/wp\/v2\/media?parent=262577"}],"wp:term":[{"taxonomy":"vocabulary_language","embeddable":true,"href":"https:\/\/talkpal.ai\/it\/wp-json\/wp\/v2\/vocabulary_language?post=262577"}],"curies":[{"name":"wp","href":"https:\/\/api.w.org\/{rel}","templated":true}]}}