{"id":1219477,"date":"2025-07-08T18:48:52","date_gmt":"2025-07-08T18:48:52","guid":{"rendered":"https:\/\/talkpal.ai\/vocabulary\/parlare-del-clima-in-lingua-ebraica\/"},"modified":"2025-07-08T18:48:52","modified_gmt":"2025-07-08T18:48:52","slug":"parlare-del-clima-in-lingua-ebraica","status":"publish","type":"vocabulary","link":"https:\/\/talkpal.ai\/it\/vocabulary\/parlare-del-clima-in-lingua-ebraica\/","title":{"rendered":"Parlare del Clima in Lingua Ebraica"},"content":{"rendered":"<p>Parlare del clima in lingua ebraica \u00e8 un ottimo modo per ampliare il proprio vocabolario e migliorare la comprensione di un tema di grande attualit\u00e0. Il clima \u00e8 un argomento che interessa persone di tutte le et\u00e0 e culture, e conoscere come parlarne in <a href=\"https:\/\/talkpal.ai\/learn-hebrew\/\">ebraico<\/a> pu\u00f2 rivelarsi utile sia per motivi accademici sia per conversazioni quotidiane. Inoltre, piattaforme come <a href=\"https:\/\/talkpal.ai\/ko\/ai-%ec%96%b8%ec%96%b4-%ea%b5%90%ec%82%ac\/\">Talkpal<\/a> offrono un ambiente interattivo e stimolante per apprendere nuove lingue, incluso l\u2019ebraico, permettendo agli <a href=\"https:\/\/talkpal.ai\/talkpal-discount-for-students\/\">studenti<\/a> di esercitarsi nel contesto reale, migliorando cos\u00ec la padronanza linguistica in modo efficace e divertente.<\/p>\n<h2>Il Vocabolario Essenziale per Parlare del Clima in Ebraico<\/h2>\n<p>Per discutere del clima in ebraico, \u00e8 fondamentale conoscere i termini base legati alle condizioni meteorologiche e <a href=\"https:\/\/talkpal.ai\/speaking-with-ai\/\">ai<\/a> fenomeni climatici. Ecco una lista di vocaboli chiave con la loro traduzione e pronuncia approssimativa:<\/p>\n<ul>\n<li><strong>\u05de\u05d6\u05d2 \u05d0\u05d5\u05d5\u05d9\u05e8<\/strong> (mezeg avir) \u2013 clima\/tempo atmosferico<\/li>\n<li><strong>\u05d2\u05e9\u05dd<\/strong> (geshem) \u2013 pioggia<\/li>\n<li><strong>\u05e9\u05de\u05e9<\/strong> (shemesh) \u2013 sole<\/li>\n<li><strong>\u05e8\u05d5\u05d7<\/strong> (ruach) \u2013 vento<\/li>\n<li><strong>\u05e9\u05dc\u05d2<\/strong> (sheleg) \u2013 neve<\/li>\n<li><strong>\u05d8\u05de\u05e4\u05e8\u05d8\u05d5\u05e8\u05d4<\/strong> (temperatura) \u2013 temperatura<\/li>\n<li><strong>\u05de\u05e2\u05d5\u05e0\u05df<\/strong> (me\u2019unan) \u2013 nuvoloso<\/li>\n<li><strong>\u05dc\u05d7<\/strong> (lach) \u2013 umido<\/li>\n<li><strong>\u05d9\u05d1\u05e9<\/strong> (yavesh) \u2013 secco<\/li>\n<li><strong>\u05e1\u05e2\u05e8\u05d4<\/strong> (sa\u2019ara) \u2013 tempesta<\/li>\n<\/ul>\n<p>Conoscere questi termini \u00e8 il primo passo per poter formulare frasi e conversazioni pi\u00f9 complesse.<\/p>\n<h2>Come Formulare Frasi Comuni sul Clima in Ebraico<\/h2>\n<p>Per parlare efficacemente del clima, \u00e8 importante saper costruire frasi semplici e chiare. Di seguito alcuni esempi pratici che possono essere utilizzati nella <a href=\"https:\/\/talkpal.ai\/it\/culture\/scorci-di-vita-quotidiana-italiana-e-la-lingua\/\">vita quotidiana<\/a>:<\/p>\n<h3>Descrivere il tempo atmosferico<\/h3>\n<ul>\n<li><em>\u05d4\u05d9\u05d5\u05dd \u05de\u05d6\u05d2 \u05d4\u05d0\u05d5\u05d5\u05d9\u05e8 \u05e9\u05de\u05e9\u05d9<\/em> (Hayom mezeg ha\u2019avir shemesh\u00ed) \u2013 Oggi il clima \u00e8 soleggiato.<\/li>\n<li><em>\u05de\u05d7\u05e8 \u05e6\u05e4\u05d5\u05d9 \u05d2\u05e9\u05dd<\/em> (Machar tzafui geshem) \u2013 Domani \u00e8 prevista la pioggia.<\/li>\n<li><em>\u05d4\u05d8\u05de\u05e4\u05e8\u05d8\u05d5\u05e8\u05d4 \u05d2\u05d1\u05d5\u05d4\u05d4 \u05de\u05d0\u05d5\u05d3<\/em> (Hatemperatura gvoha me\u2019od) \u2013 La temperatura \u00e8 molto alta.<\/li>\n<li><em>\u05d9\u05e9 \u05e8\u05d5\u05d7 \u05d7\u05d6\u05e7\u05d4<\/em> (Yesh ruach chazaka) \u2013 C\u2019\u00e8 vento forte.<\/li>\n<\/ul>\n<h3>Parlare delle condizioni climatiche stagionali<\/h3>\n<ul>\n<li><em>\u05d4\u05d7\u05d5\u05e8\u05e3 \u05d1\u05d9\u05e9\u05e8\u05d0\u05dc \u05e7\u05e8 \u05d5\u05dc\u05d7<\/em> (Hachooref be\u2019Israel kar ve-lach) \u2013 L\u2019inverno in Israele \u00e8 freddo e umido.<\/li>\n<li><em>\u05d4\u05e7\u05d9\u05e5 \u05d7\u05dd \u05d5\u05d9\u05d1\u05e9<\/em> (Hakayitz cham va-yavesh) \u2013 L\u2019estate \u00e8 calda e secca.<\/li>\n<li><em>\u05d4\u05d0\u05d1\u05d9\u05d1 \u05d4\u05d5\u05d0 \u05e2\u05d5\u05e0\u05d4 \u05e0\u05e2\u05d9\u05de\u05d4<\/em> (Ha\u2019aviv hu ona ne\u2019ima) \u2013 La primavera \u00e8 una stagione piacevole.<\/li>\n<\/ul>\n<h2>Parlare dei Cambiamenti Climatici in Ebraico<\/h2>\n<p>Il cambiamento climatico \u00e8 un tema di grande attualit\u00e0 e importanza globale. Parlare di questo argomento in ebraico richiede l\u2019uso di termini specifici e di frasi pi\u00f9 articolate.<\/p>\n<h3>Termini chiave relativi al cambiamento climatico<\/h3>\n<ul>\n<li><strong>\u05e9\u05d9\u05e0\u05d5\u05d9\u05d9 \u05d0\u05e7\u05dc\u05d9\u05dd<\/strong> (shinuyei aklim) \u2013 cambiamenti climatici<\/li>\n<li><strong>\u05d4\u05ea\u05d7\u05de\u05de\u05d5\u05ea \u05d2\u05dc\u05d5\u05d1\u05dc\u05d9\u05ea<\/strong> (hitchamemut globalit) \u2013 riscaldamento globale<\/li>\n<li><strong>\u05e4\u05dc\u05d9\u05d8\u05d5\u05ea \u05e4\u05d7\u05de\u05df<\/strong> (plitot pachman) \u2013 emissioni di carbonio<\/li>\n<li><strong>\u05d0\u05e0\u05e8\u05d2\u05d9\u05d4 \u05de\u05ea\u05d7\u05d3\u05e9\u05ea<\/strong> (energia mitchadeshet) \u2013 energia rinnovabile<\/li>\n<li><strong>\u05d6\u05d9\u05d4\u05d5\u05dd \u05d0\u05d5\u05d5\u05d9\u05e8<\/strong> (zihum avir) \u2013 inquinamento atmosferico<\/li>\n<\/ul>\n<h3>Esempi di frasi sul cambiamento climatico<\/h3>\n<ul>\n<li><em>\u05d4\u05e9\u05d9\u05e0\u05d5\u05d9\u05d9 \u05d0\u05e7\u05dc\u05d9\u05dd \u05de\u05e9\u05e4\u05d9\u05e2\u05d9\u05dd \u05e2\u05dc \u05db\u05dc \u05d4\u05e2\u05d5\u05dc\u05dd<\/em> (Hashinuyei aklim mashpi\u2019im al kol ha\u2019olam) \u2013 I cambiamenti climatici influenzano tutto il mondo.<\/li>\n<li><em>\u05e2\u05dc\u05d9\u05e0\u05d5 \u05dc\u05d4\u05e4\u05d7\u05d9\u05ea \u05d0\u05ea \u05e4\u05dc\u05d9\u05d8\u05d5\u05ea \u05d4\u05e4\u05d7\u05de\u05df \u05db\u05d3\u05d9 \u05dc\u05d4\u05d2\u05df \u05e2\u05dc \u05d4\u05e1\u05d1\u05d9\u05d1\u05d4<\/em> (Aleinu le\u2019fchit et plitot hapachman kedei lehagen al hasviva) \u2013 Dobbiamo ridurre le emissioni di carbonio per proteggere l\u2019ambiente.<\/li>\n<li><em>\u05d0\u05e0\u05e8\u05d2\u05d9\u05d4 \u05de\u05ea\u05d7\u05d3\u05e9\u05ea \u05d4\u05d9\u05d0 \u05e4\u05ea\u05e8\u05d5\u05df \u05d7\u05e9\u05d5\u05d1<\/em> (Energia mitchadeshet hi pitron chashuv) \u2013 L\u2019energia rinnovabile \u00e8 una soluzione importante.<\/li>\n<\/ul>\n<h2>Risorse Utili per Imparare a Parlare del Clima in Ebraico<\/h2>\n<p>Oltre a memorizzare vocaboli e frasi, \u00e8 fondamentale utilizzare risorse didattiche adeguate per migliorare la propria competenza linguistica nel parlare del clima.<\/p>\n<ul>\n<li><strong>Talkpal<\/strong>: una piattaforma interattiva che offre lezioni di lingua con insegnanti madrelingua, ideale per praticare conversazioni reali su temi come il clima.<\/li>\n<li><strong>Libri di testo e manuali di ebraico<\/strong> focalizzati su argomenti ambientali e scientifici.<\/li>\n<li><strong>Video e podcast<\/strong> in ebraico che trattano di meteo e cambiamenti climatici, utili per migliorare la comprensione orale.<\/li>\n<li><strong>App di apprendimento<\/strong> che includono moduli tematici sul clima e sull\u2019ambiente.<\/li>\n<\/ul>\n<h2>Consigli Pratici per Migliorare la Conversazione sul Clima in Ebraico<\/h2>\n<p>Per diventare fluenti nel discutere del clima in ebraico, \u00e8 importante seguire alcune strategie di studio e pratica:<\/p>\n<ul>\n<li><strong>Praticare regolarmente<\/strong>: conversare con madrelingua o tutor su Talkpal aiuta a consolidare il vocabolario e migliorare la pronuncia.<\/li>\n<li><strong>Ascoltare contenuti autentici<\/strong>: guardare notiziari e documentari in ebraico sul clima per familiarizzare con il lessico specifico e le espressioni idiomatiche.<\/li>\n<li><strong>Scrivere brevi testi<\/strong> o riassunti sul tema del clima per esercitare la capacit\u00e0 di esprimersi per iscritto.<\/li>\n<li><strong>Partecipare a gruppi di studio o forum online<\/strong> dedicati all\u2019apprendimento dell\u2019ebraico e alle tematiche ambientali.<\/li>\n<\/ul>\n<h2>Conclusione<\/h2>\n<p>Parlare del clima in lingua ebraica apre le porte a una comunicazione pi\u00f9 ricca e consapevole su uno dei temi pi\u00f9 urgenti del nostro tempo. Conoscere il vocabolario specifico, saper formulare frasi corrette e utilizzare risorse come Talkpal rende l\u2019apprendimento pi\u00f9 efficace e piacevole. La padronanza di questo argomento permette non solo di migliorare le proprie competenze linguistiche, ma anche di partecipare attivamente a conversazioni globali sul futuro del nostro pianeta. Investire tempo nello studio dell\u2019ebraico in relazione al clima \u00e8 quindi una scelta vantaggiosa per chi desidera crescere sia culturalmente sia linguisticamente.<\/p>\n","protected":false},"featured_media":1527964,"template":"","vocabulary_language":[3972],"class_list":["post-1219477","vocabulary","type-vocabulary","status-publish","has-post-thumbnail","hentry","vocabulary_language-danese"],"acf":[],"yoast_head":"<!-- This site is optimized with the Yoast SEO Premium plugin v27.2 (Yoast SEO v27.2) - https:\/\/yoast.com\/product\/yoast-seo-premium-wordpress\/ -->\n<title>Parlare del Clima in Lingua Ebraica - Talkpal<\/title>\n<meta name=\"description\" content=\"Parlare del clima in lingua ebraica \u00e8 un ottimo modo per ampliare il proprio vocabolario e migliorare la comprensione di un tema di grande attualit\u00e0. Il\" \/>\n<meta name=\"robots\" content=\"index, follow, max-snippet:-1, max-image-preview:large, max-video-preview:-1\" \/>\n<link rel=\"canonical\" href=\"https:\/\/talkpal.ai\/it\/vocabulary\/parlare-del-clima-in-lingua-ebraica\/\" \/>\n<meta property=\"og:locale\" content=\"it_IT\" \/>\n<meta property=\"og:type\" content=\"article\" \/>\n<meta property=\"og:title\" content=\"Parlare del Clima in Lingua Ebraica\" \/>\n<meta property=\"og:description\" content=\"Parlare del clima in lingua ebraica \u00e8 un ottimo modo per ampliare il proprio vocabolario e migliorare la comprensione di un tema di grande attualit\u00e0. Il\" \/>\n<meta property=\"og:url\" content=\"https:\/\/talkpal.ai\/it\/vocabulary\/parlare-del-clima-in-lingua-ebraica\/\" \/>\n<meta property=\"og:site_name\" content=\"Talkpal\" \/>\n<meta property=\"article:publisher\" content=\"https:\/\/www.facebook.com\/profile.php?id=100090733639311\" \/>\n<meta property=\"og:image\" content=\"https:\/\/talkpal.ai\/wp-content\/uploads\/2024\/10\/talkpal_flat_illustration_of_a_employees_working_together_happi_c674ff77-e477-4e09-835a-01d30e561e99.png\" \/>\n\t<meta property=\"og:image:width\" content=\"1024\" \/>\n\t<meta property=\"og:image:height\" content=\"1024\" \/>\n\t<meta property=\"og:image:type\" content=\"image\/png\" \/>\n<meta name=\"twitter:card\" content=\"summary_large_image\" \/>\n<meta name=\"twitter:site\" content=\"@talkpalai\" \/>\n<meta name=\"twitter:label1\" content=\"Tempo di lettura stimato\" \/>\n\t<meta name=\"twitter:data1\" content=\"3 minuti\" \/>\n<script type=\"application\/ld+json\" class=\"yoast-schema-graph\">{\"@context\":\"https:\/\/schema.org\",\"@graph\":[{\"@type\":\"WebPage\",\"@id\":\"https:\/\/talkpal.ai\/it\/vocabulary\/parlare-del-clima-in-lingua-ebraica\/\",\"url\":\"https:\/\/talkpal.ai\/it\/vocabulary\/parlare-del-clima-in-lingua-ebraica\/\",\"name\":\"Parlare del Clima in Lingua Ebraica - Talkpal\",\"isPartOf\":{\"@id\":\"https:\/\/talkpal.ai\/it\/#website\"},\"primaryImageOfPage\":{\"@id\":\"https:\/\/talkpal.ai\/it\/vocabulary\/parlare-del-clima-in-lingua-ebraica\/#primaryimage\"},\"image\":{\"@id\":\"https:\/\/talkpal.ai\/it\/vocabulary\/parlare-del-clima-in-lingua-ebraica\/#primaryimage\"},\"thumbnailUrl\":\"https:\/\/talkpal.ai\/wp-content\/uploads\/2025\/12\/students-share-laptops-to-learn-languages.webp\",\"datePublished\":\"2025-07-08T18:48:52+00:00\",\"description\":\"Parlare del clima in lingua ebraica \u00e8 un ottimo modo per ampliare il proprio vocabolario e migliorare la comprensione di un tema di grande attualit\u00e0. Il\",\"breadcrumb\":{\"@id\":\"https:\/\/talkpal.ai\/it\/vocabulary\/parlare-del-clima-in-lingua-ebraica\/#breadcrumb\"},\"inLanguage\":\"it-IT\",\"potentialAction\":[{\"@type\":\"ReadAction\",\"target\":[\"https:\/\/talkpal.ai\/it\/vocabulary\/parlare-del-clima-in-lingua-ebraica\/\"]}]},{\"@type\":\"ImageObject\",\"inLanguage\":\"it-IT\",\"@id\":\"https:\/\/talkpal.ai\/it\/vocabulary\/parlare-del-clima-in-lingua-ebraica\/#primaryimage\",\"url\":\"https:\/\/talkpal.ai\/wp-content\/uploads\/2025\/12\/students-share-laptops-to-learn-languages.webp\",\"contentUrl\":\"https:\/\/talkpal.ai\/wp-content\/uploads\/2025\/12\/students-share-laptops-to-learn-languages.webp\",\"width\":1200,\"height\":896,\"caption\":\"A group of people sit at a table using laptops for learning languages against a backdrop of large, soft clouds.\"},{\"@type\":\"BreadcrumbList\",\"@id\":\"https:\/\/talkpal.ai\/it\/vocabulary\/parlare-del-clima-in-lingua-ebraica\/#breadcrumb\",\"itemListElement\":[{\"@type\":\"ListItem\",\"position\":1,\"name\":\"Homepage\",\"item\":\"https:\/\/talkpal.ai\/it\/\"},{\"@type\":\"ListItem\",\"position\":2,\"name\":\"Parlare del Clima in Lingua Ebraica\"}]},{\"@type\":\"WebSite\",\"@id\":\"https:\/\/talkpal.ai\/it\/#website\",\"url\":\"https:\/\/talkpal.ai\/it\/\",\"name\":\"Talkpal\",\"description\":\"AI Language Learning\",\"publisher\":{\"@id\":\"https:\/\/talkpal.ai\/it\/#organization\"},\"alternateName\":\"Talkpal AI\",\"potentialAction\":[{\"@type\":\"SearchAction\",\"target\":{\"@type\":\"EntryPoint\",\"urlTemplate\":\"https:\/\/talkpal.ai\/it\/?s={search_term_string}\"},\"query-input\":{\"@type\":\"PropertyValueSpecification\",\"valueRequired\":true,\"valueName\":\"search_term_string\"}}],\"inLanguage\":\"it-IT\"},{\"@type\":\"Organization\",\"@id\":\"https:\/\/talkpal.ai\/it\/#organization\",\"name\":\"Talkpal, Inc.\",\"alternateName\":\"Talkpal AI\",\"url\":\"https:\/\/talkpal.ai\/it\/\",\"logo\":{\"@type\":\"ImageObject\",\"inLanguage\":\"it-IT\",\"@id\":\"https:\/\/talkpal.ai\/it\/#\/schema\/logo\/image\/\",\"url\":\"https:\/\/talkpal.ai\/wp-content\/uploads\/2024\/03\/Talkpal-Logo-Icon.png\",\"contentUrl\":\"https:\/\/talkpal.ai\/wp-content\/uploads\/2024\/03\/Talkpal-Logo-Icon.png\",\"width\":2880,\"height\":2880,\"caption\":\"Talkpal, Inc.\"},\"image\":{\"@id\":\"https:\/\/talkpal.ai\/it\/#\/schema\/logo\/image\/\"},\"sameAs\":[\"https:\/\/www.facebook.com\/profile.php?id=100090733639311\",\"https:\/\/x.com\/talkpalai\",\"https:\/\/www.linkedin.com\/company\/talkpal\/\",\"https:\/\/www.youtube.com\/@TalkPal\/\",\"https:\/\/www.tiktok.com\/@talkpal\",\"https:\/\/www.instagram.com\/talkpal_ai\/\",\"https:\/\/www.crunchbase.com\/organization\/talkpal-9cde\",\"https:\/\/www.g2.com\/products\/talkpal-for-business\/\",\"https:\/\/www.trustpilot.com\/review\/talkpal.ai\",\"https:\/\/www.capterra.com\/p\/10006800\/TalkPal\/\"],\"description\":\"Talkpal is a language learning web and mobile education app, powered by the latest AI technologies, that provides engaging experiences to its customers in many different languages to help them improve their language skills. Users can chat about unlimited amount of topics with the app and use other modes to practice their language learning.\",\"email\":\"support@talkpal.ai\",\"legalName\":\"Talkpal, Inc.\",\"foundingDate\":\"2023-04-03\",\"duns\":\"118989042\",\"numberOfEmployees\":{\"@type\":\"QuantitativeValue\",\"minValue\":\"11\",\"maxValue\":\"50\"},\"publishingPrinciples\":\"https:\/\/talkpal.ai\/publishing-principles\/\",\"actionableFeedbackPolicy\":\"https:\/\/talkpal.ai\/actionable-feedback-policy\/\",\"correctionsPolicy\":\"https:\/\/talkpal.ai\/corrections-policy\/\",\"ethicsPolicy\":\"https:\/\/talkpal.ai\/ethics-policy\/\",\"diversityPolicy\":\"https:\/\/talkpal.ai\/diversity-policy\/\",\"diversityStaffingReport\":\"https:\/\/talkpal.ai\/diversity-policy\/\"}]}<\/script>\n<!-- \/ Yoast SEO Premium plugin. -->","yoast_head_json":{"title":"Parlare del Clima in Lingua Ebraica - Talkpal","description":"Parlare del clima in lingua ebraica \u00e8 un ottimo modo per ampliare il proprio vocabolario e migliorare la comprensione di un tema di grande attualit\u00e0. Il","robots":{"index":"index","follow":"follow","max-snippet":"max-snippet:-1","max-image-preview":"max-image-preview:large","max-video-preview":"max-video-preview:-1"},"canonical":"https:\/\/talkpal.ai\/it\/vocabulary\/parlare-del-clima-in-lingua-ebraica\/","og_locale":"it_IT","og_type":"article","og_title":"Parlare del Clima in Lingua Ebraica","og_description":"Parlare del clima in lingua ebraica \u00e8 un ottimo modo per ampliare il proprio vocabolario e migliorare la comprensione di un tema di grande attualit\u00e0. Il","og_url":"https:\/\/talkpal.ai\/it\/vocabulary\/parlare-del-clima-in-lingua-ebraica\/","og_site_name":"Talkpal","article_publisher":"https:\/\/www.facebook.com\/profile.php?id=100090733639311","og_image":[{"width":1024,"height":1024,"url":"https:\/\/talkpal.ai\/wp-content\/uploads\/2024\/10\/talkpal_flat_illustration_of_a_employees_working_together_happi_c674ff77-e477-4e09-835a-01d30e561e99.png","type":"image\/png"}],"twitter_card":"summary_large_image","twitter_site":"@talkpalai","twitter_misc":{"Tempo di lettura stimato":"3 minuti"},"schema":{"@context":"https:\/\/schema.org","@graph":[{"@type":"WebPage","@id":"https:\/\/talkpal.ai\/it\/vocabulary\/parlare-del-clima-in-lingua-ebraica\/","url":"https:\/\/talkpal.ai\/it\/vocabulary\/parlare-del-clima-in-lingua-ebraica\/","name":"Parlare del Clima in Lingua Ebraica - Talkpal","isPartOf":{"@id":"https:\/\/talkpal.ai\/it\/#website"},"primaryImageOfPage":{"@id":"https:\/\/talkpal.ai\/it\/vocabulary\/parlare-del-clima-in-lingua-ebraica\/#primaryimage"},"image":{"@id":"https:\/\/talkpal.ai\/it\/vocabulary\/parlare-del-clima-in-lingua-ebraica\/#primaryimage"},"thumbnailUrl":"https:\/\/talkpal.ai\/wp-content\/uploads\/2025\/12\/students-share-laptops-to-learn-languages.webp","datePublished":"2025-07-08T18:48:52+00:00","description":"Parlare del clima in lingua ebraica \u00e8 un ottimo modo per ampliare il proprio vocabolario e migliorare la comprensione di un tema di grande attualit\u00e0. Il","breadcrumb":{"@id":"https:\/\/talkpal.ai\/it\/vocabulary\/parlare-del-clima-in-lingua-ebraica\/#breadcrumb"},"inLanguage":"it-IT","potentialAction":[{"@type":"ReadAction","target":["https:\/\/talkpal.ai\/it\/vocabulary\/parlare-del-clima-in-lingua-ebraica\/"]}]},{"@type":"ImageObject","inLanguage":"it-IT","@id":"https:\/\/talkpal.ai\/it\/vocabulary\/parlare-del-clima-in-lingua-ebraica\/#primaryimage","url":"https:\/\/talkpal.ai\/wp-content\/uploads\/2025\/12\/students-share-laptops-to-learn-languages.webp","contentUrl":"https:\/\/talkpal.ai\/wp-content\/uploads\/2025\/12\/students-share-laptops-to-learn-languages.webp","width":1200,"height":896,"caption":"A group of people sit at a table using laptops for learning languages against a backdrop of large, soft clouds."},{"@type":"BreadcrumbList","@id":"https:\/\/talkpal.ai\/it\/vocabulary\/parlare-del-clima-in-lingua-ebraica\/#breadcrumb","itemListElement":[{"@type":"ListItem","position":1,"name":"Homepage","item":"https:\/\/talkpal.ai\/it\/"},{"@type":"ListItem","position":2,"name":"Parlare del Clima in Lingua Ebraica"}]},{"@type":"WebSite","@id":"https:\/\/talkpal.ai\/it\/#website","url":"https:\/\/talkpal.ai\/it\/","name":"Talkpal","description":"AI Language Learning","publisher":{"@id":"https:\/\/talkpal.ai\/it\/#organization"},"alternateName":"Talkpal AI","potentialAction":[{"@type":"SearchAction","target":{"@type":"EntryPoint","urlTemplate":"https:\/\/talkpal.ai\/it\/?s={search_term_string}"},"query-input":{"@type":"PropertyValueSpecification","valueRequired":true,"valueName":"search_term_string"}}],"inLanguage":"it-IT"},{"@type":"Organization","@id":"https:\/\/talkpal.ai\/it\/#organization","name":"Talkpal, Inc.","alternateName":"Talkpal AI","url":"https:\/\/talkpal.ai\/it\/","logo":{"@type":"ImageObject","inLanguage":"it-IT","@id":"https:\/\/talkpal.ai\/it\/#\/schema\/logo\/image\/","url":"https:\/\/talkpal.ai\/wp-content\/uploads\/2024\/03\/Talkpal-Logo-Icon.png","contentUrl":"https:\/\/talkpal.ai\/wp-content\/uploads\/2024\/03\/Talkpal-Logo-Icon.png","width":2880,"height":2880,"caption":"Talkpal, Inc."},"image":{"@id":"https:\/\/talkpal.ai\/it\/#\/schema\/logo\/image\/"},"sameAs":["https:\/\/www.facebook.com\/profile.php?id=100090733639311","https:\/\/x.com\/talkpalai","https:\/\/www.linkedin.com\/company\/talkpal\/","https:\/\/www.youtube.com\/@TalkPal\/","https:\/\/www.tiktok.com\/@talkpal","https:\/\/www.instagram.com\/talkpal_ai\/","https:\/\/www.crunchbase.com\/organization\/talkpal-9cde","https:\/\/www.g2.com\/products\/talkpal-for-business\/","https:\/\/www.trustpilot.com\/review\/talkpal.ai","https:\/\/www.capterra.com\/p\/10006800\/TalkPal\/"],"description":"Talkpal is a language learning web and mobile education app, powered by the latest AI technologies, that provides engaging experiences to its customers in many different languages to help them improve their language skills. Users can chat about unlimited amount of topics with the app and use other modes to practice their language learning.","email":"support@talkpal.ai","legalName":"Talkpal, Inc.","foundingDate":"2023-04-03","duns":"118989042","numberOfEmployees":{"@type":"QuantitativeValue","minValue":"11","maxValue":"50"},"publishingPrinciples":"https:\/\/talkpal.ai\/publishing-principles\/","actionableFeedbackPolicy":"https:\/\/talkpal.ai\/actionable-feedback-policy\/","correctionsPolicy":"https:\/\/talkpal.ai\/corrections-policy\/","ethicsPolicy":"https:\/\/talkpal.ai\/ethics-policy\/","diversityPolicy":"https:\/\/talkpal.ai\/diversity-policy\/","diversityStaffingReport":"https:\/\/talkpal.ai\/diversity-policy\/"}]}},"_links":{"self":[{"href":"https:\/\/talkpal.ai\/it\/wp-json\/wp\/v2\/vocabulary\/1219477","targetHints":{"allow":["GET"]}}],"collection":[{"href":"https:\/\/talkpal.ai\/it\/wp-json\/wp\/v2\/vocabulary"}],"about":[{"href":"https:\/\/talkpal.ai\/it\/wp-json\/wp\/v2\/types\/vocabulary"}],"wp:featuredmedia":[{"embeddable":true,"href":"https:\/\/talkpal.ai\/it\/wp-json\/wp\/v2\/media\/1527964"}],"wp:attachment":[{"href":"https:\/\/talkpal.ai\/it\/wp-json\/wp\/v2\/media?parent=1219477"}],"wp:term":[{"taxonomy":"vocabulary_language","embeddable":true,"href":"https:\/\/talkpal.ai\/it\/wp-json\/wp\/v2\/vocabulary_language?post=1219477"}],"curies":[{"name":"wp","href":"https:\/\/api.w.org\/{rel}","templated":true}]}}