{"id":1138392,"date":"2025-07-06T08:59:10","date_gmt":"2025-07-06T08:59:10","guid":{"rendered":"https:\/\/talkpal.ai\/grammar_exercises\/esercizi-sui-verbi-riflessivi-per-la-grammatica-rumena\/"},"modified":"2025-07-06T08:59:10","modified_gmt":"2025-07-06T08:59:10","slug":"esercizi-sui-verbi-riflessivi-per-la-grammatica-rumena","status":"publish","type":"grammar_exercises","link":"https:\/\/talkpal.ai\/it\/grammar_exercises\/esercizi-sui-verbi-riflessivi-per-la-grammatica-rumena\/","title":{"rendered":"Esercizi sui verbi riflessivi per la grammatica rumena"},"content":{"rendered":"<p>Gli esercizi sui <a href=\"https:\/\/talkpal.ai\/ar\/grammar_exercises\/verbi-riflessivi-%d8%aa%d9%85%d8%a7%d8%b1%d9%8a%d9%86-%d9%84%d9%84%d9%82%d9%88%d8%a7%d8%b9%d8%af-%d8%a7%d9%84%d8%a5%d9%8a%d8%b7%d8%a7%d9%84%d9%8a%d8%a9\/\">verbi riflessivi<\/a> in <a href=\"https:\/\/talkpal.ai\/learn-romanian\/\">rumeno<\/a> aiutano a comprendere come si coniugano e si usano questi verbi che indicano un&#8217;azione che il soggetto compie su se stesso. I verbi riflessivi in rumeno spesso richiedono l&#8217;uso di <a href=\"https:\/\/talkpal.ai\/ar\/grammar_exercises\/pronomi-riflessivi-%d8%aa%d9%85%d8%a7%d8%b1%d9%8a%d9%86-%d9%84%d9%84%d9%82%d9%88%d8%a7%d8%b9%d8%af-%d8%a7%d9%84%d8%a5%d9%8a%d8%b7%d8%a7%d9%84%d9%8a%d8%a9\/\">pronomi riflessivi<\/a> come \u201ese\u201d, \u201em\u0103\u201d, \u201ete\u201d, \u201ene\u201d, \u201ev\u0103\u201d e la corretta forma del verbo. Esercitarsi con frasi semplici facilita l\u2019apprendimento della struttura grammaticale e l\u2019uso corretto nella comunicazione quotidiana.<\/p>\n<h3>Esercizio 1: Coniugazione dei verbi riflessivi al presente<\/h3>\n<div class=\"input_sentences\">\n1. Eu *m\u0103 sp\u0103l* pe m\u00e2ini \u00een fiecare diminea\u021b\u0103. (<a href=\"https:\/\/talkpal.ai\/locations\/learn-english-in-usa\/\">Usa<\/a> il verbo \u201ea se sp\u0103la\u201d al <a href=\"https:\/\/talkpal.ai\/zh-hans\/grammar_exercises\/presente-%e8%a5%bf%e7%8f%ad%e7%89%99%e8%af%ad%e6%b3%95%e7%bb%83%e4%b9%a0\/\">presente<\/a>, prima persona singolare)<br \/>\n2. Tu *te treze\u0219ti* devreme \u00een timpul s\u0103pt\u0103m\u00e2nii. (Usa il verbo \u201ea se trezi\u201d al presente, seconda persona singolare)<br \/>\n3. El *se uit\u0103* la televizor seara. (Usa il verbo \u201ea se uita\u201d al presente, terza persona singolare)<br \/>\n4. Noi *ne preg\u0103tim* pentru examen \u00eempreun\u0103. (Usa il verbo \u201ea se preg\u0103ti\u201d al presente, prima persona <a href=\"https:\/\/talkpal.ai\/zh-hans\/grammar_exercises\/plurale-%e6%84%8f%e5%a4%a7%e5%88%a9%e8%af%ad%e6%b3%95%e7%bb%83%e4%b9%a0\/\">plurale<\/a>)<br \/>\n5. Voi *v\u0103 relaxa\u021bi* dup\u0103 serviciu. (Usa il verbo \u201ea se relaxa\u201d al presente, seconda persona plurale)<br \/>\n6. Ei *se joac\u0103* \u00een parc dup\u0103 \u0219coal\u0103. (Usa il verbo \u201ea se juca\u201d al presente, terza persona plurale)<br \/>\n7. Eu *m\u0103 \u00eembrac* rapid diminea\u021ba. (Usa il verbo \u201ea se \u00eembr\u0103ca\u201d al presente, prima persona singolare)<br \/>\n8. Tu *te despar\u021bi* de prietenul t\u0103u. (Usa il verbo \u201ea se desp\u0103r\u021bi\u201d al presente, seconda persona singolare)<br \/>\n9. Ea *se machiaz\u0103* \u00eenainte de petrecere. (Usa il verbo \u201ea se machia\u201d al presente, terza persona singolare)<br \/>\n10. Noi *ne \u00eent\u00e2lnim* la cafenea \u00een fiecare vineri. (Usa il verbo \u201ea se \u00eent\u00e2lni\u201d al presente, prima persona plurale)\n<\/div>\n<div class=\"exercise\"><\/div>\n<h3>Esercizio 2: Uso dei verbi riflessivi con pronomi riflessivi corretti<\/h3>\n<div class=\"input_sentences\">\n1. Eu *m\u0103 odihnesc* dup\u0103 o zi lung\u0103. (Scegli il pronome riflessivo corretto per \u201eeu\u201d e il verbo \u201ea se odihni\u201d al presente)<br \/>\n2. Tu *te \u00eemprietene\u0219ti* u\u0219or cu oamenii noi. (Scegli il pronome riflessivo corretto per \u201etu\u201d e il verbo \u201ea se \u00eemprieteni\u201d al presente)<br \/>\n3. El *se plimb\u0103* prin parc \u00een fiecare diminea\u021b\u0103. (Scegli il pronome riflessivo corretto per \u201eel\u201d e il verbo \u201ea se plimba\u201d al presente)<br \/>\n4. Noi *ne amintim* de vacan\u021b\u0103 cu drag. (Scegli il pronome riflessivo corretto per \u201enoi\u201d e il verbo \u201ea se aminti\u201d al presente)<br \/>\n5. Voi *v\u0103 gr\u0103bi\u021bi* s\u0103 ajunge\u021bi la \u0219coal\u0103. (Scegli il pronome riflessivo corretto per \u201evoi\u201d e il verbo \u201ea se gr\u0103bi\u201d al presente)<br \/>\n6. Ele *se odihnesc* dup\u0103 antrenament. (Scegli il pronome riflessivo corretto per \u201eele\u201d e il verbo \u201ea se odihni\u201d al presente)<br \/>\n7. Eu *m\u0103 uit* la stele noaptea. (Scegli il pronome riflessivo corretto per \u201eeu\u201d e il verbo \u201ea se uita\u201d al presente)<br \/>\n8. Tu *te sim\u021bi* bine aici? (Scegli il pronome riflessivo corretto per \u201etu\u201d e il verbo \u201ea se sim\u021bi\u201d al presente)<br \/>\n9. El *se preg\u0103te\u0219te* pentru interviu. (Scegli il pronome riflessivo corretto per \u201eel\u201d e il verbo \u201ea se preg\u0103ti\u201d al presente)<br \/>\n10. Noi *ne bucur\u0103m* de ziua liber\u0103. (Scegli il pronome riflessivo corretto per \u201enoi\u201d e il verbo \u201ea se bucura\u201d al presente)\n<\/div>\n<div class=\"exercise\"><\/div>\n","protected":false},"featured_media":1528142,"parent":0,"menu_order":0,"template":"","exercise_language":[15776,15803],"class_list":["post-1138392","grammar_exercises","type-grammar_exercises","status-publish","has-post-thumbnail","hentry","exercise_language-esercizi-di-romania","exercise_language-verbi-grammatica-rumena"],"acf":[],"yoast_head":"<!-- This site is optimized with the Yoast SEO Premium plugin v27.2 (Yoast SEO v27.2) - https:\/\/yoast.com\/product\/yoast-seo-premium-wordpress\/ -->\n<title>Esercizi sui verbi riflessivi per la grammatica rumena - Talkpal<\/title>\n<meta name=\"description\" content=\"Gli esercizi sui verbi riflessivi in rumeno aiutano a comprendere come si coniugano e si usano questi verbi che indicano un&#039;azione che il soggetto compie\" \/>\n<meta name=\"robots\" content=\"index, follow, max-snippet:-1, max-image-preview:large, max-video-preview:-1\" \/>\n<link rel=\"canonical\" href=\"https:\/\/talkpal.ai\/it\/grammar_exercises\/esercizi-sui-verbi-riflessivi-per-la-grammatica-rumena\/\" \/>\n<meta property=\"og:locale\" content=\"it_IT\" \/>\n<meta property=\"og:type\" content=\"article\" \/>\n<meta property=\"og:title\" content=\"Esercizi sui verbi riflessivi per la grammatica rumena\" \/>\n<meta property=\"og:description\" content=\"Gli esercizi sui verbi riflessivi in rumeno aiutano a comprendere come si coniugano e si usano questi verbi che indicano un&#039;azione che il soggetto compie\" \/>\n<meta property=\"og:url\" content=\"https:\/\/talkpal.ai\/it\/grammar_exercises\/esercizi-sui-verbi-riflessivi-per-la-grammatica-rumena\/\" \/>\n<meta property=\"og:site_name\" content=\"Talkpal\" \/>\n<meta property=\"article:publisher\" content=\"https:\/\/www.facebook.com\/profile.php?id=100090733639311\" \/>\n<meta property=\"og:image\" content=\"https:\/\/talkpal.ai\/wp-content\/uploads\/2025\/02\/Progress-tab-16_9.png\" \/>\n\t<meta property=\"og:image:width\" content=\"2880\" \/>\n\t<meta property=\"og:image:height\" content=\"1620\" \/>\n\t<meta property=\"og:image:type\" content=\"image\/png\" \/>\n<meta name=\"twitter:card\" content=\"summary_large_image\" \/>\n<meta name=\"twitter:site\" content=\"@talkpalai\" \/>\n<meta name=\"twitter:label1\" content=\"Tempo di lettura stimato\" \/>\n\t<meta name=\"twitter:data1\" content=\"3 minuti\" \/>\n<script type=\"application\/ld+json\" class=\"yoast-schema-graph\">{\"@context\":\"https:\/\/schema.org\",\"@graph\":[{\"@type\":\"WebPage\",\"@id\":\"https:\/\/talkpal.ai\/it\/grammar_exercises\/esercizi-sui-verbi-riflessivi-per-la-grammatica-rumena\/\",\"url\":\"https:\/\/talkpal.ai\/it\/grammar_exercises\/esercizi-sui-verbi-riflessivi-per-la-grammatica-rumena\/\",\"name\":\"Esercizi sui verbi riflessivi per la grammatica rumena - Talkpal\",\"isPartOf\":{\"@id\":\"https:\/\/talkpal.ai\/it\/#website\"},\"primaryImageOfPage\":{\"@id\":\"https:\/\/talkpal.ai\/it\/grammar_exercises\/esercizi-sui-verbi-riflessivi-per-la-grammatica-rumena\/#primaryimage\"},\"image\":{\"@id\":\"https:\/\/talkpal.ai\/it\/grammar_exercises\/esercizi-sui-verbi-riflessivi-per-la-grammatica-rumena\/#primaryimage\"},\"thumbnailUrl\":\"https:\/\/talkpal.ai\/wp-content\/uploads\/2025\/12\/trio-studies-on-balcony-learning-languages.webp\",\"datePublished\":\"2025-07-06T08:59:10+00:00\",\"description\":\"Gli esercizi sui verbi riflessivi in rumeno aiutano a comprendere come si coniugano e si usano questi verbi che indicano un'azione che il soggetto compie\",\"breadcrumb\":{\"@id\":\"https:\/\/talkpal.ai\/it\/grammar_exercises\/esercizi-sui-verbi-riflessivi-per-la-grammatica-rumena\/#breadcrumb\"},\"inLanguage\":\"it-IT\",\"potentialAction\":[{\"@type\":\"ReadAction\",\"target\":[\"https:\/\/talkpal.ai\/it\/grammar_exercises\/esercizi-sui-verbi-riflessivi-per-la-grammatica-rumena\/\"]}]},{\"@type\":\"ImageObject\",\"inLanguage\":\"it-IT\",\"@id\":\"https:\/\/talkpal.ai\/it\/grammar_exercises\/esercizi-sui-verbi-riflessivi-per-la-grammatica-rumena\/#primaryimage\",\"url\":\"https:\/\/talkpal.ai\/wp-content\/uploads\/2025\/12\/trio-studies-on-balcony-learning-languages.webp\",\"contentUrl\":\"https:\/\/talkpal.ai\/wp-content\/uploads\/2025\/12\/trio-studies-on-balcony-learning-languages.webp\",\"width\":1200,\"height\":896,\"caption\":\"Three people work on laptops at a balcony table while learning languages against a scenic mountain backdrop.\"},{\"@type\":\"BreadcrumbList\",\"@id\":\"https:\/\/talkpal.ai\/it\/grammar_exercises\/esercizi-sui-verbi-riflessivi-per-la-grammatica-rumena\/#breadcrumb\",\"itemListElement\":[{\"@type\":\"ListItem\",\"position\":1,\"name\":\"Homepage\",\"item\":\"https:\/\/talkpal.ai\/it\/\"},{\"@type\":\"ListItem\",\"position\":2,\"name\":\"Esercizi sui verbi riflessivi per la grammatica rumena\"}]},{\"@type\":\"WebSite\",\"@id\":\"https:\/\/talkpal.ai\/it\/#website\",\"url\":\"https:\/\/talkpal.ai\/it\/\",\"name\":\"Talkpal\",\"description\":\"AI Language Learning\",\"publisher\":{\"@id\":\"https:\/\/talkpal.ai\/it\/#organization\"},\"alternateName\":\"Talkpal AI\",\"potentialAction\":[{\"@type\":\"SearchAction\",\"target\":{\"@type\":\"EntryPoint\",\"urlTemplate\":\"https:\/\/talkpal.ai\/it\/?s={search_term_string}\"},\"query-input\":{\"@type\":\"PropertyValueSpecification\",\"valueRequired\":true,\"valueName\":\"search_term_string\"}}],\"inLanguage\":\"it-IT\"},{\"@type\":\"Organization\",\"@id\":\"https:\/\/talkpal.ai\/it\/#organization\",\"name\":\"Talkpal, Inc.\",\"alternateName\":\"Talkpal AI\",\"url\":\"https:\/\/talkpal.ai\/it\/\",\"logo\":{\"@type\":\"ImageObject\",\"inLanguage\":\"it-IT\",\"@id\":\"https:\/\/talkpal.ai\/it\/#\/schema\/logo\/image\/\",\"url\":\"https:\/\/talkpal.ai\/wp-content\/uploads\/2024\/03\/Talkpal-Logo-Icon.png\",\"contentUrl\":\"https:\/\/talkpal.ai\/wp-content\/uploads\/2024\/03\/Talkpal-Logo-Icon.png\",\"width\":2880,\"height\":2880,\"caption\":\"Talkpal, Inc.\"},\"image\":{\"@id\":\"https:\/\/talkpal.ai\/it\/#\/schema\/logo\/image\/\"},\"sameAs\":[\"https:\/\/www.facebook.com\/profile.php?id=100090733639311\",\"https:\/\/x.com\/talkpalai\",\"https:\/\/www.linkedin.com\/company\/talkpal\/\",\"https:\/\/www.youtube.com\/@TalkPal\/\",\"https:\/\/www.tiktok.com\/@talkpal\",\"https:\/\/www.instagram.com\/talkpal_ai\/\",\"https:\/\/www.crunchbase.com\/organization\/talkpal-9cde\",\"https:\/\/www.g2.com\/products\/talkpal-for-business\/\",\"https:\/\/www.trustpilot.com\/review\/talkpal.ai\",\"https:\/\/www.capterra.com\/p\/10006800\/TalkPal\/\"],\"description\":\"Talkpal is a language learning web and mobile education app, powered by the latest AI technologies, that provides engaging experiences to its customers in many different languages to help them improve their language skills. Users can chat about unlimited amount of topics with the app and use other modes to practice their language learning.\",\"email\":\"support@talkpal.ai\",\"legalName\":\"Talkpal, Inc.\",\"foundingDate\":\"2023-04-03\",\"duns\":\"118989042\",\"numberOfEmployees\":{\"@type\":\"QuantitativeValue\",\"minValue\":\"11\",\"maxValue\":\"50\"},\"publishingPrinciples\":\"https:\/\/talkpal.ai\/publishing-principles\/\",\"actionableFeedbackPolicy\":\"https:\/\/talkpal.ai\/actionable-feedback-policy\/\",\"correctionsPolicy\":\"https:\/\/talkpal.ai\/corrections-policy\/\",\"ethicsPolicy\":\"https:\/\/talkpal.ai\/ethics-policy\/\",\"diversityPolicy\":\"https:\/\/talkpal.ai\/diversity-policy\/\",\"diversityStaffingReport\":\"https:\/\/talkpal.ai\/diversity-policy\/\"}]}<\/script>\n<!-- \/ Yoast SEO Premium plugin. -->","yoast_head_json":{"title":"Esercizi sui verbi riflessivi per la grammatica rumena - Talkpal","description":"Gli esercizi sui verbi riflessivi in rumeno aiutano a comprendere come si coniugano e si usano questi verbi che indicano un'azione che il soggetto compie","robots":{"index":"index","follow":"follow","max-snippet":"max-snippet:-1","max-image-preview":"max-image-preview:large","max-video-preview":"max-video-preview:-1"},"canonical":"https:\/\/talkpal.ai\/it\/grammar_exercises\/esercizi-sui-verbi-riflessivi-per-la-grammatica-rumena\/","og_locale":"it_IT","og_type":"article","og_title":"Esercizi sui verbi riflessivi per la grammatica rumena","og_description":"Gli esercizi sui verbi riflessivi in rumeno aiutano a comprendere come si coniugano e si usano questi verbi che indicano un'azione che il soggetto compie","og_url":"https:\/\/talkpal.ai\/it\/grammar_exercises\/esercizi-sui-verbi-riflessivi-per-la-grammatica-rumena\/","og_site_name":"Talkpal","article_publisher":"https:\/\/www.facebook.com\/profile.php?id=100090733639311","og_image":[{"width":2880,"height":1620,"url":"https:\/\/talkpal.ai\/wp-content\/uploads\/2025\/02\/Progress-tab-16_9.png","type":"image\/png"}],"twitter_card":"summary_large_image","twitter_site":"@talkpalai","twitter_misc":{"Tempo di lettura stimato":"3 minuti"},"schema":{"@context":"https:\/\/schema.org","@graph":[{"@type":"WebPage","@id":"https:\/\/talkpal.ai\/it\/grammar_exercises\/esercizi-sui-verbi-riflessivi-per-la-grammatica-rumena\/","url":"https:\/\/talkpal.ai\/it\/grammar_exercises\/esercizi-sui-verbi-riflessivi-per-la-grammatica-rumena\/","name":"Esercizi sui verbi riflessivi per la grammatica rumena - Talkpal","isPartOf":{"@id":"https:\/\/talkpal.ai\/it\/#website"},"primaryImageOfPage":{"@id":"https:\/\/talkpal.ai\/it\/grammar_exercises\/esercizi-sui-verbi-riflessivi-per-la-grammatica-rumena\/#primaryimage"},"image":{"@id":"https:\/\/talkpal.ai\/it\/grammar_exercises\/esercizi-sui-verbi-riflessivi-per-la-grammatica-rumena\/#primaryimage"},"thumbnailUrl":"https:\/\/talkpal.ai\/wp-content\/uploads\/2025\/12\/trio-studies-on-balcony-learning-languages.webp","datePublished":"2025-07-06T08:59:10+00:00","description":"Gli esercizi sui verbi riflessivi in rumeno aiutano a comprendere come si coniugano e si usano questi verbi che indicano un'azione che il soggetto compie","breadcrumb":{"@id":"https:\/\/talkpal.ai\/it\/grammar_exercises\/esercizi-sui-verbi-riflessivi-per-la-grammatica-rumena\/#breadcrumb"},"inLanguage":"it-IT","potentialAction":[{"@type":"ReadAction","target":["https:\/\/talkpal.ai\/it\/grammar_exercises\/esercizi-sui-verbi-riflessivi-per-la-grammatica-rumena\/"]}]},{"@type":"ImageObject","inLanguage":"it-IT","@id":"https:\/\/talkpal.ai\/it\/grammar_exercises\/esercizi-sui-verbi-riflessivi-per-la-grammatica-rumena\/#primaryimage","url":"https:\/\/talkpal.ai\/wp-content\/uploads\/2025\/12\/trio-studies-on-balcony-learning-languages.webp","contentUrl":"https:\/\/talkpal.ai\/wp-content\/uploads\/2025\/12\/trio-studies-on-balcony-learning-languages.webp","width":1200,"height":896,"caption":"Three people work on laptops at a balcony table while learning languages against a scenic mountain backdrop."},{"@type":"BreadcrumbList","@id":"https:\/\/talkpal.ai\/it\/grammar_exercises\/esercizi-sui-verbi-riflessivi-per-la-grammatica-rumena\/#breadcrumb","itemListElement":[{"@type":"ListItem","position":1,"name":"Homepage","item":"https:\/\/talkpal.ai\/it\/"},{"@type":"ListItem","position":2,"name":"Esercizi sui verbi riflessivi per la grammatica rumena"}]},{"@type":"WebSite","@id":"https:\/\/talkpal.ai\/it\/#website","url":"https:\/\/talkpal.ai\/it\/","name":"Talkpal","description":"AI Language Learning","publisher":{"@id":"https:\/\/talkpal.ai\/it\/#organization"},"alternateName":"Talkpal AI","potentialAction":[{"@type":"SearchAction","target":{"@type":"EntryPoint","urlTemplate":"https:\/\/talkpal.ai\/it\/?s={search_term_string}"},"query-input":{"@type":"PropertyValueSpecification","valueRequired":true,"valueName":"search_term_string"}}],"inLanguage":"it-IT"},{"@type":"Organization","@id":"https:\/\/talkpal.ai\/it\/#organization","name":"Talkpal, Inc.","alternateName":"Talkpal AI","url":"https:\/\/talkpal.ai\/it\/","logo":{"@type":"ImageObject","inLanguage":"it-IT","@id":"https:\/\/talkpal.ai\/it\/#\/schema\/logo\/image\/","url":"https:\/\/talkpal.ai\/wp-content\/uploads\/2024\/03\/Talkpal-Logo-Icon.png","contentUrl":"https:\/\/talkpal.ai\/wp-content\/uploads\/2024\/03\/Talkpal-Logo-Icon.png","width":2880,"height":2880,"caption":"Talkpal, Inc."},"image":{"@id":"https:\/\/talkpal.ai\/it\/#\/schema\/logo\/image\/"},"sameAs":["https:\/\/www.facebook.com\/profile.php?id=100090733639311","https:\/\/x.com\/talkpalai","https:\/\/www.linkedin.com\/company\/talkpal\/","https:\/\/www.youtube.com\/@TalkPal\/","https:\/\/www.tiktok.com\/@talkpal","https:\/\/www.instagram.com\/talkpal_ai\/","https:\/\/www.crunchbase.com\/organization\/talkpal-9cde","https:\/\/www.g2.com\/products\/talkpal-for-business\/","https:\/\/www.trustpilot.com\/review\/talkpal.ai","https:\/\/www.capterra.com\/p\/10006800\/TalkPal\/"],"description":"Talkpal is a language learning web and mobile education app, powered by the latest AI technologies, that provides engaging experiences to its customers in many different languages to help them improve their language skills. Users can chat about unlimited amount of topics with the app and use other modes to practice their language learning.","email":"support@talkpal.ai","legalName":"Talkpal, Inc.","foundingDate":"2023-04-03","duns":"118989042","numberOfEmployees":{"@type":"QuantitativeValue","minValue":"11","maxValue":"50"},"publishingPrinciples":"https:\/\/talkpal.ai\/publishing-principles\/","actionableFeedbackPolicy":"https:\/\/talkpal.ai\/actionable-feedback-policy\/","correctionsPolicy":"https:\/\/talkpal.ai\/corrections-policy\/","ethicsPolicy":"https:\/\/talkpal.ai\/ethics-policy\/","diversityPolicy":"https:\/\/talkpal.ai\/diversity-policy\/","diversityStaffingReport":"https:\/\/talkpal.ai\/diversity-policy\/"}]}},"_links":{"self":[{"href":"https:\/\/talkpal.ai\/it\/wp-json\/wp\/v2\/grammar_exercises\/1138392","targetHints":{"allow":["GET"]}}],"collection":[{"href":"https:\/\/talkpal.ai\/it\/wp-json\/wp\/v2\/grammar_exercises"}],"about":[{"href":"https:\/\/talkpal.ai\/it\/wp-json\/wp\/v2\/types\/grammar_exercises"}],"wp:featuredmedia":[{"embeddable":true,"href":"https:\/\/talkpal.ai\/it\/wp-json\/wp\/v2\/media\/1528142"}],"wp:attachment":[{"href":"https:\/\/talkpal.ai\/it\/wp-json\/wp\/v2\/media?parent=1138392"}],"wp:term":[{"taxonomy":"exercise_language","embeddable":true,"href":"https:\/\/talkpal.ai\/it\/wp-json\/wp\/v2\/exercise_language?post=1138392"}],"curies":[{"name":"wp","href":"https:\/\/api.w.org\/{rel}","templated":true}]}}