{"id":18913,"date":"2023-04-22T14:19:04","date_gmt":"2023-04-22T14:19:04","guid":{"rendered":"http:\/\/talkpal.ai\/?post_type=grammar&#038;p=18913"},"modified":"2023-04-25T09:17:12","modified_gmt":"2023-04-25T09:17:12","slug":"grammatica-tedesca-i-gradi-di-comparazione-degli-aggettivi","status":"publish","type":"grammar","link":"https:\/\/talkpal.ai\/it\/grammar\/grammatica-tedesca-i-gradi-di-comparazione-degli-aggettivi\/","title":{"rendered":"Grammatica tedesca: i gradi di comparazione degli aggettivi"},"content":{"rendered":"\n<p>In questo articolo, approfondiremo la <a href=\"https:\/\/talkpal.ai\/it\/cosa-ce-di-speciale-nella-grammatica-tedesca\/\">grammatica tedesca<\/a>, concentrandoci sui gradi di comparazione degli aggettivi. La conoscenza di queste regole \u00e8 fondamentale per poter esprimere confronti e differenze in modo corretto e naturale nella lingua tedesca.<\/p>\n\n\n\n<h2 class=\"wp-block-heading\">Gli aggettivi in tedesco<\/h2>\n\n\n\n<p>Gli aggettivi in <a href=\"https:\/\/talkpal.ai\/learn-german\/\">tedesco<\/a> sono parole che descrivono qualit\u00e0, caratteristiche o stati di cose, persone o luoghi. Essi concordano in genere, numero e caso con il sostantivo a cui si riferiscono.<\/p>\n\n\n\n<h3 class=\"wp-block-heading\">La declinazione degli aggettivi<\/h3>\n\n\n\n<p>Gli aggettivi tedeschi si declinano, cio\u00e8 cambiano la loro forma a seconda del contesto in cui si trovano. La declinazione degli aggettivi pu\u00f2 essere forte, debole o mista.<\/p>\n\n\n\n<h4 class=\"wp-block-heading\">Declinazione forte<\/h4>\n\n\n\n<p>La declinazione forte avviene quando l&#8217;aggettivo \u00e8 preceduto da un articolo indeterminativo, da un pronome possessivo, da un pronome dimostrativo o da nessun articolo.<\/p>\n\n\n\n<h4 class=\"wp-block-heading\">Declinazione debole<\/h4>\n\n\n\n<p>La declinazione debole si verifica quando l&#8217;aggettivo \u00e8 preceduto da un articolo determinativo.<\/p>\n\n\n\n<h4 class=\"wp-block-heading\">Declinazione mista<\/h4>\n\n\n\n<p>La declinazione mista avviene quando l&#8217;aggettivo \u00e8 preceduto da un pronome indefinito, da un pronome negativo o da un quantificatore.<\/p>\n\n\n\n<h2 class=\"wp-block-heading\">I gradi di comparazione degli aggettivi<\/h2>\n\n\n\n<p>Gli aggettivi in tedesco possono avere tre gradi di comparazione: positivo, <a href=\"https:\/\/talkpal.ai\/pt-pt\/grammar_exercises\/comparacao-de-adjetivos-comparativo-e-superlativo-exercicios-de-gramatica-croata\/\">comparativo e superlativo<\/a>.<\/p>\n\n\n\n<h3 class=\"wp-block-heading\">Il grado positivo<\/h3>\n\n\n\n<p>Il grado positivo \u00e8 la forma base dell&#8217;aggettivo, senza alcuna modifica. Esso indica una qualit\u00e0 senza fare confronti con altre entit\u00e0. Ad esempio:<\/p>\n\n\n\n<ul class=\"wp-block-list\">\n<li>Das Haus ist <strong>gro\u00df<\/strong> (La casa \u00e8 grande)<\/li>\n<\/ul>\n\n\n\n<h3 class=\"wp-block-heading\">Il grado comparativo<\/h3>\n\n\n\n<p>Il grado <a href=\"https:\/\/talkpal.ai\/zh-hans\/grammar_exercises\/comparativo-%e8%a5%bf%e7%8f%ad%e7%89%99%e8%af%ad%e6%b3%95%e7%bb%83%e4%b9%a0\/\">comparativo<\/a> viene utilizzato per confrontare due entit\u00e0 e stabilire quale delle due possiede una qualit\u00e0 in misura maggiore. Per formare il comparativo in tedesco, si aggiunge il suffisso &#8220;-er&#8221; all&#8217;aggettivo e si utilizza la parola &#8220;als&#8221; (che).<\/p>\n\n\n\n<ul class=\"wp-block-list\">\n<li>Das Haus ist <strong>gr\u00f6\u00dfer<\/strong> als die Wohnung (La casa \u00e8 pi\u00f9 grande dell&#8217;appartamento)<\/li>\n<\/ul>\n\n\n\n<h3 class=\"wp-block-heading\">Il grado superlativo<\/h3>\n\n\n\n<p>Il grado superlativo indica che una qualit\u00e0 \u00e8 posseduta al massimo grado possibile. In tedesco, il superlativo si forma aggiungendo il suffisso &#8220;-st&#8221; all&#8217;aggettivo e utilizzando l&#8217;articolo determinativo corrispondente al genere, numero e caso del sostantivo.<\/p>\n\n\n\n<ul class=\"wp-block-list\">\n<li>Das ist das <strong>gr\u00f6\u00dfte<\/strong> Haus (Questa \u00e8 la casa pi\u00f9 grande)<\/li>\n<\/ul>\n\n\n\n<h2 class=\"wp-block-heading\">Eccezioni e particolarit\u00e0 nella formazione dei gradi di comparazione<\/h2>\n\n\n\n<p>Ci sono alcune eccezioni e particolarit\u00e0 nella formazione dei gradi di comparazione degli aggettivi tedeschi. Vediamole insieme:<\/p>\n\n\n\n<h3 class=\"wp-block-heading\">Aggettivi con modifiche vocaliche<\/h3>\n\n\n\n<p>Alcuni aggettivi tedeschi subiscono una modifica della vocale nella formazione del comparativo e del superlativo. Questi aggettivi sono:<\/p>\n\n\n\n<ul class=\"wp-block-list\">\n<li>alt (vecchio): \u00e4lter, am \u00e4ltesten<\/li>\n\n\n\n<li>arm (povero): \u00e4rmer, am \u00e4rmsten<\/li>\n\n\n\n<li>gro\u00df (grande): gr\u00f6\u00dfer, am gr\u00f6\u00dften<\/li>\n\n\n\n<li>hart (duro): h\u00e4rter, am h\u00e4rtesten<\/li>\n\n\n\n<li>kalt (freddo): k\u00e4lter, am k\u00e4ltesten<\/li>\n\n\n\n<li>klug (saggio): kl\u00fcger, am kl\u00fcgsten<\/li>\n\n\n\n<li>kurz (corto): k\u00fcrzer, am k\u00fcrzesten<\/li>\n\n\n\n<li>lang (lungo): l\u00e4nger, am l\u00e4ngsten<\/li>\n\n\n\n<li>schwach (debole): schw\u00e4cher, am schw\u00e4chsten<\/li>\n\n\n\n<li>warm (caldo): w\u00e4rmer, am w\u00e4rmsten<\/li>\n<\/ul>\n\n\n\n<h3 class=\"wp-block-heading\">Aggettivi irregolari<\/h3>\n\n\n\n<p>Alcuni aggettivi tedeschi hanno forme irregolari di comparativo e superlativo:<\/p>\n\n\n\n<ul class=\"wp-block-list\">\n<li>gut (buono): besser, <a href=\"https:\/\/talkpal.ai\/es\/la-mejor-aplicacion-de-conversacion-con-ia\/\">am besten<\/a><\/li>\n\n\n\n<li>viel (molto): mehr, am meisten<\/li>\n\n\n\n<li>wenig (poco): weniger, am wenigsten<\/li>\n<\/ul>\n\n\n\n<h3 class=\"wp-block-heading\">Aggettivi invariabili<\/h3>\n\n\n\n<p>Gli aggettivi tedeschi di origine straniera, in particolare quelli che terminano in &#8220;-a&#8221;, &#8220;-o&#8221;, &#8220;-u&#8221;, &#8220;-y&#8221; e &#8220;-i&#8221;, non si flettono per il comparativo e il superlativo e si usano con &#8220;mehr&#8221; e &#8220;am meisten&#8221;:<\/p>\n\n\n\n<ul class=\"wp-block-list\">\n<li>modern (moderno): mehr modern, am meisten modern<\/li>\n<\/ul>\n\n\n\n<p>In conclusione, la conoscenza dei gradi di comparazione degli aggettivi tedeschi \u00e8 essenziale per poter esprimere confronti e differenze nella lingua in modo accurato e naturale. Ricordatevi di prestare attenzione alle regole, alle eccezioni e alle particolarit\u00e0 nella formazione dei gradi di comparazione e non esitate a consultare questa guida ogni volta che ne avete bisogno.<\/p>\n","protected":false},"featured_media":1528062,"template":"","language":[444,431],"class_list":["post-18913","grammar","type-grammar","status-publish","has-post-thumbnail","hentry","language-gli-aggettivi","language-tedesco"],"acf":[],"yoast_head":"<!-- This site is optimized with the Yoast SEO Premium plugin v27.2 (Yoast SEO v27.2) - https:\/\/yoast.com\/product\/yoast-seo-premium-wordpress\/ -->\n<title>Grammatica tedesca: i gradi di comparazione degli aggettivi - Talkpal<\/title>\n<meta name=\"description\" content=\"In questo articolo, approfondiremo la grammatica tedesca, concentrandoci sui gradi di comparazione degli aggettivi. La conoscenza di queste regole \u00e8\" \/>\n<meta name=\"robots\" content=\"index, follow, max-snippet:-1, max-image-preview:large, max-video-preview:-1\" \/>\n<link rel=\"canonical\" href=\"https:\/\/talkpal.ai\/it\/grammar\/grammatica-tedesca-i-gradi-di-comparazione-degli-aggettivi\/\" \/>\n<meta property=\"og:locale\" content=\"it_IT\" \/>\n<meta property=\"og:type\" content=\"article\" \/>\n<meta property=\"og:title\" content=\"Grammatica tedesca: i gradi di comparazione degli aggettivi\" \/>\n<meta property=\"og:description\" content=\"In questo articolo, approfondiremo la grammatica tedesca, concentrandoci sui gradi di comparazione degli aggettivi. La conoscenza di queste regole \u00e8\" \/>\n<meta property=\"og:url\" content=\"https:\/\/talkpal.ai\/it\/grammar\/grammatica-tedesca-i-gradi-di-comparazione-degli-aggettivi\/\" \/>\n<meta property=\"og:site_name\" content=\"Talkpal\" \/>\n<meta property=\"article:publisher\" content=\"https:\/\/www.facebook.com\/profile.php?id=100090733639311\" \/>\n<meta property=\"article:modified_time\" content=\"2023-04-25T09:17:12+00:00\" \/>\n<meta property=\"og:image\" content=\"https:\/\/talkpal.ai\/wp-content\/uploads\/2023\/04\/TalkPal-Illustration-of-students-studying-grammar-lessons-2.png\" \/>\n\t<meta property=\"og:image:width\" content=\"1456\" \/>\n\t<meta property=\"og:image:height\" content=\"816\" \/>\n\t<meta property=\"og:image:type\" content=\"image\/png\" \/>\n<meta name=\"twitter:card\" content=\"summary_large_image\" \/>\n<meta name=\"twitter:site\" content=\"@talkpalai\" \/>\n<meta name=\"twitter:label1\" content=\"Tempo di lettura stimato\" \/>\n\t<meta name=\"twitter:data1\" content=\"3 minuti\" \/>\n<script type=\"application\/ld+json\" class=\"yoast-schema-graph\">{\"@context\":\"https:\/\/schema.org\",\"@graph\":[{\"@type\":\"WebPage\",\"@id\":\"https:\/\/talkpal.ai\/it\/grammar\/grammatica-tedesca-i-gradi-di-comparazione-degli-aggettivi\/\",\"url\":\"https:\/\/talkpal.ai\/it\/grammar\/grammatica-tedesca-i-gradi-di-comparazione-degli-aggettivi\/\",\"name\":\"Grammatica tedesca: i gradi di comparazione degli aggettivi - Talkpal\",\"isPartOf\":{\"@id\":\"https:\/\/talkpal.ai\/it\/#website\"},\"primaryImageOfPage\":{\"@id\":\"https:\/\/talkpal.ai\/it\/grammar\/grammatica-tedesca-i-gradi-di-comparazione-degli-aggettivi\/#primaryimage\"},\"image\":{\"@id\":\"https:\/\/talkpal.ai\/it\/grammar\/grammatica-tedesca-i-gradi-di-comparazione-degli-aggettivi\/#primaryimage\"},\"thumbnailUrl\":\"https:\/\/talkpal.ai\/wp-content\/uploads\/2025\/12\/two-people-at-table-learning-languages.webp\",\"datePublished\":\"2023-04-22T14:19:04+00:00\",\"dateModified\":\"2023-04-25T09:17:12+00:00\",\"description\":\"In questo articolo, approfondiremo la grammatica tedesca, concentrandoci sui gradi di comparazione degli aggettivi. La conoscenza di queste regole \u00e8\",\"breadcrumb\":{\"@id\":\"https:\/\/talkpal.ai\/it\/grammar\/grammatica-tedesca-i-gradi-di-comparazione-degli-aggettivi\/#breadcrumb\"},\"inLanguage\":\"it-IT\",\"potentialAction\":[{\"@type\":\"ReadAction\",\"target\":[\"https:\/\/talkpal.ai\/it\/grammar\/grammatica-tedesca-i-gradi-di-comparazione-degli-aggettivi\/\"]}]},{\"@type\":\"ImageObject\",\"inLanguage\":\"it-IT\",\"@id\":\"https:\/\/talkpal.ai\/it\/grammar\/grammatica-tedesca-i-gradi-di-comparazione-degli-aggettivi\/#primaryimage\",\"url\":\"https:\/\/talkpal.ai\/wp-content\/uploads\/2025\/12\/two-people-at-table-learning-languages.webp\",\"contentUrl\":\"https:\/\/talkpal.ai\/wp-content\/uploads\/2025\/12\/two-people-at-table-learning-languages.webp\",\"width\":1200,\"height\":896,\"caption\":\"Two students sit at a desk in a sunlit modern study space to learn languages on their laptops.\"},{\"@type\":\"BreadcrumbList\",\"@id\":\"https:\/\/talkpal.ai\/it\/grammar\/grammatica-tedesca-i-gradi-di-comparazione-degli-aggettivi\/#breadcrumb\",\"itemListElement\":[{\"@type\":\"ListItem\",\"position\":1,\"name\":\"Homepage\",\"item\":\"https:\/\/talkpal.ai\/it\/\"},{\"@type\":\"ListItem\",\"position\":2,\"name\":\"Grammatica tedesca: i gradi di comparazione degli aggettivi\"}]},{\"@type\":\"WebSite\",\"@id\":\"https:\/\/talkpal.ai\/it\/#website\",\"url\":\"https:\/\/talkpal.ai\/it\/\",\"name\":\"Talkpal\",\"description\":\"AI Language Learning\",\"publisher\":{\"@id\":\"https:\/\/talkpal.ai\/it\/#organization\"},\"alternateName\":\"Talkpal AI\",\"potentialAction\":[{\"@type\":\"SearchAction\",\"target\":{\"@type\":\"EntryPoint\",\"urlTemplate\":\"https:\/\/talkpal.ai\/it\/?s={search_term_string}\"},\"query-input\":{\"@type\":\"PropertyValueSpecification\",\"valueRequired\":true,\"valueName\":\"search_term_string\"}}],\"inLanguage\":\"it-IT\"},{\"@type\":\"Organization\",\"@id\":\"https:\/\/talkpal.ai\/it\/#organization\",\"name\":\"Talkpal, Inc.\",\"alternateName\":\"Talkpal AI\",\"url\":\"https:\/\/talkpal.ai\/it\/\",\"logo\":{\"@type\":\"ImageObject\",\"inLanguage\":\"it-IT\",\"@id\":\"https:\/\/talkpal.ai\/it\/#\/schema\/logo\/image\/\",\"url\":\"https:\/\/talkpal.ai\/wp-content\/uploads\/2024\/03\/Talkpal-Logo-Icon.png\",\"contentUrl\":\"https:\/\/talkpal.ai\/wp-content\/uploads\/2024\/03\/Talkpal-Logo-Icon.png\",\"width\":2880,\"height\":2880,\"caption\":\"Talkpal, Inc.\"},\"image\":{\"@id\":\"https:\/\/talkpal.ai\/it\/#\/schema\/logo\/image\/\"},\"sameAs\":[\"https:\/\/www.facebook.com\/profile.php?id=100090733639311\",\"https:\/\/x.com\/talkpalai\",\"https:\/\/www.linkedin.com\/company\/talkpal\/\",\"https:\/\/www.youtube.com\/@TalkPal\/\",\"https:\/\/www.tiktok.com\/@talkpal\",\"https:\/\/www.instagram.com\/talkpal_ai\/\",\"https:\/\/www.crunchbase.com\/organization\/talkpal-9cde\",\"https:\/\/www.g2.com\/products\/talkpal-for-business\/\",\"https:\/\/www.trustpilot.com\/review\/talkpal.ai\",\"https:\/\/www.capterra.com\/p\/10006800\/TalkPal\/\"],\"description\":\"Talkpal is a language learning web and mobile education app, powered by the latest AI technologies, that provides engaging experiences to its customers in many different languages to help them improve their language skills. Users can chat about unlimited amount of topics with the app and use other modes to practice their language learning.\",\"email\":\"support@talkpal.ai\",\"legalName\":\"Talkpal, Inc.\",\"foundingDate\":\"2023-04-03\",\"duns\":\"118989042\",\"numberOfEmployees\":{\"@type\":\"QuantitativeValue\",\"minValue\":\"11\",\"maxValue\":\"50\"},\"publishingPrinciples\":\"https:\/\/talkpal.ai\/publishing-principles\/\",\"actionableFeedbackPolicy\":\"https:\/\/talkpal.ai\/actionable-feedback-policy\/\",\"correctionsPolicy\":\"https:\/\/talkpal.ai\/corrections-policy\/\",\"ethicsPolicy\":\"https:\/\/talkpal.ai\/ethics-policy\/\",\"diversityPolicy\":\"https:\/\/talkpal.ai\/diversity-policy\/\",\"diversityStaffingReport\":\"https:\/\/talkpal.ai\/diversity-policy\/\"}]}<\/script>\n<!-- \/ Yoast SEO Premium plugin. -->","yoast_head_json":{"title":"Grammatica tedesca: i gradi di comparazione degli aggettivi - Talkpal","description":"In questo articolo, approfondiremo la grammatica tedesca, concentrandoci sui gradi di comparazione degli aggettivi. La conoscenza di queste regole \u00e8","robots":{"index":"index","follow":"follow","max-snippet":"max-snippet:-1","max-image-preview":"max-image-preview:large","max-video-preview":"max-video-preview:-1"},"canonical":"https:\/\/talkpal.ai\/it\/grammar\/grammatica-tedesca-i-gradi-di-comparazione-degli-aggettivi\/","og_locale":"it_IT","og_type":"article","og_title":"Grammatica tedesca: i gradi di comparazione degli aggettivi","og_description":"In questo articolo, approfondiremo la grammatica tedesca, concentrandoci sui gradi di comparazione degli aggettivi. La conoscenza di queste regole \u00e8","og_url":"https:\/\/talkpal.ai\/it\/grammar\/grammatica-tedesca-i-gradi-di-comparazione-degli-aggettivi\/","og_site_name":"Talkpal","article_publisher":"https:\/\/www.facebook.com\/profile.php?id=100090733639311","article_modified_time":"2023-04-25T09:17:12+00:00","og_image":[{"width":1456,"height":816,"url":"https:\/\/talkpal.ai\/wp-content\/uploads\/2023\/04\/TalkPal-Illustration-of-students-studying-grammar-lessons-2.png","type":"image\/png"}],"twitter_card":"summary_large_image","twitter_site":"@talkpalai","twitter_misc":{"Tempo di lettura stimato":"3 minuti"},"schema":{"@context":"https:\/\/schema.org","@graph":[{"@type":"WebPage","@id":"https:\/\/talkpal.ai\/it\/grammar\/grammatica-tedesca-i-gradi-di-comparazione-degli-aggettivi\/","url":"https:\/\/talkpal.ai\/it\/grammar\/grammatica-tedesca-i-gradi-di-comparazione-degli-aggettivi\/","name":"Grammatica tedesca: i gradi di comparazione degli aggettivi - Talkpal","isPartOf":{"@id":"https:\/\/talkpal.ai\/it\/#website"},"primaryImageOfPage":{"@id":"https:\/\/talkpal.ai\/it\/grammar\/grammatica-tedesca-i-gradi-di-comparazione-degli-aggettivi\/#primaryimage"},"image":{"@id":"https:\/\/talkpal.ai\/it\/grammar\/grammatica-tedesca-i-gradi-di-comparazione-degli-aggettivi\/#primaryimage"},"thumbnailUrl":"https:\/\/talkpal.ai\/wp-content\/uploads\/2025\/12\/two-people-at-table-learning-languages.webp","datePublished":"2023-04-22T14:19:04+00:00","dateModified":"2023-04-25T09:17:12+00:00","description":"In questo articolo, approfondiremo la grammatica tedesca, concentrandoci sui gradi di comparazione degli aggettivi. La conoscenza di queste regole \u00e8","breadcrumb":{"@id":"https:\/\/talkpal.ai\/it\/grammar\/grammatica-tedesca-i-gradi-di-comparazione-degli-aggettivi\/#breadcrumb"},"inLanguage":"it-IT","potentialAction":[{"@type":"ReadAction","target":["https:\/\/talkpal.ai\/it\/grammar\/grammatica-tedesca-i-gradi-di-comparazione-degli-aggettivi\/"]}]},{"@type":"ImageObject","inLanguage":"it-IT","@id":"https:\/\/talkpal.ai\/it\/grammar\/grammatica-tedesca-i-gradi-di-comparazione-degli-aggettivi\/#primaryimage","url":"https:\/\/talkpal.ai\/wp-content\/uploads\/2025\/12\/two-people-at-table-learning-languages.webp","contentUrl":"https:\/\/talkpal.ai\/wp-content\/uploads\/2025\/12\/two-people-at-table-learning-languages.webp","width":1200,"height":896,"caption":"Two students sit at a desk in a sunlit modern study space to learn languages on their laptops."},{"@type":"BreadcrumbList","@id":"https:\/\/talkpal.ai\/it\/grammar\/grammatica-tedesca-i-gradi-di-comparazione-degli-aggettivi\/#breadcrumb","itemListElement":[{"@type":"ListItem","position":1,"name":"Homepage","item":"https:\/\/talkpal.ai\/it\/"},{"@type":"ListItem","position":2,"name":"Grammatica tedesca: i gradi di comparazione degli aggettivi"}]},{"@type":"WebSite","@id":"https:\/\/talkpal.ai\/it\/#website","url":"https:\/\/talkpal.ai\/it\/","name":"Talkpal","description":"AI Language Learning","publisher":{"@id":"https:\/\/talkpal.ai\/it\/#organization"},"alternateName":"Talkpal AI","potentialAction":[{"@type":"SearchAction","target":{"@type":"EntryPoint","urlTemplate":"https:\/\/talkpal.ai\/it\/?s={search_term_string}"},"query-input":{"@type":"PropertyValueSpecification","valueRequired":true,"valueName":"search_term_string"}}],"inLanguage":"it-IT"},{"@type":"Organization","@id":"https:\/\/talkpal.ai\/it\/#organization","name":"Talkpal, Inc.","alternateName":"Talkpal AI","url":"https:\/\/talkpal.ai\/it\/","logo":{"@type":"ImageObject","inLanguage":"it-IT","@id":"https:\/\/talkpal.ai\/it\/#\/schema\/logo\/image\/","url":"https:\/\/talkpal.ai\/wp-content\/uploads\/2024\/03\/Talkpal-Logo-Icon.png","contentUrl":"https:\/\/talkpal.ai\/wp-content\/uploads\/2024\/03\/Talkpal-Logo-Icon.png","width":2880,"height":2880,"caption":"Talkpal, Inc."},"image":{"@id":"https:\/\/talkpal.ai\/it\/#\/schema\/logo\/image\/"},"sameAs":["https:\/\/www.facebook.com\/profile.php?id=100090733639311","https:\/\/x.com\/talkpalai","https:\/\/www.linkedin.com\/company\/talkpal\/","https:\/\/www.youtube.com\/@TalkPal\/","https:\/\/www.tiktok.com\/@talkpal","https:\/\/www.instagram.com\/talkpal_ai\/","https:\/\/www.crunchbase.com\/organization\/talkpal-9cde","https:\/\/www.g2.com\/products\/talkpal-for-business\/","https:\/\/www.trustpilot.com\/review\/talkpal.ai","https:\/\/www.capterra.com\/p\/10006800\/TalkPal\/"],"description":"Talkpal is a language learning web and mobile education app, powered by the latest AI technologies, that provides engaging experiences to its customers in many different languages to help them improve their language skills. Users can chat about unlimited amount of topics with the app and use other modes to practice their language learning.","email":"support@talkpal.ai","legalName":"Talkpal, Inc.","foundingDate":"2023-04-03","duns":"118989042","numberOfEmployees":{"@type":"QuantitativeValue","minValue":"11","maxValue":"50"},"publishingPrinciples":"https:\/\/talkpal.ai\/publishing-principles\/","actionableFeedbackPolicy":"https:\/\/talkpal.ai\/actionable-feedback-policy\/","correctionsPolicy":"https:\/\/talkpal.ai\/corrections-policy\/","ethicsPolicy":"https:\/\/talkpal.ai\/ethics-policy\/","diversityPolicy":"https:\/\/talkpal.ai\/diversity-policy\/","diversityStaffingReport":"https:\/\/talkpal.ai\/diversity-policy\/"}]}},"_links":{"self":[{"href":"https:\/\/talkpal.ai\/it\/wp-json\/wp\/v2\/grammar\/18913","targetHints":{"allow":["GET"]}}],"collection":[{"href":"https:\/\/talkpal.ai\/it\/wp-json\/wp\/v2\/grammar"}],"about":[{"href":"https:\/\/talkpal.ai\/it\/wp-json\/wp\/v2\/types\/grammar"}],"wp:featuredmedia":[{"embeddable":true,"href":"https:\/\/talkpal.ai\/it\/wp-json\/wp\/v2\/media\/1528062"}],"wp:attachment":[{"href":"https:\/\/talkpal.ai\/it\/wp-json\/wp\/v2\/media?parent=18913"}],"wp:term":[{"taxonomy":"language","embeddable":true,"href":"https:\/\/talkpal.ai\/it\/wp-json\/wp\/v2\/language?post=18913"}],"curies":[{"name":"wp","href":"https:\/\/api.w.org\/{rel}","templated":true}]}}