{"id":165688,"date":"2023-06-16T11:55:18","date_gmt":"2023-06-16T11:55:18","guid":{"rendered":"http:\/\/talkpal.ai\/hvitrussneska-malfraedi-aefingar\/"},"modified":"2025-05-23T11:20:30","modified_gmt":"2025-05-23T11:20:30","slug":"hvitrussneska-malfraedi-aefingar","status":"publish","type":"page","link":"https:\/\/talkpal.ai\/is\/hvitrussneska-malfraedi-aefingar\/","title":{"rendered":"Hv\u00edtr\u00fassneska M\u00e1lfr\u00e6\u00f0i \u00c6fingar"},"content":{"rendered":"\r\n\r\n\r\n<section class=\"languageChallengeSection\">\r\n    <div class=\"languageInfoWrapper\">\r\n        \r\n        <h1>Hv\u00edtr\u00fassneska M\u00e1lfr\u00e6\u00f0i \u00c6fingar<\/h1>\r\n        <p>Langar \u00feig a\u00f0 b\u00e6ta f\u00e6rni \u00fe\u00edna \u00ed hv\u00edtr\u00fassnesku? A\u00f0 \u00e6fa m\u00e1lfr\u00e6\u00f0i\u00e6fingar er fr\u00e1b\u00e6r lei\u00f0 til a\u00f0 n\u00e1 t\u00f6kum \u00e1 setningager\u00f0, sagnor\u00f0um og s\u00e9rkennum hv\u00edtr\u00fassnesku tungum\u00e1lsins. Byrja\u00f0u a\u00f0 sko\u00f0a <a href=\"https:\/\/talkpal.ai\/learn-belarusian\/\">hv\u00edtr\u00fassneska<\/a> <a href=\"https:\/\/talkpal.ai\/grammar\/\">m\u00e1lfr\u00e6\u00f0i<\/a> \u00ed dag og horf\u00f0u \u00e1 skilning \u00feinn og fl\u00e6\u00f0i vaxa me\u00f0 hverri \u00e6fingu.<\/p>\r\n\r\n                            <a class=\"getStartedHidden\" href=\"https:\/\/app.talkpal.ai\/signup?lng=\">Byrja\u00f0u<\/a>\r\n        \r\n    <\/div>\r\n\r\n    <figure>\r\n    <img decoding=\"async\" width=\"768\" height=\"768\" src=\"https:\/\/talkpal.ai\/wp-content\/uploads\/2023\/06\/belarusian-768x768.png\" class=\"languageImage no-lazy\" alt=\"Language learning for academic excellence\" fetchpriority=\"high\" sizes=\"(max-width: 768px) 150px, 768px\" srcset=\"https:\/\/talkpal.ai\/wp-content\/uploads\/2023\/06\/belarusian-768x768.png 768w, https:\/\/talkpal.ai\/wp-content\/uploads\/2023\/06\/belarusian-300x300.png 300w\" \/>\r\n    \r\n\r\n    <\/figure>\r\n\r\n            <a class=\"getStartedVisible\" href=\"https:\/\/app.talkpal.ai\/signup?lng=\">Byrja\u00f0u<\/a>\r\n    \r\n<\/section>\r\n\r\n\r\n<!-- <section class=\"grammarSection\">\r\n    <div class=\"grammarLinks\">\r\n            <\/div>\r\n<\/section> -->\r\n\r\n\r\n\r\n\r\n<section class=\"promotionalBanner\">\r\n    <p class=\"promotionalText\">Skilvirkasta lei\u00f0in til a\u00f0 l\u00e6ra tungum\u00e1l<\/p>\r\n    <a class=\"promotionalLink\" href=\"https:\/\/app.talkpal.ai\/signup?lng=\">Pr\u00f3fa\u00f0u Talkpal \u00f3keypis<\/a>\r\n<\/section>\n<div class=\"wp-block-group pageContainerStyle\"><div class=\"wp-block-group__inner-container is-layout-constrained wp-block-group-is-layout-constrained\">\n<h2 class=\"wp-block-heading\" id=\"h-belarusian-grammar-topics\">Hv\u00edtr\u00fassneska m\u00e1lfr\u00e6\u00f0i efni<\/h2>\n\n\n\n<p>Hv\u00edtr\u00fassneska er austurslavneskt tungum\u00e1l sem a\u00f0allega er tala\u00f0 \u00ed Hv\u00edta-R\u00fasslandi af um 70% \u00edb\u00faanna. Sem slavneskt tungum\u00e1l deilir \u00fea\u00f0 l\u00edkt me\u00f0 r\u00fassnesku og \u00fakra\u00ednsku, sem au\u00f0veldar \u00feeim sem <a href=\"https:\/\/talkpal.ai\/locations\/language-courses-in-tala\/\">tala<\/a> \u00feessi tungum\u00e1l a\u00f0 l\u00e6ra hv\u00edtr\u00fassnesku. Hins vegar hefur \u00fea\u00f0 s\u00edna einst\u00f6ku eiginleika og a\u00f0 <a href=\"https:\/\/talkpal.ai\/grammar\/\">l\u00e6ra m\u00e1lfr\u00e6\u00f0i<\/a> \u00feess getur veri\u00f0 gefandi reynsla fyrir tungum\u00e1la\u00e1hugamenn. \u00cd \u00feessari grein munum vi\u00f0 kanna nau\u00f0synleg hv\u00edtr\u00fassnesk m\u00e1lfr\u00e6\u00f0iefni \u00ed r\u00f6\u00f0 sem mun hj\u00e1lpa \u00fe\u00e9r a\u00f0 l\u00e6ra tungum\u00e1li\u00f0 betur.<\/p>\n\n\n\n<h3 class=\"wp-block-heading\" id=\"h-1-nouns\">1. Nafnor\u00f0:<\/h3>\n\n\n\n<p>Byrja\u00f0u \u00e1 \u00fev\u00ed a\u00f0 l\u00e6ra hv\u00edtr\u00fassnesk nafnor\u00f0, sem geta veri\u00f0 karlkyns, kvenkyns e\u00f0a hvorugkyn. \u00deeir hafa sex fall: nefnifall, akkor\u00f0, eignarfall, dau\u00f0fall, hlj\u00f3\u00f0f\u00e6ri og forsetning, sem \u00e1kvar\u00f0a hlutverk nafnor\u00f0sins \u00ed setningu. Fylgstu me\u00f0 nafnor\u00f0sendingum og fallbeygingarmynstri, \u00fear sem \u00feau munu hj\u00e1lpa \u00fe\u00e9r a\u00f0 skilja hvernig nafnor\u00f0 breytast \u00ed mismunandi tilvikum.<\/p>\n\n\n\n<h3 class=\"wp-block-heading\" id=\"h-2-articles\">2. Greinar:<\/h3>\n\n\n\n<p>\u00d3l\u00edkt ensku hefur hv\u00edtr\u00fassneska ekki greinar. \u00deess vegna getur\u00f0u einbeitt \u00fe\u00e9r a\u00f0 \u00fev\u00ed a\u00f0 l\u00e6ra a\u00f0ra \u00fe\u00e6tti tungum\u00e1lsins \u00e1n \u00feess <a href=\"https:\/\/talkpal.ai\/culture\/what-is-the-verb-ad-hafa-and-when-is-it-used\/\">a\u00f0 hafa<\/a> \u00e1hyggjur af \u00feessu efni.<\/p>\n\n\n\n<h3 class=\"wp-block-heading\" id=\"h-3-pronouns-determiners\">3. Forn\u00f6fn\/\u00e1kvar\u00f0andi or\u00f0:<\/h3>\n\n\n\n<p>N\u00e6st skaltu l\u00e6ra forn\u00f6fn og \u00e1kvar\u00f0anir, sem virka svipa\u00f0 og ensk jafngildi \u00feeirra. \u00deeir skipta \u00fat nafnor\u00f0um og mi\u00f0la uppl\u00fdsingum um eignarhald, magn e\u00f0a sj\u00e1lfsmynd. \u00dea\u00f0 eru pers\u00f3nuleg, eignarhaldsleg, s\u00fdnileg, yfirheyrandi og afst\u00e6\u00f0 forn\u00f6fn \u00e1 hv\u00edtr\u00fassnesku og \u00fe\u00fa \u00fearft a\u00f0 leggja form \u00feeirra og notkun \u00e1 minni\u00f0.<\/p>\n\n\n\n<h3 class=\"wp-block-heading\" id=\"h-4-adjectives\">4. L\u00fdsingaror\u00f0:<\/h3>\n\n\n\n<p>L\u00fdsingaror\u00f0 \u00e1 hv\u00edtr\u00fassnesku eru samm\u00e1la nafnor\u00f0inu sem \u00feau breyta \u00ed kyni, t\u00f6lu og falli. L\u00e6r\u00f0u l\u00fdsingaror\u00f0 endingar og hvernig \u00e1 a\u00f0 mynda samanbur\u00f0ar og greinar gr\u00e1\u00f0ur til a\u00f0 tj\u00e1 mismunandi stig samanbur\u00f0ar.<\/p>\n\n\n\n<h3 class=\"wp-block-heading\" id=\"h-5-verbs\">5. Sagnir:<\/h3>\n\n\n\n<p>Sagnir skipta sk\u00f6pum \u00e1 hv\u00edtr\u00fassnesku \u00fear sem \u00fe\u00e6r tj\u00e1 a\u00f0ger\u00f0ir, r\u00edki og atbur\u00f0i. L\u00e6r\u00f0u um sagnbeyginguna, sem samanstendur af tveimur h\u00f3pum: fyrri samtengingunni (a\u00f0allega karlkyns sagnir) og seinni samtengingunni (a\u00f0allega kvenkyns sagnir). Rannsaka\u00f0u einnig mikilv\u00e6gu og vi\u00f0tengingarh\u00e1ttar skap og hvernig \u00e1 a\u00f0 mynda \u00feau.<\/p>\n\n\n\n<h3 class=\"wp-block-heading\" id=\"h-6-tenses\">6. Spennur:<\/h3>\n\n\n\n<p>Hv\u00edtr\u00fassneska hefur \u00ferj\u00e1r meginspennur: fort\u00ed\u00f0, n\u00fat\u00ed\u00f0 og framt\u00ed\u00f0. L\u00e6r\u00f0u hvernig \u00e1 a\u00f0 mynda og nota \u00feessar spennur til a\u00f0 tala um atbur\u00f0i og a\u00f0ger\u00f0ir \u00e1 mismunandi t\u00edmum.<\/p>\n\n\n\n<h3 class=\"wp-block-heading\" id=\"h-7-tense-comparison\">7. Spenntur samanbur\u00f0ur:<\/h3>\n\n\n\n<p>Samanbur\u00f0ur \u00e1 spennu \u00e1 hv\u00edtr\u00fassnesku er nau\u00f0synlegur til a\u00f0 skilja tengslin milli atbur\u00f0a \u00ed fort\u00ed\u00f0, n\u00fat\u00ed\u00f0 og framt\u00ed\u00f0. Rannsaka\u00f0u r\u00f6\u00f0 spennu og hvernig \u00e1 a\u00f0 nota \u00fe\u00e6r \u00ed fl\u00f3knum setningum.<\/p>\n\n\n\n<h3 class=\"wp-block-heading\" id=\"h-8-progressive\">8. Frams\u00e6ki\u00f0:<\/h3>\n\n\n\n<p>Hv\u00edtr\u00fassneska notar frams\u00e6ki\u00f0 form til a\u00f0 tj\u00e1 \u00e1framhaldandi a\u00f0ger\u00f0ir. L\u00e6r\u00f0u hvernig \u00e1 a\u00f0 mynda \u00feennan \u00fe\u00e1tt me\u00f0 vi\u00f0eigandi sagnasamtengingu og hj\u00e1lpars\u00f6gnum.<\/p>\n\n\n\n<h3 class=\"wp-block-heading\" id=\"h-9-perfect-progressive\">9. Fullkominn frams\u00e6kinn:<\/h3>\n\n\n\n<p>Hin fullkomna frams\u00e6kin \u00fe\u00e1ttur \u00ed hv\u00edtr\u00fassnesku sameinar hugt\u00f6kin loki\u00f0 og lengd. L\u00e6r\u00f0u hvernig \u00e1 a\u00f0 mynda \u00feennan \u00fe\u00e1tt me\u00f0 hj\u00e1lpars\u00f6gnum og r\u00e9ttum sagnaformum.<\/p>\n\n\n\n<h3 class=\"wp-block-heading\" id=\"h-10-adverbs\">10. Atviksor\u00f0:<\/h3>\n\n\n\n<p>Atviksor\u00f0 breyta s\u00f6gnum, l\u00fdsingaror\u00f0um og \u00f6\u00f0rum atviksor\u00f0um og b\u00e6ta meiri uppl\u00fdsingum vi\u00f0 setninguna. L\u00e6r\u00f0u mismunandi ger\u00f0ir atviksor\u00f0a \u00e1 hv\u00edtr\u00fassnesku, myndun \u00feeirra og sta\u00f0setningu \u00feeirra \u00ed setningunni.<\/p>\n\n\n\n<h3 class=\"wp-block-heading\" id=\"h-11-prepositions\">11. Forsetningar:<\/h3>\n\n\n\n<p>Forsetningar eru nau\u00f0synlegar til a\u00f0 tj\u00e1 tengsl milli or\u00f0a \u00ed setningu. L\u00e6r\u00f0u algengustu hv\u00edtr\u00fassnesku forsetningarnar, m\u00e1l \u00feeirra og hvernig \u00e1 a\u00f0 nota \u00fe\u00e6r me\u00f0 nafnor\u00f0um og forn\u00f6fnum.<\/p>\n\n\n\n<h3 class=\"wp-block-heading\" id=\"h-12-conditionals\">12. Skilyr\u00f0i:<\/h3>\n\n\n\n<p>Skilyrtar tj\u00e1 \u00edmynda\u00f0ar a\u00f0st\u00e6\u00f0ur og aflei\u00f0ingar \u00feeirra. Rannsaka\u00f0u \u00ferj\u00e1r tegundir skilyr\u00f0a \u00e1 hv\u00edtr\u00fassnesku: raunveruleg, \u00f3raunveruleg og bl\u00f6ndu\u00f0 og samsvarandi sagnaform \u00feeirra.<\/p>\n\n\n\n<h3 class=\"wp-block-heading\" id=\"h-13-sentences\">13. Setningar:<\/h3>\n\n\n\n<p>A\u00f0 lokum skaltu l\u00e6ra um hv\u00edtr\u00fassneska setningager\u00f0, \u00fear \u00e1 me\u00f0al einfaldar, samsettar og fl\u00f3knar setningar. \u00c6f\u00f0u \u00feig \u00ed a\u00f0 sameina mismunandi m\u00e1lfr\u00e6\u00f0i\u00fe\u00e6tti til a\u00f0 byggja upp setningar og b\u00e6ta heildar tungum\u00e1lakunn\u00e1ttu \u00fe\u00edna.<\/p>\n<\/div><\/div>\n\r\n<section class=\"learnNavigationSection\">\r\n            \r\n        <a href=\"https:\/\/talkpal.ai\/is\/laerdu-hvitrussnesku\/\">\r\n            <div class=\"learnNavigationWrapper\">\r\n                <div class=\"learnNavigationContent\">\r\n                    <img decoding=\"async\" src=\"https:\/\/talkpal.ai\/wp-content\/uploads\/2024\/08\/Belarusian.jpg\" alt=\"Belarusian Flag\">\r\n                    <div>\r\n                        <h4>Um hv\u00edtr\u00fassneskun\u00e1m<\/h4>\r\n                        <p>Finndu \u00fat allt um hv\u00edtr\u00fassneska m\u00e1lfr\u00e6\u00f0i.<\/p>\r\n                    <\/div>\r\n                <\/div>\r\n            <\/div>\r\n        <\/a>\r\n\r\n        \r\n        <a href=\"https:\/\/talkpal.ai\/is\/hvitrussnesk-malfraedi\/\">\r\n            <div class=\"learnNavigationWrapper\">\r\n                <div class=\"learnNavigationContent\">\r\n                    <img decoding=\"async\" src=\"https:\/\/talkpal.ai\/wp-content\/uploads\/2024\/08\/Belarusian.jpg\" alt=\"Belarusian Flag\">\r\n                    <div>\r\n                        <h4>Hv\u00edtr\u00fassneska m\u00e1lfr\u00e6\u00f0i kennslustundir<\/h4>\r\n                        <p>\u00c6f\u00f0u \u00feig \u00ed hv\u00edtr\u00fassneskri m\u00e1lfr\u00e6\u00f0i.<\/p>\r\n                    <\/div>\r\n                <\/div>\r\n            <\/div>\r\n        <\/a>\r\n\r\n        \r\n        <a href=\"https:\/\/talkpal.ai\/vocabulary_language\/belarusian\/\">\r\n            <div class=\"learnNavigationWrapper\">\r\n                <div class=\"learnNavigationContent\">\r\n                    <img decoding=\"async\" src=\"https:\/\/talkpal.ai\/wp-content\/uploads\/2024\/08\/Belarusian.jpg\" alt=\"Belarusian Flag\">\r\n                    <div>\r\n                        <h4>Hv\u00edtr\u00fassneskur or\u00f0afor\u00f0i<\/h4>\r\n                        <p>St\u00e6kka\u00f0u hv\u00edtr\u00fassneskan or\u00f0afor\u00f0a \u00feinn.<\/p>\r\n                    <\/div>\r\n                <\/div>\r\n            <\/div>\r\n        <\/a>\r\n\r\n            <\/section>","protected":false},"excerpt":{"rendered":"<p>Hv\u00edtr\u00fassneska m\u00e1lfr\u00e6\u00f0i efni Hv\u00edtr\u00fassneska er austurslavneskt tungum\u00e1l sem a\u00f0allega er tala\u00f0 \u00ed Hv\u00edta-R\u00fasslandi af um 70% \u00edb\u00faanna. Sem slavneskt tungum\u00e1l deilir \u00fea\u00f0 l\u00edkt me\u00f0 r\u00fassnesku og \u00fakra\u00ednsku, sem au\u00f0veldar \u00feeim sem tala \u00feessi tungum\u00e1l a\u00f0 l\u00e6ra hv\u00edtr\u00fassnesku. Hins vegar hefur \u00fea\u00f0 s\u00edna einst\u00f6ku eiginleika og a\u00f0 l\u00e6ra m\u00e1lfr\u00e6\u00f0i \u00feess getur veri\u00f0 gefandi reynsla fyrir tungum\u00e1la\u00e1hugamenn. [&hellip;]<\/p>\n","protected":false},"author":6,"featured_media":110603,"parent":0,"menu_order":0,"comment_status":"closed","ping_status":"closed","template":"LearningContentPage.php","meta":{"_acf_changed":false,"footnotes":""},"class_list":["post-165688","page","type-page","status-publish","has-post-thumbnail","hentry"],"acf":[],"yoast_head":"<!-- This site is optimized with the Yoast SEO Premium plugin v27.2 (Yoast SEO v27.2) - https:\/\/yoast.com\/product\/yoast-seo-premium-wordpress\/ -->\n<title>Hv\u00edtr\u00fassneska M\u00e1lfr\u00e6\u00f0i \u00c6fingar - Talkpal<\/title>\n<meta name=\"description\" content=\"Styrktu hv\u00edtr\u00fassneskukunn\u00e1ttu \u00fe\u00edna me\u00f0 gagnvirkum hv\u00edtr\u00fassnesku m\u00e1lfr\u00e6\u00f0i\u00e6fingum fr\u00e1 Talkpal , tungum\u00e1lakennaranum \u00fe\u00ednum sem byggir \u00e1 gervigreind.\" \/>\n<meta name=\"robots\" content=\"index, follow, max-snippet:-1, max-image-preview:large, max-video-preview:-1\" \/>\n<link rel=\"canonical\" href=\"https:\/\/talkpal.ai\/is\/hvitrussneska-malfraedi-aefingar\/\" \/>\n<meta property=\"og:locale\" content=\"is_IS\" \/>\n<meta property=\"og:type\" content=\"article\" \/>\n<meta property=\"og:title\" content=\"Hv\u00edtr\u00fassneska M\u00e1lfr\u00e6\u00f0i \u00c6fingar\" \/>\n<meta property=\"og:description\" content=\"Hv\u00edtr\u00fassneska m\u00e1lfr\u00e6\u00f0i efni Hv\u00edtr\u00fassneska er austurslavneskt tungum\u00e1l sem a\u00f0allega er tala\u00f0 \u00ed Hv\u00edta-R\u00fasslandi af um 70% \u00edb\u00faanna. Sem slavneskt tungum\u00e1l\" \/>\n<meta property=\"og:url\" content=\"https:\/\/talkpal.ai\/is\/hvitrussneska-malfraedi-aefingar\/\" \/>\n<meta property=\"og:site_name\" content=\"Talkpal\" \/>\n<meta property=\"article:publisher\" content=\"https:\/\/www.facebook.com\/profile.php?id=100090733639311\" \/>\n<meta property=\"article:modified_time\" content=\"2025-05-23T11:20:30+00:00\" \/>\n<meta property=\"og:image\" content=\"https:\/\/talkpal.ai\/wp-content\/uploads\/2023\/05\/belarus.png\" \/>\n\t<meta property=\"og:image:width\" content=\"512\" \/>\n\t<meta property=\"og:image:height\" content=\"512\" \/>\n\t<meta property=\"og:image:type\" content=\"image\/png\" \/>\n<meta name=\"twitter:card\" content=\"summary_large_image\" \/>\n<meta name=\"twitter:site\" content=\"@talkpalai\" \/>\n<meta name=\"twitter:label1\" content=\"Est. reading time\" \/>\n\t<meta name=\"twitter:data1\" content=\"3 minutes\" \/>\n<script type=\"application\/ld+json\" class=\"yoast-schema-graph\">{\"@context\":\"https:\/\/schema.org\",\"@graph\":[{\"@type\":\"WebPage\",\"@id\":\"https:\/\/talkpal.ai\/is\/hvitrussneska-malfraedi-aefingar\/\",\"url\":\"https:\/\/talkpal.ai\/is\/hvitrussneska-malfraedi-aefingar\/\",\"name\":\"Hv\u00edtr\u00fassneska M\u00e1lfr\u00e6\u00f0i \u00c6fingar - Talkpal\",\"isPartOf\":{\"@id\":\"https:\/\/talkpal.ai\/is\/#website\"},\"primaryImageOfPage\":{\"@id\":\"https:\/\/talkpal.ai\/is\/hvitrussneska-malfraedi-aefingar\/#primaryimage\"},\"image\":{\"@id\":\"https:\/\/talkpal.ai\/is\/hvitrussneska-malfraedi-aefingar\/#primaryimage\"},\"thumbnailUrl\":\"https:\/\/talkpal.ai\/wp-content\/uploads\/2023\/05\/belarus.png\",\"datePublished\":\"2023-06-16T11:55:18+00:00\",\"dateModified\":\"2025-05-23T11:20:30+00:00\",\"description\":\"Styrktu hv\u00edtr\u00fassneskukunn\u00e1ttu \u00fe\u00edna me\u00f0 gagnvirkum hv\u00edtr\u00fassnesku m\u00e1lfr\u00e6\u00f0i\u00e6fingum fr\u00e1 Talkpal , tungum\u00e1lakennaranum \u00fe\u00ednum sem byggir \u00e1 gervigreind.\",\"breadcrumb\":{\"@id\":\"https:\/\/talkpal.ai\/is\/hvitrussneska-malfraedi-aefingar\/#breadcrumb\"},\"inLanguage\":\"is\",\"potentialAction\":[{\"@type\":\"ReadAction\",\"target\":[\"https:\/\/talkpal.ai\/is\/hvitrussneska-malfraedi-aefingar\/\"]}]},{\"@type\":\"ImageObject\",\"inLanguage\":\"is\",\"@id\":\"https:\/\/talkpal.ai\/is\/hvitrussneska-malfraedi-aefingar\/#primaryimage\",\"url\":\"https:\/\/talkpal.ai\/wp-content\/uploads\/2023\/05\/belarus.png\",\"contentUrl\":\"https:\/\/talkpal.ai\/wp-content\/uploads\/2023\/05\/belarus.png\",\"width\":512,\"height\":512},{\"@type\":\"BreadcrumbList\",\"@id\":\"https:\/\/talkpal.ai\/is\/hvitrussneska-malfraedi-aefingar\/#breadcrumb\",\"itemListElement\":[{\"@type\":\"ListItem\",\"position\":1,\"name\":\"Homepage\",\"item\":\"https:\/\/talkpal.ai\/is\/\"},{\"@type\":\"ListItem\",\"position\":2,\"name\":\"Hv\u00edtr\u00fassneska M\u00e1lfr\u00e6\u00f0i \u00c6fingar\"}]},{\"@type\":\"WebSite\",\"@id\":\"https:\/\/talkpal.ai\/is\/#website\",\"url\":\"https:\/\/talkpal.ai\/is\/\",\"name\":\"Talkpal\",\"description\":\"AI Language Learning\",\"publisher\":{\"@id\":\"https:\/\/talkpal.ai\/is\/#organization\"},\"alternateName\":\"Talkpal AI\",\"potentialAction\":[{\"@type\":\"SearchAction\",\"target\":{\"@type\":\"EntryPoint\",\"urlTemplate\":\"https:\/\/talkpal.ai\/is\/?s={search_term_string}\"},\"query-input\":{\"@type\":\"PropertyValueSpecification\",\"valueRequired\":true,\"valueName\":\"search_term_string\"}}],\"inLanguage\":\"is\"},{\"@type\":\"Organization\",\"@id\":\"https:\/\/talkpal.ai\/is\/#organization\",\"name\":\"Talkpal, Inc.\",\"alternateName\":\"Talkpal AI\",\"url\":\"https:\/\/talkpal.ai\/is\/\",\"logo\":{\"@type\":\"ImageObject\",\"inLanguage\":\"is\",\"@id\":\"https:\/\/talkpal.ai\/is\/#\/schema\/logo\/image\/\",\"url\":\"https:\/\/talkpal.ai\/wp-content\/uploads\/2024\/03\/Talkpal-Logo-Icon.png\",\"contentUrl\":\"https:\/\/talkpal.ai\/wp-content\/uploads\/2024\/03\/Talkpal-Logo-Icon.png\",\"width\":2880,\"height\":2880,\"caption\":\"Talkpal, Inc.\"},\"image\":{\"@id\":\"https:\/\/talkpal.ai\/is\/#\/schema\/logo\/image\/\"},\"sameAs\":[\"https:\/\/www.facebook.com\/profile.php?id=100090733639311\",\"https:\/\/x.com\/talkpalai\",\"https:\/\/www.linkedin.com\/company\/talkpal\/\",\"https:\/\/www.youtube.com\/@TalkPal\/\",\"https:\/\/www.tiktok.com\/@talkpal\",\"https:\/\/www.instagram.com\/talkpal_ai\/\",\"https:\/\/www.crunchbase.com\/organization\/talkpal-9cde\",\"https:\/\/www.g2.com\/products\/talkpal-for-business\/\",\"https:\/\/www.trustpilot.com\/review\/talkpal.ai\",\"https:\/\/www.capterra.com\/p\/10006800\/TalkPal\/\"],\"description\":\"Talkpal is a language learning web and mobile education app, powered by the latest AI technologies, that provides engaging experiences to its customers in many different languages to help them improve their language skills. Users can chat about unlimited amount of topics with the app and use other modes to practice their language learning.\",\"email\":\"support@talkpal.ai\",\"legalName\":\"Talkpal, Inc.\",\"foundingDate\":\"2023-04-03\",\"duns\":\"118989042\",\"numberOfEmployees\":{\"@type\":\"QuantitativeValue\",\"minValue\":\"11\",\"maxValue\":\"50\"},\"publishingPrinciples\":\"https:\/\/talkpal.ai\/publishing-principles\/\",\"actionableFeedbackPolicy\":\"https:\/\/talkpal.ai\/actionable-feedback-policy\/\",\"correctionsPolicy\":\"https:\/\/talkpal.ai\/corrections-policy\/\",\"ethicsPolicy\":\"https:\/\/talkpal.ai\/ethics-policy\/\",\"diversityPolicy\":\"https:\/\/talkpal.ai\/diversity-policy\/\",\"diversityStaffingReport\":\"https:\/\/talkpal.ai\/diversity-policy\/\"}]}<\/script>\n<!-- \/ Yoast SEO Premium plugin. -->","yoast_head_json":{"title":"Hv\u00edtr\u00fassneska M\u00e1lfr\u00e6\u00f0i \u00c6fingar - Talkpal","description":"Styrktu hv\u00edtr\u00fassneskukunn\u00e1ttu \u00fe\u00edna me\u00f0 gagnvirkum hv\u00edtr\u00fassnesku m\u00e1lfr\u00e6\u00f0i\u00e6fingum fr\u00e1 Talkpal , tungum\u00e1lakennaranum \u00fe\u00ednum sem byggir \u00e1 gervigreind.","robots":{"index":"index","follow":"follow","max-snippet":"max-snippet:-1","max-image-preview":"max-image-preview:large","max-video-preview":"max-video-preview:-1"},"canonical":"https:\/\/talkpal.ai\/is\/hvitrussneska-malfraedi-aefingar\/","og_locale":"is_IS","og_type":"article","og_title":"Hv\u00edtr\u00fassneska M\u00e1lfr\u00e6\u00f0i \u00c6fingar","og_description":"Hv\u00edtr\u00fassneska m\u00e1lfr\u00e6\u00f0i efni Hv\u00edtr\u00fassneska er austurslavneskt tungum\u00e1l sem a\u00f0allega er tala\u00f0 \u00ed Hv\u00edta-R\u00fasslandi af um 70% \u00edb\u00faanna. Sem slavneskt tungum\u00e1l","og_url":"https:\/\/talkpal.ai\/is\/hvitrussneska-malfraedi-aefingar\/","og_site_name":"Talkpal","article_publisher":"https:\/\/www.facebook.com\/profile.php?id=100090733639311","article_modified_time":"2025-05-23T11:20:30+00:00","og_image":[{"width":512,"height":512,"url":"https:\/\/talkpal.ai\/wp-content\/uploads\/2023\/05\/belarus.png","type":"image\/png"}],"twitter_card":"summary_large_image","twitter_site":"@talkpalai","twitter_misc":{"Est. reading time":"3 minutes"},"schema":{"@context":"https:\/\/schema.org","@graph":[{"@type":"WebPage","@id":"https:\/\/talkpal.ai\/is\/hvitrussneska-malfraedi-aefingar\/","url":"https:\/\/talkpal.ai\/is\/hvitrussneska-malfraedi-aefingar\/","name":"Hv\u00edtr\u00fassneska M\u00e1lfr\u00e6\u00f0i \u00c6fingar - Talkpal","isPartOf":{"@id":"https:\/\/talkpal.ai\/is\/#website"},"primaryImageOfPage":{"@id":"https:\/\/talkpal.ai\/is\/hvitrussneska-malfraedi-aefingar\/#primaryimage"},"image":{"@id":"https:\/\/talkpal.ai\/is\/hvitrussneska-malfraedi-aefingar\/#primaryimage"},"thumbnailUrl":"https:\/\/talkpal.ai\/wp-content\/uploads\/2023\/05\/belarus.png","datePublished":"2023-06-16T11:55:18+00:00","dateModified":"2025-05-23T11:20:30+00:00","description":"Styrktu hv\u00edtr\u00fassneskukunn\u00e1ttu \u00fe\u00edna me\u00f0 gagnvirkum hv\u00edtr\u00fassnesku m\u00e1lfr\u00e6\u00f0i\u00e6fingum fr\u00e1 Talkpal , tungum\u00e1lakennaranum \u00fe\u00ednum sem byggir \u00e1 gervigreind.","breadcrumb":{"@id":"https:\/\/talkpal.ai\/is\/hvitrussneska-malfraedi-aefingar\/#breadcrumb"},"inLanguage":"is","potentialAction":[{"@type":"ReadAction","target":["https:\/\/talkpal.ai\/is\/hvitrussneska-malfraedi-aefingar\/"]}]},{"@type":"ImageObject","inLanguage":"is","@id":"https:\/\/talkpal.ai\/is\/hvitrussneska-malfraedi-aefingar\/#primaryimage","url":"https:\/\/talkpal.ai\/wp-content\/uploads\/2023\/05\/belarus.png","contentUrl":"https:\/\/talkpal.ai\/wp-content\/uploads\/2023\/05\/belarus.png","width":512,"height":512},{"@type":"BreadcrumbList","@id":"https:\/\/talkpal.ai\/is\/hvitrussneska-malfraedi-aefingar\/#breadcrumb","itemListElement":[{"@type":"ListItem","position":1,"name":"Homepage","item":"https:\/\/talkpal.ai\/is\/"},{"@type":"ListItem","position":2,"name":"Hv\u00edtr\u00fassneska M\u00e1lfr\u00e6\u00f0i \u00c6fingar"}]},{"@type":"WebSite","@id":"https:\/\/talkpal.ai\/is\/#website","url":"https:\/\/talkpal.ai\/is\/","name":"Talkpal","description":"AI Language Learning","publisher":{"@id":"https:\/\/talkpal.ai\/is\/#organization"},"alternateName":"Talkpal AI","potentialAction":[{"@type":"SearchAction","target":{"@type":"EntryPoint","urlTemplate":"https:\/\/talkpal.ai\/is\/?s={search_term_string}"},"query-input":{"@type":"PropertyValueSpecification","valueRequired":true,"valueName":"search_term_string"}}],"inLanguage":"is"},{"@type":"Organization","@id":"https:\/\/talkpal.ai\/is\/#organization","name":"Talkpal, Inc.","alternateName":"Talkpal AI","url":"https:\/\/talkpal.ai\/is\/","logo":{"@type":"ImageObject","inLanguage":"is","@id":"https:\/\/talkpal.ai\/is\/#\/schema\/logo\/image\/","url":"https:\/\/talkpal.ai\/wp-content\/uploads\/2024\/03\/Talkpal-Logo-Icon.png","contentUrl":"https:\/\/talkpal.ai\/wp-content\/uploads\/2024\/03\/Talkpal-Logo-Icon.png","width":2880,"height":2880,"caption":"Talkpal, Inc."},"image":{"@id":"https:\/\/talkpal.ai\/is\/#\/schema\/logo\/image\/"},"sameAs":["https:\/\/www.facebook.com\/profile.php?id=100090733639311","https:\/\/x.com\/talkpalai","https:\/\/www.linkedin.com\/company\/talkpal\/","https:\/\/www.youtube.com\/@TalkPal\/","https:\/\/www.tiktok.com\/@talkpal","https:\/\/www.instagram.com\/talkpal_ai\/","https:\/\/www.crunchbase.com\/organization\/talkpal-9cde","https:\/\/www.g2.com\/products\/talkpal-for-business\/","https:\/\/www.trustpilot.com\/review\/talkpal.ai","https:\/\/www.capterra.com\/p\/10006800\/TalkPal\/"],"description":"Talkpal is a language learning web and mobile education app, powered by the latest AI technologies, that provides engaging experiences to its customers in many different languages to help them improve their language skills. Users can chat about unlimited amount of topics with the app and use other modes to practice their language learning.","email":"support@talkpal.ai","legalName":"Talkpal, Inc.","foundingDate":"2023-04-03","duns":"118989042","numberOfEmployees":{"@type":"QuantitativeValue","minValue":"11","maxValue":"50"},"publishingPrinciples":"https:\/\/talkpal.ai\/publishing-principles\/","actionableFeedbackPolicy":"https:\/\/talkpal.ai\/actionable-feedback-policy\/","correctionsPolicy":"https:\/\/talkpal.ai\/corrections-policy\/","ethicsPolicy":"https:\/\/talkpal.ai\/ethics-policy\/","diversityPolicy":"https:\/\/talkpal.ai\/diversity-policy\/","diversityStaffingReport":"https:\/\/talkpal.ai\/diversity-policy\/"}]}},"_links":{"self":[{"href":"https:\/\/talkpal.ai\/is\/wp-json\/wp\/v2\/pages\/165688","targetHints":{"allow":["GET"]}}],"collection":[{"href":"https:\/\/talkpal.ai\/is\/wp-json\/wp\/v2\/pages"}],"about":[{"href":"https:\/\/talkpal.ai\/is\/wp-json\/wp\/v2\/types\/page"}],"author":[{"embeddable":true,"href":"https:\/\/talkpal.ai\/is\/wp-json\/wp\/v2\/users\/6"}],"replies":[{"embeddable":true,"href":"https:\/\/talkpal.ai\/is\/wp-json\/wp\/v2\/comments?post=165688"}],"version-history":[{"count":0,"href":"https:\/\/talkpal.ai\/is\/wp-json\/wp\/v2\/pages\/165688\/revisions"}],"wp:featuredmedia":[{"embeddable":true,"href":"https:\/\/talkpal.ai\/is\/wp-json\/wp\/v2\/media\/110603"}],"wp:attachment":[{"href":"https:\/\/talkpal.ai\/is\/wp-json\/wp\/v2\/media?parent=165688"}],"curies":[{"name":"wp","href":"https:\/\/api.w.org\/{rel}","templated":true}]}}