{"id":165053,"date":"2023-06-16T12:01:29","date_gmt":"2023-06-16T12:01:29","guid":{"rendered":"http:\/\/talkpal.ai\/bosniu-malfraedi-aefingar\/"},"modified":"2025-05-23T12:07:03","modified_gmt":"2025-05-23T12:07:03","slug":"bosniu-malfraedi-aefingar","status":"publish","type":"page","link":"https:\/\/talkpal.ai\/is\/bosniu-malfraedi-aefingar\/","title":{"rendered":"Bosn\u00edu m\u00e1lfr\u00e6\u00f0i \u00e6fingar"},"content":{"rendered":"\r\n\r\n\r\n<section class=\"languageChallengeSection\">\r\n    <div class=\"languageInfoWrapper\">\r\n        \r\n        <h1>Bosn\u00edu m\u00e1lfr\u00e6\u00f0i \u00e6fingar<\/h1>\r\n        <p>Tilb\u00fainn\/n a\u00f0 \u00f6\u00f0last meira sj\u00e1lfstraust \u00ed bosn\u00edsku? A\u00f0 \u00e6fa m\u00e1lfr\u00e6\u00f0i\u00e6fingar er fr\u00e1b\u00e6r lei\u00f0 til a\u00f0 n\u00e1 t\u00f6kum \u00e1 setningager\u00f0, sagnor\u00f0um og s\u00e9rst\u00f6kum mynstrum bosn\u00edsku tungum\u00e1lsins. Byrja\u00f0u a\u00f0 vinna \u00ed bosn\u00edskri m\u00e1lfr\u00e6\u00f0i \u00ed dag og sj\u00e1\u00f0u skilning \u00feinn og fl\u00e6\u00f0i vaxa me\u00f0 hverri \u00e6fingu!\n\n<\/p>\r\n\r\n                            <a class=\"getStartedHidden\" href=\"https:\/\/app.talkpal.ai\/signup?lng=\">Byrja\u00f0u<\/a>\r\n        \r\n    <\/div>\r\n\r\n    <figure>\r\n    <img decoding=\"async\" width=\"768\" height=\"768\" src=\"https:\/\/talkpal.ai\/wp-content\/uploads\/2023\/06\/bosinian-768x768.png\" class=\"languageImage no-lazy\" alt=\"Language learning for increasing employability\" fetchpriority=\"high\" sizes=\"(max-width: 768px) 150px, 768px\" srcset=\"https:\/\/talkpal.ai\/wp-content\/uploads\/2023\/06\/bosinian-768x768.png 768w, https:\/\/talkpal.ai\/wp-content\/uploads\/2023\/06\/bosinian-300x300.png 300w\" \/>\r\n    \r\n\r\n    <\/figure>\r\n\r\n            <a class=\"getStartedVisible\" href=\"https:\/\/app.talkpal.ai\/signup?lng=\">Byrja\u00f0u<\/a>\r\n    \r\n<\/section>\r\n\r\n\r\n<!-- <section class=\"grammarSection\">\r\n    <div class=\"grammarLinks\">\r\n            <\/div>\r\n<\/section> -->\r\n\r\n\r\n\r\n\r\n<section class=\"promotionalBanner\">\r\n    <p class=\"promotionalText\">Skilvirkasta lei\u00f0in til a\u00f0 l\u00e6ra tungum\u00e1l<\/p>\r\n    <a class=\"promotionalLink\" href=\"https:\/\/app.talkpal.ai\/signup?lng=\">Pr\u00f3fa\u00f0u Talkpal \u00f3keypis<\/a>\r\n<\/section>\n<div class=\"wp-block-group pageContainerStyle\"><div class=\"wp-block-group__inner-container is-layout-constrained wp-block-group-is-layout-constrained\">\n<h2 class=\"wp-block-heading\" id=\"h-bosnian-grammar-topics\">Bosn\u00edsk m\u00e1lfr\u00e6\u00f0i efni<\/h2>\n\n\n\n<p><a href=\"https:\/\/talkpal.ai\/learn-bosnian\/\">Bosn\u00edska<\/a> er su\u00f0urslavneskt tungum\u00e1l sem a\u00f0allega er tala\u00f0 \u00ed Bosn\u00edu og Herseg\u00f3v\u00ednu, Serb\u00edu, Svartfjallalandi og Kr\u00f3at\u00edu. \u00dea\u00f0 er skiljanlegt serbnesku og kr\u00f3at\u00edsku og er hluti af st\u00f6\u00f0lu\u00f0u serb\u00f3-kr\u00f3at\u00edsku tungum\u00e1li. \u00dea\u00f0 getur veri\u00f0 heillandi og gefandi reynsla a\u00f0 l\u00e6ra bosn\u00edsku \u00fear sem \u00fea\u00f0 veitir inns\u00fdn \u00ed r\u00edka s\u00f6gu, menningu og hef\u00f0ir Balkanskaga. Til a\u00f0 l\u00e6ra bosn\u00edsku \u00e1 \u00e1hrifar\u00edkan h\u00e1tt er nau\u00f0synlegt a\u00f0 skilja m\u00e1lfr\u00e6\u00f0ikerfi hennar, sem felur \u00ed s\u00e9r \u00fdmsar t\u00ed\u00f0ir, nafnor\u00f0 og l\u00fdsingaror\u00f0 og setningager\u00f0. \u00cd \u00feessari handb\u00f3k munum vi\u00f0 kanna r\u00f6\u00f0 bosn\u00edskra m\u00e1lfr\u00e6\u00f0iefna til a\u00f0 hj\u00e1lpa \u00fe\u00e9r a\u00f0 n\u00e1 t\u00f6kum \u00e1 tungum\u00e1linu \u00e1 skilvirkan h\u00e1tt.<\/p>\n\n\n\n<h3 class=\"wp-block-heading\" id=\"h-1-nouns-and-articles\">1. Nafnor\u00f0 og greinar:<\/h3>\n\n\n\n<p>Byrja\u00f0u \u00e1 \u00fev\u00ed a\u00f0 l\u00e6ra nafnor\u00f0in, sem skiptast \u00ed \u00ferj\u00fa kyn (karlkyn, kvenkyn, hvorugkyn) og hafa eint\u00f6lu og fleirt\u00f6lu. Bosn\u00edska hefur ekki greinar eins og ensku, en \u00fea\u00f0 notar s\u00fdnileg forn\u00f6fn til a\u00f0 gefa til kynna s\u00e9rst\u00f6\u00f0u.<\/p>\n\n\n\n<h3 class=\"wp-block-heading\" id=\"h-2-adjectives\">2. L\u00fdsingaror\u00f0:<\/h3>\n\n\n\n<p>L\u00fdsingaror\u00f0 eru samm\u00e1la nafnor\u00f0um \u00ed kyni, t\u00f6lu og falli. L\u00e6r\u00f0u hvernig \u00e1 a\u00f0 mynda og nota l\u00fdsingaror\u00f0 til a\u00f0 l\u00fdsa nafnor\u00f0um n\u00e1kv\u00e6mlega.<\/p>\n\n\n\n<h3 class=\"wp-block-heading\" id=\"h-3-pronouns-determiners\">3. Forn\u00f6fn\/\u00e1kvar\u00f0andi or\u00f0:<\/h3>\n\n\n\n<p>Bosn\u00edsk forn\u00f6fn og \u00e1kvar\u00f0andi eru einnig samm\u00e1la nafnor\u00f0um \u00ed kyni, t\u00f6lu og falli. L\u00e6r\u00f0u pers\u00f3nuleg, eignarhaldsleg, s\u00fdnileg og spyrjandi forn\u00f6fn til a\u00f0 auka samskiptah\u00e6fileika \u00fe\u00edna.<\/p>\n\n\n\n<h3 class=\"wp-block-heading\" id=\"h-4-verbs\">4. Sagnir:<\/h3>\n\n\n\n<p>Kynntu \u00fe\u00e9r reglulegar og \u00f3reglulegar sagnir, beygingarmynstur \u00feeirra og greinarmuninn \u00e1 fullkomnum og \u00f3fullkomnum \u00fe\u00e1ttum.<\/p>\n\n\n\n<h3 class=\"wp-block-heading\" id=\"h-5-tenses\">5. Spennur:<\/h3>\n\n\n\n<p>Bosn\u00edska skiptist \u00ed \u00ferennt: fort\u00ed\u00f0, n\u00fat\u00ed\u00f0 og framt\u00ed\u00f0. L\u00e6r\u00f0u hvernig \u00e1 a\u00f0 mynda og nota \u00feessar spennur til a\u00f0 tj\u00e1 a\u00f0ger\u00f0ir og atbur\u00f0i innan mismunandi t\u00edmaramma.<\/p>\n\n\n\n<h3 class=\"wp-block-heading\" id=\"h-6-tense-comparison\">6. Spenntur samanbur\u00f0ur:<\/h3>\n\n\n\n<p>Skilja muninn og l\u00edkt milli t\u00ed\u00f0anna, me\u00f0 \u00e1herslu \u00e1 notkun \u00feeirra \u00ed \u00fdmsum samhengi.<\/p>\n\n\n\n<h3 class=\"wp-block-heading\" id=\"h-7-progressive-and-perfect-progressive\">7. Frams\u00e6kinn og fullkominn frams\u00f3knarma\u00f0ur:<\/h3>\n\n\n\n<p>Bosn\u00edska \u00e1 s\u00e9r ekki beina hli\u00f0st\u00e6\u00f0u vi\u00f0 ensku frams\u00e6knu og fullkomnu frams\u00e6knu t\u00ed\u00f0nina. Hins vegar notar \u00fea\u00f0 munnlegan \u00fe\u00e1tt (fullkominn og \u00f3fullkominn) til a\u00f0 koma svipu\u00f0um merkingum \u00e1 framf\u00e6ri.<\/p>\n\n\n\n<h3 class=\"wp-block-heading\" id=\"h-8-adverbs\">8. Atviksor\u00f0:<\/h3>\n\n\n\n<p>L\u00e6r\u00f0u atviksor\u00f0 og sta\u00f0setningu \u00feeirra \u00ed setningum til a\u00f0 tj\u00e1 t\u00edma, h\u00e1tt og gr\u00e1\u00f0u.<\/p>\n\n\n\n<h3 class=\"wp-block-heading\" id=\"h-9-conditionals\">9. Skilyr\u00f0i:<\/h3>\n\n\n\n<p>L\u00e6r\u00f0u hvernig \u00e1 a\u00f0 mynda og nota skilyrtar setningar (raunverulegar og \u00f3raunverulegar) til a\u00f0 tj\u00e1 \u00edmynda\u00f0ar a\u00f0st\u00e6\u00f0ur og aflei\u00f0ingar \u00feeirra.<\/p>\n\n\n\n<h3 class=\"wp-block-heading\" id=\"h-10-prepositions\">10. Forsetningar:<\/h3>\n\n\n\n<p>Forsetningar eru nau\u00f0synlegar til a\u00f0 gefa til kynna tengsl milli or\u00f0a og or\u00f0asambanda. L\u00e6r\u00f0u hvernig \u00e1 a\u00f0 nota \u00feau n\u00e1kv\u00e6mlega \u00ed \u00fdmsu samhengi.<\/p>\n\n\n\n<h3 class=\"wp-block-heading\" id=\"h-11-sentences\">11. Setningar:<\/h3>\n\n\n\n<p>A\u00f0 lokum skaltu \u00e6fa \u00feig \u00ed a\u00f0 sm\u00ed\u00f0a einfaldar og fl\u00f3knar setningar me\u00f0 \u00fev\u00ed a\u00f0 nota alla m\u00e1lfr\u00e6\u00f0i\u00fe\u00e6tti sem \u00fe\u00fa hefur l\u00e6rt. \u00deetta mun hj\u00e1lpa \u00fe\u00e9r a\u00f0 byggja upp sterkan grunn \u00ed bosn\u00edsku og <a href=\"https:\/\/talkpal.ai\/locations\/language-courses-in-gera\/\">gera<\/a> \u00fe\u00e9r kleift a\u00f0 eiga skilvirk samskipti vi\u00f0 \u00fe\u00e1 sem hafa bosn\u00edsku a\u00f0 m\u00f3\u00f0urm\u00e1li.<\/p>\n<\/div><\/div>\n\r\n<section class=\"learnNavigationSection\">\r\n            \r\n        <a href=\"https:\/\/talkpal.ai\/is\/laerdu-bosnisku\/\">\r\n            <div class=\"learnNavigationWrapper\">\r\n                <div class=\"learnNavigationContent\">\r\n                    <img decoding=\"async\" src=\"https:\/\/talkpal.ai\/wp-content\/uploads\/2024\/08\/Bosnian.jpg\" alt=\"Bosnian Flag\">\r\n                    <div>\r\n                        <h4>Um Bosn\u00edun\u00e1m<\/h4>\r\n                        <p>L\u00e6r\u00f0u allt um bosn\u00edska m\u00e1lfr\u00e6\u00f0i.<\/p>\r\n                    <\/div>\r\n                <\/div>\r\n            <\/div>\r\n        <\/a>\r\n\r\n        \r\n        <a href=\"https:\/\/talkpal.ai\/is\/bosnisk-malfraedi\/\">\r\n            <div class=\"learnNavigationWrapper\">\r\n                <div class=\"learnNavigationContent\">\r\n                    <img decoding=\"async\" src=\"https:\/\/talkpal.ai\/wp-content\/uploads\/2024\/08\/Bosnian.jpg\" alt=\"Bosnian Flag\">\r\n                    <div>\r\n                        <h4>Bosn\u00edsk m\u00e1lfr\u00e6\u00f0ikennsla<\/h4>\r\n                        <p>\u00c6f\u00f0u bosn\u00edska m\u00e1lfr\u00e6\u00f0i.<\/p>\r\n                    <\/div>\r\n                <\/div>\r\n            <\/div>\r\n        <\/a>\r\n\r\n        \r\n        <a href=\"https:\/\/talkpal.ai\/vocabulary_language\/bosnian\/\">\r\n            <div class=\"learnNavigationWrapper\">\r\n                <div class=\"learnNavigationContent\">\r\n                    <img decoding=\"async\" src=\"https:\/\/talkpal.ai\/wp-content\/uploads\/2024\/08\/Bosnian.jpg\" alt=\"Bosnian Flag\">\r\n                    <div>\r\n                        <h4>Bosn\u00edska or\u00f0afor\u00f0i<\/h4>\r\n                        <p>St\u00e6kka\u00f0u bosn\u00edska or\u00f0afor\u00f0a \u00feinn.<\/p>\r\n                    <\/div>\r\n                <\/div>\r\n            <\/div>\r\n        <\/a>\r\n\r\n            <\/section>","protected":false},"excerpt":{"rendered":"<p>Bosn\u00edsk m\u00e1lfr\u00e6\u00f0i efni Bosn\u00edska er su\u00f0urslavneskt tungum\u00e1l sem a\u00f0allega er tala\u00f0 \u00ed Bosn\u00edu og Herseg\u00f3v\u00ednu, Serb\u00edu, Svartfjallalandi og Kr\u00f3at\u00edu. \u00dea\u00f0 er skiljanlegt serbnesku og kr\u00f3at\u00edsku og er hluti af st\u00f6\u00f0lu\u00f0u serb\u00f3-kr\u00f3at\u00edsku tungum\u00e1li. \u00dea\u00f0 getur veri\u00f0 heillandi og gefandi reynsla a\u00f0 l\u00e6ra bosn\u00edsku \u00fear sem \u00fea\u00f0 veitir inns\u00fdn \u00ed r\u00edka s\u00f6gu, menningu og hef\u00f0ir Balkanskaga. Til [&hellip;]<\/p>\n","protected":false},"author":6,"featured_media":111465,"parent":0,"menu_order":0,"comment_status":"closed","ping_status":"closed","template":"LearningContentPage.php","meta":{"_acf_changed":false,"footnotes":""},"class_list":["post-165053","page","type-page","status-publish","has-post-thumbnail","hentry"],"acf":[],"yoast_head":"<!-- This site is optimized with the Yoast SEO Premium plugin v27.2 (Yoast SEO v27.2) - https:\/\/yoast.com\/product\/yoast-seo-premium-wordpress\/ -->\n<title>Bosn\u00edu m\u00e1lfr\u00e6\u00f0i \u00e6fingar - Talkpal<\/title>\n<meta name=\"description\" content=\"N\u00e1\u00f0u t\u00f6kum \u00e1 bosn\u00edsku me\u00f0 gr\u00edpandi bosn\u00edskum m\u00e1lfr\u00e6\u00f0i\u00e6fingum sem eru hanna\u00f0ar til a\u00f0 auka skilning \u00feinn \u00e1 setningager\u00f0 og t\u00ed\u00f0um.\" \/>\n<meta name=\"robots\" content=\"index, follow, max-snippet:-1, max-image-preview:large, max-video-preview:-1\" \/>\n<link rel=\"canonical\" href=\"https:\/\/talkpal.ai\/is\/bosniu-malfraedi-aefingar\/\" \/>\n<meta property=\"og:locale\" content=\"is_IS\" \/>\n<meta property=\"og:type\" content=\"article\" \/>\n<meta property=\"og:title\" content=\"Bosn\u00edu m\u00e1lfr\u00e6\u00f0i \u00e6fingar\" \/>\n<meta property=\"og:description\" content=\"Bosn\u00edsk m\u00e1lfr\u00e6\u00f0i efni Bosn\u00edska er su\u00f0urslavneskt tungum\u00e1l sem a\u00f0allega er tala\u00f0 \u00ed Bosn\u00edu og Herseg\u00f3v\u00ednu, Serb\u00edu, Svartfjallalandi og Kr\u00f3at\u00edu. \u00dea\u00f0 er\" \/>\n<meta property=\"og:url\" content=\"https:\/\/talkpal.ai\/is\/bosniu-malfraedi-aefingar\/\" \/>\n<meta property=\"og:site_name\" content=\"Talkpal\" \/>\n<meta property=\"article:publisher\" content=\"https:\/\/www.facebook.com\/profile.php?id=100090733639311\" \/>\n<meta property=\"article:modified_time\" content=\"2025-05-23T12:07:03+00:00\" \/>\n<meta property=\"og:image\" content=\"https:\/\/talkpal.ai\/wp-content\/uploads\/2023\/05\/bosnia-and-herzegovina.png\" \/>\n\t<meta property=\"og:image:width\" content=\"512\" \/>\n\t<meta property=\"og:image:height\" content=\"512\" \/>\n\t<meta property=\"og:image:type\" content=\"image\/png\" \/>\n<meta name=\"twitter:card\" content=\"summary_large_image\" \/>\n<meta name=\"twitter:site\" content=\"@talkpalai\" \/>\n<meta name=\"twitter:label1\" content=\"Est. reading time\" \/>\n\t<meta name=\"twitter:data1\" content=\"2 minutes\" \/>\n<script type=\"application\/ld+json\" class=\"yoast-schema-graph\">{\"@context\":\"https:\/\/schema.org\",\"@graph\":[{\"@type\":\"WebPage\",\"@id\":\"https:\/\/talkpal.ai\/is\/bosniu-malfraedi-aefingar\/\",\"url\":\"https:\/\/talkpal.ai\/is\/bosniu-malfraedi-aefingar\/\",\"name\":\"Bosn\u00edu m\u00e1lfr\u00e6\u00f0i \u00e6fingar - Talkpal\",\"isPartOf\":{\"@id\":\"https:\/\/talkpal.ai\/is\/#website\"},\"primaryImageOfPage\":{\"@id\":\"https:\/\/talkpal.ai\/is\/bosniu-malfraedi-aefingar\/#primaryimage\"},\"image\":{\"@id\":\"https:\/\/talkpal.ai\/is\/bosniu-malfraedi-aefingar\/#primaryimage\"},\"thumbnailUrl\":\"https:\/\/talkpal.ai\/wp-content\/uploads\/2023\/05\/bosnia-and-herzegovina.png\",\"datePublished\":\"2023-06-16T12:01:29+00:00\",\"dateModified\":\"2025-05-23T12:07:03+00:00\",\"description\":\"N\u00e1\u00f0u t\u00f6kum \u00e1 bosn\u00edsku me\u00f0 gr\u00edpandi bosn\u00edskum m\u00e1lfr\u00e6\u00f0i\u00e6fingum sem eru hanna\u00f0ar til a\u00f0 auka skilning \u00feinn \u00e1 setningager\u00f0 og t\u00ed\u00f0um.\",\"breadcrumb\":{\"@id\":\"https:\/\/talkpal.ai\/is\/bosniu-malfraedi-aefingar\/#breadcrumb\"},\"inLanguage\":\"is\",\"potentialAction\":[{\"@type\":\"ReadAction\",\"target\":[\"https:\/\/talkpal.ai\/is\/bosniu-malfraedi-aefingar\/\"]}]},{\"@type\":\"ImageObject\",\"inLanguage\":\"is\",\"@id\":\"https:\/\/talkpal.ai\/is\/bosniu-malfraedi-aefingar\/#primaryimage\",\"url\":\"https:\/\/talkpal.ai\/wp-content\/uploads\/2023\/05\/bosnia-and-herzegovina.png\",\"contentUrl\":\"https:\/\/talkpal.ai\/wp-content\/uploads\/2023\/05\/bosnia-and-herzegovina.png\",\"width\":512,\"height\":512},{\"@type\":\"BreadcrumbList\",\"@id\":\"https:\/\/talkpal.ai\/is\/bosniu-malfraedi-aefingar\/#breadcrumb\",\"itemListElement\":[{\"@type\":\"ListItem\",\"position\":1,\"name\":\"Homepage\",\"item\":\"https:\/\/talkpal.ai\/is\/\"},{\"@type\":\"ListItem\",\"position\":2,\"name\":\"Bosn\u00edu m\u00e1lfr\u00e6\u00f0i \u00e6fingar\"}]},{\"@type\":\"WebSite\",\"@id\":\"https:\/\/talkpal.ai\/is\/#website\",\"url\":\"https:\/\/talkpal.ai\/is\/\",\"name\":\"Talkpal\",\"description\":\"AI Language Learning\",\"publisher\":{\"@id\":\"https:\/\/talkpal.ai\/is\/#organization\"},\"alternateName\":\"Talkpal AI\",\"potentialAction\":[{\"@type\":\"SearchAction\",\"target\":{\"@type\":\"EntryPoint\",\"urlTemplate\":\"https:\/\/talkpal.ai\/is\/?s={search_term_string}\"},\"query-input\":{\"@type\":\"PropertyValueSpecification\",\"valueRequired\":true,\"valueName\":\"search_term_string\"}}],\"inLanguage\":\"is\"},{\"@type\":\"Organization\",\"@id\":\"https:\/\/talkpal.ai\/is\/#organization\",\"name\":\"Talkpal, Inc.\",\"alternateName\":\"Talkpal AI\",\"url\":\"https:\/\/talkpal.ai\/is\/\",\"logo\":{\"@type\":\"ImageObject\",\"inLanguage\":\"is\",\"@id\":\"https:\/\/talkpal.ai\/is\/#\/schema\/logo\/image\/\",\"url\":\"https:\/\/talkpal.ai\/wp-content\/uploads\/2024\/03\/Talkpal-Logo-Icon.png\",\"contentUrl\":\"https:\/\/talkpal.ai\/wp-content\/uploads\/2024\/03\/Talkpal-Logo-Icon.png\",\"width\":2880,\"height\":2880,\"caption\":\"Talkpal, Inc.\"},\"image\":{\"@id\":\"https:\/\/talkpal.ai\/is\/#\/schema\/logo\/image\/\"},\"sameAs\":[\"https:\/\/www.facebook.com\/profile.php?id=100090733639311\",\"https:\/\/x.com\/talkpalai\",\"https:\/\/www.linkedin.com\/company\/talkpal\/\",\"https:\/\/www.youtube.com\/@TalkPal\/\",\"https:\/\/www.tiktok.com\/@talkpal\",\"https:\/\/www.instagram.com\/talkpal_ai\/\",\"https:\/\/www.crunchbase.com\/organization\/talkpal-9cde\",\"https:\/\/www.g2.com\/products\/talkpal-for-business\/\",\"https:\/\/www.trustpilot.com\/review\/talkpal.ai\",\"https:\/\/www.capterra.com\/p\/10006800\/TalkPal\/\"],\"description\":\"Talkpal is a language learning web and mobile education app, powered by the latest AI technologies, that provides engaging experiences to its customers in many different languages to help them improve their language skills. Users can chat about unlimited amount of topics with the app and use other modes to practice their language learning.\",\"email\":\"support@talkpal.ai\",\"legalName\":\"Talkpal, Inc.\",\"foundingDate\":\"2023-04-03\",\"duns\":\"118989042\",\"numberOfEmployees\":{\"@type\":\"QuantitativeValue\",\"minValue\":\"11\",\"maxValue\":\"50\"},\"publishingPrinciples\":\"https:\/\/talkpal.ai\/publishing-principles\/\",\"actionableFeedbackPolicy\":\"https:\/\/talkpal.ai\/actionable-feedback-policy\/\",\"correctionsPolicy\":\"https:\/\/talkpal.ai\/corrections-policy\/\",\"ethicsPolicy\":\"https:\/\/talkpal.ai\/ethics-policy\/\",\"diversityPolicy\":\"https:\/\/talkpal.ai\/diversity-policy\/\",\"diversityStaffingReport\":\"https:\/\/talkpal.ai\/diversity-policy\/\"}]}<\/script>\n<!-- \/ Yoast SEO Premium plugin. -->","yoast_head_json":{"title":"Bosn\u00edu m\u00e1lfr\u00e6\u00f0i \u00e6fingar - Talkpal","description":"N\u00e1\u00f0u t\u00f6kum \u00e1 bosn\u00edsku me\u00f0 gr\u00edpandi bosn\u00edskum m\u00e1lfr\u00e6\u00f0i\u00e6fingum sem eru hanna\u00f0ar til a\u00f0 auka skilning \u00feinn \u00e1 setningager\u00f0 og t\u00ed\u00f0um.","robots":{"index":"index","follow":"follow","max-snippet":"max-snippet:-1","max-image-preview":"max-image-preview:large","max-video-preview":"max-video-preview:-1"},"canonical":"https:\/\/talkpal.ai\/is\/bosniu-malfraedi-aefingar\/","og_locale":"is_IS","og_type":"article","og_title":"Bosn\u00edu m\u00e1lfr\u00e6\u00f0i \u00e6fingar","og_description":"Bosn\u00edsk m\u00e1lfr\u00e6\u00f0i efni Bosn\u00edska er su\u00f0urslavneskt tungum\u00e1l sem a\u00f0allega er tala\u00f0 \u00ed Bosn\u00edu og Herseg\u00f3v\u00ednu, Serb\u00edu, Svartfjallalandi og Kr\u00f3at\u00edu. \u00dea\u00f0 er","og_url":"https:\/\/talkpal.ai\/is\/bosniu-malfraedi-aefingar\/","og_site_name":"Talkpal","article_publisher":"https:\/\/www.facebook.com\/profile.php?id=100090733639311","article_modified_time":"2025-05-23T12:07:03+00:00","og_image":[{"width":512,"height":512,"url":"https:\/\/talkpal.ai\/wp-content\/uploads\/2023\/05\/bosnia-and-herzegovina.png","type":"image\/png"}],"twitter_card":"summary_large_image","twitter_site":"@talkpalai","twitter_misc":{"Est. reading time":"2 minutes"},"schema":{"@context":"https:\/\/schema.org","@graph":[{"@type":"WebPage","@id":"https:\/\/talkpal.ai\/is\/bosniu-malfraedi-aefingar\/","url":"https:\/\/talkpal.ai\/is\/bosniu-malfraedi-aefingar\/","name":"Bosn\u00edu m\u00e1lfr\u00e6\u00f0i \u00e6fingar - Talkpal","isPartOf":{"@id":"https:\/\/talkpal.ai\/is\/#website"},"primaryImageOfPage":{"@id":"https:\/\/talkpal.ai\/is\/bosniu-malfraedi-aefingar\/#primaryimage"},"image":{"@id":"https:\/\/talkpal.ai\/is\/bosniu-malfraedi-aefingar\/#primaryimage"},"thumbnailUrl":"https:\/\/talkpal.ai\/wp-content\/uploads\/2023\/05\/bosnia-and-herzegovina.png","datePublished":"2023-06-16T12:01:29+00:00","dateModified":"2025-05-23T12:07:03+00:00","description":"N\u00e1\u00f0u t\u00f6kum \u00e1 bosn\u00edsku me\u00f0 gr\u00edpandi bosn\u00edskum m\u00e1lfr\u00e6\u00f0i\u00e6fingum sem eru hanna\u00f0ar til a\u00f0 auka skilning \u00feinn \u00e1 setningager\u00f0 og t\u00ed\u00f0um.","breadcrumb":{"@id":"https:\/\/talkpal.ai\/is\/bosniu-malfraedi-aefingar\/#breadcrumb"},"inLanguage":"is","potentialAction":[{"@type":"ReadAction","target":["https:\/\/talkpal.ai\/is\/bosniu-malfraedi-aefingar\/"]}]},{"@type":"ImageObject","inLanguage":"is","@id":"https:\/\/talkpal.ai\/is\/bosniu-malfraedi-aefingar\/#primaryimage","url":"https:\/\/talkpal.ai\/wp-content\/uploads\/2023\/05\/bosnia-and-herzegovina.png","contentUrl":"https:\/\/talkpal.ai\/wp-content\/uploads\/2023\/05\/bosnia-and-herzegovina.png","width":512,"height":512},{"@type":"BreadcrumbList","@id":"https:\/\/talkpal.ai\/is\/bosniu-malfraedi-aefingar\/#breadcrumb","itemListElement":[{"@type":"ListItem","position":1,"name":"Homepage","item":"https:\/\/talkpal.ai\/is\/"},{"@type":"ListItem","position":2,"name":"Bosn\u00edu m\u00e1lfr\u00e6\u00f0i \u00e6fingar"}]},{"@type":"WebSite","@id":"https:\/\/talkpal.ai\/is\/#website","url":"https:\/\/talkpal.ai\/is\/","name":"Talkpal","description":"AI Language Learning","publisher":{"@id":"https:\/\/talkpal.ai\/is\/#organization"},"alternateName":"Talkpal AI","potentialAction":[{"@type":"SearchAction","target":{"@type":"EntryPoint","urlTemplate":"https:\/\/talkpal.ai\/is\/?s={search_term_string}"},"query-input":{"@type":"PropertyValueSpecification","valueRequired":true,"valueName":"search_term_string"}}],"inLanguage":"is"},{"@type":"Organization","@id":"https:\/\/talkpal.ai\/is\/#organization","name":"Talkpal, Inc.","alternateName":"Talkpal AI","url":"https:\/\/talkpal.ai\/is\/","logo":{"@type":"ImageObject","inLanguage":"is","@id":"https:\/\/talkpal.ai\/is\/#\/schema\/logo\/image\/","url":"https:\/\/talkpal.ai\/wp-content\/uploads\/2024\/03\/Talkpal-Logo-Icon.png","contentUrl":"https:\/\/talkpal.ai\/wp-content\/uploads\/2024\/03\/Talkpal-Logo-Icon.png","width":2880,"height":2880,"caption":"Talkpal, Inc."},"image":{"@id":"https:\/\/talkpal.ai\/is\/#\/schema\/logo\/image\/"},"sameAs":["https:\/\/www.facebook.com\/profile.php?id=100090733639311","https:\/\/x.com\/talkpalai","https:\/\/www.linkedin.com\/company\/talkpal\/","https:\/\/www.youtube.com\/@TalkPal\/","https:\/\/www.tiktok.com\/@talkpal","https:\/\/www.instagram.com\/talkpal_ai\/","https:\/\/www.crunchbase.com\/organization\/talkpal-9cde","https:\/\/www.g2.com\/products\/talkpal-for-business\/","https:\/\/www.trustpilot.com\/review\/talkpal.ai","https:\/\/www.capterra.com\/p\/10006800\/TalkPal\/"],"description":"Talkpal is a language learning web and mobile education app, powered by the latest AI technologies, that provides engaging experiences to its customers in many different languages to help them improve their language skills. Users can chat about unlimited amount of topics with the app and use other modes to practice their language learning.","email":"support@talkpal.ai","legalName":"Talkpal, Inc.","foundingDate":"2023-04-03","duns":"118989042","numberOfEmployees":{"@type":"QuantitativeValue","minValue":"11","maxValue":"50"},"publishingPrinciples":"https:\/\/talkpal.ai\/publishing-principles\/","actionableFeedbackPolicy":"https:\/\/talkpal.ai\/actionable-feedback-policy\/","correctionsPolicy":"https:\/\/talkpal.ai\/corrections-policy\/","ethicsPolicy":"https:\/\/talkpal.ai\/ethics-policy\/","diversityPolicy":"https:\/\/talkpal.ai\/diversity-policy\/","diversityStaffingReport":"https:\/\/talkpal.ai\/diversity-policy\/"}]}},"_links":{"self":[{"href":"https:\/\/talkpal.ai\/is\/wp-json\/wp\/v2\/pages\/165053","targetHints":{"allow":["GET"]}}],"collection":[{"href":"https:\/\/talkpal.ai\/is\/wp-json\/wp\/v2\/pages"}],"about":[{"href":"https:\/\/talkpal.ai\/is\/wp-json\/wp\/v2\/types\/page"}],"author":[{"embeddable":true,"href":"https:\/\/talkpal.ai\/is\/wp-json\/wp\/v2\/users\/6"}],"replies":[{"embeddable":true,"href":"https:\/\/talkpal.ai\/is\/wp-json\/wp\/v2\/comments?post=165053"}],"version-history":[{"count":0,"href":"https:\/\/talkpal.ai\/is\/wp-json\/wp\/v2\/pages\/165053\/revisions"}],"wp:featuredmedia":[{"embeddable":true,"href":"https:\/\/talkpal.ai\/is\/wp-json\/wp\/v2\/media\/111465"}],"wp:attachment":[{"href":"https:\/\/talkpal.ai\/is\/wp-json\/wp\/v2\/media?parent=165053"}],"curies":[{"name":"wp","href":"https:\/\/api.w.org\/{rel}","templated":true}]}}