{"id":164441,"date":"2023-06-16T12:49:04","date_gmt":"2023-06-16T12:49:04","guid":{"rendered":"http:\/\/talkpal.ai\/katalonska-malfraedi-aefingar\/"},"modified":"2025-05-23T13:32:26","modified_gmt":"2025-05-23T13:32:26","slug":"katalonska-malfraedi-aefingar","status":"publish","type":"page","link":"https:\/\/talkpal.ai\/is\/katalonska-malfraedi-aefingar\/","title":{"rendered":"Katal\u00f3nska M\u00e1lfr\u00e6\u00f0i \u00c6fingar"},"content":{"rendered":"\r\n\r\n\r\n<section class=\"languageChallengeSection\">\r\n    <div class=\"languageInfoWrapper\">\r\n        \r\n        <h1>Katal\u00f3nska M\u00e1lfr\u00e6\u00f0i \u00c6fingar<\/h1>\r\n        <p>Langar \u00feig a\u00f0 auka sj\u00e1lfstrausti\u00f0 \u00ed katal\u00f3nsku? A\u00f0 \u00e6fa m\u00e1lfr\u00e6\u00f0i\u00e6fingar er fr\u00e1b\u00e6r lei\u00f0 til a\u00f0 n\u00e1 t\u00f6kum \u00e1 setningager\u00f0, sagnor\u00f0um og s\u00e9rst\u00f6kum mynstrum katal\u00f3nsku tungum\u00e1lsins. Byrja\u00f0u a\u00f0 vinna \u00ed katal\u00f3nskri <a href=\"https:\/\/talkpal.ai\/grammar\/\">m\u00e1lfr\u00e6\u00f0i<\/a> \u00ed dag og horf\u00f0u \u00e1 skilning \u00feinn og fl\u00e6\u00f0i vaxa me\u00f0 hverri \u00e6fingu!<\/p>\r\n\r\n                            <a class=\"getStartedHidden\" href=\"https:\/\/app.talkpal.ai\/signup?lng=\">Byrja\u00f0u<\/a>\r\n        \r\n    <\/div>\r\n\r\n    <figure>\r\n    <img decoding=\"async\" width=\"768\" height=\"768\" src=\"https:\/\/talkpal.ai\/wp-content\/uploads\/2023\/06\/catalan-768x768.png\" class=\"languageImage no-lazy\" alt=\"Language learning techniques for fast learning\" fetchpriority=\"high\" sizes=\"(max-width: 768px) 150px, 768px\" srcset=\"https:\/\/talkpal.ai\/wp-content\/uploads\/2023\/06\/catalan-768x768.png 768w, https:\/\/talkpal.ai\/wp-content\/uploads\/2023\/06\/catalan-300x300.png 300w\" \/>\r\n    \r\n\r\n    <\/figure>\r\n\r\n            <a class=\"getStartedVisible\" href=\"https:\/\/app.talkpal.ai\/signup?lng=\">Byrja\u00f0u<\/a>\r\n    \r\n<\/section>\r\n\r\n\r\n<!-- <section class=\"grammarSection\">\r\n    <div class=\"grammarLinks\">\r\n            <\/div>\r\n<\/section> -->\r\n\r\n\r\n\r\n\r\n<section class=\"promotionalBanner\">\r\n    <p class=\"promotionalText\">Skilvirkasta lei\u00f0in til a\u00f0 l\u00e6ra tungum\u00e1l<\/p>\r\n    <a class=\"promotionalLink\" href=\"https:\/\/app.talkpal.ai\/signup?lng=\">Pr\u00f3fa\u00f0u Talkpal \u00f3keypis<\/a>\r\n<\/section>\n<div class=\"wp-block-group pageContainerStyle\"><div class=\"wp-block-group__inner-container is-layout-constrained wp-block-group-is-layout-constrained\">\n<h2 class=\"wp-block-heading\" id=\"h-catalan-grammar-topics\">Katal\u00f3nsk m\u00e1lfr\u00e6\u00f0i efni<\/h2>\n\n\n\n<p><a href=\"https:\/\/talkpal.ai\/learn-catalan\/\">Katal\u00f3nska<\/a>, r\u00f3mant\u00edskt tungum\u00e1l sem tala\u00f0 er af millj\u00f3num manna \u00e1 Katal\u00f3n\u00edu \u00e1 Sp\u00e1ni og hlutum \u00cdtal\u00edu og Frakklands, er fallegt og lifandi tungum\u00e1l me\u00f0 r\u00edka s\u00f6gu. A\u00f0 l\u00e6ra katal\u00f3nsku getur veri\u00f0 \u00e1n\u00e6gjuleg og gefandi reynsla og opna\u00f0 n\u00fdja menningar- og tungum\u00e1lasj\u00f3ndeildarhringinn. Til a\u00f0 l\u00e6ra \u00feetta tungum\u00e1l almennilega er nau\u00f0synlegt a\u00f0 n\u00e1 t\u00f6kum \u00e1 m\u00e1lfr\u00e6\u00f0i \u00feess. <a href=\"https:\/\/talkpal.ai\/catalan-grammar\/\">Katal\u00f3nsk m\u00e1lfr\u00e6\u00f0i<\/a>, eins og \u00f6nnur tungum\u00e1l, er kerfi reglna um uppbyggingu or\u00f0asambanda og setninga. \u00cd \u00feessari grein munum vi\u00f0 kanna lykil\u00fe\u00e6tti katal\u00f3nskrar m\u00e1lfr\u00e6\u00f0i \u00ed r\u00f6kr\u00e9ttri r\u00f6\u00f0 og veita traustan grunn fyrir tungum\u00e1lan\u00e1msfer\u00f0 \u00fe\u00edna.<\/p>\n\n\n\n<h3 class=\"wp-block-heading\" id=\"h-1-nouns-and-articles\">1. Nafnor\u00f0 og greinar:<\/h3>\n\n\n\n<p>Byrja\u00f0u \u00e1 \u00fev\u00ed a\u00f0 l\u00e6ra katal\u00f3nsk nafnor\u00f0, sem hafa kyn (karlkyns e\u00f0a kvenkyns) og t\u00f6lur (eint\u00f6lu e\u00f0a fleirt\u00f6lu). \u00c1kve\u00f0nar og \u00f3\u00e1kve\u00f0nar greinar \u00e1 katal\u00f3nsku breytast einnig eftir kyni og fj\u00f6lda, sem gerir \u00fe\u00e6r a\u00f0 nau\u00f0synlegum upphafspunkti til a\u00f0 byggja upp setningar.<\/p>\n\n\n\n<h3 class=\"wp-block-heading\" id=\"h-2-adjectives\">2. L\u00fdsingaror\u00f0:<\/h3>\n\n\n\n<p>L\u00fdsingaror\u00f0 \u00e1 katal\u00f3nsku eru samm\u00e1la nafnor\u00f0unum sem \u00feau breyta \u00ed kyni og t\u00f6lu. L\u00e6r\u00f0u hvernig \u00e1 a\u00f0 mynda og sta\u00f0setja l\u00fdsingaror\u00f0 til a\u00f0 l\u00fdsa eiginleikum nafnor\u00f0a n\u00e1kv\u00e6mlega.<\/p>\n\n\n\n<h3 class=\"wp-block-heading\" id=\"h-3-pronouns-determiners\">3. Forn\u00f6fn\/\u00e1kvar\u00f0andi or\u00f0:<\/h3>\n\n\n\n<p>Forn\u00f6fn koma \u00ed sta\u00f0 nafnor\u00f0a til a\u00f0 for\u00f0ast endurtekningu, en \u00e1kvar\u00f0andi tilgreina e\u00f0a magngreina \u00feau. N\u00e1\u00f0u t\u00f6kum \u00e1 mismunandi ger\u00f0um fornafna (efni, hlut, vi\u00f0brag\u00f0) og \u00e1kvar\u00f0andi (s\u00fdnandi, eignarfall, spyrjandi) til a\u00f0 b\u00e6ta fj\u00f6lbreytni vi\u00f0 setningarnar \u00fe\u00ednar.<\/p>\n\n\n\n<h3 class=\"wp-block-heading\" id=\"h-4-verbs-and-tenses\">4. Sagnir og spennur:<\/h3>\n\n\n\n<p>Katal\u00f3nskar sagnir eru beyg\u00f0ar eftir spennu \u00feeirra, skapi og pers\u00f3nu. L\u00e6r\u00f0u regluleg og \u00f3regluleg sagnaform \u00ed n\u00fat\u00ed\u00f0, fort\u00ed\u00f0 og framt\u00ed\u00f0, svo og mikilv\u00e6gu skapi til a\u00f0 gefa skipanir.<\/p>\n\n\n\n<h3 class=\"wp-block-heading\" id=\"h-5-tense-comparison\">5. Spenntur samanbur\u00f0ur:<\/h3>\n\n\n\n<p>Skilja hvernig \u00e1 a\u00f0 bera saman mismunandi spennur \u00e1 katal\u00f3nsku til a\u00f0 tj\u00e1 a\u00f0ger\u00f0ir e\u00f0a r\u00edki sem eiga s\u00e9r sta\u00f0 \u00e1 \u00fdmsum t\u00edmum.<\/p>\n\n\n\n<h3 class=\"wp-block-heading\" id=\"h-6-progressive-and-perfect-progressive\">6. Frams\u00e6kinn og fullkominn frams\u00f3knarma\u00f0ur:<\/h3>\n\n\n\n<p>Frams\u00e6kna formi\u00f0 gefur til kynna \u00e1framhaldandi a\u00f0ger\u00f0, en hi\u00f0 fullkomna frams\u00e6kna sameinar frams\u00e6knar og fullkomnar hli\u00f0ar. L\u00e6r\u00f0u hvernig \u00e1 a\u00f0 mynda og nota \u00feessar framkv\u00e6mdir til a\u00f0 tj\u00e1 a\u00f0ger\u00f0ir sem eru \u00ed gangi e\u00f0a loki\u00f0 a\u00f0ger\u00f0um sem hafa \u00e1framhaldandi gildi.<\/p>\n\n\n\n<h3 class=\"wp-block-heading\" id=\"h-7-adverbs\">7. Atviksor\u00f0:<\/h3>\n\n\n\n<p>Atviksor\u00f0 breyta s\u00f6gnum, l\u00fdsingaror\u00f0um e\u00f0a \u00f6\u00f0rum atviksor\u00f0um til a\u00f0 veita frekari uppl\u00fdsingar um athafnir e\u00f0a eiginleika. L\u00e6r\u00f0u mismunandi ger\u00f0ir atviksor\u00f0a og sta\u00f0setningu \u00feeirra \u00ed setningum.<\/p>\n\n\n\n<h3 class=\"wp-block-heading\" id=\"h-8-prepositions\">8. Forsetningar:<\/h3>\n\n\n\n<p>Forsetningar tengja nafnor\u00f0, forn\u00f6fn e\u00f0a a\u00f0ra \u00fe\u00e6tti innan setningar til a\u00f0 gefa til kynna tengsl eins og sta\u00f0setningu, t\u00edma e\u00f0a stefnu. Kynntu \u00fe\u00e9r algengustu katal\u00f3nsku forsetningarnar og notkun \u00feeirra.<\/p>\n\n\n\n<h3 class=\"wp-block-heading\" id=\"h-9-conditionals\">9. Skilyr\u00f0i:<\/h3>\n\n\n\n<p>Skilyr\u00f0i tj\u00e1 \u00edmynda\u00f0ar a\u00f0st\u00e6\u00f0ur e\u00f0a a\u00f0st\u00e6\u00f0ur og aflei\u00f0ingar \u00feeirra. L\u00e6r\u00f0u mismunandi ger\u00f0ir skilyr\u00f0a (n\u00fall, fyrsta, anna\u00f0, \u00feri\u00f0ja) og hvernig \u00e1 a\u00f0 mynda og nota \u00feau r\u00e9tt.<\/p>\n\n\n\n<h3 class=\"wp-block-heading\" id=\"h-10-sentences\">10. Setningar:<\/h3>\n\n\n\n<p>A\u00f0 lokum, \u00e6f\u00f0u \u00feig \u00ed a\u00f0 sameina alla \u00fe\u00e6ttina sem \u00fe\u00fa hefur l\u00e6rt til a\u00f0 mynda heilar, samhangandi setningar \u00e1 katal\u00f3nsku. Ger\u00f0u tilraunir me\u00f0 mismunandi setningager\u00f0 og \u00e6f\u00f0u \u00feig \u00ed a\u00f0 b\u00faa til \u00fdmsar ger\u00f0ir setninga, svo sem l\u00fdsandi, spyrjandi og upphr\u00f3punarmerki.<\/p>\n\n\n\n<p>Me\u00f0 \u00fev\u00ed a\u00f0 l\u00e6ra \u00feessi efni \u00ed lei\u00f0beinandi r\u00f6\u00f0 muntu \u00fer\u00f3a sterkan grunn \u00ed katal\u00f3nskri m\u00e1lfr\u00e6\u00f0i, sem gerir \u00fe\u00e9r kleift a\u00f0 eiga skilvirk og \u00f6rugg samskipti \u00e1 \u00feessu heillandi tungum\u00e1li.<\/p>\n<\/div><\/div>\n\r\n<section class=\"learnNavigationSection\">\r\n            \r\n        <a href=\"https:\/\/talkpal.ai\/is\/laerdu-katalonsku\/\">\r\n            <div class=\"learnNavigationWrapper\">\r\n                <div class=\"learnNavigationContent\">\r\n                    <img decoding=\"async\" src=\"https:\/\/talkpal.ai\/wp-content\/uploads\/2024\/08\/Catalan.jpg\" alt=\"Catalan Flag\">\r\n                    <div>\r\n                        <h4>Um katal\u00f3nska n\u00e1m<\/h4>\r\n                        <p>Finndu \u00fat allt um katal\u00f3nska m\u00e1lfr\u00e6\u00f0i.<\/p>\r\n                    <\/div>\r\n                <\/div>\r\n            <\/div>\r\n        <\/a>\r\n\r\n        \r\n        <a href=\"https:\/\/talkpal.ai\/is\/katalonsk-malfraedi\/\">\r\n            <div class=\"learnNavigationWrapper\">\r\n                <div class=\"learnNavigationContent\">\r\n                    <img decoding=\"async\" src=\"https:\/\/talkpal.ai\/wp-content\/uploads\/2024\/08\/Catalan.jpg\" alt=\"Catalan Flag\">\r\n                    <div>\r\n                        <h4>Katal\u00f3nska m\u00e1lfr\u00e6\u00f0ikennsla<\/h4>\r\n                        <p>\u00c6f\u00f0u katal\u00f3nska m\u00e1lfr\u00e6\u00f0i.<\/p>\r\n                    <\/div>\r\n                <\/div>\r\n            <\/div>\r\n        <\/a>\r\n\r\n        \r\n        <a href=\"https:\/\/talkpal.ai\/vocabulary_language\/catalan\/\">\r\n            <div class=\"learnNavigationWrapper\">\r\n                <div class=\"learnNavigationContent\">\r\n                    <img decoding=\"async\" src=\"https:\/\/talkpal.ai\/wp-content\/uploads\/2024\/08\/Catalan.jpg\" alt=\"Catalan Flag\">\r\n                    <div>\r\n                        <h4>Katal\u00f3nskur or\u00f0afor\u00f0i<\/h4>\r\n                        <p>St\u00e6kka\u00f0u katal\u00f3nska or\u00f0afor\u00f0a \u00feinn.<\/p>\r\n                    <\/div>\r\n                <\/div>\r\n            <\/div>\r\n        <\/a>\r\n\r\n            <\/section>","protected":false},"excerpt":{"rendered":"<p>Katal\u00f3nsk m\u00e1lfr\u00e6\u00f0i efni Katal\u00f3nska, r\u00f3mant\u00edskt tungum\u00e1l sem tala\u00f0 er af millj\u00f3num manna \u00e1 Katal\u00f3n\u00edu \u00e1 Sp\u00e1ni og hlutum \u00cdtal\u00edu og Frakklands, er fallegt og lifandi tungum\u00e1l me\u00f0 r\u00edka s\u00f6gu. A\u00f0 l\u00e6ra katal\u00f3nsku getur veri\u00f0 \u00e1n\u00e6gjuleg og gefandi reynsla og opna\u00f0 n\u00fdja menningar- og tungum\u00e1lasj\u00f3ndeildarhringinn. Til a\u00f0 l\u00e6ra \u00feetta tungum\u00e1l almennilega er nau\u00f0synlegt a\u00f0 n\u00e1 t\u00f6kum [&hellip;]<\/p>\n","protected":false},"author":6,"featured_media":142108,"parent":0,"menu_order":0,"comment_status":"closed","ping_status":"closed","template":"LearningContentPage.php","meta":{"_acf_changed":false,"footnotes":""},"class_list":["post-164441","page","type-page","status-publish","has-post-thumbnail","hentry"],"acf":[],"yoast_head":"<!-- This site is optimized with the Yoast SEO Premium plugin v27.2 (Yoast SEO v27.2) - https:\/\/yoast.com\/product\/yoast-seo-premium-wordpress\/ -->\n<title>Katal\u00f3nska M\u00e1lfr\u00e6\u00f0i \u00c6fingar - Talkpal<\/title>\n<meta name=\"description\" content=\"Sko\u00f0a\u00f0u nau\u00f0synlegar m\u00e1lfr\u00e6\u00f0i\u00e6fingar \u00ed katal\u00f3nsku til a\u00f0 auka skilning \u00feinn \u00e1 \u00feessu fallega tungum\u00e1li og uppbyggingu \u00feess.\" \/>\n<meta name=\"robots\" content=\"index, follow, max-snippet:-1, max-image-preview:large, max-video-preview:-1\" \/>\n<link rel=\"canonical\" href=\"https:\/\/talkpal.ai\/is\/katalonska-malfraedi-aefingar\/\" \/>\n<meta property=\"og:locale\" content=\"is_IS\" \/>\n<meta property=\"og:type\" content=\"article\" \/>\n<meta property=\"og:title\" content=\"Katal\u00f3nska M\u00e1lfr\u00e6\u00f0i \u00c6fingar\" \/>\n<meta property=\"og:description\" content=\"Katal\u00f3nsk m\u00e1lfr\u00e6\u00f0i efni Katal\u00f3nska, r\u00f3mant\u00edskt tungum\u00e1l sem tala\u00f0 er af millj\u00f3num manna \u00e1 Katal\u00f3n\u00edu \u00e1 Sp\u00e1ni og hlutum \u00cdtal\u00edu og Frakklands, er fallegt og\" \/>\n<meta property=\"og:url\" content=\"https:\/\/talkpal.ai\/is\/katalonska-malfraedi-aefingar\/\" \/>\n<meta property=\"og:site_name\" content=\"Talkpal\" \/>\n<meta property=\"article:publisher\" content=\"https:\/\/www.facebook.com\/profile.php?id=100090733639311\" \/>\n<meta property=\"article:modified_time\" content=\"2025-05-23T13:32:26+00:00\" \/>\n<meta property=\"og:image\" content=\"https:\/\/talkpal.ai\/wp-content\/uploads\/2023\/08\/Catalan.png\" \/>\n\t<meta property=\"og:image:width\" content=\"479\" \/>\n\t<meta property=\"og:image:height\" content=\"479\" \/>\n\t<meta property=\"og:image:type\" content=\"image\/png\" \/>\n<meta name=\"twitter:card\" content=\"summary_large_image\" \/>\n<meta name=\"twitter:site\" content=\"@talkpalai\" \/>\n<meta name=\"twitter:label1\" content=\"Est. reading time\" \/>\n\t<meta name=\"twitter:data1\" content=\"3 minutes\" \/>\n<script type=\"application\/ld+json\" class=\"yoast-schema-graph\">{\"@context\":\"https:\/\/schema.org\",\"@graph\":[{\"@type\":\"WebPage\",\"@id\":\"https:\/\/talkpal.ai\/is\/katalonska-malfraedi-aefingar\/\",\"url\":\"https:\/\/talkpal.ai\/is\/katalonska-malfraedi-aefingar\/\",\"name\":\"Katal\u00f3nska M\u00e1lfr\u00e6\u00f0i \u00c6fingar - Talkpal\",\"isPartOf\":{\"@id\":\"https:\/\/talkpal.ai\/is\/#website\"},\"primaryImageOfPage\":{\"@id\":\"https:\/\/talkpal.ai\/is\/katalonska-malfraedi-aefingar\/#primaryimage\"},\"image\":{\"@id\":\"https:\/\/talkpal.ai\/is\/katalonska-malfraedi-aefingar\/#primaryimage\"},\"thumbnailUrl\":\"https:\/\/talkpal.ai\/wp-content\/uploads\/2023\/08\/Catalan.png\",\"datePublished\":\"2023-06-16T12:49:04+00:00\",\"dateModified\":\"2025-05-23T13:32:26+00:00\",\"description\":\"Sko\u00f0a\u00f0u nau\u00f0synlegar m\u00e1lfr\u00e6\u00f0i\u00e6fingar \u00ed katal\u00f3nsku til a\u00f0 auka skilning \u00feinn \u00e1 \u00feessu fallega tungum\u00e1li og uppbyggingu \u00feess.\",\"breadcrumb\":{\"@id\":\"https:\/\/talkpal.ai\/is\/katalonska-malfraedi-aefingar\/#breadcrumb\"},\"inLanguage\":\"is\",\"potentialAction\":[{\"@type\":\"ReadAction\",\"target\":[\"https:\/\/talkpal.ai\/is\/katalonska-malfraedi-aefingar\/\"]}]},{\"@type\":\"ImageObject\",\"inLanguage\":\"is\",\"@id\":\"https:\/\/talkpal.ai\/is\/katalonska-malfraedi-aefingar\/#primaryimage\",\"url\":\"https:\/\/talkpal.ai\/wp-content\/uploads\/2023\/08\/Catalan.png\",\"contentUrl\":\"https:\/\/talkpal.ai\/wp-content\/uploads\/2023\/08\/Catalan.png\",\"width\":479,\"height\":479},{\"@type\":\"BreadcrumbList\",\"@id\":\"https:\/\/talkpal.ai\/is\/katalonska-malfraedi-aefingar\/#breadcrumb\",\"itemListElement\":[{\"@type\":\"ListItem\",\"position\":1,\"name\":\"Homepage\",\"item\":\"https:\/\/talkpal.ai\/is\/\"},{\"@type\":\"ListItem\",\"position\":2,\"name\":\"Katal\u00f3nska M\u00e1lfr\u00e6\u00f0i \u00c6fingar\"}]},{\"@type\":\"WebSite\",\"@id\":\"https:\/\/talkpal.ai\/is\/#website\",\"url\":\"https:\/\/talkpal.ai\/is\/\",\"name\":\"Talkpal\",\"description\":\"AI Language Learning\",\"publisher\":{\"@id\":\"https:\/\/talkpal.ai\/is\/#organization\"},\"alternateName\":\"Talkpal AI\",\"potentialAction\":[{\"@type\":\"SearchAction\",\"target\":{\"@type\":\"EntryPoint\",\"urlTemplate\":\"https:\/\/talkpal.ai\/is\/?s={search_term_string}\"},\"query-input\":{\"@type\":\"PropertyValueSpecification\",\"valueRequired\":true,\"valueName\":\"search_term_string\"}}],\"inLanguage\":\"is\"},{\"@type\":\"Organization\",\"@id\":\"https:\/\/talkpal.ai\/is\/#organization\",\"name\":\"Talkpal, Inc.\",\"alternateName\":\"Talkpal AI\",\"url\":\"https:\/\/talkpal.ai\/is\/\",\"logo\":{\"@type\":\"ImageObject\",\"inLanguage\":\"is\",\"@id\":\"https:\/\/talkpal.ai\/is\/#\/schema\/logo\/image\/\",\"url\":\"https:\/\/talkpal.ai\/wp-content\/uploads\/2024\/03\/Talkpal-Logo-Icon.png\",\"contentUrl\":\"https:\/\/talkpal.ai\/wp-content\/uploads\/2024\/03\/Talkpal-Logo-Icon.png\",\"width\":2880,\"height\":2880,\"caption\":\"Talkpal, Inc.\"},\"image\":{\"@id\":\"https:\/\/talkpal.ai\/is\/#\/schema\/logo\/image\/\"},\"sameAs\":[\"https:\/\/www.facebook.com\/profile.php?id=100090733639311\",\"https:\/\/x.com\/talkpalai\",\"https:\/\/www.linkedin.com\/company\/talkpal\/\",\"https:\/\/www.youtube.com\/@TalkPal\/\",\"https:\/\/www.tiktok.com\/@talkpal\",\"https:\/\/www.instagram.com\/talkpal_ai\/\",\"https:\/\/www.crunchbase.com\/organization\/talkpal-9cde\",\"https:\/\/www.g2.com\/products\/talkpal-for-business\/\",\"https:\/\/www.trustpilot.com\/review\/talkpal.ai\",\"https:\/\/www.capterra.com\/p\/10006800\/TalkPal\/\"],\"description\":\"Talkpal is a language learning web and mobile education app, powered by the latest AI technologies, that provides engaging experiences to its customers in many different languages to help them improve their language skills. Users can chat about unlimited amount of topics with the app and use other modes to practice their language learning.\",\"email\":\"support@talkpal.ai\",\"legalName\":\"Talkpal, Inc.\",\"foundingDate\":\"2023-04-03\",\"duns\":\"118989042\",\"numberOfEmployees\":{\"@type\":\"QuantitativeValue\",\"minValue\":\"11\",\"maxValue\":\"50\"},\"publishingPrinciples\":\"https:\/\/talkpal.ai\/publishing-principles\/\",\"actionableFeedbackPolicy\":\"https:\/\/talkpal.ai\/actionable-feedback-policy\/\",\"correctionsPolicy\":\"https:\/\/talkpal.ai\/corrections-policy\/\",\"ethicsPolicy\":\"https:\/\/talkpal.ai\/ethics-policy\/\",\"diversityPolicy\":\"https:\/\/talkpal.ai\/diversity-policy\/\",\"diversityStaffingReport\":\"https:\/\/talkpal.ai\/diversity-policy\/\"}]}<\/script>\n<!-- \/ Yoast SEO Premium plugin. -->","yoast_head_json":{"title":"Katal\u00f3nska M\u00e1lfr\u00e6\u00f0i \u00c6fingar - Talkpal","description":"Sko\u00f0a\u00f0u nau\u00f0synlegar m\u00e1lfr\u00e6\u00f0i\u00e6fingar \u00ed katal\u00f3nsku til a\u00f0 auka skilning \u00feinn \u00e1 \u00feessu fallega tungum\u00e1li og uppbyggingu \u00feess.","robots":{"index":"index","follow":"follow","max-snippet":"max-snippet:-1","max-image-preview":"max-image-preview:large","max-video-preview":"max-video-preview:-1"},"canonical":"https:\/\/talkpal.ai\/is\/katalonska-malfraedi-aefingar\/","og_locale":"is_IS","og_type":"article","og_title":"Katal\u00f3nska M\u00e1lfr\u00e6\u00f0i \u00c6fingar","og_description":"Katal\u00f3nsk m\u00e1lfr\u00e6\u00f0i efni Katal\u00f3nska, r\u00f3mant\u00edskt tungum\u00e1l sem tala\u00f0 er af millj\u00f3num manna \u00e1 Katal\u00f3n\u00edu \u00e1 Sp\u00e1ni og hlutum \u00cdtal\u00edu og Frakklands, er fallegt og","og_url":"https:\/\/talkpal.ai\/is\/katalonska-malfraedi-aefingar\/","og_site_name":"Talkpal","article_publisher":"https:\/\/www.facebook.com\/profile.php?id=100090733639311","article_modified_time":"2025-05-23T13:32:26+00:00","og_image":[{"width":479,"height":479,"url":"https:\/\/talkpal.ai\/wp-content\/uploads\/2023\/08\/Catalan.png","type":"image\/png"}],"twitter_card":"summary_large_image","twitter_site":"@talkpalai","twitter_misc":{"Est. reading time":"3 minutes"},"schema":{"@context":"https:\/\/schema.org","@graph":[{"@type":"WebPage","@id":"https:\/\/talkpal.ai\/is\/katalonska-malfraedi-aefingar\/","url":"https:\/\/talkpal.ai\/is\/katalonska-malfraedi-aefingar\/","name":"Katal\u00f3nska M\u00e1lfr\u00e6\u00f0i \u00c6fingar - Talkpal","isPartOf":{"@id":"https:\/\/talkpal.ai\/is\/#website"},"primaryImageOfPage":{"@id":"https:\/\/talkpal.ai\/is\/katalonska-malfraedi-aefingar\/#primaryimage"},"image":{"@id":"https:\/\/talkpal.ai\/is\/katalonska-malfraedi-aefingar\/#primaryimage"},"thumbnailUrl":"https:\/\/talkpal.ai\/wp-content\/uploads\/2023\/08\/Catalan.png","datePublished":"2023-06-16T12:49:04+00:00","dateModified":"2025-05-23T13:32:26+00:00","description":"Sko\u00f0a\u00f0u nau\u00f0synlegar m\u00e1lfr\u00e6\u00f0i\u00e6fingar \u00ed katal\u00f3nsku til a\u00f0 auka skilning \u00feinn \u00e1 \u00feessu fallega tungum\u00e1li og uppbyggingu \u00feess.","breadcrumb":{"@id":"https:\/\/talkpal.ai\/is\/katalonska-malfraedi-aefingar\/#breadcrumb"},"inLanguage":"is","potentialAction":[{"@type":"ReadAction","target":["https:\/\/talkpal.ai\/is\/katalonska-malfraedi-aefingar\/"]}]},{"@type":"ImageObject","inLanguage":"is","@id":"https:\/\/talkpal.ai\/is\/katalonska-malfraedi-aefingar\/#primaryimage","url":"https:\/\/talkpal.ai\/wp-content\/uploads\/2023\/08\/Catalan.png","contentUrl":"https:\/\/talkpal.ai\/wp-content\/uploads\/2023\/08\/Catalan.png","width":479,"height":479},{"@type":"BreadcrumbList","@id":"https:\/\/talkpal.ai\/is\/katalonska-malfraedi-aefingar\/#breadcrumb","itemListElement":[{"@type":"ListItem","position":1,"name":"Homepage","item":"https:\/\/talkpal.ai\/is\/"},{"@type":"ListItem","position":2,"name":"Katal\u00f3nska M\u00e1lfr\u00e6\u00f0i \u00c6fingar"}]},{"@type":"WebSite","@id":"https:\/\/talkpal.ai\/is\/#website","url":"https:\/\/talkpal.ai\/is\/","name":"Talkpal","description":"AI Language Learning","publisher":{"@id":"https:\/\/talkpal.ai\/is\/#organization"},"alternateName":"Talkpal AI","potentialAction":[{"@type":"SearchAction","target":{"@type":"EntryPoint","urlTemplate":"https:\/\/talkpal.ai\/is\/?s={search_term_string}"},"query-input":{"@type":"PropertyValueSpecification","valueRequired":true,"valueName":"search_term_string"}}],"inLanguage":"is"},{"@type":"Organization","@id":"https:\/\/talkpal.ai\/is\/#organization","name":"Talkpal, Inc.","alternateName":"Talkpal AI","url":"https:\/\/talkpal.ai\/is\/","logo":{"@type":"ImageObject","inLanguage":"is","@id":"https:\/\/talkpal.ai\/is\/#\/schema\/logo\/image\/","url":"https:\/\/talkpal.ai\/wp-content\/uploads\/2024\/03\/Talkpal-Logo-Icon.png","contentUrl":"https:\/\/talkpal.ai\/wp-content\/uploads\/2024\/03\/Talkpal-Logo-Icon.png","width":2880,"height":2880,"caption":"Talkpal, Inc."},"image":{"@id":"https:\/\/talkpal.ai\/is\/#\/schema\/logo\/image\/"},"sameAs":["https:\/\/www.facebook.com\/profile.php?id=100090733639311","https:\/\/x.com\/talkpalai","https:\/\/www.linkedin.com\/company\/talkpal\/","https:\/\/www.youtube.com\/@TalkPal\/","https:\/\/www.tiktok.com\/@talkpal","https:\/\/www.instagram.com\/talkpal_ai\/","https:\/\/www.crunchbase.com\/organization\/talkpal-9cde","https:\/\/www.g2.com\/products\/talkpal-for-business\/","https:\/\/www.trustpilot.com\/review\/talkpal.ai","https:\/\/www.capterra.com\/p\/10006800\/TalkPal\/"],"description":"Talkpal is a language learning web and mobile education app, powered by the latest AI technologies, that provides engaging experiences to its customers in many different languages to help them improve their language skills. Users can chat about unlimited amount of topics with the app and use other modes to practice their language learning.","email":"support@talkpal.ai","legalName":"Talkpal, Inc.","foundingDate":"2023-04-03","duns":"118989042","numberOfEmployees":{"@type":"QuantitativeValue","minValue":"11","maxValue":"50"},"publishingPrinciples":"https:\/\/talkpal.ai\/publishing-principles\/","actionableFeedbackPolicy":"https:\/\/talkpal.ai\/actionable-feedback-policy\/","correctionsPolicy":"https:\/\/talkpal.ai\/corrections-policy\/","ethicsPolicy":"https:\/\/talkpal.ai\/ethics-policy\/","diversityPolicy":"https:\/\/talkpal.ai\/diversity-policy\/","diversityStaffingReport":"https:\/\/talkpal.ai\/diversity-policy\/"}]}},"_links":{"self":[{"href":"https:\/\/talkpal.ai\/is\/wp-json\/wp\/v2\/pages\/164441","targetHints":{"allow":["GET"]}}],"collection":[{"href":"https:\/\/talkpal.ai\/is\/wp-json\/wp\/v2\/pages"}],"about":[{"href":"https:\/\/talkpal.ai\/is\/wp-json\/wp\/v2\/types\/page"}],"author":[{"embeddable":true,"href":"https:\/\/talkpal.ai\/is\/wp-json\/wp\/v2\/users\/6"}],"replies":[{"embeddable":true,"href":"https:\/\/talkpal.ai\/is\/wp-json\/wp\/v2\/comments?post=164441"}],"version-history":[{"count":0,"href":"https:\/\/talkpal.ai\/is\/wp-json\/wp\/v2\/pages\/164441\/revisions"}],"wp:featuredmedia":[{"embeddable":true,"href":"https:\/\/talkpal.ai\/is\/wp-json\/wp\/v2\/media\/142108"}],"wp:attachment":[{"href":"https:\/\/talkpal.ai\/is\/wp-json\/wp\/v2\/media?parent=164441"}],"curies":[{"name":"wp","href":"https:\/\/api.w.org\/{rel}","templated":true}]}}