{"id":157297,"date":"2023-06-28T11:41:23","date_gmt":"2023-06-28T11:41:23","guid":{"rendered":"http:\/\/talkpal.ai\/serbneska-malfraedi-aefingum\/"},"modified":"2025-12-17T09:53:14","modified_gmt":"2025-12-17T09:53:14","slug":"serbneska-malfraedi-aefingum","status":"publish","type":"page","link":"https:\/\/talkpal.ai\/is\/serbneska-malfraedi-aefingum\/","title":{"rendered":"Serbneska m\u00e1lfr\u00e6\u00f0i \u00e6fingum"},"content":{"rendered":"\r\n\r\n\r\n<section class=\"languageChallengeSection\">\r\n    <div class=\"languageInfoWrapper\">\r\n        \r\n        <h1>Serbneska m\u00e1lfr\u00e6\u00f0i \u00e6fingum<\/h1>\r\n        <p>Viltu \u00f6\u00f0last meira sj\u00e1lfstraust \u00ed serbnesku? A\u00f0 \u00e6fa <a href=\"https:\/\/talkpal.ai\/grammar\/\">m\u00e1lfr\u00e6\u00f0i<\/a> er fr\u00e1b\u00e6r lei\u00f0 til a\u00f0 n\u00e1 t\u00f6kum \u00e1 setningager\u00f0, sagnor\u00f0um og einst\u00f6kum reglum serbnesku tungum\u00e1lsins. Byrja\u00f0u a\u00f0 vinna \u00ed serbneskri m\u00e1lfr\u00e6\u00f0i \u00ed dag og horf\u00f0u \u00e1 f\u00e6rni \u00fe\u00edna og fl\u00e6\u00f0i vaxa me\u00f0 hverri \u00e6fingu!\n\n<\/p>\r\n\r\n                            <a class=\"getStartedHidden\" href=\"https:\/\/app.talkpal.ai\/signup?lng=\">Byrja\u00f0u<\/a>\r\n        \r\n    <\/div>\r\n\r\n    <figure>\r\n    <img decoding=\"async\" width=\"768\" height=\"768\" src=\"https:\/\/talkpal.ai\/wp-content\/uploads\/2023\/06\/serbian-768x768.png\" class=\"languageImage no-lazy\" alt=\"Fast-track to fluency with language learning\" fetchpriority=\"high\" sizes=\"(max-width: 768px) 150px, 768px\" srcset=\"https:\/\/talkpal.ai\/wp-content\/uploads\/2023\/06\/serbian-768x768.png 768w, https:\/\/talkpal.ai\/wp-content\/uploads\/2023\/06\/serbian-300x300.png 300w\" \/>\r\n    \r\n\r\n    <\/figure>\r\n\r\n            <a class=\"getStartedVisible\" href=\"https:\/\/app.talkpal.ai\/signup?lng=\">Byrja\u00f0u<\/a>\r\n    \r\n<\/section>\r\n\r\n\r\n<!-- <section class=\"grammarSection\">\r\n    <div class=\"grammarLinks\">\r\n            <\/div>\r\n<\/section> -->\r\n\r\n\r\n\r\n\r\n<section class=\"promotionalBanner\">\r\n    <p class=\"promotionalText\">Skilvirkasta lei\u00f0in til a\u00f0 l\u00e6ra tungum\u00e1l<\/p>\r\n    <a class=\"promotionalLink\" href=\"https:\/\/app.talkpal.ai\/signup?lng=\">Pr\u00f3fa\u00f0u Talkpal \u00f3keypis<\/a>\r\n<\/section>\n<div class=\"wp-block-group pageContainerStyle\"><div class=\"wp-block-group__inner-container is-layout-constrained wp-block-group-is-layout-constrained\">\n<h2 class=\"wp-block-heading\" id=\"h-serbian-grammar-topics\">Serbnesk m\u00e1lfr\u00e6\u00f0i efni<\/h2>\n\n\n\n<p>A\u00f0 <a href=\"https:\/\/talkpal.ai\/learn-serbian\/\">l\u00e6ra serbnesku<\/a> getur veri\u00f0 au\u00f0gandi reynsla \u00fear sem \u00fea\u00f0 opnar n\u00fdtt menningarlegt sj\u00f3narhorn, veitir a\u00f0gang a\u00f0 r\u00edkri b\u00f3kmenntahef\u00f0 og getur veri\u00f0 gagnlegt fyrir \u00fe\u00e1 sem fer\u00f0ast e\u00f0a eiga vi\u00f0skipti \u00e1 Balkanskaga. Hins vegar, eins og <a href=\"https:\/\/talkpal.ai\/languages\/\">\u00f6ll tungum\u00e1l<\/a>, hefur <a href=\"https:\/\/talkpal.ai\/learn-serbian\/\">serbneska<\/a> margbreytileika s\u00edna, s\u00e9rstaklega \u00ed m\u00e1lfr\u00e6\u00f0i. Til a\u00f0 byggja upp sterkan grunn er nau\u00f0synlegt a\u00f0 fylgja r\u00f6\u00f0 sem au\u00f0veldar umskipti fr\u00e1 einu efni til annars.<\/p>\n\n\n\n<h3 class=\"wp-block-heading\" id=\"h-1-nouns\">1. Nafnor\u00f0:<\/h3>\n\n\n\n<p>Byrja\u00f0u \u00e1 \u00fev\u00ed a\u00f0 skilja serbnesk nafnor\u00f0 \u00fear sem \u00feau eru byggingareiningar tungum\u00e1lsins. \u00deeir breytast eftir kyni, fj\u00f6lda og m\u00e1li. Serbneska hefur sj\u00f6 fall, sem \u00e1kvar\u00f0a hlutverk nafnor\u00f0sins \u00ed setningunni.<\/p>\n\n\n\n<h3 class=\"wp-block-heading\" id=\"h-2-articles\">2. Greinar:<\/h3>\n\n\n\n<p>Serbneska hefur ekki \u00e1kve\u00f0nar og \u00f3\u00e1kve\u00f0nar greinar eins og <a href=\"https:\/\/talkpal.ai\/learn-english-with-ai\/\">enska<\/a>. A\u00f0 kynna \u00fe\u00e9r \u00feetta hugtak snemma getur spara\u00f0 rugling s\u00ed\u00f0ar.<\/p>\n\n\n\n<h3 class=\"wp-block-heading\" id=\"h-3-adjectives\">3. L\u00fdsingaror\u00f0:<\/h3>\n\n\n\n<p>L\u00fdsingaror\u00f0 \u00e1 serbnesku eru samm\u00e1la nafnor\u00f0unum sem \u00feau breyta \u00ed kyni, t\u00f6lu og falli. \u00dea\u00f0 er mikilv\u00e6gt a\u00f0 l\u00e6ra \u00feau \u00e1samt nafnor\u00f0um til a\u00f0 mynda l\u00fdsandi setningar.<\/p>\n\n\n\n<h3 class=\"wp-block-heading\" id=\"h-4-pronouns-determiners\">4. Forn\u00f6fn\/\u00e1kv\u00f6r\u00f0unaror\u00f0:<\/h3>\n\n\n\n<p>L\u00e6r\u00f0u um pers\u00f3nuleg, eignarleg, s\u00fdnileg og afst\u00e6\u00f0 forn\u00f6fn. \u00deeir breytast einnig eftir kyni, t\u00f6lu og falli, l\u00edkt og nafnor\u00f0 og l\u00fdsingaror\u00f0.<\/p>\n\n\n\n<h3 class=\"wp-block-heading\" id=\"h-5-verbs\">5. Sagnir:<\/h3>\n\n\n\n<p>Skilningur \u00e1 s\u00f6gnum er grundvallaratri\u00f0i \u00fear sem \u00fe\u00e6r gefa til kynna athafnir. Serbneskar sagnir beygjast eftir spennu, skapi, \u00fe\u00e6tti og pers\u00f3nu.<\/p>\n\n\n\n<h3 class=\"wp-block-heading\" id=\"h-6-tenses\">6. Spennur:<\/h3>\n\n\n\n<p>Serbneska hefur mismunandi spennu: n\u00fat\u00ed\u00f0, fort\u00ed\u00f0 og framt\u00ed\u00f0. Skilningur \u00e1 \u00feessum spennum hj\u00e1lpar til vi\u00f0 a\u00f0 tj\u00e1 a\u00f0ger\u00f0ir sem eiga s\u00e9r sta\u00f0 \u00e1 mismunandi t\u00edmum.<\/p>\n\n\n\n<h3 class=\"wp-block-heading\" id=\"h-7-tense-comparison\">7. Spenntur samanbur\u00f0ur:<\/h3>\n\n\n\n<p>Samanbur\u00f0ur \u00e1 spennum hj\u00e1lpar til vi\u00f0 a\u00f0 skilja l\u00famskur munur \u00e1 \u00fev\u00ed a\u00f0 tj\u00e1 t\u00edma \u00e1 serbnesku. \u00dea\u00f0 er nau\u00f0synlegt til a\u00f0 n\u00e1 t\u00f6kum \u00e1 sagnirnar.<\/p>\n\n\n\n<h3 class=\"wp-block-heading\" id=\"h-8-progressive-and-perfect-progressive\">8. Frams\u00e6kinn og fullkominn frams\u00f3knarma\u00f0ur:<\/h3>\n\n\n\n<p>Serbneska hefur ekki beint jafngildi enskra frams\u00e6kinna t\u00edma, en \u00fea\u00f0 hefur hli\u00f0ar (fullkomnar og \u00f3fullkomnar) sem geta tj\u00e1\u00f0 svipa\u00f0a merkingu.<\/p>\n\n\n\n<h3 class=\"wp-block-heading\" id=\"h-9-adverbs\">9. Atviksor\u00f0:<\/h3>\n\n\n\n<p>Atviksor\u00f0 b\u00e6ta meiri uppl\u00fdsingum vi\u00f0 sagnir, l\u00fdsingaror\u00f0 og \u00f6nnur atviksor\u00f0. \u00de\u00e6r eru nau\u00f0synlegar til a\u00f0 l\u00fdsa hvernig, hven\u00e6r e\u00f0a hvar a\u00f0ger\u00f0 fer fram.<\/p>\n\n\n\n<h3 class=\"wp-block-heading\" id=\"h-10-prepositions\">10. Forsetningar:<\/h3>\n\n\n\n<p>Forsetningar \u00e1 serbnesku eru nota\u00f0ar til a\u00f0 t\u00e1kna sta\u00f0setningu, t\u00edma, stefnu, \u00e1st\u00e6\u00f0u o.s.frv. \u00deeir \u00feurfa nafnor\u00f0 \u00ed \u00e1kve\u00f0nu tilviki.<\/p>\n\n\n\n<h3 class=\"wp-block-heading\" id=\"h-11-conditionals\">11. Skilyr\u00f0i:<\/h3>\n\n\n\n<p>\u00dea\u00f0 eru \u00ferj\u00e1r tegundir af skilyr\u00f0um \u00e1 serbnesku, og \u00feau eru notu\u00f0 til a\u00f0 tj\u00e1 m\u00f6gulegar, \u00edmynda\u00f0ar e\u00f0a \u00f3raunverulegar a\u00f0st\u00e6\u00f0ur.<\/p>\n\n\n\n<p>12. Setningar:<\/p>\n\n\n\n<p>A\u00f0 lokum er mikilv\u00e6gt a\u00f0 skilja hvernig \u00e1 a\u00f0 mynda setningar \u00e1 serbnesku me\u00f0 \u00fev\u00ed a\u00f0 sameina alla ofangreinda \u00fe\u00e6tti til a\u00f0 <a href=\"https:\/\/talkpal.ai\/ko\/ai-%ec%96%b8%ec%96%b4-%ea%b5%90%ec%82%ac\/\">byrja<\/a> a\u00f0 eiga skilvirk samskipti \u00e1 tungum\u00e1linu.<\/p>\n<\/div><\/div>\n\r\n<section class=\"learnNavigationSection\">\r\n            \r\n        <a href=\"https:\/\/talkpal.ai\/is\/laerdu-serbnesku\/\">\r\n            <div class=\"learnNavigationWrapper\">\r\n                <div class=\"learnNavigationContent\">\r\n                    <img decoding=\"async\" src=\"https:\/\/talkpal.ai\/wp-content\/uploads\/2024\/08\/Serbian.jpg\" alt=\"Serbian Flag\">\r\n                    <div>\r\n                        <h4>Um Serb\u00edun\u00e1m<\/h4>\r\n                        <p>Kynntu \u00fe\u00e9r allt um serbneska m\u00e1lfr\u00e6\u00f0i.<\/p>\r\n                    <\/div>\r\n                <\/div>\r\n            <\/div>\r\n        <\/a>\r\n\r\n        \r\n        <a href=\"https:\/\/talkpal.ai\/is\/serbnesk-malfraedi\/\">\r\n            <div class=\"learnNavigationWrapper\">\r\n                <div class=\"learnNavigationContent\">\r\n                    <img decoding=\"async\" src=\"https:\/\/talkpal.ai\/wp-content\/uploads\/2024\/08\/Serbian.jpg\" alt=\"Serbian Flag\">\r\n                    <div>\r\n                        <h4>Serbneska M\u00e1lfr\u00e6\u00f0i Lessons<\/h4>\r\n                        <p>\u00c6f\u00f0u serbneska m\u00e1lfr\u00e6\u00f0i.<\/p>\r\n                    <\/div>\r\n                <\/div>\r\n            <\/div>\r\n        <\/a>\r\n\r\n        \r\n        <a href=\"https:\/\/talkpal.ai\/vocabulary_language\/serbian\/\">\r\n            <div class=\"learnNavigationWrapper\">\r\n                <div class=\"learnNavigationContent\">\r\n                    <img decoding=\"async\" src=\"https:\/\/talkpal.ai\/wp-content\/uploads\/2024\/08\/Serbian.jpg\" alt=\"Serbian Flag\">\r\n                    <div>\r\n                        <h4>Serbneskur or\u00f0afor\u00f0i<\/h4>\r\n                        <p>St\u00e6kka\u00f0u serbneskan or\u00f0afor\u00f0a \u00feinn.<\/p>\r\n                    <\/div>\r\n                <\/div>\r\n            <\/div>\r\n        <\/a>\r\n\r\n            <\/section>","protected":false},"excerpt":{"rendered":"<p>Serbnesk m\u00e1lfr\u00e6\u00f0i efni A\u00f0 l\u00e6ra serbnesku getur veri\u00f0 au\u00f0gandi reynsla \u00fear sem \u00fea\u00f0 opnar n\u00fdtt menningarlegt sj\u00f3narhorn, veitir a\u00f0gang a\u00f0 r\u00edkri b\u00f3kmenntahef\u00f0 og getur veri\u00f0 gagnlegt fyrir \u00fe\u00e1 sem fer\u00f0ast e\u00f0a eiga vi\u00f0skipti \u00e1 Balkanskaga. Hins vegar, eins og \u00f6ll tungum\u00e1l, hefur serbneska margbreytileika s\u00edna, s\u00e9rstaklega \u00ed m\u00e1lfr\u00e6\u00f0i. Til a\u00f0 byggja upp sterkan grunn er [&hellip;]<\/p>\n","protected":false},"author":6,"featured_media":118102,"parent":0,"menu_order":0,"comment_status":"closed","ping_status":"closed","template":"LearningContentPage.php","meta":{"_acf_changed":false,"footnotes":""},"class_list":["post-157297","page","type-page","status-publish","has-post-thumbnail","hentry"],"acf":[],"yoast_head":"<!-- This site is optimized with the Yoast SEO Premium plugin v27.2 (Yoast SEO v27.2) - https:\/\/yoast.com\/product\/yoast-seo-premium-wordpress\/ -->\n<title>Serbneska m\u00e1lfr\u00e6\u00f0i \u00e6fingum - Talkpal<\/title>\n<meta name=\"description\" content=\"\u00c6f\u00f0u serbneska m\u00e1lfr\u00e6\u00f0i me\u00f0 gr\u00edpandi \u00e6fingum sem eru hanna\u00f0ar til a\u00f0 b\u00e6ta f\u00e6rni \u00fe\u00edna. Sko\u00f0a\u00f0u gagnvirkar kennslustundir!\" \/>\n<meta name=\"robots\" content=\"index, follow, max-snippet:-1, max-image-preview:large, max-video-preview:-1\" \/>\n<link rel=\"canonical\" href=\"https:\/\/talkpal.ai\/is\/serbneska-malfraedi-aefingum\/\" \/>\n<meta property=\"og:locale\" content=\"is_IS\" \/>\n<meta property=\"og:type\" content=\"article\" \/>\n<meta property=\"og:title\" content=\"Serbneska m\u00e1lfr\u00e6\u00f0i \u00e6fingum\" \/>\n<meta property=\"og:description\" content=\"Serbnesk m\u00e1lfr\u00e6\u00f0i efni A\u00f0 l\u00e6ra serbnesku getur veri\u00f0 au\u00f0gandi reynsla \u00fear sem \u00fea\u00f0 opnar n\u00fdtt menningarlegt sj\u00f3narhorn, veitir a\u00f0gang a\u00f0 r\u00edkri\" \/>\n<meta property=\"og:url\" content=\"https:\/\/talkpal.ai\/is\/serbneska-malfraedi-aefingum\/\" \/>\n<meta property=\"og:site_name\" content=\"Talkpal\" \/>\n<meta property=\"article:publisher\" content=\"https:\/\/www.facebook.com\/profile.php?id=100090733639311\" \/>\n<meta property=\"article:modified_time\" content=\"2025-12-17T09:53:14+00:00\" \/>\n<meta property=\"og:image\" content=\"https:\/\/talkpal.ai\/wp-content\/uploads\/2023\/05\/serbia.png\" \/>\n\t<meta property=\"og:image:width\" content=\"512\" \/>\n\t<meta property=\"og:image:height\" content=\"512\" \/>\n\t<meta property=\"og:image:type\" content=\"image\/png\" \/>\n<meta name=\"twitter:card\" content=\"summary_large_image\" \/>\n<meta name=\"twitter:site\" content=\"@talkpalai\" \/>\n<meta name=\"twitter:label1\" content=\"Est. reading time\" \/>\n\t<meta name=\"twitter:data1\" content=\"2 minutes\" \/>\n<script type=\"application\/ld+json\" class=\"yoast-schema-graph\">{\"@context\":\"https:\/\/schema.org\",\"@graph\":[{\"@type\":\"WebPage\",\"@id\":\"https:\/\/talkpal.ai\/is\/serbneska-malfraedi-aefingum\/\",\"url\":\"https:\/\/talkpal.ai\/is\/serbneska-malfraedi-aefingum\/\",\"name\":\"Serbneska m\u00e1lfr\u00e6\u00f0i \u00e6fingum - Talkpal\",\"isPartOf\":{\"@id\":\"https:\/\/talkpal.ai\/is\/#website\"},\"primaryImageOfPage\":{\"@id\":\"https:\/\/talkpal.ai\/is\/serbneska-malfraedi-aefingum\/#primaryimage\"},\"image\":{\"@id\":\"https:\/\/talkpal.ai\/is\/serbneska-malfraedi-aefingum\/#primaryimage\"},\"thumbnailUrl\":\"https:\/\/talkpal.ai\/wp-content\/uploads\/2023\/05\/serbia.png\",\"datePublished\":\"2023-06-28T11:41:23+00:00\",\"dateModified\":\"2025-12-17T09:53:14+00:00\",\"description\":\"\u00c6f\u00f0u serbneska m\u00e1lfr\u00e6\u00f0i me\u00f0 gr\u00edpandi \u00e6fingum sem eru hanna\u00f0ar til a\u00f0 b\u00e6ta f\u00e6rni \u00fe\u00edna. Sko\u00f0a\u00f0u gagnvirkar kennslustundir!\",\"breadcrumb\":{\"@id\":\"https:\/\/talkpal.ai\/is\/serbneska-malfraedi-aefingum\/#breadcrumb\"},\"inLanguage\":\"is\",\"potentialAction\":[{\"@type\":\"ReadAction\",\"target\":[\"https:\/\/talkpal.ai\/is\/serbneska-malfraedi-aefingum\/\"]}]},{\"@type\":\"ImageObject\",\"inLanguage\":\"is\",\"@id\":\"https:\/\/talkpal.ai\/is\/serbneska-malfraedi-aefingum\/#primaryimage\",\"url\":\"https:\/\/talkpal.ai\/wp-content\/uploads\/2023\/05\/serbia.png\",\"contentUrl\":\"https:\/\/talkpal.ai\/wp-content\/uploads\/2023\/05\/serbia.png\",\"width\":512,\"height\":512},{\"@type\":\"BreadcrumbList\",\"@id\":\"https:\/\/talkpal.ai\/is\/serbneska-malfraedi-aefingum\/#breadcrumb\",\"itemListElement\":[{\"@type\":\"ListItem\",\"position\":1,\"name\":\"Homepage\",\"item\":\"https:\/\/talkpal.ai\/is\/\"},{\"@type\":\"ListItem\",\"position\":2,\"name\":\"Serbneska m\u00e1lfr\u00e6\u00f0i \u00e6fingum\"}]},{\"@type\":\"WebSite\",\"@id\":\"https:\/\/talkpal.ai\/is\/#website\",\"url\":\"https:\/\/talkpal.ai\/is\/\",\"name\":\"Talkpal\",\"description\":\"AI Language Learning\",\"publisher\":{\"@id\":\"https:\/\/talkpal.ai\/is\/#organization\"},\"alternateName\":\"Talkpal AI\",\"potentialAction\":[{\"@type\":\"SearchAction\",\"target\":{\"@type\":\"EntryPoint\",\"urlTemplate\":\"https:\/\/talkpal.ai\/is\/?s={search_term_string}\"},\"query-input\":{\"@type\":\"PropertyValueSpecification\",\"valueRequired\":true,\"valueName\":\"search_term_string\"}}],\"inLanguage\":\"is\"},{\"@type\":\"Organization\",\"@id\":\"https:\/\/talkpal.ai\/is\/#organization\",\"name\":\"Talkpal, Inc.\",\"alternateName\":\"Talkpal AI\",\"url\":\"https:\/\/talkpal.ai\/is\/\",\"logo\":{\"@type\":\"ImageObject\",\"inLanguage\":\"is\",\"@id\":\"https:\/\/talkpal.ai\/is\/#\/schema\/logo\/image\/\",\"url\":\"https:\/\/talkpal.ai\/wp-content\/uploads\/2024\/03\/Talkpal-Logo-Icon.png\",\"contentUrl\":\"https:\/\/talkpal.ai\/wp-content\/uploads\/2024\/03\/Talkpal-Logo-Icon.png\",\"width\":2880,\"height\":2880,\"caption\":\"Talkpal, Inc.\"},\"image\":{\"@id\":\"https:\/\/talkpal.ai\/is\/#\/schema\/logo\/image\/\"},\"sameAs\":[\"https:\/\/www.facebook.com\/profile.php?id=100090733639311\",\"https:\/\/x.com\/talkpalai\",\"https:\/\/www.linkedin.com\/company\/talkpal\/\",\"https:\/\/www.youtube.com\/@TalkPal\/\",\"https:\/\/www.tiktok.com\/@talkpal\",\"https:\/\/www.instagram.com\/talkpal_ai\/\",\"https:\/\/www.crunchbase.com\/organization\/talkpal-9cde\",\"https:\/\/www.g2.com\/products\/talkpal-for-business\/\",\"https:\/\/www.trustpilot.com\/review\/talkpal.ai\",\"https:\/\/www.capterra.com\/p\/10006800\/TalkPal\/\"],\"description\":\"Talkpal is a language learning web and mobile education app, powered by the latest AI technologies, that provides engaging experiences to its customers in many different languages to help them improve their language skills. Users can chat about unlimited amount of topics with the app and use other modes to practice their language learning.\",\"email\":\"support@talkpal.ai\",\"legalName\":\"Talkpal, Inc.\",\"foundingDate\":\"2023-04-03\",\"duns\":\"118989042\",\"numberOfEmployees\":{\"@type\":\"QuantitativeValue\",\"minValue\":\"11\",\"maxValue\":\"50\"},\"publishingPrinciples\":\"https:\/\/talkpal.ai\/publishing-principles\/\",\"actionableFeedbackPolicy\":\"https:\/\/talkpal.ai\/actionable-feedback-policy\/\",\"correctionsPolicy\":\"https:\/\/talkpal.ai\/corrections-policy\/\",\"ethicsPolicy\":\"https:\/\/talkpal.ai\/ethics-policy\/\",\"diversityPolicy\":\"https:\/\/talkpal.ai\/diversity-policy\/\",\"diversityStaffingReport\":\"https:\/\/talkpal.ai\/diversity-policy\/\"}]}<\/script>\n<!-- \/ Yoast SEO Premium plugin. -->","yoast_head_json":{"title":"Serbneska m\u00e1lfr\u00e6\u00f0i \u00e6fingum - Talkpal","description":"\u00c6f\u00f0u serbneska m\u00e1lfr\u00e6\u00f0i me\u00f0 gr\u00edpandi \u00e6fingum sem eru hanna\u00f0ar til a\u00f0 b\u00e6ta f\u00e6rni \u00fe\u00edna. Sko\u00f0a\u00f0u gagnvirkar kennslustundir!","robots":{"index":"index","follow":"follow","max-snippet":"max-snippet:-1","max-image-preview":"max-image-preview:large","max-video-preview":"max-video-preview:-1"},"canonical":"https:\/\/talkpal.ai\/is\/serbneska-malfraedi-aefingum\/","og_locale":"is_IS","og_type":"article","og_title":"Serbneska m\u00e1lfr\u00e6\u00f0i \u00e6fingum","og_description":"Serbnesk m\u00e1lfr\u00e6\u00f0i efni A\u00f0 l\u00e6ra serbnesku getur veri\u00f0 au\u00f0gandi reynsla \u00fear sem \u00fea\u00f0 opnar n\u00fdtt menningarlegt sj\u00f3narhorn, veitir a\u00f0gang a\u00f0 r\u00edkri","og_url":"https:\/\/talkpal.ai\/is\/serbneska-malfraedi-aefingum\/","og_site_name":"Talkpal","article_publisher":"https:\/\/www.facebook.com\/profile.php?id=100090733639311","article_modified_time":"2025-12-17T09:53:14+00:00","og_image":[{"width":512,"height":512,"url":"https:\/\/talkpal.ai\/wp-content\/uploads\/2023\/05\/serbia.png","type":"image\/png"}],"twitter_card":"summary_large_image","twitter_site":"@talkpalai","twitter_misc":{"Est. reading time":"2 minutes"},"schema":{"@context":"https:\/\/schema.org","@graph":[{"@type":"WebPage","@id":"https:\/\/talkpal.ai\/is\/serbneska-malfraedi-aefingum\/","url":"https:\/\/talkpal.ai\/is\/serbneska-malfraedi-aefingum\/","name":"Serbneska m\u00e1lfr\u00e6\u00f0i \u00e6fingum - Talkpal","isPartOf":{"@id":"https:\/\/talkpal.ai\/is\/#website"},"primaryImageOfPage":{"@id":"https:\/\/talkpal.ai\/is\/serbneska-malfraedi-aefingum\/#primaryimage"},"image":{"@id":"https:\/\/talkpal.ai\/is\/serbneska-malfraedi-aefingum\/#primaryimage"},"thumbnailUrl":"https:\/\/talkpal.ai\/wp-content\/uploads\/2023\/05\/serbia.png","datePublished":"2023-06-28T11:41:23+00:00","dateModified":"2025-12-17T09:53:14+00:00","description":"\u00c6f\u00f0u serbneska m\u00e1lfr\u00e6\u00f0i me\u00f0 gr\u00edpandi \u00e6fingum sem eru hanna\u00f0ar til a\u00f0 b\u00e6ta f\u00e6rni \u00fe\u00edna. Sko\u00f0a\u00f0u gagnvirkar kennslustundir!","breadcrumb":{"@id":"https:\/\/talkpal.ai\/is\/serbneska-malfraedi-aefingum\/#breadcrumb"},"inLanguage":"is","potentialAction":[{"@type":"ReadAction","target":["https:\/\/talkpal.ai\/is\/serbneska-malfraedi-aefingum\/"]}]},{"@type":"ImageObject","inLanguage":"is","@id":"https:\/\/talkpal.ai\/is\/serbneska-malfraedi-aefingum\/#primaryimage","url":"https:\/\/talkpal.ai\/wp-content\/uploads\/2023\/05\/serbia.png","contentUrl":"https:\/\/talkpal.ai\/wp-content\/uploads\/2023\/05\/serbia.png","width":512,"height":512},{"@type":"BreadcrumbList","@id":"https:\/\/talkpal.ai\/is\/serbneska-malfraedi-aefingum\/#breadcrumb","itemListElement":[{"@type":"ListItem","position":1,"name":"Homepage","item":"https:\/\/talkpal.ai\/is\/"},{"@type":"ListItem","position":2,"name":"Serbneska m\u00e1lfr\u00e6\u00f0i \u00e6fingum"}]},{"@type":"WebSite","@id":"https:\/\/talkpal.ai\/is\/#website","url":"https:\/\/talkpal.ai\/is\/","name":"Talkpal","description":"AI Language Learning","publisher":{"@id":"https:\/\/talkpal.ai\/is\/#organization"},"alternateName":"Talkpal AI","potentialAction":[{"@type":"SearchAction","target":{"@type":"EntryPoint","urlTemplate":"https:\/\/talkpal.ai\/is\/?s={search_term_string}"},"query-input":{"@type":"PropertyValueSpecification","valueRequired":true,"valueName":"search_term_string"}}],"inLanguage":"is"},{"@type":"Organization","@id":"https:\/\/talkpal.ai\/is\/#organization","name":"Talkpal, Inc.","alternateName":"Talkpal AI","url":"https:\/\/talkpal.ai\/is\/","logo":{"@type":"ImageObject","inLanguage":"is","@id":"https:\/\/talkpal.ai\/is\/#\/schema\/logo\/image\/","url":"https:\/\/talkpal.ai\/wp-content\/uploads\/2024\/03\/Talkpal-Logo-Icon.png","contentUrl":"https:\/\/talkpal.ai\/wp-content\/uploads\/2024\/03\/Talkpal-Logo-Icon.png","width":2880,"height":2880,"caption":"Talkpal, Inc."},"image":{"@id":"https:\/\/talkpal.ai\/is\/#\/schema\/logo\/image\/"},"sameAs":["https:\/\/www.facebook.com\/profile.php?id=100090733639311","https:\/\/x.com\/talkpalai","https:\/\/www.linkedin.com\/company\/talkpal\/","https:\/\/www.youtube.com\/@TalkPal\/","https:\/\/www.tiktok.com\/@talkpal","https:\/\/www.instagram.com\/talkpal_ai\/","https:\/\/www.crunchbase.com\/organization\/talkpal-9cde","https:\/\/www.g2.com\/products\/talkpal-for-business\/","https:\/\/www.trustpilot.com\/review\/talkpal.ai","https:\/\/www.capterra.com\/p\/10006800\/TalkPal\/"],"description":"Talkpal is a language learning web and mobile education app, powered by the latest AI technologies, that provides engaging experiences to its customers in many different languages to help them improve their language skills. Users can chat about unlimited amount of topics with the app and use other modes to practice their language learning.","email":"support@talkpal.ai","legalName":"Talkpal, Inc.","foundingDate":"2023-04-03","duns":"118989042","numberOfEmployees":{"@type":"QuantitativeValue","minValue":"11","maxValue":"50"},"publishingPrinciples":"https:\/\/talkpal.ai\/publishing-principles\/","actionableFeedbackPolicy":"https:\/\/talkpal.ai\/actionable-feedback-policy\/","correctionsPolicy":"https:\/\/talkpal.ai\/corrections-policy\/","ethicsPolicy":"https:\/\/talkpal.ai\/ethics-policy\/","diversityPolicy":"https:\/\/talkpal.ai\/diversity-policy\/","diversityStaffingReport":"https:\/\/talkpal.ai\/diversity-policy\/"}]}},"_links":{"self":[{"href":"https:\/\/talkpal.ai\/is\/wp-json\/wp\/v2\/pages\/157297","targetHints":{"allow":["GET"]}}],"collection":[{"href":"https:\/\/talkpal.ai\/is\/wp-json\/wp\/v2\/pages"}],"about":[{"href":"https:\/\/talkpal.ai\/is\/wp-json\/wp\/v2\/types\/page"}],"author":[{"embeddable":true,"href":"https:\/\/talkpal.ai\/is\/wp-json\/wp\/v2\/users\/6"}],"replies":[{"embeddable":true,"href":"https:\/\/talkpal.ai\/is\/wp-json\/wp\/v2\/comments?post=157297"}],"version-history":[{"count":0,"href":"https:\/\/talkpal.ai\/is\/wp-json\/wp\/v2\/pages\/157297\/revisions"}],"wp:featuredmedia":[{"embeddable":true,"href":"https:\/\/talkpal.ai\/is\/wp-json\/wp\/v2\/media\/118102"}],"wp:attachment":[{"href":"https:\/\/talkpal.ai\/is\/wp-json\/wp\/v2\/media?parent=157297"}],"curies":[{"name":"wp","href":"https:\/\/api.w.org\/{rel}","templated":true}]}}