{"id":141350,"date":"2023-05-14T14:00:03","date_gmt":"2023-05-14T14:00:03","guid":{"rendered":"http:\/\/talkpal.ai\/bosnisk-malfraedi\/"},"modified":"2025-05-22T14:41:11","modified_gmt":"2025-05-22T14:41:11","slug":"bosnisk-malfraedi","status":"publish","type":"page","link":"https:\/\/talkpal.ai\/is\/bosnisk-malfraedi\/","title":{"rendered":"Bosn\u00edsk m\u00e1lfr\u00e6\u00f0i"},"content":{"rendered":"\r\n\r\n\r\n<section class=\"languageChallengeSection\">\r\n    <div class=\"languageInfoWrapper\">\r\n        \r\n        <h1>Bosn\u00edsk m\u00e1lfr\u00e6\u00f0i<\/h1>\r\n        <p>Opna\u00f0u fyrir r\u00edkan og tj\u00e1ningarfullan heim bosn\u00edsku me\u00f0 \u00fev\u00ed a\u00f0 n\u00e1 t\u00f6kum \u00e1 grunnatri\u00f0um m\u00e1lfr\u00e6\u00f0innar. G\u00f3\u00f0 kunn\u00e1tta \u00ed bosn\u00edskri <a href=\"https:\/\/talkpal.ai\/grammar\/\">m\u00e1lfr\u00e6\u00f0i<\/a> mun hj\u00e1lpa \u00fe\u00e9r a\u00f0 eiga \u00f6rugg samskipti og meta menninguna d\u00fdpra. Byrja\u00f0u a\u00f0 l\u00e6ra <a href=\"https:\/\/talkpal.ai\/learn-bosnian\/\">bosn\u00edska<\/a> m\u00e1lfr\u00e6\u00f0i \u00ed dag og taktu fyrsta skrefi\u00f0 \u00ed \u00e1tt a\u00f0 f\u00e6rni \u00ed or\u00f0um!<\/p>\r\n\r\n                            <a class=\"getStartedHidden\" href=\"https:\/\/app.talkpal.ai\/signup?lng=\">Byrja\u00f0u<\/a>\r\n        \r\n    <\/div>\r\n\r\n    <figure>\r\n    <img decoding=\"async\" width=\"768\" height=\"768\" src=\"https:\/\/talkpal.ai\/wp-content\/uploads\/2023\/06\/bosinian-768x768.png\" class=\"languageImage no-lazy\" alt=\"Language learning for increasing employability\" fetchpriority=\"high\" sizes=\"(max-width: 768px) 150px, 768px\" srcset=\"https:\/\/talkpal.ai\/wp-content\/uploads\/2023\/06\/bosinian-768x768.png 768w, https:\/\/talkpal.ai\/wp-content\/uploads\/2023\/06\/bosinian-300x300.png 300w\" \/>\r\n    \r\n\r\n    <\/figure>\r\n\r\n            <a class=\"getStartedVisible\" href=\"https:\/\/app.talkpal.ai\/signup?lng=\">Byrja\u00f0u<\/a>\r\n    \r\n<\/section>\r\n<section class=\"promotionalBanner\">\r\n    <p class=\"promotionalText\">Skilvirkasta lei\u00f0in til a\u00f0 l\u00e6ra tungum\u00e1l<\/p>\r\n    <a class=\"promotionalLink\" href=\"https:\/\/app.talkpal.ai\/signup?lng=\">Pr\u00f3fa\u00f0u Talkpal \u00f3keypis<\/a>\r\n<\/section>\n<div class=\"wp-block-group pageContainerStyle\"><div class=\"wp-block-group__inner-container is-layout-constrained wp-block-group-is-layout-constrained\">\n<h2 class=\"wp-block-heading\" id=\"h-bosnian-grammar-a-guide-to-understanding-its-unique-features\">Bosn\u00edsk m\u00e1lfr\u00e6\u00f0i: Lei\u00f0arv\u00edsir til a\u00f0 skilja einstaka eiginleika \u00feess<\/h2>\n\n\n\n<p>Ertu a\u00f0 l\u00e6ra bosn\u00edsku og finnur \u00feig undrandi \u00e1 m\u00e1lfr\u00e6\u00f0i tungum\u00e1lsins? \u0136ttastu ekki! \u00cd \u00feessari grein \u00e6tlum vi\u00f0 a\u00f0 kafa ofan \u00ed leyndard\u00f3ma bosn\u00edskrar m\u00e1lfr\u00e6\u00f0i og hj\u00e1lpa \u00fe\u00e9r a\u00f0 skilja einstaka eiginleika hennar, allt \u00e1 <a href=\"https:\/\/talkpal.ai\/locations\/language-courses-in-sama\/\">sama<\/a> t\u00edma og vi\u00f0 h\u00f6fum \u00fea\u00f0 einfalt og a\u00f0la\u00f0andi. Tilb\u00fainn til a\u00f0 leggja upp \u00ed \u00feetta spennandi tungum\u00e1lafer\u00f0alag? Byrjum!<\/p>\n\n\n\n<h3 class=\"wp-block-heading\" id=\"h-the-fundamentals-nouns-and-pronouns\">Grundvallaratri\u00f0i: Nafnor\u00f0 og forn\u00f6fn<\/h3>\n\n\n\n<p>Fyrst og fremst er nau\u00f0synlegt a\u00f0 vita a\u00f0 bosn\u00edska, eins og \u00f6nnur slavnesk tungum\u00e1l, hefur \u00ferj\u00fa m\u00e1lfr\u00e6\u00f0ileg kyn: karlkyns, kvenkyns og hvorugkyns. Hvernig getur\u00f0u sagt hva\u00f0a kyni nafnor\u00f0 tilheyrir? \u00dea\u00f0 er au\u00f0velt! \u00deetta sn\u00fdst allt um endirinn. H\u00e9r er stutt lei\u00f0arv\u00edsir:<\/p>\n\n\n\n<p><strong>&#8211; Karlkynsnafnor\u00f0 enda venjulega \u00e1 samhlj\u00f3\u00f0i,<\/strong><\/p>\n\n\n\n<p><strong>&#8211; Kvenkynsnafnor\u00f0 enda venjulega \u00e1 -a,<\/strong><\/p>\n\n\n\n<p><strong>\u2013 Hvorugkynsnafnor\u00f0 enda oftast \u00e1 -o e\u00f0a -e.<\/strong><\/p>\n\n\n\n<p>Haf\u00f0u \u00ed huga a\u00f0 \u00feetta eru almennar reglur og \u00fea\u00f0 g\u00e6tu veri\u00f0 undantekningar. N\u00fa skulum vi\u00f0 <a href=\"https:\/\/talkpal.ai\/locations\/language-courses-in-tala\/\">tala<\/a> um forn\u00f6fn. Pers\u00f3nuforn\u00f6fn \u00ed bosn\u00edsku breytast eftir kyni nafnor\u00f0sins, t\u00f6lu (eint\u00f6lu e\u00f0a fleirt\u00f6lu) og h\u00e1st\u00f6fum (n\u00e1nar um f\u00f6ll s\u00ed\u00f0ar). \u00dea\u00f0 eru sj\u00f6 pers\u00f3nuforn\u00f6fn \u00ed bosn\u00edsku: ja (I), ti (u, eintala\/\u00f3formlegt), \u00e1 (hann), ona (h\u00fan), <a href=\"https:\/\/talkpal.ai\/locations\/language-courses-in-ono\/\">ono<\/a> (\u00fea\u00f0), mi (vi\u00f0) og vi (u, fleirt\u00f6lu\/formlegt). Mundu a\u00f0 bosn\u00edska \u00e1varpar f\u00f3lk b\u00e6\u00f0i \u00e1 \u00f3formlegan og formlegan h\u00e1tt \u2013 svo vertu viss um a\u00f0 nota r\u00e9tt fornafn \u00feegar \u00fe\u00fa talar vi\u00f0 einhvern!<\/p>\n\n\n\n<h3 class=\"wp-block-heading\" id=\"h-next-up-verb-conjugation\">N\u00e6st: Samtenging sagna<\/h3>\n\n\n\n<p>Sagnir eru hryggjarstykki\u00f0 \u00ed hva\u00f0a tungum\u00e1li sem er og bosn\u00edska er ekkert \u00f6\u00f0ruv\u00edsi. Bosn\u00edskar sagnir hafa tv\u00f6 meginbeygingarmynstur: ein fyrir sagnir sem enda \u00e1 -ti (fyrsta samtenging) og \u00f6nnur fyrir sagnir sem enda \u00e1 -\u0107i (\u00f6nnur beyging). \u00cd b\u00e1\u00f0um tilfellum breytast sagnarendingar eftir kyni, t\u00f6lu og t\u00ed\u00f0ni vi\u00f0fangsefnisins.<\/p>\n\n\n\n<p>Talandi um spennu, \u00fe\u00e1 hefur Bosn\u00edska \u00ferj\u00fa einf\u00f6ld hugt\u00f6k: n\u00fat\u00ed\u00f0, fort\u00ed\u00f0 og framt\u00ed\u00f0. N\u00faverandi spenna er myndu\u00f0 me\u00f0 \u00fev\u00ed a\u00f0 b\u00e6ta s\u00e9rst\u00f6kum endingum vi\u00f0 s\u00f6gnina stafa. \u00de\u00e1t\u00ed\u00f0 er aftur \u00e1 m\u00f3ti myndu\u00f0 me\u00f0 \u00fev\u00ed a\u00f0 nota hj\u00e1lpars\u00f6gnina \u201ebiti\u201c (a\u00f0 vera) \u00ed \u00f3endanlega myndinni \u201ebio\u201c og \u00fe\u00e1t\u00ed\u00f0. A\u00f0 lokum er framt\u00ed\u00f0art\u00edminn b\u00fainn til me\u00f0 \u00fev\u00ed a\u00f0 sameina hj\u00e1lpars\u00f6gnina \u201ehtjeti\u201c (vilja) og \u00f3endanlega mynd a\u00f0alsagnar.<\/p>\n\n\n\n<h3 class=\"wp-block-heading\" id=\"h-the-magic-of-cases\">Galdur m\u00e1lanna<\/h3>\n\n\n\n<p><a href=\"https:\/\/talkpal.ai\/bosnian-grammar\/\">Bosn\u00edsk m\u00e1lfr\u00e6\u00f0i<\/a> notar d\u00e6mikerfi, sem \u00fe\u00fd\u00f0ir a\u00f0 nafnor\u00f0, forn\u00f6fn, l\u00fdsingaror\u00f0 og stundum jafnvel sagnir breyta formi s\u00ednu \u00ed samr\u00e6mi vi\u00f0 hlutverk sitt \u00ed setningu. \u00dea\u00f0 eru sj\u00f6 tilfelli \u00e1 bosn\u00edsku: nafnh\u00e1ttur, genitive, dative, accusative, vocative, instrumental og locative.<\/p>\n\n\n\n<p>N\u00fa, ekki l\u00e1ta \u00feessa skilm\u00e1la hr\u00e6\u00f0a \u00feig! \u00deetta er bara spurning um \u00e6fingu. Hvert m\u00e1l \u00fej\u00f3nar \u00e1kve\u00f0num tilgangi og svarar \u00e1kve\u00f0num spurningum:<\/p>\n\n\n\n<p><strong>1. Nafngreining:<\/strong> Efni m\u00e1lsli\u00f0ar. Hver e\u00f0a hva\u00f0 er a\u00f0 <a href=\"https:\/\/talkpal.ai\/locations\/language-courses-in-gera\/\">gera<\/a> a\u00f0ger\u00f0ina?<\/p>\n\n\n\n<p><strong>2. Genitive:<\/strong> Gefur til kynna eignarhald, uppruna e\u00f0a hluta af einhverju. Hver e\u00f0a hva\u00f0?<\/p>\n\n\n\n<p><strong>3. Stefnum\u00f3t:<\/strong> \u00d3beinn hlutur \u2013 hverjum e\u00f0a fyrir hvern er eitthva\u00f0 gefi\u00f0 e\u00f0a gert?<\/p>\n\n\n\n<p><strong>4. \u00c1s\u00f6kun:<\/strong> Beinn hlutur &#8211; hver e\u00f0a hva\u00f0 f\u00e6r a\u00f0ger\u00f0ina?<\/p>\n\n\n\n<p><strong>5. Vocative:<\/strong> Nota\u00f0 til a\u00f0 \u00e1varpa einhvern e\u00f0a eitthva\u00f0 beint &#8211; Hey, \u00fe\u00fa!<\/p>\n\n\n\n<p><strong>6. Instrumental:<\/strong> T\u00e1knar a\u00f0fer\u00f0 e\u00f0a a\u00f0fer\u00f0 vi\u00f0 a\u00f0ger\u00f0ina &#8211; me\u00f0 hverju e\u00f0a af hverjum?<\/p>\n\n\n\n<p><strong>7. Sta\u00f0setning:<\/strong> S\u00fdnir sta\u00f0setningu e\u00f0a sta\u00f0setningu einhvers &#8211; hvar e\u00f0a \u00e1 hva\u00f0?<\/p>\n\n\n\n<h3 class=\"wp-block-heading\" id=\"h-loving-the-adjectives\">A\u00f0 elska l\u00fdsingaror\u00f0<\/h3>\n\n\n\n<p>L\u00fdsingaror\u00f0 \u00e1 bosn\u00edsku eru samm\u00e1la nafnor\u00f0inu sem \u00feau breyta hva\u00f0 var\u00f0ar kyn, t\u00f6lu og fall. \u00deetta \u00fe\u00fd\u00f0ir a\u00f0 l\u00fdsingaror\u00f0, r\u00e9tt eins og nafnor\u00f0 og forn\u00f6fn, hafa mismunandi form eftir \u00fev\u00ed hva\u00f0a nafnor\u00f0i \u00feau l\u00fdsa.<\/p>\n\n\n\n<p>Til d\u00e6mis, ef \u00fe\u00fa vilt segja \u201est\u00f3rt h\u00fas\u201c \u00e1 bosn\u00edsku (sem er kvenkynsnafnor\u00f0), myndir\u00f0u segja \u201evelika ku\u0107a\u201c. Hins vegar, ef \u00fe\u00fa ert a\u00f0 tala um \u201est\u00f3ran b\u00edl\u201c (karlkynsnafnor\u00f0), myndir\u00f0u segja \u201eveliki auto\u201c.<\/p>\n\n\n\n<h3 class=\"wp-block-heading\" id=\"h-final-thoughts\">Final hugsanir<\/h3>\n\n\n\n<p>Bosn\u00edsk m\u00e1lfr\u00e6\u00f0i, me\u00f0 kyni s\u00ednu, tilvikum og sagnbeygingu, kann a\u00f0 vir\u00f0ast fl\u00f3kin \u00ed upphafi, en mundu: \u00e6fingin skapar meistarann! \u00deetta sn\u00fdst allt um a\u00f0 skilja kerfi\u00f0 og nota \u00fea\u00f0 \u00ed raunverulegum a\u00f0st\u00e6\u00f0um. Vertu \u00feolinm\u00f3\u00f0ur, haltu \u00e1fram a\u00f0 \u00e6fa \u00feig og flj\u00f3tlega muntu finna sj\u00e1lfan \u00feig a\u00f0 n\u00e1 t\u00f6kum \u00e1 fallegu tungum\u00e1li Bosn\u00edu. Sretno! (Gangi \u00fe\u00e9r vel!)<\/p>\n<\/div><\/div>\n\r\n<section class=\"learnNavigationSection\">\r\n            \r\n        <a href=\"https:\/\/talkpal.ai\/is\/laerdu-bosnisku\/\">\r\n            <div class=\"learnNavigationWrapper\">\r\n                <div class=\"learnNavigationContent\">\r\n                    <img decoding=\"async\" src=\"https:\/\/talkpal.ai\/wp-content\/uploads\/2024\/08\/Bosnian.jpg\" alt=\"Bosnian Flag\">\r\n                    <div>\r\n                        <h4>Um Bosn\u00edun\u00e1m<\/h4>\r\n                        <p>L\u00e6r\u00f0u allt um bosn\u00edska m\u00e1lfr\u00e6\u00f0i.<\/p>\r\n                    <\/div>\r\n                <\/div>\r\n            <\/div>\r\n        <\/a>\r\n\r\n        \r\n        <a href=\"https:\/\/talkpal.ai\/is\/bosniu-malfraedi-aefingar\/\">\r\n            <div class=\"learnNavigationWrapper\">\r\n                <div class=\"learnNavigationContent\">\r\n                    <img decoding=\"async\" src=\"https:\/\/talkpal.ai\/wp-content\/uploads\/2024\/08\/Bosnian.jpg\" alt=\"Bosnian Flag\">\r\n                    <div>\r\n                        <h4>Bosn\u00edsk m\u00e1lfr\u00e6\u00f0i\u00e6fing<\/h4>\r\n                        <p>\u00c6f\u00f0u bosn\u00edska m\u00e1lfr\u00e6\u00f0i.<\/p>\r\n                    <\/div>\r\n                <\/div>\r\n            <\/div>\r\n        <\/a>\r\n\r\n        \r\n        <a href=\"https:\/\/talkpal.ai\/vocabulary_language\/bosnian\/\">\r\n            <div class=\"learnNavigationWrapper\">\r\n                <div class=\"learnNavigationContent\">\r\n                    <img decoding=\"async\" src=\"https:\/\/talkpal.ai\/wp-content\/uploads\/2024\/08\/Bosnian.jpg\" alt=\"Bosnian Flag\">\r\n                    <div>\r\n                        <h4>Bosn\u00edska or\u00f0afor\u00f0i<\/h4>\r\n                        <p>St\u00e6kka\u00f0u bosn\u00edska or\u00f0afor\u00f0a \u00feinn.<\/p>\r\n                    <\/div>\r\n                <\/div>\r\n            <\/div>\r\n        <\/a>\r\n\r\n            <\/section>","protected":false},"excerpt":{"rendered":"<p>Bosn\u00edsk m\u00e1lfr\u00e6\u00f0i: Lei\u00f0arv\u00edsir til a\u00f0 skilja einstaka eiginleika \u00feess Ertu a\u00f0 l\u00e6ra bosn\u00edsku og finnur \u00feig undrandi \u00e1 m\u00e1lfr\u00e6\u00f0i tungum\u00e1lsins? \u0136ttastu ekki! \u00cd \u00feessari grein \u00e6tlum vi\u00f0 a\u00f0 kafa ofan \u00ed leyndard\u00f3ma bosn\u00edskrar m\u00e1lfr\u00e6\u00f0i og hj\u00e1lpa \u00fe\u00e9r a\u00f0 skilja einstaka eiginleika hennar, allt \u00e1 sama t\u00edma og vi\u00f0 h\u00f6fum \u00fea\u00f0 einfalt og a\u00f0la\u00f0andi. Tilb\u00fainn til [&hellip;]<\/p>\n","protected":false},"author":1,"featured_media":111465,"parent":0,"menu_order":0,"comment_status":"closed","ping_status":"closed","template":"LearningContentPage.php","meta":{"_acf_changed":false,"footnotes":""},"class_list":["post-141350","page","type-page","status-publish","has-post-thumbnail","hentry"],"acf":[],"yoast_head":"<!-- This site is optimized with the Yoast SEO Premium plugin v27.2 (Yoast SEO v27.2) - https:\/\/yoast.com\/product\/yoast-seo-premium-wordpress\/ -->\n<title>Bosn\u00edsk m\u00e1lfr\u00e6\u00f0i - Talkpal<\/title>\n<meta name=\"description\" content=\"N\u00e1\u00f0u t\u00f6kum \u00e1 bosn\u00edskri m\u00e1lfr\u00e6\u00f0i \u00e1reynslulaust me\u00f0 Talkpal , tungum\u00e1lakennaranum \u00fe\u00ednum sem byggir \u00e1 gervigreind. Uppg\u00f6tva\u00f0u einfaldar \u00fatsk\u00fdringar, hagn\u00fdt r\u00e1\u00f0 og gagnvirkar \u00e6fingar!\" \/>\n<meta name=\"robots\" content=\"index, follow, max-snippet:-1, max-image-preview:large, max-video-preview:-1\" \/>\n<link rel=\"canonical\" href=\"https:\/\/talkpal.ai\/is\/bosnisk-malfraedi\/\" \/>\n<meta property=\"og:locale\" content=\"is_IS\" \/>\n<meta property=\"og:type\" content=\"article\" \/>\n<meta property=\"og:title\" content=\"Bosn\u00edsk m\u00e1lfr\u00e6\u00f0i\" \/>\n<meta property=\"og:description\" content=\"Bosn\u00edsk m\u00e1lfr\u00e6\u00f0i: Lei\u00f0arv\u00edsir til a\u00f0 skilja einstaka eiginleika \u00feess Ertu a\u00f0 l\u00e6ra bosn\u00edsku og finnur \u00feig undrandi \u00e1 m\u00e1lfr\u00e6\u00f0i tungum\u00e1lsins? \u0136ttastu ekki! \u00cd\" \/>\n<meta property=\"og:url\" content=\"https:\/\/talkpal.ai\/is\/bosnisk-malfraedi\/\" \/>\n<meta property=\"og:site_name\" content=\"Talkpal\" \/>\n<meta property=\"article:publisher\" content=\"https:\/\/www.facebook.com\/profile.php?id=100090733639311\" \/>\n<meta property=\"article:modified_time\" content=\"2025-05-22T14:41:11+00:00\" \/>\n<meta property=\"og:image\" content=\"https:\/\/talkpal.ai\/wp-content\/uploads\/2023\/05\/bosnia-and-herzegovina.png\" \/>\n\t<meta property=\"og:image:width\" content=\"512\" \/>\n\t<meta property=\"og:image:height\" content=\"512\" \/>\n\t<meta property=\"og:image:type\" content=\"image\/png\" \/>\n<meta name=\"twitter:card\" content=\"summary_large_image\" \/>\n<meta name=\"twitter:site\" content=\"@talkpalai\" \/>\n<meta name=\"twitter:label1\" content=\"Est. reading time\" \/>\n\t<meta name=\"twitter:data1\" content=\"4 minutes\" \/>\n<script type=\"application\/ld+json\" class=\"yoast-schema-graph\">{\"@context\":\"https:\/\/schema.org\",\"@graph\":[{\"@type\":\"WebPage\",\"@id\":\"https:\/\/talkpal.ai\/is\/bosnisk-malfraedi\/\",\"url\":\"https:\/\/talkpal.ai\/is\/bosnisk-malfraedi\/\",\"name\":\"Bosn\u00edsk m\u00e1lfr\u00e6\u00f0i - Talkpal\",\"isPartOf\":{\"@id\":\"https:\/\/talkpal.ai\/is\/#website\"},\"primaryImageOfPage\":{\"@id\":\"https:\/\/talkpal.ai\/is\/bosnisk-malfraedi\/#primaryimage\"},\"image\":{\"@id\":\"https:\/\/talkpal.ai\/is\/bosnisk-malfraedi\/#primaryimage\"},\"thumbnailUrl\":\"https:\/\/talkpal.ai\/wp-content\/uploads\/2023\/05\/bosnia-and-herzegovina.png\",\"datePublished\":\"2023-05-14T14:00:03+00:00\",\"dateModified\":\"2025-05-22T14:41:11+00:00\",\"description\":\"N\u00e1\u00f0u t\u00f6kum \u00e1 bosn\u00edskri m\u00e1lfr\u00e6\u00f0i \u00e1reynslulaust me\u00f0 Talkpal , tungum\u00e1lakennaranum \u00fe\u00ednum sem byggir \u00e1 gervigreind. Uppg\u00f6tva\u00f0u einfaldar \u00fatsk\u00fdringar, hagn\u00fdt r\u00e1\u00f0 og gagnvirkar \u00e6fingar!\",\"breadcrumb\":{\"@id\":\"https:\/\/talkpal.ai\/is\/bosnisk-malfraedi\/#breadcrumb\"},\"inLanguage\":\"is\",\"potentialAction\":[{\"@type\":\"ReadAction\",\"target\":[\"https:\/\/talkpal.ai\/is\/bosnisk-malfraedi\/\"]}]},{\"@type\":\"ImageObject\",\"inLanguage\":\"is\",\"@id\":\"https:\/\/talkpal.ai\/is\/bosnisk-malfraedi\/#primaryimage\",\"url\":\"https:\/\/talkpal.ai\/wp-content\/uploads\/2023\/05\/bosnia-and-herzegovina.png\",\"contentUrl\":\"https:\/\/talkpal.ai\/wp-content\/uploads\/2023\/05\/bosnia-and-herzegovina.png\",\"width\":512,\"height\":512},{\"@type\":\"BreadcrumbList\",\"@id\":\"https:\/\/talkpal.ai\/is\/bosnisk-malfraedi\/#breadcrumb\",\"itemListElement\":[{\"@type\":\"ListItem\",\"position\":1,\"name\":\"Homepage\",\"item\":\"https:\/\/talkpal.ai\/is\/\"},{\"@type\":\"ListItem\",\"position\":2,\"name\":\"Bosn\u00edsk m\u00e1lfr\u00e6\u00f0i\"}]},{\"@type\":\"WebSite\",\"@id\":\"https:\/\/talkpal.ai\/is\/#website\",\"url\":\"https:\/\/talkpal.ai\/is\/\",\"name\":\"Talkpal\",\"description\":\"AI Language Learning\",\"publisher\":{\"@id\":\"https:\/\/talkpal.ai\/is\/#organization\"},\"alternateName\":\"Talkpal AI\",\"potentialAction\":[{\"@type\":\"SearchAction\",\"target\":{\"@type\":\"EntryPoint\",\"urlTemplate\":\"https:\/\/talkpal.ai\/is\/?s={search_term_string}\"},\"query-input\":{\"@type\":\"PropertyValueSpecification\",\"valueRequired\":true,\"valueName\":\"search_term_string\"}}],\"inLanguage\":\"is\"},{\"@type\":\"Organization\",\"@id\":\"https:\/\/talkpal.ai\/is\/#organization\",\"name\":\"Talkpal, Inc.\",\"alternateName\":\"Talkpal AI\",\"url\":\"https:\/\/talkpal.ai\/is\/\",\"logo\":{\"@type\":\"ImageObject\",\"inLanguage\":\"is\",\"@id\":\"https:\/\/talkpal.ai\/is\/#\/schema\/logo\/image\/\",\"url\":\"https:\/\/talkpal.ai\/wp-content\/uploads\/2024\/03\/Talkpal-Logo-Icon.png\",\"contentUrl\":\"https:\/\/talkpal.ai\/wp-content\/uploads\/2024\/03\/Talkpal-Logo-Icon.png\",\"width\":2880,\"height\":2880,\"caption\":\"Talkpal, Inc.\"},\"image\":{\"@id\":\"https:\/\/talkpal.ai\/is\/#\/schema\/logo\/image\/\"},\"sameAs\":[\"https:\/\/www.facebook.com\/profile.php?id=100090733639311\",\"https:\/\/x.com\/talkpalai\",\"https:\/\/www.linkedin.com\/company\/talkpal\/\",\"https:\/\/www.youtube.com\/@TalkPal\/\",\"https:\/\/www.tiktok.com\/@talkpal\",\"https:\/\/www.instagram.com\/talkpal_ai\/\",\"https:\/\/www.crunchbase.com\/organization\/talkpal-9cde\",\"https:\/\/www.g2.com\/products\/talkpal-for-business\/\",\"https:\/\/www.trustpilot.com\/review\/talkpal.ai\",\"https:\/\/www.capterra.com\/p\/10006800\/TalkPal\/\"],\"description\":\"Talkpal is a language learning web and mobile education app, powered by the latest AI technologies, that provides engaging experiences to its customers in many different languages to help them improve their language skills. Users can chat about unlimited amount of topics with the app and use other modes to practice their language learning.\",\"email\":\"support@talkpal.ai\",\"legalName\":\"Talkpal, Inc.\",\"foundingDate\":\"2023-04-03\",\"duns\":\"118989042\",\"numberOfEmployees\":{\"@type\":\"QuantitativeValue\",\"minValue\":\"11\",\"maxValue\":\"50\"},\"publishingPrinciples\":\"https:\/\/talkpal.ai\/publishing-principles\/\",\"actionableFeedbackPolicy\":\"https:\/\/talkpal.ai\/actionable-feedback-policy\/\",\"correctionsPolicy\":\"https:\/\/talkpal.ai\/corrections-policy\/\",\"ethicsPolicy\":\"https:\/\/talkpal.ai\/ethics-policy\/\",\"diversityPolicy\":\"https:\/\/talkpal.ai\/diversity-policy\/\",\"diversityStaffingReport\":\"https:\/\/talkpal.ai\/diversity-policy\/\"}]}<\/script>\n<!-- \/ Yoast SEO Premium plugin. -->","yoast_head_json":{"title":"Bosn\u00edsk m\u00e1lfr\u00e6\u00f0i - Talkpal","description":"N\u00e1\u00f0u t\u00f6kum \u00e1 bosn\u00edskri m\u00e1lfr\u00e6\u00f0i \u00e1reynslulaust me\u00f0 Talkpal , tungum\u00e1lakennaranum \u00fe\u00ednum sem byggir \u00e1 gervigreind. Uppg\u00f6tva\u00f0u einfaldar \u00fatsk\u00fdringar, hagn\u00fdt r\u00e1\u00f0 og gagnvirkar \u00e6fingar!","robots":{"index":"index","follow":"follow","max-snippet":"max-snippet:-1","max-image-preview":"max-image-preview:large","max-video-preview":"max-video-preview:-1"},"canonical":"https:\/\/talkpal.ai\/is\/bosnisk-malfraedi\/","og_locale":"is_IS","og_type":"article","og_title":"Bosn\u00edsk m\u00e1lfr\u00e6\u00f0i","og_description":"Bosn\u00edsk m\u00e1lfr\u00e6\u00f0i: Lei\u00f0arv\u00edsir til a\u00f0 skilja einstaka eiginleika \u00feess Ertu a\u00f0 l\u00e6ra bosn\u00edsku og finnur \u00feig undrandi \u00e1 m\u00e1lfr\u00e6\u00f0i tungum\u00e1lsins? \u0136ttastu ekki! \u00cd","og_url":"https:\/\/talkpal.ai\/is\/bosnisk-malfraedi\/","og_site_name":"Talkpal","article_publisher":"https:\/\/www.facebook.com\/profile.php?id=100090733639311","article_modified_time":"2025-05-22T14:41:11+00:00","og_image":[{"width":512,"height":512,"url":"https:\/\/talkpal.ai\/wp-content\/uploads\/2023\/05\/bosnia-and-herzegovina.png","type":"image\/png"}],"twitter_card":"summary_large_image","twitter_site":"@talkpalai","twitter_misc":{"Est. reading time":"4 minutes"},"schema":{"@context":"https:\/\/schema.org","@graph":[{"@type":"WebPage","@id":"https:\/\/talkpal.ai\/is\/bosnisk-malfraedi\/","url":"https:\/\/talkpal.ai\/is\/bosnisk-malfraedi\/","name":"Bosn\u00edsk m\u00e1lfr\u00e6\u00f0i - Talkpal","isPartOf":{"@id":"https:\/\/talkpal.ai\/is\/#website"},"primaryImageOfPage":{"@id":"https:\/\/talkpal.ai\/is\/bosnisk-malfraedi\/#primaryimage"},"image":{"@id":"https:\/\/talkpal.ai\/is\/bosnisk-malfraedi\/#primaryimage"},"thumbnailUrl":"https:\/\/talkpal.ai\/wp-content\/uploads\/2023\/05\/bosnia-and-herzegovina.png","datePublished":"2023-05-14T14:00:03+00:00","dateModified":"2025-05-22T14:41:11+00:00","description":"N\u00e1\u00f0u t\u00f6kum \u00e1 bosn\u00edskri m\u00e1lfr\u00e6\u00f0i \u00e1reynslulaust me\u00f0 Talkpal , tungum\u00e1lakennaranum \u00fe\u00ednum sem byggir \u00e1 gervigreind. Uppg\u00f6tva\u00f0u einfaldar \u00fatsk\u00fdringar, hagn\u00fdt r\u00e1\u00f0 og gagnvirkar \u00e6fingar!","breadcrumb":{"@id":"https:\/\/talkpal.ai\/is\/bosnisk-malfraedi\/#breadcrumb"},"inLanguage":"is","potentialAction":[{"@type":"ReadAction","target":["https:\/\/talkpal.ai\/is\/bosnisk-malfraedi\/"]}]},{"@type":"ImageObject","inLanguage":"is","@id":"https:\/\/talkpal.ai\/is\/bosnisk-malfraedi\/#primaryimage","url":"https:\/\/talkpal.ai\/wp-content\/uploads\/2023\/05\/bosnia-and-herzegovina.png","contentUrl":"https:\/\/talkpal.ai\/wp-content\/uploads\/2023\/05\/bosnia-and-herzegovina.png","width":512,"height":512},{"@type":"BreadcrumbList","@id":"https:\/\/talkpal.ai\/is\/bosnisk-malfraedi\/#breadcrumb","itemListElement":[{"@type":"ListItem","position":1,"name":"Homepage","item":"https:\/\/talkpal.ai\/is\/"},{"@type":"ListItem","position":2,"name":"Bosn\u00edsk m\u00e1lfr\u00e6\u00f0i"}]},{"@type":"WebSite","@id":"https:\/\/talkpal.ai\/is\/#website","url":"https:\/\/talkpal.ai\/is\/","name":"Talkpal","description":"AI Language Learning","publisher":{"@id":"https:\/\/talkpal.ai\/is\/#organization"},"alternateName":"Talkpal AI","potentialAction":[{"@type":"SearchAction","target":{"@type":"EntryPoint","urlTemplate":"https:\/\/talkpal.ai\/is\/?s={search_term_string}"},"query-input":{"@type":"PropertyValueSpecification","valueRequired":true,"valueName":"search_term_string"}}],"inLanguage":"is"},{"@type":"Organization","@id":"https:\/\/talkpal.ai\/is\/#organization","name":"Talkpal, Inc.","alternateName":"Talkpal AI","url":"https:\/\/talkpal.ai\/is\/","logo":{"@type":"ImageObject","inLanguage":"is","@id":"https:\/\/talkpal.ai\/is\/#\/schema\/logo\/image\/","url":"https:\/\/talkpal.ai\/wp-content\/uploads\/2024\/03\/Talkpal-Logo-Icon.png","contentUrl":"https:\/\/talkpal.ai\/wp-content\/uploads\/2024\/03\/Talkpal-Logo-Icon.png","width":2880,"height":2880,"caption":"Talkpal, Inc."},"image":{"@id":"https:\/\/talkpal.ai\/is\/#\/schema\/logo\/image\/"},"sameAs":["https:\/\/www.facebook.com\/profile.php?id=100090733639311","https:\/\/x.com\/talkpalai","https:\/\/www.linkedin.com\/company\/talkpal\/","https:\/\/www.youtube.com\/@TalkPal\/","https:\/\/www.tiktok.com\/@talkpal","https:\/\/www.instagram.com\/talkpal_ai\/","https:\/\/www.crunchbase.com\/organization\/talkpal-9cde","https:\/\/www.g2.com\/products\/talkpal-for-business\/","https:\/\/www.trustpilot.com\/review\/talkpal.ai","https:\/\/www.capterra.com\/p\/10006800\/TalkPal\/"],"description":"Talkpal is a language learning web and mobile education app, powered by the latest AI technologies, that provides engaging experiences to its customers in many different languages to help them improve their language skills. Users can chat about unlimited amount of topics with the app and use other modes to practice their language learning.","email":"support@talkpal.ai","legalName":"Talkpal, Inc.","foundingDate":"2023-04-03","duns":"118989042","numberOfEmployees":{"@type":"QuantitativeValue","minValue":"11","maxValue":"50"},"publishingPrinciples":"https:\/\/talkpal.ai\/publishing-principles\/","actionableFeedbackPolicy":"https:\/\/talkpal.ai\/actionable-feedback-policy\/","correctionsPolicy":"https:\/\/talkpal.ai\/corrections-policy\/","ethicsPolicy":"https:\/\/talkpal.ai\/ethics-policy\/","diversityPolicy":"https:\/\/talkpal.ai\/diversity-policy\/","diversityStaffingReport":"https:\/\/talkpal.ai\/diversity-policy\/"}]}},"_links":{"self":[{"href":"https:\/\/talkpal.ai\/is\/wp-json\/wp\/v2\/pages\/141350","targetHints":{"allow":["GET"]}}],"collection":[{"href":"https:\/\/talkpal.ai\/is\/wp-json\/wp\/v2\/pages"}],"about":[{"href":"https:\/\/talkpal.ai\/is\/wp-json\/wp\/v2\/types\/page"}],"author":[{"embeddable":true,"href":"https:\/\/talkpal.ai\/is\/wp-json\/wp\/v2\/users\/1"}],"replies":[{"embeddable":true,"href":"https:\/\/talkpal.ai\/is\/wp-json\/wp\/v2\/comments?post=141350"}],"version-history":[{"count":0,"href":"https:\/\/talkpal.ai\/is\/wp-json\/wp\/v2\/pages\/141350\/revisions"}],"wp:featuredmedia":[{"embeddable":true,"href":"https:\/\/talkpal.ai\/is\/wp-json\/wp\/v2\/media\/111465"}],"wp:attachment":[{"href":"https:\/\/talkpal.ai\/is\/wp-json\/wp\/v2\/media?parent=141350"}],"curies":[{"name":"wp","href":"https:\/\/api.w.org\/{rel}","templated":true}]}}