{"id":130708,"date":"2023-05-14T13:53:07","date_gmt":"2023-05-14T13:53:07","guid":{"rendered":"http:\/\/talkpal.ai\/sved-nyelvtan\/"},"modified":"2025-12-11T16:32:54","modified_gmt":"2025-12-11T16:32:54","slug":"sved-nyelvtan","status":"publish","type":"page","link":"https:\/\/talkpal.ai\/hu\/sved-nyelvtan\/","title":{"rendered":"Sv\u00e9d nyelvtan"},"content":{"rendered":"\r\n\r\n\r\n<section class=\"languageChallengeSection\">\r\n    <div class=\"languageInfoWrapper\">\r\n        \r\n        <h1>Sv\u00e9d nyelvtan<\/h1>\r\n        <p>Ismerje meg a <a href=\"https:\/\/talkpal.ai\/learn-swedish\/\">sv\u00e9d<\/a> nyelv sz\u00e9ps\u00e9g\u00e9t az alapvet\u0151 nyelvtani szab\u00e1lyok elsaj\u00e1t\u00edt\u00e1s\u00e1val. A <a href=\"https:\/\/talkpal.ai\/swedish-grammar\/\">sv\u00e9d nyelvtan<\/a> alapos ismerete lehet\u0151v\u00e9 teszi a magabiztos kommunik\u00e1ci\u00f3t \u00e9s a sv\u00e9d kult\u00far\u00e1hoz val\u00f3 kapcsol\u00f3d\u00e1st. Kezdje el a sv\u00e9d <a href=\"https:\/\/talkpal.ai\/grammar\/\">nyelvtan<\/a> tanul\u00e1s\u00e1t m\u00e9g ma, \u00e9s tegye meg az els\u0151 l\u00e9p\u00e9st a foly\u00e9kony nyelvtud\u00e1s fel\u00e9!<\/p>\r\n\r\n                            <a class=\"getStartedHidden\" href=\"https:\/\/app.talkpal.ai\/hu\/signup?lng=\">Kezdj\u00fck<\/a>\r\n        \r\n    <\/div>\r\n\r\n    <figure>\r\n    <img decoding=\"async\" width=\"768\" height=\"768\" src=\"https:\/\/talkpal.ai\/wp-content\/uploads\/2023\/06\/swedish-768x768.png\" class=\"languageImage no-lazy\" alt=\"Language learning for improved concentration\" fetchpriority=\"high\" sizes=\"(max-width: 768px) 150px, 768px\" srcset=\"https:\/\/talkpal.ai\/wp-content\/uploads\/2023\/06\/swedish-768x768.png 768w, https:\/\/talkpal.ai\/wp-content\/uploads\/2023\/06\/swedish-300x300.png 300w\" \/>\r\n    \r\n\r\n    <\/figure>\r\n\r\n            <a class=\"getStartedVisible\" href=\"https:\/\/app.talkpal.ai\/hu\/signup?lng=\">Kezdj\u00fck<\/a>\r\n    \r\n<\/section>\r\n<section class=\"promotionalBanner\">\r\n    <p class=\"promotionalText\">A nyelvtanul\u00e1s leghat\u00e9konyabb m\u00f3dja<\/p>\r\n    <a class=\"promotionalLink\" href=\"https:\/\/app.talkpal.ai\/hu\/signup?lng=\">Pr\u00f3b\u00e1lja ki a Talkpal ingyen<\/a>\r\n<\/section>\n<div class=\"wp-block-group pageContainerStyle\"><div class=\"wp-block-group__inner-container is-layout-constrained wp-block-group-is-layout-constrained\">\n<h2 class=\"wp-block-heading\" id=\"h-demystifying-swedish-grammar-a-comprehensive-guide-to-master-its-rules-and-nuances\">A sv\u00e9d nyelvtan demisztifik\u00e1l\u00e1sa: \u00c1tfog\u00f3 \u00fatmutat\u00f3 a szab\u00e1lyok \u00e9s \u00e1rnyalatok elsaj\u00e1t\u00edt\u00e1s\u00e1hoz<\/h2>\n\n\n\n<p>A sv\u00e9d, amelyet k\u00f6r\u00fclbel\u00fcl 10 milli\u00f3 ember besz\u00e9l, gazdag \u00e9s dallamos nyelv, amely az \u00e9szaki germ\u00e1n csal\u00e1dhoz tartozik. B\u00e1r a sv\u00e9d nyelvtan viszonylag egyszer\u0171 n\u00e9h\u00e1ny m\u00e1s nyelvhez k\u00e9pest, szab\u00e1lyainak \u00e9s szerkezet\u00e9nek meg\u00e9rt\u00e9se kulcsfontoss\u00e1g\u00fa a nyelvtud\u00e1s jav\u00edt\u00e1s\u00e1hoz. Ebben a cikkben v\u00e9gigvezet\u00fcnk a sv\u00e9d nyelvtan alapvet\u0151 szempontjain, \u00e9s hasznos tippeket adunk a sv\u00e9d nyelvtud\u00e1sod fejleszt\u00e9s\u00e9hez.<\/p>\n\n\n\n<h3 class=\"wp-block-heading\" id=\"h-essential-components-of-swedish-grammar\">A sv\u00e9d nyelvtan alapvet\u0151 elemei:<\/h3>\n\n\n\n<p>A sv\u00e9d nyelvtan hasonl\u00f3s\u00e1got mutat az <a href=\"https:\/\/talkpal.ai\/locations\/language-courses-in-angol\/\">angol<\/a> nyelvtannal, megk\u00f6nny\u00edtve az angolul besz\u00e9l\u0151k sz\u00e1m\u00e1ra a felv\u00e9telt. \u00cdme a sv\u00e9d nyelvtan n\u00e9h\u00e1ny kritikus szempontja, amellyel \u00e9rdemes megismerkedni:<\/p>\n\n\n\n<p><strong>1. F\u0151nevek<\/strong> : A sv\u00e9d f\u0151nevek k\u00e9t nyelvtani nemre oszlanak: k\u00f6z\u00f6s (en) \u00e9s semleges (ett). <a href=\"https:\/\/talkpal.ai\/locations\/language-courses-in-minden\/\">Minden<\/a> f\u0151n\u00e9v ezen kateg\u00f3ri\u00e1k egyik\u00e9be tartozik, amit fontos figyelembe venni hat\u00e1rozatlan \u00e9s hat\u00e1rozott cikkek haszn\u00e1latakor. A sv\u00e9d f\u0151neveknek t\u00f6bbes sz\u00e1m\u00fa alakjuk is <a href=\"https:\/\/talkpal.ai\/locations\/language-courses-in-van\/\">van<\/a>, \u00e9s sz\u00e1mos k\u00fcl\u00f6nb\u00f6z\u0151 mint\u00e1t kell megjegyezni.<\/p>\n\n\n\n<p><strong>2. Mell\u00e9knevek:<\/strong> A mell\u00e9knevek a sv\u00e9d nyelvben megegyeznek a f\u0151n\u00e9v nem\u00e9vel. A f\u0151n\u00e9v nem\u00e9t\u0151l f\u00fcgg\u0151en a mell\u00e9knevek h\u00e1rom form\u00e1ja l\u00e9tezik: pozit\u00edv, \u00f6sszehasonl\u00edt\u00f3 \u00e9s szuperlat\u00edv. A mell\u00e9knevek sz\u00e1mban is megegyeznek (egyes vagy t\u00f6bbes sz\u00e1m).<\/p>\n\n\n\n<p><strong>3. Ig\u00e9k:<\/strong> A sv\u00e9d ig\u00e9ket n\u00e9gy csoportba sorolj\u00e1k, mindegyiknek megvan a maga ragoz\u00e1si mint\u00e1ja. Az ig\u00e9ket az id\u0151 alapj\u00e1n k\u00f6tj\u00fck (jelen, m\u00falt vagy j\u00f6v\u0151), de nem az alany szerint, mint az angolban. Ehelyett a sv\u00e9d igealakok k\u00f6vetkezetesek maradnak, f\u00fcggetlen\u00fcl az alanyt\u00f3l. Ezenk\u00edv\u00fcl a sv\u00e9d ig\u00e9knek nincs folytonos alakja (pl. -ing), mint az angolban.<\/p>\n\n\n\n<p><strong>4. Mondatszerkezet: A sv\u00e9d mondatszerkezet<\/strong> tipikusan Subject-Verb-Object (SVO), hasonl\u00f3an az angolhoz. A sv\u00e9d nyelv azonban gyakran haszn\u00e1lja a V2 sz\u00f3rend szab\u00e1lyt, ahol az ige a m\u00e1sodik poz\u00edci\u00f3ban jelenik meg a deklarat\u00edv mondatokban \u00e9s k\u00e9rd\u00e9sekben.<\/p>\n\n\n\n<h3 class=\"wp-block-heading\" id=\"h-tips-for-learning-swedish-grammar\">Tippek a sv\u00e9d nyelvtan tanul\u00e1s\u00e1hoz:<\/h3>\n\n\n\n<p>A sv\u00e9d nyelvtan tanul\u00e1s\u00e1nak z\u00f6kken\u0151mentesebb\u00e9 t\u00e9tele \u00e9rdek\u00e9ben \u00edme n\u00e9h\u00e1ny gyakorlati tipp, amelyet k\u00f6vetnie kell:<\/p>\n\n\n\n<p><strong>1. Gyakoroljon rendszeresen:<\/strong> A k\u00f6vetkezetess\u00e9g kulcsfontoss\u00e1g\u00fa. Minden nap vagy hetente sz\u00e1njon id\u0151t a nyelvtani gyakorlatok, az olvas\u00e1s \u00e9s az \u00edr\u00e1s sv\u00e9d nyelv\u0171 gyakorl\u00e1s\u00e1ra.<\/p>\n\n\n\n<p><strong>2. Haszn\u00e1ljon nat\u00edv forr\u00e1sokat:<\/strong> Mer\u00fclj\u00f6n el az \u0151shonos sv\u00e9d anyagokban, p\u00e9ld\u00e1ul irodalomban, \u00fajs\u00e1gcikkekben \u00e9s podcastokban. Ez nem csak a sv\u00e9d nyelvtan kontextus\u00e1ban seg\u00edt meg\u00e9rteni, hanem jav\u00edtja olvas\u00e1si \u00e9s hallgat\u00e1si k\u00e9szs\u00e9geit is.<\/p>\n\n\n\n<p><strong>3. Tanulja meg a f\u0151nevek nemeit \u00e9s t\u00f6bbes sz\u00e1m\u00e1t: A sv\u00e9d f\u0151nevek nem\u00e9nek<\/strong> (en vagy ett) \u00e9s t\u00f6bbes sz\u00e1m\u00fa alakj\u00e1nak memoriz\u00e1l\u00e1sa kulcsfontoss\u00e1g\u00fa. Az id\u0151vel t\u00f6rt\u00e9n\u0151 gyakorl\u00e1s v\u00e9g\u00fcl seg\u00edt ezeknek a szab\u00e1lyoknak az internaliz\u00e1l\u00e1s\u00e1ban.<\/p>\n\n\n\n<p><strong>4. L\u00e9pjen kapcsolatba anyanyelvi besz\u00e9l\u0151kkel:<\/strong> A sv\u00e9d anyanyelv\u0171ekkel folytatott besz\u00e9lget\u00e9sek lehet\u0151v\u00e9 teszik a nyelvtan gyakorl\u00e1s\u00e1t \u00e9s \u00e9rt\u00e9kes visszajelz\u00e9sek fogad\u00e1s\u00e1t. Fontolja meg a nyelvcsere-csoportokhoz vagy online f\u00f3rumokhoz val\u00f3 csatlakoz\u00e1st, hogy kapcsolatba l\u00e9phessen a sv\u00e9d\u00fcl besz\u00e9l\u0151 szem\u00e9lyekkel.<\/p>\n\n\n\n<p><strong>5. Legyen t\u00fcrelmes \u00e9s kitart\u00f3:<\/strong> Ne feledje, hogy a nyelvtan tanul\u00e1sa folyamat. Maradj elk\u00f6telezett, gyakorolj tov\u00e1bb, \u00e9s \u00fcnnepeld a fejl\u0151d\u00e9st az \u00fat ment\u00e9n.<\/p>\n\n\n\n<h2 class=\"wp-block-heading\" id=\"h-conclusion\">K\u00f6vetkeztet\u00e9s:<\/h2>\n\n\n\n<p>A sv\u00e9d nyelvtan, b\u00e1r l\u00e1tsz\u00f3lag \u00f6sszetett, odaad\u00e1ssal \u00e9s szerves \u00f6sszetev\u0151inek meg\u00e9rt\u00e9s\u00e9vel elsaj\u00e1t\u00edthat\u00f3. Ha k\u00f6veti a javaslatainkat, \u00e9s elmer\u00fcl a nyelvben, folyamatosan javulni fog a sv\u00e9d nyelvtud\u00e1sa. Fogadja el a kih\u00edv\u00e1st, \u00e9s \u00e9lvezze az utat a sv\u00e9d nyelvtani elsaj\u00e1t\u00edt\u00e1s fel\u00e9!<\/p>\n<\/div><\/div>\n\r\n<section class=\"learnNavigationSection\">\r\n            \r\n        <a href=\"https:\/\/talkpal.ai\/hu\/tanulj-svedul\/\">\r\n            <div class=\"learnNavigationWrapper\">\r\n                <div class=\"learnNavigationContent\">\r\n                    <img decoding=\"async\" src=\"https:\/\/talkpal.ai\/wp-content\/uploads\/2024\/08\/Swedish.jpg\" alt=\"Swedish Flag\">\r\n                    <div>\r\n                        <h4>A sv\u00e9d tanul\u00e1sr\u00f3l<\/h4>\r\n                        <p>Tudjon meg mindent a sv\u00e9d nyelvtanr\u00f3l.<\/p>\r\n                    <\/div>\r\n                <\/div>\r\n            <\/div>\r\n        <\/a>\r\n\r\n        \r\n        <a href=\"https:\/\/talkpal.ai\/hu\/sved-nyelvtani-gyakorlatok\/\">\r\n            <div class=\"learnNavigationWrapper\">\r\n                <div class=\"learnNavigationContent\">\r\n                    <img decoding=\"async\" src=\"https:\/\/talkpal.ai\/wp-content\/uploads\/2024\/08\/Swedish.jpg\" alt=\"Swedish Flag\">\r\n                    <div>\r\n                        <h4>Sv\u00e9d nyelvtani gyakorlat<\/h4>\r\n                        <p>Gyakorolja a sv\u00e9d nyelvtant.<\/p>\r\n                    <\/div>\r\n                <\/div>\r\n            <\/div>\r\n        <\/a>\r\n\r\n        \r\n        <a href=\"https:\/\/talkpal.ai\/vocabulary_language\/swedish\/\">\r\n            <div class=\"learnNavigationWrapper\">\r\n                <div class=\"learnNavigationContent\">\r\n                    <img decoding=\"async\" src=\"https:\/\/talkpal.ai\/wp-content\/uploads\/2024\/08\/Swedish.jpg\" alt=\"Swedish Flag\">\r\n                    <div>\r\n                        <h4>Sv\u00e9d sz\u00f3kincs<\/h4>\r\n                        <p>B\u0151v\u00edtse sv\u00e9d sz\u00f3kincs\u00e9t.<\/p>\r\n                    <\/div>\r\n                <\/div>\r\n            <\/div>\r\n        <\/a>\r\n\r\n            <\/section>","protected":false},"excerpt":{"rendered":"<p>A sv\u00e9d nyelvtan demisztifik\u00e1l\u00e1sa: \u00c1tfog\u00f3 \u00fatmutat\u00f3 a szab\u00e1lyok \u00e9s \u00e1rnyalatok elsaj\u00e1t\u00edt\u00e1s\u00e1hoz A sv\u00e9d, amelyet k\u00f6r\u00fclbel\u00fcl 10 milli\u00f3 ember besz\u00e9l, gazdag \u00e9s dallamos nyelv, amely az \u00e9szaki germ\u00e1n csal\u00e1dhoz tartozik. B\u00e1r a sv\u00e9d nyelvtan viszonylag egyszer\u0171 n\u00e9h\u00e1ny m\u00e1s nyelvhez k\u00e9pest, szab\u00e1lyainak \u00e9s szerkezet\u00e9nek meg\u00e9rt\u00e9se kulcsfontoss\u00e1g\u00fa a nyelvtud\u00e1s jav\u00edt\u00e1s\u00e1hoz. Ebben a cikkben v\u00e9gigvezet\u00fcnk a sv\u00e9d nyelvtan alapvet\u0151 [&hellip;]<\/p>\n","protected":false},"author":1,"featured_media":108319,"parent":0,"menu_order":0,"comment_status":"closed","ping_status":"closed","template":"LearningContentPage.php","meta":{"_acf_changed":false,"footnotes":""},"class_list":["post-130708","page","type-page","status-publish","has-post-thumbnail","hentry"],"acf":[],"yoast_head":"<!-- This site is optimized with the Yoast SEO Premium plugin v27.2 (Yoast SEO v27.2) - https:\/\/yoast.com\/product\/yoast-seo-premium-wordpress\/ -->\n<title>Sv\u00e9d nyelvtan - Talkpal<\/title>\n<meta name=\"description\" content=\"Fejtse meg a sv\u00e9d nyelvtan titkait, hogy alapvet\u0151 szab\u00e1lyok \u00e9s hasznos tippek seg\u00edts\u00e9g\u00e9vel fejleszthesse nyelvtud\u00e1s\u00e1t.\" \/>\n<meta name=\"robots\" content=\"index, follow, max-snippet:-1, max-image-preview:large, max-video-preview:-1\" \/>\n<link rel=\"canonical\" href=\"https:\/\/talkpal.ai\/hu\/sved-nyelvtan\/\" \/>\n<meta property=\"og:locale\" content=\"hu_HU\" \/>\n<meta property=\"og:type\" content=\"article\" \/>\n<meta property=\"og:title\" content=\"Sv\u00e9d nyelvtan\" \/>\n<meta property=\"og:description\" content=\"A sv\u00e9d nyelvtan demisztifik\u00e1l\u00e1sa: \u00c1tfog\u00f3 \u00fatmutat\u00f3 a szab\u00e1lyok \u00e9s \u00e1rnyalatok elsaj\u00e1t\u00edt\u00e1s\u00e1hoz A sv\u00e9d, amelyet k\u00f6r\u00fclbel\u00fcl 10 milli\u00f3 ember besz\u00e9l, gazdag \u00e9s\" \/>\n<meta property=\"og:url\" content=\"https:\/\/talkpal.ai\/hu\/sved-nyelvtan\/\" \/>\n<meta property=\"og:site_name\" content=\"Talkpal\" \/>\n<meta property=\"article:publisher\" content=\"https:\/\/www.facebook.com\/profile.php?id=100090733639311\" \/>\n<meta property=\"article:modified_time\" content=\"2025-12-11T16:32:54+00:00\" \/>\n<meta property=\"og:image\" content=\"https:\/\/talkpal.ai\/wp-content\/uploads\/2023\/04\/sweden.png\" \/>\n\t<meta property=\"og:image:width\" content=\"512\" \/>\n\t<meta property=\"og:image:height\" content=\"512\" \/>\n\t<meta property=\"og:image:type\" content=\"image\/png\" \/>\n<meta name=\"twitter:card\" content=\"summary_large_image\" \/>\n<meta name=\"twitter:site\" content=\"@talkpalai\" \/>\n<meta name=\"twitter:label1\" content=\"Becs\u00fclt olvas\u00e1si id\u0151\" \/>\n\t<meta name=\"twitter:data1\" content=\"3 perc\" \/>\n<script type=\"application\/ld+json\" class=\"yoast-schema-graph\">{\"@context\":\"https:\/\/schema.org\",\"@graph\":[{\"@type\":\"WebPage\",\"@id\":\"https:\/\/talkpal.ai\/hu\/sved-nyelvtan\/\",\"url\":\"https:\/\/talkpal.ai\/hu\/sved-nyelvtan\/\",\"name\":\"Sv\u00e9d nyelvtan - Talkpal\",\"isPartOf\":{\"@id\":\"https:\/\/talkpal.ai\/hu\/#website\"},\"primaryImageOfPage\":{\"@id\":\"https:\/\/talkpal.ai\/hu\/sved-nyelvtan\/#primaryimage\"},\"image\":{\"@id\":\"https:\/\/talkpal.ai\/hu\/sved-nyelvtan\/#primaryimage\"},\"thumbnailUrl\":\"https:\/\/talkpal.ai\/wp-content\/uploads\/2023\/04\/sweden.png\",\"datePublished\":\"2023-05-14T13:53:07+00:00\",\"dateModified\":\"2025-12-11T16:32:54+00:00\",\"description\":\"Fejtse meg a sv\u00e9d nyelvtan titkait, hogy alapvet\u0151 szab\u00e1lyok \u00e9s hasznos tippek seg\u00edts\u00e9g\u00e9vel fejleszthesse nyelvtud\u00e1s\u00e1t.\",\"breadcrumb\":{\"@id\":\"https:\/\/talkpal.ai\/hu\/sved-nyelvtan\/#breadcrumb\"},\"inLanguage\":\"hu\",\"potentialAction\":[{\"@type\":\"ReadAction\",\"target\":[\"https:\/\/talkpal.ai\/hu\/sved-nyelvtan\/\"]}]},{\"@type\":\"ImageObject\",\"inLanguage\":\"hu\",\"@id\":\"https:\/\/talkpal.ai\/hu\/sved-nyelvtan\/#primaryimage\",\"url\":\"https:\/\/talkpal.ai\/wp-content\/uploads\/2023\/04\/sweden.png\",\"contentUrl\":\"https:\/\/talkpal.ai\/wp-content\/uploads\/2023\/04\/sweden.png\",\"width\":512,\"height\":512},{\"@type\":\"BreadcrumbList\",\"@id\":\"https:\/\/talkpal.ai\/hu\/sved-nyelvtan\/#breadcrumb\",\"itemListElement\":[{\"@type\":\"ListItem\",\"position\":1,\"name\":\"Homepage\",\"item\":\"https:\/\/talkpal.ai\/hu\/\"},{\"@type\":\"ListItem\",\"position\":2,\"name\":\"Sv\u00e9d nyelvtan\"}]},{\"@type\":\"WebSite\",\"@id\":\"https:\/\/talkpal.ai\/hu\/#website\",\"url\":\"https:\/\/talkpal.ai\/hu\/\",\"name\":\"Talkpal\",\"description\":\"AI Language Learning\",\"publisher\":{\"@id\":\"https:\/\/talkpal.ai\/hu\/#organization\"},\"alternateName\":\"Talkpal AI\",\"potentialAction\":[{\"@type\":\"SearchAction\",\"target\":{\"@type\":\"EntryPoint\",\"urlTemplate\":\"https:\/\/talkpal.ai\/hu\/?s={search_term_string}\"},\"query-input\":{\"@type\":\"PropertyValueSpecification\",\"valueRequired\":true,\"valueName\":\"search_term_string\"}}],\"inLanguage\":\"hu\"},{\"@type\":\"Organization\",\"@id\":\"https:\/\/talkpal.ai\/hu\/#organization\",\"name\":\"Talkpal, Inc.\",\"alternateName\":\"Talkpal AI\",\"url\":\"https:\/\/talkpal.ai\/hu\/\",\"logo\":{\"@type\":\"ImageObject\",\"inLanguage\":\"hu\",\"@id\":\"https:\/\/talkpal.ai\/hu\/#\/schema\/logo\/image\/\",\"url\":\"https:\/\/talkpal.ai\/wp-content\/uploads\/2024\/03\/Talkpal-Logo-Icon.png\",\"contentUrl\":\"https:\/\/talkpal.ai\/wp-content\/uploads\/2024\/03\/Talkpal-Logo-Icon.png\",\"width\":2880,\"height\":2880,\"caption\":\"Talkpal, Inc.\"},\"image\":{\"@id\":\"https:\/\/talkpal.ai\/hu\/#\/schema\/logo\/image\/\"},\"sameAs\":[\"https:\/\/www.facebook.com\/profile.php?id=100090733639311\",\"https:\/\/x.com\/talkpalai\",\"https:\/\/www.linkedin.com\/company\/talkpal\/\",\"https:\/\/www.youtube.com\/@TalkPal\/\",\"https:\/\/www.tiktok.com\/@talkpal\",\"https:\/\/www.instagram.com\/talkpal_ai\/\",\"https:\/\/www.crunchbase.com\/organization\/talkpal-9cde\",\"https:\/\/www.g2.com\/products\/talkpal-for-business\/\",\"https:\/\/www.trustpilot.com\/review\/talkpal.ai\",\"https:\/\/www.capterra.com\/p\/10006800\/TalkPal\/\"],\"description\":\"Talkpal is a language learning web and mobile education app, powered by the latest AI technologies, that provides engaging experiences to its customers in many different languages to help them improve their language skills. Users can chat about unlimited amount of topics with the app and use other modes to practice their language learning.\",\"email\":\"support@talkpal.ai\",\"legalName\":\"Talkpal, Inc.\",\"foundingDate\":\"2023-04-03\",\"duns\":\"118989042\",\"numberOfEmployees\":{\"@type\":\"QuantitativeValue\",\"minValue\":\"11\",\"maxValue\":\"50\"},\"publishingPrinciples\":\"https:\/\/talkpal.ai\/publishing-principles\/\",\"actionableFeedbackPolicy\":\"https:\/\/talkpal.ai\/actionable-feedback-policy\/\",\"correctionsPolicy\":\"https:\/\/talkpal.ai\/corrections-policy\/\",\"ethicsPolicy\":\"https:\/\/talkpal.ai\/ethics-policy\/\",\"diversityPolicy\":\"https:\/\/talkpal.ai\/diversity-policy\/\",\"diversityStaffingReport\":\"https:\/\/talkpal.ai\/diversity-policy\/\"}]}<\/script>\n<!-- \/ Yoast SEO Premium plugin. -->","yoast_head_json":{"title":"Sv\u00e9d nyelvtan - Talkpal","description":"Fejtse meg a sv\u00e9d nyelvtan titkait, hogy alapvet\u0151 szab\u00e1lyok \u00e9s hasznos tippek seg\u00edts\u00e9g\u00e9vel fejleszthesse nyelvtud\u00e1s\u00e1t.","robots":{"index":"index","follow":"follow","max-snippet":"max-snippet:-1","max-image-preview":"max-image-preview:large","max-video-preview":"max-video-preview:-1"},"canonical":"https:\/\/talkpal.ai\/hu\/sved-nyelvtan\/","og_locale":"hu_HU","og_type":"article","og_title":"Sv\u00e9d nyelvtan","og_description":"A sv\u00e9d nyelvtan demisztifik\u00e1l\u00e1sa: \u00c1tfog\u00f3 \u00fatmutat\u00f3 a szab\u00e1lyok \u00e9s \u00e1rnyalatok elsaj\u00e1t\u00edt\u00e1s\u00e1hoz A sv\u00e9d, amelyet k\u00f6r\u00fclbel\u00fcl 10 milli\u00f3 ember besz\u00e9l, gazdag \u00e9s","og_url":"https:\/\/talkpal.ai\/hu\/sved-nyelvtan\/","og_site_name":"Talkpal","article_publisher":"https:\/\/www.facebook.com\/profile.php?id=100090733639311","article_modified_time":"2025-12-11T16:32:54+00:00","og_image":[{"width":512,"height":512,"url":"https:\/\/talkpal.ai\/wp-content\/uploads\/2023\/04\/sweden.png","type":"image\/png"}],"twitter_card":"summary_large_image","twitter_site":"@talkpalai","twitter_misc":{"Becs\u00fclt olvas\u00e1si id\u0151":"3 perc"},"schema":{"@context":"https:\/\/schema.org","@graph":[{"@type":"WebPage","@id":"https:\/\/talkpal.ai\/hu\/sved-nyelvtan\/","url":"https:\/\/talkpal.ai\/hu\/sved-nyelvtan\/","name":"Sv\u00e9d nyelvtan - Talkpal","isPartOf":{"@id":"https:\/\/talkpal.ai\/hu\/#website"},"primaryImageOfPage":{"@id":"https:\/\/talkpal.ai\/hu\/sved-nyelvtan\/#primaryimage"},"image":{"@id":"https:\/\/talkpal.ai\/hu\/sved-nyelvtan\/#primaryimage"},"thumbnailUrl":"https:\/\/talkpal.ai\/wp-content\/uploads\/2023\/04\/sweden.png","datePublished":"2023-05-14T13:53:07+00:00","dateModified":"2025-12-11T16:32:54+00:00","description":"Fejtse meg a sv\u00e9d nyelvtan titkait, hogy alapvet\u0151 szab\u00e1lyok \u00e9s hasznos tippek seg\u00edts\u00e9g\u00e9vel fejleszthesse nyelvtud\u00e1s\u00e1t.","breadcrumb":{"@id":"https:\/\/talkpal.ai\/hu\/sved-nyelvtan\/#breadcrumb"},"inLanguage":"hu","potentialAction":[{"@type":"ReadAction","target":["https:\/\/talkpal.ai\/hu\/sved-nyelvtan\/"]}]},{"@type":"ImageObject","inLanguage":"hu","@id":"https:\/\/talkpal.ai\/hu\/sved-nyelvtan\/#primaryimage","url":"https:\/\/talkpal.ai\/wp-content\/uploads\/2023\/04\/sweden.png","contentUrl":"https:\/\/talkpal.ai\/wp-content\/uploads\/2023\/04\/sweden.png","width":512,"height":512},{"@type":"BreadcrumbList","@id":"https:\/\/talkpal.ai\/hu\/sved-nyelvtan\/#breadcrumb","itemListElement":[{"@type":"ListItem","position":1,"name":"Homepage","item":"https:\/\/talkpal.ai\/hu\/"},{"@type":"ListItem","position":2,"name":"Sv\u00e9d nyelvtan"}]},{"@type":"WebSite","@id":"https:\/\/talkpal.ai\/hu\/#website","url":"https:\/\/talkpal.ai\/hu\/","name":"Talkpal","description":"AI Language Learning","publisher":{"@id":"https:\/\/talkpal.ai\/hu\/#organization"},"alternateName":"Talkpal AI","potentialAction":[{"@type":"SearchAction","target":{"@type":"EntryPoint","urlTemplate":"https:\/\/talkpal.ai\/hu\/?s={search_term_string}"},"query-input":{"@type":"PropertyValueSpecification","valueRequired":true,"valueName":"search_term_string"}}],"inLanguage":"hu"},{"@type":"Organization","@id":"https:\/\/talkpal.ai\/hu\/#organization","name":"Talkpal, Inc.","alternateName":"Talkpal AI","url":"https:\/\/talkpal.ai\/hu\/","logo":{"@type":"ImageObject","inLanguage":"hu","@id":"https:\/\/talkpal.ai\/hu\/#\/schema\/logo\/image\/","url":"https:\/\/talkpal.ai\/wp-content\/uploads\/2024\/03\/Talkpal-Logo-Icon.png","contentUrl":"https:\/\/talkpal.ai\/wp-content\/uploads\/2024\/03\/Talkpal-Logo-Icon.png","width":2880,"height":2880,"caption":"Talkpal, Inc."},"image":{"@id":"https:\/\/talkpal.ai\/hu\/#\/schema\/logo\/image\/"},"sameAs":["https:\/\/www.facebook.com\/profile.php?id=100090733639311","https:\/\/x.com\/talkpalai","https:\/\/www.linkedin.com\/company\/talkpal\/","https:\/\/www.youtube.com\/@TalkPal\/","https:\/\/www.tiktok.com\/@talkpal","https:\/\/www.instagram.com\/talkpal_ai\/","https:\/\/www.crunchbase.com\/organization\/talkpal-9cde","https:\/\/www.g2.com\/products\/talkpal-for-business\/","https:\/\/www.trustpilot.com\/review\/talkpal.ai","https:\/\/www.capterra.com\/p\/10006800\/TalkPal\/"],"description":"Talkpal is a language learning web and mobile education app, powered by the latest AI technologies, that provides engaging experiences to its customers in many different languages to help them improve their language skills. Users can chat about unlimited amount of topics with the app and use other modes to practice their language learning.","email":"support@talkpal.ai","legalName":"Talkpal, Inc.","foundingDate":"2023-04-03","duns":"118989042","numberOfEmployees":{"@type":"QuantitativeValue","minValue":"11","maxValue":"50"},"publishingPrinciples":"https:\/\/talkpal.ai\/publishing-principles\/","actionableFeedbackPolicy":"https:\/\/talkpal.ai\/actionable-feedback-policy\/","correctionsPolicy":"https:\/\/talkpal.ai\/corrections-policy\/","ethicsPolicy":"https:\/\/talkpal.ai\/ethics-policy\/","diversityPolicy":"https:\/\/talkpal.ai\/diversity-policy\/","diversityStaffingReport":"https:\/\/talkpal.ai\/diversity-policy\/"}]}},"_links":{"self":[{"href":"https:\/\/talkpal.ai\/hu\/wp-json\/wp\/v2\/pages\/130708","targetHints":{"allow":["GET"]}}],"collection":[{"href":"https:\/\/talkpal.ai\/hu\/wp-json\/wp\/v2\/pages"}],"about":[{"href":"https:\/\/talkpal.ai\/hu\/wp-json\/wp\/v2\/types\/page"}],"author":[{"embeddable":true,"href":"https:\/\/talkpal.ai\/hu\/wp-json\/wp\/v2\/users\/1"}],"replies":[{"embeddable":true,"href":"https:\/\/talkpal.ai\/hu\/wp-json\/wp\/v2\/comments?post=130708"}],"version-history":[{"count":0,"href":"https:\/\/talkpal.ai\/hu\/wp-json\/wp\/v2\/pages\/130708\/revisions"}],"wp:featuredmedia":[{"embeddable":true,"href":"https:\/\/talkpal.ai\/hu\/wp-json\/wp\/v2\/media\/108319"}],"wp:attachment":[{"href":"https:\/\/talkpal.ai\/hu\/wp-json\/wp\/v2\/media?parent=130708"}],"curies":[{"name":"wp","href":"https:\/\/api.w.org\/{rel}","templated":true}]}}