{"id":1078934,"date":"2025-07-01T22:07:35","date_gmt":"2025-07-01T22:07:35","guid":{"rendered":"https:\/\/talkpal.ai\/grammar\/pronomi-personali-olasz-nyelvtan\/"},"modified":"2025-07-01T22:07:35","modified_gmt":"2025-07-01T22:07:35","slug":"pronomi-personali-olasz-nyelvtan","status":"publish","type":"grammar","link":"https:\/\/talkpal.ai\/hu\/grammar\/pronomi-personali-olasz-nyelvtan\/","title":{"rendered":"Pronomi Personali olasz nyelvtan"},"content":{"rendered":"<p>Az <a href=\"https:\/\/talkpal.ai\/hu\/grammar\/reszvetel-az-olasz-nyelvtanban\/\">olasz nyelvtan<\/a> tanul\u00e1sa sor\u00e1n az egyik legfontosabb alappill\u00e9r a szem\u00e9lyes n\u00e9vm\u00e1sok, vagyis a <a href=\"https:\/\/talkpal.ai\/ar\/grammar_exercises\/pronomi-personali-%d8%aa%d9%85%d8%a7%d8%b1%d9%8a%d9%86-%d9%84%d9%84%d9%82%d9%88%d8%a7%d8%b9%d8%af-%d8%a7%d9%84%d8%a5%d9%8a%d8%b7%d8%a7%d9%84%d9%8a%d8%a9\/\">pronomi personali<\/a> helyes haszn\u00e1lata. Ezek a n\u00e9vm\u00e1sok n\u00e9lk\u00fcl\u00f6zhetetlenek a mindennapi kommunik\u00e1ci\u00f3ban, legyen sz\u00f3 besz\u00e9lget\u00e9sr\u0151l, \u00edr\u00e1sr\u00f3l vagy ak\u00e1r olvas\u00e1sr\u00f3l is. Megfelel\u0151 alkalmaz\u00e1suk hozz\u00e1j\u00e1rul a mondatok vil\u00e1gosabb\u00e1 t\u00e9tel\u00e9hez \u00e9s seg\u00edti a gondolatok pontosabb kifejez\u00e9s\u00e9t. Ha szeretn\u00e9d gyorsan \u00e9s hat\u00e9konyan elsaj\u00e1t\u00edtani a pronomi personali <a href=\"https:\/\/talkpal.ai\/learn-italian\/\">olasz<\/a> nyelvtant, a <a href=\"https:\/\/talkpal.ai\/ko\/ai-%ec%96%b8%ec%96%b4-%ea%b5%90%ec%82%ac\/\">Talkpal<\/a> kiv\u00e1l\u00f3 lehet\u0151s\u00e9get ny\u00fajt az interakt\u00edv tanul\u00e1shoz \u00e9s gyakorl\u00e1shoz.<\/p>\n<h2>Mi\u00e9rt fontosak a pronomi personali az olasz nyelvben?<\/h2>\n<p>Az <a href=\"https:\/\/talkpal.ai\/hu\/grammar_exercises\/pronomi-personali-gyakorlatok-az-olasz-nyelvtanhoz\/\">olasz szem\u00e9lyes n\u00e9vm\u00e1sok<\/a> kiemelt szerepet j\u00e1tszanak a mondatszerkeszt\u00e9sben \u00e9s a kommunik\u00e1ci\u00f3ban. Ezek a n\u00e9vm\u00e1sok helyettes\u00edtik a f\u0151neveket, \u00edgy elker\u00fclhet\u0151 a felesleges ism\u00e9tl\u00e9s, illetve egy\u00e9rtelm\u0171v\u00e9 teszik, hogy kir\u0151l vagy mir\u0151l <a href=\"https:\/\/talkpal.ai\/locations\/language-courses-in-van\/\">van<\/a> sz\u00f3. Az olaszban a n\u00e9vm\u00e1sok haszn\u00e1lata gyakran k\u00f6telez\u0151, k\u00fcl\u00f6n\u00f6sen bizonyos igeid\u0151k vagy szerkezetek eset\u00e9n.<\/p>\n<h3>A pronomi personali f\u0151 t\u00edpusai<\/h3>\n<p>Az olasz szem\u00e9lyes n\u00e9vm\u00e1sokat t\u00f6bb kateg\u00f3ri\u00e1ra oszthatjuk, ezek k\u00f6z\u00fcl a legfontosabbak:<\/p>\n<ul>\n<li><strong>Alanyi (nominative) n\u00e9vm\u00e1sok<\/strong> \u2013 a cselekv\u0151 szem\u00e9ly\u00e9t jel\u00f6lik<\/li>\n<li><strong>T\u00e1rgyas (accusative) n\u00e9vm\u00e1sok<\/strong> \u2013 a cselekv\u00e9s t\u00e1rgy\u00e1t jel\u00f6lik<\/li>\n<li><strong>R\u00e9szes (dative) n\u00e9vm\u00e1sok<\/strong> \u2013 a cselekv\u00e9s r\u00e9szese, c\u00edmzettje<\/li>\n<li><strong>Visszahat\u00f3 (reflexive) n\u00e9vm\u00e1sok<\/strong> \u2013 a cselekv\u0151 \u00e9s a cselekv\u00e9s t\u00e1rgya megegyezik<\/li>\n<li><strong>Hangs\u00falyos (tonico) n\u00e9vm\u00e1sok<\/strong> \u2013 kiemel\u00e9sre, hangs\u00falyoz\u00e1sra haszn\u00e1lt form\u00e1k<\/li>\n<\/ul>\n<h2>Alanyi szem\u00e9lyes n\u00e9vm\u00e1sok (pronomi personali soggetto)<\/h2>\n<p>Az olaszban az alanyi szem\u00e9lyes n\u00e9vm\u00e1sok a k\u00f6vetkez\u0151k:<\/p>\n<table>\n<tr>\n<th>Szem\u00e9ly<\/th>\n<th>N\u00e9vm\u00e1s<\/th>\n<th>Magyar jelent\u00e9s<\/th>\n<\/tr>\n<tr>\n<td>1. szem\u00e9ly egyes sz\u00e1m<\/td>\n<td>io<\/td>\n<td>\u00e9n<\/td>\n<\/tr>\n<tr>\n<td>2. szem\u00e9ly egyes sz\u00e1m<\/td>\n<td>tu<\/td>\n<td>te<\/td>\n<\/tr>\n<tr>\n<td>3. szem\u00e9ly egyes sz\u00e1m (h\u00edmnem)<\/td>\n<td>lui<\/td>\n<td>\u0151 (fi\u00fa)<\/td>\n<\/tr>\n<tr>\n<td>3. szem\u00e9ly egyes sz\u00e1m (n\u0151nem)<\/td>\n<td>lei<\/td>\n<td>\u0151 (l\u00e1ny)<\/td>\n<\/tr>\n<tr>\n<td>3. szem\u00e9ly egyes sz\u00e1m (udvarias forma)<\/td>\n<td>Lei<\/td>\n<td>\u00d6n<\/td>\n<\/tr>\n<tr>\n<td>1. szem\u00e9ly t\u00f6bbes sz\u00e1m<\/td>\n<td>noi<\/td>\n<td>mi<\/td>\n<\/tr>\n<tr>\n<td>2. szem\u00e9ly t\u00f6bbes sz\u00e1m<\/td>\n<td>voi<\/td>\n<td>ti<\/td>\n<\/tr>\n<tr>\n<td>3. szem\u00e9ly t\u00f6bbes sz\u00e1m (h\u00edmnem)<\/td>\n<td>loro<\/td>\n<td>\u0151k (fi\u00fak)<\/td>\n<\/tr>\n<tr>\n<td>3. szem\u00e9ly t\u00f6bbes sz\u00e1m (n\u0151nem)<\/td>\n<td>loro<\/td>\n<td>\u0151k (l\u00e1nyok)<\/td>\n<\/tr>\n<\/table>\n<h3>Az alanyi n\u00e9vm\u00e1sok haszn\u00e1lata<\/h3>\n<p>Az olaszban az alanyi n\u00e9vm\u00e1s gyakran elhagyhat\u00f3, mert az ige ragoz\u00e1sa m\u00e1r utal a cselekv\u0151 szem\u00e9ly\u00e9re. P\u00e9ld\u00e1ul:<\/p>\n<ul>\n<li><strong>Parlo<\/strong> italiano. (Olaszul besz\u00e9lek.) \u2013 Az \u201eio\u201d elhagyhat\u00f3, mert a \u201eparlo\u201d m\u00e1r 1. szem\u00e9ly egyes sz\u00e1m.<\/li>\n<li><strong>Viviamo<\/strong> a <a href=\"https:\/\/talkpal.ai\/locations\/language-courses-in-budapest\/\">Budapest<\/a>. (Budapesten \u00e9l\u00fcnk.) \u2013 A \u201enoi\u201d szint\u00e9n opcion\u00e1lis.<\/li>\n<\/ul>\n<p>Azonban, ha hangs\u00falyozni szeretn\u00e9d a cselekv\u0151 szem\u00e9ly\u00e9t, az alanyi n\u00e9vm\u00e1s haszn\u00e1lata aj\u00e1nlott.<\/p>\n<h2>T\u00e1rgyas \u00e9s r\u00e9szes szem\u00e9lyes n\u00e9vm\u00e1sok (pronomi personali complemento)<\/h2>\n<p>Az olaszban a szem\u00e9lyes n\u00e9vm\u00e1sok t\u00e1rgyesetben \u00e9s r\u00e9szes esetben elt\u00e9r\u0151 alakban jelennek meg, att\u00f3l f\u00fcgg\u0151en, hogy k\u00f6zvetlen vagy k\u00f6zvetett t\u00e1rgyr\u00f3l van-e sz\u00f3.<\/p>\n<h3>K\u00f6zvetlen t\u00e1rgyas n\u00e9vm\u00e1sok (pronomi diretti)<\/h3>\n<table>\n<tr>\n<th>Szem\u00e9ly<\/th>\n<th>N\u00e9vm\u00e1s<\/th>\n<th>Magyar jelent\u00e9s<\/th>\n<\/tr>\n<tr>\n<td>1. szem\u00e9ly egyes sz\u00e1m<\/td>\n<td>mi<\/td>\n<td>engem<\/td>\n<\/tr>\n<tr>\n<td>2. szem\u00e9ly egyes sz\u00e1m<\/td>\n<td>ti<\/td>\n<td>t\u00e9ged<\/td>\n<\/tr>\n<tr>\n<td>3. szem\u00e9ly egyes sz\u00e1m (h\u00edmnem)<\/td>\n<td>lo<\/td>\n<td>\u0151t (fi\u00fat)<\/td>\n<\/tr>\n<tr>\n<td>3. szem\u00e9ly egyes sz\u00e1m (n\u0151nem)<\/td>\n<td>la<\/td>\n<td>\u0151t (l\u00e1nyt)<\/td>\n<\/tr>\n<tr>\n<td>1. szem\u00e9ly t\u00f6bbes sz\u00e1m<\/td>\n<td>ci<\/td>\n<td>benn\u00fcnket<\/td>\n<\/tr>\n<tr>\n<td>2. szem\u00e9ly t\u00f6bbes sz\u00e1m<\/td>\n<td>vi<\/td>\n<td>benneteket<\/td>\n<\/tr>\n<tr>\n<td>3. szem\u00e9ly t\u00f6bbes sz\u00e1m (h\u00edmnem)<\/td>\n<td>li<\/td>\n<td>\u0151ket (fi\u00fakat)<\/td>\n<\/tr>\n<tr>\n<td>3. szem\u00e9ly t\u00f6bbes sz\u00e1m (n\u0151nem)<\/td>\n<td>le<\/td>\n<td>\u0151ket (l\u00e1nyokat)<\/td>\n<\/tr>\n<\/table>\n<h3>K\u00f6zvetett t\u00e1rgyas n\u00e9vm\u00e1sok (pronomi indiretti)<\/h3>\n<table>\n<tr>\n<th>Szem\u00e9ly<\/th>\n<th>N\u00e9vm\u00e1s<\/th>\n<th>Magyar jelent\u00e9s<\/th>\n<\/tr>\n<tr>\n<td>1. szem\u00e9ly egyes sz\u00e1m<\/td>\n<td>mi<\/td>\n<td>nekem<\/td>\n<\/tr>\n<tr>\n<td>2. szem\u00e9ly egyes sz\u00e1m<\/td>\n<td>ti<\/td>\n<td>neked<\/td>\n<\/tr>\n<tr>\n<td>3. szem\u00e9ly egyes sz\u00e1m (h\u00edmnem\/n\u0151nem)<\/td>\n<td>gli\/le<\/td>\n<td>neki<\/td>\n<\/tr>\n<tr>\n<td>1. szem\u00e9ly t\u00f6bbes sz\u00e1m<\/td>\n<td>ci<\/td>\n<td>nek\u00fcnk<\/td>\n<\/tr>\n<tr>\n<td>2. szem\u00e9ly t\u00f6bbes sz\u00e1m<\/td>\n<td>vi<\/td>\n<td>nektek<\/td>\n<\/tr>\n<tr>\n<td>3. szem\u00e9ly t\u00f6bbes sz\u00e1m (h\u00edmnem\/n\u0151nem)<\/td>\n<td>loro<\/td>\n<td>nekik<\/td>\n<\/tr>\n<\/table>\n<h3>Haszn\u00e1lati p\u00e9ld\u00e1k<\/h3>\n<ul>\n<li><strong>Lo vedo.<\/strong> \u2013 L\u00e1tom \u0151t (fi\u00fat).<\/li>\n<li><strong>Le scrivo.<\/strong> \u2013 \u00cdrok neki (l\u00e1nynak).<\/li>\n<li><strong>Ci aiuta.<\/strong> \u2013 Seg\u00edt nek\u00fcnk.<\/li>\n<li><strong>Vi ascolto.<\/strong> \u2013 Hallgatlak titeket.<\/li>\n<\/ul>\n<h2>Visszahat\u00f3 n\u00e9vm\u00e1sok (pronomi riflessivi)<\/h2>\n<p>A visszahat\u00f3 n\u00e9vm\u00e1sok azt jelzik, hogy a cselekv\u00e9s v\u00e9grehajt\u00f3ja \u00e9s elszenved\u0151je ugyanaz a szem\u00e9ly. Ezek k\u00fcl\u00f6n\u00f6sen fontosak a visszahat\u00f3 ig\u00e9kn\u00e9l, amelyek az olaszban igen gyakoriak.<\/p>\n<table>\n<tr>\n<th>Szem\u00e9ly<\/th>\n<th>Visszahat\u00f3 n\u00e9vm\u00e1s<\/th>\n<th>Magyar jelent\u00e9s<\/th>\n<\/tr>\n<tr>\n<td>1. szem\u00e9ly egyes sz\u00e1m<\/td>\n<td>mi<\/td>\n<td>magam<\/td>\n<\/tr>\n<tr>\n<td>2. szem\u00e9ly egyes sz\u00e1m<\/td>\n<td>ti<\/td>\n<td>magad<\/td>\n<\/tr>\n<tr>\n<td>3. szem\u00e9ly egyes sz\u00e1m<\/td>\n<td>si<\/td>\n<td>maga\/mag\u00e1t<\/td>\n<\/tr>\n<tr>\n<td>1. szem\u00e9ly t\u00f6bbes sz\u00e1m<\/td>\n<td>ci<\/td>\n<td>magunk<\/td>\n<\/tr>\n<tr>\n<td>2. szem\u00e9ly t\u00f6bbes sz\u00e1m<\/td>\n<td>vi<\/td>\n<td>magatok<\/td>\n<\/tr>\n<tr>\n<td>3. szem\u00e9ly t\u00f6bbes sz\u00e1m<\/td>\n<td>si<\/td>\n<td>maguk\/magukat<\/td>\n<\/tr>\n<\/table>\n<h3>P\u00e9ldamondatok visszahat\u00f3 n\u00e9vm\u00e1sokkal<\/h3>\n<ul>\n<li><strong>Mi sveglio presto.<\/strong> \u2013 Kor\u00e1n \u00e9bredek fel.<\/li>\n<li><strong>Si lava le mani.<\/strong> \u2013 Megmossa a kez\u00e9t.<\/li>\n<li><strong>Ci vediamo domani.<\/strong> \u2013 Holnap tal\u00e1lkozunk.<\/li>\n<\/ul>\n<h2>Hangs\u00falyos szem\u00e9lyes n\u00e9vm\u00e1sok (pronomi tonici)<\/h2>\n<p>A hangs\u00falyos n\u00e9vm\u00e1sok az olaszban a hangs\u00falyoz\u00e1s, kiemel\u00e9s c\u00e9lj\u00e1b\u00f3l haszn\u00e1latosak. Ezeket gyakran el\u00f6lj\u00e1r\u00f3sz\u00f3k ut\u00e1n alkalmazzuk.<\/p>\n<table>\n<tr>\n<th>Szem\u00e9ly<\/th>\n<th>Hangs\u00falyos n\u00e9vm\u00e1s<\/th>\n<th>Magyar jelent\u00e9s<\/th>\n<\/tr>\n<tr>\n<td>1. szem\u00e9ly egyes sz\u00e1m<\/td>\n<td>me<\/td>\n<td>engem<\/td>\n<\/tr>\n<tr>\n<td>2. szem\u00e9ly egyes sz\u00e1m<\/td>\n<td>te<\/td>\n<td>t\u00e9ged<\/td>\n<\/tr>\n<tr>\n<td>3. szem\u00e9ly egyes sz\u00e1m (h\u00edmnem)<\/td>\n<td>lui<\/td>\n<td>\u0151t (fi\u00fat)<\/td>\n<\/tr>\n<tr>\n<td>3. szem\u00e9ly egyes sz\u00e1m (n\u0151nem)<\/td>\n<td>lei<\/td>\n<td>\u0151t (l\u00e1nyt)<\/td>\n<\/tr>\n<tr>\n<td>1. szem\u00e9ly t\u00f6bbes sz\u00e1m<\/td>\n<td>noi<\/td>\n<td>benn\u00fcnket<\/td>\n<\/tr>\n<tr>\n<td>2. szem\u00e9ly t\u00f6bbes sz\u00e1m<\/td>\n<td>voi<\/td>\n<td>benneteket<\/td>\n<\/tr>\n<tr>\n<td>3. szem\u00e9ly t\u00f6bbes sz\u00e1m<\/td>\n<td>loro<\/td>\n<td>\u0151ket<\/td>\n<\/tr>\n<\/table>\n<h3>Hangs\u00falyos n\u00e9vm\u00e1sok haszn\u00e1lata<\/h3>\n<ul>\n<li><strong>Parla con me.<\/strong> \u2013 Velem besz\u00e9l.<\/li>\n<li><strong>Vengo con te.<\/strong> \u2013 Veled j\u00f6v\u00f6k.<\/li>\n<li><strong>Per loro \u00e8 facile.<\/strong> \u2013 Nekik k\u00f6nny\u0171.<\/li>\n<\/ul>\n<h2>Gyakori hib\u00e1k a pronomi personali haszn\u00e1lat\u00e1ban<\/h2>\n<p>Az olasz szem\u00e9lyes n\u00e9vm\u00e1sok tanul\u00e1sa sor\u00e1n gyakori hib\u00e1k fordulhatnak el\u0151, k\u00fcl\u00f6n\u00f6sen a <a href=\"https:\/\/talkpal.ai\/learn-hungarian\/\">magyar<\/a> anyanyelv\u0171ek k\u00f6r\u00e9ben. Ezek elker\u00fcl\u00e9se \u00e9rdek\u00e9ben fontos n\u00e9h\u00e1ny alapszab\u00e1ly ismerete:<\/p>\n<ul>\n<li>A n\u00e9vm\u00e1sok helye az ig\u00e9hez k\u00e9pest: \u00e1ltal\u00e1ban az ige el\u0151tt \u00e1llnak, de felsz\u00f3l\u00edt\u00f3, f\u0151n\u00e9vi igen\u00e9v \u00e9s bizonyos igealakok eset\u00e9n ut\u00e1na kapcsol\u00f3dnak.<\/li>\n<li>A k\u00f6zvetlen \u00e9s k\u00f6zvetett t\u00e1rgyas n\u00e9vm\u00e1sok megk\u00fcl\u00f6nb\u00f6ztet\u00e9se alapvet\u0151, mivel elt\u00e9r\u0151 alakokat haszn\u00e1lnak.<\/li>\n<li>Az udvarias forma (Lei) mindig nagy kezd\u0151bet\u0171vel \u00edrand\u00f3.<\/li>\n<li>A hangs\u00falyos n\u00e9vm\u00e1sokat csak akkor haszn\u00e1ljuk, ha t\u00e9nylegesen sz\u00fcks\u00e9ges a kiemel\u00e9s.<\/li>\n<\/ul>\n<h2>Tippek a pronomi personali olasz nyelvtan gyors elsaj\u00e1t\u00edt\u00e1s\u00e1hoz<\/h2>\n<ul>\n<li><strong>Rendszeres gyakorl\u00e1s:<\/strong> Haszn\u00e1lj online platformokat, mint a Talkpal, ahol interakt\u00edv feladatokon kereszt\u00fcl fejlesztheted tud\u00e1sodat.<\/li>\n<li><strong>P\u00e9ldamondatok tanul\u00e1sa:<\/strong> Tanulj meg min\u00e9l t\u00f6bb p\u00e9ldamondatot, hogy a n\u00e9vm\u00e1sok haszn\u00e1lata automatikuss\u00e1 v\u00e1ljon.<\/li>\n<li><strong>Nyelvtani t\u00e1bl\u00e1zatok:<\/strong> K\u00e9sz\u00edts vagy haszn\u00e1lj \u00e1ttekinthet\u0151 t\u00e1bl\u00e1zatokat a k\u00fcl\u00f6nb\u00f6z\u0151 n\u00e9vm\u00e1sform\u00e1k \u00f6sszehasonl\u00edt\u00e1s\u00e1hoz.<\/li>\n<li><strong>Hallgat\u00e1s \u00e9s olvas\u00e1s:<\/strong> Figyeld meg, hogyan haszn\u00e1lj\u00e1k az anyanyelvi besz\u00e9l\u0151k a pronomi personali-t k\u00fcl\u00f6nb\u00f6z\u0151 kontextusokban.<\/li>\n<li><strong>Besz\u00e9dgyakorl\u00e1s:<\/strong> Gyakorold a n\u00e9vm\u00e1sok haszn\u00e1lat\u00e1t p\u00e1rbesz\u00e9dekben, szitu\u00e1ci\u00f3s gyakorlatokban.<\/li>\n<\/ul>\n<h2>\u00d6sszefoglal\u00e1s<\/h2>\n<p>A pronomi personali olasz nyelvtanban val\u00f3 helyes alkalmaz\u00e1sa alapfelt\u00e9tele a magabiztos \u00e9s \u00e9rthet\u0151 kommunik\u00e1ci\u00f3nak. Az alanyi, t\u00e1rgyas, r\u00e9szes, visszahat\u00f3 \u00e9s hangs\u00falyos n\u00e9vm\u00e1sok helyes haszn\u00e1lata seg\u00edti, hogy k\u00f6nnyed\u00e9n \u00e9s term\u00e9szetesen fejezd ki magad olaszul. Ne feledd, hogy a tanul\u00e1sban a rendszeres gyakorl\u00e1s, a p\u00e9ldamondatok elsaj\u00e1t\u00edt\u00e1sa \u00e9s az olyan modern eszk\u00f6z\u00f6k, mint a Talkpal, jelent\u0151sen megk\u00f6nny\u00edthetik az olasz szem\u00e9lyes n\u00e9vm\u00e1sok elsaj\u00e1t\u00edt\u00e1s\u00e1t. Az elm\u00e9leti tud\u00e1st mindig eg\u00e9sz\u00edtsd ki akt\u00edv gyakorl\u00e1ssal, hogy a pronomi personali haszn\u00e1lata term\u00e9szetess\u00e9 v\u00e1ljon az olasz nyelvben!<\/p>\n","protected":false},"featured_media":1527749,"template":"","language":[12572,12548],"class_list":["post-1078934","grammar","type-grammar","status-publish","has-post-thumbnail","hentry","language-nevmasok-olasz-nyelvtan","language-olasz"],"acf":[],"yoast_head":"<!-- This site is optimized with the Yoast SEO Premium plugin v27.2 (Yoast SEO v27.2) - https:\/\/yoast.com\/product\/yoast-seo-premium-wordpress\/ -->\n<title>Pronomi Personali olasz nyelvtan - Talkpal<\/title>\n<meta name=\"description\" content=\"Az olasz nyelvtan tanul\u00e1sa sor\u00e1n az egyik legfontosabb alappill\u00e9r a szem\u00e9lyes n\u00e9vm\u00e1sok, vagyis a pronomi personali helyes haszn\u00e1lata. Ezek a n\u00e9vm\u00e1sok\" \/>\n<meta name=\"robots\" content=\"index, follow, max-snippet:-1, max-image-preview:large, max-video-preview:-1\" \/>\n<link rel=\"canonical\" href=\"https:\/\/talkpal.ai\/hu\/grammar\/pronomi-personali-olasz-nyelvtan\/\" \/>\n<meta property=\"og:locale\" content=\"hu_HU\" \/>\n<meta property=\"og:type\" content=\"article\" \/>\n<meta property=\"og:title\" content=\"Pronomi Personali olasz nyelvtan\" \/>\n<meta property=\"og:description\" content=\"Az olasz nyelvtan tanul\u00e1sa sor\u00e1n az egyik legfontosabb alappill\u00e9r a szem\u00e9lyes n\u00e9vm\u00e1sok, vagyis a pronomi personali helyes haszn\u00e1lata. Ezek a n\u00e9vm\u00e1sok\" \/>\n<meta property=\"og:url\" content=\"https:\/\/talkpal.ai\/hu\/grammar\/pronomi-personali-olasz-nyelvtan\/\" \/>\n<meta property=\"og:site_name\" content=\"Talkpal\" \/>\n<meta property=\"article:publisher\" content=\"https:\/\/www.facebook.com\/profile.php?id=100090733639311\" \/>\n<meta property=\"og:image\" content=\"https:\/\/talkpal.ai\/wp-content\/uploads\/2025\/02\/Progress-tab-16_9.png\" \/>\n\t<meta property=\"og:image:width\" content=\"2880\" \/>\n\t<meta property=\"og:image:height\" content=\"1620\" \/>\n\t<meta property=\"og:image:type\" content=\"image\/png\" \/>\n<meta name=\"twitter:card\" content=\"summary_large_image\" \/>\n<meta name=\"twitter:site\" content=\"@talkpalai\" \/>\n<meta name=\"twitter:label1\" content=\"Becs\u00fclt olvas\u00e1si id\u0151\" \/>\n\t<meta name=\"twitter:data1\" content=\"7 perc\" \/>\n<script type=\"application\/ld+json\" class=\"yoast-schema-graph\">{\"@context\":\"https:\/\/schema.org\",\"@graph\":[{\"@type\":\"WebPage\",\"@id\":\"https:\/\/talkpal.ai\/hu\/grammar\/pronomi-personali-olasz-nyelvtan\/\",\"url\":\"https:\/\/talkpal.ai\/hu\/grammar\/pronomi-personali-olasz-nyelvtan\/\",\"name\":\"Pronomi Personali olasz nyelvtan - Talkpal\",\"isPartOf\":{\"@id\":\"https:\/\/talkpal.ai\/hu\/#website\"},\"primaryImageOfPage\":{\"@id\":\"https:\/\/talkpal.ai\/hu\/grammar\/pronomi-personali-olasz-nyelvtan\/#primaryimage\"},\"image\":{\"@id\":\"https:\/\/talkpal.ai\/hu\/grammar\/pronomi-personali-olasz-nyelvtan\/#primaryimage\"},\"thumbnailUrl\":\"https:\/\/talkpal.ai\/wp-content\/uploads\/2025\/12\/lessons-are-viewed-to-learn-languages.webp\",\"datePublished\":\"2025-07-01T22:07:35+00:00\",\"description\":\"Az olasz nyelvtan tanul\u00e1sa sor\u00e1n az egyik legfontosabb alappill\u00e9r a szem\u00e9lyes n\u00e9vm\u00e1sok, vagyis a pronomi personali helyes haszn\u00e1lata. Ezek a n\u00e9vm\u00e1sok\",\"breadcrumb\":{\"@id\":\"https:\/\/talkpal.ai\/hu\/grammar\/pronomi-personali-olasz-nyelvtan\/#breadcrumb\"},\"inLanguage\":\"hu\",\"potentialAction\":[{\"@type\":\"ReadAction\",\"target\":[\"https:\/\/talkpal.ai\/hu\/grammar\/pronomi-personali-olasz-nyelvtan\/\"]}]},{\"@type\":\"ImageObject\",\"inLanguage\":\"hu\",\"@id\":\"https:\/\/talkpal.ai\/hu\/grammar\/pronomi-personali-olasz-nyelvtan\/#primaryimage\",\"url\":\"https:\/\/talkpal.ai\/wp-content\/uploads\/2025\/12\/lessons-are-viewed-to-learn-languages.webp\",\"contentUrl\":\"https:\/\/talkpal.ai\/wp-content\/uploads\/2025\/12\/lessons-are-viewed-to-learn-languages.webp\",\"width\":1200,\"height\":896,\"caption\":\"Digital lessons are viewed by people at laptops in a modern office space for learning languages.\"},{\"@type\":\"BreadcrumbList\",\"@id\":\"https:\/\/talkpal.ai\/hu\/grammar\/pronomi-personali-olasz-nyelvtan\/#breadcrumb\",\"itemListElement\":[{\"@type\":\"ListItem\",\"position\":1,\"name\":\"Homepage\",\"item\":\"https:\/\/talkpal.ai\/hu\/\"},{\"@type\":\"ListItem\",\"position\":2,\"name\":\"Pronomi Personali olasz nyelvtan\"}]},{\"@type\":\"WebSite\",\"@id\":\"https:\/\/talkpal.ai\/hu\/#website\",\"url\":\"https:\/\/talkpal.ai\/hu\/\",\"name\":\"Talkpal\",\"description\":\"AI Language Learning\",\"publisher\":{\"@id\":\"https:\/\/talkpal.ai\/hu\/#organization\"},\"alternateName\":\"Talkpal AI\",\"potentialAction\":[{\"@type\":\"SearchAction\",\"target\":{\"@type\":\"EntryPoint\",\"urlTemplate\":\"https:\/\/talkpal.ai\/hu\/?s={search_term_string}\"},\"query-input\":{\"@type\":\"PropertyValueSpecification\",\"valueRequired\":true,\"valueName\":\"search_term_string\"}}],\"inLanguage\":\"hu\"},{\"@type\":\"Organization\",\"@id\":\"https:\/\/talkpal.ai\/hu\/#organization\",\"name\":\"Talkpal, Inc.\",\"alternateName\":\"Talkpal AI\",\"url\":\"https:\/\/talkpal.ai\/hu\/\",\"logo\":{\"@type\":\"ImageObject\",\"inLanguage\":\"hu\",\"@id\":\"https:\/\/talkpal.ai\/hu\/#\/schema\/logo\/image\/\",\"url\":\"https:\/\/talkpal.ai\/wp-content\/uploads\/2024\/03\/Talkpal-Logo-Icon.png\",\"contentUrl\":\"https:\/\/talkpal.ai\/wp-content\/uploads\/2024\/03\/Talkpal-Logo-Icon.png\",\"width\":2880,\"height\":2880,\"caption\":\"Talkpal, Inc.\"},\"image\":{\"@id\":\"https:\/\/talkpal.ai\/hu\/#\/schema\/logo\/image\/\"},\"sameAs\":[\"https:\/\/www.facebook.com\/profile.php?id=100090733639311\",\"https:\/\/x.com\/talkpalai\",\"https:\/\/www.linkedin.com\/company\/talkpal\/\",\"https:\/\/www.youtube.com\/@TalkPal\/\",\"https:\/\/www.tiktok.com\/@talkpal\",\"https:\/\/www.instagram.com\/talkpal_ai\/\",\"https:\/\/www.crunchbase.com\/organization\/talkpal-9cde\",\"https:\/\/www.g2.com\/products\/talkpal-for-business\/\",\"https:\/\/www.trustpilot.com\/review\/talkpal.ai\",\"https:\/\/www.capterra.com\/p\/10006800\/TalkPal\/\"],\"description\":\"Talkpal is a language learning web and mobile education app, powered by the latest AI technologies, that provides engaging experiences to its customers in many different languages to help them improve their language skills. Users can chat about unlimited amount of topics with the app and use other modes to practice their language learning.\",\"email\":\"support@talkpal.ai\",\"legalName\":\"Talkpal, Inc.\",\"foundingDate\":\"2023-04-03\",\"duns\":\"118989042\",\"numberOfEmployees\":{\"@type\":\"QuantitativeValue\",\"minValue\":\"11\",\"maxValue\":\"50\"},\"publishingPrinciples\":\"https:\/\/talkpal.ai\/publishing-principles\/\",\"actionableFeedbackPolicy\":\"https:\/\/talkpal.ai\/actionable-feedback-policy\/\",\"correctionsPolicy\":\"https:\/\/talkpal.ai\/corrections-policy\/\",\"ethicsPolicy\":\"https:\/\/talkpal.ai\/ethics-policy\/\",\"diversityPolicy\":\"https:\/\/talkpal.ai\/diversity-policy\/\",\"diversityStaffingReport\":\"https:\/\/talkpal.ai\/diversity-policy\/\"}]}<\/script>\n<!-- \/ Yoast SEO Premium plugin. -->","yoast_head_json":{"title":"Pronomi Personali olasz nyelvtan - Talkpal","description":"Az olasz nyelvtan tanul\u00e1sa sor\u00e1n az egyik legfontosabb alappill\u00e9r a szem\u00e9lyes n\u00e9vm\u00e1sok, vagyis a pronomi personali helyes haszn\u00e1lata. Ezek a n\u00e9vm\u00e1sok","robots":{"index":"index","follow":"follow","max-snippet":"max-snippet:-1","max-image-preview":"max-image-preview:large","max-video-preview":"max-video-preview:-1"},"canonical":"https:\/\/talkpal.ai\/hu\/grammar\/pronomi-personali-olasz-nyelvtan\/","og_locale":"hu_HU","og_type":"article","og_title":"Pronomi Personali olasz nyelvtan","og_description":"Az olasz nyelvtan tanul\u00e1sa sor\u00e1n az egyik legfontosabb alappill\u00e9r a szem\u00e9lyes n\u00e9vm\u00e1sok, vagyis a pronomi personali helyes haszn\u00e1lata. Ezek a n\u00e9vm\u00e1sok","og_url":"https:\/\/talkpal.ai\/hu\/grammar\/pronomi-personali-olasz-nyelvtan\/","og_site_name":"Talkpal","article_publisher":"https:\/\/www.facebook.com\/profile.php?id=100090733639311","og_image":[{"width":2880,"height":1620,"url":"https:\/\/talkpal.ai\/wp-content\/uploads\/2025\/02\/Progress-tab-16_9.png","type":"image\/png"}],"twitter_card":"summary_large_image","twitter_site":"@talkpalai","twitter_misc":{"Becs\u00fclt olvas\u00e1si id\u0151":"7 perc"},"schema":{"@context":"https:\/\/schema.org","@graph":[{"@type":"WebPage","@id":"https:\/\/talkpal.ai\/hu\/grammar\/pronomi-personali-olasz-nyelvtan\/","url":"https:\/\/talkpal.ai\/hu\/grammar\/pronomi-personali-olasz-nyelvtan\/","name":"Pronomi Personali olasz nyelvtan - Talkpal","isPartOf":{"@id":"https:\/\/talkpal.ai\/hu\/#website"},"primaryImageOfPage":{"@id":"https:\/\/talkpal.ai\/hu\/grammar\/pronomi-personali-olasz-nyelvtan\/#primaryimage"},"image":{"@id":"https:\/\/talkpal.ai\/hu\/grammar\/pronomi-personali-olasz-nyelvtan\/#primaryimage"},"thumbnailUrl":"https:\/\/talkpal.ai\/wp-content\/uploads\/2025\/12\/lessons-are-viewed-to-learn-languages.webp","datePublished":"2025-07-01T22:07:35+00:00","description":"Az olasz nyelvtan tanul\u00e1sa sor\u00e1n az egyik legfontosabb alappill\u00e9r a szem\u00e9lyes n\u00e9vm\u00e1sok, vagyis a pronomi personali helyes haszn\u00e1lata. Ezek a n\u00e9vm\u00e1sok","breadcrumb":{"@id":"https:\/\/talkpal.ai\/hu\/grammar\/pronomi-personali-olasz-nyelvtan\/#breadcrumb"},"inLanguage":"hu","potentialAction":[{"@type":"ReadAction","target":["https:\/\/talkpal.ai\/hu\/grammar\/pronomi-personali-olasz-nyelvtan\/"]}]},{"@type":"ImageObject","inLanguage":"hu","@id":"https:\/\/talkpal.ai\/hu\/grammar\/pronomi-personali-olasz-nyelvtan\/#primaryimage","url":"https:\/\/talkpal.ai\/wp-content\/uploads\/2025\/12\/lessons-are-viewed-to-learn-languages.webp","contentUrl":"https:\/\/talkpal.ai\/wp-content\/uploads\/2025\/12\/lessons-are-viewed-to-learn-languages.webp","width":1200,"height":896,"caption":"Digital lessons are viewed by people at laptops in a modern office space for learning languages."},{"@type":"BreadcrumbList","@id":"https:\/\/talkpal.ai\/hu\/grammar\/pronomi-personali-olasz-nyelvtan\/#breadcrumb","itemListElement":[{"@type":"ListItem","position":1,"name":"Homepage","item":"https:\/\/talkpal.ai\/hu\/"},{"@type":"ListItem","position":2,"name":"Pronomi Personali olasz nyelvtan"}]},{"@type":"WebSite","@id":"https:\/\/talkpal.ai\/hu\/#website","url":"https:\/\/talkpal.ai\/hu\/","name":"Talkpal","description":"AI Language Learning","publisher":{"@id":"https:\/\/talkpal.ai\/hu\/#organization"},"alternateName":"Talkpal AI","potentialAction":[{"@type":"SearchAction","target":{"@type":"EntryPoint","urlTemplate":"https:\/\/talkpal.ai\/hu\/?s={search_term_string}"},"query-input":{"@type":"PropertyValueSpecification","valueRequired":true,"valueName":"search_term_string"}}],"inLanguage":"hu"},{"@type":"Organization","@id":"https:\/\/talkpal.ai\/hu\/#organization","name":"Talkpal, Inc.","alternateName":"Talkpal AI","url":"https:\/\/talkpal.ai\/hu\/","logo":{"@type":"ImageObject","inLanguage":"hu","@id":"https:\/\/talkpal.ai\/hu\/#\/schema\/logo\/image\/","url":"https:\/\/talkpal.ai\/wp-content\/uploads\/2024\/03\/Talkpal-Logo-Icon.png","contentUrl":"https:\/\/talkpal.ai\/wp-content\/uploads\/2024\/03\/Talkpal-Logo-Icon.png","width":2880,"height":2880,"caption":"Talkpal, Inc."},"image":{"@id":"https:\/\/talkpal.ai\/hu\/#\/schema\/logo\/image\/"},"sameAs":["https:\/\/www.facebook.com\/profile.php?id=100090733639311","https:\/\/x.com\/talkpalai","https:\/\/www.linkedin.com\/company\/talkpal\/","https:\/\/www.youtube.com\/@TalkPal\/","https:\/\/www.tiktok.com\/@talkpal","https:\/\/www.instagram.com\/talkpal_ai\/","https:\/\/www.crunchbase.com\/organization\/talkpal-9cde","https:\/\/www.g2.com\/products\/talkpal-for-business\/","https:\/\/www.trustpilot.com\/review\/talkpal.ai","https:\/\/www.capterra.com\/p\/10006800\/TalkPal\/"],"description":"Talkpal is a language learning web and mobile education app, powered by the latest AI technologies, that provides engaging experiences to its customers in many different languages to help them improve their language skills. Users can chat about unlimited amount of topics with the app and use other modes to practice their language learning.","email":"support@talkpal.ai","legalName":"Talkpal, Inc.","foundingDate":"2023-04-03","duns":"118989042","numberOfEmployees":{"@type":"QuantitativeValue","minValue":"11","maxValue":"50"},"publishingPrinciples":"https:\/\/talkpal.ai\/publishing-principles\/","actionableFeedbackPolicy":"https:\/\/talkpal.ai\/actionable-feedback-policy\/","correctionsPolicy":"https:\/\/talkpal.ai\/corrections-policy\/","ethicsPolicy":"https:\/\/talkpal.ai\/ethics-policy\/","diversityPolicy":"https:\/\/talkpal.ai\/diversity-policy\/","diversityStaffingReport":"https:\/\/talkpal.ai\/diversity-policy\/"}]}},"_links":{"self":[{"href":"https:\/\/talkpal.ai\/hu\/wp-json\/wp\/v2\/grammar\/1078934","targetHints":{"allow":["GET"]}}],"collection":[{"href":"https:\/\/talkpal.ai\/hu\/wp-json\/wp\/v2\/grammar"}],"about":[{"href":"https:\/\/talkpal.ai\/hu\/wp-json\/wp\/v2\/types\/grammar"}],"wp:featuredmedia":[{"embeddable":true,"href":"https:\/\/talkpal.ai\/hu\/wp-json\/wp\/v2\/media\/1527749"}],"wp:attachment":[{"href":"https:\/\/talkpal.ai\/hu\/wp-json\/wp\/v2\/media?parent=1078934"}],"wp:term":[{"taxonomy":"language","embeddable":true,"href":"https:\/\/talkpal.ai\/hu\/wp-json\/wp\/v2\/language?post=1078934"}],"curies":[{"name":"wp","href":"https:\/\/api.w.org\/{rel}","templated":true}]}}