{"id":1078930,"date":"2025-07-01T22:07:16","date_gmt":"2025-07-01T22:07:16","guid":{"rendered":"https:\/\/talkpal.ai\/grammar\/pronomi-riflessivi-az-olasz-nyelvtanban\/"},"modified":"2025-07-01T22:07:16","modified_gmt":"2025-07-01T22:07:16","slug":"pronomi-riflessivi-az-olasz-nyelvtanban","status":"publish","type":"grammar","link":"https:\/\/talkpal.ai\/hu\/grammar\/pronomi-riflessivi-az-olasz-nyelvtanban\/","title":{"rendered":"Pronomi Riflessivi az olasz nyelvtanban"},"content":{"rendered":"<p>Az <a href=\"https:\/\/talkpal.ai\/hu\/grammar\/reszvetel-az-olasz-nyelvtanban\/\">olasz nyelvtan<\/a> egyik sarkalatos pontja a visszahat\u00f3 n\u00e9vm\u00e1sok, vagyis a <a href=\"https:\/\/talkpal.ai\/ar\/grammar_exercises\/pronomi-riflessivi-%d8%aa%d9%85%d8%a7%d8%b1%d9%8a%d9%86-%d9%84%d9%84%d9%82%d9%88%d8%a7%d8%b9%d8%af-%d8%a7%d9%84%d8%a5%d9%8a%d8%b7%d8%a7%d9%84%d9%8a%d8%a9\/\">pronomi riflessivi<\/a> helyes haszn\u00e1lata. Ezek a n\u00e9vm\u00e1sok nem csup\u00e1n a mindennapi kommunik\u00e1ci\u00f3ban, de a <a href=\"https:\/\/talkpal.ai\/grammar\/\">nyelvtan<\/a> magasabb szintjein is elengedhetetlenek. Az <a href=\"https:\/\/talkpal.ai\/learn-italian\/\">olasz<\/a> nyelvtanul\u00f3k sz\u00e1m\u00e1ra gyakran kih\u00edv\u00e1st jelent a pronomi riflessivi megfelel\u0151 alkalmaz\u00e1sa, hiszen a <a href=\"https:\/\/talkpal.ai\/learn-hungarian\/\">magyar<\/a> nyelvt\u0151l elt\u00e9r\u0151en sz\u00e1mos helyzetben k\u00f6telez\u0151 a haszn\u00e1latuk. Szerencs\u00e9re, a modern nyelvtanul\u00e1si eszk\u00f6z\u00f6k, mint p\u00e9ld\u00e1ul a <a href=\"https:\/\/talkpal.ai\/ko\/ai-%ec%96%b8%ec%96%b4-%ea%b5%90%ec%82%ac\/\">Talkpal<\/a>, hat\u00e9kony seg\u00edts\u00e9get ny\u00fajtanak a visszahat\u00f3 n\u00e9vm\u00e1sok elsaj\u00e1t\u00edt\u00e1s\u00e1ban, ak\u00e1r teljesen kezd\u0151, ak\u00e1r halad\u00f3 szinten vagyunk. Ebben a cikkben r\u00e9szletesen bemutatjuk, mik a pronomi riflessivi, mikor \u00e9s hogyan haszn\u00e1ljuk \u0151ket, \u00e9s milyen tipikus hib\u00e1kat \u00e9rdemes elker\u00fclni.<\/p>\n<h2>Mi az a Pronomi Riflessivi?<\/h2>\n<p>A pronomi riflessivi, vagyis visszahat\u00f3 n\u00e9vm\u00e1sok az olasz nyelvben olyan n\u00e9vm\u00e1sok, amelyek azt jelzik, hogy a cselekv\u00e9s <a href=\"https:\/\/talkpal.ai\/locations\/language-courses-in-alanya\/\">alanya<\/a> \u00e9s t\u00e1rgya ugyanaz a szem\u00e9ly. M\u00e1s sz\u00f3val, a cselekv\u00e9s \u201evisszahat\u201d a cselekv\u0151re. Ezek n\u00e9lk\u00fcl\u00f6zhetetlenek a visszahat\u00f3 ig\u00e9k (<a href=\"https:\/\/talkpal.ai\/ar\/grammar_exercises\/verbi-riflessivi-%d8%aa%d9%85%d8%a7%d8%b1%d9%8a%d9%86-%d9%84%d9%84%d9%82%d9%88%d8%a7%d8%b9%d8%af-%d8%a7%d9%84%d8%a5%d9%8a%d8%b7%d8%a7%d9%84%d9%8a%d8%a9\/\">verbi riflessivi<\/a>) haszn\u00e1lat\u00e1hoz.<\/p>\n<h3>A f\u0151 olasz visszahat\u00f3 n\u00e9vm\u00e1sok<\/h3>\n<p>Az olasz visszahat\u00f3 n\u00e9vm\u00e1sok szem\u00e9lyenk\u00e9nt v\u00e1ltoznak, \u00e9s a k\u00f6vetkez\u0151k:<\/p>\n<ul>\n<li><strong>mi<\/strong> \u2013 magam (io)<\/li>\n<li><strong>ti<\/strong> \u2013 magad (tu)<\/li>\n<li><strong>si<\/strong> \u2013 maga\/mag\u00e1t (lui\/lei\/Lei)<\/li>\n<li><strong>ci<\/strong> \u2013 magunk (noi)<\/li>\n<li><strong>vi<\/strong> \u2013 magatok (voi)<\/li>\n<li><strong>si<\/strong> \u2013 maguk\/magukat (loro)<\/li>\n<\/ul>\n<p>P\u00e9ldamondatok:<\/p>\n<ul>\n<li><em>Mi lavo<\/em> \u2013 Megmosakszom.<\/li>\n<li><em>Ti svegli<\/em> \u2013 Fel\u00e9bredsz.<\/li>\n<li><em>Si veste<\/em> \u2013 Fel\u00f6lt\u00f6zik.<\/li>\n<li><em>Ci divertiamo<\/em> \u2013 J\u00f3l sz\u00f3rakozunk.<\/li>\n<li><em>Vi preparate<\/em> \u2013 Felk\u00e9sz\u00fclt\u00f6k.<\/li>\n<li><em>Si incontrano<\/em> \u2013 Tal\u00e1lkoznak egym\u00e1ssal.<\/li>\n<\/ul>\n<h2>A pronomi riflessivi szerepe \u00e9s haszn\u00e1lata<\/h2>\n<h3>Mikor van sz\u00fcks\u00e9g visszahat\u00f3 n\u00e9vm\u00e1sra?<\/h3>\n<p>A visszahat\u00f3 n\u00e9vm\u00e1sokat els\u0151sorban visszahat\u00f3 ig\u00e9kn\u00e9l haszn\u00e1ljuk, amikor a cselekv\u00e9s alanya \u00e9s t\u00e1rgya megegyezik. Az olaszban azonban sokkal t\u00f6bb visszahat\u00f3 ig\u00e9t alkalmaznak, mint a magyarban, ez\u00e9rt \u00e9rdemes megtanulni az ig\u00e9kkel egy\u00fctt a megfelel\u0151 n\u00e9vm\u00e1st is.<\/p>\n<h4>Jellegzetes visszahat\u00f3 ig\u00e9k<\/h4>\n<ul>\n<li><strong>svegliarsi<\/strong> \u2013 fel\u00e9bredni<\/li>\n<li><strong>lavarsi<\/strong> \u2013 megmosakodni<\/li>\n<li><strong>chiamarsi<\/strong> \u2013 h\u00edvni mag\u00e1t (nev\u00e9t mondani)<\/li>\n<li><strong>sedersi<\/strong> \u2013 le\u00fclni<\/li>\n<li><strong>sentirsi<\/strong> \u2013 \u00e9rezni mag\u00e1t<\/li>\n<\/ul>\n<h3>Hogyan illeszkednek a mondatba?<\/h3>\n<p>A visszahat\u00f3 n\u00e9vm\u00e1s az ig\u00e9t k\u00f6zvetlen\u00fcl megel\u0151zi, kiv\u00e9ve felsz\u00f3l\u00edt\u00f3, f\u0151n\u00e9vi vagy folyamatos alakban, amikor az ig\u00e9hez kapcsol\u00f3dik.<\/p>\n<ul>\n<li><strong>Kijelent\u0151 m\u00f3dban:<\/strong> <em>Mi lavo<\/em> \u2013 Megmosakszom.<\/li>\n<li><strong>Felsz\u00f3l\u00edt\u00f3 m\u00f3dban:<\/strong> <em>Lavati!<\/em> \u2013 Mosakodj meg!<\/li>\n<li><strong>F\u0151n\u00e9vi igen\u00e9vvel:<\/strong> <em>Lavarsi<\/em> \u2013 Megmosakodni.<\/li>\n<\/ul>\n<h2>A visszahat\u00f3 n\u00e9vm\u00e1sok ragoz\u00e1sa<\/h2>\n<h3>Pronomi riflessivi a ragozott ig\u00e9kkel<\/h3>\n<p>A n\u00e9vm\u00e1s mindig a szem\u00e9lyes alanyhoz igazodik:<\/p>\n<table>\n<tr>\n<th>Szem\u00e9ly<\/th>\n<th>Visszahat\u00f3 n\u00e9vm\u00e1s<\/th>\n<th>P\u00e9lda<\/th>\n<\/tr>\n<tr>\n<td>io<\/td>\n<td>mi<\/td>\n<td>Mi alzo (Felkelek)<\/td>\n<\/tr>\n<tr>\n<td>tu<\/td>\n<td>ti<\/td>\n<td>Ti svegli (Fel\u00e9bredsz)<\/td>\n<\/tr>\n<tr>\n<td>lui\/lei\/Lei<\/td>\n<td>si<\/td>\n<td>Si veste (Fel\u00f6lt\u00f6zik)<\/td>\n<\/tr>\n<tr>\n<td>noi<\/td>\n<td>ci<\/td>\n<td>Ci divertiamo (J\u00f3l sz\u00f3rakozunk)<\/td>\n<\/tr>\n<tr>\n<td>voi<\/td>\n<td>vi<\/td>\n<td>Vi preparate (Felk\u00e9sz\u00fclt\u00f6k)<\/td>\n<\/tr>\n<tr>\n<td>loro<\/td>\n<td>si<\/td>\n<td>Si incontrano (Tal\u00e1lkoznak)<\/td>\n<\/tr>\n<\/table>\n<h3>Felsz\u00f3l\u00edt\u00f3 m\u00f3d \u00e9s f\u0151n\u00e9vi igen\u00e9v<\/h3>\n<p>Az ig\u00e9hez kapcsol\u00f3dik a n\u00e9vm\u00e1s:<\/p>\n<ul>\n<li><em>Svegliati!<\/em> \u2013 \u00c9bredj fel!<\/li>\n<li><em>Svegliarsi<\/em> \u2013 Fel\u00e9bredni<\/li>\n<\/ul>\n<h2>K\u00fcl\u00f6nleges esetek a pronomi riflessivi haszn\u00e1lat\u00e1ban<\/h2>\n<h3>K\u00f6lcs\u00f6n\u00f6s visszahat\u00f3 ig\u00e9k<\/h3>\n<p>A visszahat\u00f3 n\u00e9vm\u00e1sok n\u00e9ha k\u00f6lcs\u00f6n\u00f6s cselekv\u00e9st is kifejeznek, amikor k\u00e9t vagy t\u00f6bb alany egym\u00e1sra ir\u00e1nyul\u00f3 cselekv\u00e9st hajt v\u00e9gre.<\/p>\n<ul>\n<li><em>Ci vediamo domani.<\/em> \u2013 Holnap tal\u00e1lkozunk (egym\u00e1ssal).<\/li>\n<li><em>Si salutano ogni mattina.<\/em> \u2013 Minden reggel \u00fcdv\u00f6zlik egym\u00e1st.<\/li>\n<\/ul>\n<h3>Visszahat\u00f3 n\u00e9vm\u00e1s \u00e9s seg\u00e9dig\u00e9k<\/h3>\n<p>\u00d6sszetett igeid\u0151kben (pl. passato prossimo) a visszahat\u00f3 ig\u00e9k mindig az <strong>essere<\/strong> seg\u00e9dig\u00e9vel k\u00e9pzik m\u00falt idej\u0171 alakjukat, \u00e9s az igenevet egyeztetni kell az alannyal.<\/p>\n<ul>\n<li><em>Mi sono svegliato\/a.<\/em> \u2013 Fel\u00e9bredtem.<\/li>\n<li><em>Si sono preparati\/e.<\/em> \u2013 Felk\u00e9sz\u00fcltek.<\/li>\n<\/ul>\n<h2>Gyakori hib\u00e1k \u00e9s tippek a helyes haszn\u00e1lathoz<\/h2>\n<h3>Tipikus hib\u00e1k<\/h3>\n<ul>\n<li><strong>A visszahat\u00f3 n\u00e9vm\u00e1s kihagy\u00e1sa:<\/strong> Az olaszban sok ige csak visszahat\u00f3k\u00e9nt haszn\u00e1lhat\u00f3, a n\u00e9vm\u00e1s elhagy\u00e1sa hib\u00e1s mondatot eredm\u00e9nyez.<\/li>\n<li><strong>Helytelen n\u00e9vm\u00e1s v\u00e1laszt\u00e1sa:<\/strong> Figyelni kell, hogy mindig az alanynak megfelel\u0151 n\u00e9vm\u00e1st haszn\u00e1ljuk.<\/li>\n<li><strong>Hib\u00e1s sz\u00f3rend:<\/strong> A n\u00e9vm\u00e1s nem ker\u00fclhet az ige m\u00f6g\u00e9 kijelent\u0151 m\u00f3dban, kiv\u00e9ve f\u0151n\u00e9vi igen\u00e9v vagy felsz\u00f3l\u00edt\u00f3 m\u00f3d eset\u00e9n.<\/li>\n<\/ul>\n<h3>Hasznos tippek<\/h3>\n<ul>\n<li><strong>Tanuld meg az ig\u00e9t a n\u00e9vm\u00e1ssal egy\u00fctt!<\/strong> Sok olasz ige csak visszahat\u00f3 form\u00e1ban l\u00e9tezik vagy m\u00e1s jelent\u00e9se van visszahat\u00f3k\u00e9nt.<\/li>\n<li><strong>Gyakorolj p\u00e9ldamondatokkal!<\/strong> A Talkpal kiv\u00e1l\u00f3 eszk\u00f6z az akt\u00edv mondatalkot\u00e1s gyakorl\u00e1s\u00e1ra.<\/li>\n<li><strong>Figyelj a sz\u00f6vegk\u00f6rnyezetre!<\/strong> Egyes ig\u00e9k jelent\u00e9se csak sz\u00f6vegk\u00f6rnyezetb\u0151l der\u00fcl ki, hogy visszahat\u00f3k\u00e9nt vagy nem-visszahat\u00f3k\u00e9nt haszn\u00e1ljuk-e.<\/li>\n<\/ul>\n<h2>Pronomi riflessivi \u00e9s a mindennapi olasz<\/h2>\n<h3>Gyakran haszn\u00e1lt visszahat\u00f3 szerkezetek<\/h3>\n<p>Az olasz h\u00e9tk\u00f6znapi besz\u00e9dben rengeteg visszahat\u00f3 szerkezetet haszn\u00e1lnak, p\u00e9ld\u00e1ul:<\/p>\n<ul>\n<li><em>Mi chiamo Luca.<\/em> \u2013 Luk\u00e1nak h\u00edvnak.<\/li>\n<li><em>Ti senti bene?<\/em> \u2013 J\u00f3l \u00e9rzed magad?<\/li>\n<li><em>Ci vediamo presto.<\/em> \u2013 Hamarosan tal\u00e1lkozunk.<\/li>\n<\/ul>\n<h3>Visszahat\u00f3 ig\u00e9k a t\u00e1rsalg\u00e1sban<\/h3>\n<p>A pronomi riflessivi ismerete elengedhetetlen a g\u00f6rd\u00fcl\u00e9keny, term\u00e9szetes olasz t\u00e1rsalg\u00e1shoz. A visszahat\u00f3 szerkezetek gyakoriak az ismerked\u00e9s, a mindennapi teend\u0151k, az \u00e9rzelmek \u00e9s a k\u00f6lcs\u00f6n\u00f6s cselekv\u00e9sek kifejez\u00e9s\u00e9n\u00e9l is.<\/p>\n<h2>Hogyan seg\u00edthet a Talkpal a pronomi riflessivi gyakorl\u00e1s\u00e1ban?<\/h2>\n<p>A Talkpal egy modern, interakt\u00edv nyelvtanul\u00e1si platform, amely szem\u00e9lyre szabott gyakorlatokkal, \u00e9letszer\u0171 p\u00e1rbesz\u00e9dekkel \u00e9s azonnali visszajelz\u00e9ssel t\u00e1mogatja a visszahat\u00f3 n\u00e9vm\u00e1sok helyes haszn\u00e1lat\u00e1nak elsaj\u00e1t\u00edt\u00e1s\u00e1t. A platform el\u0151nyei:<\/p>\n<ul>\n<li><strong>Val\u00f3s p\u00e1rbesz\u00e9dek:<\/strong> Gyakorolhatod a pronomi riflessivi-t mindennapi szitu\u00e1ci\u00f3kban.<\/li>\n<li><strong>Interakt\u00edv feladatok:<\/strong> Azonnali visszajelz\u00e9st kapsz, \u00edgy gyorsan jav\u00edthatod a hib\u00e1kat.<\/li>\n<li><strong>Szem\u00e9lyre szabott tanul\u00e1s:<\/strong> Saj\u00e1t temp\u00f3dban haladhatsz, a sz\u00e1modra legnehezebb ig\u00e9kre koncentr\u00e1lva.<\/li>\n<\/ul>\n<h2>\u00d6sszegz\u00e9s<\/h2>\n<p>Az olasz pronomi riflessivi, vagyis visszahat\u00f3 n\u00e9vm\u00e1sok elengedhetetlen r\u00e9szei az olasz nyelvtannak. Nemcsak a mindennapi t\u00e1rsalg\u00e1sban, de a helyes igeid\u0151haszn\u00e1latban \u00e9s a mondatalkot\u00e1sban is kulcsszerepet j\u00e1tszanak. A visszahat\u00f3 ig\u00e9k \u00e9s n\u00e9vm\u00e1sok helyes haszn\u00e1lata kezdetben kih\u00edv\u00e1st jelenthet, de rendszeres gyakorl\u00e1ssal, p\u00e9ld\u00e1ul a Talkpal seg\u00edts\u00e9g\u00e9vel k\u00f6nnyed\u00e9n elsaj\u00e1t\u00edthat\u00f3. Gyakorolj sokat, tanuld meg az ig\u00e9ket a n\u00e9vm\u00e1sokkal egy\u00fctt, figyelj a sz\u00f3haszn\u00e1latra \u2013 \u00edgy r\u00f6vid id\u0151n bel\u00fcl magabiztosan alkalmazhatod a pronomi riflessivi-t az olasz nyelvben!<\/p>\n","protected":false},"featured_media":1527895,"template":"","language":[12572,12548],"class_list":["post-1078930","grammar","type-grammar","status-publish","has-post-thumbnail","hentry","language-nevmasok-olasz-nyelvtan","language-olasz"],"acf":[],"yoast_head":"<!-- This site is optimized with the Yoast SEO Premium plugin v27.2 (Yoast SEO v27.2) - https:\/\/yoast.com\/product\/yoast-seo-premium-wordpress\/ -->\n<title>Pronomi Riflessivi az olasz nyelvtanban - Talkpal<\/title>\n<meta name=\"description\" content=\"Az olasz nyelvtan egyik sarkalatos pontja a visszahat\u00f3 n\u00e9vm\u00e1sok, vagyis a pronomi riflessivi helyes haszn\u00e1lata. Ezek a n\u00e9vm\u00e1sok nem csup\u00e1n a mindennapi\" \/>\n<meta name=\"robots\" content=\"index, follow, max-snippet:-1, max-image-preview:large, max-video-preview:-1\" \/>\n<link rel=\"canonical\" href=\"https:\/\/talkpal.ai\/hu\/grammar\/pronomi-riflessivi-az-olasz-nyelvtanban\/\" \/>\n<meta property=\"og:locale\" content=\"hu_HU\" \/>\n<meta property=\"og:type\" content=\"article\" \/>\n<meta property=\"og:title\" content=\"Pronomi Riflessivi az olasz nyelvtanban\" \/>\n<meta property=\"og:description\" content=\"Az olasz nyelvtan egyik sarkalatos pontja a visszahat\u00f3 n\u00e9vm\u00e1sok, vagyis a pronomi riflessivi helyes haszn\u00e1lata. Ezek a n\u00e9vm\u00e1sok nem csup\u00e1n a mindennapi\" \/>\n<meta property=\"og:url\" content=\"https:\/\/talkpal.ai\/hu\/grammar\/pronomi-riflessivi-az-olasz-nyelvtanban\/\" \/>\n<meta property=\"og:site_name\" content=\"Talkpal\" \/>\n<meta property=\"article:publisher\" content=\"https:\/\/www.facebook.com\/profile.php?id=100090733639311\" \/>\n<meta property=\"og:image\" content=\"https:\/\/talkpal.ai\/wp-content\/uploads\/2025\/02\/Progress-tab-16_9.png\" \/>\n\t<meta property=\"og:image:width\" content=\"2880\" \/>\n\t<meta property=\"og:image:height\" content=\"1620\" \/>\n\t<meta property=\"og:image:type\" content=\"image\/png\" \/>\n<meta name=\"twitter:card\" content=\"summary_large_image\" \/>\n<meta name=\"twitter:site\" content=\"@talkpalai\" \/>\n<meta name=\"twitter:label1\" content=\"Becs\u00fclt olvas\u00e1si id\u0151\" \/>\n\t<meta name=\"twitter:data1\" content=\"6 perc\" \/>\n<script type=\"application\/ld+json\" class=\"yoast-schema-graph\">{\"@context\":\"https:\/\/schema.org\",\"@graph\":[{\"@type\":\"WebPage\",\"@id\":\"https:\/\/talkpal.ai\/hu\/grammar\/pronomi-riflessivi-az-olasz-nyelvtanban\/\",\"url\":\"https:\/\/talkpal.ai\/hu\/grammar\/pronomi-riflessivi-az-olasz-nyelvtanban\/\",\"name\":\"Pronomi Riflessivi az olasz nyelvtanban - Talkpal\",\"isPartOf\":{\"@id\":\"https:\/\/talkpal.ai\/hu\/#website\"},\"primaryImageOfPage\":{\"@id\":\"https:\/\/talkpal.ai\/hu\/grammar\/pronomi-riflessivi-az-olasz-nyelvtanban\/#primaryimage\"},\"image\":{\"@id\":\"https:\/\/talkpal.ai\/hu\/grammar\/pronomi-riflessivi-az-olasz-nyelvtanban\/#primaryimage\"},\"thumbnailUrl\":\"https:\/\/talkpal.ai\/wp-content\/uploads\/2025\/12\/student-is-learning-languages-at-sunny-desk.webp\",\"datePublished\":\"2025-07-01T22:07:16+00:00\",\"description\":\"Az olasz nyelvtan egyik sarkalatos pontja a visszahat\u00f3 n\u00e9vm\u00e1sok, vagyis a pronomi riflessivi helyes haszn\u00e1lata. Ezek a n\u00e9vm\u00e1sok nem csup\u00e1n a mindennapi\",\"breadcrumb\":{\"@id\":\"https:\/\/talkpal.ai\/hu\/grammar\/pronomi-riflessivi-az-olasz-nyelvtanban\/#breadcrumb\"},\"inLanguage\":\"hu\",\"potentialAction\":[{\"@type\":\"ReadAction\",\"target\":[\"https:\/\/talkpal.ai\/hu\/grammar\/pronomi-riflessivi-az-olasz-nyelvtanban\/\"]}]},{\"@type\":\"ImageObject\",\"inLanguage\":\"hu\",\"@id\":\"https:\/\/talkpal.ai\/hu\/grammar\/pronomi-riflessivi-az-olasz-nyelvtanban\/#primaryimage\",\"url\":\"https:\/\/talkpal.ai\/wp-content\/uploads\/2025\/12\/student-is-learning-languages-at-sunny-desk.webp\",\"contentUrl\":\"https:\/\/talkpal.ai\/wp-content\/uploads\/2025\/12\/student-is-learning-languages-at-sunny-desk.webp\",\"width\":1200,\"height\":896,\"caption\":\"A student with headphones on writes in a large book at a sunny library table while learning languages.\"},{\"@type\":\"BreadcrumbList\",\"@id\":\"https:\/\/talkpal.ai\/hu\/grammar\/pronomi-riflessivi-az-olasz-nyelvtanban\/#breadcrumb\",\"itemListElement\":[{\"@type\":\"ListItem\",\"position\":1,\"name\":\"Homepage\",\"item\":\"https:\/\/talkpal.ai\/hu\/\"},{\"@type\":\"ListItem\",\"position\":2,\"name\":\"Pronomi Riflessivi az olasz nyelvtanban\"}]},{\"@type\":\"WebSite\",\"@id\":\"https:\/\/talkpal.ai\/hu\/#website\",\"url\":\"https:\/\/talkpal.ai\/hu\/\",\"name\":\"Talkpal\",\"description\":\"AI Language Learning\",\"publisher\":{\"@id\":\"https:\/\/talkpal.ai\/hu\/#organization\"},\"alternateName\":\"Talkpal AI\",\"potentialAction\":[{\"@type\":\"SearchAction\",\"target\":{\"@type\":\"EntryPoint\",\"urlTemplate\":\"https:\/\/talkpal.ai\/hu\/?s={search_term_string}\"},\"query-input\":{\"@type\":\"PropertyValueSpecification\",\"valueRequired\":true,\"valueName\":\"search_term_string\"}}],\"inLanguage\":\"hu\"},{\"@type\":\"Organization\",\"@id\":\"https:\/\/talkpal.ai\/hu\/#organization\",\"name\":\"Talkpal, Inc.\",\"alternateName\":\"Talkpal AI\",\"url\":\"https:\/\/talkpal.ai\/hu\/\",\"logo\":{\"@type\":\"ImageObject\",\"inLanguage\":\"hu\",\"@id\":\"https:\/\/talkpal.ai\/hu\/#\/schema\/logo\/image\/\",\"url\":\"https:\/\/talkpal.ai\/wp-content\/uploads\/2024\/03\/Talkpal-Logo-Icon.png\",\"contentUrl\":\"https:\/\/talkpal.ai\/wp-content\/uploads\/2024\/03\/Talkpal-Logo-Icon.png\",\"width\":2880,\"height\":2880,\"caption\":\"Talkpal, Inc.\"},\"image\":{\"@id\":\"https:\/\/talkpal.ai\/hu\/#\/schema\/logo\/image\/\"},\"sameAs\":[\"https:\/\/www.facebook.com\/profile.php?id=100090733639311\",\"https:\/\/x.com\/talkpalai\",\"https:\/\/www.linkedin.com\/company\/talkpal\/\",\"https:\/\/www.youtube.com\/@TalkPal\/\",\"https:\/\/www.tiktok.com\/@talkpal\",\"https:\/\/www.instagram.com\/talkpal_ai\/\",\"https:\/\/www.crunchbase.com\/organization\/talkpal-9cde\",\"https:\/\/www.g2.com\/products\/talkpal-for-business\/\",\"https:\/\/www.trustpilot.com\/review\/talkpal.ai\",\"https:\/\/www.capterra.com\/p\/10006800\/TalkPal\/\"],\"description\":\"Talkpal is a language learning web and mobile education app, powered by the latest AI technologies, that provides engaging experiences to its customers in many different languages to help them improve their language skills. Users can chat about unlimited amount of topics with the app and use other modes to practice their language learning.\",\"email\":\"support@talkpal.ai\",\"legalName\":\"Talkpal, Inc.\",\"foundingDate\":\"2023-04-03\",\"duns\":\"118989042\",\"numberOfEmployees\":{\"@type\":\"QuantitativeValue\",\"minValue\":\"11\",\"maxValue\":\"50\"},\"publishingPrinciples\":\"https:\/\/talkpal.ai\/publishing-principles\/\",\"actionableFeedbackPolicy\":\"https:\/\/talkpal.ai\/actionable-feedback-policy\/\",\"correctionsPolicy\":\"https:\/\/talkpal.ai\/corrections-policy\/\",\"ethicsPolicy\":\"https:\/\/talkpal.ai\/ethics-policy\/\",\"diversityPolicy\":\"https:\/\/talkpal.ai\/diversity-policy\/\",\"diversityStaffingReport\":\"https:\/\/talkpal.ai\/diversity-policy\/\"}]}<\/script>\n<!-- \/ Yoast SEO Premium plugin. -->","yoast_head_json":{"title":"Pronomi Riflessivi az olasz nyelvtanban - Talkpal","description":"Az olasz nyelvtan egyik sarkalatos pontja a visszahat\u00f3 n\u00e9vm\u00e1sok, vagyis a pronomi riflessivi helyes haszn\u00e1lata. Ezek a n\u00e9vm\u00e1sok nem csup\u00e1n a mindennapi","robots":{"index":"index","follow":"follow","max-snippet":"max-snippet:-1","max-image-preview":"max-image-preview:large","max-video-preview":"max-video-preview:-1"},"canonical":"https:\/\/talkpal.ai\/hu\/grammar\/pronomi-riflessivi-az-olasz-nyelvtanban\/","og_locale":"hu_HU","og_type":"article","og_title":"Pronomi Riflessivi az olasz nyelvtanban","og_description":"Az olasz nyelvtan egyik sarkalatos pontja a visszahat\u00f3 n\u00e9vm\u00e1sok, vagyis a pronomi riflessivi helyes haszn\u00e1lata. Ezek a n\u00e9vm\u00e1sok nem csup\u00e1n a mindennapi","og_url":"https:\/\/talkpal.ai\/hu\/grammar\/pronomi-riflessivi-az-olasz-nyelvtanban\/","og_site_name":"Talkpal","article_publisher":"https:\/\/www.facebook.com\/profile.php?id=100090733639311","og_image":[{"width":2880,"height":1620,"url":"https:\/\/talkpal.ai\/wp-content\/uploads\/2025\/02\/Progress-tab-16_9.png","type":"image\/png"}],"twitter_card":"summary_large_image","twitter_site":"@talkpalai","twitter_misc":{"Becs\u00fclt olvas\u00e1si id\u0151":"6 perc"},"schema":{"@context":"https:\/\/schema.org","@graph":[{"@type":"WebPage","@id":"https:\/\/talkpal.ai\/hu\/grammar\/pronomi-riflessivi-az-olasz-nyelvtanban\/","url":"https:\/\/talkpal.ai\/hu\/grammar\/pronomi-riflessivi-az-olasz-nyelvtanban\/","name":"Pronomi Riflessivi az olasz nyelvtanban - Talkpal","isPartOf":{"@id":"https:\/\/talkpal.ai\/hu\/#website"},"primaryImageOfPage":{"@id":"https:\/\/talkpal.ai\/hu\/grammar\/pronomi-riflessivi-az-olasz-nyelvtanban\/#primaryimage"},"image":{"@id":"https:\/\/talkpal.ai\/hu\/grammar\/pronomi-riflessivi-az-olasz-nyelvtanban\/#primaryimage"},"thumbnailUrl":"https:\/\/talkpal.ai\/wp-content\/uploads\/2025\/12\/student-is-learning-languages-at-sunny-desk.webp","datePublished":"2025-07-01T22:07:16+00:00","description":"Az olasz nyelvtan egyik sarkalatos pontja a visszahat\u00f3 n\u00e9vm\u00e1sok, vagyis a pronomi riflessivi helyes haszn\u00e1lata. Ezek a n\u00e9vm\u00e1sok nem csup\u00e1n a mindennapi","breadcrumb":{"@id":"https:\/\/talkpal.ai\/hu\/grammar\/pronomi-riflessivi-az-olasz-nyelvtanban\/#breadcrumb"},"inLanguage":"hu","potentialAction":[{"@type":"ReadAction","target":["https:\/\/talkpal.ai\/hu\/grammar\/pronomi-riflessivi-az-olasz-nyelvtanban\/"]}]},{"@type":"ImageObject","inLanguage":"hu","@id":"https:\/\/talkpal.ai\/hu\/grammar\/pronomi-riflessivi-az-olasz-nyelvtanban\/#primaryimage","url":"https:\/\/talkpal.ai\/wp-content\/uploads\/2025\/12\/student-is-learning-languages-at-sunny-desk.webp","contentUrl":"https:\/\/talkpal.ai\/wp-content\/uploads\/2025\/12\/student-is-learning-languages-at-sunny-desk.webp","width":1200,"height":896,"caption":"A student with headphones on writes in a large book at a sunny library table while learning languages."},{"@type":"BreadcrumbList","@id":"https:\/\/talkpal.ai\/hu\/grammar\/pronomi-riflessivi-az-olasz-nyelvtanban\/#breadcrumb","itemListElement":[{"@type":"ListItem","position":1,"name":"Homepage","item":"https:\/\/talkpal.ai\/hu\/"},{"@type":"ListItem","position":2,"name":"Pronomi Riflessivi az olasz nyelvtanban"}]},{"@type":"WebSite","@id":"https:\/\/talkpal.ai\/hu\/#website","url":"https:\/\/talkpal.ai\/hu\/","name":"Talkpal","description":"AI Language Learning","publisher":{"@id":"https:\/\/talkpal.ai\/hu\/#organization"},"alternateName":"Talkpal AI","potentialAction":[{"@type":"SearchAction","target":{"@type":"EntryPoint","urlTemplate":"https:\/\/talkpal.ai\/hu\/?s={search_term_string}"},"query-input":{"@type":"PropertyValueSpecification","valueRequired":true,"valueName":"search_term_string"}}],"inLanguage":"hu"},{"@type":"Organization","@id":"https:\/\/talkpal.ai\/hu\/#organization","name":"Talkpal, Inc.","alternateName":"Talkpal AI","url":"https:\/\/talkpal.ai\/hu\/","logo":{"@type":"ImageObject","inLanguage":"hu","@id":"https:\/\/talkpal.ai\/hu\/#\/schema\/logo\/image\/","url":"https:\/\/talkpal.ai\/wp-content\/uploads\/2024\/03\/Talkpal-Logo-Icon.png","contentUrl":"https:\/\/talkpal.ai\/wp-content\/uploads\/2024\/03\/Talkpal-Logo-Icon.png","width":2880,"height":2880,"caption":"Talkpal, Inc."},"image":{"@id":"https:\/\/talkpal.ai\/hu\/#\/schema\/logo\/image\/"},"sameAs":["https:\/\/www.facebook.com\/profile.php?id=100090733639311","https:\/\/x.com\/talkpalai","https:\/\/www.linkedin.com\/company\/talkpal\/","https:\/\/www.youtube.com\/@TalkPal\/","https:\/\/www.tiktok.com\/@talkpal","https:\/\/www.instagram.com\/talkpal_ai\/","https:\/\/www.crunchbase.com\/organization\/talkpal-9cde","https:\/\/www.g2.com\/products\/talkpal-for-business\/","https:\/\/www.trustpilot.com\/review\/talkpal.ai","https:\/\/www.capterra.com\/p\/10006800\/TalkPal\/"],"description":"Talkpal is a language learning web and mobile education app, powered by the latest AI technologies, that provides engaging experiences to its customers in many different languages to help them improve their language skills. Users can chat about unlimited amount of topics with the app and use other modes to practice their language learning.","email":"support@talkpal.ai","legalName":"Talkpal, Inc.","foundingDate":"2023-04-03","duns":"118989042","numberOfEmployees":{"@type":"QuantitativeValue","minValue":"11","maxValue":"50"},"publishingPrinciples":"https:\/\/talkpal.ai\/publishing-principles\/","actionableFeedbackPolicy":"https:\/\/talkpal.ai\/actionable-feedback-policy\/","correctionsPolicy":"https:\/\/talkpal.ai\/corrections-policy\/","ethicsPolicy":"https:\/\/talkpal.ai\/ethics-policy\/","diversityPolicy":"https:\/\/talkpal.ai\/diversity-policy\/","diversityStaffingReport":"https:\/\/talkpal.ai\/diversity-policy\/"}]}},"_links":{"self":[{"href":"https:\/\/talkpal.ai\/hu\/wp-json\/wp\/v2\/grammar\/1078930","targetHints":{"allow":["GET"]}}],"collection":[{"href":"https:\/\/talkpal.ai\/hu\/wp-json\/wp\/v2\/grammar"}],"about":[{"href":"https:\/\/talkpal.ai\/hu\/wp-json\/wp\/v2\/types\/grammar"}],"wp:featuredmedia":[{"embeddable":true,"href":"https:\/\/talkpal.ai\/hu\/wp-json\/wp\/v2\/media\/1527895"}],"wp:attachment":[{"href":"https:\/\/talkpal.ai\/hu\/wp-json\/wp\/v2\/media?parent=1078930"}],"wp:term":[{"taxonomy":"language","embeddable":true,"href":"https:\/\/talkpal.ai\/hu\/wp-json\/wp\/v2\/language?post=1078930"}],"curies":[{"name":"wp","href":"https:\/\/api.w.org\/{rel}","templated":true}]}}