{"id":1078925,"date":"2025-07-01T22:06:44","date_gmt":"2025-07-01T22:06:44","guid":{"rendered":"https:\/\/talkpal.ai\/grammar\/verbi-di-stato-olasz-nyelvtan\/"},"modified":"2025-07-01T22:06:44","modified_gmt":"2025-07-01T22:06:44","slug":"verbi-di-stato-olasz-nyelvtan","status":"publish","type":"grammar","link":"https:\/\/talkpal.ai\/hu\/grammar\/verbi-di-stato-olasz-nyelvtan\/","title":{"rendered":"Verbi di Stato olasz nyelvtan"},"content":{"rendered":"<p>Az <a href=\"https:\/\/talkpal.ai\/hu\/olasz-nyelvtanfolyamok\/\">olasz nyelv<\/a> tanul\u00e1sa sor\u00e1n a nyelvtani szerkezetek k\u00f6z\u00fcl az egyik legfontosabb \u00e9s legt\u00f6bb f\u00e9lre\u00e9rt\u00e9st okoz\u00f3 t\u00e9mak\u00f6r a <a href=\"https:\/\/talkpal.ai\/ar\/grammar_exercises\/verbi-di-stato-%d8%aa%d9%85%d8%a7%d8%b1%d9%8a%d9%86-%d9%84%d9%84%d9%82%d9%88%d8%a7%d8%b9%d8%af-%d8%a7%d9%84%d8%a5%d9%8a%d8%b7%d8%a7%d9%84%d9%8a%d8%a9\/\">Verbi di Stato<\/a>, vagyis az \u00e1llapotot kifejez\u0151 ig\u00e9k helyes haszn\u00e1lata. Ezek az ig\u00e9k kulcsszerepet j\u00e1tszanak a mindennapi kommunik\u00e1ci\u00f3ban, mivel seg\u00edtenek pontosan kifejezni a l\u00e9tez\u00e9st, helyzetet, \u00e1llapotot vagy tart\u00f3zkod\u00e1st. A Verbi di Stato <a href=\"https:\/\/talkpal.ai\/learn-italian\/\">olasz<\/a> nyelvtan\u00e1nak elsaj\u00e1t\u00edt\u00e1sa n\u00e9lk\u00fcl\u00f6zhetetlen mindenki sz\u00e1m\u00e1ra, aki magabiztosan szeretne besz\u00e9lni olaszul. A <a href=\"https:\/\/talkpal.ai\/ko\/ai-%ec%96%b8%ec%96%b4-%ea%b5%90%ec%82%ac\/\">Talkpal<\/a> online nyelvtanul\u00e1si platform kiv\u00e1l\u00f3 lehet\u0151s\u00e9get ny\u00fajt arra, hogy interakt\u00edv m\u00f3don gyakoroljuk ezeknek az ig\u00e9knek a helyes alkalmaz\u00e1s\u00e1t, \u00edgy gyorsan \u00e9s hat\u00e9konyan fejl\u0151dhet\u00fcnk.<\/p>\n<h2>Mi az a Verbi di Stato az olasz nyelvtanban?<\/h2>\n<p>A Verbi di Stato kifejez\u00e9s azokat az olasz ig\u00e9ket jel\u00f6li, amelyek valaminek az \u00e1llapot\u00e1t, l\u00e9tez\u00e9s\u00e9t, hely\u00e9t vagy helyzet\u00e9t fejezik ki. Ezek az ig\u00e9k nem cselekv\u00e9st, hanem egy fenn\u00e1ll\u00f3 \u00e1llapotot \u00edrnak le, \u00e9s gyakran haszn\u00e1latosak a mindennapi besz\u00e9dben. Az olaszban a leggyakoribb Verbi di Stato ig\u00e9k a k\u00f6vetkez\u0151k:<\/p>\n<ul>\n<li>essere (lenni)<\/li>\n<li>stare (\u00e1llni, lenni, tart\u00f3zkodni)<\/li>\n<li>rimanere (maradni)<\/li>\n<li>restare (maradni)<\/li>\n<li>sembrare (t\u0171nni, l\u00e1tszani)<\/li>\n<li>diventare (v\u00e1lni valamiv\u00e9)<\/li>\n<\/ul>\n<p>Ezek az ig\u00e9k gyakran hasonl\u00f3nak t\u0171nnek, de k\u00fcl\u00f6nb\u00f6z\u0151 jelent\u00e9s\u00e1rnyalatokkal \u00e9s nyelvtani szab\u00e1lyokkal rendelkeznek. A k\u00f6vetkez\u0151 szakaszokban r\u00e9szletesen bemutatjuk mindegyiket, hogy seg\u00edts\u00fck az olvas\u00f3t a Verbi di Stato olasz nyelvtan\u00e1nak m\u00e9lyebb meg\u00e9rt\u00e9s\u00e9ben.<\/p>\n<h2>Az &#8222;essere&#8221; \u00e9s a &#8222;stare&#8221; k\u00f6z\u00f6tti k\u00fcl\u00f6nbs\u00e9g<\/h2>\n<h3>&#8222;Essere&#8221; \u2013 Az \u00e1ltal\u00e1nos l\u00e9tez\u00e9s \u00e9s \u00e1llapot kifejez\u00e9se<\/h3>\n<p>Az <strong>essere<\/strong> a leggyakoribb Verbo di Stato, amelyet f\u0151k\u00e9nt az \u00e1ltal\u00e1nos l\u00e9tez\u00e9s, \u00e1llapot vagy identit\u00e1s kifejez\u00e9s\u00e9re haszn\u00e1lunk. Tipikus mondatp\u00e9ld\u00e1k:<\/p>\n<ul>\n<li>Io <strong>sono<\/strong> un insegnante. (Tan\u00e1r vagyok.)<\/li>\n<li>La casa <strong>\u00e8<\/strong> grande. (A h\u00e1z nagy.)<\/li>\n<li>Marco <strong>\u00e8<\/strong> a <a href=\"https:\/\/talkpal.ai\/it\/locations\/impara-lo-spagnolo-a-roma\/\">Roma<\/a>. (Marco R\u00f3m\u00e1ban <a href=\"https:\/\/talkpal.ai\/locations\/language-courses-in-van\/\">van<\/a>.)<\/li>\n<\/ul>\n<p>Az <em>essere<\/em> ig\u00e9t haszn\u00e1ljuk teh\u00e1t:<\/p>\n<ul>\n<li>\u00c1lland\u00f3 tulajdons\u00e1gok, jellemz\u0151k le\u00edr\u00e1s\u00e1ra<\/li>\n<li>Szem\u00e9lyek, t\u00e1rgyak hely\u00e9nek meghat\u00e1roz\u00e1s\u00e1ra<\/li>\n<li>Identit\u00e1s, foglalkoz\u00e1s, nemzetis\u00e9g kifejez\u00e9s\u00e9re<\/li>\n<\/ul>\n<h3>&#8222;Stare&#8221; \u2013 Id\u0151szakos \u00e1llapot, helyzet vagy tart\u00f3zkod\u00e1s<\/h3>\n<p>A <strong>stare<\/strong> jelent\u00e9se szint\u00e9n &#8222;lenni&#8221;, de haszn\u00e1lata elt\u00e9r az <em>essere<\/em> ig\u00e9t\u0151l. A <em>stare<\/em> ink\u00e1bb ideiglenes, \u00e1tmeneti \u00e1llapotot, vagy egy adott pillanatban fenn\u00e1ll\u00f3 helyzetet fejez ki. P\u00e9ld\u00e1k:<\/p>\n<ul>\n<li>Come <strong>stai<\/strong>? (Hogy vagy?)<\/li>\n<li>Io <strong>sto<\/strong> a casa. (Otthon vagyok \/ Otthon tart\u00f3zkodom.)<\/li>\n<li>Stiamo bene. (<a href=\"https:\/\/talkpal.ai\/talkpal-christmas-discount\/\">J\u00f3l<\/a> vagyunk.)<\/li>\n<\/ul>\n<p>Tov\u00e1bb\u00e1, a <em>stare<\/em> ig\u00e9t haszn\u00e1ljuk:<\/p>\n<ul>\n<li>Folyamatos jelen (<a href=\"https:\/\/talkpal.ai\/pt-pt\/grammar_exercises\/exercicios-de-presente-progressivo-para-gramatica-canarim\/\">presente progressivo<\/a>) k\u00e9pz\u00e9s\u00e9re: <br \/>\n    <em>Sto studiando.<\/em> (\u00c9ppen tanulok.)<\/li>\n<li>Ideiglenes vagy pillanatnyi \u00e1llapotok le\u00edr\u00e1s\u00e1ra<\/li>\n<li>Valahol tart\u00f3zkod\u00e1s, id\u0151z\u00e9s kifejez\u00e9s\u00e9re<\/li>\n<\/ul>\n<h2>A t\u00f6bbi Verbi di Stato: rimanere, restare, sembrare, diventare<\/h2>\n<h3>&#8222;Rimanere&#8221; \u00e9s &#8222;restare&#8221; \u2013 A marad\u00e1s kifejez\u00e9se<\/h3>\n<p>Mindk\u00e9t ige jelent\u00e9se: &#8222;maradni&#8221;, azonban jelent\u00e9s\u00fck \u00e9s haszn\u00e1latuk k\u00f6z\u00f6tt finom k\u00fcl\u00f6nbs\u00e9gek vannak.<\/p>\n<p><strong>Rimanere<\/strong>:<\/p>\n<ul>\n<li>Valamilyen \u00e1llapotban vagy helyen maradni<\/li>\n<li>Hangs\u00falyosabb a helyben vagy \u00e1llapotban marad\u00e1s, a v\u00e1ltoz\u00e1s hi\u00e1nya<\/li>\n<\/ul>\n<p>P\u00e9ld\u00e1k:<\/p>\n<ul>\n<li>Rimango a casa stasera. (Ma este otthon maradok.)<\/li>\n<li>Siamo rimasti sorpresi. (Meglep\u0151dt\u00fcnk.)<\/li>\n<\/ul>\n<p><strong>Restare<\/strong>:<\/p>\n<ul>\n<li>Hasonl\u00f3 a &#8222;rimanere&#8221;-hez, de gyakran ink\u00e1bb fizikai helyhez, konkr\u00e9t helyzethez kapcsol\u00f3dik<\/li>\n<\/ul>\n<p>P\u00e9ld\u00e1k:<\/p>\n<ul>\n<li>Resto qui fino a domani. (Holnapig itt maradok.)<\/li>\n<li>Restano solo due posti. (Csak k\u00e9t hely maradt.)<\/li>\n<\/ul>\n<h3>&#8222;Sembrare&#8221; \u2013 L\u00e1tszani, t\u0171nni<\/h3>\n<p>A <strong>sembrare<\/strong> ige egy \u00e9rz\u00e9kelhet\u0151 vagy l\u00e1tsz\u00f3lagos \u00e1llapotot fejez ki, amely gyakran v\u00e9lem\u00e9nyt vagy benyom\u00e1st k\u00f6zvet\u00edt.<\/p>\n<ul>\n<li>Maria sembra stanca. (Maria f\u00e1radtnak t\u0171nik.)<\/li>\n<li>Mi sembra una buona idea. (J\u00f3nak t\u0171nik az \u00f6tlet.)<\/li>\n<\/ul>\n<h3>&#8222;Diventare&#8221; \u2013 V\u00e1lni valamiv\u00e9<\/h3>\n<p>A <strong>diventare<\/strong> ige egy \u00e1llapotv\u00e1ltoz\u00e1st, \u00e1talakul\u00e1st jelent.<\/p>\n<ul>\n<li>Divento felice quando ti vedo. (Boldog leszek, amikor l\u00e1tlak.)<\/li>\n<li>Il tempo sta diventando brutto. (Az id\u0151 kezd rosszra fordulni.)<\/li>\n<\/ul>\n<h2>Verbi di Stato vs. Verbi di Moto<\/h2>\n<p>Nagyon fontos megk\u00fcl\u00f6nb\u00f6ztetni a Verbi di Stato-t a Verbi di Moto-t\u00f3l (mozg\u00e1st kifejez\u0151 ig\u00e9k). M\u00edg a Verbi di Stato az \u00e1llapotot, helyben marad\u00e1st vagy l\u00e9tez\u00e9st fejezi ki, addig a Verbi di Moto a helyv\u00e1ltoztat\u00e1st, mozg\u00e1st jelen\u00edti meg.<\/p>\n<ul>\n<li>Verbi di Stato: essere, stare, rimanere, restare, sembrare, diventare<\/li>\n<li>Verbi di Moto: andare (menni), venire (j\u00f6nni), uscire (kimenni), partire (elindulni), arrivare (meg\u00e9rkezni), tornare (visszat\u00e9rni)<\/li>\n<\/ul>\n<p>P\u00e9ld\u00e1k:<\/p>\n<ul>\n<li>Sono a scuola. (Az iskol\u00e1ban vagyok.) \u2013 \u00c1llapot<\/li>\n<li>Vado a scuola. (Iskol\u00e1ba megyek.) \u2013 Mozg\u00e1s<\/li>\n<\/ul>\n<h2>El\u00f6lj\u00e1r\u00f3sz\u00f3k haszn\u00e1lata Verbi di Stato eset\u00e9n<\/h2>\n<p>A Verbi di Stato eset\u00e9n az olasz nyelvben speci\u00e1lis el\u00f6lj\u00e1r\u00f3sz\u00f3k kapcsol\u00f3dnak az ig\u00e9khez, amelyek seg\u00edtenek pontos\u00edtani a helyet vagy \u00e1llapotot.<\/p>\n<ul>\n<li><strong>a<\/strong>: v\u00e1rosok, helyek (<em>sono a Roma<\/em> \u2013 R\u00f3m\u00e1ban vagyok)<\/li>\n<li><strong>in<\/strong>: orsz\u00e1gok, nagyobb helyek, r\u00e9gi\u00f3k (<em>sono in Italia<\/em> \u2013 Olaszorsz\u00e1gban vagyok)<\/li>\n<li><strong>su<\/strong>: valamin (<em>sono sul treno<\/em> \u2013 a vonaton vagyok)<\/li>\n<\/ul>\n<p>A helyes el\u00f6lj\u00e1r\u00f3sz\u00f3 megv\u00e1laszt\u00e1sa fontos a pontos jelent\u00e9s szempontj\u00e1b\u00f3l, ez\u00e9rt \u00e9rdemes a leggyakoribb el\u00f6lj\u00e1r\u00f3sz\u00f3-ige p\u00e1ros\u00edt\u00e1sokat megtanulni.<\/p>\n<h2>Gyakori hib\u00e1k a Verbi di Stato haszn\u00e1lat\u00e1ban<\/h2>\n<p>Az olasz nyelvtanul\u00f3k gyakran k\u00f6vetik el az al\u00e1bbi hib\u00e1kat a Verbi di Stato alkalmaz\u00e1sakor:<\/p>\n<ul>\n<li>Az <strong>essere<\/strong> \u00e9s <strong>stare<\/strong> felcser\u00e9l\u00e9se<\/li>\n<li>Helytelen el\u00f6lj\u00e1r\u00f3sz\u00f3k haszn\u00e1lata<\/li>\n<li>\u00c1llapotot kifejez\u0151 ig\u00e9k helyett mozg\u00e1st jelent\u0151 ig\u00e9k alkalmaz\u00e1sa, vagy ford\u00edtva<\/li>\n<li>Az igeid\u0151k helytelen egyeztet\u00e9se a mondat jelent\u00e9s\u00e9vel<\/li>\n<\/ul>\n<h3>Tipikus hib\u00e1s p\u00e9ld\u00e1k<\/h3>\n<ul>\n<li><em>Io sono bene.<\/em> (Helyesen: <strong>Io sto bene.<\/strong> \u2013 J\u00f3l vagyok.)<\/li>\n<li><em>Sono a casa di mia madre.<\/em> (Helyes, mert konkr\u00e9t helyet fejez ki, de ha orsz\u00e1g vagy r\u00e9gi\u00f3 lenne, <strong>in<\/strong>-t kellene haszn\u00e1lni: <em>Sono in Italia.<\/em>)<\/li>\n<\/ul>\n<h2>Tippek a Verbi di Stato helyes haszn\u00e1lat\u00e1hoz<\/h2>\n<p>Az al\u00e1bbi tippek seg\u00edtenek abban, hogy k\u00f6nnyebben \u00e9s magabiztosabban alkalmazzuk az \u00e1llapotot kifejez\u0151 ig\u00e9ket az olasz nyelvben:<\/p>\n<ul>\n<li>Mindig gondold \u00e1t, hogy \u00e1lland\u00f3 vagy ideiglenes \u00e1llapotot szeretn\u00e9l kifejezni.<\/li>\n<li>Tanuld meg a leggyakoribb el\u00f6lj\u00e1r\u00f3sz\u00f3k \u00e9s Verbi di Stato p\u00e1ros\u00edt\u00e1sokat.<\/li>\n<li>Figyeld meg a besz\u00e9lt olasz nyelvet \u2013 filmek, podcastok, besz\u00e9lget\u00e9sek remek p\u00e9ld\u00e1kat ny\u00fajtanak.<\/li>\n<li>Gyakorolj sokat! A Talkpal p\u00e9ld\u00e1ul ide\u00e1lis fel\u00fclet a Verbi di Stato interakt\u00edv gyakorl\u00e1s\u00e1ra.<\/li>\n<li>\u00cdrj p\u00e9ldamondatokat, \u00e9s k\u00e9rd meg egy olasz anyanyelv\u0171 ismer\u0151s\u00f6det, hogy ellen\u0151rizze \u0151ket.<\/li>\n<\/ul>\n<h2>Verbi di Stato gyakorl\u00e1sa \u2013 Hasznos feladatok<\/h2>\n<p>Az al\u00e1bbi gyakorl\u00f3feladatok seg\u00edtenek abban, hogy elm\u00e9ly\u00edtsd tud\u00e1sodat a Verbi di Stato olasz nyelvtan\u00e1ban:<\/p>\n<ul>\n<li>\u00cdrj 5 mondatot az <strong>essere<\/strong> \u00e9s <strong>stare<\/strong> ig\u00e9vel, amiben \u00e1llapotot fejezel ki.<\/li>\n<li>Ford\u00edts magyar mondatokat olaszra, \u00fcgyelve az el\u00f6lj\u00e1r\u00f3sz\u00f3k helyes haszn\u00e1lat\u00e1ra. P\u00e9ld\u00e1ul: &#8222;Az iskol\u00e1ban vagyok.&#8221; \u2013 <em>Sono a scuola.<\/em><\/li>\n<li>Figyeld meg egy olasz filmben, h\u00e1nyf\u00e9lek\u00e9ppen haszn\u00e1lj\u00e1k az \u00e1llapotot kifejez\u0151 ig\u00e9ket.<\/li>\n<li>Pr\u00f3b\u00e1lj besz\u00e9lget\u00e9st folytatni csak Verbi di Stato haszn\u00e1lat\u00e1val.<\/li>\n<\/ul>\n<h2>\u00d6sszefoglal\u00e1s: Mi\u00e9rt fontos a Verbi di Stato helyes haszn\u00e1lata?<\/h2>\n<p>Az olasz Verbi di Stato ig\u00e9k helyes haszn\u00e1lata alapvet\u0151 fontoss\u00e1g\u00fa a pontos, \u00e1rnyalt kommunik\u00e1ci\u00f3hoz. Seg\u00edts\u00e9g\u00fckkel k\u00f6nnyen ki tudjuk fejezni, hogy mi hol vagyunk, milyen \u00e1llapotban vagyunk, vagy \u00e9ppen milyen v\u00e1ltoz\u00e1son megy\u00fcnk kereszt\u00fcl. A leggyakoribb hib\u00e1k elker\u00fcl\u00e9se, az el\u00f6lj\u00e1r\u00f3sz\u00f3k helyes haszn\u00e1lata, valamint a k\u00fcl\u00f6nbs\u00e9gek meg\u00e9rt\u00e9se elengedhetetlen a magabiztos olasz nyelvtud\u00e1shoz. Ne feledj\u00fck: a gyakorl\u00e1s teszi a mestert! A Talkpal platformon kereszt\u00fcl sz\u00f3rakoztat\u00f3 m\u00f3don, interakt\u00edvan saj\u00e1t\u00edthatjuk el a Verbi di Stato olasz nyelvtan\u00e1t, \u00edgy gyorsabban \u00e9rhetj\u00fck el nyelvi c\u00e9ljainkat, \u00e9s k\u00f6nnyed\u00e9n boldogulhatunk olasz k\u00f6rnyezetben.<\/p>\n","protected":false},"featured_media":1529492,"template":"","language":[12577,12548],"class_list":["post-1078925","grammar","type-grammar","status-publish","has-post-thumbnail","hentry","language-igek-olasz-nyelvtan","language-olasz"],"acf":[],"yoast_head":"<!-- This site is optimized with the Yoast SEO Premium plugin v27.2 (Yoast SEO v27.2) - https:\/\/yoast.com\/product\/yoast-seo-premium-wordpress\/ -->\n<title>Verbi di Stato olasz nyelvtan - Talkpal<\/title>\n<meta name=\"description\" content=\"Az olasz nyelv tanul\u00e1sa sor\u00e1n a nyelvtani szerkezetek k\u00f6z\u00fcl az egyik legfontosabb \u00e9s legt\u00f6bb f\u00e9lre\u00e9rt\u00e9st okoz\u00f3 t\u00e9mak\u00f6r a Verbi di Stato, vagyis az\" \/>\n<meta name=\"robots\" content=\"index, follow, max-snippet:-1, max-image-preview:large, max-video-preview:-1\" \/>\n<link rel=\"canonical\" href=\"https:\/\/talkpal.ai\/hu\/grammar\/verbi-di-stato-olasz-nyelvtan\/\" \/>\n<meta property=\"og:locale\" content=\"hu_HU\" \/>\n<meta property=\"og:type\" content=\"article\" \/>\n<meta property=\"og:title\" content=\"Verbi di Stato olasz nyelvtan\" \/>\n<meta property=\"og:description\" content=\"Az olasz nyelv tanul\u00e1sa sor\u00e1n a nyelvtani szerkezetek k\u00f6z\u00fcl az egyik legfontosabb \u00e9s legt\u00f6bb f\u00e9lre\u00e9rt\u00e9st okoz\u00f3 t\u00e9mak\u00f6r a Verbi di Stato, vagyis az\" \/>\n<meta property=\"og:url\" content=\"https:\/\/talkpal.ai\/hu\/grammar\/verbi-di-stato-olasz-nyelvtan\/\" \/>\n<meta property=\"og:site_name\" content=\"Talkpal\" \/>\n<meta property=\"article:publisher\" content=\"https:\/\/www.facebook.com\/profile.php?id=100090733639311\" \/>\n<meta property=\"og:image\" content=\"https:\/\/talkpal.ai\/wp-content\/uploads\/2025\/02\/Progress-tab-16_9.png\" \/>\n\t<meta property=\"og:image:width\" content=\"2880\" \/>\n\t<meta property=\"og:image:height\" content=\"1620\" \/>\n\t<meta property=\"og:image:type\" content=\"image\/png\" \/>\n<meta name=\"twitter:card\" content=\"summary_large_image\" \/>\n<meta name=\"twitter:site\" content=\"@talkpalai\" \/>\n<meta name=\"twitter:label1\" content=\"Becs\u00fclt olvas\u00e1si id\u0151\" \/>\n\t<meta name=\"twitter:data1\" content=\"7 perc\" \/>\n<script type=\"application\/ld+json\" class=\"yoast-schema-graph\">{\"@context\":\"https:\/\/schema.org\",\"@graph\":[{\"@type\":\"WebPage\",\"@id\":\"https:\/\/talkpal.ai\/hu\/grammar\/verbi-di-stato-olasz-nyelvtan\/\",\"url\":\"https:\/\/talkpal.ai\/hu\/grammar\/verbi-di-stato-olasz-nyelvtan\/\",\"name\":\"Verbi di Stato olasz nyelvtan - Talkpal\",\"isPartOf\":{\"@id\":\"https:\/\/talkpal.ai\/hu\/#website\"},\"primaryImageOfPage\":{\"@id\":\"https:\/\/talkpal.ai\/hu\/grammar\/verbi-di-stato-olasz-nyelvtan\/#primaryimage\"},\"image\":{\"@id\":\"https:\/\/talkpal.ai\/hu\/grammar\/verbi-di-stato-olasz-nyelvtan\/#primaryimage\"},\"thumbnailUrl\":\"https:\/\/talkpal.ai\/wp-content\/uploads\/2025\/12\/three-people-at-library-learning-languages.webp\",\"datePublished\":\"2025-07-01T22:06:44+00:00\",\"description\":\"Az olasz nyelv tanul\u00e1sa sor\u00e1n a nyelvtani szerkezetek k\u00f6z\u00fcl az egyik legfontosabb \u00e9s legt\u00f6bb f\u00e9lre\u00e9rt\u00e9st okoz\u00f3 t\u00e9mak\u00f6r a Verbi di Stato, vagyis az\",\"breadcrumb\":{\"@id\":\"https:\/\/talkpal.ai\/hu\/grammar\/verbi-di-stato-olasz-nyelvtan\/#breadcrumb\"},\"inLanguage\":\"hu\",\"potentialAction\":[{\"@type\":\"ReadAction\",\"target\":[\"https:\/\/talkpal.ai\/hu\/grammar\/verbi-di-stato-olasz-nyelvtan\/\"]}]},{\"@type\":\"ImageObject\",\"inLanguage\":\"hu\",\"@id\":\"https:\/\/talkpal.ai\/hu\/grammar\/verbi-di-stato-olasz-nyelvtan\/#primaryimage\",\"url\":\"https:\/\/talkpal.ai\/wp-content\/uploads\/2025\/12\/three-people-at-library-learning-languages.webp\",\"contentUrl\":\"https:\/\/talkpal.ai\/wp-content\/uploads\/2025\/12\/three-people-at-library-learning-languages.webp\",\"width\":1200,\"height\":896,\"caption\":\"Three students sit at a library table covered in books while learning languages.\"},{\"@type\":\"BreadcrumbList\",\"@id\":\"https:\/\/talkpal.ai\/hu\/grammar\/verbi-di-stato-olasz-nyelvtan\/#breadcrumb\",\"itemListElement\":[{\"@type\":\"ListItem\",\"position\":1,\"name\":\"Homepage\",\"item\":\"https:\/\/talkpal.ai\/hu\/\"},{\"@type\":\"ListItem\",\"position\":2,\"name\":\"Verbi di Stato olasz nyelvtan\"}]},{\"@type\":\"WebSite\",\"@id\":\"https:\/\/talkpal.ai\/hu\/#website\",\"url\":\"https:\/\/talkpal.ai\/hu\/\",\"name\":\"Talkpal\",\"description\":\"AI Language Learning\",\"publisher\":{\"@id\":\"https:\/\/talkpal.ai\/hu\/#organization\"},\"alternateName\":\"Talkpal AI\",\"potentialAction\":[{\"@type\":\"SearchAction\",\"target\":{\"@type\":\"EntryPoint\",\"urlTemplate\":\"https:\/\/talkpal.ai\/hu\/?s={search_term_string}\"},\"query-input\":{\"@type\":\"PropertyValueSpecification\",\"valueRequired\":true,\"valueName\":\"search_term_string\"}}],\"inLanguage\":\"hu\"},{\"@type\":\"Organization\",\"@id\":\"https:\/\/talkpal.ai\/hu\/#organization\",\"name\":\"Talkpal, Inc.\",\"alternateName\":\"Talkpal AI\",\"url\":\"https:\/\/talkpal.ai\/hu\/\",\"logo\":{\"@type\":\"ImageObject\",\"inLanguage\":\"hu\",\"@id\":\"https:\/\/talkpal.ai\/hu\/#\/schema\/logo\/image\/\",\"url\":\"https:\/\/talkpal.ai\/wp-content\/uploads\/2024\/03\/Talkpal-Logo-Icon.png\",\"contentUrl\":\"https:\/\/talkpal.ai\/wp-content\/uploads\/2024\/03\/Talkpal-Logo-Icon.png\",\"width\":2880,\"height\":2880,\"caption\":\"Talkpal, Inc.\"},\"image\":{\"@id\":\"https:\/\/talkpal.ai\/hu\/#\/schema\/logo\/image\/\"},\"sameAs\":[\"https:\/\/www.facebook.com\/profile.php?id=100090733639311\",\"https:\/\/x.com\/talkpalai\",\"https:\/\/www.linkedin.com\/company\/talkpal\/\",\"https:\/\/www.youtube.com\/@TalkPal\/\",\"https:\/\/www.tiktok.com\/@talkpal\",\"https:\/\/www.instagram.com\/talkpal_ai\/\",\"https:\/\/www.crunchbase.com\/organization\/talkpal-9cde\",\"https:\/\/www.g2.com\/products\/talkpal-for-business\/\",\"https:\/\/www.trustpilot.com\/review\/talkpal.ai\",\"https:\/\/www.capterra.com\/p\/10006800\/TalkPal\/\"],\"description\":\"Talkpal is a language learning web and mobile education app, powered by the latest AI technologies, that provides engaging experiences to its customers in many different languages to help them improve their language skills. Users can chat about unlimited amount of topics with the app and use other modes to practice their language learning.\",\"email\":\"support@talkpal.ai\",\"legalName\":\"Talkpal, Inc.\",\"foundingDate\":\"2023-04-03\",\"duns\":\"118989042\",\"numberOfEmployees\":{\"@type\":\"QuantitativeValue\",\"minValue\":\"11\",\"maxValue\":\"50\"},\"publishingPrinciples\":\"https:\/\/talkpal.ai\/publishing-principles\/\",\"actionableFeedbackPolicy\":\"https:\/\/talkpal.ai\/actionable-feedback-policy\/\",\"correctionsPolicy\":\"https:\/\/talkpal.ai\/corrections-policy\/\",\"ethicsPolicy\":\"https:\/\/talkpal.ai\/ethics-policy\/\",\"diversityPolicy\":\"https:\/\/talkpal.ai\/diversity-policy\/\",\"diversityStaffingReport\":\"https:\/\/talkpal.ai\/diversity-policy\/\"}]}<\/script>\n<!-- \/ Yoast SEO Premium plugin. -->","yoast_head_json":{"title":"Verbi di Stato olasz nyelvtan - Talkpal","description":"Az olasz nyelv tanul\u00e1sa sor\u00e1n a nyelvtani szerkezetek k\u00f6z\u00fcl az egyik legfontosabb \u00e9s legt\u00f6bb f\u00e9lre\u00e9rt\u00e9st okoz\u00f3 t\u00e9mak\u00f6r a Verbi di Stato, vagyis az","robots":{"index":"index","follow":"follow","max-snippet":"max-snippet:-1","max-image-preview":"max-image-preview:large","max-video-preview":"max-video-preview:-1"},"canonical":"https:\/\/talkpal.ai\/hu\/grammar\/verbi-di-stato-olasz-nyelvtan\/","og_locale":"hu_HU","og_type":"article","og_title":"Verbi di Stato olasz nyelvtan","og_description":"Az olasz nyelv tanul\u00e1sa sor\u00e1n a nyelvtani szerkezetek k\u00f6z\u00fcl az egyik legfontosabb \u00e9s legt\u00f6bb f\u00e9lre\u00e9rt\u00e9st okoz\u00f3 t\u00e9mak\u00f6r a Verbi di Stato, vagyis az","og_url":"https:\/\/talkpal.ai\/hu\/grammar\/verbi-di-stato-olasz-nyelvtan\/","og_site_name":"Talkpal","article_publisher":"https:\/\/www.facebook.com\/profile.php?id=100090733639311","og_image":[{"width":2880,"height":1620,"url":"https:\/\/talkpal.ai\/wp-content\/uploads\/2025\/02\/Progress-tab-16_9.png","type":"image\/png"}],"twitter_card":"summary_large_image","twitter_site":"@talkpalai","twitter_misc":{"Becs\u00fclt olvas\u00e1si id\u0151":"7 perc"},"schema":{"@context":"https:\/\/schema.org","@graph":[{"@type":"WebPage","@id":"https:\/\/talkpal.ai\/hu\/grammar\/verbi-di-stato-olasz-nyelvtan\/","url":"https:\/\/talkpal.ai\/hu\/grammar\/verbi-di-stato-olasz-nyelvtan\/","name":"Verbi di Stato olasz nyelvtan - Talkpal","isPartOf":{"@id":"https:\/\/talkpal.ai\/hu\/#website"},"primaryImageOfPage":{"@id":"https:\/\/talkpal.ai\/hu\/grammar\/verbi-di-stato-olasz-nyelvtan\/#primaryimage"},"image":{"@id":"https:\/\/talkpal.ai\/hu\/grammar\/verbi-di-stato-olasz-nyelvtan\/#primaryimage"},"thumbnailUrl":"https:\/\/talkpal.ai\/wp-content\/uploads\/2025\/12\/three-people-at-library-learning-languages.webp","datePublished":"2025-07-01T22:06:44+00:00","description":"Az olasz nyelv tanul\u00e1sa sor\u00e1n a nyelvtani szerkezetek k\u00f6z\u00fcl az egyik legfontosabb \u00e9s legt\u00f6bb f\u00e9lre\u00e9rt\u00e9st okoz\u00f3 t\u00e9mak\u00f6r a Verbi di Stato, vagyis az","breadcrumb":{"@id":"https:\/\/talkpal.ai\/hu\/grammar\/verbi-di-stato-olasz-nyelvtan\/#breadcrumb"},"inLanguage":"hu","potentialAction":[{"@type":"ReadAction","target":["https:\/\/talkpal.ai\/hu\/grammar\/verbi-di-stato-olasz-nyelvtan\/"]}]},{"@type":"ImageObject","inLanguage":"hu","@id":"https:\/\/talkpal.ai\/hu\/grammar\/verbi-di-stato-olasz-nyelvtan\/#primaryimage","url":"https:\/\/talkpal.ai\/wp-content\/uploads\/2025\/12\/three-people-at-library-learning-languages.webp","contentUrl":"https:\/\/talkpal.ai\/wp-content\/uploads\/2025\/12\/three-people-at-library-learning-languages.webp","width":1200,"height":896,"caption":"Three students sit at a library table covered in books while learning languages."},{"@type":"BreadcrumbList","@id":"https:\/\/talkpal.ai\/hu\/grammar\/verbi-di-stato-olasz-nyelvtan\/#breadcrumb","itemListElement":[{"@type":"ListItem","position":1,"name":"Homepage","item":"https:\/\/talkpal.ai\/hu\/"},{"@type":"ListItem","position":2,"name":"Verbi di Stato olasz nyelvtan"}]},{"@type":"WebSite","@id":"https:\/\/talkpal.ai\/hu\/#website","url":"https:\/\/talkpal.ai\/hu\/","name":"Talkpal","description":"AI Language Learning","publisher":{"@id":"https:\/\/talkpal.ai\/hu\/#organization"},"alternateName":"Talkpal AI","potentialAction":[{"@type":"SearchAction","target":{"@type":"EntryPoint","urlTemplate":"https:\/\/talkpal.ai\/hu\/?s={search_term_string}"},"query-input":{"@type":"PropertyValueSpecification","valueRequired":true,"valueName":"search_term_string"}}],"inLanguage":"hu"},{"@type":"Organization","@id":"https:\/\/talkpal.ai\/hu\/#organization","name":"Talkpal, Inc.","alternateName":"Talkpal AI","url":"https:\/\/talkpal.ai\/hu\/","logo":{"@type":"ImageObject","inLanguage":"hu","@id":"https:\/\/talkpal.ai\/hu\/#\/schema\/logo\/image\/","url":"https:\/\/talkpal.ai\/wp-content\/uploads\/2024\/03\/Talkpal-Logo-Icon.png","contentUrl":"https:\/\/talkpal.ai\/wp-content\/uploads\/2024\/03\/Talkpal-Logo-Icon.png","width":2880,"height":2880,"caption":"Talkpal, Inc."},"image":{"@id":"https:\/\/talkpal.ai\/hu\/#\/schema\/logo\/image\/"},"sameAs":["https:\/\/www.facebook.com\/profile.php?id=100090733639311","https:\/\/x.com\/talkpalai","https:\/\/www.linkedin.com\/company\/talkpal\/","https:\/\/www.youtube.com\/@TalkPal\/","https:\/\/www.tiktok.com\/@talkpal","https:\/\/www.instagram.com\/talkpal_ai\/","https:\/\/www.crunchbase.com\/organization\/talkpal-9cde","https:\/\/www.g2.com\/products\/talkpal-for-business\/","https:\/\/www.trustpilot.com\/review\/talkpal.ai","https:\/\/www.capterra.com\/p\/10006800\/TalkPal\/"],"description":"Talkpal is a language learning web and mobile education app, powered by the latest AI technologies, that provides engaging experiences to its customers in many different languages to help them improve their language skills. Users can chat about unlimited amount of topics with the app and use other modes to practice their language learning.","email":"support@talkpal.ai","legalName":"Talkpal, Inc.","foundingDate":"2023-04-03","duns":"118989042","numberOfEmployees":{"@type":"QuantitativeValue","minValue":"11","maxValue":"50"},"publishingPrinciples":"https:\/\/talkpal.ai\/publishing-principles\/","actionableFeedbackPolicy":"https:\/\/talkpal.ai\/actionable-feedback-policy\/","correctionsPolicy":"https:\/\/talkpal.ai\/corrections-policy\/","ethicsPolicy":"https:\/\/talkpal.ai\/ethics-policy\/","diversityPolicy":"https:\/\/talkpal.ai\/diversity-policy\/","diversityStaffingReport":"https:\/\/talkpal.ai\/diversity-policy\/"}]}},"_links":{"self":[{"href":"https:\/\/talkpal.ai\/hu\/wp-json\/wp\/v2\/grammar\/1078925","targetHints":{"allow":["GET"]}}],"collection":[{"href":"https:\/\/talkpal.ai\/hu\/wp-json\/wp\/v2\/grammar"}],"about":[{"href":"https:\/\/talkpal.ai\/hu\/wp-json\/wp\/v2\/types\/grammar"}],"wp:featuredmedia":[{"embeddable":true,"href":"https:\/\/talkpal.ai\/hu\/wp-json\/wp\/v2\/media\/1529492"}],"wp:attachment":[{"href":"https:\/\/talkpal.ai\/hu\/wp-json\/wp\/v2\/media?parent=1078925"}],"wp:term":[{"taxonomy":"language","embeddable":true,"href":"https:\/\/talkpal.ai\/hu\/wp-json\/wp\/v2\/language?post=1078925"}],"curies":[{"name":"wp","href":"https:\/\/api.w.org\/{rel}","templated":true}]}}