{"id":1078923,"date":"2025-07-01T22:06:32","date_gmt":"2025-07-01T22:06:32","guid":{"rendered":"https:\/\/talkpal.ai\/grammar\/verbi-riflessivi-az-olasz-nyelvtanban\/"},"modified":"2025-07-01T22:06:32","modified_gmt":"2025-07-01T22:06:32","slug":"verbi-riflessivi-az-olasz-nyelvtanban","status":"publish","type":"grammar","link":"https:\/\/talkpal.ai\/hu\/grammar\/verbi-riflessivi-az-olasz-nyelvtanban\/","title":{"rendered":"Verbi Riflessivi az olasz nyelvtanban"},"content":{"rendered":"<p>Az <a href=\"https:\/\/talkpal.ai\/hu\/olasz-nyelvtanfolyamok\/\">olasz nyelv<\/a> tanul\u00e1sa sor\u00e1n sz\u00e1mos k\u00fcl\u00f6nleges szerkezettel tal\u00e1lkozhatunk, melyek k\u00f6z\u00fcl az egyik legfontosabb a visszahat\u00f3 ig\u00e9k, vagyis a <a href=\"https:\/\/talkpal.ai\/ar\/grammar_exercises\/verbi-riflessivi-%d8%aa%d9%85%d8%a7%d8%b1%d9%8a%d9%86-%d9%84%d9%84%d9%82%d9%88%d8%a7%d8%b9%d8%af-%d8%a7%d9%84%d8%a5%d9%8a%d8%b7%d8%a7%d9%84%d9%8a%d8%a9\/\">verbi riflessivi<\/a> helyes haszn\u00e1lata. Ezek az ig\u00e9k nemcsak a nyelvtani helyess\u00e9g szempontj\u00e1b\u00f3l l\u00e9nyegesek, hanem a h\u00e9tk\u00f6znapi kommunik\u00e1ci\u00f3ban is elengedhetetlenek. A verbi riflessivi meg\u00e9rt\u00e9se seg\u00edt abban, hogy olaszul pontosabban \u00e9s term\u00e9szetesebben fejezz\u00fck ki magunkat, legyen sz\u00f3 ak\u00e1r mindennapi cselekv\u00e9sekr\u0151l, ak\u00e1r bonyolultabb mondatszerkezetekr\u0151l. Ha szeretn\u00e9d m\u00e9lyebben elsaj\u00e1t\u00edtani a verbi riflessivi haszn\u00e1lat\u00e1t, a <a href=\"https:\/\/talkpal.ai\/ko\/ai-%ec%96%b8%ec%96%b4-%ea%b5%90%ec%82%ac\/\">Talkpal<\/a> kiv\u00e1l\u00f3 lehet\u0151s\u00e9get ny\u00fajt a gyakorl\u00e1sra \u00e9s a helyes <a href=\"https:\/\/talkpal.ai\/es\/descargar-la-aplicacion-talkpal-para-android-e-ios\/\">alkalmaz\u00e1s<\/a> elsaj\u00e1t\u00edt\u00e1s\u00e1ra.<\/p>\n<h2>Mi az a verbi riflessivi az olasz nyelvtanban?<\/h2>\n<p>A verbi riflessivi, magyarul visszahat\u00f3 ig\u00e9k, olyan igealakok, amelyekn\u00e9l a cselekv\u00e9s v\u00e9gz\u0151je \u00e9s elszenved\u0151je ugyanaz a szem\u00e9ly. Ez azt jelenti, hogy az alany saj\u00e1t mag\u00e1n hajt v\u00e9gre egy cselekv\u00e9st. Az <a href=\"https:\/\/talkpal.ai\/learn-italian\/\">olasz<\/a> nyelvben ezek az ig\u00e9k saj\u00e1tos n\u00e9vm\u00e1ssal, az \u00fagynevezett visszahat\u00f3 n\u00e9vm\u00e1ssal (<a href=\"https:\/\/talkpal.ai\/ar\/grammar_exercises\/pronomi-riflessivi-%d8%aa%d9%85%d8%a7%d8%b1%d9%8a%d9%86-%d9%84%d9%84%d9%82%d9%88%d8%a7%d8%b9%d8%af-%d8%a7%d9%84%d8%a5%d9%8a%d8%b7%d8%a7%d9%84%d9%8a%d8%a9\/\">pronomi riflessivi<\/a>) egy\u00fctt haszn\u00e1latosak.<\/p>\n<h3>A visszahat\u00f3 n\u00e9vm\u00e1sok (Pronomi riflessivi)<\/h3>\n<p>Az olasz visszahat\u00f3 n\u00e9vm\u00e1sok a k\u00f6vetkez\u0151k:<\/p>\n<ul>\n<li><strong>mi<\/strong> \u2013 magam<\/li>\n<li><strong>ti<\/strong> \u2013 magad<\/li>\n<li><strong>si<\/strong> \u2013 maga\/mag\u00e1t<\/li>\n<li><strong>ci<\/strong> \u2013 magunk<\/li>\n<li><strong>vi<\/strong> \u2013 magatok<\/li>\n<li><strong>si<\/strong> \u2013 maguk\/magukat<\/li>\n<\/ul>\n<p>Ezeket a n\u00e9vm\u00e1sokat az ig\u00e9hez kapcsoljuk a megfelel\u0151 szem\u00e9lyben, p\u00e9ld\u00e1ul: <em>mi lavo<\/em> (megmosakszom), <em>si alza<\/em> (felkel).<\/p>\n<h2>Hogyan ismerj\u00fck fel a verbi riflessivi-t?<\/h2>\n<p>A verbi riflessivi felismer\u00e9s\u00e9nek egyik legegyszer\u0171bb m\u00f3dja, hogy az ige infinit\u00edv alakja v\u00e9g\u00e9n \u201e-si\u201d v\u00e9gz\u0151d\u00e9s tal\u00e1lhat\u00f3 (p\u00e9ld\u00e1ul: <em>lavarsi<\/em> \u2013 megmosakodni, <em>svegliarsi<\/em> \u2013 fel\u00e9bredni). Ez a v\u00e9gz\u0151d\u00e9s jelzi, hogy az ige visszahat\u00f3.<\/p>\n<h3>P\u00e9ld\u00e1k a leggyakoribb verbi riflessivi-re<\/h3>\n<ul>\n<li><strong>alzarsi<\/strong> \u2013 felkelni<\/li>\n<li><strong>svegliarsi<\/strong> \u2013 fel\u00e9bredni<\/li>\n<li><strong>lavarsi<\/strong> \u2013 mosakodni<\/li>\n<li><strong>vestirsi<\/strong> \u2013 fel\u00f6lt\u00f6zni<\/li>\n<li><strong>chiamarsi<\/strong> \u2013 nevezni mag\u00e1t (h\u00edvj\u00e1k valahogy)<\/li>\n<li><strong>addormentarsi<\/strong> \u2013 elaludni<\/li>\n<li><strong>divertirsi<\/strong> \u2013 sz\u00f3rakozni<\/li>\n<\/ul>\n<h2>A verbi riflessivi ragoz\u00e1sa<\/h2>\n<p>Az olasz visszahat\u00f3 ig\u00e9k ragoz\u00e1sa sor\u00e1n a visszahat\u00f3 n\u00e9vm\u00e1st <a href=\"https:\/\/talkpal.ai\/locations\/language-courses-in-minden\/\">minden<\/a> esetben az ige el\u00e9 tessz\u00fck, \u00e9s az ig\u00e9t a megfelel\u0151 szem\u00e9lyben ragozzuk. N\u00e9zz\u00fck meg p\u00e9ld\u00e1ul a <em>lavarsi<\/em> (mosakodni) ige jelen idej\u0171 ragoz\u00e1s\u00e1t:<\/p>\n<ul>\n<li><strong>io mi lavo<\/strong> \u2013 \u00e9n megmosakszom<\/li>\n<li><strong>tu ti lavi<\/strong> \u2013 te megmosakszol<\/li>\n<li><strong>lui\/lei si lava<\/strong> \u2013 \u0151 megmosakszik<\/li>\n<li><strong>noi ci laviamo<\/strong> \u2013 mi megmosakszunk<\/li>\n<li><strong>voi vi lavate<\/strong> \u2013 ti megmosakodtok<\/li>\n<li><strong>loro si lavano<\/strong> \u2013 \u0151k megmosakszanak<\/li>\n<\/ul>\n<h2>Id\u0151beli haszn\u00e1lat: verbi riflessivi k\u00fcl\u00f6nb\u00f6z\u0151 igeid\u0151kben<\/h2>\n<p>A verbi riflessivi minden igeid\u0151ben haszn\u00e1lhat\u00f3k, de a helyes visszahat\u00f3 n\u00e9vm\u00e1s \u00e9s a megfelel\u0151 igeid\u0151 ragoz\u00e1s alkalmaz\u00e1sa elengedhetetlen. N\u00e9zz\u00fck meg n\u00e9h\u00e1ny p\u00e9ld\u00e1t:<\/p>\n<h3>Passato prossimo (k\u00f6zelm\u00falt)<\/h3>\n<p>A passato prossimo-ban a visszahat\u00f3 ig\u00e9k mindig az <strong>essere<\/strong> seg\u00e9dig\u00e9vel k\u00e9pz\u0151dnek, \u00e9s az ige v\u00e9gz\u0151d\u00e9se egyezik az alany nem\u00e9vel \u00e9s sz\u00e1m\u00e1val.<\/p>\n<ul>\n<li><strong>Mi sono svegliato\/a<\/strong> \u2013 Fel\u00e9bredtem<\/li>\n<li><strong>Ti sei vestito\/a<\/strong> \u2013 Fel\u00f6lt\u00f6zt\u00e9l<\/li>\n<li><strong>Si sono divertiti\/e<\/strong> \u2013 J\u00f3l sz\u00f3rakoztak<\/li>\n<\/ul>\n<h3>Imperfetto (folyamatos m\u00falt)<\/h3>\n<ul>\n<li><strong>Mi lavavo<\/strong> \u2013 Mosakodtam<\/li>\n<li><strong>Ci addormentavamo<\/strong> \u2013 Elaludtunk<\/li>\n<\/ul>\n<h3>Futuro semplice (egyszer\u0171 j\u00f6v\u0151 id\u0151)<\/h3>\n<ul>\n<li><strong>Mi sveglier\u00f2<\/strong> \u2013 Fel fogok \u00e9bredni<\/li>\n<li><strong>Vi laverete<\/strong> \u2013 Meg fogtok mosakodni<\/li>\n<\/ul>\n<h2>K\u00fcl\u00f6nbs\u00e9g a visszahat\u00f3 \u00e9s nem visszahat\u00f3 ig\u00e9k k\u00f6z\u00f6tt<\/h2>\n<p>Bizonyos ig\u00e9k csak visszahat\u00f3 alakban haszn\u00e1latosak, m\u00edg m\u00e1soknak l\u00e9tezik visszahat\u00f3 \u00e9s nem visszahat\u00f3 v\u00e1ltozata is. Az \u00e9rtelmez\u00e9s gyakran a visszahat\u00f3 n\u00e9vm\u00e1s jelenl\u00e9t\u00e9t\u0151l f\u00fcgg.<\/p>\n<ul>\n<li><strong>lavare<\/strong> \u2013 mosni (m\u00e1s valamit vagy valakit)<\/li>\n<li><strong>lavarsi<\/strong> \u2013 megmosakodni (saj\u00e1t mag\u00e1t mossa)<\/li>\n<\/ul>\n<p>P\u00e9ld\u00e1k:<\/p>\n<ul>\n<li>Io <strong>lavo<\/strong> la macchina. (Megmosom az aut\u00f3t.)<\/li>\n<li>Io <strong>mi lavo<\/strong>. (Megmosakszom.)<\/li>\n<\/ul>\n<h2>K\u00fcl\u00f6nleges esetek \u00e9s gyakori hib\u00e1k<\/h2>\n<h3>Nem mindig sz\u00f3 szerinti visszahat\u00e1s<\/h3>\n<p>Nem minden visszahat\u00f3 ige jelent sz\u00f3 szerinti \u00f6nmagunkon v\u00e9gzett cselekv\u00e9st. P\u00e9ld\u00e1ul:<\/p>\n<ul>\n<li><strong>Chiamarsi<\/strong> \u2013 h\u00edvj\u00e1k valahogy (pl. Mi chiamo Luca \u2013 A nevem Luca.)<\/li>\n<li><strong>Arrabbiarsi<\/strong> \u2013 megharagszik<\/li>\n<\/ul>\n<h3>Helyes n\u00e9vm\u00e1srend<\/h3>\n<p>Figyelj\u00fcnk arra, hogy az olasz mondatszerkezetben a visszahat\u00f3 n\u00e9vm\u00e1s k\u00f6zvetlen\u00fcl az ige el\u0151tt \u00e1ll, kiv\u00e9ve a f\u0151n\u00e9vi igenevet, amikor az ige v\u00e9g\u00e9hez kapcsol\u00f3dik: <em>voglio lavarmi<\/em> (meg akarok mosakodni).<\/p>\n<h3>Reflex\u00edv \u00e9s k\u00f6lcs\u00f6n\u00f6s jelent\u00e9s<\/h3>\n<p>A verbi riflessivi n\u00e9ha k\u00f6lcs\u00f6n\u00f6s viszonyt is kifejezhetnek, p\u00e9ld\u00e1ul:<\/p>\n<ul>\n<li><strong>Ci vediamo<\/strong> \u2013 Tal\u00e1lkozunk (egym\u00e1st l\u00e1tjuk)<\/li>\n<li><strong>Si scrivono<\/strong> \u2013 \u00cdrnak egym\u00e1snak<\/li>\n<\/ul>\n<h2>Hogyan lehet hat\u00e9konyan megtanulni a verbi riflessivi haszn\u00e1lat\u00e1t?<\/h2>\n<p>A verbi riflessivi megfelel\u0151 haszn\u00e1lata gyakorl\u00e1st \u00e9s tudatoss\u00e1got ig\u00e9nyel. Az al\u00e1bbi tippek seg\u00edthetnek a gyorsabb \u00e9s hat\u00e9konyabb elsaj\u00e1t\u00edt\u00e1sban:<\/p>\n<ul>\n<li>K\u00e9sz\u00edts list\u00e1t a leggyakoribb visszahat\u00f3 ig\u00e9kr\u0151l \u00e9s gyakorold \u0151ket k\u00fcl\u00f6nb\u00f6z\u0151 szem\u00e9lyekben, id\u0151ben.<\/li>\n<li>Hallgass \u00e9s olvass olasz nyelv\u0171 p\u00e1rbesz\u00e9deket, figyeld meg, hogyan haszn\u00e1lj\u00e1k a verbi riflessivi-t.<\/li>\n<li>\u00cdrj saj\u00e1t mondatokat, fogalmaz\u00e1sokat, \u00e9s ellen\u0151riztesd \u0151ket anyanyelvi besz\u00e9l\u0151kkel vagy tan\u00e1rral.<\/li>\n<li>Haszn\u00e1lj nyelvtanul\u00f3 alkalmaz\u00e1sokat, p\u00e9ld\u00e1ul a Talkpal-t, amely kifejezetten seg\u00edt a verbi riflessivi gyakorl\u00e1s\u00e1ban \u00e9s helyes alkalmaz\u00e1s\u00e1ban.<\/li>\n<\/ul>\n<h2>Gyakran haszn\u00e1lt verbi riflessivi p\u00e9ldamondatokkal<\/h2>\n<ul>\n<li><strong>Mi sveglio alle sette.<\/strong> \u2013 H\u00e9tkor \u00e9bredek.<\/li>\n<li><strong>Ti lavi le mani prima di mangiare.<\/strong> \u2013 Megmosod a kezed ev\u00e9s el\u0151tt.<\/li>\n<li><strong>Loro si divertono alla festa.<\/strong> \u2013 J\u00f3l \u00e9rzik magukat a bulin.<\/li>\n<li><strong>Ci incontriamo al bar.<\/strong> \u2013 A b\u00e1rban tal\u00e1lkozunk.<\/li>\n<li><strong>Si addormenta presto.<\/strong> \u2013 Kor\u00e1n elalszik.<\/li>\n<\/ul>\n<h2>Verbi riflessivi \u00e9s a mindennapi kommunik\u00e1ci\u00f3<\/h2>\n<p>A visszahat\u00f3 ig\u00e9k a mindennapi olasz nyelv r\u00e9szei, n\u00e9lk\u00fcl\u00fck neh\u00e9z lenne term\u00e9szetesen kommunik\u00e1lni. Gyakran haszn\u00e1ljuk \u0151ket, amikor a napi rutinunkr\u00f3l, \u00e9rz\u00e9seinkr\u0151l vagy egym\u00e1shoz f\u0171z\u0151d\u0151 viszonyainkr\u00f3l besz\u00e9l\u00fcnk.<\/p>\n<h3>Tipikus t\u00e9m\u00e1k, ahol a verbi riflessivi elengedhetetlenek:<\/h3>\n<ul>\n<li>Napi teend\u0151k: felkelni, mosakodni, \u00f6lt\u00f6zni<\/li>\n<li>\u00c9rzelmek, hangulatok kifejez\u00e9se: megharagudni, izgulni, \u00f6r\u00fclni<\/li>\n<li>Kapcsolatok: tal\u00e1lkozni, besz\u00e9lgetni, \u00edrni egym\u00e1snak<\/li>\n<\/ul>\n<h2>\u00d6sszefoglal\u00e1s: Mi\u00e9rt \u00e9rdemes elsaj\u00e1t\u00edtani a verbi riflessivi haszn\u00e1lat\u00e1t?<\/h2>\n<p>Az olasz verbi riflessivi ismerete \u00e9s helyes alkalmaz\u00e1sa elengedhetetlen a magabiztos \u00e9s autentikus kommunik\u00e1ci\u00f3hoz. Ezek az ig\u00e9k lehet\u0151v\u00e9 teszik, hogy pontosan kifejezd magad, ak\u00e1r h\u00e9tk\u00f6znapi, ak\u00e1r \u00f6sszetettebb helyzetekben. R\u00e1ad\u00e1sul a visszahat\u00f3 ig\u00e9k tudatos haszn\u00e1lata seg\u00edthet abban, hogy jobban meg\u00e9rtsd az olasz gondolkod\u00e1sm\u00f3dot \u00e9s kifejez\u00e9sm\u00f3dot. A folyamatos gyakorl\u00e1s, p\u00e9ld\u00e1ul a Talkpal alkalmaz\u00e1s seg\u00edts\u00e9g\u00e9vel, garant\u00e1ltan elm\u00e9ly\u00edti a tud\u00e1sod \u00e9s g\u00f6rd\u00fcl\u00e9kenny\u00e9 teszi a besz\u00e9ded.<\/p>\n<p>Az olasz verbi riflessivi teh\u00e1t nem csup\u00e1n nyelvtani \u00e9rdekess\u00e9gek, hanem a g\u00f6rd\u00fcl\u00e9keny, term\u00e9szetes kommunik\u00e1ci\u00f3 kulcsai. Ha odafigyelsz a helyes haszn\u00e1latukra, hamarosan magabiztosan \u00e9s hib\u00e1tlanul tudod majd alkalmazni \u0151ket minden helyzetben!<\/p>\n","protected":false},"featured_media":1527817,"template":"","language":[12577,12548],"class_list":["post-1078923","grammar","type-grammar","status-publish","has-post-thumbnail","hentry","language-igek-olasz-nyelvtan","language-olasz"],"acf":[],"yoast_head":"<!-- This site is optimized with the Yoast SEO Premium plugin v27.2 (Yoast SEO v27.2) - https:\/\/yoast.com\/product\/yoast-seo-premium-wordpress\/ -->\n<title>Verbi Riflessivi az olasz nyelvtanban - Talkpal<\/title>\n<meta name=\"description\" content=\"Az olasz nyelv tanul\u00e1sa sor\u00e1n sz\u00e1mos k\u00fcl\u00f6nleges szerkezettel tal\u00e1lkozhatunk, melyek k\u00f6z\u00fcl az egyik legfontosabb a visszahat\u00f3 ig\u00e9k, vagyis a verbi\" \/>\n<meta name=\"robots\" content=\"index, follow, max-snippet:-1, max-image-preview:large, max-video-preview:-1\" \/>\n<link rel=\"canonical\" href=\"https:\/\/talkpal.ai\/hu\/grammar\/verbi-riflessivi-az-olasz-nyelvtanban\/\" \/>\n<meta property=\"og:locale\" content=\"hu_HU\" \/>\n<meta property=\"og:type\" content=\"article\" \/>\n<meta property=\"og:title\" content=\"Verbi Riflessivi az olasz nyelvtanban\" \/>\n<meta property=\"og:description\" content=\"Az olasz nyelv tanul\u00e1sa sor\u00e1n sz\u00e1mos k\u00fcl\u00f6nleges szerkezettel tal\u00e1lkozhatunk, melyek k\u00f6z\u00fcl az egyik legfontosabb a visszahat\u00f3 ig\u00e9k, vagyis a verbi\" \/>\n<meta property=\"og:url\" content=\"https:\/\/talkpal.ai\/hu\/grammar\/verbi-riflessivi-az-olasz-nyelvtanban\/\" \/>\n<meta property=\"og:site_name\" content=\"Talkpal\" \/>\n<meta property=\"article:publisher\" content=\"https:\/\/www.facebook.com\/profile.php?id=100090733639311\" \/>\n<meta property=\"og:image\" content=\"https:\/\/talkpal.ai\/wp-content\/uploads\/2025\/02\/Progress-tab-16_9.png\" \/>\n\t<meta property=\"og:image:width\" content=\"2880\" \/>\n\t<meta property=\"og:image:height\" content=\"1620\" \/>\n\t<meta property=\"og:image:type\" content=\"image\/png\" \/>\n<meta name=\"twitter:card\" content=\"summary_large_image\" \/>\n<meta name=\"twitter:site\" content=\"@talkpalai\" \/>\n<meta name=\"twitter:label1\" content=\"Becs\u00fclt olvas\u00e1si id\u0151\" \/>\n\t<meta name=\"twitter:data1\" content=\"6 perc\" \/>\n<script type=\"application\/ld+json\" class=\"yoast-schema-graph\">{\"@context\":\"https:\/\/schema.org\",\"@graph\":[{\"@type\":\"WebPage\",\"@id\":\"https:\/\/talkpal.ai\/hu\/grammar\/verbi-riflessivi-az-olasz-nyelvtanban\/\",\"url\":\"https:\/\/talkpal.ai\/hu\/grammar\/verbi-riflessivi-az-olasz-nyelvtanban\/\",\"name\":\"Verbi Riflessivi az olasz nyelvtanban - Talkpal\",\"isPartOf\":{\"@id\":\"https:\/\/talkpal.ai\/hu\/#website\"},\"primaryImageOfPage\":{\"@id\":\"https:\/\/talkpal.ai\/hu\/grammar\/verbi-riflessivi-az-olasz-nyelvtanban\/#primaryimage\"},\"image\":{\"@id\":\"https:\/\/talkpal.ai\/hu\/grammar\/verbi-riflessivi-az-olasz-nyelvtanban\/#primaryimage\"},\"thumbnailUrl\":\"https:\/\/talkpal.ai\/wp-content\/uploads\/2025\/12\/notes-are-written-while-learning-languages.webp\",\"datePublished\":\"2025-07-01T22:06:32+00:00\",\"description\":\"Az olasz nyelv tanul\u00e1sa sor\u00e1n sz\u00e1mos k\u00fcl\u00f6nleges szerkezettel tal\u00e1lkozhatunk, melyek k\u00f6z\u00fcl az egyik legfontosabb a visszahat\u00f3 ig\u00e9k, vagyis a verbi\",\"breadcrumb\":{\"@id\":\"https:\/\/talkpal.ai\/hu\/grammar\/verbi-riflessivi-az-olasz-nyelvtanban\/#breadcrumb\"},\"inLanguage\":\"hu\",\"potentialAction\":[{\"@type\":\"ReadAction\",\"target\":[\"https:\/\/talkpal.ai\/hu\/grammar\/verbi-riflessivi-az-olasz-nyelvtanban\/\"]}]},{\"@type\":\"ImageObject\",\"inLanguage\":\"hu\",\"@id\":\"https:\/\/talkpal.ai\/hu\/grammar\/verbi-riflessivi-az-olasz-nyelvtanban\/#primaryimage\",\"url\":\"https:\/\/talkpal.ai\/wp-content\/uploads\/2025\/12\/notes-are-written-while-learning-languages.webp\",\"contentUrl\":\"https:\/\/talkpal.ai\/wp-content\/uploads\/2025\/12\/notes-are-written-while-learning-languages.webp\",\"width\":1200,\"height\":896,\"caption\":\"A girl wearing headphones and a bun takes notes for the purpose of learning languages in a quiet library.\"},{\"@type\":\"BreadcrumbList\",\"@id\":\"https:\/\/talkpal.ai\/hu\/grammar\/verbi-riflessivi-az-olasz-nyelvtanban\/#breadcrumb\",\"itemListElement\":[{\"@type\":\"ListItem\",\"position\":1,\"name\":\"Homepage\",\"item\":\"https:\/\/talkpal.ai\/hu\/\"},{\"@type\":\"ListItem\",\"position\":2,\"name\":\"Verbi Riflessivi az olasz nyelvtanban\"}]},{\"@type\":\"WebSite\",\"@id\":\"https:\/\/talkpal.ai\/hu\/#website\",\"url\":\"https:\/\/talkpal.ai\/hu\/\",\"name\":\"Talkpal\",\"description\":\"AI Language Learning\",\"publisher\":{\"@id\":\"https:\/\/talkpal.ai\/hu\/#organization\"},\"alternateName\":\"Talkpal AI\",\"potentialAction\":[{\"@type\":\"SearchAction\",\"target\":{\"@type\":\"EntryPoint\",\"urlTemplate\":\"https:\/\/talkpal.ai\/hu\/?s={search_term_string}\"},\"query-input\":{\"@type\":\"PropertyValueSpecification\",\"valueRequired\":true,\"valueName\":\"search_term_string\"}}],\"inLanguage\":\"hu\"},{\"@type\":\"Organization\",\"@id\":\"https:\/\/talkpal.ai\/hu\/#organization\",\"name\":\"Talkpal, Inc.\",\"alternateName\":\"Talkpal AI\",\"url\":\"https:\/\/talkpal.ai\/hu\/\",\"logo\":{\"@type\":\"ImageObject\",\"inLanguage\":\"hu\",\"@id\":\"https:\/\/talkpal.ai\/hu\/#\/schema\/logo\/image\/\",\"url\":\"https:\/\/talkpal.ai\/wp-content\/uploads\/2024\/03\/Talkpal-Logo-Icon.png\",\"contentUrl\":\"https:\/\/talkpal.ai\/wp-content\/uploads\/2024\/03\/Talkpal-Logo-Icon.png\",\"width\":2880,\"height\":2880,\"caption\":\"Talkpal, Inc.\"},\"image\":{\"@id\":\"https:\/\/talkpal.ai\/hu\/#\/schema\/logo\/image\/\"},\"sameAs\":[\"https:\/\/www.facebook.com\/profile.php?id=100090733639311\",\"https:\/\/x.com\/talkpalai\",\"https:\/\/www.linkedin.com\/company\/talkpal\/\",\"https:\/\/www.youtube.com\/@TalkPal\/\",\"https:\/\/www.tiktok.com\/@talkpal\",\"https:\/\/www.instagram.com\/talkpal_ai\/\",\"https:\/\/www.crunchbase.com\/organization\/talkpal-9cde\",\"https:\/\/www.g2.com\/products\/talkpal-for-business\/\",\"https:\/\/www.trustpilot.com\/review\/talkpal.ai\",\"https:\/\/www.capterra.com\/p\/10006800\/TalkPal\/\"],\"description\":\"Talkpal is a language learning web and mobile education app, powered by the latest AI technologies, that provides engaging experiences to its customers in many different languages to help them improve their language skills. Users can chat about unlimited amount of topics with the app and use other modes to practice their language learning.\",\"email\":\"support@talkpal.ai\",\"legalName\":\"Talkpal, Inc.\",\"foundingDate\":\"2023-04-03\",\"duns\":\"118989042\",\"numberOfEmployees\":{\"@type\":\"QuantitativeValue\",\"minValue\":\"11\",\"maxValue\":\"50\"},\"publishingPrinciples\":\"https:\/\/talkpal.ai\/publishing-principles\/\",\"actionableFeedbackPolicy\":\"https:\/\/talkpal.ai\/actionable-feedback-policy\/\",\"correctionsPolicy\":\"https:\/\/talkpal.ai\/corrections-policy\/\",\"ethicsPolicy\":\"https:\/\/talkpal.ai\/ethics-policy\/\",\"diversityPolicy\":\"https:\/\/talkpal.ai\/diversity-policy\/\",\"diversityStaffingReport\":\"https:\/\/talkpal.ai\/diversity-policy\/\"}]}<\/script>\n<!-- \/ Yoast SEO Premium plugin. -->","yoast_head_json":{"title":"Verbi Riflessivi az olasz nyelvtanban - Talkpal","description":"Az olasz nyelv tanul\u00e1sa sor\u00e1n sz\u00e1mos k\u00fcl\u00f6nleges szerkezettel tal\u00e1lkozhatunk, melyek k\u00f6z\u00fcl az egyik legfontosabb a visszahat\u00f3 ig\u00e9k, vagyis a verbi","robots":{"index":"index","follow":"follow","max-snippet":"max-snippet:-1","max-image-preview":"max-image-preview:large","max-video-preview":"max-video-preview:-1"},"canonical":"https:\/\/talkpal.ai\/hu\/grammar\/verbi-riflessivi-az-olasz-nyelvtanban\/","og_locale":"hu_HU","og_type":"article","og_title":"Verbi Riflessivi az olasz nyelvtanban","og_description":"Az olasz nyelv tanul\u00e1sa sor\u00e1n sz\u00e1mos k\u00fcl\u00f6nleges szerkezettel tal\u00e1lkozhatunk, melyek k\u00f6z\u00fcl az egyik legfontosabb a visszahat\u00f3 ig\u00e9k, vagyis a verbi","og_url":"https:\/\/talkpal.ai\/hu\/grammar\/verbi-riflessivi-az-olasz-nyelvtanban\/","og_site_name":"Talkpal","article_publisher":"https:\/\/www.facebook.com\/profile.php?id=100090733639311","og_image":[{"width":2880,"height":1620,"url":"https:\/\/talkpal.ai\/wp-content\/uploads\/2025\/02\/Progress-tab-16_9.png","type":"image\/png"}],"twitter_card":"summary_large_image","twitter_site":"@talkpalai","twitter_misc":{"Becs\u00fclt olvas\u00e1si id\u0151":"6 perc"},"schema":{"@context":"https:\/\/schema.org","@graph":[{"@type":"WebPage","@id":"https:\/\/talkpal.ai\/hu\/grammar\/verbi-riflessivi-az-olasz-nyelvtanban\/","url":"https:\/\/talkpal.ai\/hu\/grammar\/verbi-riflessivi-az-olasz-nyelvtanban\/","name":"Verbi Riflessivi az olasz nyelvtanban - Talkpal","isPartOf":{"@id":"https:\/\/talkpal.ai\/hu\/#website"},"primaryImageOfPage":{"@id":"https:\/\/talkpal.ai\/hu\/grammar\/verbi-riflessivi-az-olasz-nyelvtanban\/#primaryimage"},"image":{"@id":"https:\/\/talkpal.ai\/hu\/grammar\/verbi-riflessivi-az-olasz-nyelvtanban\/#primaryimage"},"thumbnailUrl":"https:\/\/talkpal.ai\/wp-content\/uploads\/2025\/12\/notes-are-written-while-learning-languages.webp","datePublished":"2025-07-01T22:06:32+00:00","description":"Az olasz nyelv tanul\u00e1sa sor\u00e1n sz\u00e1mos k\u00fcl\u00f6nleges szerkezettel tal\u00e1lkozhatunk, melyek k\u00f6z\u00fcl az egyik legfontosabb a visszahat\u00f3 ig\u00e9k, vagyis a verbi","breadcrumb":{"@id":"https:\/\/talkpal.ai\/hu\/grammar\/verbi-riflessivi-az-olasz-nyelvtanban\/#breadcrumb"},"inLanguage":"hu","potentialAction":[{"@type":"ReadAction","target":["https:\/\/talkpal.ai\/hu\/grammar\/verbi-riflessivi-az-olasz-nyelvtanban\/"]}]},{"@type":"ImageObject","inLanguage":"hu","@id":"https:\/\/talkpal.ai\/hu\/grammar\/verbi-riflessivi-az-olasz-nyelvtanban\/#primaryimage","url":"https:\/\/talkpal.ai\/wp-content\/uploads\/2025\/12\/notes-are-written-while-learning-languages.webp","contentUrl":"https:\/\/talkpal.ai\/wp-content\/uploads\/2025\/12\/notes-are-written-while-learning-languages.webp","width":1200,"height":896,"caption":"A girl wearing headphones and a bun takes notes for the purpose of learning languages in a quiet library."},{"@type":"BreadcrumbList","@id":"https:\/\/talkpal.ai\/hu\/grammar\/verbi-riflessivi-az-olasz-nyelvtanban\/#breadcrumb","itemListElement":[{"@type":"ListItem","position":1,"name":"Homepage","item":"https:\/\/talkpal.ai\/hu\/"},{"@type":"ListItem","position":2,"name":"Verbi Riflessivi az olasz nyelvtanban"}]},{"@type":"WebSite","@id":"https:\/\/talkpal.ai\/hu\/#website","url":"https:\/\/talkpal.ai\/hu\/","name":"Talkpal","description":"AI Language Learning","publisher":{"@id":"https:\/\/talkpal.ai\/hu\/#organization"},"alternateName":"Talkpal AI","potentialAction":[{"@type":"SearchAction","target":{"@type":"EntryPoint","urlTemplate":"https:\/\/talkpal.ai\/hu\/?s={search_term_string}"},"query-input":{"@type":"PropertyValueSpecification","valueRequired":true,"valueName":"search_term_string"}}],"inLanguage":"hu"},{"@type":"Organization","@id":"https:\/\/talkpal.ai\/hu\/#organization","name":"Talkpal, Inc.","alternateName":"Talkpal AI","url":"https:\/\/talkpal.ai\/hu\/","logo":{"@type":"ImageObject","inLanguage":"hu","@id":"https:\/\/talkpal.ai\/hu\/#\/schema\/logo\/image\/","url":"https:\/\/talkpal.ai\/wp-content\/uploads\/2024\/03\/Talkpal-Logo-Icon.png","contentUrl":"https:\/\/talkpal.ai\/wp-content\/uploads\/2024\/03\/Talkpal-Logo-Icon.png","width":2880,"height":2880,"caption":"Talkpal, Inc."},"image":{"@id":"https:\/\/talkpal.ai\/hu\/#\/schema\/logo\/image\/"},"sameAs":["https:\/\/www.facebook.com\/profile.php?id=100090733639311","https:\/\/x.com\/talkpalai","https:\/\/www.linkedin.com\/company\/talkpal\/","https:\/\/www.youtube.com\/@TalkPal\/","https:\/\/www.tiktok.com\/@talkpal","https:\/\/www.instagram.com\/talkpal_ai\/","https:\/\/www.crunchbase.com\/organization\/talkpal-9cde","https:\/\/www.g2.com\/products\/talkpal-for-business\/","https:\/\/www.trustpilot.com\/review\/talkpal.ai","https:\/\/www.capterra.com\/p\/10006800\/TalkPal\/"],"description":"Talkpal is a language learning web and mobile education app, powered by the latest AI technologies, that provides engaging experiences to its customers in many different languages to help them improve their language skills. Users can chat about unlimited amount of topics with the app and use other modes to practice their language learning.","email":"support@talkpal.ai","legalName":"Talkpal, Inc.","foundingDate":"2023-04-03","duns":"118989042","numberOfEmployees":{"@type":"QuantitativeValue","minValue":"11","maxValue":"50"},"publishingPrinciples":"https:\/\/talkpal.ai\/publishing-principles\/","actionableFeedbackPolicy":"https:\/\/talkpal.ai\/actionable-feedback-policy\/","correctionsPolicy":"https:\/\/talkpal.ai\/corrections-policy\/","ethicsPolicy":"https:\/\/talkpal.ai\/ethics-policy\/","diversityPolicy":"https:\/\/talkpal.ai\/diversity-policy\/","diversityStaffingReport":"https:\/\/talkpal.ai\/diversity-policy\/"}]}},"_links":{"self":[{"href":"https:\/\/talkpal.ai\/hu\/wp-json\/wp\/v2\/grammar\/1078923","targetHints":{"allow":["GET"]}}],"collection":[{"href":"https:\/\/talkpal.ai\/hu\/wp-json\/wp\/v2\/grammar"}],"about":[{"href":"https:\/\/talkpal.ai\/hu\/wp-json\/wp\/v2\/types\/grammar"}],"wp:featuredmedia":[{"embeddable":true,"href":"https:\/\/talkpal.ai\/hu\/wp-json\/wp\/v2\/media\/1527817"}],"wp:attachment":[{"href":"https:\/\/talkpal.ai\/hu\/wp-json\/wp\/v2\/media?parent=1078923"}],"wp:term":[{"taxonomy":"language","embeddable":true,"href":"https:\/\/talkpal.ai\/hu\/wp-json\/wp\/v2\/language?post=1078923"}],"curies":[{"name":"wp","href":"https:\/\/api.w.org\/{rel}","templated":true}]}}