{"id":1078893,"date":"2025-07-01T22:03:56","date_gmt":"2025-07-01T22:03:56","guid":{"rendered":"https:\/\/talkpal.ai\/grammar\/pronombres-relativos-a-spanyol-nyelvtanban\/"},"modified":"2025-07-01T22:03:56","modified_gmt":"2025-07-01T22:03:56","slug":"pronombres-relativos-a-spanyol-nyelvtanban","status":"publish","type":"grammar","link":"https:\/\/talkpal.ai\/hu\/grammar\/pronombres-relativos-a-spanyol-nyelvtanban\/","title":{"rendered":"Pronombres relativos a spanyol nyelvtanban"},"content":{"rendered":"<p>A <a href=\"https:\/\/talkpal.ai\/hu\/grammar\/spanyol-nyelvtan-bemutatasa\/\">spanyol nyelvtan<\/a> egyik alapvet\u0151, de gyakran kih\u00edv\u00e1st jelent\u0151 ter\u00fclete a vonatkoz\u00f3 n\u00e9vm\u00e1sok, azaz a <a href=\"https:\/\/talkpal.ai\/ar\/grammar_exercises\/pronombres-relativos-%d8%aa%d9%85%d8%a7%d8%b1%d9%8a%d9%86-%d9%84%d9%82%d9%88%d8%a7%d8%b9%d8%af-%d8%a7%d9%84%d9%84%d8%ba%d8%a9-%d8%a7%d9%84%d8%a5%d8%b3%d8%a8%d8%a7%d9%86%d9%8a%d8%a9\/\">pronombres relativos<\/a> haszn\u00e1lata. Ezek a szavak seg\u00edtenek \u00f6sszek\u00f6tni mondatr\u00e9szeket, pontosabb\u00e1 \u00e9s g\u00f6rd\u00fcl\u00e9kenyebb\u00e9 teszik a kommunik\u00e1ci\u00f3t. A <a href=\"https:\/\/talkpal.ai\/learn-spanish\/\">spanyol<\/a> tanul\u00f3k sz\u00e1m\u00e1ra elengedhetetlen ezek ismerete, hiszen a h\u00e9tk\u00f6znapi \u00e9s form\u00e1lis besz\u00e9dben egyar\u00e1nt gyakran el\u0151fordulnak. Szerencs\u00e9re a modern nyelvtanul\u00e1si eszk\u00f6z\u00f6k, p\u00e9ld\u00e1ul a <a href=\"https:\/\/talkpal.ai\/ko\/ai-%ec%96%b8%ec%96%b4-%ea%b5%90%ec%82%ac\/\">Talkpal<\/a>, hat\u00e9konyan seg\u00edtenek elsaj\u00e1t\u00edtani a pronombres relativos helyes haszn\u00e1lat\u00e1t, gyakorlatokon \u00e9s p\u00e9ldamondatokon kereszt\u00fcl.<\/p>\n<h2>Mi az a pronombres relativos a spanyol nyelvtanban?<\/h2>\n<p>A pronombres relativos (vonatkoz\u00f3 n\u00e9vm\u00e1sok) olyan szavak, amelyek mondatokat, tagmondatokat vagy kifejez\u00e9seket k\u00f6tnek \u00f6ssze, mik\u00f6zben egy f\u0151n\u00e9vre vagy n\u00e9vm\u00e1sra utalnak vissza. Ezek a n\u00e9vm\u00e1sok seg\u00edtenek elker\u00fclni a sz\u00f3ism\u00e9tl\u00e9st \u00e9s egy\u00e9rtelm\u0171v\u00e9 tenni, hogy mir\u0151l vagy kir\u0151l besz\u00e9l\u00fcnk.<\/p>\n<h3>A leggyakoribb spanyol vonatkoz\u00f3 n\u00e9vm\u00e1sok<\/h3>\n<p>A spanyolban t\u00f6bb vonatkoz\u00f3 n\u00e9vm\u00e1s l\u00e9tezik, melyeket k\u00fcl\u00f6nb\u00f6z\u0151 helyzetekben haszn\u00e1lunk. A legfontosabbak a k\u00f6vetkez\u0151k:<\/p>\n<ul>\n<li><strong>Que<\/strong> \u2013 aki, <a href=\"https:\/\/talkpal.ai\/locations\/language-courses-in-ami\/\">ami<\/a>, amely<\/li>\n<li><strong>Quien\/quienes<\/strong> \u2013 aki\/akik (szem\u00e9lyekre)<\/li>\n<li><strong>El que, la que, los que, las que<\/strong> \u2013 az, aki\/akik, az, ami\/amelyek (f\u0151n\u00e9vvel egyeztetve)<\/li>\n<li><strong>El cual, la cual, los cuales, las cuales<\/strong> \u2013 amely, aki, ami (form\u00e1lisabb)<\/li>\n<li><strong>Cuyo, cuya, cuyos, cuyas<\/strong> \u2013 akinek, aminek a (birtokos viszonyt fejez ki)<\/li>\n<li><strong>Donde<\/strong> \u2013 ahol<\/li>\n<li><strong>Cuando<\/strong> \u2013 amikor<\/li>\n<li><strong>Como<\/strong> \u2013 ahogy, amint<\/li>\n<\/ul>\n<h2>A pronombres relativos r\u00e9szletes bemutat\u00e1sa<\/h2>\n<h3>Que \u2013 az univerz\u00e1lis vonatkoz\u00f3 n\u00e9vm\u00e1s<\/h3>\n<p>A <strong>que<\/strong> a leggyakrabban haszn\u00e1lt vonatkoz\u00f3 n\u00e9vm\u00e1s, \u00e9s szem\u00e9lyekre, dolgokra, illetve helyekre egyar\u00e1nt utalhat.<\/p>\n<p><strong>P\u00e9ld\u00e1k:<\/strong><\/p>\n<ul>\n<li>La casa <strong>que<\/strong> compr\u00e9 es muy bonita. <em>(A h\u00e1z, amit vettem, nagyon sz\u00e9p.)<\/em><\/li>\n<li>El hombre <strong>que<\/strong> ves es mi padre. <em>(Az a f\u00e9rfi, akit l\u00e1tsz, az ap\u00e1m.)<\/em><\/li>\n<\/ul>\n<p><strong>Fontos megjegyezni:<\/strong> A &#8222;que&#8221; ut\u00e1n nem sz\u00fcks\u00e9ges el\u00f6lj\u00e1r\u00f3sz\u00f3t haszn\u00e1lni, kiv\u00e9ve, ha a mondat szerkezete ezt megk\u00f6veteli.<\/p>\n<h3>Quien\/quienes \u2013 szem\u00e9lyekre utal\u00f3 n\u00e9vm\u00e1s<\/h3>\n<p>A <strong>quien<\/strong> (egyes sz\u00e1m) \u00e9s <strong>quienes<\/strong> (t\u00f6bbes sz\u00e1m) csak szem\u00e9lyekre utalhat, gyakran haszn\u00e1lt el\u00f6lj\u00e1r\u00f3sz\u00f3 ut\u00e1n vagy akkor, ha a f\u0151n\u00e9v m\u00e1r ismert.<\/p>\n<ul>\n<li>La chica <strong>quien<\/strong> vino ayer es mi hermana. <em>(A l\u00e1ny, aki tegnap j\u00f6tt, a h\u00fagom.)<\/em><\/li>\n<li>Mis amigos, <strong>quienes<\/strong> viven en <a href=\"https:\/\/talkpal.ai\/locations\/language-courses-in-madrid\/\">Madrid<\/a>, van a visitarme. <em>(A bar\u00e1taim, akik Madridban \u00e9lnek, megl\u00e1togatnak engem.)<\/em><\/li>\n<\/ul>\n<p><strong>Tipp:<\/strong> Hivatalosabb sz\u00f6vegekben el\u0151fordulhat, hogy a &#8222;quien&#8221; helyett &#8222;el que&#8221; vagy &#8222;el cual&#8221; szerkezetet haszn\u00e1lnak.<\/p>\n<h3>El que, la que, los que, las que \u2013 pontosabb utal\u00e1s<\/h3>\n<p>Ezek a vonatkoz\u00f3 n\u00e9vm\u00e1sok f\u0151n\u00e9vvel egyeztetve (nemben \u00e9s sz\u00e1mban) utalnak vissza a f\u0151n\u00e9vre, \u00e9s gyakran haszn\u00e1lj\u00e1k el\u00f6lj\u00e1r\u00f3sz\u00f3k ut\u00e1n vagy f\u00e9lre\u00e9rt\u00e9s elker\u00fcl\u00e9se \u00e9rdek\u00e9ben.<\/p>\n<ul>\n<li>Los libros <strong>los que<\/strong> te di est\u00e1n en la mesa. <em>(Azok a k\u00f6nyvek, amiket adtam, az asztalon vannak.)<\/em><\/li>\n<li>La chica con <strong>la que<\/strong> habl\u00e9 es simp\u00e1tica. <em>(A l\u00e1ny, akivel besz\u00e9ltem, kedves.)<\/em><\/li>\n<\/ul>\n<h3>El cual, la cual, los cuales, las cuales \u2013 form\u00e1lis vonatkoz\u00f3 n\u00e9vm\u00e1s<\/h3>\n<p>Ez a szerkezet nagyon hasonl\u00edt az el\u0151z\u0151h\u00f6z, de ink\u00e1bb form\u00e1lis, \u00edrott sz\u00f6vegekben haszn\u00e1latos, k\u00fcl\u00f6n\u00f6sen jogi vagy tudom\u00e1nyos sz\u00f6vegekben, illetve amikor k\u00e9t k\u00fcl\u00f6nb\u00f6z\u0151 nem\u0171 f\u0151n\u00e9vre is utalhatunk vissza.<\/p>\n<ul>\n<li>La empresa para <strong>la cual<\/strong> trabajo es internacional. <em>(A c\u00e9g, amelynek dolgozom, nemzetk\u00f6zi.)<\/em><\/li>\n<\/ul>\n<h3>Cuyo, cuya, cuyos, cuyas \u2013 birtokos vonatkoz\u00f3 n\u00e9vm\u00e1s<\/h3>\n<p>A <strong>cuyo<\/strong> \u00e9s vari\u00e1ci\u00f3i birtokos viszonyt fejeznek ki, azaz &#8222;akinek a&#8221;, &#8222;aminek a&#8221; jelent\u00e9ssel b\u00edrnak. Mindig egyezik abban a f\u0151n\u00e9vvel, amelyre utal (nem azzal, aki birtokol).<\/p>\n<ul>\n<li>El escritor <strong>cuyos<\/strong> libros leemos es famoso. <em>(Az \u00edr\u00f3, akinek a k\u00f6nyveit olvassuk, h\u00edres.)<\/em><\/li>\n<li>La casa <strong>cuya<\/strong> puerta es roja es m\u00eda. <em>(A h\u00e1z, amelynek az ajtaja piros, az eny\u00e9m.)<\/em><\/li>\n<\/ul>\n<h3>Donde, cuando, como \u2013 hely, id\u0151 \u00e9s m\u00f3d<\/h3>\n<p>Ezek a n\u00e9vm\u00e1sok helyet, id\u0151t vagy m\u00f3dot fejeznek ki, \u00e9s gyakran kapcsolnak \u00f6ssze tagmondatokat.<\/p>\n<ul>\n<li>El lugar <strong>donde<\/strong> nac\u00ed es precioso. <em>(A hely, ahol sz\u00fclettem, gy\u00f6ny\u00f6r\u0171.)<\/em><\/li>\n<li>El d\u00eda <strong>cuando<\/strong> llegaste fue especial. <em>(A nap, amikor meg\u00e9rkezt\u00e9l, k\u00fcl\u00f6nleges volt.)<\/em><\/li>\n<li>La manera <strong>como<\/strong> lo hiciste es impresionante. <em>(Az a m\u00f3d, ahogyan csin\u00e1ltad, leny\u0171g\u00f6z\u0151.)<\/em><\/li>\n<\/ul>\n<h2>A vonatkoz\u00f3 n\u00e9vm\u00e1sok helyes haszn\u00e1lat\u00e1nak szab\u00e1lyai<\/h2>\n<h3>El\u00f6lj\u00e1r\u00f3sz\u00f3k \u00e9s a pronombres relativos<\/h3>\n<p>Bizonyos esetekben el\u00f6lj\u00e1r\u00f3sz\u00f3t kell haszn\u00e1lni a vonatkoz\u00f3 n\u00e9vm\u00e1s el\u0151tt. Ez f\u0151k\u00e9nt akkor fordul el\u0151, ha a f\u0151mondat ig\u00e9nye el\u00f6lj\u00e1r\u00f3sz\u00f3t k\u00edv\u00e1n.<\/p>\n<ul>\n<li>La persona <strong>a quien<\/strong> llam\u00e9 no contest\u00f3. <em>(Az a szem\u00e9ly, akit h\u00edvtam, nem v\u00e1laszolt.)<\/em><\/li>\n<li>El libro <strong>en el que<\/strong> estoy pensando es interesante. <em>(A k\u00f6nyv, amelyre gondolok, \u00e9rdekes.)<\/em><\/li>\n<\/ul>\n<h3>K\u00f6t\u0151sz\u00f3k\u00e9nt vagy n\u00e9vm\u00e1sk\u00e9nt?<\/h3>\n<p>Fontos k\u00fcl\u00f6nbs\u00e9get tenni a vonatkoz\u00f3 n\u00e9vm\u00e1sok \u00e9s m\u00e1s k\u00f6t\u0151szavak k\u00f6z\u00f6tt. A pronombres relativos mindig visszautal egy m\u00e1r eml\u00edtett f\u0151n\u00e9vre vagy n\u00e9vm\u00e1sra.<\/p>\n<ul>\n<li>Quiero el libro <strong>que<\/strong> me diste. <em>(Azt a k\u00f6nyvet akarom, amit adt\u00e1l nekem.)<\/em><\/li>\n<li>Quiero que vengas. <em>(Azt akarom, hogy j\u00f6jj.) \u2013 Itt a &#8222;que&#8221; k\u00f6t\u0151sz\u00f3, nem vonatkoz\u00f3 n\u00e9vm\u00e1s.<\/em><\/li>\n<\/ul>\n<h3>Vonatkoz\u00f3 mell\u00e9kmondatok t\u00edpusai<\/h3>\n<p>A spanyolban k\u00e9t f\u0151 t\u00edpust k\u00fcl\u00f6nb\u00f6ztet\u00fcnk meg:<\/p>\n<ul>\n<li><strong>Hat\u00e1roz\u00f3 mell\u00e9kmondat (especificativa):<\/strong> Sz\u00fcks\u00e9ges a mondat \u00e9rtelm\u00e9hez. Nem v\u00e1lasztjuk el vessz\u0151vel.\n<ul>\n<li>Los estudiantes <strong>que<\/strong> aprobaron el examen est\u00e1n felices. <em>(Azok a di\u00e1kok, akik \u00e1tmentek a vizsg\u00e1n, boldogok.)<\/em><\/li>\n<\/ul>\n<\/li>\n<li><strong>Magyar\u00e1z\u00f3 mell\u00e9kmondat (explicativa):<\/strong> Kieg\u00e9sz\u00edt\u0151 inform\u00e1ci\u00f3t ad. Vessz\u0151vel v\u00e1lasztjuk el.\n<ul>\n<li>Mi hermana, <strong>que<\/strong> vive en Barcelona, es m\u00e9dica. <em>(A h\u00fagom, aki Barcelon\u00e1ban \u00e9l, orvos.)<\/em><\/li>\n<\/ul>\n<\/li>\n<\/ul>\n<h2>Gyakori hib\u00e1k \u00e9s tippek a pronombres relativos haszn\u00e1lat\u00e1hoz<\/h2>\n<h3>Gyakori hib\u00e1k<\/h3>\n<ul>\n<li><strong>Rosszul egyeztetett n\u00e9vm\u00e1s:<\/strong> Mindig egyeztesd a n\u00e9vm\u00e1st a f\u0151n\u00e9vvel, amire utal.<\/li>\n<li><strong>El\u00f6lj\u00e1r\u00f3sz\u00f3 hi\u00e1nya:<\/strong> Ha a mondat szerkezete megk\u00f6veteli, ne hagyd el az el\u00f6lj\u00e1r\u00f3sz\u00f3t.<\/li>\n<li><strong>Quien helytelen haszn\u00e1lata t\u00e1rgyakra:<\/strong> A &#8222;quien&#8221; csak szem\u00e9lyekre vonatkozhat.<\/li>\n<li><strong>Que helytelen alkalmaz\u00e1sa el\u00f6lj\u00e1r\u00f3sz\u00f3 ut\u00e1n:<\/strong> El\u00f6lj\u00e1r\u00f3sz\u00f3k ut\u00e1n \u00e1ltal\u00e1ban &#8222;el que&#8221;, &#8222;la que&#8221; vagy &#8222;quien&#8221; haszn\u00e1lata a helyes.<\/li>\n<\/ul>\n<h3>Tippek a helyes haszn\u00e1lathoz<\/h3>\n<ul>\n<li>Olvass min\u00e9l t\u00f6bb spanyol sz\u00f6veget, hogy l\u00e1sd a n\u00e9vm\u00e1sokat kontextusban.<\/li>\n<li>Gyakorolj p\u00e9ldamondatokkal, ak\u00e1r Talkpal seg\u00edts\u00e9g\u00e9vel is.<\/li>\n<li>Figyeld meg, mikor kell vessz\u0151t haszn\u00e1lni \u2013 ez seg\u00edt a mell\u00e9kmondat t\u00edpus\u00e1nak felismer\u00e9s\u00e9ben.<\/li>\n<li>Ism\u00e9teld \u00e1t rendszeresen a szab\u00e1lyokat, \u00e9s k\u00e9rj visszajelz\u00e9st anyanyelvi besz\u00e9l\u0151kt\u0151l.<\/li>\n<\/ul>\n<h2>Mi\u00e9rt fontosak a pronombres relativos a spanyolban?<\/h2>\n<p>A vonatkoz\u00f3 n\u00e9vm\u00e1sok lehet\u0151v\u00e9 teszik, hogy \u00f6sszetettebb, gazdagabb mondatokat alkossunk, \u00e9s elker\u00fclj\u00fck a f\u00f6l\u00f6sleges sz\u00f3ism\u00e9tl\u00e9seket. Ezen k\u00edv\u00fcl seg\u00edtenek pontosabban kifejezni a viszonyokat, p\u00e9ld\u00e1ul birtokl\u00e1st, helyet, id\u0151t vagy m\u00f3dot.<\/p>\n<ul>\n<li><strong>Folyamatos, g\u00f6rd\u00fcl\u00e9keny besz\u00e9d:<\/strong> A pronombres relativos \u00f6sszek\u00f6tik a mondatokat, g\u00f6rd\u00fcl\u00e9kenyebb\u00e9 teszik a besz\u00e9det.<\/li>\n<li><strong>Pontosabb jelent\u00e9s:<\/strong> Seg\u00edtenek meghat\u00e1rozni, pontosan mir\u0151l vagy kir\u0151l van sz\u00f3.<\/li>\n<li><strong>El\u0151felt\u00e9tel a halad\u00f3bb nyelvtani szerkezetekhez:<\/strong> A bonyolultabb sz\u00f6vegekben elengedhetetlenek.<\/li>\n<\/ul>\n<h2>Hogyan tanulhatod meg hat\u00e9konyan a pronombres relativos haszn\u00e1lat\u00e1t?<\/h2>\n<h3>1. Interakt\u00edv gyakorl\u00e1s Talkpal seg\u00edts\u00e9g\u00e9vel<\/h3>\n<p>A <strong>Talkpal<\/strong> egy modern, AI-alap\u00fa nyelvtanul\u00f3 platform, amely lehet\u0151s\u00e9get ny\u00fajt val\u00f3s idej\u0171 gyakorl\u00e1sra, p\u00e9ldamondatok elemz\u00e9s\u00e9re \u00e9s visszacsatol\u00e1sra. K\u00fcl\u00f6nb\u00f6z\u0151 szinteken k\u00edn\u00e1l gyakorlatokat a pronombres relativos helyes alkalmaz\u00e1s\u00e1ra.<\/p>\n<h3>2. Olvas\u00e1si \u00e9s hallgat\u00e1si feladatok<\/h3>\n<p>Min\u00e9l t\u00f6bbet olvasol \u00e9s hallgatsz spanyol sz\u00f6vegeket, ann\u00e1l term\u00e9szetesebb\u00e9 v\u00e1lik sz\u00e1modra a vonatkoz\u00f3 n\u00e9vm\u00e1sok felismer\u00e9se \u00e9s haszn\u00e1lata.<\/p>\n<h3>3. \u00cdr\u00e1sos gyakorlatok<\/h3>\n<p>\u00cdrj saj\u00e1t mondatokat, majd ellen\u0151riztesd anyanyelvi besz\u00e9l\u0151kkel vagy tan\u00e1roddal. Ez seg\u00edt meger\u0151s\u00edteni a szab\u00e1lyokat \u00e9s jav\u00edtani a hib\u00e1kat.<\/p>\n<h3>4. Nyelvtani \u00f6sszefoglal\u00f3k, t\u00e1bl\u00e1zatok<\/h3>\n<p>K\u00e9sz\u00edts saj\u00e1t jegyzeteket vagy haszn\u00e1lj online \u00f6sszefoglal\u00f3kat, amelyek rendszerezik a n\u00e9vm\u00e1sok helyes haszn\u00e1lat\u00e1t.<\/p>\n<h3>5. Hib\u00e1k kijav\u00edt\u00e1sa \u00e9s elemz\u00e9se<\/h3>\n<p>Jegyezd fel a gyakori hib\u00e1idat, \u00e9s elemezd, hogyan tudn\u00e1d elker\u00fclni \u0151ket a j\u00f6v\u0151ben.<\/p>\n<h2>\u00d6sszefoglal\u00e1s<\/h2>\n<p>A spanyol vonatkoz\u00f3 n\u00e9vm\u00e1sok (pronombres relativos) ismerete \u00e9s helyes haszn\u00e1lata elengedhetetlen a magabiztos, g\u00f6rd\u00fcl\u00e9keny spanyol nyelvi kommunik\u00e1ci\u00f3hoz. Ezek a n\u00e9vm\u00e1sok \u00f6sszek\u00f6tik a mondatokat, pontosabb\u00e1 \u00e9s \u00e1rnyaltabb\u00e1 teszik a kifejez\u00e9seket. A leggyakoribbak a que, quien, el que, el cual, cuyo, donde, cuando \u00e9s <a href=\"https:\/\/talkpal.ai\/locations\/language-courses-in-como\/\">como<\/a>, melyek mindegyike saj\u00e1tos szab\u00e1lyokat k\u00f6vet. A hat\u00e9kony tanul\u00e1shoz \u00e9rdemes naponta gyakorolni, p\u00e9ld\u00e1ul a Talkpal interakt\u00edv fel\u00fclete seg\u00edts\u00e9g\u00e9vel, valamint min\u00e9l t\u00f6bb spanyol sz\u00f6veget olvasni \u00e9s hallgatni. Ne feledd: a rendszeres gyakorl\u00e1s, a hib\u00e1k kijav\u00edt\u00e1sa \u00e9s a szab\u00e1lyok tudatos alkalmaz\u00e1sa vezet a sikerhez a pronombres relativos mesteri haszn\u00e1lat\u00e1ban!<\/p>\n","protected":false},"featured_media":1527836,"template":"","language":[12247,12229],"class_list":["post-1078893","grammar","type-grammar","status-publish","has-post-thumbnail","hentry","language-nevmasok-spanyol-nyelvtan","language-spanyol"],"acf":[],"yoast_head":"<!-- This site is optimized with the Yoast SEO Premium plugin v27.2 (Yoast SEO v27.2) - https:\/\/yoast.com\/product\/yoast-seo-premium-wordpress\/ -->\n<title>Pronombres relativos a spanyol nyelvtanban - Talkpal<\/title>\n<meta name=\"description\" content=\"A spanyol nyelvtan egyik alapvet\u0151, de gyakran kih\u00edv\u00e1st jelent\u0151 ter\u00fclete a vonatkoz\u00f3 n\u00e9vm\u00e1sok, azaz a pronombres relativos haszn\u00e1lata. Ezek a szavak\" \/>\n<meta name=\"robots\" content=\"index, follow, max-snippet:-1, max-image-preview:large, max-video-preview:-1\" \/>\n<link rel=\"canonical\" href=\"https:\/\/talkpal.ai\/hu\/grammar\/pronombres-relativos-a-spanyol-nyelvtanban\/\" \/>\n<meta property=\"og:locale\" content=\"hu_HU\" \/>\n<meta property=\"og:type\" content=\"article\" \/>\n<meta property=\"og:title\" content=\"Pronombres relativos a spanyol nyelvtanban\" \/>\n<meta property=\"og:description\" content=\"A spanyol nyelvtan egyik alapvet\u0151, de gyakran kih\u00edv\u00e1st jelent\u0151 ter\u00fclete a vonatkoz\u00f3 n\u00e9vm\u00e1sok, azaz a pronombres relativos haszn\u00e1lata. Ezek a szavak\" \/>\n<meta property=\"og:url\" content=\"https:\/\/talkpal.ai\/hu\/grammar\/pronombres-relativos-a-spanyol-nyelvtanban\/\" \/>\n<meta property=\"og:site_name\" content=\"Talkpal\" \/>\n<meta property=\"article:publisher\" content=\"https:\/\/www.facebook.com\/profile.php?id=100090733639311\" \/>\n<meta property=\"og:image\" content=\"https:\/\/talkpal.ai\/wp-content\/uploads\/2025\/02\/Progress-tab-16_9.png\" \/>\n\t<meta property=\"og:image:width\" content=\"2880\" \/>\n\t<meta property=\"og:image:height\" content=\"1620\" \/>\n\t<meta property=\"og:image:type\" content=\"image\/png\" \/>\n<meta name=\"twitter:card\" content=\"summary_large_image\" \/>\n<meta name=\"twitter:site\" content=\"@talkpalai\" \/>\n<meta name=\"twitter:label1\" content=\"Becs\u00fclt olvas\u00e1si id\u0151\" \/>\n\t<meta name=\"twitter:data1\" content=\"8 perc\" \/>\n<script type=\"application\/ld+json\" class=\"yoast-schema-graph\">{\"@context\":\"https:\/\/schema.org\",\"@graph\":[{\"@type\":\"WebPage\",\"@id\":\"https:\/\/talkpal.ai\/hu\/grammar\/pronombres-relativos-a-spanyol-nyelvtanban\/\",\"url\":\"https:\/\/talkpal.ai\/hu\/grammar\/pronombres-relativos-a-spanyol-nyelvtanban\/\",\"name\":\"Pronombres relativos a spanyol nyelvtanban - Talkpal\",\"isPartOf\":{\"@id\":\"https:\/\/talkpal.ai\/hu\/#website\"},\"primaryImageOfPage\":{\"@id\":\"https:\/\/talkpal.ai\/hu\/grammar\/pronombres-relativos-a-spanyol-nyelvtanban\/#primaryimage\"},\"image\":{\"@id\":\"https:\/\/talkpal.ai\/hu\/grammar\/pronombres-relativos-a-spanyol-nyelvtanban\/#primaryimage\"},\"thumbnailUrl\":\"https:\/\/talkpal.ai\/wp-content\/uploads\/2025\/12\/people-eat-pastries-learning-languages.webp\",\"datePublished\":\"2025-07-01T22:03:56+00:00\",\"description\":\"A spanyol nyelvtan egyik alapvet\u0151, de gyakran kih\u00edv\u00e1st jelent\u0151 ter\u00fclete a vonatkoz\u00f3 n\u00e9vm\u00e1sok, azaz a pronombres relativos haszn\u00e1lata. Ezek a szavak\",\"breadcrumb\":{\"@id\":\"https:\/\/talkpal.ai\/hu\/grammar\/pronombres-relativos-a-spanyol-nyelvtanban\/#breadcrumb\"},\"inLanguage\":\"hu\",\"potentialAction\":[{\"@type\":\"ReadAction\",\"target\":[\"https:\/\/talkpal.ai\/hu\/grammar\/pronombres-relativos-a-spanyol-nyelvtanban\/\"]}]},{\"@type\":\"ImageObject\",\"inLanguage\":\"hu\",\"@id\":\"https:\/\/talkpal.ai\/hu\/grammar\/pronombres-relativos-a-spanyol-nyelvtanban\/#primaryimage\",\"url\":\"https:\/\/talkpal.ai\/wp-content\/uploads\/2025\/12\/people-eat-pastries-learning-languages.webp\",\"contentUrl\":\"https:\/\/talkpal.ai\/wp-content\/uploads\/2025\/12\/people-eat-pastries-learning-languages.webp\",\"width\":1200,\"height\":896,\"caption\":\"Students sit at a caf\u00e9 table with coffee and pastries while focused on learning languages during the day.\"},{\"@type\":\"BreadcrumbList\",\"@id\":\"https:\/\/talkpal.ai\/hu\/grammar\/pronombres-relativos-a-spanyol-nyelvtanban\/#breadcrumb\",\"itemListElement\":[{\"@type\":\"ListItem\",\"position\":1,\"name\":\"Homepage\",\"item\":\"https:\/\/talkpal.ai\/hu\/\"},{\"@type\":\"ListItem\",\"position\":2,\"name\":\"Pronombres relativos a spanyol nyelvtanban\"}]},{\"@type\":\"WebSite\",\"@id\":\"https:\/\/talkpal.ai\/hu\/#website\",\"url\":\"https:\/\/talkpal.ai\/hu\/\",\"name\":\"Talkpal\",\"description\":\"AI Language Learning\",\"publisher\":{\"@id\":\"https:\/\/talkpal.ai\/hu\/#organization\"},\"alternateName\":\"Talkpal AI\",\"potentialAction\":[{\"@type\":\"SearchAction\",\"target\":{\"@type\":\"EntryPoint\",\"urlTemplate\":\"https:\/\/talkpal.ai\/hu\/?s={search_term_string}\"},\"query-input\":{\"@type\":\"PropertyValueSpecification\",\"valueRequired\":true,\"valueName\":\"search_term_string\"}}],\"inLanguage\":\"hu\"},{\"@type\":\"Organization\",\"@id\":\"https:\/\/talkpal.ai\/hu\/#organization\",\"name\":\"Talkpal, Inc.\",\"alternateName\":\"Talkpal AI\",\"url\":\"https:\/\/talkpal.ai\/hu\/\",\"logo\":{\"@type\":\"ImageObject\",\"inLanguage\":\"hu\",\"@id\":\"https:\/\/talkpal.ai\/hu\/#\/schema\/logo\/image\/\",\"url\":\"https:\/\/talkpal.ai\/wp-content\/uploads\/2024\/03\/Talkpal-Logo-Icon.png\",\"contentUrl\":\"https:\/\/talkpal.ai\/wp-content\/uploads\/2024\/03\/Talkpal-Logo-Icon.png\",\"width\":2880,\"height\":2880,\"caption\":\"Talkpal, Inc.\"},\"image\":{\"@id\":\"https:\/\/talkpal.ai\/hu\/#\/schema\/logo\/image\/\"},\"sameAs\":[\"https:\/\/www.facebook.com\/profile.php?id=100090733639311\",\"https:\/\/x.com\/talkpalai\",\"https:\/\/www.linkedin.com\/company\/talkpal\/\",\"https:\/\/www.youtube.com\/@TalkPal\/\",\"https:\/\/www.tiktok.com\/@talkpal\",\"https:\/\/www.instagram.com\/talkpal_ai\/\",\"https:\/\/www.crunchbase.com\/organization\/talkpal-9cde\",\"https:\/\/www.g2.com\/products\/talkpal-for-business\/\",\"https:\/\/www.trustpilot.com\/review\/talkpal.ai\",\"https:\/\/www.capterra.com\/p\/10006800\/TalkPal\/\"],\"description\":\"Talkpal is a language learning web and mobile education app, powered by the latest AI technologies, that provides engaging experiences to its customers in many different languages to help them improve their language skills. Users can chat about unlimited amount of topics with the app and use other modes to practice their language learning.\",\"email\":\"support@talkpal.ai\",\"legalName\":\"Talkpal, Inc.\",\"foundingDate\":\"2023-04-03\",\"duns\":\"118989042\",\"numberOfEmployees\":{\"@type\":\"QuantitativeValue\",\"minValue\":\"11\",\"maxValue\":\"50\"},\"publishingPrinciples\":\"https:\/\/talkpal.ai\/publishing-principles\/\",\"actionableFeedbackPolicy\":\"https:\/\/talkpal.ai\/actionable-feedback-policy\/\",\"correctionsPolicy\":\"https:\/\/talkpal.ai\/corrections-policy\/\",\"ethicsPolicy\":\"https:\/\/talkpal.ai\/ethics-policy\/\",\"diversityPolicy\":\"https:\/\/talkpal.ai\/diversity-policy\/\",\"diversityStaffingReport\":\"https:\/\/talkpal.ai\/diversity-policy\/\"}]}<\/script>\n<!-- \/ Yoast SEO Premium plugin. -->","yoast_head_json":{"title":"Pronombres relativos a spanyol nyelvtanban - Talkpal","description":"A spanyol nyelvtan egyik alapvet\u0151, de gyakran kih\u00edv\u00e1st jelent\u0151 ter\u00fclete a vonatkoz\u00f3 n\u00e9vm\u00e1sok, azaz a pronombres relativos haszn\u00e1lata. Ezek a szavak","robots":{"index":"index","follow":"follow","max-snippet":"max-snippet:-1","max-image-preview":"max-image-preview:large","max-video-preview":"max-video-preview:-1"},"canonical":"https:\/\/talkpal.ai\/hu\/grammar\/pronombres-relativos-a-spanyol-nyelvtanban\/","og_locale":"hu_HU","og_type":"article","og_title":"Pronombres relativos a spanyol nyelvtanban","og_description":"A spanyol nyelvtan egyik alapvet\u0151, de gyakran kih\u00edv\u00e1st jelent\u0151 ter\u00fclete a vonatkoz\u00f3 n\u00e9vm\u00e1sok, azaz a pronombres relativos haszn\u00e1lata. Ezek a szavak","og_url":"https:\/\/talkpal.ai\/hu\/grammar\/pronombres-relativos-a-spanyol-nyelvtanban\/","og_site_name":"Talkpal","article_publisher":"https:\/\/www.facebook.com\/profile.php?id=100090733639311","og_image":[{"width":2880,"height":1620,"url":"https:\/\/talkpal.ai\/wp-content\/uploads\/2025\/02\/Progress-tab-16_9.png","type":"image\/png"}],"twitter_card":"summary_large_image","twitter_site":"@talkpalai","twitter_misc":{"Becs\u00fclt olvas\u00e1si id\u0151":"8 perc"},"schema":{"@context":"https:\/\/schema.org","@graph":[{"@type":"WebPage","@id":"https:\/\/talkpal.ai\/hu\/grammar\/pronombres-relativos-a-spanyol-nyelvtanban\/","url":"https:\/\/talkpal.ai\/hu\/grammar\/pronombres-relativos-a-spanyol-nyelvtanban\/","name":"Pronombres relativos a spanyol nyelvtanban - Talkpal","isPartOf":{"@id":"https:\/\/talkpal.ai\/hu\/#website"},"primaryImageOfPage":{"@id":"https:\/\/talkpal.ai\/hu\/grammar\/pronombres-relativos-a-spanyol-nyelvtanban\/#primaryimage"},"image":{"@id":"https:\/\/talkpal.ai\/hu\/grammar\/pronombres-relativos-a-spanyol-nyelvtanban\/#primaryimage"},"thumbnailUrl":"https:\/\/talkpal.ai\/wp-content\/uploads\/2025\/12\/people-eat-pastries-learning-languages.webp","datePublished":"2025-07-01T22:03:56+00:00","description":"A spanyol nyelvtan egyik alapvet\u0151, de gyakran kih\u00edv\u00e1st jelent\u0151 ter\u00fclete a vonatkoz\u00f3 n\u00e9vm\u00e1sok, azaz a pronombres relativos haszn\u00e1lata. Ezek a szavak","breadcrumb":{"@id":"https:\/\/talkpal.ai\/hu\/grammar\/pronombres-relativos-a-spanyol-nyelvtanban\/#breadcrumb"},"inLanguage":"hu","potentialAction":[{"@type":"ReadAction","target":["https:\/\/talkpal.ai\/hu\/grammar\/pronombres-relativos-a-spanyol-nyelvtanban\/"]}]},{"@type":"ImageObject","inLanguage":"hu","@id":"https:\/\/talkpal.ai\/hu\/grammar\/pronombres-relativos-a-spanyol-nyelvtanban\/#primaryimage","url":"https:\/\/talkpal.ai\/wp-content\/uploads\/2025\/12\/people-eat-pastries-learning-languages.webp","contentUrl":"https:\/\/talkpal.ai\/wp-content\/uploads\/2025\/12\/people-eat-pastries-learning-languages.webp","width":1200,"height":896,"caption":"Students sit at a caf\u00e9 table with coffee and pastries while focused on learning languages during the day."},{"@type":"BreadcrumbList","@id":"https:\/\/talkpal.ai\/hu\/grammar\/pronombres-relativos-a-spanyol-nyelvtanban\/#breadcrumb","itemListElement":[{"@type":"ListItem","position":1,"name":"Homepage","item":"https:\/\/talkpal.ai\/hu\/"},{"@type":"ListItem","position":2,"name":"Pronombres relativos a spanyol nyelvtanban"}]},{"@type":"WebSite","@id":"https:\/\/talkpal.ai\/hu\/#website","url":"https:\/\/talkpal.ai\/hu\/","name":"Talkpal","description":"AI Language Learning","publisher":{"@id":"https:\/\/talkpal.ai\/hu\/#organization"},"alternateName":"Talkpal AI","potentialAction":[{"@type":"SearchAction","target":{"@type":"EntryPoint","urlTemplate":"https:\/\/talkpal.ai\/hu\/?s={search_term_string}"},"query-input":{"@type":"PropertyValueSpecification","valueRequired":true,"valueName":"search_term_string"}}],"inLanguage":"hu"},{"@type":"Organization","@id":"https:\/\/talkpal.ai\/hu\/#organization","name":"Talkpal, Inc.","alternateName":"Talkpal AI","url":"https:\/\/talkpal.ai\/hu\/","logo":{"@type":"ImageObject","inLanguage":"hu","@id":"https:\/\/talkpal.ai\/hu\/#\/schema\/logo\/image\/","url":"https:\/\/talkpal.ai\/wp-content\/uploads\/2024\/03\/Talkpal-Logo-Icon.png","contentUrl":"https:\/\/talkpal.ai\/wp-content\/uploads\/2024\/03\/Talkpal-Logo-Icon.png","width":2880,"height":2880,"caption":"Talkpal, Inc."},"image":{"@id":"https:\/\/talkpal.ai\/hu\/#\/schema\/logo\/image\/"},"sameAs":["https:\/\/www.facebook.com\/profile.php?id=100090733639311","https:\/\/x.com\/talkpalai","https:\/\/www.linkedin.com\/company\/talkpal\/","https:\/\/www.youtube.com\/@TalkPal\/","https:\/\/www.tiktok.com\/@talkpal","https:\/\/www.instagram.com\/talkpal_ai\/","https:\/\/www.crunchbase.com\/organization\/talkpal-9cde","https:\/\/www.g2.com\/products\/talkpal-for-business\/","https:\/\/www.trustpilot.com\/review\/talkpal.ai","https:\/\/www.capterra.com\/p\/10006800\/TalkPal\/"],"description":"Talkpal is a language learning web and mobile education app, powered by the latest AI technologies, that provides engaging experiences to its customers in many different languages to help them improve their language skills. Users can chat about unlimited amount of topics with the app and use other modes to practice their language learning.","email":"support@talkpal.ai","legalName":"Talkpal, Inc.","foundingDate":"2023-04-03","duns":"118989042","numberOfEmployees":{"@type":"QuantitativeValue","minValue":"11","maxValue":"50"},"publishingPrinciples":"https:\/\/talkpal.ai\/publishing-principles\/","actionableFeedbackPolicy":"https:\/\/talkpal.ai\/actionable-feedback-policy\/","correctionsPolicy":"https:\/\/talkpal.ai\/corrections-policy\/","ethicsPolicy":"https:\/\/talkpal.ai\/ethics-policy\/","diversityPolicy":"https:\/\/talkpal.ai\/diversity-policy\/","diversityStaffingReport":"https:\/\/talkpal.ai\/diversity-policy\/"}]}},"_links":{"self":[{"href":"https:\/\/talkpal.ai\/hu\/wp-json\/wp\/v2\/grammar\/1078893","targetHints":{"allow":["GET"]}}],"collection":[{"href":"https:\/\/talkpal.ai\/hu\/wp-json\/wp\/v2\/grammar"}],"about":[{"href":"https:\/\/talkpal.ai\/hu\/wp-json\/wp\/v2\/types\/grammar"}],"wp:featuredmedia":[{"embeddable":true,"href":"https:\/\/talkpal.ai\/hu\/wp-json\/wp\/v2\/media\/1527836"}],"wp:attachment":[{"href":"https:\/\/talkpal.ai\/hu\/wp-json\/wp\/v2\/media?parent=1078893"}],"wp:term":[{"taxonomy":"language","embeddable":true,"href":"https:\/\/talkpal.ai\/hu\/wp-json\/wp\/v2\/language?post=1078893"}],"curies":[{"name":"wp","href":"https:\/\/api.w.org\/{rel}","templated":true}]}}