{"id":1078886,"date":"2025-07-01T22:03:36","date_gmt":"2025-07-01T22:03:36","guid":{"rendered":"https:\/\/talkpal.ai\/grammar\/nombres-individuales-colectivos-y-compuestos-a-spanyol-nyelvtanban\/"},"modified":"2025-07-01T22:03:36","modified_gmt":"2025-07-01T22:03:36","slug":"nombres-individuales-colectivos-y-compuestos-a-spanyol-nyelvtanban","status":"publish","type":"grammar","link":"https:\/\/talkpal.ai\/hu\/grammar\/nombres-individuales-colectivos-y-compuestos-a-spanyol-nyelvtanban\/","title":{"rendered":"Nombres individuales, colectivos y compuestos a spanyol nyelvtanban"},"content":{"rendered":"<p>A <a href=\"https:\/\/talkpal.ai\/learn-spanish\/\">spanyol<\/a> nyelvtanban a f\u0151nevek vil\u00e1ga rendk\u00edv\u00fcl soksz\u00edn\u0171, hiszen k\u00fcl\u00f6nb\u00f6z\u0151 t\u00edpus\u00fa f\u0151nevekkel tal\u00e1lkozhatunk: egy\u00e9ni (nombres individuales), gy\u0171jt\u0151 (nombres colectivos) \u00e9s \u00f6sszetett (nombres compuestos) f\u0151nevekkel. E h\u00e1rom kateg\u00f3ria pontos ismerete elengedhetetlen a helyes nyelvhaszn\u00e1lathoz, a sz\u00f3kincs b\u0151v\u00edt\u00e9s\u00e9hez \u00e9s a magabiztos kommunik\u00e1ci\u00f3hoz spanyolul. Ha hat\u00e9konyan szeretn\u00e9d elsaj\u00e1t\u00edtani a <a href=\"https:\/\/talkpal.ai\/pl\/grammar\/nombres-individuales-colectivos-y-compuestos-w-gramatyce-hiszpanskiej\/\">nombres individuales, colectivos y compuestos<\/a> t\u00e9mak\u00f6r\u00e9t spanyol nyelvtanban, a <a href=\"https:\/\/talkpal.ai\/ko\/ai-%ec%96%b8%ec%96%b4-%ea%b5%90%ec%82%ac\/\">Talkpal<\/a> kiv\u00e1l\u00f3 lehet\u0151s\u00e9geket k\u00edn\u00e1l v\u00e1ltozatos gyakorl\u00e1si m\u00f3dszereivel \u00e9s szem\u00e9lyre szabott tanul\u00e1si \u00fatmutat\u00f3ival.<\/p>\n<h2>Mi az a f\u0151n\u00e9v a spanyol nyelvben?<\/h2>\n<p>A f\u0151n\u00e9v (el sustantivo) a spanyol nyelv egyik legfontosabb sz\u00f3faja, amely \u00e9l\u0151l\u00e9nyeket, t\u00e1rgyakat, fogalmakat, helyeket vagy \u00e9rz\u00e9seket jel\u00f6l. A f\u0151nevek lehetnek egyes vagy t\u00f6bbes sz\u00e1mban, valamint n\u0151nem\u0171ek (la casa) vagy h\u00edmnem\u0171ek (el libro).<\/p>\n<h3>F\u0151n\u00e9vt\u00edpusok r\u00f6vid \u00e1ttekint\u00e9se<\/h3>\n<p>A spanyol f\u0151nevek h\u00e1rom alapvet\u0151 csoportba sorolhat\u00f3k:<\/p>\n<ul>\n<li><strong>Nombres individuales<\/strong> \u2013 Egy\u00e9ni f\u0151nevek<\/li>\n<li><strong>Nombres colectivos<\/strong> \u2013 Gy\u0171jt\u0151 f\u0151nevek<\/li>\n<li><strong>Nombres compuestos<\/strong> \u2013 \u00d6sszetett f\u0151nevek<\/li>\n<\/ul>\n<p>Ezek a kateg\u00f3ri\u00e1k seg\u00edtenek pontosabban kifejezni, hogy egyetlen dologr\u00f3l, egy csoportr\u00f3l vagy \u00f6sszetett fogalomr\u00f3l van-e sz\u00f3.<\/p>\n<h2>Nombres individuales \u2013 Egy\u00e9ni f\u0151nevek<\/h2>\n<h3>Defin\u00edci\u00f3<\/h3>\n<p>Az <strong>egy\u00e9ni f\u0151nevek<\/strong> (nombres individuales) egyetlen szem\u00e9lyt, \u00e1llatot, t\u00e1rgyat vagy fogalmat jel\u00f6lnek, f\u00fcggetlen\u00fcl att\u00f3l, hogy ezek egyes vagy t\u00f6bbes sz\u00e1mban szerepelnek.<\/p>\n<h3>P\u00e9ld\u00e1k az egy\u00e9ni f\u0151nevekre<\/h3>\n<ul>\n<li><strong>Perro<\/strong> \u2013 kutya<\/li>\n<li><strong>\u00c1rbol<\/strong> \u2013 fa<\/li>\n<li><strong>Silla<\/strong> \u2013 sz\u00e9k<\/li>\n<li><strong>Libro<\/strong> \u2013 k\u00f6nyv<\/li>\n<li><strong>Estudiante<\/strong> \u2013 di\u00e1k<\/li>\n<\/ul>\n<h3>Jellemz\u0151k<\/h3>\n<ul>\n<li>Mindig egyetlen entit\u00e1st fejeznek ki.<\/li>\n<li>T\u00f6bbes sz\u00e1mban is haszn\u00e1lhat\u00f3k (pl. perros \u2013 kuty\u00e1k).<\/li>\n<li>Nem utalnak csoportra vagy gy\u0171jtem\u00e9nyre, hanem csak egy adott dologra.<\/li>\n<\/ul>\n<h3>Gyakorlati tippek az egy\u00e9ni f\u0151nevek felismer\u00e9s\u00e9hez<\/h3>\n<ul>\n<li>K\u00e9rdezd meg magadt\u00f3l: Egyetlen dologr\u00f3l <a href=\"https:\/\/talkpal.ai\/locations\/language-courses-in-van\/\">van<\/a> sz\u00f3, vagy egy csoportr\u00f3l?<\/li>\n<li>Egy\u00e9ni f\u0151n\u00e9v eset\u00e9n a jelent\u00e9s konkr\u00e9t \u00e9s egyed\u00fcl\u00e1ll\u00f3.<\/li>\n<li>P\u00e9ld\u00e1k mondatokban:\n<ul>\n<li>El <strong>ni\u00f1o<\/strong> juega en el parque. (A fi\u00fa j\u00e1tszik a parkban.)<\/li>\n<li>Compr\u00e9 una <strong>manzana<\/strong>. (Vettem egy alm\u00e1t.)<\/li>\n<\/ul>\n<\/li>\n<\/ul>\n<h2>Nombres colectivos \u2013 Gy\u0171jt\u0151 f\u0151nevek<\/h2>\n<h3>Mit jelent a gy\u0171jt\u0151 f\u0151n\u00e9v?<\/h3>\n<p>A <strong>gy\u0171jt\u0151 f\u0151nevek<\/strong> (nombres colectivos) egyetlen sz\u00f3val egy csoportot, halmazt vagy gy\u0171jtem\u00e9nyt jel\u00f6lnek, amely t\u00f6bb egy\u00e9ni entit\u00e1sb\u00f3l \u00e1ll.<\/p>\n<h3>P\u00e9ld\u00e1k gy\u0171jt\u0151 f\u0151nevekre<\/h3>\n<ul>\n<li><strong>Manada<\/strong> \u2013 csorda, falka (\u00e1llatok csoportja)<\/li>\n<li><strong>Ej\u00e9rcito<\/strong> \u2013 hadsereg (katon\u00e1k csoportja)<\/li>\n<li><strong>Orquesta<\/strong> \u2013 zenekar (zen\u00e9szek csoportja)<\/li>\n<li><strong>Ramillete<\/strong> \u2013 csokor (vir\u00e1gok csoportja)<\/li>\n<li><strong>Alumnado<\/strong> \u2013 di\u00e1ks\u00e1g (<a href=\"https:\/\/talkpal.ai\/talkpal-discount-for-students\/\">di\u00e1kok<\/a> csoportja)<\/li>\n<\/ul>\n<h3>Jellemz\u0151k<\/h3>\n<ul>\n<li>Egyetlen sz\u00f3val t\u00f6bb egy\u00e9ni tagot jel\u00f6lnek, de a f\u0151n\u00e9v maga egyes sz\u00e1mban \u00e1ll.<\/li>\n<li>A jelent\u00e9s mindig csoportosul\u00e1sra, \u00f6sszess\u00e9gre utal.<\/li>\n<li>Lehet\u0151s\u00e9g van t\u00f6bbes sz\u00e1mba is tenni a gy\u0171jt\u0151 f\u0151neveket (pl. manadas \u2013 falk\u00e1k), de jelent\u00e9s\u00fck tov\u00e1bbra is csoportos marad.<\/li>\n<\/ul>\n<h3>Hogyan k\u00fcl\u00f6nb\u00f6ztess\u00fck meg az egy\u00e9ni \u00e9s a gy\u0171jt\u0151 f\u0151neveket?<\/h3>\n<ul>\n<li>Az egy\u00e9ni f\u0151nevek konkr\u00e9t dolgot, szem\u00e9lyt vagy \u00e1llatot jel\u00f6lnek, m\u00edg a gy\u0171jt\u0151 f\u0151nevek csoportot vagy halmazt.<\/li>\n<li>P\u00e9lda: <strong>\u00c1rbol<\/strong> (fa \u2013 egy\u00e9n) vs. <strong>arboleda<\/strong> (liget \u2013 f\u00e1k gy\u0171jtem\u00e9nye, gy\u0171jt\u0151 f\u0151n\u00e9v).<\/li>\n<li>P\u00e9lda: <strong>Pez<\/strong> (hal \u2013 egy darab) vs. <strong>cardumen<\/strong> (raj \u2013 halak csoportja).<\/li>\n<\/ul>\n<h3>Gyakorlati mondatok gy\u0171jt\u0151 f\u0151nevekkel<\/h3>\n<ul>\n<li>La <strong>manada<\/strong> de <a href=\"https:\/\/talkpal.ai\/locations\/language-courses-in-lobos\/\">lobos<\/a> cruz\u00f3 el r\u00edo. (A farkasok falk\u00e1ja \u00e1tkelt a foly\u00f3n.)<\/li>\n<li>El <strong>ej\u00e9rcito<\/strong> march\u00f3 durante la noche. (A hadsereg \u00e9jszaka vonult.)<\/li>\n<\/ul>\n<h2>Nombres compuestos \u2013 \u00d6sszetett f\u0151nevek<\/h2>\n<h3>Mit nevez\u00fcnk \u00f6sszetett f\u0151n\u00e9vnek?<\/h3>\n<p>Az <strong>\u00f6sszetett f\u0151nevek<\/strong> (nombres compuestos) k\u00e9t vagy t\u00f6bb sz\u00f3 \u2013 \u00e1ltal\u00e1ban f\u0151nevek, mell\u00e9knevek vagy ig\u00e9k \u2013 \u00f6sszekapcsol\u00e1s\u00e1b\u00f3l keletkeznek, \u00faj jelent\u00e9st alkotva.<\/p>\n<h3>A spanyol \u00f6sszetett f\u0151nevek szerkezete<\/h3>\n<p>A spanyolban az \u00f6sszetett f\u0151nevek leggyakrabban a k\u00f6vetkez\u0151k\u00e9ppen \u00e9p\u00fclnek fel:<\/p>\n<ul>\n<li>Ige + f\u0151n\u00e9v (pl. <strong>paraguas<\/strong> \u2013 eserny\u0151, literalmente: para (meg\u00e1ll\u00edt) + aguas (vizek))<\/li>\n<li>F\u0151n\u00e9v + f\u0151n\u00e9v (pl. <strong>abrebotellas<\/strong> \u2013 s\u00f6rnyit\u00f3, literalmente: abre (kinyit) + botellas (\u00fcvegek))<\/li>\n<li>Ige + ige (ritk\u00e1bb, de el\u0151fordulhat)<\/li>\n<\/ul>\n<h3>P\u00e9ld\u00e1k \u00f6sszetett f\u0151nevekre<\/h3>\n<ul>\n<li><strong>Parabrisas<\/strong> \u2013 sz\u00e9lv\u00e9d\u0151 (para (v\u00e9d) + brisas (szell\u0151k))<\/li>\n<li><strong>Salvavidas<\/strong> \u2013 ment\u0151\u00f6v (salva (ment) + vidas (\u00e9letek))<\/li>\n<li><strong>Sacapuntas<\/strong> \u2013 ceruzahegyez\u0151 (saca (kivesz) + puntas (hegyek))<\/li>\n<li><strong>Portafolio<\/strong> \u2013 aktat\u00e1ska (porta (hord) + folio (lap))<\/li>\n<li><strong>Rascacielos<\/strong> \u2013 felh\u0151karcol\u00f3 (rasca (karcol) + cielos (\u00e9gboltok))<\/li>\n<\/ul>\n<h3>Jellemz\u0151k<\/h3>\n<ul>\n<li>Az \u00f6sszetett f\u0151nevek jelent\u00e9se gyakran elt\u00e9r az \u0151ket alkot\u00f3 szavak \u00f6n\u00e1ll\u00f3 jelent\u00e9s\u00e9t\u0151l.<\/li>\n<li>T\u00f6bbnyire egyetlen sz\u00f3ban \u00edrjuk \u0151ket.<\/li>\n<li>\u00c1ltal\u00e1ban csak a m\u00e1sodik tag ker\u00fcl t\u00f6bbes sz\u00e1mba (pl. <strong>paraguas<\/strong> \u2013 mindig t\u00f6bbes sz\u00e1m\u00fa alakot haszn\u00e1lunk, m\u00e9gis egyes sz\u00e1m\u00fa jelent\u00e9ssel b\u00edr).<\/li>\n<\/ul>\n<h3>Tippek az \u00f6sszetett f\u0151nevek tanul\u00e1s\u00e1hoz<\/h3>\n<ul>\n<li>Keresd a mindennapokban gyakran haszn\u00e1lt \u00f6sszetett f\u0151neveket, hogy b\u0151v\u00edtsd sz\u00f3kincsed.<\/li>\n<li>Figyeld meg, hogyan v\u00e1ltozik az \u00f6sszetett f\u0151nevek jelent\u00e9se az alkot\u00f3elemekhez k\u00e9pest.<\/li>\n<li>Gyakorolj mondatokban:\n<ul>\n<li>Necesito un <strong>sacapuntas<\/strong> para mi l\u00e1piz. (Sz\u00fcks\u00e9gem van egy ceruzahegyez\u0151re.)<\/li>\n<li>El <strong>parabrisas<\/strong> est\u00e1 roto. (A sz\u00e9lv\u00e9d\u0151 t\u00f6r\u00f6tt.)<\/li>\n<\/ul>\n<\/li>\n<\/ul>\n<h2>\u00d6sszehasonl\u00edt\u00e1s: Nombres individuales, colectivos y compuestos<\/h2>\n<h3>F\u0151 k\u00fcl\u00f6nbs\u00e9gek \u00f6sszefoglalva<\/h3>\n<table border=\"1\" cellpadding=\"5\" cellspacing=\"0\">\n<tr>\n<th>Kateg\u00f3ria<\/th>\n<th>Jelent\u00e9s<\/th>\n<th>P\u00e9ld\u00e1k<\/th>\n<\/tr>\n<tr>\n<td>Egy\u00e9ni (individuales)<\/td>\n<td>Egyszeri, egyetlen dolog, szem\u00e9ly vagy \u00e1llat<\/td>\n<td>ni\u00f1o, libro, perro, casa<\/td>\n<\/tr>\n<tr>\n<td>Gy\u0171jt\u0151 (colectivos)<\/td>\n<td>Csoport, halmaz, gy\u0171jtem\u00e9ny<\/td>\n<td>manada, orquesta, ej\u00e9rcito, alumnado<\/td>\n<\/tr>\n<tr>\n<td>\u00d6sszetett (compuestos)<\/td>\n<td>K\u00e9t vagy t\u00f6bb sz\u00f3b\u00f3l \u00e1ll\u00f3 \u00faj jelent\u00e9s<\/td>\n<td>paraguas, sacapuntas, portafolio, salvavidas<\/td>\n<\/tr>\n<\/table>\n<h3>Tippek a h\u00e1rom f\u0151n\u00e9vt\u00edpus gyakorl\u00e1s\u00e1hoz<\/h3>\n<ul>\n<li>K\u00e9sz\u00edts sz\u00f3k\u00e1rty\u00e1kat mindegyik t\u00edpushoz, \u00e9s csoportos\u00edtsd \u0151ket.<\/li>\n<li>Alkoss p\u00e9ldamondatokat <a href=\"https:\/\/talkpal.ai\/locations\/language-courses-in-minden\/\">minden<\/a> kateg\u00f3ri\u00e1hoz.<\/li>\n<li>Haszn\u00e1lj digit\u00e1lis tanul\u00f3platformokat, mint p\u00e9ld\u00e1ul a Talkpal, ahol interakt\u00edv feladatok seg\u00edtik a helyes felismer\u00e9st \u00e9s alkalmaz\u00e1st.<\/li>\n<\/ul>\n<h2>Hogyan seg\u00edt a Talkpal a spanyol f\u0151nevek elsaj\u00e1t\u00edt\u00e1s\u00e1ban?<\/h2>\n<p>A Talkpal modern, szem\u00e9lyre szabott nyelvtanul\u00e1si platform, amely ide\u00e1lis v\u00e1laszt\u00e1s mindazoknak, akik szeretn\u00e9k elm\u00e9ly\u00edteni tud\u00e1sukat a spanyol f\u0151nevek, k\u00fcl\u00f6n\u00f6s tekintettel a <a href=\"https:\/\/talkpal.ai\/pl\/grammar\/nombres-individuales-colectivos-y-compuestos-w-gramatyce-hiszpanskiej\/\">nombres individuales, colectivos y compuestos<\/a> ter\u00fclet\u00e9n. N\u00e9h\u00e1ny el\u0151ny:<\/p>\n<ul>\n<li>Interakt\u00edv feladatok \u00e9s kv\u00edzek seg\u00edtenek a f\u0151n\u00e9vt\u00edpusok felismer\u00e9s\u00e9ben.<\/li>\n<li>Val\u00f3s p\u00e1rbesz\u00e9dek \u00e9s szitu\u00e1ci\u00f3s gyakorlatok teszik \u00e9l\u0151v\u00e9 a tanult sz\u00f3kincset.<\/li>\n<li>Azonnali visszacsatol\u00e1s, hogy kijav\u00edthasd a hib\u00e1kat \u00e9s meger\u0151s\u00edthesd a helyes haszn\u00e1latot.<\/li>\n<li>Szem\u00e9lyre szabott tanul\u00e1si \u00fatvonalak, amelyek a saj\u00e1t temp\u00f3dban vezetnek v\u00e9gig a f\u0151n\u00e9vt\u00edpusok elsaj\u00e1t\u00edt\u00e1s\u00e1n.<\/li>\n<\/ul>\n<h2>Gyakori hib\u00e1k a f\u0151n\u00e9vt\u00edpusok haszn\u00e1lat\u00e1ban \u00e9s elker\u00fcl\u00e9s\u00fck<\/h2>\n<h3>1. Egy\u00e9ni \u00e9s gy\u0171jt\u0151 f\u0151nevek \u00f6sszekever\u00e9se<\/h3>\n<ul>\n<li><strong>Hiba:<\/strong> A gy\u0171jt\u0151 f\u0151nevet t\u00f6bbes sz\u00e1mban haszn\u00e1lni, amikor egy csoportra utalunk (pl. &#8222;manadas de lobos&#8221; helyett &#8222;manada de lobos&#8221;, hacsak nem t\u00f6bb csoportr\u00f3l van sz\u00f3).<\/li>\n<li><strong>Megold\u00e1s:<\/strong> Mindig vizsg\u00e1ld meg, hogy egyetlen csoport vagy t\u00f6bb csoport a jelent\u00e9s t\u00e1rgya.<\/li>\n<\/ul>\n<h3>2. \u00d6sszetett f\u0151nevek helyes\u00edr\u00e1sa<\/h3>\n<ul>\n<li><strong>Hiba:<\/strong> K\u00fcl\u00f6n \u00edrni az \u00f6sszetett f\u0151neveket (pl. &#8222;saca puntas&#8221; helyett helyesen &#8222;sacapuntas&#8221;).<\/li>\n<li><strong>Megold\u00e1s:<\/strong> Tanulj meg min\u00e9l t\u00f6bb gyakori \u00f6sszetett f\u0151nevet egyben \u00edrva.<\/li>\n<\/ul>\n<h3>3. Nem megfelel\u0151 nem \u00e9s sz\u00e1m haszn\u00e1lata<\/h3>\n<ul>\n<li><strong>Hiba:<\/strong> Az \u00f6sszetett f\u0151nevek t\u00f6bbes sz\u00e1m\u00e1nak helytelen k\u00e9pz\u00e9se.<\/li>\n<li><strong>Megold\u00e1s:<\/strong> Ellen\u0151rizd sz\u00f3t\u00e1rban, hogy melyik \u00f6sszetett f\u0151n\u00e9v hogy viselkedik t\u00f6bbes sz\u00e1mban (pl. &#8222;paraguas&#8221; egyes \u00e9s t\u00f6bbes sz\u00e1mban is ugyanez).<\/li>\n<\/ul>\n<h2>\u00d6sszefoglal\u00e1s<\/h2>\n<p>A spanyol nyelvtan f\u0151nevei \u2013 legyenek azok egy\u00e9ni, gy\u0171jt\u0151 vagy \u00f6sszetett f\u0151nevek \u2013 a pontos \u00e9s gazdag nyelvhaszn\u00e1lat kulcsai. Mindegyik t\u00edpus saj\u00e1tos logik\u00e1val b\u00edr, amelyet meg\u00e9rtve k\u00f6nnyebben kommunik\u00e1lhatsz spanyolul ak\u00e1r h\u00e9tk\u00f6znapi, ak\u00e1r form\u00e1lis helyzetekben. A rendszeres gyakorl\u00e1s, p\u00e9ld\u00e1ul a Talkpal interakt\u00edv feladataival, seg\u00edt elm\u00e9ly\u00edteni ezt a tud\u00e1st, \u00e9s biztos\u00edtja, hogy magabiztosan alkalmazhasd a nombres individuales, colectivos y compuestos szab\u00e1lyait \u00e9s p\u00e9ld\u00e1it minden szitu\u00e1ci\u00f3ban. <\/p>\n<p>Ha szeretn\u00e9d fejleszteni spanyol sz\u00f3kincsedet \u00e9s nyelvtani ismereteidet, ne habozz belev\u00e1gni a tanul\u00e1sba \u2013 a helyes f\u0151n\u00e9vhaszn\u00e1lat a g\u00f6rd\u00fcl\u00e9keny spanyol kommunik\u00e1ci\u00f3 els\u0151 l\u00e9p\u00e9se!<\/p>\n","protected":false},"featured_media":1527864,"template":"","language":[12242,12229],"class_list":["post-1078886","grammar","type-grammar","status-publish","has-post-thumbnail","hentry","language-fonevek-spanyol-nyelvtan","language-spanyol"],"acf":[],"yoast_head":"<!-- This site is optimized with the Yoast SEO Premium plugin v27.2 (Yoast SEO v27.2) - https:\/\/yoast.com\/product\/yoast-seo-premium-wordpress\/ -->\n<title>Nombres individuales, colectivos y compuestos a spanyol nyelvtanban - Talkpal<\/title>\n<meta name=\"description\" content=\"A spanyol nyelvtanban a f\u0151nevek vil\u00e1ga rendk\u00edv\u00fcl soksz\u00edn\u0171, hiszen k\u00fcl\u00f6nb\u00f6z\u0151 t\u00edpus\u00fa f\u0151nevekkel tal\u00e1lkozhatunk: egy\u00e9ni (nombres individuales), gy\u0171jt\u0151\" \/>\n<meta name=\"robots\" content=\"index, follow, max-snippet:-1, max-image-preview:large, max-video-preview:-1\" \/>\n<link rel=\"canonical\" href=\"https:\/\/talkpal.ai\/hu\/grammar\/nombres-individuales-colectivos-y-compuestos-a-spanyol-nyelvtanban\/\" \/>\n<meta property=\"og:locale\" content=\"hu_HU\" \/>\n<meta property=\"og:type\" content=\"article\" \/>\n<meta property=\"og:title\" content=\"Nombres individuales, colectivos y compuestos a spanyol nyelvtanban\" \/>\n<meta property=\"og:description\" content=\"A spanyol nyelvtanban a f\u0151nevek vil\u00e1ga rendk\u00edv\u00fcl soksz\u00edn\u0171, hiszen k\u00fcl\u00f6nb\u00f6z\u0151 t\u00edpus\u00fa f\u0151nevekkel tal\u00e1lkozhatunk: egy\u00e9ni (nombres individuales), gy\u0171jt\u0151\" \/>\n<meta property=\"og:url\" content=\"https:\/\/talkpal.ai\/hu\/grammar\/nombres-individuales-colectivos-y-compuestos-a-spanyol-nyelvtanban\/\" \/>\n<meta property=\"og:site_name\" content=\"Talkpal\" \/>\n<meta property=\"article:publisher\" content=\"https:\/\/www.facebook.com\/profile.php?id=100090733639311\" \/>\n<meta property=\"og:image\" content=\"https:\/\/talkpal.ai\/wp-content\/uploads\/2025\/02\/Progress-tab-16_9.png\" \/>\n\t<meta property=\"og:image:width\" content=\"2880\" \/>\n\t<meta property=\"og:image:height\" content=\"1620\" \/>\n\t<meta property=\"og:image:type\" content=\"image\/png\" \/>\n<meta name=\"twitter:card\" content=\"summary_large_image\" \/>\n<meta name=\"twitter:site\" content=\"@talkpalai\" \/>\n<meta name=\"twitter:label1\" content=\"Becs\u00fclt olvas\u00e1si id\u0151\" \/>\n\t<meta name=\"twitter:data1\" content=\"7 perc\" \/>\n<script type=\"application\/ld+json\" class=\"yoast-schema-graph\">{\"@context\":\"https:\/\/schema.org\",\"@graph\":[{\"@type\":\"WebPage\",\"@id\":\"https:\/\/talkpal.ai\/hu\/grammar\/nombres-individuales-colectivos-y-compuestos-a-spanyol-nyelvtanban\/\",\"url\":\"https:\/\/talkpal.ai\/hu\/grammar\/nombres-individuales-colectivos-y-compuestos-a-spanyol-nyelvtanban\/\",\"name\":\"Nombres individuales, colectivos y compuestos a spanyol nyelvtanban - Talkpal\",\"isPartOf\":{\"@id\":\"https:\/\/talkpal.ai\/hu\/#website\"},\"primaryImageOfPage\":{\"@id\":\"https:\/\/talkpal.ai\/hu\/grammar\/nombres-individuales-colectivos-y-compuestos-a-spanyol-nyelvtanban\/#primaryimage\"},\"image\":{\"@id\":\"https:\/\/talkpal.ai\/hu\/grammar\/nombres-individuales-colectivos-y-compuestos-a-spanyol-nyelvtanban\/#primaryimage\"},\"thumbnailUrl\":\"https:\/\/talkpal.ai\/wp-content\/uploads\/2025\/12\/person-researches-culture-to-learn-languages.webp\",\"datePublished\":\"2025-07-01T22:03:36+00:00\",\"description\":\"A spanyol nyelvtanban a f\u0151nevek vil\u00e1ga rendk\u00edv\u00fcl soksz\u00edn\u0171, hiszen k\u00fcl\u00f6nb\u00f6z\u0151 t\u00edpus\u00fa f\u0151nevekkel tal\u00e1lkozhatunk: egy\u00e9ni (nombres individuales), gy\u0171jt\u0151\",\"breadcrumb\":{\"@id\":\"https:\/\/talkpal.ai\/hu\/grammar\/nombres-individuales-colectivos-y-compuestos-a-spanyol-nyelvtanban\/#breadcrumb\"},\"inLanguage\":\"hu\",\"potentialAction\":[{\"@type\":\"ReadAction\",\"target\":[\"https:\/\/talkpal.ai\/hu\/grammar\/nombres-individuales-colectivos-y-compuestos-a-spanyol-nyelvtanban\/\"]}]},{\"@type\":\"ImageObject\",\"inLanguage\":\"hu\",\"@id\":\"https:\/\/talkpal.ai\/hu\/grammar\/nombres-individuales-colectivos-y-compuestos-a-spanyol-nyelvtanban\/#primaryimage\",\"url\":\"https:\/\/talkpal.ai\/wp-content\/uploads\/2025\/12\/person-researches-culture-to-learn-languages.webp\",\"contentUrl\":\"https:\/\/talkpal.ai\/wp-content\/uploads\/2025\/12\/person-researches-culture-to-learn-languages.webp\",\"width\":1200,\"height\":896,\"caption\":\"A woman reads several open books while learning languages at a table during a golden sunset.\"},{\"@type\":\"BreadcrumbList\",\"@id\":\"https:\/\/talkpal.ai\/hu\/grammar\/nombres-individuales-colectivos-y-compuestos-a-spanyol-nyelvtanban\/#breadcrumb\",\"itemListElement\":[{\"@type\":\"ListItem\",\"position\":1,\"name\":\"Homepage\",\"item\":\"https:\/\/talkpal.ai\/hu\/\"},{\"@type\":\"ListItem\",\"position\":2,\"name\":\"Nombres individuales, colectivos y compuestos a spanyol nyelvtanban\"}]},{\"@type\":\"WebSite\",\"@id\":\"https:\/\/talkpal.ai\/hu\/#website\",\"url\":\"https:\/\/talkpal.ai\/hu\/\",\"name\":\"Talkpal\",\"description\":\"AI Language Learning\",\"publisher\":{\"@id\":\"https:\/\/talkpal.ai\/hu\/#organization\"},\"alternateName\":\"Talkpal AI\",\"potentialAction\":[{\"@type\":\"SearchAction\",\"target\":{\"@type\":\"EntryPoint\",\"urlTemplate\":\"https:\/\/talkpal.ai\/hu\/?s={search_term_string}\"},\"query-input\":{\"@type\":\"PropertyValueSpecification\",\"valueRequired\":true,\"valueName\":\"search_term_string\"}}],\"inLanguage\":\"hu\"},{\"@type\":\"Organization\",\"@id\":\"https:\/\/talkpal.ai\/hu\/#organization\",\"name\":\"Talkpal, Inc.\",\"alternateName\":\"Talkpal AI\",\"url\":\"https:\/\/talkpal.ai\/hu\/\",\"logo\":{\"@type\":\"ImageObject\",\"inLanguage\":\"hu\",\"@id\":\"https:\/\/talkpal.ai\/hu\/#\/schema\/logo\/image\/\",\"url\":\"https:\/\/talkpal.ai\/wp-content\/uploads\/2024\/03\/Talkpal-Logo-Icon.png\",\"contentUrl\":\"https:\/\/talkpal.ai\/wp-content\/uploads\/2024\/03\/Talkpal-Logo-Icon.png\",\"width\":2880,\"height\":2880,\"caption\":\"Talkpal, Inc.\"},\"image\":{\"@id\":\"https:\/\/talkpal.ai\/hu\/#\/schema\/logo\/image\/\"},\"sameAs\":[\"https:\/\/www.facebook.com\/profile.php?id=100090733639311\",\"https:\/\/x.com\/talkpalai\",\"https:\/\/www.linkedin.com\/company\/talkpal\/\",\"https:\/\/www.youtube.com\/@TalkPal\/\",\"https:\/\/www.tiktok.com\/@talkpal\",\"https:\/\/www.instagram.com\/talkpal_ai\/\",\"https:\/\/www.crunchbase.com\/organization\/talkpal-9cde\",\"https:\/\/www.g2.com\/products\/talkpal-for-business\/\",\"https:\/\/www.trustpilot.com\/review\/talkpal.ai\",\"https:\/\/www.capterra.com\/p\/10006800\/TalkPal\/\"],\"description\":\"Talkpal is a language learning web and mobile education app, powered by the latest AI technologies, that provides engaging experiences to its customers in many different languages to help them improve their language skills. Users can chat about unlimited amount of topics with the app and use other modes to practice their language learning.\",\"email\":\"support@talkpal.ai\",\"legalName\":\"Talkpal, Inc.\",\"foundingDate\":\"2023-04-03\",\"duns\":\"118989042\",\"numberOfEmployees\":{\"@type\":\"QuantitativeValue\",\"minValue\":\"11\",\"maxValue\":\"50\"},\"publishingPrinciples\":\"https:\/\/talkpal.ai\/publishing-principles\/\",\"actionableFeedbackPolicy\":\"https:\/\/talkpal.ai\/actionable-feedback-policy\/\",\"correctionsPolicy\":\"https:\/\/talkpal.ai\/corrections-policy\/\",\"ethicsPolicy\":\"https:\/\/talkpal.ai\/ethics-policy\/\",\"diversityPolicy\":\"https:\/\/talkpal.ai\/diversity-policy\/\",\"diversityStaffingReport\":\"https:\/\/talkpal.ai\/diversity-policy\/\"}]}<\/script>\n<!-- \/ Yoast SEO Premium plugin. -->","yoast_head_json":{"title":"Nombres individuales, colectivos y compuestos a spanyol nyelvtanban - Talkpal","description":"A spanyol nyelvtanban a f\u0151nevek vil\u00e1ga rendk\u00edv\u00fcl soksz\u00edn\u0171, hiszen k\u00fcl\u00f6nb\u00f6z\u0151 t\u00edpus\u00fa f\u0151nevekkel tal\u00e1lkozhatunk: egy\u00e9ni (nombres individuales), gy\u0171jt\u0151","robots":{"index":"index","follow":"follow","max-snippet":"max-snippet:-1","max-image-preview":"max-image-preview:large","max-video-preview":"max-video-preview:-1"},"canonical":"https:\/\/talkpal.ai\/hu\/grammar\/nombres-individuales-colectivos-y-compuestos-a-spanyol-nyelvtanban\/","og_locale":"hu_HU","og_type":"article","og_title":"Nombres individuales, colectivos y compuestos a spanyol nyelvtanban","og_description":"A spanyol nyelvtanban a f\u0151nevek vil\u00e1ga rendk\u00edv\u00fcl soksz\u00edn\u0171, hiszen k\u00fcl\u00f6nb\u00f6z\u0151 t\u00edpus\u00fa f\u0151nevekkel tal\u00e1lkozhatunk: egy\u00e9ni (nombres individuales), gy\u0171jt\u0151","og_url":"https:\/\/talkpal.ai\/hu\/grammar\/nombres-individuales-colectivos-y-compuestos-a-spanyol-nyelvtanban\/","og_site_name":"Talkpal","article_publisher":"https:\/\/www.facebook.com\/profile.php?id=100090733639311","og_image":[{"width":2880,"height":1620,"url":"https:\/\/talkpal.ai\/wp-content\/uploads\/2025\/02\/Progress-tab-16_9.png","type":"image\/png"}],"twitter_card":"summary_large_image","twitter_site":"@talkpalai","twitter_misc":{"Becs\u00fclt olvas\u00e1si id\u0151":"7 perc"},"schema":{"@context":"https:\/\/schema.org","@graph":[{"@type":"WebPage","@id":"https:\/\/talkpal.ai\/hu\/grammar\/nombres-individuales-colectivos-y-compuestos-a-spanyol-nyelvtanban\/","url":"https:\/\/talkpal.ai\/hu\/grammar\/nombres-individuales-colectivos-y-compuestos-a-spanyol-nyelvtanban\/","name":"Nombres individuales, colectivos y compuestos a spanyol nyelvtanban - Talkpal","isPartOf":{"@id":"https:\/\/talkpal.ai\/hu\/#website"},"primaryImageOfPage":{"@id":"https:\/\/talkpal.ai\/hu\/grammar\/nombres-individuales-colectivos-y-compuestos-a-spanyol-nyelvtanban\/#primaryimage"},"image":{"@id":"https:\/\/talkpal.ai\/hu\/grammar\/nombres-individuales-colectivos-y-compuestos-a-spanyol-nyelvtanban\/#primaryimage"},"thumbnailUrl":"https:\/\/talkpal.ai\/wp-content\/uploads\/2025\/12\/person-researches-culture-to-learn-languages.webp","datePublished":"2025-07-01T22:03:36+00:00","description":"A spanyol nyelvtanban a f\u0151nevek vil\u00e1ga rendk\u00edv\u00fcl soksz\u00edn\u0171, hiszen k\u00fcl\u00f6nb\u00f6z\u0151 t\u00edpus\u00fa f\u0151nevekkel tal\u00e1lkozhatunk: egy\u00e9ni (nombres individuales), gy\u0171jt\u0151","breadcrumb":{"@id":"https:\/\/talkpal.ai\/hu\/grammar\/nombres-individuales-colectivos-y-compuestos-a-spanyol-nyelvtanban\/#breadcrumb"},"inLanguage":"hu","potentialAction":[{"@type":"ReadAction","target":["https:\/\/talkpal.ai\/hu\/grammar\/nombres-individuales-colectivos-y-compuestos-a-spanyol-nyelvtanban\/"]}]},{"@type":"ImageObject","inLanguage":"hu","@id":"https:\/\/talkpal.ai\/hu\/grammar\/nombres-individuales-colectivos-y-compuestos-a-spanyol-nyelvtanban\/#primaryimage","url":"https:\/\/talkpal.ai\/wp-content\/uploads\/2025\/12\/person-researches-culture-to-learn-languages.webp","contentUrl":"https:\/\/talkpal.ai\/wp-content\/uploads\/2025\/12\/person-researches-culture-to-learn-languages.webp","width":1200,"height":896,"caption":"A woman reads several open books while learning languages at a table during a golden sunset."},{"@type":"BreadcrumbList","@id":"https:\/\/talkpal.ai\/hu\/grammar\/nombres-individuales-colectivos-y-compuestos-a-spanyol-nyelvtanban\/#breadcrumb","itemListElement":[{"@type":"ListItem","position":1,"name":"Homepage","item":"https:\/\/talkpal.ai\/hu\/"},{"@type":"ListItem","position":2,"name":"Nombres individuales, colectivos y compuestos a spanyol nyelvtanban"}]},{"@type":"WebSite","@id":"https:\/\/talkpal.ai\/hu\/#website","url":"https:\/\/talkpal.ai\/hu\/","name":"Talkpal","description":"AI Language Learning","publisher":{"@id":"https:\/\/talkpal.ai\/hu\/#organization"},"alternateName":"Talkpal AI","potentialAction":[{"@type":"SearchAction","target":{"@type":"EntryPoint","urlTemplate":"https:\/\/talkpal.ai\/hu\/?s={search_term_string}"},"query-input":{"@type":"PropertyValueSpecification","valueRequired":true,"valueName":"search_term_string"}}],"inLanguage":"hu"},{"@type":"Organization","@id":"https:\/\/talkpal.ai\/hu\/#organization","name":"Talkpal, Inc.","alternateName":"Talkpal AI","url":"https:\/\/talkpal.ai\/hu\/","logo":{"@type":"ImageObject","inLanguage":"hu","@id":"https:\/\/talkpal.ai\/hu\/#\/schema\/logo\/image\/","url":"https:\/\/talkpal.ai\/wp-content\/uploads\/2024\/03\/Talkpal-Logo-Icon.png","contentUrl":"https:\/\/talkpal.ai\/wp-content\/uploads\/2024\/03\/Talkpal-Logo-Icon.png","width":2880,"height":2880,"caption":"Talkpal, Inc."},"image":{"@id":"https:\/\/talkpal.ai\/hu\/#\/schema\/logo\/image\/"},"sameAs":["https:\/\/www.facebook.com\/profile.php?id=100090733639311","https:\/\/x.com\/talkpalai","https:\/\/www.linkedin.com\/company\/talkpal\/","https:\/\/www.youtube.com\/@TalkPal\/","https:\/\/www.tiktok.com\/@talkpal","https:\/\/www.instagram.com\/talkpal_ai\/","https:\/\/www.crunchbase.com\/organization\/talkpal-9cde","https:\/\/www.g2.com\/products\/talkpal-for-business\/","https:\/\/www.trustpilot.com\/review\/talkpal.ai","https:\/\/www.capterra.com\/p\/10006800\/TalkPal\/"],"description":"Talkpal is a language learning web and mobile education app, powered by the latest AI technologies, that provides engaging experiences to its customers in many different languages to help them improve their language skills. Users can chat about unlimited amount of topics with the app and use other modes to practice their language learning.","email":"support@talkpal.ai","legalName":"Talkpal, Inc.","foundingDate":"2023-04-03","duns":"118989042","numberOfEmployees":{"@type":"QuantitativeValue","minValue":"11","maxValue":"50"},"publishingPrinciples":"https:\/\/talkpal.ai\/publishing-principles\/","actionableFeedbackPolicy":"https:\/\/talkpal.ai\/actionable-feedback-policy\/","correctionsPolicy":"https:\/\/talkpal.ai\/corrections-policy\/","ethicsPolicy":"https:\/\/talkpal.ai\/ethics-policy\/","diversityPolicy":"https:\/\/talkpal.ai\/diversity-policy\/","diversityStaffingReport":"https:\/\/talkpal.ai\/diversity-policy\/"}]}},"_links":{"self":[{"href":"https:\/\/talkpal.ai\/hu\/wp-json\/wp\/v2\/grammar\/1078886","targetHints":{"allow":["GET"]}}],"collection":[{"href":"https:\/\/talkpal.ai\/hu\/wp-json\/wp\/v2\/grammar"}],"about":[{"href":"https:\/\/talkpal.ai\/hu\/wp-json\/wp\/v2\/types\/grammar"}],"wp:featuredmedia":[{"embeddable":true,"href":"https:\/\/talkpal.ai\/hu\/wp-json\/wp\/v2\/media\/1527864"}],"wp:attachment":[{"href":"https:\/\/talkpal.ai\/hu\/wp-json\/wp\/v2\/media?parent=1078886"}],"wp:term":[{"taxonomy":"language","embeddable":true,"href":"https:\/\/talkpal.ai\/hu\/wp-json\/wp\/v2\/language?post=1078886"}],"curies":[{"name":"wp","href":"https:\/\/api.w.org\/{rel}","templated":true}]}}