{"id":1078855,"date":"2025-07-01T22:00:52","date_gmt":"2025-07-01T22:00:52","guid":{"rendered":"https:\/\/talkpal.ai\/grammar\/nominales-tagmondatok-a-francia-nyelvtanban\/"},"modified":"2025-07-01T22:00:52","modified_gmt":"2025-07-01T22:00:52","slug":"nominales-tagmondatok-a-francia-nyelvtanban","status":"publish","type":"grammar","link":"https:\/\/talkpal.ai\/hu\/grammar\/nominales-tagmondatok-a-francia-nyelvtanban\/","title":{"rendered":"Nominales tagmondatok a francia nyelvtanban"},"content":{"rendered":"<p>A <a href=\"https:\/\/talkpal.ai\/learn-french\/\">francia<\/a> nyelvtanban a nominales tagmondatok (franci\u00e1ul: &#8222;propositions nominales&#8221;) kulcsfontoss\u00e1g\u00fa szerepet t\u00f6ltenek be mind a h\u00e9tk\u00f6znapi kommunik\u00e1ci\u00f3ban, mind az \u00edrott sz\u00f6vegekben. Ezek a szerkezetek lehet\u0151v\u00e9 teszik a mondat alany\u00e1nak, t\u00e1rgy\u00e1nak vagy m\u00e1s mondatr\u00e9sz\u00e9nek \u00f6sszetettebb kifejez\u00e9s\u00e9t, hozz\u00e1j\u00e1rulva a nyelv gazdags\u00e1g\u00e1hoz \u00e9s precizit\u00e1s\u00e1hoz. A nominales tagmondatok helyes felismer\u00e9se \u00e9s alkalmaz\u00e1sa n\u00e9lk\u00fcl\u00f6zhetetlen <a href=\"https:\/\/talkpal.ai\/locations\/language-courses-in-minden\/\">minden<\/a> francia tanul\u00f3nak \u2013 legyen sz\u00f3 kezd\u0151r\u0151l vagy halad\u00f3r\u00f3l. Az olyan modern nyelvtanul\u00e1si platformok, mint a <a href=\"https:\/\/talkpal.ai\/ko\/ai-%ec%96%b8%ec%96%b4-%ea%b5%90%ec%82%ac\/\">Talkpal<\/a>, kiv\u00e1l\u00f3 lehet\u0151s\u00e9get biztos\u00edtanak arra, hogy ezt a szerkezett\u00edpust is k\u00f6nnyed\u00e9n elsaj\u00e1t\u00edtsuk, hiszen gyakorlati p\u00e9ld\u00e1kon \u00e9s interakt\u00edv feladatokon kereszt\u00fcl mutatj\u00e1k be a nominales tagmondatok haszn\u00e1lat\u00e1t.<\/p>\n<h2>Mi az a nominales tagmondat a francia nyelvtanban?<\/h2>\n<p>A nominales tagmondat (proposition nominale) olyan al\u00e1rendelt mell\u00e9kmondat, amely a f\u0151mondat valamelyik mondatr\u00e9sz\u00e9t \u2013 t\u00f6bbnyire az alanyt vagy a t\u00e1rgyat \u2013 helyettes\u00edti, kieg\u00e9sz\u00edti vagy pontos\u00edtja. Ezek a tagmondatok gyakran k\u00f6t\u0151sz\u00f3val kapcsol\u00f3dnak a f\u0151mondathoz, \u00e9s \u00e1ltal\u00e1ban f\u0151n\u00e9vi \u00e9rt\u00e9k\u0171ek, teh\u00e1t egy f\u0151n\u00e9v szerep\u00e9t t\u00f6ltik be.<\/p>\n<h3>F\u0151bb jellemz\u0151k<\/h3>\n<ul>\n<li>F\u0151n\u00e9vi \u00e9rt\u00e9k\u0171 tagmondat (alanyk\u00e9nt, t\u00e1rgyk\u00e9nt, n\u00e9vut\u00f3val, stb. funkcion\u00e1lhat)<\/li>\n<li>Leggyakrabban <strong>que<\/strong> k\u00f6t\u0151sz\u00f3val kezd\u0151dik<\/li>\n<li>Nem \u00f6n\u00e1ll\u00f3 mondat, hanem mindig egy f\u0151mondathoz kapcsol\u00f3dik<\/li>\n<li>Jelent\u00e9se a f\u0151mondatban bet\u00f6lt\u00f6tt szerep\u00e9t\u0151l f\u00fcgg<\/li>\n<\/ul>\n<h3>Nominales tagmondatok t\u00edpusai<\/h3>\n<ul>\n<li><strong>Alanyi tagmondat (proposition subordonn\u00e9e compl\u00e9tive sujet):<\/strong> A f\u0151mondat alany\u00e1t helyettes\u00edti vagy eg\u00e9sz\u00edti ki.<\/li>\n<li><strong>T\u00e1rgyi tagmondat (proposition subordonn\u00e9e compl\u00e9tive objet):<\/strong> A f\u0151mondat t\u00e1rgy\u00e1t fejezi ki.<\/li>\n<li><strong>El\u00f6lj\u00e1r\u00f3s tagmondat (proposition subordonn\u00e9e pr\u00e9positionnelle):<\/strong> El\u00f6lj\u00e1r\u00f3sz\u00f3t k\u00f6vet\u0151 f\u0151n\u00e9vi \u00e9rt\u00e9k\u0171 tagmondat.<\/li>\n<\/ul>\n<h2>Hogyan ismerj\u00fck fel a nominales tagmondatot?<\/h2>\n<p>A nominales tagmondatok felismer\u00e9se egyszer\u0171, ha n\u00e9h\u00e1ny kulcsfontoss\u00e1g\u00fa nyelvi jelens\u00e9gre odafigyel\u00fcnk:<\/p>\n<ul>\n<li>Leggyakrabban a <strong>que<\/strong> k\u00f6t\u0151sz\u00f3 vezeti be (de: hogy, hogyha, hogy ne, stb.).<\/li>\n<li>A tagmondat funkci\u00f3ja a f\u0151mondatban mindig f\u0151n\u00e9vi (alany, t\u00e1rgy, n\u00e9vut\u00f3s szerkezet).<\/li>\n<li>Gyakran ig\u00e9k, kifejez\u00e9sek ut\u00e1n \u00e1llnak, amelyekhez sz\u00fcks\u00e9ges egy tartalmi kieg\u00e9sz\u00edt\u00e9s (pl. \u201eJe pense que\u2026\u201d, \u201eIl est important que\u2026\u201d).<\/li>\n<\/ul>\n<p><strong>P\u00e9ld\u00e1k:<\/strong><\/p>\n<ul>\n<li>Je pense <strong>que tu as raison<\/strong>. (Azt gondolom, hogy igazad <a href=\"https:\/\/talkpal.ai\/locations\/language-courses-in-van\/\">van<\/a>.) \u2013 <em>T\u00e1rgyi tagmondat<\/em><\/li>\n<li><strong>Qu\u2019il vienne<\/strong> est n\u00e9cessaire. (Sz\u00fcks\u00e9ges, hogy elj\u00f6jj\u00f6n.) \u2013 <em>Alanyi tagmondat<\/em><\/li>\n<li>Je doute <strong>qu\u2019il comprenne<\/strong>. (K\u00e9tlem, hogy \u00e9rti.) \u2013 <em>T\u00e1rgyi tagmondat<\/em><\/li>\n<\/ul>\n<h2>Nominales tagmondatok haszn\u00e1lata a francia mondatszerkeszt\u00e9sben<\/h2>\n<p>A nominales tagmondatok sz\u00e1mos ig\u00e9vel \u00e9s kifejez\u00e9ssel t\u00e1rsulhatnak. Az al\u00e1bbiakban r\u00e9szletezz\u00fck a leggyakoribb eseteket:<\/p>\n<h3>1. V\u00e9lem\u00e9ny, gondolat, tud\u00e1s kifejez\u00e9se<\/h3>\n<ul>\n<li>Je crois <strong>que<\/strong>\u2026 (Azt hiszem, hogy\u2026)<\/li>\n<li>Je sais <strong>que<\/strong>\u2026 (Tudom, hogy\u2026)<\/li>\n<li>Je suppose <strong>que<\/strong>\u2026 (Felt\u00e9telezem, hogy\u2026)<\/li>\n<\/ul>\n<h3>2. K\u00edv\u00e1ns\u00e1g, akarat, parancs<\/h3>\n<ul>\n<li>Je veux <strong>que<\/strong>\u2026 (Azt akarom, hogy\u2026)<\/li>\n<li>J\u2019exige <strong>que<\/strong>\u2026 (K\u00f6vetelem, hogy\u2026)<\/li>\n<\/ul>\n<h3>3. \u00c9rz\u00e9sek, \u00e9rzelmek<\/h3>\n<ul>\n<li>J\u2019ai peur <strong>que<\/strong>\u2026 (F\u00e9lek, hogy\u2026)<\/li>\n<li>Je suis content <strong>que<\/strong>\u2026 (\u00d6r\u00fcl\u00f6k, hogy\u2026)<\/li>\n<\/ul>\n<h3>4. Sz\u00fcks\u00e9gess\u00e9g, lehet\u0151s\u00e9g, bizonytalans\u00e1g<\/h3>\n<ul>\n<li>Il est n\u00e9cessaire <strong>que<\/strong>\u2026 (Sz\u00fcks\u00e9ges, hogy\u2026)<\/li>\n<li>Il est possible <strong>que<\/strong>\u2026 (Lehets\u00e9ges, hogy\u2026)<\/li>\n<li>Il est douteux <strong>que<\/strong>\u2026 (K\u00e9ts\u00e9ges, hogy\u2026)<\/li>\n<\/ul>\n<h2>Subjonctif vagy indicatif? \u2013 Igeid\u0151k \u00e9s m\u00f3dok a nominales tagmondatokban<\/h2>\n<p>A nominales tagmondatokban haszn\u00e1lt igeid\u0151 \u00e9s m\u00f3d nagyban f\u00fcgg a f\u0151mondat jelent\u00e9s\u00e9t\u0151l, valamint a k\u00f6t\u0151sz\u00f3t\u00f3l.<\/p>\n<h3>Mikor haszn\u00e1ljunk indicatif-et?<\/h3>\n<p>Ha a f\u0151mondat val\u00f3s, bizonyos, objekt\u00edv inform\u00e1ci\u00f3t k\u00f6z\u00f6l, akkor a mell\u00e9kmondatban indicatif m\u00f3dot alkalmazunk.<\/p>\n<ul>\n<li>Je sais <strong>qu\u2019il vient<\/strong>. (Tudom, hogy j\u00f6n.)<\/li>\n<li>Il dit <strong>qu\u2019il a fini<\/strong>. (Azt mondja, hogy befejezte.)<\/li>\n<\/ul>\n<h3>Mikor haszn\u00e1ljunk subjonctif-et?<\/h3>\n<p>Ha a f\u0151mondat k\u00edv\u00e1ns\u00e1got, \u00e9rzelmet, k\u00e9ts\u00e9get, bizonytalans\u00e1got, \u00e9rt\u00e9k\u00edt\u00e9letet, felt\u00e9teles\u00e9get fejez ki, akkor a tagmondatban <a href=\"https:\/\/talkpal.ai\/zh-hans\/grammar_exercises\/subjonctif-%e6%b3%95%e8%af%ad%e8%af%ad%e6%b3%95%e7%bb%83%e4%b9%a0\/\">subjonctif<\/a> kell.<\/p>\n<ul>\n<li>Je veux <strong>qu\u2019il vienne<\/strong>. (Azt akarom, hogy j\u00f6jj\u00f6n.)<\/li>\n<li>Je doute <strong>qu\u2019il comprenne<\/strong>. (K\u00e9tlem, hogy \u00e9rti.)<\/li>\n<li>Il faut <strong>que tu partes<\/strong>. (El kell menned.)<\/li>\n<\/ul>\n<h2>Gyakori hib\u00e1k a nominales tagmondatok haszn\u00e1lat\u00e1ban<\/h2>\n<p>A nominales tagmondatok helyes haszn\u00e1lata kih\u00edv\u00e1st jelenthet a magyar anyanyelv\u0171ek sz\u00e1m\u00e1ra. \u00cdme a leggyakoribb hib\u00e1k:<\/p>\n<ul>\n<li><strong>Subjonctif helyett indicatif haszn\u00e1lata<\/strong> \u2013 Sok tanul\u00f3 elfelejti, hogy bizonyos szerkezetekn\u00e9l <a href=\"https:\/\/talkpal.ai\/zh-hans\/grammar_exercises\/subjonctif-%e6%b3%95%e8%af%ad%e8%af%ad%e6%b3%95%e7%bb%83%e4%b9%a0\/\">subjonctif<\/a> kell.<\/li>\n<li><strong>A \u201eque\u201d k\u00f6t\u0151sz\u00f3 elhagy\u00e1sa<\/strong> \u2013 A franci\u00e1ban a \u201eque\u201d n\u00e9lk\u00fcl\u00f6zhetetlen a nominales tagmondatok bevezet\u00e9s\u00e9hez.<\/li>\n<li><strong>Helytelen sz\u00f3rend<\/strong> \u2013 A mell\u00e9kmondatban az alany \u00e9s az ige sorrendje megegyezik a f\u0151mondat\u00e9val.<\/li>\n<\/ul>\n<h2>P\u00e9ld\u00e1k \u00e9s gyakorlatok a nominales tagmondatok elsaj\u00e1t\u00edt\u00e1s\u00e1hoz<\/h2>\n<h3>Egyszer\u0171 p\u00e9ldamondatok<\/h3>\n<ul>\n<li>Elle dit <strong>qu\u2019elle viendra<\/strong>. (Azt mondja, hogy elj\u00f6n.)<\/li>\n<li>Il est \u00e9vident <strong>qu\u2019il a raison<\/strong>. (Egy\u00e9rtelm\u0171, hogy igaza van.)<\/li>\n<li>Nous esp\u00e9rons <strong>qu\u2019il r\u00e9ussira<\/strong>. (Rem\u00e9lj\u00fck, hogy siker\u00fcl neki.)<\/li>\n<\/ul>\n<h3>Gyakorlatok<\/h3>\n<ol>\n<li>Ford\u00edtsd le franci\u00e1ra: \u201eSzeretn\u00e9m, ha seg\u00edten\u00e9l.\u201d<\/li>\n<li>\u00cdrj h\u00e1rom mondatot, amelyekben t\u00e1rgyi nominales tagmondatot haszn\u00e1lsz!<\/li>\n<li>Tal\u00e1ld meg a hib\u00e1t: \u201eJe veux qu\u2019il viens.\u201d<\/li>\n<\/ol>\n<p><em>Megold\u00e1sok:<\/em><\/p>\n<ul>\n<li>Je voudrais <strong>que tu m\u2019aides<\/strong>.<\/li>\n<li>P\u00e9ld\u00e1k: Je pense <strong>que tu as raison<\/strong>. \/ J\u2019esp\u00e8re <strong>qu\u2019il viendra<\/strong>. \/ Je crois <strong>qu\u2019il est parti<\/strong>.<\/li>\n<li>Hib\u00e1s: \u201eJe veux qu\u2019il viens.\u201d Helyes: \u201eJe veux <strong>qu\u2019il vienne<\/strong>.\u201d (subjonctif sz\u00fcks\u00e9ges)<\/li>\n<\/ul>\n<h2>Mi\u00e9rt fontos a nominales tagmondatok helyes haszn\u00e1lata?<\/h2>\n<p>A nominales tagmondatok elengedhetetlenek a francia mondatszerkeszt\u00e9sben, k\u00fcl\u00f6n\u00f6sen, ha:<\/p>\n<ul>\n<li>\u00d6sszetett gondolatokat akarunk kifejezni<\/li>\n<li>V\u00e9lem\u00e9nyeket, \u00e9rz\u00e9seket, k\u00edv\u00e1ns\u00e1gokat, bizonytalans\u00e1got vagy sz\u00fcks\u00e9gess\u00e9get szeretn\u00e9nk megfogalmazni<\/li>\n<li>Magasabb szint\u0171, \u00e1rnyaltabb kommunik\u00e1ci\u00f3ra t\u00f6reksz\u00fcnk<\/li>\n<\/ul>\n<p>A helytelen haszn\u00e1lat f\u00e9lre\u00e9rt\u00e9sekhez vezethet, valamint a besz\u00e9d \u00e9s \u00edr\u00e1s sz\u00ednvonal\u00e1t is ronthatja.<\/p>\n<h2>Tippek a nominales tagmondatok gyors elsaj\u00e1t\u00edt\u00e1s\u00e1hoz<\/h2>\n<ul>\n<li>Tanulj p\u00e9ldamondatokon kereszt\u00fcl, ne csak szab\u00e1lyokat magolj!<\/li>\n<li>Figyeld meg, melyik f\u0151mondat ut\u00e1n milyen m\u00f3dot (indicatif\/subjonctif) kell haszn\u00e1lni!<\/li>\n<li>Gyakorolj rendszeresen, p\u00e9ld\u00e1ul a <strong>Talkpal<\/strong> platformon, ahol interakt\u00edv feladatok seg\u00edtenek a szerkezetek automatiz\u00e1l\u00e1s\u00e1ban.<\/li>\n<li>Olvass francia sz\u00f6vegeket, cikkeket, \u00e9s keresd meg benn\u00fck a nominales tagmondatokat!<\/li>\n<li>Besz\u00e9lget\u00e9sek sor\u00e1n pr\u00f3b\u00e1ld meg tudatosan alkalmazni ezeket a szerkezeteket!<\/li>\n<\/ul>\n<h2>\u00d6sszefoglal\u00e1s<\/h2>\n<p>A nominales tagmondatok a francia nyelvtanban n\u00e9lk\u00fcl\u00f6zhetetlenek a komplex, \u00e1rnyalt mondatszerkeszt\u00e9shez. Ismeret\u00fck \u00e9s helyes haszn\u00e1latuk elengedhetetlen minden szinten, hiszen lehet\u0151v\u00e9 teszik \u00f6sszetett gondolatok, \u00e9rzelmek \u00e9s sz\u00e1nd\u00e9kok prec\u00edz k\u00f6zl\u00e9s\u00e9t. A kulcs a folyamatos gyakorl\u00e1s, a p\u00e9ldamondatok tanulm\u00e1nyoz\u00e1sa \u00e9s a modern tanul\u00e1si eszk\u00f6z\u00f6k \u2013 mint a Talkpal \u2013 rendszeres haszn\u00e1lata. \u00cdgy a nominales tagmondatok nemcsak \u00e9rthet\u0151v\u00e9, de term\u00e9szetess\u00e9 is v\u00e1lnak minden francia tanul\u00f3 sz\u00e1m\u00e1ra.<\/p>\n","protected":false},"featured_media":1527870,"template":"","language":[12300,12322],"class_list":["post-1078855","grammar","type-grammar","status-publish","has-post-thumbnail","hentry","language-francia","language-mondatszerkezet-francia-nyelvtan"],"acf":[],"yoast_head":"<!-- This site is optimized with the Yoast SEO Premium plugin v27.2 (Yoast SEO v27.2) - https:\/\/yoast.com\/product\/yoast-seo-premium-wordpress\/ -->\n<title>Nominales tagmondatok a francia nyelvtanban - Talkpal<\/title>\n<meta name=\"description\" content=\"A francia nyelvtanban a nominales tagmondatok (franci\u00e1ul: &quot;propositions nominales&quot;) kulcsfontoss\u00e1g\u00fa szerepet t\u00f6ltenek be mind a h\u00e9tk\u00f6znapi\" \/>\n<meta name=\"robots\" content=\"index, follow, max-snippet:-1, max-image-preview:large, max-video-preview:-1\" \/>\n<link rel=\"canonical\" href=\"https:\/\/talkpal.ai\/hu\/grammar\/nominales-tagmondatok-a-francia-nyelvtanban\/\" \/>\n<meta property=\"og:locale\" content=\"hu_HU\" \/>\n<meta property=\"og:type\" content=\"article\" \/>\n<meta property=\"og:title\" content=\"Nominales tagmondatok a francia nyelvtanban\" \/>\n<meta property=\"og:description\" content=\"A francia nyelvtanban a nominales tagmondatok (franci\u00e1ul: &quot;propositions nominales&quot;) kulcsfontoss\u00e1g\u00fa szerepet t\u00f6ltenek be mind a h\u00e9tk\u00f6znapi\" \/>\n<meta property=\"og:url\" content=\"https:\/\/talkpal.ai\/hu\/grammar\/nominales-tagmondatok-a-francia-nyelvtanban\/\" \/>\n<meta property=\"og:site_name\" content=\"Talkpal\" \/>\n<meta property=\"article:publisher\" content=\"https:\/\/www.facebook.com\/profile.php?id=100090733639311\" \/>\n<meta property=\"og:image\" content=\"https:\/\/talkpal.ai\/wp-content\/uploads\/2025\/02\/Progress-tab-16_9.png\" \/>\n\t<meta property=\"og:image:width\" content=\"2880\" \/>\n\t<meta property=\"og:image:height\" content=\"1620\" \/>\n\t<meta property=\"og:image:type\" content=\"image\/png\" \/>\n<meta name=\"twitter:card\" content=\"summary_large_image\" \/>\n<meta name=\"twitter:site\" content=\"@talkpalai\" \/>\n<meta name=\"twitter:label1\" content=\"Becs\u00fclt olvas\u00e1si id\u0151\" \/>\n\t<meta name=\"twitter:data1\" content=\"6 perc\" \/>\n<script type=\"application\/ld+json\" class=\"yoast-schema-graph\">{\"@context\":\"https:\/\/schema.org\",\"@graph\":[{\"@type\":\"WebPage\",\"@id\":\"https:\/\/talkpal.ai\/hu\/grammar\/nominales-tagmondatok-a-francia-nyelvtanban\/\",\"url\":\"https:\/\/talkpal.ai\/hu\/grammar\/nominales-tagmondatok-a-francia-nyelvtanban\/\",\"name\":\"Nominales tagmondatok a francia nyelvtanban - Talkpal\",\"isPartOf\":{\"@id\":\"https:\/\/talkpal.ai\/hu\/#website\"},\"primaryImageOfPage\":{\"@id\":\"https:\/\/talkpal.ai\/hu\/grammar\/nominales-tagmondatok-a-francia-nyelvtanban\/#primaryimage\"},\"image\":{\"@id\":\"https:\/\/talkpal.ai\/hu\/grammar\/nominales-tagmondatok-a-francia-nyelvtanban\/#primaryimage\"},\"thumbnailUrl\":\"https:\/\/talkpal.ai\/wp-content\/uploads\/2025\/12\/person-wearing-headphones-learning-languages.webp\",\"datePublished\":\"2025-07-01T22:00:52+00:00\",\"description\":\"A francia nyelvtanban a nominales tagmondatok (franci\u00e1ul: \\\"propositions nominales\\\") kulcsfontoss\u00e1g\u00fa szerepet t\u00f6ltenek be mind a h\u00e9tk\u00f6znapi\",\"breadcrumb\":{\"@id\":\"https:\/\/talkpal.ai\/hu\/grammar\/nominales-tagmondatok-a-francia-nyelvtanban\/#breadcrumb\"},\"inLanguage\":\"hu\",\"potentialAction\":[{\"@type\":\"ReadAction\",\"target\":[\"https:\/\/talkpal.ai\/hu\/grammar\/nominales-tagmondatok-a-francia-nyelvtanban\/\"]}]},{\"@type\":\"ImageObject\",\"inLanguage\":\"hu\",\"@id\":\"https:\/\/talkpal.ai\/hu\/grammar\/nominales-tagmondatok-a-francia-nyelvtanban\/#primaryimage\",\"url\":\"https:\/\/talkpal.ai\/wp-content\/uploads\/2025\/12\/person-wearing-headphones-learning-languages.webp\",\"contentUrl\":\"https:\/\/talkpal.ai\/wp-content\/uploads\/2025\/12\/person-wearing-headphones-learning-languages.webp\",\"width\":1200,\"height\":896,\"caption\":\"A young person wearing headphones writes in a notebook at a desk while learning languages in a bright hall.\"},{\"@type\":\"BreadcrumbList\",\"@id\":\"https:\/\/talkpal.ai\/hu\/grammar\/nominales-tagmondatok-a-francia-nyelvtanban\/#breadcrumb\",\"itemListElement\":[{\"@type\":\"ListItem\",\"position\":1,\"name\":\"Homepage\",\"item\":\"https:\/\/talkpal.ai\/hu\/\"},{\"@type\":\"ListItem\",\"position\":2,\"name\":\"Nominales tagmondatok a francia nyelvtanban\"}]},{\"@type\":\"WebSite\",\"@id\":\"https:\/\/talkpal.ai\/hu\/#website\",\"url\":\"https:\/\/talkpal.ai\/hu\/\",\"name\":\"Talkpal\",\"description\":\"AI Language Learning\",\"publisher\":{\"@id\":\"https:\/\/talkpal.ai\/hu\/#organization\"},\"alternateName\":\"Talkpal AI\",\"potentialAction\":[{\"@type\":\"SearchAction\",\"target\":{\"@type\":\"EntryPoint\",\"urlTemplate\":\"https:\/\/talkpal.ai\/hu\/?s={search_term_string}\"},\"query-input\":{\"@type\":\"PropertyValueSpecification\",\"valueRequired\":true,\"valueName\":\"search_term_string\"}}],\"inLanguage\":\"hu\"},{\"@type\":\"Organization\",\"@id\":\"https:\/\/talkpal.ai\/hu\/#organization\",\"name\":\"Talkpal, Inc.\",\"alternateName\":\"Talkpal AI\",\"url\":\"https:\/\/talkpal.ai\/hu\/\",\"logo\":{\"@type\":\"ImageObject\",\"inLanguage\":\"hu\",\"@id\":\"https:\/\/talkpal.ai\/hu\/#\/schema\/logo\/image\/\",\"url\":\"https:\/\/talkpal.ai\/wp-content\/uploads\/2024\/03\/Talkpal-Logo-Icon.png\",\"contentUrl\":\"https:\/\/talkpal.ai\/wp-content\/uploads\/2024\/03\/Talkpal-Logo-Icon.png\",\"width\":2880,\"height\":2880,\"caption\":\"Talkpal, Inc.\"},\"image\":{\"@id\":\"https:\/\/talkpal.ai\/hu\/#\/schema\/logo\/image\/\"},\"sameAs\":[\"https:\/\/www.facebook.com\/profile.php?id=100090733639311\",\"https:\/\/x.com\/talkpalai\",\"https:\/\/www.linkedin.com\/company\/talkpal\/\",\"https:\/\/www.youtube.com\/@TalkPal\/\",\"https:\/\/www.tiktok.com\/@talkpal\",\"https:\/\/www.instagram.com\/talkpal_ai\/\",\"https:\/\/www.crunchbase.com\/organization\/talkpal-9cde\",\"https:\/\/www.g2.com\/products\/talkpal-for-business\/\",\"https:\/\/www.trustpilot.com\/review\/talkpal.ai\",\"https:\/\/www.capterra.com\/p\/10006800\/TalkPal\/\"],\"description\":\"Talkpal is a language learning web and mobile education app, powered by the latest AI technologies, that provides engaging experiences to its customers in many different languages to help them improve their language skills. Users can chat about unlimited amount of topics with the app and use other modes to practice their language learning.\",\"email\":\"support@talkpal.ai\",\"legalName\":\"Talkpal, Inc.\",\"foundingDate\":\"2023-04-03\",\"duns\":\"118989042\",\"numberOfEmployees\":{\"@type\":\"QuantitativeValue\",\"minValue\":\"11\",\"maxValue\":\"50\"},\"publishingPrinciples\":\"https:\/\/talkpal.ai\/publishing-principles\/\",\"actionableFeedbackPolicy\":\"https:\/\/talkpal.ai\/actionable-feedback-policy\/\",\"correctionsPolicy\":\"https:\/\/talkpal.ai\/corrections-policy\/\",\"ethicsPolicy\":\"https:\/\/talkpal.ai\/ethics-policy\/\",\"diversityPolicy\":\"https:\/\/talkpal.ai\/diversity-policy\/\",\"diversityStaffingReport\":\"https:\/\/talkpal.ai\/diversity-policy\/\"}]}<\/script>\n<!-- \/ Yoast SEO Premium plugin. -->","yoast_head_json":{"title":"Nominales tagmondatok a francia nyelvtanban - Talkpal","description":"A francia nyelvtanban a nominales tagmondatok (franci\u00e1ul: \"propositions nominales\") kulcsfontoss\u00e1g\u00fa szerepet t\u00f6ltenek be mind a h\u00e9tk\u00f6znapi","robots":{"index":"index","follow":"follow","max-snippet":"max-snippet:-1","max-image-preview":"max-image-preview:large","max-video-preview":"max-video-preview:-1"},"canonical":"https:\/\/talkpal.ai\/hu\/grammar\/nominales-tagmondatok-a-francia-nyelvtanban\/","og_locale":"hu_HU","og_type":"article","og_title":"Nominales tagmondatok a francia nyelvtanban","og_description":"A francia nyelvtanban a nominales tagmondatok (franci\u00e1ul: \"propositions nominales\") kulcsfontoss\u00e1g\u00fa szerepet t\u00f6ltenek be mind a h\u00e9tk\u00f6znapi","og_url":"https:\/\/talkpal.ai\/hu\/grammar\/nominales-tagmondatok-a-francia-nyelvtanban\/","og_site_name":"Talkpal","article_publisher":"https:\/\/www.facebook.com\/profile.php?id=100090733639311","og_image":[{"width":2880,"height":1620,"url":"https:\/\/talkpal.ai\/wp-content\/uploads\/2025\/02\/Progress-tab-16_9.png","type":"image\/png"}],"twitter_card":"summary_large_image","twitter_site":"@talkpalai","twitter_misc":{"Becs\u00fclt olvas\u00e1si id\u0151":"6 perc"},"schema":{"@context":"https:\/\/schema.org","@graph":[{"@type":"WebPage","@id":"https:\/\/talkpal.ai\/hu\/grammar\/nominales-tagmondatok-a-francia-nyelvtanban\/","url":"https:\/\/talkpal.ai\/hu\/grammar\/nominales-tagmondatok-a-francia-nyelvtanban\/","name":"Nominales tagmondatok a francia nyelvtanban - Talkpal","isPartOf":{"@id":"https:\/\/talkpal.ai\/hu\/#website"},"primaryImageOfPage":{"@id":"https:\/\/talkpal.ai\/hu\/grammar\/nominales-tagmondatok-a-francia-nyelvtanban\/#primaryimage"},"image":{"@id":"https:\/\/talkpal.ai\/hu\/grammar\/nominales-tagmondatok-a-francia-nyelvtanban\/#primaryimage"},"thumbnailUrl":"https:\/\/talkpal.ai\/wp-content\/uploads\/2025\/12\/person-wearing-headphones-learning-languages.webp","datePublished":"2025-07-01T22:00:52+00:00","description":"A francia nyelvtanban a nominales tagmondatok (franci\u00e1ul: \"propositions nominales\") kulcsfontoss\u00e1g\u00fa szerepet t\u00f6ltenek be mind a h\u00e9tk\u00f6znapi","breadcrumb":{"@id":"https:\/\/talkpal.ai\/hu\/grammar\/nominales-tagmondatok-a-francia-nyelvtanban\/#breadcrumb"},"inLanguage":"hu","potentialAction":[{"@type":"ReadAction","target":["https:\/\/talkpal.ai\/hu\/grammar\/nominales-tagmondatok-a-francia-nyelvtanban\/"]}]},{"@type":"ImageObject","inLanguage":"hu","@id":"https:\/\/talkpal.ai\/hu\/grammar\/nominales-tagmondatok-a-francia-nyelvtanban\/#primaryimage","url":"https:\/\/talkpal.ai\/wp-content\/uploads\/2025\/12\/person-wearing-headphones-learning-languages.webp","contentUrl":"https:\/\/talkpal.ai\/wp-content\/uploads\/2025\/12\/person-wearing-headphones-learning-languages.webp","width":1200,"height":896,"caption":"A young person wearing headphones writes in a notebook at a desk while learning languages in a bright hall."},{"@type":"BreadcrumbList","@id":"https:\/\/talkpal.ai\/hu\/grammar\/nominales-tagmondatok-a-francia-nyelvtanban\/#breadcrumb","itemListElement":[{"@type":"ListItem","position":1,"name":"Homepage","item":"https:\/\/talkpal.ai\/hu\/"},{"@type":"ListItem","position":2,"name":"Nominales tagmondatok a francia nyelvtanban"}]},{"@type":"WebSite","@id":"https:\/\/talkpal.ai\/hu\/#website","url":"https:\/\/talkpal.ai\/hu\/","name":"Talkpal","description":"AI Language Learning","publisher":{"@id":"https:\/\/talkpal.ai\/hu\/#organization"},"alternateName":"Talkpal AI","potentialAction":[{"@type":"SearchAction","target":{"@type":"EntryPoint","urlTemplate":"https:\/\/talkpal.ai\/hu\/?s={search_term_string}"},"query-input":{"@type":"PropertyValueSpecification","valueRequired":true,"valueName":"search_term_string"}}],"inLanguage":"hu"},{"@type":"Organization","@id":"https:\/\/talkpal.ai\/hu\/#organization","name":"Talkpal, Inc.","alternateName":"Talkpal AI","url":"https:\/\/talkpal.ai\/hu\/","logo":{"@type":"ImageObject","inLanguage":"hu","@id":"https:\/\/talkpal.ai\/hu\/#\/schema\/logo\/image\/","url":"https:\/\/talkpal.ai\/wp-content\/uploads\/2024\/03\/Talkpal-Logo-Icon.png","contentUrl":"https:\/\/talkpal.ai\/wp-content\/uploads\/2024\/03\/Talkpal-Logo-Icon.png","width":2880,"height":2880,"caption":"Talkpal, Inc."},"image":{"@id":"https:\/\/talkpal.ai\/hu\/#\/schema\/logo\/image\/"},"sameAs":["https:\/\/www.facebook.com\/profile.php?id=100090733639311","https:\/\/x.com\/talkpalai","https:\/\/www.linkedin.com\/company\/talkpal\/","https:\/\/www.youtube.com\/@TalkPal\/","https:\/\/www.tiktok.com\/@talkpal","https:\/\/www.instagram.com\/talkpal_ai\/","https:\/\/www.crunchbase.com\/organization\/talkpal-9cde","https:\/\/www.g2.com\/products\/talkpal-for-business\/","https:\/\/www.trustpilot.com\/review\/talkpal.ai","https:\/\/www.capterra.com\/p\/10006800\/TalkPal\/"],"description":"Talkpal is a language learning web and mobile education app, powered by the latest AI technologies, that provides engaging experiences to its customers in many different languages to help them improve their language skills. Users can chat about unlimited amount of topics with the app and use other modes to practice their language learning.","email":"support@talkpal.ai","legalName":"Talkpal, Inc.","foundingDate":"2023-04-03","duns":"118989042","numberOfEmployees":{"@type":"QuantitativeValue","minValue":"11","maxValue":"50"},"publishingPrinciples":"https:\/\/talkpal.ai\/publishing-principles\/","actionableFeedbackPolicy":"https:\/\/talkpal.ai\/actionable-feedback-policy\/","correctionsPolicy":"https:\/\/talkpal.ai\/corrections-policy\/","ethicsPolicy":"https:\/\/talkpal.ai\/ethics-policy\/","diversityPolicy":"https:\/\/talkpal.ai\/diversity-policy\/","diversityStaffingReport":"https:\/\/talkpal.ai\/diversity-policy\/"}]}},"_links":{"self":[{"href":"https:\/\/talkpal.ai\/hu\/wp-json\/wp\/v2\/grammar\/1078855","targetHints":{"allow":["GET"]}}],"collection":[{"href":"https:\/\/talkpal.ai\/hu\/wp-json\/wp\/v2\/grammar"}],"about":[{"href":"https:\/\/talkpal.ai\/hu\/wp-json\/wp\/v2\/types\/grammar"}],"wp:featuredmedia":[{"embeddable":true,"href":"https:\/\/talkpal.ai\/hu\/wp-json\/wp\/v2\/media\/1527870"}],"wp:attachment":[{"href":"https:\/\/talkpal.ai\/hu\/wp-json\/wp\/v2\/media?parent=1078855"}],"wp:term":[{"taxonomy":"language","embeddable":true,"href":"https:\/\/talkpal.ai\/hu\/wp-json\/wp\/v2\/language?post=1078855"}],"curies":[{"name":"wp","href":"https:\/\/api.w.org\/{rel}","templated":true}]}}