{"id":1078852,"date":"2025-07-01T22:00:24","date_gmt":"2025-07-01T22:00:24","guid":{"rendered":"https:\/\/talkpal.ai\/grammar\/adverbiales-mellekmondatok-a-francia-nyelvtanban\/"},"modified":"2025-07-01T22:00:24","modified_gmt":"2025-07-01T22:00:24","slug":"adverbiales-mellekmondatok-a-francia-nyelvtanban","status":"publish","type":"grammar","link":"https:\/\/talkpal.ai\/hu\/grammar\/adverbiales-mellekmondatok-a-francia-nyelvtanban\/","title":{"rendered":"Adverbiales mell\u00e9kmondatok a francia nyelvtanban"},"content":{"rendered":"<p>A <a href=\"https:\/\/talkpal.ai\/hu\/grammar\/passe-egyszeru-a-francia-nyelvtanban\/\">francia nyelvtan<\/a> egyik legizgalmasabb \u00e9s leg\u00f6sszetettebb ter\u00fclete a mell\u00e9kmondatok haszn\u00e1lata, k\u00fcl\u00f6n\u00f6sen az adverbiales mell\u00e9kmondatok (franci\u00e1ul: propositions subordonn\u00e9es circonstancielles). Ezek a mondatr\u00e9szek kulcsfontoss\u00e1g\u00faak a g\u00f6rd\u00fcl\u00e9keny, term\u00e9szetes sz\u00f6vegalkot\u00e1shoz \u00e9s a <a href=\"https:\/\/talkpal.ai\/hu\/tanuljon-franciaul\/\">francia nyelv<\/a> magasabb szint\u0171 elsaj\u00e1t\u00edt\u00e1s\u00e1hoz. Az adverbiales mell\u00e9kmondatok r\u00e9v\u00e9n pontosabban fejezhetj\u00fck ki az id\u0151t, okot, c\u00e9lt, felt\u00e9telt \u00e9s egy\u00e9b k\u00f6r\u00fclm\u00e9nyeket. Aki szeretn\u00e9 t\u00f6k\u00e9letesen elsaj\u00e1t\u00edtani a <a href=\"https:\/\/talkpal.ai\/learn-french\/\">francia<\/a> nyelv ezen aspektus\u00e1t, annak a rendszeres gyakorl\u00e1s elengedhetetlen \u2013 p\u00e9ld\u00e1ul a <a href=\"https:\/\/talkpal.ai\/ko\/ai-%ec%96%b8%ec%96%b4-%ea%b5%90%ec%82%ac\/\">Talkpal<\/a> seg\u00edts\u00e9g\u00e9vel, amely kiv\u00e1l\u00f3 lehet\u0151s\u00e9get k\u00edn\u00e1l az adverbiales mell\u00e9kmondatok gyakorl\u00e1s\u00e1ra \u00e9s elm\u00e9ly\u00edt\u00e9s\u00e9re.<\/p>\n<h2>Mi az adverbiales mell\u00e9kmondat a francia nyelvtanban?<\/h2>\n<p>Az adverbiales mell\u00e9kmondatok a f\u0151mondatban kifejezett cselekm\u00e9ny vagy \u00e1llapot k\u00f6r\u00fclm\u00e9nyeit pontos\u00edtj\u00e1k. A neve is arra utal, hogy ezek a mell\u00e9kmondatok hasonl\u00f3 funkci\u00f3t t\u00f6ltenek be, mint a hat\u00e1roz\u00f3k (adverbiumok) \u2013 vagyis meghat\u00e1rozz\u00e1k az esem\u00e9ny id\u0151pontj\u00e1t, hely\u00e9t, ok\u00e1t, c\u00e9lj\u00e1t, m\u00f3dj\u00e1t, felt\u00e9tel\u00e9t stb.<\/p>\n<h3>Az adverbiales mell\u00e9kmondatok f\u0151bb t\u00edpusai<\/h3>\n<p>A francia nyelvben az adverbiales mell\u00e9kmondatok t\u00f6bb kateg\u00f3ri\u00e1ba sorolhat\u00f3k, att\u00f3l f\u00fcgg\u0151en, hogy milyen k\u00f6r\u00fclm\u00e9nyt fejeznek ki:<\/p>\n<ul>\n<li><strong>Id\u0151hat\u00e1roz\u00f3i mell\u00e9kmondat (proposition subordonn\u00e9e circonstancielle de temps):<\/strong> az esem\u00e9ny id\u0151pontj\u00e1t vagy id\u0151tartam\u00e1t pontos\u00edtja.<\/li>\n<li><strong>Okhat\u00e1roz\u00f3i mell\u00e9kmondat (proposition subordonn\u00e9e circonstancielle de cause):<\/strong> megmagyar\u00e1zza, mi\u00e9rt t\u00f6rt\u00e9nt valami.<\/li>\n<li><strong>C\u00e9lhat\u00e1roz\u00f3i mell\u00e9kmondat (proposition subordonn\u00e9e circonstancielle de but):<\/strong> azt fejezi ki, hogy mi a cselekv\u00e9s c\u00e9lja.<\/li>\n<li><strong>Felt\u00e9teles mell\u00e9kmondat (proposition subordonn\u00e9e circonstancielle de condition):<\/strong> felt\u00e9teleket szab meg a f\u0151mondatban foglalt esem\u00e9ny bek\u00f6vetkezt\u00e9hez.<\/li>\n<li><strong>Enged\u0151 mell\u00e9kmondat (proposition subordonn\u00e9e circonstancielle de concession):<\/strong> ellent\u00e9tes t\u00e9nyt vagy k\u00f6r\u00fclm\u00e9nyt ad meg.<\/li>\n<li><strong>K\u00f6vetkezm\u00e9nyt kifejez\u0151 mell\u00e9kmondat (proposition subordonn\u00e9e circonstancielle de cons\u00e9quence):<\/strong> a f\u0151mondat k\u00f6vetkezm\u00e9ny\u00e9t mutatja be.<\/li>\n<li><strong>\u00d6sszehasonl\u00edt\u00f3 mell\u00e9kmondat (proposition subordonn\u00e9e circonstancielle de comparaison):<\/strong> \u00f6sszehasonl\u00edt\u00e1st v\u00e9gez a f\u0151mondatban kifejezett cselekv\u00e9ssel.<\/li>\n<li><strong>Felt\u00e9telez\u0151 vagy felt\u00e9teles mell\u00e9kmondat (proposition subordonn\u00e9e circonstancielle d\u2019hypoth\u00e8se):<\/strong> felt\u00e9telez\u00e9sen alapul\u00f3 mell\u00e9kmondat.<\/li>\n<\/ul>\n<h2>Az adverbiales mell\u00e9kmondatok szerkezete a francia nyelvben<\/h2>\n<p>Az adverbiales mell\u00e9kmondatok \u00e1ltal\u00e1ban k\u00f6t\u0151sz\u00f3val kapcsol\u00f3dnak a f\u0151mondathoz. Ezek a k\u00f6t\u0151szavak (conjonctions de subordination) meghat\u00e1rozz\u00e1k, hogy milyen t\u00edpus\u00fa k\u00f6r\u00fclm\u00e9nyt fejez ki a mell\u00e9kmondat.<\/p>\n<h3>Gyakori k\u00f6t\u0151szavak az adverbiales mell\u00e9kmondatokban<\/h3>\n<ul>\n<li><strong>Id\u0151:<\/strong> quand, lorsque, d\u00e8s que, aussit\u00f4t que, avant que, apr\u00e8s que, pendant que, jusqu\u2019\u00e0 ce que<\/li>\n<li><strong>Ok:<\/strong> parce que, puisque, comme, \u00e9tant donn\u00e9 que, du fait que<\/li>\n<li><strong>C\u00e9l:<\/strong> pour que, afin que, de peur que, de sorte que<\/li>\n<li><strong>Felt\u00e9tel:<\/strong> si, \u00e0 condition que, pourvu que, \u00e0 moins que<\/li>\n<li><strong>Enged\u0151:<\/strong> bien que, quoique, m\u00eame si<\/li>\n<li><strong>K\u00f6vetkezm\u00e9ny:<\/strong> si bien que, de sorte que, tellement que<\/li>\n<li><strong>\u00d6sszehasonl\u00edt\u00e1s:<\/strong> comme, ainsi que, autant que, de m\u00eame que<\/li>\n<\/ul>\n<h2>Az egyes t\u00edpusok r\u00e9szletes bemutat\u00e1sa p\u00e9ld\u00e1kkal<\/h2>\n<h3>Id\u0151hat\u00e1roz\u00f3i mell\u00e9kmondatok<\/h3>\n<p>Az id\u0151hat\u00e1roz\u00f3i mell\u00e9kmondatok tipikusan azt mutatj\u00e1k be, mikor k\u00f6vetkezik be a f\u0151mondatban le\u00edrt esem\u00e9ny. A leggyakoribb k\u00f6t\u0151szavak: <em>quand<\/em> (amikor), <em>lorsque<\/em> (amikor), <em>d\u00e8s que<\/em> (amint), <em>avant que<\/em> (miel\u0151tt), <em>jusqu\u2019\u00e0 ce que<\/em> (am\u00edg).<\/p>\n<ul>\n<li><strong>Quand il arrive, nous partons.<\/strong> (Amikor meg\u00e9rkezik, mi elindulunk.)<\/li>\n<li><strong>Je t\u2019appellerai d\u00e8s que j\u2019aurai termin\u00e9.<\/strong> (Felh\u00edvlak, amint befejeztem.)<\/li>\n<li><strong>Attends ici jusqu\u2019\u00e0 ce que je revienne.<\/strong> (V\u00e1rj itt, am\u00edg visszaj\u00f6v\u00f6k.)<\/li>\n<\/ul>\n<h3>Okhat\u00e1roz\u00f3i mell\u00e9kmondatok<\/h3>\n<p>Az okot kifejez\u0151 mell\u00e9kmondatok megmagyar\u00e1zz\u00e1k a f\u0151mondatban le\u00edrt esem\u00e9ny mi\u00e9rtj\u00e9t.<\/p>\n<ul>\n<li><strong>Je suis parti parce qu\u2019il pleuvait.<\/strong> (Elmentem, mert esett az es\u0151.)<\/li>\n<li><strong>Comme tu es ici, nous pouvons commencer.<\/strong> (Mivel itt vagy, elkezdhetj\u00fck.)<\/li>\n<\/ul>\n<h3>C\u00e9lhat\u00e1roz\u00f3i mell\u00e9kmondatok<\/h3>\n<p>A c\u00e9lhat\u00e1roz\u00f3i mell\u00e9kmondatok c\u00e9lokat fejeznek ki, gyakran k\u00f6t\u0151szavakkal, mint <em>pour que<\/em>, <em>afin que<\/em>.<\/p>\n<ul>\n<li><strong>Je t\u2019\u00e9cris pour que tu saches la v\u00e9rit\u00e9.<\/strong> (\u00cdrok neked, hogy tudd az igazs\u00e1got.)<\/li>\n<li><strong>Nous \u00e9tudions afin que nous r\u00e9ussissions l\u2019examen.<\/strong> (Tanulunk, hogy siker\u00fclj\u00f6n a vizsga.)<\/li>\n<\/ul>\n<h3>Felt\u00e9teles mell\u00e9kmondatok<\/h3>\n<p>A felt\u00e9teles mell\u00e9kmondatok a f\u0151mondatban kifejezett esem\u00e9ny felt\u00e9tel\u00e9t szabj\u00e1k meg. Kulcsszavak: <em>si<\/em> (ha), <em>\u00e0 condition que<\/em> (azzal a felt\u00e9tellel, hogy), <em>pourvu que<\/em> (felt\u00e9ve, ha).<\/p>\n<ul>\n<li><strong>Si tu viens, je serai heureux.<\/strong> (Ha j\u00f6ssz, boldog leszek.)<\/li>\n<li><strong>Je sortirai \u00e0 condition qu\u2019il fasse beau.<\/strong> (Kimegyek, felt\u00e9ve, ha j\u00f3 id\u0151 lesz.)<\/li>\n<\/ul>\n<h3>Enged\u0151 mell\u00e9kmondatok<\/h3>\n<p>Ezek a mell\u00e9kmondatok egy ellent\u00e9tes t\u00e9nyt fejeznek ki, a f\u0151mondatban le\u00edrtakkal szemben.<\/p>\n<ul>\n<li><strong>Bien qu\u2019il soit tard, il continue \u00e0 travailler.<\/strong> (B\u00e1r k\u00e9s\u0151 <a href=\"https:\/\/talkpal.ai\/locations\/language-courses-in-van\/\">van<\/a>, tov\u00e1bb dolgozik.)<\/li>\n<li><strong>Quoique fatigu\u00e9, il a termin\u00e9 le projet.<\/strong> (B\u00e1r f\u00e1radt volt, befejezte a projektet.)<\/li>\n<\/ul>\n<h3>K\u00f6vetkezm\u00e9nyt kifejez\u0151 mell\u00e9kmondatok<\/h3>\n<p>A k\u00f6vetkezm\u00e9nyt kifejez\u0151 mell\u00e9kmondatok a f\u0151mondatban kifejezett cselekv\u00e9s eredm\u00e9ny\u00e9t mutatj\u00e1k.<\/p>\n<ul>\n<li><strong>Il a tellement travaill\u00e9 qu\u2019il est tomb\u00e9 malade.<\/strong> (Annyit dolgozott, hogy megbetegedett.)<\/li>\n<li><strong>Il pleuvait si fort que nous sommes rest\u00e9s \u00e0 la maison.<\/strong> (Olyan er\u0151sen esett, hogy otthon maradtunk.)<\/li>\n<\/ul>\n<h3>\u00d6sszehasonl\u00edt\u00f3 mell\u00e9kmondatok<\/h3>\n<p>Az \u00f6sszehasonl\u00edt\u00f3 mell\u00e9kmondatok a f\u0151mondatban le\u00edrt esem\u00e9nyt vagy tulajdons\u00e1got hasonl\u00edtj\u00e1k valami m\u00e1shoz.<\/p>\n<ul>\n<li><strong>Il court plus vite que je ne le pensais.<\/strong> (Gyorsabban fut, mint gondoltam.)<\/li>\n<li><strong>Elle travaille aussi bien que son fr\u00e8re.<\/strong> (Olyan <a href=\"https:\/\/talkpal.ai\/talkpal-christmas-discount\/\">j\u00f3l<\/a> dolgozik, mint a b\u00e1tyja.)<\/li>\n<\/ul>\n<h2>Az adverbiales mell\u00e9kmondatok helyes haszn\u00e1lata: tippek \u00e9s gyakori hib\u00e1k<\/h2>\n<h3>Helyes k\u00f6t\u0151sz\u00f3v\u00e1laszt\u00e1s<\/h3>\n<p>Az egyik leggyakoribb hiba, ha nem a megfelel\u0151 k\u00f6t\u0151sz\u00f3t v\u00e1lasztjuk. Figyelj\u00fcnk a k\u00f6t\u0151sz\u00f3k pontos jelent\u00e9s\u00e9re \u00e9s haszn\u00e1lat\u00e1ra, mert p\u00e9ld\u00e1ul a <em>pour que<\/em> mindig subjunkt\u00edvot vonz, m\u00edg a <em>parce que<\/em> indikativot.<\/p>\n<h3>Ig\u00e9k m\u00f3dja: indikativ vagy subjunktiv?<\/h3>\n<p>&#8211; Bizonyos k\u00f6t\u0151szavak ut\u00e1n mindig subjunkt\u00edv m\u00f3d \u00e1ll (pl. <em>avant que, pour que, afin que, bien que<\/em>).<br \/>\n&#8211; M\u00e1sok ut\u00e1n indikativ (pl. <em>parce que, puisque, quand<\/em>).<br \/>\n&#8211; Hib\u00e1s, ha nem a megfelel\u0151 igeid\u0151t vagy m\u00f3dot haszn\u00e1ljuk.<\/p>\n<h3>Sz\u00f3rend \u00e9s mondatszerkeszt\u00e9s<\/h3>\n<p>&#8211; A francia mondatszerkezet szigor\u00fabb, mint a magyar, ez\u00e9rt k\u00fcl\u00f6n\u00f6sen fontos a k\u00f6t\u0151sz\u00f3 ut\u00e1n a megfelel\u0151 alany \u00e9s igehaszn\u00e1lat.<br \/>\n&#8211; Ker\u00fclj\u00fck a magyaros sz\u00f3 szerinti ford\u00edt\u00e1st!<\/p>\n<h2>Mi\u00e9rt fontos az adverbiales mell\u00e9kmondatok helyes haszn\u00e1lata?<\/h2>\n<p>Az adverbiales mell\u00e9kmondatok elsaj\u00e1t\u00edt\u00e1sa elengedhetetlen a magas szint\u0171 francia nyelvtud\u00e1shoz. Ezek seg\u00edts\u00e9g\u00e9vel:<\/p>\n<ul>\n<li>Term\u00e9szetesebben \u00e9s \u00e1rnyaltabban tudunk kommunik\u00e1lni franci\u00e1ul.<\/li>\n<li>Pontosabban fejezhetj\u00fck ki gondolatainkat, \u00e9rz\u00e9seinket, sz\u00e1nd\u00e9kainkat.<\/li>\n<li>Jobban meg\u00e9rtj\u00fck a francia anyanyelv\u0171ek besz\u00e9d\u00e9t, \u00edrott sz\u00f6vegeit.<\/li>\n<li>Felv\u00e9rtez minket a nyelvvizsg\u00e1k, \u00e9retts\u00e9gi vagy szakmai kommunik\u00e1ci\u00f3 kih\u00edv\u00e1saira.<\/li>\n<\/ul>\n<h2>Hogyan gyakoroljuk az adverbiales mell\u00e9kmondatokat hat\u00e9konyan?<\/h2>\n<h3>1. Tanuljunk p\u00e9ldamondatokon kereszt\u00fcl<\/h3>\n<p>A p\u00e9ldamondatok memoriz\u00e1l\u00e1sa \u00e9s elemz\u00e9se seg\u00edt a szerkezetek r\u00f6gz\u00fcl\u00e9s\u00e9ben.<\/p>\n<h3>2. Gyakoroljunk rendszeresen<\/h3>\n<p>A rendszeres ism\u00e9tl\u00e9s, ak\u00e1r napi 5-10 mondat \u00e1t\u00edr\u00e1s\u00e1val, hossz\u00fa t\u00e1von magabiztoss\u00e1 tesz.<\/p>\n<h3>3. Haszn\u00e1ljuk a digit\u00e1lis eszk\u00f6z\u00f6ket<\/h3>\n<p>A Talkpal alkalmaz\u00e1s p\u00e9ld\u00e1ul kiv\u00e1l\u00f3 lehet\u0151s\u00e9g interakt\u00edv mondat\u00e9p\u00edt\u00e9si gyakorlatokra, ahol visszacsatol\u00e1st kapunk a helyes szerkezetek haszn\u00e1lat\u00e1r\u00f3l.<\/p>\n<h3>4. Figyelj\u00fcnk az igeid\u0151re \u00e9s m\u00f3dra<\/h3>\n<p>Mindig ellen\u0151rizz\u00fck, hogy a k\u00f6t\u0151sz\u00f3 ut\u00e1n helyes-e az igeid\u0151 \u00e9s a m\u00f3d (indikativ vagy subjunktiv).<\/p>\n<h3>5. \u00cdrjunk saj\u00e1t mondatokat<\/h3>\n<p>A tanult k\u00f6t\u0151szavakat tudatosan \u00e9p\u00edts\u00fck be saj\u00e1t sz\u00f6vegeinkbe, fogalmaz\u00e1sainkba.<\/p>\n<h2>\u00d6sszegz\u00e9s: Adverbiales mell\u00e9kmondatok a francia nyelvtanban<\/h2>\n<p>Az adverbiales mell\u00e9kmondatok a francia nyelvtanban kiemelked\u0151en fontosak a pontos, \u00e1rnyalt kifejez\u00e9shez. Ismeret\u00fck lehet\u0151v\u00e9 teszi, hogy magabiztosan \u00e9s v\u00e1laszt\u00e9kosan kommunik\u00e1ljunk, ak\u00e1r sz\u00f3ban, ak\u00e1r \u00edr\u00e1sban. A k\u00f6t\u0151szavak \u00e9s igeid\u0151k helyes haszn\u00e1lata kulcsfontoss\u00e1g\u00fa, ez\u00e9rt \u00e9rdemes a tanul\u00e1st p\u00e9ldamondatokkal, rendszeres gyakorl\u00e1ssal, digit\u00e1lis eszk\u00f6z\u00f6k, p\u00e9ld\u00e1ul a Talkpal seg\u00edts\u00e9g\u00e9vel t\u00e1mogatni. Az adverbiales mell\u00e9kmondatok elsaj\u00e1t\u00edt\u00e1sa minden francia nyelvtanul\u00f3 sz\u00e1m\u00e1ra elengedhetetlen l\u00e9p\u00e9s a magasabb szint\u0171 nyelvtud\u00e1s fel\u00e9.<\/p>\n","protected":false},"featured_media":1527967,"template":"","language":[12300,12322],"class_list":["post-1078852","grammar","type-grammar","status-publish","has-post-thumbnail","hentry","language-francia","language-mondatszerkezet-francia-nyelvtan"],"acf":[],"yoast_head":"<!-- This site is optimized with the Yoast SEO Premium plugin v27.2 (Yoast SEO v27.2) - https:\/\/yoast.com\/product\/yoast-seo-premium-wordpress\/ -->\n<title>Adverbiales mell\u00e9kmondatok a francia nyelvtanban - Talkpal<\/title>\n<meta name=\"description\" content=\"A francia nyelvtan egyik legizgalmasabb \u00e9s leg\u00f6sszetettebb ter\u00fclete a mell\u00e9kmondatok haszn\u00e1lata, k\u00fcl\u00f6n\u00f6sen az adverbiales mell\u00e9kmondatok (franci\u00e1ul:\" \/>\n<meta name=\"robots\" content=\"index, follow, max-snippet:-1, max-image-preview:large, max-video-preview:-1\" \/>\n<link rel=\"canonical\" href=\"https:\/\/talkpal.ai\/hu\/grammar\/adverbiales-mellekmondatok-a-francia-nyelvtanban\/\" \/>\n<meta property=\"og:locale\" content=\"hu_HU\" \/>\n<meta property=\"og:type\" content=\"article\" \/>\n<meta property=\"og:title\" content=\"Adverbiales mell\u00e9kmondatok a francia nyelvtanban\" \/>\n<meta property=\"og:description\" content=\"A francia nyelvtan egyik legizgalmasabb \u00e9s leg\u00f6sszetettebb ter\u00fclete a mell\u00e9kmondatok haszn\u00e1lata, k\u00fcl\u00f6n\u00f6sen az adverbiales mell\u00e9kmondatok (franci\u00e1ul:\" \/>\n<meta property=\"og:url\" content=\"https:\/\/talkpal.ai\/hu\/grammar\/adverbiales-mellekmondatok-a-francia-nyelvtanban\/\" \/>\n<meta property=\"og:site_name\" content=\"Talkpal\" \/>\n<meta property=\"article:publisher\" content=\"https:\/\/www.facebook.com\/profile.php?id=100090733639311\" \/>\n<meta property=\"og:image\" content=\"https:\/\/talkpal.ai\/wp-content\/uploads\/2025\/02\/Progress-tab-16_9.png\" \/>\n\t<meta property=\"og:image:width\" content=\"2880\" \/>\n\t<meta property=\"og:image:height\" content=\"1620\" \/>\n\t<meta property=\"og:image:type\" content=\"image\/png\" \/>\n<meta name=\"twitter:card\" content=\"summary_large_image\" \/>\n<meta name=\"twitter:site\" content=\"@talkpalai\" \/>\n<meta name=\"twitter:label1\" content=\"Becs\u00fclt olvas\u00e1si id\u0151\" \/>\n\t<meta name=\"twitter:data1\" content=\"7 perc\" \/>\n<script type=\"application\/ld+json\" class=\"yoast-schema-graph\">{\"@context\":\"https:\/\/schema.org\",\"@graph\":[{\"@type\":\"WebPage\",\"@id\":\"https:\/\/talkpal.ai\/hu\/grammar\/adverbiales-mellekmondatok-a-francia-nyelvtanban\/\",\"url\":\"https:\/\/talkpal.ai\/hu\/grammar\/adverbiales-mellekmondatok-a-francia-nyelvtanban\/\",\"name\":\"Adverbiales mell\u00e9kmondatok a francia nyelvtanban - Talkpal\",\"isPartOf\":{\"@id\":\"https:\/\/talkpal.ai\/hu\/#website\"},\"primaryImageOfPage\":{\"@id\":\"https:\/\/talkpal.ai\/hu\/grammar\/adverbiales-mellekmondatok-a-francia-nyelvtanban\/#primaryimage\"},\"image\":{\"@id\":\"https:\/\/talkpal.ai\/hu\/grammar\/adverbiales-mellekmondatok-a-francia-nyelvtanban\/#primaryimage\"},\"thumbnailUrl\":\"https:\/\/talkpal.ai\/wp-content\/uploads\/2025\/12\/students-sharing-notes-to-learn-languages.webp\",\"datePublished\":\"2025-07-01T22:00:24+00:00\",\"description\":\"A francia nyelvtan egyik legizgalmasabb \u00e9s leg\u00f6sszetettebb ter\u00fclete a mell\u00e9kmondatok haszn\u00e1lata, k\u00fcl\u00f6n\u00f6sen az adverbiales mell\u00e9kmondatok (franci\u00e1ul:\",\"breadcrumb\":{\"@id\":\"https:\/\/talkpal.ai\/hu\/grammar\/adverbiales-mellekmondatok-a-francia-nyelvtanban\/#breadcrumb\"},\"inLanguage\":\"hu\",\"potentialAction\":[{\"@type\":\"ReadAction\",\"target\":[\"https:\/\/talkpal.ai\/hu\/grammar\/adverbiales-mellekmondatok-a-francia-nyelvtanban\/\"]}]},{\"@type\":\"ImageObject\",\"inLanguage\":\"hu\",\"@id\":\"https:\/\/talkpal.ai\/hu\/grammar\/adverbiales-mellekmondatok-a-francia-nyelvtanban\/#primaryimage\",\"url\":\"https:\/\/talkpal.ai\/wp-content\/uploads\/2025\/12\/students-sharing-notes-to-learn-languages.webp\",\"contentUrl\":\"https:\/\/talkpal.ai\/wp-content\/uploads\/2025\/12\/students-sharing-notes-to-learn-languages.webp\",\"width\":1200,\"height\":896,\"caption\":\"Diverse students sit together at a table and share notes while focused on learning languages.\"},{\"@type\":\"BreadcrumbList\",\"@id\":\"https:\/\/talkpal.ai\/hu\/grammar\/adverbiales-mellekmondatok-a-francia-nyelvtanban\/#breadcrumb\",\"itemListElement\":[{\"@type\":\"ListItem\",\"position\":1,\"name\":\"Homepage\",\"item\":\"https:\/\/talkpal.ai\/hu\/\"},{\"@type\":\"ListItem\",\"position\":2,\"name\":\"Adverbiales mell\u00e9kmondatok a francia nyelvtanban\"}]},{\"@type\":\"WebSite\",\"@id\":\"https:\/\/talkpal.ai\/hu\/#website\",\"url\":\"https:\/\/talkpal.ai\/hu\/\",\"name\":\"Talkpal\",\"description\":\"AI Language Learning\",\"publisher\":{\"@id\":\"https:\/\/talkpal.ai\/hu\/#organization\"},\"alternateName\":\"Talkpal AI\",\"potentialAction\":[{\"@type\":\"SearchAction\",\"target\":{\"@type\":\"EntryPoint\",\"urlTemplate\":\"https:\/\/talkpal.ai\/hu\/?s={search_term_string}\"},\"query-input\":{\"@type\":\"PropertyValueSpecification\",\"valueRequired\":true,\"valueName\":\"search_term_string\"}}],\"inLanguage\":\"hu\"},{\"@type\":\"Organization\",\"@id\":\"https:\/\/talkpal.ai\/hu\/#organization\",\"name\":\"Talkpal, Inc.\",\"alternateName\":\"Talkpal AI\",\"url\":\"https:\/\/talkpal.ai\/hu\/\",\"logo\":{\"@type\":\"ImageObject\",\"inLanguage\":\"hu\",\"@id\":\"https:\/\/talkpal.ai\/hu\/#\/schema\/logo\/image\/\",\"url\":\"https:\/\/talkpal.ai\/wp-content\/uploads\/2024\/03\/Talkpal-Logo-Icon.png\",\"contentUrl\":\"https:\/\/talkpal.ai\/wp-content\/uploads\/2024\/03\/Talkpal-Logo-Icon.png\",\"width\":2880,\"height\":2880,\"caption\":\"Talkpal, Inc.\"},\"image\":{\"@id\":\"https:\/\/talkpal.ai\/hu\/#\/schema\/logo\/image\/\"},\"sameAs\":[\"https:\/\/www.facebook.com\/profile.php?id=100090733639311\",\"https:\/\/x.com\/talkpalai\",\"https:\/\/www.linkedin.com\/company\/talkpal\/\",\"https:\/\/www.youtube.com\/@TalkPal\/\",\"https:\/\/www.tiktok.com\/@talkpal\",\"https:\/\/www.instagram.com\/talkpal_ai\/\",\"https:\/\/www.crunchbase.com\/organization\/talkpal-9cde\",\"https:\/\/www.g2.com\/products\/talkpal-for-business\/\",\"https:\/\/www.trustpilot.com\/review\/talkpal.ai\",\"https:\/\/www.capterra.com\/p\/10006800\/TalkPal\/\"],\"description\":\"Talkpal is a language learning web and mobile education app, powered by the latest AI technologies, that provides engaging experiences to its customers in many different languages to help them improve their language skills. Users can chat about unlimited amount of topics with the app and use other modes to practice their language learning.\",\"email\":\"support@talkpal.ai\",\"legalName\":\"Talkpal, Inc.\",\"foundingDate\":\"2023-04-03\",\"duns\":\"118989042\",\"numberOfEmployees\":{\"@type\":\"QuantitativeValue\",\"minValue\":\"11\",\"maxValue\":\"50\"},\"publishingPrinciples\":\"https:\/\/talkpal.ai\/publishing-principles\/\",\"actionableFeedbackPolicy\":\"https:\/\/talkpal.ai\/actionable-feedback-policy\/\",\"correctionsPolicy\":\"https:\/\/talkpal.ai\/corrections-policy\/\",\"ethicsPolicy\":\"https:\/\/talkpal.ai\/ethics-policy\/\",\"diversityPolicy\":\"https:\/\/talkpal.ai\/diversity-policy\/\",\"diversityStaffingReport\":\"https:\/\/talkpal.ai\/diversity-policy\/\"}]}<\/script>\n<!-- \/ Yoast SEO Premium plugin. -->","yoast_head_json":{"title":"Adverbiales mell\u00e9kmondatok a francia nyelvtanban - Talkpal","description":"A francia nyelvtan egyik legizgalmasabb \u00e9s leg\u00f6sszetettebb ter\u00fclete a mell\u00e9kmondatok haszn\u00e1lata, k\u00fcl\u00f6n\u00f6sen az adverbiales mell\u00e9kmondatok (franci\u00e1ul:","robots":{"index":"index","follow":"follow","max-snippet":"max-snippet:-1","max-image-preview":"max-image-preview:large","max-video-preview":"max-video-preview:-1"},"canonical":"https:\/\/talkpal.ai\/hu\/grammar\/adverbiales-mellekmondatok-a-francia-nyelvtanban\/","og_locale":"hu_HU","og_type":"article","og_title":"Adverbiales mell\u00e9kmondatok a francia nyelvtanban","og_description":"A francia nyelvtan egyik legizgalmasabb \u00e9s leg\u00f6sszetettebb ter\u00fclete a mell\u00e9kmondatok haszn\u00e1lata, k\u00fcl\u00f6n\u00f6sen az adverbiales mell\u00e9kmondatok (franci\u00e1ul:","og_url":"https:\/\/talkpal.ai\/hu\/grammar\/adverbiales-mellekmondatok-a-francia-nyelvtanban\/","og_site_name":"Talkpal","article_publisher":"https:\/\/www.facebook.com\/profile.php?id=100090733639311","og_image":[{"width":2880,"height":1620,"url":"https:\/\/talkpal.ai\/wp-content\/uploads\/2025\/02\/Progress-tab-16_9.png","type":"image\/png"}],"twitter_card":"summary_large_image","twitter_site":"@talkpalai","twitter_misc":{"Becs\u00fclt olvas\u00e1si id\u0151":"7 perc"},"schema":{"@context":"https:\/\/schema.org","@graph":[{"@type":"WebPage","@id":"https:\/\/talkpal.ai\/hu\/grammar\/adverbiales-mellekmondatok-a-francia-nyelvtanban\/","url":"https:\/\/talkpal.ai\/hu\/grammar\/adverbiales-mellekmondatok-a-francia-nyelvtanban\/","name":"Adverbiales mell\u00e9kmondatok a francia nyelvtanban - Talkpal","isPartOf":{"@id":"https:\/\/talkpal.ai\/hu\/#website"},"primaryImageOfPage":{"@id":"https:\/\/talkpal.ai\/hu\/grammar\/adverbiales-mellekmondatok-a-francia-nyelvtanban\/#primaryimage"},"image":{"@id":"https:\/\/talkpal.ai\/hu\/grammar\/adverbiales-mellekmondatok-a-francia-nyelvtanban\/#primaryimage"},"thumbnailUrl":"https:\/\/talkpal.ai\/wp-content\/uploads\/2025\/12\/students-sharing-notes-to-learn-languages.webp","datePublished":"2025-07-01T22:00:24+00:00","description":"A francia nyelvtan egyik legizgalmasabb \u00e9s leg\u00f6sszetettebb ter\u00fclete a mell\u00e9kmondatok haszn\u00e1lata, k\u00fcl\u00f6n\u00f6sen az adverbiales mell\u00e9kmondatok (franci\u00e1ul:","breadcrumb":{"@id":"https:\/\/talkpal.ai\/hu\/grammar\/adverbiales-mellekmondatok-a-francia-nyelvtanban\/#breadcrumb"},"inLanguage":"hu","potentialAction":[{"@type":"ReadAction","target":["https:\/\/talkpal.ai\/hu\/grammar\/adverbiales-mellekmondatok-a-francia-nyelvtanban\/"]}]},{"@type":"ImageObject","inLanguage":"hu","@id":"https:\/\/talkpal.ai\/hu\/grammar\/adverbiales-mellekmondatok-a-francia-nyelvtanban\/#primaryimage","url":"https:\/\/talkpal.ai\/wp-content\/uploads\/2025\/12\/students-sharing-notes-to-learn-languages.webp","contentUrl":"https:\/\/talkpal.ai\/wp-content\/uploads\/2025\/12\/students-sharing-notes-to-learn-languages.webp","width":1200,"height":896,"caption":"Diverse students sit together at a table and share notes while focused on learning languages."},{"@type":"BreadcrumbList","@id":"https:\/\/talkpal.ai\/hu\/grammar\/adverbiales-mellekmondatok-a-francia-nyelvtanban\/#breadcrumb","itemListElement":[{"@type":"ListItem","position":1,"name":"Homepage","item":"https:\/\/talkpal.ai\/hu\/"},{"@type":"ListItem","position":2,"name":"Adverbiales mell\u00e9kmondatok a francia nyelvtanban"}]},{"@type":"WebSite","@id":"https:\/\/talkpal.ai\/hu\/#website","url":"https:\/\/talkpal.ai\/hu\/","name":"Talkpal","description":"AI Language Learning","publisher":{"@id":"https:\/\/talkpal.ai\/hu\/#organization"},"alternateName":"Talkpal AI","potentialAction":[{"@type":"SearchAction","target":{"@type":"EntryPoint","urlTemplate":"https:\/\/talkpal.ai\/hu\/?s={search_term_string}"},"query-input":{"@type":"PropertyValueSpecification","valueRequired":true,"valueName":"search_term_string"}}],"inLanguage":"hu"},{"@type":"Organization","@id":"https:\/\/talkpal.ai\/hu\/#organization","name":"Talkpal, Inc.","alternateName":"Talkpal AI","url":"https:\/\/talkpal.ai\/hu\/","logo":{"@type":"ImageObject","inLanguage":"hu","@id":"https:\/\/talkpal.ai\/hu\/#\/schema\/logo\/image\/","url":"https:\/\/talkpal.ai\/wp-content\/uploads\/2024\/03\/Talkpal-Logo-Icon.png","contentUrl":"https:\/\/talkpal.ai\/wp-content\/uploads\/2024\/03\/Talkpal-Logo-Icon.png","width":2880,"height":2880,"caption":"Talkpal, Inc."},"image":{"@id":"https:\/\/talkpal.ai\/hu\/#\/schema\/logo\/image\/"},"sameAs":["https:\/\/www.facebook.com\/profile.php?id=100090733639311","https:\/\/x.com\/talkpalai","https:\/\/www.linkedin.com\/company\/talkpal\/","https:\/\/www.youtube.com\/@TalkPal\/","https:\/\/www.tiktok.com\/@talkpal","https:\/\/www.instagram.com\/talkpal_ai\/","https:\/\/www.crunchbase.com\/organization\/talkpal-9cde","https:\/\/www.g2.com\/products\/talkpal-for-business\/","https:\/\/www.trustpilot.com\/review\/talkpal.ai","https:\/\/www.capterra.com\/p\/10006800\/TalkPal\/"],"description":"Talkpal is a language learning web and mobile education app, powered by the latest AI technologies, that provides engaging experiences to its customers in many different languages to help them improve their language skills. Users can chat about unlimited amount of topics with the app and use other modes to practice their language learning.","email":"support@talkpal.ai","legalName":"Talkpal, Inc.","foundingDate":"2023-04-03","duns":"118989042","numberOfEmployees":{"@type":"QuantitativeValue","minValue":"11","maxValue":"50"},"publishingPrinciples":"https:\/\/talkpal.ai\/publishing-principles\/","actionableFeedbackPolicy":"https:\/\/talkpal.ai\/actionable-feedback-policy\/","correctionsPolicy":"https:\/\/talkpal.ai\/corrections-policy\/","ethicsPolicy":"https:\/\/talkpal.ai\/ethics-policy\/","diversityPolicy":"https:\/\/talkpal.ai\/diversity-policy\/","diversityStaffingReport":"https:\/\/talkpal.ai\/diversity-policy\/"}]}},"_links":{"self":[{"href":"https:\/\/talkpal.ai\/hu\/wp-json\/wp\/v2\/grammar\/1078852","targetHints":{"allow":["GET"]}}],"collection":[{"href":"https:\/\/talkpal.ai\/hu\/wp-json\/wp\/v2\/grammar"}],"about":[{"href":"https:\/\/talkpal.ai\/hu\/wp-json\/wp\/v2\/types\/grammar"}],"wp:featuredmedia":[{"embeddable":true,"href":"https:\/\/talkpal.ai\/hu\/wp-json\/wp\/v2\/media\/1527967"}],"wp:attachment":[{"href":"https:\/\/talkpal.ai\/hu\/wp-json\/wp\/v2\/media?parent=1078852"}],"wp:term":[{"taxonomy":"language","embeddable":true,"href":"https:\/\/talkpal.ai\/hu\/wp-json\/wp\/v2\/language?post=1078852"}],"curies":[{"name":"wp","href":"https:\/\/api.w.org\/{rel}","templated":true}]}}