{"id":1078850,"date":"2025-07-01T22:00:12","date_gmt":"2025-07-01T22:00:12","guid":{"rendered":"https:\/\/talkpal.ai\/grammar\/negacio-a-francia-nyelvtanban\/"},"modified":"2025-07-01T22:00:12","modified_gmt":"2025-07-01T22:00:12","slug":"negacio-a-francia-nyelvtanban","status":"publish","type":"grammar","link":"https:\/\/talkpal.ai\/hu\/grammar\/negacio-a-francia-nyelvtanban\/","title":{"rendered":"N\u00e9g\u00e1ci\u00f3 a francia nyelvtanban"},"content":{"rendered":"<p>A <a href=\"https:\/\/talkpal.ai\/hu\/tanuljon-franciaul\/\">francia nyelv<\/a> egyik legfontosabb, m\u00e9gis sokak sz\u00e1m\u00e1ra kih\u00edv\u00e1st jelent\u0151 ter\u00fclete a n\u00e9g\u00e1ci\u00f3, azaz a tagad\u00e1s kifejez\u00e9se. A <a href=\"https:\/\/talkpal.ai\/learn-french\/\">francia<\/a> nyelvtanban a mondatok tagad\u00e1sa \u00f6sszetettebb szab\u00e1lyokat k\u00f6vet, mint p\u00e9ld\u00e1ul a magyarban vagy ak\u00e1r az angolban. A helyes n\u00e9g\u00e1ci\u00f3 elsaj\u00e1t\u00edt\u00e1sa elengedhetetlen a g\u00f6rd\u00fcl\u00e9keny kommunik\u00e1ci\u00f3hoz, legyen sz\u00f3 mindennapi besz\u00e9lget\u00e9sekr\u0151l vagy hivatalos sz\u00f6vegekr\u0151l. Szerencs\u00e9re olyan modern nyelvtanul\u00f3 eszk\u00f6z\u00f6k, mint a <a href=\"https:\/\/talkpal.ai\/ko\/ai-%ec%96%b8%ec%96%b4-%ea%b5%90%ec%82%ac\/\">Talkpal<\/a>, kiv\u00e1l\u00f3 lehet\u0151s\u00e9get ny\u00fajtanak a n\u00e9g\u00e1ci\u00f3 gyakorl\u00e1s\u00e1ra \u00e9s elm\u00e9ly\u00edt\u00e9s\u00e9re. Ebben a cikkben r\u00e9szletesen bemutatjuk a francia n\u00e9g\u00e1ci\u00f3 szab\u00e1lyait, t\u00edpusait, kiv\u00e9teleit \u00e9s gyakorlati haszn\u00e1lat\u00e1t, hogy k\u00f6nnyed\u00e9n eligazodj ebben a nyelvtani t\u00e9m\u00e1ban.<\/p>\n<h2>Mi az a n\u00e9g\u00e1ci\u00f3 a francia nyelvtanban?<\/h2>\n<p>A n\u00e9g\u00e1ci\u00f3, vagyis a tagad\u00e1s, azt jelenti, hogy egy \u00e1ll\u00edt\u00e1st, cselekv\u00e9st vagy l\u00e9tez\u00e9st tagadunk. Franciaul ez els\u0151sorban a \u201cne&#8230;pas\u201d szerkezettel t\u00f6rt\u00e9nik, de sz\u00e1mos m\u00e1s forma \u00e9s \u00e1rnyalat is l\u00e9tezik. A francia tagad\u00f3 szerkezetek saj\u00e1toss\u00e1ga, hogy a tagad\u00f3szavak \u00e1ltal\u00e1ban k\u00f6r\u00fcl\u00f6lelik az \u00e1ll\u00edtm\u00e1nyt, <a href=\"https:\/\/talkpal.ai\/locations\/language-courses-in-ami\/\">ami<\/a> elt\u00e9r p\u00e9ld\u00e1ul a <a href=\"https:\/\/talkpal.ai\/learn-hungarian\/\">magyar<\/a> sz\u00f3rendt\u0151l.<\/p>\n<h3>Alapvet\u0151 tagad\u00f3 szerkezet: ne&#8230;pas<\/h3>\n<p>A leggyakoribb \u00e9s legegyszer\u0171bb francia n\u00e9g\u00e1ci\u00f3s szerkezet a <strong>ne&#8230;pas<\/strong>:<\/p>\n<ul>\n<li><b>Je parle.<\/b> \u2013 Besz\u00e9lek.<\/li>\n<li><b>Je <u>ne<\/u> parle <u>pas<\/u>.<\/b> \u2013 Nem besz\u00e9lek.<\/li>\n<\/ul>\n<p>A \u201cne\u201d az ige el\u0151tt, a \u201cpas\u201d pedig az ige ut\u00e1n \u00e1ll. Ezt a szerkezetet haszn\u00e1ljuk b\u00e1rmilyen kijelent\u00e9s tagad\u00e1s\u00e1ra jelen, m\u00falt vagy j\u00f6v\u0151 id\u0151ben.<\/p>\n<h2>A n\u00e9g\u00e1ci\u00f3 helye a mondatban<\/h2>\n<p>A francia tagad\u00f3szavak helye az igeid\u0151 \u00e9s az ige szerkezete szerint v\u00e1ltozhat. Az alapszab\u00e1ly:<\/p>\n<ul>\n<li><b>Egyszer\u0171 igeid\u0151kn\u00e9l:<\/b> A \u201cne\u201d az ige el\u00e9, a \u201cpas\u201d az ige m\u00f6g\u00e9 ker\u00fcl.<\/li>\n<li><b>\u00d6sszetett igeid\u0151kn\u00e9l (p\u00e9ld\u00e1ul pass\u00e9 compos\u00e9):<\/b> A \u201cne\u201d a seg\u00e9dige el\u00e9, a \u201cpas\u201d a seg\u00e9dige ut\u00e1n, de m\u00e9g a f\u0151ige el\u0151tt \u00e1ll.<\/li>\n<\/ul>\n<p><b>P\u00e9ld\u00e1k:<\/b><\/p>\n<ul>\n<li><i>Je ne mange pas.<\/i> \u2013 Nem eszem.<\/li>\n<li><i>Je n\u2019ai pas mang\u00e9.<\/i> \u2013 Nem ettem.<\/li>\n<\/ul>\n<h3>Kiv\u00e9teles sz\u00f3kezd\u00e9s: ne \u2192 n\u2019<\/h3>\n<p>Amennyiben az ige mag\u00e1nhangz\u00f3val vagy n\u00e9ma h-vel kezd\u0151dik, a \u201cne\u201d r\u00f6vid\u00fcl \u201cn\u2019\u201d-re:<\/p>\n<ul>\n<li><i>Il n\u2019aime pas le caf\u00e9.<\/i> \u2013 Nem szereti a k\u00e1v\u00e9t.<\/li>\n<\/ul>\n<h2>A francia n\u00e9g\u00e1ci\u00f3 k\u00fcl\u00f6nb\u00f6z\u0151 t\u00edpusai<\/h2>\n<p>A \u201cne&#8230;pas\u201d mellett t\u00f6bb m\u00e1s tagad\u00f3sz\u00f3 is l\u00e9tezik, melyek k\u00fcl\u00f6nb\u00f6z\u0151 jelent\u00e9s\u00e1rnyalatokat hordoznak. Ezek k\u00f6z\u00fcl a leggyakoribbak:<\/p>\n<ul>\n<li><b>ne&#8230;jamais<\/b> \u2013 soha<\/li>\n<li><b>ne&#8230;plus<\/b> \u2013 m\u00e1r nem, t\u00f6bb\u00e9 nem<\/li>\n<li><b>ne&#8230;rien<\/b> \u2013 semmi(t)<\/li>\n<li><b>ne&#8230;personne<\/b> \u2013 senki(t)<\/li>\n<li><b>ne&#8230;aucun(e)<\/b> \u2013 egyetlen&#8230;sem<\/li>\n<li><b>ne&#8230;que<\/b> \u2013 csak, csup\u00e1n<\/li>\n<li><b>ne&#8230;nulle part<\/b> \u2013 sehol<\/li>\n<\/ul>\n<h3>N\u00e9h\u00e1ny p\u00e9ldamondat:<\/h3>\n<ul>\n<li><i>Je ne vois rien.<\/i> \u2013 Nem l\u00e1tok semmit.<\/li>\n<li><i>Nous ne voulons plus de caf\u00e9.<\/i> \u2013 M\u00e1r nem k\u00e9r\u00fcnk k\u00e1v\u00e9t.<\/li>\n<li><i>Il ne mange jamais de viande.<\/i> \u2013 Sosem eszik h\u00fast.<\/li>\n<li><i>Elle n\u2019a vu personne.<\/i> \u2013 Senkit sem l\u00e1tott.<\/li>\n<li><i>Je n\u2019ai que deux euros.<\/i> \u2013 Csak k\u00e9t eur\u00f3m <a href=\"https:\/\/talkpal.ai\/locations\/language-courses-in-van\/\">van<\/a>.<\/li>\n<\/ul>\n<h2>A n\u00e9g\u00e1ci\u00f3 egyeztet\u00e9se \u00e9s sz\u00f3rendje \u00f6sszetett szerkezetekben<\/h2>\n<p>A tagad\u00f3 szerkezetek helye \u00f6sszetettebb mondatokban is szab\u00e1lyozott. Fontos tudni:<\/p>\n<ul>\n<li><b>Pass\u00e9 compos\u00e9:<\/b> A \u201cne\u201d \u00e9s a \u201cpas\u201d a seg\u00e9dige (avoir\/\u00eatre) k\u00f6r\u00e9 ker\u00fcl, m\u00edg a t\u00f6bbi tagad\u00f3sz\u00f3 szint\u00e9n a seg\u00e9dig\u00e9vel egy\u00fctt mozog.<\/li>\n<li><b>K\u00e9t tagad\u00f3sz\u00f3 eset\u00e9n:<\/b> Bizonyos szerkezetekben a tagad\u00f3sz\u00f3k egy\u00fctt \u00e1llhatnak (pl. \u201cne&#8230;jamais rien\u201d).<\/li>\n<\/ul>\n<p><b>P\u00e9lda pass\u00e9 compos\u00e9:<\/b><\/p>\n<ul>\n<li><i>Je n\u2019ai rien fait.<\/i> \u2013 Semmit sem csin\u00e1ltam.<\/li>\n<\/ul>\n<h2>El\u00f6lj\u00e1r\u00f3k, hat\u00e1rozott n\u00e9vel\u0151k \u00e9s a n\u00e9g\u00e1ci\u00f3<\/h2>\n<p>A francia tagad\u00e1s gyakran befoly\u00e1solja a n\u00e9vel\u0151ket \u00e9s a t\u00e1rgy haszn\u00e1lat\u00e1t is:<\/p>\n<ul>\n<li><b>Hat\u00e1rozatlan n\u00e9vel\u0151 (un\/une\/des):<\/b> Tagad\u00f3 mondatban \u00e1ltal\u00e1ban \u201cde\u201d vagy \u201cd\u2019\u201d lesz bel\u0151le.<\/li>\n<\/ul>\n<p><b>P\u00e9ld\u00e1k:<\/b><\/p>\n<ul>\n<li><i>J\u2019ai un livre.<\/i> \u2013 Van egy k\u00f6nyvem.<\/li>\n<li><i>Je n\u2019ai pas de livre.<\/i> \u2013 Nincs k\u00f6nyvem.<\/li>\n<li><i>Tu as des amis ?<\/i> \u2013 Vannak bar\u00e1taid?<\/li>\n<li><i>Non, je n\u2019ai pas d\u2019amis.<\/i> \u2013 Nem, nincsenek bar\u00e1taim.<\/li>\n<\/ul>\n<p>Kiv\u00e9tel: A \u201cle\/la\/les\u201d hat\u00e1rozott n\u00e9vel\u0151k megmaradnak tagad\u00e1sban is.<\/p>\n<h2>N\u00e9g\u00e1ci\u00f3 k\u00e9rd\u0151 mondatokban<\/h2>\n<p>A tagad\u00e1s k\u00e9rd\u0151 mondatokban is hasonl\u00f3an m\u0171k\u00f6dik, mint kijelent\u0151ben. Fontos, hogy a tagad\u00f3szavak ugyan\u00fagy az \u00e1ll\u00edtm\u00e1ny k\u00f6r\u00e9 ker\u00fclnek.<\/p>\n<ul>\n<li><i>Ne parles-tu pas fran\u00e7ais ?<\/i> \u2013 Nem besz\u00e9lsz franci\u00e1ul?<\/li>\n<li><i>Vous n\u2019avez rien oubli\u00e9 ?<\/i> \u2013 Nem felejtettetek el semmit?<\/li>\n<\/ul>\n<h2>Speci\u00e1lis n\u00e9g\u00e1ci\u00f3k: kett\u0151s tagad\u00e1s \u00e9s hangs\u00falyoz\u00e1s<\/h2>\n<p>A francia nyelvben ritk\u00e1n, de el\u0151fordul kett\u0151s tagad\u00e1s is, f\u0151leg besz\u00e9lt nyelvben, hangs\u00falyoz\u00e1s c\u00e9lj\u00e1b\u00f3l. Ez azonban \u00edrott, form\u00e1lis nyelvben ker\u00fclend\u0151.<\/p>\n<p>P\u00e9lda kett\u0151s tagad\u00e1sra:<\/p>\n<ul>\n<li><i>Il n\u2019a rien dit \u00e0 personne.<\/i> \u2013 Senkinek sem mondott semmit.<\/li>\n<\/ul>\n<h2>Gyakori hib\u00e1k a francia n\u00e9g\u00e1ci\u00f3 haszn\u00e1lat\u00e1ban<\/h2>\n<p>A magyar anyanyelv\u0171ek sz\u00e1m\u00e1ra a francia n\u00e9g\u00e1ci\u00f3 sor\u00e1n el\u0151fordul\u00f3 leggyakoribb hib\u00e1k:<\/p>\n<ul>\n<li>A \u201cne\u201d tagad\u00f3sz\u00f3 elhagy\u00e1sa (k\u00fcl\u00f6n\u00f6sen besz\u00e9lt nyelvben, ahol a franci\u00e1k is gyakran elhagyj\u00e1k, de helyesen mindig szerepelnie kell).<\/li>\n<li>Az ige \u00e9s a tagad\u00f3szavak rossz sorrendje.<\/li>\n<li>A \u201cde\u201d helytelen haszn\u00e1lata tagad\u00e1sban.<\/li>\n<li>T\u00f6bb tagad\u00f3sz\u00f3 egy\u00fcttes, helytelen alkalmaz\u00e1sa.<\/li>\n<\/ul>\n<h3>Tippek a helyes haszn\u00e1lathoz<\/h3>\n<ul>\n<li>Mindig figyelj a \u201cne\u201d \u00e9s a \u201cpas\u201d vagy egy\u00e9b tagad\u00f3szavak pontos hely\u00e9re!<\/li>\n<li>Gyakorolj p\u00e9ldamondatokkal, hogy r\u00f6gz\u00fclj\u00f6n a szerkezet!<\/li>\n<li>Haszn\u00e1ld a Talkpal vagy m\u00e1s online platformok gyakorl\u00f3feladatait!<\/li>\n<\/ul>\n<h2>A n\u00e9g\u00e1ci\u00f3 a besz\u00e9lt \u00e9s \u00edrott francia nyelvben<\/h2>\n<p>A mindennapi besz\u00e9lt francia nyelvben gyakran elhagyj\u00e1k a \u201cne\u201d tagad\u00f3sz\u00f3t, \u00edgy a \u201cpas\u201d, \u201cjamais\u201d stb. \u00f6nmagukban is tagad\u00e1st fejeznek ki. Ez azonban hivatalos, \u00edrott sz\u00f6vegekben hib\u00e1nak sz\u00e1m\u00edt.<\/p>\n<p><b>P\u00e9lda besz\u00e9lt nyelvre:<\/b><\/p>\n<ul>\n<li><i>Je sais pas.<\/i> (helyesen: <i>Je ne sais pas.<\/i>) \u2013 Nem tudom.<\/li>\n<\/ul>\n<h2>Hogyan gyakoroljuk a francia n\u00e9g\u00e1ci\u00f3t?<\/h2>\n<p>A francia n\u00e9g\u00e1ci\u00f3 helyes alkalmaz\u00e1s\u00e1nak elsaj\u00e1t\u00edt\u00e1s\u00e1hoz elengedhetetlen a folyamatos gyakorl\u00e1s. Az al\u00e1bbi m\u00f3dszerek seg\u00edtenek:<\/p>\n<ul>\n<li><b>P\u00e9ldamondatok \u00edr\u00e1sa:<\/b> Alkoss min\u00e9l t\u00f6bb tagad\u00f3 mondatot!<\/li>\n<li><b>Olvas\u00e1s:<\/b> Figyeld meg, hogyan haszn\u00e1lj\u00e1k a n\u00e9g\u00e1ci\u00f3t \u00fajs\u00e1gcikkekben, reg\u00e9nyekben, p\u00e1rbesz\u00e9dekben!<\/li>\n<li><b>Hall\u00e1s ut\u00e1ni gyakorl\u00e1s:<\/b> Francia filmek, sorozatok, r\u00e1di\u00f3ad\u00e1s hallgat\u00e1sa sor\u00e1n keresd a tagad\u00f3 szerkezeteket!<\/li>\n<li><b>Online platformok:<\/b> Haszn\u00e1lj olyan eszk\u00f6z\u00f6ket, mint a Talkpal, ahol interakt\u00edv feladatokkal gyakorolhatod a n\u00e9g\u00e1ci\u00f3t!<\/li>\n<\/ul>\n<h2>\u00d6sszefoglal\u00e1s: a n\u00e9g\u00e1ci\u00f3 elsaj\u00e1t\u00edt\u00e1s\u00e1nak kulcsa<\/h2>\n<p>A francia n\u00e9g\u00e1ci\u00f3 nemcsak szab\u00e1lyok gy\u0171jtem\u00e9nye, hanem a g\u00f6rd\u00fcl\u00e9keny, term\u00e9szetes kommunik\u00e1ci\u00f3 egyik alapk\u00f6ve. Az alapvet\u0151 \u201cne&#8230;pas\u201d szerkezet mellett ismerd meg a k\u00fcl\u00f6nb\u00f6z\u0151 tagad\u00f3szavakat \u00e9s azok pontos alkalmaz\u00e1s\u00e1t, valamint a sz\u00f3- \u00e9s sz\u00f3rendi szab\u00e1lyokat! Gyakorolj min\u00e9l t\u00f6bbet \u00edr\u00e1sban \u00e9s sz\u00f3ban egyar\u00e1nt. Ebben nagy seg\u00edts\u00e9get jelenthetnek a modern nyelvtanul\u00f3 alkalmaz\u00e1sok, p\u00e9ld\u00e1ul a Talkpal, melyek j\u00e1t\u00e9kos, interakt\u00edv m\u00f3don seg\u00edtik a helyes n\u00e9g\u00e1ci\u00f3s szerkezetek elsaj\u00e1t\u00edt\u00e1s\u00e1t.<\/p>\n<p>Ha k\u00f6veted a fent bemutatott szab\u00e1lyokat \u00e9s m\u00f3dszereket, a francia n\u00e9g\u00e1ci\u00f3 sem jelent majd t\u00f6bb\u00e9 akad\u00e1lyt, \u00e9s magabiztosan fejezheted ki magad minden helyzetben.<\/p>\n","protected":false},"featured_media":1527920,"template":"","language":[12300,12322],"class_list":["post-1078850","grammar","type-grammar","status-publish","has-post-thumbnail","hentry","language-francia","language-mondatszerkezet-francia-nyelvtan"],"acf":[],"yoast_head":"<!-- This site is optimized with the Yoast SEO Premium plugin v27.2 (Yoast SEO v27.2) - https:\/\/yoast.com\/product\/yoast-seo-premium-wordpress\/ -->\n<title>N\u00e9g\u00e1ci\u00f3 a francia nyelvtanban - Talkpal<\/title>\n<meta name=\"description\" content=\"A francia nyelv egyik legfontosabb, m\u00e9gis sokak sz\u00e1m\u00e1ra kih\u00edv\u00e1st jelent\u0151 ter\u00fclete a n\u00e9g\u00e1ci\u00f3, azaz a tagad\u00e1s kifejez\u00e9se. A francia nyelvtanban a mondatok\" \/>\n<meta name=\"robots\" content=\"index, follow, max-snippet:-1, max-image-preview:large, max-video-preview:-1\" \/>\n<link rel=\"canonical\" href=\"https:\/\/talkpal.ai\/hu\/grammar\/negacio-a-francia-nyelvtanban\/\" \/>\n<meta property=\"og:locale\" content=\"hu_HU\" \/>\n<meta property=\"og:type\" content=\"article\" \/>\n<meta property=\"og:title\" content=\"N\u00e9g\u00e1ci\u00f3 a francia nyelvtanban\" \/>\n<meta property=\"og:description\" content=\"A francia nyelv egyik legfontosabb, m\u00e9gis sokak sz\u00e1m\u00e1ra kih\u00edv\u00e1st jelent\u0151 ter\u00fclete a n\u00e9g\u00e1ci\u00f3, azaz a tagad\u00e1s kifejez\u00e9se. A francia nyelvtanban a mondatok\" \/>\n<meta property=\"og:url\" content=\"https:\/\/talkpal.ai\/hu\/grammar\/negacio-a-francia-nyelvtanban\/\" \/>\n<meta property=\"og:site_name\" content=\"Talkpal\" \/>\n<meta property=\"article:publisher\" content=\"https:\/\/www.facebook.com\/profile.php?id=100090733639311\" \/>\n<meta property=\"og:image\" content=\"https:\/\/talkpal.ai\/wp-content\/uploads\/2025\/02\/Progress-tab-16_9.png\" \/>\n\t<meta property=\"og:image:width\" content=\"2880\" \/>\n\t<meta property=\"og:image:height\" content=\"1620\" \/>\n\t<meta property=\"og:image:type\" content=\"image\/png\" \/>\n<meta name=\"twitter:card\" content=\"summary_large_image\" \/>\n<meta name=\"twitter:site\" content=\"@talkpalai\" \/>\n<meta name=\"twitter:label1\" content=\"Becs\u00fclt olvas\u00e1si id\u0151\" \/>\n\t<meta name=\"twitter:data1\" content=\"6 perc\" \/>\n<script type=\"application\/ld+json\" class=\"yoast-schema-graph\">{\"@context\":\"https:\/\/schema.org\",\"@graph\":[{\"@type\":\"WebPage\",\"@id\":\"https:\/\/talkpal.ai\/hu\/grammar\/negacio-a-francia-nyelvtanban\/\",\"url\":\"https:\/\/talkpal.ai\/hu\/grammar\/negacio-a-francia-nyelvtanban\/\",\"name\":\"N\u00e9g\u00e1ci\u00f3 a francia nyelvtanban - Talkpal\",\"isPartOf\":{\"@id\":\"https:\/\/talkpal.ai\/hu\/#website\"},\"primaryImageOfPage\":{\"@id\":\"https:\/\/talkpal.ai\/hu\/grammar\/negacio-a-francia-nyelvtanban\/#primaryimage\"},\"image\":{\"@id\":\"https:\/\/talkpal.ai\/hu\/grammar\/negacio-a-francia-nyelvtanban\/#primaryimage\"},\"thumbnailUrl\":\"https:\/\/talkpal.ai\/wp-content\/uploads\/2025\/12\/student-writes-notes-to-learn-languages.webp\",\"datePublished\":\"2025-07-01T22:00:12+00:00\",\"description\":\"A francia nyelv egyik legfontosabb, m\u00e9gis sokak sz\u00e1m\u00e1ra kih\u00edv\u00e1st jelent\u0151 ter\u00fclete a n\u00e9g\u00e1ci\u00f3, azaz a tagad\u00e1s kifejez\u00e9se. A francia nyelvtanban a mondatok\",\"breadcrumb\":{\"@id\":\"https:\/\/talkpal.ai\/hu\/grammar\/negacio-a-francia-nyelvtanban\/#breadcrumb\"},\"inLanguage\":\"hu\",\"potentialAction\":[{\"@type\":\"ReadAction\",\"target\":[\"https:\/\/talkpal.ai\/hu\/grammar\/negacio-a-francia-nyelvtanban\/\"]}]},{\"@type\":\"ImageObject\",\"inLanguage\":\"hu\",\"@id\":\"https:\/\/talkpal.ai\/hu\/grammar\/negacio-a-francia-nyelvtanban\/#primaryimage\",\"url\":\"https:\/\/talkpal.ai\/wp-content\/uploads\/2025\/12\/student-writes-notes-to-learn-languages.webp\",\"contentUrl\":\"https:\/\/talkpal.ai\/wp-content\/uploads\/2025\/12\/student-writes-notes-to-learn-languages.webp\",\"width\":1200,\"height\":896,\"caption\":\"A student writes notes in a book while learning languages in a library with tall, filled bookshelves.\"},{\"@type\":\"BreadcrumbList\",\"@id\":\"https:\/\/talkpal.ai\/hu\/grammar\/negacio-a-francia-nyelvtanban\/#breadcrumb\",\"itemListElement\":[{\"@type\":\"ListItem\",\"position\":1,\"name\":\"Homepage\",\"item\":\"https:\/\/talkpal.ai\/hu\/\"},{\"@type\":\"ListItem\",\"position\":2,\"name\":\"N\u00e9g\u00e1ci\u00f3 a francia nyelvtanban\"}]},{\"@type\":\"WebSite\",\"@id\":\"https:\/\/talkpal.ai\/hu\/#website\",\"url\":\"https:\/\/talkpal.ai\/hu\/\",\"name\":\"Talkpal\",\"description\":\"AI Language Learning\",\"publisher\":{\"@id\":\"https:\/\/talkpal.ai\/hu\/#organization\"},\"alternateName\":\"Talkpal AI\",\"potentialAction\":[{\"@type\":\"SearchAction\",\"target\":{\"@type\":\"EntryPoint\",\"urlTemplate\":\"https:\/\/talkpal.ai\/hu\/?s={search_term_string}\"},\"query-input\":{\"@type\":\"PropertyValueSpecification\",\"valueRequired\":true,\"valueName\":\"search_term_string\"}}],\"inLanguage\":\"hu\"},{\"@type\":\"Organization\",\"@id\":\"https:\/\/talkpal.ai\/hu\/#organization\",\"name\":\"Talkpal, Inc.\",\"alternateName\":\"Talkpal AI\",\"url\":\"https:\/\/talkpal.ai\/hu\/\",\"logo\":{\"@type\":\"ImageObject\",\"inLanguage\":\"hu\",\"@id\":\"https:\/\/talkpal.ai\/hu\/#\/schema\/logo\/image\/\",\"url\":\"https:\/\/talkpal.ai\/wp-content\/uploads\/2024\/03\/Talkpal-Logo-Icon.png\",\"contentUrl\":\"https:\/\/talkpal.ai\/wp-content\/uploads\/2024\/03\/Talkpal-Logo-Icon.png\",\"width\":2880,\"height\":2880,\"caption\":\"Talkpal, Inc.\"},\"image\":{\"@id\":\"https:\/\/talkpal.ai\/hu\/#\/schema\/logo\/image\/\"},\"sameAs\":[\"https:\/\/www.facebook.com\/profile.php?id=100090733639311\",\"https:\/\/x.com\/talkpalai\",\"https:\/\/www.linkedin.com\/company\/talkpal\/\",\"https:\/\/www.youtube.com\/@TalkPal\/\",\"https:\/\/www.tiktok.com\/@talkpal\",\"https:\/\/www.instagram.com\/talkpal_ai\/\",\"https:\/\/www.crunchbase.com\/organization\/talkpal-9cde\",\"https:\/\/www.g2.com\/products\/talkpal-for-business\/\",\"https:\/\/www.trustpilot.com\/review\/talkpal.ai\",\"https:\/\/www.capterra.com\/p\/10006800\/TalkPal\/\"],\"description\":\"Talkpal is a language learning web and mobile education app, powered by the latest AI technologies, that provides engaging experiences to its customers in many different languages to help them improve their language skills. Users can chat about unlimited amount of topics with the app and use other modes to practice their language learning.\",\"email\":\"support@talkpal.ai\",\"legalName\":\"Talkpal, Inc.\",\"foundingDate\":\"2023-04-03\",\"duns\":\"118989042\",\"numberOfEmployees\":{\"@type\":\"QuantitativeValue\",\"minValue\":\"11\",\"maxValue\":\"50\"},\"publishingPrinciples\":\"https:\/\/talkpal.ai\/publishing-principles\/\",\"actionableFeedbackPolicy\":\"https:\/\/talkpal.ai\/actionable-feedback-policy\/\",\"correctionsPolicy\":\"https:\/\/talkpal.ai\/corrections-policy\/\",\"ethicsPolicy\":\"https:\/\/talkpal.ai\/ethics-policy\/\",\"diversityPolicy\":\"https:\/\/talkpal.ai\/diversity-policy\/\",\"diversityStaffingReport\":\"https:\/\/talkpal.ai\/diversity-policy\/\"}]}<\/script>\n<!-- \/ Yoast SEO Premium plugin. -->","yoast_head_json":{"title":"N\u00e9g\u00e1ci\u00f3 a francia nyelvtanban - Talkpal","description":"A francia nyelv egyik legfontosabb, m\u00e9gis sokak sz\u00e1m\u00e1ra kih\u00edv\u00e1st jelent\u0151 ter\u00fclete a n\u00e9g\u00e1ci\u00f3, azaz a tagad\u00e1s kifejez\u00e9se. A francia nyelvtanban a mondatok","robots":{"index":"index","follow":"follow","max-snippet":"max-snippet:-1","max-image-preview":"max-image-preview:large","max-video-preview":"max-video-preview:-1"},"canonical":"https:\/\/talkpal.ai\/hu\/grammar\/negacio-a-francia-nyelvtanban\/","og_locale":"hu_HU","og_type":"article","og_title":"N\u00e9g\u00e1ci\u00f3 a francia nyelvtanban","og_description":"A francia nyelv egyik legfontosabb, m\u00e9gis sokak sz\u00e1m\u00e1ra kih\u00edv\u00e1st jelent\u0151 ter\u00fclete a n\u00e9g\u00e1ci\u00f3, azaz a tagad\u00e1s kifejez\u00e9se. A francia nyelvtanban a mondatok","og_url":"https:\/\/talkpal.ai\/hu\/grammar\/negacio-a-francia-nyelvtanban\/","og_site_name":"Talkpal","article_publisher":"https:\/\/www.facebook.com\/profile.php?id=100090733639311","og_image":[{"width":2880,"height":1620,"url":"https:\/\/talkpal.ai\/wp-content\/uploads\/2025\/02\/Progress-tab-16_9.png","type":"image\/png"}],"twitter_card":"summary_large_image","twitter_site":"@talkpalai","twitter_misc":{"Becs\u00fclt olvas\u00e1si id\u0151":"6 perc"},"schema":{"@context":"https:\/\/schema.org","@graph":[{"@type":"WebPage","@id":"https:\/\/talkpal.ai\/hu\/grammar\/negacio-a-francia-nyelvtanban\/","url":"https:\/\/talkpal.ai\/hu\/grammar\/negacio-a-francia-nyelvtanban\/","name":"N\u00e9g\u00e1ci\u00f3 a francia nyelvtanban - Talkpal","isPartOf":{"@id":"https:\/\/talkpal.ai\/hu\/#website"},"primaryImageOfPage":{"@id":"https:\/\/talkpal.ai\/hu\/grammar\/negacio-a-francia-nyelvtanban\/#primaryimage"},"image":{"@id":"https:\/\/talkpal.ai\/hu\/grammar\/negacio-a-francia-nyelvtanban\/#primaryimage"},"thumbnailUrl":"https:\/\/talkpal.ai\/wp-content\/uploads\/2025\/12\/student-writes-notes-to-learn-languages.webp","datePublished":"2025-07-01T22:00:12+00:00","description":"A francia nyelv egyik legfontosabb, m\u00e9gis sokak sz\u00e1m\u00e1ra kih\u00edv\u00e1st jelent\u0151 ter\u00fclete a n\u00e9g\u00e1ci\u00f3, azaz a tagad\u00e1s kifejez\u00e9se. A francia nyelvtanban a mondatok","breadcrumb":{"@id":"https:\/\/talkpal.ai\/hu\/grammar\/negacio-a-francia-nyelvtanban\/#breadcrumb"},"inLanguage":"hu","potentialAction":[{"@type":"ReadAction","target":["https:\/\/talkpal.ai\/hu\/grammar\/negacio-a-francia-nyelvtanban\/"]}]},{"@type":"ImageObject","inLanguage":"hu","@id":"https:\/\/talkpal.ai\/hu\/grammar\/negacio-a-francia-nyelvtanban\/#primaryimage","url":"https:\/\/talkpal.ai\/wp-content\/uploads\/2025\/12\/student-writes-notes-to-learn-languages.webp","contentUrl":"https:\/\/talkpal.ai\/wp-content\/uploads\/2025\/12\/student-writes-notes-to-learn-languages.webp","width":1200,"height":896,"caption":"A student writes notes in a book while learning languages in a library with tall, filled bookshelves."},{"@type":"BreadcrumbList","@id":"https:\/\/talkpal.ai\/hu\/grammar\/negacio-a-francia-nyelvtanban\/#breadcrumb","itemListElement":[{"@type":"ListItem","position":1,"name":"Homepage","item":"https:\/\/talkpal.ai\/hu\/"},{"@type":"ListItem","position":2,"name":"N\u00e9g\u00e1ci\u00f3 a francia nyelvtanban"}]},{"@type":"WebSite","@id":"https:\/\/talkpal.ai\/hu\/#website","url":"https:\/\/talkpal.ai\/hu\/","name":"Talkpal","description":"AI Language Learning","publisher":{"@id":"https:\/\/talkpal.ai\/hu\/#organization"},"alternateName":"Talkpal AI","potentialAction":[{"@type":"SearchAction","target":{"@type":"EntryPoint","urlTemplate":"https:\/\/talkpal.ai\/hu\/?s={search_term_string}"},"query-input":{"@type":"PropertyValueSpecification","valueRequired":true,"valueName":"search_term_string"}}],"inLanguage":"hu"},{"@type":"Organization","@id":"https:\/\/talkpal.ai\/hu\/#organization","name":"Talkpal, Inc.","alternateName":"Talkpal AI","url":"https:\/\/talkpal.ai\/hu\/","logo":{"@type":"ImageObject","inLanguage":"hu","@id":"https:\/\/talkpal.ai\/hu\/#\/schema\/logo\/image\/","url":"https:\/\/talkpal.ai\/wp-content\/uploads\/2024\/03\/Talkpal-Logo-Icon.png","contentUrl":"https:\/\/talkpal.ai\/wp-content\/uploads\/2024\/03\/Talkpal-Logo-Icon.png","width":2880,"height":2880,"caption":"Talkpal, Inc."},"image":{"@id":"https:\/\/talkpal.ai\/hu\/#\/schema\/logo\/image\/"},"sameAs":["https:\/\/www.facebook.com\/profile.php?id=100090733639311","https:\/\/x.com\/talkpalai","https:\/\/www.linkedin.com\/company\/talkpal\/","https:\/\/www.youtube.com\/@TalkPal\/","https:\/\/www.tiktok.com\/@talkpal","https:\/\/www.instagram.com\/talkpal_ai\/","https:\/\/www.crunchbase.com\/organization\/talkpal-9cde","https:\/\/www.g2.com\/products\/talkpal-for-business\/","https:\/\/www.trustpilot.com\/review\/talkpal.ai","https:\/\/www.capterra.com\/p\/10006800\/TalkPal\/"],"description":"Talkpal is a language learning web and mobile education app, powered by the latest AI technologies, that provides engaging experiences to its customers in many different languages to help them improve their language skills. Users can chat about unlimited amount of topics with the app and use other modes to practice their language learning.","email":"support@talkpal.ai","legalName":"Talkpal, Inc.","foundingDate":"2023-04-03","duns":"118989042","numberOfEmployees":{"@type":"QuantitativeValue","minValue":"11","maxValue":"50"},"publishingPrinciples":"https:\/\/talkpal.ai\/publishing-principles\/","actionableFeedbackPolicy":"https:\/\/talkpal.ai\/actionable-feedback-policy\/","correctionsPolicy":"https:\/\/talkpal.ai\/corrections-policy\/","ethicsPolicy":"https:\/\/talkpal.ai\/ethics-policy\/","diversityPolicy":"https:\/\/talkpal.ai\/diversity-policy\/","diversityStaffingReport":"https:\/\/talkpal.ai\/diversity-policy\/"}]}},"_links":{"self":[{"href":"https:\/\/talkpal.ai\/hu\/wp-json\/wp\/v2\/grammar\/1078850","targetHints":{"allow":["GET"]}}],"collection":[{"href":"https:\/\/talkpal.ai\/hu\/wp-json\/wp\/v2\/grammar"}],"about":[{"href":"https:\/\/talkpal.ai\/hu\/wp-json\/wp\/v2\/types\/grammar"}],"wp:featuredmedia":[{"embeddable":true,"href":"https:\/\/talkpal.ai\/hu\/wp-json\/wp\/v2\/media\/1527920"}],"wp:attachment":[{"href":"https:\/\/talkpal.ai\/hu\/wp-json\/wp\/v2\/media?parent=1078850"}],"wp:term":[{"taxonomy":"language","embeddable":true,"href":"https:\/\/talkpal.ai\/hu\/wp-json\/wp\/v2\/language?post=1078850"}],"curies":[{"name":"wp","href":"https:\/\/api.w.org\/{rel}","templated":true}]}}