{"id":1078846,"date":"2025-07-01T21:59:55","date_gmt":"2025-07-01T21:59:55","guid":{"rendered":"https:\/\/talkpal.ai\/grammar\/kifejezesek-komplexek-a-francia-nyelvtanban\/"},"modified":"2025-07-01T21:59:55","modified_gmt":"2025-07-01T21:59:55","slug":"kifejezesek-komplexek-a-francia-nyelvtanban","status":"publish","type":"grammar","link":"https:\/\/talkpal.ai\/hu\/grammar\/kifejezesek-komplexek-a-francia-nyelvtanban\/","title":{"rendered":"Kifejez\u00e9sek komplexek a francia nyelvtanban"},"content":{"rendered":"<p>A <a href=\"https:\/\/talkpal.ai\/hu\/tanuljon-franciaul\/\">francia nyelv<\/a> gazdag \u00e9s v\u00e1ltozatos nyelvtani szerkezetei k\u00f6z\u00f6tt kiemelked\u0151 szerepet t\u00f6ltenek be a komplex kifejez\u00e9sek, amelyek elsaj\u00e1t\u00edt\u00e1sa elengedhetetlen a g\u00f6rd\u00fcl\u00e9keny \u00e9s magabiztos kommunik\u00e1ci\u00f3hoz. Ezek a szerkezetek nemcsak a sz\u00f3kincset b\u0151v\u00edtik, hanem seg\u00edtenek az \u00e1rnyaltabb gondolatok \u00e9s \u00e9rzelmek kifejez\u00e9s\u00e9ben is. A komplex kifejez\u00e9sek meg\u00e9rt\u00e9se \u00e9s helyes haszn\u00e1lata kih\u00edv\u00e1st jelenthet, de a <a href=\"https:\/\/talkpal.ai\/ko\/ai-%ec%96%b8%ec%96%b4-%ea%b5%90%ec%82%ac\/\">Talkpal<\/a> seg\u00edts\u00e9g\u00e9vel k\u00f6nnyed\u00e9n gyakorolhatjuk \u00e9s elm\u00e9ly\u00edthetj\u00fck tud\u00e1sunkat ebben a t\u00e9mak\u00f6rben. Ebben a cikkben r\u00e9szletesen bemutatjuk, mik azok a komplex kifejez\u00e9sek a <a href=\"https:\/\/talkpal.ai\/learn-french\/\">francia<\/a> nyelvtanban, hogyan \u00e9p\u00fclnek fel, mik\u00e9nt haszn\u00e1lhat\u00f3k helyesen, \u00e9s milyen tippekkel k\u00f6nny\u00edthetj\u00fck meg a tanul\u00e1sukat.<\/p>\n<h2>Mi az a komplex kifejez\u00e9s a francia nyelvtanban?<\/h2>\n<p>A francia nyelvtanban a komplex kifejez\u00e9sek (franci\u00e1ul: \u201cexpressions complexes\u201d vagy \u201cstructures complexes\u201d) olyan nyelvi szerkezetek, amelyek t\u00f6bb sz\u00f3b\u00f3l, gyakran t\u00f6bb mondatr\u00e9szb\u0151l \u00e1llnak, \u00e9s egy\u00fcttesen adnak teljes jelent\u00e9st. Ezek lehetnek:<\/p>\n<ul>\n<li>K\u00e9t vagy t\u00f6bb sz\u00f3b\u00f3l \u00e1ll\u00f3 \u00e1lland\u00f3sult sz\u00f3kapcsolatok<\/li>\n<li>\u00d6sszetett igeid\u0151k \u00e9s szerkezetek<\/li>\n<li>Al\u00e1rendelt \u00e9s mell\u00e9rendelt mondatszerkezetek<\/li>\n<li>Idiomatikus kifejez\u00e9sek (idiom\u00e1k)<\/li>\n<li>Fr\u00e1zisok, amelyek jelent\u00e9se nem vezethet\u0151 le sz\u00f3 szerinti jelent\u00e9s\u00fckb\u0151l<\/li>\n<\/ul>\n<p>A komplex kifejez\u00e9sek alkalmaz\u00e1sa magasabb szint\u0171 nyelvi kompetenci\u00e1t felt\u00e9telez, \u00e9s jelent\u0151sen hozz\u00e1j\u00e1rul a term\u00e9szetes, anyanyelvi szint\u0171 kommunik\u00e1ci\u00f3hoz.<\/p>\n<h2>F\u0151bb t\u00edpusai a francia komplex kifejez\u00e9seknek<\/h2>\n<h3>1. Al\u00e1rendelt mondatok (Les propositions subordonn\u00e9es)<\/h3>\n<p>Az al\u00e1rendelt mondatokban egy f\u0151mondat \u00e9s egy vagy t\u00f6bb mell\u00e9kmondat kapcsol\u00f3dik \u00f6ssze. Ezek a szerkezetek komplexit\u00e1st adnak a mondatoknak, \u00e9s lehet\u0151v\u00e9 teszik az \u00f6sszetett gondolatok kifejez\u00e9s\u00e9t.<\/p>\n<p><strong>F\u0151bb t\u00edpusai:<\/strong><\/p>\n<ul>\n<li><strong>Okhat\u00e1roz\u00f3i mell\u00e9kmondat (La proposition subordonn\u00e9e de cause):<\/strong> <em>Parce que, puisque, comme<\/em><\/li>\n<li><strong>C\u00e9lhat\u00e1roz\u00f3i mell\u00e9kmondat (La proposition subordonn\u00e9e de but):<\/strong> <em>Pour que, afin que, de peur que<\/em><\/li>\n<li><strong>Felt\u00e9teles mell\u00e9kmondat (La proposition subordonn\u00e9e conditionnelle):<\/strong> <em>Si, \u00e0 condition que, pourvu que<\/em><\/li>\n<li><strong>Id\u0151hat\u00e1roz\u00f3i mell\u00e9kmondat (La proposition subordonn\u00e9e temporelle):<\/strong> <em>Quand, lorsque, d\u00e8s que, avant que<\/em><\/li>\n<\/ul>\n<p><strong>P\u00e9lda:<\/strong> Je partirai quand tu arriveras. (Elindulok, amikor meg\u00e9rkezel.)<\/p>\n<h3>2. \u00d6sszetett igeid\u0151k \u00e9s szerkezetek (Les temps compos\u00e9s et structures verbales complexes)<\/h3>\n<p>A francia nyelvben sz\u00e1mos olyan igeid\u0151 \u00e9s szerkezet l\u00e9tezik, amely k\u00e9t vagy t\u00f6bb sz\u00f3b\u00f3l \u00e1ll, p\u00e9ld\u00e1ul seg\u00e9dig\u00e9t \u00e9s f\u0151ig\u00e9t tartalmaz.<\/p>\n<ul>\n<li><strong>Pass\u00e9 compos\u00e9:<\/strong> J\u2019ai mang\u00e9.<\/li>\n<li><strong>Plus-que-parfait:<\/strong> J\u2019avais fini.<\/li>\n<li><strong>Futur ant\u00e9rieur:<\/strong> J\u2019aurai termin\u00e9.<\/li>\n<li><strong>Subjonctif \u00f6sszetett szerkezetek:<\/strong> Il faut que tu sois venu.<\/li>\n<\/ul>\n<p>Ezek a szerkezetek seg\u00edtenek az esem\u00e9nyek id\u0151rendj\u00e9nek pontos kifejez\u00e9s\u00e9ben.<\/p>\n<h3>3. Idiomatikus kifejez\u00e9sek (Les expressions idiomatiques)<\/h3>\n<p>Az idiomatikus kifejez\u00e9sek jelent\u00e9se gyakran elt\u00e9r a szavak sz\u00f3 szerinti jelent\u00e9s\u00e9t\u0151l. Ezek megtanul\u00e1sa kulcsfontoss\u00e1g\u00fa a foly\u00e9kony, \u00e9letszer\u0171 francia nyelvhaszn\u00e1lathoz.<\/p>\n<ul>\n<li><strong>Avoir le cafard<\/strong> \u2013 Rosszkedv\u0171nek lenni<\/li>\n<li><strong>Tomber dans les pommes<\/strong> \u2013 El\u00e1julni<\/li>\n<li><strong>Donner sa langue au chat<\/strong> \u2013 Feladni (egy tal\u00e1l\u00f3s k\u00e9rd\u00e9st)<\/li>\n<\/ul>\n<h3>4. \u00c1lland\u00f3sult sz\u00f3kapcsolatok (Les locutions fig\u00e9es)<\/h3>\n<p>Ezek olyan sz\u00f3kapcsolatok, amelyek szinte mindig ugyanabban a form\u00e1ban fordulnak el\u0151, \u00e9s jelent\u00e9s\u00fck nem m\u00f3dos\u00edthat\u00f3 k\u00f6nnyen.<\/p>\n<ul>\n<li><strong>Prendre son temps<\/strong> \u2013 R\u00e1\u00e9r\u0151sen csin\u00e1lni valamit<\/li>\n<li><strong>Mettre la table<\/strong> \u2013 Megter\u00edteni<\/li>\n<\/ul>\n<h2>Mi\u00e9rt fontosak a komplex kifejez\u00e9sek a francia nyelvtanban?<\/h2>\n<p>A komplex kifejez\u00e9sek haszn\u00e1lata r\u00e9v\u00e9n:<\/p>\n<ul>\n<li>Gazdagabb\u00e1 \u00e9s v\u00e1ltozatosabb\u00e1 v\u00e1lik a besz\u00e9d \u00e9s az \u00edr\u00e1s<\/li>\n<li>Pontosabban \u00e9s \u00e1rnyaltabban fejezhetj\u00fck ki gondolatainkat<\/li>\n<li>Anyanyelvi szinthez k\u00f6zel\u00edt\u0151 nyelvhaszn\u00e1latra tehet\u00fcnk szert<\/li>\n<li>Jobban meg\u00e9rtj\u00fck a francia kult\u00far\u00e1t \u00e9s gondolkod\u00e1sm\u00f3dot<\/li>\n<li>Fel tudjuk ismerni a finomabb jelent\u00e9sbeli k\u00fcl\u00f6nbs\u00e9geket<\/li>\n<\/ul>\n<h2>Hogyan saj\u00e1t\u00edthat\u00f3k el hat\u00e9konyan a komplex kifejez\u00e9sek?<\/h2>\n<h3>1. Kontextusban val\u00f3 tanul\u00e1s<\/h3>\n<p>A komplex kifejez\u00e9sek megtanul\u00e1sa akkor a leghat\u00e9konyabb, ha sz\u00f6vegk\u00f6rnyezetben tal\u00e1lkozunk vel\u00fck. Olvassunk francia cikkeket, reg\u00e9nyeket, n\u00e9zz\u00fcnk filmeket \u00e9s hallgassunk podcastokat!<\/p>\n<h3>2. Gyakorl\u00e1s p\u00e1rbesz\u00e9dekben<\/h3>\n<p>A besz\u00e9lget\u00e9sek sor\u00e1n gyakran felbukkannak ezek a szerkezetek, ez\u00e9rt \u00e9rdemes francia anyanyelv\u0171ekkel, vagy m\u00e1s tanul\u00f3kkal gyakorolni. A Talkpal platform kiv\u00e1l\u00f3 lehet\u0151s\u00e9get ny\u00fajt erre, hiszen val\u00f3s \u00e9lethelyzetekben, interakt\u00edv m\u00f3don haszn\u00e1lhatjuk a tanultakat.<\/p>\n<h3>3. List\u00e1k \u00e9s p\u00e9ldamondatok k\u00e9sz\u00edt\u00e9se<\/h3>\n<p>K\u00e9sz\u00edts\u00fcnk jegyzeteket az \u00fajonnan tanult kifejez\u00e9sekr\u0151l, \u00edrjunk p\u00e9ldamondatokat, \u00e9s haszn\u00e1ljuk rendszeresen \u0151ket.<\/p>\n<h3>4. Ism\u00e9tl\u00e9s \u00e9s automatiz\u00e1l\u00e1s<\/h3>\n<p>A folyamatos ism\u00e9tl\u00e9s elengedhetetlen. T\u0171zz\u00fcnk ki heti c\u00e9lokat, \u00e9s ellen\u0151rizz\u00fck, hogy mely kifejez\u00e9seket tudjuk m\u00e1r magabiztosan haszn\u00e1lni.<\/p>\n<h2>Gyakran el\u0151fordul\u00f3 komplex kifejez\u00e9sek p\u00e9ld\u00e1k<\/h2>\n<ul>\n<li><strong>Il n\u2019y a pas de quoi<\/strong> \u2013 Nincs mit (sz\u00edvesen)<\/li>\n<li><strong>C\u2019est la vie<\/strong> \u2013 Ilyen az \u00e9let<\/li>\n<li><strong>\u00catre au courant<\/strong> \u2013 Tudni valamir\u0151l<\/li>\n<li><strong>Faire la t\u00eate<\/strong> \u2013 Durc\u00e1snak lenni<\/li>\n<li><strong>Avoir besoin de<\/strong> \u2013 Sz\u00fcks\u00e9ge van valamire<\/li>\n<\/ul>\n<h2>Tippek a komplex francia kifejez\u00e9sek elsaj\u00e1t\u00edt\u00e1s\u00e1hoz<\/h2>\n<ul>\n<li>Tanuljunk t\u00e9mak\u00f6r\u00f6nk\u00e9nt (p\u00e9ld\u00e1ul: \u00e9rzelmek, id\u0151j\u00e1r\u00e1s, utaz\u00e1s)<\/li>\n<li>Alak\u00edtsunk ki sz\u00f3k\u00e1rty\u00e1kat, hogy vizu\u00e1lisan is r\u00f6gz\u00fcljenek a kifejez\u00e9sek<\/li>\n<li>Hallgassunk eredeti francia anyagokat, hogy megszokjuk a term\u00e9szetes haszn\u00e1latukat<\/li>\n<li>\u00cdrjunk r\u00f6vid t\u00f6rt\u00e9neteket vagy napl\u00f3t, amelyben be\u00e9p\u00edtj\u00fck az \u00faj szerkezeteket<\/li>\n<li>Pr\u00f3b\u00e1ljunk min\u00e9l t\u00f6bbet besz\u00e9lni, ak\u00e1r hib\u00e1zva is, mert a gyakorlat a legjobb tan\u00e1r<\/li>\n<\/ul>\n<h2>Gyakori hib\u00e1k a komplex kifejez\u00e9sek haszn\u00e1latakor<\/h2>\n<ul>\n<li><strong>Sz\u00f3 szerinti ford\u00edt\u00e1s:<\/strong> Sok francia kifejez\u00e9s nem ford\u00edthat\u00f3 le sz\u00f3 szerint magyarra, ez\u00e9rt fontos megjegyezni a jelent\u00e9s\u00fcket.<\/li>\n<li><strong>Helytelen igeid\u0151 vagy szerkezet:<\/strong> A komplex szerkezetek gyakran ig\u00e9nyelnek speci\u00e1lis igeid\u0151t vagy n\u00e9vm\u00e1st.<\/li>\n<li><strong>Rosszul alkalmazott el\u0151lj\u00e1r\u00f3sz\u00f3k:<\/strong> Egyes kifejez\u00e9sekhez meghat\u00e1rozott el\u00f6lj\u00e1r\u00f3sz\u00f3k tartoznak.<\/li>\n<li><strong>Nem megfelel\u0151 sz\u00f3rend:<\/strong> A francia mondatszerkeszt\u00e9s elt\u00e9rhet a magyart\u00f3l, ez\u00e9rt erre figyelni kell.<\/li>\n<\/ul>\n<h2>Mi\u00e9rt \u00e9rdemes a Talkpal platformot haszn\u00e1lni a komplex francia kifejez\u00e9sek tanul\u00e1s\u00e1hoz?<\/h2>\n<p>A Talkpal egy innovat\u00edv, besz\u00e9dcentrikus nyelvtanul\u00e1si platform, amely seg\u00edt:<\/p>\n<ul>\n<li>Val\u00f3s, mindennapi szitu\u00e1ci\u00f3kban gyakorolni a francia komplex kifejez\u00e9seket<\/li>\n<li>Azonnali visszajelz\u00e9st kapni anyanyelvi szint\u0171 nyelvhaszn\u00e1l\u00f3kt\u00f3l vagy mesters\u00e9ges intelligenci\u00e1t\u00f3l<\/li>\n<li>J\u00e1t\u00e9kos, motiv\u00e1l\u00f3 feladatokon kereszt\u00fcl elsaj\u00e1t\u00edtani a bonyolult szerkezeteket<\/li>\n<li>Fejleszteni a besz\u00e9dk\u00e9szs\u00e9get \u00e9s a hall\u00e1s ut\u00e1ni \u00e9rt\u00e9st<\/li>\n<li>Nyomon k\u00f6vetni a fejl\u0151d\u00e9st, \u00e9s szem\u00e9lyre szabott tanul\u00e1si \u00fatvonalat kialak\u00edtani<\/li>\n<\/ul>\n<h2>\u00d6sszegz\u00e9s<\/h2>\n<p>A komplex kifejez\u00e9sek elsaj\u00e1t\u00edt\u00e1sa elengedhetetlen a magas szint\u0171 francia nyelvtud\u00e1shoz. Ezek a szerkezetek gazdagabb\u00e1, term\u00e9szetesebb\u00e9 teszik a besz\u00e9det, \u00e9s seg\u00edtenek abban, hogy magabiztosan kommunik\u00e1ljunk b\u00e1rmilyen helyzetben. A tanul\u00e1s sor\u00e1n t\u00f6rekedj\u00fcnk a rendszeres gyakorl\u00e1sra, haszn\u00e1ljuk ki a digit\u00e1lis platformok, p\u00e9ld\u00e1ul a Talkpal ny\u00fajtotta lehet\u0151s\u00e9geket, \u00e9s ne f\u00e9lj\u00fcnk hib\u00e1zni \u2013 hiszen a fejl\u0151d\u00e9shez vezet\u0151 \u00fat a kitart\u00e1son \u00e9s a gyakorl\u00e1son \u00e1t vezet. Ha k\u00f6vetj\u00fck a cikkben felsorolt tippeket, a francia komplex kifejez\u00e9sek nemcsak \u00e9rthet\u0151v\u00e9, hanem akt\u00edvan haszn\u00e1lhat\u00f3v\u00e1 v\u00e1lnak sz\u00e1munkra.<\/p>\n","protected":false},"featured_media":1527726,"template":"","language":[12300,12322],"class_list":["post-1078846","grammar","type-grammar","status-publish","has-post-thumbnail","hentry","language-francia","language-mondatszerkezet-francia-nyelvtan"],"acf":[],"yoast_head":"<!-- This site is optimized with the Yoast SEO Premium plugin v27.2 (Yoast SEO v27.2) - https:\/\/yoast.com\/product\/yoast-seo-premium-wordpress\/ -->\n<title>Kifejez\u00e9sek komplexek a francia nyelvtanban - Talkpal<\/title>\n<meta name=\"description\" content=\"A francia nyelv gazdag \u00e9s v\u00e1ltozatos nyelvtani szerkezetei k\u00f6z\u00f6tt kiemelked\u0151 szerepet t\u00f6ltenek be a komplex kifejez\u00e9sek, amelyek elsaj\u00e1t\u00edt\u00e1sa\" \/>\n<meta name=\"robots\" content=\"index, follow, max-snippet:-1, max-image-preview:large, max-video-preview:-1\" \/>\n<link rel=\"canonical\" href=\"https:\/\/talkpal.ai\/hu\/grammar\/kifejezesek-komplexek-a-francia-nyelvtanban\/\" \/>\n<meta property=\"og:locale\" content=\"hu_HU\" \/>\n<meta property=\"og:type\" content=\"article\" \/>\n<meta property=\"og:title\" content=\"Kifejez\u00e9sek komplexek a francia nyelvtanban\" \/>\n<meta property=\"og:description\" content=\"A francia nyelv gazdag \u00e9s v\u00e1ltozatos nyelvtani szerkezetei k\u00f6z\u00f6tt kiemelked\u0151 szerepet t\u00f6ltenek be a komplex kifejez\u00e9sek, amelyek elsaj\u00e1t\u00edt\u00e1sa\" \/>\n<meta property=\"og:url\" content=\"https:\/\/talkpal.ai\/hu\/grammar\/kifejezesek-komplexek-a-francia-nyelvtanban\/\" \/>\n<meta property=\"og:site_name\" content=\"Talkpal\" \/>\n<meta property=\"article:publisher\" content=\"https:\/\/www.facebook.com\/profile.php?id=100090733639311\" \/>\n<meta property=\"og:image\" content=\"https:\/\/talkpal.ai\/wp-content\/uploads\/2025\/02\/Progress-tab-16_9.png\" \/>\n\t<meta property=\"og:image:width\" content=\"2880\" \/>\n\t<meta property=\"og:image:height\" content=\"1620\" \/>\n\t<meta property=\"og:image:type\" content=\"image\/png\" \/>\n<meta name=\"twitter:card\" content=\"summary_large_image\" \/>\n<meta name=\"twitter:site\" content=\"@talkpalai\" \/>\n<meta name=\"twitter:label1\" content=\"Becs\u00fclt olvas\u00e1si id\u0151\" \/>\n\t<meta name=\"twitter:data1\" content=\"6 perc\" \/>\n<script type=\"application\/ld+json\" class=\"yoast-schema-graph\">{\"@context\":\"https:\/\/schema.org\",\"@graph\":[{\"@type\":\"WebPage\",\"@id\":\"https:\/\/talkpal.ai\/hu\/grammar\/kifejezesek-komplexek-a-francia-nyelvtanban\/\",\"url\":\"https:\/\/talkpal.ai\/hu\/grammar\/kifejezesek-komplexek-a-francia-nyelvtanban\/\",\"name\":\"Kifejez\u00e9sek komplexek a francia nyelvtanban - Talkpal\",\"isPartOf\":{\"@id\":\"https:\/\/talkpal.ai\/hu\/#website\"},\"primaryImageOfPage\":{\"@id\":\"https:\/\/talkpal.ai\/hu\/grammar\/kifejezesek-komplexek-a-francia-nyelvtanban\/#primaryimage\"},\"image\":{\"@id\":\"https:\/\/talkpal.ai\/hu\/grammar\/kifejezesek-komplexek-a-francia-nyelvtanban\/#primaryimage\"},\"thumbnailUrl\":\"https:\/\/talkpal.ai\/wp-content\/uploads\/2025\/12\/laptops-are-used-to-learn-languages.webp\",\"datePublished\":\"2025-07-01T21:59:55+00:00\",\"description\":\"A francia nyelv gazdag \u00e9s v\u00e1ltozatos nyelvtani szerkezetei k\u00f6z\u00f6tt kiemelked\u0151 szerepet t\u00f6ltenek be a komplex kifejez\u00e9sek, amelyek elsaj\u00e1t\u00edt\u00e1sa\",\"breadcrumb\":{\"@id\":\"https:\/\/talkpal.ai\/hu\/grammar\/kifejezesek-komplexek-a-francia-nyelvtanban\/#breadcrumb\"},\"inLanguage\":\"hu\",\"potentialAction\":[{\"@type\":\"ReadAction\",\"target\":[\"https:\/\/talkpal.ai\/hu\/grammar\/kifejezesek-komplexek-a-francia-nyelvtanban\/\"]}]},{\"@type\":\"ImageObject\",\"inLanguage\":\"hu\",\"@id\":\"https:\/\/talkpal.ai\/hu\/grammar\/kifejezesek-komplexek-a-francia-nyelvtanban\/#primaryimage\",\"url\":\"https:\/\/talkpal.ai\/wp-content\/uploads\/2025\/12\/laptops-are-used-to-learn-languages.webp\",\"contentUrl\":\"https:\/\/talkpal.ai\/wp-content\/uploads\/2025\/12\/laptops-are-used-to-learn-languages.webp\",\"width\":1200,\"height\":896,\"caption\":\"A group of people sits at a long table with laptops and notebooks for learning languages in a professional setting.\"},{\"@type\":\"BreadcrumbList\",\"@id\":\"https:\/\/talkpal.ai\/hu\/grammar\/kifejezesek-komplexek-a-francia-nyelvtanban\/#breadcrumb\",\"itemListElement\":[{\"@type\":\"ListItem\",\"position\":1,\"name\":\"Homepage\",\"item\":\"https:\/\/talkpal.ai\/hu\/\"},{\"@type\":\"ListItem\",\"position\":2,\"name\":\"Kifejez\u00e9sek komplexek a francia nyelvtanban\"}]},{\"@type\":\"WebSite\",\"@id\":\"https:\/\/talkpal.ai\/hu\/#website\",\"url\":\"https:\/\/talkpal.ai\/hu\/\",\"name\":\"Talkpal\",\"description\":\"AI Language Learning\",\"publisher\":{\"@id\":\"https:\/\/talkpal.ai\/hu\/#organization\"},\"alternateName\":\"Talkpal AI\",\"potentialAction\":[{\"@type\":\"SearchAction\",\"target\":{\"@type\":\"EntryPoint\",\"urlTemplate\":\"https:\/\/talkpal.ai\/hu\/?s={search_term_string}\"},\"query-input\":{\"@type\":\"PropertyValueSpecification\",\"valueRequired\":true,\"valueName\":\"search_term_string\"}}],\"inLanguage\":\"hu\"},{\"@type\":\"Organization\",\"@id\":\"https:\/\/talkpal.ai\/hu\/#organization\",\"name\":\"Talkpal, Inc.\",\"alternateName\":\"Talkpal AI\",\"url\":\"https:\/\/talkpal.ai\/hu\/\",\"logo\":{\"@type\":\"ImageObject\",\"inLanguage\":\"hu\",\"@id\":\"https:\/\/talkpal.ai\/hu\/#\/schema\/logo\/image\/\",\"url\":\"https:\/\/talkpal.ai\/wp-content\/uploads\/2024\/03\/Talkpal-Logo-Icon.png\",\"contentUrl\":\"https:\/\/talkpal.ai\/wp-content\/uploads\/2024\/03\/Talkpal-Logo-Icon.png\",\"width\":2880,\"height\":2880,\"caption\":\"Talkpal, Inc.\"},\"image\":{\"@id\":\"https:\/\/talkpal.ai\/hu\/#\/schema\/logo\/image\/\"},\"sameAs\":[\"https:\/\/www.facebook.com\/profile.php?id=100090733639311\",\"https:\/\/x.com\/talkpalai\",\"https:\/\/www.linkedin.com\/company\/talkpal\/\",\"https:\/\/www.youtube.com\/@TalkPal\/\",\"https:\/\/www.tiktok.com\/@talkpal\",\"https:\/\/www.instagram.com\/talkpal_ai\/\",\"https:\/\/www.crunchbase.com\/organization\/talkpal-9cde\",\"https:\/\/www.g2.com\/products\/talkpal-for-business\/\",\"https:\/\/www.trustpilot.com\/review\/talkpal.ai\",\"https:\/\/www.capterra.com\/p\/10006800\/TalkPal\/\"],\"description\":\"Talkpal is a language learning web and mobile education app, powered by the latest AI technologies, that provides engaging experiences to its customers in many different languages to help them improve their language skills. Users can chat about unlimited amount of topics with the app and use other modes to practice their language learning.\",\"email\":\"support@talkpal.ai\",\"legalName\":\"Talkpal, Inc.\",\"foundingDate\":\"2023-04-03\",\"duns\":\"118989042\",\"numberOfEmployees\":{\"@type\":\"QuantitativeValue\",\"minValue\":\"11\",\"maxValue\":\"50\"},\"publishingPrinciples\":\"https:\/\/talkpal.ai\/publishing-principles\/\",\"actionableFeedbackPolicy\":\"https:\/\/talkpal.ai\/actionable-feedback-policy\/\",\"correctionsPolicy\":\"https:\/\/talkpal.ai\/corrections-policy\/\",\"ethicsPolicy\":\"https:\/\/talkpal.ai\/ethics-policy\/\",\"diversityPolicy\":\"https:\/\/talkpal.ai\/diversity-policy\/\",\"diversityStaffingReport\":\"https:\/\/talkpal.ai\/diversity-policy\/\"}]}<\/script>\n<!-- \/ Yoast SEO Premium plugin. -->","yoast_head_json":{"title":"Kifejez\u00e9sek komplexek a francia nyelvtanban - Talkpal","description":"A francia nyelv gazdag \u00e9s v\u00e1ltozatos nyelvtani szerkezetei k\u00f6z\u00f6tt kiemelked\u0151 szerepet t\u00f6ltenek be a komplex kifejez\u00e9sek, amelyek elsaj\u00e1t\u00edt\u00e1sa","robots":{"index":"index","follow":"follow","max-snippet":"max-snippet:-1","max-image-preview":"max-image-preview:large","max-video-preview":"max-video-preview:-1"},"canonical":"https:\/\/talkpal.ai\/hu\/grammar\/kifejezesek-komplexek-a-francia-nyelvtanban\/","og_locale":"hu_HU","og_type":"article","og_title":"Kifejez\u00e9sek komplexek a francia nyelvtanban","og_description":"A francia nyelv gazdag \u00e9s v\u00e1ltozatos nyelvtani szerkezetei k\u00f6z\u00f6tt kiemelked\u0151 szerepet t\u00f6ltenek be a komplex kifejez\u00e9sek, amelyek elsaj\u00e1t\u00edt\u00e1sa","og_url":"https:\/\/talkpal.ai\/hu\/grammar\/kifejezesek-komplexek-a-francia-nyelvtanban\/","og_site_name":"Talkpal","article_publisher":"https:\/\/www.facebook.com\/profile.php?id=100090733639311","og_image":[{"width":2880,"height":1620,"url":"https:\/\/talkpal.ai\/wp-content\/uploads\/2025\/02\/Progress-tab-16_9.png","type":"image\/png"}],"twitter_card":"summary_large_image","twitter_site":"@talkpalai","twitter_misc":{"Becs\u00fclt olvas\u00e1si id\u0151":"6 perc"},"schema":{"@context":"https:\/\/schema.org","@graph":[{"@type":"WebPage","@id":"https:\/\/talkpal.ai\/hu\/grammar\/kifejezesek-komplexek-a-francia-nyelvtanban\/","url":"https:\/\/talkpal.ai\/hu\/grammar\/kifejezesek-komplexek-a-francia-nyelvtanban\/","name":"Kifejez\u00e9sek komplexek a francia nyelvtanban - Talkpal","isPartOf":{"@id":"https:\/\/talkpal.ai\/hu\/#website"},"primaryImageOfPage":{"@id":"https:\/\/talkpal.ai\/hu\/grammar\/kifejezesek-komplexek-a-francia-nyelvtanban\/#primaryimage"},"image":{"@id":"https:\/\/talkpal.ai\/hu\/grammar\/kifejezesek-komplexek-a-francia-nyelvtanban\/#primaryimage"},"thumbnailUrl":"https:\/\/talkpal.ai\/wp-content\/uploads\/2025\/12\/laptops-are-used-to-learn-languages.webp","datePublished":"2025-07-01T21:59:55+00:00","description":"A francia nyelv gazdag \u00e9s v\u00e1ltozatos nyelvtani szerkezetei k\u00f6z\u00f6tt kiemelked\u0151 szerepet t\u00f6ltenek be a komplex kifejez\u00e9sek, amelyek elsaj\u00e1t\u00edt\u00e1sa","breadcrumb":{"@id":"https:\/\/talkpal.ai\/hu\/grammar\/kifejezesek-komplexek-a-francia-nyelvtanban\/#breadcrumb"},"inLanguage":"hu","potentialAction":[{"@type":"ReadAction","target":["https:\/\/talkpal.ai\/hu\/grammar\/kifejezesek-komplexek-a-francia-nyelvtanban\/"]}]},{"@type":"ImageObject","inLanguage":"hu","@id":"https:\/\/talkpal.ai\/hu\/grammar\/kifejezesek-komplexek-a-francia-nyelvtanban\/#primaryimage","url":"https:\/\/talkpal.ai\/wp-content\/uploads\/2025\/12\/laptops-are-used-to-learn-languages.webp","contentUrl":"https:\/\/talkpal.ai\/wp-content\/uploads\/2025\/12\/laptops-are-used-to-learn-languages.webp","width":1200,"height":896,"caption":"A group of people sits at a long table with laptops and notebooks for learning languages in a professional setting."},{"@type":"BreadcrumbList","@id":"https:\/\/talkpal.ai\/hu\/grammar\/kifejezesek-komplexek-a-francia-nyelvtanban\/#breadcrumb","itemListElement":[{"@type":"ListItem","position":1,"name":"Homepage","item":"https:\/\/talkpal.ai\/hu\/"},{"@type":"ListItem","position":2,"name":"Kifejez\u00e9sek komplexek a francia nyelvtanban"}]},{"@type":"WebSite","@id":"https:\/\/talkpal.ai\/hu\/#website","url":"https:\/\/talkpal.ai\/hu\/","name":"Talkpal","description":"AI Language Learning","publisher":{"@id":"https:\/\/talkpal.ai\/hu\/#organization"},"alternateName":"Talkpal AI","potentialAction":[{"@type":"SearchAction","target":{"@type":"EntryPoint","urlTemplate":"https:\/\/talkpal.ai\/hu\/?s={search_term_string}"},"query-input":{"@type":"PropertyValueSpecification","valueRequired":true,"valueName":"search_term_string"}}],"inLanguage":"hu"},{"@type":"Organization","@id":"https:\/\/talkpal.ai\/hu\/#organization","name":"Talkpal, Inc.","alternateName":"Talkpal AI","url":"https:\/\/talkpal.ai\/hu\/","logo":{"@type":"ImageObject","inLanguage":"hu","@id":"https:\/\/talkpal.ai\/hu\/#\/schema\/logo\/image\/","url":"https:\/\/talkpal.ai\/wp-content\/uploads\/2024\/03\/Talkpal-Logo-Icon.png","contentUrl":"https:\/\/talkpal.ai\/wp-content\/uploads\/2024\/03\/Talkpal-Logo-Icon.png","width":2880,"height":2880,"caption":"Talkpal, Inc."},"image":{"@id":"https:\/\/talkpal.ai\/hu\/#\/schema\/logo\/image\/"},"sameAs":["https:\/\/www.facebook.com\/profile.php?id=100090733639311","https:\/\/x.com\/talkpalai","https:\/\/www.linkedin.com\/company\/talkpal\/","https:\/\/www.youtube.com\/@TalkPal\/","https:\/\/www.tiktok.com\/@talkpal","https:\/\/www.instagram.com\/talkpal_ai\/","https:\/\/www.crunchbase.com\/organization\/talkpal-9cde","https:\/\/www.g2.com\/products\/talkpal-for-business\/","https:\/\/www.trustpilot.com\/review\/talkpal.ai","https:\/\/www.capterra.com\/p\/10006800\/TalkPal\/"],"description":"Talkpal is a language learning web and mobile education app, powered by the latest AI technologies, that provides engaging experiences to its customers in many different languages to help them improve their language skills. Users can chat about unlimited amount of topics with the app and use other modes to practice their language learning.","email":"support@talkpal.ai","legalName":"Talkpal, Inc.","foundingDate":"2023-04-03","duns":"118989042","numberOfEmployees":{"@type":"QuantitativeValue","minValue":"11","maxValue":"50"},"publishingPrinciples":"https:\/\/talkpal.ai\/publishing-principles\/","actionableFeedbackPolicy":"https:\/\/talkpal.ai\/actionable-feedback-policy\/","correctionsPolicy":"https:\/\/talkpal.ai\/corrections-policy\/","ethicsPolicy":"https:\/\/talkpal.ai\/ethics-policy\/","diversityPolicy":"https:\/\/talkpal.ai\/diversity-policy\/","diversityStaffingReport":"https:\/\/talkpal.ai\/diversity-policy\/"}]}},"_links":{"self":[{"href":"https:\/\/talkpal.ai\/hu\/wp-json\/wp\/v2\/grammar\/1078846","targetHints":{"allow":["GET"]}}],"collection":[{"href":"https:\/\/talkpal.ai\/hu\/wp-json\/wp\/v2\/grammar"}],"about":[{"href":"https:\/\/talkpal.ai\/hu\/wp-json\/wp\/v2\/types\/grammar"}],"wp:featuredmedia":[{"embeddable":true,"href":"https:\/\/talkpal.ai\/hu\/wp-json\/wp\/v2\/media\/1527726"}],"wp:attachment":[{"href":"https:\/\/talkpal.ai\/hu\/wp-json\/wp\/v2\/media?parent=1078846"}],"wp:term":[{"taxonomy":"language","embeddable":true,"href":"https:\/\/talkpal.ai\/hu\/wp-json\/wp\/v2\/language?post=1078846"}],"curies":[{"name":"wp","href":"https:\/\/api.w.org\/{rel}","templated":true}]}}