{"id":1078842,"date":"2025-07-01T21:59:32","date_gmt":"2025-07-01T21:59:32","guid":{"rendered":"https:\/\/talkpal.ai\/grammar\/tipusok-a-francia-nyelvtanban\/"},"modified":"2025-07-01T21:59:32","modified_gmt":"2025-07-01T21:59:32","slug":"tipusok-a-francia-nyelvtanban","status":"publish","type":"grammar","link":"https:\/\/talkpal.ai\/hu\/grammar\/tipusok-a-francia-nyelvtanban\/","title":{"rendered":"T\u00edpusok a francia nyelvtanban"},"content":{"rendered":"<p>A <a href=\"https:\/\/talkpal.ai\/hu\/grammar\/passe-egyszeru-a-francia-nyelvtanban\/\">francia nyelvtan<\/a> elsaj\u00e1t\u00edt\u00e1sa sz\u00e1mos kih\u00edv\u00e1st tartogat a nyelvtanul\u00f3k sz\u00e1m\u00e1ra, hiszen a <a href=\"https:\/\/talkpal.ai\/hu\/tanuljon-franciaul\/\">francia nyelv<\/a> gazdag szerkezeti elemekben \u00e9s elt\u00e9r\u0151 t\u00edpusokban. A k\u00fcl\u00f6nb\u00f6z\u0151 t\u00edpusok ismerete n\u00e9lk\u00fcl\u00f6zhetetlen a helyes besz\u00e9dhez \u00e9s \u00edr\u00e1sbeli kommunik\u00e1ci\u00f3hoz. Ebben a cikkben r\u00e9szletesen bemutatjuk, milyen t\u00edpusokkal tal\u00e1lkozhatunk a <a href=\"https:\/\/talkpal.ai\/learn-french\/\">francia<\/a> nyelvtanban, \u00e9s hogyan seg\u00edtheti ezek meg\u00e9rt\u00e9se a g\u00f6rd\u00fcl\u00e9keny nyelvhaszn\u00e1latot. Ha szeretn\u00e9d k\u00f6nnyed\u00e9n elsaj\u00e1t\u00edtani ezeket a t\u00edpusokat, a <a href=\"https:\/\/talkpal.ai\/ko\/ai-%ec%96%b8%ec%96%b4-%ea%b5%90%ec%82%ac\/\">Talkpal<\/a> kiv\u00e1l\u00f3 lehet\u0151s\u00e9get k\u00edn\u00e1l gyakorl\u00e1sra \u00e9s fejl\u0151d\u00e9sre.<\/p>\n<h2>A francia nyelvtan f\u0151 t\u00edpusai<\/h2>\n<p>A francia nyelvtanban t\u00f6bbf\u00e9le szerkezeti \u00e9s funkcion\u00e1lis t\u00edpus l\u00e9tezik, amelyek elengedhetetlenek a helyes nyelvhaszn\u00e1lathoz. Ezek k\u00f6z\u00e9 tartoznak a f\u0151n\u00e9vi, igei, mell\u00e9kn\u00e9vi, n\u00e9vm\u00e1si, hat\u00e1roz\u00f3sz\u00f3i t\u00edpusok, valamint a mondattani szerkezetek. Az al\u00e1bbiakban r\u00e9szletesen bemutatjuk ezeket a t\u00edpusokat.<\/p>\n<h3>F\u0151n\u00e9vi t\u00edpusok (Les types de noms)<\/h3>\n<p>A f\u0151n\u00e9v (le nom) a francia nyelv egyik alapvet\u0151 sz\u00f3faja, amely szem\u00e9lyeket, t\u00e1rgyakat, helyeket vagy fogalmakat jel\u00f6l. A f\u0151nevek csoportos\u00edt\u00e1sa t\u00f6bb szempont alapj\u00e1n t\u00f6rt\u00e9nhet.<\/p>\n<ul>\n<li><strong>Konkr\u00e9t \u00e9s elvont f\u0151nevek:<\/strong>\n<ul>\n<li><strong>Konkr\u00e9t f\u0151nevek (nom concret):<\/strong> K\u00e9zzel foghat\u00f3 dolgokat jel\u00f6lnek (p\u00e9ld\u00e1ul: <em>une table<\/em> \u2013 egy asztal, <em>un chien<\/em> \u2013 egy kutya).<\/li>\n<li><strong>Elvont f\u0151nevek (nom abstrait):<\/strong> Nem \u00e9rz\u00e9kelhet\u0151 fogalmakat, \u00e9rz\u00e9seket vagy tulajdons\u00e1gokat fejeznek ki (p\u00e9ld\u00e1ul: <em>la libert\u00e9<\/em> \u2013 szabads\u00e1g, <em>la beaut\u00e9<\/em> \u2013 sz\u00e9ps\u00e9g).<\/li>\n<\/ul>\n<\/li>\n<li><strong>Egyszer\u0171 \u00e9s \u00f6sszetett f\u0151nevek:<\/strong>\n<ul>\n<li><strong>Egyszer\u0171 f\u0151nevek (nom simple):<\/strong> Egyetlen sz\u00f3b\u00f3l \u00e1llnak (p\u00e9ld\u00e1ul: <em>livre<\/em> \u2013 k\u00f6nyv).<\/li>\n<li><strong>\u00d6sszetett f\u0151nevek (nom compos\u00e9):<\/strong> K\u00e9t vagy t\u00f6bb sz\u00f3b\u00f3l \u00e1llnak (p\u00e9ld\u00e1ul: <em>porte-monnaie<\/em> \u2013 p\u00e9nzt\u00e1rca).<\/li>\n<\/ul>\n<\/li>\n<li><strong>H\u00edmnem\u0171 \u00e9s n\u0151nem\u0171 f\u0151nevek:<\/strong>\n<ul>\n<li>A francia f\u0151nevek mindig rendelkeznek grammatikai nemmel: <em>le<\/em> (h\u00edmnem), <em>la<\/em> (n\u0151nem).<\/li>\n<\/ul>\n<\/li>\n<\/ul>\n<h3>Igei t\u00edpusok (Les types de verbes)<\/h3>\n<p>Az ig\u00e9k (les verbes) a mondatok k\u00f6zponti elemei. A francia nyelvben t\u00f6bbf\u00e9le igei t\u00edpus l\u00e9tezik, melyeket ragoz\u00e1suk \u00e9s jelent\u00e9s\u00fck szerint csoportos\u00edtunk.<\/p>\n<ul>\n<li><strong>Ragoz\u00e1si csoportok:<\/strong>\n<ul>\n<li><strong>Els\u0151 csoport (1<sup>er<\/sup> groupe):<\/strong> -er v\u00e9gz\u0151d\u00e9s\u0171 ig\u00e9k (p\u00e9ld\u00e1ul: <em>parler<\/em> \u2013 besz\u00e9lni).<\/li>\n<li><strong>M\u00e1sodik csoport (2<sup>\u00e8me<\/sup> groupe):<\/strong> -ir v\u00e9gz\u0151d\u00e9s\u0171, szab\u00e1lyos ig\u00e9k (p\u00e9ld\u00e1ul: <em>finir<\/em> \u2013 befejezni).<\/li>\n<li><strong>Harmadik csoport (3<sup>\u00e8me<\/sup> groupe):<\/strong> szab\u00e1lytalan ig\u00e9k (p\u00e9ld\u00e1ul: <em>prendre<\/em> \u2013 venni, <em>aller<\/em> \u2013 menni).<\/li>\n<\/ul>\n<\/li>\n<li><strong>T\u00e1rgyas \u00e9s t\u00e1rgyatlan ig\u00e9k:<\/strong>\n<ul>\n<li><strong>T\u00e1rgyas ig\u00e9k (verbe transitif):<\/strong> K\u00f6zvetlen t\u00e1rgyat vonzanak (p\u00e9ld\u00e1ul: <em>manger une pomme<\/em> \u2013 enni egy alm\u00e1t).<\/li>\n<li><strong>T\u00e1rgyatlan ig\u00e9k (verbe intransitif):<\/strong> Nem vonzanak k\u00f6zvetlen t\u00e1rgyat (p\u00e9ld\u00e1ul: <em>marcher<\/em> \u2013 s\u00e9t\u00e1lni).<\/li>\n<\/ul>\n<\/li>\n<li><strong>Visszahat\u00f3 ig\u00e9k (verbe pronominal):<\/strong> A cselekv\u00e9s visszahat a cselekv\u0151re (p\u00e9ld\u00e1ul: <em>se laver<\/em> \u2013 megmosakodni).<\/li>\n<\/ul>\n<h3>Mell\u00e9kn\u00e9vi t\u00edpusok (Les types d&#8217;adjectifs)<\/h3>\n<p>A mell\u00e9knevek (les adjectifs) a f\u0151nevek tulajdons\u00e1gait, jellemz\u0151it \u00edrj\u00e1k le, \u00e9s fontos szerepet t\u00f6ltenek be a mondatok sz\u00ednes\u00edt\u00e9s\u00e9ben.<\/p>\n<ul>\n<li><strong>Min\u0151s\u00edt\u0151 mell\u00e9knevek (adjectif qualificatif):<\/strong> Kifejezik a f\u0151n\u00e9v min\u0151s\u00e9g\u00e9t vagy \u00e1llapot\u00e1t (p\u00e9ld\u00e1ul: <em>grand<\/em> \u2013 nagy, <em>int\u00e9ressant<\/em> \u2013 \u00e9rdekes).<\/li>\n<li><strong>Birtokos mell\u00e9knevek (adjectif possessif):<\/strong> Birtokviszonyt fejeznek ki (p\u00e9ld\u00e1ul: <em>mon<\/em> \u2013 az \u00e9n, <em>notre<\/em> \u2013 a mi).<\/li>\n<li><strong>Mutat\u00f3 mell\u00e9knevek (adjectif d\u00e9monstratif):<\/strong> Kiemelik a f\u0151nevet (p\u00e9ld\u00e1ul: <em>ce<\/em> \u2013 ez, <em>cette<\/em> \u2013 ez a, <em>ces<\/em> \u2013 ezek a).<\/li>\n<li><strong>K\u00e9rd\u0151 mell\u00e9knevek (adjectif interrogatif):<\/strong> K\u00e9rd\u0151 mondatokban haszn\u00e1ljuk (p\u00e9ld\u00e1ul: <em>quel<\/em> \u2013 melyik).<\/li>\n<\/ul>\n<h3>N\u00e9vm\u00e1si t\u00edpusok (Les types de pronoms)<\/h3>\n<p>A n\u00e9vm\u00e1sok (les pronoms) a f\u0151neveket helyettes\u00edtik vagy utalnak r\u00e1juk. T\u00f6bbf\u00e9le n\u00e9vm\u00e1s l\u00e9tezik a francia nyelvben:<\/p>\n<ul>\n<li><strong>Szem\u00e9lyes n\u00e9vm\u00e1sok (pronom personnel):<\/strong> \u00c9n, te, \u0151, mi, ti, \u0151k (<em>je, tu, il\/elle, nous, vous, ils\/elles<\/em>).<\/li>\n<li><strong>Birtokos n\u00e9vm\u00e1sok (pronom possessif):<\/strong> Az eny\u00e9m, a ti\u00e9d, stb. (<em>le mien, le tien<\/em>).<\/li>\n<li><strong>Mutat\u00f3 n\u00e9vm\u00e1sok (pronom d\u00e9monstratif):<\/strong> Ez, az, ezek, azok (<em>celui, celle, ceux, celles<\/em>).<\/li>\n<li><strong>K\u00e9rd\u0151 n\u00e9vm\u00e1sok (pronom interrogatif):<\/strong> Ki, mi, melyik (<em>qui, que, lequel<\/em>).<\/li>\n<li><strong>Visszahat\u00f3 n\u00e9vm\u00e1sok (pronom r\u00e9fl\u00e9chi):<\/strong> Saj\u00e1t mag\u00e1ra vonatkozik (<em>me, te, se, nous, vous, se<\/em>).<\/li>\n<\/ul>\n<h2>Hat\u00e1roz\u00f3sz\u00f3i t\u00edpusok (Les types d&#8217;adverbes)<\/h2>\n<p>A hat\u00e1roz\u00f3sz\u00f3k (les adverbes) az ig\u00e9ket, mell\u00e9kneveket vagy m\u00e1s hat\u00e1roz\u00f3sz\u00f3t m\u00f3dos\u00edtanak, \u00e9s k\u00fcl\u00f6nb\u00f6z\u0151 szempontok szerint t\u00edpusokra oszthat\u00f3k:<\/p>\n<ul>\n<li><strong>Id\u0151hat\u00e1roz\u00f3k (adverbes de temps):<\/strong> Amikor t\u00f6rt\u00e9nik valami (<em>aujourd&#8217;hui<\/em> \u2013 ma, <em>toujours<\/em> \u2013 mindig).<\/li>\n<li><strong>Helyhat\u00e1roz\u00f3k (adverbes de lieu):<\/strong> Hol t\u00f6rt\u00e9nik (<em>ici<\/em> \u2013 itt, <em>l\u00e0<\/em> \u2013 ott).<\/li>\n<li><strong>M\u00f3dhat\u00e1roz\u00f3k (adverbes de mani\u00e8re):<\/strong> Hogyan t\u00f6rt\u00e9nik (<em>vite<\/em> \u2013 gyorsan, <em>bien<\/em> \u2013 j\u00f3l).<\/li>\n<li><strong>M\u00e9rt\u00e9khat\u00e1roz\u00f3k (adverbes de quantit\u00e9):<\/strong> Mennyire (<em>beaucoup<\/em> \u2013 sokat, <em>peu<\/em> \u2013 keveset).<\/li>\n<li><strong>Tagad\u00f3 hat\u00e1roz\u00f3k (adverbes de n\u00e9gation):<\/strong> Tagad\u00e1s kifejez\u00e9s\u00e9re (<em>ne&#8230; pas<\/em> \u2013 nem).<\/li>\n<\/ul>\n<h2>Mondattani t\u00edpusok a francia nyelvben<\/h2>\n<p>A mondattani szerkezetek (les types de phrases) szint\u00e9n kiemelt szerepet kapnak a francia nyelvtanban. Ezek ismerete elengedhetetlen a helyes kommunik\u00e1ci\u00f3hoz.<\/p>\n<h3>Kijelent\u0151 mondatok (Phrase d\u00e9clarative)<\/h3>\n<p>A kijelent\u0151 mondatok alapvet\u0151 inform\u00e1ci\u00f3t k\u00f6z\u00f6lnek, a mindennapi besz\u00e9d leggyakoribb t\u00edpusa.<\/p>\n<p><em>P\u00e9lda: Je mange une pomme. (Eszem egy alm\u00e1t.)<\/em><\/p>\n<h3>K\u00e9rd\u0151 mondatok (Phrase interrogative)<\/h3>\n<p>K\u00e9rd\u00e9seket fogalmaznak meg, t\u00f6bbf\u00e9le szerkezetben jelenhetnek meg:<\/p>\n<ul>\n<li><strong>Inton\u00e1ci\u00f3s k\u00e9rd\u00e9s:<\/strong> A mondat v\u00e9g\u00e9n emelkedik a hangs\u00faly (<em>Tu viens?<\/em>).<\/li>\n<li><strong>Est-ce que szerkezet:<\/strong> <em>Est-ce que tu viens?<\/em><\/li>\n<li><strong>K\u00e9rd\u0151sz\u00f3val kezd\u0151d\u0151:<\/strong> <em>O\u00f9 vas-tu?<\/em> (Hov\u00e1 m\u00e9sz?)<\/li>\n<\/ul>\n<h3>Felsz\u00f3l\u00edt\u00f3 mondatok (Phrase imp\u00e9rative)<\/h3>\n<p>Cselekv\u00e9sre, parancsra, k\u00e9r\u00e9sre \u00f6szt\u00f6n\u00f6znek.<\/p>\n<p><em>P\u00e9lda: Fermez la porte! (Csukj\u00e1tok be az ajt\u00f3t!)<\/em><\/p>\n<h3>Felki\u00e1lt\u00f3 mondatok (Phrase exclamative)<\/h3>\n<p>\u00c9rzelmek, meglep\u0151d\u00e9s kifejez\u00e9s\u00e9re szolg\u00e1lnak.<\/p>\n<p><em>P\u00e9lda: Quelle belle journ\u00e9e! (Micsoda sz\u00e9p nap!)<\/em><\/p>\n<h2>A francia nyelvtan t\u00edpusainak jelent\u0151s\u00e9ge a nyelvtanul\u00e1sban<\/h2>\n<p>A francia nyelvtan t\u00edpusainak ismerete n\u00e9lk\u00fcl\u00f6zhetetlen a k\u00f6vetkez\u0151 szempontokb\u00f3l:<\/p>\n<ul>\n<li><strong>Pontosabb meg\u00e9rt\u00e9s:<\/strong> A szerkezetek felismer\u00e9se seg\u00edti a hallott \u00e9s olvasott sz\u00f6vegek gyorsabb feldolgoz\u00e1s\u00e1t.<\/li>\n<li><strong>Helyes nyelvhaszn\u00e1lat:<\/strong> A k\u00fcl\u00f6nb\u00f6z\u0151 t\u00edpusok alkalmaz\u00e1sa elengedhetetlen a nyelvtani hib\u00e1k elker\u00fcl\u00e9s\u00e9hez.<\/li>\n<li><strong>Kommunik\u00e1ci\u00f3s magabiztoss\u00e1g:<\/strong> A mondatt\u00edpusok \u00e9s sz\u00f3faji t\u00edpusok magabiztos kezel\u00e9se g\u00f6rd\u00fcl\u00e9kenyebb besz\u00e9det eredm\u00e9nyez.<\/li>\n<\/ul>\n<h2>Gyakorlati tippek a francia nyelvtani t\u00edpusok elsaj\u00e1t\u00edt\u00e1s\u00e1hoz<\/h2>\n<p>A francia nyelvtan t\u00edpusainak megtanul\u00e1s\u00e1hoz \u00e9s gyakorl\u00e1s\u00e1hoz a k\u00f6vetkez\u0151 strat\u00e9gi\u00e1k javasoltak:<\/p>\n<ul>\n<li><strong>Rendszeres gyakorl\u00e1s:<\/strong> Mindennapos ism\u00e9tl\u00e9s, p\u00e9ldamondatok alkot\u00e1sa.<\/li>\n<li><strong>Tematikus tanul\u00e1s:<\/strong> Egy-egy t\u00edpusra koncentr\u00e1lva m\u00e9lyebb ismereteket szerezhetsz.<\/li>\n<li><strong>Interakt\u00edv platformok haszn\u00e1lata:<\/strong> A Talkpal seg\u00edts\u00e9g\u00e9vel j\u00e1t\u00e9kosan \u00e9s hat\u00e9konyan saj\u00e1t\u00edthatod el a francia nyelvtani t\u00edpusokat.<\/li>\n<li><strong>Sz\u00f6veg\u00e9rt\u00e9si gyakorlatok:<\/strong> Olvass francia sz\u00f6vegeket, keresd meg benn\u00fck a k\u00fcl\u00f6nb\u00f6z\u0151 t\u00edpusokat.<\/li>\n<li><strong>Nyelvtani tesztek kit\u00f6lt\u00e9se:<\/strong> Sz\u00e1mos online forr\u00e1s \u00e1ll rendelkez\u00e9sre, amelyek seg\u00edtenek a gyakorl\u00e1sban.<\/li>\n<\/ul>\n<h2>Gyakori hib\u00e1k a francia nyelvtan t\u00edpusainak haszn\u00e1lat\u00e1ban<\/h2>\n<p>A francia nyelvtan tanul\u00e1sa sor\u00e1n a k\u00f6vetkez\u0151 hib\u00e1k fordulnak el\u0151 leggyakrabban:<\/p>\n<ul>\n<li><strong>Nemek \u00f6sszet\u00e9veszt\u00e9se:<\/strong> Sok f\u0151n\u00e9v nem\u00e9t neh\u00e9z megjegyezni, ez\u00e9rt gyakori a t\u00e9veszt\u00e9s.<\/li>\n<li><strong>Igeragoz\u00e1s hib\u00e1i:<\/strong> A szab\u00e1lytalan ig\u00e9k vagy visszahat\u00f3 ig\u00e9k helytelen haszn\u00e1lata.<\/li>\n<li><strong>N\u00e9vm\u00e1sok helytelen alkalmaz\u00e1sa:<\/strong> A szem\u00e9lyes vagy visszahat\u00f3 n\u00e9vm\u00e1sok sorrendj\u00e9nek \u00f6sszekever\u00e9se.<\/li>\n<li><strong>Hat\u00e1roz\u00f3sz\u00f3k elhelyez\u00e9se:<\/strong> A mondatban a hat\u00e1roz\u00f3sz\u00f3k helye kulcsfontoss\u00e1g\u00fa, ez\u00e9rt k\u00f6nny\u0171 hib\u00e1zni.<\/li>\n<li><strong>Mondatt\u00edpusok felismer\u00e9s\u00e9nek hi\u00e1nya:<\/strong> Gyakori, hogy a tanul\u00f3k nem tudj\u00e1k helyesen azonos\u00edtani vagy alkalmazni a mondatt\u00edpusokat.<\/li>\n<\/ul>\n<h2>\u00d6sszegz\u00e9s<\/h2>\n<p>A francia nyelvtan t\u00edpusainak alapos ismerete elengedhetetlen a sikeres nyelvtanul\u00e1shoz. Ezek a t\u00edpusok \u2013 legyen sz\u00f3 f\u0151nevekr\u0151l, ig\u00e9kr\u0151l, mell\u00e9knevekr\u0151l, n\u00e9vm\u00e1sokr\u00f3l, hat\u00e1roz\u00f3sz\u00f3kr\u00f3l vagy mondattani szerkezetekr\u0151l \u2013 mind hozz\u00e1j\u00e1rulnak ahhoz, hogy magabiztosan \u00e9s helyesen kommunik\u00e1lhass franci\u00e1ul. A rendszeres gyakorl\u00e1s, a p\u00e9ldamondatok elemz\u00e9se \u00e9s az interakt\u00edv tanul\u00e1si platformok, mint a Talkpal, nagyban megk\u00f6nny\u00edtik \u00e9s \u00e9lvezetesebb\u00e9 teszik a tanul\u00e1st. Ne feledd: a t\u00edpusok ismerete a kulcs a francia nyelv magabiztos haszn\u00e1lat\u00e1hoz!<\/p>\n","protected":false},"featured_media":1527671,"template":"","language":[12300,12318],"class_list":["post-1078842","grammar","type-grammar","status-publish","has-post-thumbnail","hentry","language-francia","language-hatarozoszavak-francia-nyelvtan"],"acf":[],"yoast_head":"<!-- This site is optimized with the Yoast SEO Premium plugin v27.2 (Yoast SEO v27.2) - https:\/\/yoast.com\/product\/yoast-seo-premium-wordpress\/ -->\n<title>T\u00edpusok a francia nyelvtanban - Talkpal<\/title>\n<meta name=\"description\" content=\"A francia nyelvtan elsaj\u00e1t\u00edt\u00e1sa sz\u00e1mos kih\u00edv\u00e1st tartogat a nyelvtanul\u00f3k sz\u00e1m\u00e1ra, hiszen a francia nyelv gazdag szerkezeti elemekben \u00e9s elt\u00e9r\u0151 t\u00edpusokban.\" \/>\n<meta name=\"robots\" content=\"index, follow, max-snippet:-1, max-image-preview:large, max-video-preview:-1\" \/>\n<link rel=\"canonical\" href=\"https:\/\/talkpal.ai\/hu\/grammar\/tipusok-a-francia-nyelvtanban\/\" \/>\n<meta property=\"og:locale\" content=\"hu_HU\" \/>\n<meta property=\"og:type\" content=\"article\" \/>\n<meta property=\"og:title\" content=\"T\u00edpusok a francia nyelvtanban\" \/>\n<meta property=\"og:description\" content=\"A francia nyelvtan elsaj\u00e1t\u00edt\u00e1sa sz\u00e1mos kih\u00edv\u00e1st tartogat a nyelvtanul\u00f3k sz\u00e1m\u00e1ra, hiszen a francia nyelv gazdag szerkezeti elemekben \u00e9s elt\u00e9r\u0151 t\u00edpusokban.\" \/>\n<meta property=\"og:url\" content=\"https:\/\/talkpal.ai\/hu\/grammar\/tipusok-a-francia-nyelvtanban\/\" \/>\n<meta property=\"og:site_name\" content=\"Talkpal\" \/>\n<meta property=\"article:publisher\" content=\"https:\/\/www.facebook.com\/profile.php?id=100090733639311\" \/>\n<meta property=\"og:image\" content=\"https:\/\/talkpal.ai\/wp-content\/uploads\/2025\/02\/Progress-tab-16_9.png\" \/>\n\t<meta property=\"og:image:width\" content=\"2880\" \/>\n\t<meta property=\"og:image:height\" content=\"1620\" \/>\n\t<meta property=\"og:image:type\" content=\"image\/png\" \/>\n<meta name=\"twitter:card\" content=\"summary_large_image\" \/>\n<meta name=\"twitter:site\" content=\"@talkpalai\" \/>\n<meta name=\"twitter:label1\" content=\"Becs\u00fclt olvas\u00e1si id\u0151\" \/>\n\t<meta name=\"twitter:data1\" content=\"7 perc\" \/>\n<script type=\"application\/ld+json\" class=\"yoast-schema-graph\">{\"@context\":\"https:\/\/schema.org\",\"@graph\":[{\"@type\":\"WebPage\",\"@id\":\"https:\/\/talkpal.ai\/hu\/grammar\/tipusok-a-francia-nyelvtanban\/\",\"url\":\"https:\/\/talkpal.ai\/hu\/grammar\/tipusok-a-francia-nyelvtanban\/\",\"name\":\"T\u00edpusok a francia nyelvtanban - Talkpal\",\"isPartOf\":{\"@id\":\"https:\/\/talkpal.ai\/hu\/#website\"},\"primaryImageOfPage\":{\"@id\":\"https:\/\/talkpal.ai\/hu\/grammar\/tipusok-a-francia-nyelvtanban\/#primaryimage\"},\"image\":{\"@id\":\"https:\/\/talkpal.ai\/hu\/grammar\/tipusok-a-francia-nyelvtanban\/#primaryimage\"},\"thumbnailUrl\":\"https:\/\/talkpal.ai\/wp-content\/uploads\/2025\/12\/girl-with-books-learning-languages.webp\",\"datePublished\":\"2025-07-01T21:59:32+00:00\",\"description\":\"A francia nyelvtan elsaj\u00e1t\u00edt\u00e1sa sz\u00e1mos kih\u00edv\u00e1st tartogat a nyelvtanul\u00f3k sz\u00e1m\u00e1ra, hiszen a francia nyelv gazdag szerkezeti elemekben \u00e9s elt\u00e9r\u0151 t\u00edpusokban.\",\"breadcrumb\":{\"@id\":\"https:\/\/talkpal.ai\/hu\/grammar\/tipusok-a-francia-nyelvtanban\/#breadcrumb\"},\"inLanguage\":\"hu\",\"potentialAction\":[{\"@type\":\"ReadAction\",\"target\":[\"https:\/\/talkpal.ai\/hu\/grammar\/tipusok-a-francia-nyelvtanban\/\"]}]},{\"@type\":\"ImageObject\",\"inLanguage\":\"hu\",\"@id\":\"https:\/\/talkpal.ai\/hu\/grammar\/tipusok-a-francia-nyelvtanban\/#primaryimage\",\"url\":\"https:\/\/talkpal.ai\/wp-content\/uploads\/2025\/12\/girl-with-books-learning-languages.webp\",\"contentUrl\":\"https:\/\/talkpal.ai\/wp-content\/uploads\/2025\/12\/girl-with-books-learning-languages.webp\",\"width\":1200,\"height\":896,\"caption\":\"A girl with glasses and a bun writes in a workbook while learning languages on a laptop.\"},{\"@type\":\"BreadcrumbList\",\"@id\":\"https:\/\/talkpal.ai\/hu\/grammar\/tipusok-a-francia-nyelvtanban\/#breadcrumb\",\"itemListElement\":[{\"@type\":\"ListItem\",\"position\":1,\"name\":\"Homepage\",\"item\":\"https:\/\/talkpal.ai\/hu\/\"},{\"@type\":\"ListItem\",\"position\":2,\"name\":\"T\u00edpusok a francia nyelvtanban\"}]},{\"@type\":\"WebSite\",\"@id\":\"https:\/\/talkpal.ai\/hu\/#website\",\"url\":\"https:\/\/talkpal.ai\/hu\/\",\"name\":\"Talkpal\",\"description\":\"AI Language Learning\",\"publisher\":{\"@id\":\"https:\/\/talkpal.ai\/hu\/#organization\"},\"alternateName\":\"Talkpal AI\",\"potentialAction\":[{\"@type\":\"SearchAction\",\"target\":{\"@type\":\"EntryPoint\",\"urlTemplate\":\"https:\/\/talkpal.ai\/hu\/?s={search_term_string}\"},\"query-input\":{\"@type\":\"PropertyValueSpecification\",\"valueRequired\":true,\"valueName\":\"search_term_string\"}}],\"inLanguage\":\"hu\"},{\"@type\":\"Organization\",\"@id\":\"https:\/\/talkpal.ai\/hu\/#organization\",\"name\":\"Talkpal, Inc.\",\"alternateName\":\"Talkpal AI\",\"url\":\"https:\/\/talkpal.ai\/hu\/\",\"logo\":{\"@type\":\"ImageObject\",\"inLanguage\":\"hu\",\"@id\":\"https:\/\/talkpal.ai\/hu\/#\/schema\/logo\/image\/\",\"url\":\"https:\/\/talkpal.ai\/wp-content\/uploads\/2024\/03\/Talkpal-Logo-Icon.png\",\"contentUrl\":\"https:\/\/talkpal.ai\/wp-content\/uploads\/2024\/03\/Talkpal-Logo-Icon.png\",\"width\":2880,\"height\":2880,\"caption\":\"Talkpal, Inc.\"},\"image\":{\"@id\":\"https:\/\/talkpal.ai\/hu\/#\/schema\/logo\/image\/\"},\"sameAs\":[\"https:\/\/www.facebook.com\/profile.php?id=100090733639311\",\"https:\/\/x.com\/talkpalai\",\"https:\/\/www.linkedin.com\/company\/talkpal\/\",\"https:\/\/www.youtube.com\/@TalkPal\/\",\"https:\/\/www.tiktok.com\/@talkpal\",\"https:\/\/www.instagram.com\/talkpal_ai\/\",\"https:\/\/www.crunchbase.com\/organization\/talkpal-9cde\",\"https:\/\/www.g2.com\/products\/talkpal-for-business\/\",\"https:\/\/www.trustpilot.com\/review\/talkpal.ai\",\"https:\/\/www.capterra.com\/p\/10006800\/TalkPal\/\"],\"description\":\"Talkpal is a language learning web and mobile education app, powered by the latest AI technologies, that provides engaging experiences to its customers in many different languages to help them improve their language skills. Users can chat about unlimited amount of topics with the app and use other modes to practice their language learning.\",\"email\":\"support@talkpal.ai\",\"legalName\":\"Talkpal, Inc.\",\"foundingDate\":\"2023-04-03\",\"duns\":\"118989042\",\"numberOfEmployees\":{\"@type\":\"QuantitativeValue\",\"minValue\":\"11\",\"maxValue\":\"50\"},\"publishingPrinciples\":\"https:\/\/talkpal.ai\/publishing-principles\/\",\"actionableFeedbackPolicy\":\"https:\/\/talkpal.ai\/actionable-feedback-policy\/\",\"correctionsPolicy\":\"https:\/\/talkpal.ai\/corrections-policy\/\",\"ethicsPolicy\":\"https:\/\/talkpal.ai\/ethics-policy\/\",\"diversityPolicy\":\"https:\/\/talkpal.ai\/diversity-policy\/\",\"diversityStaffingReport\":\"https:\/\/talkpal.ai\/diversity-policy\/\"}]}<\/script>\n<!-- \/ Yoast SEO Premium plugin. -->","yoast_head_json":{"title":"T\u00edpusok a francia nyelvtanban - Talkpal","description":"A francia nyelvtan elsaj\u00e1t\u00edt\u00e1sa sz\u00e1mos kih\u00edv\u00e1st tartogat a nyelvtanul\u00f3k sz\u00e1m\u00e1ra, hiszen a francia nyelv gazdag szerkezeti elemekben \u00e9s elt\u00e9r\u0151 t\u00edpusokban.","robots":{"index":"index","follow":"follow","max-snippet":"max-snippet:-1","max-image-preview":"max-image-preview:large","max-video-preview":"max-video-preview:-1"},"canonical":"https:\/\/talkpal.ai\/hu\/grammar\/tipusok-a-francia-nyelvtanban\/","og_locale":"hu_HU","og_type":"article","og_title":"T\u00edpusok a francia nyelvtanban","og_description":"A francia nyelvtan elsaj\u00e1t\u00edt\u00e1sa sz\u00e1mos kih\u00edv\u00e1st tartogat a nyelvtanul\u00f3k sz\u00e1m\u00e1ra, hiszen a francia nyelv gazdag szerkezeti elemekben \u00e9s elt\u00e9r\u0151 t\u00edpusokban.","og_url":"https:\/\/talkpal.ai\/hu\/grammar\/tipusok-a-francia-nyelvtanban\/","og_site_name":"Talkpal","article_publisher":"https:\/\/www.facebook.com\/profile.php?id=100090733639311","og_image":[{"width":2880,"height":1620,"url":"https:\/\/talkpal.ai\/wp-content\/uploads\/2025\/02\/Progress-tab-16_9.png","type":"image\/png"}],"twitter_card":"summary_large_image","twitter_site":"@talkpalai","twitter_misc":{"Becs\u00fclt olvas\u00e1si id\u0151":"7 perc"},"schema":{"@context":"https:\/\/schema.org","@graph":[{"@type":"WebPage","@id":"https:\/\/talkpal.ai\/hu\/grammar\/tipusok-a-francia-nyelvtanban\/","url":"https:\/\/talkpal.ai\/hu\/grammar\/tipusok-a-francia-nyelvtanban\/","name":"T\u00edpusok a francia nyelvtanban - Talkpal","isPartOf":{"@id":"https:\/\/talkpal.ai\/hu\/#website"},"primaryImageOfPage":{"@id":"https:\/\/talkpal.ai\/hu\/grammar\/tipusok-a-francia-nyelvtanban\/#primaryimage"},"image":{"@id":"https:\/\/talkpal.ai\/hu\/grammar\/tipusok-a-francia-nyelvtanban\/#primaryimage"},"thumbnailUrl":"https:\/\/talkpal.ai\/wp-content\/uploads\/2025\/12\/girl-with-books-learning-languages.webp","datePublished":"2025-07-01T21:59:32+00:00","description":"A francia nyelvtan elsaj\u00e1t\u00edt\u00e1sa sz\u00e1mos kih\u00edv\u00e1st tartogat a nyelvtanul\u00f3k sz\u00e1m\u00e1ra, hiszen a francia nyelv gazdag szerkezeti elemekben \u00e9s elt\u00e9r\u0151 t\u00edpusokban.","breadcrumb":{"@id":"https:\/\/talkpal.ai\/hu\/grammar\/tipusok-a-francia-nyelvtanban\/#breadcrumb"},"inLanguage":"hu","potentialAction":[{"@type":"ReadAction","target":["https:\/\/talkpal.ai\/hu\/grammar\/tipusok-a-francia-nyelvtanban\/"]}]},{"@type":"ImageObject","inLanguage":"hu","@id":"https:\/\/talkpal.ai\/hu\/grammar\/tipusok-a-francia-nyelvtanban\/#primaryimage","url":"https:\/\/talkpal.ai\/wp-content\/uploads\/2025\/12\/girl-with-books-learning-languages.webp","contentUrl":"https:\/\/talkpal.ai\/wp-content\/uploads\/2025\/12\/girl-with-books-learning-languages.webp","width":1200,"height":896,"caption":"A girl with glasses and a bun writes in a workbook while learning languages on a laptop."},{"@type":"BreadcrumbList","@id":"https:\/\/talkpal.ai\/hu\/grammar\/tipusok-a-francia-nyelvtanban\/#breadcrumb","itemListElement":[{"@type":"ListItem","position":1,"name":"Homepage","item":"https:\/\/talkpal.ai\/hu\/"},{"@type":"ListItem","position":2,"name":"T\u00edpusok a francia nyelvtanban"}]},{"@type":"WebSite","@id":"https:\/\/talkpal.ai\/hu\/#website","url":"https:\/\/talkpal.ai\/hu\/","name":"Talkpal","description":"AI Language Learning","publisher":{"@id":"https:\/\/talkpal.ai\/hu\/#organization"},"alternateName":"Talkpal AI","potentialAction":[{"@type":"SearchAction","target":{"@type":"EntryPoint","urlTemplate":"https:\/\/talkpal.ai\/hu\/?s={search_term_string}"},"query-input":{"@type":"PropertyValueSpecification","valueRequired":true,"valueName":"search_term_string"}}],"inLanguage":"hu"},{"@type":"Organization","@id":"https:\/\/talkpal.ai\/hu\/#organization","name":"Talkpal, Inc.","alternateName":"Talkpal AI","url":"https:\/\/talkpal.ai\/hu\/","logo":{"@type":"ImageObject","inLanguage":"hu","@id":"https:\/\/talkpal.ai\/hu\/#\/schema\/logo\/image\/","url":"https:\/\/talkpal.ai\/wp-content\/uploads\/2024\/03\/Talkpal-Logo-Icon.png","contentUrl":"https:\/\/talkpal.ai\/wp-content\/uploads\/2024\/03\/Talkpal-Logo-Icon.png","width":2880,"height":2880,"caption":"Talkpal, Inc."},"image":{"@id":"https:\/\/talkpal.ai\/hu\/#\/schema\/logo\/image\/"},"sameAs":["https:\/\/www.facebook.com\/profile.php?id=100090733639311","https:\/\/x.com\/talkpalai","https:\/\/www.linkedin.com\/company\/talkpal\/","https:\/\/www.youtube.com\/@TalkPal\/","https:\/\/www.tiktok.com\/@talkpal","https:\/\/www.instagram.com\/talkpal_ai\/","https:\/\/www.crunchbase.com\/organization\/talkpal-9cde","https:\/\/www.g2.com\/products\/talkpal-for-business\/","https:\/\/www.trustpilot.com\/review\/talkpal.ai","https:\/\/www.capterra.com\/p\/10006800\/TalkPal\/"],"description":"Talkpal is a language learning web and mobile education app, powered by the latest AI technologies, that provides engaging experiences to its customers in many different languages to help them improve their language skills. Users can chat about unlimited amount of topics with the app and use other modes to practice their language learning.","email":"support@talkpal.ai","legalName":"Talkpal, Inc.","foundingDate":"2023-04-03","duns":"118989042","numberOfEmployees":{"@type":"QuantitativeValue","minValue":"11","maxValue":"50"},"publishingPrinciples":"https:\/\/talkpal.ai\/publishing-principles\/","actionableFeedbackPolicy":"https:\/\/talkpal.ai\/actionable-feedback-policy\/","correctionsPolicy":"https:\/\/talkpal.ai\/corrections-policy\/","ethicsPolicy":"https:\/\/talkpal.ai\/ethics-policy\/","diversityPolicy":"https:\/\/talkpal.ai\/diversity-policy\/","diversityStaffingReport":"https:\/\/talkpal.ai\/diversity-policy\/"}]}},"_links":{"self":[{"href":"https:\/\/talkpal.ai\/hu\/wp-json\/wp\/v2\/grammar\/1078842","targetHints":{"allow":["GET"]}}],"collection":[{"href":"https:\/\/talkpal.ai\/hu\/wp-json\/wp\/v2\/grammar"}],"about":[{"href":"https:\/\/talkpal.ai\/hu\/wp-json\/wp\/v2\/types\/grammar"}],"wp:featuredmedia":[{"embeddable":true,"href":"https:\/\/talkpal.ai\/hu\/wp-json\/wp\/v2\/media\/1527671"}],"wp:attachment":[{"href":"https:\/\/talkpal.ai\/hu\/wp-json\/wp\/v2\/media?parent=1078842"}],"wp:term":[{"taxonomy":"language","embeddable":true,"href":"https:\/\/talkpal.ai\/hu\/wp-json\/wp\/v2\/language?post=1078842"}],"curies":[{"name":"wp","href":"https:\/\/api.w.org\/{rel}","templated":true}]}}