{"id":1078835,"date":"2025-07-01T21:59:04","date_gmt":"2025-07-01T21:59:04","guid":{"rendered":"https:\/\/talkpal.ai\/grammar\/pronoms-et-determinants-interrogatifs-a-francia-nyelvtanban\/"},"modified":"2025-07-01T21:59:04","modified_gmt":"2025-07-01T21:59:04","slug":"pronoms-et-determinants-interrogatifs-a-francia-nyelvtanban","status":"publish","type":"grammar","link":"https:\/\/talkpal.ai\/hu\/grammar\/pronoms-et-determinants-interrogatifs-a-francia-nyelvtanban\/","title":{"rendered":"Pronoms et d\u00e9terminants interrogatifs a francia nyelvtanban"},"content":{"rendered":"<p>A <a href=\"https:\/\/talkpal.ai\/hu\/grammar\/passe-egyszeru-a-francia-nyelvtanban\/\">francia nyelvtan<\/a> egyik kulcsfontoss\u00e1g\u00fa ter\u00fclete az interrogat\u00edv n\u00e9vm\u00e1sok \u00e9s meghat\u00e1roz\u00f3k (<a href=\"https:\/\/talkpal.ai\/zh-hans\/grammar_exercises\/pronoms-et-determinants-interrogatifs-%e6%b3%95%e8%af%ad%e8%af%ad%e6%b3%95%e7%bb%83%e4%b9%a0\/\">pronoms et d\u00e9terminants interrogatifs<\/a>) helyes haszn\u00e1lata, hiszen ezek n\u00e9lk\u00fcl\u00f6zhetetlenek a k\u00e9rd\u00e9sek megfogalmaz\u00e1s\u00e1hoz, legyen sz\u00f3 egyszer\u0171 besz\u00e9lget\u00e9sekr\u0151l vagy form\u00e1lis sz\u00f6vegekr\u0151l. Ezek az elemek lehet\u0151v\u00e9 teszik, hogy pontosan, \u00e1rnyaltan \u00e9s helyesen tudjunk inform\u00e1ci\u00f3kat k\u00e9rni a <a href=\"https:\/\/talkpal.ai\/learn-french\/\">francia<\/a> nyelvben. Aki hat\u00e9konyan szeretn\u00e9 elsaj\u00e1t\u00edtani a <a href=\"https:\/\/talkpal.ai\/bg\/grammar_exercises\/pronoms-et-determinants-ownifs-%d1%83%d0%bf%d1%80%d0%b0%d0%b6%d0%bd%d0%b5%d0%bd%d0%b8%d1%8f-%d0%b7%d0%b0-%d1%84%d1%80%d0%b5%d0%bd%d1%81%d0%ba%d0%b0-%d0%b3%d1%80%d0%b0%d0%bc%d0%b0%d1%82%d0%b8%d0%ba\/\">pronoms et d\u00e9terminants<\/a> interrogatifs haszn\u00e1lat\u00e1t, annak \u00e9rdemes rendszeresen gyakorolni, p\u00e9ld\u00e1ul olyan platformokon, mint a <a href=\"https:\/\/talkpal.ai\/ko\/ai-%ec%96%b8%ec%96%b4-%ea%b5%90%ec%82%ac\/\">Talkpal<\/a>, amely interakt\u00edv m\u00f3don seg\u00edti a tanul\u00e1st. Ebben a cikkben r\u00e9szletesen bemutatjuk a francia k\u00e9rd\u0151 n\u00e9vm\u00e1sokat \u00e9s determin\u00e1nsokat, haszn\u00e1latukat, szab\u00e1lyaikat, valamint hasznos tan\u00e1csokat adunk a magabiztos alkalmaz\u00e1sukhoz.<\/p>\n<h2>Mi az a pronom interrogatif \u00e9s d\u00e9terminant interrogatif?<\/h2>\n<p>A francia nyelvtanban a &#8222;pronom interrogatif&#8221; (k\u00e9rd\u0151 n\u00e9vm\u00e1s) \u00e9s a &#8222;d\u00e9terminant interrogatif&#8221; (k\u00e9rd\u0151 meghat\u00e1roz\u00f3) olyan szavak, amelyekkel k\u00e9rd\u00e9seket fogalmazunk meg. Ezek lehetnek \u00f6n\u00e1ll\u00f3an \u00e1ll\u00f3k (n\u00e9vm\u00e1sok), vagy f\u0151nevekhez kapcsol\u00f3d\u00f3ak (meghat\u00e1roz\u00f3k).<\/p>\n<ul>\n<li><strong>K\u00e9rd\u0151 n\u00e9vm\u00e1s (pronom interrogatif):<\/strong> helyettes\u00edti a k\u00e9rd\u00e9ses f\u0151nevet, \u00f6n\u00e1ll\u00f3an \u00e1ll.<\/li>\n<li><strong>K\u00e9rd\u0151 meghat\u00e1roz\u00f3 (d\u00e9terminant interrogatif):<\/strong> a k\u00e9rd\u00e9ses f\u0151n\u00e9v el\u0151tt \u00e1ll, m\u00f3dos\u00edtja azt.<\/li>\n<\/ul>\n<h2>A leggyakoribb francia k\u00e9rd\u0151 n\u00e9vm\u00e1sok<\/h2>\n<p>A k\u00e9rd\u0151 n\u00e9vm\u00e1sok a k\u00e9rd\u00e9ses elem helyett \u00e1llnak a mondatban. A leggyakoribbak a k\u00f6vetkez\u0151k:<\/p>\n<ul>\n<li><strong>Qui<\/strong> \u2013 Ki? (szem\u00e9lyre vonatkoz\u00f3an)<\/li>\n<li><strong>Que \/ Qu&#8217;<\/strong> \u2013 Mit? (dologra vonatkoz\u00f3an, k\u00f6zvetlen t\u00e1rgyk\u00e9nt)<\/li>\n<li><strong>Quoi<\/strong> \u2013 Mit? (dologra vonatkoz\u00f3an, el\u00f6lj\u00e1r\u00f3sz\u00f3 ut\u00e1n vagy mondat v\u00e9g\u00e9n)<\/li>\n<li><strong>Lequel, laquelle, lesquels, lesquelles<\/strong> \u2013 Melyik? (v\u00e1laszt\u00e1s t\u00f6bb lehet\u0151s\u00e9g k\u00f6z\u00fcl, f\u0151n\u00e9v helyettes\u00edt\u00e9s\u00e9re)<\/li>\n<\/ul>\n<h3>P\u00e9ld\u00e1k a k\u00e9rd\u0151 n\u00e9vm\u00e1sok haszn\u00e1lat\u00e1ra<\/h3>\n<ul>\n<li><strong>Qui<\/strong> vient ce soir? \u2013 Ki j\u00f6n ma este?<\/li>\n<li><strong>Que<\/strong> fais-tu? \u2013 Mit csin\u00e1lsz?<\/li>\n<li>Tu parles de <strong>quoi<\/strong>? \u2013 Mir\u0151l besz\u00e9lsz?<\/li>\n<li><strong>Lequel<\/strong> pr\u00e9f\u00e8res-tu? \u2013 Melyiket r\u00e9szes\u00edted el\u0151nyben?<\/li>\n<\/ul>\n<h2>A k\u00e9rd\u0151 meghat\u00e1roz\u00f3k (d\u00e9terminants interrogatifs) haszn\u00e1lata<\/h2>\n<p>A k\u00e9rd\u0151 meghat\u00e1roz\u00f3k f\u0151n\u00e9v el\u0151tt \u00e1llnak, \u00e9s a f\u0151n\u00e9vvel egyeztetve (nem, sz\u00e1m) haszn\u00e1latosak:<\/p>\n<ul>\n<li><strong>Quel<\/strong> (h\u00edmnem, egyes sz\u00e1m) \u2013 Melyik? Milyen?<\/li>\n<li><strong>Quelle<\/strong> (n\u0151nem, egyes sz\u00e1m) \u2013 Melyik? Milyen?<\/li>\n<li><strong>Quels<\/strong> (h\u00edmnem, t\u00f6bbes sz\u00e1m) \u2013 Melyek?<\/li>\n<li><strong>Quelles<\/strong> (n\u0151nem, t\u00f6bbes sz\u00e1m) \u2013 Melyek?<\/li>\n<\/ul>\n<h3>P\u00e9ldamondatok a k\u00e9rd\u0151 meghat\u00e1roz\u00f3kra<\/h3>\n<ul>\n<li><strong>Quel livre<\/strong> lis-tu? \u2013 Melyik k\u00f6nyvet olvasod?<\/li>\n<li><strong>Quelle heure<\/strong> est-il? \u2013 H\u00e1ny \u00f3ra <a href=\"https:\/\/talkpal.ai\/locations\/language-courses-in-van\/\">van<\/a>?<\/li>\n<li><strong>Quels films<\/strong> as-tu vus? \u2013 Mely filmeket l\u00e1ttad?<\/li>\n<li><strong>Quelles villes<\/strong> as-tu visit\u00e9es? \u2013 Mely v\u00e1rosokat l\u00e1togattad meg?<\/li>\n<\/ul>\n<h2>\u00d6sszehasonl\u00edt\u00e1s: pronom \u00e9s d\u00e9terminant interrogatif<\/h2>\n<p>A k\u00e9t kateg\u00f3ria k\u00f6z\u00f6tti k\u00fcl\u00f6nbs\u00e9g k\u00f6nnyen meg\u00e9rthet\u0151 n\u00e9h\u00e1ny p\u00e9ld\u00e1n kereszt\u00fcl:<\/p>\n<ul>\n<li><strong>Pronom interrogatif:<\/strong> <em>Lequel<\/em> veux-tu? (Melyiket akarod?)<\/li>\n<li><strong>D\u00e9terminant interrogatif:<\/strong> <em>Quel livre<\/em> veux-tu? (Melyik k\u00f6nyvet akarod?)<\/li>\n<\/ul>\n<p>A pronom helyettes\u00edti a f\u0151nevet, m\u00edg a d\u00e9terminant meghat\u00e1rozza azt.<\/p>\n<h2>A k\u00e9rd\u0151 n\u00e9vm\u00e1sok ragoz\u00e1sa \u00e9s egyeztet\u00e9se<\/h2>\n<p>A legt\u00f6bb k\u00e9rd\u0151 n\u00e9vm\u00e1s nem v\u00e1ltozik nem vagy sz\u00e1m szerint (pl. <strong>qui<\/strong>, <strong>que<\/strong>). Azonban a <strong>lequel<\/strong> \u00e9s a k\u00e9rd\u0151 meghat\u00e1roz\u00f3k igazodnak a f\u0151n\u00e9vhez:<\/p>\n<ul>\n<li><strong>Lequel<\/strong> (h\u00edmnem, egyes sz\u00e1m)<\/li>\n<li><strong>Laquelle<\/strong> (n\u0151nem, egyes sz\u00e1m)<\/li>\n<li><strong>Lesquels<\/strong> (h\u00edmnem, t\u00f6bbes sz\u00e1m)<\/li>\n<li><strong>Lesquelles<\/strong> (n\u0151nem, t\u00f6bbes sz\u00e1m)<\/li>\n<\/ul>\n<p>P\u00e9lda: <\/p>\n<ul>\n<li><em>Lequel de ces livres pr\u00e9f\u00e8res-tu?<\/em> \u2013 Melyik k\u00f6nyvet szereted ezek k\u00f6z\u00fcl?<\/li>\n<li><em>Lesquelles de ces villes veux-tu visiter?<\/em> \u2013 Mely v\u00e1rosokat akarod megl\u00e1togatni ezek k\u00f6z\u00fcl?<\/li>\n<\/ul>\n<h2>\u00d6sszetett k\u00e9rd\u0151 szerkezetek: el\u0151lj\u00e1r\u00f3sz\u00f3 \u00e9s k\u00e9rd\u0151 n\u00e9vm\u00e1s<\/h2>\n<p>Gyakran el\u0151fordul, hogy a k\u00e9rd\u0151 n\u00e9vm\u00e1st el\u0151lj\u00e1r\u00f3sz\u00f3 el\u0151zi meg, k\u00fcl\u00f6n\u00f6sen a <strong>lequel<\/strong> v\u00e1ltozatait. Ezek \u00f6sszeolvadnak az el\u00f6lj\u00e1r\u00f3sz\u00f3val:<\/p>\n<ul>\n<li><strong>\u00c0 + lequel = auquel<\/strong><\/li>\n<li><strong>\u00c0 + laquelle = \u00e0 laquelle<\/strong><\/li>\n<li><strong>\u00c0 + lesquels = auxquels<\/strong><\/li>\n<li><strong>\u00c0 + lesquelles = auxquelles<\/strong><\/li>\n<li><strong>De + lequel = duquel<\/strong><\/li>\n<li><strong>De + laquelle = de laquelle<\/strong><\/li>\n<li><strong>De + lesquels = desquels<\/strong><\/li>\n<li><strong>De + lesquelles = desquelles<\/strong><\/li>\n<\/ul>\n<p>P\u00e9ld\u00e1k:<\/p>\n<ul>\n<li><em>\u00c0 laquelle penses-tu?<\/em> \u2013 Melyikre gondolsz?<\/li>\n<li><em>Duquel parles-tu?<\/em> \u2013 Melyikr\u0151l besz\u00e9lsz?<\/li>\n<\/ul>\n<h2>Gyakori hib\u00e1k \u00e9s tipikus neh\u00e9zs\u00e9gek<\/h2>\n<p>A <a href=\"https:\/\/talkpal.ai\/learn-hungarian\/\">magyar<\/a> anyanyelv\u0171ek sz\u00e1m\u00e1ra a k\u00f6vetkez\u0151 hib\u00e1k gyakoriak lehetnek:<\/p>\n<ul>\n<li><strong>Qui<\/strong> \u00e9s <strong>que<\/strong> \u00f6sszekever\u00e9se \u2013 eml\u00e9kezz\u00fcnk, hogy <strong>qui<\/strong> szem\u00e9lyre, <strong>que<\/strong> t\u00e1rgyra utal.<\/li>\n<li>A <strong>quel<\/strong> \u00e9s t\u00e1rsainak nemben \u00e9s sz\u00e1mban val\u00f3 egyeztet\u00e9se a f\u0151n\u00e9vvel.<\/li>\n<li><strong>Quoi<\/strong> helytelen haszn\u00e1lata mondat elej\u00e9n (helyes: mondat v\u00e9g\u00e9n vagy el\u00f6lj\u00e1r\u00f3sz\u00f3 ut\u00e1n).<\/li>\n<li><strong>Lequel<\/strong> ragoz\u00e1s\u00e1nak elhagy\u00e1sa vagy rossz alak haszn\u00e1lata.<\/li>\n<\/ul>\n<h2>Tippek a pronoms et d\u00e9terminants interrogatifs gyakorl\u00e1s\u00e1hoz<\/h2>\n<ul>\n<li>\u00cdrj k\u00e9rd\u0151mondatokat mindegyik k\u00e9rd\u0151 n\u00e9vm\u00e1ssal \u00e9s meghat\u00e1roz\u00f3val.<\/li>\n<li>Olvass francia p\u00e1rbesz\u00e9deket, \u00e9s figyeld meg a k\u00e9rd\u0151 szerkezeteket.<\/li>\n<li>Hallgass francia hanganyagokat (pl. podcastokat, filmeket), \u00e9s jegyezd fel a hallott k\u00e9rd\u00e9seket.<\/li>\n<li>Gyakorolj interakt\u00edv tanul\u00f3platformokon, p\u00e9ld\u00e1ul a <strong>Talkpal<\/strong>-on, ahol val\u00f3s \u00e9lethelyzetekben haszn\u00e1lhatod ezeket a szerkezeteket.<\/li>\n<li>K\u00e9rj visszajelz\u00e9st tan\u00e1rodt\u00f3l vagy anyanyelvi besz\u00e9l\u0151t\u0151l.<\/li>\n<\/ul>\n<h2>\u00d6sszefoglal\u00e1s<\/h2>\n<p>A francia k\u00e9rd\u0151 n\u00e9vm\u00e1sok \u00e9s meghat\u00e1roz\u00f3k (pronoms et d\u00e9terminants interrogatifs) helyes haszn\u00e1lata elengedhetetlen a pontos \u00e9s magabiztos kommunik\u00e1ci\u00f3hoz. Megk\u00fcl\u00f6nb\u00f6ztet\u00e9s\u00fck, egyeztet\u00e9s\u00fck \u00e9s helyes mondatbeli alkalmaz\u00e1suk gyakorl\u00e1st ig\u00e9nyel, de struktur\u00e1lt tanul\u00e1ssal, p\u00e9ld\u00e1ul a Talkpal interakt\u00edv fel\u00fclet\u00e9n, gyorsan elsaj\u00e1t\u00edthat\u00f3. A cikkben bemutatott szab\u00e1lyok, p\u00e9ld\u00e1k \u00e9s tippek seg\u00edts\u00e9g\u00e9vel b\u00e1rki k\u00f6nnyed\u00e9n fejlesztheti k\u00e9rd\u00e9salkot\u00f3 k\u00e9szs\u00e9geit a francia nyelvben.<\/p>\n","protected":false},"featured_media":1527660,"template":"","language":[12300,12314],"class_list":["post-1078835","grammar","type-grammar","status-publish","has-post-thumbnail","hentry","language-francia","language-nevmasok-es-determinansok-francia-nyelvtan"],"acf":[],"yoast_head":"<!-- This site is optimized with the Yoast SEO Premium plugin v27.2 (Yoast SEO v27.2) - https:\/\/yoast.com\/product\/yoast-seo-premium-wordpress\/ -->\n<title>Pronoms et d\u00e9terminants interrogatifs a francia nyelvtanban - Talkpal<\/title>\n<meta name=\"description\" content=\"A francia nyelvtan egyik kulcsfontoss\u00e1g\u00fa ter\u00fclete az interrogat\u00edv n\u00e9vm\u00e1sok \u00e9s meghat\u00e1roz\u00f3k (pronoms et d\u00e9terminants interrogatifs) helyes haszn\u00e1lata,\" \/>\n<meta name=\"robots\" content=\"index, follow, max-snippet:-1, max-image-preview:large, max-video-preview:-1\" \/>\n<link rel=\"canonical\" href=\"https:\/\/talkpal.ai\/hu\/grammar\/pronoms-et-determinants-interrogatifs-a-francia-nyelvtanban\/\" \/>\n<meta property=\"og:locale\" content=\"hu_HU\" \/>\n<meta property=\"og:type\" content=\"article\" \/>\n<meta property=\"og:title\" content=\"Pronoms et d\u00e9terminants interrogatifs a francia nyelvtanban\" \/>\n<meta property=\"og:description\" content=\"A francia nyelvtan egyik kulcsfontoss\u00e1g\u00fa ter\u00fclete az interrogat\u00edv n\u00e9vm\u00e1sok \u00e9s meghat\u00e1roz\u00f3k (pronoms et d\u00e9terminants interrogatifs) helyes haszn\u00e1lata,\" \/>\n<meta property=\"og:url\" content=\"https:\/\/talkpal.ai\/hu\/grammar\/pronoms-et-determinants-interrogatifs-a-francia-nyelvtanban\/\" \/>\n<meta property=\"og:site_name\" content=\"Talkpal\" \/>\n<meta property=\"article:publisher\" content=\"https:\/\/www.facebook.com\/profile.php?id=100090733639311\" \/>\n<meta property=\"og:image\" content=\"https:\/\/talkpal.ai\/wp-content\/uploads\/2025\/02\/Progress-tab-16_9.png\" \/>\n\t<meta property=\"og:image:width\" content=\"2880\" \/>\n\t<meta property=\"og:image:height\" content=\"1620\" \/>\n\t<meta property=\"og:image:type\" content=\"image\/png\" \/>\n<meta name=\"twitter:card\" content=\"summary_large_image\" \/>\n<meta name=\"twitter:site\" content=\"@talkpalai\" \/>\n<meta name=\"twitter:label1\" content=\"Becs\u00fclt olvas\u00e1si id\u0151\" \/>\n\t<meta name=\"twitter:data1\" content=\"5 perc\" \/>\n<script type=\"application\/ld+json\" class=\"yoast-schema-graph\">{\"@context\":\"https:\/\/schema.org\",\"@graph\":[{\"@type\":\"WebPage\",\"@id\":\"https:\/\/talkpal.ai\/hu\/grammar\/pronoms-et-determinants-interrogatifs-a-francia-nyelvtanban\/\",\"url\":\"https:\/\/talkpal.ai\/hu\/grammar\/pronoms-et-determinants-interrogatifs-a-francia-nyelvtanban\/\",\"name\":\"Pronoms et d\u00e9terminants interrogatifs a francia nyelvtanban - Talkpal\",\"isPartOf\":{\"@id\":\"https:\/\/talkpal.ai\/hu\/#website\"},\"primaryImageOfPage\":{\"@id\":\"https:\/\/talkpal.ai\/hu\/grammar\/pronoms-et-determinants-interrogatifs-a-francia-nyelvtanban\/#primaryimage\"},\"image\":{\"@id\":\"https:\/\/talkpal.ai\/hu\/grammar\/pronoms-et-determinants-interrogatifs-a-francia-nyelvtanban\/#primaryimage\"},\"thumbnailUrl\":\"https:\/\/talkpal.ai\/wp-content\/uploads\/2025\/12\/friends-open-laptops-to-learn-languages.webp\",\"datePublished\":\"2025-07-01T21:59:04+00:00\",\"description\":\"A francia nyelvtan egyik kulcsfontoss\u00e1g\u00fa ter\u00fclete az interrogat\u00edv n\u00e9vm\u00e1sok \u00e9s meghat\u00e1roz\u00f3k (pronoms et d\u00e9terminants interrogatifs) helyes haszn\u00e1lata,\",\"breadcrumb\":{\"@id\":\"https:\/\/talkpal.ai\/hu\/grammar\/pronoms-et-determinants-interrogatifs-a-francia-nyelvtanban\/#breadcrumb\"},\"inLanguage\":\"hu\",\"potentialAction\":[{\"@type\":\"ReadAction\",\"target\":[\"https:\/\/talkpal.ai\/hu\/grammar\/pronoms-et-determinants-interrogatifs-a-francia-nyelvtanban\/\"]}]},{\"@type\":\"ImageObject\",\"inLanguage\":\"hu\",\"@id\":\"https:\/\/talkpal.ai\/hu\/grammar\/pronoms-et-determinants-interrogatifs-a-francia-nyelvtanban\/#primaryimage\",\"url\":\"https:\/\/talkpal.ai\/wp-content\/uploads\/2025\/12\/friends-open-laptops-to-learn-languages.webp\",\"contentUrl\":\"https:\/\/talkpal.ai\/wp-content\/uploads\/2025\/12\/friends-open-laptops-to-learn-languages.webp\",\"width\":1200,\"height\":896,\"caption\":\"Three friends sit at a table with laptops and workbooks while learning languages at sunset.\"},{\"@type\":\"BreadcrumbList\",\"@id\":\"https:\/\/talkpal.ai\/hu\/grammar\/pronoms-et-determinants-interrogatifs-a-francia-nyelvtanban\/#breadcrumb\",\"itemListElement\":[{\"@type\":\"ListItem\",\"position\":1,\"name\":\"Homepage\",\"item\":\"https:\/\/talkpal.ai\/hu\/\"},{\"@type\":\"ListItem\",\"position\":2,\"name\":\"Pronoms et d\u00e9terminants interrogatifs a francia nyelvtanban\"}]},{\"@type\":\"WebSite\",\"@id\":\"https:\/\/talkpal.ai\/hu\/#website\",\"url\":\"https:\/\/talkpal.ai\/hu\/\",\"name\":\"Talkpal\",\"description\":\"AI Language Learning\",\"publisher\":{\"@id\":\"https:\/\/talkpal.ai\/hu\/#organization\"},\"alternateName\":\"Talkpal AI\",\"potentialAction\":[{\"@type\":\"SearchAction\",\"target\":{\"@type\":\"EntryPoint\",\"urlTemplate\":\"https:\/\/talkpal.ai\/hu\/?s={search_term_string}\"},\"query-input\":{\"@type\":\"PropertyValueSpecification\",\"valueRequired\":true,\"valueName\":\"search_term_string\"}}],\"inLanguage\":\"hu\"},{\"@type\":\"Organization\",\"@id\":\"https:\/\/talkpal.ai\/hu\/#organization\",\"name\":\"Talkpal, Inc.\",\"alternateName\":\"Talkpal AI\",\"url\":\"https:\/\/talkpal.ai\/hu\/\",\"logo\":{\"@type\":\"ImageObject\",\"inLanguage\":\"hu\",\"@id\":\"https:\/\/talkpal.ai\/hu\/#\/schema\/logo\/image\/\",\"url\":\"https:\/\/talkpal.ai\/wp-content\/uploads\/2024\/03\/Talkpal-Logo-Icon.png\",\"contentUrl\":\"https:\/\/talkpal.ai\/wp-content\/uploads\/2024\/03\/Talkpal-Logo-Icon.png\",\"width\":2880,\"height\":2880,\"caption\":\"Talkpal, Inc.\"},\"image\":{\"@id\":\"https:\/\/talkpal.ai\/hu\/#\/schema\/logo\/image\/\"},\"sameAs\":[\"https:\/\/www.facebook.com\/profile.php?id=100090733639311\",\"https:\/\/x.com\/talkpalai\",\"https:\/\/www.linkedin.com\/company\/talkpal\/\",\"https:\/\/www.youtube.com\/@TalkPal\/\",\"https:\/\/www.tiktok.com\/@talkpal\",\"https:\/\/www.instagram.com\/talkpal_ai\/\",\"https:\/\/www.crunchbase.com\/organization\/talkpal-9cde\",\"https:\/\/www.g2.com\/products\/talkpal-for-business\/\",\"https:\/\/www.trustpilot.com\/review\/talkpal.ai\",\"https:\/\/www.capterra.com\/p\/10006800\/TalkPal\/\"],\"description\":\"Talkpal is a language learning web and mobile education app, powered by the latest AI technologies, that provides engaging experiences to its customers in many different languages to help them improve their language skills. Users can chat about unlimited amount of topics with the app and use other modes to practice their language learning.\",\"email\":\"support@talkpal.ai\",\"legalName\":\"Talkpal, Inc.\",\"foundingDate\":\"2023-04-03\",\"duns\":\"118989042\",\"numberOfEmployees\":{\"@type\":\"QuantitativeValue\",\"minValue\":\"11\",\"maxValue\":\"50\"},\"publishingPrinciples\":\"https:\/\/talkpal.ai\/publishing-principles\/\",\"actionableFeedbackPolicy\":\"https:\/\/talkpal.ai\/actionable-feedback-policy\/\",\"correctionsPolicy\":\"https:\/\/talkpal.ai\/corrections-policy\/\",\"ethicsPolicy\":\"https:\/\/talkpal.ai\/ethics-policy\/\",\"diversityPolicy\":\"https:\/\/talkpal.ai\/diversity-policy\/\",\"diversityStaffingReport\":\"https:\/\/talkpal.ai\/diversity-policy\/\"}]}<\/script>\n<!-- \/ Yoast SEO Premium plugin. -->","yoast_head_json":{"title":"Pronoms et d\u00e9terminants interrogatifs a francia nyelvtanban - Talkpal","description":"A francia nyelvtan egyik kulcsfontoss\u00e1g\u00fa ter\u00fclete az interrogat\u00edv n\u00e9vm\u00e1sok \u00e9s meghat\u00e1roz\u00f3k (pronoms et d\u00e9terminants interrogatifs) helyes haszn\u00e1lata,","robots":{"index":"index","follow":"follow","max-snippet":"max-snippet:-1","max-image-preview":"max-image-preview:large","max-video-preview":"max-video-preview:-1"},"canonical":"https:\/\/talkpal.ai\/hu\/grammar\/pronoms-et-determinants-interrogatifs-a-francia-nyelvtanban\/","og_locale":"hu_HU","og_type":"article","og_title":"Pronoms et d\u00e9terminants interrogatifs a francia nyelvtanban","og_description":"A francia nyelvtan egyik kulcsfontoss\u00e1g\u00fa ter\u00fclete az interrogat\u00edv n\u00e9vm\u00e1sok \u00e9s meghat\u00e1roz\u00f3k (pronoms et d\u00e9terminants interrogatifs) helyes haszn\u00e1lata,","og_url":"https:\/\/talkpal.ai\/hu\/grammar\/pronoms-et-determinants-interrogatifs-a-francia-nyelvtanban\/","og_site_name":"Talkpal","article_publisher":"https:\/\/www.facebook.com\/profile.php?id=100090733639311","og_image":[{"width":2880,"height":1620,"url":"https:\/\/talkpal.ai\/wp-content\/uploads\/2025\/02\/Progress-tab-16_9.png","type":"image\/png"}],"twitter_card":"summary_large_image","twitter_site":"@talkpalai","twitter_misc":{"Becs\u00fclt olvas\u00e1si id\u0151":"5 perc"},"schema":{"@context":"https:\/\/schema.org","@graph":[{"@type":"WebPage","@id":"https:\/\/talkpal.ai\/hu\/grammar\/pronoms-et-determinants-interrogatifs-a-francia-nyelvtanban\/","url":"https:\/\/talkpal.ai\/hu\/grammar\/pronoms-et-determinants-interrogatifs-a-francia-nyelvtanban\/","name":"Pronoms et d\u00e9terminants interrogatifs a francia nyelvtanban - Talkpal","isPartOf":{"@id":"https:\/\/talkpal.ai\/hu\/#website"},"primaryImageOfPage":{"@id":"https:\/\/talkpal.ai\/hu\/grammar\/pronoms-et-determinants-interrogatifs-a-francia-nyelvtanban\/#primaryimage"},"image":{"@id":"https:\/\/talkpal.ai\/hu\/grammar\/pronoms-et-determinants-interrogatifs-a-francia-nyelvtanban\/#primaryimage"},"thumbnailUrl":"https:\/\/talkpal.ai\/wp-content\/uploads\/2025\/12\/friends-open-laptops-to-learn-languages.webp","datePublished":"2025-07-01T21:59:04+00:00","description":"A francia nyelvtan egyik kulcsfontoss\u00e1g\u00fa ter\u00fclete az interrogat\u00edv n\u00e9vm\u00e1sok \u00e9s meghat\u00e1roz\u00f3k (pronoms et d\u00e9terminants interrogatifs) helyes haszn\u00e1lata,","breadcrumb":{"@id":"https:\/\/talkpal.ai\/hu\/grammar\/pronoms-et-determinants-interrogatifs-a-francia-nyelvtanban\/#breadcrumb"},"inLanguage":"hu","potentialAction":[{"@type":"ReadAction","target":["https:\/\/talkpal.ai\/hu\/grammar\/pronoms-et-determinants-interrogatifs-a-francia-nyelvtanban\/"]}]},{"@type":"ImageObject","inLanguage":"hu","@id":"https:\/\/talkpal.ai\/hu\/grammar\/pronoms-et-determinants-interrogatifs-a-francia-nyelvtanban\/#primaryimage","url":"https:\/\/talkpal.ai\/wp-content\/uploads\/2025\/12\/friends-open-laptops-to-learn-languages.webp","contentUrl":"https:\/\/talkpal.ai\/wp-content\/uploads\/2025\/12\/friends-open-laptops-to-learn-languages.webp","width":1200,"height":896,"caption":"Three friends sit at a table with laptops and workbooks while learning languages at sunset."},{"@type":"BreadcrumbList","@id":"https:\/\/talkpal.ai\/hu\/grammar\/pronoms-et-determinants-interrogatifs-a-francia-nyelvtanban\/#breadcrumb","itemListElement":[{"@type":"ListItem","position":1,"name":"Homepage","item":"https:\/\/talkpal.ai\/hu\/"},{"@type":"ListItem","position":2,"name":"Pronoms et d\u00e9terminants interrogatifs a francia nyelvtanban"}]},{"@type":"WebSite","@id":"https:\/\/talkpal.ai\/hu\/#website","url":"https:\/\/talkpal.ai\/hu\/","name":"Talkpal","description":"AI Language Learning","publisher":{"@id":"https:\/\/talkpal.ai\/hu\/#organization"},"alternateName":"Talkpal AI","potentialAction":[{"@type":"SearchAction","target":{"@type":"EntryPoint","urlTemplate":"https:\/\/talkpal.ai\/hu\/?s={search_term_string}"},"query-input":{"@type":"PropertyValueSpecification","valueRequired":true,"valueName":"search_term_string"}}],"inLanguage":"hu"},{"@type":"Organization","@id":"https:\/\/talkpal.ai\/hu\/#organization","name":"Talkpal, Inc.","alternateName":"Talkpal AI","url":"https:\/\/talkpal.ai\/hu\/","logo":{"@type":"ImageObject","inLanguage":"hu","@id":"https:\/\/talkpal.ai\/hu\/#\/schema\/logo\/image\/","url":"https:\/\/talkpal.ai\/wp-content\/uploads\/2024\/03\/Talkpal-Logo-Icon.png","contentUrl":"https:\/\/talkpal.ai\/wp-content\/uploads\/2024\/03\/Talkpal-Logo-Icon.png","width":2880,"height":2880,"caption":"Talkpal, Inc."},"image":{"@id":"https:\/\/talkpal.ai\/hu\/#\/schema\/logo\/image\/"},"sameAs":["https:\/\/www.facebook.com\/profile.php?id=100090733639311","https:\/\/x.com\/talkpalai","https:\/\/www.linkedin.com\/company\/talkpal\/","https:\/\/www.youtube.com\/@TalkPal\/","https:\/\/www.tiktok.com\/@talkpal","https:\/\/www.instagram.com\/talkpal_ai\/","https:\/\/www.crunchbase.com\/organization\/talkpal-9cde","https:\/\/www.g2.com\/products\/talkpal-for-business\/","https:\/\/www.trustpilot.com\/review\/talkpal.ai","https:\/\/www.capterra.com\/p\/10006800\/TalkPal\/"],"description":"Talkpal is a language learning web and mobile education app, powered by the latest AI technologies, that provides engaging experiences to its customers in many different languages to help them improve their language skills. Users can chat about unlimited amount of topics with the app and use other modes to practice their language learning.","email":"support@talkpal.ai","legalName":"Talkpal, Inc.","foundingDate":"2023-04-03","duns":"118989042","numberOfEmployees":{"@type":"QuantitativeValue","minValue":"11","maxValue":"50"},"publishingPrinciples":"https:\/\/talkpal.ai\/publishing-principles\/","actionableFeedbackPolicy":"https:\/\/talkpal.ai\/actionable-feedback-policy\/","correctionsPolicy":"https:\/\/talkpal.ai\/corrections-policy\/","ethicsPolicy":"https:\/\/talkpal.ai\/ethics-policy\/","diversityPolicy":"https:\/\/talkpal.ai\/diversity-policy\/","diversityStaffingReport":"https:\/\/talkpal.ai\/diversity-policy\/"}]}},"_links":{"self":[{"href":"https:\/\/talkpal.ai\/hu\/wp-json\/wp\/v2\/grammar\/1078835","targetHints":{"allow":["GET"]}}],"collection":[{"href":"https:\/\/talkpal.ai\/hu\/wp-json\/wp\/v2\/grammar"}],"about":[{"href":"https:\/\/talkpal.ai\/hu\/wp-json\/wp\/v2\/types\/grammar"}],"wp:featuredmedia":[{"embeddable":true,"href":"https:\/\/talkpal.ai\/hu\/wp-json\/wp\/v2\/media\/1527660"}],"wp:attachment":[{"href":"https:\/\/talkpal.ai\/hu\/wp-json\/wp\/v2\/media?parent=1078835"}],"wp:term":[{"taxonomy":"language","embeddable":true,"href":"https:\/\/talkpal.ai\/hu\/wp-json\/wp\/v2\/language?post=1078835"}],"curies":[{"name":"wp","href":"https:\/\/api.w.org\/{rel}","templated":true}]}}