{"id":1078834,"date":"2025-07-01T21:59:01","date_gmt":"2025-07-01T21:59:01","guid":{"rendered":"https:\/\/talkpal.ai\/grammar\/pronoms-adverbiaux-a-francia-nyelvtanban\/"},"modified":"2025-07-01T21:59:01","modified_gmt":"2025-07-01T21:59:01","slug":"pronoms-adverbiaux-a-francia-nyelvtanban","status":"publish","type":"grammar","link":"https:\/\/talkpal.ai\/hu\/grammar\/pronoms-adverbiaux-a-francia-nyelvtanban\/","title":{"rendered":"Pronoms adverbiaux a francia nyelvtanban"},"content":{"rendered":"<p>A <a href=\"https:\/\/talkpal.ai\/hu\/grammar\/passe-egyszeru-a-francia-nyelvtanban\/\">francia nyelvtan<\/a> egyik gyakran f\u00e9lre\u00e9rtett, de rendk\u00edv\u00fcl fontos ter\u00fclete a pronom adverbiaux, vagyis a helyettes\u00edt\u0151 hat\u00e1roz\u00f3sz\u00f3k haszn\u00e1lata. Ezek a kis szavak \u2013 f\u0151k\u00e9nt a \u201ey\u201d \u00e9s az \u201een\u201d \u2013 nemcsak a mindennapi kommunik\u00e1ci\u00f3t teszik g\u00f6rd\u00fcl\u00e9kenyebb\u00e9, hanem elengedhetetlenek a helyes \u00e9s term\u00e9szetes <a href=\"https:\/\/talkpal.ai\/learn-french\/\">francia<\/a> besz\u00e9dhez. Megfelel\u0151 alkalmaz\u00e1suk seg\u00edt elker\u00fclni a felesleges sz\u00f3ism\u00e9tl\u00e9seket, \u00e9s \u00e1rnyaltabb\u00e1, g\u00f6rd\u00fcl\u00e9kenyebb\u00e9 teszi a mondatokat. Ebben a cikkben r\u00e9szletesen bemutatjuk a <a href=\"https:\/\/talkpal.ai\/zh-hans\/grammar_exercises\/pronoms-adverbiaux-%e6%b3%95%e8%af%ad%e8%af%ad%e6%b3%95%e7%bb%83%e4%b9%a0\/\">pronoms adverbiaux<\/a> jelent\u00e9s\u00e9t, haszn\u00e1lati szab\u00e1lyait, tipikus hib\u00e1it \u00e9s gyakorlati p\u00e9ld\u00e1it. Ha szeretn\u00e9d fejleszteni a francia nyelvtani tud\u00e1sod, a <a href=\"https:\/\/talkpal.ai\/ko\/ai-%ec%96%b8%ec%96%b4-%ea%b5%90%ec%82%ac\/\">Talkpal<\/a> kiv\u00e1l\u00f3 eszk\u00f6z lehet a pronoms adverbiaux elsaj\u00e1t\u00edt\u00e1s\u00e1hoz is.<\/p>\n<h2>Mi az a pronom adverbial?<\/h2>\n<p>A pronom adverbial vagy helyettes\u00edt\u0151 hat\u00e1roz\u00f3sz\u00f3 egy speci\u00e1lis n\u00e9vm\u00e1s, amely egy kor\u00e1bban eml\u00edtett helyet, dolgot vagy mennyis\u00e9get helyettes\u00edt a mondatban. A francia nyelvben k\u00e9t f\u0151 pronom adverbiaux l\u00e9tezik:<\/p>\n<ul>\n<li><strong>y<\/strong> \u2013 f\u0151k\u00e9nt helyhat\u00e1roz\u00f3k \u00e9s \u00e0 + dolog szerkezetek helyettes\u00edt\u00e9s\u00e9re szolg\u00e1l.<\/li>\n<li><strong>en<\/strong> \u2013 mennyis\u00e9gek, de + dolog szerkezetek, valamint hat\u00e1rozatlan f\u0151nevek helyettes\u00edt\u00e9s\u00e9re haszn\u00e1ljuk.<\/li>\n<\/ul>\n<h3>Mi\u00e9rt fontos a pronom adverbiaux haszn\u00e1lata?<\/h3>\n<p>A pronom adverbiaux alkalmaz\u00e1sa seg\u00edt:<\/p>\n<ul>\n<li>Elker\u00fclni a sz\u00f3ism\u00e9tl\u00e9seket<\/li>\n<li>Egyszer\u0171bb\u00e9 \u00e9s term\u00e9szetesebb\u00e9 tenni a mondatokat<\/li>\n<li>Magabiztosabb\u00e1 tenni a kommunik\u00e1ci\u00f3t anyanyelvi szinten<\/li>\n<\/ul>\n<h2>A \u201ey\u201d pronom adverbial: Haszn\u00e1lata \u00e9s szab\u00e1lyai<\/h2>\n<p>A \u201ey\u201d helyettes\u00edt\u0151 hat\u00e1roz\u00f3sz\u00f3 a k\u00f6vetkez\u0151 esetekben haszn\u00e1latos:<\/p>\n<ul>\n<li>Helyhat\u00e1roz\u00f3k (oda, ott, ide, itt) helyettes\u00edt\u00e9s\u00e9re:<\/li>\n<\/ul>\n<p><em>Tu vas \u00e0 Paris? Oui, j&#8217;y vais.<\/em> (M\u00e9sz P\u00e1rizsba? Igen, oda megyek.)<\/p>\n<ul>\n<li>\u00c1ltal\u00e1nos \u00e0 + dolog szerkezetek helyettes\u00edt\u00e9s\u00e9re, de nem szem\u00e9lyek eset\u00e9ben:<\/li>\n<\/ul>\n<p><em>Tu penses \u00e0 ton travail? Oui, j&#8217;y pense.<\/em> (A munk\u00e1dra gondolsz? Igen, arra gondolok.)<\/p>\n<h3>A \u201ey\u201d elhelyez\u00e9se a mondatban<\/h3>\n<p>A \u201ey\u201d mindig az ige el\u0151tt \u00e1ll, kiv\u00e9ve a felsz\u00f3l\u00edt\u00f3 m\u00f3dban, ahol az ige ut\u00e1n kapcsol\u00f3dik k\u00f6t\u0151jellel:<\/p>\n<ul>\n<li>Norm\u00e1l mondat: <em>J&#8217;y vais.<\/em><\/li>\n<li>Felsz\u00f3l\u00edt\u00e1s: <em>Vas-y!<\/em><\/li>\n<\/ul>\n<h3>Tipikus hib\u00e1k a \u201ey\u201d haszn\u00e1lat\u00e1n\u00e1l<\/h3>\n<ul>\n<li>Csak helyek vagy dolgok helyettes\u00edt\u00e9s\u00e9re alkalmazhat\u00f3, szem\u00e9lyekre nem.<\/li>\n<li>Nem <a href=\"https:\/\/talkpal.ai\/locations\/language-courses-in-minden\/\">minden<\/a> \u00e0 el\u0151lj\u00e1r\u00f3s szerkezetben haszn\u00e1lhat\u00f3; szem\u00e9lyes n\u00e9vm\u00e1sokn\u00e1l m\u00e1s megold\u00e1s sz\u00fcks\u00e9ges.<\/li>\n<\/ul>\n<h2>Az \u201een\u201d pronom adverbial: Haszn\u00e1lata \u00e9s szab\u00e1lyai<\/h2>\n<p>Az \u201een\u201d f\u0151k\u00e9nt a k\u00f6vetkez\u0151 esetekben haszn\u00e1latos:<\/p>\n<ul>\n<li><strong>de + dolog<\/strong> szerkezetek helyettes\u00edt\u00e9s\u00e9re:<\/li>\n<\/ul>\n<p><em>Tu parles de ton projet? Oui, j&#8217;en parle.<\/em> (A projektedr\u0151l besz\u00e9lsz? Igen, arr\u00f3l besz\u00e9lek.)<\/p>\n<ul>\n<li><strong>Mennyis\u00e9g<\/strong> helyettes\u00edt\u00e9s\u00e9re:<\/li>\n<\/ul>\n<p><em>Tu veux du caf\u00e9? Oui, j&#8217;en veux.<\/em> (K\u00e9rsz k\u00e1v\u00e9t? Igen, k\u00e9rek.)<\/p>\n<ul>\n<li><strong>Hat\u00e1rozatlan f\u0151nevek<\/strong> helyettes\u00edt\u00e9s\u00e9re:<\/li>\n<\/ul>\n<p><em>Il a des amis? Oui, il en a.<\/em> (Vannak bar\u00e1tai? Igen, vannak.)<\/p>\n<h3>Az \u201een\u201d elhelyez\u00e9se a mondatban<\/h3>\n<p>Ak\u00e1rcsak a \u201ey\u201d-n\u00e1l, az \u201een\u201d is az ige el\u0151tt \u00e1ll, felsz\u00f3l\u00edt\u00f3 m\u00f3dban az ige ut\u00e1n k\u00f6t\u0151jellel:<\/p>\n<ul>\n<li>Norm\u00e1l mondat: <em>J&#8217;en veux.<\/em><\/li>\n<li>Felsz\u00f3l\u00edt\u00e1s: <em>Prends-en!<\/em><\/li>\n<\/ul>\n<h3>Tipikus hib\u00e1k az \u201een\u201d haszn\u00e1lat\u00e1n\u00e1l<\/h3>\n<ul>\n<li>Szem\u00e9lyek eset\u00e9n nem haszn\u00e1lhat\u00f3, csak dolgokra, mennyis\u00e9gekre.<\/li>\n<li>Ha konkr\u00e9t mennyis\u00e9get mondunk, azt a mondat v\u00e9g\u00e9re tessz\u00fck: <em>J&#8217;en ai deux.<\/em> (Kett\u0151 <a href=\"https:\/\/talkpal.ai\/locations\/language-courses-in-van\/\">van<\/a> nekem bel\u0151le.)<\/li>\n<\/ul>\n<h2>Pronoms adverbiaux \u2013 gyakorlati p\u00e9ld\u00e1k<\/h2>\n<h3>\u201ey\u201d pronom adverbial p\u00e9ld\u00e1k<\/h3>\n<ul>\n<li><em>Je vais \u00e0 la biblioth\u00e8que. J&#8217;y vais.<\/em> (Megyek a k\u00f6nyvt\u00e1rba. Oda megyek.)<\/li>\n<li><em>Tu r\u00e9ponds \u00e0 la question? Oui, j&#8217;y r\u00e9ponds.<\/em> (V\u00e1laszolsz a k\u00e9rd\u00e9sre? Igen, arra v\u00e1laszolok.)<\/li>\n<li><em>Il pense \u00e0 son avenir. Il y pense.<\/em> (A j\u00f6v\u0151j\u00e9re gondol. Arra gondol.)<\/li>\n<\/ul>\n<h3>\u201een\u201d pronom adverbial p\u00e9ld\u00e1k<\/h3>\n<ul>\n<li><em>Elle parle de ses vacances. Elle en parle.<\/em> (A nyaral\u00e1s\u00e1r\u00f3l besz\u00e9l. Arr\u00f3l besz\u00e9l.)<\/li>\n<li><em>Tu as des pommes? Oui, j&#8217;en ai.<\/em> (Vannak alm\u00e1id? Igen, vannak.)<\/li>\n<li><em>Vous voulez du th\u00e9? Oui, nous en voulons.<\/em> (K\u00e9rnek te\u00e1t? Igen, k\u00e9r\u00fcnk.)<\/li>\n<\/ul>\n<h2>A pronoms adverbiaux helye az ig\u00e9vel \u00e9s m\u00e1s n\u00e9vm\u00e1sokkal<\/h2>\n<p>A pronom adverbiaux mindig az ige el\u0151tt \u00e1ll kijelent\u0151, k\u00e9rd\u0151 \u00e9s tagad\u00f3 mondatokban, de figyelni kell az ig\u00e9vel \u00e9s m\u00e1s n\u00e9vm\u00e1sokkal val\u00f3 sorrendre is.<\/p>\n<h3>T\u00f6bb n\u00e9vm\u00e1s egy mondatban<\/h3>\n<p>A sorrend: me\/te\/se\/nous\/vous &gt; le\/la\/les &gt; lui\/leur &gt; y &gt; en<\/p>\n<ul>\n<li><em>Tu me donnes des bonbons? Oui, je t&#8217;en donne.<\/em> (Adsz nekem cukork\u00e1t? Igen, adok neked bel\u0151le.)<\/li>\n<li><em>Il y en a beaucoup.<\/em> (Sok van ott bel\u0151le.)<\/li>\n<\/ul>\n<h2>Gyakorlati tan\u00e1csok a pronoms adverbiaux elsaj\u00e1t\u00edt\u00e1s\u00e1hoz<\/h2>\n<ul>\n<li><strong>Olvass sok francia sz\u00f6veget!<\/strong> Figyeld meg, hogyan haszn\u00e1lj\u00e1k az \u201ey\u201d \u00e9s \u201een\u201d n\u00e9vm\u00e1sokat.<\/li>\n<li><strong>Gyakorolj mondatokat!<\/strong> \u00cdrj \u00e1t egyszer\u0171 mondatokat \u00fagy, hogy alkalmazod a pronoms adverbiaux-t.<\/li>\n<li><strong>Haszn\u00e1lj digit\u00e1lis seg\u00e9deszk\u00f6z\u00f6ket!<\/strong> A Talkpal p\u00e9ld\u00e1ul interakt\u00edv feladatokkal seg\u00edti a helyes haszn\u00e1latot.<\/li>\n<li><strong>K\u00e9rj visszajelz\u00e9st!<\/strong> Gyakorold anyanyelvi besz\u00e9l\u0151kkel, vagy k\u00e9rj tan\u00e1rt\u00f3l visszajelz\u00e9st.<\/li>\n<\/ul>\n<h2>Pronoms adverbiaux a francia nyelvvizsg\u00e1n<\/h2>\n<p>A francia nyelvvizsg\u00e1kon \u2013 legyen sz\u00f3 DELF, DALF vagy \u00e9retts\u00e9gi szintr\u0151l \u2013 gyakran el\u0151fordulnak olyan feladatok, amelyekben a helyettes\u00edt\u0151 hat\u00e1roz\u00f3sz\u00f3k helyes haszn\u00e1lat\u00e1t k\u00e9rik sz\u00e1mon. Ez\u00e9rt elengedhetetlen, hogy tiszt\u00e1ban legy\u00fcnk a \u201ey\u201d \u00e9s \u201een\u201d szab\u00e1lyaival, \u00e9s magabiztosan tudjuk alkalmazni \u0151ket k\u00fcl\u00f6nb\u00f6z\u0151 kontextusokban.<\/p>\n<h2>\u00d6sszefoglal\u00e1s: Mi\u00e9rt \u00e9rdemes elsaj\u00e1t\u00edtani a pronoms adverbiaux-t?<\/h2>\n<p>A pronoms adverbiaux, vagyis a helyettes\u00edt\u0151 hat\u00e1roz\u00f3sz\u00f3k haszn\u00e1lata elengedhetetlen a magabiztos \u00e9s g\u00f6rd\u00fcl\u00e9keny francia nyelvhaszn\u00e1lathoz. Nemcsak a sz\u00f3ism\u00e9tl\u00e9sek ker\u00fclhet\u0151k el vel\u00fck, de a mondatok is t\u00f6m\u00f6rebb\u00e9 \u00e9s term\u00e9szetesebb\u00e9 v\u00e1lnak. A \u201ey\u201d \u00e9s \u201een\u201d helyes alkalmaz\u00e1sa jelent\u0151sen jav\u00edtja a kommunik\u00e1ci\u00f3 min\u0151s\u00e9g\u00e9t mind sz\u00f3ban, mind \u00edr\u00e1sban. Ha szeretn\u00e9d a tud\u00e1sodat hat\u00e9konyan fejleszteni, a Talkpal online platformja remek lehet\u0151s\u00e9get ny\u00fajt gyakorl\u00e1sra \u00e9s az elm\u00e9leti ismeretek elm\u00e9ly\u00edt\u00e9s\u00e9re.<\/p>\n<p>A francia nyelvtanban teh\u00e1t a pronoms adverbiaux nemcsak a helyes kifejez\u00e9sm\u00f3d egyik kulcsa, hanem a nyelv sz\u00e9ps\u00e9g\u00e9nek \u00e9s logik\u00e1j\u00e1nak is szerves r\u00e9sze. Gyakorolj, figyelj a szab\u00e1lyokra, \u00e9s haszn\u00e1ld b\u00e1tran ezt a nyelvi eszk\u00f6zt minden francia besz\u00e9lget\u00e9sed sor\u00e1n!<\/p>\n","protected":false},"featured_media":1527738,"template":"","language":[12300,12314],"class_list":["post-1078834","grammar","type-grammar","status-publish","has-post-thumbnail","hentry","language-francia","language-nevmasok-es-determinansok-francia-nyelvtan"],"acf":[],"yoast_head":"<!-- This site is optimized with the Yoast SEO Premium plugin v27.2 (Yoast SEO v27.2) - https:\/\/yoast.com\/product\/yoast-seo-premium-wordpress\/ -->\n<title>Pronoms adverbiaux a francia nyelvtanban - Talkpal<\/title>\n<meta name=\"description\" content=\"A francia nyelvtan egyik gyakran f\u00e9lre\u00e9rtett, de rendk\u00edv\u00fcl fontos ter\u00fclete a pronom adverbiaux, vagyis a helyettes\u00edt\u0151 hat\u00e1roz\u00f3sz\u00f3k haszn\u00e1lata. Ezek a kis\" \/>\n<meta name=\"robots\" content=\"index, follow, max-snippet:-1, max-image-preview:large, max-video-preview:-1\" \/>\n<link rel=\"canonical\" href=\"https:\/\/talkpal.ai\/hu\/grammar\/pronoms-adverbiaux-a-francia-nyelvtanban\/\" \/>\n<meta property=\"og:locale\" content=\"hu_HU\" \/>\n<meta property=\"og:type\" content=\"article\" \/>\n<meta property=\"og:title\" content=\"Pronoms adverbiaux a francia nyelvtanban\" \/>\n<meta property=\"og:description\" content=\"A francia nyelvtan egyik gyakran f\u00e9lre\u00e9rtett, de rendk\u00edv\u00fcl fontos ter\u00fclete a pronom adverbiaux, vagyis a helyettes\u00edt\u0151 hat\u00e1roz\u00f3sz\u00f3k haszn\u00e1lata. Ezek a kis\" \/>\n<meta property=\"og:url\" content=\"https:\/\/talkpal.ai\/hu\/grammar\/pronoms-adverbiaux-a-francia-nyelvtanban\/\" \/>\n<meta property=\"og:site_name\" content=\"Talkpal\" \/>\n<meta property=\"article:publisher\" content=\"https:\/\/www.facebook.com\/profile.php?id=100090733639311\" \/>\n<meta property=\"og:image\" content=\"https:\/\/talkpal.ai\/wp-content\/uploads\/2025\/02\/Progress-tab-16_9.png\" \/>\n\t<meta property=\"og:image:width\" content=\"2880\" \/>\n\t<meta property=\"og:image:height\" content=\"1620\" \/>\n\t<meta property=\"og:image:type\" content=\"image\/png\" \/>\n<meta name=\"twitter:card\" content=\"summary_large_image\" \/>\n<meta name=\"twitter:site\" content=\"@talkpalai\" \/>\n<meta name=\"twitter:label1\" content=\"Becs\u00fclt olvas\u00e1si id\u0151\" \/>\n\t<meta name=\"twitter:data1\" content=\"5 perc\" \/>\n<script type=\"application\/ld+json\" class=\"yoast-schema-graph\">{\"@context\":\"https:\/\/schema.org\",\"@graph\":[{\"@type\":\"WebPage\",\"@id\":\"https:\/\/talkpal.ai\/hu\/grammar\/pronoms-adverbiaux-a-francia-nyelvtanban\/\",\"url\":\"https:\/\/talkpal.ai\/hu\/grammar\/pronoms-adverbiaux-a-francia-nyelvtanban\/\",\"name\":\"Pronoms adverbiaux a francia nyelvtanban - Talkpal\",\"isPartOf\":{\"@id\":\"https:\/\/talkpal.ai\/hu\/#website\"},\"primaryImageOfPage\":{\"@id\":\"https:\/\/talkpal.ai\/hu\/grammar\/pronoms-adverbiaux-a-francia-nyelvtanban\/#primaryimage\"},\"image\":{\"@id\":\"https:\/\/talkpal.ai\/hu\/grammar\/pronoms-adverbiaux-a-francia-nyelvtanban\/#primaryimage\"},\"thumbnailUrl\":\"https:\/\/talkpal.ai\/wp-content\/uploads\/2025\/12\/learning-languages-by-the-mountain-view.webp\",\"datePublished\":\"2025-07-01T21:59:01+00:00\",\"description\":\"A francia nyelvtan egyik gyakran f\u00e9lre\u00e9rtett, de rendk\u00edv\u00fcl fontos ter\u00fclete a pronom adverbiaux, vagyis a helyettes\u00edt\u0151 hat\u00e1roz\u00f3sz\u00f3k haszn\u00e1lata. Ezek a kis\",\"breadcrumb\":{\"@id\":\"https:\/\/talkpal.ai\/hu\/grammar\/pronoms-adverbiaux-a-francia-nyelvtanban\/#breadcrumb\"},\"inLanguage\":\"hu\",\"potentialAction\":[{\"@type\":\"ReadAction\",\"target\":[\"https:\/\/talkpal.ai\/hu\/grammar\/pronoms-adverbiaux-a-francia-nyelvtanban\/\"]}]},{\"@type\":\"ImageObject\",\"inLanguage\":\"hu\",\"@id\":\"https:\/\/talkpal.ai\/hu\/grammar\/pronoms-adverbiaux-a-francia-nyelvtanban\/#primaryimage\",\"url\":\"https:\/\/talkpal.ai\/wp-content\/uploads\/2025\/12\/learning-languages-by-the-mountain-view.webp\",\"contentUrl\":\"https:\/\/talkpal.ai\/wp-content\/uploads\/2025\/12\/learning-languages-by-the-mountain-view.webp\",\"width\":1200,\"height\":896,\"caption\":\"A man with glasses sits at a sunny desk while learning languages with a mountain backdrop.\"},{\"@type\":\"BreadcrumbList\",\"@id\":\"https:\/\/talkpal.ai\/hu\/grammar\/pronoms-adverbiaux-a-francia-nyelvtanban\/#breadcrumb\",\"itemListElement\":[{\"@type\":\"ListItem\",\"position\":1,\"name\":\"Homepage\",\"item\":\"https:\/\/talkpal.ai\/hu\/\"},{\"@type\":\"ListItem\",\"position\":2,\"name\":\"Pronoms adverbiaux a francia nyelvtanban\"}]},{\"@type\":\"WebSite\",\"@id\":\"https:\/\/talkpal.ai\/hu\/#website\",\"url\":\"https:\/\/talkpal.ai\/hu\/\",\"name\":\"Talkpal\",\"description\":\"AI Language Learning\",\"publisher\":{\"@id\":\"https:\/\/talkpal.ai\/hu\/#organization\"},\"alternateName\":\"Talkpal AI\",\"potentialAction\":[{\"@type\":\"SearchAction\",\"target\":{\"@type\":\"EntryPoint\",\"urlTemplate\":\"https:\/\/talkpal.ai\/hu\/?s={search_term_string}\"},\"query-input\":{\"@type\":\"PropertyValueSpecification\",\"valueRequired\":true,\"valueName\":\"search_term_string\"}}],\"inLanguage\":\"hu\"},{\"@type\":\"Organization\",\"@id\":\"https:\/\/talkpal.ai\/hu\/#organization\",\"name\":\"Talkpal, Inc.\",\"alternateName\":\"Talkpal AI\",\"url\":\"https:\/\/talkpal.ai\/hu\/\",\"logo\":{\"@type\":\"ImageObject\",\"inLanguage\":\"hu\",\"@id\":\"https:\/\/talkpal.ai\/hu\/#\/schema\/logo\/image\/\",\"url\":\"https:\/\/talkpal.ai\/wp-content\/uploads\/2024\/03\/Talkpal-Logo-Icon.png\",\"contentUrl\":\"https:\/\/talkpal.ai\/wp-content\/uploads\/2024\/03\/Talkpal-Logo-Icon.png\",\"width\":2880,\"height\":2880,\"caption\":\"Talkpal, Inc.\"},\"image\":{\"@id\":\"https:\/\/talkpal.ai\/hu\/#\/schema\/logo\/image\/\"},\"sameAs\":[\"https:\/\/www.facebook.com\/profile.php?id=100090733639311\",\"https:\/\/x.com\/talkpalai\",\"https:\/\/www.linkedin.com\/company\/talkpal\/\",\"https:\/\/www.youtube.com\/@TalkPal\/\",\"https:\/\/www.tiktok.com\/@talkpal\",\"https:\/\/www.instagram.com\/talkpal_ai\/\",\"https:\/\/www.crunchbase.com\/organization\/talkpal-9cde\",\"https:\/\/www.g2.com\/products\/talkpal-for-business\/\",\"https:\/\/www.trustpilot.com\/review\/talkpal.ai\",\"https:\/\/www.capterra.com\/p\/10006800\/TalkPal\/\"],\"description\":\"Talkpal is a language learning web and mobile education app, powered by the latest AI technologies, that provides engaging experiences to its customers in many different languages to help them improve their language skills. Users can chat about unlimited amount of topics with the app and use other modes to practice their language learning.\",\"email\":\"support@talkpal.ai\",\"legalName\":\"Talkpal, Inc.\",\"foundingDate\":\"2023-04-03\",\"duns\":\"118989042\",\"numberOfEmployees\":{\"@type\":\"QuantitativeValue\",\"minValue\":\"11\",\"maxValue\":\"50\"},\"publishingPrinciples\":\"https:\/\/talkpal.ai\/publishing-principles\/\",\"actionableFeedbackPolicy\":\"https:\/\/talkpal.ai\/actionable-feedback-policy\/\",\"correctionsPolicy\":\"https:\/\/talkpal.ai\/corrections-policy\/\",\"ethicsPolicy\":\"https:\/\/talkpal.ai\/ethics-policy\/\",\"diversityPolicy\":\"https:\/\/talkpal.ai\/diversity-policy\/\",\"diversityStaffingReport\":\"https:\/\/talkpal.ai\/diversity-policy\/\"}]}<\/script>\n<!-- \/ Yoast SEO Premium plugin. -->","yoast_head_json":{"title":"Pronoms adverbiaux a francia nyelvtanban - Talkpal","description":"A francia nyelvtan egyik gyakran f\u00e9lre\u00e9rtett, de rendk\u00edv\u00fcl fontos ter\u00fclete a pronom adverbiaux, vagyis a helyettes\u00edt\u0151 hat\u00e1roz\u00f3sz\u00f3k haszn\u00e1lata. Ezek a kis","robots":{"index":"index","follow":"follow","max-snippet":"max-snippet:-1","max-image-preview":"max-image-preview:large","max-video-preview":"max-video-preview:-1"},"canonical":"https:\/\/talkpal.ai\/hu\/grammar\/pronoms-adverbiaux-a-francia-nyelvtanban\/","og_locale":"hu_HU","og_type":"article","og_title":"Pronoms adverbiaux a francia nyelvtanban","og_description":"A francia nyelvtan egyik gyakran f\u00e9lre\u00e9rtett, de rendk\u00edv\u00fcl fontos ter\u00fclete a pronom adverbiaux, vagyis a helyettes\u00edt\u0151 hat\u00e1roz\u00f3sz\u00f3k haszn\u00e1lata. Ezek a kis","og_url":"https:\/\/talkpal.ai\/hu\/grammar\/pronoms-adverbiaux-a-francia-nyelvtanban\/","og_site_name":"Talkpal","article_publisher":"https:\/\/www.facebook.com\/profile.php?id=100090733639311","og_image":[{"width":2880,"height":1620,"url":"https:\/\/talkpal.ai\/wp-content\/uploads\/2025\/02\/Progress-tab-16_9.png","type":"image\/png"}],"twitter_card":"summary_large_image","twitter_site":"@talkpalai","twitter_misc":{"Becs\u00fclt olvas\u00e1si id\u0151":"5 perc"},"schema":{"@context":"https:\/\/schema.org","@graph":[{"@type":"WebPage","@id":"https:\/\/talkpal.ai\/hu\/grammar\/pronoms-adverbiaux-a-francia-nyelvtanban\/","url":"https:\/\/talkpal.ai\/hu\/grammar\/pronoms-adverbiaux-a-francia-nyelvtanban\/","name":"Pronoms adverbiaux a francia nyelvtanban - Talkpal","isPartOf":{"@id":"https:\/\/talkpal.ai\/hu\/#website"},"primaryImageOfPage":{"@id":"https:\/\/talkpal.ai\/hu\/grammar\/pronoms-adverbiaux-a-francia-nyelvtanban\/#primaryimage"},"image":{"@id":"https:\/\/talkpal.ai\/hu\/grammar\/pronoms-adverbiaux-a-francia-nyelvtanban\/#primaryimage"},"thumbnailUrl":"https:\/\/talkpal.ai\/wp-content\/uploads\/2025\/12\/learning-languages-by-the-mountain-view.webp","datePublished":"2025-07-01T21:59:01+00:00","description":"A francia nyelvtan egyik gyakran f\u00e9lre\u00e9rtett, de rendk\u00edv\u00fcl fontos ter\u00fclete a pronom adverbiaux, vagyis a helyettes\u00edt\u0151 hat\u00e1roz\u00f3sz\u00f3k haszn\u00e1lata. Ezek a kis","breadcrumb":{"@id":"https:\/\/talkpal.ai\/hu\/grammar\/pronoms-adverbiaux-a-francia-nyelvtanban\/#breadcrumb"},"inLanguage":"hu","potentialAction":[{"@type":"ReadAction","target":["https:\/\/talkpal.ai\/hu\/grammar\/pronoms-adverbiaux-a-francia-nyelvtanban\/"]}]},{"@type":"ImageObject","inLanguage":"hu","@id":"https:\/\/talkpal.ai\/hu\/grammar\/pronoms-adverbiaux-a-francia-nyelvtanban\/#primaryimage","url":"https:\/\/talkpal.ai\/wp-content\/uploads\/2025\/12\/learning-languages-by-the-mountain-view.webp","contentUrl":"https:\/\/talkpal.ai\/wp-content\/uploads\/2025\/12\/learning-languages-by-the-mountain-view.webp","width":1200,"height":896,"caption":"A man with glasses sits at a sunny desk while learning languages with a mountain backdrop."},{"@type":"BreadcrumbList","@id":"https:\/\/talkpal.ai\/hu\/grammar\/pronoms-adverbiaux-a-francia-nyelvtanban\/#breadcrumb","itemListElement":[{"@type":"ListItem","position":1,"name":"Homepage","item":"https:\/\/talkpal.ai\/hu\/"},{"@type":"ListItem","position":2,"name":"Pronoms adverbiaux a francia nyelvtanban"}]},{"@type":"WebSite","@id":"https:\/\/talkpal.ai\/hu\/#website","url":"https:\/\/talkpal.ai\/hu\/","name":"Talkpal","description":"AI Language Learning","publisher":{"@id":"https:\/\/talkpal.ai\/hu\/#organization"},"alternateName":"Talkpal AI","potentialAction":[{"@type":"SearchAction","target":{"@type":"EntryPoint","urlTemplate":"https:\/\/talkpal.ai\/hu\/?s={search_term_string}"},"query-input":{"@type":"PropertyValueSpecification","valueRequired":true,"valueName":"search_term_string"}}],"inLanguage":"hu"},{"@type":"Organization","@id":"https:\/\/talkpal.ai\/hu\/#organization","name":"Talkpal, Inc.","alternateName":"Talkpal AI","url":"https:\/\/talkpal.ai\/hu\/","logo":{"@type":"ImageObject","inLanguage":"hu","@id":"https:\/\/talkpal.ai\/hu\/#\/schema\/logo\/image\/","url":"https:\/\/talkpal.ai\/wp-content\/uploads\/2024\/03\/Talkpal-Logo-Icon.png","contentUrl":"https:\/\/talkpal.ai\/wp-content\/uploads\/2024\/03\/Talkpal-Logo-Icon.png","width":2880,"height":2880,"caption":"Talkpal, Inc."},"image":{"@id":"https:\/\/talkpal.ai\/hu\/#\/schema\/logo\/image\/"},"sameAs":["https:\/\/www.facebook.com\/profile.php?id=100090733639311","https:\/\/x.com\/talkpalai","https:\/\/www.linkedin.com\/company\/talkpal\/","https:\/\/www.youtube.com\/@TalkPal\/","https:\/\/www.tiktok.com\/@talkpal","https:\/\/www.instagram.com\/talkpal_ai\/","https:\/\/www.crunchbase.com\/organization\/talkpal-9cde","https:\/\/www.g2.com\/products\/talkpal-for-business\/","https:\/\/www.trustpilot.com\/review\/talkpal.ai","https:\/\/www.capterra.com\/p\/10006800\/TalkPal\/"],"description":"Talkpal is a language learning web and mobile education app, powered by the latest AI technologies, that provides engaging experiences to its customers in many different languages to help them improve their language skills. Users can chat about unlimited amount of topics with the app and use other modes to practice their language learning.","email":"support@talkpal.ai","legalName":"Talkpal, Inc.","foundingDate":"2023-04-03","duns":"118989042","numberOfEmployees":{"@type":"QuantitativeValue","minValue":"11","maxValue":"50"},"publishingPrinciples":"https:\/\/talkpal.ai\/publishing-principles\/","actionableFeedbackPolicy":"https:\/\/talkpal.ai\/actionable-feedback-policy\/","correctionsPolicy":"https:\/\/talkpal.ai\/corrections-policy\/","ethicsPolicy":"https:\/\/talkpal.ai\/ethics-policy\/","diversityPolicy":"https:\/\/talkpal.ai\/diversity-policy\/","diversityStaffingReport":"https:\/\/talkpal.ai\/diversity-policy\/"}]}},"_links":{"self":[{"href":"https:\/\/talkpal.ai\/hu\/wp-json\/wp\/v2\/grammar\/1078834","targetHints":{"allow":["GET"]}}],"collection":[{"href":"https:\/\/talkpal.ai\/hu\/wp-json\/wp\/v2\/grammar"}],"about":[{"href":"https:\/\/talkpal.ai\/hu\/wp-json\/wp\/v2\/types\/grammar"}],"wp:featuredmedia":[{"embeddable":true,"href":"https:\/\/talkpal.ai\/hu\/wp-json\/wp\/v2\/media\/1527738"}],"wp:attachment":[{"href":"https:\/\/talkpal.ai\/hu\/wp-json\/wp\/v2\/media?parent=1078834"}],"wp:term":[{"taxonomy":"language","embeddable":true,"href":"https:\/\/talkpal.ai\/hu\/wp-json\/wp\/v2\/language?post=1078834"}],"curies":[{"name":"wp","href":"https:\/\/api.w.org\/{rel}","templated":true}]}}