{"id":1078831,"date":"2025-07-01T21:58:52","date_gmt":"2025-07-01T21:58:52","guid":{"rendered":"https:\/\/talkpal.ai\/grammar\/pronoms-et-determinants-demonstratifs-a-francia-nyelvtanban\/"},"modified":"2025-07-01T21:58:52","modified_gmt":"2025-07-01T21:58:52","slug":"pronoms-et-determinants-demonstratifs-a-francia-nyelvtanban","status":"publish","type":"grammar","link":"https:\/\/talkpal.ai\/hu\/grammar\/pronoms-et-determinants-demonstratifs-a-francia-nyelvtanban\/","title":{"rendered":"Pronoms et d\u00e9terminants d\u00e9monstratifs a francia nyelvtanban"},"content":{"rendered":"<p>A <a href=\"https:\/\/talkpal.ai\/hu\/tanuljon-franciaul\/\">francia nyelv<\/a> tanul\u00e1sa sor\u00e1n az egyik legfontosabb l\u00e9p\u00e9s a n\u00e9vm\u00e1sok \u00e9s meghat\u00e1roz\u00f3k (d\u00e9monstratifs) helyes haszn\u00e1lat\u00e1nak elsaj\u00e1t\u00edt\u00e1sa. Ezek a nyelvtani elemek nemcsak a mondatok pontos\u00edt\u00e1s\u00e1ban seg\u00edtenek, hanem a kommunik\u00e1ci\u00f3t is g\u00f6rd\u00fcl\u00e9kenyebb\u00e9 teszik. A demonstrat\u00edv n\u00e9vm\u00e1sok \u00e9s determin\u00e1nsok meg\u00e9rt\u00e9se elengedhetetlen mind a besz\u00e9dben, mind az \u00edr\u00e1sban. A cikk r\u00e9szletesen bemutatja, hogyan m\u0171k\u00f6dnek a <a href=\"https:\/\/talkpal.ai\/ru\/grammar_exercises\/pronoms-et-determinants-demonstratifs-%d1%83%d0%bf%d1%80%d0%b0%d0%b6%d0%bd%d0%b5%d0%bd%d0%b8%d1%8f-%d0%b4%d0%bb%d1%8f-%d1%84%d1%80%d0%b0%d0%bd%d1%86%d1%83%d0%b7%d1%81%d0%ba%d0%be%d0%b9-%d0%b3%d1%80\/\">pronoms et d\u00e9terminants d\u00e9monstratifs<\/a> a <a href=\"https:\/\/talkpal.ai\/learn-french\/\">francia<\/a> nyelvtanban, mik\u00e9nt lehet \u0151ket helyesen alkalmazni, \u00e9s milyen gyakori hib\u00e1kat \u00e9rdemes elker\u00fclni. Ha szeretn\u00e9d mindezt k\u00f6nnyed\u00e9n, interakt\u00edv m\u00f3don megtanulni, a <a href=\"https:\/\/talkpal.ai\/ko\/ai-%ec%96%b8%ec%96%b4-%ea%b5%90%ec%82%ac\/\">Talkpal<\/a> kiv\u00e1l\u00f3 v\u00e1laszt\u00e1s lehet, mivel hat\u00e9konyan seg\u00edt a demonstrat\u00edv szerkezetek gyakorl\u00e1s\u00e1ban \u00e9s elm\u00e9ly\u00edt\u00e9s\u00e9ben.<\/p>\n<h2>Mit jelent a pronoms et d\u00e9terminants d\u00e9monstratifs a francia nyelvben?<\/h2>\n<p>A francia \u201ed\u00e9monstratifs\u201d gy\u0171jt\u0151fogalom mag\u00e1ban foglalja a demonstrat\u00edv n\u00e9vm\u00e1sokat (<a href=\"https:\/\/talkpal.ai\/ko\/grammar_exercises\/pronoms-et-determinants-demonstratifs-%ed%94%84%eb%9e%91%ec%8a%a4-%eb%ac%b8%eb%b2%95-%ec%9a%b4%eb%8f%99\/\">pronoms d\u00e9monstratifs<\/a>) \u00e9s a demonstrat\u00edv meghat\u00e1roz\u00f3kat (d\u00e9terminants d\u00e9monstratifs). Ezek az elemek arra szolg\u00e1lnak, hogy valamit vagy valakit konkr\u00e9tan meghat\u00e1rozzunk vagy megmutassunk, teh\u00e1t egy adott besz\u00e9dhelyzetben kiemelj\u00fck vagy elk\u00fcl\u00f6n\u00edts\u00fck m\u00e1sokt\u00f3l.<\/p>\n<h3>Demonstrat\u00edv meghat\u00e1roz\u00f3k (d\u00e9terminants d\u00e9monstratifs)<\/h3>\n<p>A demonstrat\u00edv determin\u00e1nsok f\u0151n\u00e9v el\u0151tt \u00e1llnak, \u00e9s seg\u00edtenek pontos\u00edtani, hogy melyik szem\u00e9lyr\u0151l vagy t\u00e1rgyr\u00f3l <a href=\"https:\/\/talkpal.ai\/locations\/language-courses-in-van\/\">van<\/a> sz\u00f3. A leggyakoribb form\u00e1i:<\/p>\n<ul>\n<li><strong>ce<\/strong> \u2013 h\u00edmnem\u0171, m\u00e1ssalhangz\u00f3val kezd\u0151d\u0151 egyes sz\u00e1m\u00fa f\u0151n\u00e9v el\u0151tt (pl.: <em>ce livre<\/em> \u2013 ez a k\u00f6nyv)<\/li>\n<li><strong>cet<\/strong> \u2013 h\u00edmnem\u0171, mag\u00e1nhangz\u00f3val vagy n\u00e9ma h-val kezd\u0151d\u0151 egyes sz\u00e1m\u00fa f\u0151n\u00e9v el\u0151tt (pl.: <em>cet arbre<\/em> \u2013 ez a fa, <em>cet homme<\/em> \u2013 ez a f\u00e9rfi)<\/li>\n<li><strong>cette<\/strong> \u2013 n\u0151nem\u0171 egyes sz\u00e1m\u00fa f\u0151n\u00e9v el\u0151tt (pl.: <em>cette table<\/em> \u2013 <a href=\"https:\/\/talkpal.ai\/culture\/how-do-you-use-the-demonstrative-pronouns-ez-and-az\/\">ez az<\/a> asztal)<\/li>\n<li><strong>ces<\/strong> \u2013 t\u00f6bbes sz\u00e1m, mindk\u00e9t nem eset\u00e9n (pl.: <em>ces enfants<\/em> \u2013 ezek a gyerekek)<\/li>\n<\/ul>\n<h3>Demonstrat\u00edv n\u00e9vm\u00e1sok (pronoms d\u00e9monstratifs)<\/h3>\n<p>Ezek a n\u00e9vm\u00e1sok a f\u0151n\u00e9v hely\u00e9t veszik \u00e1t a mondatban, teh\u00e1t \u00f6n\u00e1ll\u00f3an \u00e1llnak:<\/p>\n<ul>\n<li><strong>celui<\/strong> \u2013 h\u00edmnem egyes sz\u00e1m<\/li>\n<li><strong>celle<\/strong> \u2013 n\u0151nem egyes sz\u00e1m<\/li>\n<li><strong>ceux<\/strong> \u2013 h\u00edmnem t\u00f6bbes sz\u00e1m<\/li>\n<li><strong>celles<\/strong> \u2013 n\u0151nem t\u00f6bbes sz\u00e1m<\/li>\n<\/ul>\n<p>P\u00e9ld\u00e1k:<\/p>\n<ul>\n<li><em>Celui qui parle est mon fr\u00e8re.<\/em> \u2013 Az, aki besz\u00e9l, a testv\u00e9rem.<\/li>\n<li><em>Celles que tu vois sont mes amies.<\/em> \u2013 Azok, akiket l\u00e1tsz, a bar\u00e1tn\u0151im.<\/li>\n<\/ul>\n<h2>A d\u00e9monstratifs haszn\u00e1lat\u00e1nak r\u00e9szletei<\/h2>\n<h3>D\u00e9terminants d\u00e9monstratifs r\u00e9szletesen<\/h3>\n<p>A demonstrat\u00edv meghat\u00e1roz\u00f3k seg\u00edts\u00e9g\u00e9vel a besz\u00e9l\u0151 kiemel egy adott f\u0151nevet a k\u00f6rnyezet\u00e9b\u0151l. Ezeket a k\u00f6vetkez\u0151 esetekben haszn\u00e1ljuk:<\/p>\n<ul>\n<li>Konkr\u00e9t t\u00e1rgy vagy szem\u00e9ly azonos\u00edt\u00e1sa: <em>Ce stylo est \u00e0 moi.<\/em> \u2013 Ez a toll az eny\u00e9m.<\/li>\n<li>T\u00e1vols\u00e1g vagy id\u0151beli k\u00f6zels\u00e9g kifejez\u00e9se: <em>Cette semaine<\/em> \u2013 ezen a h\u00e9ten.<\/li>\n<li>Ellent\u00e9t kifejez\u00e9se: <em>Ce livre-ci est int\u00e9ressant, mais ce livre-l\u00e0 est ennuyeux.<\/em> \u2013 Ez a k\u00f6nyv \u00e9rdekes, de az a k\u00f6nyv unalmas.<\/li>\n<\/ul>\n<p>A <strong>-ci<\/strong> \u00e9s <strong>-l\u00e0<\/strong> ut\u00f3tagokat gyakran haszn\u00e1lj\u00e1k, hogy k\u00fcl\u00f6nbs\u00e9get tegyenek k\u00e9t hasonl\u00f3 dolog k\u00f6z\u00f6tt:<\/p>\n<ul>\n<li><em>ce livre-ci<\/em> \u2013 ez a k\u00f6nyv (itt)<\/li>\n<li><em>ce livre-l\u00e0<\/em> \u2013 az a k\u00f6nyv (ott)<\/li>\n<\/ul>\n<h3>Pronoms d\u00e9monstratifs r\u00e9szletesen<\/h3>\n<p>A demonstrat\u00edv n\u00e9vm\u00e1sok a m\u00e1r eml\u00edtett f\u0151n\u00e9v helyett \u00e1llnak, \u00e1ltal\u00e1ban mell\u00e9kmondattal vagy ut\u00f3taggal pontos\u00edtva:<\/p>\n<ul>\n<li><em>Celui de Paul est bleu.<\/em> \u2013 Paul\u00e9 k\u00e9k.<\/li>\n<li><em>Ceux que j&#8217;ai vus \u00e9taient gentils.<\/em> \u2013 Azok, akiket l\u00e1ttam, kedvesek voltak.<\/li>\n<\/ul>\n<p>A <strong>celui, celle, ceux, celles<\/strong> ut\u00e1n gyakran k\u00f6vetkezik:<\/p>\n<ul>\n<li>vonatkoz\u00f3 mell\u00e9kmondat (qui, que, dont, o\u00f9)<\/li>\n<li>de + f\u0151n\u00e9v (birtokos szerkezet)<\/li>\n<li>-ci vagy -l\u00e0 (hely vagy id\u0151 pontos\u00edt\u00e1sa)<\/li>\n<\/ul>\n<h2>Gyakori hib\u00e1k \u00e9s tipikus buktat\u00f3k<\/h2>\n<p>A francia demonstrat\u00edv szerkezetek megtanul\u00e1s\u00e1n\u00e1l fontos odafigyelni a f\u0151n\u00e9v nem\u00e9re \u00e9s sz\u00e1m\u00e1ra, valamint a mag\u00e1nhangz\u00f3val kezd\u0151d\u0151 szavakn\u00e1l a \u201ecet\u201d haszn\u00e1lat\u00e1ra.<\/p>\n<h3>Leggyakoribb hib\u00e1k:<\/h3>\n<ul>\n<li>\u201eCe\u201d haszn\u00e1lata mag\u00e1nhangz\u00f3val kezd\u0151d\u0151 h\u00edmnem\u0171 f\u0151n\u00e9v el\u0151tt (<em>ce ami<\/em> helyett <em>cet ami<\/em>)<\/li>\n<li>T\u00f6bbes sz\u00e1m helytelen egyeztet\u00e9se (<em>ces filles<\/em> helyett <em>ces fille<\/em>)<\/li>\n<li>Pronoms d\u00e9monstratifs helytelen egyeztet\u00e9se (<em>celle<\/em> helyett <em>celui<\/em> n\u0151nem\u0171 sz\u00f3 el\u0151tt)<\/li>\n<li>Helytelen ut\u00f3tagol\u00e1s (<em>celui-ci<\/em> vs. <em>celui-l\u00e0<\/em>)<\/li>\n<\/ul>\n<h2>Tippek \u00e9s m\u00f3dszerek a demonstrat\u00edv szerkezetek elsaj\u00e1t\u00edt\u00e1s\u00e1hoz<\/h2>\n<p>A pronoms et d\u00e9terminants d\u00e9monstratifs helyes haszn\u00e1lata gyakorl\u00e1st ig\u00e9nyel. \u00cdme n\u00e9h\u00e1ny tipp a hat\u00e9kony tanul\u00e1shoz:<\/p>\n<ul>\n<li>Olvass min\u00e9l t\u00f6bbet francia nyelven, \u00e9s figyeld meg, hogyan haszn\u00e1lj\u00e1k a nat\u00edv besz\u00e9l\u0151k a demonstrat\u00edv szerkezeteket!<\/li>\n<li>K\u00e9sz\u00edts saj\u00e1t p\u00e9ldamondatokat, hogy rutinszer\u0171v\u00e9 v\u00e1ljon a szerkezetek alkalmaz\u00e1sa!<\/li>\n<li>Haszn\u00e1lj online forr\u00e1sokat, p\u00e9ld\u00e1ul a Talkpal-t, ahol interakt\u00edv feladatok \u00e9s j\u00e1t\u00e9kos gyakorlatok seg\u00edtenek a tanul\u00e1sban!<\/li>\n<li>Gyakorold a -ci \u00e9s -l\u00e0 ut\u00f3tagok haszn\u00e1lat\u00e1t, hogy k\u00f6nnyen tudj k\u00fcl\u00f6nbs\u00e9get tenni hasonl\u00f3 t\u00e1rgyak k\u00f6z\u00f6tt!<\/li>\n<li>Alak\u00edts ki sz\u00f3k\u00e1rty\u00e1kat, ahol a f\u0151n\u00e9vvel egy\u00fctt megtanulod a hozz\u00e1 tartoz\u00f3 meghat\u00e1roz\u00f3t vagy n\u00e9vm\u00e1st is!<\/li>\n<\/ul>\n<h2>\u00d6sszehasonl\u00edt\u00e1s m\u00e1s nyelvekkel<\/h2>\n<p>A francia demonstrat\u00edv szerkezetek elt\u00e9rnek p\u00e9ld\u00e1ul a magyar vagy angol rendszert\u0151l. M\u00edg a magyarban \u201eez\u201d \u00e9s \u201eaz\u201d (illetve ezek, azok) a f\u0151n\u00e9v el\u0151tt vagy \u00f6n\u00e1ll\u00f3an \u00e1llhatnak, a franci\u00e1ban a f\u0151n\u00e9v neme \u00e9s sz\u00e1ma szerint kell egyeztetni, \u00e9s bizonyos esetekben speci\u00e1lis form\u00e1kat kell haszn\u00e1lni.<\/p>\n<ul>\n<li>Angolul: <em>this book \/ that book \/ these books \/ those books<\/em><\/li>\n<li>Franci\u00e1ul: <em>ce livre \/ ce livre-l\u00e0 \/ ces livres \/ ces livres-l\u00e0<\/em><\/li>\n<li>Magyarul: <em>ez a k\u00f6nyv \/ az a k\u00f6nyv \/ ezek a k\u00f6nyvek \/ azok a k\u00f6nyvek<\/em><\/li>\n<\/ul>\n<p>A francia teh\u00e1t \u00e1rnyaltabb, t\u00f6bb alakot \u00e9s pontosabb egyeztet\u00e9st ig\u00e9nyel.<\/p>\n<h2>Gyakorl\u00f3 feladatok \u00e9s p\u00e9ld\u00e1k<\/h2>\n<h3>T\u00f6ltsd ki a hi\u00e1nyz\u00f3 r\u00e9szeket!<\/h3>\n<ul>\n<li>______ \u00e9l\u00e8ve est tr\u00e8s intelligent. (fi\u00fa, egyes sz\u00e1m)<\/li>\n<li>J\u2019aime bien ______ voiture. (l\u00e1ny, egyes sz\u00e1m)<\/li>\n<li>______ pommes sont m\u00fbres. (t\u00f6bbes sz\u00e1m)<\/li>\n<li>______ que tu as vues sont jolies. (l\u00e1ny, t\u00f6bbes sz\u00e1m)<\/li>\n<li>______ de Jean est rouge. (fi\u00fa, egyes sz\u00e1m)<\/li>\n<\/ul>\n<p><b>Megold\u00e1sok:<\/b><\/p>\n<ul>\n<li>Ce \u00e9l\u00e8ve<\/li>\n<li>Cette voiture<\/li>\n<li>Ces pommes<\/li>\n<li>Celles que tu as vues<\/li>\n<li>Celui de Jean<\/li>\n<\/ul>\n<h3>Alak\u00edtsd \u00e1t a mondatokat demonstrat\u00edv n\u00e9vm\u00e1sokkal!<\/h3>\n<ul>\n<li>La robe de Marie est belle. (A Marie ruh\u00e1ja sz\u00e9p.)<\/li>\n<li>Les livres de Paul sont int\u00e9ressants. (Paul k\u00f6nyvei \u00e9rdekesek.)<\/li>\n<\/ul>\n<p><b>Megold\u00e1sok:<\/b><\/p>\n<ul>\n<li>Celle de Marie est belle.<\/li>\n<li>Ceux de Paul sont int\u00e9ressants.<\/li>\n<\/ul>\n<h2>Mi\u00e9rt \u00e9rdemes a Talkpal-t v\u00e1lasztani a tanul\u00e1shoz?<\/h2>\n<p>A Talkpal egy interakt\u00edv, felhaszn\u00e1l\u00f3bar\u00e1t online platform, amely kiv\u00e1l\u00f3 lehet\u0151s\u00e9get k\u00edn\u00e1l a francia demonstrat\u00edv szerkezetek gyakorl\u00e1s\u00e1ra. Az alkalmaz\u00e1s el\u0151nyei:<\/p>\n<ul>\n<li>Val\u00f3s \u00e9letb\u0151l vett p\u00e9ldamondatokon kereszt\u00fcl ismerkedhetsz meg a d\u00e9monstratifs haszn\u00e1lat\u00e1val.<\/li>\n<li>Szitu\u00e1ci\u00f3s gyakorlatok r\u00e9v\u00e9n fejlesztheted a besz\u00e9dk\u00e9szs\u00e9gedet \u00e9s a hall\u00e1s ut\u00e1ni meg\u00e9rt\u00e9sedet.<\/li>\n<li>Azonnali visszacsatol\u00e1s seg\u00edti a hib\u00e1k kijav\u00edt\u00e1s\u00e1t \u00e9s a gyorsabb tanul\u00e1st.<\/li>\n<li>Testreszabhat\u00f3 tanul\u00e1si \u00fatvonalat k\u00edn\u00e1l, \u00edgy a tanul\u00e1s a saj\u00e1t temp\u00f3dban t\u00f6rt\u00e9nhet.<\/li>\n<li>K\u00fcl\u00f6n modulok foglalkoznak a n\u00e9vm\u00e1sok \u00e9s meghat\u00e1roz\u00f3k vil\u00e1gos, \u00e9rthet\u0151 magyar\u00e1zat\u00e1val.<\/li>\n<\/ul>\n<h2>\u00d6sszegz\u00e9s<\/h2>\n<p>A pronoms et d\u00e9terminants d\u00e9monstratifs elsaj\u00e1t\u00edt\u00e1sa n\u00e9lk\u00fcl\u00f6zhetetlen, ha valaki magabiztosan akar franciaul kommunik\u00e1lni. Ezek a szerkezetek seg\u00edtenek pontosabban, \u00e1rnyaltabban kifejezni magad, \u00e9s k\u00f6nnyebb\u00e9 teszik a besz\u00e9dhelyzetek kezel\u00e9s\u00e9t. A cikkben bemutatott szab\u00e1lyok, p\u00e9ld\u00e1k \u00e9s gyakorlatok seg\u00edts\u00e9g\u00e9vel k\u00f6nnyebben meg\u00e9rtheted a d\u00e9monstratifs helyes haszn\u00e1lat\u00e1t. Ha szeretn\u00e9d gyorsan \u00e9s j\u00e1t\u00e9kosan fejleszteni tud\u00e1sodat, \u00e9rdemes kipr\u00f3b\u00e1lni a Talkpal alkalmaz\u00e1st, amely interakt\u00edv tanul\u00e1si \u00e9lm\u00e9nyt biztos\u00edt, \u00e9s seg\u00edt abban, hogy a francia n\u00e9vm\u00e1sok \u00e9s meghat\u00e1roz\u00f3k a mindennapi kommunik\u00e1ci\u00f3 term\u00e9szetes r\u00e9sz\u00e9v\u00e9 v\u00e1ljanak.<\/p>\n","protected":false},"featured_media":1527641,"template":"","language":[12300,12314],"class_list":["post-1078831","grammar","type-grammar","status-publish","has-post-thumbnail","hentry","language-francia","language-nevmasok-es-determinansok-francia-nyelvtan"],"acf":[],"yoast_head":"<!-- This site is optimized with the Yoast SEO Premium plugin v27.2 (Yoast SEO v27.2) - https:\/\/yoast.com\/product\/yoast-seo-premium-wordpress\/ -->\n<title>Pronoms et d\u00e9terminants d\u00e9monstratifs a francia nyelvtanban - Talkpal<\/title>\n<meta name=\"description\" content=\"A francia nyelv tanul\u00e1sa sor\u00e1n az egyik legfontosabb l\u00e9p\u00e9s a n\u00e9vm\u00e1sok \u00e9s meghat\u00e1roz\u00f3k (d\u00e9monstratifs) helyes haszn\u00e1lat\u00e1nak elsaj\u00e1t\u00edt\u00e1sa. Ezek a nyelvtani\" \/>\n<meta name=\"robots\" content=\"index, follow, max-snippet:-1, max-image-preview:large, max-video-preview:-1\" \/>\n<link rel=\"canonical\" href=\"https:\/\/talkpal.ai\/hu\/grammar\/pronoms-et-determinants-demonstratifs-a-francia-nyelvtanban\/\" \/>\n<meta property=\"og:locale\" content=\"hu_HU\" \/>\n<meta property=\"og:type\" content=\"article\" \/>\n<meta property=\"og:title\" content=\"Pronoms et d\u00e9terminants d\u00e9monstratifs a francia nyelvtanban\" \/>\n<meta property=\"og:description\" content=\"A francia nyelv tanul\u00e1sa sor\u00e1n az egyik legfontosabb l\u00e9p\u00e9s a n\u00e9vm\u00e1sok \u00e9s meghat\u00e1roz\u00f3k (d\u00e9monstratifs) helyes haszn\u00e1lat\u00e1nak elsaj\u00e1t\u00edt\u00e1sa. Ezek a nyelvtani\" \/>\n<meta property=\"og:url\" content=\"https:\/\/talkpal.ai\/hu\/grammar\/pronoms-et-determinants-demonstratifs-a-francia-nyelvtanban\/\" \/>\n<meta property=\"og:site_name\" content=\"Talkpal\" \/>\n<meta property=\"article:publisher\" content=\"https:\/\/www.facebook.com\/profile.php?id=100090733639311\" \/>\n<meta property=\"og:image\" content=\"https:\/\/talkpal.ai\/wp-content\/uploads\/2025\/02\/Progress-tab-16_9.png\" \/>\n\t<meta property=\"og:image:width\" content=\"2880\" \/>\n\t<meta property=\"og:image:height\" content=\"1620\" \/>\n\t<meta property=\"og:image:type\" content=\"image\/png\" \/>\n<meta name=\"twitter:card\" content=\"summary_large_image\" \/>\n<meta name=\"twitter:site\" content=\"@talkpalai\" \/>\n<meta name=\"twitter:label1\" content=\"Becs\u00fclt olvas\u00e1si id\u0151\" \/>\n\t<meta name=\"twitter:data1\" content=\"7 perc\" \/>\n<script type=\"application\/ld+json\" class=\"yoast-schema-graph\">{\"@context\":\"https:\/\/schema.org\",\"@graph\":[{\"@type\":\"WebPage\",\"@id\":\"https:\/\/talkpal.ai\/hu\/grammar\/pronoms-et-determinants-demonstratifs-a-francia-nyelvtanban\/\",\"url\":\"https:\/\/talkpal.ai\/hu\/grammar\/pronoms-et-determinants-demonstratifs-a-francia-nyelvtanban\/\",\"name\":\"Pronoms et d\u00e9terminants d\u00e9monstratifs a francia nyelvtanban - Talkpal\",\"isPartOf\":{\"@id\":\"https:\/\/talkpal.ai\/hu\/#website\"},\"primaryImageOfPage\":{\"@id\":\"https:\/\/talkpal.ai\/hu\/grammar\/pronoms-et-determinants-demonstratifs-a-francia-nyelvtanban\/#primaryimage\"},\"image\":{\"@id\":\"https:\/\/talkpal.ai\/hu\/grammar\/pronoms-et-determinants-demonstratifs-a-francia-nyelvtanban\/#primaryimage\"},\"thumbnailUrl\":\"https:\/\/talkpal.ai\/wp-content\/uploads\/2025\/12\/duo-converse-well-to-learn-languages.webp\",\"datePublished\":\"2025-07-01T21:58:52+00:00\",\"description\":\"A francia nyelv tanul\u00e1sa sor\u00e1n az egyik legfontosabb l\u00e9p\u00e9s a n\u00e9vm\u00e1sok \u00e9s meghat\u00e1roz\u00f3k (d\u00e9monstratifs) helyes haszn\u00e1lat\u00e1nak elsaj\u00e1t\u00edt\u00e1sa. Ezek a nyelvtani\",\"breadcrumb\":{\"@id\":\"https:\/\/talkpal.ai\/hu\/grammar\/pronoms-et-determinants-demonstratifs-a-francia-nyelvtanban\/#breadcrumb\"},\"inLanguage\":\"hu\",\"potentialAction\":[{\"@type\":\"ReadAction\",\"target\":[\"https:\/\/talkpal.ai\/hu\/grammar\/pronoms-et-determinants-demonstratifs-a-francia-nyelvtanban\/\"]}]},{\"@type\":\"ImageObject\",\"inLanguage\":\"hu\",\"@id\":\"https:\/\/talkpal.ai\/hu\/grammar\/pronoms-et-determinants-demonstratifs-a-francia-nyelvtanban\/#primaryimage\",\"url\":\"https:\/\/talkpal.ai\/wp-content\/uploads\/2025\/12\/duo-converse-well-to-learn-languages.webp\",\"contentUrl\":\"https:\/\/talkpal.ai\/wp-content\/uploads\/2025\/12\/duo-converse-well-to-learn-languages.webp\",\"width\":1200,\"height\":896,\"caption\":\"A man and woman engage in conversation while learning languages at a wooden caf\u00e9 table.\"},{\"@type\":\"BreadcrumbList\",\"@id\":\"https:\/\/talkpal.ai\/hu\/grammar\/pronoms-et-determinants-demonstratifs-a-francia-nyelvtanban\/#breadcrumb\",\"itemListElement\":[{\"@type\":\"ListItem\",\"position\":1,\"name\":\"Homepage\",\"item\":\"https:\/\/talkpal.ai\/hu\/\"},{\"@type\":\"ListItem\",\"position\":2,\"name\":\"Pronoms et d\u00e9terminants d\u00e9monstratifs a francia nyelvtanban\"}]},{\"@type\":\"WebSite\",\"@id\":\"https:\/\/talkpal.ai\/hu\/#website\",\"url\":\"https:\/\/talkpal.ai\/hu\/\",\"name\":\"Talkpal\",\"description\":\"AI Language Learning\",\"publisher\":{\"@id\":\"https:\/\/talkpal.ai\/hu\/#organization\"},\"alternateName\":\"Talkpal AI\",\"potentialAction\":[{\"@type\":\"SearchAction\",\"target\":{\"@type\":\"EntryPoint\",\"urlTemplate\":\"https:\/\/talkpal.ai\/hu\/?s={search_term_string}\"},\"query-input\":{\"@type\":\"PropertyValueSpecification\",\"valueRequired\":true,\"valueName\":\"search_term_string\"}}],\"inLanguage\":\"hu\"},{\"@type\":\"Organization\",\"@id\":\"https:\/\/talkpal.ai\/hu\/#organization\",\"name\":\"Talkpal, Inc.\",\"alternateName\":\"Talkpal AI\",\"url\":\"https:\/\/talkpal.ai\/hu\/\",\"logo\":{\"@type\":\"ImageObject\",\"inLanguage\":\"hu\",\"@id\":\"https:\/\/talkpal.ai\/hu\/#\/schema\/logo\/image\/\",\"url\":\"https:\/\/talkpal.ai\/wp-content\/uploads\/2024\/03\/Talkpal-Logo-Icon.png\",\"contentUrl\":\"https:\/\/talkpal.ai\/wp-content\/uploads\/2024\/03\/Talkpal-Logo-Icon.png\",\"width\":2880,\"height\":2880,\"caption\":\"Talkpal, Inc.\"},\"image\":{\"@id\":\"https:\/\/talkpal.ai\/hu\/#\/schema\/logo\/image\/\"},\"sameAs\":[\"https:\/\/www.facebook.com\/profile.php?id=100090733639311\",\"https:\/\/x.com\/talkpalai\",\"https:\/\/www.linkedin.com\/company\/talkpal\/\",\"https:\/\/www.youtube.com\/@TalkPal\/\",\"https:\/\/www.tiktok.com\/@talkpal\",\"https:\/\/www.instagram.com\/talkpal_ai\/\",\"https:\/\/www.crunchbase.com\/organization\/talkpal-9cde\",\"https:\/\/www.g2.com\/products\/talkpal-for-business\/\",\"https:\/\/www.trustpilot.com\/review\/talkpal.ai\",\"https:\/\/www.capterra.com\/p\/10006800\/TalkPal\/\"],\"description\":\"Talkpal is a language learning web and mobile education app, powered by the latest AI technologies, that provides engaging experiences to its customers in many different languages to help them improve their language skills. Users can chat about unlimited amount of topics with the app and use other modes to practice their language learning.\",\"email\":\"support@talkpal.ai\",\"legalName\":\"Talkpal, Inc.\",\"foundingDate\":\"2023-04-03\",\"duns\":\"118989042\",\"numberOfEmployees\":{\"@type\":\"QuantitativeValue\",\"minValue\":\"11\",\"maxValue\":\"50\"},\"publishingPrinciples\":\"https:\/\/talkpal.ai\/publishing-principles\/\",\"actionableFeedbackPolicy\":\"https:\/\/talkpal.ai\/actionable-feedback-policy\/\",\"correctionsPolicy\":\"https:\/\/talkpal.ai\/corrections-policy\/\",\"ethicsPolicy\":\"https:\/\/talkpal.ai\/ethics-policy\/\",\"diversityPolicy\":\"https:\/\/talkpal.ai\/diversity-policy\/\",\"diversityStaffingReport\":\"https:\/\/talkpal.ai\/diversity-policy\/\"}]}<\/script>\n<!-- \/ Yoast SEO Premium plugin. -->","yoast_head_json":{"title":"Pronoms et d\u00e9terminants d\u00e9monstratifs a francia nyelvtanban - Talkpal","description":"A francia nyelv tanul\u00e1sa sor\u00e1n az egyik legfontosabb l\u00e9p\u00e9s a n\u00e9vm\u00e1sok \u00e9s meghat\u00e1roz\u00f3k (d\u00e9monstratifs) helyes haszn\u00e1lat\u00e1nak elsaj\u00e1t\u00edt\u00e1sa. Ezek a nyelvtani","robots":{"index":"index","follow":"follow","max-snippet":"max-snippet:-1","max-image-preview":"max-image-preview:large","max-video-preview":"max-video-preview:-1"},"canonical":"https:\/\/talkpal.ai\/hu\/grammar\/pronoms-et-determinants-demonstratifs-a-francia-nyelvtanban\/","og_locale":"hu_HU","og_type":"article","og_title":"Pronoms et d\u00e9terminants d\u00e9monstratifs a francia nyelvtanban","og_description":"A francia nyelv tanul\u00e1sa sor\u00e1n az egyik legfontosabb l\u00e9p\u00e9s a n\u00e9vm\u00e1sok \u00e9s meghat\u00e1roz\u00f3k (d\u00e9monstratifs) helyes haszn\u00e1lat\u00e1nak elsaj\u00e1t\u00edt\u00e1sa. Ezek a nyelvtani","og_url":"https:\/\/talkpal.ai\/hu\/grammar\/pronoms-et-determinants-demonstratifs-a-francia-nyelvtanban\/","og_site_name":"Talkpal","article_publisher":"https:\/\/www.facebook.com\/profile.php?id=100090733639311","og_image":[{"width":2880,"height":1620,"url":"https:\/\/talkpal.ai\/wp-content\/uploads\/2025\/02\/Progress-tab-16_9.png","type":"image\/png"}],"twitter_card":"summary_large_image","twitter_site":"@talkpalai","twitter_misc":{"Becs\u00fclt olvas\u00e1si id\u0151":"7 perc"},"schema":{"@context":"https:\/\/schema.org","@graph":[{"@type":"WebPage","@id":"https:\/\/talkpal.ai\/hu\/grammar\/pronoms-et-determinants-demonstratifs-a-francia-nyelvtanban\/","url":"https:\/\/talkpal.ai\/hu\/grammar\/pronoms-et-determinants-demonstratifs-a-francia-nyelvtanban\/","name":"Pronoms et d\u00e9terminants d\u00e9monstratifs a francia nyelvtanban - Talkpal","isPartOf":{"@id":"https:\/\/talkpal.ai\/hu\/#website"},"primaryImageOfPage":{"@id":"https:\/\/talkpal.ai\/hu\/grammar\/pronoms-et-determinants-demonstratifs-a-francia-nyelvtanban\/#primaryimage"},"image":{"@id":"https:\/\/talkpal.ai\/hu\/grammar\/pronoms-et-determinants-demonstratifs-a-francia-nyelvtanban\/#primaryimage"},"thumbnailUrl":"https:\/\/talkpal.ai\/wp-content\/uploads\/2025\/12\/duo-converse-well-to-learn-languages.webp","datePublished":"2025-07-01T21:58:52+00:00","description":"A francia nyelv tanul\u00e1sa sor\u00e1n az egyik legfontosabb l\u00e9p\u00e9s a n\u00e9vm\u00e1sok \u00e9s meghat\u00e1roz\u00f3k (d\u00e9monstratifs) helyes haszn\u00e1lat\u00e1nak elsaj\u00e1t\u00edt\u00e1sa. Ezek a nyelvtani","breadcrumb":{"@id":"https:\/\/talkpal.ai\/hu\/grammar\/pronoms-et-determinants-demonstratifs-a-francia-nyelvtanban\/#breadcrumb"},"inLanguage":"hu","potentialAction":[{"@type":"ReadAction","target":["https:\/\/talkpal.ai\/hu\/grammar\/pronoms-et-determinants-demonstratifs-a-francia-nyelvtanban\/"]}]},{"@type":"ImageObject","inLanguage":"hu","@id":"https:\/\/talkpal.ai\/hu\/grammar\/pronoms-et-determinants-demonstratifs-a-francia-nyelvtanban\/#primaryimage","url":"https:\/\/talkpal.ai\/wp-content\/uploads\/2025\/12\/duo-converse-well-to-learn-languages.webp","contentUrl":"https:\/\/talkpal.ai\/wp-content\/uploads\/2025\/12\/duo-converse-well-to-learn-languages.webp","width":1200,"height":896,"caption":"A man and woman engage in conversation while learning languages at a wooden caf\u00e9 table."},{"@type":"BreadcrumbList","@id":"https:\/\/talkpal.ai\/hu\/grammar\/pronoms-et-determinants-demonstratifs-a-francia-nyelvtanban\/#breadcrumb","itemListElement":[{"@type":"ListItem","position":1,"name":"Homepage","item":"https:\/\/talkpal.ai\/hu\/"},{"@type":"ListItem","position":2,"name":"Pronoms et d\u00e9terminants d\u00e9monstratifs a francia nyelvtanban"}]},{"@type":"WebSite","@id":"https:\/\/talkpal.ai\/hu\/#website","url":"https:\/\/talkpal.ai\/hu\/","name":"Talkpal","description":"AI Language Learning","publisher":{"@id":"https:\/\/talkpal.ai\/hu\/#organization"},"alternateName":"Talkpal AI","potentialAction":[{"@type":"SearchAction","target":{"@type":"EntryPoint","urlTemplate":"https:\/\/talkpal.ai\/hu\/?s={search_term_string}"},"query-input":{"@type":"PropertyValueSpecification","valueRequired":true,"valueName":"search_term_string"}}],"inLanguage":"hu"},{"@type":"Organization","@id":"https:\/\/talkpal.ai\/hu\/#organization","name":"Talkpal, Inc.","alternateName":"Talkpal AI","url":"https:\/\/talkpal.ai\/hu\/","logo":{"@type":"ImageObject","inLanguage":"hu","@id":"https:\/\/talkpal.ai\/hu\/#\/schema\/logo\/image\/","url":"https:\/\/talkpal.ai\/wp-content\/uploads\/2024\/03\/Talkpal-Logo-Icon.png","contentUrl":"https:\/\/talkpal.ai\/wp-content\/uploads\/2024\/03\/Talkpal-Logo-Icon.png","width":2880,"height":2880,"caption":"Talkpal, Inc."},"image":{"@id":"https:\/\/talkpal.ai\/hu\/#\/schema\/logo\/image\/"},"sameAs":["https:\/\/www.facebook.com\/profile.php?id=100090733639311","https:\/\/x.com\/talkpalai","https:\/\/www.linkedin.com\/company\/talkpal\/","https:\/\/www.youtube.com\/@TalkPal\/","https:\/\/www.tiktok.com\/@talkpal","https:\/\/www.instagram.com\/talkpal_ai\/","https:\/\/www.crunchbase.com\/organization\/talkpal-9cde","https:\/\/www.g2.com\/products\/talkpal-for-business\/","https:\/\/www.trustpilot.com\/review\/talkpal.ai","https:\/\/www.capterra.com\/p\/10006800\/TalkPal\/"],"description":"Talkpal is a language learning web and mobile education app, powered by the latest AI technologies, that provides engaging experiences to its customers in many different languages to help them improve their language skills. Users can chat about unlimited amount of topics with the app and use other modes to practice their language learning.","email":"support@talkpal.ai","legalName":"Talkpal, Inc.","foundingDate":"2023-04-03","duns":"118989042","numberOfEmployees":{"@type":"QuantitativeValue","minValue":"11","maxValue":"50"},"publishingPrinciples":"https:\/\/talkpal.ai\/publishing-principles\/","actionableFeedbackPolicy":"https:\/\/talkpal.ai\/actionable-feedback-policy\/","correctionsPolicy":"https:\/\/talkpal.ai\/corrections-policy\/","ethicsPolicy":"https:\/\/talkpal.ai\/ethics-policy\/","diversityPolicy":"https:\/\/talkpal.ai\/diversity-policy\/","diversityStaffingReport":"https:\/\/talkpal.ai\/diversity-policy\/"}]}},"_links":{"self":[{"href":"https:\/\/talkpal.ai\/hu\/wp-json\/wp\/v2\/grammar\/1078831","targetHints":{"allow":["GET"]}}],"collection":[{"href":"https:\/\/talkpal.ai\/hu\/wp-json\/wp\/v2\/grammar"}],"about":[{"href":"https:\/\/talkpal.ai\/hu\/wp-json\/wp\/v2\/types\/grammar"}],"wp:featuredmedia":[{"embeddable":true,"href":"https:\/\/talkpal.ai\/hu\/wp-json\/wp\/v2\/media\/1527641"}],"wp:attachment":[{"href":"https:\/\/talkpal.ai\/hu\/wp-json\/wp\/v2\/media?parent=1078831"}],"wp:term":[{"taxonomy":"language","embeddable":true,"href":"https:\/\/talkpal.ai\/hu\/wp-json\/wp\/v2\/language?post=1078831"}],"curies":[{"name":"wp","href":"https:\/\/api.w.org\/{rel}","templated":true}]}}