{"id":1078830,"date":"2025-07-01T21:58:48","date_gmt":"2025-07-01T21:58:48","guid":{"rendered":"https:\/\/talkpal.ai\/grammar\/pronoms-reflexifs-a-francia-nyelvtanban\/"},"modified":"2025-07-01T21:58:48","modified_gmt":"2025-07-01T21:58:48","slug":"pronoms-reflexifs-a-francia-nyelvtanban","status":"publish","type":"grammar","link":"https:\/\/talkpal.ai\/hu\/grammar\/pronoms-reflexifs-a-francia-nyelvtanban\/","title":{"rendered":"Pronoms r\u00e9flexifs a francia nyelvtanban"},"content":{"rendered":"<p>A <a href=\"https:\/\/talkpal.ai\/hu\/tanuljon-franciaul\/\">francia nyelv<\/a> tanul\u00e1sa sor\u00e1n sz\u00e1mos olyan nyelvtani szerkezettel tal\u00e1lkozhatunk, amelyek els\u0151re bonyolultnak t\u0171nnek, de meg\u00e9rt\u00e9s\u00fck elengedhetetlen a magabiztos kommunik\u00e1ci\u00f3hoz. Ilyen fontos t\u00e9ma a <a href=\"https:\/\/talkpal.ai\/ar\/grammar_exercises\/pronoms-reflexifs-%d8%aa%d9%85%d8%a7%d8%b1%d9%8a%d9%86-%d9%84%d9%84%d9%82%d9%88%d8%a7%d8%b9%d8%af-%d8%a7%d9%84%d9%81%d8%b1%d9%86%d8%b3%d9%8a%d8%a9\/\">pronoms r\u00e9flexifs<\/a>, vagyis a visszahat\u00f3 n\u00e9vm\u00e1sok haszn\u00e1lata, amely nemcsak a mindennapi besz\u00e9dben, hanem az \u00edrott nyelvben is alapvet\u0151 szerepet t\u00f6lt be. A visszahat\u00f3 n\u00e9vm\u00e1sok helyes alkalmaz\u00e1sa elengedhetetlen a <a href=\"https:\/\/talkpal.ai\/learn-french\/\">francia<\/a> ig\u00e9k egy jelent\u0151s r\u00e9sz\u00e9n\u00e9l, \u00e9s seg\u00edt abban, hogy mondanival\u00f3nk pontosabb \u00e9s term\u00e9szetesebb legyen. A <a href=\"https:\/\/talkpal.ai\/ar\/grammar_exercises\/pronoms-reflexifs-%d8%aa%d9%85%d8%a7%d8%b1%d9%8a%d9%86-%d9%84%d9%84%d9%82%d9%88%d8%a7%d8%b9%d8%af-%d8%a7%d9%84%d9%81%d8%b1%d9%86%d8%b3%d9%8a%d8%a9\/\">Pronoms r\u00e9flexifs<\/a> elsaj\u00e1t\u00edt\u00e1s\u00e1ban a <a href=\"https:\/\/talkpal.ai\/ko\/ai-%ec%96%b8%ec%96%b4-%ea%b5%90%ec%82%ac\/\">Talkpal<\/a> is hat\u00e9kony seg\u00edt\u0151t\u00e1rs lehet, hiszen interakt\u00edv m\u00f3don gyakorolhatod vel\u00fck a francia nyelvtant. Ebben a cikkben r\u00e9szletesen bemutatjuk a pronoms r\u00e9flexifs m\u0171k\u00f6d\u00e9s\u00e9t, t\u00edpusait, helyes haszn\u00e1lat\u00e1t \u00e9s a leggyakoribb hib\u00e1kat, hogy magabiztosan alkalmazhasd \u0151ket a francia nyelvben.<\/p>\n<h2>Mi az a pronoms r\u00e9flexifs a francia nyelvtanban?<\/h2>\n<p>A pronoms r\u00e9flexifs, vagy magyarul visszahat\u00f3 n\u00e9vm\u00e1sok, olyan n\u00e9vm\u00e1sok a francia nyelvben, amelyek azt fejezik ki, hogy a cselekv\u00e9s <a href=\"https:\/\/talkpal.ai\/locations\/language-courses-in-alanya\/\">alanya<\/a> \u00e9s t\u00e1rgya ugyanaz a szem\u00e9ly. Ezek a n\u00e9vm\u00e1sok kulcsfontoss\u00e1g\u00faak a visszahat\u00f3 ig\u00e9kn\u00e9l (<a href=\"https:\/\/talkpal.ai\/ar\/grammar_exercises\/verbes-pronominaux-%d8%aa%d9%85%d8%a7%d8%b1%d9%8a%d9%86-%d9%84%d9%84%d9%82%d9%88%d8%a7%d8%b9%d8%af-%d8%a7%d9%84%d9%81%d8%b1%d9%86%d8%b3%d9%8a%d8%a9\/\">verbes pronominaux<\/a>), \u00e9s n\u00e9lk\u00fcl\u00f6zhetetlenek a helyes mondatszerkeszt\u00e9shez.<\/p>\n<h3>A visszahat\u00f3 n\u00e9vm\u00e1sok list\u00e1ja<\/h3>\n<p>A francia visszahat\u00f3 n\u00e9vm\u00e1sok az al\u00e1bbiak:<\/p>\n<ul>\n<li><strong>me (m\u2019)<\/strong> \u2013 magamat<\/li>\n<li><strong>te (t\u2019)<\/strong> \u2013 magadat<\/li>\n<li><strong>se (s\u2019)<\/strong> \u2013 mag\u00e1t<\/li>\n<li><strong>nous<\/strong> \u2013 magunkat<\/li>\n<li><strong>vous<\/strong> \u2013 magatokat \/ \u00f6nmagukat \/ mag\u00e1t (udvarias)<\/li>\n<li><strong>se (s\u2019)<\/strong> \u2013 magukat<\/li>\n<\/ul>\n<p>Ezek mindig az ige el\u0151tt \u00e1llnak, \u00e9s az alanyhoz igazodnak.<\/p>\n<h2>Hogyan m\u0171k\u00f6dik a visszahat\u00f3 n\u00e9vm\u00e1s a mondatban?<\/h2>\n<p>A visszahat\u00f3 n\u00e9vm\u00e1sokat visszahat\u00f3 ig\u00e9kkel haszn\u00e1ljuk, amikor a cselekv\u00e9st az alany saj\u00e1t mag\u00e1n v\u00e9gzi el. Ezt magyarul gyakran a \u201e-ik\u201d v\u00e9gz\u0151d\u00e9s fejezi ki (pl. mosakszik, \u00f6lt\u00f6zik).<\/p>\n<h3>Alapszerkezet<\/h3>\n<p>A visszahat\u00f3 ige szerkezete:<\/p>\n<p><strong>alany + visszahat\u00f3 n\u00e9vm\u00e1s + ragozott ige<\/strong><\/p>\n<p>P\u00e9ld\u00e1k:<\/p>\n<ul>\n<li><em>Je me lave.<\/em> \u2013 Megmosakszom.<\/li>\n<li><em>Tu te r\u00e9veilles.<\/em> \u2013 Fel\u00e9bredsz.<\/li>\n<li><em>Il se couche.<\/em> \u2013 Lefekszik.<\/li>\n<li><em>Nous nous habillons.<\/em> \u2013 Fel\u00f6lt\u00f6z\u00fcnk.<\/li>\n<li><em>Vous vous amusez.<\/em> \u2013 <a href=\"https:\/\/talkpal.ai\/talkpal-christmas-discount\/\">J\u00f3l<\/a> sz\u00f3rakoztok.<\/li>\n<li><em>Elles se d\u00e9p\u00eachent.<\/em> \u2013 Sietnek.<\/li>\n<\/ul>\n<h3>Visszahat\u00f3 ig\u00e9k jelent\u00e9se<\/h3>\n<p>Nem <a href=\"https:\/\/talkpal.ai\/locations\/language-courses-in-minden\/\">minden<\/a> visszahat\u00f3 ige jelent\u00e9se sz\u00f3 szerint \u00e9rtend\u0151. Sok ige jelent\u00e9se m\u00f3dosul vagy teljesen m\u00e1s, ha visszahat\u00f3 n\u00e9vm\u00e1ssal haszn\u00e1ljuk:<\/p>\n<ul>\n<li><em>aller<\/em> (menni) \u2013 <em>s\u2019en aller<\/em> (elmenni)<\/li>\n<li><em>appeler<\/em> (h\u00edvni) \u2013 <em>s\u2019appeler<\/em> (h\u00edvj\u00e1k, nevezik)<\/li>\n<li><em>entendre<\/em> (hallani) \u2013 <em>s\u2019entendre<\/em> (kij\u00f6nni valakivel, j\u00f3l meglenni)<\/li>\n<\/ul>\n<h2>A visszahat\u00f3 n\u00e9vm\u00e1sok helye a mondatban<\/h2>\n<h3>Kijelent\u0151 mondatban<\/h3>\n<p>A visszahat\u00f3 n\u00e9vm\u00e1s mindig k\u00f6zvetlen\u00fcl a ragozott ige el\u0151tt \u00e1ll.<\/p>\n<p>P\u00e9lda:<\/p>\n<ul>\n<li><em>Elle se lave.<\/em> \u2013 Megmosakszik.<\/li>\n<\/ul>\n<h3>Tagad\u00f3 mondatban<\/h3>\n<p>A visszahat\u00f3 n\u00e9vm\u00e1s a tagad\u00f3szavak k\u00f6z\u00e9 ker\u00fcl.<\/p>\n<p>P\u00e9lda:<\/p>\n<ul>\n<li><em>Je ne me l\u00e8ve pas.<\/em> \u2013 Nem kelek fel.<\/li>\n<\/ul>\n<h3>K\u00e9rd\u0151 mondatban<\/h3>\n<p>Ha ford\u00edtott sz\u00f3renddel (inverzi\u00f3val) k\u00e9rdezel, a visszahat\u00f3 n\u00e9vm\u00e1s az alany \u00e9s az ige k\u00f6z\u00f6tt marad:<\/p>\n<ul>\n<li><em>Se l\u00e8vent-ils t\u00f4t?<\/em> \u2013 Kor\u00e1n kelnek?<\/li>\n<\/ul>\n<p>Ha est-ce que szerkezettel k\u00e9rdezel:<\/p>\n<ul>\n<li><em>Est-ce que tu te souviens?<\/em> \u2013 Eml\u00e9kszel?<\/li>\n<\/ul>\n<h2>A visszahat\u00f3 n\u00e9vm\u00e1sok ragoz\u00e1sa k\u00fcl\u00f6nb\u00f6z\u0151 igeid\u0151kben<\/h2>\n<h3>Jelen id\u0151 (Pr\u00e9sent)<\/h3>\n<p>Mindig az ige el\u0151tt \u00e1llnak, \u00e9s az alanyhoz ragozzuk \u0151ket.<\/p>\n<h3>M\u00falt id\u0151 (Pass\u00e9 compos\u00e9)<\/h3>\n<p>A visszahat\u00f3 ig\u00e9ket mindig az <em>\u00eatre<\/em> seg\u00e9dig\u00e9vel kell ragozni a pass\u00e9 compos\u00e9 id\u0151ben!<\/p>\n<p>P\u00e9lda:<\/p>\n<ul>\n<li><em>Je me suis lev\u00e9(e).<\/em> \u2013 Felkeltem.<\/li>\n<li><em>Nous nous sommes r\u00e9veill\u00e9s.<\/em> \u2013 Fel\u00e9bredt\u00fcnk.<\/li>\n<\/ul>\n<p>Figyelj\u00fcnk a nem \u00e9s sz\u00e1m egyeztet\u00e9s\u00e9re a mell\u00e9kn\u00e9vvel, ha a visszahat\u00f3 ige t\u00e1rgyas \u00e9rtelm\u0171!<\/p>\n<h3>J\u00f6v\u0151 id\u0151 (Futur proche, Futur simple)<\/h3>\n<p>A visszahat\u00f3 n\u00e9vm\u00e1s az <em>aller<\/em> (futur proche) vagy a ragozott ige el\u00e9 ker\u00fcl:<\/p>\n<ul>\n<li><em>Je vais me coucher.<\/em> \u2013 Le fogok fek\u00fcdni.<\/li>\n<li><em>Nous nous coucherons t\u00f4t.<\/em> \u2013 Kor\u00e1n le fogunk fek\u00fcdni.<\/li>\n<\/ul>\n<h2>K\u00fcl\u00f6nbs\u00e9g a visszahat\u00f3 \u00e9s a k\u00f6lcs\u00f6n\u00f6s ig\u00e9k k\u00f6z\u00f6tt<\/h2>\n<p>A visszahat\u00f3 ig\u00e9k azt fejezik ki, hogy az alany \u00f6nmag\u00e1n hajt v\u00e9gre cselekv\u00e9st, m\u00edg a k\u00f6lcs\u00f6n\u00f6s ig\u00e9kn\u00e9l (verbes pronominaux r\u00e9ciproques) a cselekv\u00e9st a csoport tagjai egym\u00e1son hajtj\u00e1k v\u00e9gre.<\/p>\n<p>P\u00e9ld\u00e1k:<\/p>\n<ul>\n<li><em>Nous nous regardons.<\/em> \u2013 N\u00e9zz\u00fck magunkat (vagy egym\u00e1st \u2013 jelent\u00e9se a kontextust\u00f3l f\u00fcgg).<\/li>\n<li><em>Ils se parlent.<\/em> \u2013 Besz\u00e9lgetnek egym\u00e1ssal.<\/li>\n<\/ul>\n<h2>Leggyakoribb visszahat\u00f3 ig\u00e9k a francia nyelvben<\/h2>\n<p>A k\u00f6vetkez\u0151 ig\u00e9kkel nagyon gyakran tal\u00e1lkozhatunk a francia nyelvben, \u00e9s mindegyik\u00fck visszahat\u00f3 n\u00e9vm\u00e1st ig\u00e9nyel:<\/p>\n<ul>\n<li><em>se lever<\/em> \u2013 felkelni<\/li>\n<li><em>se laver<\/em> \u2013 mosakodni<\/li>\n<li><em>s\u2019habiller<\/em> \u2013 fel\u00f6lt\u00f6zni<\/li>\n<li><em>se coucher<\/em> \u2013 lefek\u00fcdni<\/li>\n<li><em>se souvenir de<\/em> \u2013 eml\u00e9kezni valamire<\/li>\n<li><em>s\u2019appeler<\/em> \u2013 h\u00edvj\u00e1k, nevezik<\/li>\n<li><em>se d\u00e9p\u00eacher<\/em> \u2013 sietni<\/li>\n<li><em>se maquiller<\/em> \u2013 sminkelni<\/li>\n<li><em>se reposer<\/em> \u2013 pihenni<\/li>\n<li><em>se promener<\/em> \u2013 s\u00e9t\u00e1lni<\/li>\n<\/ul>\n<h2>Tipikus hib\u00e1k a pronoms r\u00e9flexifs haszn\u00e1lat\u00e1ban<\/h2>\n<p>A visszahat\u00f3 n\u00e9vm\u00e1sok haszn\u00e1lat\u00e1n\u00e1l a magyar anyanyelv\u0171ek gyakran elk\u00f6vetik az al\u00e1bbi hib\u00e1kat:<\/p>\n<ul>\n<li><strong>A visszahat\u00f3 n\u00e9vm\u00e1s kihagy\u00e1sa:<\/strong> Sok magyar ige nem visszahat\u00f3, de a francia megfelel\u0151je igen. P\u00e9ld\u00e1ul: <em>\u00c9bredni<\/em> \u2013 <em>se r\u00e9veiller<\/em>.<\/li>\n<li><strong>Rossz n\u00e9vm\u00e1s haszn\u00e1lata:<\/strong> Az alanyhoz nem illeszked\u0151 n\u00e9vm\u00e1s haszn\u00e1lata f\u00e9lre\u00e9rt\u00e9seket okozhat.<\/li>\n<li><strong>Helytelen sz\u00f3rend:<\/strong> A visszahat\u00f3 n\u00e9vm\u00e1s mindig az ige el\u0151tt \u00e1ll, kiv\u00e9ve felsz\u00f3l\u00edt\u00f3 m\u00f3dban.<\/li>\n<\/ul>\n<h2>Gyakorlatok a pronoms r\u00e9flexifs elsaj\u00e1t\u00edt\u00e1s\u00e1hoz<\/h2>\n<p>A visszahat\u00f3 n\u00e9vm\u00e1sok helyes haszn\u00e1lat\u00e1t a legjobban p\u00e9ldamondatokkal \u00e9s ism\u00e9tl\u0151 gyakorl\u00e1ssal lehet elsaj\u00e1t\u00edtani. Ehhez kiv\u00e1l\u00f3 eszk\u00f6z a Talkpal, amely interakt\u00edv feladatokkal, \u00e9l\u0151 besz\u00e9lget\u00e9sekkel \u00e9s szem\u00e9lyre szabott visszacsatol\u00e1ssal seg\u00edt a tanul\u00e1sban.<\/p>\n<h3>P\u00e9ldamondatok<\/h3>\n<ul>\n<li><em>Je me brosse les dents chaque matin.<\/em> \u2013 Minden reggel megmosom a fogam.<\/li>\n<li><em>Tu te d\u00e9p\u00eaches pour aller \u00e0 l\u2019\u00e9cole.<\/em> \u2013 Sietsz, hogy iskol\u00e1ba menj.<\/li>\n<li><em>Elle s\u2019habille rapidement.<\/em> \u2013 Gyorsan fel\u00f6lt\u00f6zik.<\/li>\n<\/ul>\n<h3>\u00d6n\u00e1ll\u00f3 gyakorl\u00e1s tippek<\/h3>\n<ul>\n<li>\u00cdrj napl\u00f3t franciaul, haszn\u00e1lj min\u00e9l t\u00f6bb visszahat\u00f3 ig\u00e9t!<\/li>\n<li>K\u00e9sz\u00edts list\u00e1t a mindennapi tev\u00e9kenys\u00e9geidr\u0151l, \u00e9s ford\u00edtsd le \u0151ket francia visszahat\u00f3 ig\u00e9kkel!<\/li>\n<li>Gyakorold a visszahat\u00f3 ig\u00e9k ragoz\u00e1s\u00e1t k\u00fcl\u00f6nb\u00f6z\u0151 igeid\u0151kben!<\/li>\n<li>Haszn\u00e1lj online platformokat, mint a Talkpal, ahol val\u00f3s besz\u00e9dhelyzetekben gyakorolhatod a visszahat\u00f3 n\u00e9vm\u00e1sokat!<\/li>\n<\/ul>\n<h2>\u00d6sszefoglal\u00e1s<\/h2>\n<p>A pronoms r\u00e9flexifs, vagyis a visszahat\u00f3 n\u00e9vm\u00e1sok ismerete elengedhetetlen a francia nyelvtan alapos elsaj\u00e1t\u00edt\u00e1s\u00e1hoz. Ezek seg\u00edts\u00e9g\u00e9vel nemcsak helyesen, hanem term\u00e9szetesen is tudunk kommunik\u00e1lni, legyen sz\u00f3 mindennapi vagy hivatalos szitu\u00e1ci\u00f3kr\u00f3l. A visszahat\u00f3 n\u00e9vm\u00e1sok helyes haszn\u00e1lata a francia ig\u00e9k sz\u00e9les k\u00f6r\u00e9ben alapvet\u0151 k\u00f6vetelm\u00e9ny, ez\u00e9rt \u00e9rdemes alaposan begyakorolni \u0151ket. Ha rendszeresen ism\u00e9telsz, p\u00e9ldamondatokat \u00edrsz \u00e9s gyakorlod a mondatszerkeszt\u00e9st, r\u00f6vid id\u0151n bel\u00fcl magabiztosan fogod alkalmazni a pronoms r\u00e9flexifs szerkezeteket. A Talkpal \u00e9s hasonl\u00f3 online nyelvtanul\u00f3 platformok pedig hat\u00e9konyan t\u00e1mogatj\u00e1k a tanul\u00e1si folyamatodat, hogy gyorsan \u00e9s \u00e9lvezetesen fejl\u0151dhess a francia nyelvben.<\/p>\n","protected":false},"featured_media":1527809,"template":"","language":[12300,12314],"class_list":["post-1078830","grammar","type-grammar","status-publish","has-post-thumbnail","hentry","language-francia","language-nevmasok-es-determinansok-francia-nyelvtan"],"acf":[],"yoast_head":"<!-- This site is optimized with the Yoast SEO Premium plugin v27.2 (Yoast SEO v27.2) - https:\/\/yoast.com\/product\/yoast-seo-premium-wordpress\/ -->\n<title>Pronoms r\u00e9flexifs a francia nyelvtanban - Talkpal<\/title>\n<meta name=\"description\" content=\"A francia nyelv tanul\u00e1sa sor\u00e1n sz\u00e1mos olyan nyelvtani szerkezettel tal\u00e1lkozhatunk, amelyek els\u0151re bonyolultnak t\u0171nnek, de meg\u00e9rt\u00e9s\u00fck elengedhetetlen a\" \/>\n<meta name=\"robots\" content=\"index, follow, max-snippet:-1, max-image-preview:large, max-video-preview:-1\" \/>\n<link rel=\"canonical\" href=\"https:\/\/talkpal.ai\/hu\/grammar\/pronoms-reflexifs-a-francia-nyelvtanban\/\" \/>\n<meta property=\"og:locale\" content=\"hu_HU\" \/>\n<meta property=\"og:type\" content=\"article\" \/>\n<meta property=\"og:title\" content=\"Pronoms r\u00e9flexifs a francia nyelvtanban\" \/>\n<meta property=\"og:description\" content=\"A francia nyelv tanul\u00e1sa sor\u00e1n sz\u00e1mos olyan nyelvtani szerkezettel tal\u00e1lkozhatunk, amelyek els\u0151re bonyolultnak t\u0171nnek, de meg\u00e9rt\u00e9s\u00fck elengedhetetlen a\" \/>\n<meta property=\"og:url\" content=\"https:\/\/talkpal.ai\/hu\/grammar\/pronoms-reflexifs-a-francia-nyelvtanban\/\" \/>\n<meta property=\"og:site_name\" content=\"Talkpal\" \/>\n<meta property=\"article:publisher\" content=\"https:\/\/www.facebook.com\/profile.php?id=100090733639311\" \/>\n<meta property=\"og:image\" content=\"https:\/\/talkpal.ai\/wp-content\/uploads\/2025\/02\/Progress-tab-16_9.png\" \/>\n\t<meta property=\"og:image:width\" content=\"2880\" \/>\n\t<meta property=\"og:image:height\" content=\"1620\" \/>\n\t<meta property=\"og:image:type\" content=\"image\/png\" \/>\n<meta name=\"twitter:card\" content=\"summary_large_image\" \/>\n<meta name=\"twitter:site\" content=\"@talkpalai\" \/>\n<meta name=\"twitter:label1\" content=\"Becs\u00fclt olvas\u00e1si id\u0151\" \/>\n\t<meta name=\"twitter:data1\" content=\"6 perc\" \/>\n<script type=\"application\/ld+json\" class=\"yoast-schema-graph\">{\"@context\":\"https:\/\/schema.org\",\"@graph\":[{\"@type\":\"WebPage\",\"@id\":\"https:\/\/talkpal.ai\/hu\/grammar\/pronoms-reflexifs-a-francia-nyelvtanban\/\",\"url\":\"https:\/\/talkpal.ai\/hu\/grammar\/pronoms-reflexifs-a-francia-nyelvtanban\/\",\"name\":\"Pronoms r\u00e9flexifs a francia nyelvtanban - Talkpal\",\"isPartOf\":{\"@id\":\"https:\/\/talkpal.ai\/hu\/#website\"},\"primaryImageOfPage\":{\"@id\":\"https:\/\/talkpal.ai\/hu\/grammar\/pronoms-reflexifs-a-francia-nyelvtanban\/#primaryimage\"},\"image\":{\"@id\":\"https:\/\/talkpal.ai\/hu\/grammar\/pronoms-reflexifs-a-francia-nyelvtanban\/#primaryimage\"},\"thumbnailUrl\":\"https:\/\/talkpal.ai\/wp-content\/uploads\/2025\/12\/notebook-is-opened-learning-languages.webp\",\"datePublished\":\"2025-07-01T21:58:48+00:00\",\"description\":\"A francia nyelv tanul\u00e1sa sor\u00e1n sz\u00e1mos olyan nyelvtani szerkezettel tal\u00e1lkozhatunk, amelyek els\u0151re bonyolultnak t\u0171nnek, de meg\u00e9rt\u00e9s\u00fck elengedhetetlen a\",\"breadcrumb\":{\"@id\":\"https:\/\/talkpal.ai\/hu\/grammar\/pronoms-reflexifs-a-francia-nyelvtanban\/#breadcrumb\"},\"inLanguage\":\"hu\",\"potentialAction\":[{\"@type\":\"ReadAction\",\"target\":[\"https:\/\/talkpal.ai\/hu\/grammar\/pronoms-reflexifs-a-francia-nyelvtanban\/\"]}]},{\"@type\":\"ImageObject\",\"inLanguage\":\"hu\",\"@id\":\"https:\/\/talkpal.ai\/hu\/grammar\/pronoms-reflexifs-a-francia-nyelvtanban\/#primaryimage\",\"url\":\"https:\/\/talkpal.ai\/wp-content\/uploads\/2025\/12\/notebook-is-opened-learning-languages.webp\",\"contentUrl\":\"https:\/\/talkpal.ai\/wp-content\/uploads\/2025\/12\/notebook-is-opened-learning-languages.webp\",\"width\":1200,\"height\":896,\"caption\":\"Students sit at desks with laptops and stacks of books while learning languages in a busy office environment.\"},{\"@type\":\"BreadcrumbList\",\"@id\":\"https:\/\/talkpal.ai\/hu\/grammar\/pronoms-reflexifs-a-francia-nyelvtanban\/#breadcrumb\",\"itemListElement\":[{\"@type\":\"ListItem\",\"position\":1,\"name\":\"Homepage\",\"item\":\"https:\/\/talkpal.ai\/hu\/\"},{\"@type\":\"ListItem\",\"position\":2,\"name\":\"Pronoms r\u00e9flexifs a francia nyelvtanban\"}]},{\"@type\":\"WebSite\",\"@id\":\"https:\/\/talkpal.ai\/hu\/#website\",\"url\":\"https:\/\/talkpal.ai\/hu\/\",\"name\":\"Talkpal\",\"description\":\"AI Language Learning\",\"publisher\":{\"@id\":\"https:\/\/talkpal.ai\/hu\/#organization\"},\"alternateName\":\"Talkpal AI\",\"potentialAction\":[{\"@type\":\"SearchAction\",\"target\":{\"@type\":\"EntryPoint\",\"urlTemplate\":\"https:\/\/talkpal.ai\/hu\/?s={search_term_string}\"},\"query-input\":{\"@type\":\"PropertyValueSpecification\",\"valueRequired\":true,\"valueName\":\"search_term_string\"}}],\"inLanguage\":\"hu\"},{\"@type\":\"Organization\",\"@id\":\"https:\/\/talkpal.ai\/hu\/#organization\",\"name\":\"Talkpal, Inc.\",\"alternateName\":\"Talkpal AI\",\"url\":\"https:\/\/talkpal.ai\/hu\/\",\"logo\":{\"@type\":\"ImageObject\",\"inLanguage\":\"hu\",\"@id\":\"https:\/\/talkpal.ai\/hu\/#\/schema\/logo\/image\/\",\"url\":\"https:\/\/talkpal.ai\/wp-content\/uploads\/2024\/03\/Talkpal-Logo-Icon.png\",\"contentUrl\":\"https:\/\/talkpal.ai\/wp-content\/uploads\/2024\/03\/Talkpal-Logo-Icon.png\",\"width\":2880,\"height\":2880,\"caption\":\"Talkpal, Inc.\"},\"image\":{\"@id\":\"https:\/\/talkpal.ai\/hu\/#\/schema\/logo\/image\/\"},\"sameAs\":[\"https:\/\/www.facebook.com\/profile.php?id=100090733639311\",\"https:\/\/x.com\/talkpalai\",\"https:\/\/www.linkedin.com\/company\/talkpal\/\",\"https:\/\/www.youtube.com\/@TalkPal\/\",\"https:\/\/www.tiktok.com\/@talkpal\",\"https:\/\/www.instagram.com\/talkpal_ai\/\",\"https:\/\/www.crunchbase.com\/organization\/talkpal-9cde\",\"https:\/\/www.g2.com\/products\/talkpal-for-business\/\",\"https:\/\/www.trustpilot.com\/review\/talkpal.ai\",\"https:\/\/www.capterra.com\/p\/10006800\/TalkPal\/\"],\"description\":\"Talkpal is a language learning web and mobile education app, powered by the latest AI technologies, that provides engaging experiences to its customers in many different languages to help them improve their language skills. Users can chat about unlimited amount of topics with the app and use other modes to practice their language learning.\",\"email\":\"support@talkpal.ai\",\"legalName\":\"Talkpal, Inc.\",\"foundingDate\":\"2023-04-03\",\"duns\":\"118989042\",\"numberOfEmployees\":{\"@type\":\"QuantitativeValue\",\"minValue\":\"11\",\"maxValue\":\"50\"},\"publishingPrinciples\":\"https:\/\/talkpal.ai\/publishing-principles\/\",\"actionableFeedbackPolicy\":\"https:\/\/talkpal.ai\/actionable-feedback-policy\/\",\"correctionsPolicy\":\"https:\/\/talkpal.ai\/corrections-policy\/\",\"ethicsPolicy\":\"https:\/\/talkpal.ai\/ethics-policy\/\",\"diversityPolicy\":\"https:\/\/talkpal.ai\/diversity-policy\/\",\"diversityStaffingReport\":\"https:\/\/talkpal.ai\/diversity-policy\/\"}]}<\/script>\n<!-- \/ Yoast SEO Premium plugin. -->","yoast_head_json":{"title":"Pronoms r\u00e9flexifs a francia nyelvtanban - Talkpal","description":"A francia nyelv tanul\u00e1sa sor\u00e1n sz\u00e1mos olyan nyelvtani szerkezettel tal\u00e1lkozhatunk, amelyek els\u0151re bonyolultnak t\u0171nnek, de meg\u00e9rt\u00e9s\u00fck elengedhetetlen a","robots":{"index":"index","follow":"follow","max-snippet":"max-snippet:-1","max-image-preview":"max-image-preview:large","max-video-preview":"max-video-preview:-1"},"canonical":"https:\/\/talkpal.ai\/hu\/grammar\/pronoms-reflexifs-a-francia-nyelvtanban\/","og_locale":"hu_HU","og_type":"article","og_title":"Pronoms r\u00e9flexifs a francia nyelvtanban","og_description":"A francia nyelv tanul\u00e1sa sor\u00e1n sz\u00e1mos olyan nyelvtani szerkezettel tal\u00e1lkozhatunk, amelyek els\u0151re bonyolultnak t\u0171nnek, de meg\u00e9rt\u00e9s\u00fck elengedhetetlen a","og_url":"https:\/\/talkpal.ai\/hu\/grammar\/pronoms-reflexifs-a-francia-nyelvtanban\/","og_site_name":"Talkpal","article_publisher":"https:\/\/www.facebook.com\/profile.php?id=100090733639311","og_image":[{"width":2880,"height":1620,"url":"https:\/\/talkpal.ai\/wp-content\/uploads\/2025\/02\/Progress-tab-16_9.png","type":"image\/png"}],"twitter_card":"summary_large_image","twitter_site":"@talkpalai","twitter_misc":{"Becs\u00fclt olvas\u00e1si id\u0151":"6 perc"},"schema":{"@context":"https:\/\/schema.org","@graph":[{"@type":"WebPage","@id":"https:\/\/talkpal.ai\/hu\/grammar\/pronoms-reflexifs-a-francia-nyelvtanban\/","url":"https:\/\/talkpal.ai\/hu\/grammar\/pronoms-reflexifs-a-francia-nyelvtanban\/","name":"Pronoms r\u00e9flexifs a francia nyelvtanban - Talkpal","isPartOf":{"@id":"https:\/\/talkpal.ai\/hu\/#website"},"primaryImageOfPage":{"@id":"https:\/\/talkpal.ai\/hu\/grammar\/pronoms-reflexifs-a-francia-nyelvtanban\/#primaryimage"},"image":{"@id":"https:\/\/talkpal.ai\/hu\/grammar\/pronoms-reflexifs-a-francia-nyelvtanban\/#primaryimage"},"thumbnailUrl":"https:\/\/talkpal.ai\/wp-content\/uploads\/2025\/12\/notebook-is-opened-learning-languages.webp","datePublished":"2025-07-01T21:58:48+00:00","description":"A francia nyelv tanul\u00e1sa sor\u00e1n sz\u00e1mos olyan nyelvtani szerkezettel tal\u00e1lkozhatunk, amelyek els\u0151re bonyolultnak t\u0171nnek, de meg\u00e9rt\u00e9s\u00fck elengedhetetlen a","breadcrumb":{"@id":"https:\/\/talkpal.ai\/hu\/grammar\/pronoms-reflexifs-a-francia-nyelvtanban\/#breadcrumb"},"inLanguage":"hu","potentialAction":[{"@type":"ReadAction","target":["https:\/\/talkpal.ai\/hu\/grammar\/pronoms-reflexifs-a-francia-nyelvtanban\/"]}]},{"@type":"ImageObject","inLanguage":"hu","@id":"https:\/\/talkpal.ai\/hu\/grammar\/pronoms-reflexifs-a-francia-nyelvtanban\/#primaryimage","url":"https:\/\/talkpal.ai\/wp-content\/uploads\/2025\/12\/notebook-is-opened-learning-languages.webp","contentUrl":"https:\/\/talkpal.ai\/wp-content\/uploads\/2025\/12\/notebook-is-opened-learning-languages.webp","width":1200,"height":896,"caption":"Students sit at desks with laptops and stacks of books while learning languages in a busy office environment."},{"@type":"BreadcrumbList","@id":"https:\/\/talkpal.ai\/hu\/grammar\/pronoms-reflexifs-a-francia-nyelvtanban\/#breadcrumb","itemListElement":[{"@type":"ListItem","position":1,"name":"Homepage","item":"https:\/\/talkpal.ai\/hu\/"},{"@type":"ListItem","position":2,"name":"Pronoms r\u00e9flexifs a francia nyelvtanban"}]},{"@type":"WebSite","@id":"https:\/\/talkpal.ai\/hu\/#website","url":"https:\/\/talkpal.ai\/hu\/","name":"Talkpal","description":"AI Language Learning","publisher":{"@id":"https:\/\/talkpal.ai\/hu\/#organization"},"alternateName":"Talkpal AI","potentialAction":[{"@type":"SearchAction","target":{"@type":"EntryPoint","urlTemplate":"https:\/\/talkpal.ai\/hu\/?s={search_term_string}"},"query-input":{"@type":"PropertyValueSpecification","valueRequired":true,"valueName":"search_term_string"}}],"inLanguage":"hu"},{"@type":"Organization","@id":"https:\/\/talkpal.ai\/hu\/#organization","name":"Talkpal, Inc.","alternateName":"Talkpal AI","url":"https:\/\/talkpal.ai\/hu\/","logo":{"@type":"ImageObject","inLanguage":"hu","@id":"https:\/\/talkpal.ai\/hu\/#\/schema\/logo\/image\/","url":"https:\/\/talkpal.ai\/wp-content\/uploads\/2024\/03\/Talkpal-Logo-Icon.png","contentUrl":"https:\/\/talkpal.ai\/wp-content\/uploads\/2024\/03\/Talkpal-Logo-Icon.png","width":2880,"height":2880,"caption":"Talkpal, Inc."},"image":{"@id":"https:\/\/talkpal.ai\/hu\/#\/schema\/logo\/image\/"},"sameAs":["https:\/\/www.facebook.com\/profile.php?id=100090733639311","https:\/\/x.com\/talkpalai","https:\/\/www.linkedin.com\/company\/talkpal\/","https:\/\/www.youtube.com\/@TalkPal\/","https:\/\/www.tiktok.com\/@talkpal","https:\/\/www.instagram.com\/talkpal_ai\/","https:\/\/www.crunchbase.com\/organization\/talkpal-9cde","https:\/\/www.g2.com\/products\/talkpal-for-business\/","https:\/\/www.trustpilot.com\/review\/talkpal.ai","https:\/\/www.capterra.com\/p\/10006800\/TalkPal\/"],"description":"Talkpal is a language learning web and mobile education app, powered by the latest AI technologies, that provides engaging experiences to its customers in many different languages to help them improve their language skills. Users can chat about unlimited amount of topics with the app and use other modes to practice their language learning.","email":"support@talkpal.ai","legalName":"Talkpal, Inc.","foundingDate":"2023-04-03","duns":"118989042","numberOfEmployees":{"@type":"QuantitativeValue","minValue":"11","maxValue":"50"},"publishingPrinciples":"https:\/\/talkpal.ai\/publishing-principles\/","actionableFeedbackPolicy":"https:\/\/talkpal.ai\/actionable-feedback-policy\/","correctionsPolicy":"https:\/\/talkpal.ai\/corrections-policy\/","ethicsPolicy":"https:\/\/talkpal.ai\/ethics-policy\/","diversityPolicy":"https:\/\/talkpal.ai\/diversity-policy\/","diversityStaffingReport":"https:\/\/talkpal.ai\/diversity-policy\/"}]}},"_links":{"self":[{"href":"https:\/\/talkpal.ai\/hu\/wp-json\/wp\/v2\/grammar\/1078830","targetHints":{"allow":["GET"]}}],"collection":[{"href":"https:\/\/talkpal.ai\/hu\/wp-json\/wp\/v2\/grammar"}],"about":[{"href":"https:\/\/talkpal.ai\/hu\/wp-json\/wp\/v2\/types\/grammar"}],"wp:featuredmedia":[{"embeddable":true,"href":"https:\/\/talkpal.ai\/hu\/wp-json\/wp\/v2\/media\/1527809"}],"wp:attachment":[{"href":"https:\/\/talkpal.ai\/hu\/wp-json\/wp\/v2\/media?parent=1078830"}],"wp:term":[{"taxonomy":"language","embeddable":true,"href":"https:\/\/talkpal.ai\/hu\/wp-json\/wp\/v2\/language?post=1078830"}],"curies":[{"name":"wp","href":"https:\/\/api.w.org\/{rel}","templated":true}]}}