{"id":1078828,"date":"2025-07-01T21:58:41","date_gmt":"2025-07-01T21:58:41","guid":{"rendered":"https:\/\/talkpal.ai\/grammar\/pronoms-szemelyzet-francia-nyelvtan\/"},"modified":"2025-07-01T21:58:41","modified_gmt":"2025-07-01T21:58:41","slug":"pronoms-szemelyzet-francia-nyelvtan","status":"publish","type":"grammar","link":"https:\/\/talkpal.ai\/hu\/grammar\/pronoms-szemelyzet-francia-nyelvtan\/","title":{"rendered":"Pronoms szem\u00e9lyzet francia nyelvtan"},"content":{"rendered":"<p>A <a href=\"https:\/\/talkpal.ai\/hu\/grammar\/passe-egyszeru-a-francia-nyelvtanban\/\">francia nyelvtan<\/a> elsaj\u00e1t\u00edt\u00e1sa sor\u00e1n az egyik legfontosabb t\u00e9mak\u00f6r a szem\u00e9lyes n\u00e9vm\u00e1sok, vagyis a &#8222;pronoms personnels&#8221; meg\u00e9rt\u00e9se. Ezek a nyelvtani elemek alapvet\u0151 szerepet j\u00e1tszanak a mindennapi kommunik\u00e1ci\u00f3ban, az igealakokhoz val\u00f3 igaz\u00edt\u00e1sban \u00e9s a mondatok szerkezet\u00e9nek kialak\u00edt\u00e1s\u00e1ban. A helyes haszn\u00e1latuk n\u00e9lk\u00fcl\u00f6zhetetlen a foly\u00e9kony, term\u00e9szetes <a href=\"https:\/\/talkpal.ai\/learn-french\/\">francia<\/a> besz\u00e9dhez. A megfelel\u0151 tanul\u00e1si m\u00f3dszer kiv\u00e1laszt\u00e1sa kulcsfontoss\u00e1g\u00fa, \u00e9s a <a href=\"https:\/\/talkpal.ai\/ko\/ai-%ec%96%b8%ec%96%b4-%ea%b5%90%ec%82%ac\/\">Talkpal<\/a> egy kiv\u00e1l\u00f3 lehet\u0151s\u00e9g arra, hogy a Pronoms szem\u00e9lyzet francia nyelvtan\u00e1t k\u00f6nnyed\u00e9n \u00e9s interakt\u00edvan saj\u00e1t\u00edtsd el. Ebben a cikkben r\u00e9szletesen bemutatjuk a francia szem\u00e9lyes n\u00e9vm\u00e1sok t\u00edpusait, haszn\u00e1latukat, helyes alkalmaz\u00e1sukat, valamint a leggyakoribb hib\u00e1kat \u00e9s azok elker\u00fcl\u00e9s\u00e9nek m\u00f3djait.<\/p>\n<h2>Mi az a Pronoms Szem\u00e9lyzet a Francia Nyelvtanban?<\/h2>\n<p>A &#8222;pronoms personnels&#8221;, vagyis a szem\u00e9lyes n\u00e9vm\u00e1sok a francia nyelvben olyan szavak, amelyek helyettes\u00edtik a f\u0151neveket, \u00e9s utalnak a besz\u00e9l\u0151re, a megsz\u00f3l\u00edtottra vagy valaki m\u00e1sra. Ezek a n\u00e9vm\u00e1sok n\u00e9lk\u00fcl\u00f6zhetetlenek a mondatok r\u00f6vid\u00edt\u00e9s\u00e9hez, a sz\u00f3ism\u00e9tl\u00e9s elker\u00fcl\u00e9s\u00e9hez, illetve a g\u00f6rd\u00fcl\u00e9keny besz\u00e9dhez.<\/p>\n<h3>A szem\u00e9lyes n\u00e9vm\u00e1sok f\u0151 t\u00edpusai<\/h3>\n<p>A francia szem\u00e9lyes n\u00e9vm\u00e1sok t\u00f6bbf\u00e9le csoportba sorolhat\u00f3k, att\u00f3l f\u00fcgg\u0151en, hogy milyen mondatr\u00e9sz szerep\u00e9t t\u00f6ltik be:<\/p>\n<ul>\n<li><strong>Alanyeset\u0171 szem\u00e9lyes n\u00e9vm\u00e1sok (pronoms personnels sujets):<\/strong> Az ige alany\u00e1t helyettes\u00edtik.<\/li>\n<li><strong>T\u00e1rgyeset\u0171 szem\u00e9lyes n\u00e9vm\u00e1sok (pronoms personnels compl\u00e9ments d&#8217;objet direct):<\/strong> A cselekv\u00e9s k\u00f6zvetlen t\u00e1rgy\u00e1t jel\u00f6lik.<\/li>\n<li><strong>R\u00e9szes eset\u0171 szem\u00e9lyes n\u00e9vm\u00e1sok (pronoms personnels compl\u00e9ments d&#8217;objet indirect):<\/strong> A cselekv\u00e9s k\u00f6zvetett t\u00e1rgy\u00e1t jel\u00f6lik.<\/li>\n<li><strong>Hangz\u00f3\u00fctk\u00f6z\u00e9st megel\u0151z\u0151 v\u00e1ltozatok (\u00e9lision):<\/strong> Speci\u00e1lis esetek, amikor a mag\u00e1nhangz\u00f3val kezd\u0151d\u0151 szavak el\u0151tt a n\u00e9vm\u00e1s alakja r\u00f6vid\u00fcl.<\/li>\n<li><strong>Visszahat\u00f3 n\u00e9vm\u00e1sok (pronoms r\u00e9fl\u00e9chis):<\/strong> Visszahat\u00f3 ig\u00e9kn\u00e9l a cselekv\u0151 \u00f6nmag\u00e1ra utal.<\/li>\n<li><strong>Hangs\u00falyos szem\u00e9lyes n\u00e9vm\u00e1sok (pronoms toniques):<\/strong> Kiemel\u00e9sre, hangs\u00falyoz\u00e1sra haszn\u00e1ljuk \u0151ket.<\/li>\n<\/ul>\n<h2>Alanyeset\u0171 Szem\u00e9lyes N\u00e9vm\u00e1sok<\/h2>\n<p>Az alanyeset\u0171 n\u00e9vm\u00e1sok a legegyszer\u0171bbek, \u00e9s <a href=\"https:\/\/talkpal.ai\/locations\/language-courses-in-minden\/\">minden<\/a> francia mondatn\u00e1l sz\u00fcks\u00e9gesek, hiszen a francia igealakok mindig megk\u00f6vetelik az alany kifejez\u00e9s\u00e9t.<\/p>\n<table>\n<thead>\n<tr>\n<th>Magyarul<\/th>\n<th>Franci\u00e1ul<\/th>\n<th>Kiejt\u00e9s<\/th>\n<\/tr>\n<\/thead>\n<tbody>\n<tr>\n<td>\u00c9n<\/td>\n<td>je<\/td>\n<td>[\u0292\u0259]<\/td>\n<\/tr>\n<tr>\n<td>Te<\/td>\n<td>tu<\/td>\n<td>[ty]<\/td>\n<\/tr>\n<tr>\n<td>\u0150 (f\u00e9rfi)<\/td>\n<td>il<\/td>\n<td>[il]<\/td>\n<\/tr>\n<tr>\n<td>\u0150 (n\u0151)<\/td>\n<td>elle<\/td>\n<td>[\u025bl]<\/td>\n<\/tr>\n<tr>\n<td>Mi<\/td>\n<td>nous<\/td>\n<td>[nu]<\/td>\n<\/tr>\n<tr>\n<td>Ti<\/td>\n<td>vous<\/td>\n<td>[vu]<\/td>\n<\/tr>\n<tr>\n<td>\u0150k (f\u00e9rfiak vagy vegyes csoport)<\/td>\n<td>ils<\/td>\n<td>[il]<\/td>\n<\/tr>\n<tr>\n<td>\u0150k (n\u0151k)<\/td>\n<td>elles<\/td>\n<td>[\u025bl]<\/td>\n<\/tr>\n<\/tbody>\n<\/table>\n<h3>K\u00fcl\u00f6nleges eset: Hangz\u00f3\u00fctk\u00f6z\u00e9s<\/h3>\n<ul>\n<li>Az <b>je<\/b> n\u00e9vm\u00e1sb\u00f3l <b>j&#8217;<\/b> lesz, ha mag\u00e1nhangz\u00f3val vagy n\u00e9ma h-val kezd\u0151d\u0151 sz\u00f3 k\u00f6veti: pl. <i>J&#8217;aime<\/i> (Szeretem).<\/li>\n<\/ul>\n<h2>T\u00e1rgyeset\u0171 \u00e9s R\u00e9szes Eset\u0171 Szem\u00e9lyes N\u00e9vm\u00e1sok<\/h2>\n<p>A francia nyelvben a t\u00e1rgyeset\u0171 \u00e9s r\u00e9szes eset\u0171 n\u00e9vm\u00e1sok az ig\u00e9k el\u0151tt helyezkednek el, \u00e9s a cselekv\u00e9s t\u00e1rgy\u00e1t, illetve a r\u00e9szest (akinek\/aminek t\u00f6rt\u00e9nik valami) jel\u00f6lik.<\/p>\n<h3>T\u00e1rgyeset\u0171 n\u00e9vm\u00e1sok (Compl\u00e9ment d&#8217;objet direct)<\/h3>\n<ul>\n<li>me (engem)<\/li>\n<li>te (t\u00e9ged)<\/li>\n<li>le (\u0151t, h\u00edmnem)<\/li>\n<li>la (\u0151t, n\u0151nem)<\/li>\n<li>nous (minket)<\/li>\n<li>vous (titeket\/\u00d6nt\/\u00d6n\u00f6ket)<\/li>\n<li>les (\u0151ket)<\/li>\n<\/ul>\n<h3>R\u00e9szes eset\u0171 n\u00e9vm\u00e1sok (Compl\u00e9ment d&#8217;objet indirect)<\/h3>\n<ul>\n<li>me (nekem)<\/li>\n<li>te (neked)<\/li>\n<li>lui (neki, h\u00edm- \u00e9s n\u0151nem)<\/li>\n<li>nous (nek\u00fcnk)<\/li>\n<li>vous (nektek\/\u00d6nnek\/\u00d6n\u00f6knek)<\/li>\n<li>leur (nekik)<\/li>\n<\/ul>\n<h3>Haszn\u00e1lat p\u00e9ld\u00e1kkal<\/h3>\n<ul>\n<li><i>Je le vois.<\/i> (L\u00e1tom \u0151t.) \u2013 itt a &#8222;le&#8221; a k\u00f6zvetlen t\u00e1rgy.<\/li>\n<li><i>Je lui parle.<\/i> (Besz\u00e9lek neki.) \u2013 itt a &#8222;lui&#8221; a k\u00f6zvetett t\u00e1rgy.<\/li>\n<\/ul>\n<h2>Visszahat\u00f3 Szem\u00e9lyes N\u00e9vm\u00e1sok (Pronoms R\u00e9fl\u00e9chis)<\/h2>\n<p>A visszahat\u00f3 ig\u00e9khez (<a href=\"https:\/\/talkpal.ai\/ar\/grammar_exercises\/verbes-pronominaux-%d8%aa%d9%85%d8%a7%d8%b1%d9%8a%d9%86-%d9%84%d9%84%d9%82%d9%88%d8%a7%d8%b9%d8%af-%d8%a7%d9%84%d9%81%d8%b1%d9%86%d8%b3%d9%8a%d8%a9\/\">verbes pronominaux<\/a>) kapcsol\u00f3d\u00f3 n\u00e9vm\u00e1sok a cselekv\u0151re utalnak vissza:<\/p>\n<ul>\n<li>me (magamat)<\/li>\n<li>te (magadat)<\/li>\n<li>se (mag\u00e1t)<\/li>\n<li>nous (magunkat)<\/li>\n<li>vous (magatokat\/\u00d6nmag\u00e1t\/\u00d6nmagukat)<\/li>\n<li>se (magukat)<\/li>\n<\/ul>\n<p>P\u00e9ld\u00e1ul: <i>Je me lave.<\/i> (Megmosakszom.)<\/p>\n<h2>Hangs\u00falyos Szem\u00e9lyes N\u00e9vm\u00e1sok (Pronoms Toniques)<\/h2>\n<p>Ezek a n\u00e9vm\u00e1sok a k\u00f6vetkez\u0151k:<\/p>\n<ul>\n<li>moi (\u00e9n)<\/li>\n<li>toi (te)<\/li>\n<li>lui (\u0151, h\u00edmnem)<\/li>\n<li>elle (\u0151, n\u0151nem)<\/li>\n<li>nous (mi)<\/li>\n<li>vous (ti\/\u00f6n\/\u00f6n\u00f6k)<\/li>\n<li>eux (\u0151k, h\u00edmnem)<\/li>\n<li>elles (\u0151k, n\u0151nem)<\/li>\n<\/ul>\n<p>Haszn\u00e1latuk:<\/p>\n<ul>\n<li>Kiemel\u00e9s: <i>C&#8217;est moi !<\/i> (Ez \u00e9n vagyok!)<\/li>\n<li>El\u00f6lj\u00e1r\u00f3szavak ut\u00e1n: <i>avec toi<\/i> (veled)<\/li>\n<li>Felsorol\u00e1sban: <i>Toi et moi<\/i> (Te \u00e9s \u00e9n)<\/li>\n<\/ul>\n<h2>A Szem\u00e9lyes N\u00e9vm\u00e1sok Sorrendje a Mondatban<\/h2>\n<p>A francia mondatszerkeszt\u00e9s egyik legnagyobb kih\u00edv\u00e1sa a n\u00e9vm\u00e1sok helyes sorrendje, k\u00fcl\u00f6n\u00f6sen akkor, ha t\u00f6bb n\u00e9vm\u00e1st is haszn\u00e1lunk egy mondatban.<\/p>\n<h3>A n\u00e9vm\u00e1sok sorrendje:<\/h3>\n<ul>\n<li>me, te, se, nous, vous<\/li>\n<li>le, la, les<\/li>\n<li>lui, leur<\/li>\n<li>y<\/li>\n<li>en<\/li>\n<\/ul>\n<p>P\u00e9ld\u00e1k:<\/p>\n<ul>\n<li><i>Je le lui donne.<\/i> (Odaadom neki azt.)<\/li>\n<li><i>Il me la pr\u00eate.<\/i> (K\u00f6lcs\u00f6nadja nekem azt.)<\/li>\n<\/ul>\n<h2>Gyakori Hib\u00e1k a Pronoms Szem\u00e9lyzet Francia Nyelvtanban<\/h2>\n<p>A szem\u00e9lyes n\u00e9vm\u00e1sok helytelen haszn\u00e1lata gyakori hiba a francia nyelvtanul\u00f3k k\u00f6r\u00e9ben. \u00cdme n\u00e9h\u00e1ny tipikus eset \u00e9s megold\u00e1suk:<\/p>\n<ul>\n<li><strong>Alany elhagy\u00e1sa:<\/strong> Franciaul mindig ki kell mondani az alanyt, m\u00e9g akkor is, ha az igealakb\u00f3l egy\u00e9rtelm\u0171 lenne.<\/li>\n<li><strong>T\u00e9ves n\u00e9vm\u00e1sv\u00e1laszt\u00e1s:<\/strong> K\u00f6zvetlen \u00e9s k\u00f6zvetett t\u00e1rgyak \u00f6sszekever\u00e9se. Mindig ellen\u0151rizd, hogy az ige mit k\u00edv\u00e1n meg!<\/li>\n<li><strong>Hangs\u00falyos n\u00e9vm\u00e1sok helytelen haszn\u00e1lata:<\/strong> Ezeket csak speci\u00e1lis helyzetekben szabad haszn\u00e1lni.<\/li>\n<li><strong>Rossz sorrend:<\/strong> Ha t\u00f6bb n\u00e9vm\u00e1st haszn\u00e1lsz, \u00fcgyelj a helyes sorrendre!<\/li>\n<\/ul>\n<h2>Tippek a Pronoms Szem\u00e9lyzet Hat\u00e9kony Tanul\u00e1s\u00e1hoz<\/h2>\n<ul>\n<li>Gyakorolj rendszeresen, haszn\u00e1lj online feladatokat, p\u00e9ld\u00e1ul a Talkpal platformj\u00e1t!<\/li>\n<li>K\u00e9sz\u00edts saj\u00e1t p\u00e9ldamondatokat, \u00e9s pr\u00f3b\u00e1ld meg vari\u00e1lni a n\u00e9vm\u00e1sokat k\u00fcl\u00f6nb\u00f6z\u0151 igeid\u0151kkel.<\/li>\n<li>Olvass francia sz\u00f6vegeket, k\u00fcl\u00f6n\u00f6sen p\u00e1rbesz\u00e9deket, hogy l\u00e1sd, hogyan haszn\u00e1lj\u00e1k a n\u00e9vm\u00e1sokat a gyakorlatban.<\/li>\n<li>Besz\u00e9lgess anyanyelvi besz\u00e9l\u0151kkel, vagy haszn\u00e1ld a Talkpal besz\u00e9lget\u0151robotj\u00e1t, hogy \u00e9l\u0151ben gyakorolhass!<\/li>\n<\/ul>\n<h2>\u00d6sszegz\u00e9s<\/h2>\n<p>A francia szem\u00e9lyes n\u00e9vm\u00e1sok \u2013 vagyis a <a href=\"https:\/\/talkpal.ai\/hi\/grammar_exercises\/pronoms-personnels-%e0%a4%ab%e0%a5%8d%e0%a4%b0%e0%a4%be%e0%a4%82%e0%a4%b8%e0%a5%80%e0%a4%b8%e0%a5%80-%e0%a4%b5%e0%a5%8d%e0%a4%af%e0%a4%be%e0%a4%95%e0%a4%b0%e0%a4%a3-%e0%a4%95%e0%a5%87-%e0%a4%b2\/\">pronoms personnels<\/a> \u2013 a nyelvtanul\u00e1s egyik alapk\u00f6v\u00e9t jelentik, hiszen n\u00e9lk\u00fcl\u00fck a mondatok szerkeszt\u00e9se \u00e9s a term\u00e9szetes kommunik\u00e1ci\u00f3 lehetetlen lenne. Az alanyeset\u0171, t\u00e1rgyeset\u0171, r\u00e9szes \u00e9s hangs\u00falyos n\u00e9vm\u00e1sok helyes alkalmaz\u00e1sa elengedhetetlen a sikeres francia nyelvtanul\u00e1shoz. A legfontosabb tan\u00e1cs: gyakorolj rendszeresen, \u00e9s ha teheted, v\u00e1lassz olyan innovat\u00edv platformot, mint a Talkpal, ahol interakt\u00edv m\u00f3don saj\u00e1t\u00edthatod el a Pronoms szem\u00e9lyzet francia nyelvtant, \u00e9s biztos alapokat szerezhetsz a magabiztos, g\u00f6rd\u00fcl\u00e9keny besz\u00e9dhez.<\/p>\n","protected":false},"featured_media":1527773,"template":"","language":[12300,12314],"class_list":["post-1078828","grammar","type-grammar","status-publish","has-post-thumbnail","hentry","language-francia","language-nevmasok-es-determinansok-francia-nyelvtan"],"acf":[],"yoast_head":"<!-- This site is optimized with the Yoast SEO Premium plugin v27.2 (Yoast SEO v27.2) - https:\/\/yoast.com\/product\/yoast-seo-premium-wordpress\/ -->\n<title>Pronoms szem\u00e9lyzet francia nyelvtan - Talkpal<\/title>\n<meta name=\"description\" content=\"A francia nyelvtan elsaj\u00e1t\u00edt\u00e1sa sor\u00e1n az egyik legfontosabb t\u00e9mak\u00f6r a szem\u00e9lyes n\u00e9vm\u00e1sok, vagyis a &quot;pronoms personnels&quot; meg\u00e9rt\u00e9se. Ezek a nyelvtani elemek\" \/>\n<meta name=\"robots\" content=\"index, follow, max-snippet:-1, max-image-preview:large, max-video-preview:-1\" \/>\n<link rel=\"canonical\" href=\"https:\/\/talkpal.ai\/hu\/grammar\/pronoms-szemelyzet-francia-nyelvtan\/\" \/>\n<meta property=\"og:locale\" content=\"hu_HU\" \/>\n<meta property=\"og:type\" content=\"article\" \/>\n<meta property=\"og:title\" content=\"Pronoms szem\u00e9lyzet francia nyelvtan\" \/>\n<meta property=\"og:description\" content=\"A francia nyelvtan elsaj\u00e1t\u00edt\u00e1sa sor\u00e1n az egyik legfontosabb t\u00e9mak\u00f6r a szem\u00e9lyes n\u00e9vm\u00e1sok, vagyis a &quot;pronoms personnels&quot; meg\u00e9rt\u00e9se. Ezek a nyelvtani elemek\" \/>\n<meta property=\"og:url\" content=\"https:\/\/talkpal.ai\/hu\/grammar\/pronoms-szemelyzet-francia-nyelvtan\/\" \/>\n<meta property=\"og:site_name\" content=\"Talkpal\" \/>\n<meta property=\"article:publisher\" content=\"https:\/\/www.facebook.com\/profile.php?id=100090733639311\" \/>\n<meta property=\"og:image\" content=\"https:\/\/talkpal.ai\/wp-content\/uploads\/2025\/02\/Progress-tab-16_9.png\" \/>\n\t<meta property=\"og:image:width\" content=\"2880\" \/>\n\t<meta property=\"og:image:height\" content=\"1620\" \/>\n\t<meta property=\"og:image:type\" content=\"image\/png\" \/>\n<meta name=\"twitter:card\" content=\"summary_large_image\" \/>\n<meta name=\"twitter:site\" content=\"@talkpalai\" \/>\n<meta name=\"twitter:label1\" content=\"Becs\u00fclt olvas\u00e1si id\u0151\" \/>\n\t<meta name=\"twitter:data1\" content=\"6 perc\" \/>\n<script type=\"application\/ld+json\" class=\"yoast-schema-graph\">{\"@context\":\"https:\/\/schema.org\",\"@graph\":[{\"@type\":\"WebPage\",\"@id\":\"https:\/\/talkpal.ai\/hu\/grammar\/pronoms-szemelyzet-francia-nyelvtan\/\",\"url\":\"https:\/\/talkpal.ai\/hu\/grammar\/pronoms-szemelyzet-francia-nyelvtan\/\",\"name\":\"Pronoms szem\u00e9lyzet francia nyelvtan - Talkpal\",\"isPartOf\":{\"@id\":\"https:\/\/talkpal.ai\/hu\/#website\"},\"primaryImageOfPage\":{\"@id\":\"https:\/\/talkpal.ai\/hu\/grammar\/pronoms-szemelyzet-francia-nyelvtan\/#primaryimage\"},\"image\":{\"@id\":\"https:\/\/talkpal.ai\/hu\/grammar\/pronoms-szemelyzet-francia-nyelvtan\/#primaryimage\"},\"thumbnailUrl\":\"https:\/\/talkpal.ai\/wp-content\/uploads\/2025\/12\/man-is-using-laptop-learning-languages.webp\",\"datePublished\":\"2025-07-01T21:58:41+00:00\",\"description\":\"A francia nyelvtan elsaj\u00e1t\u00edt\u00e1sa sor\u00e1n az egyik legfontosabb t\u00e9mak\u00f6r a szem\u00e9lyes n\u00e9vm\u00e1sok, vagyis a \\\"pronoms personnels\\\" meg\u00e9rt\u00e9se. Ezek a nyelvtani elemek\",\"breadcrumb\":{\"@id\":\"https:\/\/talkpal.ai\/hu\/grammar\/pronoms-szemelyzet-francia-nyelvtan\/#breadcrumb\"},\"inLanguage\":\"hu\",\"potentialAction\":[{\"@type\":\"ReadAction\",\"target\":[\"https:\/\/talkpal.ai\/hu\/grammar\/pronoms-szemelyzet-francia-nyelvtan\/\"]}]},{\"@type\":\"ImageObject\",\"inLanguage\":\"hu\",\"@id\":\"https:\/\/talkpal.ai\/hu\/grammar\/pronoms-szemelyzet-francia-nyelvtan\/#primaryimage\",\"url\":\"https:\/\/talkpal.ai\/wp-content\/uploads\/2025\/12\/man-is-using-laptop-learning-languages.webp\",\"contentUrl\":\"https:\/\/talkpal.ai\/wp-content\/uploads\/2025\/12\/man-is-using-laptop-learning-languages.webp\",\"width\":1200,\"height\":896,\"caption\":\"A man works at a desk to learn languages with various browser windows open on his laptop.\"},{\"@type\":\"BreadcrumbList\",\"@id\":\"https:\/\/talkpal.ai\/hu\/grammar\/pronoms-szemelyzet-francia-nyelvtan\/#breadcrumb\",\"itemListElement\":[{\"@type\":\"ListItem\",\"position\":1,\"name\":\"Homepage\",\"item\":\"https:\/\/talkpal.ai\/hu\/\"},{\"@type\":\"ListItem\",\"position\":2,\"name\":\"Pronoms szem\u00e9lyzet francia nyelvtan\"}]},{\"@type\":\"WebSite\",\"@id\":\"https:\/\/talkpal.ai\/hu\/#website\",\"url\":\"https:\/\/talkpal.ai\/hu\/\",\"name\":\"Talkpal\",\"description\":\"AI Language Learning\",\"publisher\":{\"@id\":\"https:\/\/talkpal.ai\/hu\/#organization\"},\"alternateName\":\"Talkpal AI\",\"potentialAction\":[{\"@type\":\"SearchAction\",\"target\":{\"@type\":\"EntryPoint\",\"urlTemplate\":\"https:\/\/talkpal.ai\/hu\/?s={search_term_string}\"},\"query-input\":{\"@type\":\"PropertyValueSpecification\",\"valueRequired\":true,\"valueName\":\"search_term_string\"}}],\"inLanguage\":\"hu\"},{\"@type\":\"Organization\",\"@id\":\"https:\/\/talkpal.ai\/hu\/#organization\",\"name\":\"Talkpal, Inc.\",\"alternateName\":\"Talkpal AI\",\"url\":\"https:\/\/talkpal.ai\/hu\/\",\"logo\":{\"@type\":\"ImageObject\",\"inLanguage\":\"hu\",\"@id\":\"https:\/\/talkpal.ai\/hu\/#\/schema\/logo\/image\/\",\"url\":\"https:\/\/talkpal.ai\/wp-content\/uploads\/2024\/03\/Talkpal-Logo-Icon.png\",\"contentUrl\":\"https:\/\/talkpal.ai\/wp-content\/uploads\/2024\/03\/Talkpal-Logo-Icon.png\",\"width\":2880,\"height\":2880,\"caption\":\"Talkpal, Inc.\"},\"image\":{\"@id\":\"https:\/\/talkpal.ai\/hu\/#\/schema\/logo\/image\/\"},\"sameAs\":[\"https:\/\/www.facebook.com\/profile.php?id=100090733639311\",\"https:\/\/x.com\/talkpalai\",\"https:\/\/www.linkedin.com\/company\/talkpal\/\",\"https:\/\/www.youtube.com\/@TalkPal\/\",\"https:\/\/www.tiktok.com\/@talkpal\",\"https:\/\/www.instagram.com\/talkpal_ai\/\",\"https:\/\/www.crunchbase.com\/organization\/talkpal-9cde\",\"https:\/\/www.g2.com\/products\/talkpal-for-business\/\",\"https:\/\/www.trustpilot.com\/review\/talkpal.ai\",\"https:\/\/www.capterra.com\/p\/10006800\/TalkPal\/\"],\"description\":\"Talkpal is a language learning web and mobile education app, powered by the latest AI technologies, that provides engaging experiences to its customers in many different languages to help them improve their language skills. Users can chat about unlimited amount of topics with the app and use other modes to practice their language learning.\",\"email\":\"support@talkpal.ai\",\"legalName\":\"Talkpal, Inc.\",\"foundingDate\":\"2023-04-03\",\"duns\":\"118989042\",\"numberOfEmployees\":{\"@type\":\"QuantitativeValue\",\"minValue\":\"11\",\"maxValue\":\"50\"},\"publishingPrinciples\":\"https:\/\/talkpal.ai\/publishing-principles\/\",\"actionableFeedbackPolicy\":\"https:\/\/talkpal.ai\/actionable-feedback-policy\/\",\"correctionsPolicy\":\"https:\/\/talkpal.ai\/corrections-policy\/\",\"ethicsPolicy\":\"https:\/\/talkpal.ai\/ethics-policy\/\",\"diversityPolicy\":\"https:\/\/talkpal.ai\/diversity-policy\/\",\"diversityStaffingReport\":\"https:\/\/talkpal.ai\/diversity-policy\/\"}]}<\/script>\n<!-- \/ Yoast SEO Premium plugin. -->","yoast_head_json":{"title":"Pronoms szem\u00e9lyzet francia nyelvtan - Talkpal","description":"A francia nyelvtan elsaj\u00e1t\u00edt\u00e1sa sor\u00e1n az egyik legfontosabb t\u00e9mak\u00f6r a szem\u00e9lyes n\u00e9vm\u00e1sok, vagyis a \"pronoms personnels\" meg\u00e9rt\u00e9se. Ezek a nyelvtani elemek","robots":{"index":"index","follow":"follow","max-snippet":"max-snippet:-1","max-image-preview":"max-image-preview:large","max-video-preview":"max-video-preview:-1"},"canonical":"https:\/\/talkpal.ai\/hu\/grammar\/pronoms-szemelyzet-francia-nyelvtan\/","og_locale":"hu_HU","og_type":"article","og_title":"Pronoms szem\u00e9lyzet francia nyelvtan","og_description":"A francia nyelvtan elsaj\u00e1t\u00edt\u00e1sa sor\u00e1n az egyik legfontosabb t\u00e9mak\u00f6r a szem\u00e9lyes n\u00e9vm\u00e1sok, vagyis a \"pronoms personnels\" meg\u00e9rt\u00e9se. Ezek a nyelvtani elemek","og_url":"https:\/\/talkpal.ai\/hu\/grammar\/pronoms-szemelyzet-francia-nyelvtan\/","og_site_name":"Talkpal","article_publisher":"https:\/\/www.facebook.com\/profile.php?id=100090733639311","og_image":[{"width":2880,"height":1620,"url":"https:\/\/talkpal.ai\/wp-content\/uploads\/2025\/02\/Progress-tab-16_9.png","type":"image\/png"}],"twitter_card":"summary_large_image","twitter_site":"@talkpalai","twitter_misc":{"Becs\u00fclt olvas\u00e1si id\u0151":"6 perc"},"schema":{"@context":"https:\/\/schema.org","@graph":[{"@type":"WebPage","@id":"https:\/\/talkpal.ai\/hu\/grammar\/pronoms-szemelyzet-francia-nyelvtan\/","url":"https:\/\/talkpal.ai\/hu\/grammar\/pronoms-szemelyzet-francia-nyelvtan\/","name":"Pronoms szem\u00e9lyzet francia nyelvtan - Talkpal","isPartOf":{"@id":"https:\/\/talkpal.ai\/hu\/#website"},"primaryImageOfPage":{"@id":"https:\/\/talkpal.ai\/hu\/grammar\/pronoms-szemelyzet-francia-nyelvtan\/#primaryimage"},"image":{"@id":"https:\/\/talkpal.ai\/hu\/grammar\/pronoms-szemelyzet-francia-nyelvtan\/#primaryimage"},"thumbnailUrl":"https:\/\/talkpal.ai\/wp-content\/uploads\/2025\/12\/man-is-using-laptop-learning-languages.webp","datePublished":"2025-07-01T21:58:41+00:00","description":"A francia nyelvtan elsaj\u00e1t\u00edt\u00e1sa sor\u00e1n az egyik legfontosabb t\u00e9mak\u00f6r a szem\u00e9lyes n\u00e9vm\u00e1sok, vagyis a \"pronoms personnels\" meg\u00e9rt\u00e9se. Ezek a nyelvtani elemek","breadcrumb":{"@id":"https:\/\/talkpal.ai\/hu\/grammar\/pronoms-szemelyzet-francia-nyelvtan\/#breadcrumb"},"inLanguage":"hu","potentialAction":[{"@type":"ReadAction","target":["https:\/\/talkpal.ai\/hu\/grammar\/pronoms-szemelyzet-francia-nyelvtan\/"]}]},{"@type":"ImageObject","inLanguage":"hu","@id":"https:\/\/talkpal.ai\/hu\/grammar\/pronoms-szemelyzet-francia-nyelvtan\/#primaryimage","url":"https:\/\/talkpal.ai\/wp-content\/uploads\/2025\/12\/man-is-using-laptop-learning-languages.webp","contentUrl":"https:\/\/talkpal.ai\/wp-content\/uploads\/2025\/12\/man-is-using-laptop-learning-languages.webp","width":1200,"height":896,"caption":"A man works at a desk to learn languages with various browser windows open on his laptop."},{"@type":"BreadcrumbList","@id":"https:\/\/talkpal.ai\/hu\/grammar\/pronoms-szemelyzet-francia-nyelvtan\/#breadcrumb","itemListElement":[{"@type":"ListItem","position":1,"name":"Homepage","item":"https:\/\/talkpal.ai\/hu\/"},{"@type":"ListItem","position":2,"name":"Pronoms szem\u00e9lyzet francia nyelvtan"}]},{"@type":"WebSite","@id":"https:\/\/talkpal.ai\/hu\/#website","url":"https:\/\/talkpal.ai\/hu\/","name":"Talkpal","description":"AI Language Learning","publisher":{"@id":"https:\/\/talkpal.ai\/hu\/#organization"},"alternateName":"Talkpal AI","potentialAction":[{"@type":"SearchAction","target":{"@type":"EntryPoint","urlTemplate":"https:\/\/talkpal.ai\/hu\/?s={search_term_string}"},"query-input":{"@type":"PropertyValueSpecification","valueRequired":true,"valueName":"search_term_string"}}],"inLanguage":"hu"},{"@type":"Organization","@id":"https:\/\/talkpal.ai\/hu\/#organization","name":"Talkpal, Inc.","alternateName":"Talkpal AI","url":"https:\/\/talkpal.ai\/hu\/","logo":{"@type":"ImageObject","inLanguage":"hu","@id":"https:\/\/talkpal.ai\/hu\/#\/schema\/logo\/image\/","url":"https:\/\/talkpal.ai\/wp-content\/uploads\/2024\/03\/Talkpal-Logo-Icon.png","contentUrl":"https:\/\/talkpal.ai\/wp-content\/uploads\/2024\/03\/Talkpal-Logo-Icon.png","width":2880,"height":2880,"caption":"Talkpal, Inc."},"image":{"@id":"https:\/\/talkpal.ai\/hu\/#\/schema\/logo\/image\/"},"sameAs":["https:\/\/www.facebook.com\/profile.php?id=100090733639311","https:\/\/x.com\/talkpalai","https:\/\/www.linkedin.com\/company\/talkpal\/","https:\/\/www.youtube.com\/@TalkPal\/","https:\/\/www.tiktok.com\/@talkpal","https:\/\/www.instagram.com\/talkpal_ai\/","https:\/\/www.crunchbase.com\/organization\/talkpal-9cde","https:\/\/www.g2.com\/products\/talkpal-for-business\/","https:\/\/www.trustpilot.com\/review\/talkpal.ai","https:\/\/www.capterra.com\/p\/10006800\/TalkPal\/"],"description":"Talkpal is a language learning web and mobile education app, powered by the latest AI technologies, that provides engaging experiences to its customers in many different languages to help them improve their language skills. Users can chat about unlimited amount of topics with the app and use other modes to practice their language learning.","email":"support@talkpal.ai","legalName":"Talkpal, Inc.","foundingDate":"2023-04-03","duns":"118989042","numberOfEmployees":{"@type":"QuantitativeValue","minValue":"11","maxValue":"50"},"publishingPrinciples":"https:\/\/talkpal.ai\/publishing-principles\/","actionableFeedbackPolicy":"https:\/\/talkpal.ai\/actionable-feedback-policy\/","correctionsPolicy":"https:\/\/talkpal.ai\/corrections-policy\/","ethicsPolicy":"https:\/\/talkpal.ai\/ethics-policy\/","diversityPolicy":"https:\/\/talkpal.ai\/diversity-policy\/","diversityStaffingReport":"https:\/\/talkpal.ai\/diversity-policy\/"}]}},"_links":{"self":[{"href":"https:\/\/talkpal.ai\/hu\/wp-json\/wp\/v2\/grammar\/1078828","targetHints":{"allow":["GET"]}}],"collection":[{"href":"https:\/\/talkpal.ai\/hu\/wp-json\/wp\/v2\/grammar"}],"about":[{"href":"https:\/\/talkpal.ai\/hu\/wp-json\/wp\/v2\/types\/grammar"}],"wp:featuredmedia":[{"embeddable":true,"href":"https:\/\/talkpal.ai\/hu\/wp-json\/wp\/v2\/media\/1527773"}],"wp:attachment":[{"href":"https:\/\/talkpal.ai\/hu\/wp-json\/wp\/v2\/media?parent=1078828"}],"wp:term":[{"taxonomy":"language","embeddable":true,"href":"https:\/\/talkpal.ai\/hu\/wp-json\/wp\/v2\/language?post=1078828"}],"curies":[{"name":"wp","href":"https:\/\/api.w.org\/{rel}","templated":true}]}}