{"id":1078822,"date":"2025-07-01T21:58:07","date_gmt":"2025-07-01T21:58:07","guid":{"rendered":"https:\/\/talkpal.ai\/grammar\/imperatif-a-francia-nyelvtanban\/"},"modified":"2025-07-01T21:58:07","modified_gmt":"2025-07-01T21:58:07","slug":"imperatif-a-francia-nyelvtanban","status":"publish","type":"grammar","link":"https:\/\/talkpal.ai\/hu\/grammar\/imperatif-a-francia-nyelvtanban\/","title":{"rendered":"Imp\u00e9ratif a francia nyelvtanban"},"content":{"rendered":"<p>A <a href=\"https:\/\/talkpal.ai\/hu\/grammar\/passe-egyszeru-a-francia-nyelvtanban\/\">francia nyelvtan<\/a> egyik alapvet\u0151 \u00e9s gyakran haszn\u00e1lt szerkezete az <a href=\"https:\/\/talkpal.ai\/ko\/grammar_exercises\/imperatif-%ed%94%84%eb%9e%91%ec%8a%a4-%eb%ac%b8%eb%b2%95-%ec%9a%b4%eb%8f%99\/\">imp\u00e9ratif<\/a>, vagyis a felsz\u00f3l\u00edt\u00f3 m\u00f3d. Ez a nyelvtani szerkezet elengedhetetlen a mindennapi kommunik\u00e1ci\u00f3hoz, hiszen felsz\u00f3l\u00edt\u00e1sok, k\u00e9r\u00e9sek, utas\u00edt\u00e1sok \u00e9s tan\u00e1csok ad\u00e1s\u00e1ra haszn\u00e1ljuk. Az imp\u00e9ratif helyes haszn\u00e1lata seg\u00edti a magabiztos nyelvhaszn\u00e1latot, legyen sz\u00f3 ak\u00e1r bar\u00e1ti besz\u00e9lget\u00e9sr\u0151l, ak\u00e1r hivatalos kommunik\u00e1ci\u00f3r\u00f3l. Az al\u00e1bbi cikk \u00e1tfog\u00f3 \u00fatmutat\u00f3t ny\u00fajt az imp\u00e9ratif a <a href=\"https:\/\/talkpal.ai\/learn-french\/\">francia<\/a> nyelvtanban val\u00f3 alkalmaz\u00e1s\u00e1hoz: bemutatja a szab\u00e1lyokat, kiv\u00e9teleket, helyes\u00edr\u00e1st, valamint tippeket is ad a gyakorl\u00e1shoz. Ha szeretn\u00e9d gyorsan \u00e9s hat\u00e9konyan elsaj\u00e1t\u00edtani az imp\u00e9ratif haszn\u00e1lat\u00e1t, a <a href=\"https:\/\/talkpal.ai\/ko\/ai-%ec%96%b8%ec%96%b4-%ea%b5%90%ec%82%ac\/\">Talkpal<\/a> kiv\u00e1l\u00f3 eszk\u00f6z lehet ehhez, hiszen interakt\u00edv gyakorl\u00e1si lehet\u0151s\u00e9geket k\u00edn\u00e1l <a href=\"https:\/\/talkpal.ai\/locations\/language-courses-in-minden\/\">minden<\/a> szint\u0171 francia tanul\u00f3nak.<\/p>\n<h2>Mi az az imp\u00e9ratif a francia nyelvtanban?<\/h2>\n<p>Az imp\u00e9ratif egy igei m\u00f3d, amelyet arra haszn\u00e1lunk, hogy k\u00f6zvetlen\u00fcl felsz\u00f3l\u00edtsunk, utas\u00edtsunk vagy tan\u00e1csot adjunk valakinek. Az angolban ez nagyj\u00e1b\u00f3l az &#8222;imperative&#8221; mood-nak felel meg. Franciaul a felsz\u00f3l\u00edt\u00f3 m\u00f3d h\u00e1rom igei szem\u00e9lyben fordulhat el\u0151:<\/p>\n<ul>\n<li>2. szem\u00e9ly egyes sz\u00e1m (tegez\u0151 \u2013 tu)<\/li>\n<li>1. szem\u00e9ly t\u00f6bbes sz\u00e1m (mi \u2013 nous)<\/li>\n<li>2. szem\u00e9ly t\u00f6bbes sz\u00e1m vagy udvarias (ti\/\u00d6n \u2013 vous)<\/li>\n<\/ul>\n<p>Az imp\u00e9ratif a francia mindennapi nyelvhaszn\u00e1lat egyik legfontosabb szerkezete, hiszen gyakran adunk vagy kapunk utas\u00edt\u00e1sokat, tan\u00e1csokat, felsz\u00f3l\u00edt\u00e1sokat. Az imp\u00e9ratif ismerete teh\u00e1t elengedhetetlen a foly\u00e9kony \u00e9s term\u00e9szetes kommunik\u00e1ci\u00f3hoz.<\/p>\n<h2>Az imp\u00e9ratif k\u00e9pz\u00e9se: szab\u00e1lyok \u00e9s kiv\u00e9telek<\/h2>\n<h3>Az -er v\u00e9g\u0171 ig\u00e9k imp\u00e9ratif alakjai<\/h3>\n<p>Az -er v\u00e9g\u0171 ig\u00e9k, mint p\u00e9ld\u00e1ul a <em>parler<\/em> (besz\u00e9lni), a felsz\u00f3l\u00edt\u00f3 m\u00f3dban speci\u00e1lis alakokat vesznek fel:<\/p>\n<ul>\n<li><strong>Tu:<\/strong> Parle ! (Besz\u00e9lj!)<\/li>\n<li><strong>Nous:<\/strong> Parlons ! (Besz\u00e9lj\u00fcnk!)<\/li>\n<li><strong>Vous:<\/strong> Parlez ! (Besz\u00e9ljetek! \/ Besz\u00e9ljen!)<\/li>\n<\/ul>\n<p><strong>Fontos!<\/strong> A <em>tu<\/em> alakban az -er v\u00e9g\u0171 ig\u00e9kn\u00e9l elmarad az &#8222;-s&#8221; v\u00e9gz\u0151d\u00e9s: <strong>parle<\/strong> (nem *parles).<\/p>\n<h3>M\u00e1s igecsoportok \u00e9s szab\u00e1lyos ig\u00e9k imp\u00e9ratif alakjai<\/h3>\n<p>A -ir, -re \u00e9s vegyes v\u00e9g\u0171 ig\u00e9k imp\u00e9ratif alakjai megegyeznek az egyszer\u0171 jelen id\u0151 (<em>pr\u00e9sent de l\u2019indicatif<\/em>) megfelel\u0151 alakjaival, kiv\u00e9ve, hogy az alanyt sosem \u00edrjuk ki.<\/p>\n<p>P\u00e9ld\u00e1k:<\/p>\n<ul>\n<li><em>Finir<\/em> (befejezni): Finis ! Finissons ! Finissez !<\/li>\n<li><em>Vendre<\/em> (eladni): Vends ! Vendons ! Vendez !<\/li>\n<\/ul>\n<h3>Rendhagy\u00f3 ig\u00e9k az imp\u00e9ratifban<\/h3>\n<p>N\u00e9h\u00e1ny gyakran haszn\u00e1lt ige rendhagy\u00f3 alakot vesz fel felsz\u00f3l\u00edt\u00f3 m\u00f3dban. Ezek k\u00f6z\u00fcl a legfontosabbak:<\/p>\n<ul>\n<li><strong>\u00catre<\/strong> (lenni): Sois ! Soyons ! Soyez !<\/li>\n<li><strong>Avoir<\/strong> (birtokolni): Aie ! Ayons ! Ayez !<\/li>\n<li><strong>Savoir<\/strong> (tudni): Sache ! Sachons ! Sachez !<\/li>\n<li><strong>Vouloir<\/strong> (akarni, udvarias felsz\u00f3l\u00edt\u00e1s): Veuille ! Veuillons ! Veuillez !<\/li>\n<li><strong>Aller<\/strong> (menni): Va ! Allons ! Allez !<\/li>\n<\/ul>\n<h3>Reflex\u00edv ig\u00e9k felsz\u00f3l\u00edt\u00f3 m\u00f3dban<\/h3>\n<p>A visszahat\u00f3 ig\u00e9k (<em>verbes pronominaux<\/em>) imp\u00e9ratif alakjaiban a visszahat\u00f3 n\u00e9vm\u00e1s a ige ut\u00e1n \u00e1ll, k\u00f6t\u0151jellel kapcsol\u00f3dva hozz\u00e1:<\/p>\n<ul>\n<li>L\u00e8ve-toi ! (Kelj fel!)<\/li>\n<li>Reposons-nous ! (Pihenj\u00fcnk!)<\/li>\n<li>D\u00e9p\u00eachez-vous ! (Siessetek! \/ Siessen!)<\/li>\n<\/ul>\n<p><strong>Kiv\u00e9tel:<\/strong> Tagad\u00f3 felsz\u00f3l\u00edt\u00e1sn\u00e1l a visszahat\u00f3 n\u00e9vm\u00e1s megel\u0151zi az ig\u00e9t, \u00e9s nem k\u00f6t\u0151jellel kapcsol\u00f3dik: <br \/>\nNe te l\u00e8ve pas ! (Ne kelj fel!)<\/p>\n<h2>Az imp\u00e9ratif helyes\u00edr\u00e1sa \u00e9s helyes haszn\u00e1lata<\/h2>\n<h3>Helyes\u00edr\u00e1si saj\u00e1toss\u00e1gok<\/h3>\n<ul>\n<li><strong>Elhagyott &#8222;s&#8221; tu alakban:<\/strong> Az -er v\u00e9g\u0171 ig\u00e9k \u00e9s n\u00e9h\u00e1ny hasonl\u00f3 ige eset\u00e9n a <em>tu<\/em> alakb\u00f3l elmarad az &#8222;-s&#8221;, kiv\u00e9ve, ha mag\u00e1nhangz\u00f3val vagy n\u00e9ma h-val kezd\u0151d\u0151 sz\u00f3t k\u00f6vet, ilyenkor k\u00f6t\u0151hangz\u00f3k\u00e9nt visszat\u00e9r: <br \/>\n    <em>Va !<\/em> (Menj!), de <em>Vas-y !<\/em> (Menj oda!)<\/li>\n<li><strong>K\u00f6t\u0151jelek:<\/strong> Az imp\u00e9ratifban a szem\u00e9lyes n\u00e9vm\u00e1sok (pl. &#8222;moi&#8221;, &#8222;nous&#8221;, &#8222;vous&#8221;) k\u00f6t\u0151jellel kapcsol\u00f3dnak az ig\u00e9hez: <br \/>\n    <em>Donne-moi \u00e7a !<\/em> (Add ide ezt!)<\/li>\n<li><strong>Tagad\u00f3 alak:<\/strong> A tagad\u00f3 imp\u00e9ratif szerkezete: <em>ne<\/em> + n\u00e9vm\u00e1s + ige + <em>pas<\/em>: <br \/>\n    <em>Ne parle pas !<\/em> (Ne besz\u00e9lj!)<\/li>\n<\/ul>\n<h3>Az imp\u00e9ratif haszn\u00e1lat\u00e1nak f\u0151bb esetei<\/h3>\n<p>Az imp\u00e9ratifot a k\u00f6vetkez\u0151 helyzetekben haszn\u00e1ljuk leggyakrabban:<\/p>\n<ul>\n<li><strong>Utas\u00edt\u00e1sok:<\/strong> <em>Fermez la porte !<\/em> (Csukj\u00e1tok be az ajt\u00f3t!)<\/li>\n<li><strong>K\u00e9r\u00e9sek:<\/strong> <em>Aide-moi, s\u2019il te pla\u00eet.<\/em> (Seg\u00edts nekem, k\u00e9rlek!)<\/li>\n<li><strong>Tan\u00e1csad\u00e1s:<\/strong> <em>Prends soin de toi !<\/em> (Vigy\u00e1zz magadra!)<\/li>\n<li><strong>Felh\u00edv\u00e1sok, buzd\u00edt\u00e1s:<\/strong> <em>Allons-y !<\/em> (Induljunk!)<\/li>\n<li><strong>Figyelmeztet\u00e9s:<\/strong> <em>Attention !<\/em> (Vigy\u00e1zz!)<\/li>\n<\/ul>\n<h2>Tipikus hib\u00e1k \u00e9s gyakori probl\u00e9m\u00e1k az imp\u00e9ratif haszn\u00e1latakor<\/h2>\n<h3>Gyakori hib\u00e1k<\/h3>\n<ul>\n<li><strong>Az &#8222;s&#8221; elhagy\u00e1s\u00e1nak figyelmen k\u00edv\u00fcl hagy\u00e1sa:<\/strong> Sok tanul\u00f3 elfelejti, hogy a tu alakban, az -er v\u00e9g\u0171 ig\u00e9kn\u00e9l el kell hagyni az &#8222;-s&#8221;-t, kiv\u00e9ve, ha ut\u00e1na &#8222;en&#8221; vagy &#8222;y&#8221; k\u00f6vetkezik.<\/li>\n<li><strong>Rendhagy\u00f3 ig\u00e9k helytelen haszn\u00e1lata:<\/strong> Az \u00eatre, avoir, savoir, vouloir imp\u00e9ratif alakjai gyakran keverednek.<\/li>\n<li><strong>A n\u00e9vm\u00e1sok hib\u00e1s poz\u00edci\u00f3ja:<\/strong> Tagad\u00f3 mondatokban a n\u00e9vm\u00e1snak az ige el\u0151tt kell \u00e1llnia.<\/li>\n<li><strong>Udvariass\u00e1g hi\u00e1nya:<\/strong> A francia nyelvben az udvarias felsz\u00f3l\u00edt\u00e1s gyakran a &#8222;vous&#8221; alakot haszn\u00e1lja, m\u00e9g egyes sz\u00e1m\u00fa c\u00edmzett eset\u00e9n is.<\/li>\n<\/ul>\n<h3>Hogyan ker\u00fclj\u00fck el a hib\u00e1kat?<\/h3>\n<ul>\n<li>Tanuljuk meg a leggyakoribb rendhagy\u00f3 ig\u00e9k imp\u00e9ratif alakjait k\u00fcl\u00f6n!<\/li>\n<li>Gyakoroljuk a n\u00e9vm\u00e1sok helyes\u00edr\u00e1s\u00e1t k\u00f6t\u0151jellel \u00e9s tagad\u00f3 szerkezetben is!<\/li>\n<li>Figyelj\u00fcnk az udvariass\u00e1gra \u2013 form\u00e1lis helyzetben haszn\u00e1ljunk &#8222;vous&#8221; alakot!<\/li>\n<li>Haszn\u00e1ljunk online gyakorl\u00f3 fel\u00fcleteket, mint p\u00e9ld\u00e1ul a Talkpal, amely val\u00f3s idej\u0171 visszacsatol\u00e1st ad a hib\u00e1kr\u00f3l.<\/li>\n<\/ul>\n<h2>Hasznos tippek az imp\u00e9ratif gyakorl\u00e1s\u00e1hoz<\/h2>\n<ul>\n<li><strong>K\u00e9sz\u00edts list\u00e1t:<\/strong> \u00cdrj \u00f6ssze gyakran haszn\u00e1lt imp\u00e9ratif mondatokat, \u00e9s mondd el \u0151ket hangosan!<\/li>\n<li><strong>Online gyakorl\u00e1s:<\/strong> Pr\u00f3b\u00e1ld ki a Talkpal-t, ahol interakt\u00edv feladatokon kereszt\u00fcl gyakorolhatod az imp\u00e9ratifot.<\/li>\n<li><strong>P\u00e1ros munka:<\/strong> Gyakorolj bar\u00e1toddal, felv\u00e1ltva adva egym\u00e1snak utas\u00edt\u00e1sokat, k\u00e9rd\u00e9seket!<\/li>\n<li><strong>H\u00e9tk\u00f6znapi helyzetek:<\/strong> \u00cdrj r\u00f6vid p\u00e1rbesz\u00e9deket, amelyekben imp\u00e9ratif szerkezeteket haszn\u00e1lsz!<\/li>\n<li><strong>Hall\u00e1s ut\u00e1ni \u00e9rt\u00e9s fejleszt\u00e9se:<\/strong> Hallgass francia podcastokat, r\u00e1di\u00f3m\u0171sorokat, \u00e9s jegyezd fel, mikor hallasz imp\u00e9ratifot!<\/li>\n<\/ul>\n<h2>P\u00e9ldamondatok az imp\u00e9ratif haszn\u00e1lat\u00e1hoz<\/h2>\n<p>Az al\u00e1bbi p\u00e9ld\u00e1k seg\u00edtenek meg\u00e9rteni az imp\u00e9ratif k\u00fcl\u00f6nb\u00f6z\u0151 haszn\u00e1lati eseteit:<\/p>\n<ul>\n<li><strong>Ouvre la fen\u00eatre !<\/strong> (Nyisd ki az ablakot!)<\/li>\n<li><strong>Ne t\u2019inqui\u00e8te pas !<\/strong> (Ne agg\u00f3dj!)<\/li>\n<li><strong>Fais attention !<\/strong> (Figyelj oda!)<\/li>\n<li><strong>\u00c9coutez-moi, s\u2019il vous pla\u00eet.<\/strong> (Hallgassanak meg, k\u00e9rem.)<\/li>\n<li><strong>Allons au cin\u00e9ma !<\/strong> (Menj\u00fcnk moziba!)<\/li>\n<li><strong>D\u00e9p\u00eachez-vous !<\/strong> (Siessenek!)<\/li>\n<\/ul>\n<h2>Az imp\u00e9ratif nyelvi \u00e1rnyalatai \u00e9s udvariass\u00e1gi szab\u00e1lyai<\/h2>\n<h3>Udvariass\u00e1g az imp\u00e9ratifban<\/h3>\n<p>A francia nyelvben a k\u00f6zvetlen felsz\u00f3l\u00edt\u00e1s n\u00e9ha t\u00fal er\u0151s lehet, k\u00fcl\u00f6n\u00f6sen idegenekkel vagy hivatalos helyzetekben. Ilyenkor udvariasabb\u00e1 tehetj\u00fck a mondatot:<\/p>\n<ul>\n<li>Haszn\u00e1ljuk a <strong>vous<\/strong> alakot m\u00e9g egyes sz\u00e1m\u00fa megsz\u00f3l\u00edtottn\u00e1l is.<\/li>\n<li>Eg\u00e9sz\u00edts\u00fck ki a mondatot egy <em>s\u2019il vous pla\u00eet<\/em> (k\u00e9rem) kifejez\u00e9ssel.<\/li>\n<li>Haszn\u00e1lhatunk k\u00f6r\u00fcl\u00edr\u00e1st, p\u00e9ld\u00e1ul: <em>Pourriez-vous\u2026?<\/em> (Meg tudn\u00e1\u2026?)<\/li>\n<\/ul>\n<h3>Az imp\u00e9ratif \u00e1rnyalatai a h\u00e9tk\u00f6znapi besz\u00e9dben<\/h3>\n<ul>\n<li><strong>Er\u00e9lyes felsz\u00f3l\u00edt\u00e1s:<\/strong> <em>Arr\u00eate !<\/em> (\u00c1llj!)<\/li>\n<li><strong>Bar\u00e1ts\u00e1gos buzd\u00edt\u00e1s:<\/strong> <em>Viens avec nous !<\/em> (Gyere vel\u00fcnk!)<\/li>\n<li><strong>L\u00e1gy\u00edt\u00e1s:<\/strong> <em>Essayez de comprendre.<\/em> (Pr\u00f3b\u00e1lj\u00e1k meg\u00e9rteni.)<\/li>\n<\/ul>\n<h2>Gyakorlati feladatok \u00e9s \u00f6nellen\u0151rz\u00e9s<\/h2>\n<h3>Feladatt\u00edpusok<\/h3>\n<ul>\n<li>Alak\u00edts \u00e1t kijelent\u0151 mondatokat felsz\u00f3l\u00edt\u00f3 m\u00f3dba!<\/li>\n<li>K\u00e9sz\u00edts saj\u00e1t p\u00e9ldamondatokat mindh\u00e1rom szem\u00e9lyben!<\/li>\n<li>Ford\u00edts <a href=\"https:\/\/talkpal.ai\/learn-hungarian\/\">magyar<\/a> felsz\u00f3l\u00edt\u00e1sokat franci\u00e1ra!<\/li>\n<li>Haszn\u00e1lj online teszteket, mint a Talkpal, hogy ellen\u0151rizd tud\u00e1sodat!<\/li>\n<\/ul>\n<h2>Mi\u00e9rt \u00e9rdemes az imp\u00e9ratifot a Talkpal seg\u00edts\u00e9g\u00e9vel gyakorolni?<\/h2>\n<p>A Talkpal egy innovat\u00edv nyelvtanul\u00f3 platform, amely interakt\u00edv gyakorl\u00f3fel\u00fcleteket, val\u00f3s idej\u0171 visszacsatol\u00e1st \u00e9s szem\u00e9lyre szabott tanul\u00e1si utakat k\u00edn\u00e1l. Az imp\u00e9ratif gyakorl\u00e1s\u00e1ra k\u00fcl\u00f6n modulok \u00e1llnak rendelkez\u00e9sre, \u00edgy:<\/p>\n<ul>\n<li>Val\u00f3s \u00e9letb\u0151l vett szitu\u00e1ci\u00f3kban gyakorolhatod a felsz\u00f3l\u00edt\u00f3 m\u00f3d haszn\u00e1lat\u00e1t.<\/li>\n<li>Azonnali hibajav\u00edt\u00e1s \u00e9s magyar\u00e1zat seg\u00edti a tanul\u00e1si folyamatot.<\/li>\n<li>Hangalap\u00fa gyakorl\u00e1ssal a kiejt\u00e9sed is fejl\u0151dik.<\/li>\n<li>Interakt\u00edv p\u00e1rbesz\u00e9dekben, j\u00e1t\u00e9kos form\u00e1ban saj\u00e1t\u00edthatod el a felsz\u00f3l\u00edt\u00f3 m\u00f3d minden \u00e1rnyalat\u00e1t.<\/li>\n<\/ul>\n<h2>\u00d6sszefoglal\u00e1s<\/h2>\n<p>Az imp\u00e9ratif a francia nyelvtanban kiemelten fontos szerepet t\u00f6lt be, hiszen a mindennapi kommunik\u00e1ci\u00f3 elengedhetetlen r\u00e9sze. A helyes haszn\u00e1lat\u00e1hoz ismerni kell a szab\u00e1lyokat, a kiv\u00e9teleket, valamint a megfelel\u0151 udvariass\u00e1gi form\u00e1kat. A gyakorl\u00e1s, a p\u00e9ldamondatok tanulm\u00e1nyoz\u00e1sa \u00e9s az interakt\u00edv feladatok megold\u00e1sa elengedhetetlen a magabiztos nyelvhaszn\u00e1lathoz. Ehhez nagy seg\u00edts\u00e9get ny\u00fajtanak a modern online platformok, p\u00e9ld\u00e1ul a Talkpal, amelyek szem\u00e9lyre szabott tanul\u00e1si \u00e9lm\u00e9nyt biztos\u00edtanak. Gyakorolj rendszeresen, \u00e9s az imp\u00e9ratif haszn\u00e1lata hamar a francia nyelvtud\u00e1sod term\u00e9szetes r\u00e9sz\u00e9v\u00e9 v\u00e1lik!<\/p>\n","protected":false},"featured_media":1527908,"template":"","language":[12300,12308],"class_list":["post-1078822","grammar","type-grammar","status-publish","has-post-thumbnail","hentry","language-francia","language-igek-francia-nyelvtan"],"acf":[],"yoast_head":"<!-- This site is optimized with the Yoast SEO Premium plugin v27.2 (Yoast SEO v27.2) - https:\/\/yoast.com\/product\/yoast-seo-premium-wordpress\/ -->\n<title>Imp\u00e9ratif a francia nyelvtanban - Talkpal<\/title>\n<meta name=\"description\" content=\"A francia nyelvtan egyik alapvet\u0151 \u00e9s gyakran haszn\u00e1lt szerkezete az imp\u00e9ratif, vagyis a felsz\u00f3l\u00edt\u00f3 m\u00f3d. Ez a nyelvtani szerkezet elengedhetetlen a\" \/>\n<meta name=\"robots\" content=\"index, follow, max-snippet:-1, max-image-preview:large, max-video-preview:-1\" \/>\n<link rel=\"canonical\" href=\"https:\/\/talkpal.ai\/hu\/grammar\/imperatif-a-francia-nyelvtanban\/\" \/>\n<meta property=\"og:locale\" content=\"hu_HU\" \/>\n<meta property=\"og:type\" content=\"article\" \/>\n<meta property=\"og:title\" content=\"Imp\u00e9ratif a francia nyelvtanban\" \/>\n<meta property=\"og:description\" content=\"A francia nyelvtan egyik alapvet\u0151 \u00e9s gyakran haszn\u00e1lt szerkezete az imp\u00e9ratif, vagyis a felsz\u00f3l\u00edt\u00f3 m\u00f3d. Ez a nyelvtani szerkezet elengedhetetlen a\" \/>\n<meta property=\"og:url\" content=\"https:\/\/talkpal.ai\/hu\/grammar\/imperatif-a-francia-nyelvtanban\/\" \/>\n<meta property=\"og:site_name\" content=\"Talkpal\" \/>\n<meta property=\"article:publisher\" content=\"https:\/\/www.facebook.com\/profile.php?id=100090733639311\" \/>\n<meta property=\"og:image\" content=\"https:\/\/talkpal.ai\/wp-content\/uploads\/2025\/02\/Progress-tab-16_9.png\" \/>\n\t<meta property=\"og:image:width\" content=\"2880\" \/>\n\t<meta property=\"og:image:height\" content=\"1620\" \/>\n\t<meta property=\"og:image:type\" content=\"image\/png\" \/>\n<meta name=\"twitter:card\" content=\"summary_large_image\" \/>\n<meta name=\"twitter:site\" content=\"@talkpalai\" \/>\n<meta name=\"twitter:label1\" content=\"Becs\u00fclt olvas\u00e1si id\u0151\" \/>\n\t<meta name=\"twitter:data1\" content=\"8 perc\" \/>\n<script type=\"application\/ld+json\" class=\"yoast-schema-graph\">{\"@context\":\"https:\/\/schema.org\",\"@graph\":[{\"@type\":\"WebPage\",\"@id\":\"https:\/\/talkpal.ai\/hu\/grammar\/imperatif-a-francia-nyelvtanban\/\",\"url\":\"https:\/\/talkpal.ai\/hu\/grammar\/imperatif-a-francia-nyelvtanban\/\",\"name\":\"Imp\u00e9ratif a francia nyelvtanban - Talkpal\",\"isPartOf\":{\"@id\":\"https:\/\/talkpal.ai\/hu\/#website\"},\"primaryImageOfPage\":{\"@id\":\"https:\/\/talkpal.ai\/hu\/grammar\/imperatif-a-francia-nyelvtanban\/#primaryimage\"},\"image\":{\"@id\":\"https:\/\/talkpal.ai\/hu\/grammar\/imperatif-a-francia-nyelvtanban\/#primaryimage\"},\"thumbnailUrl\":\"https:\/\/talkpal.ai\/wp-content\/uploads\/2025\/12\/student-mastering-vocabulary-learning-languages.webp\",\"datePublished\":\"2025-07-01T21:58:07+00:00\",\"description\":\"A francia nyelvtan egyik alapvet\u0151 \u00e9s gyakran haszn\u00e1lt szerkezete az imp\u00e9ratif, vagyis a felsz\u00f3l\u00edt\u00f3 m\u00f3d. Ez a nyelvtani szerkezet elengedhetetlen a\",\"breadcrumb\":{\"@id\":\"https:\/\/talkpal.ai\/hu\/grammar\/imperatif-a-francia-nyelvtanban\/#breadcrumb\"},\"inLanguage\":\"hu\",\"potentialAction\":[{\"@type\":\"ReadAction\",\"target\":[\"https:\/\/talkpal.ai\/hu\/grammar\/imperatif-a-francia-nyelvtanban\/\"]}]},{\"@type\":\"ImageObject\",\"inLanguage\":\"hu\",\"@id\":\"https:\/\/talkpal.ai\/hu\/grammar\/imperatif-a-francia-nyelvtanban\/#primaryimage\",\"url\":\"https:\/\/talkpal.ai\/wp-content\/uploads\/2025\/12\/student-mastering-vocabulary-learning-languages.webp\",\"contentUrl\":\"https:\/\/talkpal.ai\/wp-content\/uploads\/2025\/12\/student-mastering-vocabulary-learning-languages.webp\",\"width\":1200,\"height\":896,\"caption\":\"A girl with a bun and glasses writes notes while learning languages among massive piles of books.\"},{\"@type\":\"BreadcrumbList\",\"@id\":\"https:\/\/talkpal.ai\/hu\/grammar\/imperatif-a-francia-nyelvtanban\/#breadcrumb\",\"itemListElement\":[{\"@type\":\"ListItem\",\"position\":1,\"name\":\"Homepage\",\"item\":\"https:\/\/talkpal.ai\/hu\/\"},{\"@type\":\"ListItem\",\"position\":2,\"name\":\"Imp\u00e9ratif a francia nyelvtanban\"}]},{\"@type\":\"WebSite\",\"@id\":\"https:\/\/talkpal.ai\/hu\/#website\",\"url\":\"https:\/\/talkpal.ai\/hu\/\",\"name\":\"Talkpal\",\"description\":\"AI Language Learning\",\"publisher\":{\"@id\":\"https:\/\/talkpal.ai\/hu\/#organization\"},\"alternateName\":\"Talkpal AI\",\"potentialAction\":[{\"@type\":\"SearchAction\",\"target\":{\"@type\":\"EntryPoint\",\"urlTemplate\":\"https:\/\/talkpal.ai\/hu\/?s={search_term_string}\"},\"query-input\":{\"@type\":\"PropertyValueSpecification\",\"valueRequired\":true,\"valueName\":\"search_term_string\"}}],\"inLanguage\":\"hu\"},{\"@type\":\"Organization\",\"@id\":\"https:\/\/talkpal.ai\/hu\/#organization\",\"name\":\"Talkpal, Inc.\",\"alternateName\":\"Talkpal AI\",\"url\":\"https:\/\/talkpal.ai\/hu\/\",\"logo\":{\"@type\":\"ImageObject\",\"inLanguage\":\"hu\",\"@id\":\"https:\/\/talkpal.ai\/hu\/#\/schema\/logo\/image\/\",\"url\":\"https:\/\/talkpal.ai\/wp-content\/uploads\/2024\/03\/Talkpal-Logo-Icon.png\",\"contentUrl\":\"https:\/\/talkpal.ai\/wp-content\/uploads\/2024\/03\/Talkpal-Logo-Icon.png\",\"width\":2880,\"height\":2880,\"caption\":\"Talkpal, Inc.\"},\"image\":{\"@id\":\"https:\/\/talkpal.ai\/hu\/#\/schema\/logo\/image\/\"},\"sameAs\":[\"https:\/\/www.facebook.com\/profile.php?id=100090733639311\",\"https:\/\/x.com\/talkpalai\",\"https:\/\/www.linkedin.com\/company\/talkpal\/\",\"https:\/\/www.youtube.com\/@TalkPal\/\",\"https:\/\/www.tiktok.com\/@talkpal\",\"https:\/\/www.instagram.com\/talkpal_ai\/\",\"https:\/\/www.crunchbase.com\/organization\/talkpal-9cde\",\"https:\/\/www.g2.com\/products\/talkpal-for-business\/\",\"https:\/\/www.trustpilot.com\/review\/talkpal.ai\",\"https:\/\/www.capterra.com\/p\/10006800\/TalkPal\/\"],\"description\":\"Talkpal is a language learning web and mobile education app, powered by the latest AI technologies, that provides engaging experiences to its customers in many different languages to help them improve their language skills. Users can chat about unlimited amount of topics with the app and use other modes to practice their language learning.\",\"email\":\"support@talkpal.ai\",\"legalName\":\"Talkpal, Inc.\",\"foundingDate\":\"2023-04-03\",\"duns\":\"118989042\",\"numberOfEmployees\":{\"@type\":\"QuantitativeValue\",\"minValue\":\"11\",\"maxValue\":\"50\"},\"publishingPrinciples\":\"https:\/\/talkpal.ai\/publishing-principles\/\",\"actionableFeedbackPolicy\":\"https:\/\/talkpal.ai\/actionable-feedback-policy\/\",\"correctionsPolicy\":\"https:\/\/talkpal.ai\/corrections-policy\/\",\"ethicsPolicy\":\"https:\/\/talkpal.ai\/ethics-policy\/\",\"diversityPolicy\":\"https:\/\/talkpal.ai\/diversity-policy\/\",\"diversityStaffingReport\":\"https:\/\/talkpal.ai\/diversity-policy\/\"}]}<\/script>\n<!-- \/ Yoast SEO Premium plugin. -->","yoast_head_json":{"title":"Imp\u00e9ratif a francia nyelvtanban - Talkpal","description":"A francia nyelvtan egyik alapvet\u0151 \u00e9s gyakran haszn\u00e1lt szerkezete az imp\u00e9ratif, vagyis a felsz\u00f3l\u00edt\u00f3 m\u00f3d. Ez a nyelvtani szerkezet elengedhetetlen a","robots":{"index":"index","follow":"follow","max-snippet":"max-snippet:-1","max-image-preview":"max-image-preview:large","max-video-preview":"max-video-preview:-1"},"canonical":"https:\/\/talkpal.ai\/hu\/grammar\/imperatif-a-francia-nyelvtanban\/","og_locale":"hu_HU","og_type":"article","og_title":"Imp\u00e9ratif a francia nyelvtanban","og_description":"A francia nyelvtan egyik alapvet\u0151 \u00e9s gyakran haszn\u00e1lt szerkezete az imp\u00e9ratif, vagyis a felsz\u00f3l\u00edt\u00f3 m\u00f3d. Ez a nyelvtani szerkezet elengedhetetlen a","og_url":"https:\/\/talkpal.ai\/hu\/grammar\/imperatif-a-francia-nyelvtanban\/","og_site_name":"Talkpal","article_publisher":"https:\/\/www.facebook.com\/profile.php?id=100090733639311","og_image":[{"width":2880,"height":1620,"url":"https:\/\/talkpal.ai\/wp-content\/uploads\/2025\/02\/Progress-tab-16_9.png","type":"image\/png"}],"twitter_card":"summary_large_image","twitter_site":"@talkpalai","twitter_misc":{"Becs\u00fclt olvas\u00e1si id\u0151":"8 perc"},"schema":{"@context":"https:\/\/schema.org","@graph":[{"@type":"WebPage","@id":"https:\/\/talkpal.ai\/hu\/grammar\/imperatif-a-francia-nyelvtanban\/","url":"https:\/\/talkpal.ai\/hu\/grammar\/imperatif-a-francia-nyelvtanban\/","name":"Imp\u00e9ratif a francia nyelvtanban - Talkpal","isPartOf":{"@id":"https:\/\/talkpal.ai\/hu\/#website"},"primaryImageOfPage":{"@id":"https:\/\/talkpal.ai\/hu\/grammar\/imperatif-a-francia-nyelvtanban\/#primaryimage"},"image":{"@id":"https:\/\/talkpal.ai\/hu\/grammar\/imperatif-a-francia-nyelvtanban\/#primaryimage"},"thumbnailUrl":"https:\/\/talkpal.ai\/wp-content\/uploads\/2025\/12\/student-mastering-vocabulary-learning-languages.webp","datePublished":"2025-07-01T21:58:07+00:00","description":"A francia nyelvtan egyik alapvet\u0151 \u00e9s gyakran haszn\u00e1lt szerkezete az imp\u00e9ratif, vagyis a felsz\u00f3l\u00edt\u00f3 m\u00f3d. Ez a nyelvtani szerkezet elengedhetetlen a","breadcrumb":{"@id":"https:\/\/talkpal.ai\/hu\/grammar\/imperatif-a-francia-nyelvtanban\/#breadcrumb"},"inLanguage":"hu","potentialAction":[{"@type":"ReadAction","target":["https:\/\/talkpal.ai\/hu\/grammar\/imperatif-a-francia-nyelvtanban\/"]}]},{"@type":"ImageObject","inLanguage":"hu","@id":"https:\/\/talkpal.ai\/hu\/grammar\/imperatif-a-francia-nyelvtanban\/#primaryimage","url":"https:\/\/talkpal.ai\/wp-content\/uploads\/2025\/12\/student-mastering-vocabulary-learning-languages.webp","contentUrl":"https:\/\/talkpal.ai\/wp-content\/uploads\/2025\/12\/student-mastering-vocabulary-learning-languages.webp","width":1200,"height":896,"caption":"A girl with a bun and glasses writes notes while learning languages among massive piles of books."},{"@type":"BreadcrumbList","@id":"https:\/\/talkpal.ai\/hu\/grammar\/imperatif-a-francia-nyelvtanban\/#breadcrumb","itemListElement":[{"@type":"ListItem","position":1,"name":"Homepage","item":"https:\/\/talkpal.ai\/hu\/"},{"@type":"ListItem","position":2,"name":"Imp\u00e9ratif a francia nyelvtanban"}]},{"@type":"WebSite","@id":"https:\/\/talkpal.ai\/hu\/#website","url":"https:\/\/talkpal.ai\/hu\/","name":"Talkpal","description":"AI Language Learning","publisher":{"@id":"https:\/\/talkpal.ai\/hu\/#organization"},"alternateName":"Talkpal AI","potentialAction":[{"@type":"SearchAction","target":{"@type":"EntryPoint","urlTemplate":"https:\/\/talkpal.ai\/hu\/?s={search_term_string}"},"query-input":{"@type":"PropertyValueSpecification","valueRequired":true,"valueName":"search_term_string"}}],"inLanguage":"hu"},{"@type":"Organization","@id":"https:\/\/talkpal.ai\/hu\/#organization","name":"Talkpal, Inc.","alternateName":"Talkpal AI","url":"https:\/\/talkpal.ai\/hu\/","logo":{"@type":"ImageObject","inLanguage":"hu","@id":"https:\/\/talkpal.ai\/hu\/#\/schema\/logo\/image\/","url":"https:\/\/talkpal.ai\/wp-content\/uploads\/2024\/03\/Talkpal-Logo-Icon.png","contentUrl":"https:\/\/talkpal.ai\/wp-content\/uploads\/2024\/03\/Talkpal-Logo-Icon.png","width":2880,"height":2880,"caption":"Talkpal, Inc."},"image":{"@id":"https:\/\/talkpal.ai\/hu\/#\/schema\/logo\/image\/"},"sameAs":["https:\/\/www.facebook.com\/profile.php?id=100090733639311","https:\/\/x.com\/talkpalai","https:\/\/www.linkedin.com\/company\/talkpal\/","https:\/\/www.youtube.com\/@TalkPal\/","https:\/\/www.tiktok.com\/@talkpal","https:\/\/www.instagram.com\/talkpal_ai\/","https:\/\/www.crunchbase.com\/organization\/talkpal-9cde","https:\/\/www.g2.com\/products\/talkpal-for-business\/","https:\/\/www.trustpilot.com\/review\/talkpal.ai","https:\/\/www.capterra.com\/p\/10006800\/TalkPal\/"],"description":"Talkpal is a language learning web and mobile education app, powered by the latest AI technologies, that provides engaging experiences to its customers in many different languages to help them improve their language skills. Users can chat about unlimited amount of topics with the app and use other modes to practice their language learning.","email":"support@talkpal.ai","legalName":"Talkpal, Inc.","foundingDate":"2023-04-03","duns":"118989042","numberOfEmployees":{"@type":"QuantitativeValue","minValue":"11","maxValue":"50"},"publishingPrinciples":"https:\/\/talkpal.ai\/publishing-principles\/","actionableFeedbackPolicy":"https:\/\/talkpal.ai\/actionable-feedback-policy\/","correctionsPolicy":"https:\/\/talkpal.ai\/corrections-policy\/","ethicsPolicy":"https:\/\/talkpal.ai\/ethics-policy\/","diversityPolicy":"https:\/\/talkpal.ai\/diversity-policy\/","diversityStaffingReport":"https:\/\/talkpal.ai\/diversity-policy\/"}]}},"_links":{"self":[{"href":"https:\/\/talkpal.ai\/hu\/wp-json\/wp\/v2\/grammar\/1078822","targetHints":{"allow":["GET"]}}],"collection":[{"href":"https:\/\/talkpal.ai\/hu\/wp-json\/wp\/v2\/grammar"}],"about":[{"href":"https:\/\/talkpal.ai\/hu\/wp-json\/wp\/v2\/types\/grammar"}],"wp:featuredmedia":[{"embeddable":true,"href":"https:\/\/talkpal.ai\/hu\/wp-json\/wp\/v2\/media\/1527908"}],"wp:attachment":[{"href":"https:\/\/talkpal.ai\/hu\/wp-json\/wp\/v2\/media?parent=1078822"}],"wp:term":[{"taxonomy":"language","embeddable":true,"href":"https:\/\/talkpal.ai\/hu\/wp-json\/wp\/v2\/language?post=1078822"}],"curies":[{"name":"wp","href":"https:\/\/api.w.org\/{rel}","templated":true}]}}