{"id":1078821,"date":"2025-07-01T21:58:00","date_gmt":"2025-07-01T21:58:00","guid":{"rendered":"https:\/\/talkpal.ai\/grammar\/reszvetel-a-francia-nyelvtanbol\/"},"modified":"2025-07-01T21:58:00","modified_gmt":"2025-07-01T21:58:00","slug":"reszvetel-a-francia-nyelvtanbol","status":"publish","type":"grammar","link":"https:\/\/talkpal.ai\/hu\/grammar\/reszvetel-a-francia-nyelvtanbol\/","title":{"rendered":"R\u00e9szv\u00e9tel a francia nyelvtanb\u00f3l"},"content":{"rendered":"<p>A <a href=\"https:\/\/talkpal.ai\/hu\/grammar\/passe-egyszeru-a-francia-nyelvtanban\/\">francia nyelvtan<\/a> elsaj\u00e1t\u00edt\u00e1sa sor\u00e1n kiemelked\u0151 jelent\u0151s\u00e9ge <a href=\"https:\/\/talkpal.ai\/locations\/language-courses-in-van\/\">van<\/a> a r\u00e9szv\u00e9tel (particip\u00e1ci\u00f3) t\u00e9m\u00e1j\u00e1nak, hiszen ez a nyelvi elem alapvet\u0151 szerepet j\u00e1tszik mind az \u00edrott, mind a besz\u00e9lt kommunik\u00e1ci\u00f3ban. A r\u00e9szv\u00e9tel helyes haszn\u00e1lata seg\u00edti a mondatok pontosabb, \u00e1rnyaltabb kifejez\u00e9s\u00e9t, valamint elengedhetetlen a nyelvtani helyess\u00e9ghez is. A tanul\u00f3k gyakran tal\u00e1lkoznak neh\u00e9zs\u00e9gekkel a <a href=\"https:\/\/talkpal.ai\/learn-french\/\">francia<\/a> participiumok \u00e9s szerkezetek meg\u00e9rt\u00e9s\u00e9ben, ez\u00e9rt elengedhetetlen, hogy alaposan megismerj\u00e9k a t\u00e9m\u00e1t. Ebben a cikkben r\u00e9szletesen bemutatjuk a r\u00e9szv\u00e9tel fogalm\u00e1t a francia nyelvtanban, annak t\u00edpusait, haszn\u00e1lat\u00e1t \u00e9s leggyakoribb hib\u00e1it, valamint hasznos tanul\u00e1si tippeket is adunk. A <a href=\"https:\/\/talkpal.ai\/ko\/ai-%ec%96%b8%ec%96%b4-%ea%b5%90%ec%82%ac\/\">Talkpal<\/a> kiv\u00e1l\u00f3 lehet\u0151s\u00e9get k\u00edn\u00e1l arra, hogy interakt\u00edv m\u00f3don gyakorold \u00e9s fejleszd a r\u00e9szv\u00e9tel alkalmaz\u00e1s\u00e1t a francia nyelvtanban.<\/p>\n<h2>Mi az a r\u00e9szv\u00e9tel a francia nyelvtanban?<\/h2>\n<p>A r\u00e9szv\u00e9tel (participium) a <a href=\"https:\/\/talkpal.ai\/hu\/tanuljon-franciaul\/\">francia nyelv<\/a> egyik legfontosabb igei mell\u00e9kn\u00e9vi form\u00e1ja. A r\u00e9szv\u00e9tel az ige sz\u00e1rmaz\u00e9ka, amelynek f\u0151 funkci\u00f3ja, hogy egy adott cselekv\u00e9s vagy \u00e1llapot le\u00edr\u00e1s\u00e1ra szolg\u00e1l, gyakran mell\u00e9kn\u00e9vk\u00e9nt vagy igei szerkezetekben. A francia nyelvben k\u00e9t f\u0151 t\u00edpusa l\u00e9tezik: jelen idej\u0171 (<a href=\"https:\/\/talkpal.ai\/de\/grammar\/franzoesische-grammatik-das-participe-present\/\">participe pr\u00e9sent<\/a>) \u00e9s m\u00falt idej\u0171 (<a href=\"https:\/\/talkpal.ai\/ar\/grammar_exercises\/participe-passe-%d8%aa%d9%85%d8%a7%d8%b1%d9%8a%d9%86-%d9%84%d9%84%d9%82%d9%88%d8%a7%d8%b9%d8%af-%d8%a7%d9%84%d9%81%d8%b1%d9%86%d8%b3%d9%8a%d8%a9\/\">participe pass\u00e9<\/a>) r\u00e9szv\u00e9tel.<\/p>\n<ul>\n<li><strong>Participe pr\u00e9sent<\/strong> \u2013 jelen idej\u0171 r\u00e9szv\u00e9tel<\/li>\n<li><strong>Participe pass\u00e9<\/strong> \u2013 m\u00falt idej\u0171 r\u00e9szv\u00e9tel<\/li>\n<\/ul>\n<p>A r\u00e9szv\u00e9tel a francia nyelvtanban kulcsfontoss\u00e1g\u00fa, mivel sz\u00e1mos nyelvtani szerkezetben, p\u00e9ld\u00e1ul \u00f6sszetett igeid\u0151kben, mell\u00e9kmondatokban \u00e9s jelz\u0151s szerkezetekben is haszn\u00e1latos.<\/p>\n<h2>A francia r\u00e9szv\u00e9tel t\u00edpusai \u00e9s k\u00e9pz\u00e9se<\/h2>\n<h3>Jelen idej\u0171 r\u00e9szv\u00e9tel (Participe pr\u00e9sent)<\/h3>\n<p>A jelen idej\u0171 r\u00e9szv\u00e9tel a k\u00f6vetkez\u0151k\u00e9ppen k\u00e9pz\u0151dik: az ig\u00e9k els\u0151 sz\u00e1m els\u0151 szem\u00e9ly t\u00f6bbes sz\u00e1m (nous) alakj\u00e1b\u00f3l elhagyjuk az <em>-ons<\/em> v\u00e9gz\u0151d\u00e9st, majd hozz\u00e1adjuk az <em>-ant<\/em> v\u00e9gz\u0151d\u00e9st.<\/p>\n<p><strong>P\u00e9ld\u00e1k:<\/strong><\/p>\n<ul>\n<li><em>parler<\/em> (besz\u00e9lni) \u2192 <strong>nous parlons<\/strong> \u2192 <strong>parlant<\/strong> (besz\u00e9lve)<\/li>\n<li><em>finir<\/em> (befejezni) \u2192 <strong>nous finissons<\/strong> \u2192 <strong>finissant<\/strong> (befejezve)<\/li>\n<li><em>prendre<\/em> (venni) \u2192 <strong>nous prenons<\/strong> \u2192 <strong>prenant<\/strong> (v\u00e9ve)<\/li>\n<\/ul>\n<p>Bizonyos ig\u00e9k rendhagy\u00f3 alakot vesznek fel:<\/p>\n<ul>\n<li><em>\u00eatre<\/em> \u2192 <strong>\u00e9tant<\/strong><\/li>\n<li><em>avoir<\/em> \u2192 <strong>ayant<\/strong><\/li>\n<li><em>savoir<\/em> \u2192 <strong>sachant<\/strong><\/li>\n<\/ul>\n<h3>M\u00falt idej\u0171 r\u00e9szv\u00e9tel (Participe pass\u00e9)<\/h3>\n<p>A m\u00falt idej\u0171 r\u00e9szv\u00e9tel k\u00e9pz\u00e9se az ige t\u00edpus\u00e1t\u00f3l f\u00fcgg:<\/p>\n<ul>\n<li><strong>-er<\/strong> v\u00e9g\u0171 ig\u00e9k: <em>-\u00e9<\/em> (parler \u2192 parl\u00e9)<\/li>\n<li><strong>-ir<\/strong> v\u00e9g\u0171 ig\u00e9k: <em>-i<\/em> (finir \u2192 fini)<\/li>\n<li><strong>-re<\/strong> v\u00e9g\u0171 ig\u00e9k: <em>-u<\/em> (vendre \u2192 vendu)<\/li>\n<\/ul>\n<p>Rendhagy\u00f3 ig\u00e9k eset\u00e9n egyedi alakokat kell megtanulni:<\/p>\n<ul>\n<li><em>avoir<\/em> \u2192 <strong>eu<\/strong><\/li>\n<li><em>\u00eatre<\/em> \u2192 <strong>\u00e9t\u00e9<\/strong><\/li>\n<li><em>faire<\/em> \u2192 <strong>fait<\/strong><\/li>\n<li><em>voir<\/em> \u2192 <strong>vu<\/strong><\/li>\n<\/ul>\n<h2>A r\u00e9szv\u00e9tel haszn\u00e1lata a francia nyelvben<\/h2>\n<h3>Participe pr\u00e9sent haszn\u00e1lata<\/h3>\n<p>A jelen idej\u0171 r\u00e9szv\u00e9tel f\u0151k\u00e9nt mell\u00e9kmondatok helyettes\u00edt\u00e9s\u00e9re, valamint m\u00f3dhat\u00e1roz\u00f3i szerkezetekben jelenik meg.<\/p>\n<p><strong>P\u00e9ld\u00e1k:<\/strong><\/p>\n<ul>\n<li><em>En parlant,<\/em> il a expliqu\u00e9 son point de vue. (Besz\u00e9lve magyar\u00e1zta el a n\u00e9z\u0151pontj\u00e1t.)<\/li>\n<li><em>Voyant<\/em> le chien, il a eu peur. (L\u00e1tva a kuty\u00e1t, megijedt.)<\/li>\n<\/ul>\n<h3>Participe pass\u00e9 haszn\u00e1lata<\/h3>\n<p>A m\u00falt idej\u0171 r\u00e9szv\u00e9tel kulcsfontoss\u00e1g\u00fa az \u00f6sszetett igeid\u0151k (p\u00e9ld\u00e1ul pass\u00e9 compos\u00e9, plus-que-parfait) k\u00e9pz\u00e9s\u00e9ben, valamint mell\u00e9kn\u00e9vi szerkezetekben.<\/p>\n<p><strong>P\u00e9ld\u00e1k:<\/strong><\/p>\n<ul>\n<li>J\u2019ai <strong>mang\u00e9<\/strong> une pomme. (Ettem egy alm\u00e1t.)<\/li>\n<li>La lettre <strong>\u00e9crite<\/strong> par Marie est int\u00e9ressante. (A Marie \u00e1ltal \u00edrt lev\u00e9l \u00e9rdekes.)<\/li>\n<\/ul>\n<h2>Egyeztet\u00e9s a m\u00falt idej\u0171 r\u00e9szv\u00e9tel haszn\u00e1latakor<\/h2>\n<p>A m\u00falt idej\u0171 r\u00e9szv\u00e9tel (<a href=\"https:\/\/talkpal.ai\/ar\/grammar_exercises\/participe-passe-%d8%aa%d9%85%d8%a7%d8%b1%d9%8a%d9%86-%d9%84%d9%84%d9%82%d9%88%d8%a7%d8%b9%d8%af-%d8%a7%d9%84%d9%81%d8%b1%d9%86%d8%b3%d9%8a%d8%a9\/\">participe pass\u00e9<\/a>) egyeztet\u00e9se a francia nyelvtan egyik legnehezebb r\u00e9sze. Az egyeztet\u00e9s att\u00f3l f\u00fcgg, hogy a r\u00e9szv\u00e9tel milyen szerkezetben szerepel:<\/p>\n<ul>\n<li><strong>Avoir seg\u00e9dig\u00e9vel:<\/strong> csak akkor egyeztetj\u00fck a particip\u00e9t a t\u00e1rggyal, ha az megel\u0151zi az ig\u00e9t.\n<ul>\n<li>Les pommes que j\u2019ai <strong>mang\u00e9es<\/strong>. (Az alm\u00e1k, amelyeket ettem.)<\/li>\n<\/ul>\n<\/li>\n<li><strong>\u00catre seg\u00e9dig\u00e9vel:<\/strong> mindig egyeztetj\u00fck a particip\u00e9t az alannyal.\n<ul>\n<li>Elle est <strong>all\u00e9e<\/strong> au march\u00e9. (\u0150 elment a piacra.)<\/li>\n<\/ul>\n<\/li>\n<\/ul>\n<h2>Gyakori hib\u00e1k a francia r\u00e9szv\u00e9tel haszn\u00e1lat\u00e1ban<\/h2>\n<p>A francia tanul\u00f3k sz\u00e1m\u00e1ra a k\u00f6vetkez\u0151 hib\u00e1k fordulnak el\u0151 leggyakrabban:<\/p>\n<ul>\n<li>A particip\u00e9 pass\u00e9 hib\u00e1s egyeztet\u00e9se.<\/li>\n<li>A <a href=\"https:\/\/talkpal.ai\/de\/grammar\/franzoesische-grammatik-das-participe-present\/\">participe pr\u00e9sent<\/a> \u00f6sszet\u00e9veszt\u00e9se az ige gerundium (en + participe pr\u00e9sent) szerkezet\u00e9vel.<\/li>\n<li>Rendhagy\u00f3 ig\u00e9k participiumainak helytelen alkalmaz\u00e1sa.<\/li>\n<li>Az \u00f6sszetett igeid\u0151k helytelen fel\u00e9p\u00edt\u00e9se.<\/li>\n<\/ul>\n<h2>Tippek a r\u00e9szv\u00e9tel elsaj\u00e1t\u00edt\u00e1s\u00e1hoz \u2013 Hogyan tanuljunk hat\u00e9konyan?<\/h2>\n<p>A r\u00e9szv\u00e9tel helyes haszn\u00e1lata gyakorl\u00e1st \u00e9s tudatos tanul\u00e1st ig\u00e9nyel. Az al\u00e1bbi tippek seg\u00edtenek a gyorsabb fejl\u0151d\u00e9sben:<\/p>\n<ul>\n<li><strong>Tanulj p\u00e9ldamondatokon kereszt\u00fcl:<\/strong> \u00edrj \u00e9s mondj el saj\u00e1t mondatokat a frissen tanult participiumokkal.<\/li>\n<li><strong>K\u00fcl\u00f6n\u00edtsd el az igeid\u0151ket:<\/strong> gyakorold k\u00fcl\u00f6n a participe pr\u00e9sent \u00e9s a participe pass\u00e9 haszn\u00e1lat\u00e1t.<\/li>\n<li><strong>Olvass francia sz\u00f6vegeket:<\/strong> figyeld meg, hogyan haszn\u00e1lj\u00e1k a r\u00e9szv\u00e9telt k\u00fcl\u00f6nb\u00f6z\u0151 kontextusokban.<\/li>\n<li><strong>Haszn\u00e1lj online feladatokat \u00e9s interakt\u00edv eszk\u00f6z\u00f6ket:<\/strong> p\u00e9ld\u00e1ul a Talkpal seg\u00edts\u00e9g\u00e9vel c\u00e9lzottan fejlesztheted a r\u00e9szv\u00e9tel alkalmaz\u00e1s\u00e1t.<\/li>\n<li><strong>K\u00e9rj visszajelz\u00e9st:<\/strong> besz\u00e9lgess anyanyelvi besz\u00e9l\u0151kkel, tan\u00e1rokkal, akik jav\u00edtj\u00e1k a hib\u00e1idat.<\/li>\n<\/ul>\n<h2>Talkpal \u2013 az interakt\u00edv nyelvtanul\u00e1s \u00e9lm\u00e9nye<\/h2>\n<p>A digit\u00e1lis tanul\u00e1s korszak\u00e1ban egyre fontosabbak az olyan platformok, mint a Talkpal, amelyek lehet\u0151v\u00e9 teszik a francia nyelvtan gyakorl\u00e1s\u00e1t val\u00f3s, \u00e9letszer\u0171 k\u00f6rnyezetben. A Talkpal k\u00fcl\u00f6n\u00f6sen hasznos a r\u00e9szv\u00e9tel t\u00e9m\u00e1j\u00e1nak elsaj\u00e1t\u00edt\u00e1s\u00e1ban, mert:<\/p>\n<ul>\n<li>Interakt\u00edv p\u00e1rbesz\u00e9deken kereszt\u00fcl tanulhatsz.<\/li>\n<li>Azonnali visszajelz\u00e9st kapsz a hib\u00e1idr\u00f3l \u00e9s helyes v\u00e1laszokr\u00f3l.<\/li>\n<li>V\u00e1ltozatos gyakorl\u00f3 feladatok seg\u00edtenek a r\u00e9szv\u00e9tel mindk\u00e9t t\u00edpus\u00e1nak meg\u00e9rt\u00e9s\u00e9ben.<\/li>\n<li>Lehet\u0151s\u00e9ged van anyanyelvi besz\u00e9l\u0151kkel gyakorolni, \u00edgy a tanultakat r\u00f6gt\u00f6n alkalmazhatod.<\/li>\n<li>Az alkalmaz\u00e1s szem\u00e9lyre szabott tanul\u00e1si tervet k\u00edn\u00e1l, amely figyelembe veszi a saj\u00e1t temp\u00f3dat \u00e9s ig\u00e9nyeidet.<\/li>\n<\/ul>\n<h2>\u00d6sszefoglal\u00e1s: Mi\u00e9rt fontos a r\u00e9szv\u00e9tel a francia nyelvtanban?<\/h2>\n<p>A r\u00e9szv\u00e9tel (participium) a francia nyelvtan egyik leg\u00f6sszetettebb, ugyanakkor legfontosabb eleme. Helyes haszn\u00e1lata elengedhetetlen a nyelvtanilag helyes \u00e9s \u00e1rnyalt mondatok megalkot\u00e1s\u00e1hoz, legyen sz\u00f3 \u00edr\u00e1sr\u00f3l vagy besz\u00e9dr\u0151l. A participe pr\u00e9sent \u00e9s pass\u00e9 helyes alkalmaz\u00e1sa lehet\u0151v\u00e9 teszi, hogy \u00f6sszetettebb szerkezeteket hozzunk l\u00e9tre, \u00e9s magabiztosabban kommunik\u00e1ljunk franci\u00e1ul. A folyamatos gyakorl\u00e1s, a hib\u00e1k tudatos jav\u00edt\u00e1sa, valamint a digit\u00e1lis eszk\u00f6z\u00f6k, mint a Talkpal haszn\u00e1lata mind hozz\u00e1j\u00e1rulnak a sikeres nyelvtanul\u00e1shoz. Ha elsaj\u00e1t\u00edtod a r\u00e9szv\u00e9tel szab\u00e1lyait \u00e9s alkalmaz\u00e1s\u00e1t, jelent\u0151sen fejl\u0151dik a francia nyelvi kifejez\u0151k\u00e9szs\u00e9ged \u00e9s magabiztoss\u00e1god.<\/p>\n","protected":false},"featured_media":1527943,"template":"","language":[12300,12308],"class_list":["post-1078821","grammar","type-grammar","status-publish","has-post-thumbnail","hentry","language-francia","language-igek-francia-nyelvtan"],"acf":[],"yoast_head":"<!-- This site is optimized with the Yoast SEO Premium plugin v27.2 (Yoast SEO v27.2) - https:\/\/yoast.com\/product\/yoast-seo-premium-wordpress\/ -->\n<title>R\u00e9szv\u00e9tel a francia nyelvtanb\u00f3l - Talkpal<\/title>\n<meta name=\"description\" content=\"A francia nyelvtan elsaj\u00e1t\u00edt\u00e1sa sor\u00e1n kiemelked\u0151 jelent\u0151s\u00e9ge van a r\u00e9szv\u00e9tel (particip\u00e1ci\u00f3) t\u00e9m\u00e1j\u00e1nak, hiszen ez a nyelvi elem alapvet\u0151 szerepet j\u00e1tszik\" \/>\n<meta name=\"robots\" content=\"index, follow, max-snippet:-1, max-image-preview:large, max-video-preview:-1\" \/>\n<link rel=\"canonical\" href=\"https:\/\/talkpal.ai\/hu\/grammar\/reszvetel-a-francia-nyelvtanbol\/\" \/>\n<meta property=\"og:locale\" content=\"hu_HU\" \/>\n<meta property=\"og:type\" content=\"article\" \/>\n<meta property=\"og:title\" content=\"R\u00e9szv\u00e9tel a francia nyelvtanb\u00f3l\" \/>\n<meta property=\"og:description\" content=\"A francia nyelvtan elsaj\u00e1t\u00edt\u00e1sa sor\u00e1n kiemelked\u0151 jelent\u0151s\u00e9ge van a r\u00e9szv\u00e9tel (particip\u00e1ci\u00f3) t\u00e9m\u00e1j\u00e1nak, hiszen ez a nyelvi elem alapvet\u0151 szerepet j\u00e1tszik\" \/>\n<meta property=\"og:url\" content=\"https:\/\/talkpal.ai\/hu\/grammar\/reszvetel-a-francia-nyelvtanbol\/\" \/>\n<meta property=\"og:site_name\" content=\"Talkpal\" \/>\n<meta property=\"article:publisher\" content=\"https:\/\/www.facebook.com\/profile.php?id=100090733639311\" \/>\n<meta property=\"og:image\" content=\"https:\/\/talkpal.ai\/wp-content\/uploads\/2025\/02\/Progress-tab-16_9.png\" \/>\n\t<meta property=\"og:image:width\" content=\"2880\" \/>\n\t<meta property=\"og:image:height\" content=\"1620\" \/>\n\t<meta property=\"og:image:type\" content=\"image\/png\" \/>\n<meta name=\"twitter:card\" content=\"summary_large_image\" \/>\n<meta name=\"twitter:site\" content=\"@talkpalai\" \/>\n<meta name=\"twitter:label1\" content=\"Becs\u00fclt olvas\u00e1si id\u0151\" \/>\n\t<meta name=\"twitter:data1\" content=\"6 perc\" \/>\n<script type=\"application\/ld+json\" class=\"yoast-schema-graph\">{\"@context\":\"https:\/\/schema.org\",\"@graph\":[{\"@type\":\"WebPage\",\"@id\":\"https:\/\/talkpal.ai\/hu\/grammar\/reszvetel-a-francia-nyelvtanbol\/\",\"url\":\"https:\/\/talkpal.ai\/hu\/grammar\/reszvetel-a-francia-nyelvtanbol\/\",\"name\":\"R\u00e9szv\u00e9tel a francia nyelvtanb\u00f3l - Talkpal\",\"isPartOf\":{\"@id\":\"https:\/\/talkpal.ai\/hu\/#website\"},\"primaryImageOfPage\":{\"@id\":\"https:\/\/talkpal.ai\/hu\/grammar\/reszvetel-a-francia-nyelvtanbol\/#primaryimage\"},\"image\":{\"@id\":\"https:\/\/talkpal.ai\/hu\/grammar\/reszvetel-a-francia-nyelvtanbol\/#primaryimage\"},\"thumbnailUrl\":\"https:\/\/talkpal.ai\/wp-content\/uploads\/2025\/12\/students-in-grand-hall-learning-languages.webp\",\"datePublished\":\"2025-07-01T21:58:00+00:00\",\"description\":\"A francia nyelvtan elsaj\u00e1t\u00edt\u00e1sa sor\u00e1n kiemelked\u0151 jelent\u0151s\u00e9ge van a r\u00e9szv\u00e9tel (particip\u00e1ci\u00f3) t\u00e9m\u00e1j\u00e1nak, hiszen ez a nyelvi elem alapvet\u0151 szerepet j\u00e1tszik\",\"breadcrumb\":{\"@id\":\"https:\/\/talkpal.ai\/hu\/grammar\/reszvetel-a-francia-nyelvtanbol\/#breadcrumb\"},\"inLanguage\":\"hu\",\"potentialAction\":[{\"@type\":\"ReadAction\",\"target\":[\"https:\/\/talkpal.ai\/hu\/grammar\/reszvetel-a-francia-nyelvtanbol\/\"]}]},{\"@type\":\"ImageObject\",\"inLanguage\":\"hu\",\"@id\":\"https:\/\/talkpal.ai\/hu\/grammar\/reszvetel-a-francia-nyelvtanbol\/#primaryimage\",\"url\":\"https:\/\/talkpal.ai\/wp-content\/uploads\/2025\/12\/students-in-grand-hall-learning-languages.webp\",\"contentUrl\":\"https:\/\/talkpal.ai\/wp-content\/uploads\/2025\/12\/students-in-grand-hall-learning-languages.webp\",\"width\":1200,\"height\":896,\"caption\":\"Diverse students sit at a library table with books and laptops while focused on learning languages.\"},{\"@type\":\"BreadcrumbList\",\"@id\":\"https:\/\/talkpal.ai\/hu\/grammar\/reszvetel-a-francia-nyelvtanbol\/#breadcrumb\",\"itemListElement\":[{\"@type\":\"ListItem\",\"position\":1,\"name\":\"Homepage\",\"item\":\"https:\/\/talkpal.ai\/hu\/\"},{\"@type\":\"ListItem\",\"position\":2,\"name\":\"R\u00e9szv\u00e9tel a francia nyelvtanb\u00f3l\"}]},{\"@type\":\"WebSite\",\"@id\":\"https:\/\/talkpal.ai\/hu\/#website\",\"url\":\"https:\/\/talkpal.ai\/hu\/\",\"name\":\"Talkpal\",\"description\":\"AI Language Learning\",\"publisher\":{\"@id\":\"https:\/\/talkpal.ai\/hu\/#organization\"},\"alternateName\":\"Talkpal AI\",\"potentialAction\":[{\"@type\":\"SearchAction\",\"target\":{\"@type\":\"EntryPoint\",\"urlTemplate\":\"https:\/\/talkpal.ai\/hu\/?s={search_term_string}\"},\"query-input\":{\"@type\":\"PropertyValueSpecification\",\"valueRequired\":true,\"valueName\":\"search_term_string\"}}],\"inLanguage\":\"hu\"},{\"@type\":\"Organization\",\"@id\":\"https:\/\/talkpal.ai\/hu\/#organization\",\"name\":\"Talkpal, Inc.\",\"alternateName\":\"Talkpal AI\",\"url\":\"https:\/\/talkpal.ai\/hu\/\",\"logo\":{\"@type\":\"ImageObject\",\"inLanguage\":\"hu\",\"@id\":\"https:\/\/talkpal.ai\/hu\/#\/schema\/logo\/image\/\",\"url\":\"https:\/\/talkpal.ai\/wp-content\/uploads\/2024\/03\/Talkpal-Logo-Icon.png\",\"contentUrl\":\"https:\/\/talkpal.ai\/wp-content\/uploads\/2024\/03\/Talkpal-Logo-Icon.png\",\"width\":2880,\"height\":2880,\"caption\":\"Talkpal, Inc.\"},\"image\":{\"@id\":\"https:\/\/talkpal.ai\/hu\/#\/schema\/logo\/image\/\"},\"sameAs\":[\"https:\/\/www.facebook.com\/profile.php?id=100090733639311\",\"https:\/\/x.com\/talkpalai\",\"https:\/\/www.linkedin.com\/company\/talkpal\/\",\"https:\/\/www.youtube.com\/@TalkPal\/\",\"https:\/\/www.tiktok.com\/@talkpal\",\"https:\/\/www.instagram.com\/talkpal_ai\/\",\"https:\/\/www.crunchbase.com\/organization\/talkpal-9cde\",\"https:\/\/www.g2.com\/products\/talkpal-for-business\/\",\"https:\/\/www.trustpilot.com\/review\/talkpal.ai\",\"https:\/\/www.capterra.com\/p\/10006800\/TalkPal\/\"],\"description\":\"Talkpal is a language learning web and mobile education app, powered by the latest AI technologies, that provides engaging experiences to its customers in many different languages to help them improve their language skills. Users can chat about unlimited amount of topics with the app and use other modes to practice their language learning.\",\"email\":\"support@talkpal.ai\",\"legalName\":\"Talkpal, Inc.\",\"foundingDate\":\"2023-04-03\",\"duns\":\"118989042\",\"numberOfEmployees\":{\"@type\":\"QuantitativeValue\",\"minValue\":\"11\",\"maxValue\":\"50\"},\"publishingPrinciples\":\"https:\/\/talkpal.ai\/publishing-principles\/\",\"actionableFeedbackPolicy\":\"https:\/\/talkpal.ai\/actionable-feedback-policy\/\",\"correctionsPolicy\":\"https:\/\/talkpal.ai\/corrections-policy\/\",\"ethicsPolicy\":\"https:\/\/talkpal.ai\/ethics-policy\/\",\"diversityPolicy\":\"https:\/\/talkpal.ai\/diversity-policy\/\",\"diversityStaffingReport\":\"https:\/\/talkpal.ai\/diversity-policy\/\"}]}<\/script>\n<!-- \/ Yoast SEO Premium plugin. -->","yoast_head_json":{"title":"R\u00e9szv\u00e9tel a francia nyelvtanb\u00f3l - Talkpal","description":"A francia nyelvtan elsaj\u00e1t\u00edt\u00e1sa sor\u00e1n kiemelked\u0151 jelent\u0151s\u00e9ge van a r\u00e9szv\u00e9tel (particip\u00e1ci\u00f3) t\u00e9m\u00e1j\u00e1nak, hiszen ez a nyelvi elem alapvet\u0151 szerepet j\u00e1tszik","robots":{"index":"index","follow":"follow","max-snippet":"max-snippet:-1","max-image-preview":"max-image-preview:large","max-video-preview":"max-video-preview:-1"},"canonical":"https:\/\/talkpal.ai\/hu\/grammar\/reszvetel-a-francia-nyelvtanbol\/","og_locale":"hu_HU","og_type":"article","og_title":"R\u00e9szv\u00e9tel a francia nyelvtanb\u00f3l","og_description":"A francia nyelvtan elsaj\u00e1t\u00edt\u00e1sa sor\u00e1n kiemelked\u0151 jelent\u0151s\u00e9ge van a r\u00e9szv\u00e9tel (particip\u00e1ci\u00f3) t\u00e9m\u00e1j\u00e1nak, hiszen ez a nyelvi elem alapvet\u0151 szerepet j\u00e1tszik","og_url":"https:\/\/talkpal.ai\/hu\/grammar\/reszvetel-a-francia-nyelvtanbol\/","og_site_name":"Talkpal","article_publisher":"https:\/\/www.facebook.com\/profile.php?id=100090733639311","og_image":[{"width":2880,"height":1620,"url":"https:\/\/talkpal.ai\/wp-content\/uploads\/2025\/02\/Progress-tab-16_9.png","type":"image\/png"}],"twitter_card":"summary_large_image","twitter_site":"@talkpalai","twitter_misc":{"Becs\u00fclt olvas\u00e1si id\u0151":"6 perc"},"schema":{"@context":"https:\/\/schema.org","@graph":[{"@type":"WebPage","@id":"https:\/\/talkpal.ai\/hu\/grammar\/reszvetel-a-francia-nyelvtanbol\/","url":"https:\/\/talkpal.ai\/hu\/grammar\/reszvetel-a-francia-nyelvtanbol\/","name":"R\u00e9szv\u00e9tel a francia nyelvtanb\u00f3l - Talkpal","isPartOf":{"@id":"https:\/\/talkpal.ai\/hu\/#website"},"primaryImageOfPage":{"@id":"https:\/\/talkpal.ai\/hu\/grammar\/reszvetel-a-francia-nyelvtanbol\/#primaryimage"},"image":{"@id":"https:\/\/talkpal.ai\/hu\/grammar\/reszvetel-a-francia-nyelvtanbol\/#primaryimage"},"thumbnailUrl":"https:\/\/talkpal.ai\/wp-content\/uploads\/2025\/12\/students-in-grand-hall-learning-languages.webp","datePublished":"2025-07-01T21:58:00+00:00","description":"A francia nyelvtan elsaj\u00e1t\u00edt\u00e1sa sor\u00e1n kiemelked\u0151 jelent\u0151s\u00e9ge van a r\u00e9szv\u00e9tel (particip\u00e1ci\u00f3) t\u00e9m\u00e1j\u00e1nak, hiszen ez a nyelvi elem alapvet\u0151 szerepet j\u00e1tszik","breadcrumb":{"@id":"https:\/\/talkpal.ai\/hu\/grammar\/reszvetel-a-francia-nyelvtanbol\/#breadcrumb"},"inLanguage":"hu","potentialAction":[{"@type":"ReadAction","target":["https:\/\/talkpal.ai\/hu\/grammar\/reszvetel-a-francia-nyelvtanbol\/"]}]},{"@type":"ImageObject","inLanguage":"hu","@id":"https:\/\/talkpal.ai\/hu\/grammar\/reszvetel-a-francia-nyelvtanbol\/#primaryimage","url":"https:\/\/talkpal.ai\/wp-content\/uploads\/2025\/12\/students-in-grand-hall-learning-languages.webp","contentUrl":"https:\/\/talkpal.ai\/wp-content\/uploads\/2025\/12\/students-in-grand-hall-learning-languages.webp","width":1200,"height":896,"caption":"Diverse students sit at a library table with books and laptops while focused on learning languages."},{"@type":"BreadcrumbList","@id":"https:\/\/talkpal.ai\/hu\/grammar\/reszvetel-a-francia-nyelvtanbol\/#breadcrumb","itemListElement":[{"@type":"ListItem","position":1,"name":"Homepage","item":"https:\/\/talkpal.ai\/hu\/"},{"@type":"ListItem","position":2,"name":"R\u00e9szv\u00e9tel a francia nyelvtanb\u00f3l"}]},{"@type":"WebSite","@id":"https:\/\/talkpal.ai\/hu\/#website","url":"https:\/\/talkpal.ai\/hu\/","name":"Talkpal","description":"AI Language Learning","publisher":{"@id":"https:\/\/talkpal.ai\/hu\/#organization"},"alternateName":"Talkpal AI","potentialAction":[{"@type":"SearchAction","target":{"@type":"EntryPoint","urlTemplate":"https:\/\/talkpal.ai\/hu\/?s={search_term_string}"},"query-input":{"@type":"PropertyValueSpecification","valueRequired":true,"valueName":"search_term_string"}}],"inLanguage":"hu"},{"@type":"Organization","@id":"https:\/\/talkpal.ai\/hu\/#organization","name":"Talkpal, Inc.","alternateName":"Talkpal AI","url":"https:\/\/talkpal.ai\/hu\/","logo":{"@type":"ImageObject","inLanguage":"hu","@id":"https:\/\/talkpal.ai\/hu\/#\/schema\/logo\/image\/","url":"https:\/\/talkpal.ai\/wp-content\/uploads\/2024\/03\/Talkpal-Logo-Icon.png","contentUrl":"https:\/\/talkpal.ai\/wp-content\/uploads\/2024\/03\/Talkpal-Logo-Icon.png","width":2880,"height":2880,"caption":"Talkpal, Inc."},"image":{"@id":"https:\/\/talkpal.ai\/hu\/#\/schema\/logo\/image\/"},"sameAs":["https:\/\/www.facebook.com\/profile.php?id=100090733639311","https:\/\/x.com\/talkpalai","https:\/\/www.linkedin.com\/company\/talkpal\/","https:\/\/www.youtube.com\/@TalkPal\/","https:\/\/www.tiktok.com\/@talkpal","https:\/\/www.instagram.com\/talkpal_ai\/","https:\/\/www.crunchbase.com\/organization\/talkpal-9cde","https:\/\/www.g2.com\/products\/talkpal-for-business\/","https:\/\/www.trustpilot.com\/review\/talkpal.ai","https:\/\/www.capterra.com\/p\/10006800\/TalkPal\/"],"description":"Talkpal is a language learning web and mobile education app, powered by the latest AI technologies, that provides engaging experiences to its customers in many different languages to help them improve their language skills. Users can chat about unlimited amount of topics with the app and use other modes to practice their language learning.","email":"support@talkpal.ai","legalName":"Talkpal, Inc.","foundingDate":"2023-04-03","duns":"118989042","numberOfEmployees":{"@type":"QuantitativeValue","minValue":"11","maxValue":"50"},"publishingPrinciples":"https:\/\/talkpal.ai\/publishing-principles\/","actionableFeedbackPolicy":"https:\/\/talkpal.ai\/actionable-feedback-policy\/","correctionsPolicy":"https:\/\/talkpal.ai\/corrections-policy\/","ethicsPolicy":"https:\/\/talkpal.ai\/ethics-policy\/","diversityPolicy":"https:\/\/talkpal.ai\/diversity-policy\/","diversityStaffingReport":"https:\/\/talkpal.ai\/diversity-policy\/"}]}},"_links":{"self":[{"href":"https:\/\/talkpal.ai\/hu\/wp-json\/wp\/v2\/grammar\/1078821","targetHints":{"allow":["GET"]}}],"collection":[{"href":"https:\/\/talkpal.ai\/hu\/wp-json\/wp\/v2\/grammar"}],"about":[{"href":"https:\/\/talkpal.ai\/hu\/wp-json\/wp\/v2\/types\/grammar"}],"wp:featuredmedia":[{"embeddable":true,"href":"https:\/\/talkpal.ai\/hu\/wp-json\/wp\/v2\/media\/1527943"}],"wp:attachment":[{"href":"https:\/\/talkpal.ai\/hu\/wp-json\/wp\/v2\/media?parent=1078821"}],"wp:term":[{"taxonomy":"language","embeddable":true,"href":"https:\/\/talkpal.ai\/hu\/wp-json\/wp\/v2\/language?post=1078821"}],"curies":[{"name":"wp","href":"https:\/\/api.w.org\/{rel}","templated":true}]}}