{"id":1078820,"date":"2025-07-01T21:57:50","date_gmt":"2025-07-01T21:57:50","guid":{"rendered":"https:\/\/talkpal.ai\/grammar\/subjonctif-a-francia-nyelvtanban\/"},"modified":"2025-07-01T21:57:50","modified_gmt":"2025-07-01T21:57:50","slug":"subjonctif-a-francia-nyelvtanban","status":"publish","type":"grammar","link":"https:\/\/talkpal.ai\/hu\/grammar\/subjonctif-a-francia-nyelvtanban\/","title":{"rendered":"Subjonctif a francia nyelvtanban"},"content":{"rendered":"<p>A <a href=\"https:\/\/talkpal.ai\/learn-french\/\">francia<\/a> nyelvben a <a href=\"https:\/\/talkpal.ai\/zh-hans\/grammar_exercises\/subjonctif-%e6%b3%95%e8%af%ad%e8%af%ad%e6%b3%95%e7%bb%83%e4%b9%a0\/\">subjonctif<\/a>, azaz k\u00f6t\u0151m\u00f3d, az egyik legizgalmasabb \u00e9s ugyanakkor legnagyobb kih\u00edv\u00e1st jelent\u0151 nyelvtani szerkezet a tanul\u00f3k sz\u00e1m\u00e1ra. Ez a m\u00f3d nemcsak a nyelvtanul\u00f3k, de sokszor m\u00e9g az anyanyelvi besz\u00e9l\u0151k sz\u00e1m\u00e1ra is okozhat neh\u00e9zs\u00e9get. A subjonctif a francia nyelvtanban alapvet\u0151 szerepet j\u00e1tszik az \u00e9rzelmek, k\u00edv\u00e1ns\u00e1gok, k\u00e9telyek \u00e9s bizonytalans\u00e1gok kifejez\u00e9s\u00e9ben, \u00edgy elengedhetetlen a magas szint\u0171 nyelvtud\u00e1shoz. Ebben a cikkben r\u00e9szletesen bemutatjuk, mikor \u00e9s hogyan kell haszn\u00e1lni a subjonctif m\u00f3dot, milyen igealakokat alkalmazunk, valamint tippeket adunk a hat\u00e9kony tanul\u00e1shoz. A <a href=\"https:\/\/talkpal.ai\/ko\/ai-%ec%96%b8%ec%96%b4-%ea%b5%90%ec%82%ac\/\">Talkpal<\/a> kiv\u00e1l\u00f3 eszk\u00f6z lehet a subjonctif elsaj\u00e1t\u00edt\u00e1s\u00e1hoz, hiszen interakt\u00edv gyakorlataival \u00e9s val\u00f3s \u00e9letb\u0151l vett p\u00e9ld\u00e1ival seg\u00edti a tanul\u00f3kat a magabiztos haszn\u00e1latban.<\/p>\n<h2>Mi az a subjonctif a francia nyelvtanban?<\/h2>\n<p>A subjonctif, magyarul k\u00f6t\u0151m\u00f3d, olyan igealak, amely nem konkr\u00e9t t\u00e9nyeket, hanem v\u00e1gyakat, lehet\u0151s\u00e9geket, f\u00e9lelmeket, felt\u00e9telez\u00e9seket, illetve szubjekt\u00edv meg\u00edt\u00e9l\u00e9seket fejez ki. A francia nyelvben a subjonctif haszn\u00e1lata \u00e1ltal\u00e1ban mell\u00e9kmondatokban fordul el\u0151, de \u00f6n\u00e1ll\u00f3an is el\u0151fordulhat, p\u00e9ld\u00e1ul k\u00edv\u00e1ns\u00e1gok, felsz\u00f3l\u00edt\u00e1sok eset\u00e9n.<\/p>\n<h3>A subjonctif szerepe a kommunik\u00e1ci\u00f3ban<\/h3>\n<p>A subjonctif f\u0151 funkci\u00f3i k\u00f6z\u00e9 tartozik:<\/p>\n<ul>\n<li>\u00c9rzelmek (\u00f6r\u00f6m, b\u00e1nat, f\u00e9lelem) kifejez\u00e9se<\/li>\n<li>K\u00edv\u00e1ns\u00e1gok, parancsok, tan\u00e1csok k\u00f6zl\u00e9se<\/li>\n<li>Lehet\u0151s\u00e9gek, felt\u00e9telez\u00e9sek, bizonytalans\u00e1gok bemutat\u00e1sa<\/li>\n<li>Szem\u00e9lyes v\u00e9lem\u00e9ny vagy szubjekt\u00edv \u00e9rt\u00e9kel\u00e9s hangs\u00falyoz\u00e1sa<\/li>\n<\/ul>\n<p>A subjonctif teh\u00e1t a besz\u00e9l\u0151 \u00e9rzelmi vagy ment\u00e1lis hozz\u00e1\u00e1ll\u00e1s\u00e1t t\u00fckr\u00f6zi egy adott cselekv\u00e9shez vagy helyzethez.<\/p>\n<h2>Mikor haszn\u00e1ljuk a subjonctif m\u00f3dot?<\/h2>\n<p>A subjonctif m\u00f3dot t\u00f6bbf\u00e9le szitu\u00e1ci\u00f3ban is alkalmazzuk, f\u0151k\u00e9nt bizonyos f\u0151mondatok \u00e9s k\u00f6t\u0151sz\u00f3k ut\u00e1n. Az al\u00e1bbiakban \u00f6sszegy\u0171jt\u00f6tt\u00fck a leggyakoribb eseteket, amikor elengedhetetlen a subjonctif haszn\u00e1lata.<\/p>\n<h3>1. \u00c9rzelmek, v\u00e9lem\u00e9nyek, k\u00edv\u00e1ns\u00e1gok<\/h3>\n<p>A subjonctif gyakran jelenik meg olyan ig\u00e9k ut\u00e1n, amelyek \u00e9rzelmeket, v\u00e9lem\u00e9nyt vagy k\u00edv\u00e1ns\u00e1got fejeznek ki. Ilyen ig\u00e9k lehetnek p\u00e9ld\u00e1ul:<\/p>\n<ul>\n<li>vouloir (akarni), souhaiter (k\u00edv\u00e1nni), d\u00e9sirer (\u00f3hajtani)<\/li>\n<li>avoir peur que (f\u00e9lni att\u00f3l, hogy), \u00eatre content que (\u00f6r\u00fclni annak, hogy)<\/li>\n<li>douter que (k\u00e9telkedni abban, hogy), regretter que (sajn\u00e1lni, hogy)<\/li>\n<\/ul>\n<p>P\u00e9lda:<br \/>\n<em>Je veux que tu viennes.<\/em> (Azt akarom, hogy elgyere.)<\/p>\n<h3>2. Bizonytalans\u00e1g, k\u00e9tely, felt\u00e9telez\u00e9s<\/h3>\n<p>A subjonctif sz\u00fcks\u00e9ges olyan f\u0151mondatok ut\u00e1n, amelyek nem biztos t\u00e9nyeket k\u00f6z\u00f6lnek:<\/p>\n<ul>\n<li>Il est possible que (lehets\u00e9ges, hogy)<\/li>\n<li>Il se peut que (megeshet, hogy)<\/li>\n<li>Il semble que (\u00fagy t\u0171nik, hogy)<\/li>\n<\/ul>\n<p>P\u00e9lda:<br \/>\n<em>Il est possible qu\u2019il pleuve demain.<\/em> (Lehet, hogy holnap esni fog.)<\/p>\n<h3>3. Szem\u00e9lyes \u00e9rt\u00e9kel\u00e9s, szubjekt\u00edv meg\u00edt\u00e9l\u00e9s<\/h3>\n<p>A subjonctif el\u0151fordul, amikor valamit szubjekt\u00edven \u00e9rt\u00e9kel\u00fcnk:<\/p>\n<ul>\n<li>C\u2019est dommage que (k\u00e1r, hogy)<\/li>\n<li>C\u2019est important que (fontos, hogy)<\/li>\n<li>C\u2019est bizarre que (furcsa, hogy)<\/li>\n<\/ul>\n<p>P\u00e9lda:<br \/>\n<em>C\u2019est dommage que tu partes si t\u00f4t.<\/em> (K\u00e1r, hogy ilyen kor\u00e1n m\u00e9sz el.)<\/p>\n<h3>4. Bizonyos k\u00f6t\u0151szavak, kifejez\u00e9sek ut\u00e1n<\/h3>\n<p>Sz\u00e1mos k\u00f6t\u0151sz\u00f3 automatikusan subjonctifot von maga ut\u00e1n:<\/p>\n<ul>\n<li>pour que (az\u00e9rt, hogy)<\/li>\n<li>afin que (abb\u00f3l a c\u00e9lb\u00f3l, hogy)<\/li>\n<li>bien que (hab\u00e1r)<\/li>\n<li>\u00e0 condition que (azzal a felt\u00e9tellel, hogy)<\/li>\n<li>avant que (miel\u0151tt)<\/li>\n<\/ul>\n<p>P\u00e9lda:<br \/>\n<em>Je t\u2019appelle pour que tu saches la v\u00e9rit\u00e9.<\/em> (Az\u00e9rt h\u00edvlak, hogy tudd az igazs\u00e1got.)<\/p>\n<h2>Hogyan k\u00e9pezz\u00fck a subjonctif igealakokat?<\/h2>\n<p>A subjonctif jelen idej\u0171 alakjainak k\u00e9pz\u00e9se nagyj\u00e1b\u00f3l szab\u00e1lyos, de vannak kiv\u00e9telek \u00e9s rendhagy\u00f3 ig\u00e9k is, amelyekre k\u00fcl\u00f6n\u00f6sen oda kell figyelni.<\/p>\n<h3>Szab\u00e1lyos ig\u00e9k subjonctif k\u00e9pz\u00e9se<\/h3>\n<p>A legt\u00f6bb -er, -ir, -re v\u00e9g\u0171 ige subjonctif alakj\u00e1t az egyes sz\u00e1m harmadik szem\u00e9ly\u0171 (ils\/elles) jelen idej\u0171 alakj\u00e1b\u00f3l k\u00e9pezz\u00fck, \u00e9s ehhez adjuk hozz\u00e1 a megfelel\u0151 v\u00e9gz\u0151d\u00e9seket:<\/p>\n<ul>\n<li>-e<\/li>\n<li>-es<\/li>\n<li>-e<\/li>\n<li>-ions<\/li>\n<li>-iez<\/li>\n<li>-ent<\/li>\n<\/ul>\n<p>P\u00e9ld\u00e1k az <em>aimer<\/em> (szeretni) ig\u00e9vel:<\/p>\n<ul>\n<li>que j\u2019aime<\/li>\n<li>que tu aimes<\/li>\n<li>qu\u2019il\/elle aime<\/li>\n<li>que nous aimions<\/li>\n<li>que vous aimiez<\/li>\n<li>qu\u2019ils\/elles aiment<\/li>\n<\/ul>\n<h3>Rendhagy\u00f3 ig\u00e9k subjonctif alakjai<\/h3>\n<p>Sz\u00e1mos gyakran haszn\u00e1lt ige rendhagy\u00f3 a subjonctifban. N\u00e9h\u00e1ny fontosabb p\u00e9lda:<\/p>\n<ul>\n<li><b>\u00eatre<\/b> (lenni): que je sois, que tu sois, qu\u2019il\/elle soit, que nous soyons, que vous soyez, qu\u2019ils\/elles soient<\/li>\n<li><b>avoir<\/b> (birtokolni): que j\u2019aie, que tu aies, qu\u2019il\/elle ait, que nous ayons, que vous ayez, qu\u2019ils\/elles aient<\/li>\n<li><b>aller<\/b> (menni): que j\u2019aille, que tu ailles, qu\u2019il\/elle aille, que nous allions, que vous alliez, qu\u2019ils\/elles aillent<\/li>\n<li><b>faire<\/b> (csin\u00e1lni): que je fasse, que tu fasses, qu\u2019il\/elle fasse, que nous fassions, que vous fassiez, qu\u2019ils\/elles fassent<\/li>\n<li><b>pouvoir<\/b> (tudni): que je puisse, que tu puisses, qu\u2019il\/elle puisse, que nous puissions, que vous puissiez, qu\u2019ils\/elles puissent<\/li>\n<\/ul>\n<h2>Subjonctif m\u00falt id\u0151: mikor \u00e9s hogyan haszn\u00e1ljuk?<\/h2>\n<p>A <a href=\"https:\/\/talkpal.ai\/culture\/how-do-i-use-subjonctif-passe\/\">subjonctif pass\u00e9<\/a> (m\u00falt idej\u0171 k\u00f6t\u0151m\u00f3d) akkor haszn\u00e1latos, ha a mell\u00e9kmondatban kifejezett cselekv\u00e9s megel\u0151zi a f\u0151mondatban le\u00edrt esem\u00e9nyt vagy \u00e1llapotot. K\u00e9pz\u00e9se seg\u00e9dige (avoir vagy \u00eatre) subjonctif jelen idej\u0171 alakj\u00e1b\u00f3l \u00e9s a f\u0151ige m\u00falt idej\u0171 mell\u00e9kn\u00e9vi igenev\u00e9b\u0151l (<a href=\"https:\/\/talkpal.ai\/ar\/grammar_exercises\/participe-passe-%d8%aa%d9%85%d8%a7%d8%b1%d9%8a%d9%86-%d9%84%d9%84%d9%82%d9%88%d8%a7%d8%b9%d8%af-%d8%a7%d9%84%d9%81%d8%b1%d9%86%d8%b3%d9%8a%d8%a9\/\">participe pass\u00e9<\/a>) t\u00f6rt\u00e9nik.<\/p>\n<p>P\u00e9lda:<br \/>\n<em>Je suis content que tu aies r\u00e9ussi.<\/em> (\u00d6r\u00fcl\u00f6k, hogy siker\u00fclt.)<\/p>\n<h2>A subjonctif jellemz\u0151 hib\u00e1i \u00e9s neh\u00e9zs\u00e9gei<\/h2>\n<p>A subjonctif helyes haszn\u00e1lata sok nyelvtanul\u00f3nak fejt\u00f6r\u00e9st okoz. A leggyakoribb hib\u00e1k:<\/p>\n<ul>\n<li>Indikativus (kijelent\u0151 m\u00f3d) haszn\u00e1lata subjonctif helyett<\/li>\n<li>Rendhagy\u00f3 ig\u00e9k hib\u00e1s ragoz\u00e1sa<\/li>\n<li>Subjonctif haszn\u00e1lata olyan kifejez\u00e9sek ut\u00e1n, amelyek indikativust ig\u00e9nyelnek<\/li>\n<li>Subjonctif elfelejt\u00e9se k\u00f6telez\u0151 k\u00f6t\u0151sz\u00f3k ut\u00e1n<\/li>\n<\/ul>\n<h2>Tippek a subjonctif hat\u00e9kony elsaj\u00e1t\u00edt\u00e1s\u00e1hoz<\/h2>\n<h3>1. Ismerd fel a kulcsfontoss\u00e1g\u00fa kifejez\u00e9seket!<\/h3>\n<p>K\u00e9sz\u00edts list\u00e1t azokr\u00f3l a f\u0151mondatokr\u00f3l \u00e9s k\u00f6t\u0151szavakr\u00f3l, amelyek ut\u00e1n mindig subjonctif k\u00f6vetkezik. Gyakori ism\u00e9tl\u00e9ssel ezek automatikuss\u00e1 v\u00e1lnak.<\/p>\n<h3>2. Gyakorolj \u00e9letszer\u0171 p\u00e9ldamondatokkal!<\/h3>\n<p>A Talkpal vagy m\u00e1s interakt\u00edv tanul\u00f3platformok seg\u00edts\u00e9g\u00e9vel gyakorold a subjonctif haszn\u00e1lat\u00e1t val\u00f3s szitu\u00e1ci\u00f3kban.<\/p>\n<h3>3. Ismerd meg a rendhagy\u00f3 ig\u00e9ket!<\/h3>\n<p>F\u00f3kusz\u00e1lj a leggyakoribb rendhagy\u00f3 ig\u00e9k subjonctif alakjaira, hiszen ezek szinte <a href=\"https:\/\/talkpal.ai\/locations\/language-courses-in-minden\/\">minden<\/a> besz\u00e9lget\u00e9sben el\u0151ker\u00fclhetnek.<\/p>\n<h3>4. Hallgass \u00e9s olvass eredeti francia sz\u00f6vegeket!<\/h3>\n<p>Figyeld meg, hogyan haszn\u00e1lj\u00e1k a subjonctifot a filmekben, dalokban, reg\u00e9nyekben \u00e9s \u00fajs\u00e1gcikkekben.<\/p>\n<h3>5. V\u00e9gezz \u00f6nellen\u0151rz\u0151 teszteket!<\/h3>\n<p>A rendszeres \u00f6nellen\u0151rz\u00e9s seg\u00edt felismerni a hib\u00e1kat \u00e9s magabiztosabb\u00e1 tesz a subjonctif alkalmaz\u00e1s\u00e1ban.<\/p>\n<h2>\u00d6sszefoglal\u00e1s<\/h2>\n<p>A subjonctif a <a href=\"https:\/\/talkpal.ai\/hu\/grammar\/passe-egyszeru-a-francia-nyelvtanban\/\">francia nyelvtan<\/a> egyik legfontosabb \u00e9s leg\u00e9rdekesebb aspektusa, amely n\u00e9lk\u00fcl\u00f6zhetetlen a magabiztos, \u00e1rnyalt kommunik\u00e1ci\u00f3hoz. B\u00e1r els\u0151re bonyolultnak t\u0171nhet, megfelel\u0151 m\u00f3dszerekkel \u00e9s rendszeres gyakorl\u00e1ssal k\u00f6nnyen elsaj\u00e1t\u00edthat\u00f3. Ne feledd, hogy a kulcs a kitart\u00e1s, a gyakori ism\u00e9tl\u00e9s \u00e9s a val\u00f3di szitu\u00e1ci\u00f3kban t\u00f6rt\u00e9n\u0151 alkalmaz\u00e1s. A Talkpal kiv\u00e1l\u00f3 eszk\u00f6zt k\u00edn\u00e1l ahhoz, hogy a subjonctif haszn\u00e1lata term\u00e9szetess\u00e9 v\u00e1ljon sz\u00e1modra, \u00e9s egyre magabiztosabban kommunik\u00e1lj franci\u00e1ul. Ha szeretn\u00e9d elm\u00e9ly\u00edteni tud\u00e1sodat, pr\u00f3b\u00e1ld ki interakt\u00edv feladatait, \u00e9s fedezd fel a francia nyelv sz\u00e9ps\u00e9geit a subjonctif seg\u00edts\u00e9g\u00e9vel!<\/p>\n","protected":false},"featured_media":1527613,"template":"","language":[12300,12308],"class_list":["post-1078820","grammar","type-grammar","status-publish","has-post-thumbnail","hentry","language-francia","language-igek-francia-nyelvtan"],"acf":[],"yoast_head":"<!-- This site is optimized with the Yoast SEO Premium plugin v27.2 (Yoast SEO v27.2) - https:\/\/yoast.com\/product\/yoast-seo-premium-wordpress\/ -->\n<title>Subjonctif a francia nyelvtanban - Talkpal<\/title>\n<meta name=\"description\" content=\"A francia nyelvben a subjonctif, azaz k\u00f6t\u0151m\u00f3d, az egyik legizgalmasabb \u00e9s ugyanakkor legnagyobb kih\u00edv\u00e1st jelent\u0151 nyelvtani szerkezet a tanul\u00f3k sz\u00e1m\u00e1ra. Ez\" \/>\n<meta name=\"robots\" content=\"index, follow, max-snippet:-1, max-image-preview:large, max-video-preview:-1\" \/>\n<link rel=\"canonical\" href=\"https:\/\/talkpal.ai\/hu\/grammar\/subjonctif-a-francia-nyelvtanban\/\" \/>\n<meta property=\"og:locale\" content=\"hu_HU\" \/>\n<meta property=\"og:type\" content=\"article\" \/>\n<meta property=\"og:title\" content=\"Subjonctif a francia nyelvtanban\" \/>\n<meta property=\"og:description\" content=\"A francia nyelvben a subjonctif, azaz k\u00f6t\u0151m\u00f3d, az egyik legizgalmasabb \u00e9s ugyanakkor legnagyobb kih\u00edv\u00e1st jelent\u0151 nyelvtani szerkezet a tanul\u00f3k sz\u00e1m\u00e1ra. Ez\" \/>\n<meta property=\"og:url\" content=\"https:\/\/talkpal.ai\/hu\/grammar\/subjonctif-a-francia-nyelvtanban\/\" \/>\n<meta property=\"og:site_name\" content=\"Talkpal\" \/>\n<meta property=\"article:publisher\" content=\"https:\/\/www.facebook.com\/profile.php?id=100090733639311\" \/>\n<meta property=\"og:image\" content=\"https:\/\/talkpal.ai\/wp-content\/uploads\/2025\/02\/Progress-tab-16_9.png\" \/>\n\t<meta property=\"og:image:width\" content=\"2880\" \/>\n\t<meta property=\"og:image:height\" content=\"1620\" \/>\n\t<meta property=\"og:image:type\" content=\"image\/png\" \/>\n<meta name=\"twitter:card\" content=\"summary_large_image\" \/>\n<meta name=\"twitter:site\" content=\"@talkpalai\" \/>\n<meta name=\"twitter:label1\" content=\"Becs\u00fclt olvas\u00e1si id\u0151\" \/>\n\t<meta name=\"twitter:data1\" content=\"6 perc\" \/>\n<script type=\"application\/ld+json\" class=\"yoast-schema-graph\">{\"@context\":\"https:\/\/schema.org\",\"@graph\":[{\"@type\":\"WebPage\",\"@id\":\"https:\/\/talkpal.ai\/hu\/grammar\/subjonctif-a-francia-nyelvtanban\/\",\"url\":\"https:\/\/talkpal.ai\/hu\/grammar\/subjonctif-a-francia-nyelvtanban\/\",\"name\":\"Subjonctif a francia nyelvtanban - Talkpal\",\"isPartOf\":{\"@id\":\"https:\/\/talkpal.ai\/hu\/#website\"},\"primaryImageOfPage\":{\"@id\":\"https:\/\/talkpal.ai\/hu\/grammar\/subjonctif-a-francia-nyelvtanban\/#primaryimage\"},\"image\":{\"@id\":\"https:\/\/talkpal.ai\/hu\/grammar\/subjonctif-a-francia-nyelvtanban\/#primaryimage\"},\"thumbnailUrl\":\"https:\/\/talkpal.ai\/wp-content\/uploads\/2025\/12\/classroom-is-occupied-to-learn-languages.webp\",\"datePublished\":\"2025-07-01T21:57:50+00:00\",\"description\":\"A francia nyelvben a subjonctif, azaz k\u00f6t\u0151m\u00f3d, az egyik legizgalmasabb \u00e9s ugyanakkor legnagyobb kih\u00edv\u00e1st jelent\u0151 nyelvtani szerkezet a tanul\u00f3k sz\u00e1m\u00e1ra. Ez\",\"breadcrumb\":{\"@id\":\"https:\/\/talkpal.ai\/hu\/grammar\/subjonctif-a-francia-nyelvtanban\/#breadcrumb\"},\"inLanguage\":\"hu\",\"potentialAction\":[{\"@type\":\"ReadAction\",\"target\":[\"https:\/\/talkpal.ai\/hu\/grammar\/subjonctif-a-francia-nyelvtanban\/\"]}]},{\"@type\":\"ImageObject\",\"inLanguage\":\"hu\",\"@id\":\"https:\/\/talkpal.ai\/hu\/grammar\/subjonctif-a-francia-nyelvtanban\/#primaryimage\",\"url\":\"https:\/\/talkpal.ai\/wp-content\/uploads\/2025\/12\/classroom-is-occupied-to-learn-languages.webp\",\"contentUrl\":\"https:\/\/talkpal.ai\/wp-content\/uploads\/2025\/12\/classroom-is-occupied-to-learn-languages.webp\",\"width\":1200,\"height\":896,\"caption\":\"Students use laptops in a sunlit classroom while learning languages.\"},{\"@type\":\"BreadcrumbList\",\"@id\":\"https:\/\/talkpal.ai\/hu\/grammar\/subjonctif-a-francia-nyelvtanban\/#breadcrumb\",\"itemListElement\":[{\"@type\":\"ListItem\",\"position\":1,\"name\":\"Homepage\",\"item\":\"https:\/\/talkpal.ai\/hu\/\"},{\"@type\":\"ListItem\",\"position\":2,\"name\":\"Subjonctif a francia nyelvtanban\"}]},{\"@type\":\"WebSite\",\"@id\":\"https:\/\/talkpal.ai\/hu\/#website\",\"url\":\"https:\/\/talkpal.ai\/hu\/\",\"name\":\"Talkpal\",\"description\":\"AI Language Learning\",\"publisher\":{\"@id\":\"https:\/\/talkpal.ai\/hu\/#organization\"},\"alternateName\":\"Talkpal AI\",\"potentialAction\":[{\"@type\":\"SearchAction\",\"target\":{\"@type\":\"EntryPoint\",\"urlTemplate\":\"https:\/\/talkpal.ai\/hu\/?s={search_term_string}\"},\"query-input\":{\"@type\":\"PropertyValueSpecification\",\"valueRequired\":true,\"valueName\":\"search_term_string\"}}],\"inLanguage\":\"hu\"},{\"@type\":\"Organization\",\"@id\":\"https:\/\/talkpal.ai\/hu\/#organization\",\"name\":\"Talkpal, Inc.\",\"alternateName\":\"Talkpal AI\",\"url\":\"https:\/\/talkpal.ai\/hu\/\",\"logo\":{\"@type\":\"ImageObject\",\"inLanguage\":\"hu\",\"@id\":\"https:\/\/talkpal.ai\/hu\/#\/schema\/logo\/image\/\",\"url\":\"https:\/\/talkpal.ai\/wp-content\/uploads\/2024\/03\/Talkpal-Logo-Icon.png\",\"contentUrl\":\"https:\/\/talkpal.ai\/wp-content\/uploads\/2024\/03\/Talkpal-Logo-Icon.png\",\"width\":2880,\"height\":2880,\"caption\":\"Talkpal, Inc.\"},\"image\":{\"@id\":\"https:\/\/talkpal.ai\/hu\/#\/schema\/logo\/image\/\"},\"sameAs\":[\"https:\/\/www.facebook.com\/profile.php?id=100090733639311\",\"https:\/\/x.com\/talkpalai\",\"https:\/\/www.linkedin.com\/company\/talkpal\/\",\"https:\/\/www.youtube.com\/@TalkPal\/\",\"https:\/\/www.tiktok.com\/@talkpal\",\"https:\/\/www.instagram.com\/talkpal_ai\/\",\"https:\/\/www.crunchbase.com\/organization\/talkpal-9cde\",\"https:\/\/www.g2.com\/products\/talkpal-for-business\/\",\"https:\/\/www.trustpilot.com\/review\/talkpal.ai\",\"https:\/\/www.capterra.com\/p\/10006800\/TalkPal\/\"],\"description\":\"Talkpal is a language learning web and mobile education app, powered by the latest AI technologies, that provides engaging experiences to its customers in many different languages to help them improve their language skills. Users can chat about unlimited amount of topics with the app and use other modes to practice their language learning.\",\"email\":\"support@talkpal.ai\",\"legalName\":\"Talkpal, Inc.\",\"foundingDate\":\"2023-04-03\",\"duns\":\"118989042\",\"numberOfEmployees\":{\"@type\":\"QuantitativeValue\",\"minValue\":\"11\",\"maxValue\":\"50\"},\"publishingPrinciples\":\"https:\/\/talkpal.ai\/publishing-principles\/\",\"actionableFeedbackPolicy\":\"https:\/\/talkpal.ai\/actionable-feedback-policy\/\",\"correctionsPolicy\":\"https:\/\/talkpal.ai\/corrections-policy\/\",\"ethicsPolicy\":\"https:\/\/talkpal.ai\/ethics-policy\/\",\"diversityPolicy\":\"https:\/\/talkpal.ai\/diversity-policy\/\",\"diversityStaffingReport\":\"https:\/\/talkpal.ai\/diversity-policy\/\"}]}<\/script>\n<!-- \/ Yoast SEO Premium plugin. -->","yoast_head_json":{"title":"Subjonctif a francia nyelvtanban - Talkpal","description":"A francia nyelvben a subjonctif, azaz k\u00f6t\u0151m\u00f3d, az egyik legizgalmasabb \u00e9s ugyanakkor legnagyobb kih\u00edv\u00e1st jelent\u0151 nyelvtani szerkezet a tanul\u00f3k sz\u00e1m\u00e1ra. Ez","robots":{"index":"index","follow":"follow","max-snippet":"max-snippet:-1","max-image-preview":"max-image-preview:large","max-video-preview":"max-video-preview:-1"},"canonical":"https:\/\/talkpal.ai\/hu\/grammar\/subjonctif-a-francia-nyelvtanban\/","og_locale":"hu_HU","og_type":"article","og_title":"Subjonctif a francia nyelvtanban","og_description":"A francia nyelvben a subjonctif, azaz k\u00f6t\u0151m\u00f3d, az egyik legizgalmasabb \u00e9s ugyanakkor legnagyobb kih\u00edv\u00e1st jelent\u0151 nyelvtani szerkezet a tanul\u00f3k sz\u00e1m\u00e1ra. Ez","og_url":"https:\/\/talkpal.ai\/hu\/grammar\/subjonctif-a-francia-nyelvtanban\/","og_site_name":"Talkpal","article_publisher":"https:\/\/www.facebook.com\/profile.php?id=100090733639311","og_image":[{"width":2880,"height":1620,"url":"https:\/\/talkpal.ai\/wp-content\/uploads\/2025\/02\/Progress-tab-16_9.png","type":"image\/png"}],"twitter_card":"summary_large_image","twitter_site":"@talkpalai","twitter_misc":{"Becs\u00fclt olvas\u00e1si id\u0151":"6 perc"},"schema":{"@context":"https:\/\/schema.org","@graph":[{"@type":"WebPage","@id":"https:\/\/talkpal.ai\/hu\/grammar\/subjonctif-a-francia-nyelvtanban\/","url":"https:\/\/talkpal.ai\/hu\/grammar\/subjonctif-a-francia-nyelvtanban\/","name":"Subjonctif a francia nyelvtanban - Talkpal","isPartOf":{"@id":"https:\/\/talkpal.ai\/hu\/#website"},"primaryImageOfPage":{"@id":"https:\/\/talkpal.ai\/hu\/grammar\/subjonctif-a-francia-nyelvtanban\/#primaryimage"},"image":{"@id":"https:\/\/talkpal.ai\/hu\/grammar\/subjonctif-a-francia-nyelvtanban\/#primaryimage"},"thumbnailUrl":"https:\/\/talkpal.ai\/wp-content\/uploads\/2025\/12\/classroom-is-occupied-to-learn-languages.webp","datePublished":"2025-07-01T21:57:50+00:00","description":"A francia nyelvben a subjonctif, azaz k\u00f6t\u0151m\u00f3d, az egyik legizgalmasabb \u00e9s ugyanakkor legnagyobb kih\u00edv\u00e1st jelent\u0151 nyelvtani szerkezet a tanul\u00f3k sz\u00e1m\u00e1ra. Ez","breadcrumb":{"@id":"https:\/\/talkpal.ai\/hu\/grammar\/subjonctif-a-francia-nyelvtanban\/#breadcrumb"},"inLanguage":"hu","potentialAction":[{"@type":"ReadAction","target":["https:\/\/talkpal.ai\/hu\/grammar\/subjonctif-a-francia-nyelvtanban\/"]}]},{"@type":"ImageObject","inLanguage":"hu","@id":"https:\/\/talkpal.ai\/hu\/grammar\/subjonctif-a-francia-nyelvtanban\/#primaryimage","url":"https:\/\/talkpal.ai\/wp-content\/uploads\/2025\/12\/classroom-is-occupied-to-learn-languages.webp","contentUrl":"https:\/\/talkpal.ai\/wp-content\/uploads\/2025\/12\/classroom-is-occupied-to-learn-languages.webp","width":1200,"height":896,"caption":"Students use laptops in a sunlit classroom while learning languages."},{"@type":"BreadcrumbList","@id":"https:\/\/talkpal.ai\/hu\/grammar\/subjonctif-a-francia-nyelvtanban\/#breadcrumb","itemListElement":[{"@type":"ListItem","position":1,"name":"Homepage","item":"https:\/\/talkpal.ai\/hu\/"},{"@type":"ListItem","position":2,"name":"Subjonctif a francia nyelvtanban"}]},{"@type":"WebSite","@id":"https:\/\/talkpal.ai\/hu\/#website","url":"https:\/\/talkpal.ai\/hu\/","name":"Talkpal","description":"AI Language Learning","publisher":{"@id":"https:\/\/talkpal.ai\/hu\/#organization"},"alternateName":"Talkpal AI","potentialAction":[{"@type":"SearchAction","target":{"@type":"EntryPoint","urlTemplate":"https:\/\/talkpal.ai\/hu\/?s={search_term_string}"},"query-input":{"@type":"PropertyValueSpecification","valueRequired":true,"valueName":"search_term_string"}}],"inLanguage":"hu"},{"@type":"Organization","@id":"https:\/\/talkpal.ai\/hu\/#organization","name":"Talkpal, Inc.","alternateName":"Talkpal AI","url":"https:\/\/talkpal.ai\/hu\/","logo":{"@type":"ImageObject","inLanguage":"hu","@id":"https:\/\/talkpal.ai\/hu\/#\/schema\/logo\/image\/","url":"https:\/\/talkpal.ai\/wp-content\/uploads\/2024\/03\/Talkpal-Logo-Icon.png","contentUrl":"https:\/\/talkpal.ai\/wp-content\/uploads\/2024\/03\/Talkpal-Logo-Icon.png","width":2880,"height":2880,"caption":"Talkpal, Inc."},"image":{"@id":"https:\/\/talkpal.ai\/hu\/#\/schema\/logo\/image\/"},"sameAs":["https:\/\/www.facebook.com\/profile.php?id=100090733639311","https:\/\/x.com\/talkpalai","https:\/\/www.linkedin.com\/company\/talkpal\/","https:\/\/www.youtube.com\/@TalkPal\/","https:\/\/www.tiktok.com\/@talkpal","https:\/\/www.instagram.com\/talkpal_ai\/","https:\/\/www.crunchbase.com\/organization\/talkpal-9cde","https:\/\/www.g2.com\/products\/talkpal-for-business\/","https:\/\/www.trustpilot.com\/review\/talkpal.ai","https:\/\/www.capterra.com\/p\/10006800\/TalkPal\/"],"description":"Talkpal is a language learning web and mobile education app, powered by the latest AI technologies, that provides engaging experiences to its customers in many different languages to help them improve their language skills. Users can chat about unlimited amount of topics with the app and use other modes to practice their language learning.","email":"support@talkpal.ai","legalName":"Talkpal, Inc.","foundingDate":"2023-04-03","duns":"118989042","numberOfEmployees":{"@type":"QuantitativeValue","minValue":"11","maxValue":"50"},"publishingPrinciples":"https:\/\/talkpal.ai\/publishing-principles\/","actionableFeedbackPolicy":"https:\/\/talkpal.ai\/actionable-feedback-policy\/","correctionsPolicy":"https:\/\/talkpal.ai\/corrections-policy\/","ethicsPolicy":"https:\/\/talkpal.ai\/ethics-policy\/","diversityPolicy":"https:\/\/talkpal.ai\/diversity-policy\/","diversityStaffingReport":"https:\/\/talkpal.ai\/diversity-policy\/"}]}},"_links":{"self":[{"href":"https:\/\/talkpal.ai\/hu\/wp-json\/wp\/v2\/grammar\/1078820","targetHints":{"allow":["GET"]}}],"collection":[{"href":"https:\/\/talkpal.ai\/hu\/wp-json\/wp\/v2\/grammar"}],"about":[{"href":"https:\/\/talkpal.ai\/hu\/wp-json\/wp\/v2\/types\/grammar"}],"wp:featuredmedia":[{"embeddable":true,"href":"https:\/\/talkpal.ai\/hu\/wp-json\/wp\/v2\/media\/1527613"}],"wp:attachment":[{"href":"https:\/\/talkpal.ai\/hu\/wp-json\/wp\/v2\/media?parent=1078820"}],"wp:term":[{"taxonomy":"language","embeddable":true,"href":"https:\/\/talkpal.ai\/hu\/wp-json\/wp\/v2\/language?post=1078820"}],"curies":[{"name":"wp","href":"https:\/\/api.w.org\/{rel}","templated":true}]}}