{"id":1078819,"date":"2025-07-01T21:57:41","date_gmt":"2025-07-01T21:57:41","guid":{"rendered":"https:\/\/talkpal.ai\/grammar\/verbes-pronominaux-a-francia-nyelvtanban\/"},"modified":"2025-07-01T21:57:41","modified_gmt":"2025-07-01T21:57:41","slug":"verbes-pronominaux-a-francia-nyelvtanban","status":"publish","type":"grammar","link":"https:\/\/talkpal.ai\/hu\/grammar\/verbes-pronominaux-a-francia-nyelvtanban\/","title":{"rendered":"Verbes pronominaux a francia nyelvtanban"},"content":{"rendered":"<p>A <a href=\"https:\/\/talkpal.ai\/hu\/tanuljon-franciaul\/\">francia nyelv<\/a> tanul\u00e1sa sor\u00e1n sz\u00e1mos k\u00fcl\u00f6nleges nyelvtani szerkezettel tal\u00e1lkozhatunk, amelyek k\u00f6z\u00fcl az egyik legfontosabb a <a href=\"https:\/\/talkpal.ai\/ar\/grammar_exercises\/verbes-pronominaux-%d8%aa%d9%85%d8%a7%d8%b1%d9%8a%d9%86-%d9%84%d9%84%d9%82%d9%88%d8%a7%d8%b9%d8%af-%d8%a7%d9%84%d9%81%d8%b1%d9%86%d8%b3%d9%8a%d8%a9\/\">verbes pronominaux<\/a>, vagyis a visszahat\u00f3 ig\u00e9k rendszere. Ezek az ig\u00e9k nemcsak szerkezet\u00fckben, hanem jelent\u00e9s\u00fckben is k\u00fcl\u00f6nb\u00f6znek a <a href=\"https:\/\/talkpal.ai\/will-ai-kill-traditional-language-learning\/\">hagyom\u00e1nyos<\/a> ig\u00e9kt\u0151l, \u00edgy elengedhetetlen a helyes haszn\u00e1latuk elsaj\u00e1t\u00edt\u00e1sa. A verbes pronominaux meg\u00e9rt\u00e9se kulcsfontoss\u00e1g\u00fa a magabiztos <a href=\"https:\/\/talkpal.ai\/learn-french\/\">francia<\/a> kommunik\u00e1ci\u00f3hoz, legyen sz\u00f3 besz\u00e9dr\u0151l vagy \u00edr\u00e1sr\u00f3l. Ha szeretn\u00e9d m\u00e9lyebben megismerni \u00e9s gyakorolni a francia visszahat\u00f3 ig\u00e9ket, a <a href=\"https:\/\/talkpal.ai\/ko\/ai-%ec%96%b8%ec%96%b4-%ea%b5%90%ec%82%ac\/\">Talkpal<\/a> kiv\u00e1l\u00f3 lehet\u0151s\u00e9get k\u00edn\u00e1l, hiszen interakt\u00edv m\u00f3don seg\u00edt elsaj\u00e1t\u00edtani ezeket a szerkezeteket.<\/p>\n<h2>Mi az a verbes pronominaux a francia nyelvtanban?<\/h2>\n<p>A verbes pronominaux, magyarul visszahat\u00f3 ig\u00e9k, olyan ig\u00e9k a francia nyelvben, amelyekhez egy visszahat\u00f3 n\u00e9vm\u00e1s t\u00e1rsul. Ezek az ig\u00e9k azt fejezik ki, hogy a cselekv\u00e9s <a href=\"https:\/\/talkpal.ai\/locations\/language-courses-in-alanya\/\">alanya<\/a> \u00e9s t\u00e1rgya megegyezik \u2013 vagyis az alany \u00f6nmag\u00e1n hajtja v\u00e9gre a cselekv\u00e9st.<\/p>\n<h3>A verbes pronominaux szerkezete<\/h3>\n<p>A visszahat\u00f3 ig\u00e9k szerkezet\u00e9ben mindig megjelenik egy visszahat\u00f3 n\u00e9vm\u00e1s (me, te, se, nous, vous, se), amely az ige el\u0151tt \u00e1ll:<\/p>\n<ul>\n<li><strong>Je me lave<\/strong> \u2013 Megmosakszom (sz\u00f3 szerint: \u00e9n magam mosom)<\/li>\n<li><strong>Tu te l\u00e8ves<\/strong> \u2013 Felkelsz (sz\u00f3 szerint: te magad emeled fel magad)<\/li>\n<li><strong>Ils se parlent<\/strong> \u2013 Besz\u00e9lnek egym\u00e1ssal (sz\u00f3 szerint: \u0151k magukhoz besz\u00e9lnek)<\/li>\n<\/ul>\n<h3>A visszahat\u00f3 n\u00e9vm\u00e1sok t\u00e1bl\u00e1zata<\/h3>\n<table>\n<tr>\n<th>Szem\u00e9ly<\/th>\n<th>Visszahat\u00f3 n\u00e9vm\u00e1s<\/th>\n<th>P\u00e9lda<\/th>\n<\/tr>\n<tr>\n<td>je (\u00e9n)<\/td>\n<td>me (m\u2019)<\/td>\n<td>Je me l\u00e8ve<\/td>\n<\/tr>\n<tr>\n<td>tu (te)<\/td>\n<td>te (t\u2019)<\/td>\n<td>Tu te couches<\/td>\n<\/tr>\n<tr>\n<td>il\/elle\/on (\u0151\/az)<\/td>\n<td>se (s\u2019)<\/td>\n<td>Il se lave<\/td>\n<\/tr>\n<tr>\n<td>nous (mi)<\/td>\n<td>nous<\/td>\n<td>Nous nous habillons<\/td>\n<\/tr>\n<tr>\n<td>vous (ti\/\u00f6n\u00f6k)<\/td>\n<td>vous<\/td>\n<td>Vous vous amusez<\/td>\n<\/tr>\n<tr>\n<td>ils\/elles (\u0151k)<\/td>\n<td>se (s\u2019)<\/td>\n<td>Elles se d\u00e9p\u00eachent<\/td>\n<\/tr>\n<\/table>\n<h2>A verbes pronominaux t\u00edpusai<\/h2>\n<p>A francia visszahat\u00f3 ig\u00e9k t\u00f6bbf\u00e9le kateg\u00f3ri\u00e1ba sorolhat\u00f3k jelent\u00e9s\u00fck \u00e9s szerkezet\u00fck alapj\u00e1n. Ezek ismerete seg\u00edt a helyes haszn\u00e1latban \u00e9s a k\u00f6nnyebb felismer\u00e9sben.<\/p>\n<h3>1. Visszahat\u00f3 (r\u00e9fl\u00e9chis) ig\u00e9k<\/h3>\n<p>Ezekn\u00e9l az ig\u00e9kn\u00e9l az alany \u00f6nmag\u00e1n hajtja v\u00e9gre a cselekv\u00e9st:<\/p>\n<ul>\n<li><strong>se laver<\/strong> \u2013 mosakodni<\/li>\n<li><strong>se r\u00e9veiller<\/strong> \u2013 fel\u00e9bredni<\/li>\n<li><strong>se coiffer<\/strong> \u2013 f\u00e9s\u00fclk\u00f6dni<\/li>\n<\/ul>\n<h3>2. K\u00f6lcs\u00f6n\u00f6s (r\u00e9ciproques) ig\u00e9k<\/h3>\n<p>A k\u00f6lcs\u00f6n\u00f6s ig\u00e9kn\u00e9l a cselekv\u00e9st k\u00e9t vagy t\u00f6bb alany egym\u00e1son hajtja v\u00e9gre:<\/p>\n<ul>\n<li><strong>se parler<\/strong> \u2013 besz\u00e9lgetni egym\u00e1ssal<\/li>\n<li><strong>se rencontrer<\/strong> \u2013 tal\u00e1lkozni egym\u00e1ssal<\/li>\n<li><strong>se donner rendez-vous<\/strong> \u2013 tal\u00e1lkoz\u00f3t megbesz\u00e9lni egym\u00e1ssal<\/li>\n<\/ul>\n<h3>3. L\u00e1tsz\u00f3lagos (essentiellement pronominaux) ig\u00e9k<\/h3>\n<p>Vannak olyan visszahat\u00f3 ig\u00e9k, amelyek csak visszahat\u00f3 form\u00e1ban l\u00e9teznek, nincs &#8222;nem visszahat\u00f3&#8221; p\u00e1rjuk:<\/p>\n<ul>\n<li><strong>se souvenir de<\/strong> \u2013 eml\u00e9kezni valamire<\/li>\n<li><strong>se m\u00e9fier de<\/strong> \u2013 gyanakodni, bizalmatlannak lenni<\/li>\n<li><strong>se moquer de<\/strong> \u2013 g\u00fanyol\u00f3dni<\/li>\n<\/ul>\n<h3>4. Jelent\u00e9sm\u00f3dos\u00edt\u00f3 (idiomatiques) ig\u00e9k<\/h3>\n<p>Egyes ig\u00e9k visszahat\u00f3 alakban m\u00e1s jelent\u00e9ssel b\u00edrnak, mint egyszer\u0171 alakban:<\/p>\n<ul>\n<li><strong>aller<\/strong> \u2013 menni \/ <strong>s\u2019en aller<\/strong> \u2013 elmenni, t\u00e1vozni<\/li>\n<li><strong>passer<\/strong> \u2013 \u00e1tmenni \/ <strong>se passer de<\/strong> \u2013 lemondani valamir\u0151l<\/li>\n<\/ul>\n<h2>Verbes pronominaux ragoz\u00e1sa k\u00fcl\u00f6nb\u00f6z\u0151 igeid\u0151kben<\/h2>\n<p>A visszahat\u00f3 ig\u00e9k ragoz\u00e1sa sor\u00e1n a visszahat\u00f3 n\u00e9vm\u00e1s mindig az ige el\u0151tt \u00e1ll, \u00e9s igazodik az alanyhoz. Az igeid\u0151k v\u00e1ltoz\u00e1s\u00e1val a n\u00e9vm\u00e1s helyzete \u00e9s alakja is v\u00e1ltozhat.<\/p>\n<h3>Jelen id\u0151 (pr\u00e9sent)<\/h3>\n<ul>\n<li><strong>Je me couche.<\/strong> \u2013 Lefekszem.<\/li>\n<li><strong>Tu te l\u00e8ves.<\/strong> \u2013 Felkelsz.<\/li>\n<li><strong>Nous nous r\u00e9veillons.<\/strong> \u2013 Fel\u00e9bred\u00fcnk.<\/li>\n<\/ul>\n<h3>M\u00falt id\u0151 (pass\u00e9 compos\u00e9)<\/h3>\n<p>A verbes pronominaux <a href=\"https:\/\/talkpal.ai\/ar\/grammar_exercises\/passe-compose-%d8%aa%d9%85%d8%a7%d8%b1%d9%8a%d9%86-%d9%84%d9%84%d9%82%d9%88%d8%a7%d8%b9%d8%af-%d8%a7%d9%84%d9%81%d8%b1%d9%86%d8%b3%d9%8a%d8%a9\/\">pass\u00e9 compos\u00e9<\/a>-ban az <strong>\u00eatre<\/strong> seg\u00e9dig\u00e9t haszn\u00e1lj\u00e1k, \u00e9s a mell\u00e9kn\u00e9v egyeztet\u00e9se az alannyal k\u00f6telez\u0151.<\/p>\n<ul>\n<li><strong>Je me suis lev\u00e9(e).<\/strong> \u2013 Felkeltem.<\/li>\n<li><strong>Elles se sont lav\u00e9es.<\/strong> \u2013 Megmosakodtak (n\u0151nem).<\/li>\n<li><strong>Nous nous sommes rencontr\u00e9s.<\/strong> \u2013 Tal\u00e1lkoztunk.<\/li>\n<\/ul>\n<h3>J\u00f6v\u0151 id\u0151 (futur simple)<\/h3>\n<ul>\n<li><strong>Je me laverai.<\/strong> \u2013 Meg fogok mosakodni.<\/li>\n<li><strong>Vous vous r\u00e9veillerez.<\/strong> \u2013 Fel fogtok \u00e9bredni.<\/li>\n<\/ul>\n<h3>Felt\u00e9teles m\u00f3d (conditionnel)<\/h3>\n<ul>\n<li><strong>Je me coucherais.<\/strong> \u2013 Lefek\u00fcdn\u00e9k.<\/li>\n<\/ul>\n<h2>Tagad\u00e1s \u00e9s k\u00e9rd\u00e9s a visszahat\u00f3 ig\u00e9kkel<\/h2>\n<h3>Tagad\u00e1s<\/h3>\n<p>A tagad\u00e1sn\u00e1l a <strong>ne<\/strong> a visszahat\u00f3 n\u00e9vm\u00e1s el\u00e9, a <strong>pas<\/strong> pedig az ige m\u00f6g\u00e9 ker\u00fcl:<\/p>\n<ul>\n<li><strong>Je ne me l\u00e8ve pas.<\/strong> \u2013 Nem kelek fel.<\/li>\n<li><strong>Nous ne nous souvenons pas.<\/strong> \u2013 Nem eml\u00e9ksz\u00fcnk.<\/li>\n<\/ul>\n<h3>K\u00e9rd\u00e9s<\/h3>\n<p>K\u00e9rd\u0151 mondatokn\u00e1l az inverzi\u00f3t vagy az est-ce que szerkezetet haszn\u00e1lhatjuk:<\/p>\n<ul>\n<li><strong>Te l\u00e8ves-tu t\u00f4t?<\/strong> \u2013 Kor\u00e1n kelsz?<\/li>\n<li><strong>Est-ce que tu te l\u00e8ves t\u00f4t?<\/strong> \u2013 Kor\u00e1n kelsz?<\/li>\n<\/ul>\n<h2>Gyakori hib\u00e1k a verbes pronominaux haszn\u00e1lat\u00e1ban<\/h2>\n<p>A visszahat\u00f3 ig\u00e9k haszn\u00e1lata sor\u00e1n a leggyakoribb hib\u00e1k az al\u00e1bbiak:<\/p>\n<ul>\n<li>A visszahat\u00f3 n\u00e9vm\u00e1s helytelen haszn\u00e1lata vagy elhagy\u00e1sa.<\/li>\n<li>A pass\u00e9 compos\u00e9-ban az <strong>\u00eatre<\/strong> seg\u00e9dige helyett az <strong>avoir<\/strong> haszn\u00e1lata.<\/li>\n<li>A mell\u00e9kn\u00e9vi igen\u00e9v egyeztet\u00e9s\u00e9nek elmulaszt\u00e1sa.<\/li>\n<li>A jelent\u00e9sm\u00f3dos\u00edt\u00f3 ig\u00e9k f\u00e9lre\u00e9rtelmez\u00e9se.<\/li>\n<\/ul>\n<h2>Tippek a verbes pronominaux elsaj\u00e1t\u00edt\u00e1s\u00e1hoz<\/h2>\n<ul>\n<li>Tanulj meg gyakori visszahat\u00f3 ig\u00e9ket \u00e9s jelent\u00e9s\u00fcket!<\/li>\n<li>Figyeld meg a visszahat\u00f3 n\u00e9vm\u00e1sok hely\u00e9t a mondatban!<\/li>\n<li>Gyakorold a ragoz\u00e1st k\u00fcl\u00f6nb\u00f6z\u0151 igeid\u0151kben!<\/li>\n<li>Olvass francia sz\u00f6vegeket, \u00e9s keresd meg benn\u00fck a verbes pronominaux-t!<\/li>\n<li>Haszn\u00e1lj online eszk\u00f6z\u00f6ket, mint p\u00e9ld\u00e1ul a Talkpal, amely seg\u00edt a gyakorl\u00e1sban!<\/li>\n<\/ul>\n<h2>Gyakori verbes pronominaux list\u00e1ja<\/h2>\n<p>\u00cdme n\u00e9h\u00e1ny, a mindennapi kommunik\u00e1ci\u00f3ban gyakran el\u0151fordul\u00f3 visszahat\u00f3 ige:<\/p>\n<ul>\n<li><strong>se laver<\/strong> \u2013 mosakodni<\/li>\n<li><strong>se lever<\/strong> \u2013 felkelni<\/li>\n<li><strong>se coucher<\/strong> \u2013 lefek\u00fcdni<\/li>\n<li><strong>se brosser<\/strong> \u2013 fogat\/hajat mosni<\/li>\n<li><strong>se souvenir de<\/strong> \u2013 eml\u00e9kezni<\/li>\n<li><strong>se d\u00e9p\u00eacher<\/strong> \u2013 sietni<\/li>\n<li><strong>s\u2019habiller<\/strong> \u2013 fel\u00f6lt\u00f6zni<\/li>\n<li><strong>se sentir<\/strong> \u2013 \u00e9rezni mag\u00e1t<\/li>\n<li><strong>se rencontrer<\/strong> \u2013 tal\u00e1lkozni<\/li>\n<li><strong>se marier<\/strong> \u2013 megh\u00e1zasodni<\/li>\n<li><strong>se reposer<\/strong> \u2013 pihenni<\/li>\n<li><strong>se f\u00e2cher<\/strong> \u2013 megharagudni<\/li>\n<\/ul>\n<h2>Verbes pronominaux a mindennapi kommunik\u00e1ci\u00f3ban<\/h2>\n<p>A visszahat\u00f3 ig\u00e9k rendk\u00edv\u00fcl fontosak a mindennapi francia besz\u00e9dben, k\u00fcl\u00f6n\u00f6sen a napi rutinok, szok\u00e1sok, \u00e9rzelmek \u00e9s t\u00e1rsas interakci\u00f3k le\u00edr\u00e1sakor. \u00cdme n\u00e9h\u00e1ny tipikus kifejez\u00e9s:<\/p>\n<ul>\n<li><strong>Je me d\u00e9p\u00eache le matin.<\/strong> \u2013 Reggel sietek.<\/li>\n<li><strong>Nous nous retrouvons au caf\u00e9.<\/strong> \u2013 A k\u00e1v\u00e9z\u00f3ban tal\u00e1lkozunk.<\/li>\n<li><strong>Elle se sent fatigu\u00e9e.<\/strong> \u2013 F\u00e1radtnak \u00e9rzi mag\u00e1t.<\/li>\n<li><strong>Vous vous amusez bien?<\/strong> \u2013 J\u00f3l sz\u00f3rakoztok?<\/li>\n<\/ul>\n<h2>\u00d6sszefoglal\u00e1s<\/h2>\n<p>A verbes pronominaux, vagyis a visszahat\u00f3 ig\u00e9k a francia nyelvtan egyik alappill\u00e9r\u00e9t jelentik. Helyes alkalmaz\u00e1suk elengedhetetlen a magabiztos, term\u00e9szetes francia nyelvhaszn\u00e1lathoz, legyen sz\u00f3 mindennapi besz\u00e9lget\u00e9sr\u0151l vagy hivatalos sz\u00f6vegekr\u0151l. A k\u00fcl\u00f6nb\u00f6z\u0151 t\u00edpusok, ragoz\u00e1si szab\u00e1lyok \u00e9s tipikus hib\u00e1k ismerete seg\u00edt abban, hogy pontosan \u00e9s helyesen fejezd ki magad franci\u00e1ul. Ha szeretn\u00e9d elm\u00e9ly\u00edteni tud\u00e1sodat, a Talkpal online platform kiv\u00e1l\u00f3 lehet\u0151s\u00e9get k\u00edn\u00e1l a gyakorl\u00e1sra, hiszen interakt\u00edv feladataival \u00e9s szem\u00e9lyre szabott tanul\u00e1si \u00fatvonal\u00e1val t\u00e1mogatja a francia visszahat\u00f3 ig\u00e9k elsaj\u00e1t\u00edt\u00e1s\u00e1t. <\/p>\n<p>A rendszeres gyakorl\u00e1s, a szab\u00e1lyok tudatos\u00edt\u00e1sa \u00e9s a gyakori visszahat\u00f3 ig\u00e9k tanul\u00e1sa r\u00e9v\u00e9n gyorsan fejl\u0151dhetsz, \u00e9s magabiztosan haszn\u00e1lhatod a verbes pronominaux szerkezeteket a francia nyelvben.<\/p>\n","protected":false},"featured_media":1528832,"template":"","language":[12300,12308],"class_list":["post-1078819","grammar","type-grammar","status-publish","has-post-thumbnail","hentry","language-francia","language-igek-francia-nyelvtan"],"acf":[],"yoast_head":"<!-- This site is optimized with the Yoast SEO Premium plugin v27.2 (Yoast SEO v27.2) - https:\/\/yoast.com\/product\/yoast-seo-premium-wordpress\/ -->\n<title>Verbes pronominaux a francia nyelvtanban - Talkpal<\/title>\n<meta name=\"description\" content=\"A francia nyelv tanul\u00e1sa sor\u00e1n sz\u00e1mos k\u00fcl\u00f6nleges nyelvtani szerkezettel tal\u00e1lkozhatunk, amelyek k\u00f6z\u00fcl az egyik legfontosabb a verbes pronominaux, vagyis a\" \/>\n<meta name=\"robots\" content=\"index, follow, max-snippet:-1, max-image-preview:large, max-video-preview:-1\" \/>\n<link rel=\"canonical\" href=\"https:\/\/talkpal.ai\/hu\/grammar\/verbes-pronominaux-a-francia-nyelvtanban\/\" \/>\n<meta property=\"og:locale\" content=\"hu_HU\" \/>\n<meta property=\"og:type\" content=\"article\" \/>\n<meta property=\"og:title\" content=\"Verbes pronominaux a francia nyelvtanban\" \/>\n<meta property=\"og:description\" content=\"A francia nyelv tanul\u00e1sa sor\u00e1n sz\u00e1mos k\u00fcl\u00f6nleges nyelvtani szerkezettel tal\u00e1lkozhatunk, amelyek k\u00f6z\u00fcl az egyik legfontosabb a verbes pronominaux, vagyis a\" \/>\n<meta property=\"og:url\" content=\"https:\/\/talkpal.ai\/hu\/grammar\/verbes-pronominaux-a-francia-nyelvtanban\/\" \/>\n<meta property=\"og:site_name\" content=\"Talkpal\" \/>\n<meta property=\"article:publisher\" content=\"https:\/\/www.facebook.com\/profile.php?id=100090733639311\" \/>\n<meta property=\"og:image\" content=\"https:\/\/talkpal.ai\/wp-content\/uploads\/2025\/02\/Progress-tab-16_9.png\" \/>\n\t<meta property=\"og:image:width\" content=\"2880\" \/>\n\t<meta property=\"og:image:height\" content=\"1620\" \/>\n\t<meta property=\"og:image:type\" content=\"image\/png\" \/>\n<meta name=\"twitter:card\" content=\"summary_large_image\" \/>\n<meta name=\"twitter:site\" content=\"@talkpalai\" \/>\n<meta name=\"twitter:label1\" content=\"Becs\u00fclt olvas\u00e1si id\u0151\" \/>\n\t<meta name=\"twitter:data1\" content=\"6 perc\" \/>\n<script type=\"application\/ld+json\" class=\"yoast-schema-graph\">{\"@context\":\"https:\/\/schema.org\",\"@graph\":[{\"@type\":\"WebPage\",\"@id\":\"https:\/\/talkpal.ai\/hu\/grammar\/verbes-pronominaux-a-francia-nyelvtanban\/\",\"url\":\"https:\/\/talkpal.ai\/hu\/grammar\/verbes-pronominaux-a-francia-nyelvtanban\/\",\"name\":\"Verbes pronominaux a francia nyelvtanban - Talkpal\",\"isPartOf\":{\"@id\":\"https:\/\/talkpal.ai\/hu\/#website\"},\"primaryImageOfPage\":{\"@id\":\"https:\/\/talkpal.ai\/hu\/grammar\/verbes-pronominaux-a-francia-nyelvtanban\/#primaryimage\"},\"image\":{\"@id\":\"https:\/\/talkpal.ai\/hu\/grammar\/verbes-pronominaux-a-francia-nyelvtanban\/#primaryimage\"},\"thumbnailUrl\":\"https:\/\/talkpal.ai\/wp-content\/uploads\/2025\/12\/three-people-with-laptop-learning-languages.webp\",\"datePublished\":\"2025-07-01T21:57:41+00:00\",\"description\":\"A francia nyelv tanul\u00e1sa sor\u00e1n sz\u00e1mos k\u00fcl\u00f6nleges nyelvtani szerkezettel tal\u00e1lkozhatunk, amelyek k\u00f6z\u00fcl az egyik legfontosabb a verbes pronominaux, vagyis a\",\"breadcrumb\":{\"@id\":\"https:\/\/talkpal.ai\/hu\/grammar\/verbes-pronominaux-a-francia-nyelvtanban\/#breadcrumb\"},\"inLanguage\":\"hu\",\"potentialAction\":[{\"@type\":\"ReadAction\",\"target\":[\"https:\/\/talkpal.ai\/hu\/grammar\/verbes-pronominaux-a-francia-nyelvtanban\/\"]}]},{\"@type\":\"ImageObject\",\"inLanguage\":\"hu\",\"@id\":\"https:\/\/talkpal.ai\/hu\/grammar\/verbes-pronominaux-a-francia-nyelvtanban\/#primaryimage\",\"url\":\"https:\/\/talkpal.ai\/wp-content\/uploads\/2025\/12\/three-people-with-laptop-learning-languages.webp\",\"contentUrl\":\"https:\/\/talkpal.ai\/wp-content\/uploads\/2025\/12\/three-people-with-laptop-learning-languages.webp\",\"width\":1200,\"height\":896,\"caption\":\"An older man and two students look at a laptop screen together for learning languages.\"},{\"@type\":\"BreadcrumbList\",\"@id\":\"https:\/\/talkpal.ai\/hu\/grammar\/verbes-pronominaux-a-francia-nyelvtanban\/#breadcrumb\",\"itemListElement\":[{\"@type\":\"ListItem\",\"position\":1,\"name\":\"Homepage\",\"item\":\"https:\/\/talkpal.ai\/hu\/\"},{\"@type\":\"ListItem\",\"position\":2,\"name\":\"Verbes pronominaux a francia nyelvtanban\"}]},{\"@type\":\"WebSite\",\"@id\":\"https:\/\/talkpal.ai\/hu\/#website\",\"url\":\"https:\/\/talkpal.ai\/hu\/\",\"name\":\"Talkpal\",\"description\":\"AI Language Learning\",\"publisher\":{\"@id\":\"https:\/\/talkpal.ai\/hu\/#organization\"},\"alternateName\":\"Talkpal AI\",\"potentialAction\":[{\"@type\":\"SearchAction\",\"target\":{\"@type\":\"EntryPoint\",\"urlTemplate\":\"https:\/\/talkpal.ai\/hu\/?s={search_term_string}\"},\"query-input\":{\"@type\":\"PropertyValueSpecification\",\"valueRequired\":true,\"valueName\":\"search_term_string\"}}],\"inLanguage\":\"hu\"},{\"@type\":\"Organization\",\"@id\":\"https:\/\/talkpal.ai\/hu\/#organization\",\"name\":\"Talkpal, Inc.\",\"alternateName\":\"Talkpal AI\",\"url\":\"https:\/\/talkpal.ai\/hu\/\",\"logo\":{\"@type\":\"ImageObject\",\"inLanguage\":\"hu\",\"@id\":\"https:\/\/talkpal.ai\/hu\/#\/schema\/logo\/image\/\",\"url\":\"https:\/\/talkpal.ai\/wp-content\/uploads\/2024\/03\/Talkpal-Logo-Icon.png\",\"contentUrl\":\"https:\/\/talkpal.ai\/wp-content\/uploads\/2024\/03\/Talkpal-Logo-Icon.png\",\"width\":2880,\"height\":2880,\"caption\":\"Talkpal, Inc.\"},\"image\":{\"@id\":\"https:\/\/talkpal.ai\/hu\/#\/schema\/logo\/image\/\"},\"sameAs\":[\"https:\/\/www.facebook.com\/profile.php?id=100090733639311\",\"https:\/\/x.com\/talkpalai\",\"https:\/\/www.linkedin.com\/company\/talkpal\/\",\"https:\/\/www.youtube.com\/@TalkPal\/\",\"https:\/\/www.tiktok.com\/@talkpal\",\"https:\/\/www.instagram.com\/talkpal_ai\/\",\"https:\/\/www.crunchbase.com\/organization\/talkpal-9cde\",\"https:\/\/www.g2.com\/products\/talkpal-for-business\/\",\"https:\/\/www.trustpilot.com\/review\/talkpal.ai\",\"https:\/\/www.capterra.com\/p\/10006800\/TalkPal\/\"],\"description\":\"Talkpal is a language learning web and mobile education app, powered by the latest AI technologies, that provides engaging experiences to its customers in many different languages to help them improve their language skills. Users can chat about unlimited amount of topics with the app and use other modes to practice their language learning.\",\"email\":\"support@talkpal.ai\",\"legalName\":\"Talkpal, Inc.\",\"foundingDate\":\"2023-04-03\",\"duns\":\"118989042\",\"numberOfEmployees\":{\"@type\":\"QuantitativeValue\",\"minValue\":\"11\",\"maxValue\":\"50\"},\"publishingPrinciples\":\"https:\/\/talkpal.ai\/publishing-principles\/\",\"actionableFeedbackPolicy\":\"https:\/\/talkpal.ai\/actionable-feedback-policy\/\",\"correctionsPolicy\":\"https:\/\/talkpal.ai\/corrections-policy\/\",\"ethicsPolicy\":\"https:\/\/talkpal.ai\/ethics-policy\/\",\"diversityPolicy\":\"https:\/\/talkpal.ai\/diversity-policy\/\",\"diversityStaffingReport\":\"https:\/\/talkpal.ai\/diversity-policy\/\"}]}<\/script>\n<!-- \/ Yoast SEO Premium plugin. -->","yoast_head_json":{"title":"Verbes pronominaux a francia nyelvtanban - Talkpal","description":"A francia nyelv tanul\u00e1sa sor\u00e1n sz\u00e1mos k\u00fcl\u00f6nleges nyelvtani szerkezettel tal\u00e1lkozhatunk, amelyek k\u00f6z\u00fcl az egyik legfontosabb a verbes pronominaux, vagyis a","robots":{"index":"index","follow":"follow","max-snippet":"max-snippet:-1","max-image-preview":"max-image-preview:large","max-video-preview":"max-video-preview:-1"},"canonical":"https:\/\/talkpal.ai\/hu\/grammar\/verbes-pronominaux-a-francia-nyelvtanban\/","og_locale":"hu_HU","og_type":"article","og_title":"Verbes pronominaux a francia nyelvtanban","og_description":"A francia nyelv tanul\u00e1sa sor\u00e1n sz\u00e1mos k\u00fcl\u00f6nleges nyelvtani szerkezettel tal\u00e1lkozhatunk, amelyek k\u00f6z\u00fcl az egyik legfontosabb a verbes pronominaux, vagyis a","og_url":"https:\/\/talkpal.ai\/hu\/grammar\/verbes-pronominaux-a-francia-nyelvtanban\/","og_site_name":"Talkpal","article_publisher":"https:\/\/www.facebook.com\/profile.php?id=100090733639311","og_image":[{"width":2880,"height":1620,"url":"https:\/\/talkpal.ai\/wp-content\/uploads\/2025\/02\/Progress-tab-16_9.png","type":"image\/png"}],"twitter_card":"summary_large_image","twitter_site":"@talkpalai","twitter_misc":{"Becs\u00fclt olvas\u00e1si id\u0151":"6 perc"},"schema":{"@context":"https:\/\/schema.org","@graph":[{"@type":"WebPage","@id":"https:\/\/talkpal.ai\/hu\/grammar\/verbes-pronominaux-a-francia-nyelvtanban\/","url":"https:\/\/talkpal.ai\/hu\/grammar\/verbes-pronominaux-a-francia-nyelvtanban\/","name":"Verbes pronominaux a francia nyelvtanban - Talkpal","isPartOf":{"@id":"https:\/\/talkpal.ai\/hu\/#website"},"primaryImageOfPage":{"@id":"https:\/\/talkpal.ai\/hu\/grammar\/verbes-pronominaux-a-francia-nyelvtanban\/#primaryimage"},"image":{"@id":"https:\/\/talkpal.ai\/hu\/grammar\/verbes-pronominaux-a-francia-nyelvtanban\/#primaryimage"},"thumbnailUrl":"https:\/\/talkpal.ai\/wp-content\/uploads\/2025\/12\/three-people-with-laptop-learning-languages.webp","datePublished":"2025-07-01T21:57:41+00:00","description":"A francia nyelv tanul\u00e1sa sor\u00e1n sz\u00e1mos k\u00fcl\u00f6nleges nyelvtani szerkezettel tal\u00e1lkozhatunk, amelyek k\u00f6z\u00fcl az egyik legfontosabb a verbes pronominaux, vagyis a","breadcrumb":{"@id":"https:\/\/talkpal.ai\/hu\/grammar\/verbes-pronominaux-a-francia-nyelvtanban\/#breadcrumb"},"inLanguage":"hu","potentialAction":[{"@type":"ReadAction","target":["https:\/\/talkpal.ai\/hu\/grammar\/verbes-pronominaux-a-francia-nyelvtanban\/"]}]},{"@type":"ImageObject","inLanguage":"hu","@id":"https:\/\/talkpal.ai\/hu\/grammar\/verbes-pronominaux-a-francia-nyelvtanban\/#primaryimage","url":"https:\/\/talkpal.ai\/wp-content\/uploads\/2025\/12\/three-people-with-laptop-learning-languages.webp","contentUrl":"https:\/\/talkpal.ai\/wp-content\/uploads\/2025\/12\/three-people-with-laptop-learning-languages.webp","width":1200,"height":896,"caption":"An older man and two students look at a laptop screen together for learning languages."},{"@type":"BreadcrumbList","@id":"https:\/\/talkpal.ai\/hu\/grammar\/verbes-pronominaux-a-francia-nyelvtanban\/#breadcrumb","itemListElement":[{"@type":"ListItem","position":1,"name":"Homepage","item":"https:\/\/talkpal.ai\/hu\/"},{"@type":"ListItem","position":2,"name":"Verbes pronominaux a francia nyelvtanban"}]},{"@type":"WebSite","@id":"https:\/\/talkpal.ai\/hu\/#website","url":"https:\/\/talkpal.ai\/hu\/","name":"Talkpal","description":"AI Language Learning","publisher":{"@id":"https:\/\/talkpal.ai\/hu\/#organization"},"alternateName":"Talkpal AI","potentialAction":[{"@type":"SearchAction","target":{"@type":"EntryPoint","urlTemplate":"https:\/\/talkpal.ai\/hu\/?s={search_term_string}"},"query-input":{"@type":"PropertyValueSpecification","valueRequired":true,"valueName":"search_term_string"}}],"inLanguage":"hu"},{"@type":"Organization","@id":"https:\/\/talkpal.ai\/hu\/#organization","name":"Talkpal, Inc.","alternateName":"Talkpal AI","url":"https:\/\/talkpal.ai\/hu\/","logo":{"@type":"ImageObject","inLanguage":"hu","@id":"https:\/\/talkpal.ai\/hu\/#\/schema\/logo\/image\/","url":"https:\/\/talkpal.ai\/wp-content\/uploads\/2024\/03\/Talkpal-Logo-Icon.png","contentUrl":"https:\/\/talkpal.ai\/wp-content\/uploads\/2024\/03\/Talkpal-Logo-Icon.png","width":2880,"height":2880,"caption":"Talkpal, Inc."},"image":{"@id":"https:\/\/talkpal.ai\/hu\/#\/schema\/logo\/image\/"},"sameAs":["https:\/\/www.facebook.com\/profile.php?id=100090733639311","https:\/\/x.com\/talkpalai","https:\/\/www.linkedin.com\/company\/talkpal\/","https:\/\/www.youtube.com\/@TalkPal\/","https:\/\/www.tiktok.com\/@talkpal","https:\/\/www.instagram.com\/talkpal_ai\/","https:\/\/www.crunchbase.com\/organization\/talkpal-9cde","https:\/\/www.g2.com\/products\/talkpal-for-business\/","https:\/\/www.trustpilot.com\/review\/talkpal.ai","https:\/\/www.capterra.com\/p\/10006800\/TalkPal\/"],"description":"Talkpal is a language learning web and mobile education app, powered by the latest AI technologies, that provides engaging experiences to its customers in many different languages to help them improve their language skills. Users can chat about unlimited amount of topics with the app and use other modes to practice their language learning.","email":"support@talkpal.ai","legalName":"Talkpal, Inc.","foundingDate":"2023-04-03","duns":"118989042","numberOfEmployees":{"@type":"QuantitativeValue","minValue":"11","maxValue":"50"},"publishingPrinciples":"https:\/\/talkpal.ai\/publishing-principles\/","actionableFeedbackPolicy":"https:\/\/talkpal.ai\/actionable-feedback-policy\/","correctionsPolicy":"https:\/\/talkpal.ai\/corrections-policy\/","ethicsPolicy":"https:\/\/talkpal.ai\/ethics-policy\/","diversityPolicy":"https:\/\/talkpal.ai\/diversity-policy\/","diversityStaffingReport":"https:\/\/talkpal.ai\/diversity-policy\/"}]}},"_links":{"self":[{"href":"https:\/\/talkpal.ai\/hu\/wp-json\/wp\/v2\/grammar\/1078819","targetHints":{"allow":["GET"]}}],"collection":[{"href":"https:\/\/talkpal.ai\/hu\/wp-json\/wp\/v2\/grammar"}],"about":[{"href":"https:\/\/talkpal.ai\/hu\/wp-json\/wp\/v2\/types\/grammar"}],"wp:featuredmedia":[{"embeddable":true,"href":"https:\/\/talkpal.ai\/hu\/wp-json\/wp\/v2\/media\/1528832"}],"wp:attachment":[{"href":"https:\/\/talkpal.ai\/hu\/wp-json\/wp\/v2\/media?parent=1078819"}],"wp:term":[{"taxonomy":"language","embeddable":true,"href":"https:\/\/talkpal.ai\/hu\/wp-json\/wp\/v2\/language?post=1078819"}],"curies":[{"name":"wp","href":"https:\/\/api.w.org\/{rel}","templated":true}]}}