{"id":1078816,"date":"2025-07-01T21:57:15","date_gmt":"2025-07-01T21:57:15","guid":{"rendered":"https:\/\/talkpal.ai\/grammar\/gerondif-a-francia-nyelvtanban\/"},"modified":"2025-07-01T21:57:15","modified_gmt":"2025-07-01T21:57:15","slug":"gerondif-a-francia-nyelvtanban","status":"publish","type":"grammar","link":"https:\/\/talkpal.ai\/hu\/grammar\/gerondif-a-francia-nyelvtanban\/","title":{"rendered":"G\u00e9rondif a francia nyelvtanban"},"content":{"rendered":"<p>A <a href=\"https:\/\/talkpal.ai\/hu\/grammar\/passe-egyszeru-a-francia-nyelvtanban\/\">francia nyelvtan<\/a> egyik gyakran f\u00e9lre\u00e9rtett, \u00e1m rendk\u00edv\u00fcl hasznos szerkezete a <a href=\"https:\/\/talkpal.ai\/ar\/grammar_exercises\/gerondif-%d8%aa%d9%85%d8%a7%d8%b1%d9%8a%d9%86-%d9%84%d9%84%d9%82%d9%88%d8%a7%d8%b9%d8%af-%d8%a7%d9%84%d9%81%d8%b1%d9%86%d8%b3%d9%8a%d8%a9\/\">g\u00e9rondif<\/a>, amely n\u00e9lk\u00fcl\u00f6zhetetlen a g\u00f6rd\u00fcl\u00e9keny, term\u00e9szetes <a href=\"https:\/\/talkpal.ai\/learn-french\/\">francia<\/a> besz\u00e9dhez. A g\u00e9rondif helyes alkalmaz\u00e1sa seg\u00edt kifejezni egyidej\u0171s\u00e9get, okot vagy m\u00f3dot, \u00e9s elengedhetetlen p\u00e9ld\u00e1ul \u00f6sszetettebb mondatszerkezetek alkot\u00e1s\u00e1hoz. Ebben a cikkben r\u00e9szletesen bemutatjuk, mi is az a g\u00e9rondif a francia nyelvtanban, hogyan k\u00e9pezz\u00fck, mikor haszn\u00e1ljuk, mire kell figyelni a helyes haszn\u00e1lat\u00e1n\u00e1l, \u00e9s hogyan lehet hat\u00e9konyan elsaj\u00e1t\u00edtani \u2013 p\u00e9ld\u00e1ul a <a href=\"https:\/\/talkpal.ai\/ko\/ai-%ec%96%b8%ec%96%b4-%ea%b5%90%ec%82%ac\/\">Talkpal<\/a> seg\u00edts\u00e9g\u00e9vel, amely kiv\u00e1l\u00f3 platform a g\u00e9rondif gyakorl\u00e1s\u00e1ra \u00e9s a francia nyelvtan m\u00e9lyebb meg\u00e9rt\u00e9s\u00e9re.<\/p>\n<h2>Mi az a g\u00e9rondif a francia nyelvtanban?<\/h2>\n<p>A <strong>g\u00e9rondif<\/strong> a francia nyelvben egy saj\u00e1tos, ig\u00e9b\u0151l k\u00e9pzett alak, amely \u00f6sszetett mondatokban haszn\u00e1lhat\u00f3 mell\u00e9kmondat helyettes\u00edt\u00e9s\u00e9re. Magyarul nagyj\u00e1b\u00f3l az \u201e-va\/-ve\u201d (menve, olvasva) vagy \u201emik\u00f6zben\u201d szerkezettel ford\u00edthat\u00f3.<\/p>\n<ul>\n<li>F\u0151k\u00e9nt <strong>egyidej\u0171s\u00e9get<\/strong> fejez ki (k\u00e9t cselekv\u00e9s egyszerre t\u00f6rt\u00e9nik).<\/li>\n<li>Kifejezheti a <strong>m\u00f3dot<\/strong> vagy <strong>okozatot<\/strong> is.<\/li>\n<li>Nem egyezik alanyban, mindig a f\u0151mondat alany\u00e1ra utal.<\/li>\n<\/ul>\n<p>P\u00e9lda:<\/p>\n<ul>\n<li>Il \u00e9coute de la musique <strong>en travaillant<\/strong>. \u2013 Zenehallgat\u00e1s k\u00f6zben dolgozik.<\/li>\n<li>Elle a appris le fran\u00e7ais <strong>en regardant<\/strong> des films. \u2013 Franciaul tanult filmn\u00e9z\u00e9ssel.<\/li>\n<\/ul>\n<h2>Hogyan k\u00e9pezz\u00fck a g\u00e9rondif alakot?<\/h2>\n<p>A g\u00e9rondif k\u00e9pz\u00e9se meglehet\u0151sen egyszer\u0171, de vannak szab\u00e1lyok \u00e9s kiv\u00e9telek, amiket \u00e9rdemes megjegyezni.<\/p>\n<h3>G\u00e9rondif k\u00e9pz\u00e9s\u00e9nek l\u00e9p\u00e9sei<\/h3>\n<ol>\n<li>Vegy\u00fck az ige <strong>nous<\/strong> alakj\u00e1t jelen id\u0151ben (pl. nous parlons).<\/li>\n<li>T\u00e1vol\u00edtsuk el a -ons v\u00e9gz\u0151d\u00e9st (parl-).<\/li>\n<li>Illessz\u00fck hozz\u00e1 az <strong>-ant<\/strong> v\u00e9gz\u0151d\u00e9st (parlant).<\/li>\n<li>El\u00e9 tegy\u00fck az <strong>en<\/strong> sz\u00f3t (en parlant).<\/li>\n<\/ol>\n<h3>P\u00e9ld\u00e1k rendszeres ig\u00e9kkel<\/h3>\n<ul>\n<li>Parler (besz\u00e9l): <strong>en parlant<\/strong> (besz\u00e9lve)<\/li>\n<li>Finir (befejez): <strong>en finissant<\/strong> (befejezve)<\/li>\n<li>Vendre (elad): <strong>en vendant<\/strong> (eladva)<\/li>\n<\/ul>\n<h3>Rendhagy\u00f3 g\u00e9rondif alakok<\/h3>\n<p>H\u00e1rom gyakori ige rendhagy\u00f3 alakot vesz fel a g\u00e9rondifban:<\/p>\n<ul>\n<li><strong>\u00eatre<\/strong> \u2192 en \u00e9tant<\/li>\n<li><strong>avoir<\/strong> \u2192 en ayant<\/li>\n<li><strong>savoir<\/strong> \u2192 en sachant<\/li>\n<\/ul>\n<h2>A g\u00e9rondif haszn\u00e1lat\u00e1nak esetei<\/h2>\n<p>A g\u00e9rondif sokoldal\u00faan alkalmazhat\u00f3 a francia nyelvben. Az al\u00e1bbiakban \u00e1ttekintj\u00fck a leggyakoribb haszn\u00e1lati m\u00f3dokat.<\/p>\n<h3>Egyidej\u0171s\u00e9g kifejez\u00e9se<\/h3>\n<p>A g\u00e9rondif f\u0151 funkci\u00f3ja k\u00e9t cselekv\u00e9s egyidej\u0171s\u00e9g\u00e9nek kifejez\u00e9se, amikor ugyanaz az alany hajtja v\u00e9gre mindk\u00e9t cselekv\u00e9st.<\/p>\n<ul>\n<li>Il lit <strong>en \u00e9coutant<\/strong> de la musique. \u2013 Olvas, mik\u00f6zben zen\u00e9t hallgat.<\/li>\n<\/ul>\n<h3>M\u00f3d kifejez\u00e9se<\/h3>\n<p>A g\u00e9rondif azt is kifejezheti, hogy hogyan hajtunk v\u00e9gre egy cselekv\u00e9st.<\/p>\n<ul>\n<li>Elle a r\u00e9ussi <strong>en travaillant dur<\/strong>. \u2013 Siker\u00fclt neki kem\u00e9ny munk\u00e1val.<\/li>\n<\/ul>\n<h3>Ok vagy k\u00f6vetkezm\u00e9ny kifejez\u00e9se<\/h3>\n<p>Gyakran haszn\u00e1ljuk ok vagy okozat jelz\u00e9s\u00e9re is:<\/p>\n<ul>\n<li><strong>En mangeant trop<\/strong>, on grossit. \u2013 Ha t\u00fal sokat esz\u00fcnk, elh\u00edzunk.<\/li>\n<\/ul>\n<h3>Korl\u00e1toz\u00e1sok a g\u00e9rondif haszn\u00e1lat\u00e1ban<\/h3>\n<p>&#8211; Csak akkor haszn\u00e1lhat\u00f3, ha a f\u0151mondat \u00e9s a g\u00e9rondif szerkezet <a href=\"https:\/\/talkpal.ai\/locations\/language-courses-in-alanya\/\">alanya<\/a> <strong>megegyezik<\/strong>.<br \/>\n&#8211; Nem haszn\u00e1lhat\u00f3, ha a k\u00e9t cselekv\u00e9snek k\u00fcl\u00f6n alanya <a href=\"https:\/\/talkpal.ai\/locations\/language-courses-in-van\/\">van<\/a>.<br \/>\n&#8211; \u00cdrott \u00e9s besz\u00e9lt nyelvben egyar\u00e1nt gyakori, de a form\u00e1lisabb sz\u00f6vegekben k\u00fcl\u00f6n\u00f6sen jellemz\u0151.<\/p>\n<h2>G\u00e9rondif kontra participe pr\u00e9sent<\/h2>\n<p>Sokan \u00f6sszekeverik a g\u00e9rondifot \u00e9s a participe pr\u00e9sent-t, mivel mindkett\u0151 -ant v\u00e9gz\u0151d\u00e9ssel k\u00e9pz\u0151dik. A k\u00fcl\u00f6nbs\u00e9g a haszn\u00e1latban rejlik:<\/p>\n<ul>\n<li><strong>G\u00e9rondif<\/strong>: mindig <em>en<\/em> sz\u00f3val kezd\u0151dik, \u00e9s a mondat szerkezet\u00e9ben a f\u0151mondathoz kapcsol\u00f3dik.<\/li>\n<li><strong>Participe pr\u00e9sent<\/strong>: mell\u00e9kn\u00e9vi igen\u00e9vk\u00e9nt m\u0171k\u00f6dik, \u00f6n\u00e1ll\u00f3an is \u00e1llhat (pl. un homme parlant \u2013 egy besz\u00e9l\u0151 f\u00e9rfi).<\/li>\n<\/ul>\n<h2>Gyakori hib\u00e1k a g\u00e9rondif haszn\u00e1lat\u00e1ban<\/h2>\n<p>A g\u00e9rondif haszn\u00e1latakor t\u00f6bb tipikus hib\u00e1t is elk\u00f6vethetnek a tanul\u00f3k:<\/p>\n<ul>\n<li><strong>Alanyok kever\u00e9se<\/strong>: Ha a f\u0151mondat \u00e9s a g\u00e9rondif szerkezet alanya elt\u00e9r\u0151, az helytelen.<\/li>\n<li><strong>En hi\u00e1nya<\/strong>: A g\u00e9rondif mindig <em>en<\/em>-nel kezd\u0151dik, ennek elhagy\u00e1sa hib\u00e1s szerkezethez vezet.<\/li>\n<li><strong>Id\u0151beli viszonyok figyelmen k\u00edv\u00fcl hagy\u00e1sa<\/strong>: A g\u00e9rondif az egyidej\u0171s\u00e9get, m\u00f3dot vagy okot fejez ki, nem \u00e1ltal\u00e1nos id\u0151beli viszonyt.<\/li>\n<\/ul>\n<h2>Tippek a g\u00e9rondif hat\u00e9kony elsaj\u00e1t\u00edt\u00e1s\u00e1hoz<\/h2>\n<h3>A szab\u00e1lyok megtanul\u00e1sa<\/h3>\n<p>&#8211; Gyakoroljuk a g\u00e9rondif k\u00e9pz\u00e9s\u00e9nek l\u00e9p\u00e9seit k\u00fcl\u00f6nb\u00f6z\u0151 ig\u00e9kkel!<br \/>\n&#8211; K\u00fcl\u00f6n figyelj\u00fcnk a rendhagy\u00f3 alakokra (\u00eatre, avoir, savoir)!<\/p>\n<h3>Olvas\u00e1s \u00e9s hall\u00e1s ut\u00e1ni meg\u00e9rt\u00e9s<\/h3>\n<p>&#8211; Olvassunk francia sz\u00f6vegeket \u00e9s figyelj\u00fck meg, hogyan haszn\u00e1lj\u00e1k benn\u00fck a g\u00e9rondif szerkezeteket!<br \/>\n&#8211; Hallgassunk francia podcastokat, filmeket, \u00e9s pr\u00f3b\u00e1ljuk felismerni a g\u00e9rondif p\u00e9ld\u00e1kat!<\/p>\n<h3>\u00cdr\u00e1sbeli \u00e9s sz\u00f3beli gyakorlatok<\/h3>\n<p>&#8211; \u00cdrjunk saj\u00e1t mondatokat g\u00e9rondif haszn\u00e1lat\u00e1val!<br \/>\n&#8211; K\u00e9rj\u00fcnk visszajelz\u00e9st tan\u00e1rt\u00f3l vagy anyanyelvi besz\u00e9l\u0151t\u0151l!<\/p>\n<h3>Talkpal \u2013 Modern nyelvtanul\u00e1s online<\/h3>\n<p>A <strong>Talkpal<\/strong> egy modern, interakt\u00edv online nyelvtanul\u00f3 platform, ahol a g\u00e9rondif \u00e9s m\u00e1s francia nyelvtani szerkezetek gyakorl\u00e1sa \u00e9lvezetes \u00e9s hat\u00e9kony lehet. A platform el\u0151nyei:<\/p>\n<ul>\n<li>Val\u00f3s p\u00e1rbesz\u00e9deken alapul\u00f3 gyakorl\u00e1s.<\/li>\n<li>Azonnali visszajelz\u00e9s a helyes nyelvtani szerkezetekr\u0151l.<\/li>\n<li>V\u00e1ltozatos gyakorlatok, amelyek a g\u00e9rondif felismer\u00e9s\u00e9re \u00e9s alkalmaz\u00e1s\u00e1ra f\u00f3kusz\u00e1lnak.<\/li>\n<li>Anyanyelvi tan\u00e1rok t\u00e1mogat\u00e1sa, akik seg\u00edtenek a tipikus hib\u00e1k jav\u00edt\u00e1s\u00e1ban.<\/li>\n<\/ul>\n<h2>\u00d6sszefoglal\u00e1s: G\u00e9rondif a francia nyelvtanban<\/h2>\n<p>A <strong>g\u00e9rondif<\/strong> a francia nyelvtan n\u00e9lk\u00fcl\u00f6zhetetlen r\u00e9sze, amely lehet\u0151v\u00e9 teszi, hogy \u00f6sszetettebb, term\u00e9szetesebb mondatokat alkossunk. Megfelel\u0151 haszn\u00e1lata seg\u00edt pontosan kifejezni egyidej\u0171s\u00e9get, okot vagy m\u00f3dot, mik\u00f6zben elker\u00fclj\u00fck a tipikus hib\u00e1kat, mint az alanyt\u00e9veszt\u00e9s vagy a szerkezet helytelen k\u00e9pz\u00e9se. A g\u00e9rondif elsaj\u00e1t\u00edt\u00e1s\u00e1hoz n\u00e9lk\u00fcl\u00f6zhetetlen a folyamatos gyakorl\u00e1s, sz\u00f6vegelemz\u00e9s, valamint a modern eszk\u00f6z\u00f6k \u2013 p\u00e9ld\u00e1ul a Talkpal \u2013 haszn\u00e1lata, amelyek szem\u00e9lyre szabott seg\u00edts\u00e9get \u00e9s motiv\u00e1ci\u00f3t ny\u00fajtanak a nyelvtanul\u00f3k sz\u00e1m\u00e1ra. Az itt bemutatott szab\u00e1lyok \u00e9s p\u00e9ld\u00e1k seg\u00edts\u00e9g\u00e9vel b\u00e1rki magabiztosan alkalmazhatja a g\u00e9rondif szerkezetet a mindennapi francia kommunik\u00e1ci\u00f3ban.<\/p>\n","protected":false},"featured_media":1527915,"template":"","language":[12300,12308],"class_list":["post-1078816","grammar","type-grammar","status-publish","has-post-thumbnail","hentry","language-francia","language-igek-francia-nyelvtan"],"acf":[],"yoast_head":"<!-- This site is optimized with the Yoast SEO Premium plugin v27.2 (Yoast SEO v27.2) - https:\/\/yoast.com\/product\/yoast-seo-premium-wordpress\/ -->\n<title>G\u00e9rondif a francia nyelvtanban - Talkpal<\/title>\n<meta name=\"description\" content=\"A francia nyelvtan egyik gyakran f\u00e9lre\u00e9rtett, \u00e1m rendk\u00edv\u00fcl hasznos szerkezete a g\u00e9rondif, amely n\u00e9lk\u00fcl\u00f6zhetetlen a g\u00f6rd\u00fcl\u00e9keny, term\u00e9szetes francia\" \/>\n<meta name=\"robots\" content=\"index, follow, max-snippet:-1, max-image-preview:large, max-video-preview:-1\" \/>\n<link rel=\"canonical\" href=\"https:\/\/talkpal.ai\/hu\/grammar\/gerondif-a-francia-nyelvtanban\/\" \/>\n<meta property=\"og:locale\" content=\"hu_HU\" \/>\n<meta property=\"og:type\" content=\"article\" \/>\n<meta property=\"og:title\" content=\"G\u00e9rondif a francia nyelvtanban\" \/>\n<meta property=\"og:description\" content=\"A francia nyelvtan egyik gyakran f\u00e9lre\u00e9rtett, \u00e1m rendk\u00edv\u00fcl hasznos szerkezete a g\u00e9rondif, amely n\u00e9lk\u00fcl\u00f6zhetetlen a g\u00f6rd\u00fcl\u00e9keny, term\u00e9szetes francia\" \/>\n<meta property=\"og:url\" content=\"https:\/\/talkpal.ai\/hu\/grammar\/gerondif-a-francia-nyelvtanban\/\" \/>\n<meta property=\"og:site_name\" content=\"Talkpal\" \/>\n<meta property=\"article:publisher\" content=\"https:\/\/www.facebook.com\/profile.php?id=100090733639311\" \/>\n<meta property=\"og:image\" content=\"https:\/\/talkpal.ai\/wp-content\/uploads\/2025\/02\/Progress-tab-16_9.png\" \/>\n\t<meta property=\"og:image:width\" content=\"2880\" \/>\n\t<meta property=\"og:image:height\" content=\"1620\" \/>\n\t<meta property=\"og:image:type\" content=\"image\/png\" \/>\n<meta name=\"twitter:card\" content=\"summary_large_image\" \/>\n<meta name=\"twitter:site\" content=\"@talkpalai\" \/>\n<meta name=\"twitter:label1\" content=\"Becs\u00fclt olvas\u00e1si id\u0151\" \/>\n\t<meta name=\"twitter:data1\" content=\"5 perc\" \/>\n<script type=\"application\/ld+json\" class=\"yoast-schema-graph\">{\"@context\":\"https:\/\/schema.org\",\"@graph\":[{\"@type\":\"WebPage\",\"@id\":\"https:\/\/talkpal.ai\/hu\/grammar\/gerondif-a-francia-nyelvtanban\/\",\"url\":\"https:\/\/talkpal.ai\/hu\/grammar\/gerondif-a-francia-nyelvtanban\/\",\"name\":\"G\u00e9rondif a francia nyelvtanban - Talkpal\",\"isPartOf\":{\"@id\":\"https:\/\/talkpal.ai\/hu\/#website\"},\"primaryImageOfPage\":{\"@id\":\"https:\/\/talkpal.ai\/hu\/grammar\/gerondif-a-francia-nyelvtanban\/#primaryimage\"},\"image\":{\"@id\":\"https:\/\/talkpal.ai\/hu\/grammar\/gerondif-a-francia-nyelvtanban\/#primaryimage\"},\"thumbnailUrl\":\"https:\/\/talkpal.ai\/wp-content\/uploads\/2025\/12\/student-researching-syntax-learning-languages.webp\",\"datePublished\":\"2025-07-01T21:57:15+00:00\",\"description\":\"A francia nyelvtan egyik gyakran f\u00e9lre\u00e9rtett, \u00e1m rendk\u00edv\u00fcl hasznos szerkezete a g\u00e9rondif, amely n\u00e9lk\u00fcl\u00f6zhetetlen a g\u00f6rd\u00fcl\u00e9keny, term\u00e9szetes francia\",\"breadcrumb\":{\"@id\":\"https:\/\/talkpal.ai\/hu\/grammar\/gerondif-a-francia-nyelvtanban\/#breadcrumb\"},\"inLanguage\":\"hu\",\"potentialAction\":[{\"@type\":\"ReadAction\",\"target\":[\"https:\/\/talkpal.ai\/hu\/grammar\/gerondif-a-francia-nyelvtanban\/\"]}]},{\"@type\":\"ImageObject\",\"inLanguage\":\"hu\",\"@id\":\"https:\/\/talkpal.ai\/hu\/grammar\/gerondif-a-francia-nyelvtanban\/#primaryimage\",\"url\":\"https:\/\/talkpal.ai\/wp-content\/uploads\/2025\/12\/student-researching-syntax-learning-languages.webp\",\"contentUrl\":\"https:\/\/talkpal.ai\/wp-content\/uploads\/2025\/12\/student-researching-syntax-learning-languages.webp\",\"width\":1200,\"height\":896,\"caption\":\"A student in a blue hoodie writes notes for learning languages at a long library table.\"},{\"@type\":\"BreadcrumbList\",\"@id\":\"https:\/\/talkpal.ai\/hu\/grammar\/gerondif-a-francia-nyelvtanban\/#breadcrumb\",\"itemListElement\":[{\"@type\":\"ListItem\",\"position\":1,\"name\":\"Homepage\",\"item\":\"https:\/\/talkpal.ai\/hu\/\"},{\"@type\":\"ListItem\",\"position\":2,\"name\":\"G\u00e9rondif a francia nyelvtanban\"}]},{\"@type\":\"WebSite\",\"@id\":\"https:\/\/talkpal.ai\/hu\/#website\",\"url\":\"https:\/\/talkpal.ai\/hu\/\",\"name\":\"Talkpal\",\"description\":\"AI Language Learning\",\"publisher\":{\"@id\":\"https:\/\/talkpal.ai\/hu\/#organization\"},\"alternateName\":\"Talkpal AI\",\"potentialAction\":[{\"@type\":\"SearchAction\",\"target\":{\"@type\":\"EntryPoint\",\"urlTemplate\":\"https:\/\/talkpal.ai\/hu\/?s={search_term_string}\"},\"query-input\":{\"@type\":\"PropertyValueSpecification\",\"valueRequired\":true,\"valueName\":\"search_term_string\"}}],\"inLanguage\":\"hu\"},{\"@type\":\"Organization\",\"@id\":\"https:\/\/talkpal.ai\/hu\/#organization\",\"name\":\"Talkpal, Inc.\",\"alternateName\":\"Talkpal AI\",\"url\":\"https:\/\/talkpal.ai\/hu\/\",\"logo\":{\"@type\":\"ImageObject\",\"inLanguage\":\"hu\",\"@id\":\"https:\/\/talkpal.ai\/hu\/#\/schema\/logo\/image\/\",\"url\":\"https:\/\/talkpal.ai\/wp-content\/uploads\/2024\/03\/Talkpal-Logo-Icon.png\",\"contentUrl\":\"https:\/\/talkpal.ai\/wp-content\/uploads\/2024\/03\/Talkpal-Logo-Icon.png\",\"width\":2880,\"height\":2880,\"caption\":\"Talkpal, Inc.\"},\"image\":{\"@id\":\"https:\/\/talkpal.ai\/hu\/#\/schema\/logo\/image\/\"},\"sameAs\":[\"https:\/\/www.facebook.com\/profile.php?id=100090733639311\",\"https:\/\/x.com\/talkpalai\",\"https:\/\/www.linkedin.com\/company\/talkpal\/\",\"https:\/\/www.youtube.com\/@TalkPal\/\",\"https:\/\/www.tiktok.com\/@talkpal\",\"https:\/\/www.instagram.com\/talkpal_ai\/\",\"https:\/\/www.crunchbase.com\/organization\/talkpal-9cde\",\"https:\/\/www.g2.com\/products\/talkpal-for-business\/\",\"https:\/\/www.trustpilot.com\/review\/talkpal.ai\",\"https:\/\/www.capterra.com\/p\/10006800\/TalkPal\/\"],\"description\":\"Talkpal is a language learning web and mobile education app, powered by the latest AI technologies, that provides engaging experiences to its customers in many different languages to help them improve their language skills. Users can chat about unlimited amount of topics with the app and use other modes to practice their language learning.\",\"email\":\"support@talkpal.ai\",\"legalName\":\"Talkpal, Inc.\",\"foundingDate\":\"2023-04-03\",\"duns\":\"118989042\",\"numberOfEmployees\":{\"@type\":\"QuantitativeValue\",\"minValue\":\"11\",\"maxValue\":\"50\"},\"publishingPrinciples\":\"https:\/\/talkpal.ai\/publishing-principles\/\",\"actionableFeedbackPolicy\":\"https:\/\/talkpal.ai\/actionable-feedback-policy\/\",\"correctionsPolicy\":\"https:\/\/talkpal.ai\/corrections-policy\/\",\"ethicsPolicy\":\"https:\/\/talkpal.ai\/ethics-policy\/\",\"diversityPolicy\":\"https:\/\/talkpal.ai\/diversity-policy\/\",\"diversityStaffingReport\":\"https:\/\/talkpal.ai\/diversity-policy\/\"}]}<\/script>\n<!-- \/ Yoast SEO Premium plugin. -->","yoast_head_json":{"title":"G\u00e9rondif a francia nyelvtanban - Talkpal","description":"A francia nyelvtan egyik gyakran f\u00e9lre\u00e9rtett, \u00e1m rendk\u00edv\u00fcl hasznos szerkezete a g\u00e9rondif, amely n\u00e9lk\u00fcl\u00f6zhetetlen a g\u00f6rd\u00fcl\u00e9keny, term\u00e9szetes francia","robots":{"index":"index","follow":"follow","max-snippet":"max-snippet:-1","max-image-preview":"max-image-preview:large","max-video-preview":"max-video-preview:-1"},"canonical":"https:\/\/talkpal.ai\/hu\/grammar\/gerondif-a-francia-nyelvtanban\/","og_locale":"hu_HU","og_type":"article","og_title":"G\u00e9rondif a francia nyelvtanban","og_description":"A francia nyelvtan egyik gyakran f\u00e9lre\u00e9rtett, \u00e1m rendk\u00edv\u00fcl hasznos szerkezete a g\u00e9rondif, amely n\u00e9lk\u00fcl\u00f6zhetetlen a g\u00f6rd\u00fcl\u00e9keny, term\u00e9szetes francia","og_url":"https:\/\/talkpal.ai\/hu\/grammar\/gerondif-a-francia-nyelvtanban\/","og_site_name":"Talkpal","article_publisher":"https:\/\/www.facebook.com\/profile.php?id=100090733639311","og_image":[{"width":2880,"height":1620,"url":"https:\/\/talkpal.ai\/wp-content\/uploads\/2025\/02\/Progress-tab-16_9.png","type":"image\/png"}],"twitter_card":"summary_large_image","twitter_site":"@talkpalai","twitter_misc":{"Becs\u00fclt olvas\u00e1si id\u0151":"5 perc"},"schema":{"@context":"https:\/\/schema.org","@graph":[{"@type":"WebPage","@id":"https:\/\/talkpal.ai\/hu\/grammar\/gerondif-a-francia-nyelvtanban\/","url":"https:\/\/talkpal.ai\/hu\/grammar\/gerondif-a-francia-nyelvtanban\/","name":"G\u00e9rondif a francia nyelvtanban - Talkpal","isPartOf":{"@id":"https:\/\/talkpal.ai\/hu\/#website"},"primaryImageOfPage":{"@id":"https:\/\/talkpal.ai\/hu\/grammar\/gerondif-a-francia-nyelvtanban\/#primaryimage"},"image":{"@id":"https:\/\/talkpal.ai\/hu\/grammar\/gerondif-a-francia-nyelvtanban\/#primaryimage"},"thumbnailUrl":"https:\/\/talkpal.ai\/wp-content\/uploads\/2025\/12\/student-researching-syntax-learning-languages.webp","datePublished":"2025-07-01T21:57:15+00:00","description":"A francia nyelvtan egyik gyakran f\u00e9lre\u00e9rtett, \u00e1m rendk\u00edv\u00fcl hasznos szerkezete a g\u00e9rondif, amely n\u00e9lk\u00fcl\u00f6zhetetlen a g\u00f6rd\u00fcl\u00e9keny, term\u00e9szetes francia","breadcrumb":{"@id":"https:\/\/talkpal.ai\/hu\/grammar\/gerondif-a-francia-nyelvtanban\/#breadcrumb"},"inLanguage":"hu","potentialAction":[{"@type":"ReadAction","target":["https:\/\/talkpal.ai\/hu\/grammar\/gerondif-a-francia-nyelvtanban\/"]}]},{"@type":"ImageObject","inLanguage":"hu","@id":"https:\/\/talkpal.ai\/hu\/grammar\/gerondif-a-francia-nyelvtanban\/#primaryimage","url":"https:\/\/talkpal.ai\/wp-content\/uploads\/2025\/12\/student-researching-syntax-learning-languages.webp","contentUrl":"https:\/\/talkpal.ai\/wp-content\/uploads\/2025\/12\/student-researching-syntax-learning-languages.webp","width":1200,"height":896,"caption":"A student in a blue hoodie writes notes for learning languages at a long library table."},{"@type":"BreadcrumbList","@id":"https:\/\/talkpal.ai\/hu\/grammar\/gerondif-a-francia-nyelvtanban\/#breadcrumb","itemListElement":[{"@type":"ListItem","position":1,"name":"Homepage","item":"https:\/\/talkpal.ai\/hu\/"},{"@type":"ListItem","position":2,"name":"G\u00e9rondif a francia nyelvtanban"}]},{"@type":"WebSite","@id":"https:\/\/talkpal.ai\/hu\/#website","url":"https:\/\/talkpal.ai\/hu\/","name":"Talkpal","description":"AI Language Learning","publisher":{"@id":"https:\/\/talkpal.ai\/hu\/#organization"},"alternateName":"Talkpal AI","potentialAction":[{"@type":"SearchAction","target":{"@type":"EntryPoint","urlTemplate":"https:\/\/talkpal.ai\/hu\/?s={search_term_string}"},"query-input":{"@type":"PropertyValueSpecification","valueRequired":true,"valueName":"search_term_string"}}],"inLanguage":"hu"},{"@type":"Organization","@id":"https:\/\/talkpal.ai\/hu\/#organization","name":"Talkpal, Inc.","alternateName":"Talkpal AI","url":"https:\/\/talkpal.ai\/hu\/","logo":{"@type":"ImageObject","inLanguage":"hu","@id":"https:\/\/talkpal.ai\/hu\/#\/schema\/logo\/image\/","url":"https:\/\/talkpal.ai\/wp-content\/uploads\/2024\/03\/Talkpal-Logo-Icon.png","contentUrl":"https:\/\/talkpal.ai\/wp-content\/uploads\/2024\/03\/Talkpal-Logo-Icon.png","width":2880,"height":2880,"caption":"Talkpal, Inc."},"image":{"@id":"https:\/\/talkpal.ai\/hu\/#\/schema\/logo\/image\/"},"sameAs":["https:\/\/www.facebook.com\/profile.php?id=100090733639311","https:\/\/x.com\/talkpalai","https:\/\/www.linkedin.com\/company\/talkpal\/","https:\/\/www.youtube.com\/@TalkPal\/","https:\/\/www.tiktok.com\/@talkpal","https:\/\/www.instagram.com\/talkpal_ai\/","https:\/\/www.crunchbase.com\/organization\/talkpal-9cde","https:\/\/www.g2.com\/products\/talkpal-for-business\/","https:\/\/www.trustpilot.com\/review\/talkpal.ai","https:\/\/www.capterra.com\/p\/10006800\/TalkPal\/"],"description":"Talkpal is a language learning web and mobile education app, powered by the latest AI technologies, that provides engaging experiences to its customers in many different languages to help them improve their language skills. Users can chat about unlimited amount of topics with the app and use other modes to practice their language learning.","email":"support@talkpal.ai","legalName":"Talkpal, Inc.","foundingDate":"2023-04-03","duns":"118989042","numberOfEmployees":{"@type":"QuantitativeValue","minValue":"11","maxValue":"50"},"publishingPrinciples":"https:\/\/talkpal.ai\/publishing-principles\/","actionableFeedbackPolicy":"https:\/\/talkpal.ai\/actionable-feedback-policy\/","correctionsPolicy":"https:\/\/talkpal.ai\/corrections-policy\/","ethicsPolicy":"https:\/\/talkpal.ai\/ethics-policy\/","diversityPolicy":"https:\/\/talkpal.ai\/diversity-policy\/","diversityStaffingReport":"https:\/\/talkpal.ai\/diversity-policy\/"}]}},"_links":{"self":[{"href":"https:\/\/talkpal.ai\/hu\/wp-json\/wp\/v2\/grammar\/1078816","targetHints":{"allow":["GET"]}}],"collection":[{"href":"https:\/\/talkpal.ai\/hu\/wp-json\/wp\/v2\/grammar"}],"about":[{"href":"https:\/\/talkpal.ai\/hu\/wp-json\/wp\/v2\/types\/grammar"}],"wp:featuredmedia":[{"embeddable":true,"href":"https:\/\/talkpal.ai\/hu\/wp-json\/wp\/v2\/media\/1527915"}],"wp:attachment":[{"href":"https:\/\/talkpal.ai\/hu\/wp-json\/wp\/v2\/media?parent=1078816"}],"wp:term":[{"taxonomy":"language","embeddable":true,"href":"https:\/\/talkpal.ai\/hu\/wp-json\/wp\/v2\/language?post=1078816"}],"curies":[{"name":"wp","href":"https:\/\/api.w.org\/{rel}","templated":true}]}}