{"id":1078813,"date":"2025-07-01T21:57:11","date_gmt":"2025-07-01T21:57:11","guid":{"rendered":"https:\/\/talkpal.ai\/grammar\/infinitif-a-francia-nyelvtanban\/"},"modified":"2025-07-01T21:57:11","modified_gmt":"2025-07-01T21:57:11","slug":"infinitif-a-francia-nyelvtanban","status":"publish","type":"grammar","link":"https:\/\/talkpal.ai\/hu\/grammar\/infinitif-a-francia-nyelvtanban\/","title":{"rendered":"Infinitif a francia nyelvtanban"},"content":{"rendered":"<p>A <a href=\"https:\/\/talkpal.ai\/hu\/tanuljon-franciaul\/\">francia nyelv<\/a> tanul\u00e1sa sor\u00e1n az <a href=\"https:\/\/talkpal.ai\/ja\/grammar_exercises\/infinitif-%e3%83%95%e3%83%a9%e3%83%b3%e3%82%b9%e3%81%ae%e6%96%87%e6%b3%95%e3%81%ae%e3%81%9f%e3%82%81%e3%81%ae%e6%bc%94%e7%bf%92\/\">infinitif<\/a>, vagyis a f\u0151n\u00e9vi igen\u00e9v, kulcsfontoss\u00e1g\u00fa szerepet j\u00e1tszik a mondatszerkeszt\u00e9sben, az igeid\u0151k kialak\u00edt\u00e1s\u00e1ban \u00e9s a k\u00fcl\u00f6nb\u00f6z\u0151 nyelvtani szerkezetek meg\u00e9rt\u00e9s\u00e9ben. E nyelvtani forma sokoldal\u00fas\u00e1ga miatt elengedhetetlen, hogy <a href=\"https:\/\/talkpal.ai\/locations\/language-courses-in-minden\/\">minden<\/a> <a href=\"https:\/\/talkpal.ai\/learn-french\/\">francia<\/a> tanul\u00f3 alaposan elsaj\u00e1t\u00edtsa haszn\u00e1lat\u00e1t \u00e9s jelent\u00e9s\u00e9t. Az infinitif nemcsak a h\u00e9tk\u00f6znapi kommunik\u00e1ci\u00f3ban, hanem az \u00edrott sz\u00f6vegekben is gyakran el\u0151fordul, \u00edgy meg\u00e9rt\u00e9se elengedhetetlen a magabiztos nyelvhaszn\u00e1lathoz. A <a href=\"https:\/\/talkpal.ai\/ko\/ai-%ec%96%b8%ec%96%b4-%ea%b5%90%ec%82%ac\/\">Talkpal<\/a> remek lehet\u0151s\u00e9get ny\u00fajt arra, hogy j\u00e1t\u00e9kosan \u00e9s hat\u00e9konyan saj\u00e1t\u00edtsd el az infinitif haszn\u00e1lat\u00e1t a francia nyelvtanban.<\/p>\n<h2>Mi az infinitif a francia nyelvtanban?<\/h2>\n<p>Az infinitif, magyarul f\u0151n\u00e9vi igen\u00e9v, egy olyan igei alak, amelyet a cselekv\u0151 szem\u00e9lye \u00e9s sz\u00e1ma nem befoly\u00e1sol. Ez azt jelenti, hogy az infinitif sosem ragozott, hanem egyfajta \u201csz\u00f3t\u00e1ri alak\u201d, amelyet a legt\u00f6bb sz\u00f3t\u00e1rban is megtal\u00e1lunk. A francia nyelvben h\u00e1rom f\u0151 infinitif csoport l\u00e9tezik az ig\u00e9k v\u00e9gz\u0151d\u00e9se szerint:<\/p>\n<ul>\n<li><strong>-er<\/strong> v\u00e9g\u0171 ig\u00e9k (pl. parler \u2013 besz\u00e9lni)<\/li>\n<li><strong>-ir<\/strong> v\u00e9g\u0171 ig\u00e9k (pl. finir \u2013 befejezni)<\/li>\n<li><strong>-re<\/strong> v\u00e9g\u0171 ig\u00e9k (pl. vendre \u2013 eladni)<\/li>\n<\/ul>\n<p>Az infinitif \u00f6nmag\u00e1ban nem fejezi ki, hogy ki v\u00e9gzi a cselekv\u00e9st, ez\u00e9rt haszn\u00e1lat\u00e1hoz tov\u00e1bbi inform\u00e1ci\u00f3kra <a href=\"https:\/\/talkpal.ai\/locations\/language-courses-in-van\/\">van<\/a> sz\u00fcks\u00e9g a mondat t\u00f6bbi r\u00e9sz\u00e9b\u0151l.<\/p>\n<h2>Az infinitif szerepe a francia mondatszerkeszt\u00e9sben<\/h2>\n<h3>F\u0151n\u00e9vi igen\u00e9v mint mondatr\u00e9sz<\/h3>\n<p>Az infinitif a francia nyelvben gyakran m\u0171k\u00f6dik f\u0151n\u00e9vk\u00e9nt, \u00edgy lehet alany, t\u00e1rgy vagy \u00e1ll\u00edtm\u00e1nyi r\u00e9sz is:<\/p>\n<ul>\n<li><strong>Alanyk\u00e9nt:<\/strong> Manger est important. (Enni fontos.)<\/li>\n<li><strong>T\u00e1rgyk\u00e9nt:<\/strong> Je veux <a href=\"https:\/\/talkpal.ai\/fr\/maitrisez-le-francais-facilement-apprendre-le-francais-avec-chatgpt-rapidement\/\">apprendre le fran\u00e7ais<\/a>. (Franci\u00e1ul akarok tanulni.)<\/li>\n<li><strong>\u00c1ll\u00edtm\u00e1nyi r\u00e9sz:<\/strong> Le but est de r\u00e9ussir. (A c\u00e9l a siker.)<\/li>\n<\/ul>\n<h3>Infinitif haszn\u00e1lata seg\u00e9dig\u00e9kkel<\/h3>\n<p>Sz\u00e1mos seg\u00e9dige (verbe auxiliaire) vagy mod\u00e1lis ige ut\u00e1n infinitifet kell haszn\u00e1lni. Ezek k\u00f6z\u00fcl a leggyakoribbak:<\/p>\n<ul>\n<li><strong>vouloir<\/strong> (akarni): Je veux partir. (El akarok menni.)<\/li>\n<li><strong>pouvoir<\/strong> (tudni\/k\u00e9pesnek lenni): Il peut venir. (\u0150 j\u00f6het.)<\/li>\n<li><strong>devoir<\/strong> (kell): Tu dois \u00e9tudier. (Tanulnod kell.)<\/li>\n<li><strong>savoir<\/strong> (tudni): Nous savons danser. (Tudunk t\u00e1ncolni.)<\/li>\n<\/ul>\n<h3>Prepoz\u00edci\u00f3k \u00e9s az infinitif<\/h3>\n<p>A francia nyelvben az infinitif gyakran kapcsol\u00f3dik prepoz\u00edci\u00f3khoz, amelyek meghat\u00e1rozz\u00e1k a mondat pontos jelent\u00e9s\u00e9t. A leggyakoribb prepoz\u00edci\u00f3k:<\/p>\n<ul>\n<li><strong>\u00e0<\/strong> (pl. <a href=\"https:\/\/talkpal.ai\/ko\/ai-%ec%96%b8%ec%96%b4-%ea%b5%90%ec%82%ac\/\">commencer<\/a> \u00e0 faire \u2013 elkezdeni csin\u00e1lni)<\/li>\n<li><strong>de<\/strong> (pl. arr\u00eater de fumer \u2013 abbahagyni a doh\u00e1nyz\u00e1st)<\/li>\n<li><strong>pour<\/strong> (pl. pour r\u00e9ussir \u2013 a siker\u00e9rt)<\/li>\n<li><strong>sans<\/strong> (pl. sans h\u00e9siter \u2013 haboz\u00e1s n\u00e9lk\u00fcl)<\/li>\n<\/ul>\n<h2>Az infinitif k\u00e9pz\u00e9se \u00e9s v\u00e9gz\u0151d\u00e9sei<\/h2>\n<h3>Az -er v\u00e9g\u0171 ig\u00e9k<\/h3>\n<p>A francia ig\u00e9k legnagyobb csoportja az -er v\u00e9g\u0171 ig\u00e9k, melyek infinitivje mindig -er-re v\u00e9gz\u0151dik. P\u00e9ld\u00e1k:<\/p>\n<ul>\n<li>aimer \u2013 szeretni<\/li>\n<li>parler \u2013 besz\u00e9lni<\/li>\n<li>travailler \u2013 dolgozni<\/li>\n<\/ul>\n<h3>Az -ir v\u00e9g\u0171 ig\u00e9k<\/h3>\n<p>A m\u00e1sodik csoportba tartoznak az -ir v\u00e9g\u0171 ig\u00e9k:<\/p>\n<ul>\n<li>finir \u2013 befejezni<\/li>\n<li>choisir \u2013 v\u00e1lasztani<\/li>\n<li>r\u00e9ussir \u2013 siker\u00fclni<\/li>\n<\/ul>\n<h3>Az -re v\u00e9g\u0171 ig\u00e9k<\/h3>\n<p>A harmadik csoportot az -re v\u00e9g\u0171 ig\u00e9k alkotj\u00e1k:<\/p>\n<ul>\n<li>vendre \u2013 eladni<\/li>\n<li>attendre \u2013 v\u00e1rni<\/li>\n<li>descendre \u2013 lemenni<\/li>\n<\/ul>\n<h3>K\u00fcl\u00f6nleges \u00e9s rendhagy\u00f3 ig\u00e9k<\/h3>\n<p>Vannak olyan ig\u00e9k, amelyek infinitiv alakja elt\u00e9rhet a megszokott mint\u00e1kt\u00f3l. P\u00e9ld\u00e1ul:<\/p>\n<ul>\n<li>\u00eatre \u2013 lenni<\/li>\n<li>avoir \u2013 birtokolni<\/li>\n<li>faire \u2013 csin\u00e1lni<\/li>\n<li>aller \u2013 menni<\/li>\n<\/ul>\n<p>Ezeket az ig\u00e9ket k\u00fcl\u00f6n kell megtanulni, mivel rendhagy\u00f3 alakjaik vannak.<\/p>\n<h2>Az infinitif haszn\u00e1lata k\u00fcl\u00f6nb\u00f6z\u0151 szerkezetekben<\/h2>\n<h3>Infinitif szerkezetek mondatban<\/h3>\n<p>Az infinitif gyakran fordul el\u0151 \u00f6sszetett szerkezetekben, p\u00e9ld\u00e1ul:<\/p>\n<ul>\n<li><strong>Apr\u00e8s + infinitif pass\u00e9:<\/strong> Apr\u00e8s avoir mang\u00e9, je suis parti. (Miut\u00e1n ettem, elmentem.)<\/li>\n<li><strong>Sans + infinitif:<\/strong> Il est parti sans dire au revoir. (Elment an\u00e9lk\u00fcl, hogy elk\u00f6sz\u00f6nt volna.)<\/li>\n<li><strong>Pour + infinitif:<\/strong> Je travaille pour r\u00e9ussir. (Az\u00e9rt dolgozom, hogy sikeres legyek.)<\/li>\n<\/ul>\n<h3>Infinitif \u00e9s a tilt\u00e1s<\/h3>\n<p>Tilt\u00f3 mondatokban gyakran haszn\u00e1lj\u00e1k az infinitifet:<\/p>\n<ul>\n<li>Ne pas fumer ! (Tilos doh\u00e1nyozni!)<\/li>\n<li>Ne pas entrer ! (Bel\u00e9pni tilos!)<\/li>\n<\/ul>\n<h3>Az infinitif m\u00falt idej\u0171 alakja (infinitif pass\u00e9)<\/h3>\n<p>A m\u00falt idej\u0171 f\u0151n\u00e9vi igen\u00e9v (infinitif pass\u00e9) azt fejezi ki, hogy a cselekv\u00e9s a mondat f\u0151 cselekv\u00e9se el\u0151tt t\u00f6rt\u00e9nt:<\/p>\n<ul>\n<li>Apr\u00e8s avoir fini son travail, il est sorti. (Miut\u00e1n befejezte a munk\u00e1j\u00e1t, elment.)<\/li>\n<li>Elle regrette d\u2019avoir dit \u00e7a. (B\u00e1nja, hogy ezt mondta.)<\/li>\n<\/ul>\n<p>Az <strong>avoir<\/strong> vagy <strong>\u00eatre<\/strong> seg\u00e9dig\u00e9t kell infinitif alakban haszn\u00e1lni, majd hozz\u00e1adni az ige m\u00falt idej\u0171 mell\u00e9kn\u00e9vi igenev\u00e9t.<\/p>\n<h2>Az infinitif \u00e9s a vonzatok<\/h2>\n<h3>Ig\u00e9k, amelyekhez \u00e0 vagy de kell<\/h3>\n<p>Egyes ig\u00e9k csak egy bizonyos prepoz\u00edci\u00f3val haszn\u00e1lhat\u00f3k infinitif el\u0151tt. Ezeket a vonzatokat meg kell tanulni:<\/p>\n<ul>\n<li>commencer \u00e0 faire qc (elkezdeni csin\u00e1lni vmit)<\/li>\n<li>essayer de faire qc (megpr\u00f3b\u00e1lni csin\u00e1lni vmit)<\/li>\n<li>continuer \u00e0 faire qc (folytatni vmit)<\/li>\n<li>oublier de faire qc (elfelejteni megcsin\u00e1lni vmit)<\/li>\n<\/ul>\n<h3>Prepoz\u00edci\u00f3 n\u00e9lk\u00fcli infinitif<\/h3>\n<p>Vannak ig\u00e9k, amelyek ut\u00e1n k\u00f6zvetlen\u00fcl, prepoz\u00edci\u00f3 n\u00e9lk\u00fcl k\u00f6vetkezik az infinitif:<\/p>\n<ul>\n<li>vouloir faire qc (akarni csin\u00e1lni vmit)<\/li>\n<li>pouvoir faire qc (tudni csin\u00e1lni vmit)<\/li>\n<li>devoir faire qc (kell csin\u00e1lni vmit)<\/li>\n<\/ul>\n<h2>Gyakori hib\u00e1k az infinitif haszn\u00e1lat\u00e1ban<\/h2>\n<h3>Prepoz\u00edci\u00f3k helytelen haszn\u00e1lata<\/h3>\n<p>Sokan elt\u00e9vesztik, hogy melyik ig\u00e9hez melyik prepoz\u00edci\u00f3 tartozik, vagy hogy egy\u00e1ltal\u00e1n sz\u00fcks\u00e9ges-e prepoz\u00edci\u00f3. Ez\u00e9rt fontos a vonzatok memoriz\u00e1l\u00e1sa.<\/p>\n<h3>Az infinitif \u00f6sszet\u00e9veszt\u00e9se m\u00e1s igealakkal<\/h3>\n<p>A kezd\u0151 tanul\u00f3k gyakran \u00f6sszekeverik az infinitifet a jelen id\u0151 ragozott alakjaival, k\u00fcl\u00f6n\u00f6sen az -er v\u00e9g\u0171 ig\u00e9kn\u00e9l. Mindig figyelj\u00fcnk az ig\u00e9k v\u00e9gz\u0151d\u00e9s\u00e9re \u00e9s szerep\u00e9re a mondatban!<\/p>\n<h3>Infinitif pass\u00e9 helytelen szerkeszt\u00e9se<\/h3>\n<p>A m\u00falt idej\u0171 infinitif (infinitif pass\u00e9) helyes k\u00e9pz\u00e9se gyakorl\u00e1st ig\u00e9nyel, k\u00fcl\u00f6n\u00f6sen a helyes seg\u00e9dige kiv\u00e1laszt\u00e1sa (avoir vagy \u00eatre) miatt.<\/p>\n<h2>Infinitif a francia nyelvvizsg\u00e1n \u00e9s \u00e9retts\u00e9gin<\/h2>\n<p>A f\u0151n\u00e9vi igen\u00e9v helyes haszn\u00e1lata alapvet\u0151 k\u00f6vetelm\u00e9ny minden francia nyelvvizsg\u00e1n \u00e9s \u00e9retts\u00e9gin. Tipikus feladatok lehetnek:<\/p>\n<ul>\n<li>Hi\u00e1nyz\u00f3 prepoz\u00edci\u00f3k p\u00f3tl\u00e1sa<\/li>\n<li>Infinitif \u00e9s ragozott igealakok megk\u00fcl\u00f6nb\u00f6ztet\u00e9se<\/li>\n<li>Infinitif pass\u00e9 szerkeszt\u00e9se<\/li>\n<li>Sz\u00f6vegalkot\u00e1s infinitif szerkezetekkel<\/li>\n<\/ul>\n<p>A megfelel\u0151 gyakorl\u00e1s elengedhetetlen, hogy magabiztosan tudd alkalmazni ezeket a szerkezeteket \u00edr\u00e1sban \u00e9s sz\u00f3ban egyar\u00e1nt.<\/p>\n<h2>Hogyan gyakorolhatod az infinitif haszn\u00e1lat\u00e1t?<\/h2>\n<p>A f\u0151n\u00e9vi igen\u00e9v helyes alkalmaz\u00e1s\u00e1nak elsaj\u00e1t\u00edt\u00e1s\u00e1hoz az al\u00e1bbi m\u00f3dszereket \u00e9rdemes kipr\u00f3b\u00e1lni:<\/p>\n<ul>\n<li><strong>Olvas\u00e1s:<\/strong> Keresd a sz\u00f6vegekben az infinitif szerkezeteket, \u00e9s jegyezd fel az \u00faj ig\u00e9ket a hozz\u00e1juk tartoz\u00f3 prepoz\u00edci\u00f3kkal egy\u00fctt.<\/li>\n<li><strong>Ford\u00edt\u00e1s:<\/strong> Ford\u00edts r\u00f6vid mondatokat magyarb\u00f3l franci\u00e1ra, figyelve az infinitif helyes haszn\u00e1lat\u00e1ra.<\/li>\n<li><strong>Nyelvtani gyakorl\u00f3feladatok:<\/strong> Oldj meg online feladatokat, p\u00e9ld\u00e1ul a Talkpal platformj\u00e1n.<\/li>\n<li><strong>Sz\u00f6vegalkot\u00e1s:<\/strong> \u00cdrj r\u00f6vid t\u00f6rt\u00e9neteket vagy le\u00edr\u00e1sokat, amelyekben tudatosan alkalmazod az infinitif k\u00fcl\u00f6nb\u00f6z\u0151 szerkezeteit.<\/li>\n<\/ul>\n<h2>\u00d6sszegz\u00e9s: Mi\u00e9rt fontos az infinitif ismerete a francia nyelvtanban?<\/h2>\n<p>Az infinitif, vagyis a f\u0151n\u00e9vi igen\u00e9v, a francia nyelvtan egyik leggyakrabban haszn\u00e1lt \u00e9s legfontosabb szerkezete. Megfelel\u0151 ismerete n\u00e9lk\u00fcl\u00f6zhetetlen a helyes mondatalkot\u00e1shoz, a k\u00fcl\u00f6nb\u00f6z\u0151 igeid\u0151k \u00e9s mondatszerkezetek kialak\u00edt\u00e1s\u00e1hoz. Az infinitif seg\u00edt a gondolatok pontos \u00e9s v\u00e1laszt\u00e9kos kifejez\u00e9s\u00e9ben, legyen sz\u00f3 h\u00e9tk\u00f6znapi besz\u00e9lget\u00e9sr\u0151l vagy hivatalos sz\u00f6vegek \u00edr\u00e1s\u00e1r\u00f3l. Ha szeretn\u00e9d gyorsan \u00e9s hat\u00e9konyan elsaj\u00e1t\u00edtani az infinitif haszn\u00e1lat\u00e1t, \u00e9rdemes rendszeresen gyakorolni, p\u00e9ld\u00e1ul a Talkpal online nyelvtanul\u00e1si platform seg\u00edts\u00e9g\u00e9vel, ahol val\u00f3s szitu\u00e1ci\u00f3kban is kipr\u00f3b\u00e1lhatod tud\u00e1sodat.<\/p>\n<p>Az infinitif helyes alkalmaz\u00e1sa magabiztoss\u00e1got ad a francia nyelvhaszn\u00e1latban, \u00e9s jelent\u0151sen hozz\u00e1j\u00e1rul a sikeres nyelvvizsg\u00e1hoz vagy \u00e9retts\u00e9gihez. Fejleszd a tud\u00e1sod, \u00e9s l\u00e9gy magabiztos a francia nyelvben \u2013 az infinitif elsaj\u00e1t\u00edt\u00e1s\u00e1val egy \u00faj szintre emelheted nyelvtud\u00e1sodat!<\/p>\n","protected":false},"featured_media":1528186,"template":"","language":[12300,12308],"class_list":["post-1078813","grammar","type-grammar","status-publish","has-post-thumbnail","hentry","language-francia","language-igek-francia-nyelvtan"],"acf":[],"yoast_head":"<!-- This site is optimized with the Yoast SEO Premium plugin v27.2 (Yoast SEO v27.2) - https:\/\/yoast.com\/product\/yoast-seo-premium-wordpress\/ -->\n<title>Infinitif a francia nyelvtanban - Talkpal<\/title>\n<meta name=\"description\" content=\"A francia nyelv tanul\u00e1sa sor\u00e1n az infinitif, vagyis a f\u0151n\u00e9vi igen\u00e9v, kulcsfontoss\u00e1g\u00fa szerepet j\u00e1tszik a mondatszerkeszt\u00e9sben, az igeid\u0151k kialak\u00edt\u00e1s\u00e1ban \u00e9s\" \/>\n<meta name=\"robots\" content=\"index, follow, max-snippet:-1, max-image-preview:large, max-video-preview:-1\" \/>\n<link rel=\"canonical\" href=\"https:\/\/talkpal.ai\/hu\/grammar\/infinitif-a-francia-nyelvtanban\/\" \/>\n<meta property=\"og:locale\" content=\"hu_HU\" \/>\n<meta property=\"og:type\" content=\"article\" \/>\n<meta property=\"og:title\" content=\"Infinitif a francia nyelvtanban\" \/>\n<meta property=\"og:description\" content=\"A francia nyelv tanul\u00e1sa sor\u00e1n az infinitif, vagyis a f\u0151n\u00e9vi igen\u00e9v, kulcsfontoss\u00e1g\u00fa szerepet j\u00e1tszik a mondatszerkeszt\u00e9sben, az igeid\u0151k kialak\u00edt\u00e1s\u00e1ban \u00e9s\" \/>\n<meta property=\"og:url\" content=\"https:\/\/talkpal.ai\/hu\/grammar\/infinitif-a-francia-nyelvtanban\/\" \/>\n<meta property=\"og:site_name\" content=\"Talkpal\" \/>\n<meta property=\"article:publisher\" content=\"https:\/\/www.facebook.com\/profile.php?id=100090733639311\" \/>\n<meta property=\"og:image\" content=\"https:\/\/talkpal.ai\/wp-content\/uploads\/2025\/02\/Progress-tab-16_9.png\" \/>\n\t<meta property=\"og:image:width\" content=\"2880\" \/>\n\t<meta property=\"og:image:height\" content=\"1620\" \/>\n\t<meta property=\"og:image:type\" content=\"image\/png\" \/>\n<meta name=\"twitter:card\" content=\"summary_large_image\" \/>\n<meta name=\"twitter:site\" content=\"@talkpalai\" \/>\n<meta name=\"twitter:label1\" content=\"Becs\u00fclt olvas\u00e1si id\u0151\" \/>\n\t<meta name=\"twitter:data1\" content=\"7 perc\" \/>\n<script type=\"application\/ld+json\" class=\"yoast-schema-graph\">{\"@context\":\"https:\/\/schema.org\",\"@graph\":[{\"@type\":\"WebPage\",\"@id\":\"https:\/\/talkpal.ai\/hu\/grammar\/infinitif-a-francia-nyelvtanban\/\",\"url\":\"https:\/\/talkpal.ai\/hu\/grammar\/infinitif-a-francia-nyelvtanban\/\",\"name\":\"Infinitif a francia nyelvtanban - Talkpal\",\"isPartOf\":{\"@id\":\"https:\/\/talkpal.ai\/hu\/#website\"},\"primaryImageOfPage\":{\"@id\":\"https:\/\/talkpal.ai\/hu\/grammar\/infinitif-a-francia-nyelvtanban\/#primaryimage\"},\"image\":{\"@id\":\"https:\/\/talkpal.ai\/hu\/grammar\/infinitif-a-francia-nyelvtanban\/#primaryimage\"},\"thumbnailUrl\":\"https:\/\/talkpal.ai\/wp-content\/uploads\/2025\/12\/trio-studies-laptop-to-learn-languages.webp\",\"datePublished\":\"2025-07-01T21:57:11+00:00\",\"description\":\"A francia nyelv tanul\u00e1sa sor\u00e1n az infinitif, vagyis a f\u0151n\u00e9vi igen\u00e9v, kulcsfontoss\u00e1g\u00fa szerepet j\u00e1tszik a mondatszerkeszt\u00e9sben, az igeid\u0151k kialak\u00edt\u00e1s\u00e1ban \u00e9s\",\"breadcrumb\":{\"@id\":\"https:\/\/talkpal.ai\/hu\/grammar\/infinitif-a-francia-nyelvtanban\/#breadcrumb\"},\"inLanguage\":\"hu\",\"potentialAction\":[{\"@type\":\"ReadAction\",\"target\":[\"https:\/\/talkpal.ai\/hu\/grammar\/infinitif-a-francia-nyelvtanban\/\"]}]},{\"@type\":\"ImageObject\",\"inLanguage\":\"hu\",\"@id\":\"https:\/\/talkpal.ai\/hu\/grammar\/infinitif-a-francia-nyelvtanban\/#primaryimage\",\"url\":\"https:\/\/talkpal.ai\/wp-content\/uploads\/2025\/12\/trio-studies-laptop-to-learn-languages.webp\",\"contentUrl\":\"https:\/\/talkpal.ai\/wp-content\/uploads\/2025\/12\/trio-studies-laptop-to-learn-languages.webp\",\"width\":1200,\"height\":896,\"caption\":\"Three students use a laptop and notebooks at a caf\u00e9 table while learning languages together.\"},{\"@type\":\"BreadcrumbList\",\"@id\":\"https:\/\/talkpal.ai\/hu\/grammar\/infinitif-a-francia-nyelvtanban\/#breadcrumb\",\"itemListElement\":[{\"@type\":\"ListItem\",\"position\":1,\"name\":\"Homepage\",\"item\":\"https:\/\/talkpal.ai\/hu\/\"},{\"@type\":\"ListItem\",\"position\":2,\"name\":\"Infinitif a francia nyelvtanban\"}]},{\"@type\":\"WebSite\",\"@id\":\"https:\/\/talkpal.ai\/hu\/#website\",\"url\":\"https:\/\/talkpal.ai\/hu\/\",\"name\":\"Talkpal\",\"description\":\"AI Language Learning\",\"publisher\":{\"@id\":\"https:\/\/talkpal.ai\/hu\/#organization\"},\"alternateName\":\"Talkpal AI\",\"potentialAction\":[{\"@type\":\"SearchAction\",\"target\":{\"@type\":\"EntryPoint\",\"urlTemplate\":\"https:\/\/talkpal.ai\/hu\/?s={search_term_string}\"},\"query-input\":{\"@type\":\"PropertyValueSpecification\",\"valueRequired\":true,\"valueName\":\"search_term_string\"}}],\"inLanguage\":\"hu\"},{\"@type\":\"Organization\",\"@id\":\"https:\/\/talkpal.ai\/hu\/#organization\",\"name\":\"Talkpal, Inc.\",\"alternateName\":\"Talkpal AI\",\"url\":\"https:\/\/talkpal.ai\/hu\/\",\"logo\":{\"@type\":\"ImageObject\",\"inLanguage\":\"hu\",\"@id\":\"https:\/\/talkpal.ai\/hu\/#\/schema\/logo\/image\/\",\"url\":\"https:\/\/talkpal.ai\/wp-content\/uploads\/2024\/03\/Talkpal-Logo-Icon.png\",\"contentUrl\":\"https:\/\/talkpal.ai\/wp-content\/uploads\/2024\/03\/Talkpal-Logo-Icon.png\",\"width\":2880,\"height\":2880,\"caption\":\"Talkpal, Inc.\"},\"image\":{\"@id\":\"https:\/\/talkpal.ai\/hu\/#\/schema\/logo\/image\/\"},\"sameAs\":[\"https:\/\/www.facebook.com\/profile.php?id=100090733639311\",\"https:\/\/x.com\/talkpalai\",\"https:\/\/www.linkedin.com\/company\/talkpal\/\",\"https:\/\/www.youtube.com\/@TalkPal\/\",\"https:\/\/www.tiktok.com\/@talkpal\",\"https:\/\/www.instagram.com\/talkpal_ai\/\",\"https:\/\/www.crunchbase.com\/organization\/talkpal-9cde\",\"https:\/\/www.g2.com\/products\/talkpal-for-business\/\",\"https:\/\/www.trustpilot.com\/review\/talkpal.ai\",\"https:\/\/www.capterra.com\/p\/10006800\/TalkPal\/\"],\"description\":\"Talkpal is a language learning web and mobile education app, powered by the latest AI technologies, that provides engaging experiences to its customers in many different languages to help them improve their language skills. Users can chat about unlimited amount of topics with the app and use other modes to practice their language learning.\",\"email\":\"support@talkpal.ai\",\"legalName\":\"Talkpal, Inc.\",\"foundingDate\":\"2023-04-03\",\"duns\":\"118989042\",\"numberOfEmployees\":{\"@type\":\"QuantitativeValue\",\"minValue\":\"11\",\"maxValue\":\"50\"},\"publishingPrinciples\":\"https:\/\/talkpal.ai\/publishing-principles\/\",\"actionableFeedbackPolicy\":\"https:\/\/talkpal.ai\/actionable-feedback-policy\/\",\"correctionsPolicy\":\"https:\/\/talkpal.ai\/corrections-policy\/\",\"ethicsPolicy\":\"https:\/\/talkpal.ai\/ethics-policy\/\",\"diversityPolicy\":\"https:\/\/talkpal.ai\/diversity-policy\/\",\"diversityStaffingReport\":\"https:\/\/talkpal.ai\/diversity-policy\/\"}]}<\/script>\n<!-- \/ Yoast SEO Premium plugin. -->","yoast_head_json":{"title":"Infinitif a francia nyelvtanban - Talkpal","description":"A francia nyelv tanul\u00e1sa sor\u00e1n az infinitif, vagyis a f\u0151n\u00e9vi igen\u00e9v, kulcsfontoss\u00e1g\u00fa szerepet j\u00e1tszik a mondatszerkeszt\u00e9sben, az igeid\u0151k kialak\u00edt\u00e1s\u00e1ban \u00e9s","robots":{"index":"index","follow":"follow","max-snippet":"max-snippet:-1","max-image-preview":"max-image-preview:large","max-video-preview":"max-video-preview:-1"},"canonical":"https:\/\/talkpal.ai\/hu\/grammar\/infinitif-a-francia-nyelvtanban\/","og_locale":"hu_HU","og_type":"article","og_title":"Infinitif a francia nyelvtanban","og_description":"A francia nyelv tanul\u00e1sa sor\u00e1n az infinitif, vagyis a f\u0151n\u00e9vi igen\u00e9v, kulcsfontoss\u00e1g\u00fa szerepet j\u00e1tszik a mondatszerkeszt\u00e9sben, az igeid\u0151k kialak\u00edt\u00e1s\u00e1ban \u00e9s","og_url":"https:\/\/talkpal.ai\/hu\/grammar\/infinitif-a-francia-nyelvtanban\/","og_site_name":"Talkpal","article_publisher":"https:\/\/www.facebook.com\/profile.php?id=100090733639311","og_image":[{"width":2880,"height":1620,"url":"https:\/\/talkpal.ai\/wp-content\/uploads\/2025\/02\/Progress-tab-16_9.png","type":"image\/png"}],"twitter_card":"summary_large_image","twitter_site":"@talkpalai","twitter_misc":{"Becs\u00fclt olvas\u00e1si id\u0151":"7 perc"},"schema":{"@context":"https:\/\/schema.org","@graph":[{"@type":"WebPage","@id":"https:\/\/talkpal.ai\/hu\/grammar\/infinitif-a-francia-nyelvtanban\/","url":"https:\/\/talkpal.ai\/hu\/grammar\/infinitif-a-francia-nyelvtanban\/","name":"Infinitif a francia nyelvtanban - Talkpal","isPartOf":{"@id":"https:\/\/talkpal.ai\/hu\/#website"},"primaryImageOfPage":{"@id":"https:\/\/talkpal.ai\/hu\/grammar\/infinitif-a-francia-nyelvtanban\/#primaryimage"},"image":{"@id":"https:\/\/talkpal.ai\/hu\/grammar\/infinitif-a-francia-nyelvtanban\/#primaryimage"},"thumbnailUrl":"https:\/\/talkpal.ai\/wp-content\/uploads\/2025\/12\/trio-studies-laptop-to-learn-languages.webp","datePublished":"2025-07-01T21:57:11+00:00","description":"A francia nyelv tanul\u00e1sa sor\u00e1n az infinitif, vagyis a f\u0151n\u00e9vi igen\u00e9v, kulcsfontoss\u00e1g\u00fa szerepet j\u00e1tszik a mondatszerkeszt\u00e9sben, az igeid\u0151k kialak\u00edt\u00e1s\u00e1ban \u00e9s","breadcrumb":{"@id":"https:\/\/talkpal.ai\/hu\/grammar\/infinitif-a-francia-nyelvtanban\/#breadcrumb"},"inLanguage":"hu","potentialAction":[{"@type":"ReadAction","target":["https:\/\/talkpal.ai\/hu\/grammar\/infinitif-a-francia-nyelvtanban\/"]}]},{"@type":"ImageObject","inLanguage":"hu","@id":"https:\/\/talkpal.ai\/hu\/grammar\/infinitif-a-francia-nyelvtanban\/#primaryimage","url":"https:\/\/talkpal.ai\/wp-content\/uploads\/2025\/12\/trio-studies-laptop-to-learn-languages.webp","contentUrl":"https:\/\/talkpal.ai\/wp-content\/uploads\/2025\/12\/trio-studies-laptop-to-learn-languages.webp","width":1200,"height":896,"caption":"Three students use a laptop and notebooks at a caf\u00e9 table while learning languages together."},{"@type":"BreadcrumbList","@id":"https:\/\/talkpal.ai\/hu\/grammar\/infinitif-a-francia-nyelvtanban\/#breadcrumb","itemListElement":[{"@type":"ListItem","position":1,"name":"Homepage","item":"https:\/\/talkpal.ai\/hu\/"},{"@type":"ListItem","position":2,"name":"Infinitif a francia nyelvtanban"}]},{"@type":"WebSite","@id":"https:\/\/talkpal.ai\/hu\/#website","url":"https:\/\/talkpal.ai\/hu\/","name":"Talkpal","description":"AI Language Learning","publisher":{"@id":"https:\/\/talkpal.ai\/hu\/#organization"},"alternateName":"Talkpal AI","potentialAction":[{"@type":"SearchAction","target":{"@type":"EntryPoint","urlTemplate":"https:\/\/talkpal.ai\/hu\/?s={search_term_string}"},"query-input":{"@type":"PropertyValueSpecification","valueRequired":true,"valueName":"search_term_string"}}],"inLanguage":"hu"},{"@type":"Organization","@id":"https:\/\/talkpal.ai\/hu\/#organization","name":"Talkpal, Inc.","alternateName":"Talkpal AI","url":"https:\/\/talkpal.ai\/hu\/","logo":{"@type":"ImageObject","inLanguage":"hu","@id":"https:\/\/talkpal.ai\/hu\/#\/schema\/logo\/image\/","url":"https:\/\/talkpal.ai\/wp-content\/uploads\/2024\/03\/Talkpal-Logo-Icon.png","contentUrl":"https:\/\/talkpal.ai\/wp-content\/uploads\/2024\/03\/Talkpal-Logo-Icon.png","width":2880,"height":2880,"caption":"Talkpal, Inc."},"image":{"@id":"https:\/\/talkpal.ai\/hu\/#\/schema\/logo\/image\/"},"sameAs":["https:\/\/www.facebook.com\/profile.php?id=100090733639311","https:\/\/x.com\/talkpalai","https:\/\/www.linkedin.com\/company\/talkpal\/","https:\/\/www.youtube.com\/@TalkPal\/","https:\/\/www.tiktok.com\/@talkpal","https:\/\/www.instagram.com\/talkpal_ai\/","https:\/\/www.crunchbase.com\/organization\/talkpal-9cde","https:\/\/www.g2.com\/products\/talkpal-for-business\/","https:\/\/www.trustpilot.com\/review\/talkpal.ai","https:\/\/www.capterra.com\/p\/10006800\/TalkPal\/"],"description":"Talkpal is a language learning web and mobile education app, powered by the latest AI technologies, that provides engaging experiences to its customers in many different languages to help them improve their language skills. Users can chat about unlimited amount of topics with the app and use other modes to practice their language learning.","email":"support@talkpal.ai","legalName":"Talkpal, Inc.","foundingDate":"2023-04-03","duns":"118989042","numberOfEmployees":{"@type":"QuantitativeValue","minValue":"11","maxValue":"50"},"publishingPrinciples":"https:\/\/talkpal.ai\/publishing-principles\/","actionableFeedbackPolicy":"https:\/\/talkpal.ai\/actionable-feedback-policy\/","correctionsPolicy":"https:\/\/talkpal.ai\/corrections-policy\/","ethicsPolicy":"https:\/\/talkpal.ai\/ethics-policy\/","diversityPolicy":"https:\/\/talkpal.ai\/diversity-policy\/","diversityStaffingReport":"https:\/\/talkpal.ai\/diversity-policy\/"}]}},"_links":{"self":[{"href":"https:\/\/talkpal.ai\/hu\/wp-json\/wp\/v2\/grammar\/1078813","targetHints":{"allow":["GET"]}}],"collection":[{"href":"https:\/\/talkpal.ai\/hu\/wp-json\/wp\/v2\/grammar"}],"about":[{"href":"https:\/\/talkpal.ai\/hu\/wp-json\/wp\/v2\/types\/grammar"}],"wp:featuredmedia":[{"embeddable":true,"href":"https:\/\/talkpal.ai\/hu\/wp-json\/wp\/v2\/media\/1528186"}],"wp:attachment":[{"href":"https:\/\/talkpal.ai\/hu\/wp-json\/wp\/v2\/media?parent=1078813"}],"wp:term":[{"taxonomy":"language","embeddable":true,"href":"https:\/\/talkpal.ai\/hu\/wp-json\/wp\/v2\/language?post=1078813"}],"curies":[{"name":"wp","href":"https:\/\/api.w.org\/{rel}","templated":true}]}}