{"id":1078778,"date":"2025-07-01T21:54:24","date_gmt":"2025-07-01T21:54:24","guid":{"rendered":"https:\/\/talkpal.ai\/grammar\/personliche-pronomen-a-nemet-nyelvtanban\/"},"modified":"2025-07-01T21:54:24","modified_gmt":"2025-07-01T21:54:24","slug":"personliche-pronomen-a-nemet-nyelvtanban","status":"publish","type":"grammar","link":"https:\/\/talkpal.ai\/hu\/grammar\/personliche-pronomen-a-nemet-nyelvtanban\/","title":{"rendered":"Pers\u00f6nliche Pronomen a n\u00e9met nyelvtanban"},"content":{"rendered":"<p>A <a href=\"https:\/\/talkpal.ai\/hu\/gyakorold-a-nemet-beszedet\/\">n\u00e9met nyelv<\/a> elsaj\u00e1t\u00edt\u00e1s\u00e1nak egyik alapk\u00f6ve a szem\u00e9lyes n\u00e9vm\u00e1sok (<a href=\"https:\/\/talkpal.ai\/fi\/grammar\/personliche-pronomen-saksan-kielioppi\/\">Pers\u00f6nliche Pronomen<\/a>) helyes haszn\u00e1lata, hiszen ezek n\u00e9lk\u00fcl\u00f6zhetetlenek a mindennapi kommunik\u00e1ci\u00f3ban. A <a href=\"https:\/\/talkpal.ai\/learn-german\/\">n\u00e9met<\/a> szem\u00e9lyes n\u00e9vm\u00e1sok szab\u00e1lyai els\u0151re bonyolultnak t\u0171nhetnek, de megfelel\u0151 gyakorl\u00e1ssal \u00e9s tudatos tanul\u00e1ssal k\u00f6nnyed\u00e9n elsaj\u00e1t\u00edthat\u00f3k. Ebben nagy seg\u00edts\u00e9get ny\u00fajtanak az olyan modern tanul\u00e1si platformok, mint a <a href=\"https:\/\/talkpal.ai\/ko\/ai-%ec%96%b8%ec%96%b4-%ea%b5%90%ec%82%ac\/\">Talkpal<\/a>, ahol interakt\u00edv feladatokon \u00e9s val\u00f3s p\u00e1rbesz\u00e9deken kereszt\u00fcl saj\u00e1t\u00edthatjuk el a n\u00e9met szem\u00e9lyes n\u00e9vm\u00e1sokat. Ebben a cikkben \u00e1tfog\u00f3an bemutatjuk a n\u00e9met szem\u00e9lyes n\u00e9vm\u00e1sok t\u00edpusait, haszn\u00e1latukat, ragoz\u00e1sukat \u00e9s k\u00fcl\u00f6nb\u00f6z\u0151 eseteit, valamint hasznos tan\u00e1csokat \u00e9s p\u00e9ld\u00e1kat adunk a sikeres tanul\u00e1shoz.<\/p>\n<h2>Mi\u00e9rt fontosak a szem\u00e9lyes n\u00e9vm\u00e1sok a n\u00e9met nyelvtanban?<\/h2>\n<p>A szem\u00e9lyes n\u00e9vm\u00e1sok (n\u00e9met\u00fcl: Pers\u00f6nliche Pronomen) a besz\u00e9l\u0151, a megsz\u00f3l\u00edtott \u00e9s a besz\u00e9d t\u00e1rgy\u00e1nak megnevez\u00e9s\u00e9re szolg\u00e1lnak. Ezek a n\u00e9vm\u00e1sok az alany, a t\u00e1rgy vagy a birtokos szerep\u00e9t t\u00f6ltik be a mondatban, ez\u00e9rt elengedhetetlenek a helyes mondatszerkeszt\u00e9shez \u00e9s a g\u00f6rd\u00fcl\u00e9keny kommunik\u00e1ci\u00f3hoz.<\/p>\n<p><strong>Fontoss\u00e1guk:<\/strong><\/p>\n<ul>\n<li>Leegyszer\u0171s\u00edtik a mondatokat, elker\u00fclhet\u0151v\u00e9 teszik a f\u0151nevek ism\u00e9tl\u00e9s\u00e9t.<\/li>\n<li>Seg\u00edts\u00e9g\u00fckkel egy\u00e9rtelm\u0171v\u00e9 v\u00e1lik, kir\u0151l vagy mir\u0151l <a href=\"https:\/\/talkpal.ai\/locations\/language-courses-in-van\/\">van<\/a> sz\u00f3.<\/li>\n<li>Elengedhetetlenek az udvarias, illetve inform\u00e1lis kommunik\u00e1ci\u00f3hoz.<\/li>\n<li>Alapvet\u0151 szerepet j\u00e1tszanak az igeragoz\u00e1s \u00e9s a mondatszerkeszt\u00e9s szempontj\u00e1b\u00f3l.<\/li>\n<\/ul>\n<h2>A n\u00e9met szem\u00e9lyes n\u00e9vm\u00e1sok t\u00edpusai<\/h2>\n<p>A n\u00e9met nyelvben a szem\u00e9lyes n\u00e9vm\u00e1sokat a mondatbeli szerep\u00fck szerint csoportos\u00edtjuk:<\/p>\n<ul>\n<li><strong>Alanyeset (Nominativ):<\/strong> Ki vagy mi cselekszik?<\/li>\n<li><strong>T\u00e1rgyeset (Akkusativ):<\/strong> Kit vagy mit \u00e9r a cselekv\u00e9s?<\/li>\n<li><strong>R\u00e9szes eset (Dativ):<\/strong> Kinek vagy minek?<\/li>\n<\/ul>\n<h3>Alanyeset\u0171 szem\u00e9lyes n\u00e9vm\u00e1sok (Nominativ)<\/h3>\n<p>Az alanyeset\u0171 n\u00e9vm\u00e1sok mutatj\u00e1k meg, hogy ki hajtja v\u00e9gre a cselekv\u00e9st. Ezeket haszn\u00e1ljuk a mondat f\u0151szerepl\u0151j\u00e9nek megnevez\u00e9s\u00e9re.<\/p>\n<table>\n<tr>\n<th>Szem\u00e9ly<\/th>\n<th>N\u00e9met<\/th>\n<th>Magyar<\/th>\n<\/tr>\n<tr>\n<td>1. szem\u00e9ly egyes sz\u00e1m<\/td>\n<td>ich<\/td>\n<td>\u00e9n<\/td>\n<\/tr>\n<tr>\n<td>2. szem\u00e9ly egyes sz\u00e1m<\/td>\n<td>du<\/td>\n<td>te<\/td>\n<\/tr>\n<tr>\n<td>3. szem\u00e9ly egyes sz\u00e1m (h\u00edmnem)<\/td>\n<td>er<\/td>\n<td>\u0151<\/td>\n<\/tr>\n<tr>\n<td>3. szem\u00e9ly egyes sz\u00e1m (n\u0151nem)<\/td>\n<td>sie<\/td>\n<td>\u0151<\/td>\n<\/tr>\n<tr>\n<td>3. szem\u00e9ly egyes sz\u00e1m (semlegesnem)<\/td>\n<td>es<\/td>\n<td>az<\/td>\n<\/tr>\n<tr>\n<td>1. szem\u00e9ly t\u00f6bbes sz\u00e1m<\/td>\n<td>wir<\/td>\n<td>mi<\/td>\n<\/tr>\n<tr>\n<td>2. szem\u00e9ly t\u00f6bbes sz\u00e1m<\/td>\n<td>ihr<\/td>\n<td>ti<\/td>\n<\/tr>\n<tr>\n<td>3. szem\u00e9ly t\u00f6bbes sz\u00e1m<\/td>\n<td>sie<\/td>\n<td>\u0151k<\/td>\n<\/tr>\n<tr>\n<td>Udvariass\u00e1gi forma<\/td>\n<td>Sie<\/td>\n<td>\u00f6n\/\u00f6n\u00f6k<\/td>\n<\/tr>\n<\/table>\n<h3>T\u00e1rgyeset\u0171 szem\u00e9lyes n\u00e9vm\u00e1sok (Akkusativ)<\/h3>\n<p>A t\u00e1rgyeset\u0171 n\u00e9vm\u00e1sok azt fejezik ki, hogy kit vagy mit \u00e9r a cselekv\u00e9s.<\/p>\n<table>\n<tr>\n<th>Szem\u00e9ly<\/th>\n<th>N\u00e9met<\/th>\n<th>Magyar<\/th>\n<\/tr>\n<tr>\n<td>1. szem\u00e9ly egyes sz\u00e1m<\/td>\n<td>mich<\/td>\n<td>engem<\/td>\n<\/tr>\n<tr>\n<td>2. szem\u00e9ly egyes sz\u00e1m<\/td>\n<td>dich<\/td>\n<td>t\u00e9ged<\/td>\n<\/tr>\n<tr>\n<td>3. szem\u00e9ly egyes sz\u00e1m (h\u00edmnem)<\/td>\n<td>ihn<\/td>\n<td>\u0151t (h\u00edmnem)<\/td>\n<\/tr>\n<tr>\n<td>3. szem\u00e9ly egyes sz\u00e1m (n\u0151nem)<\/td>\n<td>sie<\/td>\n<td>\u0151t (n\u0151nem)<\/td>\n<\/tr>\n<tr>\n<td>3. szem\u00e9ly egyes sz\u00e1m (semlegesnem)<\/td>\n<td>es<\/td>\n<td>azt<\/td>\n<\/tr>\n<tr>\n<td>1. szem\u00e9ly t\u00f6bbes sz\u00e1m<\/td>\n<td>uns<\/td>\n<td>minket<\/td>\n<\/tr>\n<tr>\n<td>2. szem\u00e9ly t\u00f6bbes sz\u00e1m<\/td>\n<td>euch<\/td>\n<td>titeket<\/td>\n<\/tr>\n<tr>\n<td>3. szem\u00e9ly t\u00f6bbes sz\u00e1m<\/td>\n<td>sie<\/td>\n<td>\u0151ket<\/td>\n<\/tr>\n<tr>\n<td>Udvariass\u00e1gi forma<\/td>\n<td>Sie<\/td>\n<td>\u00f6nt\/\u00f6n\u00f6ket<\/td>\n<\/tr>\n<\/table>\n<h3>R\u00e9szes eset\u0171 szem\u00e9lyes n\u00e9vm\u00e1sok (Dativ)<\/h3>\n<p>A r\u00e9szes eset a cselekv\u00e9s kedvezm\u00e9nyezettj\u00e9t vagy c\u00edmzettj\u00e9t fejezi ki.<\/p>\n<table>\n<tr>\n<th>Szem\u00e9ly<\/th>\n<th>N\u00e9met<\/th>\n<th>Magyar<\/th>\n<\/tr>\n<tr>\n<td>1. szem\u00e9ly egyes sz\u00e1m<\/td>\n<td>mir<\/td>\n<td>nekem<\/td>\n<\/tr>\n<tr>\n<td>2. szem\u00e9ly egyes sz\u00e1m<\/td>\n<td>dir<\/td>\n<td>neked<\/td>\n<\/tr>\n<tr>\n<td>3. szem\u00e9ly egyes sz\u00e1m (h\u00edmnem)<\/td>\n<td>ihm<\/td>\n<td>neki (h\u00edmnem)<\/td>\n<\/tr>\n<tr>\n<td>3. szem\u00e9ly egyes sz\u00e1m (n\u0151nem)<\/td>\n<td>ihr<\/td>\n<td>neki (n\u0151nem)<\/td>\n<\/tr>\n<tr>\n<td>3. szem\u00e9ly egyes sz\u00e1m (semlegesnem)<\/td>\n<td>ihm<\/td>\n<td>neki (semlegesnem)<\/td>\n<\/tr>\n<tr>\n<td>1. szem\u00e9ly t\u00f6bbes sz\u00e1m<\/td>\n<td>uns<\/td>\n<td>nek\u00fcnk<\/td>\n<\/tr>\n<tr>\n<td>2. szem\u00e9ly t\u00f6bbes sz\u00e1m<\/td>\n<td>euch<\/td>\n<td>nektek<\/td>\n<\/tr>\n<tr>\n<td>3. szem\u00e9ly t\u00f6bbes sz\u00e1m<\/td>\n<td>ihnen<\/td>\n<td>nekik<\/td>\n<\/tr>\n<tr>\n<td>Udvariass\u00e1gi forma<\/td>\n<td>Ihnen<\/td>\n<td>\u00f6nnek\/\u00f6n\u00f6knek<\/td>\n<\/tr>\n<\/table>\n<h2>A szem\u00e9lyes n\u00e9vm\u00e1sok helyes haszn\u00e1lata: p\u00e9ld\u00e1k \u00e9s tippek<\/h2>\n<p>A szem\u00e9lyes n\u00e9vm\u00e1sok helyes alkalmaz\u00e1sa kulcsfontoss\u00e1g\u00fa a n\u00e9met nyelvben. A k\u00f6vetkez\u0151kben bemutatunk n\u00e9h\u00e1ny fontos szab\u00e1lyt \u00e9s gyakorlati p\u00e9ld\u00e1t.<\/p>\n<h3>Alany, t\u00e1rgy \u00e9s r\u00e9szes eset felismer\u00e9se<\/h3>\n<ul>\n<li>Az <strong>alany<\/strong> (nominativ) \u00e1ltal\u00e1ban a mondat elej\u00e9n \u00e1ll, \u00e9s \u0151 v\u00e9gzi a cselekv\u00e9st.<\/li>\n<li>A <strong>t\u00e1rgy<\/strong> (akkusativ) azt mutatja meg, kit vagy mit \u00e9r a cselekv\u00e9s.<\/li>\n<li>A <strong>r\u00e9szes eset<\/strong> (dativ) azt fejezi ki, kinek vagy minek t\u00f6rt\u00e9nik valami.<\/li>\n<\/ul>\n<p><strong>P\u00e9ld\u00e1k:<\/strong><\/p>\n<ul>\n<li><em>Ich sehe dich.<\/em> \u2013 \u00c9n l\u00e1tlak t\u00e9ged. (\u201eich\u201d \u2013 alany, \u201edich\u201d \u2013 t\u00e1rgy)<\/li>\n<li><em>Er gibt mir das Buch.<\/em> \u2013 \u0150 adja nekem a k\u00f6nyvet. (\u201eer\u201d \u2013 alany, \u201emir\u201d \u2013 r\u00e9szes, \u201edas Buch\u201d \u2013 t\u00e1rgy)<\/li>\n<li><em>Wir danken Ihnen.<\/em> \u2013 K\u00f6sz\u00f6nj\u00fck \u00d6nnek.<\/li>\n<\/ul>\n<h3>Udvariass\u00e1gi forma (Sie)<\/h3>\n<p>A n\u00e9metben az udvariass\u00e1gi forma (Sie) mindig nagybet\u0171vel \u00edrand\u00f3, \u00e9s mind az alany, mind a t\u00e1rgy, mind a r\u00e9szes esetben azonos alak\u00fa: <strong>Sie<\/strong> (alany\/t\u00e1rgy), <strong>Ihnen<\/strong> (r\u00e9szes).<\/p>\n<p><strong>P\u00e9ld\u00e1k:<\/strong><\/p>\n<ul>\n<li><em>Wie hei\u00dfen Sie?<\/em> \u2013 Hogy h\u00edvj\u00e1k?<\/li>\n<li><em>Ich sehe Sie.<\/em> \u2013 L\u00e1tom \u00d6nt.<\/li>\n<li><em>Ich helfe Ihnen.<\/em> \u2013 Seg\u00edtek \u00d6nnek.<\/li>\n<\/ul>\n<h2>Gyakori hib\u00e1k a n\u00e9met szem\u00e9lyes n\u00e9vm\u00e1sok haszn\u00e1lat\u00e1ban<\/h2>\n<p>A szem\u00e9lyes n\u00e9vm\u00e1sok tanul\u00e1sa sor\u00e1n a leggyakoribb hib\u00e1k a k\u00f6vetkez\u0151k:<\/p>\n<ul>\n<li><strong>Alany \u00e9s t\u00e1rgy \u00f6sszekever\u00e9se:<\/strong> P\u00e9ld\u00e1ul \u201eich\u201d helyett \u201emich\u201d haszn\u00e1lata alanyk\u00e9nt.<\/li>\n<li><strong>Udvariass\u00e1gi forma \u00f6sszet\u00e9veszt\u00e9se:<\/strong> \u201esie\u201d \u00e9s \u201eSie\u201d k\u00f6zti k\u00fcl\u00f6nbs\u00e9g figyelmen k\u00edv\u00fcl hagy\u00e1sa.<\/li>\n<li><strong>Nem megfelel\u0151 nem haszn\u00e1lata:<\/strong> H\u00edmnem, n\u0151nem, semlegesnem \u00f6sszekever\u00e9se a 3. szem\u00e9lyben.<\/li>\n<li><strong>R\u00e9szes \u00e9s t\u00e1rgyeset felcser\u00e9l\u00e9se:<\/strong> \u201emir\u201d helyett \u201emich\u201d haszn\u00e1lata vagy ford\u00edtva.<\/li>\n<\/ul>\n<h2>Tippek a szem\u00e9lyes n\u00e9vm\u00e1sok gyors elsaj\u00e1t\u00edt\u00e1s\u00e1hoz<\/h2>\n<p>A n\u00e9met szem\u00e9lyes n\u00e9vm\u00e1sok megtanul\u00e1sa egyszer\u0171bb\u00e9 v\u00e1lik, ha az al\u00e1bbi m\u00f3dszereket alkalmazzuk:<\/p>\n<ul>\n<li><strong>K\u00e9sz\u00edts\u00fcnk t\u00e1bl\u00e1zatot:<\/strong> \u00cdrjuk ki a n\u00e9vm\u00e1sokat mindh\u00e1rom esetben, \u00e9s gyakoroljuk rendszeresen!<\/li>\n<li><strong>Alkalmazzunk p\u00e9ldamondatokat:<\/strong> Haszn\u00e1ljuk a n\u00e9vm\u00e1sokat k\u00fcl\u00f6nb\u00f6z\u0151 mondatokban, hogy r\u00f6gz\u00fcljenek a helyes form\u00e1k.<\/li>\n<li><strong>Hallgassunk n\u00e9met nyelv\u0171 sz\u00f6vegeket:<\/strong> Figyelj\u00fck meg, hogyan haszn\u00e1lj\u00e1k az anyanyelvi besz\u00e9l\u0151k a n\u00e9vm\u00e1sokat!<\/li>\n<li><strong>Gyakoroljunk interakt\u00edv m\u00f3don:<\/strong> A Talkpal platformj\u00e1n p\u00e9ld\u00e1ul val\u00f3s p\u00e1rbesz\u00e9deken \u00e9s j\u00e1t\u00e9kos feladatokon kereszt\u00fcl gyakorolhatjuk a szem\u00e9lyes n\u00e9vm\u00e1sokat.<\/li>\n<li><strong>K\u00e9rj\u00fcnk visszajelz\u00e9st:<\/strong> Tan\u00e1rokt\u00f3l vagy anyanyelvi partnerekt\u0151l kapott visszajelz\u00e9s seg\u00edthet a hib\u00e1k kijav\u00edt\u00e1s\u00e1ban.<\/li>\n<\/ul>\n<h2>A szem\u00e9lyes n\u00e9vm\u00e1sok szerepe a mindennapi n\u00e9met nyelvhaszn\u00e1latban<\/h2>\n<p>A szem\u00e9lyes n\u00e9vm\u00e1sok ismerete nemcsak a nyelvtani helyess\u00e9g miatt fontos, hanem a g\u00f6rd\u00fcl\u00e9keny, term\u00e9szetes kommunik\u00e1ci\u00f3hoz is elengedhetetlen. Ezek haszn\u00e1lata n\u00e9lk\u00fcl a mondatok terjeng\u0151sek, nehezen \u00e9rthet\u0151ek lenn\u00e9nek. A n\u00e9met anyanyelvi besz\u00e9l\u0151k nagyon gyakran haszn\u00e1lj\u00e1k a szem\u00e9lyes n\u00e9vm\u00e1sokat, ak\u00e1r sz\u00f3ban, ak\u00e1r \u00edr\u00e1sban.<\/p>\n<p><strong>N\u00e9h\u00e1ny tipikus helyzet:<\/strong><\/p>\n<ul>\n<li><strong>Bemutatkoz\u00e1s:<\/strong> Ich hei\u00dfe Anna. Und du?<\/li>\n<li><strong>K\u00e9rdez\u00e9s:<\/strong> Kennst du ihn?<\/li>\n<li><strong>Udvariass\u00e1g:<\/strong> M\u00f6chten Sie einen Kaffee?<\/li>\n<li><strong>V\u00e9lem\u00e9nykifejez\u00e9s:<\/strong> Ich finde es gut.<\/li>\n<\/ul>\n<h2>\u00d6sszegz\u00e9s: A szem\u00e9lyes n\u00e9vm\u00e1sok elsaj\u00e1t\u00edt\u00e1sa n\u00e9met\u00fcl<\/h2>\n<p>A n\u00e9met szem\u00e9lyes n\u00e9vm\u00e1sok (Pers\u00f6nliche Pronomen) ismerete n\u00e9lk\u00fcl\u00f6zhetetlen a sikeres nyelvtanul\u00e1shoz. \u00c9rdemes az alany-, t\u00e1rgy- \u00e9s r\u00e9szes eset\u0171 n\u00e9vm\u00e1sokat k\u00fcl\u00f6n-k\u00fcl\u00f6n megtanulni, figyelve a nemekre \u00e9s az udvariass\u00e1gi form\u00e1ra is. A rendszeres gyakorl\u00e1s \u2013 p\u00e9ld\u00e1ul a Talkpal modern, interakt\u00edv fel\u00fclet\u00e9n \u2013 gyorsabb fejl\u0151d\u00e9st \u00e9s magabiztosabb nyelvhaszn\u00e1latot eredm\u00e9nyez. Ne feledj\u00fck, hogy a szem\u00e9lyes n\u00e9vm\u00e1sok helyes alkalmaz\u00e1sa a n\u00e9met nyelv alapja, \u00edgy ezek elsaj\u00e1t\u00edt\u00e1sa az els\u0151 l\u00e9p\u00e9s a foly\u00e9kony n\u00e9met kommunik\u00e1ci\u00f3 fel\u00e9.<\/p>\n<p><strong>Gyakoroljunk rendszeresen, alkalmazzuk a tanultakat a gyakorlatban, \u00e9s haszn\u00e1ljuk ki az online tanul\u00e1si lehet\u0151s\u00e9geket, hogy a n\u00e9met szem\u00e9lyes n\u00e9vm\u00e1sok magabiztosan be\u00e9p\u00fcljenek a mindennapi nyelvhaszn\u00e1latunkba!<\/strong><\/p>\n","protected":false},"featured_media":1528607,"template":"","language":[12266,12278],"class_list":["post-1078778","grammar","type-grammar","status-publish","has-post-thumbnail","hentry","language-nemet","language-nevmasok-nemet-nyelvtan"],"acf":[],"yoast_head":"<!-- This site is optimized with the Yoast SEO Premium plugin v27.2 (Yoast SEO v27.2) - https:\/\/yoast.com\/product\/yoast-seo-premium-wordpress\/ -->\n<title>Pers\u00f6nliche Pronomen a n\u00e9met nyelvtanban - Talkpal<\/title>\n<meta name=\"description\" content=\"A n\u00e9met nyelv elsaj\u00e1t\u00edt\u00e1s\u00e1nak egyik alapk\u00f6ve a szem\u00e9lyes n\u00e9vm\u00e1sok (Pers\u00f6nliche Pronomen) helyes haszn\u00e1lata, hiszen ezek n\u00e9lk\u00fcl\u00f6zhetetlenek a mindennapi\" \/>\n<meta name=\"robots\" content=\"index, follow, max-snippet:-1, max-image-preview:large, max-video-preview:-1\" \/>\n<link rel=\"canonical\" href=\"https:\/\/talkpal.ai\/hu\/grammar\/personliche-pronomen-a-nemet-nyelvtanban\/\" \/>\n<meta property=\"og:locale\" content=\"hu_HU\" \/>\n<meta property=\"og:type\" content=\"article\" \/>\n<meta property=\"og:title\" content=\"Pers\u00f6nliche Pronomen a n\u00e9met nyelvtanban\" \/>\n<meta property=\"og:description\" content=\"A n\u00e9met nyelv elsaj\u00e1t\u00edt\u00e1s\u00e1nak egyik alapk\u00f6ve a szem\u00e9lyes n\u00e9vm\u00e1sok (Pers\u00f6nliche Pronomen) helyes haszn\u00e1lata, hiszen ezek n\u00e9lk\u00fcl\u00f6zhetetlenek a mindennapi\" \/>\n<meta property=\"og:url\" content=\"https:\/\/talkpal.ai\/hu\/grammar\/personliche-pronomen-a-nemet-nyelvtanban\/\" \/>\n<meta property=\"og:site_name\" content=\"Talkpal\" \/>\n<meta property=\"article:publisher\" content=\"https:\/\/www.facebook.com\/profile.php?id=100090733639311\" \/>\n<meta property=\"og:image\" content=\"https:\/\/talkpal.ai\/wp-content\/uploads\/2025\/02\/Progress-tab-16_9.png\" \/>\n\t<meta property=\"og:image:width\" content=\"2880\" \/>\n\t<meta property=\"og:image:height\" content=\"1620\" \/>\n\t<meta property=\"og:image:type\" content=\"image\/png\" \/>\n<meta name=\"twitter:card\" content=\"summary_large_image\" \/>\n<meta name=\"twitter:site\" content=\"@talkpalai\" \/>\n<meta name=\"twitter:label1\" content=\"Becs\u00fclt olvas\u00e1si id\u0151\" \/>\n\t<meta name=\"twitter:data1\" content=\"7 perc\" \/>\n<script type=\"application\/ld+json\" class=\"yoast-schema-graph\">{\"@context\":\"https:\/\/schema.org\",\"@graph\":[{\"@type\":\"WebPage\",\"@id\":\"https:\/\/talkpal.ai\/hu\/grammar\/personliche-pronomen-a-nemet-nyelvtanban\/\",\"url\":\"https:\/\/talkpal.ai\/hu\/grammar\/personliche-pronomen-a-nemet-nyelvtanban\/\",\"name\":\"Pers\u00f6nliche Pronomen a n\u00e9met nyelvtanban - Talkpal\",\"isPartOf\":{\"@id\":\"https:\/\/talkpal.ai\/hu\/#website\"},\"primaryImageOfPage\":{\"@id\":\"https:\/\/talkpal.ai\/hu\/grammar\/personliche-pronomen-a-nemet-nyelvtanban\/#primaryimage\"},\"image\":{\"@id\":\"https:\/\/talkpal.ai\/hu\/grammar\/personliche-pronomen-a-nemet-nyelvtanban\/#primaryimage\"},\"thumbnailUrl\":\"https:\/\/talkpal.ai\/wp-content\/uploads\/2025\/12\/three-students-read-to-learn-languages.webp\",\"datePublished\":\"2025-07-01T21:54:24+00:00\",\"description\":\"A n\u00e9met nyelv elsaj\u00e1t\u00edt\u00e1s\u00e1nak egyik alapk\u00f6ve a szem\u00e9lyes n\u00e9vm\u00e1sok (Pers\u00f6nliche Pronomen) helyes haszn\u00e1lata, hiszen ezek n\u00e9lk\u00fcl\u00f6zhetetlenek a mindennapi\",\"breadcrumb\":{\"@id\":\"https:\/\/talkpal.ai\/hu\/grammar\/personliche-pronomen-a-nemet-nyelvtanban\/#breadcrumb\"},\"inLanguage\":\"hu\",\"potentialAction\":[{\"@type\":\"ReadAction\",\"target\":[\"https:\/\/talkpal.ai\/hu\/grammar\/personliche-pronomen-a-nemet-nyelvtanban\/\"]}]},{\"@type\":\"ImageObject\",\"inLanguage\":\"hu\",\"@id\":\"https:\/\/talkpal.ai\/hu\/grammar\/personliche-pronomen-a-nemet-nyelvtanban\/#primaryimage\",\"url\":\"https:\/\/talkpal.ai\/wp-content\/uploads\/2025\/12\/three-students-read-to-learn-languages.webp\",\"contentUrl\":\"https:\/\/talkpal.ai\/wp-content\/uploads\/2025\/12\/three-students-read-to-learn-languages.webp\",\"width\":1200,\"height\":896,\"caption\":\"Three students look closely at one textbook while learning languages at a table in a library.\"},{\"@type\":\"BreadcrumbList\",\"@id\":\"https:\/\/talkpal.ai\/hu\/grammar\/personliche-pronomen-a-nemet-nyelvtanban\/#breadcrumb\",\"itemListElement\":[{\"@type\":\"ListItem\",\"position\":1,\"name\":\"Homepage\",\"item\":\"https:\/\/talkpal.ai\/hu\/\"},{\"@type\":\"ListItem\",\"position\":2,\"name\":\"Pers\u00f6nliche Pronomen a n\u00e9met nyelvtanban\"}]},{\"@type\":\"WebSite\",\"@id\":\"https:\/\/talkpal.ai\/hu\/#website\",\"url\":\"https:\/\/talkpal.ai\/hu\/\",\"name\":\"Talkpal\",\"description\":\"AI Language Learning\",\"publisher\":{\"@id\":\"https:\/\/talkpal.ai\/hu\/#organization\"},\"alternateName\":\"Talkpal AI\",\"potentialAction\":[{\"@type\":\"SearchAction\",\"target\":{\"@type\":\"EntryPoint\",\"urlTemplate\":\"https:\/\/talkpal.ai\/hu\/?s={search_term_string}\"},\"query-input\":{\"@type\":\"PropertyValueSpecification\",\"valueRequired\":true,\"valueName\":\"search_term_string\"}}],\"inLanguage\":\"hu\"},{\"@type\":\"Organization\",\"@id\":\"https:\/\/talkpal.ai\/hu\/#organization\",\"name\":\"Talkpal, Inc.\",\"alternateName\":\"Talkpal AI\",\"url\":\"https:\/\/talkpal.ai\/hu\/\",\"logo\":{\"@type\":\"ImageObject\",\"inLanguage\":\"hu\",\"@id\":\"https:\/\/talkpal.ai\/hu\/#\/schema\/logo\/image\/\",\"url\":\"https:\/\/talkpal.ai\/wp-content\/uploads\/2024\/03\/Talkpal-Logo-Icon.png\",\"contentUrl\":\"https:\/\/talkpal.ai\/wp-content\/uploads\/2024\/03\/Talkpal-Logo-Icon.png\",\"width\":2880,\"height\":2880,\"caption\":\"Talkpal, Inc.\"},\"image\":{\"@id\":\"https:\/\/talkpal.ai\/hu\/#\/schema\/logo\/image\/\"},\"sameAs\":[\"https:\/\/www.facebook.com\/profile.php?id=100090733639311\",\"https:\/\/x.com\/talkpalai\",\"https:\/\/www.linkedin.com\/company\/talkpal\/\",\"https:\/\/www.youtube.com\/@TalkPal\/\",\"https:\/\/www.tiktok.com\/@talkpal\",\"https:\/\/www.instagram.com\/talkpal_ai\/\",\"https:\/\/www.crunchbase.com\/organization\/talkpal-9cde\",\"https:\/\/www.g2.com\/products\/talkpal-for-business\/\",\"https:\/\/www.trustpilot.com\/review\/talkpal.ai\",\"https:\/\/www.capterra.com\/p\/10006800\/TalkPal\/\"],\"description\":\"Talkpal is a language learning web and mobile education app, powered by the latest AI technologies, that provides engaging experiences to its customers in many different languages to help them improve their language skills. Users can chat about unlimited amount of topics with the app and use other modes to practice their language learning.\",\"email\":\"support@talkpal.ai\",\"legalName\":\"Talkpal, Inc.\",\"foundingDate\":\"2023-04-03\",\"duns\":\"118989042\",\"numberOfEmployees\":{\"@type\":\"QuantitativeValue\",\"minValue\":\"11\",\"maxValue\":\"50\"},\"publishingPrinciples\":\"https:\/\/talkpal.ai\/publishing-principles\/\",\"actionableFeedbackPolicy\":\"https:\/\/talkpal.ai\/actionable-feedback-policy\/\",\"correctionsPolicy\":\"https:\/\/talkpal.ai\/corrections-policy\/\",\"ethicsPolicy\":\"https:\/\/talkpal.ai\/ethics-policy\/\",\"diversityPolicy\":\"https:\/\/talkpal.ai\/diversity-policy\/\",\"diversityStaffingReport\":\"https:\/\/talkpal.ai\/diversity-policy\/\"}]}<\/script>\n<!-- \/ Yoast SEO Premium plugin. -->","yoast_head_json":{"title":"Pers\u00f6nliche Pronomen a n\u00e9met nyelvtanban - Talkpal","description":"A n\u00e9met nyelv elsaj\u00e1t\u00edt\u00e1s\u00e1nak egyik alapk\u00f6ve a szem\u00e9lyes n\u00e9vm\u00e1sok (Pers\u00f6nliche Pronomen) helyes haszn\u00e1lata, hiszen ezek n\u00e9lk\u00fcl\u00f6zhetetlenek a mindennapi","robots":{"index":"index","follow":"follow","max-snippet":"max-snippet:-1","max-image-preview":"max-image-preview:large","max-video-preview":"max-video-preview:-1"},"canonical":"https:\/\/talkpal.ai\/hu\/grammar\/personliche-pronomen-a-nemet-nyelvtanban\/","og_locale":"hu_HU","og_type":"article","og_title":"Pers\u00f6nliche Pronomen a n\u00e9met nyelvtanban","og_description":"A n\u00e9met nyelv elsaj\u00e1t\u00edt\u00e1s\u00e1nak egyik alapk\u00f6ve a szem\u00e9lyes n\u00e9vm\u00e1sok (Pers\u00f6nliche Pronomen) helyes haszn\u00e1lata, hiszen ezek n\u00e9lk\u00fcl\u00f6zhetetlenek a mindennapi","og_url":"https:\/\/talkpal.ai\/hu\/grammar\/personliche-pronomen-a-nemet-nyelvtanban\/","og_site_name":"Talkpal","article_publisher":"https:\/\/www.facebook.com\/profile.php?id=100090733639311","og_image":[{"width":2880,"height":1620,"url":"https:\/\/talkpal.ai\/wp-content\/uploads\/2025\/02\/Progress-tab-16_9.png","type":"image\/png"}],"twitter_card":"summary_large_image","twitter_site":"@talkpalai","twitter_misc":{"Becs\u00fclt olvas\u00e1si id\u0151":"7 perc"},"schema":{"@context":"https:\/\/schema.org","@graph":[{"@type":"WebPage","@id":"https:\/\/talkpal.ai\/hu\/grammar\/personliche-pronomen-a-nemet-nyelvtanban\/","url":"https:\/\/talkpal.ai\/hu\/grammar\/personliche-pronomen-a-nemet-nyelvtanban\/","name":"Pers\u00f6nliche Pronomen a n\u00e9met nyelvtanban - Talkpal","isPartOf":{"@id":"https:\/\/talkpal.ai\/hu\/#website"},"primaryImageOfPage":{"@id":"https:\/\/talkpal.ai\/hu\/grammar\/personliche-pronomen-a-nemet-nyelvtanban\/#primaryimage"},"image":{"@id":"https:\/\/talkpal.ai\/hu\/grammar\/personliche-pronomen-a-nemet-nyelvtanban\/#primaryimage"},"thumbnailUrl":"https:\/\/talkpal.ai\/wp-content\/uploads\/2025\/12\/three-students-read-to-learn-languages.webp","datePublished":"2025-07-01T21:54:24+00:00","description":"A n\u00e9met nyelv elsaj\u00e1t\u00edt\u00e1s\u00e1nak egyik alapk\u00f6ve a szem\u00e9lyes n\u00e9vm\u00e1sok (Pers\u00f6nliche Pronomen) helyes haszn\u00e1lata, hiszen ezek n\u00e9lk\u00fcl\u00f6zhetetlenek a mindennapi","breadcrumb":{"@id":"https:\/\/talkpal.ai\/hu\/grammar\/personliche-pronomen-a-nemet-nyelvtanban\/#breadcrumb"},"inLanguage":"hu","potentialAction":[{"@type":"ReadAction","target":["https:\/\/talkpal.ai\/hu\/grammar\/personliche-pronomen-a-nemet-nyelvtanban\/"]}]},{"@type":"ImageObject","inLanguage":"hu","@id":"https:\/\/talkpal.ai\/hu\/grammar\/personliche-pronomen-a-nemet-nyelvtanban\/#primaryimage","url":"https:\/\/talkpal.ai\/wp-content\/uploads\/2025\/12\/three-students-read-to-learn-languages.webp","contentUrl":"https:\/\/talkpal.ai\/wp-content\/uploads\/2025\/12\/three-students-read-to-learn-languages.webp","width":1200,"height":896,"caption":"Three students look closely at one textbook while learning languages at a table in a library."},{"@type":"BreadcrumbList","@id":"https:\/\/talkpal.ai\/hu\/grammar\/personliche-pronomen-a-nemet-nyelvtanban\/#breadcrumb","itemListElement":[{"@type":"ListItem","position":1,"name":"Homepage","item":"https:\/\/talkpal.ai\/hu\/"},{"@type":"ListItem","position":2,"name":"Pers\u00f6nliche Pronomen a n\u00e9met nyelvtanban"}]},{"@type":"WebSite","@id":"https:\/\/talkpal.ai\/hu\/#website","url":"https:\/\/talkpal.ai\/hu\/","name":"Talkpal","description":"AI Language Learning","publisher":{"@id":"https:\/\/talkpal.ai\/hu\/#organization"},"alternateName":"Talkpal AI","potentialAction":[{"@type":"SearchAction","target":{"@type":"EntryPoint","urlTemplate":"https:\/\/talkpal.ai\/hu\/?s={search_term_string}"},"query-input":{"@type":"PropertyValueSpecification","valueRequired":true,"valueName":"search_term_string"}}],"inLanguage":"hu"},{"@type":"Organization","@id":"https:\/\/talkpal.ai\/hu\/#organization","name":"Talkpal, Inc.","alternateName":"Talkpal AI","url":"https:\/\/talkpal.ai\/hu\/","logo":{"@type":"ImageObject","inLanguage":"hu","@id":"https:\/\/talkpal.ai\/hu\/#\/schema\/logo\/image\/","url":"https:\/\/talkpal.ai\/wp-content\/uploads\/2024\/03\/Talkpal-Logo-Icon.png","contentUrl":"https:\/\/talkpal.ai\/wp-content\/uploads\/2024\/03\/Talkpal-Logo-Icon.png","width":2880,"height":2880,"caption":"Talkpal, Inc."},"image":{"@id":"https:\/\/talkpal.ai\/hu\/#\/schema\/logo\/image\/"},"sameAs":["https:\/\/www.facebook.com\/profile.php?id=100090733639311","https:\/\/x.com\/talkpalai","https:\/\/www.linkedin.com\/company\/talkpal\/","https:\/\/www.youtube.com\/@TalkPal\/","https:\/\/www.tiktok.com\/@talkpal","https:\/\/www.instagram.com\/talkpal_ai\/","https:\/\/www.crunchbase.com\/organization\/talkpal-9cde","https:\/\/www.g2.com\/products\/talkpal-for-business\/","https:\/\/www.trustpilot.com\/review\/talkpal.ai","https:\/\/www.capterra.com\/p\/10006800\/TalkPal\/"],"description":"Talkpal is a language learning web and mobile education app, powered by the latest AI technologies, that provides engaging experiences to its customers in many different languages to help them improve their language skills. Users can chat about unlimited amount of topics with the app and use other modes to practice their language learning.","email":"support@talkpal.ai","legalName":"Talkpal, Inc.","foundingDate":"2023-04-03","duns":"118989042","numberOfEmployees":{"@type":"QuantitativeValue","minValue":"11","maxValue":"50"},"publishingPrinciples":"https:\/\/talkpal.ai\/publishing-principles\/","actionableFeedbackPolicy":"https:\/\/talkpal.ai\/actionable-feedback-policy\/","correctionsPolicy":"https:\/\/talkpal.ai\/corrections-policy\/","ethicsPolicy":"https:\/\/talkpal.ai\/ethics-policy\/","diversityPolicy":"https:\/\/talkpal.ai\/diversity-policy\/","diversityStaffingReport":"https:\/\/talkpal.ai\/diversity-policy\/"}]}},"_links":{"self":[{"href":"https:\/\/talkpal.ai\/hu\/wp-json\/wp\/v2\/grammar\/1078778","targetHints":{"allow":["GET"]}}],"collection":[{"href":"https:\/\/talkpal.ai\/hu\/wp-json\/wp\/v2\/grammar"}],"about":[{"href":"https:\/\/talkpal.ai\/hu\/wp-json\/wp\/v2\/types\/grammar"}],"wp:featuredmedia":[{"embeddable":true,"href":"https:\/\/talkpal.ai\/hu\/wp-json\/wp\/v2\/media\/1528607"}],"wp:attachment":[{"href":"https:\/\/talkpal.ai\/hu\/wp-json\/wp\/v2\/media?parent=1078778"}],"wp:term":[{"taxonomy":"language","embeddable":true,"href":"https:\/\/talkpal.ai\/hu\/wp-json\/wp\/v2\/language?post=1078778"}],"curies":[{"name":"wp","href":"https:\/\/api.w.org\/{rel}","templated":true}]}}