{"id":1078777,"date":"2025-07-01T21:54:18","date_gmt":"2025-07-01T21:54:18","guid":{"rendered":"https:\/\/talkpal.ai\/grammar\/relativpronomen-a-nemet-nyelvtanban\/"},"modified":"2025-07-01T21:54:18","modified_gmt":"2025-07-01T21:54:18","slug":"relativpronomen-a-nemet-nyelvtanban","status":"publish","type":"grammar","link":"https:\/\/talkpal.ai\/hu\/grammar\/relativpronomen-a-nemet-nyelvtanban\/","title":{"rendered":"Relativpronomen a n\u00e9met nyelvtanban"},"content":{"rendered":"<p>A <a href=\"https:\/\/talkpal.ai\/hu\/grammar\/passziv-a-nemet-nyelvtanban\/\">n\u00e9met nyelvtan<\/a> egyik legfontosabb \u00e9s kih\u00edv\u00e1st jelent\u0151 ter\u00fclete a <a href=\"https:\/\/talkpal.ai\/hi\/grammar_exercises\/relativpronomen-%e0%a4%9c%e0%a4%b0%e0%a5%8d%e0%a4%ae%e0%a4%a8-%e0%a4%b5%e0%a5%8d%e0%a4%af%e0%a4%be%e0%a4%95%e0%a4%b0%e0%a4%a3-%e0%a4%95%e0%a5%87-%e0%a4%b2%e0%a4%bf%e0%a4%8f-%e0%a4%85%e0%a4%ad%e0%a5%8d\/\">relativpronomen<\/a>, vagyis a vonatkoz\u00f3 n\u00e9vm\u00e1sok helyes haszn\u00e1lata. Ezek a nyelvtani elemek elengedhetetlenek ahhoz, hogy \u00f6sszetett mondatokat tudjunk alkotni, pontosabban fejezz\u00fck ki magunkat, illetve g\u00f6rd\u00fcl\u00e9kenyebb\u00e9 tegy\u00fck a kommunik\u00e1ci\u00f3t. A relativpronomen meg\u00e9rt\u00e9se kulcsfontoss\u00e1g\u00fa <a href=\"https:\/\/talkpal.ai\/locations\/language-courses-in-minden\/\">minden<\/a> <a href=\"https:\/\/talkpal.ai\/learn-german\/\">n\u00e9met<\/a> nyelvtanul\u00f3 sz\u00e1m\u00e1ra, hiszen a mindennapi besz\u00e9dben \u00e9s az \u00edrott sz\u00f6vegekben egyar\u00e1nt gyakran el\u0151fordulnak. Ha szeretn\u00e9d elsaj\u00e1t\u00edtani a relativpronomen szab\u00e1lyait, a <a href=\"https:\/\/talkpal.ai\/ko\/ai-%ec%96%b8%ec%96%b4-%ea%b5%90%ec%82%ac\/\">Talkpal<\/a> kiv\u00e1l\u00f3 lehet\u0151s\u00e9get k\u00edn\u00e1l interakt\u00edv feladatokkal \u00e9s val\u00f3s p\u00e9ld\u00e1kkal, amelyek seg\u00edtenek elm\u00e9ly\u00edteni tud\u00e1sodat.<\/p>\n<h2>Mi az a Relativpronomen a n\u00e9met nyelvtanban?<\/h2>\n<p>A relativpronomen, magyarul vonatkoz\u00f3 n\u00e9vm\u00e1s, egy olyan n\u00e9vm\u00e1s, amely egy f\u0151nevet helyettes\u00edt egy \u00f6sszetett mondatban, \u00e9s \u00f6sszekapcsolja a f\u0151mondatot egy mell\u00e9kmondattal. A relativpronomen haszn\u00e1lat\u00e1val elker\u00fclhet\u0151 a felesleges ism\u00e9tl\u00e9s, valamint pontosabb \u00e9s \u00e1rnyaltabb jelent\u00e9s\u0171 mondatok alkothat\u00f3k.<\/p>\n<h3>A relativpronomen szerepe<\/h3>\n<p>A relativpronomen f\u0151 funkci\u00f3ja, hogy:<\/p>\n<ul>\n<li>\u00d6sszek\u00f6sse a f\u0151mondatot \u00e9s a mell\u00e9kmondatot<\/li>\n<li>Helyettes\u00edtse a f\u0151mondatban eml\u00edtett f\u0151nevet vagy szem\u00e9lyt<\/li>\n<li>Pontos\u00edtsa, kieg\u00e9sz\u00edtse vagy b\u0151v\u00edtse a f\u0151mondatban k\u00f6z\u00f6lt inform\u00e1ci\u00f3t<\/li>\n<\/ul>\n<h3>P\u00e9ldamondatok<\/h3>\n<ul>\n<li>Das Buch, <b>das<\/b> ich lese, ist spannend. (A k\u00f6nyv, <b>amelyet<\/b> olvasok, izgalmas.)<\/li>\n<li>Die Frau, <b>die<\/b> dort steht, ist meine Lehrerin. (A n\u0151, <b>aki<\/b> ott \u00e1ll, a tan\u00e1rom.)<\/li>\n<\/ul>\n<h2>A n\u00e9met relativpronomen t\u00edpusai \u00e9s ragoz\u00e1sa<\/h2>\n<p>A n\u00e9met nyelvben a relativpronomenek megegyeznek a hat\u00e1rozott n\u00e9vel\u0151 alakjaival, bizonyos esetekben azonban elt\u00e9r\u0151 form\u00e1kat haszn\u00e1lnak. A leggyakrabban haszn\u00e1lt relativpronomenek a k\u00f6vetkez\u0151k: <b>der, die, das, welcher, welche, welches<\/b>.<\/p>\n<h3>Alapvet\u0151 relativpronomenek<\/h3>\n<table>\n<tr>\n<th>H\u00edmnem (der)<\/th>\n<th>N\u0151nem (die)<\/th>\n<th>Semlegesnem (das)<\/th>\n<th>T\u00f6bbes sz\u00e1m (die)<\/th>\n<\/tr>\n<tr>\n<td>der<\/td>\n<td>die<\/td>\n<td>das<\/td>\n<td>die<\/td>\n<\/tr>\n<\/table>\n<h3>Ragoz\u00e1s esetrag szerint<\/h3>\n<p>A relativpronomenek a f\u0151n\u00e9v nem\u00e9t, sz\u00e1m\u00e1t \u00e9s az adott mell\u00e9kmondatban bet\u00f6lt\u00f6tt mondatr\u00e9szi szerep\u00e9t (alany, t\u00e1rgy, r\u00e9szes eset) k\u00f6vetik. N\u00e9zz\u00fck a t\u00e1bl\u00e1zatban az egyes eseteket!<\/p>\n<table>\n<tr>\n<th>Eset<\/th>\n<th>H\u00edmnem<\/th>\n<th>N\u0151nem<\/th>\n<th>Semlegesnem<\/th>\n<th>T\u00f6bbes sz\u00e1m<\/th>\n<\/tr>\n<tr>\n<td>Nominativ (alanyeset)<\/td>\n<td>der<\/td>\n<td>die<\/td>\n<td>das<\/td>\n<td>die<\/td>\n<\/tr>\n<tr>\n<td>Akkusativ (t\u00e1rgyeset)<\/td>\n<td>den<\/td>\n<td>die<\/td>\n<td>das<\/td>\n<td>die<\/td>\n<\/tr>\n<tr>\n<td>Dativ (r\u00e9szes eset)<\/td>\n<td>dem<\/td>\n<td>der<\/td>\n<td>dem<\/td>\n<td>denen<\/td>\n<\/tr>\n<tr>\n<td>Genitiv (birtokos eset)<\/td>\n<td>dessen<\/td>\n<td>deren<\/td>\n<td>dessen<\/td>\n<td>deren<\/td>\n<\/tr>\n<\/table>\n<h3>P\u00e9ld\u00e1k a k\u00fcl\u00f6nb\u00f6z\u0151 esetekre<\/h3>\n<ul>\n<li><b>Nominativ:<\/b> Der Mann, <b>der<\/b> dort steht, ist mein Vater.<\/li>\n<li><b>Akkusativ:<\/b> Das Auto, <b>das<\/b> sie gekauft hat, ist neu.<\/li>\n<li><b>Dativ:<\/b> Die Frau, <b>der<\/b> ich helfe, ist freundlich.<\/li>\n<li><b>Genitiv:<\/b> Das Kind, <b>dessen<\/b> Ball verloren ging, weint.<\/li>\n<\/ul>\n<h2>Mikor haszn\u00e1ljuk a relativpronomeneket?<\/h2>\n<p>A relativpronomenek haszn\u00e1lata akkor sz\u00fcks\u00e9ges, amikor:<\/p>\n<ul>\n<li>K\u00e9t egyszer\u0171 mondatot szeretn\u00e9nk \u00f6sszek\u00f6tni \u00fagy, hogy a m\u00e1sodik mondatban kieg\u00e9sz\u00edtj\u00fck vagy pontos\u00edtjuk az els\u0151 mondatban eml\u00edtett f\u0151nevet.<\/li>\n<li>Olyan inform\u00e1ci\u00f3t akarunk megosztani, amely az el\u0151z\u0151 f\u0151n\u00e9vre vonatkozik.<\/li>\n<li>F\u00f6l\u00f6sleges ism\u00e9tl\u00e9st szeretn\u00e9nk elker\u00fclni.<\/li>\n<\/ul>\n<h3>Relativ mondatok szerkezete<\/h3>\n<p>A relativmondat mindig k\u00f6zvetlen\u00fcl az \u00e1ltala meghat\u00e1rozott f\u0151n\u00e9v ut\u00e1n \u00e1ll, \u00e9s vessz\u0151vel v\u00e1lasztjuk el a f\u0151mondatt\u00f3l. A relativpronomen a mondat elej\u00e9n \u00e1ll, \u00e9s a mell\u00e9kmondatban az ige a mondat v\u00e9g\u00e9re ker\u00fcl.<\/p>\n<p><b>P\u00e9lda:<\/b><br \/>\nIch habe einen Freund, <b>der<\/b> sehr gut Deutsch spricht.<br \/>\n(<a href=\"https:\/\/talkpal.ai\/locations\/language-courses-in-van\/\">Van<\/a> egy bar\u00e1tom, aki nagyon j\u00f3l besz\u00e9l n\u00e9met\u00fcl.)\n<\/p>\n<h2>Relativpronomenek helyes haszn\u00e1lata \u2013 gyakori hib\u00e1k \u00e9s tippek<\/h2>\n<h3>Tipikus hib\u00e1k magyar anyanyelv\u0171ekn\u00e9l<\/h3>\n<ul>\n<li>Az esetek (nominativ, akkusativ, dativ, genitiv) t\u00e9veszt\u00e9se<\/li>\n<li>A relativpronomen rossz nemben vagy sz\u00e1mban val\u00f3 haszn\u00e1lata<\/li>\n<li>A relativmondat helytelen sz\u00f3rendje<\/li>\n<li>A relativpronomen \u00f6sszekever\u00e9se a k\u00e9rd\u0151 n\u00e9vm\u00e1sokkal (pl. wer, was)<\/li>\n<\/ul>\n<h3>Tippek a helyes haszn\u00e1lathoz<\/h3>\n<ul>\n<li>Mindig n\u00e9zd meg, hogy a mell\u00e9kmondatban a relativpronomen milyen mondatr\u00e9szi szerepet t\u00f6lt be!<\/li>\n<li>\u00dcgyelj a f\u0151n\u00e9v nem\u00e9re \u00e9s sz\u00e1m\u00e1ra!<\/li>\n<li>Gyakorold a ragoz\u00e1st rendszeresen, p\u00e9ld\u00e1ul a Talkpal interakt\u00edv feladataival!<\/li>\n<li>Olvass n\u00e9met sz\u00f6vegeket, \u00e9s figyeld meg a relativpronomenek haszn\u00e1lat\u00e1t!<\/li>\n<\/ul>\n<h2>K\u00fcl\u00f6nleges relativpronomenek \u00e9s halad\u00f3 szerkezetek<\/h2>\n<h3>Welcher, welche, welches haszn\u00e1lata<\/h3>\n<p>B\u00e1r a \u201eder, die, das\u201d haszn\u00e1lata a leggyakoribb, hivatalos vagy \u00edrott sz\u00f6vegekben tal\u00e1lkozhatunk a \u201ewelcher, welche, welches\u201d relativpronomenekkel is.<\/p>\n<ul>\n<li>Der Mann, <b>welcher<\/b> dort steht, ist mein Vater.<\/li>\n<\/ul>\n<h3>Vonatkoz\u00f3 n\u00e9vm\u00e1sok genit\u00edv alakjai: dessen, deren<\/h3>\n<p>A birtokos esetre a \u201edessen\u201d (h\u00edmnem, semlegesnem) \u00e9s \u201ederen\u201d (n\u0151nem, t\u00f6bbes sz\u00e1m) alakokat haszn\u00e1ljuk.<\/p>\n<ul>\n<li>Der Junge, <b>dessen<\/b> Fahrrad kaputt ist, ist mein Bruder.<\/li>\n<li>Die Frau, <b>deren<\/b> Hund laut bellt, ist meine Nachbarin.<\/li>\n<\/ul>\n<h3>El\u00f6lj\u00e1r\u00f3sz\u00f3k \u00e9s relativpronomenek kapcsolata<\/h3>\n<p>Sokszor sz\u00fcks\u00e9ges az el\u00f6lj\u00e1r\u00f3sz\u00f3t a relativpronomen el\u00e9 helyezni:<\/p>\n<ul>\n<li>Das Haus, <b>in dem<\/b> ich wohne, ist alt.<\/li>\n<li>Der Mann, <b>mit dem<\/b> ich spreche, ist mein Chef.<\/li>\n<\/ul>\n<h2>\u00d6sszetett \u00e9s b\u0151v\u00edtett relativmondatok<\/h2>\n<p>A n\u00e9met nyelvben lehet\u0151s\u00e9g van egym\u00e1sba \u00e1gyazott relativmondatok \u00e9s t\u00f6bbes relat\u00edv szerkezetek haszn\u00e1lat\u00e1ra is. Ezek k\u00fcl\u00f6n\u00f6sen \u00edrott sz\u00f6vegekben gyakoriak, \u00e9s fejlettebb nyelvtani ismereteket ig\u00e9nyelnek.<\/p>\n<ul>\n<li>Das ist der Student, <b>dessen Mutter, die in Berlin lebt,<\/b> \u00c4rztin ist.<\/li>\n<\/ul>\n<h2>Relativpronomen a mindennapi kommunik\u00e1ci\u00f3ban<\/h2>\n<p>A relativpronomenek helyes alkalmaz\u00e1sa elengedhetetlen, ha szeretn\u00e9d magad pontosan \u00e9s v\u00e1laszt\u00e9kosan kifejezni n\u00e9met\u00fcl. Ak\u00e1r hivatalos levelez\u00e9sr\u0151l, ak\u00e1r bar\u00e1ti besz\u00e9lget\u00e9sr\u0151l van sz\u00f3, ezek a szerkezetek seg\u00edtenek abban, hogy ne csak egyszer\u0171, hanem \u00e1rnyalt \u00e9s \u00f6sszetett mondatokat is alkothass.<\/p>\n<ul>\n<li>Inform\u00e1ci\u00f3k pontos\u00edt\u00e1sa: <br \/> Die Stadt, <b>in der<\/b> ich wohne, ist sehr sch\u00f6n.<\/li>\n<li>Kapcsolatok kifejez\u00e9se: <br \/> Mein Freund, <b>mit dem<\/b> ich oft spreche, arbeitet in M\u00fcnchen.<\/li>\n<\/ul>\n<h2>Gyakorl\u00e1si lehet\u0151s\u00e9gek: hogyan fejleszd a tud\u00e1sod?<\/h2>\n<p>A relativpronomenek elsaj\u00e1t\u00edt\u00e1sa folyamatos gyakorl\u00e1st ig\u00e9nyel. \u00cdme n\u00e9h\u00e1ny hat\u00e9kony m\u00f3dszer:<\/p>\n<ul>\n<li><b>Interakt\u00edv gyakorl\u00e1s:<\/b> Haszn\u00e1ld a Talkpal-t, ahol val\u00f3s besz\u00e9dhelyzetekben, j\u00e1t\u00e9kos feladatokon kereszt\u00fcl saj\u00e1t\u00edthatod el a relativpronomenek helyes haszn\u00e1lat\u00e1t.<\/li>\n<li><b>\u00cdr\u00e1sbeli feladatok:<\/b> Alkoss \u00f6sszetett mondatokat, \u00e9s pr\u00f3b\u00e1ld meg min\u00e9l t\u00f6bbf\u00e9le esetben haszn\u00e1lni a relativpronomeneket.<\/li>\n<li><b>Olvas\u00e1s:<\/b> Keresd a n\u00e9met nyelv\u0171 cikkekben, k\u00f6nyvekben, hogyan alkalmazz\u00e1k a relativpronomeneket, \u00e9s jegyzetelj!<\/li>\n<li><b>Sz\u00f3beli gyakorl\u00e1s:<\/b> Pr\u00f3b\u00e1ld meg sz\u00f3ban elmes\u00e9lni a bar\u00e1taidnak, mi t\u00f6rt\u00e9nt veled, \u00e9s \u00e9p\u00edtsd be a relativpronomeneket a mondand\u00f3dba!<\/li>\n<\/ul>\n<h2>\u00d6sszegz\u00e9s: Mi\u00e9rt fontos a relativpronomen ismerete a n\u00e9met nyelvben?<\/h2>\n<p>A relativpronomenek a n\u00e9met nyelvtan alapvet\u0151 r\u00e9sz\u00e9t k\u00e9pezik, hiszen seg\u00edts\u00e9g\u00fckkel \u00e1rnyaltabb, pontosabb \u00e9s \u00f6sszetettebb mondatokat tudunk alkotni. A helyes haszn\u00e1latuk hozz\u00e1j\u00e1rul ahhoz, hogy magasabb szint\u0171 nyelvtud\u00e1sra tegy\u00fcnk szert, legyen sz\u00f3 ak\u00e1r besz\u00e9dr\u0151l, ak\u00e1r \u00edr\u00e1sr\u00f3l. A folyamatos gyakorl\u00e1s, p\u00e9ld\u00e1ul a Talkpal interakt\u00edv fel\u00fcletein, elengedhetetlen a magabiztos alkalmaz\u00e1sukhoz. Ha odafigyelsz a ragoz\u00e1sra, a sz\u00f3rendre, \u00e9s rendszeresen gyakorlod a relativpronomeneket, r\u00f6vid id\u0151n bel\u00fcl jelent\u0151s fejl\u0151d\u00e9st \u00e9rhetsz el a n\u00e9met nyelvhaszn\u00e1latban.<\/p>\n<p><b>Tanulj tudatosan, gyakorolj rendszeresen, \u00e9s v\u00e1lj magabiztos n\u00e9met nyelvhaszn\u00e1l\u00f3v\u00e1 a relativpronomenek seg\u00edts\u00e9g\u00e9vel!<\/b><\/p>\n","protected":false},"featured_media":1527631,"template":"","language":[12266,12278],"class_list":["post-1078777","grammar","type-grammar","status-publish","has-post-thumbnail","hentry","language-nemet","language-nevmasok-nemet-nyelvtan"],"acf":[],"yoast_head":"<!-- This site is optimized with the Yoast SEO Premium plugin v27.2 (Yoast SEO v27.2) - https:\/\/yoast.com\/product\/yoast-seo-premium-wordpress\/ -->\n<title>Relativpronomen a n\u00e9met nyelvtanban - Talkpal<\/title>\n<meta name=\"description\" content=\"A n\u00e9met nyelvtan egyik legfontosabb \u00e9s kih\u00edv\u00e1st jelent\u0151 ter\u00fclete a relativpronomen, vagyis a vonatkoz\u00f3 n\u00e9vm\u00e1sok helyes haszn\u00e1lata. Ezek a nyelvtani elemek\" \/>\n<meta name=\"robots\" content=\"index, follow, max-snippet:-1, max-image-preview:large, max-video-preview:-1\" \/>\n<link rel=\"canonical\" href=\"https:\/\/talkpal.ai\/hu\/grammar\/relativpronomen-a-nemet-nyelvtanban\/\" \/>\n<meta property=\"og:locale\" content=\"hu_HU\" \/>\n<meta property=\"og:type\" content=\"article\" \/>\n<meta property=\"og:title\" content=\"Relativpronomen a n\u00e9met nyelvtanban\" \/>\n<meta property=\"og:description\" content=\"A n\u00e9met nyelvtan egyik legfontosabb \u00e9s kih\u00edv\u00e1st jelent\u0151 ter\u00fclete a relativpronomen, vagyis a vonatkoz\u00f3 n\u00e9vm\u00e1sok helyes haszn\u00e1lata. Ezek a nyelvtani elemek\" \/>\n<meta property=\"og:url\" content=\"https:\/\/talkpal.ai\/hu\/grammar\/relativpronomen-a-nemet-nyelvtanban\/\" \/>\n<meta property=\"og:site_name\" content=\"Talkpal\" \/>\n<meta property=\"article:publisher\" content=\"https:\/\/www.facebook.com\/profile.php?id=100090733639311\" \/>\n<meta property=\"og:image\" content=\"https:\/\/talkpal.ai\/wp-content\/uploads\/2025\/02\/Progress-tab-16_9.png\" \/>\n\t<meta property=\"og:image:width\" content=\"2880\" \/>\n\t<meta property=\"og:image:height\" content=\"1620\" \/>\n\t<meta property=\"og:image:type\" content=\"image\/png\" \/>\n<meta name=\"twitter:card\" content=\"summary_large_image\" \/>\n<meta name=\"twitter:site\" content=\"@talkpalai\" \/>\n<meta name=\"twitter:label1\" content=\"Becs\u00fclt olvas\u00e1si id\u0151\" \/>\n\t<meta name=\"twitter:data1\" content=\"6 perc\" \/>\n<script type=\"application\/ld+json\" class=\"yoast-schema-graph\">{\"@context\":\"https:\/\/schema.org\",\"@graph\":[{\"@type\":\"WebPage\",\"@id\":\"https:\/\/talkpal.ai\/hu\/grammar\/relativpronomen-a-nemet-nyelvtanban\/\",\"url\":\"https:\/\/talkpal.ai\/hu\/grammar\/relativpronomen-a-nemet-nyelvtanban\/\",\"name\":\"Relativpronomen a n\u00e9met nyelvtanban - Talkpal\",\"isPartOf\":{\"@id\":\"https:\/\/talkpal.ai\/hu\/#website\"},\"primaryImageOfPage\":{\"@id\":\"https:\/\/talkpal.ai\/hu\/grammar\/relativpronomen-a-nemet-nyelvtanban\/#primaryimage\"},\"image\":{\"@id\":\"https:\/\/talkpal.ai\/hu\/grammar\/relativpronomen-a-nemet-nyelvtanban\/#primaryimage\"},\"thumbnailUrl\":\"https:\/\/talkpal.ai\/wp-content\/uploads\/2025\/12\/device-is-used-learning-languages.webp\",\"datePublished\":\"2025-07-01T21:54:18+00:00\",\"description\":\"A n\u00e9met nyelvtan egyik legfontosabb \u00e9s kih\u00edv\u00e1st jelent\u0151 ter\u00fclete a relativpronomen, vagyis a vonatkoz\u00f3 n\u00e9vm\u00e1sok helyes haszn\u00e1lata. Ezek a nyelvtani elemek\",\"breadcrumb\":{\"@id\":\"https:\/\/talkpal.ai\/hu\/grammar\/relativpronomen-a-nemet-nyelvtanban\/#breadcrumb\"},\"inLanguage\":\"hu\",\"potentialAction\":[{\"@type\":\"ReadAction\",\"target\":[\"https:\/\/talkpal.ai\/hu\/grammar\/relativpronomen-a-nemet-nyelvtanban\/\"]}]},{\"@type\":\"ImageObject\",\"inLanguage\":\"hu\",\"@id\":\"https:\/\/talkpal.ai\/hu\/grammar\/relativpronomen-a-nemet-nyelvtanban\/#primaryimage\",\"url\":\"https:\/\/talkpal.ai\/wp-content\/uploads\/2025\/12\/device-is-used-learning-languages.webp\",\"contentUrl\":\"https:\/\/talkpal.ai\/wp-content\/uploads\/2025\/12\/device-is-used-learning-languages.webp\",\"width\":1200,\"height\":896,\"caption\":\"A laptop is operated by a group of students sitting at a caf\u00e9 table while learning languages.\"},{\"@type\":\"BreadcrumbList\",\"@id\":\"https:\/\/talkpal.ai\/hu\/grammar\/relativpronomen-a-nemet-nyelvtanban\/#breadcrumb\",\"itemListElement\":[{\"@type\":\"ListItem\",\"position\":1,\"name\":\"Homepage\",\"item\":\"https:\/\/talkpal.ai\/hu\/\"},{\"@type\":\"ListItem\",\"position\":2,\"name\":\"Relativpronomen a n\u00e9met nyelvtanban\"}]},{\"@type\":\"WebSite\",\"@id\":\"https:\/\/talkpal.ai\/hu\/#website\",\"url\":\"https:\/\/talkpal.ai\/hu\/\",\"name\":\"Talkpal\",\"description\":\"AI Language Learning\",\"publisher\":{\"@id\":\"https:\/\/talkpal.ai\/hu\/#organization\"},\"alternateName\":\"Talkpal AI\",\"potentialAction\":[{\"@type\":\"SearchAction\",\"target\":{\"@type\":\"EntryPoint\",\"urlTemplate\":\"https:\/\/talkpal.ai\/hu\/?s={search_term_string}\"},\"query-input\":{\"@type\":\"PropertyValueSpecification\",\"valueRequired\":true,\"valueName\":\"search_term_string\"}}],\"inLanguage\":\"hu\"},{\"@type\":\"Organization\",\"@id\":\"https:\/\/talkpal.ai\/hu\/#organization\",\"name\":\"Talkpal, Inc.\",\"alternateName\":\"Talkpal AI\",\"url\":\"https:\/\/talkpal.ai\/hu\/\",\"logo\":{\"@type\":\"ImageObject\",\"inLanguage\":\"hu\",\"@id\":\"https:\/\/talkpal.ai\/hu\/#\/schema\/logo\/image\/\",\"url\":\"https:\/\/talkpal.ai\/wp-content\/uploads\/2024\/03\/Talkpal-Logo-Icon.png\",\"contentUrl\":\"https:\/\/talkpal.ai\/wp-content\/uploads\/2024\/03\/Talkpal-Logo-Icon.png\",\"width\":2880,\"height\":2880,\"caption\":\"Talkpal, Inc.\"},\"image\":{\"@id\":\"https:\/\/talkpal.ai\/hu\/#\/schema\/logo\/image\/\"},\"sameAs\":[\"https:\/\/www.facebook.com\/profile.php?id=100090733639311\",\"https:\/\/x.com\/talkpalai\",\"https:\/\/www.linkedin.com\/company\/talkpal\/\",\"https:\/\/www.youtube.com\/@TalkPal\/\",\"https:\/\/www.tiktok.com\/@talkpal\",\"https:\/\/www.instagram.com\/talkpal_ai\/\",\"https:\/\/www.crunchbase.com\/organization\/talkpal-9cde\",\"https:\/\/www.g2.com\/products\/talkpal-for-business\/\",\"https:\/\/www.trustpilot.com\/review\/talkpal.ai\",\"https:\/\/www.capterra.com\/p\/10006800\/TalkPal\/\"],\"description\":\"Talkpal is a language learning web and mobile education app, powered by the latest AI technologies, that provides engaging experiences to its customers in many different languages to help them improve their language skills. Users can chat about unlimited amount of topics with the app and use other modes to practice their language learning.\",\"email\":\"support@talkpal.ai\",\"legalName\":\"Talkpal, Inc.\",\"foundingDate\":\"2023-04-03\",\"duns\":\"118989042\",\"numberOfEmployees\":{\"@type\":\"QuantitativeValue\",\"minValue\":\"11\",\"maxValue\":\"50\"},\"publishingPrinciples\":\"https:\/\/talkpal.ai\/publishing-principles\/\",\"actionableFeedbackPolicy\":\"https:\/\/talkpal.ai\/actionable-feedback-policy\/\",\"correctionsPolicy\":\"https:\/\/talkpal.ai\/corrections-policy\/\",\"ethicsPolicy\":\"https:\/\/talkpal.ai\/ethics-policy\/\",\"diversityPolicy\":\"https:\/\/talkpal.ai\/diversity-policy\/\",\"diversityStaffingReport\":\"https:\/\/talkpal.ai\/diversity-policy\/\"}]}<\/script>\n<!-- \/ Yoast SEO Premium plugin. -->","yoast_head_json":{"title":"Relativpronomen a n\u00e9met nyelvtanban - Talkpal","description":"A n\u00e9met nyelvtan egyik legfontosabb \u00e9s kih\u00edv\u00e1st jelent\u0151 ter\u00fclete a relativpronomen, vagyis a vonatkoz\u00f3 n\u00e9vm\u00e1sok helyes haszn\u00e1lata. Ezek a nyelvtani elemek","robots":{"index":"index","follow":"follow","max-snippet":"max-snippet:-1","max-image-preview":"max-image-preview:large","max-video-preview":"max-video-preview:-1"},"canonical":"https:\/\/talkpal.ai\/hu\/grammar\/relativpronomen-a-nemet-nyelvtanban\/","og_locale":"hu_HU","og_type":"article","og_title":"Relativpronomen a n\u00e9met nyelvtanban","og_description":"A n\u00e9met nyelvtan egyik legfontosabb \u00e9s kih\u00edv\u00e1st jelent\u0151 ter\u00fclete a relativpronomen, vagyis a vonatkoz\u00f3 n\u00e9vm\u00e1sok helyes haszn\u00e1lata. Ezek a nyelvtani elemek","og_url":"https:\/\/talkpal.ai\/hu\/grammar\/relativpronomen-a-nemet-nyelvtanban\/","og_site_name":"Talkpal","article_publisher":"https:\/\/www.facebook.com\/profile.php?id=100090733639311","og_image":[{"width":2880,"height":1620,"url":"https:\/\/talkpal.ai\/wp-content\/uploads\/2025\/02\/Progress-tab-16_9.png","type":"image\/png"}],"twitter_card":"summary_large_image","twitter_site":"@talkpalai","twitter_misc":{"Becs\u00fclt olvas\u00e1si id\u0151":"6 perc"},"schema":{"@context":"https:\/\/schema.org","@graph":[{"@type":"WebPage","@id":"https:\/\/talkpal.ai\/hu\/grammar\/relativpronomen-a-nemet-nyelvtanban\/","url":"https:\/\/talkpal.ai\/hu\/grammar\/relativpronomen-a-nemet-nyelvtanban\/","name":"Relativpronomen a n\u00e9met nyelvtanban - Talkpal","isPartOf":{"@id":"https:\/\/talkpal.ai\/hu\/#website"},"primaryImageOfPage":{"@id":"https:\/\/talkpal.ai\/hu\/grammar\/relativpronomen-a-nemet-nyelvtanban\/#primaryimage"},"image":{"@id":"https:\/\/talkpal.ai\/hu\/grammar\/relativpronomen-a-nemet-nyelvtanban\/#primaryimage"},"thumbnailUrl":"https:\/\/talkpal.ai\/wp-content\/uploads\/2025\/12\/device-is-used-learning-languages.webp","datePublished":"2025-07-01T21:54:18+00:00","description":"A n\u00e9met nyelvtan egyik legfontosabb \u00e9s kih\u00edv\u00e1st jelent\u0151 ter\u00fclete a relativpronomen, vagyis a vonatkoz\u00f3 n\u00e9vm\u00e1sok helyes haszn\u00e1lata. Ezek a nyelvtani elemek","breadcrumb":{"@id":"https:\/\/talkpal.ai\/hu\/grammar\/relativpronomen-a-nemet-nyelvtanban\/#breadcrumb"},"inLanguage":"hu","potentialAction":[{"@type":"ReadAction","target":["https:\/\/talkpal.ai\/hu\/grammar\/relativpronomen-a-nemet-nyelvtanban\/"]}]},{"@type":"ImageObject","inLanguage":"hu","@id":"https:\/\/talkpal.ai\/hu\/grammar\/relativpronomen-a-nemet-nyelvtanban\/#primaryimage","url":"https:\/\/talkpal.ai\/wp-content\/uploads\/2025\/12\/device-is-used-learning-languages.webp","contentUrl":"https:\/\/talkpal.ai\/wp-content\/uploads\/2025\/12\/device-is-used-learning-languages.webp","width":1200,"height":896,"caption":"A laptop is operated by a group of students sitting at a caf\u00e9 table while learning languages."},{"@type":"BreadcrumbList","@id":"https:\/\/talkpal.ai\/hu\/grammar\/relativpronomen-a-nemet-nyelvtanban\/#breadcrumb","itemListElement":[{"@type":"ListItem","position":1,"name":"Homepage","item":"https:\/\/talkpal.ai\/hu\/"},{"@type":"ListItem","position":2,"name":"Relativpronomen a n\u00e9met nyelvtanban"}]},{"@type":"WebSite","@id":"https:\/\/talkpal.ai\/hu\/#website","url":"https:\/\/talkpal.ai\/hu\/","name":"Talkpal","description":"AI Language Learning","publisher":{"@id":"https:\/\/talkpal.ai\/hu\/#organization"},"alternateName":"Talkpal AI","potentialAction":[{"@type":"SearchAction","target":{"@type":"EntryPoint","urlTemplate":"https:\/\/talkpal.ai\/hu\/?s={search_term_string}"},"query-input":{"@type":"PropertyValueSpecification","valueRequired":true,"valueName":"search_term_string"}}],"inLanguage":"hu"},{"@type":"Organization","@id":"https:\/\/talkpal.ai\/hu\/#organization","name":"Talkpal, Inc.","alternateName":"Talkpal AI","url":"https:\/\/talkpal.ai\/hu\/","logo":{"@type":"ImageObject","inLanguage":"hu","@id":"https:\/\/talkpal.ai\/hu\/#\/schema\/logo\/image\/","url":"https:\/\/talkpal.ai\/wp-content\/uploads\/2024\/03\/Talkpal-Logo-Icon.png","contentUrl":"https:\/\/talkpal.ai\/wp-content\/uploads\/2024\/03\/Talkpal-Logo-Icon.png","width":2880,"height":2880,"caption":"Talkpal, Inc."},"image":{"@id":"https:\/\/talkpal.ai\/hu\/#\/schema\/logo\/image\/"},"sameAs":["https:\/\/www.facebook.com\/profile.php?id=100090733639311","https:\/\/x.com\/talkpalai","https:\/\/www.linkedin.com\/company\/talkpal\/","https:\/\/www.youtube.com\/@TalkPal\/","https:\/\/www.tiktok.com\/@talkpal","https:\/\/www.instagram.com\/talkpal_ai\/","https:\/\/www.crunchbase.com\/organization\/talkpal-9cde","https:\/\/www.g2.com\/products\/talkpal-for-business\/","https:\/\/www.trustpilot.com\/review\/talkpal.ai","https:\/\/www.capterra.com\/p\/10006800\/TalkPal\/"],"description":"Talkpal is a language learning web and mobile education app, powered by the latest AI technologies, that provides engaging experiences to its customers in many different languages to help them improve their language skills. Users can chat about unlimited amount of topics with the app and use other modes to practice their language learning.","email":"support@talkpal.ai","legalName":"Talkpal, Inc.","foundingDate":"2023-04-03","duns":"118989042","numberOfEmployees":{"@type":"QuantitativeValue","minValue":"11","maxValue":"50"},"publishingPrinciples":"https:\/\/talkpal.ai\/publishing-principles\/","actionableFeedbackPolicy":"https:\/\/talkpal.ai\/actionable-feedback-policy\/","correctionsPolicy":"https:\/\/talkpal.ai\/corrections-policy\/","ethicsPolicy":"https:\/\/talkpal.ai\/ethics-policy\/","diversityPolicy":"https:\/\/talkpal.ai\/diversity-policy\/","diversityStaffingReport":"https:\/\/talkpal.ai\/diversity-policy\/"}]}},"_links":{"self":[{"href":"https:\/\/talkpal.ai\/hu\/wp-json\/wp\/v2\/grammar\/1078777","targetHints":{"allow":["GET"]}}],"collection":[{"href":"https:\/\/talkpal.ai\/hu\/wp-json\/wp\/v2\/grammar"}],"about":[{"href":"https:\/\/talkpal.ai\/hu\/wp-json\/wp\/v2\/types\/grammar"}],"wp:featuredmedia":[{"embeddable":true,"href":"https:\/\/talkpal.ai\/hu\/wp-json\/wp\/v2\/media\/1527631"}],"wp:attachment":[{"href":"https:\/\/talkpal.ai\/hu\/wp-json\/wp\/v2\/media?parent=1078777"}],"wp:term":[{"taxonomy":"language","embeddable":true,"href":"https:\/\/talkpal.ai\/hu\/wp-json\/wp\/v2\/language?post=1078777"}],"curies":[{"name":"wp","href":"https:\/\/api.w.org\/{rel}","templated":true}]}}