{"id":1078775,"date":"2025-07-01T21:54:08","date_gmt":"2025-07-01T21:54:08","guid":{"rendered":"https:\/\/talkpal.ai\/grammar\/reflexivpronomen-a-nemet-nyelvtanban\/"},"modified":"2025-07-01T21:54:08","modified_gmt":"2025-07-01T21:54:08","slug":"reflexivpronomen-a-nemet-nyelvtanban","status":"publish","type":"grammar","link":"https:\/\/talkpal.ai\/hu\/grammar\/reflexivpronomen-a-nemet-nyelvtanban\/","title":{"rendered":"Reflexivpronomen a n\u00e9met nyelvtanban"},"content":{"rendered":"<p>A <a href=\"https:\/\/talkpal.ai\/hu\/grammar\/passziv-a-nemet-nyelvtanban\/\">n\u00e9met nyelvtan<\/a> egyik leg\u00e9rdekesebb \u00e9s gyakran kih\u00edv\u00e1st jelent\u0151 ter\u00fclete a reflex\u00edv n\u00e9vm\u00e1sok, azaz a <a href=\"https:\/\/talkpal.ai\/el\/grammar\/reflexivpronomen-%cf%83%cf%84%ce%b7-%ce%b3%ce%b5%cf%81%ce%bc%ce%b1%ce%bd%ce%b9%ce%ba%ce%ae-%ce%b3%cf%81%ce%b1%ce%bc%ce%bc%ce%b1%cf%84%ce%b9%ce%ba%ce%ae\/\">Reflexivpronomen<\/a> helyes haszn\u00e1lata. Ezek a n\u00e9vm\u00e1sok elengedhetetlenek a mindennapi kommunik\u00e1ci\u00f3ban, hiszen sz\u00e1mos ig\u00e9vel egy\u00fctt k\u00f6telez\u0151en vagy fakultat\u00edvan jelennek meg, befoly\u00e1solva ezzel a mondat jelent\u00e9s\u00e9t. A Reflexivpronomen helyes alkalmaz\u00e1sa nem csak a nyelvtani helyess\u00e9g szempontj\u00e1b\u00f3l fontos, hanem a mondanival\u00f3 egy\u00e9rtelm\u0171s\u00e9ge miatt is. Ebben a cikkben r\u00e9szletesen bemutatjuk a Reflexivpronomen szerep\u00e9t, alakjait, haszn\u00e1lat\u00e1t, valamint tipikus hib\u00e1it. Kiemelten aj\u00e1nljuk a <a href=\"https:\/\/talkpal.ai\/ko\/ai-%ec%96%b8%ec%96%b4-%ea%b5%90%ec%82%ac\/\">Talkpal<\/a> alkalmaz\u00e1st, amely kiv\u00e1l\u00f3 lehet\u0151s\u00e9get k\u00edn\u00e1l arra, hogy interakt\u00edvan \u00e9s hat\u00e9konyan saj\u00e1t\u00edtsuk el a reflex\u00edv n\u00e9vm\u00e1sok haszn\u00e1lat\u00e1t a <a href=\"https:\/\/talkpal.ai\/learn-german\/\">n\u00e9met<\/a> nyelvben.<\/p>\n<h2>Mi az a Reflexivpronomen a n\u00e9met nyelvtanban?<\/h2>\n<p>A Reflexivpronomen, vagyis a reflex\u00edv n\u00e9vm\u00e1s a n\u00e9met nyelvben olyan n\u00e9vm\u00e1s, amely azt fejezi ki, hogy a cselekv\u00e9s <a href=\"https:\/\/talkpal.ai\/locations\/language-courses-in-alanya\/\">alanya<\/a> \u00e9s t\u00e1rgya ugyanaz a szem\u00e9ly vagy dolog. Egyszer\u0171en fogalmazva: a cselekv\u0151 \u00f6nmag\u00e1ra ir\u00e1nyul\u00f3 cselekv\u00e9st hajt v\u00e9gre. A magyarban ezeket leggyakrabban a \u201emagam, magad, maga, magunk, magatok, maguk\u201d szavakkal fejezz\u00fck ki.<\/p>\n<h3>Reflexivpronomen alakjai<\/h3>\n<p>A n\u00e9met reflex\u00edv n\u00e9vm\u00e1soknak k\u00e9t f\u0151 esete <a href=\"https:\/\/talkpal.ai\/locations\/language-courses-in-van\/\">van<\/a>: t\u00e1rgyeset (Akkusativ) \u00e9s r\u00e9szes eset (Dativ). Az al\u00e1bbi t\u00e1bl\u00e1zat \u00f6sszefoglalja a reflex\u00edv n\u00e9vm\u00e1sok alakjait:<\/p>\n<ul>\n<li><strong>Ich<\/strong> \u2013 mich (Akkusativ), mir (Dativ)<\/li>\n<li><strong>Du<\/strong> \u2013 dich (Akkusativ), dir (Dativ)<\/li>\n<li><strong>Er\/Sie\/Es<\/strong> \u2013 sich (Akkusativ \u00e9s Dativ)<\/li>\n<li><strong>Wir<\/strong> \u2013 uns (Akkusativ), uns (Dativ)<\/li>\n<li><strong>Ihr<\/strong> \u2013 euch (Akkusativ), euch (Dativ)<\/li>\n<li><strong>Sie\/sie<\/strong> \u2013 sich (Akkusativ \u00e9s Dativ)<\/li>\n<\/ul>\n<h2>Mikor haszn\u00e1lunk Reflexivpronomen-t?<\/h2>\n<p>A n\u00e9met nyelvben reflex\u00edv n\u00e9vm\u00e1st akkor haszn\u00e1lunk, amikor az ige reflex\u00edv, vagyis a cselekv\u00e9s visszahat a cselekv\u0151re. K\u00e9t f\u0151 t\u00edpust k\u00fcl\u00f6nb\u00f6ztet\u00fcnk meg:<\/p>\n<ul>\n<li><strong>K\u00f6telez\u0151en reflex\u00edv ig\u00e9k:<\/strong> Ezek az ig\u00e9k mindig reflex\u00edv n\u00e9vm\u00e1ssal egy\u00fctt fordulnak el\u0151, pl. <em>sich freuen<\/em> (\u00f6r\u00fclni), <em>sich erinnern<\/em> (eml\u00e9kezni).<\/li>\n<li><strong>Fakultat\u00edvan reflex\u00edv ig\u00e9k:<\/strong> Ezek az ig\u00e9k reflex\u00edv \u00e9s nem reflex\u00edv alakban is haszn\u00e1lhat\u00f3k, pl. <em>waschen<\/em> (mosni) \u2013 <em>sich waschen<\/em> (mosakodni).<\/li>\n<\/ul>\n<h3>P\u00e9ld\u00e1k a reflex\u00edv ig\u00e9k haszn\u00e1lat\u00e1ra<\/h3>\n<ul>\n<li>Ich freue <strong>mich<\/strong> auf das Wochenende. (V\u00e1rom a h\u00e9tv\u00e9g\u00e9t.)<\/li>\n<li>Du erinnerst <strong>dich<\/strong> an den Termin. (Eml\u00e9kszel az id\u0151pontra.)<\/li>\n<li>Er w\u00e4scht <strong>sich<\/strong> jeden Morgen. (<a href=\"https:\/\/talkpal.ai\/locations\/language-courses-in-minden\/\">Minden<\/a> reggel megmosakszik.)<\/li>\n<li>Wir treffen <strong>uns<\/strong> um acht Uhr. (Nyolc \u00f3rakor tal\u00e1lkozunk.)<\/li>\n<li>Ihr setzt <strong>euch<\/strong>. (Le\u00fclt\u00f6k.)<\/li>\n<li>Sie interessieren <strong>sich<\/strong> f\u00fcr Musik. (\u00c9rdekl\u0151dnek a zene ir\u00e1nt.)<\/li>\n<\/ul>\n<h2>A reflex\u00edv n\u00e9vm\u00e1s esetei: Akkusativ \u00e9s Dativ<\/h2>\n<p>A reflex\u00edv n\u00e9vm\u00e1s esete az ig\u00e9t\u0151l \u00e9s a mondat szerkezet\u00e9t\u0151l f\u00fcgg. \u00c1ltal\u00e1ban akkor haszn\u00e1lunk <strong>Akkusativ<\/strong> esetet, ha nincs a mondatban m\u00e1s t\u00e1rgy, m\u00edg <strong>Dativ<\/strong> esetet akkor, ha az ig\u00e9nek van egy m\u00e1sik t\u00e1rgya is.<\/p>\n<h3>P\u00e9ld\u00e1k:<\/h3>\n<ul>\n<li>Ich wasche <strong>mich<\/strong>. (Mosakszom \u2013 Akkusativ, nincs m\u00e1s t\u00e1rgy)<\/li>\n<li>Ich wasche <strong>mir<\/strong> die H\u00e4nde. (Megmosom a kezemet \u2013 Dativ, a &#8222;die H\u00e4nde&#8221; a t\u00e1rgy)<\/li>\n<li>Du kaufst <strong>dir<\/strong> ein neues Auto. (Veszel magadnak egy \u00faj aut\u00f3t.)<\/li>\n<li>Sie kocht <strong>sich<\/strong> einen Tee. (F\u0151z mag\u00e1nak egy te\u00e1t.)<\/li>\n<\/ul>\n<h2>Gyakori reflex\u00edv ig\u00e9k a n\u00e9met nyelvben<\/h2>\n<p>A reflex\u00edv ig\u00e9k ismerete elengedhetetlen a helyes n\u00e9met besz\u00e9dhez. \u00cdme n\u00e9h\u00e1ny gyakori reflex\u00edv ige:<\/p>\n<ul>\n<li><strong>sich beeilen<\/strong> \u2013 sietni<\/li>\n<li><strong>sich bedanken<\/strong> \u2013 megk\u00f6sz\u00f6nni<\/li>\n<li><strong>sich befinden<\/strong> \u2013 tal\u00e1lhat\u00f3 lenni<\/li>\n<li><strong>sich entscheiden<\/strong> \u2013 d\u00f6nteni<\/li>\n<li><strong>sich interessieren<\/strong> \u2013 \u00e9rdekl\u0151dni<\/li>\n<li><strong>sich f\u00fchlen<\/strong> \u2013 \u00e9rezni mag\u00e1t<\/li>\n<li><strong>sich setzen<\/strong> \u2013 le\u00fclni<\/li>\n<li><strong>sich treffen<\/strong> \u2013 tal\u00e1lkozni<\/li>\n<li><strong>sich vorstellen<\/strong> \u2013 bemutatkozni, elk\u00e9pzelni (jelent\u00e9s szerint v\u00e1ltozik az eset!)<\/li>\n<\/ul>\n<h2>A Reflexivpronomen helyes haszn\u00e1lat\u00e1nak tipikus hib\u00e1i<\/h2>\n<p>A reflex\u00edv n\u00e9vm\u00e1sok haszn\u00e1lat\u00e1n\u00e1l a k\u00f6vetkez\u0151 hib\u00e1k fordulnak el\u0151 leggyakrabban:<\/p>\n<ul>\n<li><strong>Helytelen eset haszn\u00e1lata:<\/strong> Pl. *Ich wasche mich die H\u00e4nde. (Helyesen: Ich wasche mir die H\u00e4nde.)<\/li>\n<li><strong>Reflex\u00edv n\u00e9vm\u00e1s elhagy\u00e1sa reflex\u00edv ige eset\u00e9n:<\/strong> Pl. *Ich erinnere an den Film. (Helyesen: Ich erinnere mich an den Film.)<\/li>\n<li><strong>Helytelen szem\u00e9lyrag haszn\u00e1lata:<\/strong> Pl. *Du setzt sich. (Helyesen: Du setzt dich.)<\/li>\n<li><strong>Reflex\u00edv n\u00e9vm\u00e1s felesleges haszn\u00e1lata nem reflex\u00edv ig\u00e9kn\u00e9l:<\/strong> Pl. *Ich gehe mich nach Hause. (Helyesen: Ich gehe nach Hause.)<\/li>\n<\/ul>\n<h2>K\u00fcl\u00f6nbs\u00e9g a reflex\u00edv \u00e9s nem reflex\u00edv ig\u00e9k k\u00f6z\u00f6tt<\/h2>\n<p>Bizonyos ig\u00e9k jelent\u00e9se jelent\u0151sen megv\u00e1ltozhat att\u00f3l f\u00fcgg\u0151en, hogy reflex\u00edv n\u00e9vm\u00e1ssal vagy an\u00e9lk\u00fcl haszn\u00e1ljuk \u0151ket:<\/p>\n<ul>\n<li><strong>legen<\/strong> (fektetni) vs. <strong>sich legen<\/strong> (lefek\u00fcdni)<\/li>\n<li><strong>stellen<\/strong> (\u00e1ll\u00edtani) vs. <strong>sich stellen<\/strong> (oda\u00e1llni)<\/li>\n<li><strong>setzen<\/strong> (\u00fcltetni) vs. <strong>sich setzen<\/strong> (le\u00fclni)<\/li>\n<\/ul>\n<h3>P\u00e9ld\u00e1k a k\u00fcl\u00f6nbs\u00e9gre:<\/h3>\n<ul>\n<li>Ich setze das Kind auf den Stuhl. (Le\u00fcltetem a gyereket a sz\u00e9kre.)<\/li>\n<li>Ich setze <strong>mich<\/strong> auf den Stuhl. (Le\u00fcl\u00f6k a sz\u00e9kre.)<\/li>\n<\/ul>\n<h2>Hogyan seg\u00edt a Talkpal a Reflexivpronomen elsaj\u00e1t\u00edt\u00e1s\u00e1ban?<\/h2>\n<p>A Reflexivpronomen helyes \u00e9s magabiztos haszn\u00e1lata gyakorl\u00e1st ig\u00e9nyel. A <strong>Talkpal<\/strong> modern, interakt\u00edv nyelvtanul\u00e1si platformk\u00e9nt lehet\u0151s\u00e9get ny\u00fajt arra, hogy:<\/p>\n<ul>\n<li>Val\u00f3s p\u00e1rbesz\u00e9dekben gyakorold a reflex\u00edv n\u00e9vm\u00e1sokat.<\/li>\n<li>Automatikus visszajelz\u00e9st kapj a hib\u00e1kr\u00f3l \u00e9s helyes megold\u00e1sokr\u00f3l.<\/li>\n<li>Interakt\u00edv feladatokon kereszt\u00fcl saj\u00e1t\u00edtsd el a reflex\u00edv ig\u00e9k \u00e9s n\u00e9vm\u00e1sok helyes eseteit.<\/li>\n<li>Hall\u00e1s ut\u00e1ni \u00e9rt\u00e9ssel, besz\u00e9dgyakorlattal \u00e9s \u00edr\u00e1sos feladatokkal m\u00e9ly\u00edtsd el tud\u00e1sod.<\/li>\n<\/ul>\n<p>A Talkpal felhaszn\u00e1l\u00f3bar\u00e1t fel\u00fclete \u00e9s szem\u00e9lyre szabhat\u00f3 tanul\u00e1si \u00fatvonalai lehet\u0151v\u00e9 teszik, hogy a Reflexivpronomen gyakorl\u00e1sa ne legyen unalmas, hanem motiv\u00e1l\u00f3 \u00e9s hat\u00e9kony \u00e9lm\u00e9ny legyen minden n\u00e9mettanul\u00f3 sz\u00e1m\u00e1ra.<\/p>\n<h2>Tippek a Reflexivpronomen gyors elsaj\u00e1t\u00edt\u00e1s\u00e1hoz<\/h2>\n<ul>\n<li>K\u00e9sz\u00edts saj\u00e1t p\u00e9ldamondatokat a reflex\u00edv ig\u00e9kkel.<\/li>\n<li>Haszn\u00e1lj tanul\u00f3k\u00e1rty\u00e1kat az alakok \u00e9s ig\u00e9k gyakorl\u00e1s\u00e1hoz.<\/li>\n<li>Figyeld meg, hogyan haszn\u00e1lj\u00e1k a reflex\u00edv n\u00e9vm\u00e1sokat anyanyelvi besz\u00e9l\u0151k.<\/li>\n<li>Tanulj meg legal\u00e1bb 20 gyakori reflex\u00edv ig\u00e9t \u00e9s azok jelent\u00e9s\u00e9t.<\/li>\n<li>Gyakorold a reflex\u00edv ig\u00e9ket mondatba helyezve, k\u00fcl\u00f6nb\u00f6z\u0151 szem\u00e9lyekkel \u00e9s esetekkel.<\/li>\n<li>Pr\u00f3b\u00e1ld ki a Talkpal platformj\u00e1t, ahol szem\u00e9lyre szabott gyakorl\u00f3feladatokat kapsz.<\/li>\n<\/ul>\n<h2>\u00d6sszefoglal\u00e1s: A Reflexivpronomen jelent\u0151s\u00e9ge a n\u00e9met nyelvtanban<\/h2>\n<p>A Reflexivpronomen a n\u00e9met nyelvtan egyik alapvet\u0151 eleme, amelynek helyes haszn\u00e1lata n\u00e9lk\u00fcl\u00f6zhetetlen a g\u00f6rd\u00fcl\u00e9keny \u00e9s pontos kommunik\u00e1ci\u00f3hoz. Meg\u00e9rt\u00e9se \u00e9s elsaj\u00e1t\u00edt\u00e1sa kih\u00edv\u00e1st jelenthet, de rendszeres gyakorl\u00e1ssal \u00e9s modern tanul\u00e1si eszk\u00f6z\u00f6k, p\u00e9ld\u00e1ul a Talkpal seg\u00edts\u00e9g\u00e9vel k\u00f6nnyen be\u00e9p\u00edthet\u0151 a mindennapi nyelvhaszn\u00e1latba. Ne feledd, hogy a reflex\u00edv n\u00e9vm\u00e1sok nemcsak a nyelvtani szab\u00e1lyok miatt fontosak, hanem a mondatok helyes \u00e9rtelmez\u00e9se \u00e9s a f\u00e9lre\u00e9rt\u00e9sek elker\u00fcl\u00e9se \u00e9rdek\u00e9ben is. Gyakorolj rendszeresen, ford\u00edts figyelmet az ig\u00e9k jelent\u00e9s\u00e9re, \u00e9s alkalmazd b\u00e1tran a reflex\u00edv n\u00e9vm\u00e1sokat, hogy magabiztosan besz\u00e9lhess n\u00e9met\u00fcl!<\/p>\n<p>Az alapos gyakorl\u00e1s, a rendszeres ism\u00e9tl\u00e9s, valamint a modern nyelvtanul\u00e1si platformok, mint a Talkpal, garant\u00e1lj\u00e1k, hogy a Reflexivpronomen a n\u00e9met nyelvtanban t\u00f6bb\u00e9 nem okoz fejt\u00f6r\u00e9st, hanem a magabiztos nyelvhaszn\u00e1lat alapk\u00f6v\u00e9v\u00e9 v\u00e1lik.<\/p>\n","protected":false},"featured_media":1527741,"template":"","language":[12266,12278],"class_list":["post-1078775","grammar","type-grammar","status-publish","has-post-thumbnail","hentry","language-nemet","language-nevmasok-nemet-nyelvtan"],"acf":[],"yoast_head":"<!-- This site is optimized with the Yoast SEO Premium plugin v27.2 (Yoast SEO v27.2) - https:\/\/yoast.com\/product\/yoast-seo-premium-wordpress\/ -->\n<title>Reflexivpronomen a n\u00e9met nyelvtanban - Talkpal<\/title>\n<meta name=\"description\" content=\"A n\u00e9met nyelvtan egyik leg\u00e9rdekesebb \u00e9s gyakran kih\u00edv\u00e1st jelent\u0151 ter\u00fclete a reflex\u00edv n\u00e9vm\u00e1sok, azaz a Reflexivpronomen helyes haszn\u00e1lata. Ezek a n\u00e9vm\u00e1sok\" \/>\n<meta name=\"robots\" content=\"index, follow, max-snippet:-1, max-image-preview:large, max-video-preview:-1\" \/>\n<link rel=\"canonical\" href=\"https:\/\/talkpal.ai\/hu\/grammar\/reflexivpronomen-a-nemet-nyelvtanban\/\" \/>\n<meta property=\"og:locale\" content=\"hu_HU\" \/>\n<meta property=\"og:type\" content=\"article\" \/>\n<meta property=\"og:title\" content=\"Reflexivpronomen a n\u00e9met nyelvtanban\" \/>\n<meta property=\"og:description\" content=\"A n\u00e9met nyelvtan egyik leg\u00e9rdekesebb \u00e9s gyakran kih\u00edv\u00e1st jelent\u0151 ter\u00fclete a reflex\u00edv n\u00e9vm\u00e1sok, azaz a Reflexivpronomen helyes haszn\u00e1lata. Ezek a n\u00e9vm\u00e1sok\" \/>\n<meta property=\"og:url\" content=\"https:\/\/talkpal.ai\/hu\/grammar\/reflexivpronomen-a-nemet-nyelvtanban\/\" \/>\n<meta property=\"og:site_name\" content=\"Talkpal\" \/>\n<meta property=\"article:publisher\" content=\"https:\/\/www.facebook.com\/profile.php?id=100090733639311\" \/>\n<meta property=\"og:image\" content=\"https:\/\/talkpal.ai\/wp-content\/uploads\/2025\/02\/Progress-tab-16_9.png\" \/>\n\t<meta property=\"og:image:width\" content=\"2880\" \/>\n\t<meta property=\"og:image:height\" content=\"1620\" \/>\n\t<meta property=\"og:image:type\" content=\"image\/png\" \/>\n<meta name=\"twitter:card\" content=\"summary_large_image\" \/>\n<meta name=\"twitter:site\" content=\"@talkpalai\" \/>\n<meta name=\"twitter:label1\" content=\"Becs\u00fclt olvas\u00e1si id\u0151\" \/>\n\t<meta name=\"twitter:data1\" content=\"6 perc\" \/>\n<script type=\"application\/ld+json\" class=\"yoast-schema-graph\">{\"@context\":\"https:\/\/schema.org\",\"@graph\":[{\"@type\":\"WebPage\",\"@id\":\"https:\/\/talkpal.ai\/hu\/grammar\/reflexivpronomen-a-nemet-nyelvtanban\/\",\"url\":\"https:\/\/talkpal.ai\/hu\/grammar\/reflexivpronomen-a-nemet-nyelvtanban\/\",\"name\":\"Reflexivpronomen a n\u00e9met nyelvtanban - Talkpal\",\"isPartOf\":{\"@id\":\"https:\/\/talkpal.ai\/hu\/#website\"},\"primaryImageOfPage\":{\"@id\":\"https:\/\/talkpal.ai\/hu\/grammar\/reflexivpronomen-a-nemet-nyelvtanban\/#primaryimage\"},\"image\":{\"@id\":\"https:\/\/talkpal.ai\/hu\/grammar\/reflexivpronomen-a-nemet-nyelvtanban\/#primaryimage\"},\"thumbnailUrl\":\"https:\/\/talkpal.ai\/wp-content\/uploads\/2025\/12\/learning-languages-by-the-window.webp\",\"datePublished\":\"2025-07-01T21:54:08+00:00\",\"description\":\"A n\u00e9met nyelvtan egyik leg\u00e9rdekesebb \u00e9s gyakran kih\u00edv\u00e1st jelent\u0151 ter\u00fclete a reflex\u00edv n\u00e9vm\u00e1sok, azaz a Reflexivpronomen helyes haszn\u00e1lata. Ezek a n\u00e9vm\u00e1sok\",\"breadcrumb\":{\"@id\":\"https:\/\/talkpal.ai\/hu\/grammar\/reflexivpronomen-a-nemet-nyelvtanban\/#breadcrumb\"},\"inLanguage\":\"hu\",\"potentialAction\":[{\"@type\":\"ReadAction\",\"target\":[\"https:\/\/talkpal.ai\/hu\/grammar\/reflexivpronomen-a-nemet-nyelvtanban\/\"]}]},{\"@type\":\"ImageObject\",\"inLanguage\":\"hu\",\"@id\":\"https:\/\/talkpal.ai\/hu\/grammar\/reflexivpronomen-a-nemet-nyelvtanban\/#primaryimage\",\"url\":\"https:\/\/talkpal.ai\/wp-content\/uploads\/2025\/12\/learning-languages-by-the-window.webp\",\"contentUrl\":\"https:\/\/talkpal.ai\/wp-content\/uploads\/2025\/12\/learning-languages-by-the-window.webp\",\"width\":1200,\"height\":896,\"caption\":\"A man in a blue hoodie writes in a book to learn languages at a desk by a window.\"},{\"@type\":\"BreadcrumbList\",\"@id\":\"https:\/\/talkpal.ai\/hu\/grammar\/reflexivpronomen-a-nemet-nyelvtanban\/#breadcrumb\",\"itemListElement\":[{\"@type\":\"ListItem\",\"position\":1,\"name\":\"Homepage\",\"item\":\"https:\/\/talkpal.ai\/hu\/\"},{\"@type\":\"ListItem\",\"position\":2,\"name\":\"Reflexivpronomen a n\u00e9met nyelvtanban\"}]},{\"@type\":\"WebSite\",\"@id\":\"https:\/\/talkpal.ai\/hu\/#website\",\"url\":\"https:\/\/talkpal.ai\/hu\/\",\"name\":\"Talkpal\",\"description\":\"AI Language Learning\",\"publisher\":{\"@id\":\"https:\/\/talkpal.ai\/hu\/#organization\"},\"alternateName\":\"Talkpal AI\",\"potentialAction\":[{\"@type\":\"SearchAction\",\"target\":{\"@type\":\"EntryPoint\",\"urlTemplate\":\"https:\/\/talkpal.ai\/hu\/?s={search_term_string}\"},\"query-input\":{\"@type\":\"PropertyValueSpecification\",\"valueRequired\":true,\"valueName\":\"search_term_string\"}}],\"inLanguage\":\"hu\"},{\"@type\":\"Organization\",\"@id\":\"https:\/\/talkpal.ai\/hu\/#organization\",\"name\":\"Talkpal, Inc.\",\"alternateName\":\"Talkpal AI\",\"url\":\"https:\/\/talkpal.ai\/hu\/\",\"logo\":{\"@type\":\"ImageObject\",\"inLanguage\":\"hu\",\"@id\":\"https:\/\/talkpal.ai\/hu\/#\/schema\/logo\/image\/\",\"url\":\"https:\/\/talkpal.ai\/wp-content\/uploads\/2024\/03\/Talkpal-Logo-Icon.png\",\"contentUrl\":\"https:\/\/talkpal.ai\/wp-content\/uploads\/2024\/03\/Talkpal-Logo-Icon.png\",\"width\":2880,\"height\":2880,\"caption\":\"Talkpal, Inc.\"},\"image\":{\"@id\":\"https:\/\/talkpal.ai\/hu\/#\/schema\/logo\/image\/\"},\"sameAs\":[\"https:\/\/www.facebook.com\/profile.php?id=100090733639311\",\"https:\/\/x.com\/talkpalai\",\"https:\/\/www.linkedin.com\/company\/talkpal\/\",\"https:\/\/www.youtube.com\/@TalkPal\/\",\"https:\/\/www.tiktok.com\/@talkpal\",\"https:\/\/www.instagram.com\/talkpal_ai\/\",\"https:\/\/www.crunchbase.com\/organization\/talkpal-9cde\",\"https:\/\/www.g2.com\/products\/talkpal-for-business\/\",\"https:\/\/www.trustpilot.com\/review\/talkpal.ai\",\"https:\/\/www.capterra.com\/p\/10006800\/TalkPal\/\"],\"description\":\"Talkpal is a language learning web and mobile education app, powered by the latest AI technologies, that provides engaging experiences to its customers in many different languages to help them improve their language skills. Users can chat about unlimited amount of topics with the app and use other modes to practice their language learning.\",\"email\":\"support@talkpal.ai\",\"legalName\":\"Talkpal, Inc.\",\"foundingDate\":\"2023-04-03\",\"duns\":\"118989042\",\"numberOfEmployees\":{\"@type\":\"QuantitativeValue\",\"minValue\":\"11\",\"maxValue\":\"50\"},\"publishingPrinciples\":\"https:\/\/talkpal.ai\/publishing-principles\/\",\"actionableFeedbackPolicy\":\"https:\/\/talkpal.ai\/actionable-feedback-policy\/\",\"correctionsPolicy\":\"https:\/\/talkpal.ai\/corrections-policy\/\",\"ethicsPolicy\":\"https:\/\/talkpal.ai\/ethics-policy\/\",\"diversityPolicy\":\"https:\/\/talkpal.ai\/diversity-policy\/\",\"diversityStaffingReport\":\"https:\/\/talkpal.ai\/diversity-policy\/\"}]}<\/script>\n<!-- \/ Yoast SEO Premium plugin. -->","yoast_head_json":{"title":"Reflexivpronomen a n\u00e9met nyelvtanban - Talkpal","description":"A n\u00e9met nyelvtan egyik leg\u00e9rdekesebb \u00e9s gyakran kih\u00edv\u00e1st jelent\u0151 ter\u00fclete a reflex\u00edv n\u00e9vm\u00e1sok, azaz a Reflexivpronomen helyes haszn\u00e1lata. Ezek a n\u00e9vm\u00e1sok","robots":{"index":"index","follow":"follow","max-snippet":"max-snippet:-1","max-image-preview":"max-image-preview:large","max-video-preview":"max-video-preview:-1"},"canonical":"https:\/\/talkpal.ai\/hu\/grammar\/reflexivpronomen-a-nemet-nyelvtanban\/","og_locale":"hu_HU","og_type":"article","og_title":"Reflexivpronomen a n\u00e9met nyelvtanban","og_description":"A n\u00e9met nyelvtan egyik leg\u00e9rdekesebb \u00e9s gyakran kih\u00edv\u00e1st jelent\u0151 ter\u00fclete a reflex\u00edv n\u00e9vm\u00e1sok, azaz a Reflexivpronomen helyes haszn\u00e1lata. Ezek a n\u00e9vm\u00e1sok","og_url":"https:\/\/talkpal.ai\/hu\/grammar\/reflexivpronomen-a-nemet-nyelvtanban\/","og_site_name":"Talkpal","article_publisher":"https:\/\/www.facebook.com\/profile.php?id=100090733639311","og_image":[{"width":2880,"height":1620,"url":"https:\/\/talkpal.ai\/wp-content\/uploads\/2025\/02\/Progress-tab-16_9.png","type":"image\/png"}],"twitter_card":"summary_large_image","twitter_site":"@talkpalai","twitter_misc":{"Becs\u00fclt olvas\u00e1si id\u0151":"6 perc"},"schema":{"@context":"https:\/\/schema.org","@graph":[{"@type":"WebPage","@id":"https:\/\/talkpal.ai\/hu\/grammar\/reflexivpronomen-a-nemet-nyelvtanban\/","url":"https:\/\/talkpal.ai\/hu\/grammar\/reflexivpronomen-a-nemet-nyelvtanban\/","name":"Reflexivpronomen a n\u00e9met nyelvtanban - Talkpal","isPartOf":{"@id":"https:\/\/talkpal.ai\/hu\/#website"},"primaryImageOfPage":{"@id":"https:\/\/talkpal.ai\/hu\/grammar\/reflexivpronomen-a-nemet-nyelvtanban\/#primaryimage"},"image":{"@id":"https:\/\/talkpal.ai\/hu\/grammar\/reflexivpronomen-a-nemet-nyelvtanban\/#primaryimage"},"thumbnailUrl":"https:\/\/talkpal.ai\/wp-content\/uploads\/2025\/12\/learning-languages-by-the-window.webp","datePublished":"2025-07-01T21:54:08+00:00","description":"A n\u00e9met nyelvtan egyik leg\u00e9rdekesebb \u00e9s gyakran kih\u00edv\u00e1st jelent\u0151 ter\u00fclete a reflex\u00edv n\u00e9vm\u00e1sok, azaz a Reflexivpronomen helyes haszn\u00e1lata. Ezek a n\u00e9vm\u00e1sok","breadcrumb":{"@id":"https:\/\/talkpal.ai\/hu\/grammar\/reflexivpronomen-a-nemet-nyelvtanban\/#breadcrumb"},"inLanguage":"hu","potentialAction":[{"@type":"ReadAction","target":["https:\/\/talkpal.ai\/hu\/grammar\/reflexivpronomen-a-nemet-nyelvtanban\/"]}]},{"@type":"ImageObject","inLanguage":"hu","@id":"https:\/\/talkpal.ai\/hu\/grammar\/reflexivpronomen-a-nemet-nyelvtanban\/#primaryimage","url":"https:\/\/talkpal.ai\/wp-content\/uploads\/2025\/12\/learning-languages-by-the-window.webp","contentUrl":"https:\/\/talkpal.ai\/wp-content\/uploads\/2025\/12\/learning-languages-by-the-window.webp","width":1200,"height":896,"caption":"A man in a blue hoodie writes in a book to learn languages at a desk by a window."},{"@type":"BreadcrumbList","@id":"https:\/\/talkpal.ai\/hu\/grammar\/reflexivpronomen-a-nemet-nyelvtanban\/#breadcrumb","itemListElement":[{"@type":"ListItem","position":1,"name":"Homepage","item":"https:\/\/talkpal.ai\/hu\/"},{"@type":"ListItem","position":2,"name":"Reflexivpronomen a n\u00e9met nyelvtanban"}]},{"@type":"WebSite","@id":"https:\/\/talkpal.ai\/hu\/#website","url":"https:\/\/talkpal.ai\/hu\/","name":"Talkpal","description":"AI Language Learning","publisher":{"@id":"https:\/\/talkpal.ai\/hu\/#organization"},"alternateName":"Talkpal AI","potentialAction":[{"@type":"SearchAction","target":{"@type":"EntryPoint","urlTemplate":"https:\/\/talkpal.ai\/hu\/?s={search_term_string}"},"query-input":{"@type":"PropertyValueSpecification","valueRequired":true,"valueName":"search_term_string"}}],"inLanguage":"hu"},{"@type":"Organization","@id":"https:\/\/talkpal.ai\/hu\/#organization","name":"Talkpal, Inc.","alternateName":"Talkpal AI","url":"https:\/\/talkpal.ai\/hu\/","logo":{"@type":"ImageObject","inLanguage":"hu","@id":"https:\/\/talkpal.ai\/hu\/#\/schema\/logo\/image\/","url":"https:\/\/talkpal.ai\/wp-content\/uploads\/2024\/03\/Talkpal-Logo-Icon.png","contentUrl":"https:\/\/talkpal.ai\/wp-content\/uploads\/2024\/03\/Talkpal-Logo-Icon.png","width":2880,"height":2880,"caption":"Talkpal, Inc."},"image":{"@id":"https:\/\/talkpal.ai\/hu\/#\/schema\/logo\/image\/"},"sameAs":["https:\/\/www.facebook.com\/profile.php?id=100090733639311","https:\/\/x.com\/talkpalai","https:\/\/www.linkedin.com\/company\/talkpal\/","https:\/\/www.youtube.com\/@TalkPal\/","https:\/\/www.tiktok.com\/@talkpal","https:\/\/www.instagram.com\/talkpal_ai\/","https:\/\/www.crunchbase.com\/organization\/talkpal-9cde","https:\/\/www.g2.com\/products\/talkpal-for-business\/","https:\/\/www.trustpilot.com\/review\/talkpal.ai","https:\/\/www.capterra.com\/p\/10006800\/TalkPal\/"],"description":"Talkpal is a language learning web and mobile education app, powered by the latest AI technologies, that provides engaging experiences to its customers in many different languages to help them improve their language skills. Users can chat about unlimited amount of topics with the app and use other modes to practice their language learning.","email":"support@talkpal.ai","legalName":"Talkpal, Inc.","foundingDate":"2023-04-03","duns":"118989042","numberOfEmployees":{"@type":"QuantitativeValue","minValue":"11","maxValue":"50"},"publishingPrinciples":"https:\/\/talkpal.ai\/publishing-principles\/","actionableFeedbackPolicy":"https:\/\/talkpal.ai\/actionable-feedback-policy\/","correctionsPolicy":"https:\/\/talkpal.ai\/corrections-policy\/","ethicsPolicy":"https:\/\/talkpal.ai\/ethics-policy\/","diversityPolicy":"https:\/\/talkpal.ai\/diversity-policy\/","diversityStaffingReport":"https:\/\/talkpal.ai\/diversity-policy\/"}]}},"_links":{"self":[{"href":"https:\/\/talkpal.ai\/hu\/wp-json\/wp\/v2\/grammar\/1078775","targetHints":{"allow":["GET"]}}],"collection":[{"href":"https:\/\/talkpal.ai\/hu\/wp-json\/wp\/v2\/grammar"}],"about":[{"href":"https:\/\/talkpal.ai\/hu\/wp-json\/wp\/v2\/types\/grammar"}],"wp:featuredmedia":[{"embeddable":true,"href":"https:\/\/talkpal.ai\/hu\/wp-json\/wp\/v2\/media\/1527741"}],"wp:attachment":[{"href":"https:\/\/talkpal.ai\/hu\/wp-json\/wp\/v2\/media?parent=1078775"}],"wp:term":[{"taxonomy":"language","embeddable":true,"href":"https:\/\/talkpal.ai\/hu\/wp-json\/wp\/v2\/language?post=1078775"}],"curies":[{"name":"wp","href":"https:\/\/api.w.org\/{rel}","templated":true}]}}