{"id":1078761,"date":"2025-07-01T21:52:59","date_gmt":"2025-07-01T21:52:59","guid":{"rendered":"https:\/\/talkpal.ai\/grammar\/trennbare-verben-a-nemet-nyelvtanban\/"},"modified":"2025-07-01T21:52:59","modified_gmt":"2025-07-01T21:52:59","slug":"trennbare-verben-a-nemet-nyelvtanban","status":"publish","type":"grammar","link":"https:\/\/talkpal.ai\/hu\/grammar\/trennbare-verben-a-nemet-nyelvtanban\/","title":{"rendered":"Trennbare Verben a n\u00e9met nyelvtanban"},"content":{"rendered":"<p>A <a href=\"https:\/\/talkpal.ai\/hu\/gyakorold-a-nemet-beszedet\/\">n\u00e9met nyelv<\/a> tanul\u00e1sa sor\u00e1n az elv\u00e1l\u00f3s ig\u00e9k, azaz a \u201etrennbare Verben\u201d k\u00fcl\u00f6nleges kih\u00edv\u00e1st jelenthetnek mind a kezd\u0151k, mind a halad\u00f3k sz\u00e1m\u00e1ra. Ezek az ig\u00e9k speci\u00e1lis szerkezet\u00fck miatt gyakran okoznak fejt\u00f6r\u00e9st, hiszen a mondatban elv\u00e1lnak egym\u00e1st\u00f3l, \u00e9s ez befoly\u00e1solja a sz\u00f3rendet is. A szab\u00e1lyos haszn\u00e1latuk elengedhetetlen a helyes \u00e9s g\u00f6rd\u00fcl\u00e9keny <a href=\"https:\/\/talkpal.ai\/learn-german\/\">n\u00e9met<\/a> kommunik\u00e1ci\u00f3hoz. A <a href=\"https:\/\/talkpal.ai\/ar\/grammar_exercises\/trennbare-verben-%d8%aa%d9%85%d8%a7%d8%b1%d9%8a%d9%86-%d9%84%d9%84%d9%82%d9%88%d8%a7%d8%b9%d8%af-%d8%a7%d9%84%d8%a3%d9%84%d9%85%d8%a7%d9%86%d9%8a%d8%a9\/\">trennbare Verben<\/a> meg\u00e9rt\u00e9s\u00e9ben \u00e9s elsaj\u00e1t\u00edt\u00e1s\u00e1ban nagy seg\u00edts\u00e9get ny\u00fajthat a <a href=\"https:\/\/talkpal.ai\/ko\/ai-%ec%96%b8%ec%96%b4-%ea%b5%90%ec%82%ac\/\">Talkpal<\/a>, amely j\u00e1t\u00e9kos \u00e9s interakt\u00edv m\u00f3don t\u00e1mogatja a <a href=\"https:\/\/talkpal.ai\/hu\/grammar\/passziv-a-nemet-nyelvtanban\/\">n\u00e9met nyelvtan<\/a> tanul\u00e1s\u00e1t, \u00edgy k\u00f6nnyebben tudod alkalmazni ezt a fontos nyelvtani szerkezetet a mindennapi besz\u00e9dben \u00e9s \u00edr\u00e1sban.<\/p>\n<h2>Mi az a Trennbare Verben a n\u00e9met nyelvtanban?<\/h2>\n<p>A trennbare Verben, vagyis az elv\u00e1l\u00f3s ig\u00e9k olyan \u00f6sszetett ig\u00e9k a n\u00e9met nyelvben, amelyek egy ig\u00e9b\u0151l \u00e9s egy igek\u00f6t\u0151b\u0151l (Prefix) \u00e1llnak. Ezek az igek\u00f6t\u0151k nem mindig maradnak az ige mellett; bizonyos mondatszerkezetekben, p\u00e9ld\u00e1ul kijelent\u0151 jelen id\u0151ben vagy felsz\u00f3l\u00edt\u00f3 m\u00f3dban, elv\u00e1lnak az ig\u00e9t\u0151l, \u00e9s a mondat v\u00e9g\u00e9re ker\u00fclnek. <\/p>\n<h3>Az elv\u00e1l\u00f3s ig\u00e9k szerkezete<\/h3>\n<p>Az elv\u00e1l\u00f3s ig\u00e9k k\u00e9t f\u0151 r\u00e9szb\u0151l \u00e1llnak:<\/p>\n<ul>\n<li><strong>Igek\u00f6t\u0151 (Prefix):<\/strong> Olyan el\u0151tag, amely megv\u00e1ltoztatja az ige jelent\u00e9s\u00e9t.<\/li>\n<li><strong>Alapige:<\/strong> Maga az ige, amely \u00f6nmag\u00e1ban is jelent\u00e9ssel b\u00edrhat.<\/li>\n<\/ul>\n<p>P\u00e9ld\u00e1ul: <em>aufstehen<\/em> (felkelni) \u2013 ahol az \u201eauf\u201d az igek\u00f6t\u0151, a \u201estehen\u201d pedig az alapige.<\/p>\n<h3>Gyakori elv\u00e1l\u00f3s igek\u00f6t\u0151k<\/h3>\n<p>A leggyakrabban el\u0151fordul\u00f3 elv\u00e1l\u00f3s igek\u00f6t\u0151k k\u00f6z\u00e9 tartoznak:<\/p>\n<ul>\n<li>ab- (pl. abfahren \u2013 elindulni)<\/li>\n<li>an- (pl. ankommen \u2013 meg\u00e9rkezni)<\/li>\n<li>auf- (pl. aufstehen \u2013 felkelni)<\/li>\n<li>aus- (pl. ausgehen \u2013 elmenni sz\u00f3rakozni)<\/li>\n<li>ein- (pl. einsteigen \u2013 besz\u00e1llni)<\/li>\n<li>mit- (pl. mitkommen \u2013 vele j\u00f6nni)<\/li>\n<li>nach- (pl. nachdenken \u2013 elgondolkodni)<\/li>\n<li>vor- (pl. vorstellen \u2013 bemutatni)<\/li>\n<li>zur\u00fcck- (pl. zur\u00fcckkommen \u2013 visszaj\u00f6nni)<\/li>\n<li>zu- (pl. zumachen \u2013 bez\u00e1rni)<\/li>\n<\/ul>\n<h2>Hogyan m\u0171k\u00f6dnek a trennbare Verben?<\/h2>\n<p>Az elv\u00e1l\u00f3s ig\u00e9k m\u0171k\u00f6d\u00e9se szorosan kapcsol\u00f3dik a mondatszerkezethez \u00e9s az igeid\u0151h\u00f6z.<\/p>\n<h3>Kijelent\u0151 jelen id\u0151ben (Pr\u00e4sens)<\/h3>\n<p>Ebben az esetben az igek\u00f6t\u0151 elv\u00e1lik az ig\u00e9t\u0151l, \u00e9s a mondat v\u00e9g\u00e9re ker\u00fcl. Az ige ragozott alakban a m\u00e1sodik helyen \u00e1ll.<\/p>\n<p><strong>P\u00e9lda:<\/strong><\/p>\n<ul>\n<li>Ich <strong>stehe<\/strong> um sieben Uhr <strong>auf<\/strong>. (H\u00e9t \u00f3rakor kelek fel.)<\/li>\n<li>Er <strong>kommt<\/strong> morgen <strong>an<\/strong>. (Holnap \u00e9rkezik meg.)<\/li>\n<\/ul>\n<h3>Felsz\u00f3l\u00edt\u00f3 m\u00f3dban (Imperativ)<\/h3>\n<p>Itt az ige az els\u0151 helyen \u00e1ll, az igek\u00f6t\u0151 pedig a mondat v\u00e9g\u00e9re ker\u00fcl.<\/p>\n<ul>\n<li><strong>Steh<\/strong> jetzt <strong>auf<\/strong>! (Kelj fel most!)<\/li>\n<li><strong>Komm<\/strong> bitte <strong>mit<\/strong>! (Gyere velem, k\u00e9rlek!)<\/li>\n<\/ul>\n<h3>M\u00falt id\u0151ben (Perfekt)<\/h3>\n<p>A m\u00falt id\u0151 k\u00e9pz\u00e9s\u00e9n\u00e9l a \u201ege-\u201d prefix az alapige el\u00e9 ker\u00fcl, az igek\u00f6t\u0151 pedig az ige el\u0151tt marad.<\/p>\n<ul>\n<li>Ich bin um sieben Uhr <strong>aufgestanden<\/strong>. (H\u00e9t \u00f3rakor keltem fel.)<\/li>\n<li>Er ist gestern <strong>angekommen<\/strong>. (Tegnap \u00e9rkezett meg.)<\/li>\n<\/ul>\n<h3>F\u00fcgg\u0151 mondatokban (Nebens\u00e4tze)<\/h3>\n<p>Al\u00e1rendelt mondatokban az ige \u00e9s az igek\u00f6t\u0151 \u00fajra egyes\u00fcl, \u00e9s a mondat v\u00e9g\u00e9re ker\u00fcl.<\/p>\n<ul>\n<li>Ich wei\u00df, dass du um sieben Uhr <strong>aufstehst<\/strong>. (Tudom, hogy h\u00e9t \u00f3rakor kelsz fel.)<\/li>\n<li>Sie sagt, dass er morgen <strong>ankommt<\/strong>. (Azt mondja, hogy holnap \u00e9rkezik meg.)<\/li>\n<\/ul>\n<h2>Elv\u00e1l\u00f3s \u00e9s nem elv\u00e1l\u00f3s igek\u00f6t\u0151k: Hogyan k\u00fcl\u00f6nb\u00f6ztetheted meg?<\/h2>\n<p>A n\u00e9met igek\u00f6t\u0151k k\u00e9t csoportra oszthat\u00f3k: vannak elv\u00e1l\u00f3s \u00e9s el nem v\u00e1l\u00f3s (untrennbare) igek\u00f6t\u0151k. Fontos tudni, melyik t\u00edpusba tartozik az adott ige, mert ez befoly\u00e1solja a mondatszerkezetet.<\/p>\n<h3>Jellemz\u0151k:<\/h3>\n<ul>\n<li>Az elv\u00e1l\u00f3s igek\u00f6t\u0151k \u00e1ltal\u00e1ban hangs\u00falyosak a kiejt\u00e9sben.<\/li>\n<li>Az el nem v\u00e1l\u00f3s igek\u00f6t\u0151k (p\u00e9ld\u00e1ul: be-, emp-, ent-, er-, ge-, miss-, ver-, zer-) soha nem v\u00e1lnak el az ig\u00e9t\u0151l, \u00e9s nem kapnak \u201ege-\u201d el\u0151tagot a Perfekt k\u00e9pz\u00e9s\u00e9n\u00e9l.<\/li>\n<\/ul>\n<p><strong>P\u00e9ld\u00e1k:<\/strong><\/p>\n<ul>\n<li><em>verstehen<\/em> (\u00e9rteni) \u2013 untrennbar<\/li>\n<li><em>aufstehen<\/em> (felkelni) \u2013 trennbar<\/li>\n<\/ul>\n<h2>Mi\u00e9rt neh\u00e9z a trennbare Verben a magyar anyanyelv\u0171ek sz\u00e1m\u00e1ra?<\/h2>\n<p>A <a href=\"https:\/\/talkpal.ai\/learn-hungarian\/\">magyar<\/a> nyelvben nincsenek pontos megfelel\u0151i az elv\u00e1l\u00f3s ig\u00e9knek, ez\u00e9rt gyakran neh\u00e9zs\u00e9get okoz a helyes haszn\u00e1latuk. Az al\u00e1bbiakban \u00f6sszefoglaljuk, mi\u00e9rt jelenthet kih\u00edv\u00e1st:<\/p>\n<ul>\n<li><strong>Szokatlan mondatszerkezet:<\/strong> Az igek\u00f6t\u0151 \u201esz\u00e9tszakad\u00e1sa\u201d a mondatban nem jellemz\u0151 a magyar nyelvre.<\/li>\n<li><strong>V\u00e1ltoz\u00f3 jelent\u00e9s:<\/strong> Ugyanaz az alapige k\u00fcl\u00f6nb\u00f6z\u0151 igek\u00f6t\u0151kkel teljesen elt\u00e9r\u0151 jelent\u00e9ssel b\u00edrhat.<\/li>\n<li><strong>Sz\u00f3rendi szab\u00e1lyok:<\/strong> Az igek\u00f6t\u0151 helyes elhelyez\u00e9se kulcsfontoss\u00e1g\u00fa a n\u00e9met mondatokban.<\/li>\n<\/ul>\n<h2>Tippek a trennbare Verben hat\u00e9kony elsaj\u00e1t\u00edt\u00e1s\u00e1hoz<\/h2>\n<p>A n\u00e9met elv\u00e1l\u00f3s ig\u00e9k hat\u00e9kony tanul\u00e1s\u00e1hoz \u00e9s gyakorl\u00e1s\u00e1hoz a k\u00f6vetkez\u0151 strat\u00e9gi\u00e1kat \u00e9rdemes alkalmazni:<\/p>\n<ul>\n<li><strong>K\u00e9sz\u00edts tematikus sz\u00f3k\u00e1rty\u00e1kat:<\/strong> \u00cdrd fel az ig\u00e9t \u00e9s az igek\u00f6t\u0151t k\u00fcl\u00f6n, majd p\u00e9ldamondatokat is mell\u00e9kelj.<\/li>\n<li><strong>Gyakorolj mondatokat:<\/strong> Alkoss saj\u00e1t mondatokat mindegyik elv\u00e1l\u00f3s ig\u00e9vel, k\u00fcl\u00f6nb\u00f6z\u0151 igeid\u0151kben.<\/li>\n<li><strong>Olvass n\u00e9met sz\u00f6vegeket:<\/strong> Figyeld meg, hogy a szerz\u0151k hogyan haszn\u00e1lj\u00e1k az elv\u00e1l\u00f3s ig\u00e9ket a gyakorlatban.<\/li>\n<li><strong>Haszn\u00e1lj interakt\u00edv alkalmaz\u00e1sokat:<\/strong> A Talkpal p\u00e9ld\u00e1ul kiv\u00e1l\u00f3an alkalmas az elv\u00e1l\u00f3s ig\u00e9k gyakorl\u00e1s\u00e1ra, hiszen j\u00e1t\u00e9kos feladatokkal seg\u00edti a tanul\u00e1st.<\/li>\n<li><strong>Hallgass n\u00e9met nyelv\u0171 besz\u00e9det:<\/strong> A hall\u00e1s ut\u00e1ni meg\u00e9rt\u00e9s fejleszt\u00e9se r\u00e9v\u00e9n k\u00f6nnyebben felismered az elv\u00e1l\u00f3s ig\u00e9ket besz\u00e9d k\u00f6zben.<\/li>\n<\/ul>\n<h2>Gyakori hib\u00e1k a trennbare Verben haszn\u00e1lat\u00e1ban<\/h2>\n<p>A n\u00e9met elv\u00e1l\u00f3s ig\u00e9k alkalmaz\u00e1sakor a tanul\u00f3k gyakran a k\u00f6vetkez\u0151 hib\u00e1kat k\u00f6vetik el:<\/p>\n<ul>\n<li><strong>Az igek\u00f6t\u0151 rossz helyre ker\u00fcl:<\/strong> Nem a mondat v\u00e9g\u00e9re helyezik, vagy elfelejtik elv\u00e1lasztani.<\/li>\n<li><strong>Nem egyezik az igeid\u0151vel:<\/strong> A m\u00falt id\u0151ben helytelen\u00fcl haszn\u00e1lj\u00e1k a \u201ege-\u201d el\u0151tagot.<\/li>\n<li><strong>\u00d6sszet\u00e9vesztik az elv\u00e1l\u00f3s \u00e9s el nem v\u00e1l\u00f3s ig\u00e9ket:<\/strong> P\u00e9ld\u00e1ul a \u201everstehen\u201d sz\u00f3val hib\u00e1san j\u00e1rnak el.<\/li>\n<\/ul>\n<h3>Hogyan ker\u00fclhet\u0151k el ezek a hib\u00e1k?<\/h3>\n<ul>\n<li>Mindig ellen\u0151rizd, hogy az adott ige elv\u00e1l\u00f3s vagy sem!<\/li>\n<li>Gyakorold a mondatszerkeszt\u00e9st k\u00fcl\u00f6nb\u00f6z\u0151 igeid\u0151kben!<\/li>\n<li>Haszn\u00e1lj digit\u00e1lis tanul\u00e1si seg\u00e9deszk\u00f6z\u00f6ket, mint p\u00e9ld\u00e1ul a Talkpal!<\/li>\n<\/ul>\n<h2>Trennbare Verben: P\u00e9ld\u00e1k \u00e9s jelent\u00e9s\u00fck<\/h2>\n<p>A n\u00e9met elv\u00e1l\u00f3s ig\u00e9k jelent\u00e9se gyakran csak a teljes szerkezetb\u0151l der\u00fcl ki. Az al\u00e1bbiakban n\u00e9h\u00e1ny gyakori elv\u00e1l\u00f3s ige p\u00e9ld\u00e1ja \u00e9s jelent\u00e9se:<\/p>\n<table>\n<tr>\n<th>Ige<\/th>\n<th>Jelent\u00e9s<\/th>\n<th>P\u00e9ldamondat<\/th>\n<\/tr>\n<tr>\n<td>aufstehen<\/td>\n<td>felkelni<\/td>\n<td>Ich stehe jeden Tag um 7 Uhr auf.<\/td>\n<\/tr>\n<tr>\n<td>einkaufen<\/td>\n<td>bev\u00e1s\u00e1rolni<\/td>\n<td>Wir kaufen am Samstag ein.<\/td>\n<\/tr>\n<tr>\n<td>mitkommen<\/td>\n<td>vele j\u00f6nni<\/td>\n<td>Kommst du mit?<\/td>\n<\/tr>\n<tr>\n<td>ausgehen<\/td>\n<td>elmenni sz\u00f3rakozni<\/td>\n<td>Heute Abend gehen wir aus.<\/td>\n<\/tr>\n<tr>\n<td>zuh\u00f6ren<\/td>\n<td>figyelmesen hallgatni<\/td>\n<td>Bitte h\u00f6r mir zu!<\/td>\n<\/tr>\n<\/table>\n<h2>Trennbare Verben \u00e9s a n\u00e9met nyelvvizsga<\/h2>\n<p>A n\u00e9met nyelvvizsg\u00e1k (p\u00e9ld\u00e1ul Goethe, \u00d6SD, TELC) sor\u00e1n gyakran el\u0151fordul\u00f3 t\u00e9mak\u00f6r az elv\u00e1l\u00f3s ig\u00e9k helyes haszn\u00e1lata. Ez\u00e9rt k\u00fcl\u00f6n\u00f6sen fontos, hogy magabiztosan alkalmazd \u0151ket sz\u00f3ban \u00e9s \u00edr\u00e1sban egyar\u00e1nt.<\/p>\n<ul>\n<li><strong>\u00cdr\u00e1sbeli feladatok:<\/strong> K\u00fcl\u00f6nf\u00e9le igeid\u0151kben \u00e9s mondatszerkezetekben kell helyesen haszn\u00e1lni az elv\u00e1l\u00f3s ig\u00e9ket.<\/li>\n<li><strong>Sz\u00f3beli vizsg\u00e1k:<\/strong> A besz\u00e9d sor\u00e1n term\u00e9szetesen kell alkalmazni ezeket az ig\u00e9ket, hogy a kommunik\u00e1ci\u00f3 g\u00f6rd\u00fcl\u00e9keny legyen.<\/li>\n<\/ul>\n<h2>\u00d6sszefoglal\u00e1s: Mi\u00e9rt \u00e9rdemes alaposan megtanulni a trennbare Verben haszn\u00e1lat\u00e1t?<\/h2>\n<p>Az elv\u00e1l\u00f3s ig\u00e9k a n\u00e9met nyelvtan kulcsfontoss\u00e1g\u00fa elemei, amelyek n\u00e9lk\u00fcl\u00f6zhetetlenek a magabiztos \u00e9s pontos n\u00e9met nyelvhaszn\u00e1lathoz. Alapos ismeret\u00fck r\u00e9v\u00e9n:<\/p>\n<ul>\n<li>Hat\u00e9konyabban kommunik\u00e1lhatsz sz\u00f3ban \u00e9s \u00edr\u00e1sban egyar\u00e1nt.<\/li>\n<li>Jobban meg\u00e9rted a n\u00e9met sz\u00f6vegek \u00e9s besz\u00e9lget\u00e9sek jelent\u00e9s\u00e9t.<\/li>\n<li>Elker\u00fclheted a gyakori nyelvtani hib\u00e1kat.<\/li>\n<li>Sikeresebben teljes\u00edthetsz a n\u00e9met nyelvvizsg\u00e1kon.<\/li>\n<\/ul>\n<p>A Talkpal interakt\u00edv nyelvtanul\u00e1si lehet\u0151s\u00e9gei pedig seg\u00edtenek abban, hogy j\u00e1t\u00e9kosan, m\u00e9gis hat\u00e9konyan saj\u00e1t\u00edtsd el a trennbare Verben helyes haszn\u00e1lat\u00e1t, \u00edgy magabiztosan alkalmazhatod \u0151ket a mindennapi \u00e9letben \u00e9s a vizsg\u00e1k sor\u00e1n is.<\/p>\n<h2>Gyakran ism\u00e9telt k\u00e9rd\u00e9sek a trennbare Verben t\u00e9m\u00e1ban<\/h2>\n<h3>1. Melyek a leggyakoribb elv\u00e1l\u00f3s igek\u00f6t\u0151k?<\/h3>\n<p>Az \u201eab-\u201d, \u201ean-\u201d, \u201eauf-\u201d, \u201eaus-\u201d, \u201eein-\u201d, \u201emit-\u201d, \u201enach-\u201d, \u201evor-\u201d, \u201ezur\u00fcck-\u201d, \u201ezu-\u201d a leggyakoribbak, de enn\u00e9l t\u00f6bb is l\u00e9tezik.<\/p>\n<h3>2. Honnan tudom, hogy egy ige elv\u00e1l\u00f3s vagy sem?<\/h3>\n<p>\u00c9rdemes megtanulni a leggyakoribb igek\u00f6t\u0151ket, valamint a kiejt\u00e9sben is seg\u00edthet a hangs\u00faly helye. A sz\u00f3t\u00e1rak \u00e1ltal\u00e1ban felt\u00fcntetik, ha egy ige elv\u00e1l\u00f3s.<\/p>\n<h3>3. Hogyan tudom gyorsan megtanulni az elv\u00e1l\u00f3s ig\u00e9ket?<\/h3>\n<p>Sz\u00f3k\u00e1rty\u00e1k, gyakorl\u00f3 mondatok, n\u00e9met nyelv\u0171 sz\u00f6vegek olvas\u00e1sa, valamint digit\u00e1lis alkalmaz\u00e1sok, p\u00e9ld\u00e1ul a Talkpal haszn\u00e1lata seg\u00edthet ebben.<\/p>\n<h3>4. Mikor v\u00e1lik el az igek\u00f6t\u0151 az ig\u00e9t\u0151l?<\/h3>\n<p>F\u0151mondatban jelen \u00e9s j\u00f6v\u0151 id\u0151ben, illetve felsz\u00f3l\u00edt\u00f3 m\u00f3dban mindig elv\u00e1lik, al\u00e1rendelt mondatban \u00e9s bizonyos igeid\u0151kben azonban egyben maradnak.<\/p>\n<h2>Z\u00e1r\u00f3 gondolatok<\/h2>\n<p>A trennbare Verben, vagyis az elv\u00e1l\u00f3s ig\u00e9k helyes alkalmaz\u00e1sa alapvet\u0151 r\u00e9sze a n\u00e9met nyelvtanul\u00e1snak. B\u00e1r els\u0151re bonyolultnak t\u0171nhetnek, a logikus szab\u00e1lyok \u00e9s a rendszeres gyakorl\u00e1s r\u00e9v\u00e9n k\u00f6nnyen elsaj\u00e1t\u00edthat\u00f3k. Ne feledd, hogy a Talkpal seg\u00edts\u00e9g\u00e9vel j\u00e1t\u00e9kos \u00e9s interakt\u00edv m\u00f3don is fejlesztheted tud\u00e1sodat, \u00edgy a n\u00e9met nyelv\u0171 kommunik\u00e1ci\u00f3 magabiztosabb\u00e1 v\u00e1lik. Kezdj el gyakorolni m\u00e9g ma, \u00e9s saj\u00e1t\u00edtsd el a trennbare Verben minden cs\u00ednj\u00e1t-b\u00ednj\u00e1t!<\/p>\n","protected":false},"featured_media":1527828,"template":"","language":[12275,12266],"class_list":["post-1078761","grammar","type-grammar","status-publish","has-post-thumbnail","hentry","language-igek-nemet-nyelvtan","language-nemet"],"acf":[],"yoast_head":"<!-- This site is optimized with the Yoast SEO Premium plugin v27.2 (Yoast SEO v27.2) - https:\/\/yoast.com\/product\/yoast-seo-premium-wordpress\/ -->\n<title>Trennbare Verben a n\u00e9met nyelvtanban - Talkpal<\/title>\n<meta name=\"description\" content=\"A n\u00e9met nyelv tanul\u00e1sa sor\u00e1n az elv\u00e1l\u00f3s ig\u00e9k, azaz a \u201etrennbare Verben\u201d k\u00fcl\u00f6nleges kih\u00edv\u00e1st jelenthetnek mind a kezd\u0151k, mind a halad\u00f3k sz\u00e1m\u00e1ra. Ezek az\" \/>\n<meta name=\"robots\" content=\"index, follow, max-snippet:-1, max-image-preview:large, max-video-preview:-1\" \/>\n<link rel=\"canonical\" href=\"https:\/\/talkpal.ai\/hu\/grammar\/trennbare-verben-a-nemet-nyelvtanban\/\" \/>\n<meta property=\"og:locale\" content=\"hu_HU\" \/>\n<meta property=\"og:type\" content=\"article\" \/>\n<meta property=\"og:title\" content=\"Trennbare Verben a n\u00e9met nyelvtanban\" \/>\n<meta property=\"og:description\" content=\"A n\u00e9met nyelv tanul\u00e1sa sor\u00e1n az elv\u00e1l\u00f3s ig\u00e9k, azaz a \u201etrennbare Verben\u201d k\u00fcl\u00f6nleges kih\u00edv\u00e1st jelenthetnek mind a kezd\u0151k, mind a halad\u00f3k sz\u00e1m\u00e1ra. Ezek az\" \/>\n<meta property=\"og:url\" content=\"https:\/\/talkpal.ai\/hu\/grammar\/trennbare-verben-a-nemet-nyelvtanban\/\" \/>\n<meta property=\"og:site_name\" content=\"Talkpal\" \/>\n<meta property=\"article:publisher\" content=\"https:\/\/www.facebook.com\/profile.php?id=100090733639311\" \/>\n<meta property=\"og:image\" content=\"https:\/\/talkpal.ai\/wp-content\/uploads\/2025\/02\/Progress-tab-16_9.png\" \/>\n\t<meta property=\"og:image:width\" content=\"2880\" \/>\n\t<meta property=\"og:image:height\" content=\"1620\" \/>\n\t<meta property=\"og:image:type\" content=\"image\/png\" \/>\n<meta name=\"twitter:card\" content=\"summary_large_image\" \/>\n<meta name=\"twitter:site\" content=\"@talkpalai\" \/>\n<meta name=\"twitter:label1\" content=\"Becs\u00fclt olvas\u00e1si id\u0151\" \/>\n\t<meta name=\"twitter:data1\" content=\"8 perc\" \/>\n<script type=\"application\/ld+json\" class=\"yoast-schema-graph\">{\"@context\":\"https:\/\/schema.org\",\"@graph\":[{\"@type\":\"WebPage\",\"@id\":\"https:\/\/talkpal.ai\/hu\/grammar\/trennbare-verben-a-nemet-nyelvtanban\/\",\"url\":\"https:\/\/talkpal.ai\/hu\/grammar\/trennbare-verben-a-nemet-nyelvtanban\/\",\"name\":\"Trennbare Verben a n\u00e9met nyelvtanban - Talkpal\",\"isPartOf\":{\"@id\":\"https:\/\/talkpal.ai\/hu\/#website\"},\"primaryImageOfPage\":{\"@id\":\"https:\/\/talkpal.ai\/hu\/grammar\/trennbare-verben-a-nemet-nyelvtanban\/#primaryimage\"},\"image\":{\"@id\":\"https:\/\/talkpal.ai\/hu\/grammar\/trennbare-verben-a-nemet-nyelvtanban\/#primaryimage\"},\"thumbnailUrl\":\"https:\/\/talkpal.ai\/wp-content\/uploads\/2025\/12\/paper-is-signed-while-learning-languages.webp\",\"datePublished\":\"2025-07-01T21:52:59+00:00\",\"description\":\"A n\u00e9met nyelv tanul\u00e1sa sor\u00e1n az elv\u00e1l\u00f3s ig\u00e9k, azaz a \u201etrennbare Verben\u201d k\u00fcl\u00f6nleges kih\u00edv\u00e1st jelenthetnek mind a kezd\u0151k, mind a halad\u00f3k sz\u00e1m\u00e1ra. Ezek az\",\"breadcrumb\":{\"@id\":\"https:\/\/talkpal.ai\/hu\/grammar\/trennbare-verben-a-nemet-nyelvtanban\/#breadcrumb\"},\"inLanguage\":\"hu\",\"potentialAction\":[{\"@type\":\"ReadAction\",\"target\":[\"https:\/\/talkpal.ai\/hu\/grammar\/trennbare-verben-a-nemet-nyelvtanban\/\"]}]},{\"@type\":\"ImageObject\",\"inLanguage\":\"hu\",\"@id\":\"https:\/\/talkpal.ai\/hu\/grammar\/trennbare-verben-a-nemet-nyelvtanban\/#primaryimage\",\"url\":\"https:\/\/talkpal.ai\/wp-content\/uploads\/2025\/12\/paper-is-signed-while-learning-languages.webp\",\"contentUrl\":\"https:\/\/talkpal.ai\/wp-content\/uploads\/2025\/12\/paper-is-signed-while-learning-languages.webp\",\"width\":1200,\"height\":896,\"caption\":\"A student takes notes to learn languages at a long desk with a view of a city campus at sunset.\"},{\"@type\":\"BreadcrumbList\",\"@id\":\"https:\/\/talkpal.ai\/hu\/grammar\/trennbare-verben-a-nemet-nyelvtanban\/#breadcrumb\",\"itemListElement\":[{\"@type\":\"ListItem\",\"position\":1,\"name\":\"Homepage\",\"item\":\"https:\/\/talkpal.ai\/hu\/\"},{\"@type\":\"ListItem\",\"position\":2,\"name\":\"Trennbare Verben a n\u00e9met nyelvtanban\"}]},{\"@type\":\"WebSite\",\"@id\":\"https:\/\/talkpal.ai\/hu\/#website\",\"url\":\"https:\/\/talkpal.ai\/hu\/\",\"name\":\"Talkpal\",\"description\":\"AI Language Learning\",\"publisher\":{\"@id\":\"https:\/\/talkpal.ai\/hu\/#organization\"},\"alternateName\":\"Talkpal AI\",\"potentialAction\":[{\"@type\":\"SearchAction\",\"target\":{\"@type\":\"EntryPoint\",\"urlTemplate\":\"https:\/\/talkpal.ai\/hu\/?s={search_term_string}\"},\"query-input\":{\"@type\":\"PropertyValueSpecification\",\"valueRequired\":true,\"valueName\":\"search_term_string\"}}],\"inLanguage\":\"hu\"},{\"@type\":\"Organization\",\"@id\":\"https:\/\/talkpal.ai\/hu\/#organization\",\"name\":\"Talkpal, Inc.\",\"alternateName\":\"Talkpal AI\",\"url\":\"https:\/\/talkpal.ai\/hu\/\",\"logo\":{\"@type\":\"ImageObject\",\"inLanguage\":\"hu\",\"@id\":\"https:\/\/talkpal.ai\/hu\/#\/schema\/logo\/image\/\",\"url\":\"https:\/\/talkpal.ai\/wp-content\/uploads\/2024\/03\/Talkpal-Logo-Icon.png\",\"contentUrl\":\"https:\/\/talkpal.ai\/wp-content\/uploads\/2024\/03\/Talkpal-Logo-Icon.png\",\"width\":2880,\"height\":2880,\"caption\":\"Talkpal, Inc.\"},\"image\":{\"@id\":\"https:\/\/talkpal.ai\/hu\/#\/schema\/logo\/image\/\"},\"sameAs\":[\"https:\/\/www.facebook.com\/profile.php?id=100090733639311\",\"https:\/\/x.com\/talkpalai\",\"https:\/\/www.linkedin.com\/company\/talkpal\/\",\"https:\/\/www.youtube.com\/@TalkPal\/\",\"https:\/\/www.tiktok.com\/@talkpal\",\"https:\/\/www.instagram.com\/talkpal_ai\/\",\"https:\/\/www.crunchbase.com\/organization\/talkpal-9cde\",\"https:\/\/www.g2.com\/products\/talkpal-for-business\/\",\"https:\/\/www.trustpilot.com\/review\/talkpal.ai\",\"https:\/\/www.capterra.com\/p\/10006800\/TalkPal\/\"],\"description\":\"Talkpal is a language learning web and mobile education app, powered by the latest AI technologies, that provides engaging experiences to its customers in many different languages to help them improve their language skills. Users can chat about unlimited amount of topics with the app and use other modes to practice their language learning.\",\"email\":\"support@talkpal.ai\",\"legalName\":\"Talkpal, Inc.\",\"foundingDate\":\"2023-04-03\",\"duns\":\"118989042\",\"numberOfEmployees\":{\"@type\":\"QuantitativeValue\",\"minValue\":\"11\",\"maxValue\":\"50\"},\"publishingPrinciples\":\"https:\/\/talkpal.ai\/publishing-principles\/\",\"actionableFeedbackPolicy\":\"https:\/\/talkpal.ai\/actionable-feedback-policy\/\",\"correctionsPolicy\":\"https:\/\/talkpal.ai\/corrections-policy\/\",\"ethicsPolicy\":\"https:\/\/talkpal.ai\/ethics-policy\/\",\"diversityPolicy\":\"https:\/\/talkpal.ai\/diversity-policy\/\",\"diversityStaffingReport\":\"https:\/\/talkpal.ai\/diversity-policy\/\"}]}<\/script>\n<!-- \/ Yoast SEO Premium plugin. -->","yoast_head_json":{"title":"Trennbare Verben a n\u00e9met nyelvtanban - Talkpal","description":"A n\u00e9met nyelv tanul\u00e1sa sor\u00e1n az elv\u00e1l\u00f3s ig\u00e9k, azaz a \u201etrennbare Verben\u201d k\u00fcl\u00f6nleges kih\u00edv\u00e1st jelenthetnek mind a kezd\u0151k, mind a halad\u00f3k sz\u00e1m\u00e1ra. Ezek az","robots":{"index":"index","follow":"follow","max-snippet":"max-snippet:-1","max-image-preview":"max-image-preview:large","max-video-preview":"max-video-preview:-1"},"canonical":"https:\/\/talkpal.ai\/hu\/grammar\/trennbare-verben-a-nemet-nyelvtanban\/","og_locale":"hu_HU","og_type":"article","og_title":"Trennbare Verben a n\u00e9met nyelvtanban","og_description":"A n\u00e9met nyelv tanul\u00e1sa sor\u00e1n az elv\u00e1l\u00f3s ig\u00e9k, azaz a \u201etrennbare Verben\u201d k\u00fcl\u00f6nleges kih\u00edv\u00e1st jelenthetnek mind a kezd\u0151k, mind a halad\u00f3k sz\u00e1m\u00e1ra. Ezek az","og_url":"https:\/\/talkpal.ai\/hu\/grammar\/trennbare-verben-a-nemet-nyelvtanban\/","og_site_name":"Talkpal","article_publisher":"https:\/\/www.facebook.com\/profile.php?id=100090733639311","og_image":[{"width":2880,"height":1620,"url":"https:\/\/talkpal.ai\/wp-content\/uploads\/2025\/02\/Progress-tab-16_9.png","type":"image\/png"}],"twitter_card":"summary_large_image","twitter_site":"@talkpalai","twitter_misc":{"Becs\u00fclt olvas\u00e1si id\u0151":"8 perc"},"schema":{"@context":"https:\/\/schema.org","@graph":[{"@type":"WebPage","@id":"https:\/\/talkpal.ai\/hu\/grammar\/trennbare-verben-a-nemet-nyelvtanban\/","url":"https:\/\/talkpal.ai\/hu\/grammar\/trennbare-verben-a-nemet-nyelvtanban\/","name":"Trennbare Verben a n\u00e9met nyelvtanban - Talkpal","isPartOf":{"@id":"https:\/\/talkpal.ai\/hu\/#website"},"primaryImageOfPage":{"@id":"https:\/\/talkpal.ai\/hu\/grammar\/trennbare-verben-a-nemet-nyelvtanban\/#primaryimage"},"image":{"@id":"https:\/\/talkpal.ai\/hu\/grammar\/trennbare-verben-a-nemet-nyelvtanban\/#primaryimage"},"thumbnailUrl":"https:\/\/talkpal.ai\/wp-content\/uploads\/2025\/12\/paper-is-signed-while-learning-languages.webp","datePublished":"2025-07-01T21:52:59+00:00","description":"A n\u00e9met nyelv tanul\u00e1sa sor\u00e1n az elv\u00e1l\u00f3s ig\u00e9k, azaz a \u201etrennbare Verben\u201d k\u00fcl\u00f6nleges kih\u00edv\u00e1st jelenthetnek mind a kezd\u0151k, mind a halad\u00f3k sz\u00e1m\u00e1ra. Ezek az","breadcrumb":{"@id":"https:\/\/talkpal.ai\/hu\/grammar\/trennbare-verben-a-nemet-nyelvtanban\/#breadcrumb"},"inLanguage":"hu","potentialAction":[{"@type":"ReadAction","target":["https:\/\/talkpal.ai\/hu\/grammar\/trennbare-verben-a-nemet-nyelvtanban\/"]}]},{"@type":"ImageObject","inLanguage":"hu","@id":"https:\/\/talkpal.ai\/hu\/grammar\/trennbare-verben-a-nemet-nyelvtanban\/#primaryimage","url":"https:\/\/talkpal.ai\/wp-content\/uploads\/2025\/12\/paper-is-signed-while-learning-languages.webp","contentUrl":"https:\/\/talkpal.ai\/wp-content\/uploads\/2025\/12\/paper-is-signed-while-learning-languages.webp","width":1200,"height":896,"caption":"A student takes notes to learn languages at a long desk with a view of a city campus at sunset."},{"@type":"BreadcrumbList","@id":"https:\/\/talkpal.ai\/hu\/grammar\/trennbare-verben-a-nemet-nyelvtanban\/#breadcrumb","itemListElement":[{"@type":"ListItem","position":1,"name":"Homepage","item":"https:\/\/talkpal.ai\/hu\/"},{"@type":"ListItem","position":2,"name":"Trennbare Verben a n\u00e9met nyelvtanban"}]},{"@type":"WebSite","@id":"https:\/\/talkpal.ai\/hu\/#website","url":"https:\/\/talkpal.ai\/hu\/","name":"Talkpal","description":"AI Language Learning","publisher":{"@id":"https:\/\/talkpal.ai\/hu\/#organization"},"alternateName":"Talkpal AI","potentialAction":[{"@type":"SearchAction","target":{"@type":"EntryPoint","urlTemplate":"https:\/\/talkpal.ai\/hu\/?s={search_term_string}"},"query-input":{"@type":"PropertyValueSpecification","valueRequired":true,"valueName":"search_term_string"}}],"inLanguage":"hu"},{"@type":"Organization","@id":"https:\/\/talkpal.ai\/hu\/#organization","name":"Talkpal, Inc.","alternateName":"Talkpal AI","url":"https:\/\/talkpal.ai\/hu\/","logo":{"@type":"ImageObject","inLanguage":"hu","@id":"https:\/\/talkpal.ai\/hu\/#\/schema\/logo\/image\/","url":"https:\/\/talkpal.ai\/wp-content\/uploads\/2024\/03\/Talkpal-Logo-Icon.png","contentUrl":"https:\/\/talkpal.ai\/wp-content\/uploads\/2024\/03\/Talkpal-Logo-Icon.png","width":2880,"height":2880,"caption":"Talkpal, Inc."},"image":{"@id":"https:\/\/talkpal.ai\/hu\/#\/schema\/logo\/image\/"},"sameAs":["https:\/\/www.facebook.com\/profile.php?id=100090733639311","https:\/\/x.com\/talkpalai","https:\/\/www.linkedin.com\/company\/talkpal\/","https:\/\/www.youtube.com\/@TalkPal\/","https:\/\/www.tiktok.com\/@talkpal","https:\/\/www.instagram.com\/talkpal_ai\/","https:\/\/www.crunchbase.com\/organization\/talkpal-9cde","https:\/\/www.g2.com\/products\/talkpal-for-business\/","https:\/\/www.trustpilot.com\/review\/talkpal.ai","https:\/\/www.capterra.com\/p\/10006800\/TalkPal\/"],"description":"Talkpal is a language learning web and mobile education app, powered by the latest AI technologies, that provides engaging experiences to its customers in many different languages to help them improve their language skills. Users can chat about unlimited amount of topics with the app and use other modes to practice their language learning.","email":"support@talkpal.ai","legalName":"Talkpal, Inc.","foundingDate":"2023-04-03","duns":"118989042","numberOfEmployees":{"@type":"QuantitativeValue","minValue":"11","maxValue":"50"},"publishingPrinciples":"https:\/\/talkpal.ai\/publishing-principles\/","actionableFeedbackPolicy":"https:\/\/talkpal.ai\/actionable-feedback-policy\/","correctionsPolicy":"https:\/\/talkpal.ai\/corrections-policy\/","ethicsPolicy":"https:\/\/talkpal.ai\/ethics-policy\/","diversityPolicy":"https:\/\/talkpal.ai\/diversity-policy\/","diversityStaffingReport":"https:\/\/talkpal.ai\/diversity-policy\/"}]}},"_links":{"self":[{"href":"https:\/\/talkpal.ai\/hu\/wp-json\/wp\/v2\/grammar\/1078761","targetHints":{"allow":["GET"]}}],"collection":[{"href":"https:\/\/talkpal.ai\/hu\/wp-json\/wp\/v2\/grammar"}],"about":[{"href":"https:\/\/talkpal.ai\/hu\/wp-json\/wp\/v2\/types\/grammar"}],"wp:featuredmedia":[{"embeddable":true,"href":"https:\/\/talkpal.ai\/hu\/wp-json\/wp\/v2\/media\/1527828"}],"wp:attachment":[{"href":"https:\/\/talkpal.ai\/hu\/wp-json\/wp\/v2\/media?parent=1078761"}],"wp:term":[{"taxonomy":"language","embeddable":true,"href":"https:\/\/talkpal.ai\/hu\/wp-json\/wp\/v2\/language?post=1078761"}],"curies":[{"name":"wp","href":"https:\/\/api.w.org\/{rel}","templated":true}]}}