{"id":1078749,"date":"2025-07-01T21:51:59","date_gmt":"2025-07-01T21:51:59","guid":{"rendered":"https:\/\/talkpal.ai\/grammar\/prasens-a-nemet-nyelvtanban\/"},"modified":"2025-07-01T21:51:59","modified_gmt":"2025-07-01T21:51:59","slug":"prasens-a-nemet-nyelvtanban","status":"publish","type":"grammar","link":"https:\/\/talkpal.ai\/hu\/grammar\/prasens-a-nemet-nyelvtanban\/","title":{"rendered":"Pr\u00e4sens a n\u00e9met nyelvtanban"},"content":{"rendered":"<p>A <a href=\"https:\/\/talkpal.ai\/hu\/grammar\/passziv-a-nemet-nyelvtanban\/\">n\u00e9met nyelvtan<\/a> egyik legfontosabb \u00e9s leggyakrabban haszn\u00e1lt igeid\u0151je a Pr\u00e4sens, amely n\u00e9lk\u00fcl\u00f6zhetetlen a mindennapi kommunik\u00e1ci\u00f3ban. A Pr\u00e4sens seg\u00edts\u00e9g\u00e9vel jelen id\u0151ben fejezhetj\u00fck ki gondolatainkat, esem\u00e9nyeket \u00edrhatunk le, vagy \u00e1ltal\u00e1nos igazs\u00e1gokat k\u00f6z\u00f6lhet\u00fcnk. Megfelel\u0151 elsaj\u00e1t\u00edt\u00e1sa <a href=\"https:\/\/talkpal.ai\/locations\/language-courses-in-minden\/\">minden<\/a> n\u00e9met\u00fcl tanul\u00f3 sz\u00e1m\u00e1ra kulcsfontoss\u00e1g\u00fa, hiszen <a href=\"https:\/\/talkpal.ai\/culture\/how-do-you-use-the-demonstrative-pronouns-ez-and-az\/\">ez az<\/a> alapja a bonyolultabb nyelvtani szerkezeteknek is. Ebben a cikkben r\u00e9szletesen bemutatjuk a Pr\u00e4sens haszn\u00e1lat\u00e1t, szab\u00e1lyait, kiv\u00e9teleit, valamint hasznos tippeket adunk a helyes alkalmaz\u00e1s\u00e1hoz. A tanul\u00e1si folyamatot hat\u00e9konyan seg\u00edtheti a <a href=\"https:\/\/talkpal.ai\/ko\/ai-%ec%96%b8%ec%96%b4-%ea%b5%90%ec%82%ac\/\">Talkpal<\/a>, amely interakt\u00edv m\u00f3don, gyakorlati p\u00e9ld\u00e1kkal t\u00e1mogatja a Pr\u00e4sens elsaj\u00e1t\u00edt\u00e1s\u00e1t.<\/p>\n<h2>Mi az a Pr\u00e4sens a n\u00e9met nyelvtanban?<\/h2>\n<p>A Pr\u00e4sens a <a href=\"https:\/\/talkpal.ai\/learn-german\/\">n\u00e9met<\/a> nyelv jelen ideje, amely az igeid\u0151k k\u00f6z\u00fcl a leggyakrabban fordul el\u0151 a h\u00e9tk\u00f6znapi besz\u00e9dben \u00e9s \u00edr\u00e1sban. Ezzel az igeid\u0151vel nemcsak a jelenben t\u00f6rt\u00e9n\u0151 esem\u00e9nyeket fejezhetj\u00fck ki, hanem j\u00f6v\u0151re vonatkoz\u00f3 sz\u00e1nd\u00e9kokat, illetve \u00e1ltal\u00e1nos \u00e9rv\u00e9ny\u0171 \u00e1ll\u00edt\u00e1sokat is.<\/p>\n<h3>A Pr\u00e4sens f\u0151 funkci\u00f3i<\/h3>\n<ul>\n<li>Jelenbeli cselekv\u00e9sek vagy \u00e1llapotok le\u00edr\u00e1sa<\/li>\n<li>\u00c1ltal\u00e1nos igazs\u00e1gok, t\u00e9nyek k\u00f6zl\u00e9se<\/li>\n<li>J\u00f6v\u0151 idej\u0171 esem\u00e9nyek, tervek kifejez\u00e9se<\/li>\n<li>\u00c1lland\u00f3an ism\u00e9tl\u0151d\u0151 cselekv\u00e9sek bemutat\u00e1sa<\/li>\n<li>Utas\u00edt\u00e1sok, \u00fatmutat\u00e1sok ad\u00e1sa<\/li>\n<\/ul>\n<h3>P\u00e9ld\u00e1k a Pr\u00e4sens haszn\u00e1lat\u00e1ra<\/h3>\n<ul>\n<li><strong>Ich lerne Deutsch.<\/strong> (N\u00e9metet tanulok.)<\/li>\n<li><strong>Die Sonne scheint.<\/strong> (S\u00fct a nap.)<\/li>\n<li><strong>Morgen fahre ich nach Berlin.<\/strong> (Holnap Berlinbe utazom.)<\/li>\n<li><strong>Jeden Tag trinke ich Kaffee.<\/strong> (<a href=\"https:\/\/talkpal.ai\/locations\/language-courses-in-minden\/\">Minden<\/a> nap k\u00e1v\u00e9t iszom.)<\/li>\n<\/ul>\n<h2>A Pr\u00e4sens k\u00e9pz\u00e9se a n\u00e9met nyelvben<\/h2>\n<p>A Pr\u00e4sens k\u00e9pz\u00e9se rendszerint egyszer\u0171, de fontos ismerni az alapszab\u00e1lyokat \u00e9s a kiv\u00e9teleket, hogy helyesen tudjuk alkalmazni ezt az igeid\u0151t.<\/p>\n<h3>Rendszeres ig\u00e9k ragoz\u00e1sa Pr\u00e4sensben<\/h3>\n<p>A legt\u00f6bb n\u00e9met ige szab\u00e1lyosan ragozhat\u00f3 a jelen id\u0151ben. Az al\u00e1bbiakban bemutatjuk a ragoz\u00e1s alapl\u00e9p\u00e9seit:<\/p>\n<ol>\n<li>Az ige sz\u00f3t\u00e1ri alakj\u00e1b\u00f3l elhagyjuk az <strong>-en<\/strong> vagy <strong>-n<\/strong> v\u00e9gz\u0151d\u00e9st.<\/li>\n<li>A kapott t\u0151h\u00f6z hozz\u00e1rendelj\u00fck a megfelel\u0151 szem\u00e9lyragot.<\/li>\n<\/ol>\n<table border=\"1\" cellpadding=\"4\">\n<tr>\n<th>Szem\u00e9ly<\/th>\n<th>Rag<\/th>\n<th>P\u00e9lda: lernen (tanulni)<\/th>\n<\/tr>\n<tr>\n<td>ich (\u00e9n)<\/td>\n<td>-e<\/td>\n<td>lerne<\/td>\n<\/tr>\n<tr>\n<td>du (te)<\/td>\n<td>-st<\/td>\n<td>lernst<\/td>\n<\/tr>\n<tr>\n<td>er\/sie\/es (\u0151)<\/td>\n<td>-t<\/td>\n<td>lernt<\/td>\n<\/tr>\n<tr>\n<td>wir (mi)<\/td>\n<td>-en<\/td>\n<td>lernen<\/td>\n<\/tr>\n<tr>\n<td>ihr (ti)<\/td>\n<td>-t<\/td>\n<td>lernt<\/td>\n<\/tr>\n<tr>\n<td>sie\/Sie (\u0151k\/\u00d6n)<\/td>\n<td>-en<\/td>\n<td>lernen<\/td>\n<\/tr>\n<\/table>\n<h3>K\u00fcl\u00f6nleges ragoz\u00e1s: A rendhagy\u00f3 ig\u00e9k Pr\u00e4sensben<\/h3>\n<p>A n\u00e9met nyelvben sz\u00e1mos rendhagy\u00f3 ige tal\u00e1lhat\u00f3, amelyek t\u0151hangv\u00e1lt\u00e1son vagy teljesen szab\u00e1lytalan ragoz\u00e1son mennek kereszt\u00fcl Pr\u00e4sensben. Ezeket \u00e9rdemes k\u00fcl\u00f6n megtanulni.<\/p>\n<ul>\n<li><strong>fahren (utazni):<\/strong> ich fahre, du f\u00e4hrst, er f\u00e4hrt, wir fahren, ihr fahrt, sie fahren<\/li>\n<li><strong>sehen (l\u00e1tni):<\/strong> ich sehe, du siehst, er sieht, wir sehen, ihr seht, sie sehen<\/li>\n<li><strong>essen (enni):<\/strong> ich esse, du isst, er isst, wir essen, ihr esst, sie essen<\/li>\n<\/ul>\n<h3>Seg\u00e9dig\u00e9k ragoz\u00e1sa Pr\u00e4sensben<\/h3>\n<p>A seg\u00e9dig\u00e9k (sein, haben, werden) alapvet\u0151 fontoss\u00e1g\u00faak, mivel sz\u00e1mos \u00f6sszetett igeid\u0151 \u00e9s szerkezet alapj\u00e1t k\u00e9pezik. Ezek ragoz\u00e1sa:<\/p>\n<ul>\n<li><strong>sein (lenni):<\/strong> ich bin, du bist, er\/sie\/es ist, wir sind, ihr seid, sie\/Sie sind<\/li>\n<li><strong>haben (birtokolni):<\/strong> ich habe, du hast, er\/sie\/es hat, wir haben, ihr habt, sie\/Sie haben<\/li>\n<li><strong>werden (v\u00e1lni valamiv\u00e9):<\/strong> ich werde, du wirst, er\/sie\/es wird, wir werden, ihr werdet, sie\/Sie werden<\/li>\n<\/ul>\n<h2>Mikor haszn\u00e1ljuk a Pr\u00e4sens-t?<\/h2>\n<h3>Jelen idej\u0171 cselekv\u00e9sek kifejez\u00e9se<\/h3>\n<p>A Pr\u00e4sens leggyakoribb haszn\u00e1lata a jelenben zajl\u00f3 esem\u00e9nyek, cselekv\u00e9sek le\u00edr\u00e1s\u00e1ra szolg\u00e1l.<\/p>\n<p><strong>P\u00e9lda:<\/strong> Ich lese ein Buch. (Egy k\u00f6nyvet olvasok.)<\/p>\n<h3>\u00c1ltal\u00e1nos igazs\u00e1gok, szok\u00e1sok<\/h3>\n<p>Az \u00e1ltal\u00e1nos \u00e9rv\u00e9ny\u0171 meg\u00e1llap\u00edt\u00e1sokat, szok\u00e1sokat is Pr\u00e4sensben fejezz\u00fck ki.<\/p>\n<p><strong>P\u00e9lda:<\/strong> Wasser kocht bei 100 Grad. (A v\u00edz 100 fokon forr.)<\/p>\n<h3>J\u00f6v\u0151 id\u0151 jelenben: Pr\u00e4sens haszn\u00e1lata a j\u00f6v\u0151 kifejez\u00e9s\u00e9re<\/h3>\n<p>A n\u00e9metben gyakran Pr\u00e4senssel utalunk j\u00f6v\u0151beli esem\u00e9nyekre, f\u0151leg ha id\u0151hat\u00e1roz\u00f3 is szerepel a mondatban.<\/p>\n<ul>\n<li><strong>Morgen gehe ich ins Kino.<\/strong> (Holnap moziba megyek.)<\/li>\n<li><strong>Wir fahren n\u00e4chste Woche nach Wien.<\/strong> (J\u00f6v\u0151 h\u00e9ten B\u00e9csbe utazunk.)<\/li>\n<\/ul>\n<h3>Utas\u00edt\u00e1sok, \u00fatmutat\u00e1sok<\/h3>\n<p>A mindennapi \u00e9letben gyakran haszn\u00e1ljuk a Pr\u00e4sens-t utas\u00edt\u00e1sok, \u00fatmutat\u00e1sok ad\u00e1s\u00e1ra is.<\/p>\n<ul>\n<li><strong>Du gehst jetzt nach Hause.<\/strong> (Most hazam\u00e9sz.)<\/li>\n<li><strong>Du nimmst den Bus Nummer 5.<\/strong> (Az 5-\u00f6s busszal m\u00e9sz.)<\/li>\n<\/ul>\n<h2>Gyakori hib\u00e1k a Pr\u00e4sens haszn\u00e1lat\u00e1ban<\/h2>\n<p>A Pr\u00e4sens helyes haszn\u00e1lata gyakran kih\u00edv\u00e1st jelent a n\u00e9met\u00fcl tanul\u00f3k sz\u00e1m\u00e1ra. Az al\u00e1bbiakban \u00f6sszegy\u0171jt\u00f6tt\u00fck a leggyakoribb hib\u00e1kat, hogy elker\u00fclhesd \u0151ket:<\/p>\n<ul>\n<li><strong>Hib\u00e1s raghaszn\u00e1lat:<\/strong> A szem\u00e9lyragok \u00f6sszekever\u00e9se, pl. <em>du lerne<\/em> helyett <em>du lernst<\/em>.<\/li>\n<li><strong>T\u0151hangv\u00e1lt\u00e1s elhagy\u00e1sa:<\/strong> Rendhagy\u00f3 ig\u00e9kn\u00e9l, p\u00e9ld\u00e1ul <em>du f\u00e4hrst<\/em> helyett <em>du fahrst<\/em>.<\/li>\n<li><strong>Seg\u00e9dig\u00e9k ragoz\u00e1s\u00e1nak t\u00e9veszt\u00e9se:<\/strong> <em>ich sein<\/em> helyett <em>ich bin<\/em>.<\/li>\n<li><strong>J\u00f6v\u0151 id\u0151 helytelen kifejez\u00e9se:<\/strong> J\u00f6v\u0151beli esem\u00e9nyekn\u00e9l a will vagy werden ige sz\u00fcks\u00e9gtelen haszn\u00e1lata.<\/li>\n<\/ul>\n<h2>Hogyan gyakorolhatod hat\u00e9konyan a Pr\u00e4sens-t?<\/h2>\n<p>A helyes Pr\u00e4sens haszn\u00e1lat\u00e1nak elsaj\u00e1t\u00edt\u00e1s\u00e1hoz elengedhetetlen a rendszeres gyakorl\u00e1s. Az al\u00e1bbi tippekkel hat\u00e9konyabb\u00e1 teheted tanul\u00e1sodat:<\/p>\n<ul>\n<li><strong>\u00cdrj napl\u00f3t Pr\u00e4sensben!<\/strong> Minden nap fogalmazz p\u00e1r mondatot arr\u00f3l, mit csin\u00e1lsz vagy mit tervezel.<\/li>\n<li><strong>Oldj meg feladatokat online platformokon, mint p\u00e9ld\u00e1ul a Talkpal.<\/strong> Az interakt\u00edv feladatok gyors visszacsatol\u00e1st adnak \u00e9s seg\u00edtenek a ragoz\u00e1s gyakorl\u00e1s\u00e1ban.<\/li>\n<li><strong>Olvass n\u00e9met sz\u00f6vegeket!<\/strong> Figyeld meg, hogyan haszn\u00e1lj\u00e1k az igeid\u0151t az anyanyelvi besz\u00e9l\u0151k.<\/li>\n<li><strong>Besz\u00e9lgess n\u00e9met\u00fcl!<\/strong> Ak\u00e1r online, ak\u00e1r szem\u00e9lyesen, a besz\u00e9d sor\u00e1n r\u00f6gz\u00fclnek leggyorsabban a helyes szerkezetek.<\/li>\n<\/ul>\n<h2>P\u00e9ldamondatok a Pr\u00e4sens gyakorl\u00e1s\u00e1hoz<\/h2>\n<h3>Napi rutin<\/h3>\n<ul>\n<li>Ich stehe um 7 Uhr auf. (7 \u00f3rakor kelek fel.)<\/li>\n<li>Ich fr\u00fchst\u00fccke um 8 Uhr. (8-kor reggelizem.)<\/li>\n<li>Ich gehe zur Arbeit. (Munk\u00e1ba megyek.)<\/li>\n<\/ul>\n<h3>Hobbi \u00e9s szabadid\u0151<\/h3>\n<ul>\n<li>Ich spiele Fu\u00dfball. (Focizom.)<\/li>\n<li>Ich lese gerne B\u00fccher. (Szeretek k\u00f6nyveket olvasni.)<\/li>\n<li>Wir sehen jeden Abend fern. (Minden este t\u00e9v\u00e9t n\u00e9z\u00fcnk.)<\/li>\n<\/ul>\n<h3>J\u00f6v\u0151beli tervek kifejez\u00e9se<\/h3>\n<ul>\n<li>Morgen besuche ich meine Freunde. (Holnap megl\u00e1togatom a bar\u00e1taimat.)<\/li>\n<li>N\u00e4chste Woche beginnt die Schule. (J\u00f6v\u0151 h\u00e9ten kezd\u0151dik az iskola.)<\/li>\n<\/ul>\n<h2>A Pr\u00e4sens jelent\u0151s\u00e9ge a n\u00e9met nyelvtanban<\/h2>\n<p>A Pr\u00e4sens igeid\u0151 elsaj\u00e1t\u00edt\u00e1sa elengedhetetlen mind a kezd\u0151, mind a halad\u00f3 n\u00e9mettanul\u00f3k sz\u00e1m\u00e1ra. Ez az igeid\u0151 alapvet\u0151 szerepet j\u00e1tszik:<\/p>\n<ul>\n<li>a h\u00e9tk\u00f6znapi kommunik\u00e1ci\u00f3ban,<\/li>\n<li>a hivatalos levelez\u00e9sben,<\/li>\n<li>az iskolai \u00e9s munkahelyi k\u00f6rnyezetben,<\/li>\n<li>\u00e9s a nyelvvizsg\u00e1k sikeres teljes\u00edt\u00e9s\u00e9ben.<\/li>\n<\/ul>\n<p>A Pr\u00e4sens ismerete n\u00e9lk\u00fcl\u00f6zhetetlen az \u00f6sszetettebb nyelvtani szerkezetek, p\u00e9ld\u00e1ul a m\u00falt \u00e9s j\u00f6v\u0151 id\u0151 meg\u00e9rt\u00e9s\u00e9hez is.<\/p>\n<h2>Tippek a Pr\u00e4sens gyors elsaj\u00e1t\u00edt\u00e1s\u00e1hoz<\/h2>\n<ul>\n<li><strong>Haszn\u00e1lj interakt\u00edv tanul\u00e1si eszk\u00f6z\u00f6ket!<\/strong> A Talkpal p\u00e9ld\u00e1ul j\u00e1t\u00e9kos, besz\u00e9dk\u00f6zpont\u00fa gyakorl\u00e1st k\u00edn\u00e1l.<\/li>\n<li><strong>Tanulj sz\u00f3ban \u00e9s \u00edr\u00e1sban egyar\u00e1nt!<\/strong> A hall\u00e1s ut\u00e1ni \u00e9rt\u00e9s \u00e9s a besz\u00e9dk\u00e9szs\u00e9g fejleszt\u00e9se ugyanolyan fontos, mint az \u00edrott gyakorlatok.<\/li>\n<li><strong>Figyelj a kiv\u00e9telekre!<\/strong> A rendhagy\u00f3 ig\u00e9ket k\u00fcl\u00f6n list\u00e1ba szedve, rendszeresen ism\u00e9teld \u00e1t.<\/li>\n<li><strong>Alak\u00edts ki rutint!<\/strong> Napi 10-15 perc gyakorl\u00e1s m\u00e1r r\u00f6vid id\u0151 alatt is l\u00e1tv\u00e1nyos eredm\u00e9nyeket hozhat.<\/li>\n<\/ul>\n<h2>\u00d6sszefoglal\u00e1s<\/h2>\n<p>A Pr\u00e4sens a n\u00e9met nyelvtan egyik legfontosabb \u00e9s leggyakrabban haszn\u00e1lt igeid\u0151je, amely n\u00e9lk\u00fcl\u00f6zhetetlen a mindennapi kommunik\u00e1ci\u00f3ban. Rendszeres gyakorl\u00e1ssal, p\u00e9ld\u00e1ul a Talkpal haszn\u00e1lat\u00e1val, k\u00f6nnyed\u00e9n elsaj\u00e1t\u00edthatod a Pr\u00e4sens helyes alkalmaz\u00e1s\u00e1t. Fontos, hogy ne csak az alapszab\u00e1lyokat tanuld meg, hanem a kiv\u00e9telekre \u00e9s a rendhagy\u00f3 ig\u00e9kre is ford\u00edts k\u00fcl\u00f6n figyelmet. Az itt bemutatott gyakorlati tippekkel \u00e9s p\u00e9ldamondatokkal magabiztosan haszn\u00e1lhatod a Pr\u00e4sens-t b\u00e1rmilyen kommunik\u00e1ci\u00f3s helyzetben, legyen sz\u00f3 besz\u00e9dr\u0151l, \u00edr\u00e1sr\u00f3l vagy nyelvvizsg\u00e1r\u00f3l. A rendszeres gyakorl\u00e1s \u00e9s a modern tanul\u00e1si m\u00f3dszerek seg\u00edts\u00e9g\u00e9vel r\u00f6vid id\u0151 alatt jelent\u0151s fejl\u0151d\u00e9st \u00e9rhetsz el a <a href=\"https:\/\/talkpal.ai\/hu\/gyakorold-a-nemet-beszedet\/\">n\u00e9met nyelv<\/a> elsaj\u00e1t\u00edt\u00e1s\u00e1ban.<\/p>\n","protected":false},"featured_media":1527915,"template":"","language":[12269,12266],"class_list":["post-1078749","grammar","type-grammar","status-publish","has-post-thumbnail","hentry","language-igeidok-nemet-nyelvtan","language-nemet"],"acf":[],"yoast_head":"<!-- This site is optimized with the Yoast SEO Premium plugin v27.2 (Yoast SEO v27.2) - https:\/\/yoast.com\/product\/yoast-seo-premium-wordpress\/ -->\n<title>Pr\u00e4sens a n\u00e9met nyelvtanban - Talkpal<\/title>\n<meta name=\"description\" content=\"A n\u00e9met nyelvtan egyik legfontosabb \u00e9s leggyakrabban haszn\u00e1lt igeid\u0151je a Pr\u00e4sens, amely n\u00e9lk\u00fcl\u00f6zhetetlen a mindennapi kommunik\u00e1ci\u00f3ban. A Pr\u00e4sens\" \/>\n<meta name=\"robots\" content=\"index, follow, max-snippet:-1, max-image-preview:large, max-video-preview:-1\" \/>\n<link rel=\"canonical\" href=\"https:\/\/talkpal.ai\/hu\/grammar\/prasens-a-nemet-nyelvtanban\/\" \/>\n<meta property=\"og:locale\" content=\"hu_HU\" \/>\n<meta property=\"og:type\" content=\"article\" \/>\n<meta property=\"og:title\" content=\"Pr\u00e4sens a n\u00e9met nyelvtanban\" \/>\n<meta property=\"og:description\" content=\"A n\u00e9met nyelvtan egyik legfontosabb \u00e9s leggyakrabban haszn\u00e1lt igeid\u0151je a Pr\u00e4sens, amely n\u00e9lk\u00fcl\u00f6zhetetlen a mindennapi kommunik\u00e1ci\u00f3ban. A Pr\u00e4sens\" \/>\n<meta property=\"og:url\" content=\"https:\/\/talkpal.ai\/hu\/grammar\/prasens-a-nemet-nyelvtanban\/\" \/>\n<meta property=\"og:site_name\" content=\"Talkpal\" \/>\n<meta property=\"article:publisher\" content=\"https:\/\/www.facebook.com\/profile.php?id=100090733639311\" \/>\n<meta property=\"og:image\" content=\"https:\/\/talkpal.ai\/wp-content\/uploads\/2025\/02\/Progress-tab-16_9.png\" \/>\n\t<meta property=\"og:image:width\" content=\"2880\" \/>\n\t<meta property=\"og:image:height\" content=\"1620\" \/>\n\t<meta property=\"og:image:type\" content=\"image\/png\" \/>\n<meta name=\"twitter:card\" content=\"summary_large_image\" \/>\n<meta name=\"twitter:site\" content=\"@talkpalai\" \/>\n<meta name=\"twitter:label1\" content=\"Becs\u00fclt olvas\u00e1si id\u0151\" \/>\n\t<meta name=\"twitter:data1\" content=\"7 perc\" \/>\n<script type=\"application\/ld+json\" class=\"yoast-schema-graph\">{\"@context\":\"https:\/\/schema.org\",\"@graph\":[{\"@type\":\"WebPage\",\"@id\":\"https:\/\/talkpal.ai\/hu\/grammar\/prasens-a-nemet-nyelvtanban\/\",\"url\":\"https:\/\/talkpal.ai\/hu\/grammar\/prasens-a-nemet-nyelvtanban\/\",\"name\":\"Pr\u00e4sens a n\u00e9met nyelvtanban - Talkpal\",\"isPartOf\":{\"@id\":\"https:\/\/talkpal.ai\/hu\/#website\"},\"primaryImageOfPage\":{\"@id\":\"https:\/\/talkpal.ai\/hu\/grammar\/prasens-a-nemet-nyelvtanban\/#primaryimage\"},\"image\":{\"@id\":\"https:\/\/talkpal.ai\/hu\/grammar\/prasens-a-nemet-nyelvtanban\/#primaryimage\"},\"thumbnailUrl\":\"https:\/\/talkpal.ai\/wp-content\/uploads\/2025\/12\/student-researching-syntax-learning-languages.webp\",\"datePublished\":\"2025-07-01T21:51:59+00:00\",\"description\":\"A n\u00e9met nyelvtan egyik legfontosabb \u00e9s leggyakrabban haszn\u00e1lt igeid\u0151je a Pr\u00e4sens, amely n\u00e9lk\u00fcl\u00f6zhetetlen a mindennapi kommunik\u00e1ci\u00f3ban. A Pr\u00e4sens\",\"breadcrumb\":{\"@id\":\"https:\/\/talkpal.ai\/hu\/grammar\/prasens-a-nemet-nyelvtanban\/#breadcrumb\"},\"inLanguage\":\"hu\",\"potentialAction\":[{\"@type\":\"ReadAction\",\"target\":[\"https:\/\/talkpal.ai\/hu\/grammar\/prasens-a-nemet-nyelvtanban\/\"]}]},{\"@type\":\"ImageObject\",\"inLanguage\":\"hu\",\"@id\":\"https:\/\/talkpal.ai\/hu\/grammar\/prasens-a-nemet-nyelvtanban\/#primaryimage\",\"url\":\"https:\/\/talkpal.ai\/wp-content\/uploads\/2025\/12\/student-researching-syntax-learning-languages.webp\",\"contentUrl\":\"https:\/\/talkpal.ai\/wp-content\/uploads\/2025\/12\/student-researching-syntax-learning-languages.webp\",\"width\":1200,\"height\":896,\"caption\":\"A student in a blue hoodie writes notes for learning languages at a long library table.\"},{\"@type\":\"BreadcrumbList\",\"@id\":\"https:\/\/talkpal.ai\/hu\/grammar\/prasens-a-nemet-nyelvtanban\/#breadcrumb\",\"itemListElement\":[{\"@type\":\"ListItem\",\"position\":1,\"name\":\"Homepage\",\"item\":\"https:\/\/talkpal.ai\/hu\/\"},{\"@type\":\"ListItem\",\"position\":2,\"name\":\"Pr\u00e4sens a n\u00e9met nyelvtanban\"}]},{\"@type\":\"WebSite\",\"@id\":\"https:\/\/talkpal.ai\/hu\/#website\",\"url\":\"https:\/\/talkpal.ai\/hu\/\",\"name\":\"Talkpal\",\"description\":\"AI Language Learning\",\"publisher\":{\"@id\":\"https:\/\/talkpal.ai\/hu\/#organization\"},\"alternateName\":\"Talkpal AI\",\"potentialAction\":[{\"@type\":\"SearchAction\",\"target\":{\"@type\":\"EntryPoint\",\"urlTemplate\":\"https:\/\/talkpal.ai\/hu\/?s={search_term_string}\"},\"query-input\":{\"@type\":\"PropertyValueSpecification\",\"valueRequired\":true,\"valueName\":\"search_term_string\"}}],\"inLanguage\":\"hu\"},{\"@type\":\"Organization\",\"@id\":\"https:\/\/talkpal.ai\/hu\/#organization\",\"name\":\"Talkpal, Inc.\",\"alternateName\":\"Talkpal AI\",\"url\":\"https:\/\/talkpal.ai\/hu\/\",\"logo\":{\"@type\":\"ImageObject\",\"inLanguage\":\"hu\",\"@id\":\"https:\/\/talkpal.ai\/hu\/#\/schema\/logo\/image\/\",\"url\":\"https:\/\/talkpal.ai\/wp-content\/uploads\/2024\/03\/Talkpal-Logo-Icon.png\",\"contentUrl\":\"https:\/\/talkpal.ai\/wp-content\/uploads\/2024\/03\/Talkpal-Logo-Icon.png\",\"width\":2880,\"height\":2880,\"caption\":\"Talkpal, Inc.\"},\"image\":{\"@id\":\"https:\/\/talkpal.ai\/hu\/#\/schema\/logo\/image\/\"},\"sameAs\":[\"https:\/\/www.facebook.com\/profile.php?id=100090733639311\",\"https:\/\/x.com\/talkpalai\",\"https:\/\/www.linkedin.com\/company\/talkpal\/\",\"https:\/\/www.youtube.com\/@TalkPal\/\",\"https:\/\/www.tiktok.com\/@talkpal\",\"https:\/\/www.instagram.com\/talkpal_ai\/\",\"https:\/\/www.crunchbase.com\/organization\/talkpal-9cde\",\"https:\/\/www.g2.com\/products\/talkpal-for-business\/\",\"https:\/\/www.trustpilot.com\/review\/talkpal.ai\",\"https:\/\/www.capterra.com\/p\/10006800\/TalkPal\/\"],\"description\":\"Talkpal is a language learning web and mobile education app, powered by the latest AI technologies, that provides engaging experiences to its customers in many different languages to help them improve their language skills. Users can chat about unlimited amount of topics with the app and use other modes to practice their language learning.\",\"email\":\"support@talkpal.ai\",\"legalName\":\"Talkpal, Inc.\",\"foundingDate\":\"2023-04-03\",\"duns\":\"118989042\",\"numberOfEmployees\":{\"@type\":\"QuantitativeValue\",\"minValue\":\"11\",\"maxValue\":\"50\"},\"publishingPrinciples\":\"https:\/\/talkpal.ai\/publishing-principles\/\",\"actionableFeedbackPolicy\":\"https:\/\/talkpal.ai\/actionable-feedback-policy\/\",\"correctionsPolicy\":\"https:\/\/talkpal.ai\/corrections-policy\/\",\"ethicsPolicy\":\"https:\/\/talkpal.ai\/ethics-policy\/\",\"diversityPolicy\":\"https:\/\/talkpal.ai\/diversity-policy\/\",\"diversityStaffingReport\":\"https:\/\/talkpal.ai\/diversity-policy\/\"}]}<\/script>\n<!-- \/ Yoast SEO Premium plugin. -->","yoast_head_json":{"title":"Pr\u00e4sens a n\u00e9met nyelvtanban - Talkpal","description":"A n\u00e9met nyelvtan egyik legfontosabb \u00e9s leggyakrabban haszn\u00e1lt igeid\u0151je a Pr\u00e4sens, amely n\u00e9lk\u00fcl\u00f6zhetetlen a mindennapi kommunik\u00e1ci\u00f3ban. A Pr\u00e4sens","robots":{"index":"index","follow":"follow","max-snippet":"max-snippet:-1","max-image-preview":"max-image-preview:large","max-video-preview":"max-video-preview:-1"},"canonical":"https:\/\/talkpal.ai\/hu\/grammar\/prasens-a-nemet-nyelvtanban\/","og_locale":"hu_HU","og_type":"article","og_title":"Pr\u00e4sens a n\u00e9met nyelvtanban","og_description":"A n\u00e9met nyelvtan egyik legfontosabb \u00e9s leggyakrabban haszn\u00e1lt igeid\u0151je a Pr\u00e4sens, amely n\u00e9lk\u00fcl\u00f6zhetetlen a mindennapi kommunik\u00e1ci\u00f3ban. A Pr\u00e4sens","og_url":"https:\/\/talkpal.ai\/hu\/grammar\/prasens-a-nemet-nyelvtanban\/","og_site_name":"Talkpal","article_publisher":"https:\/\/www.facebook.com\/profile.php?id=100090733639311","og_image":[{"width":2880,"height":1620,"url":"https:\/\/talkpal.ai\/wp-content\/uploads\/2025\/02\/Progress-tab-16_9.png","type":"image\/png"}],"twitter_card":"summary_large_image","twitter_site":"@talkpalai","twitter_misc":{"Becs\u00fclt olvas\u00e1si id\u0151":"7 perc"},"schema":{"@context":"https:\/\/schema.org","@graph":[{"@type":"WebPage","@id":"https:\/\/talkpal.ai\/hu\/grammar\/prasens-a-nemet-nyelvtanban\/","url":"https:\/\/talkpal.ai\/hu\/grammar\/prasens-a-nemet-nyelvtanban\/","name":"Pr\u00e4sens a n\u00e9met nyelvtanban - Talkpal","isPartOf":{"@id":"https:\/\/talkpal.ai\/hu\/#website"},"primaryImageOfPage":{"@id":"https:\/\/talkpal.ai\/hu\/grammar\/prasens-a-nemet-nyelvtanban\/#primaryimage"},"image":{"@id":"https:\/\/talkpal.ai\/hu\/grammar\/prasens-a-nemet-nyelvtanban\/#primaryimage"},"thumbnailUrl":"https:\/\/talkpal.ai\/wp-content\/uploads\/2025\/12\/student-researching-syntax-learning-languages.webp","datePublished":"2025-07-01T21:51:59+00:00","description":"A n\u00e9met nyelvtan egyik legfontosabb \u00e9s leggyakrabban haszn\u00e1lt igeid\u0151je a Pr\u00e4sens, amely n\u00e9lk\u00fcl\u00f6zhetetlen a mindennapi kommunik\u00e1ci\u00f3ban. A Pr\u00e4sens","breadcrumb":{"@id":"https:\/\/talkpal.ai\/hu\/grammar\/prasens-a-nemet-nyelvtanban\/#breadcrumb"},"inLanguage":"hu","potentialAction":[{"@type":"ReadAction","target":["https:\/\/talkpal.ai\/hu\/grammar\/prasens-a-nemet-nyelvtanban\/"]}]},{"@type":"ImageObject","inLanguage":"hu","@id":"https:\/\/talkpal.ai\/hu\/grammar\/prasens-a-nemet-nyelvtanban\/#primaryimage","url":"https:\/\/talkpal.ai\/wp-content\/uploads\/2025\/12\/student-researching-syntax-learning-languages.webp","contentUrl":"https:\/\/talkpal.ai\/wp-content\/uploads\/2025\/12\/student-researching-syntax-learning-languages.webp","width":1200,"height":896,"caption":"A student in a blue hoodie writes notes for learning languages at a long library table."},{"@type":"BreadcrumbList","@id":"https:\/\/talkpal.ai\/hu\/grammar\/prasens-a-nemet-nyelvtanban\/#breadcrumb","itemListElement":[{"@type":"ListItem","position":1,"name":"Homepage","item":"https:\/\/talkpal.ai\/hu\/"},{"@type":"ListItem","position":2,"name":"Pr\u00e4sens a n\u00e9met nyelvtanban"}]},{"@type":"WebSite","@id":"https:\/\/talkpal.ai\/hu\/#website","url":"https:\/\/talkpal.ai\/hu\/","name":"Talkpal","description":"AI Language Learning","publisher":{"@id":"https:\/\/talkpal.ai\/hu\/#organization"},"alternateName":"Talkpal AI","potentialAction":[{"@type":"SearchAction","target":{"@type":"EntryPoint","urlTemplate":"https:\/\/talkpal.ai\/hu\/?s={search_term_string}"},"query-input":{"@type":"PropertyValueSpecification","valueRequired":true,"valueName":"search_term_string"}}],"inLanguage":"hu"},{"@type":"Organization","@id":"https:\/\/talkpal.ai\/hu\/#organization","name":"Talkpal, Inc.","alternateName":"Talkpal AI","url":"https:\/\/talkpal.ai\/hu\/","logo":{"@type":"ImageObject","inLanguage":"hu","@id":"https:\/\/talkpal.ai\/hu\/#\/schema\/logo\/image\/","url":"https:\/\/talkpal.ai\/wp-content\/uploads\/2024\/03\/Talkpal-Logo-Icon.png","contentUrl":"https:\/\/talkpal.ai\/wp-content\/uploads\/2024\/03\/Talkpal-Logo-Icon.png","width":2880,"height":2880,"caption":"Talkpal, Inc."},"image":{"@id":"https:\/\/talkpal.ai\/hu\/#\/schema\/logo\/image\/"},"sameAs":["https:\/\/www.facebook.com\/profile.php?id=100090733639311","https:\/\/x.com\/talkpalai","https:\/\/www.linkedin.com\/company\/talkpal\/","https:\/\/www.youtube.com\/@TalkPal\/","https:\/\/www.tiktok.com\/@talkpal","https:\/\/www.instagram.com\/talkpal_ai\/","https:\/\/www.crunchbase.com\/organization\/talkpal-9cde","https:\/\/www.g2.com\/products\/talkpal-for-business\/","https:\/\/www.trustpilot.com\/review\/talkpal.ai","https:\/\/www.capterra.com\/p\/10006800\/TalkPal\/"],"description":"Talkpal is a language learning web and mobile education app, powered by the latest AI technologies, that provides engaging experiences to its customers in many different languages to help them improve their language skills. Users can chat about unlimited amount of topics with the app and use other modes to practice their language learning.","email":"support@talkpal.ai","legalName":"Talkpal, Inc.","foundingDate":"2023-04-03","duns":"118989042","numberOfEmployees":{"@type":"QuantitativeValue","minValue":"11","maxValue":"50"},"publishingPrinciples":"https:\/\/talkpal.ai\/publishing-principles\/","actionableFeedbackPolicy":"https:\/\/talkpal.ai\/actionable-feedback-policy\/","correctionsPolicy":"https:\/\/talkpal.ai\/corrections-policy\/","ethicsPolicy":"https:\/\/talkpal.ai\/ethics-policy\/","diversityPolicy":"https:\/\/talkpal.ai\/diversity-policy\/","diversityStaffingReport":"https:\/\/talkpal.ai\/diversity-policy\/"}]}},"_links":{"self":[{"href":"https:\/\/talkpal.ai\/hu\/wp-json\/wp\/v2\/grammar\/1078749","targetHints":{"allow":["GET"]}}],"collection":[{"href":"https:\/\/talkpal.ai\/hu\/wp-json\/wp\/v2\/grammar"}],"about":[{"href":"https:\/\/talkpal.ai\/hu\/wp-json\/wp\/v2\/types\/grammar"}],"wp:featuredmedia":[{"embeddable":true,"href":"https:\/\/talkpal.ai\/hu\/wp-json\/wp\/v2\/media\/1527915"}],"wp:attachment":[{"href":"https:\/\/talkpal.ai\/hu\/wp-json\/wp\/v2\/media?parent=1078749"}],"wp:term":[{"taxonomy":"language","embeddable":true,"href":"https:\/\/talkpal.ai\/hu\/wp-json\/wp\/v2\/language?post=1078749"}],"curies":[{"name":"wp","href":"https:\/\/api.w.org\/{rel}","templated":true}]}}