{"id":1447987,"date":"2023-06-22T08:37:16","date_gmt":"2023-06-22T08:37:16","guid":{"rendered":"https:\/\/talkpal.ai\/cleachtai-gramadai-marathi\/"},"modified":"2025-12-17T15:13:13","modified_gmt":"2025-12-17T15:13:13","slug":"cleachtai-gramadai-marathi","status":"publish","type":"page","link":"https:\/\/talkpal.ai\/ga\/cleachtai-gramadai-marathi\/","title":{"rendered":"Cleachta\u00ed Gramada\u00ed Marathi"},"content":{"rendered":"\r\n\r\n\r\n<section class=\"languageChallengeSection\">\r\n    <div class=\"languageInfoWrapper\">\r\n        \r\n        <h1>Cleachta\u00ed Gramada\u00ed Marathi<\/h1>\r\n        <p>R\u00e9idh le do scileanna <a href=\"https:\/\/talkpal.ai\/learn-marathi\/\">Marathi<\/a> a neart\u00fa? Is bealach iontach \u00e9 cleachta\u00ed gramada\u00ed a chleachtadh chun strucht\u00far abairte, foirmeacha briathra, agus pr\u00edomhphatr\u00fain gramada\u00ed na teanga a mh\u00e1istir. Tosaigh ag ini\u00fachadh <a href=\"https:\/\/talkpal.ai\/grammar\/\">gramadach<\/a> Marathi inniu agus f\u00e9ach ar do mhuin\u00edn agus l\u00edofacht ag f\u00e1s le gach cleachtadh!<\/p>\r\n\r\n                            <a class=\"getStartedHidden\" href=\"https:\/\/app.talkpal.ai\/signup?lng=\">Tosaigh<\/a>\r\n        \r\n    <\/div>\r\n\r\n    <figure>\r\n    <img decoding=\"async\" width=\"768\" height=\"768\" src=\"https:\/\/talkpal.ai\/wp-content\/uploads\/2023\/06\/marathi-768x768.png\" class=\"languageImage no-lazy\" alt=\"Fun ways to make language learning interesting\" fetchpriority=\"high\" sizes=\"(max-width: 768px) 150px, 768px\" srcset=\"https:\/\/talkpal.ai\/wp-content\/uploads\/2023\/06\/marathi-768x768.png 768w, https:\/\/talkpal.ai\/wp-content\/uploads\/2023\/06\/marathi-300x300.png 300w\" \/>\r\n    \r\n\r\n    <\/figure>\r\n\r\n            <a class=\"getStartedVisible\" href=\"https:\/\/app.talkpal.ai\/signup?lng=\">Tosaigh<\/a>\r\n    \r\n<\/section>\r\n\r\n\r\n<!-- <section class=\"grammarSection\">\r\n    <div class=\"grammarLinks\">\r\n            <\/div>\r\n<\/section> -->\r\n\r\n\r\n\r\n\r\n<section class=\"promotionalBanner\">\r\n    <p class=\"promotionalText\">An bealach is \u00e9ifeachta\u00ed le teanga a fhoghlaim<\/p>\r\n    <a class=\"promotionalLink\" href=\"https:\/\/app.talkpal.ai\/signup?lng=\">Bain triail as Talkpal saor in aisce<\/a>\r\n<\/section>\n<div class=\"wp-block-group pageContainerStyle\"><div class=\"wp-block-group__inner-container is-layout-constrained wp-block-group-is-layout-constrained\">\n<h2 class=\"wp-block-heading\" id=\"h-marathi-grammar-topics\">Topaic\u00ed Gramada\u00ed Marathi<\/h2>\n\n\n\n<p>Labhra\u00edtear Marathi, teanga Ind-Aryan, den chuid is m\u00f3 i st\u00e1t Indiach Maharashtra agus is \u00ed teanga oifigi\u00fail an r\u00e9igi\u00fain. Is f\u00e9idir le Marathi a fhoghlaim a bheith ina eisp\u00e9ireas saibhir, mar oscla\u00edonn s\u00e9 an doras do chult\u00far, stair agus litr\u00edocht shaibhir. Chun Marathi a fhoghlaim go h\u00e9ifeachtach, t\u00e1 s\u00e9 t\u00e1bhachtach cur chuige strucht\u00fartha a bheith agat a dh\u00edr\u00edonn ar ghn\u00e9ithe \u00e9ags\u00fala den teanga, mar shampla gramadach, st\u00f3r focal agus fuaimni\u00fa. Treor\u00f3idh an t-alt seo t\u00fa tr\u00edd an seicheamh foghlama topaic\u00ed gramada\u00ed Marathi, ag tos\u00fa le aimsir, briathra, ainmfhocail, agus ag bogadh ar aghaidh go coincheapa n\u00edos airde cos\u00fail le coinn\u00edollacha agus r\u00e9amhfhocail.<\/p>\n\n\n\n<h3 class=\"wp-block-heading\" id=\"h-1-tenses\">1. Aimsir:<\/h3>\n\n\n\n<p>Is iad aimsir cn\u00e1mh droma aon teanga, mar go gcuid\u00edonn siad le gn\u00edomhartha n\u00f3 st\u00e1it a <a href=\"https:\/\/talkpal.ai\/locations\/language-courses-in-chur\/\">chur<\/a> in i\u00fal i nd\u00e1il le ham. I Marathi, t\u00e1 tr\u00ed aimsir bhun\u00fasacha ann &#8211; am at\u00e1 caite, an l\u00e1 at\u00e1 inniu ann agus an todhcha\u00ed. T\u00e1 foirmeacha difri\u00fala ag gach aimsir bunaithe ar an gcine\u00e1l gn\u00edomha\u00edochta (simpl\u00ed, lean\u00fanach, foirfe, n\u00f3 lean\u00fanach foirfe). Tosaigh ag foghlaim na n-aimsir\u00ed simpl\u00ed agus ansin t\u00e9igh ar aghaidh go dt\u00ed na cinn n\u00edos casta.<\/p>\n\n\n\n<h3 class=\"wp-block-heading\" id=\"h-2-tense-comparison\">2. Compar\u00e1id aimsire:<\/h3>\n\n\n\n<p>Tar \u00e9is na haimsir\u00ed bun\u00fasacha a thuiscint, t\u00e1 s\u00e9 r\u00edth\u00e1bhachtach foghlaim conas iad a chur i gcompar\u00e1id. Cuireann compar\u00e1id aimsire ar do chumas labhairt faoi ghn\u00edomhartha n\u00f3 imeachta\u00ed iolracha a tharla\u00edonn ag an am c\u00e9anna n\u00f3 i bhfr\u00e1ma\u00ed <a href=\"https:\/\/talkpal.ai\/locations\/language-courses-in-ama\/\">ama<\/a> \u00e9ags\u00fala. Cuid\u00edonn s\u00e9 seo le habairt\u00ed casta a fhoirmi\u00fa agus raon n\u00edos leithne smaointe a chur in i\u00fal.<\/p>\n\n\n\n<h3 class=\"wp-block-heading\" id=\"h-3-verbs\">3. Briathra:<\/h3>\n\n\n\n<p>Is focail ghn\u00edomha\u00edochta iad briathra a l\u00e9ir\u00edonn gn\u00edomh n\u00f3 st\u00e1t in abairt. I Marathi, d\u00e9antar briathra a infhilleadh chun aimsir, gn\u00e9, gi\u00famar agus guth a chur in i\u00fal. Foghlaim na rialacha bun\u00fasacha comhchuingithe briathar agus foirmeacha \u00e9ags\u00fala briathar chun feabhas a chur ar do scileanna t\u00f3g\u00e1la abairte.<\/p>\n\n\n\n<h3 class=\"wp-block-heading\" id=\"h-4-nouns\">4. Ainmfhocail:<\/h3>\n\n\n\n<p>Is focail iad ainmfhocail a l\u00e9ir\u00edonn daoine, \u00e1iteanna, ruda\u00ed, n\u00f3 smaointe. T\u00e1 inscne ag ainmfhocail Marathi (firinscneach, baininscneach, n\u00f3 neuter) agus infhilltear iad le haghaidh uimhir (uatha n\u00f3 iolra) agus c\u00e1s (d\u00edreach, oblique, n\u00f3 sealbhach). Cuir eolas ar na foirmeacha ainmfhocail \u00e9ags\u00fala agus a n-\u00fas\u00e1id in abairt\u00ed.<\/p>\n\n\n\n<h3 class=\"wp-block-heading\" id=\"h-5-articles\">5. Airteagail:<\/h3>\n\n\n\n<p>N\u00edl ailt ar n\u00f3s &#8216;a&#8217;, &#8216;an&#8217;, n\u00f3 &#8216;an&#8217; ag Marathi. Mar sin f\u00e9in, t\u00e1 forainmneacha agus cinnteoir\u00ed l\u00e9iritheacha ann a fhreastala\u00edonn ar chusp\u00f3ir den chine\u00e1l c\u00e9anna. Foghlaim conas na forainmneacha agus na cinnteoir\u00ed seo a \u00fas\u00e1id chun ainmfhocail in abairt a shonr\u00fa n\u00f3 a aithint.<\/p>\n\n\n\n<h3 class=\"wp-block-heading\" id=\"h-6-pronouns-determiners\">6. Forainmneacha \/ Cinntitheoir\u00ed:<\/h3>\n\n\n\n<p>Cuireann forainmneacha in ionad ainmfhocail chun athr\u00e1 a sheachaint, agus sonra\u00edonn n\u00f3 teoranna\u00edonn cinnteoir\u00ed br\u00ed ainmfhocail. I Marathi, aonta\u00edonn forainmneacha agus cinnteoir\u00ed in inscne agus uimhir leis an ainmfhocal a nd\u00e9anann siad ionad\u00fa n\u00f3 a mhodhn\u00fa. Foghlaim na foirmeacha \u00e9ags\u00fala agus a n-\u00fas\u00e1id chu\u00ed chun feabhas a chur ar do th\u00f3g\u00e1il abairte.<\/p>\n\n\n\n<h3 class=\"wp-block-heading\" id=\"h-7-adjectives\">7. Aidiachta\u00ed:<\/h3>\n\n\n\n<p>D\u00e9anann aidiachta\u00ed cur s\u00edos ar ainmfhocail n\u00f3 iad a mhodhn\u00fa, ag sol\u00e1thar eolais bhreise faoina dtr\u00e9ithe n\u00f3 faoina dtr\u00e9ithe. I Marathi, aonta\u00edonn aidiachta\u00ed in inscne agus uimhir leis an ainmfhocal a mhodhna\u00edonn siad. Foghlaim na foirmeacha aidiachta \u00e9ags\u00fala agus a n-\u00fas\u00e1id cheart in abairt\u00ed.<\/p>\n\n\n\n<h3 class=\"wp-block-heading\" id=\"h-8-adverbs\">8. Adverbs:<\/h3>\n\n\n\n<p>Sol\u00e1thra\u00edonn adverbs faisn\u00e9is bhreise faoi bhriathra n\u00f3 aidiachta\u00ed eile, ag cur s\u00edos ar conas, cathain, c\u00e1 h\u00e1it, n\u00f3 a mh\u00e9id a tharla\u00edonn rud \u00e9igin. Foghlaim na cine\u00e1lacha \u00e9ags\u00fala adverbs agus a socr\u00fach\u00e1n in abairt\u00ed chun feabhas a chur ar do scileanna teanga.<\/p>\n\n\n\n<h3 class=\"wp-block-heading\" id=\"h-9-conditionals\">9. Coinn\u00edollacha:<\/h3>\n\n\n\n<p>L\u00e9ir\u00edonn coinn\u00edollacha c\u00e1sanna n\u00f3 coinn\u00edollacha hipit\u00e9iseacha agus a n-iarmhairt\u00ed f\u00e9ideartha. I Marathi, t\u00e1 tr\u00ed chine\u00e1l coinn\u00edollacha ann &#8211; f\u00edor, neamhr\u00e9ad\u00fail, agus measctha. Foghlaim strucht\u00far agus \u00fas\u00e1id gach cine\u00e1l chun smaointe agus c\u00e1sanna casta a chur in i\u00fal.<\/p>\n\n\n\n<h3 class=\"wp-block-heading\" id=\"h-10-prepositions\">10. Prepositions:<\/h3>\n\n\n\n<p>Is focail iad r\u00e9amhfhocail a thaispe\u00e1nann an gaol idir ainmfhocail (n\u00f3 forainmneacha) agus focail eile in abairt. L\u00e9ir\u00edonn siad su\u00edomh, treo, am, n\u00f3 caidrimh eile. Foghlaim na r\u00e9amhfhocail choitianta i Marathi agus a n-\u00fas\u00e1id in abairt\u00ed.<\/p>\n\n\n\n<h3 class=\"wp-block-heading\" id=\"h-11-sentences\">11. Abairt\u00ed:<\/h3>\n\n\n\n<p>Mar fhocal scoir, d\u00e9an cleachtadh ar abairt\u00ed simpl\u00ed agus casta a fhoirmi\u00fa ag baint \u00fas\u00e1ide as na rialacha gramada\u00ed agus an st\u00f3r focal at\u00e1 foghlamtha agat. D\u00edrigh ar strucht\u00far abairte.<\/p>\n<\/div><\/div>\n\r\n<section class=\"learnNavigationSection\">\r\n            \r\n        <a href=\"https:\/\/talkpal.ai\/ga\/foghlaim-marathi\/\">\r\n            <div class=\"learnNavigationWrapper\">\r\n                <div class=\"learnNavigationContent\">\r\n                    <img decoding=\"async\" src=\"https:\/\/talkpal.ai\/wp-content\/uploads\/2023\/05\/Marathi-india.png\" alt=\"TalkPal Marathi Flag\">\r\n                    <div>\r\n                        <h4>Maidir le Foghlaim Marathi<\/h4>\r\n                        <p>Faigh amach gach rud faoi ghramadach Marathi.<\/p>\r\n                    <\/div>\r\n                <\/div>\r\n            <\/div>\r\n        <\/a>\r\n\r\n        \r\n        <a href=\"https:\/\/talkpal.ai\/ga\/gramadach-marathi\/\">\r\n            <div class=\"learnNavigationWrapper\">\r\n                <div class=\"learnNavigationContent\">\r\n                    <img decoding=\"async\" src=\"https:\/\/talkpal.ai\/wp-content\/uploads\/2023\/05\/Marathi-india.png\" alt=\"TalkPal Marathi Flag\">\r\n                    <div>\r\n                        <h4>Ceachtanna Gramada\u00ed Marathi<\/h4>\r\n                        <p>Cleachtadh gramadach Marathi.<\/p>\r\n                    <\/div>\r\n                <\/div>\r\n            <\/div>\r\n        <\/a>\r\n\r\n        \r\n        <a href=\"https:\/\/talkpal.ai\/vocabulary_language\/marathi\/\">\r\n            <div class=\"learnNavigationWrapper\">\r\n                <div class=\"learnNavigationContent\">\r\n                    <img decoding=\"async\" src=\"https:\/\/talkpal.ai\/wp-content\/uploads\/2023\/05\/Marathi-india.png\" alt=\"TalkPal Marathi Flag\">\r\n                    <div>\r\n                        <h4>St\u00f3r Focal Marathi<\/h4>\r\n                        <p>Leathnaigh do st\u00f3r focal Marathi.<\/p>\r\n                    <\/div>\r\n                <\/div>\r\n            <\/div>\r\n        <\/a>\r\n\r\n            <\/section>","protected":false},"excerpt":{"rendered":"<p>Topaic\u00ed Gramada\u00ed Marathi Labhra\u00edtear Marathi, teanga Ind-Aryan, den chuid is m\u00f3 i st\u00e1t Indiach Maharashtra agus is \u00ed teanga oifigi\u00fail an r\u00e9igi\u00fain. Is f\u00e9idir le Marathi a fhoghlaim a bheith ina eisp\u00e9ireas saibhir, mar oscla\u00edonn s\u00e9 an doras do chult\u00far, stair agus litr\u00edocht shaibhir. Chun Marathi a fhoghlaim go h\u00e9ifeachtach, t\u00e1 s\u00e9 t\u00e1bhachtach cur chuige [&hellip;]<\/p>\n","protected":false},"author":6,"featured_media":1444119,"parent":0,"menu_order":0,"comment_status":"closed","ping_status":"closed","template":"LearningContentPage.php","meta":{"_acf_changed":false,"footnotes":""},"class_list":["post-1447987","page","type-page","status-publish","has-post-thumbnail","hentry"],"acf":[],"yoast_head":"<!-- This site is optimized with the Yoast SEO Premium plugin v27.2 (Yoast SEO v27.2) - https:\/\/yoast.com\/product\/yoast-seo-premium-wordpress\/ -->\n<title>Cleachta\u00ed Gramada\u00ed Marathi - Talkpal<\/title>\n<meta name=\"description\" content=\"Feabhas a chur ar do scileanna teanga Marathi le cleachta\u00ed gramada\u00ed Marathi tarraingteacha at\u00e1 deartha d&#039;fhoghlaimeoir\u00ed de gach leibh\u00e9al.\" \/>\n<meta name=\"robots\" content=\"index, follow, max-snippet:-1, max-image-preview:large, max-video-preview:-1\" \/>\n<link rel=\"canonical\" href=\"https:\/\/talkpal.ai\/ga\/cleachtai-gramadai-marathi\/\" \/>\n<meta property=\"og:locale\" content=\"ga_IE\" \/>\n<meta property=\"og:type\" content=\"article\" \/>\n<meta property=\"og:title\" content=\"Cleachta\u00ed Gramada\u00ed Marathi\" \/>\n<meta property=\"og:description\" content=\"Topaic\u00ed Gramada\u00ed Marathi Labhra\u00edtear Marathi, teanga Ind-Aryan, den chuid is m\u00f3 i st\u00e1t Indiach Maharashtra agus is \u00ed teanga oifigi\u00fail an r\u00e9igi\u00fain. Is\" \/>\n<meta property=\"og:url\" content=\"https:\/\/talkpal.ai\/ga\/cleachtai-gramadai-marathi\/\" \/>\n<meta property=\"og:site_name\" content=\"Talkpal\" \/>\n<meta property=\"article:publisher\" content=\"https:\/\/www.facebook.com\/profile.php?id=100090733639311\" \/>\n<meta property=\"article:modified_time\" content=\"2025-12-17T15:13:13+00:00\" \/>\n<meta property=\"og:image\" content=\"https:\/\/talkpal.ai\/wp-content\/uploads\/2023\/05\/Marathi-india.png\" \/>\n\t<meta property=\"og:image:width\" content=\"512\" \/>\n\t<meta property=\"og:image:height\" content=\"512\" \/>\n\t<meta property=\"og:image:type\" content=\"image\/png\" \/>\n<meta name=\"twitter:card\" content=\"summary_large_image\" \/>\n<meta name=\"twitter:site\" content=\"@talkpalai\" \/>\n<meta name=\"twitter:label1\" content=\"Est. reading time\" \/>\n\t<meta name=\"twitter:data1\" content=\"4 minutes\" \/>\n<script type=\"application\/ld+json\" class=\"yoast-schema-graph\">{\"@context\":\"https:\/\/schema.org\",\"@graph\":[{\"@type\":\"WebPage\",\"@id\":\"https:\/\/talkpal.ai\/ga\/cleachtai-gramadai-marathi\/\",\"url\":\"https:\/\/talkpal.ai\/ga\/cleachtai-gramadai-marathi\/\",\"name\":\"Cleachta\u00ed Gramada\u00ed Marathi - Talkpal\",\"isPartOf\":{\"@id\":\"https:\/\/talkpal.ai\/ga\/#website\"},\"primaryImageOfPage\":{\"@id\":\"https:\/\/talkpal.ai\/ga\/cleachtai-gramadai-marathi\/#primaryimage\"},\"image\":{\"@id\":\"https:\/\/talkpal.ai\/ga\/cleachtai-gramadai-marathi\/#primaryimage\"},\"thumbnailUrl\":\"https:\/\/talkpal.ai\/wp-content\/uploads\/2023\/05\/Marathi-india.png\",\"datePublished\":\"2023-06-22T08:37:16+00:00\",\"dateModified\":\"2025-12-17T15:13:13+00:00\",\"description\":\"Feabhas a chur ar do scileanna teanga Marathi le cleachta\u00ed gramada\u00ed Marathi tarraingteacha at\u00e1 deartha d'fhoghlaimeoir\u00ed de gach leibh\u00e9al.\",\"breadcrumb\":{\"@id\":\"https:\/\/talkpal.ai\/ga\/cleachtai-gramadai-marathi\/#breadcrumb\"},\"inLanguage\":\"ga-IE\",\"potentialAction\":[{\"@type\":\"ReadAction\",\"target\":[\"https:\/\/talkpal.ai\/ga\/cleachtai-gramadai-marathi\/\"]}]},{\"@type\":\"ImageObject\",\"inLanguage\":\"ga-IE\",\"@id\":\"https:\/\/talkpal.ai\/ga\/cleachtai-gramadai-marathi\/#primaryimage\",\"url\":\"https:\/\/talkpal.ai\/wp-content\/uploads\/2023\/05\/Marathi-india.png\",\"contentUrl\":\"https:\/\/talkpal.ai\/wp-content\/uploads\/2023\/05\/Marathi-india.png\",\"width\":512,\"height\":512,\"caption\":\"TalkPal Marathi Flag\"},{\"@type\":\"BreadcrumbList\",\"@id\":\"https:\/\/talkpal.ai\/ga\/cleachtai-gramadai-marathi\/#breadcrumb\",\"itemListElement\":[{\"@type\":\"ListItem\",\"position\":1,\"name\":\"Homepage\",\"item\":\"https:\/\/talkpal.ai\/ga\/\"},{\"@type\":\"ListItem\",\"position\":2,\"name\":\"Cleachta\u00ed Gramada\u00ed Marathi\"}]},{\"@type\":\"WebSite\",\"@id\":\"https:\/\/talkpal.ai\/ga\/#website\",\"url\":\"https:\/\/talkpal.ai\/ga\/\",\"name\":\"Talkpal\",\"description\":\"AI Language Learning\",\"publisher\":{\"@id\":\"https:\/\/talkpal.ai\/ga\/#organization\"},\"alternateName\":\"Talkpal AI\",\"potentialAction\":[{\"@type\":\"SearchAction\",\"target\":{\"@type\":\"EntryPoint\",\"urlTemplate\":\"https:\/\/talkpal.ai\/ga\/?s={search_term_string}\"},\"query-input\":{\"@type\":\"PropertyValueSpecification\",\"valueRequired\":true,\"valueName\":\"search_term_string\"}}],\"inLanguage\":\"ga-IE\"},{\"@type\":\"Organization\",\"@id\":\"https:\/\/talkpal.ai\/ga\/#organization\",\"name\":\"Talkpal, Inc.\",\"alternateName\":\"Talkpal AI\",\"url\":\"https:\/\/talkpal.ai\/ga\/\",\"logo\":{\"@type\":\"ImageObject\",\"inLanguage\":\"ga-IE\",\"@id\":\"https:\/\/talkpal.ai\/ga\/#\/schema\/logo\/image\/\",\"url\":\"https:\/\/talkpal.ai\/wp-content\/uploads\/2024\/03\/Talkpal-Logo-Icon.png\",\"contentUrl\":\"https:\/\/talkpal.ai\/wp-content\/uploads\/2024\/03\/Talkpal-Logo-Icon.png\",\"width\":2880,\"height\":2880,\"caption\":\"Talkpal, Inc.\"},\"image\":{\"@id\":\"https:\/\/talkpal.ai\/ga\/#\/schema\/logo\/image\/\"},\"sameAs\":[\"https:\/\/www.facebook.com\/profile.php?id=100090733639311\",\"https:\/\/x.com\/talkpalai\",\"https:\/\/www.linkedin.com\/company\/talkpal\/\",\"https:\/\/www.youtube.com\/@TalkPal\/\",\"https:\/\/www.tiktok.com\/@talkpal\",\"https:\/\/www.instagram.com\/talkpal_ai\/\",\"https:\/\/www.crunchbase.com\/organization\/talkpal-9cde\",\"https:\/\/www.g2.com\/products\/talkpal-for-business\/\",\"https:\/\/www.trustpilot.com\/review\/talkpal.ai\",\"https:\/\/www.capterra.com\/p\/10006800\/TalkPal\/\"],\"description\":\"Talkpal is a language learning web and mobile education app, powered by the latest AI technologies, that provides engaging experiences to its customers in many different languages to help them improve their language skills. Users can chat about unlimited amount of topics with the app and use other modes to practice their language learning.\",\"email\":\"support@talkpal.ai\",\"legalName\":\"Talkpal, Inc.\",\"foundingDate\":\"2023-04-03\",\"duns\":\"118989042\",\"numberOfEmployees\":{\"@type\":\"QuantitativeValue\",\"minValue\":\"11\",\"maxValue\":\"50\"},\"publishingPrinciples\":\"https:\/\/talkpal.ai\/publishing-principles\/\",\"actionableFeedbackPolicy\":\"https:\/\/talkpal.ai\/actionable-feedback-policy\/\",\"correctionsPolicy\":\"https:\/\/talkpal.ai\/corrections-policy\/\",\"ethicsPolicy\":\"https:\/\/talkpal.ai\/ethics-policy\/\",\"diversityPolicy\":\"https:\/\/talkpal.ai\/diversity-policy\/\",\"diversityStaffingReport\":\"https:\/\/talkpal.ai\/diversity-policy\/\"}]}<\/script>\n<!-- \/ Yoast SEO Premium plugin. -->","yoast_head_json":{"title":"Cleachta\u00ed Gramada\u00ed Marathi - Talkpal","description":"Feabhas a chur ar do scileanna teanga Marathi le cleachta\u00ed gramada\u00ed Marathi tarraingteacha at\u00e1 deartha d'fhoghlaimeoir\u00ed de gach leibh\u00e9al.","robots":{"index":"index","follow":"follow","max-snippet":"max-snippet:-1","max-image-preview":"max-image-preview:large","max-video-preview":"max-video-preview:-1"},"canonical":"https:\/\/talkpal.ai\/ga\/cleachtai-gramadai-marathi\/","og_locale":"ga_IE","og_type":"article","og_title":"Cleachta\u00ed Gramada\u00ed Marathi","og_description":"Topaic\u00ed Gramada\u00ed Marathi Labhra\u00edtear Marathi, teanga Ind-Aryan, den chuid is m\u00f3 i st\u00e1t Indiach Maharashtra agus is \u00ed teanga oifigi\u00fail an r\u00e9igi\u00fain. Is","og_url":"https:\/\/talkpal.ai\/ga\/cleachtai-gramadai-marathi\/","og_site_name":"Talkpal","article_publisher":"https:\/\/www.facebook.com\/profile.php?id=100090733639311","article_modified_time":"2025-12-17T15:13:13+00:00","og_image":[{"width":512,"height":512,"url":"https:\/\/talkpal.ai\/wp-content\/uploads\/2023\/05\/Marathi-india.png","type":"image\/png"}],"twitter_card":"summary_large_image","twitter_site":"@talkpalai","twitter_misc":{"Est. reading time":"4 minutes"},"schema":{"@context":"https:\/\/schema.org","@graph":[{"@type":"WebPage","@id":"https:\/\/talkpal.ai\/ga\/cleachtai-gramadai-marathi\/","url":"https:\/\/talkpal.ai\/ga\/cleachtai-gramadai-marathi\/","name":"Cleachta\u00ed Gramada\u00ed Marathi - Talkpal","isPartOf":{"@id":"https:\/\/talkpal.ai\/ga\/#website"},"primaryImageOfPage":{"@id":"https:\/\/talkpal.ai\/ga\/cleachtai-gramadai-marathi\/#primaryimage"},"image":{"@id":"https:\/\/talkpal.ai\/ga\/cleachtai-gramadai-marathi\/#primaryimage"},"thumbnailUrl":"https:\/\/talkpal.ai\/wp-content\/uploads\/2023\/05\/Marathi-india.png","datePublished":"2023-06-22T08:37:16+00:00","dateModified":"2025-12-17T15:13:13+00:00","description":"Feabhas a chur ar do scileanna teanga Marathi le cleachta\u00ed gramada\u00ed Marathi tarraingteacha at\u00e1 deartha d'fhoghlaimeoir\u00ed de gach leibh\u00e9al.","breadcrumb":{"@id":"https:\/\/talkpal.ai\/ga\/cleachtai-gramadai-marathi\/#breadcrumb"},"inLanguage":"ga-IE","potentialAction":[{"@type":"ReadAction","target":["https:\/\/talkpal.ai\/ga\/cleachtai-gramadai-marathi\/"]}]},{"@type":"ImageObject","inLanguage":"ga-IE","@id":"https:\/\/talkpal.ai\/ga\/cleachtai-gramadai-marathi\/#primaryimage","url":"https:\/\/talkpal.ai\/wp-content\/uploads\/2023\/05\/Marathi-india.png","contentUrl":"https:\/\/talkpal.ai\/wp-content\/uploads\/2023\/05\/Marathi-india.png","width":512,"height":512,"caption":"TalkPal Marathi Flag"},{"@type":"BreadcrumbList","@id":"https:\/\/talkpal.ai\/ga\/cleachtai-gramadai-marathi\/#breadcrumb","itemListElement":[{"@type":"ListItem","position":1,"name":"Homepage","item":"https:\/\/talkpal.ai\/ga\/"},{"@type":"ListItem","position":2,"name":"Cleachta\u00ed Gramada\u00ed Marathi"}]},{"@type":"WebSite","@id":"https:\/\/talkpal.ai\/ga\/#website","url":"https:\/\/talkpal.ai\/ga\/","name":"Talkpal","description":"AI Language Learning","publisher":{"@id":"https:\/\/talkpal.ai\/ga\/#organization"},"alternateName":"Talkpal AI","potentialAction":[{"@type":"SearchAction","target":{"@type":"EntryPoint","urlTemplate":"https:\/\/talkpal.ai\/ga\/?s={search_term_string}"},"query-input":{"@type":"PropertyValueSpecification","valueRequired":true,"valueName":"search_term_string"}}],"inLanguage":"ga-IE"},{"@type":"Organization","@id":"https:\/\/talkpal.ai\/ga\/#organization","name":"Talkpal, Inc.","alternateName":"Talkpal AI","url":"https:\/\/talkpal.ai\/ga\/","logo":{"@type":"ImageObject","inLanguage":"ga-IE","@id":"https:\/\/talkpal.ai\/ga\/#\/schema\/logo\/image\/","url":"https:\/\/talkpal.ai\/wp-content\/uploads\/2024\/03\/Talkpal-Logo-Icon.png","contentUrl":"https:\/\/talkpal.ai\/wp-content\/uploads\/2024\/03\/Talkpal-Logo-Icon.png","width":2880,"height":2880,"caption":"Talkpal, Inc."},"image":{"@id":"https:\/\/talkpal.ai\/ga\/#\/schema\/logo\/image\/"},"sameAs":["https:\/\/www.facebook.com\/profile.php?id=100090733639311","https:\/\/x.com\/talkpalai","https:\/\/www.linkedin.com\/company\/talkpal\/","https:\/\/www.youtube.com\/@TalkPal\/","https:\/\/www.tiktok.com\/@talkpal","https:\/\/www.instagram.com\/talkpal_ai\/","https:\/\/www.crunchbase.com\/organization\/talkpal-9cde","https:\/\/www.g2.com\/products\/talkpal-for-business\/","https:\/\/www.trustpilot.com\/review\/talkpal.ai","https:\/\/www.capterra.com\/p\/10006800\/TalkPal\/"],"description":"Talkpal is a language learning web and mobile education app, powered by the latest AI technologies, that provides engaging experiences to its customers in many different languages to help them improve their language skills. Users can chat about unlimited amount of topics with the app and use other modes to practice their language learning.","email":"support@talkpal.ai","legalName":"Talkpal, Inc.","foundingDate":"2023-04-03","duns":"118989042","numberOfEmployees":{"@type":"QuantitativeValue","minValue":"11","maxValue":"50"},"publishingPrinciples":"https:\/\/talkpal.ai\/publishing-principles\/","actionableFeedbackPolicy":"https:\/\/talkpal.ai\/actionable-feedback-policy\/","correctionsPolicy":"https:\/\/talkpal.ai\/corrections-policy\/","ethicsPolicy":"https:\/\/talkpal.ai\/ethics-policy\/","diversityPolicy":"https:\/\/talkpal.ai\/diversity-policy\/","diversityStaffingReport":"https:\/\/talkpal.ai\/diversity-policy\/"}]}},"_links":{"self":[{"href":"https:\/\/talkpal.ai\/ga\/wp-json\/wp\/v2\/pages\/1447987","targetHints":{"allow":["GET"]}}],"collection":[{"href":"https:\/\/talkpal.ai\/ga\/wp-json\/wp\/v2\/pages"}],"about":[{"href":"https:\/\/talkpal.ai\/ga\/wp-json\/wp\/v2\/types\/page"}],"author":[{"embeddable":true,"href":"https:\/\/talkpal.ai\/ga\/wp-json\/wp\/v2\/users\/6"}],"replies":[{"embeddable":true,"href":"https:\/\/talkpal.ai\/ga\/wp-json\/wp\/v2\/comments?post=1447987"}],"version-history":[{"count":0,"href":"https:\/\/talkpal.ai\/ga\/wp-json\/wp\/v2\/pages\/1447987\/revisions"}],"wp:featuredmedia":[{"embeddable":true,"href":"https:\/\/talkpal.ai\/ga\/wp-json\/wp\/v2\/media\/1444119"}],"wp:attachment":[{"href":"https:\/\/talkpal.ai\/ga\/wp-json\/wp\/v2\/media?parent=1447987"}],"curies":[{"name":"wp","href":"https:\/\/api.w.org\/{rel}","templated":true}]}}