{"id":1447943,"date":"2023-06-28T13:47:13","date_gmt":"2023-06-28T13:47:13","guid":{"rendered":"https:\/\/talkpal.ai\/cleachtai-gramadai-na-slovaice\/"},"modified":"2025-12-17T15:05:54","modified_gmt":"2025-12-17T15:05:54","slug":"cleachtai-gramadai-na-slovaice","status":"publish","type":"page","link":"https:\/\/talkpal.ai\/ga\/cleachtai-gramadai-na-slovaice\/","title":{"rendered":"Cleachta\u00ed Gramada\u00ed na Sl\u00f3vaice"},"content":{"rendered":"\r\n\r\n\r\n<section class=\"languageChallengeSection\">\r\n    <div class=\"languageInfoWrapper\">\r\n        \r\n        <h1>Cleachta\u00ed Gramada\u00ed na Sl\u00f3vaice<\/h1>\r\n        <p>Ar mhaith leat a bheith n\u00edos muin\u00edneach sa tSl\u00f3vaicis? Is bealach iontach \u00e9 cleachta\u00ed gramada\u00ed a chleachtadh chun m\u00e1istreacht a dh\u00e9anamh ar strucht\u00far abairte, foircinn briathra, agus rialacha uath\u00fala na teanga <a href=\"https:\/\/talkpal.ai\/learn-slovak\/\">Sl\u00f3vaicis<\/a>. Tosaigh ag ini\u00fachadh <a href=\"https:\/\/talkpal.ai\/ga\/cleachtai-gramadai-na-hisiltire\/\">gramada\u00ed na<\/a> Sl\u00f3vaice inniu agus f\u00e9ach ar do scileanna agus l\u00edofacht ag feabhs\u00fa le gach cleachtadh!<\/p>\r\n\r\n                            <a class=\"getStartedHidden\" href=\"https:\/\/app.talkpal.ai\/signup?lng=\">Tosaigh<\/a>\r\n        \r\n    <\/div>\r\n\r\n    <figure>\r\n    <img decoding=\"async\" width=\"768\" height=\"768\" src=\"https:\/\/talkpal.ai\/wp-content\/uploads\/2023\/06\/slovak-768x768.png\" class=\"languageImage no-lazy\" alt=\"Language learning for cross-cultural competence\" fetchpriority=\"high\" sizes=\"(max-width: 768px) 150px, 768px\" srcset=\"https:\/\/talkpal.ai\/wp-content\/uploads\/2023\/06\/slovak-768x768.png 768w, https:\/\/talkpal.ai\/wp-content\/uploads\/2023\/06\/slovak-300x300.png 300w\" \/>\r\n    \r\n\r\n    <\/figure>\r\n\r\n            <a class=\"getStartedVisible\" href=\"https:\/\/app.talkpal.ai\/signup?lng=\">Tosaigh<\/a>\r\n    \r\n<\/section>\r\n\r\n\r\n<!-- <section class=\"grammarSection\">\r\n    <div class=\"grammarLinks\">\r\n            <\/div>\r\n<\/section> -->\r\n\r\n\r\n\r\n\r\n<section class=\"promotionalBanner\">\r\n    <p class=\"promotionalText\">An bealach is \u00e9ifeachta\u00ed le teanga a fhoghlaim<\/p>\r\n    <a class=\"promotionalLink\" href=\"https:\/\/app.talkpal.ai\/signup?lng=\">Bain triail as Talkpal saor in aisce<\/a>\r\n<\/section>\n<div class=\"wp-block-group pageContainerStyle\"><div class=\"wp-block-group__inner-container is-layout-constrained wp-block-group-is-layout-constrained\">\n<h2 class=\"wp-block-heading\" id=\"h-slovak-grammar-topics\">Topaic\u00ed Gramada\u00ed na Sl\u00f3vaice<\/h2>\n\n\n\n<p>Is f\u00e9idir le foghlaim na Sl\u00f3vaice, teanga Slavach Thiar, d\u00fashl\u00e1n luachmhar a thabhairt do dh\u00edograiseoir\u00ed teanga. Lena strucht\u00far foghra\u00edochta uath\u00fail agus a ghramadach casta, cuireann s\u00e9 ar chumas foghlaimeoir\u00ed dul i ngleic n\u00edos doimhne le cult\u00far agus stair na Sl\u00f3vaice. Chun an tSl\u00f3vaic a fhoghlaim go h\u00e9ifeachtach, ba ch\u00f3ir tosa\u00edocht a thabhairt d&#8217;\u00e1bhair ghramada\u00ed \u00e1irithe i seicheamh ar <a href=\"https:\/\/talkpal.ai\/locations\/language-courses-in-leith\/\">leith<\/a>.<\/p>\n\n\n\n<h3 class=\"wp-block-heading\" id=\"h-1-nouns\">1. Ainmfhocail:<\/h3>\n\n\n\n<p>Tosaigh le bunghn\u00e9ithe <a href=\"https:\/\/talkpal.ai\/ga\/cleachtai-gramadai-na-hisiltire\/\">gramada\u00ed na<\/a> Sl\u00f3vaice: ainmfhocail. Foghlaim faoi fhoirmeacha uatha agus iolra, idirdhealuithe inscne, agus claonadh c\u00e1is.<\/p>\n\n\n\n<h3 class=\"wp-block-heading\" id=\"h-2-pronouns-determiners\">2. Forainmneacha \/ Cinntitheoir\u00ed:<\/h3>\n\n\n\n<p>Tar \u00e9is m\u00e1istreacht a dh\u00e9anamh ar ainmfhocail, bog go forainmneacha agus cinntitheoir\u00ed. Cabhr\u00f3idh tuiscint a fh\u00e1il ar na heilimint\u00ed seo leat abairt\u00ed bun\u00fasacha a fhoirmi\u00fa agus seilbh, cainn\u00edocht agus f\u00e9ini\u00falacht a <a href=\"https:\/\/talkpal.ai\/locations\/language-courses-in-chur\/\">chur<\/a> in i\u00fal.<\/p>\n\n\n\n<h3 class=\"wp-block-heading\" id=\"h-3-articles\">3. Airteagail:<\/h3>\n\n\n\n<p>C\u00e9 nach bhfuil ailt chinnte agus \u00e9iginnte ar n\u00f3s an Bh\u00e9arla sa teanga Sl\u00f3vaicis, ba ch\u00f3ir go dtuigfe\u00e1 conas cinnteacht agus \u00e9iginnteacht a chur in i\u00fal sa tSl\u00f3vaicis.<\/p>\n\n\n\n<h3 class=\"wp-block-heading\" id=\"h-4-adjectives\">4. Aidiachta\u00ed:<\/h3>\n\n\n\n<p>Ar aghaidh, foghlaim faoi aidiachta\u00ed, a gclaonadh, agus comhaont\u00fa le hainmfhocail in inscne, uimhir, agus c\u00e1s.<\/p>\n\n\n\n<h3 class=\"wp-block-heading\" id=\"h-5-verbs\">5. Briathra:<\/h3>\n\n\n\n<p>Is iad briathra cn\u00e1mh droma aon teanga. Foghlaim faoi na briathra rialta agus neamhrialta, agus a gcomhchuingi\u00fa san aimsir l\u00e1ithreach, san am at\u00e1 caite agus sa todhcha\u00ed.<\/p>\n\n\n\n<h3 class=\"wp-block-heading\" id=\"h-6-tenses\">6. Aimsir:<\/h3>\n\n\n\n<p>Nuair a bheidh briathra tuigthe agat, d\u00e9an l\u00e9argas ar aimsir\u00ed. Tuiscint a fh\u00e1il ar conas aimsir an lae inniu, an t-am at\u00e1 thart agus an todhcha\u00ed a \u00fas\u00e1id i gcomhth\u00e9acsanna \u00e9ags\u00fala.<\/p>\n\n\n\n<h3 class=\"wp-block-heading\" id=\"h-7-tense-comparison\">7. Compar\u00e1id aimsire:<\/h3>\n\n\n\n<p>Cabhr\u00f3idh s\u00e9 seo leat tuiscint a fh\u00e1il ar an gcaoi a mbaineann aimsir\u00ed \u00e9ags\u00fala lena ch\u00e9ile.<\/p>\n\n\n\n<h3 class=\"wp-block-heading\" id=\"h-8-progressive\">8. For\u00e1sach:<\/h3>\n\n\n\n<p>Tar \u00e9is m\u00e1istreacht a dh\u00e9anamh ar aimsir\u00ed simpl\u00ed, bog ar aghaidh go gn\u00e9ithe for\u00e1sacha. Cabhr\u00f3idh s\u00e9 seo leat gn\u00edomhartha lean\u00fanacha a chur in i\u00fal.<\/p>\n\n\n\n<h3 class=\"wp-block-heading\" id=\"h-9-perfect-progressive\">9. For\u00e1sach Foirfe:<\/h3>\n\n\n\n<p>\u00das\u00e1idtear an aimsir seo chun gn\u00edomhartha a chur in i\u00fal a bh\u00ed ar si\u00fal san am at\u00e1 thart agus a bh\u00edonn tionchar acu ar an am i l\u00e1thair de ghn\u00e1th.<\/p>\n\n\n\n<h3 class=\"wp-block-heading\" id=\"h-10-adverbs\">10. Adverbs:<\/h3>\n\n\n\n<p>Adverbs modify verbs, adjectives, and other adverbs. Sol\u00e1thra\u00edonn siad sonra\u00ed breise faoi ghn\u00edomhartha, st\u00e1it n\u00f3 c\u00e1il\u00edochta\u00ed.<\/p>\n\n\n\n<h3 class=\"wp-block-heading\" id=\"h-11-prepositions\">11. Prepositions:<\/h3>\n\n\n\n<p>Foghlaim faoi r\u00e9amhfhocail chun caidrimh idir codanna \u00e9ags\u00fala d&#8217;abairt a chur in i\u00fal.<\/p>\n\n\n\n<h3 class=\"wp-block-heading\" id=\"h-12-conditionals\">12. Coinn\u00edollacha:<\/h3>\n\n\n\n<p>\u00das\u00e1idtear coinn\u00edollacha chun c\u00e1sanna hipit\u00e9iseacha agus a dtortha\u00ed f\u00e9ideartha a chur in i\u00fal.<\/p>\n\n\n\n<h3 class=\"wp-block-heading\" id=\"h-13-sentences\">13. Abairt\u00ed:<\/h3>\n\n\n\n<p>Mar fhocal scoir, leis na bun\u00fasacha gramada\u00ed go l\u00e9ir i bhfeidhm, is f\u00e9idir leat t\u00fas a chur le habairt\u00ed casta a fhoirmi\u00fa agus do chuid smaointe a chur in i\u00fal go soil\u00e9ir agus go h\u00e9ifeachtach sa tSl\u00f3vaicis.<\/p>\n<\/div><\/div>\n\r\n<section class=\"learnNavigationSection\">\r\n            \r\n        <a href=\"https:\/\/talkpal.ai\/ga\/foghlaim-slovaicis\/\">\r\n            <div class=\"learnNavigationWrapper\">\r\n                <div class=\"learnNavigationContent\">\r\n                    <img decoding=\"async\" src=\"https:\/\/talkpal.ai\/wp-content\/uploads\/2024\/08\/Slovak.jpg\" alt=\"Slovak Flag\">\r\n                    <div>\r\n                        <h4>Maidir le Foghlaim na Sl\u00f3vaice<\/h4>\r\n                        <p>Faigh amach gach rud faoi ghramadach na Sl\u00f3vaice.<\/p>\r\n                    <\/div>\r\n                <\/div>\r\n            <\/div>\r\n        <\/a>\r\n\r\n        \r\n        <a href=\"https:\/\/talkpal.ai\/ga\/gramadach-na-slovaicis\/\">\r\n            <div class=\"learnNavigationWrapper\">\r\n                <div class=\"learnNavigationContent\">\r\n                    <img decoding=\"async\" src=\"https:\/\/talkpal.ai\/wp-content\/uploads\/2024\/08\/Slovak.jpg\" alt=\"Slovak Flag\">\r\n                    <div>\r\n                        <h4>Ceachtanna Gramada\u00ed na Sl\u00f3vaice.<\/h4>\r\n                        <p>Cleachtadh gramadach na Sl\u00f3vaice.<\/p>\r\n                    <\/div>\r\n                <\/div>\r\n            <\/div>\r\n        <\/a>\r\n\r\n        \r\n        <a href=\"https:\/\/talkpal.ai\/vocabulary_language\/slovak\/\">\r\n            <div class=\"learnNavigationWrapper\">\r\n                <div class=\"learnNavigationContent\">\r\n                    <img decoding=\"async\" src=\"https:\/\/talkpal.ai\/wp-content\/uploads\/2024\/08\/Slovak.jpg\" alt=\"Slovak Flag\">\r\n                    <div>\r\n                        <h4>St\u00f3r focal na Sl\u00f3vaicis<\/h4>\r\n                        <p>Leathnaigh do st\u00f3r focal Sl\u00f3vaicis.<\/p>\r\n                    <\/div>\r\n                <\/div>\r\n            <\/div>\r\n        <\/a>\r\n\r\n            <\/section>","protected":false},"excerpt":{"rendered":"<p>Topaic\u00ed Gramada\u00ed na Sl\u00f3vaice Is f\u00e9idir le foghlaim na Sl\u00f3vaice, teanga Slavach Thiar, d\u00fashl\u00e1n luachmhar a thabhairt do dh\u00edograiseoir\u00ed teanga. Lena strucht\u00far foghra\u00edochta uath\u00fail agus a ghramadach casta, cuireann s\u00e9 ar chumas foghlaimeoir\u00ed dul i ngleic n\u00edos doimhne le cult\u00far agus stair na Sl\u00f3vaice. Chun an tSl\u00f3vaic a fhoghlaim go h\u00e9ifeachtach, ba ch\u00f3ir tosa\u00edocht a [&hellip;]<\/p>\n","protected":false},"author":6,"featured_media":1444739,"parent":0,"menu_order":0,"comment_status":"closed","ping_status":"closed","template":"LearningContentPage.php","meta":{"_acf_changed":false,"footnotes":""},"class_list":["post-1447943","page","type-page","status-publish","has-post-thumbnail","hentry"],"acf":[],"yoast_head":"<!-- This site is optimized with the Yoast SEO Premium plugin v27.2 (Yoast SEO v27.2) - https:\/\/yoast.com\/product\/yoast-seo-premium-wordpress\/ -->\n<title>Cleachta\u00ed Gramada\u00ed na Sl\u00f3vaice - Talkpal<\/title>\n<meta name=\"description\" content=\"Feabhas a chur ar do scileanna gramada\u00ed Sl\u00f3vaice le cleachta\u00ed idirghn\u00edomhacha at\u00e1 deartha do gach leibh\u00e9al. Cuir borradh faoi d&#039;fhoghlaim teanga inniu!\" \/>\n<meta name=\"robots\" content=\"index, follow, max-snippet:-1, max-image-preview:large, max-video-preview:-1\" \/>\n<link rel=\"canonical\" href=\"https:\/\/talkpal.ai\/ga\/cleachtai-gramadai-na-slovaice\/\" \/>\n<meta property=\"og:locale\" content=\"ga_IE\" \/>\n<meta property=\"og:type\" content=\"article\" \/>\n<meta property=\"og:title\" content=\"Cleachta\u00ed Gramada\u00ed na Sl\u00f3vaice\" \/>\n<meta property=\"og:description\" content=\"Topaic\u00ed Gramada\u00ed na Sl\u00f3vaice Is f\u00e9idir le foghlaim na Sl\u00f3vaice, teanga Slavach Thiar, d\u00fashl\u00e1n luachmhar a thabhairt do dh\u00edograiseoir\u00ed teanga. Lena\" \/>\n<meta property=\"og:url\" content=\"https:\/\/talkpal.ai\/ga\/cleachtai-gramadai-na-slovaice\/\" \/>\n<meta property=\"og:site_name\" content=\"Talkpal\" \/>\n<meta property=\"article:publisher\" content=\"https:\/\/www.facebook.com\/profile.php?id=100090733639311\" \/>\n<meta property=\"article:modified_time\" content=\"2025-12-17T15:05:54+00:00\" \/>\n<meta property=\"og:image\" content=\"https:\/\/talkpal.ai\/wp-content\/uploads\/2023\/05\/slovakia.png\" \/>\n\t<meta property=\"og:image:width\" content=\"512\" \/>\n\t<meta property=\"og:image:height\" content=\"512\" \/>\n\t<meta property=\"og:image:type\" content=\"image\/png\" \/>\n<meta name=\"twitter:card\" content=\"summary_large_image\" \/>\n<meta name=\"twitter:site\" content=\"@talkpalai\" \/>\n<meta name=\"twitter:label1\" content=\"Est. reading time\" \/>\n\t<meta name=\"twitter:data1\" content=\"2 minutes\" \/>\n<script type=\"application\/ld+json\" class=\"yoast-schema-graph\">{\"@context\":\"https:\/\/schema.org\",\"@graph\":[{\"@type\":\"WebPage\",\"@id\":\"https:\/\/talkpal.ai\/ga\/cleachtai-gramadai-na-slovaice\/\",\"url\":\"https:\/\/talkpal.ai\/ga\/cleachtai-gramadai-na-slovaice\/\",\"name\":\"Cleachta\u00ed Gramada\u00ed na Sl\u00f3vaice - Talkpal\",\"isPartOf\":{\"@id\":\"https:\/\/talkpal.ai\/ga\/#website\"},\"primaryImageOfPage\":{\"@id\":\"https:\/\/talkpal.ai\/ga\/cleachtai-gramadai-na-slovaice\/#primaryimage\"},\"image\":{\"@id\":\"https:\/\/talkpal.ai\/ga\/cleachtai-gramadai-na-slovaice\/#primaryimage\"},\"thumbnailUrl\":\"https:\/\/talkpal.ai\/wp-content\/uploads\/2023\/05\/slovakia.png\",\"datePublished\":\"2023-06-28T13:47:13+00:00\",\"dateModified\":\"2025-12-17T15:05:54+00:00\",\"description\":\"Feabhas a chur ar do scileanna gramada\u00ed Sl\u00f3vaice le cleachta\u00ed idirghn\u00edomhacha at\u00e1 deartha do gach leibh\u00e9al. Cuir borradh faoi d'fhoghlaim teanga inniu!\",\"breadcrumb\":{\"@id\":\"https:\/\/talkpal.ai\/ga\/cleachtai-gramadai-na-slovaice\/#breadcrumb\"},\"inLanguage\":\"ga-IE\",\"potentialAction\":[{\"@type\":\"ReadAction\",\"target\":[\"https:\/\/talkpal.ai\/ga\/cleachtai-gramadai-na-slovaice\/\"]}]},{\"@type\":\"ImageObject\",\"inLanguage\":\"ga-IE\",\"@id\":\"https:\/\/talkpal.ai\/ga\/cleachtai-gramadai-na-slovaice\/#primaryimage\",\"url\":\"https:\/\/talkpal.ai\/wp-content\/uploads\/2023\/05\/slovakia.png\",\"contentUrl\":\"https:\/\/talkpal.ai\/wp-content\/uploads\/2023\/05\/slovakia.png\",\"width\":512,\"height\":512,\"caption\":\"TalkPal Slovakia Flag\"},{\"@type\":\"BreadcrumbList\",\"@id\":\"https:\/\/talkpal.ai\/ga\/cleachtai-gramadai-na-slovaice\/#breadcrumb\",\"itemListElement\":[{\"@type\":\"ListItem\",\"position\":1,\"name\":\"Homepage\",\"item\":\"https:\/\/talkpal.ai\/ga\/\"},{\"@type\":\"ListItem\",\"position\":2,\"name\":\"Cleachta\u00ed Gramada\u00ed na Sl\u00f3vaice\"}]},{\"@type\":\"WebSite\",\"@id\":\"https:\/\/talkpal.ai\/ga\/#website\",\"url\":\"https:\/\/talkpal.ai\/ga\/\",\"name\":\"Talkpal\",\"description\":\"AI Language Learning\",\"publisher\":{\"@id\":\"https:\/\/talkpal.ai\/ga\/#organization\"},\"alternateName\":\"Talkpal AI\",\"potentialAction\":[{\"@type\":\"SearchAction\",\"target\":{\"@type\":\"EntryPoint\",\"urlTemplate\":\"https:\/\/talkpal.ai\/ga\/?s={search_term_string}\"},\"query-input\":{\"@type\":\"PropertyValueSpecification\",\"valueRequired\":true,\"valueName\":\"search_term_string\"}}],\"inLanguage\":\"ga-IE\"},{\"@type\":\"Organization\",\"@id\":\"https:\/\/talkpal.ai\/ga\/#organization\",\"name\":\"Talkpal, Inc.\",\"alternateName\":\"Talkpal AI\",\"url\":\"https:\/\/talkpal.ai\/ga\/\",\"logo\":{\"@type\":\"ImageObject\",\"inLanguage\":\"ga-IE\",\"@id\":\"https:\/\/talkpal.ai\/ga\/#\/schema\/logo\/image\/\",\"url\":\"https:\/\/talkpal.ai\/wp-content\/uploads\/2024\/03\/Talkpal-Logo-Icon.png\",\"contentUrl\":\"https:\/\/talkpal.ai\/wp-content\/uploads\/2024\/03\/Talkpal-Logo-Icon.png\",\"width\":2880,\"height\":2880,\"caption\":\"Talkpal, Inc.\"},\"image\":{\"@id\":\"https:\/\/talkpal.ai\/ga\/#\/schema\/logo\/image\/\"},\"sameAs\":[\"https:\/\/www.facebook.com\/profile.php?id=100090733639311\",\"https:\/\/x.com\/talkpalai\",\"https:\/\/www.linkedin.com\/company\/talkpal\/\",\"https:\/\/www.youtube.com\/@TalkPal\/\",\"https:\/\/www.tiktok.com\/@talkpal\",\"https:\/\/www.instagram.com\/talkpal_ai\/\",\"https:\/\/www.crunchbase.com\/organization\/talkpal-9cde\",\"https:\/\/www.g2.com\/products\/talkpal-for-business\/\",\"https:\/\/www.trustpilot.com\/review\/talkpal.ai\",\"https:\/\/www.capterra.com\/p\/10006800\/TalkPal\/\"],\"description\":\"Talkpal is a language learning web and mobile education app, powered by the latest AI technologies, that provides engaging experiences to its customers in many different languages to help them improve their language skills. Users can chat about unlimited amount of topics with the app and use other modes to practice their language learning.\",\"email\":\"support@talkpal.ai\",\"legalName\":\"Talkpal, Inc.\",\"foundingDate\":\"2023-04-03\",\"duns\":\"118989042\",\"numberOfEmployees\":{\"@type\":\"QuantitativeValue\",\"minValue\":\"11\",\"maxValue\":\"50\"},\"publishingPrinciples\":\"https:\/\/talkpal.ai\/publishing-principles\/\",\"actionableFeedbackPolicy\":\"https:\/\/talkpal.ai\/actionable-feedback-policy\/\",\"correctionsPolicy\":\"https:\/\/talkpal.ai\/corrections-policy\/\",\"ethicsPolicy\":\"https:\/\/talkpal.ai\/ethics-policy\/\",\"diversityPolicy\":\"https:\/\/talkpal.ai\/diversity-policy\/\",\"diversityStaffingReport\":\"https:\/\/talkpal.ai\/diversity-policy\/\"}]}<\/script>\n<!-- \/ Yoast SEO Premium plugin. -->","yoast_head_json":{"title":"Cleachta\u00ed Gramada\u00ed na Sl\u00f3vaice - Talkpal","description":"Feabhas a chur ar do scileanna gramada\u00ed Sl\u00f3vaice le cleachta\u00ed idirghn\u00edomhacha at\u00e1 deartha do gach leibh\u00e9al. Cuir borradh faoi d'fhoghlaim teanga inniu!","robots":{"index":"index","follow":"follow","max-snippet":"max-snippet:-1","max-image-preview":"max-image-preview:large","max-video-preview":"max-video-preview:-1"},"canonical":"https:\/\/talkpal.ai\/ga\/cleachtai-gramadai-na-slovaice\/","og_locale":"ga_IE","og_type":"article","og_title":"Cleachta\u00ed Gramada\u00ed na Sl\u00f3vaice","og_description":"Topaic\u00ed Gramada\u00ed na Sl\u00f3vaice Is f\u00e9idir le foghlaim na Sl\u00f3vaice, teanga Slavach Thiar, d\u00fashl\u00e1n luachmhar a thabhairt do dh\u00edograiseoir\u00ed teanga. Lena","og_url":"https:\/\/talkpal.ai\/ga\/cleachtai-gramadai-na-slovaice\/","og_site_name":"Talkpal","article_publisher":"https:\/\/www.facebook.com\/profile.php?id=100090733639311","article_modified_time":"2025-12-17T15:05:54+00:00","og_image":[{"width":512,"height":512,"url":"https:\/\/talkpal.ai\/wp-content\/uploads\/2023\/05\/slovakia.png","type":"image\/png"}],"twitter_card":"summary_large_image","twitter_site":"@talkpalai","twitter_misc":{"Est. reading time":"2 minutes"},"schema":{"@context":"https:\/\/schema.org","@graph":[{"@type":"WebPage","@id":"https:\/\/talkpal.ai\/ga\/cleachtai-gramadai-na-slovaice\/","url":"https:\/\/talkpal.ai\/ga\/cleachtai-gramadai-na-slovaice\/","name":"Cleachta\u00ed Gramada\u00ed na Sl\u00f3vaice - Talkpal","isPartOf":{"@id":"https:\/\/talkpal.ai\/ga\/#website"},"primaryImageOfPage":{"@id":"https:\/\/talkpal.ai\/ga\/cleachtai-gramadai-na-slovaice\/#primaryimage"},"image":{"@id":"https:\/\/talkpal.ai\/ga\/cleachtai-gramadai-na-slovaice\/#primaryimage"},"thumbnailUrl":"https:\/\/talkpal.ai\/wp-content\/uploads\/2023\/05\/slovakia.png","datePublished":"2023-06-28T13:47:13+00:00","dateModified":"2025-12-17T15:05:54+00:00","description":"Feabhas a chur ar do scileanna gramada\u00ed Sl\u00f3vaice le cleachta\u00ed idirghn\u00edomhacha at\u00e1 deartha do gach leibh\u00e9al. Cuir borradh faoi d'fhoghlaim teanga inniu!","breadcrumb":{"@id":"https:\/\/talkpal.ai\/ga\/cleachtai-gramadai-na-slovaice\/#breadcrumb"},"inLanguage":"ga-IE","potentialAction":[{"@type":"ReadAction","target":["https:\/\/talkpal.ai\/ga\/cleachtai-gramadai-na-slovaice\/"]}]},{"@type":"ImageObject","inLanguage":"ga-IE","@id":"https:\/\/talkpal.ai\/ga\/cleachtai-gramadai-na-slovaice\/#primaryimage","url":"https:\/\/talkpal.ai\/wp-content\/uploads\/2023\/05\/slovakia.png","contentUrl":"https:\/\/talkpal.ai\/wp-content\/uploads\/2023\/05\/slovakia.png","width":512,"height":512,"caption":"TalkPal Slovakia Flag"},{"@type":"BreadcrumbList","@id":"https:\/\/talkpal.ai\/ga\/cleachtai-gramadai-na-slovaice\/#breadcrumb","itemListElement":[{"@type":"ListItem","position":1,"name":"Homepage","item":"https:\/\/talkpal.ai\/ga\/"},{"@type":"ListItem","position":2,"name":"Cleachta\u00ed Gramada\u00ed na Sl\u00f3vaice"}]},{"@type":"WebSite","@id":"https:\/\/talkpal.ai\/ga\/#website","url":"https:\/\/talkpal.ai\/ga\/","name":"Talkpal","description":"AI Language Learning","publisher":{"@id":"https:\/\/talkpal.ai\/ga\/#organization"},"alternateName":"Talkpal AI","potentialAction":[{"@type":"SearchAction","target":{"@type":"EntryPoint","urlTemplate":"https:\/\/talkpal.ai\/ga\/?s={search_term_string}"},"query-input":{"@type":"PropertyValueSpecification","valueRequired":true,"valueName":"search_term_string"}}],"inLanguage":"ga-IE"},{"@type":"Organization","@id":"https:\/\/talkpal.ai\/ga\/#organization","name":"Talkpal, Inc.","alternateName":"Talkpal AI","url":"https:\/\/talkpal.ai\/ga\/","logo":{"@type":"ImageObject","inLanguage":"ga-IE","@id":"https:\/\/talkpal.ai\/ga\/#\/schema\/logo\/image\/","url":"https:\/\/talkpal.ai\/wp-content\/uploads\/2024\/03\/Talkpal-Logo-Icon.png","contentUrl":"https:\/\/talkpal.ai\/wp-content\/uploads\/2024\/03\/Talkpal-Logo-Icon.png","width":2880,"height":2880,"caption":"Talkpal, Inc."},"image":{"@id":"https:\/\/talkpal.ai\/ga\/#\/schema\/logo\/image\/"},"sameAs":["https:\/\/www.facebook.com\/profile.php?id=100090733639311","https:\/\/x.com\/talkpalai","https:\/\/www.linkedin.com\/company\/talkpal\/","https:\/\/www.youtube.com\/@TalkPal\/","https:\/\/www.tiktok.com\/@talkpal","https:\/\/www.instagram.com\/talkpal_ai\/","https:\/\/www.crunchbase.com\/organization\/talkpal-9cde","https:\/\/www.g2.com\/products\/talkpal-for-business\/","https:\/\/www.trustpilot.com\/review\/talkpal.ai","https:\/\/www.capterra.com\/p\/10006800\/TalkPal\/"],"description":"Talkpal is a language learning web and mobile education app, powered by the latest AI technologies, that provides engaging experiences to its customers in many different languages to help them improve their language skills. Users can chat about unlimited amount of topics with the app and use other modes to practice their language learning.","email":"support@talkpal.ai","legalName":"Talkpal, Inc.","foundingDate":"2023-04-03","duns":"118989042","numberOfEmployees":{"@type":"QuantitativeValue","minValue":"11","maxValue":"50"},"publishingPrinciples":"https:\/\/talkpal.ai\/publishing-principles\/","actionableFeedbackPolicy":"https:\/\/talkpal.ai\/actionable-feedback-policy\/","correctionsPolicy":"https:\/\/talkpal.ai\/corrections-policy\/","ethicsPolicy":"https:\/\/talkpal.ai\/ethics-policy\/","diversityPolicy":"https:\/\/talkpal.ai\/diversity-policy\/","diversityStaffingReport":"https:\/\/talkpal.ai\/diversity-policy\/"}]}},"_links":{"self":[{"href":"https:\/\/talkpal.ai\/ga\/wp-json\/wp\/v2\/pages\/1447943","targetHints":{"allow":["GET"]}}],"collection":[{"href":"https:\/\/talkpal.ai\/ga\/wp-json\/wp\/v2\/pages"}],"about":[{"href":"https:\/\/talkpal.ai\/ga\/wp-json\/wp\/v2\/types\/page"}],"author":[{"embeddable":true,"href":"https:\/\/talkpal.ai\/ga\/wp-json\/wp\/v2\/users\/6"}],"replies":[{"embeddable":true,"href":"https:\/\/talkpal.ai\/ga\/wp-json\/wp\/v2\/comments?post=1447943"}],"version-history":[{"count":0,"href":"https:\/\/talkpal.ai\/ga\/wp-json\/wp\/v2\/pages\/1447943\/revisions"}],"wp:featuredmedia":[{"embeddable":true,"href":"https:\/\/talkpal.ai\/ga\/wp-json\/wp\/v2\/media\/1444739"}],"wp:attachment":[{"href":"https:\/\/talkpal.ai\/ga\/wp-json\/wp\/v2\/media?parent=1447943"}],"curies":[{"name":"wp","href":"https:\/\/api.w.org\/{rel}","templated":true}]}}