{"id":1446704,"date":"2023-05-14T14:19:49","date_gmt":"2023-05-14T14:19:49","guid":{"rendered":"https:\/\/talkpal.ai\/gramadach-na-slovaicis\/"},"modified":"2025-12-12T11:11:37","modified_gmt":"2025-12-12T11:11:37","slug":"gramadach-na-slovaicis","status":"publish","type":"page","link":"https:\/\/talkpal.ai\/ga\/gramadach-na-slovaicis\/","title":{"rendered":"Gramadach na Sl\u00f3vaicis"},"content":{"rendered":"\r\n\r\n\r\n<section class=\"languageChallengeSection\">\r\n    <div class=\"languageInfoWrapper\">\r\n        \r\n        <h1>Gramadach na Sl\u00f3vaicis<\/h1>\r\n        <p>D\u00edghlas\u00e1il \u00e1illeacht na teanga Sl\u00f3vaice tr\u00ed a rialacha gramada\u00ed bun\u00fasacha a fhoghlaim. Cuideoidh tuiscint ar ghramadach na Sl\u00f3vaice leat cumars\u00e1id a dh\u00e9anamh le muin\u00edn agus ceangal n\u00edos doimhne le traidisi\u00fain shaibhre na Sl\u00f3vaice. Tosaigh do thuras inniu agus t\u00f3g an ch\u00e9ad ch\u00e9im i dtreo m\u00e1istreacht na Sl\u00f3vaice!\n\n<\/p>\r\n\r\n                            <a class=\"getStartedHidden\" href=\"https:\/\/app.talkpal.ai\/signup?lng=\">Tosaigh<\/a>\r\n        \r\n    <\/div>\r\n\r\n    <figure>\r\n    <img decoding=\"async\" width=\"768\" height=\"768\" src=\"https:\/\/talkpal.ai\/wp-content\/uploads\/2023\/06\/slovak-768x768.png\" class=\"languageImage no-lazy\" alt=\"Language learning for cross-cultural competence\" fetchpriority=\"high\" sizes=\"(max-width: 768px) 150px, 768px\" srcset=\"https:\/\/talkpal.ai\/wp-content\/uploads\/2023\/06\/slovak-768x768.png 768w, https:\/\/talkpal.ai\/wp-content\/uploads\/2023\/06\/slovak-300x300.png 300w\" \/>\r\n    \r\n\r\n    <\/figure>\r\n\r\n            <a class=\"getStartedVisible\" href=\"https:\/\/app.talkpal.ai\/signup?lng=\">Tosaigh<\/a>\r\n    \r\n<\/section>\r\n<section class=\"promotionalBanner\">\r\n    <p class=\"promotionalText\">An bealach is \u00e9ifeachta\u00ed le teanga a fhoghlaim<\/p>\r\n    <a class=\"promotionalLink\" href=\"https:\/\/app.talkpal.ai\/signup?lng=\">Bain triail as Talkpal saor in aisce<\/a>\r\n<\/section>\n<div class=\"wp-block-group pageContainerStyle\"><div class=\"wp-block-group__inner-container is-layout-constrained wp-block-group-is-layout-constrained\">\n<h2 class=\"wp-block-heading\" id=\"h-slovak-grammar-the-key-to-unlocking-a-beautiful-language\">Gramadach na Sl\u00f3vaice: An Eochair chun Teanga \u00c1lainn a Dh\u00edghlas\u00e1il<\/h2>\n\n\n\n<p>An bhfuil t\u00fa ag plean\u00e1il an tSl\u00f3vaicis a fhoghlaim n\u00f3 d\u00edreach fiosrach faoina <a href=\"https:\/\/talkpal.ai\/grammar\/\">gramadach<\/a> uath\u00fail? T\u00e1 t\u00fa san \u00e1it cheart! B&#8217;fh\u00e9idir go bhfuil <a href=\"https:\/\/talkpal.ai\/slovak-grammar\/\">gramadach na Sl\u00f3vaice<\/a> imeaglaithe ar an gc\u00e9ad amharc, ach n\u00e1 b\u00edodh imn\u00ed ort \u2013 t\u00e1 s\u00e9 loighci\u00fail agus sol\u00e1imhsithe go leor. San alt seo, d\u00e9anfaimid ini\u00fachadh ar na bunt\u00e1ist\u00ed a bhaineann le <a href=\"https:\/\/talkpal.ai\/slovak-grammar\/\">gramadach na Sl\u00f3vaice<\/a> chun cabhr\u00fa leat a \u00e1illeacht a thuiscint agus a thuiscint n\u00edos fearr.<\/p>\n\n\n\n<p>Ar dt\u00fas, tosa\u00edmid le c\u00falra beag. Is teanga Slavach Thiar \u00ed an tSl\u00f3vaic a labhra\u00edtear go pr\u00edomha sa tSl\u00f3vaic, ach is f\u00e9idir cainteoir\u00ed a fh\u00e1il sna t\u00edortha m\u00e1guaird freisin. Mar theanga Shlavach, t\u00e1 go leor cos\u00falachta\u00ed aici le teangacha eile sa r\u00e9igi\u00fan, cos\u00fail leis an tSeicis agus an Pholainnis. Mar sin f\u00e9in, t\u00e1 a rialacha gramada\u00ed agus patr\u00fain \u00fas\u00e1ide ar <a href=\"https:\/\/talkpal.ai\/locations\/language-courses-in-leith\/\">leith<\/a> aige a leagann amach \u00e9.<\/p>\n\n\n\n<p>Anois, d\u00e9anaimis tumadh isteach i gcuid de na gn\u00e9ithe is t\u00e1bhachta\u00ed de ghramadach na Sl\u00f3vaice.<\/p>\n\n\n\n<h3 class=\"wp-block-heading\" id=\"h-1-nouns-and-their-cases\">1. Ainmfhocail agus a gc\u00e1sanna<\/h3>\n\n\n\n<p>Ceann de na gn\u00e9ithe is suntasa\u00ed de ghramadach na Sl\u00f3vaice is ea a c\u00f3ras c\u00e1is casta. M\u00e1 t\u00e1 t\u00fa eolach ar an nGearm\u00e1inis n\u00f3 ar an <a href=\"https:\/\/talkpal.ai\/learn-russian\/\">R\u00faisis<\/a>, beidh a fhios agat cad faoi a bhfuilimid ag caint: Athra\u00edonn ainmfhocail na <a href=\"https:\/\/talkpal.ai\/learn-slovak\/\">Sl\u00f3vaicis<\/a> a bhfoirm ag brath ar a bhfeidhmi\u00fa in abairt. Le seacht gc\u00e1s (nominative, genitive, dative, accusative, locative, instrumental, and vocative), d&#8217;fh\u00e9adfadh s\u00e9 seo a bheith s\u00e1raitheach ar dt\u00fas, ach n\u00e1 tabhair suas! Nuair a fuair t\u00fa an crochadh air, t\u00e1 s\u00e9 thar a bheith loighci\u00fail agus fi\u00fa spraoi.<\/p>\n\n\n\n<p>T\u00f3g an t-ainmfhocal &#8220;chlapec&#8221; (buachaill) mar shampla. Is f\u00e9idir \u00e9 a athr\u00fa go &#8220;chlapca,&#8221; &#8220;chlapcovi,&#8221; &#8220;chlapcom,&#8221; agus mar sin de, ag brath ar cib\u00e9 an t-\u00e1bhar, an rud, n\u00f3 an faighteoir gn\u00edomha\u00edochta \u00e9. Braitheann na foircinn\u00ed ar inscne an ainmfhocail (firinscneach, baininscneach, n\u00f3 neuter) chomh maith, rud a thugann n\u00edos m\u00f3 \u00e9ags\u00falachta don teanga.<\/p>\n\n\n\n<h3 class=\"wp-block-heading\" id=\"h-2-verb-conjugation-and-tenses\">2. Comhchuingi\u00fa briathar agus aimsir\u00ed<\/h3>\n\n\n\n<p>Athra\u00edonn briathra na Sl\u00f3vaice a gcr\u00edoch bunaithe ar an duine agus ar uimhir (uatha n\u00f3 iolra) an \u00e1bhair. Mar shampla, is f\u00e9idir leis an mbriathar &#8220;vidie\u0165&#8221; (a fheice\u00e1il) a bheith ina &#8220;vid\u00edm&#8221; (feicim), &#8220;vid\u00ed\u0161&#8221; (feiceann t\u00fa), &#8220;vidia&#8221; (a fheiceann siad), agus eile.<\/p>\n\n\n\n<p>T\u00e1 tr\u00ed phr\u00edomhaimsir ag an tSl\u00f3vaicis: an t-am at\u00e1 caite, an l\u00e1 at\u00e1 inniu ann agus an todhcha\u00ed. Is \u00e9 an rud suimi\u00fail n\u00e1 nach n-\u00fas\u00e1ideann an tSl\u00f3vaicis briathra c\u00fanta de ghn\u00e1th chun na haimsir seo a fhoirmi\u00fa. Ina \u00e1it sin, crutha\u00edtear iad tr\u00ed fhoirceannadh na mbriathar a athr\u00fa. Mar shampla, is \u00e9 &#8220;Feicim&#8221; &#8220;vid\u00edm&#8221;, is \u00e9 &#8220;chonaic m\u00e9&#8221; &#8220;videl som,&#8221; agus is \u00e9 &#8220;feicfidh m\u00e9&#8221; n\u00e1 &#8220;uvid\u00edm.&#8221;<\/p>\n\n\n\n<h3 class=\"wp-block-heading\" id=\"h-3-sentence-structure-and-word-order\">3. Strucht\u00far abairte agus ord focal<\/h3>\n\n\n\n<p>T\u00e1 ord focal r\u00e9as\u00fanta sol\u00fabtha ag an tSl\u00f3vaicis, a bhu\u00edochas d\u00e1 ch\u00e1s ainmfhocail agus don ch\u00f3ras comhchuingithe briathartha. Cialla\u00edonn s\u00e9 seo, murab ionann agus an <a href=\"https:\/\/talkpal.ai\/learn-english-with-ai\/\">B\u00e9arla<\/a>, gur f\u00e9idir leat focail a <a href=\"https:\/\/talkpal.ai\/locations\/language-courses-in-chur\/\">chur<\/a> i su\u00edomhanna \u00e9ags\u00fala laistigh d&#8217;abairt gan a bhr\u00ed a athr\u00fa \u2013 mar shampla, is f\u00e9idir le &#8220;chlapec vid\u00ed psa&#8221; a bheith ina &#8220;psa vid\u00ed chlapec&#8221; agus an bhr\u00ed ch\u00e9anna a bheith aige f\u00f3s.<\/p>\n\n\n\n<p>\u00c9 sin r\u00e1ite, is \u00e9 an t-ord focal is coitianta sa tSl\u00f3vaicis n\u00e1 \u00e1bhar-briathar-r\u00e9ad n\u00f3 SVO. T\u00e1 s\u00e9 seo cos\u00fail leis an mB\u00e9arla, agus is pointe tosaigh iontach \u00e9 d&#8217;fhoghlaimeoir\u00ed. De r\u00e9ir mar a \u00e9ir\u00edonn t\u00fa n\u00edos comporda\u00ed leis an teanga, is f\u00e9idir leat triail a bhaint as orduithe focal \u00e9ags\u00fala chun b\u00e9im n\u00f3 nuance a chur ar do chuid abairt\u00ed.<\/p>\n\n\n\n<h3 class=\"wp-block-heading\" id=\"h-4-adjectives-and-adverbs\">4. Aidiachta\u00ed agus aidiachta\u00ed<\/h3>\n\n\n\n<p>D\u00edreach cos\u00fail le go leor teangacha eile, \u00fas\u00e1idtear aidiachta\u00ed agus aidiachta\u00ed sa tSl\u00f3vaic chun cur s\u00edos a dh\u00e9anamh ar ainmfhocail agus briathra. Mar sin f\u00e9in, tagann siad freisin lena gc\u00e1s-chomhaont\u00fa f\u00e9in agus rialacha comhaontaithe inscne, rud a d&#8217;fh\u00e9adfadh ruda\u00ed a dh\u00e9anamh beag\u00e1n n\u00edos casta. Ar \u00e1mhara\u00ed an tsaoil, nuair a bheidh t\u00fa ag m\u00e1istreacht na gc\u00e1sanna ainmfhocail agus na conjugations briathartha, tiocfaidh na rialacha seo n\u00edos n\u00e1d\u00fartha.<\/p>\n\n\n\n<p>Mar sin, an bhfuil t\u00fa r\u00e9idh le dul i ngleic le gramadach na Sl\u00f3vaice? Leis an meon agus na hacmhainn\u00ed ceart, is eisp\u00e9ireas luachmhar \u00e9 foghlaim na Sl\u00f3vaicis a d&#8217;fh\u00e9adfadh doirse a oscailt chuig cult\u00far saibhir agus t\u00edr \u00e1lainn. T\u00f3g c\u00e9im ar ch\u00e9im \u00e9, cleachtadh go rialta, agus n\u00e1 b\u00edodh eagla ort bot\u00fain a dh\u00e9anamh \u2013 sin an chaoi a bhfoghlaim\u00edmid go l\u00e9ir, tar \u00e9is an tsaoil. Ve\u013ea \u0161\u0165astia! (\u00c1dh m\u00f3r!)<\/p>\n<\/div><\/div>\n\r\n<section class=\"learnNavigationSection\">\r\n            \r\n        <a href=\"https:\/\/talkpal.ai\/ga\/foghlaim-slovaicis\/\">\r\n            <div class=\"learnNavigationWrapper\">\r\n                <div class=\"learnNavigationContent\">\r\n                    <img decoding=\"async\" src=\"https:\/\/talkpal.ai\/wp-content\/uploads\/2024\/08\/Slovak.jpg\" alt=\"Slovak Flag\">\r\n                    <div>\r\n                        <h4>Maidir le Foghlaim na Sl\u00f3vaice<\/h4>\r\n                        <p>Faigh amach gach rud faoi ghramadach na Sl\u00f3vaice.<\/p>\r\n                    <\/div>\r\n                <\/div>\r\n            <\/div>\r\n        <\/a>\r\n\r\n        \r\n        <a href=\"https:\/\/talkpal.ai\/ga\/cleachtai-gramadai-na-slovaice\/\">\r\n            <div class=\"learnNavigationWrapper\">\r\n                <div class=\"learnNavigationContent\">\r\n                    <img decoding=\"async\" src=\"https:\/\/talkpal.ai\/wp-content\/uploads\/2024\/08\/Slovak.jpg\" alt=\"Slovak Flag\">\r\n                    <div>\r\n                        <h4>Cleachtadh Gramada\u00ed na Sl\u00f3vaice<\/h4>\r\n                        <p>Cleachtadh gramadach na Sl\u00f3vaice.<\/p>\r\n                    <\/div>\r\n                <\/div>\r\n            <\/div>\r\n        <\/a>\r\n\r\n        \r\n        <a href=\"https:\/\/talkpal.ai\/vocabulary_language\/slovak\/\">\r\n            <div class=\"learnNavigationWrapper\">\r\n                <div class=\"learnNavigationContent\">\r\n                    <img decoding=\"async\" src=\"https:\/\/talkpal.ai\/wp-content\/uploads\/2024\/08\/Slovak.jpg\" alt=\"Slovak Flag\">\r\n                    <div>\r\n                        <h4>St\u00f3r focal na Sl\u00f3vaicis<\/h4>\r\n                        <p>Leathnaigh do st\u00f3r focal Sl\u00f3vaicis.<\/p>\r\n                    <\/div>\r\n                <\/div>\r\n            <\/div>\r\n        <\/a>\r\n\r\n            <\/section>","protected":false},"excerpt":{"rendered":"<p>Gramadach na Sl\u00f3vaice: An Eochair chun Teanga \u00c1lainn a Dh\u00edghlas\u00e1il An bhfuil t\u00fa ag plean\u00e1il an tSl\u00f3vaicis a fhoghlaim n\u00f3 d\u00edreach fiosrach faoina gramadach uath\u00fail? T\u00e1 t\u00fa san \u00e1it cheart! B&#8217;fh\u00e9idir go bhfuil gramadach na Sl\u00f3vaice imeaglaithe ar an gc\u00e9ad amharc, ach n\u00e1 b\u00edodh imn\u00ed ort \u2013 t\u00e1 s\u00e9 loighci\u00fail agus sol\u00e1imhsithe go leor. San [&hellip;]<\/p>\n","protected":false},"author":1,"featured_media":1444739,"parent":0,"menu_order":0,"comment_status":"closed","ping_status":"closed","template":"LearningContentPage.php","meta":{"_acf_changed":false,"footnotes":""},"class_list":["post-1446704","page","type-page","status-publish","has-post-thumbnail","hentry"],"acf":[],"yoast_head":"<!-- This site is optimized with the Yoast SEO Premium plugin v27.2 (Yoast SEO v27.2) - https:\/\/yoast.com\/product\/yoast-seo-premium-wordpress\/ -->\n<title>Gramadach na Sl\u00f3vaicis - Talkpal<\/title>\n<meta name=\"description\" content=\"M\u00e1istir gramadach na Sl\u00f3vaice le m\u00ednithe soil\u00e9ire, sampla\u00ed praitici\u00fala, agus cleachta\u00ed idirghn\u00edomhacha. Feabhas a chur ar do scileanna!\" \/>\n<meta name=\"robots\" content=\"index, follow, max-snippet:-1, max-image-preview:large, max-video-preview:-1\" \/>\n<link rel=\"canonical\" href=\"https:\/\/talkpal.ai\/ga\/gramadach-na-slovaicis\/\" \/>\n<meta property=\"og:locale\" content=\"ga_IE\" \/>\n<meta property=\"og:type\" content=\"article\" \/>\n<meta property=\"og:title\" content=\"Gramadach na Sl\u00f3vaicis\" \/>\n<meta property=\"og:description\" content=\"Gramadach na Sl\u00f3vaice: An Eochair chun Teanga \u00c1lainn a Dh\u00edghlas\u00e1il An bhfuil t\u00fa ag plean\u00e1il an tSl\u00f3vaicis a fhoghlaim n\u00f3 d\u00edreach fiosrach faoina gramadach\" \/>\n<meta property=\"og:url\" content=\"https:\/\/talkpal.ai\/ga\/gramadach-na-slovaicis\/\" \/>\n<meta property=\"og:site_name\" content=\"Talkpal\" \/>\n<meta property=\"article:publisher\" content=\"https:\/\/www.facebook.com\/profile.php?id=100090733639311\" \/>\n<meta property=\"article:modified_time\" content=\"2025-12-12T11:11:37+00:00\" \/>\n<meta property=\"og:image\" content=\"https:\/\/talkpal.ai\/wp-content\/uploads\/2023\/05\/slovakia.png\" \/>\n\t<meta property=\"og:image:width\" content=\"512\" \/>\n\t<meta property=\"og:image:height\" content=\"512\" \/>\n\t<meta property=\"og:image:type\" content=\"image\/png\" \/>\n<meta name=\"twitter:card\" content=\"summary_large_image\" \/>\n<meta name=\"twitter:site\" content=\"@talkpalai\" \/>\n<meta name=\"twitter:label1\" content=\"Est. reading time\" \/>\n\t<meta name=\"twitter:data1\" content=\"4 minutes\" \/>\n<script type=\"application\/ld+json\" class=\"yoast-schema-graph\">{\"@context\":\"https:\/\/schema.org\",\"@graph\":[{\"@type\":\"WebPage\",\"@id\":\"https:\/\/talkpal.ai\/ga\/gramadach-na-slovaicis\/\",\"url\":\"https:\/\/talkpal.ai\/ga\/gramadach-na-slovaicis\/\",\"name\":\"Gramadach na Sl\u00f3vaicis - Talkpal\",\"isPartOf\":{\"@id\":\"https:\/\/talkpal.ai\/ga\/#website\"},\"primaryImageOfPage\":{\"@id\":\"https:\/\/talkpal.ai\/ga\/gramadach-na-slovaicis\/#primaryimage\"},\"image\":{\"@id\":\"https:\/\/talkpal.ai\/ga\/gramadach-na-slovaicis\/#primaryimage\"},\"thumbnailUrl\":\"https:\/\/talkpal.ai\/wp-content\/uploads\/2023\/05\/slovakia.png\",\"datePublished\":\"2023-05-14T14:19:49+00:00\",\"dateModified\":\"2025-12-12T11:11:37+00:00\",\"description\":\"M\u00e1istir gramadach na Sl\u00f3vaice le m\u00ednithe soil\u00e9ire, sampla\u00ed praitici\u00fala, agus cleachta\u00ed idirghn\u00edomhacha. Feabhas a chur ar do scileanna!\",\"breadcrumb\":{\"@id\":\"https:\/\/talkpal.ai\/ga\/gramadach-na-slovaicis\/#breadcrumb\"},\"inLanguage\":\"ga-IE\",\"potentialAction\":[{\"@type\":\"ReadAction\",\"target\":[\"https:\/\/talkpal.ai\/ga\/gramadach-na-slovaicis\/\"]}]},{\"@type\":\"ImageObject\",\"inLanguage\":\"ga-IE\",\"@id\":\"https:\/\/talkpal.ai\/ga\/gramadach-na-slovaicis\/#primaryimage\",\"url\":\"https:\/\/talkpal.ai\/wp-content\/uploads\/2023\/05\/slovakia.png\",\"contentUrl\":\"https:\/\/talkpal.ai\/wp-content\/uploads\/2023\/05\/slovakia.png\",\"width\":512,\"height\":512,\"caption\":\"TalkPal Slovakia Flag\"},{\"@type\":\"BreadcrumbList\",\"@id\":\"https:\/\/talkpal.ai\/ga\/gramadach-na-slovaicis\/#breadcrumb\",\"itemListElement\":[{\"@type\":\"ListItem\",\"position\":1,\"name\":\"Homepage\",\"item\":\"https:\/\/talkpal.ai\/ga\/\"},{\"@type\":\"ListItem\",\"position\":2,\"name\":\"Gramadach na Sl\u00f3vaicis\"}]},{\"@type\":\"WebSite\",\"@id\":\"https:\/\/talkpal.ai\/ga\/#website\",\"url\":\"https:\/\/talkpal.ai\/ga\/\",\"name\":\"Talkpal\",\"description\":\"AI Language Learning\",\"publisher\":{\"@id\":\"https:\/\/talkpal.ai\/ga\/#organization\"},\"alternateName\":\"Talkpal AI\",\"potentialAction\":[{\"@type\":\"SearchAction\",\"target\":{\"@type\":\"EntryPoint\",\"urlTemplate\":\"https:\/\/talkpal.ai\/ga\/?s={search_term_string}\"},\"query-input\":{\"@type\":\"PropertyValueSpecification\",\"valueRequired\":true,\"valueName\":\"search_term_string\"}}],\"inLanguage\":\"ga-IE\"},{\"@type\":\"Organization\",\"@id\":\"https:\/\/talkpal.ai\/ga\/#organization\",\"name\":\"Talkpal, Inc.\",\"alternateName\":\"Talkpal AI\",\"url\":\"https:\/\/talkpal.ai\/ga\/\",\"logo\":{\"@type\":\"ImageObject\",\"inLanguage\":\"ga-IE\",\"@id\":\"https:\/\/talkpal.ai\/ga\/#\/schema\/logo\/image\/\",\"url\":\"https:\/\/talkpal.ai\/wp-content\/uploads\/2024\/03\/Talkpal-Logo-Icon.png\",\"contentUrl\":\"https:\/\/talkpal.ai\/wp-content\/uploads\/2024\/03\/Talkpal-Logo-Icon.png\",\"width\":2880,\"height\":2880,\"caption\":\"Talkpal, Inc.\"},\"image\":{\"@id\":\"https:\/\/talkpal.ai\/ga\/#\/schema\/logo\/image\/\"},\"sameAs\":[\"https:\/\/www.facebook.com\/profile.php?id=100090733639311\",\"https:\/\/x.com\/talkpalai\",\"https:\/\/www.linkedin.com\/company\/talkpal\/\",\"https:\/\/www.youtube.com\/@TalkPal\/\",\"https:\/\/www.tiktok.com\/@talkpal\",\"https:\/\/www.instagram.com\/talkpal_ai\/\",\"https:\/\/www.crunchbase.com\/organization\/talkpal-9cde\",\"https:\/\/www.g2.com\/products\/talkpal-for-business\/\",\"https:\/\/www.trustpilot.com\/review\/talkpal.ai\",\"https:\/\/www.capterra.com\/p\/10006800\/TalkPal\/\"],\"description\":\"Talkpal is a language learning web and mobile education app, powered by the latest AI technologies, that provides engaging experiences to its customers in many different languages to help them improve their language skills. Users can chat about unlimited amount of topics with the app and use other modes to practice their language learning.\",\"email\":\"support@talkpal.ai\",\"legalName\":\"Talkpal, Inc.\",\"foundingDate\":\"2023-04-03\",\"duns\":\"118989042\",\"numberOfEmployees\":{\"@type\":\"QuantitativeValue\",\"minValue\":\"11\",\"maxValue\":\"50\"},\"publishingPrinciples\":\"https:\/\/talkpal.ai\/publishing-principles\/\",\"actionableFeedbackPolicy\":\"https:\/\/talkpal.ai\/actionable-feedback-policy\/\",\"correctionsPolicy\":\"https:\/\/talkpal.ai\/corrections-policy\/\",\"ethicsPolicy\":\"https:\/\/talkpal.ai\/ethics-policy\/\",\"diversityPolicy\":\"https:\/\/talkpal.ai\/diversity-policy\/\",\"diversityStaffingReport\":\"https:\/\/talkpal.ai\/diversity-policy\/\"}]}<\/script>\n<!-- \/ Yoast SEO Premium plugin. -->","yoast_head_json":{"title":"Gramadach na Sl\u00f3vaicis - Talkpal","description":"M\u00e1istir gramadach na Sl\u00f3vaice le m\u00ednithe soil\u00e9ire, sampla\u00ed praitici\u00fala, agus cleachta\u00ed idirghn\u00edomhacha. Feabhas a chur ar do scileanna!","robots":{"index":"index","follow":"follow","max-snippet":"max-snippet:-1","max-image-preview":"max-image-preview:large","max-video-preview":"max-video-preview:-1"},"canonical":"https:\/\/talkpal.ai\/ga\/gramadach-na-slovaicis\/","og_locale":"ga_IE","og_type":"article","og_title":"Gramadach na Sl\u00f3vaicis","og_description":"Gramadach na Sl\u00f3vaice: An Eochair chun Teanga \u00c1lainn a Dh\u00edghlas\u00e1il An bhfuil t\u00fa ag plean\u00e1il an tSl\u00f3vaicis a fhoghlaim n\u00f3 d\u00edreach fiosrach faoina gramadach","og_url":"https:\/\/talkpal.ai\/ga\/gramadach-na-slovaicis\/","og_site_name":"Talkpal","article_publisher":"https:\/\/www.facebook.com\/profile.php?id=100090733639311","article_modified_time":"2025-12-12T11:11:37+00:00","og_image":[{"width":512,"height":512,"url":"https:\/\/talkpal.ai\/wp-content\/uploads\/2023\/05\/slovakia.png","type":"image\/png"}],"twitter_card":"summary_large_image","twitter_site":"@talkpalai","twitter_misc":{"Est. reading time":"4 minutes"},"schema":{"@context":"https:\/\/schema.org","@graph":[{"@type":"WebPage","@id":"https:\/\/talkpal.ai\/ga\/gramadach-na-slovaicis\/","url":"https:\/\/talkpal.ai\/ga\/gramadach-na-slovaicis\/","name":"Gramadach na Sl\u00f3vaicis - Talkpal","isPartOf":{"@id":"https:\/\/talkpal.ai\/ga\/#website"},"primaryImageOfPage":{"@id":"https:\/\/talkpal.ai\/ga\/gramadach-na-slovaicis\/#primaryimage"},"image":{"@id":"https:\/\/talkpal.ai\/ga\/gramadach-na-slovaicis\/#primaryimage"},"thumbnailUrl":"https:\/\/talkpal.ai\/wp-content\/uploads\/2023\/05\/slovakia.png","datePublished":"2023-05-14T14:19:49+00:00","dateModified":"2025-12-12T11:11:37+00:00","description":"M\u00e1istir gramadach na Sl\u00f3vaice le m\u00ednithe soil\u00e9ire, sampla\u00ed praitici\u00fala, agus cleachta\u00ed idirghn\u00edomhacha. Feabhas a chur ar do scileanna!","breadcrumb":{"@id":"https:\/\/talkpal.ai\/ga\/gramadach-na-slovaicis\/#breadcrumb"},"inLanguage":"ga-IE","potentialAction":[{"@type":"ReadAction","target":["https:\/\/talkpal.ai\/ga\/gramadach-na-slovaicis\/"]}]},{"@type":"ImageObject","inLanguage":"ga-IE","@id":"https:\/\/talkpal.ai\/ga\/gramadach-na-slovaicis\/#primaryimage","url":"https:\/\/talkpal.ai\/wp-content\/uploads\/2023\/05\/slovakia.png","contentUrl":"https:\/\/talkpal.ai\/wp-content\/uploads\/2023\/05\/slovakia.png","width":512,"height":512,"caption":"TalkPal Slovakia Flag"},{"@type":"BreadcrumbList","@id":"https:\/\/talkpal.ai\/ga\/gramadach-na-slovaicis\/#breadcrumb","itemListElement":[{"@type":"ListItem","position":1,"name":"Homepage","item":"https:\/\/talkpal.ai\/ga\/"},{"@type":"ListItem","position":2,"name":"Gramadach na Sl\u00f3vaicis"}]},{"@type":"WebSite","@id":"https:\/\/talkpal.ai\/ga\/#website","url":"https:\/\/talkpal.ai\/ga\/","name":"Talkpal","description":"AI Language Learning","publisher":{"@id":"https:\/\/talkpal.ai\/ga\/#organization"},"alternateName":"Talkpal AI","potentialAction":[{"@type":"SearchAction","target":{"@type":"EntryPoint","urlTemplate":"https:\/\/talkpal.ai\/ga\/?s={search_term_string}"},"query-input":{"@type":"PropertyValueSpecification","valueRequired":true,"valueName":"search_term_string"}}],"inLanguage":"ga-IE"},{"@type":"Organization","@id":"https:\/\/talkpal.ai\/ga\/#organization","name":"Talkpal, Inc.","alternateName":"Talkpal AI","url":"https:\/\/talkpal.ai\/ga\/","logo":{"@type":"ImageObject","inLanguage":"ga-IE","@id":"https:\/\/talkpal.ai\/ga\/#\/schema\/logo\/image\/","url":"https:\/\/talkpal.ai\/wp-content\/uploads\/2024\/03\/Talkpal-Logo-Icon.png","contentUrl":"https:\/\/talkpal.ai\/wp-content\/uploads\/2024\/03\/Talkpal-Logo-Icon.png","width":2880,"height":2880,"caption":"Talkpal, Inc."},"image":{"@id":"https:\/\/talkpal.ai\/ga\/#\/schema\/logo\/image\/"},"sameAs":["https:\/\/www.facebook.com\/profile.php?id=100090733639311","https:\/\/x.com\/talkpalai","https:\/\/www.linkedin.com\/company\/talkpal\/","https:\/\/www.youtube.com\/@TalkPal\/","https:\/\/www.tiktok.com\/@talkpal","https:\/\/www.instagram.com\/talkpal_ai\/","https:\/\/www.crunchbase.com\/organization\/talkpal-9cde","https:\/\/www.g2.com\/products\/talkpal-for-business\/","https:\/\/www.trustpilot.com\/review\/talkpal.ai","https:\/\/www.capterra.com\/p\/10006800\/TalkPal\/"],"description":"Talkpal is a language learning web and mobile education app, powered by the latest AI technologies, that provides engaging experiences to its customers in many different languages to help them improve their language skills. Users can chat about unlimited amount of topics with the app and use other modes to practice their language learning.","email":"support@talkpal.ai","legalName":"Talkpal, Inc.","foundingDate":"2023-04-03","duns":"118989042","numberOfEmployees":{"@type":"QuantitativeValue","minValue":"11","maxValue":"50"},"publishingPrinciples":"https:\/\/talkpal.ai\/publishing-principles\/","actionableFeedbackPolicy":"https:\/\/talkpal.ai\/actionable-feedback-policy\/","correctionsPolicy":"https:\/\/talkpal.ai\/corrections-policy\/","ethicsPolicy":"https:\/\/talkpal.ai\/ethics-policy\/","diversityPolicy":"https:\/\/talkpal.ai\/diversity-policy\/","diversityStaffingReport":"https:\/\/talkpal.ai\/diversity-policy\/"}]}},"_links":{"self":[{"href":"https:\/\/talkpal.ai\/ga\/wp-json\/wp\/v2\/pages\/1446704","targetHints":{"allow":["GET"]}}],"collection":[{"href":"https:\/\/talkpal.ai\/ga\/wp-json\/wp\/v2\/pages"}],"about":[{"href":"https:\/\/talkpal.ai\/ga\/wp-json\/wp\/v2\/types\/page"}],"author":[{"embeddable":true,"href":"https:\/\/talkpal.ai\/ga\/wp-json\/wp\/v2\/users\/1"}],"replies":[{"embeddable":true,"href":"https:\/\/talkpal.ai\/ga\/wp-json\/wp\/v2\/comments?post=1446704"}],"version-history":[{"count":0,"href":"https:\/\/talkpal.ai\/ga\/wp-json\/wp\/v2\/pages\/1446704\/revisions"}],"wp:featuredmedia":[{"embeddable":true,"href":"https:\/\/talkpal.ai\/ga\/wp-json\/wp\/v2\/media\/1444739"}],"wp:attachment":[{"href":"https:\/\/talkpal.ai\/ga\/wp-json\/wp\/v2\/media?parent=1446704"}],"curies":[{"name":"wp","href":"https:\/\/api.w.org\/{rel}","templated":true}]}}