{"id":1446680,"date":"2023-05-14T14:20:10","date_gmt":"2023-05-14T14:20:10","guid":{"rendered":"https:\/\/talkpal.ai\/gramadach-na-sloiveine\/"},"modified":"2025-12-12T11:15:36","modified_gmt":"2025-12-12T11:15:36","slug":"gramadach-na-sloiveine","status":"publish","type":"page","link":"https:\/\/talkpal.ai\/ga\/gramadach-na-sloiveine\/","title":{"rendered":"Gramadach na Sl\u00f3iv\u00e9ine"},"content":{"rendered":"\r\n\r\n\r\n<section class=\"languageChallengeSection\">\r\n    <div class=\"languageInfoWrapper\">\r\n        \r\n        <h1>Gramadach na Sl\u00f3iv\u00e9ine<\/h1>\r\n        <p>D\u00edghlas\u00e1il charm saini\u00fail na teanga Sl\u00f3iv\u00e9ine tr\u00ed m\u00e1istreacht a dh\u00e9anamh ar a rialacha gramada\u00ed riachtanacha. Le tuiscint l\u00e1idir ar ghramadach na Sl\u00f3iv\u00e9ine, beidh t\u00fa in ann ceangal a dh\u00e9anamh le cainteoir\u00ed d\u00fachais agus oidhreacht chult\u00fartha shaibhir na t\u00edre a thuiscint n\u00edos fearr. Tosaigh ag foghlaim gramada\u00ed na Sl\u00f3iv\u00e9ine inniu agus glac do ch\u00e9ad ch\u00e9im i dtreo l\u00edofacht!<\/p>\r\n\r\n                            <a class=\"getStartedHidden\" href=\"https:\/\/app.talkpal.ai\/signup?lng=\">Tosaigh<\/a>\r\n        \r\n    <\/div>\r\n\r\n    <figure>\r\n    <img decoding=\"async\" width=\"768\" height=\"768\" src=\"https:\/\/talkpal.ai\/wp-content\/uploads\/2023\/06\/slovenian-768x768.png\" class=\"languageImage no-lazy\" alt=\"Language learning for broader perspectives\" fetchpriority=\"high\" sizes=\"(max-width: 768px) 150px, 768px\" srcset=\"https:\/\/talkpal.ai\/wp-content\/uploads\/2023\/06\/slovenian-768x768.png 768w, https:\/\/talkpal.ai\/wp-content\/uploads\/2023\/06\/slovenian-300x300.png 300w\" \/>\r\n    \r\n\r\n    <\/figure>\r\n\r\n            <a class=\"getStartedVisible\" href=\"https:\/\/app.talkpal.ai\/signup?lng=\">Tosaigh<\/a>\r\n    \r\n<\/section>\r\n<section class=\"promotionalBanner\">\r\n    <p class=\"promotionalText\">An bealach is \u00e9ifeachta\u00ed le teanga a fhoghlaim<\/p>\r\n    <a class=\"promotionalLink\" href=\"https:\/\/app.talkpal.ai\/signup?lng=\">Bain triail as Talkpal saor in aisce<\/a>\r\n<\/section>\n<div class=\"wp-block-group pageContainerStyle\"><div class=\"wp-block-group__inner-container is-layout-constrained wp-block-group-is-layout-constrained\">\n<h1 class=\"wp-block-heading\" id=\"h-slovenian-grammar-a-short-introduction-for-language-lovers\">Gramadach na Sl\u00f3iv\u00e9ine: R\u00e9amhr\u00e1 Gairid do Lovers Teanga<\/h1>\n\n\n\n<p>An bhfuil t\u00fa r\u00e9idh chun tumadh isteach i saol dra\u00edocht\u00fail na Sl\u00f3iv\u00e9ine, teanga n\u00e9al Slavach? T\u00e1 t\u00fa i do ch\u00f3ire\u00e1il! Tabharfaidh an treoir ghearr seo l\u00e9argas duit ar ghramadach na Sl\u00f3iv\u00e9ine, at\u00e1 riachtanach chun an teanga mhealltach seo a thuiscint agus a mh\u00e1istir. Mar sin, d\u00e9anaimis dul ar aghaidh leis an eachtra teangeola\u00edoch seo agus d\u00e9anaimis ini\u00fachadh ar chastachta\u00ed ghramada\u00ed na Sl\u00f3iv\u00e9ine c\u00e9im ar ch\u00e9im.<\/p>\n\n\n\n<p>Labhra\u00edonn thart ar 2.5 milli\u00fan duine an tSl\u00f3iv\u00e9inis, ar a dtugtar an tSl\u00f3iv\u00e9inis freisin, den chuid is m\u00f3. Mar theanga Slavach Theas, roinneann s\u00ed roinnt gn\u00e9ithe lena dl\u00fathghaolta, mar shampla an tSeirbis, an Chr\u00f3itis agus an Bhulg\u00e1iris. Mar sin f\u00e9in, t\u00e1 an tSl\u00f3iv\u00e9inis br\u00f3d\u00fail as a twists agus flair uath\u00fala.<\/p>\n\n\n\n<p>Gan a thuilleadh ado, d\u00e9anaimis dul i ngleic leis na pr\u00edomhghn\u00e9ithe de ghramadach na Sl\u00f3iv\u00e9ine:<\/p>\n\n\n\n<h3 class=\"wp-block-heading\" id=\"h-1-nouns-and-cases\">1. Ainmfhocail agus C\u00e1sanna:<\/h3>\n\n\n\n<p>Tagann ainmfhocail na Sl\u00f3iv\u00e9ine i dtr\u00ed inscne &#8211; firinscneach, baininscneach, agus neuter. Is f\u00e9idir gach ainmfhocal a \u00fas\u00e1id i gceann de na s\u00e9 ch\u00e1s <a href=\"https:\/\/talkpal.ai\/learn-slovenian\/\">Sl\u00f3iv\u00e9inis<\/a>: nominative, genitive, dative, accusative, locative, and instrumental. L\u00e9ir\u00edonn na c\u00e1sanna seo feidhmeanna gramada\u00ed n\u00f3 caidrimh \u00e9ags\u00fala idir focail, mar sin t\u00e1 s\u00e9 r\u00edth\u00e1bhachtach a n-\u00fas\u00e1id cheart a fhoghlaim i gcomhth\u00e9acs.<\/p>\n\n\n\n<h3 class=\"wp-block-heading\" id=\"h-2-articles\">2. Airteagail:<\/h3>\n\n\n\n<p>Seo roinnt dea-sc\u00e9ala \u2013 n\u00ed \u00fas\u00e1ideann an tSl\u00f3iv\u00e9inis ailt ar n\u00f3s &#8220;an&#8221; n\u00f3 &#8220;a&#8221;! Ina \u00e1it sin, cuirtear an bhr\u00ed in i\u00fal tr\u00ed \u00fas\u00e1id a bhaint as c\u00e1sanna agus ord focal. D&#8217;fh\u00e9adfadh s\u00e9 seo d&#8217;eisp\u00e9ireas foghlama na Sl\u00f3iv\u00e9ine a dh\u00e9anamh beag\u00e1n n\u00edos \u00e9asca, go h\u00e1irithe mura bhfuil t\u00fa cleachtaithe le teangacha le c\u00f3rais alt casta.<\/p>\n\n\n\n<h3 class=\"wp-block-heading\" id=\"h-3-adjectives\">3. Aidiachta\u00ed:<\/h3>\n\n\n\n<p>D\u00edreach cos\u00fail le hainmfhocail, aonta\u00edonn aidiachta\u00ed sa tSl\u00f3iv\u00e9inis inscne, uimhir, agus c\u00e1s leis an ainmfhocal a mhodhna\u00edonn siad. F\u00e1gann s\u00e9 seo go bhfuil \u00fas\u00e1id aidiachta\u00ed beag\u00e1n n\u00edos casta n\u00e1 sa Bh\u00e9arla, ach n\u00e1 b\u00edodh eagla ort \u2013 le cleachtas, beidh t\u00fa m\u00e1istreacht ar aidiachta\u00ed na Sl\u00f3iv\u00e9ine in am ar bith!<\/p>\n\n\n\n<h3 class=\"wp-block-heading\" id=\"h-4-verbs\">4. Briathra:<\/h3>\n\n\n\n<p>T\u00e1 c\u00f3ras briathar tr\u00ed shraith ag an teanga Shl\u00f3iv\u00e9inis: tr\u00ed ghr\u00fapa comhchuingithe ag brath ar gas an bhriathra a chr\u00edochna\u00edonn san fhoirm infinitive. T\u00e1 aimsir agus gi\u00famar \u00e9ags\u00fala ag briathra na Sl\u00f3iv\u00e9ine freisin, lena n-\u00e1ir\u00edtear an fhoirm dh\u00fabailte uath\u00fail, a \u00fas\u00e1idtear nuair a thagra\u00edtear do dh\u00e1 \u00e1bhar n\u00f3 rud. B\u00ed r\u00e9idh le roinnt <a href=\"https:\/\/talkpal.ai\/locations\/language-courses-in-ama\/\">ama<\/a> a chaitheamh ag foghlaim agus ag cleachtadh conjugations briathar Sl\u00f3iv\u00e9inis chun muin\u00edn a fh\u00e1il i do scileanna teanga.<\/p>\n\n\n\n<h3 class=\"wp-block-heading\" id=\"h-5-word-order\">5. Ord\u00fa Focal:<\/h3>\n\n\n\n<p>Leanann an tSl\u00f3iv\u00e9inis ord focal \u00e1bhar-briathar-r\u00e9ad (SVO), ar ch\u00f3ir go mbeadh aithne ag cainteoir\u00ed <a href=\"https:\/\/talkpal.ai\/learn-english-with-ai\/\">B\u00e9arla<\/a>. Mar sin f\u00e9in, t\u00e1 sol\u00fabthacht \u00e1irithe ag an teanga, rud a ligeann duit b\u00e9im a leagan ar chodanna sonracha den abairt tr\u00ed ord na bhfocal a athr\u00fa. T\u00e1 s\u00e9 riachtanach c\u00e1sanna a \u00fas\u00e1id i gceart chun mearbhall a sheachaint agus an bhr\u00ed at\u00e1 beartaithe a <a href=\"https:\/\/talkpal.ai\/locations\/language-courses-in-chur\/\">chur<\/a> in i\u00fal.<\/p>\n\n\n\n<h3 class=\"wp-block-heading\" id=\"h-6-pronouns-and-prepositions\">6. Forainmneacha agus Prepositions:<\/h3>\n\n\n\n<p>B\u00edonn tionchar ag inscne, uimhir agus c\u00e1s ar fhorainmneacha na Sl\u00f3iv\u00e9ine, cos\u00fail le gn\u00e9ithe eile den teanga. Tagann siad i bhfoirmeacha \u00e9ags\u00fala, mar shampla pearsanta, sealbhach, l\u00e9iritheach agus machnamhach. Cuideoidh dul i dtaith\u00ed ar r\u00e9amhfhocail na Sl\u00f3iv\u00e9ine leat focail agus fr\u00e1sa\u00ed a nascadh chun abairt\u00ed n\u00edos casta a chruth\u00fa.<\/p>\n\n\n\n<p>Mar sin, anois, t\u00e1 tuiscint bhun\u00fasach agat ar ghramadach na Sl\u00f3iv\u00e9ine! Coinnigh i gcuimhne go dteasta\u00edonn d\u00fathracht agus cleachtadh le bheith inni\u00fail in aon teanga. Glac leis na d\u00fashl\u00e1in, agus n\u00e1 b\u00edodh aon leisce ort foghlaim \u00f3 do bhot\u00fain. Cuimhnigh, is turas spreag\u00fail \u00e9 teanga <a href=\"https:\/\/talkpal.ai\/talkpal-new-years-discount\/\">nua<\/a> a fhoghlaim at\u00e1 l\u00e1n le heisp\u00e9iris chuimhneach\u00e1in agus fionnachtana luachmhara. Sre\u010dno!<\/p>\n<\/div><\/div>\n\r\n<section class=\"learnNavigationSection\">\r\n            \r\n        <a href=\"https:\/\/talkpal.ai\/ga\/foghlaim-sloiveinis\/\">\r\n            <div class=\"learnNavigationWrapper\">\r\n                <div class=\"learnNavigationContent\">\r\n                    <img decoding=\"async\" src=\"https:\/\/talkpal.ai\/wp-content\/uploads\/2024\/08\/Slovenian.jpg\" alt=\"Slovenian Flag\">\r\n                    <div>\r\n                        <h4>Maidir le Foghlaim na Sl\u00f3iv\u00e9ine<\/h4>\r\n                        <p>Faigh amach gach rud faoi ghramadach na Sl\u00f3iv\u00e9ine.<\/p>\r\n                    <\/div>\r\n                <\/div>\r\n            <\/div>\r\n        <\/a>\r\n\r\n        \r\n        <a href=\"https:\/\/talkpal.ai\/ga\/cleachtai-gramadai-na-sloiveine\/\">\r\n            <div class=\"learnNavigationWrapper\">\r\n                <div class=\"learnNavigationContent\">\r\n                    <img decoding=\"async\" src=\"https:\/\/talkpal.ai\/wp-content\/uploads\/2024\/08\/Slovenian.jpg\" alt=\"Slovenian Flag\">\r\n                    <div>\r\n                        <h4>Cleachtadh Gramada\u00ed na Sl\u00f3iv\u00e9ine<\/h4>\r\n                        <p>Cleachtadh gramadach na Sl\u00f3iv\u00e9ine.<\/p>\r\n                    <\/div>\r\n                <\/div>\r\n            <\/div>\r\n        <\/a>\r\n\r\n        \r\n        <a href=\"https:\/\/talkpal.ai\/vocabulary_language\/slovenian\/\">\r\n            <div class=\"learnNavigationWrapper\">\r\n                <div class=\"learnNavigationContent\">\r\n                    <img decoding=\"async\" src=\"https:\/\/talkpal.ai\/wp-content\/uploads\/2024\/08\/Slovenian.jpg\" alt=\"Slovenian Flag\">\r\n                    <div>\r\n                        <h4>St\u00f3r Focal na Sl\u00f3iv\u00e9ine<\/h4>\r\n                        <p>Leathnaigh do st\u00f3r focal Sl\u00f3iv\u00e9inis.<\/p>\r\n                    <\/div>\r\n                <\/div>\r\n            <\/div>\r\n        <\/a>\r\n\r\n            <\/section>","protected":false},"excerpt":{"rendered":"<p>Gramadach na Sl\u00f3iv\u00e9ine: R\u00e9amhr\u00e1 Gairid do Lovers Teanga An bhfuil t\u00fa r\u00e9idh chun tumadh isteach i saol dra\u00edocht\u00fail na Sl\u00f3iv\u00e9ine, teanga n\u00e9al Slavach? T\u00e1 t\u00fa i do ch\u00f3ire\u00e1il! Tabharfaidh an treoir ghearr seo l\u00e9argas duit ar ghramadach na Sl\u00f3iv\u00e9ine, at\u00e1 riachtanach chun an teanga mhealltach seo a thuiscint agus a mh\u00e1istir. Mar sin, d\u00e9anaimis dul [&hellip;]<\/p>\n","protected":false},"author":1,"featured_media":1444721,"parent":0,"menu_order":0,"comment_status":"closed","ping_status":"closed","template":"LearningContentPage.php","meta":{"_acf_changed":false,"footnotes":""},"class_list":["post-1446680","page","type-page","status-publish","has-post-thumbnail","hentry"],"acf":[],"yoast_head":"<!-- This site is optimized with the Yoast SEO Premium plugin v27.2 (Yoast SEO v27.2) - https:\/\/yoast.com\/product\/yoast-seo-premium-wordpress\/ -->\n<title>Gramadach na Sl\u00f3iv\u00e9ine - Talkpal<\/title>\n<meta name=\"description\" content=\"D\u00e9an ini\u00fachadh ar intricacies Ghramada\u00ed na Sl\u00f3iv\u00e9ine chun scileanna agus tuiscint teanga n\u00edos fearr a fh\u00e1il. M\u00e1istreacht ar eala\u00edn na gramada\u00ed sa l\u00e1 at\u00e1 inniu ann.\" \/>\n<meta name=\"robots\" content=\"index, follow, max-snippet:-1, max-image-preview:large, max-video-preview:-1\" \/>\n<link rel=\"canonical\" href=\"https:\/\/talkpal.ai\/ga\/gramadach-na-sloiveine\/\" \/>\n<meta property=\"og:locale\" content=\"ga_IE\" \/>\n<meta property=\"og:type\" content=\"article\" \/>\n<meta property=\"og:title\" content=\"Gramadach na Sl\u00f3iv\u00e9ine\" \/>\n<meta property=\"og:description\" content=\"Gramadach na Sl\u00f3iv\u00e9ine: R\u00e9amhr\u00e1 Gairid do Lovers Teanga An bhfuil t\u00fa r\u00e9idh chun tumadh isteach i saol dra\u00edocht\u00fail na Sl\u00f3iv\u00e9ine, teanga n\u00e9al Slavach? T\u00e1 t\u00fa\" \/>\n<meta property=\"og:url\" content=\"https:\/\/talkpal.ai\/ga\/gramadach-na-sloiveine\/\" \/>\n<meta property=\"og:site_name\" content=\"Talkpal\" \/>\n<meta property=\"article:publisher\" content=\"https:\/\/www.facebook.com\/profile.php?id=100090733639311\" \/>\n<meta property=\"article:modified_time\" content=\"2025-12-12T11:15:36+00:00\" \/>\n<meta property=\"og:image\" content=\"https:\/\/talkpal.ai\/wp-content\/uploads\/2023\/05\/slovenia.png\" \/>\n\t<meta property=\"og:image:width\" content=\"512\" \/>\n\t<meta property=\"og:image:height\" content=\"512\" \/>\n\t<meta property=\"og:image:type\" content=\"image\/png\" \/>\n<meta name=\"twitter:card\" content=\"summary_large_image\" \/>\n<meta name=\"twitter:site\" content=\"@talkpalai\" \/>\n<meta name=\"twitter:label1\" content=\"Est. reading time\" \/>\n\t<meta name=\"twitter:data1\" content=\"3 minutes\" \/>\n<script type=\"application\/ld+json\" class=\"yoast-schema-graph\">{\"@context\":\"https:\/\/schema.org\",\"@graph\":[{\"@type\":\"WebPage\",\"@id\":\"https:\/\/talkpal.ai\/ga\/gramadach-na-sloiveine\/\",\"url\":\"https:\/\/talkpal.ai\/ga\/gramadach-na-sloiveine\/\",\"name\":\"Gramadach na Sl\u00f3iv\u00e9ine - Talkpal\",\"isPartOf\":{\"@id\":\"https:\/\/talkpal.ai\/ga\/#website\"},\"primaryImageOfPage\":{\"@id\":\"https:\/\/talkpal.ai\/ga\/gramadach-na-sloiveine\/#primaryimage\"},\"image\":{\"@id\":\"https:\/\/talkpal.ai\/ga\/gramadach-na-sloiveine\/#primaryimage\"},\"thumbnailUrl\":\"https:\/\/talkpal.ai\/wp-content\/uploads\/2023\/05\/slovenia.png\",\"datePublished\":\"2023-05-14T14:20:10+00:00\",\"dateModified\":\"2025-12-12T11:15:36+00:00\",\"description\":\"D\u00e9an ini\u00fachadh ar intricacies Ghramada\u00ed na Sl\u00f3iv\u00e9ine chun scileanna agus tuiscint teanga n\u00edos fearr a fh\u00e1il. M\u00e1istreacht ar eala\u00edn na gramada\u00ed sa l\u00e1 at\u00e1 inniu ann.\",\"breadcrumb\":{\"@id\":\"https:\/\/talkpal.ai\/ga\/gramadach-na-sloiveine\/#breadcrumb\"},\"inLanguage\":\"ga-IE\",\"potentialAction\":[{\"@type\":\"ReadAction\",\"target\":[\"https:\/\/talkpal.ai\/ga\/gramadach-na-sloiveine\/\"]}]},{\"@type\":\"ImageObject\",\"inLanguage\":\"ga-IE\",\"@id\":\"https:\/\/talkpal.ai\/ga\/gramadach-na-sloiveine\/#primaryimage\",\"url\":\"https:\/\/talkpal.ai\/wp-content\/uploads\/2023\/05\/slovenia.png\",\"contentUrl\":\"https:\/\/talkpal.ai\/wp-content\/uploads\/2023\/05\/slovenia.png\",\"width\":512,\"height\":512,\"caption\":\"TalkPal Slovenia Flag\"},{\"@type\":\"BreadcrumbList\",\"@id\":\"https:\/\/talkpal.ai\/ga\/gramadach-na-sloiveine\/#breadcrumb\",\"itemListElement\":[{\"@type\":\"ListItem\",\"position\":1,\"name\":\"Homepage\",\"item\":\"https:\/\/talkpal.ai\/ga\/\"},{\"@type\":\"ListItem\",\"position\":2,\"name\":\"Gramadach na Sl\u00f3iv\u00e9ine\"}]},{\"@type\":\"WebSite\",\"@id\":\"https:\/\/talkpal.ai\/ga\/#website\",\"url\":\"https:\/\/talkpal.ai\/ga\/\",\"name\":\"Talkpal\",\"description\":\"AI Language Learning\",\"publisher\":{\"@id\":\"https:\/\/talkpal.ai\/ga\/#organization\"},\"alternateName\":\"Talkpal AI\",\"potentialAction\":[{\"@type\":\"SearchAction\",\"target\":{\"@type\":\"EntryPoint\",\"urlTemplate\":\"https:\/\/talkpal.ai\/ga\/?s={search_term_string}\"},\"query-input\":{\"@type\":\"PropertyValueSpecification\",\"valueRequired\":true,\"valueName\":\"search_term_string\"}}],\"inLanguage\":\"ga-IE\"},{\"@type\":\"Organization\",\"@id\":\"https:\/\/talkpal.ai\/ga\/#organization\",\"name\":\"Talkpal, Inc.\",\"alternateName\":\"Talkpal AI\",\"url\":\"https:\/\/talkpal.ai\/ga\/\",\"logo\":{\"@type\":\"ImageObject\",\"inLanguage\":\"ga-IE\",\"@id\":\"https:\/\/talkpal.ai\/ga\/#\/schema\/logo\/image\/\",\"url\":\"https:\/\/talkpal.ai\/wp-content\/uploads\/2024\/03\/Talkpal-Logo-Icon.png\",\"contentUrl\":\"https:\/\/talkpal.ai\/wp-content\/uploads\/2024\/03\/Talkpal-Logo-Icon.png\",\"width\":2880,\"height\":2880,\"caption\":\"Talkpal, Inc.\"},\"image\":{\"@id\":\"https:\/\/talkpal.ai\/ga\/#\/schema\/logo\/image\/\"},\"sameAs\":[\"https:\/\/www.facebook.com\/profile.php?id=100090733639311\",\"https:\/\/x.com\/talkpalai\",\"https:\/\/www.linkedin.com\/company\/talkpal\/\",\"https:\/\/www.youtube.com\/@TalkPal\/\",\"https:\/\/www.tiktok.com\/@talkpal\",\"https:\/\/www.instagram.com\/talkpal_ai\/\",\"https:\/\/www.crunchbase.com\/organization\/talkpal-9cde\",\"https:\/\/www.g2.com\/products\/talkpal-for-business\/\",\"https:\/\/www.trustpilot.com\/review\/talkpal.ai\",\"https:\/\/www.capterra.com\/p\/10006800\/TalkPal\/\"],\"description\":\"Talkpal is a language learning web and mobile education app, powered by the latest AI technologies, that provides engaging experiences to its customers in many different languages to help them improve their language skills. Users can chat about unlimited amount of topics with the app and use other modes to practice their language learning.\",\"email\":\"support@talkpal.ai\",\"legalName\":\"Talkpal, Inc.\",\"foundingDate\":\"2023-04-03\",\"duns\":\"118989042\",\"numberOfEmployees\":{\"@type\":\"QuantitativeValue\",\"minValue\":\"11\",\"maxValue\":\"50\"},\"publishingPrinciples\":\"https:\/\/talkpal.ai\/publishing-principles\/\",\"actionableFeedbackPolicy\":\"https:\/\/talkpal.ai\/actionable-feedback-policy\/\",\"correctionsPolicy\":\"https:\/\/talkpal.ai\/corrections-policy\/\",\"ethicsPolicy\":\"https:\/\/talkpal.ai\/ethics-policy\/\",\"diversityPolicy\":\"https:\/\/talkpal.ai\/diversity-policy\/\",\"diversityStaffingReport\":\"https:\/\/talkpal.ai\/diversity-policy\/\"}]}<\/script>\n<!-- \/ Yoast SEO Premium plugin. -->","yoast_head_json":{"title":"Gramadach na Sl\u00f3iv\u00e9ine - Talkpal","description":"D\u00e9an ini\u00fachadh ar intricacies Ghramada\u00ed na Sl\u00f3iv\u00e9ine chun scileanna agus tuiscint teanga n\u00edos fearr a fh\u00e1il. M\u00e1istreacht ar eala\u00edn na gramada\u00ed sa l\u00e1 at\u00e1 inniu ann.","robots":{"index":"index","follow":"follow","max-snippet":"max-snippet:-1","max-image-preview":"max-image-preview:large","max-video-preview":"max-video-preview:-1"},"canonical":"https:\/\/talkpal.ai\/ga\/gramadach-na-sloiveine\/","og_locale":"ga_IE","og_type":"article","og_title":"Gramadach na Sl\u00f3iv\u00e9ine","og_description":"Gramadach na Sl\u00f3iv\u00e9ine: R\u00e9amhr\u00e1 Gairid do Lovers Teanga An bhfuil t\u00fa r\u00e9idh chun tumadh isteach i saol dra\u00edocht\u00fail na Sl\u00f3iv\u00e9ine, teanga n\u00e9al Slavach? T\u00e1 t\u00fa","og_url":"https:\/\/talkpal.ai\/ga\/gramadach-na-sloiveine\/","og_site_name":"Talkpal","article_publisher":"https:\/\/www.facebook.com\/profile.php?id=100090733639311","article_modified_time":"2025-12-12T11:15:36+00:00","og_image":[{"width":512,"height":512,"url":"https:\/\/talkpal.ai\/wp-content\/uploads\/2023\/05\/slovenia.png","type":"image\/png"}],"twitter_card":"summary_large_image","twitter_site":"@talkpalai","twitter_misc":{"Est. reading time":"3 minutes"},"schema":{"@context":"https:\/\/schema.org","@graph":[{"@type":"WebPage","@id":"https:\/\/talkpal.ai\/ga\/gramadach-na-sloiveine\/","url":"https:\/\/talkpal.ai\/ga\/gramadach-na-sloiveine\/","name":"Gramadach na Sl\u00f3iv\u00e9ine - Talkpal","isPartOf":{"@id":"https:\/\/talkpal.ai\/ga\/#website"},"primaryImageOfPage":{"@id":"https:\/\/talkpal.ai\/ga\/gramadach-na-sloiveine\/#primaryimage"},"image":{"@id":"https:\/\/talkpal.ai\/ga\/gramadach-na-sloiveine\/#primaryimage"},"thumbnailUrl":"https:\/\/talkpal.ai\/wp-content\/uploads\/2023\/05\/slovenia.png","datePublished":"2023-05-14T14:20:10+00:00","dateModified":"2025-12-12T11:15:36+00:00","description":"D\u00e9an ini\u00fachadh ar intricacies Ghramada\u00ed na Sl\u00f3iv\u00e9ine chun scileanna agus tuiscint teanga n\u00edos fearr a fh\u00e1il. M\u00e1istreacht ar eala\u00edn na gramada\u00ed sa l\u00e1 at\u00e1 inniu ann.","breadcrumb":{"@id":"https:\/\/talkpal.ai\/ga\/gramadach-na-sloiveine\/#breadcrumb"},"inLanguage":"ga-IE","potentialAction":[{"@type":"ReadAction","target":["https:\/\/talkpal.ai\/ga\/gramadach-na-sloiveine\/"]}]},{"@type":"ImageObject","inLanguage":"ga-IE","@id":"https:\/\/talkpal.ai\/ga\/gramadach-na-sloiveine\/#primaryimage","url":"https:\/\/talkpal.ai\/wp-content\/uploads\/2023\/05\/slovenia.png","contentUrl":"https:\/\/talkpal.ai\/wp-content\/uploads\/2023\/05\/slovenia.png","width":512,"height":512,"caption":"TalkPal Slovenia Flag"},{"@type":"BreadcrumbList","@id":"https:\/\/talkpal.ai\/ga\/gramadach-na-sloiveine\/#breadcrumb","itemListElement":[{"@type":"ListItem","position":1,"name":"Homepage","item":"https:\/\/talkpal.ai\/ga\/"},{"@type":"ListItem","position":2,"name":"Gramadach na Sl\u00f3iv\u00e9ine"}]},{"@type":"WebSite","@id":"https:\/\/talkpal.ai\/ga\/#website","url":"https:\/\/talkpal.ai\/ga\/","name":"Talkpal","description":"AI Language Learning","publisher":{"@id":"https:\/\/talkpal.ai\/ga\/#organization"},"alternateName":"Talkpal AI","potentialAction":[{"@type":"SearchAction","target":{"@type":"EntryPoint","urlTemplate":"https:\/\/talkpal.ai\/ga\/?s={search_term_string}"},"query-input":{"@type":"PropertyValueSpecification","valueRequired":true,"valueName":"search_term_string"}}],"inLanguage":"ga-IE"},{"@type":"Organization","@id":"https:\/\/talkpal.ai\/ga\/#organization","name":"Talkpal, Inc.","alternateName":"Talkpal AI","url":"https:\/\/talkpal.ai\/ga\/","logo":{"@type":"ImageObject","inLanguage":"ga-IE","@id":"https:\/\/talkpal.ai\/ga\/#\/schema\/logo\/image\/","url":"https:\/\/talkpal.ai\/wp-content\/uploads\/2024\/03\/Talkpal-Logo-Icon.png","contentUrl":"https:\/\/talkpal.ai\/wp-content\/uploads\/2024\/03\/Talkpal-Logo-Icon.png","width":2880,"height":2880,"caption":"Talkpal, Inc."},"image":{"@id":"https:\/\/talkpal.ai\/ga\/#\/schema\/logo\/image\/"},"sameAs":["https:\/\/www.facebook.com\/profile.php?id=100090733639311","https:\/\/x.com\/talkpalai","https:\/\/www.linkedin.com\/company\/talkpal\/","https:\/\/www.youtube.com\/@TalkPal\/","https:\/\/www.tiktok.com\/@talkpal","https:\/\/www.instagram.com\/talkpal_ai\/","https:\/\/www.crunchbase.com\/organization\/talkpal-9cde","https:\/\/www.g2.com\/products\/talkpal-for-business\/","https:\/\/www.trustpilot.com\/review\/talkpal.ai","https:\/\/www.capterra.com\/p\/10006800\/TalkPal\/"],"description":"Talkpal is a language learning web and mobile education app, powered by the latest AI technologies, that provides engaging experiences to its customers in many different languages to help them improve their language skills. Users can chat about unlimited amount of topics with the app and use other modes to practice their language learning.","email":"support@talkpal.ai","legalName":"Talkpal, Inc.","foundingDate":"2023-04-03","duns":"118989042","numberOfEmployees":{"@type":"QuantitativeValue","minValue":"11","maxValue":"50"},"publishingPrinciples":"https:\/\/talkpal.ai\/publishing-principles\/","actionableFeedbackPolicy":"https:\/\/talkpal.ai\/actionable-feedback-policy\/","correctionsPolicy":"https:\/\/talkpal.ai\/corrections-policy\/","ethicsPolicy":"https:\/\/talkpal.ai\/ethics-policy\/","diversityPolicy":"https:\/\/talkpal.ai\/diversity-policy\/","diversityStaffingReport":"https:\/\/talkpal.ai\/diversity-policy\/"}]}},"_links":{"self":[{"href":"https:\/\/talkpal.ai\/ga\/wp-json\/wp\/v2\/pages\/1446680","targetHints":{"allow":["GET"]}}],"collection":[{"href":"https:\/\/talkpal.ai\/ga\/wp-json\/wp\/v2\/pages"}],"about":[{"href":"https:\/\/talkpal.ai\/ga\/wp-json\/wp\/v2\/types\/page"}],"author":[{"embeddable":true,"href":"https:\/\/talkpal.ai\/ga\/wp-json\/wp\/v2\/users\/1"}],"replies":[{"embeddable":true,"href":"https:\/\/talkpal.ai\/ga\/wp-json\/wp\/v2\/comments?post=1446680"}],"version-history":[{"count":0,"href":"https:\/\/talkpal.ai\/ga\/wp-json\/wp\/v2\/pages\/1446680\/revisions"}],"wp:featuredmedia":[{"embeddable":true,"href":"https:\/\/talkpal.ai\/ga\/wp-json\/wp\/v2\/media\/1444721"}],"wp:attachment":[{"href":"https:\/\/talkpal.ai\/ga\/wp-json\/wp\/v2\/media?parent=1446680"}],"curies":[{"name":"wp","href":"https:\/\/api.w.org\/{rel}","templated":true}]}}