{"id":1446562,"date":"2023-06-16T10:42:00","date_gmt":"2023-06-16T10:42:00","guid":{"rendered":"https:\/\/talkpal.ai\/cleachtai-gramadai-na-portaingeile\/"},"modified":"2025-12-17T16:17:12","modified_gmt":"2025-12-17T16:17:12","slug":"cleachtai-gramadai-na-portaingeile","status":"publish","type":"page","link":"https:\/\/talkpal.ai\/ga\/cleachtai-gramadai-na-portaingeile\/","title":{"rendered":"Cleachta\u00ed Gramada\u00ed na Portaing\u00e9ile"},"content":{"rendered":"\r\n\r\n\r\n<section class=\"languageChallengeSection\">\r\n    <div class=\"languageInfoWrapper\">\r\n        \r\n        <h1>Cleachta\u00ed Gramada\u00ed na Portaing\u00e9ile<\/h1>\r\n        <p>Fonn ort do chuid scileanna Portaing\u00e9ilis a neart\u00fa? L\u00e9im isteach i gcleachtas gramada\u00ed chun m\u00e1istreacht a dh\u00e9anamh ar strucht\u00far abairte, conjugations briathra, agus patr\u00fain uath\u00fala na teanga Portaing\u00e9ilise. Tosaigh ag cleachtadh <a href=\"https:\/\/talkpal.ai\/ga\/cleachtai-gramadai-na-hisiltire\/\">gramada\u00ed na<\/a> Portaing\u00e9ile anois agus f\u00e9ach go bhf\u00e1sann do mhuin\u00edn agus do l\u00edofacht le gach cleachtadh!<\/p>\r\n\r\n                            <a class=\"getStartedHidden\" href=\"https:\/\/app.talkpal.ai\/signup?lng=\">Tosaigh<\/a>\r\n        \r\n    <\/div>\r\n\r\n    <figure>\r\n    <img decoding=\"async\" width=\"768\" height=\"768\" src=\"https:\/\/talkpal.ai\/wp-content\/uploads\/2023\/06\/portuguese-768x768.png\" class=\"languageImage no-lazy\" alt=\"Language learning for broader world view\" fetchpriority=\"high\" sizes=\"(max-width: 768px) 150px, 768px\" srcset=\"https:\/\/talkpal.ai\/wp-content\/uploads\/2023\/06\/portuguese-768x768.png 768w, https:\/\/talkpal.ai\/wp-content\/uploads\/2023\/06\/portuguese-300x300.png 300w\" \/>\r\n    \r\n\r\n    <\/figure>\r\n\r\n            <a class=\"getStartedVisible\" href=\"https:\/\/app.talkpal.ai\/signup?lng=\">Tosaigh<\/a>\r\n    \r\n<\/section>\r\n\r\n\r\n<!-- <section class=\"grammarSection\">\r\n    <div class=\"grammarLinks\">\r\n            <\/div>\r\n<\/section> -->\r\n\r\n\r\n\r\n\r\n<section class=\"promotionalBanner\">\r\n    <p class=\"promotionalText\">An bealach is \u00e9ifeachta\u00ed le teanga a fhoghlaim<\/p>\r\n    <a class=\"promotionalLink\" href=\"https:\/\/app.talkpal.ai\/signup?lng=\">Bain triail as Talkpal saor in aisce<\/a>\r\n<\/section>\n<div class=\"wp-block-group pageContainerStyle\"><div class=\"wp-block-group__inner-container is-layout-constrained wp-block-group-is-layout-constrained\">\n<h2 class=\"wp-block-heading\" id=\"h-portuguese-grammar-topics\">Topaic\u00ed Gramada\u00ed na Portaing\u00e9ile<\/h2>\n\n\n\n<p>Is f\u00e9idir le teanga <a href=\"https:\/\/talkpal.ai\/talkpal-new-years-discount\/\">nua<\/a> a fhoghlaim a bheith ina eisp\u00e9ireas spreag\u00fail agus luachmhar, agus n\u00ed haon eisceacht \u00ed an Phortaing\u00e9ilis. Mar an s\u00e9\u00fa teanga is m\u00f3 a labhra\u00edtear ar domhan, cuireann s\u00ed go leor deiseanna ar f\u00e1il d&#8217;fh\u00e1s pearsanta agus gairmi\u00fail. Is f\u00e9idir le tuiscint agus m\u00e1istreacht a dh\u00e9anamh ar a intricacies teanga agus <a href=\"https:\/\/talkpal.ai\/grammar\/\">gramadach<\/a> doirse a oscailt d&#8217;eisp\u00e9iris chult\u00fartha shaibhir i dt\u00edortha mar an Phortaing\u00e9il, an Bhrasa\u00edl, agus n\u00e1isi\u00fain \u00e9ags\u00fala na hAfraice. Chun do thuras isteach i saol na Portaing\u00e9ile a \u00e9asc\u00fa, tugann an treoir seo breac-chuntas ar sheicheamh na n-\u00e1bhar gramada\u00ed ba ch\u00f3ir duit a lean\u00faint, ag cinnti\u00fa go dt\u00f3gann t\u00fa bun\u00fas l\u00e1idir agus go dt\u00e9ann t\u00fa chun cinn ar luas compordach.<\/p>\n\n\n\n<h3 class=\"wp-block-heading\" id=\"h-1-articles\">1. Airteagail:<\/h3>\n\n\n\n<p>Tosaigh le foghlaim ailt chinnte agus \u00e9iginnte, at\u00e1 ina mbloic th\u00f3g\u00e1la riachtanacha don teanga. Sol\u00e1thra\u00edonn siad seo creatlach chun inscne agus l\u00edon na n-ainmfhocal in abairt\u00ed a thuiscint.<\/p>\n\n\n\n<h3 class=\"wp-block-heading\" id=\"h-2-nouns\">2. Ainmfhocail:<\/h3>\n\n\n\n<p>Cuir eolas ar ainmfhocail na Portaing\u00e9ile, lena n-\u00e1ir\u00edtear a n-inscne (firinscneach n\u00f3 baininscneach) agus a n-uimhir (uatha n\u00f3 iolra). Beidh an t-eolas seo r\u00edth\u00e1bhachtach chun abairt\u00ed comhlean\u00fanacha agus comhaontuithe a chruth\u00fa le heilimint\u00ed eile, mar shampla aidiachta\u00ed.<\/p>\n\n\n\n<h3 class=\"wp-block-heading\" id=\"h-3-adjectives\">3. Aidiachta\u00ed:<\/h3>\n\n\n\n<p>Foghlaim conas cur s\u00edos a dh\u00e9anamh ar ainmfhocail ag baint \u00fas\u00e1ide as aidiachta\u00ed, a chaithfidh aont\u00fa leis an ainmfhocal in inscne, agus uimhir. Feabhs\u00f3idh s\u00e9 seo do chumas smaointe a <a href=\"https:\/\/talkpal.ai\/locations\/language-courses-in-chur\/\">chur<\/a> in i\u00fal agus cur s\u00edos a dh\u00e9anamh ar ruda\u00ed n\u00f3 ar dhaoine i bPortaing\u00e9ilis.<\/p>\n\n\n\n<h3 class=\"wp-block-heading\" id=\"h-4-pronouns\">4. Forainmneacha:<\/h3>\n\n\n\n<p>L\u00e9im isteach i saol na bhforainmneacha, lena n-\u00e1ir\u00edtear forainmneacha pearsanta, sealbhacha, taispe\u00e1ntacha agus coibhneasta. Tagann siad in ionad ainmfhocail in abairt\u00ed agus cabhra\u00edonn siad le hathr\u00e1 gan gh\u00e1 a sheachaint.<\/p>\n\n\n\n<h3 class=\"wp-block-heading\" id=\"h-5-verbs\">5. Briathra:<\/h3>\n\n\n\n<p>Tuiscint a fh\u00e1il ar na conjugations briathar \u00e9ags\u00fala sa Phortaing\u00e9ilis, at\u00e1 riachtanach chun gn\u00edomhartha, imeachta\u00ed agus st\u00e1it a chur in i\u00fal. Tosaigh le briathra rialta, agus ansin bog ar aghaidh go briathra neamhrialta agus a gcuid comhchuingithe \u00e9ags\u00fala.<\/p>\n\n\n\n<h3 class=\"wp-block-heading\" id=\"h-6-tenses-indicative\">6. Aimsir T\u00e1scach:<\/h3>\n\n\n\n<p>Foghlaim an gi\u00famar t\u00e1scach, a \u00fas\u00e1idtear chun f\u00edric\u00ed n\u00f3 cinnteacht a chur in i\u00fal. \u00c1ir\u00edtear leis seo tuiscint a fh\u00e1il ar na aimsir\u00ed \u00e9ags\u00fala mar an l\u00e1 at\u00e1 inniu ann, san am at\u00e1 caite, agus sa todhcha\u00ed, chomh maith lena gcomhchuingithe do chine\u00e1lacha \u00e9ags\u00fala briathra.<\/p>\n\n\n\n<h3 class=\"wp-block-heading\" id=\"h-7-tenses-subjunctive\">7. Aimsir Subjunctive:<\/h3>\n\n\n\n<p>D\u00e9an dul i ngleic leis an gi\u00famar subjunctive, a chuireann amhras, f\u00e9idearthacht n\u00f3 \u00e9iginnteacht in i\u00fal. \u00c1ir\u00edtear leis seo foghlaim na n-aimsir subjunctive l\u00e1ithreach, san am at\u00e1 caite agus sa todhcha\u00ed, agus a gcomhchuingithe faoi seach.<\/p>\n\n\n\n<h3 class=\"wp-block-heading\" id=\"h-8-tense-comparison\">8. Compar\u00e1id aimsire:<\/h3>\n\n\n\n<p>D\u00e9an staid\u00e9ar ar conas na haimsir\u00ed \u00e9ags\u00fala a chur i gcompar\u00e1id agus i gcodarsnacht leis an gi\u00famar t\u00e1scach agus subjunctive araon. Cabhr\u00f3idh s\u00e9 seo leat an aimsir chu\u00ed a roghn\u00fa do chomhth\u00e9acsanna agus c\u00e1sanna \u00e9ags\u00fala.<\/p>\n\n\n\n<h3 class=\"wp-block-heading\" id=\"h-9-adverbs\">9. Adverbs:<\/h3>\n\n\n\n<p>Foghlaim faoi adverbs, a mhodhna\u00edonn briathra, aidiachta\u00ed, n\u00f3 adverbs eile, ag sol\u00e1thar faisn\u00e9ise breise faoi bhealach, \u00e1it n\u00f3 am gn\u00edomha\u00edochta.<\/p>\n\n\n\n<h3 class=\"wp-block-heading\" id=\"h-10-prepositions\">10. Prepositions:<\/h3>\n\n\n\n<p>Cuir eolas ar \u00fas\u00e1id r\u00e9amhfhocail, a bhuna\u00edonn caidrimh idir focail in abairt, mar shampla su\u00edomh, treo, am, n\u00f3 cusp\u00f3ir.<\/p>\n\n\n\n<h3 class=\"wp-block-heading\" id=\"h-11-sentence-structure\">11. Strucht\u00far na habairte:<\/h3>\n\n\n\n<p>Ar deireadh, tuiscint a fh\u00e1il ar strucht\u00far bun\u00fasach na habairt\u00ed sa Phortaing\u00e9ilis, lena n-\u00e1ir\u00edtear ord focal, s\u00e9anadh, agus ceisteanna a fhoirmi\u00fa. Cuirfidh s\u00e9 seo ar do chumas abairt\u00ed br\u00ed agus gramada\u00ed a th\u00f3g\u00e1il, rud a ligfidh cumars\u00e1id \u00e9ifeachtach sa Phortaing\u00e9ilis.<\/p>\n<\/div><\/div>\n\r\n<section class=\"learnNavigationSection\">\r\n            \r\n        <a href=\"https:\/\/talkpal.ai\/ga\/foghlaim-portaingeilis\/\">\r\n            <div class=\"learnNavigationWrapper\">\r\n                <div class=\"learnNavigationContent\">\r\n                    <img decoding=\"async\" src=\"https:\/\/talkpal.ai\/wp-content\/uploads\/2024\/08\/Portuguese.jpg\" alt=\"Portuguese Flag\">\r\n                    <div>\r\n                        <h4>Maidir le Foghlaim na Portaing\u00e9ile<\/h4>\r\n                        <p>Faigh amach gach rud faoi ghramadach na Portaing\u00e9ile.<\/p>\r\n                    <\/div>\r\n                <\/div>\r\n            <\/div>\r\n        <\/a>\r\n\r\n        \r\n        <a href=\"https:\/\/talkpal.ai\/ga\/gramadach-na-portaingeile\/\">\r\n            <div class=\"learnNavigationWrapper\">\r\n                <div class=\"learnNavigationContent\">\r\n                    <img decoding=\"async\" src=\"https:\/\/talkpal.ai\/wp-content\/uploads\/2024\/08\/Portuguese.jpg\" alt=\"Portuguese Flag\">\r\n                    <div>\r\n                        <h4>Ceachtanna Gramada\u00ed na Portaing\u00e9ile<\/h4>\r\n                        <p>Cleachtadh gramadach na Portaing\u00e9ile.<\/p>\r\n                    <\/div>\r\n                <\/div>\r\n            <\/div>\r\n        <\/a>\r\n\r\n        \r\n        <a href=\"https:\/\/talkpal.ai\/vocabulary_language\/portuguese\/\">\r\n            <div class=\"learnNavigationWrapper\">\r\n                <div class=\"learnNavigationContent\">\r\n                    <img decoding=\"async\" src=\"https:\/\/talkpal.ai\/wp-content\/uploads\/2024\/08\/Portuguese.jpg\" alt=\"Portuguese Flag\">\r\n                    <div>\r\n                        <h4>St\u00f3r Focal na Portaing\u00e9ile<\/h4>\r\n                        <p>Leathnaigh do st\u00f3r focal Portaing\u00e9ilis.<\/p>\r\n                    <\/div>\r\n                <\/div>\r\n            <\/div>\r\n        <\/a>\r\n\r\n            <\/section>","protected":false},"excerpt":{"rendered":"<p>Topaic\u00ed Gramada\u00ed na Portaing\u00e9ile Is f\u00e9idir le teanga nua a fhoghlaim a bheith ina eisp\u00e9ireas spreag\u00fail agus luachmhar, agus n\u00ed haon eisceacht \u00ed an Phortaing\u00e9ilis. Mar an s\u00e9\u00fa teanga is m\u00f3 a labhra\u00edtear ar domhan, cuireann s\u00ed go leor deiseanna ar f\u00e1il d&#8217;fh\u00e1s pearsanta agus gairmi\u00fail. Is f\u00e9idir le tuiscint agus m\u00e1istreacht a dh\u00e9anamh ar [&hellip;]<\/p>\n","protected":false},"author":6,"featured_media":1439943,"parent":0,"menu_order":0,"comment_status":"closed","ping_status":"closed","template":"LearningContentPage.php","meta":{"_acf_changed":false,"footnotes":""},"class_list":["post-1446562","page","type-page","status-publish","has-post-thumbnail","hentry"],"acf":[],"yoast_head":"<!-- This site is optimized with the Yoast SEO Premium plugin v27.2 (Yoast SEO v27.2) - https:\/\/yoast.com\/product\/yoast-seo-premium-wordpress\/ -->\n<title>Cleachta\u00ed Gramada\u00ed na Portaing\u00e9ile - Talkpal<\/title>\n<meta name=\"description\" content=\"Neartaigh do scileanna gramada\u00ed Portaing\u00e9ilis le cleachta\u00ed idirghn\u00edomhacha at\u00e1 deartha do gach leibh\u00e9al.\" \/>\n<meta name=\"robots\" content=\"index, follow, max-snippet:-1, max-image-preview:large, max-video-preview:-1\" \/>\n<link rel=\"canonical\" href=\"https:\/\/talkpal.ai\/ga\/cleachtai-gramadai-na-portaingeile\/\" \/>\n<meta property=\"og:locale\" content=\"ga_IE\" \/>\n<meta property=\"og:type\" content=\"article\" \/>\n<meta property=\"og:title\" content=\"Cleachta\u00ed Gramada\u00ed na Portaing\u00e9ile\" \/>\n<meta property=\"og:description\" content=\"Topaic\u00ed Gramada\u00ed na Portaing\u00e9ile Is f\u00e9idir le teanga nua a fhoghlaim a bheith ina eisp\u00e9ireas spreag\u00fail agus luachmhar, agus n\u00ed haon eisceacht \u00ed an\" \/>\n<meta property=\"og:url\" content=\"https:\/\/talkpal.ai\/ga\/cleachtai-gramadai-na-portaingeile\/\" \/>\n<meta property=\"og:site_name\" content=\"Talkpal\" \/>\n<meta property=\"article:publisher\" content=\"https:\/\/www.facebook.com\/profile.php?id=100090733639311\" \/>\n<meta property=\"article:modified_time\" content=\"2025-12-17T16:17:12+00:00\" \/>\n<meta property=\"og:image\" content=\"https:\/\/talkpal.ai\/wp-content\/uploads\/2023\/04\/portugal.png\" \/>\n\t<meta property=\"og:image:width\" content=\"512\" \/>\n\t<meta property=\"og:image:height\" content=\"512\" \/>\n\t<meta property=\"og:image:type\" content=\"image\/png\" \/>\n<meta name=\"twitter:card\" content=\"summary_large_image\" \/>\n<meta name=\"twitter:site\" content=\"@talkpalai\" \/>\n<meta name=\"twitter:label1\" content=\"Est. reading time\" \/>\n\t<meta name=\"twitter:data1\" content=\"3 minutes\" \/>\n<script type=\"application\/ld+json\" class=\"yoast-schema-graph\">{\"@context\":\"https:\/\/schema.org\",\"@graph\":[{\"@type\":\"WebPage\",\"@id\":\"https:\/\/talkpal.ai\/ga\/cleachtai-gramadai-na-portaingeile\/\",\"url\":\"https:\/\/talkpal.ai\/ga\/cleachtai-gramadai-na-portaingeile\/\",\"name\":\"Cleachta\u00ed Gramada\u00ed na Portaing\u00e9ile - Talkpal\",\"isPartOf\":{\"@id\":\"https:\/\/talkpal.ai\/ga\/#website\"},\"primaryImageOfPage\":{\"@id\":\"https:\/\/talkpal.ai\/ga\/cleachtai-gramadai-na-portaingeile\/#primaryimage\"},\"image\":{\"@id\":\"https:\/\/talkpal.ai\/ga\/cleachtai-gramadai-na-portaingeile\/#primaryimage\"},\"thumbnailUrl\":\"https:\/\/talkpal.ai\/wp-content\/uploads\/2023\/04\/portugal.png\",\"datePublished\":\"2023-06-16T10:42:00+00:00\",\"dateModified\":\"2025-12-17T16:17:12+00:00\",\"description\":\"Neartaigh do scileanna gramada\u00ed Portaing\u00e9ilis le cleachta\u00ed idirghn\u00edomhacha at\u00e1 deartha do gach leibh\u00e9al.\",\"breadcrumb\":{\"@id\":\"https:\/\/talkpal.ai\/ga\/cleachtai-gramadai-na-portaingeile\/#breadcrumb\"},\"inLanguage\":\"ga-IE\",\"potentialAction\":[{\"@type\":\"ReadAction\",\"target\":[\"https:\/\/talkpal.ai\/ga\/cleachtai-gramadai-na-portaingeile\/\"]}]},{\"@type\":\"ImageObject\",\"inLanguage\":\"ga-IE\",\"@id\":\"https:\/\/talkpal.ai\/ga\/cleachtai-gramadai-na-portaingeile\/#primaryimage\",\"url\":\"https:\/\/talkpal.ai\/wp-content\/uploads\/2023\/04\/portugal.png\",\"contentUrl\":\"https:\/\/talkpal.ai\/wp-content\/uploads\/2023\/04\/portugal.png\",\"width\":512,\"height\":512,\"caption\":\"TalkPal Catalan Flag\"},{\"@type\":\"BreadcrumbList\",\"@id\":\"https:\/\/talkpal.ai\/ga\/cleachtai-gramadai-na-portaingeile\/#breadcrumb\",\"itemListElement\":[{\"@type\":\"ListItem\",\"position\":1,\"name\":\"Homepage\",\"item\":\"https:\/\/talkpal.ai\/ga\/\"},{\"@type\":\"ListItem\",\"position\":2,\"name\":\"Cleachta\u00ed Gramada\u00ed na Portaing\u00e9ile\"}]},{\"@type\":\"WebSite\",\"@id\":\"https:\/\/talkpal.ai\/ga\/#website\",\"url\":\"https:\/\/talkpal.ai\/ga\/\",\"name\":\"Talkpal\",\"description\":\"AI Language Learning\",\"publisher\":{\"@id\":\"https:\/\/talkpal.ai\/ga\/#organization\"},\"alternateName\":\"Talkpal AI\",\"potentialAction\":[{\"@type\":\"SearchAction\",\"target\":{\"@type\":\"EntryPoint\",\"urlTemplate\":\"https:\/\/talkpal.ai\/ga\/?s={search_term_string}\"},\"query-input\":{\"@type\":\"PropertyValueSpecification\",\"valueRequired\":true,\"valueName\":\"search_term_string\"}}],\"inLanguage\":\"ga-IE\"},{\"@type\":\"Organization\",\"@id\":\"https:\/\/talkpal.ai\/ga\/#organization\",\"name\":\"Talkpal, Inc.\",\"alternateName\":\"Talkpal AI\",\"url\":\"https:\/\/talkpal.ai\/ga\/\",\"logo\":{\"@type\":\"ImageObject\",\"inLanguage\":\"ga-IE\",\"@id\":\"https:\/\/talkpal.ai\/ga\/#\/schema\/logo\/image\/\",\"url\":\"https:\/\/talkpal.ai\/wp-content\/uploads\/2024\/03\/Talkpal-Logo-Icon.png\",\"contentUrl\":\"https:\/\/talkpal.ai\/wp-content\/uploads\/2024\/03\/Talkpal-Logo-Icon.png\",\"width\":2880,\"height\":2880,\"caption\":\"Talkpal, Inc.\"},\"image\":{\"@id\":\"https:\/\/talkpal.ai\/ga\/#\/schema\/logo\/image\/\"},\"sameAs\":[\"https:\/\/www.facebook.com\/profile.php?id=100090733639311\",\"https:\/\/x.com\/talkpalai\",\"https:\/\/www.linkedin.com\/company\/talkpal\/\",\"https:\/\/www.youtube.com\/@TalkPal\/\",\"https:\/\/www.tiktok.com\/@talkpal\",\"https:\/\/www.instagram.com\/talkpal_ai\/\",\"https:\/\/www.crunchbase.com\/organization\/talkpal-9cde\",\"https:\/\/www.g2.com\/products\/talkpal-for-business\/\",\"https:\/\/www.trustpilot.com\/review\/talkpal.ai\",\"https:\/\/www.capterra.com\/p\/10006800\/TalkPal\/\"],\"description\":\"Talkpal is a language learning web and mobile education app, powered by the latest AI technologies, that provides engaging experiences to its customers in many different languages to help them improve their language skills. Users can chat about unlimited amount of topics with the app and use other modes to practice their language learning.\",\"email\":\"support@talkpal.ai\",\"legalName\":\"Talkpal, Inc.\",\"foundingDate\":\"2023-04-03\",\"duns\":\"118989042\",\"numberOfEmployees\":{\"@type\":\"QuantitativeValue\",\"minValue\":\"11\",\"maxValue\":\"50\"},\"publishingPrinciples\":\"https:\/\/talkpal.ai\/publishing-principles\/\",\"actionableFeedbackPolicy\":\"https:\/\/talkpal.ai\/actionable-feedback-policy\/\",\"correctionsPolicy\":\"https:\/\/talkpal.ai\/corrections-policy\/\",\"ethicsPolicy\":\"https:\/\/talkpal.ai\/ethics-policy\/\",\"diversityPolicy\":\"https:\/\/talkpal.ai\/diversity-policy\/\",\"diversityStaffingReport\":\"https:\/\/talkpal.ai\/diversity-policy\/\"}]}<\/script>\n<!-- \/ Yoast SEO Premium plugin. -->","yoast_head_json":{"title":"Cleachta\u00ed Gramada\u00ed na Portaing\u00e9ile - Talkpal","description":"Neartaigh do scileanna gramada\u00ed Portaing\u00e9ilis le cleachta\u00ed idirghn\u00edomhacha at\u00e1 deartha do gach leibh\u00e9al.","robots":{"index":"index","follow":"follow","max-snippet":"max-snippet:-1","max-image-preview":"max-image-preview:large","max-video-preview":"max-video-preview:-1"},"canonical":"https:\/\/talkpal.ai\/ga\/cleachtai-gramadai-na-portaingeile\/","og_locale":"ga_IE","og_type":"article","og_title":"Cleachta\u00ed Gramada\u00ed na Portaing\u00e9ile","og_description":"Topaic\u00ed Gramada\u00ed na Portaing\u00e9ile Is f\u00e9idir le teanga nua a fhoghlaim a bheith ina eisp\u00e9ireas spreag\u00fail agus luachmhar, agus n\u00ed haon eisceacht \u00ed an","og_url":"https:\/\/talkpal.ai\/ga\/cleachtai-gramadai-na-portaingeile\/","og_site_name":"Talkpal","article_publisher":"https:\/\/www.facebook.com\/profile.php?id=100090733639311","article_modified_time":"2025-12-17T16:17:12+00:00","og_image":[{"width":512,"height":512,"url":"https:\/\/talkpal.ai\/wp-content\/uploads\/2023\/04\/portugal.png","type":"image\/png"}],"twitter_card":"summary_large_image","twitter_site":"@talkpalai","twitter_misc":{"Est. reading time":"3 minutes"},"schema":{"@context":"https:\/\/schema.org","@graph":[{"@type":"WebPage","@id":"https:\/\/talkpal.ai\/ga\/cleachtai-gramadai-na-portaingeile\/","url":"https:\/\/talkpal.ai\/ga\/cleachtai-gramadai-na-portaingeile\/","name":"Cleachta\u00ed Gramada\u00ed na Portaing\u00e9ile - Talkpal","isPartOf":{"@id":"https:\/\/talkpal.ai\/ga\/#website"},"primaryImageOfPage":{"@id":"https:\/\/talkpal.ai\/ga\/cleachtai-gramadai-na-portaingeile\/#primaryimage"},"image":{"@id":"https:\/\/talkpal.ai\/ga\/cleachtai-gramadai-na-portaingeile\/#primaryimage"},"thumbnailUrl":"https:\/\/talkpal.ai\/wp-content\/uploads\/2023\/04\/portugal.png","datePublished":"2023-06-16T10:42:00+00:00","dateModified":"2025-12-17T16:17:12+00:00","description":"Neartaigh do scileanna gramada\u00ed Portaing\u00e9ilis le cleachta\u00ed idirghn\u00edomhacha at\u00e1 deartha do gach leibh\u00e9al.","breadcrumb":{"@id":"https:\/\/talkpal.ai\/ga\/cleachtai-gramadai-na-portaingeile\/#breadcrumb"},"inLanguage":"ga-IE","potentialAction":[{"@type":"ReadAction","target":["https:\/\/talkpal.ai\/ga\/cleachtai-gramadai-na-portaingeile\/"]}]},{"@type":"ImageObject","inLanguage":"ga-IE","@id":"https:\/\/talkpal.ai\/ga\/cleachtai-gramadai-na-portaingeile\/#primaryimage","url":"https:\/\/talkpal.ai\/wp-content\/uploads\/2023\/04\/portugal.png","contentUrl":"https:\/\/talkpal.ai\/wp-content\/uploads\/2023\/04\/portugal.png","width":512,"height":512,"caption":"TalkPal Catalan Flag"},{"@type":"BreadcrumbList","@id":"https:\/\/talkpal.ai\/ga\/cleachtai-gramadai-na-portaingeile\/#breadcrumb","itemListElement":[{"@type":"ListItem","position":1,"name":"Homepage","item":"https:\/\/talkpal.ai\/ga\/"},{"@type":"ListItem","position":2,"name":"Cleachta\u00ed Gramada\u00ed na Portaing\u00e9ile"}]},{"@type":"WebSite","@id":"https:\/\/talkpal.ai\/ga\/#website","url":"https:\/\/talkpal.ai\/ga\/","name":"Talkpal","description":"AI Language Learning","publisher":{"@id":"https:\/\/talkpal.ai\/ga\/#organization"},"alternateName":"Talkpal AI","potentialAction":[{"@type":"SearchAction","target":{"@type":"EntryPoint","urlTemplate":"https:\/\/talkpal.ai\/ga\/?s={search_term_string}"},"query-input":{"@type":"PropertyValueSpecification","valueRequired":true,"valueName":"search_term_string"}}],"inLanguage":"ga-IE"},{"@type":"Organization","@id":"https:\/\/talkpal.ai\/ga\/#organization","name":"Talkpal, Inc.","alternateName":"Talkpal AI","url":"https:\/\/talkpal.ai\/ga\/","logo":{"@type":"ImageObject","inLanguage":"ga-IE","@id":"https:\/\/talkpal.ai\/ga\/#\/schema\/logo\/image\/","url":"https:\/\/talkpal.ai\/wp-content\/uploads\/2024\/03\/Talkpal-Logo-Icon.png","contentUrl":"https:\/\/talkpal.ai\/wp-content\/uploads\/2024\/03\/Talkpal-Logo-Icon.png","width":2880,"height":2880,"caption":"Talkpal, Inc."},"image":{"@id":"https:\/\/talkpal.ai\/ga\/#\/schema\/logo\/image\/"},"sameAs":["https:\/\/www.facebook.com\/profile.php?id=100090733639311","https:\/\/x.com\/talkpalai","https:\/\/www.linkedin.com\/company\/talkpal\/","https:\/\/www.youtube.com\/@TalkPal\/","https:\/\/www.tiktok.com\/@talkpal","https:\/\/www.instagram.com\/talkpal_ai\/","https:\/\/www.crunchbase.com\/organization\/talkpal-9cde","https:\/\/www.g2.com\/products\/talkpal-for-business\/","https:\/\/www.trustpilot.com\/review\/talkpal.ai","https:\/\/www.capterra.com\/p\/10006800\/TalkPal\/"],"description":"Talkpal is a language learning web and mobile education app, powered by the latest AI technologies, that provides engaging experiences to its customers in many different languages to help them improve their language skills. Users can chat about unlimited amount of topics with the app and use other modes to practice their language learning.","email":"support@talkpal.ai","legalName":"Talkpal, Inc.","foundingDate":"2023-04-03","duns":"118989042","numberOfEmployees":{"@type":"QuantitativeValue","minValue":"11","maxValue":"50"},"publishingPrinciples":"https:\/\/talkpal.ai\/publishing-principles\/","actionableFeedbackPolicy":"https:\/\/talkpal.ai\/actionable-feedback-policy\/","correctionsPolicy":"https:\/\/talkpal.ai\/corrections-policy\/","ethicsPolicy":"https:\/\/talkpal.ai\/ethics-policy\/","diversityPolicy":"https:\/\/talkpal.ai\/diversity-policy\/","diversityStaffingReport":"https:\/\/talkpal.ai\/diversity-policy\/"}]}},"_links":{"self":[{"href":"https:\/\/talkpal.ai\/ga\/wp-json\/wp\/v2\/pages\/1446562","targetHints":{"allow":["GET"]}}],"collection":[{"href":"https:\/\/talkpal.ai\/ga\/wp-json\/wp\/v2\/pages"}],"about":[{"href":"https:\/\/talkpal.ai\/ga\/wp-json\/wp\/v2\/types\/page"}],"author":[{"embeddable":true,"href":"https:\/\/talkpal.ai\/ga\/wp-json\/wp\/v2\/users\/6"}],"replies":[{"embeddable":true,"href":"https:\/\/talkpal.ai\/ga\/wp-json\/wp\/v2\/comments?post=1446562"}],"version-history":[{"count":0,"href":"https:\/\/talkpal.ai\/ga\/wp-json\/wp\/v2\/pages\/1446562\/revisions"}],"wp:featuredmedia":[{"embeddable":true,"href":"https:\/\/talkpal.ai\/ga\/wp-json\/wp\/v2\/media\/1439943"}],"wp:attachment":[{"href":"https:\/\/talkpal.ai\/ga\/wp-json\/wp\/v2\/media?parent=1446562"}],"curies":[{"name":"wp","href":"https:\/\/api.w.org\/{rel}","templated":true}]}}