{"id":1446514,"date":"2023-06-16T13:10:39","date_gmt":"2023-06-16T13:10:39","guid":{"rendered":"https:\/\/talkpal.ai\/cleachtai-gramadai-na-seicise\/"},"modified":"2025-12-17T16:28:31","modified_gmt":"2025-12-17T16:28:31","slug":"cleachtai-gramadai-na-seicise","status":"publish","type":"page","link":"https:\/\/talkpal.ai\/ga\/cleachtai-gramadai-na-seicise\/","title":{"rendered":"Cleachta\u00ed Gramada\u00ed na Seicise"},"content":{"rendered":"\r\n\r\n\r\n<section class=\"languageChallengeSection\">\r\n    <div class=\"languageInfoWrapper\">\r\n        \r\n        <h1>Cleachta\u00ed Gramada\u00ed na Seicise<\/h1>\r\n        <p>R\u00e9idh le do scileanna Seiceacha a gh\u00e9ar\u00fa? Is \u00e9 cleachta\u00ed gramada\u00ed an bealach iontach chun strucht\u00far abairte, foircinn briathra, agus patr\u00fain shaini\u00fala na Seice a mh\u00e1istir. Tosaigh ag obair ar ghramadach na Seice inniu agus f\u00e9ach ar do mhuin\u00edn agus do l\u00edofacht ag f\u00e1s le gach cleachtadh!\n\n<\/p>\r\n\r\n                            <a class=\"getStartedHidden\" href=\"https:\/\/app.talkpal.ai\/signup?lng=\">Tosaigh<\/a>\r\n        \r\n    <\/div>\r\n\r\n    <figure>\r\n    <img decoding=\"async\" width=\"768\" height=\"768\" src=\"https:\/\/talkpal.ai\/wp-content\/uploads\/2023\/06\/Czech-768x768.png\" class=\"languageImage no-lazy\" alt=\"Language learning for intellectual development\" fetchpriority=\"high\" sizes=\"(max-width: 768px) 150px, 768px\" srcset=\"https:\/\/talkpal.ai\/wp-content\/uploads\/2023\/06\/Czech-768x768.png 768w, https:\/\/talkpal.ai\/wp-content\/uploads\/2023\/06\/Czech-300x300.png 300w\" \/>\r\n    \r\n\r\n    <\/figure>\r\n\r\n            <a class=\"getStartedVisible\" href=\"https:\/\/app.talkpal.ai\/signup?lng=\">Tosaigh<\/a>\r\n    \r\n<\/section>\r\n\r\n\r\n<!-- <section class=\"grammarSection\">\r\n    <div class=\"grammarLinks\">\r\n            <\/div>\r\n<\/section> -->\r\n\r\n\r\n\r\n\r\n<section class=\"promotionalBanner\">\r\n    <p class=\"promotionalText\">An bealach is \u00e9ifeachta\u00ed le teanga a fhoghlaim<\/p>\r\n    <a class=\"promotionalLink\" href=\"https:\/\/app.talkpal.ai\/signup?lng=\">Bain triail as Talkpal saor in aisce<\/a>\r\n<\/section>\n<div class=\"wp-block-group pageContainerStyle\"><div class=\"wp-block-group__inner-container is-layout-constrained wp-block-group-is-layout-constrained\">\n<h2 class=\"wp-block-heading\" id=\"h-czech-grammar-topics\">Topaic\u00ed Gramada\u00ed na Seice<\/h2>\n\n\n\n<p>Is f\u00e9idir le teanga <a href=\"https:\/\/talkpal.ai\/talkpal-new-years-discount\/\">nua<\/a> a fhoghlaim a bheith ina eisp\u00e9ireas spreag\u00fail agus saibhir, agus n\u00ed haon eisceacht \u00ed an tSeicis. Leis an stair shaibhir agus a charm uath\u00fail Slavach, cuireann an teanga Seicis geata ar f\u00e1il d&#8217;fhoghlaimeoir\u00ed chuig cro\u00edl\u00e1r L\u00e1r na hEorpa. Chun an leas is fearr a bhaint as do thuras i dteanga na Seice, t\u00e1 s\u00e9 riachtanach a thuiscint agus m\u00e1istreacht a dh\u00e9anamh ar a <a href=\"https:\/\/talkpal.ai\/grammar\/\">gramadach<\/a>, at\u00e1 mar chn\u00e1mh droma aon teanga. \u00d3 aimsir agus briathra go haidiachta\u00ed agus r\u00e9amhfhocail, cuideoidh eolas ar na topaic\u00ed gramada\u00ed seo leat cumars\u00e1id a dh\u00e9anamh go h\u00e9ifeachtach agus go muin\u00edneach. Sa treoir seo, tabharfaimid t\u00fa tr\u00ed na topaic\u00ed gramada\u00ed riachtanacha <a href=\"https:\/\/talkpal.ai\/learn-czech\/\">Seiceach<\/a>, cnuasaithe i seicheamh a \u00e9asc\u00f3idh d&#8217;fhoghlaim agus do thuiscint ar an teanga.<\/p>\n\n\n\n<h3 class=\"wp-block-heading\" id=\"h-1-nouns\">1. Ainmfhocail:<\/h3>\n\n\n\n<p>Tosaigh do chuid foghlama le hainmfhocail Seicis, mar is iad bun\u00fas na teanga iad. T\u00e1 tr\u00ed inscne ag ainmfhocail na Seice (firinscneach, baininscneach, agus neuter) agus seacht gc\u00e1s (nominative, genitive, dative, accusative, vocative, locative, and instrumental). T\u00e1 tuiscint ar an gc\u00f3ras inscne agus c\u00e1is r\u00edth\u00e1bhachtach chun abairt\u00ed a fhoirmi\u00fa i gceart.<\/p>\n\n\n\n<h3 class=\"wp-block-heading\" id=\"h-2-articles\">2. Airteagail:<\/h3>\n\n\n\n<p>n\u00edl ailt \u00e9iginnte (a, an) ag an tSeicis teanga, agus n\u00ed \u00fas\u00e1idtear an t-alt cinnte (an) ach i gc\u00e1sanna \u00e1irithe. Foghlaim cathain agus conas an t-alt cinnte a \u00fas\u00e1id chun do thuiscint ar ghramadach na Seice a fheabhs\u00fa.<\/p>\n\n\n\n<h3 class=\"wp-block-heading\" id=\"h-3-pronouns-determiners\">3. Forainmneacha \/ Cinntitheoir\u00ed:<\/h3>\n\n\n\n<p>Tagann forainmneacha in ionad ainmfhocail in abairt\u00ed, agus sonra\u00edonn n\u00f3 modhna\u00edonn cinnteoir\u00ed ainmfhocail. Cuir eolas ar fhorainmneacha pearsanta, sealbhacha, l\u00e9iritheacha, machnamhacha agus ceisti\u00fach\u00e1in na Seice, chomh maith le cinntitheoir\u00ed, chun abairt\u00ed n\u00edos casta a chruth\u00fa.<\/p>\n\n\n\n<h3 class=\"wp-block-heading\" id=\"h-4-adjectives\">4. Aidiachta\u00ed:<\/h3>\n\n\n\n<p>D\u00e9anann aidiachta\u00ed cur s\u00edos ar ainmfhocail sa tSeicis. Foghlaim conas iad a \u00fas\u00e1id san inscne, san uimhir agus sa ch\u00e1s ceart chun aont\u00fa leis an ainmfhocal a thuairisc\u00edonn siad.<\/p>\n\n\n\n<h3 class=\"wp-block-heading\" id=\"h-5-adverbs\">5. Adverbs:<\/h3>\n\n\n\n<p>Adverbs modify verbs, adjectives, or other adverbs. Sol\u00e1thra\u00edonn siad faisn\u00e9is bhreise faoin ngn\u00edomh, mar shampla bealach, am, n\u00f3 \u00e1it. Cabhr\u00f3idh m\u00e1istreacht adverbs Seicis leat do theachtaireacht a <a href=\"https:\/\/talkpal.ai\/locations\/language-courses-in-chur\/\">chur<\/a> in i\u00fal n\u00edos cruinne.<\/p>\n\n\n\n<h3 class=\"wp-block-heading\" id=\"h-6-verbs\">6. Briathra:<\/h3>\n\n\n\n<p>T\u00e1 briathra Seiceacha riachtanach chun gn\u00edomhartha, imeachta\u00ed n\u00f3 st\u00e1it a chur in i\u00fal. Foghlaim na patr\u00fain comhchuingithe, na haimsir\u00ed (am at\u00e1 caite, i l\u00e1thair agus sa todhcha\u00ed), agus gn\u00e9ithe (foirfe agus neamhfhoirfe) chun cumars\u00e1id \u00e9ifeachtach a dh\u00e9anamh.<\/p>\n\n\n\n<h3 class=\"wp-block-heading\" id=\"h-7-tense-comparison\">7. Compar\u00e1id aimsire:<\/h3>\n\n\n\n<p>Tr\u00ed thuiscint a fh\u00e1il ar na difr\u00edochta\u00ed agus ar \u00fas\u00e1id aimsir\u00ed na Seice (am at\u00e1 caite, i l\u00e1thair agus sa todhcha\u00ed) cuirfidh t\u00fa ar do chumas do chuid smaointe a chur in i\u00fal go cruinn agus mearbhall a sheachaint.<\/p>\n\n\n\n<h3 class=\"wp-block-heading\" id=\"h-8-progressive-and-perfect-progressive\">8. For\u00e1sach agus For\u00e1sach Foirfe:<\/h3>\n\n\n\n<p>N\u00edl aon choibh\u00e9is\u00ed d\u00edreacha ag an tSeicis don aimsir fhor\u00e1sach agus foirfe Shasana. Ina \u00e1it sin, \u00fas\u00e1ideann an teanga gn\u00e9ithe \u00e9ags\u00fala briathar (foirfeachta agus neamhfhoirfe) agus t\u00f3g\u00e1lacha chun br\u00edonna comhchos\u00fala a chur in i\u00fal. Foghlaim conas na t\u00f3g\u00e1lacha seo a fhoirmi\u00fa agus a \u00fas\u00e1id chun gn\u00edomhartha lean\u00fanacha n\u00f3 cr\u00edochnaithe a chur in i\u00fal.<\/p>\n\n\n\n<h3 class=\"wp-block-heading\" id=\"h-9-conditionals\">9. Coinn\u00edollacha:<\/h3>\n\n\n\n<p>\u00das\u00e1idtear coinn\u00edollacha chun c\u00e1sanna n\u00f3 coinn\u00edollacha hipit\u00e9iseacha a chur in i\u00fal. M\u00e1istir na bhfoirmeacha coinn\u00edollacha Seiceacha chun f\u00e9idearthachta\u00ed a phl\u00e9 agus tuartha a dh\u00e9anamh.<\/p>\n\n\n\n<h3 class=\"wp-block-heading\" id=\"h-10-prepositions\">10. Prepositions:<\/h3>\n\n\n\n<p>\u00das\u00e1idtear r\u00e9amhfhocail chun caidrimh idir focail a l\u00e9iri\u00fa, mar shampla su\u00edomh, treo, am, n\u00f3 c\u00fais. Cuideoidh foghlaim agus \u00fas\u00e1id na Seice i gceart leat abairt\u00ed soil\u00e9ire agus br\u00ed a th\u00f3g\u00e1il.<\/p>\n\n\n\n<h3 class=\"wp-block-heading\" id=\"h-11-sentences\">11. Abairt\u00ed:<\/h3>\n\n\n\n<p>Ar deireadh, d\u00e9an cleachtadh ar abairt\u00ed Seiceacha a fhoirmi\u00fa tr\u00ed na heilimint\u00ed gramada\u00ed at\u00e1 foghlamtha agat a chomhcheangal. D\u00edrigh ar abairt\u00ed simpl\u00ed, cumaisc, casta agus casta a chruth\u00fa chun do l\u00edofacht agus do scileanna cumars\u00e1ide sa tSeicis a fheabhs\u00fa.<\/p>\n<\/div><\/div>\n\r\n<section class=\"learnNavigationSection\">\r\n            \r\n        <a href=\"https:\/\/talkpal.ai\/ga\/foghlaim-an-tseicis\/\">\r\n            <div class=\"learnNavigationWrapper\">\r\n                <div class=\"learnNavigationContent\">\r\n                    <img decoding=\"async\" src=\"https:\/\/talkpal.ai\/wp-content\/uploads\/2024\/08\/Czech.jpg\" alt=\"Czech Flag\">\r\n                    <div>\r\n                        <h4>Maidir le Foghlaim na Seice<\/h4>\r\n                        <p>Faigh amach gach rud faoi ghramadach na Seice.<\/p>\r\n                    <\/div>\r\n                <\/div>\r\n            <\/div>\r\n        <\/a>\r\n\r\n        \r\n        <a href=\"https:\/\/talkpal.ai\/ga\/gramadach-na-seice\/\">\r\n            <div class=\"learnNavigationWrapper\">\r\n                <div class=\"learnNavigationContent\">\r\n                    <img decoding=\"async\" src=\"https:\/\/talkpal.ai\/wp-content\/uploads\/2024\/08\/Czech.jpg\" alt=\"Czech Flag\">\r\n                    <div>\r\n                        <h4>Ceachtanna Gramada\u00ed na Seice<\/h4>\r\n                        <p>Cleachtadh gramadach na Seice.<\/p>\r\n                    <\/div>\r\n                <\/div>\r\n            <\/div>\r\n        <\/a>\r\n\r\n        \r\n        <a href=\"https:\/\/talkpal.ai\/vocabulary_language\/czech\/\">\r\n            <div class=\"learnNavigationWrapper\">\r\n                <div class=\"learnNavigationContent\">\r\n                    <img decoding=\"async\" src=\"https:\/\/talkpal.ai\/wp-content\/uploads\/2024\/08\/Czech.jpg\" alt=\"Czech Flag\">\r\n                    <div>\r\n                        <h4>St\u00f3r Focal na Seice<\/h4>\r\n                        <p>Leathnaigh do st\u00f3r focal Seice.<\/p>\r\n                    <\/div>\r\n                <\/div>\r\n            <\/div>\r\n        <\/a>\r\n\r\n            <\/section>","protected":false},"excerpt":{"rendered":"<p>Topaic\u00ed Gramada\u00ed na Seice Is f\u00e9idir le teanga nua a fhoghlaim a bheith ina eisp\u00e9ireas spreag\u00fail agus saibhir, agus n\u00ed haon eisceacht \u00ed an tSeicis. Leis an stair shaibhir agus a charm uath\u00fail Slavach, cuireann an teanga Seicis geata ar f\u00e1il d&#8217;fhoghlaimeoir\u00ed chuig cro\u00edl\u00e1r L\u00e1r na hEorpa. Chun an leas is fearr a bhaint as [&hellip;]<\/p>\n","protected":false},"author":6,"featured_media":1444083,"parent":0,"menu_order":0,"comment_status":"closed","ping_status":"closed","template":"LearningContentPage.php","meta":{"_acf_changed":false,"footnotes":""},"class_list":["post-1446514","page","type-page","status-publish","has-post-thumbnail","hentry"],"acf":[],"yoast_head":"<!-- This site is optimized with the Yoast SEO Premium plugin v27.2 (Yoast SEO v27.2) - https:\/\/yoast.com\/product\/yoast-seo-premium-wordpress\/ -->\n<title>Cleachta\u00ed Gramada\u00ed na Seicise - Talkpal<\/title>\n<meta name=\"description\" content=\"D\u00edghlas\u00e1il r\u00fain na Seice le cleachta\u00ed gramada\u00ed riachtanacha na Seice le haghaidh cumars\u00e1ide muin\u00edneach.\" \/>\n<meta name=\"robots\" content=\"index, follow, max-snippet:-1, max-image-preview:large, max-video-preview:-1\" \/>\n<link rel=\"canonical\" href=\"https:\/\/talkpal.ai\/ga\/cleachtai-gramadai-na-seicise\/\" \/>\n<meta property=\"og:locale\" content=\"ga_IE\" \/>\n<meta property=\"og:type\" content=\"article\" \/>\n<meta property=\"og:title\" content=\"Cleachta\u00ed Gramada\u00ed na Seicise\" \/>\n<meta property=\"og:description\" content=\"Topaic\u00ed Gramada\u00ed na Seice Is f\u00e9idir le teanga nua a fhoghlaim a bheith ina eisp\u00e9ireas spreag\u00fail agus saibhir, agus n\u00ed haon eisceacht \u00ed an tSeicis. Leis an\" \/>\n<meta property=\"og:url\" content=\"https:\/\/talkpal.ai\/ga\/cleachtai-gramadai-na-seicise\/\" \/>\n<meta property=\"og:site_name\" content=\"Talkpal\" \/>\n<meta property=\"article:publisher\" content=\"https:\/\/www.facebook.com\/profile.php?id=100090733639311\" \/>\n<meta property=\"article:modified_time\" content=\"2025-12-17T16:28:31+00:00\" \/>\n<meta property=\"og:image\" content=\"https:\/\/talkpal.ai\/wp-content\/uploads\/2023\/05\/czech-republic.png\" \/>\n\t<meta property=\"og:image:width\" content=\"512\" \/>\n\t<meta property=\"og:image:height\" content=\"512\" \/>\n\t<meta property=\"og:image:type\" content=\"image\/png\" \/>\n<meta name=\"twitter:card\" content=\"summary_large_image\" \/>\n<meta name=\"twitter:site\" content=\"@talkpalai\" \/>\n<meta name=\"twitter:label1\" content=\"Est. reading time\" \/>\n\t<meta name=\"twitter:data1\" content=\"3 minutes\" \/>\n<script type=\"application\/ld+json\" class=\"yoast-schema-graph\">{\"@context\":\"https:\/\/schema.org\",\"@graph\":[{\"@type\":\"WebPage\",\"@id\":\"https:\/\/talkpal.ai\/ga\/cleachtai-gramadai-na-seicise\/\",\"url\":\"https:\/\/talkpal.ai\/ga\/cleachtai-gramadai-na-seicise\/\",\"name\":\"Cleachta\u00ed Gramada\u00ed na Seicise - Talkpal\",\"isPartOf\":{\"@id\":\"https:\/\/talkpal.ai\/ga\/#website\"},\"primaryImageOfPage\":{\"@id\":\"https:\/\/talkpal.ai\/ga\/cleachtai-gramadai-na-seicise\/#primaryimage\"},\"image\":{\"@id\":\"https:\/\/talkpal.ai\/ga\/cleachtai-gramadai-na-seicise\/#primaryimage\"},\"thumbnailUrl\":\"https:\/\/talkpal.ai\/wp-content\/uploads\/2023\/05\/czech-republic.png\",\"datePublished\":\"2023-06-16T13:10:39+00:00\",\"dateModified\":\"2025-12-17T16:28:31+00:00\",\"description\":\"D\u00edghlas\u00e1il r\u00fain na Seice le cleachta\u00ed gramada\u00ed riachtanacha na Seice le haghaidh cumars\u00e1ide muin\u00edneach.\",\"breadcrumb\":{\"@id\":\"https:\/\/talkpal.ai\/ga\/cleachtai-gramadai-na-seicise\/#breadcrumb\"},\"inLanguage\":\"ga-IE\",\"potentialAction\":[{\"@type\":\"ReadAction\",\"target\":[\"https:\/\/talkpal.ai\/ga\/cleachtai-gramadai-na-seicise\/\"]}]},{\"@type\":\"ImageObject\",\"inLanguage\":\"ga-IE\",\"@id\":\"https:\/\/talkpal.ai\/ga\/cleachtai-gramadai-na-seicise\/#primaryimage\",\"url\":\"https:\/\/talkpal.ai\/wp-content\/uploads\/2023\/05\/czech-republic.png\",\"contentUrl\":\"https:\/\/talkpal.ai\/wp-content\/uploads\/2023\/05\/czech-republic.png\",\"width\":512,\"height\":512,\"caption\":\"TalkPal Czech republic Flag\"},{\"@type\":\"BreadcrumbList\",\"@id\":\"https:\/\/talkpal.ai\/ga\/cleachtai-gramadai-na-seicise\/#breadcrumb\",\"itemListElement\":[{\"@type\":\"ListItem\",\"position\":1,\"name\":\"Homepage\",\"item\":\"https:\/\/talkpal.ai\/ga\/\"},{\"@type\":\"ListItem\",\"position\":2,\"name\":\"Cleachta\u00ed Gramada\u00ed na Seicise\"}]},{\"@type\":\"WebSite\",\"@id\":\"https:\/\/talkpal.ai\/ga\/#website\",\"url\":\"https:\/\/talkpal.ai\/ga\/\",\"name\":\"Talkpal\",\"description\":\"AI Language Learning\",\"publisher\":{\"@id\":\"https:\/\/talkpal.ai\/ga\/#organization\"},\"alternateName\":\"Talkpal AI\",\"potentialAction\":[{\"@type\":\"SearchAction\",\"target\":{\"@type\":\"EntryPoint\",\"urlTemplate\":\"https:\/\/talkpal.ai\/ga\/?s={search_term_string}\"},\"query-input\":{\"@type\":\"PropertyValueSpecification\",\"valueRequired\":true,\"valueName\":\"search_term_string\"}}],\"inLanguage\":\"ga-IE\"},{\"@type\":\"Organization\",\"@id\":\"https:\/\/talkpal.ai\/ga\/#organization\",\"name\":\"Talkpal, Inc.\",\"alternateName\":\"Talkpal AI\",\"url\":\"https:\/\/talkpal.ai\/ga\/\",\"logo\":{\"@type\":\"ImageObject\",\"inLanguage\":\"ga-IE\",\"@id\":\"https:\/\/talkpal.ai\/ga\/#\/schema\/logo\/image\/\",\"url\":\"https:\/\/talkpal.ai\/wp-content\/uploads\/2024\/03\/Talkpal-Logo-Icon.png\",\"contentUrl\":\"https:\/\/talkpal.ai\/wp-content\/uploads\/2024\/03\/Talkpal-Logo-Icon.png\",\"width\":2880,\"height\":2880,\"caption\":\"Talkpal, Inc.\"},\"image\":{\"@id\":\"https:\/\/talkpal.ai\/ga\/#\/schema\/logo\/image\/\"},\"sameAs\":[\"https:\/\/www.facebook.com\/profile.php?id=100090733639311\",\"https:\/\/x.com\/talkpalai\",\"https:\/\/www.linkedin.com\/company\/talkpal\/\",\"https:\/\/www.youtube.com\/@TalkPal\/\",\"https:\/\/www.tiktok.com\/@talkpal\",\"https:\/\/www.instagram.com\/talkpal_ai\/\",\"https:\/\/www.crunchbase.com\/organization\/talkpal-9cde\",\"https:\/\/www.g2.com\/products\/talkpal-for-business\/\",\"https:\/\/www.trustpilot.com\/review\/talkpal.ai\",\"https:\/\/www.capterra.com\/p\/10006800\/TalkPal\/\"],\"description\":\"Talkpal is a language learning web and mobile education app, powered by the latest AI technologies, that provides engaging experiences to its customers in many different languages to help them improve their language skills. Users can chat about unlimited amount of topics with the app and use other modes to practice their language learning.\",\"email\":\"support@talkpal.ai\",\"legalName\":\"Talkpal, Inc.\",\"foundingDate\":\"2023-04-03\",\"duns\":\"118989042\",\"numberOfEmployees\":{\"@type\":\"QuantitativeValue\",\"minValue\":\"11\",\"maxValue\":\"50\"},\"publishingPrinciples\":\"https:\/\/talkpal.ai\/publishing-principles\/\",\"actionableFeedbackPolicy\":\"https:\/\/talkpal.ai\/actionable-feedback-policy\/\",\"correctionsPolicy\":\"https:\/\/talkpal.ai\/corrections-policy\/\",\"ethicsPolicy\":\"https:\/\/talkpal.ai\/ethics-policy\/\",\"diversityPolicy\":\"https:\/\/talkpal.ai\/diversity-policy\/\",\"diversityStaffingReport\":\"https:\/\/talkpal.ai\/diversity-policy\/\"}]}<\/script>\n<!-- \/ Yoast SEO Premium plugin. -->","yoast_head_json":{"title":"Cleachta\u00ed Gramada\u00ed na Seicise - Talkpal","description":"D\u00edghlas\u00e1il r\u00fain na Seice le cleachta\u00ed gramada\u00ed riachtanacha na Seice le haghaidh cumars\u00e1ide muin\u00edneach.","robots":{"index":"index","follow":"follow","max-snippet":"max-snippet:-1","max-image-preview":"max-image-preview:large","max-video-preview":"max-video-preview:-1"},"canonical":"https:\/\/talkpal.ai\/ga\/cleachtai-gramadai-na-seicise\/","og_locale":"ga_IE","og_type":"article","og_title":"Cleachta\u00ed Gramada\u00ed na Seicise","og_description":"Topaic\u00ed Gramada\u00ed na Seice Is f\u00e9idir le teanga nua a fhoghlaim a bheith ina eisp\u00e9ireas spreag\u00fail agus saibhir, agus n\u00ed haon eisceacht \u00ed an tSeicis. Leis an","og_url":"https:\/\/talkpal.ai\/ga\/cleachtai-gramadai-na-seicise\/","og_site_name":"Talkpal","article_publisher":"https:\/\/www.facebook.com\/profile.php?id=100090733639311","article_modified_time":"2025-12-17T16:28:31+00:00","og_image":[{"width":512,"height":512,"url":"https:\/\/talkpal.ai\/wp-content\/uploads\/2023\/05\/czech-republic.png","type":"image\/png"}],"twitter_card":"summary_large_image","twitter_site":"@talkpalai","twitter_misc":{"Est. reading time":"3 minutes"},"schema":{"@context":"https:\/\/schema.org","@graph":[{"@type":"WebPage","@id":"https:\/\/talkpal.ai\/ga\/cleachtai-gramadai-na-seicise\/","url":"https:\/\/talkpal.ai\/ga\/cleachtai-gramadai-na-seicise\/","name":"Cleachta\u00ed Gramada\u00ed na Seicise - Talkpal","isPartOf":{"@id":"https:\/\/talkpal.ai\/ga\/#website"},"primaryImageOfPage":{"@id":"https:\/\/talkpal.ai\/ga\/cleachtai-gramadai-na-seicise\/#primaryimage"},"image":{"@id":"https:\/\/talkpal.ai\/ga\/cleachtai-gramadai-na-seicise\/#primaryimage"},"thumbnailUrl":"https:\/\/talkpal.ai\/wp-content\/uploads\/2023\/05\/czech-republic.png","datePublished":"2023-06-16T13:10:39+00:00","dateModified":"2025-12-17T16:28:31+00:00","description":"D\u00edghlas\u00e1il r\u00fain na Seice le cleachta\u00ed gramada\u00ed riachtanacha na Seice le haghaidh cumars\u00e1ide muin\u00edneach.","breadcrumb":{"@id":"https:\/\/talkpal.ai\/ga\/cleachtai-gramadai-na-seicise\/#breadcrumb"},"inLanguage":"ga-IE","potentialAction":[{"@type":"ReadAction","target":["https:\/\/talkpal.ai\/ga\/cleachtai-gramadai-na-seicise\/"]}]},{"@type":"ImageObject","inLanguage":"ga-IE","@id":"https:\/\/talkpal.ai\/ga\/cleachtai-gramadai-na-seicise\/#primaryimage","url":"https:\/\/talkpal.ai\/wp-content\/uploads\/2023\/05\/czech-republic.png","contentUrl":"https:\/\/talkpal.ai\/wp-content\/uploads\/2023\/05\/czech-republic.png","width":512,"height":512,"caption":"TalkPal Czech republic Flag"},{"@type":"BreadcrumbList","@id":"https:\/\/talkpal.ai\/ga\/cleachtai-gramadai-na-seicise\/#breadcrumb","itemListElement":[{"@type":"ListItem","position":1,"name":"Homepage","item":"https:\/\/talkpal.ai\/ga\/"},{"@type":"ListItem","position":2,"name":"Cleachta\u00ed Gramada\u00ed na Seicise"}]},{"@type":"WebSite","@id":"https:\/\/talkpal.ai\/ga\/#website","url":"https:\/\/talkpal.ai\/ga\/","name":"Talkpal","description":"AI Language Learning","publisher":{"@id":"https:\/\/talkpal.ai\/ga\/#organization"},"alternateName":"Talkpal AI","potentialAction":[{"@type":"SearchAction","target":{"@type":"EntryPoint","urlTemplate":"https:\/\/talkpal.ai\/ga\/?s={search_term_string}"},"query-input":{"@type":"PropertyValueSpecification","valueRequired":true,"valueName":"search_term_string"}}],"inLanguage":"ga-IE"},{"@type":"Organization","@id":"https:\/\/talkpal.ai\/ga\/#organization","name":"Talkpal, Inc.","alternateName":"Talkpal AI","url":"https:\/\/talkpal.ai\/ga\/","logo":{"@type":"ImageObject","inLanguage":"ga-IE","@id":"https:\/\/talkpal.ai\/ga\/#\/schema\/logo\/image\/","url":"https:\/\/talkpal.ai\/wp-content\/uploads\/2024\/03\/Talkpal-Logo-Icon.png","contentUrl":"https:\/\/talkpal.ai\/wp-content\/uploads\/2024\/03\/Talkpal-Logo-Icon.png","width":2880,"height":2880,"caption":"Talkpal, Inc."},"image":{"@id":"https:\/\/talkpal.ai\/ga\/#\/schema\/logo\/image\/"},"sameAs":["https:\/\/www.facebook.com\/profile.php?id=100090733639311","https:\/\/x.com\/talkpalai","https:\/\/www.linkedin.com\/company\/talkpal\/","https:\/\/www.youtube.com\/@TalkPal\/","https:\/\/www.tiktok.com\/@talkpal","https:\/\/www.instagram.com\/talkpal_ai\/","https:\/\/www.crunchbase.com\/organization\/talkpal-9cde","https:\/\/www.g2.com\/products\/talkpal-for-business\/","https:\/\/www.trustpilot.com\/review\/talkpal.ai","https:\/\/www.capterra.com\/p\/10006800\/TalkPal\/"],"description":"Talkpal is a language learning web and mobile education app, powered by the latest AI technologies, that provides engaging experiences to its customers in many different languages to help them improve their language skills. Users can chat about unlimited amount of topics with the app and use other modes to practice their language learning.","email":"support@talkpal.ai","legalName":"Talkpal, Inc.","foundingDate":"2023-04-03","duns":"118989042","numberOfEmployees":{"@type":"QuantitativeValue","minValue":"11","maxValue":"50"},"publishingPrinciples":"https:\/\/talkpal.ai\/publishing-principles\/","actionableFeedbackPolicy":"https:\/\/talkpal.ai\/actionable-feedback-policy\/","correctionsPolicy":"https:\/\/talkpal.ai\/corrections-policy\/","ethicsPolicy":"https:\/\/talkpal.ai\/ethics-policy\/","diversityPolicy":"https:\/\/talkpal.ai\/diversity-policy\/","diversityStaffingReport":"https:\/\/talkpal.ai\/diversity-policy\/"}]}},"_links":{"self":[{"href":"https:\/\/talkpal.ai\/ga\/wp-json\/wp\/v2\/pages\/1446514","targetHints":{"allow":["GET"]}}],"collection":[{"href":"https:\/\/talkpal.ai\/ga\/wp-json\/wp\/v2\/pages"}],"about":[{"href":"https:\/\/talkpal.ai\/ga\/wp-json\/wp\/v2\/types\/page"}],"author":[{"embeddable":true,"href":"https:\/\/talkpal.ai\/ga\/wp-json\/wp\/v2\/users\/6"}],"replies":[{"embeddable":true,"href":"https:\/\/talkpal.ai\/ga\/wp-json\/wp\/v2\/comments?post=1446514"}],"version-history":[{"count":0,"href":"https:\/\/talkpal.ai\/ga\/wp-json\/wp\/v2\/pages\/1446514\/revisions"}],"wp:featuredmedia":[{"embeddable":true,"href":"https:\/\/talkpal.ai\/ga\/wp-json\/wp\/v2\/media\/1444083"}],"wp:attachment":[{"href":"https:\/\/talkpal.ai\/ga\/wp-json\/wp\/v2\/media?parent=1446514"}],"curies":[{"name":"wp","href":"https:\/\/api.w.org\/{rel}","templated":true}]}}