{"id":1444080,"date":"2023-05-14T14:03:07","date_gmt":"2023-05-14T14:03:07","guid":{"rendered":"https:\/\/talkpal.ai\/gramadach-na-seice\/"},"modified":"2025-12-13T15:22:50","modified_gmt":"2025-12-13T15:22:50","slug":"gramadach-na-seice","status":"publish","type":"page","link":"https:\/\/talkpal.ai\/ga\/gramadach-na-seice\/","title":{"rendered":"Gramadach na Seice"},"content":{"rendered":"\r\n\r\n\r\n<section class=\"languageChallengeSection\">\r\n    <div class=\"languageInfoWrapper\">\r\n        \r\n        <h1>Gramadach na Seice<\/h1>\r\n        <p>D\u00e9an ini\u00fachadh ar intricacies ghramada\u00ed na Seice agus oscail an doras chun tuiscint a fh\u00e1il ar an teanga L\u00e1r na hEorpa. Tr\u00ed na rialacha agus na patr\u00fain riachtanacha a mh\u00e1istir, d\u00e9anfaidh t\u00fa cumars\u00e1id n\u00edos \u00e9ifeachta\u00ed agus gheobhaidh t\u00fa l\u00e9argas n\u00edos doimhne ar chult\u00far na Seice. Tosaigh ag foghlaim <a href=\"https:\/\/talkpal.ai\/grammar\/\">gramadach<\/a> na Seice inniu agus glac do ch\u00e9ad ch\u00e9im i dtreo l\u00edofacht!<\/p>\r\n\r\n                            <a class=\"getStartedHidden\" href=\"https:\/\/app.talkpal.ai\/signup?lng=\">Tosaigh<\/a>\r\n        \r\n    <\/div>\r\n\r\n    <figure>\r\n    <img decoding=\"async\" width=\"768\" height=\"768\" src=\"https:\/\/talkpal.ai\/wp-content\/uploads\/2023\/06\/Czech-768x768.png\" class=\"languageImage no-lazy\" alt=\"Language learning for intellectual development\" fetchpriority=\"high\" sizes=\"(max-width: 768px) 150px, 768px\" srcset=\"https:\/\/talkpal.ai\/wp-content\/uploads\/2023\/06\/Czech-768x768.png 768w, https:\/\/talkpal.ai\/wp-content\/uploads\/2023\/06\/Czech-300x300.png 300w\" \/>\r\n    \r\n\r\n    <\/figure>\r\n\r\n            <a class=\"getStartedVisible\" href=\"https:\/\/app.talkpal.ai\/signup?lng=\">Tosaigh<\/a>\r\n    \r\n<\/section>\r\n<section class=\"promotionalBanner\">\r\n    <p class=\"promotionalText\">An bealach is \u00e9ifeachta\u00ed le teanga a fhoghlaim<\/p>\r\n    <a class=\"promotionalLink\" href=\"https:\/\/app.talkpal.ai\/signup?lng=\">Bain triail as Talkpal saor in aisce<\/a>\r\n<\/section>\n<div class=\"wp-block-group pageContainerStyle\"><div class=\"wp-block-group__inner-container is-layout-constrained wp-block-group-is-layout-constrained\">\n<h2 class=\"wp-block-heading\" id=\"h-czech-grammar-making-sense-of-the-czech-language-s-unique-structure\">Gramadach na Seice: Ciall a bhaint as strucht\u00far uath\u00fail na Seice<\/h2>\n\n\n\n<p>M\u00e1 rinne t\u00fa iarracht riamh an tSeicis a fhoghlaim \u2013 n\u00f3 fi\u00fa d\u00edreach alt n\u00f3 leabhar <a href=\"https:\/\/talkpal.ai\/learn-czech\/\">Seiceach<\/a> a l\u00e9amh \u2013 is d\u00f3cha gur thug t\u00fa faoi deara go bhf\u00e9adfadh a ghramadach a bheith d\u00fashl\u00e1nach go leor. Meastar go forleathan go bhfuil <a href=\"https:\/\/talkpal.ai\/grammar\/\">gramadach<\/a> na Seice ar cheann de na c\u00f3rais teanga is casta, agus chuir s\u00e9 mearbhall ar go leor mac l\u00e9inn eachtracha. Ach n\u00e1 lig d\u00f3 sin imeagl\u00fa a dh\u00e9anamh ort! Is iad saini\u00falachta\u00ed ghramada\u00ed na Seice a fh\u00e1gann go bhfuil s\u00e9 suimi\u00fail agus uath\u00fail. San alt seo, d\u00e9anfaimid c\u00fapla pr\u00edomhghn\u00e9 de ghramadach na Seice a dh\u00edmhisti\u00fa ar bhealach comhr\u00e1, ag cabhr\u00fa leat an teanga \u00e1lainn seo a thuiscint n\u00edos doimhne.<\/p>\n\n\n\n<h3 class=\"wp-block-heading\" id=\"h-1-nouns-declensions-and-cases-galore\">1. Ainmfhocail \u2013 Declensions and Cases Galore!<\/h3>\n\n\n\n<p>Ceann de na ch\u00e9ad ruda\u00ed a thabharfaidh t\u00fa faoi deara faoi ghramadach na Seice n\u00e1 a deonadh ainmfhocail. Is \u00e9ard is d\u00edoladh ann n\u00e1 gr\u00fapa ainmfhocail a bhfuil gn\u00e9ithe gramada\u00ed comhchos\u00fala acu, agus t\u00e1 suas le 14 claonadh ar <a href=\"https:\/\/talkpal.ai\/locations\/language-courses-in-leith\/\">leith<\/a> ag an tSeicis. Conas at\u00e1 s\u00e9 sin le haghaidh \u00e9ags\u00falacht? T\u00e1 patr\u00fan ar leith ag gach d\u00edoladh chun foirmeacha ainmfhocail uatha agus iolra a l\u00e9iri\u00fa.<\/p>\n\n\n\n<p>T\u00e1 seacht gc\u00e1s \u00e9ags\u00fala ag ainmfhocail na Seice freisin: nominative, genitive, dative, accusative, vocative, locative, and instrumental. C\u00e9 go bhf\u00e9adfadh a leith\u00e9id de l\u00edon a bheith scanr\u00fail, t\u00e1 s\u00e9 riachtanach foghlaim faoi na c\u00e1sanna seo toisc go bhfuil siad r\u00edth\u00e1bhachtach <a href=\"https:\/\/talkpal.ai\/ga\/maidir\/\">maidir<\/a> le br\u00ed a <a href=\"https:\/\/talkpal.ai\/locations\/language-courses-in-chur\/\">chur<\/a> in i\u00fal. Mar shampla, sa tSeicis, n\u00edl ord na bhfocal chomh critici\u00fail agus at\u00e1 s\u00e9 sa Bh\u00e9arla \u2013 is iad na c\u00e1sanna a l\u00e9ir\u00edonn caidreamh idir focail.<\/p>\n\n\n\n<h3 class=\"wp-block-heading\" id=\"h-2-adjectives-agreeing-with-nouns\">2. Aidiachta\u00ed \u2013 Ag aont\u00fa le hAinmfhocail<\/h3>\n\n\n\n<p>T\u00e1 dualgas speisialta ar aidiachta\u00ed na Seice: caithfidh siad aont\u00fa leis na hainmfhocail a mhodhna\u00edonn siad in inscne, uimhir, agus c\u00e1s. Smaoinigh air mar duo dinimici\u00fail, an tango gramada\u00ed, \u00e1it a nd\u00e9anann leath amh\u00e1in a choigeart\u00fa go gr\u00e1sta chun an ceann eile a chomhl\u00e1n\u00fa. Cuid\u00edonn an comhaont\u00fa seo le comhchuibheas a chruth\u00fa in abairt\u00ed agus m\u00e9ada\u00edonn s\u00e9 soil\u00e9ireacht.<\/p>\n\n\n\n<p>Mar shampla, is \u00e9 an focal le haghaidh &#8220;\u00e1lainn&#8221; sa tSeicis n\u00e1 &#8220;kr\u00e1sn\u00fd.&#8221; M\u00e1 t\u00e1 t\u00fa ag cur s\u00edos ar theach \u00e1lainn (d\u016fm), at\u00e1 firinscneach, \u00fas\u00e1idfidh t\u00fa &#8220;kr\u00e1sn\u00fd d\u016fm.&#8221; Do chail\u00edn \u00e1lainn (d\u00edvka), at\u00e1 baininscneach, \u00e9ir\u00edonn s\u00e9 &#8220;kr\u00e1sn\u00e1 d\u00edvka.&#8221; Agus le haghaidh l\u00e1 \u00e1lainn (den), at\u00e1 neuter, d\u00e9arfaidh t\u00fa &#8220;kr\u00e1sn\u00fd den.&#8221; F\u00e9ach conas a bh\u00edonn an aidiacht ag damhsa in \u00e9ineacht leis an ainmfhocal?<\/p>\n\n\n\n<h3 class=\"wp-block-heading\" id=\"h-3-verbs-the-art-of-conjugation\">3. Briathra \u2013 Eala\u00edn na Comhchuingithe<\/h3>\n\n\n\n<p>Sa tSeicis, glacann eala\u00edn na comhchuingithe \u2013 is \u00e9 sin, foirmeacha briathar a athr\u00fa bunaithe ar aimsir, gi\u00famar, agus duine \u2013 saol d\u00e1 chuid f\u00e9in. Titeann briathra Seiceacha in dh\u00e1 chatag\u00f3ir: foirfe agus neamhfhoirfe. L\u00e9ir\u00edonn briathra foirfe go bhfuil gn\u00edomh cr\u00edochnaithe, agus tugann briathra neamhfhoirfe le fios gn\u00edomhartha lean\u00fanacha n\u00f3 gn\u00e1thghn\u00edomhartha.  <\/p>\n\n\n\n<p>T\u00e1 roinnt quirks spreag\u00fala ag gramadach na Seice maidir le briathra. Mar shampla, n\u00ed fhoirm\u00edtear an aimsir sa todhcha\u00ed ach go rialta le haghaidh briathra neamhfhoirfe. Maidir le briathra foirfe, cumascann s\u00e9 leis an aimsir l\u00e1ithreach! Chomh maith leis sin, seachas guth \u00e9ighn\u00edomhach ar leith a bheith aige, ionchorpra\u00edonn an tSeicis t\u00f3g\u00e1lacha \u00e9ighn\u00edomhacha ag baint \u00fas\u00e1ide as briathra c\u00fanta. N\u00e1 d\u00e9anaimis dearmad ar bhriathra machnamhacha na Seice, \u00e1it a nd\u00e9anann gn\u00edomhartha filleadh ar an \u00e1bhar, ag cur sraith eile nuance leis an teanga intriguing seo.<\/p>\n\n\n\n<h3 class=\"wp-block-heading\" id=\"h-4-pronouns-the-mirror-of-linguistic-diversity\">4. Forainmneacha: Sc\u00e1th\u00e1n na h\u00c9ags\u00falachta Teanga<\/h3>\n\n\n\n<p>L\u00e9ir\u00edonn forainmneacha i ngramadach na Seice \u2013 t\u00e1imid ag caint ar fhorainmneacha pearsanta, sealbhacha, taispe\u00e1nacha, ceisti\u00fach\u00e1in agus coibhneasta \u2013 go l\u00e9ir an \u00e9ags\u00falacht ch\u00e9anna le codanna eile den chaint. Caithfidh siad freisin aont\u00fa in inscne, uimhir, agus c\u00e1s leis na hainmfhocail a chuireann siad in ionad n\u00f3 a thagra\u00edonn d\u00f3ibh.<\/p>\n\n\n\n<p>Mar shampla, m\u00e1 t\u00e1 t\u00fa ag caint faoi leabhar a thaitn\u00edonn leat, d\u00e9arf\u00e1 &#8220;<a href=\"https:\/\/talkpal.ai\/culture\/how-to-say-i-like-in-slovak-using-mam-rad\/\">M\u00e1m r\u00e1d<\/a> tu knihu&#8221; (<a href=\"https:\/\/talkpal.ai\/culture\/what-is-the-difference-between-is-maith-liom-and-is-aoibhinn-liom\/\">Is maith liom<\/a> an leabhar sin). Anseo, is \u00e9 &#8220;tu&#8221; an fhoirm baininscneach den fhorainm l\u00e9iritheach &#8220;go,&#8221; ag aont\u00fa le &#8220;kniha&#8221; (leabhar), at\u00e1 baininscneach freisin.<\/p>\n\n\n\n<h3 class=\"wp-block-heading\" id=\"h-5-embracing-the-challenge\">5. Glacadh leis an D\u00fashl\u00e1n<\/h3>\n\n\n\n<p>B&#8217;fh\u00e9idir go bhfuil gramadach na Seice mearbhall agus imeaglaithe, ach is \u00e9 an rud a fh\u00e1gann go seasann an teanga sp\u00e9isi\u00fail seo amach. N\u00e1 c\u00fathail \u00f3n d\u00fashl\u00e1n! Cuimhnigh, n\u00ed bhaineann s\u00e9 le m\u00e1istreacht a dh\u00e9anamh ar gach rud ag an am c\u00e9anna ach dul chun cinn a dh\u00e9anamh c\u00e9im ar ch\u00e9im. T\u00f3g an t-am chun c\u00f3ras uath\u00fail gramadach na Seice a thuiscint, agus beidh t\u00fa ar do bhealach chun m\u00e1istreacht a fh\u00e1il ar an teanga \u00e1lainn, chasta seo. Agus, de r\u00e9ir mar a ghlacann t\u00fa leis an nuance aoibhinn at\u00e1 le tairiscint ag gramadach na Seice, is cinnte go bhfaighidh t\u00fa meas nua ar a intricacies. Foghlaim shona!<\/p>\n<\/div><\/div>\n\r\n<section class=\"learnNavigationSection\">\r\n            \r\n        <a href=\"https:\/\/talkpal.ai\/ga\/foghlaim-an-tseicis\/\">\r\n            <div class=\"learnNavigationWrapper\">\r\n                <div class=\"learnNavigationContent\">\r\n                    <img decoding=\"async\" src=\"https:\/\/talkpal.ai\/wp-content\/uploads\/2024\/08\/Czech.jpg\" alt=\"Czech Flag\">\r\n                    <div>\r\n                        <h4>Maidir le Foghlaim na Seice<\/h4>\r\n                        <p>Faigh amach gach rud faoi ghramadach na Seice.<\/p>\r\n                    <\/div>\r\n                <\/div>\r\n            <\/div>\r\n        <\/a>\r\n\r\n        \r\n        <a href=\"https:\/\/talkpal.ai\/ga\/cleachtai-gramadai-na-seicise\/\">\r\n            <div class=\"learnNavigationWrapper\">\r\n                <div class=\"learnNavigationContent\">\r\n                    <img decoding=\"async\" src=\"https:\/\/talkpal.ai\/wp-content\/uploads\/2024\/08\/Czech.jpg\" alt=\"Czech Flag\">\r\n                    <div>\r\n                        <h4>Cleachtadh Gramada\u00ed na Seice<\/h4>\r\n                        <p>Cleachtadh gramadach na Seice.<\/p>\r\n                    <\/div>\r\n                <\/div>\r\n            <\/div>\r\n        <\/a>\r\n\r\n        \r\n        <a href=\"https:\/\/talkpal.ai\/vocabulary_language\/czech\/\">\r\n            <div class=\"learnNavigationWrapper\">\r\n                <div class=\"learnNavigationContent\">\r\n                    <img decoding=\"async\" src=\"https:\/\/talkpal.ai\/wp-content\/uploads\/2024\/08\/Czech.jpg\" alt=\"Czech Flag\">\r\n                    <div>\r\n                        <h4>St\u00f3r Focal na Seice<\/h4>\r\n                        <p>Leathnaigh do st\u00f3r focal Seice.<\/p>\r\n                    <\/div>\r\n                <\/div>\r\n            <\/div>\r\n        <\/a>\r\n\r\n            <\/section>","protected":false},"excerpt":{"rendered":"<p>Gramadach na Seice: Ciall a bhaint as strucht\u00far uath\u00fail na Seice M\u00e1 rinne t\u00fa iarracht riamh an tSeicis a fhoghlaim \u2013 n\u00f3 fi\u00fa d\u00edreach alt n\u00f3 leabhar Seiceach a l\u00e9amh \u2013 is d\u00f3cha gur thug t\u00fa faoi deara go bhf\u00e9adfadh a ghramadach a bheith d\u00fashl\u00e1nach go leor. Meastar go forleathan go bhfuil gramadach na Seice [&hellip;]<\/p>\n","protected":false},"author":1,"featured_media":1444083,"parent":0,"menu_order":0,"comment_status":"closed","ping_status":"closed","template":"LearningContentPage.php","meta":{"_acf_changed":false,"footnotes":""},"class_list":["post-1444080","page","type-page","status-publish","has-post-thumbnail","hentry"],"acf":[],"yoast_head":"<!-- This site is optimized with the Yoast SEO Premium plugin v27.2 (Yoast SEO v27.2) - https:\/\/yoast.com\/product\/yoast-seo-premium-wordpress\/ -->\n<title>Gramadach na Seice - Talkpal<\/title>\n<meta name=\"description\" content=\"D\u00edghlas\u00e1il r\u00fain ghramada\u00ed na Seice. Foghlaim faoina chastacht uath\u00fail agus conas m\u00e1istreacht a dh\u00e9anamh ar chlaonadh ainmfhocal go h\u00e9ifeachtach.\" \/>\n<meta name=\"robots\" content=\"index, follow, max-snippet:-1, max-image-preview:large, max-video-preview:-1\" \/>\n<link rel=\"canonical\" href=\"https:\/\/talkpal.ai\/ga\/gramadach-na-seice\/\" \/>\n<meta property=\"og:locale\" content=\"ga_IE\" \/>\n<meta property=\"og:type\" content=\"article\" \/>\n<meta property=\"og:title\" content=\"Gramadach na Seice\" \/>\n<meta property=\"og:description\" content=\"Gramadach na Seice: Ciall a bhaint as strucht\u00far uath\u00fail na Seice M\u00e1 rinne t\u00fa iarracht riamh an tSeicis a fhoghlaim \u2013 n\u00f3 fi\u00fa d\u00edreach alt n\u00f3 leabhar\" \/>\n<meta property=\"og:url\" content=\"https:\/\/talkpal.ai\/ga\/gramadach-na-seice\/\" \/>\n<meta property=\"og:site_name\" content=\"Talkpal\" \/>\n<meta property=\"article:publisher\" content=\"https:\/\/www.facebook.com\/profile.php?id=100090733639311\" \/>\n<meta property=\"article:modified_time\" content=\"2025-12-13T15:22:50+00:00\" \/>\n<meta property=\"og:image\" content=\"https:\/\/talkpal.ai\/wp-content\/uploads\/2023\/05\/czech-republic.png\" \/>\n\t<meta property=\"og:image:width\" content=\"512\" \/>\n\t<meta property=\"og:image:height\" content=\"512\" \/>\n\t<meta property=\"og:image:type\" content=\"image\/png\" \/>\n<meta name=\"twitter:card\" content=\"summary_large_image\" \/>\n<meta name=\"twitter:site\" content=\"@talkpalai\" \/>\n<meta name=\"twitter:label1\" content=\"Est. reading time\" \/>\n\t<meta name=\"twitter:data1\" content=\"4 minutes\" \/>\n<script type=\"application\/ld+json\" class=\"yoast-schema-graph\">{\"@context\":\"https:\/\/schema.org\",\"@graph\":[{\"@type\":\"WebPage\",\"@id\":\"https:\/\/talkpal.ai\/ga\/gramadach-na-seice\/\",\"url\":\"https:\/\/talkpal.ai\/ga\/gramadach-na-seice\/\",\"name\":\"Gramadach na Seice - Talkpal\",\"isPartOf\":{\"@id\":\"https:\/\/talkpal.ai\/ga\/#website\"},\"primaryImageOfPage\":{\"@id\":\"https:\/\/talkpal.ai\/ga\/gramadach-na-seice\/#primaryimage\"},\"image\":{\"@id\":\"https:\/\/talkpal.ai\/ga\/gramadach-na-seice\/#primaryimage\"},\"thumbnailUrl\":\"https:\/\/talkpal.ai\/wp-content\/uploads\/2023\/05\/czech-republic.png\",\"datePublished\":\"2023-05-14T14:03:07+00:00\",\"dateModified\":\"2025-12-13T15:22:50+00:00\",\"description\":\"D\u00edghlas\u00e1il r\u00fain ghramada\u00ed na Seice. Foghlaim faoina chastacht uath\u00fail agus conas m\u00e1istreacht a dh\u00e9anamh ar chlaonadh ainmfhocal go h\u00e9ifeachtach.\",\"breadcrumb\":{\"@id\":\"https:\/\/talkpal.ai\/ga\/gramadach-na-seice\/#breadcrumb\"},\"inLanguage\":\"ga-IE\",\"potentialAction\":[{\"@type\":\"ReadAction\",\"target\":[\"https:\/\/talkpal.ai\/ga\/gramadach-na-seice\/\"]}]},{\"@type\":\"ImageObject\",\"inLanguage\":\"ga-IE\",\"@id\":\"https:\/\/talkpal.ai\/ga\/gramadach-na-seice\/#primaryimage\",\"url\":\"https:\/\/talkpal.ai\/wp-content\/uploads\/2023\/05\/czech-republic.png\",\"contentUrl\":\"https:\/\/talkpal.ai\/wp-content\/uploads\/2023\/05\/czech-republic.png\",\"width\":512,\"height\":512,\"caption\":\"TalkPal Czech republic Flag\"},{\"@type\":\"BreadcrumbList\",\"@id\":\"https:\/\/talkpal.ai\/ga\/gramadach-na-seice\/#breadcrumb\",\"itemListElement\":[{\"@type\":\"ListItem\",\"position\":1,\"name\":\"Homepage\",\"item\":\"https:\/\/talkpal.ai\/ga\/\"},{\"@type\":\"ListItem\",\"position\":2,\"name\":\"Gramadach na Seice\"}]},{\"@type\":\"WebSite\",\"@id\":\"https:\/\/talkpal.ai\/ga\/#website\",\"url\":\"https:\/\/talkpal.ai\/ga\/\",\"name\":\"Talkpal\",\"description\":\"AI Language Learning\",\"publisher\":{\"@id\":\"https:\/\/talkpal.ai\/ga\/#organization\"},\"alternateName\":\"Talkpal AI\",\"potentialAction\":[{\"@type\":\"SearchAction\",\"target\":{\"@type\":\"EntryPoint\",\"urlTemplate\":\"https:\/\/talkpal.ai\/ga\/?s={search_term_string}\"},\"query-input\":{\"@type\":\"PropertyValueSpecification\",\"valueRequired\":true,\"valueName\":\"search_term_string\"}}],\"inLanguage\":\"ga-IE\"},{\"@type\":\"Organization\",\"@id\":\"https:\/\/talkpal.ai\/ga\/#organization\",\"name\":\"Talkpal, Inc.\",\"alternateName\":\"Talkpal AI\",\"url\":\"https:\/\/talkpal.ai\/ga\/\",\"logo\":{\"@type\":\"ImageObject\",\"inLanguage\":\"ga-IE\",\"@id\":\"https:\/\/talkpal.ai\/ga\/#\/schema\/logo\/image\/\",\"url\":\"https:\/\/talkpal.ai\/wp-content\/uploads\/2024\/03\/Talkpal-Logo-Icon.png\",\"contentUrl\":\"https:\/\/talkpal.ai\/wp-content\/uploads\/2024\/03\/Talkpal-Logo-Icon.png\",\"width\":2880,\"height\":2880,\"caption\":\"Talkpal, Inc.\"},\"image\":{\"@id\":\"https:\/\/talkpal.ai\/ga\/#\/schema\/logo\/image\/\"},\"sameAs\":[\"https:\/\/www.facebook.com\/profile.php?id=100090733639311\",\"https:\/\/x.com\/talkpalai\",\"https:\/\/www.linkedin.com\/company\/talkpal\/\",\"https:\/\/www.youtube.com\/@TalkPal\/\",\"https:\/\/www.tiktok.com\/@talkpal\",\"https:\/\/www.instagram.com\/talkpal_ai\/\",\"https:\/\/www.crunchbase.com\/organization\/talkpal-9cde\",\"https:\/\/www.g2.com\/products\/talkpal-for-business\/\",\"https:\/\/www.trustpilot.com\/review\/talkpal.ai\",\"https:\/\/www.capterra.com\/p\/10006800\/TalkPal\/\"],\"description\":\"Talkpal is a language learning web and mobile education app, powered by the latest AI technologies, that provides engaging experiences to its customers in many different languages to help them improve their language skills. Users can chat about unlimited amount of topics with the app and use other modes to practice their language learning.\",\"email\":\"support@talkpal.ai\",\"legalName\":\"Talkpal, Inc.\",\"foundingDate\":\"2023-04-03\",\"duns\":\"118989042\",\"numberOfEmployees\":{\"@type\":\"QuantitativeValue\",\"minValue\":\"11\",\"maxValue\":\"50\"},\"publishingPrinciples\":\"https:\/\/talkpal.ai\/publishing-principles\/\",\"actionableFeedbackPolicy\":\"https:\/\/talkpal.ai\/actionable-feedback-policy\/\",\"correctionsPolicy\":\"https:\/\/talkpal.ai\/corrections-policy\/\",\"ethicsPolicy\":\"https:\/\/talkpal.ai\/ethics-policy\/\",\"diversityPolicy\":\"https:\/\/talkpal.ai\/diversity-policy\/\",\"diversityStaffingReport\":\"https:\/\/talkpal.ai\/diversity-policy\/\"}]}<\/script>\n<!-- \/ Yoast SEO Premium plugin. -->","yoast_head_json":{"title":"Gramadach na Seice - Talkpal","description":"D\u00edghlas\u00e1il r\u00fain ghramada\u00ed na Seice. Foghlaim faoina chastacht uath\u00fail agus conas m\u00e1istreacht a dh\u00e9anamh ar chlaonadh ainmfhocal go h\u00e9ifeachtach.","robots":{"index":"index","follow":"follow","max-snippet":"max-snippet:-1","max-image-preview":"max-image-preview:large","max-video-preview":"max-video-preview:-1"},"canonical":"https:\/\/talkpal.ai\/ga\/gramadach-na-seice\/","og_locale":"ga_IE","og_type":"article","og_title":"Gramadach na Seice","og_description":"Gramadach na Seice: Ciall a bhaint as strucht\u00far uath\u00fail na Seice M\u00e1 rinne t\u00fa iarracht riamh an tSeicis a fhoghlaim \u2013 n\u00f3 fi\u00fa d\u00edreach alt n\u00f3 leabhar","og_url":"https:\/\/talkpal.ai\/ga\/gramadach-na-seice\/","og_site_name":"Talkpal","article_publisher":"https:\/\/www.facebook.com\/profile.php?id=100090733639311","article_modified_time":"2025-12-13T15:22:50+00:00","og_image":[{"width":512,"height":512,"url":"https:\/\/talkpal.ai\/wp-content\/uploads\/2023\/05\/czech-republic.png","type":"image\/png"}],"twitter_card":"summary_large_image","twitter_site":"@talkpalai","twitter_misc":{"Est. reading time":"4 minutes"},"schema":{"@context":"https:\/\/schema.org","@graph":[{"@type":"WebPage","@id":"https:\/\/talkpal.ai\/ga\/gramadach-na-seice\/","url":"https:\/\/talkpal.ai\/ga\/gramadach-na-seice\/","name":"Gramadach na Seice - Talkpal","isPartOf":{"@id":"https:\/\/talkpal.ai\/ga\/#website"},"primaryImageOfPage":{"@id":"https:\/\/talkpal.ai\/ga\/gramadach-na-seice\/#primaryimage"},"image":{"@id":"https:\/\/talkpal.ai\/ga\/gramadach-na-seice\/#primaryimage"},"thumbnailUrl":"https:\/\/talkpal.ai\/wp-content\/uploads\/2023\/05\/czech-republic.png","datePublished":"2023-05-14T14:03:07+00:00","dateModified":"2025-12-13T15:22:50+00:00","description":"D\u00edghlas\u00e1il r\u00fain ghramada\u00ed na Seice. Foghlaim faoina chastacht uath\u00fail agus conas m\u00e1istreacht a dh\u00e9anamh ar chlaonadh ainmfhocal go h\u00e9ifeachtach.","breadcrumb":{"@id":"https:\/\/talkpal.ai\/ga\/gramadach-na-seice\/#breadcrumb"},"inLanguage":"ga-IE","potentialAction":[{"@type":"ReadAction","target":["https:\/\/talkpal.ai\/ga\/gramadach-na-seice\/"]}]},{"@type":"ImageObject","inLanguage":"ga-IE","@id":"https:\/\/talkpal.ai\/ga\/gramadach-na-seice\/#primaryimage","url":"https:\/\/talkpal.ai\/wp-content\/uploads\/2023\/05\/czech-republic.png","contentUrl":"https:\/\/talkpal.ai\/wp-content\/uploads\/2023\/05\/czech-republic.png","width":512,"height":512,"caption":"TalkPal Czech republic Flag"},{"@type":"BreadcrumbList","@id":"https:\/\/talkpal.ai\/ga\/gramadach-na-seice\/#breadcrumb","itemListElement":[{"@type":"ListItem","position":1,"name":"Homepage","item":"https:\/\/talkpal.ai\/ga\/"},{"@type":"ListItem","position":2,"name":"Gramadach na Seice"}]},{"@type":"WebSite","@id":"https:\/\/talkpal.ai\/ga\/#website","url":"https:\/\/talkpal.ai\/ga\/","name":"Talkpal","description":"AI Language Learning","publisher":{"@id":"https:\/\/talkpal.ai\/ga\/#organization"},"alternateName":"Talkpal AI","potentialAction":[{"@type":"SearchAction","target":{"@type":"EntryPoint","urlTemplate":"https:\/\/talkpal.ai\/ga\/?s={search_term_string}"},"query-input":{"@type":"PropertyValueSpecification","valueRequired":true,"valueName":"search_term_string"}}],"inLanguage":"ga-IE"},{"@type":"Organization","@id":"https:\/\/talkpal.ai\/ga\/#organization","name":"Talkpal, Inc.","alternateName":"Talkpal AI","url":"https:\/\/talkpal.ai\/ga\/","logo":{"@type":"ImageObject","inLanguage":"ga-IE","@id":"https:\/\/talkpal.ai\/ga\/#\/schema\/logo\/image\/","url":"https:\/\/talkpal.ai\/wp-content\/uploads\/2024\/03\/Talkpal-Logo-Icon.png","contentUrl":"https:\/\/talkpal.ai\/wp-content\/uploads\/2024\/03\/Talkpal-Logo-Icon.png","width":2880,"height":2880,"caption":"Talkpal, Inc."},"image":{"@id":"https:\/\/talkpal.ai\/ga\/#\/schema\/logo\/image\/"},"sameAs":["https:\/\/www.facebook.com\/profile.php?id=100090733639311","https:\/\/x.com\/talkpalai","https:\/\/www.linkedin.com\/company\/talkpal\/","https:\/\/www.youtube.com\/@TalkPal\/","https:\/\/www.tiktok.com\/@talkpal","https:\/\/www.instagram.com\/talkpal_ai\/","https:\/\/www.crunchbase.com\/organization\/talkpal-9cde","https:\/\/www.g2.com\/products\/talkpal-for-business\/","https:\/\/www.trustpilot.com\/review\/talkpal.ai","https:\/\/www.capterra.com\/p\/10006800\/TalkPal\/"],"description":"Talkpal is a language learning web and mobile education app, powered by the latest AI technologies, that provides engaging experiences to its customers in many different languages to help them improve their language skills. Users can chat about unlimited amount of topics with the app and use other modes to practice their language learning.","email":"support@talkpal.ai","legalName":"Talkpal, Inc.","foundingDate":"2023-04-03","duns":"118989042","numberOfEmployees":{"@type":"QuantitativeValue","minValue":"11","maxValue":"50"},"publishingPrinciples":"https:\/\/talkpal.ai\/publishing-principles\/","actionableFeedbackPolicy":"https:\/\/talkpal.ai\/actionable-feedback-policy\/","correctionsPolicy":"https:\/\/talkpal.ai\/corrections-policy\/","ethicsPolicy":"https:\/\/talkpal.ai\/ethics-policy\/","diversityPolicy":"https:\/\/talkpal.ai\/diversity-policy\/","diversityStaffingReport":"https:\/\/talkpal.ai\/diversity-policy\/"}]}},"_links":{"self":[{"href":"https:\/\/talkpal.ai\/ga\/wp-json\/wp\/v2\/pages\/1444080","targetHints":{"allow":["GET"]}}],"collection":[{"href":"https:\/\/talkpal.ai\/ga\/wp-json\/wp\/v2\/pages"}],"about":[{"href":"https:\/\/talkpal.ai\/ga\/wp-json\/wp\/v2\/types\/page"}],"author":[{"embeddable":true,"href":"https:\/\/talkpal.ai\/ga\/wp-json\/wp\/v2\/users\/1"}],"replies":[{"embeddable":true,"href":"https:\/\/talkpal.ai\/ga\/wp-json\/wp\/v2\/comments?post=1444080"}],"version-history":[{"count":0,"href":"https:\/\/talkpal.ai\/ga\/wp-json\/wp\/v2\/pages\/1444080\/revisions"}],"wp:featuredmedia":[{"embeddable":true,"href":"https:\/\/talkpal.ai\/ga\/wp-json\/wp\/v2\/media\/1444083"}],"wp:attachment":[{"href":"https:\/\/talkpal.ai\/ga\/wp-json\/wp\/v2\/media?parent=1444080"}],"curies":[{"name":"wp","href":"https:\/\/api.w.org\/{rel}","templated":true}]}}