{"id":740215,"date":"2024-06-10T12:09:17","date_gmt":"2024-06-10T12:09:17","guid":{"rendered":"https:\/\/talkpal.ai\/vocabulary\/a-merge-vs-a-pleca-partir-ou-partir-en-roumain\/"},"modified":"2024-06-10T12:09:17","modified_gmt":"2024-06-10T12:09:17","slug":"a-merge-vs-a-pleca-partir-ou-partir-en-roumain","status":"publish","type":"vocabulary","link":"https:\/\/talkpal.ai\/fr\/vocabulary\/a-merge-vs-a-pleca-partir-ou-partir-en-roumain\/","title":{"rendered":"A merge vs. A pleca &#8211; Partir ou partir en roumain"},"content":{"rendered":"<p>Dans l&rsquo;apprentissage du <a href=\"https:\/\/talkpal.ai\/learn-romanian\/\">roumain<\/a>, les verbes <b>a merge<\/b> et <b>a pleca<\/b> peuvent parfois pr\u00eater \u00e0 confusion pour les francophones, car ils se traduisent tous deux par \u00ab partir \u00bb en <a href=\"https:\/\/talkpal.ai\/learn-french\/\">fran\u00e7ais<\/a>. Cependant, leur usage et leur contexte sont assez diff\u00e9rents, et il est crucial de les comprendre pour \u00e9viter des malentendus. Cet article vise \u00e0 \u00e9claircir ces diff\u00e9rences et \u00e0 fournir des exemples concrets pour chaque verbe afin d&rsquo;aider les apprenants \u00e0 mieux les utiliser.<\/p>\n<h2>D\u00e9finitions et Contexte<\/h2>\n<h3><b>A merge<\/b><\/h3>\n<p><b>A merge<\/b> signifie \u00ab aller \u00bb ou \u00ab marcher \u00bb. Ce verbe est utilis\u00e9 pour indiquer un mouvement vers un endroit sp\u00e9cifique ou pour d\u00e9crire l&rsquo;acte de marcher.<\/p>\n<p><font color=\"#2D3AC7\">Eu <b>merg<\/b> la \u0219coal\u0103 \u00een fiecare zi.<\/font><\/p>\n<p><b>Eu<\/b> : Pronom personnel signifiant \u00ab je \u00bb.<br \/>\n<font color=\"#2D3AC7\"><b>Eu<\/b> sunt foarte fericit ast\u0103zi.<\/font><\/p>\n<p><b>la<\/b> : Pr\u00e9position signifiant \u00ab \u00e0 \u00bb ou \u00ab vers \u00bb.<br \/>\n<font color=\"#2D3AC7\">M\u0103 duc <b>la<\/b> magazin.<\/font><\/p>\n<p><b>\u0219coal\u0103<\/b> : Nom signifiant \u00ab \u00e9cole \u00bb.<br \/>\n<font color=\"#2D3AC7\">\u00cemi place s\u0103 merg la <b>\u0219coal\u0103<\/b>.<\/font><\/p>\n<p><b>\u00een fiecare zi<\/b> : Expression signifiant \u00ab tous les jours \u00bb.<br \/>\n<font color=\"#2D3AC7\">El face sport <b>\u00een fiecare zi<\/b>.<\/font><\/p>\n<p><b>A merge<\/b> peut \u00e9galement \u00eatre utilis\u00e9 pour d\u00e9crire une action continue ou une habitude.<\/p>\n<h3><b>A pleca<\/b><\/h3>\n<p><b>A pleca<\/b> signifie \u00ab partir \u00bb ou \u00ab quitter \u00bb. Ce verbe est utilis\u00e9 pour indiquer le d\u00e9part d&rsquo;un endroit.<\/p>\n<p><font color=\"#2D3AC7\">Ei <b>pleac\u0103<\/b> m\u00e2ine diminea\u021b\u0103.<\/font><\/p>\n<p><b>Ei<\/b> : Pronom personnel signifiant \u00ab ils \u00bb.<br \/>\n<font color=\"#2D3AC7\"><b>Ei<\/b> sunt prietenii mei.<\/font><\/p>\n<p><b>m\u00e2ine<\/b> : Adverbe signifiant \u00ab demain \u00bb.<br \/>\n<font color=\"#2D3AC7\">Ne vedem <b>m\u00e2ine<\/b>.<\/font><\/p>\n<p><b>diminea\u021b\u0103<\/b> : Nom signifiant \u00ab matin \u00bb.<br \/>\n<font color=\"#2D3AC7\">\u00cemi place s\u0103 m\u0103 trezesc devreme diminea\u021ba.<\/font><\/p>\n<p><b>A pleca<\/b> est souvent utilis\u00e9 pour indiquer un mouvement de d\u00e9part et peut \u00eatre suivi par une destination ou une indication de <a href=\"https:\/\/talkpal.ai\/zh-hans\/grammar_exercises\/temps-%e6%b3%95%e8%af%ad%e8%af%ad%e6%b3%95%e7%bb%83%e4%b9%a0\/\">temps<\/a>.<\/p>\n<h2>Comparaison des Utilisations<\/h2>\n<p>Pour bien comprendre les diff\u00e9rences entre <b>a merge<\/b> et <b>a pleca<\/b>, il est essentiel de se concentrer sur le contexte dans lequel chaque verbe est utilis\u00e9.<\/p>\n<h3>Usage de <b>a merge<\/b><\/h3>\n<p><b>A merge<\/b> est souvent utilis\u00e9 pour des actions quotidiennes ou pour indiquer le mouvement vers un endroit pr\u00e9cis.<\/p>\n<p><font color=\"#2D3AC7\">Noi <b>mergem<\/b> la cinema \u00een weekend.<\/font><\/p>\n<p><b>Noi<\/b> : Pronom personnel signifiant \u00ab nous \u00bb.<br \/>\n<font color=\"#2D3AC7\"><b>Noi<\/b> suntem aici.<\/font><\/p>\n<p><b>la cinema<\/b> : Expression signifiant \u00ab au cin\u00e9ma \u00bb.<br \/>\n<font color=\"#2D3AC7\">Vreau s\u0103 merg <b>la cinema<\/b>.<\/font><\/p>\n<p><b>\u00een weekend<\/b> : Expression signifiant \u00ab le week-end \u00bb.<br \/>\n<font color=\"#2D3AC7\">\u00cemi place s\u0103 m\u0103 relaxez <b>\u00een weekend<\/b>.<\/font><\/p>\n<h3>Usage de <b>a pleca<\/b><\/h3>\n<p><b>A pleca<\/b> est utilis\u00e9 pour indiquer un d\u00e9part, souvent avec une destination ou un temps pr\u00e9cis.<\/p>\n<p><font color=\"#2D3AC7\">El <b>pleac\u0103<\/b> la munc\u0103 la ora 8.<\/font><\/p>\n<p><b>la munc\u0103<\/b> : Expression signifiant \u00ab au travail \u00bb.<br \/>\n<font color=\"#2D3AC7\">Eu merg <b>la munc\u0103<\/b> \u00een fiecare zi.<\/font><\/p>\n<p><b>la ora 8<\/b> : Expression signifiant \u00ab \u00e0 8 heures \u00bb.<br \/>\n<font color=\"#2D3AC7\">Ne \u00eent\u00e2lnim <b>la ora 8<\/b>.<\/font><\/p>\n<h2>Exemples Concrets<\/h2>\n<p>Pour illustrer davantage les diff\u00e9rences, voici quelques phrases suppl\u00e9mentaires :<\/p>\n<h3>Avec <b>a merge<\/b> :<\/h3>\n<p><font color=\"#2D3AC7\">El <b>merge<\/b> la magazin pentru a cump\u0103ra p\u00e2ine.<\/font><\/p>\n<p><b>la magazin<\/b> : Expression signifiant \u00ab au magasin \u00bb.<br \/>\n<font color=\"#2D3AC7\">M\u0103 duc <b>la magazin<\/b> s\u0103 cump\u0103r lapte.<\/font><\/p>\n<p><b>pentru a cump\u0103ra p\u00e2ine<\/b> : Expression signifiant \u00ab pour acheter du pain \u00bb.<br \/>\n<font color=\"#2D3AC7\">El merge <b>pentru a cump\u0103ra p\u00e2ine<\/b>.<\/font><\/p>\n<h3>Avec <b>a pleca<\/b> :<\/h3>\n<p><font color=\"#2D3AC7\">Noi <b>plec\u0103m<\/b> \u00een vacan\u021b\u0103 s\u0103pt\u0103m\u00e2na viitoare.<\/font><\/p>\n<p><b>\u00een vacan\u021b\u0103<\/b> : Expression signifiant \u00ab en vacances \u00bb.<br \/>\n<font color=\"#2D3AC7\">Vrem s\u0103 mergem <b>\u00een vacan\u021b\u0103<\/b>.<\/font><\/p>\n<p><b>s\u0103pt\u0103m\u00e2na viitoare<\/b> : Expression signifiant \u00ab la semaine prochaine \u00bb.<br \/>\n<font color=\"#2D3AC7\">Am planificat o excursie <b>s\u0103pt\u0103m\u00e2na viitoare<\/b>.<\/font><\/p>\n<h2>Erreurs Courantes<\/h2>\n<p>Il est facile de faire des erreurs en utilisant <b>a merge<\/b> et <b>a pleca<\/b>, surtout pour les d\u00e9butants. Voici quelques erreurs courantes et comment les \u00e9viter :<\/p>\n<h3>Confusion de sens<\/h3>\n<p>Une erreur courante est d&rsquo;utiliser <b>a merge<\/b> quand <b>a pleca<\/b> est n\u00e9cessaire et vice versa.<\/p>\n<p><font color=\"#2D3AC7\">Incorrect : Eu <b>merg<\/b> m\u00e2ine diminea\u021b\u0103.<\/font><br \/>\n<font color=\"#2D3AC7\">Correct : Eu <b>plec<\/b> m\u00e2ine diminea\u021b\u0103.<\/font><\/p>\n<h3>Omission de pr\u00e9positions<\/h3>\n<p>Parfois, les pr\u00e9positions n\u00e9cessaires peuvent \u00eatre omises, ce qui rend la phrase incorrecte.<\/p>\n<p><font color=\"#2D3AC7\">Incorrect : El <b>merge<\/b> munc\u0103.<\/font><br \/>\n<font color=\"#2D3AC7\">Correct : El <b>merge la munc\u0103<\/b>.<\/font><\/p>\n<h2>Conseils pour Ma\u00eetriser ces Verbes<\/h2>\n<p>Pour mieux ma\u00eetriser l&rsquo;utilisation de <b>a merge<\/b> et <b>a pleca<\/b>, voici quelques conseils pratiques :<\/p>\n<h3>Pratique r\u00e9guli\u00e8re<\/h3>\n<p>Il est essentiel de pratiquer r\u00e9guli\u00e8rement en utilisant ces verbes dans diff\u00e9rentes phrases et contextes.<\/p>\n<p><font color=\"#2D3AC7\">Eu <b>merg<\/b> la pia\u021b\u0103 \u00een fiecare s\u0103pt\u0103m\u00e2n\u0103.<\/font><br \/>\n<font color=\"#2D3AC7\">El <b>pleac\u0103<\/b> \u00een fiecare zi la aceea\u0219i or\u0103.<\/font><\/p>\n<h3>\u00c9couter et imiter<\/h3>\n<p>\u00c9couter des locuteurs natifs et imiter leur usage des verbes peut aider \u00e0 internaliser les diff\u00e9rences.<\/p>\n<p><font color=\"#2D3AC7\">Ascult\u0103 cum vorbesc rom\u00e2nii \u0219i <b>imit\u0103<\/b> ce auzi.<\/font><\/p>\n<p><b>Ascult\u0103<\/b> : Verbe signifiant \u00ab \u00e9coute \u00bb.<br \/>\n<font color=\"#2D3AC7\"><b>Ascult\u0103<\/b> muzic\u0103 rom\u00e2neasc\u0103 pentru a \u00eenv\u0103\u021ba mai bine.<\/font><\/p>\n<p><b>imit\u0103<\/b> : Verbe signifiant \u00ab imite \u00bb.<br \/>\n<font color=\"#2D3AC7\"><b>Imit\u0103<\/b> pronun\u021bia nativilor pentru a te perfec\u021biona.<\/font><\/p>\n<h2>Conclusion<\/h2>\n<p>En r\u00e9sum\u00e9, bien que <b>a merge<\/b> et <b>a pleca<\/b> puissent tous deux se traduire par \u00ab partir \u00bb en fran\u00e7ais, ils ont des usages distincts en roumain. <b>A merge<\/b> est plus souvent utilis\u00e9 pour indiquer un mouvement vers un endroit ou une action continue, tandis que <b>a pleca<\/b> est utilis\u00e9 pour indiquer un d\u00e9part. En pratiquant r\u00e9guli\u00e8rement et en \u00e9tant attentif au contexte, les apprenants peuvent ma\u00eetriser ces diff\u00e9rences et utiliser ces verbes avec pr\u00e9cision.<\/p>\n","protected":false},"featured_media":1527945,"template":"","vocabulary_language":[3867],"class_list":["post-740215","vocabulary","type-vocabulary","status-publish","has-post-thumbnail","hentry","vocabulary_language-roumain"],"acf":[],"yoast_head":"<!-- This site is optimized with the Yoast SEO Premium plugin v27.2 (Yoast SEO v27.2) - https:\/\/yoast.com\/product\/yoast-seo-premium-wordpress\/ -->\n<title>A merge vs. A pleca - Partir ou partir en roumain - Talkpal<\/title>\n<meta name=\"description\" content=\"Dans l&#039;apprentissage du roumain, les verbes a merge et a pleca peuvent parfois pr\u00eater \u00e0 confusion pour les francophones, car ils se traduisent tous deux\" \/>\n<meta name=\"robots\" content=\"index, follow, max-snippet:-1, max-image-preview:large, max-video-preview:-1\" \/>\n<link rel=\"canonical\" href=\"https:\/\/talkpal.ai\/fr\/vocabulary\/a-merge-vs-a-pleca-partir-ou-partir-en-roumain\/\" \/>\n<meta property=\"og:locale\" content=\"fr_FR\" \/>\n<meta property=\"og:type\" content=\"article\" \/>\n<meta property=\"og:title\" content=\"A merge vs. A pleca - Partir ou partir en roumain\" \/>\n<meta property=\"og:description\" content=\"Dans l&#039;apprentissage du roumain, les verbes a merge et a pleca peuvent parfois pr\u00eater \u00e0 confusion pour les francophones, car ils se traduisent tous deux\" \/>\n<meta property=\"og:url\" content=\"https:\/\/talkpal.ai\/fr\/vocabulary\/a-merge-vs-a-pleca-partir-ou-partir-en-roumain\/\" \/>\n<meta property=\"og:site_name\" content=\"Talkpal\" \/>\n<meta property=\"article:publisher\" content=\"https:\/\/www.facebook.com\/profile.php?id=100090733639311\" \/>\n<meta property=\"og:image\" content=\"https:\/\/talkpal.ai\/wp-content\/uploads\/2024\/10\/talkpal_flat_illustration_of_a_employees_working_together_happi_c674ff77-e477-4e09-835a-01d30e561e99.png\" \/>\n\t<meta property=\"og:image:width\" content=\"1024\" \/>\n\t<meta property=\"og:image:height\" content=\"1024\" \/>\n\t<meta property=\"og:image:type\" content=\"image\/png\" \/>\n<meta name=\"twitter:card\" content=\"summary_large_image\" \/>\n<meta name=\"twitter:site\" content=\"@talkpalai\" \/>\n<meta name=\"twitter:label1\" content=\"Dur\u00e9e de lecture estim\u00e9e\" \/>\n\t<meta name=\"twitter:data1\" content=\"4 minutes\" \/>\n<script type=\"application\/ld+json\" class=\"yoast-schema-graph\">{\"@context\":\"https:\/\/schema.org\",\"@graph\":[{\"@type\":\"WebPage\",\"@id\":\"https:\/\/talkpal.ai\/fr\/vocabulary\/a-merge-vs-a-pleca-partir-ou-partir-en-roumain\/\",\"url\":\"https:\/\/talkpal.ai\/fr\/vocabulary\/a-merge-vs-a-pleca-partir-ou-partir-en-roumain\/\",\"name\":\"A merge vs. A pleca - Partir ou partir en roumain - Talkpal\",\"isPartOf\":{\"@id\":\"https:\/\/talkpal.ai\/fr\/#website\"},\"primaryImageOfPage\":{\"@id\":\"https:\/\/talkpal.ai\/fr\/vocabulary\/a-merge-vs-a-pleca-partir-ou-partir-en-roumain\/#primaryimage\"},\"image\":{\"@id\":\"https:\/\/talkpal.ai\/fr\/vocabulary\/a-merge-vs-a-pleca-partir-ou-partir-en-roumain\/#primaryimage\"},\"thumbnailUrl\":\"https:\/\/talkpal.ai\/wp-content\/uploads\/2025\/12\/students-in-sunset-light-learning-languages.webp\",\"datePublished\":\"2024-06-10T12:09:17+00:00\",\"description\":\"Dans l'apprentissage du roumain, les verbes a merge et a pleca peuvent parfois pr\u00eater \u00e0 confusion pour les francophones, car ils se traduisent tous deux\",\"breadcrumb\":{\"@id\":\"https:\/\/talkpal.ai\/fr\/vocabulary\/a-merge-vs-a-pleca-partir-ou-partir-en-roumain\/#breadcrumb\"},\"inLanguage\":\"fr-FR\",\"potentialAction\":[{\"@type\":\"ReadAction\",\"target\":[\"https:\/\/talkpal.ai\/fr\/vocabulary\/a-merge-vs-a-pleca-partir-ou-partir-en-roumain\/\"]}]},{\"@type\":\"ImageObject\",\"inLanguage\":\"fr-FR\",\"@id\":\"https:\/\/talkpal.ai\/fr\/vocabulary\/a-merge-vs-a-pleca-partir-ou-partir-en-roumain\/#primaryimage\",\"url\":\"https:\/\/talkpal.ai\/wp-content\/uploads\/2025\/12\/students-in-sunset-light-learning-languages.webp\",\"contentUrl\":\"https:\/\/talkpal.ai\/wp-content\/uploads\/2025\/12\/students-in-sunset-light-learning-languages.webp\",\"width\":1200,\"height\":896,\"caption\":\"Students sit at a long library table bathed in sunset light while learning languages.\"},{\"@type\":\"BreadcrumbList\",\"@id\":\"https:\/\/talkpal.ai\/fr\/vocabulary\/a-merge-vs-a-pleca-partir-ou-partir-en-roumain\/#breadcrumb\",\"itemListElement\":[{\"@type\":\"ListItem\",\"position\":1,\"name\":\"Homepage\",\"item\":\"https:\/\/talkpal.ai\/fr\/\"},{\"@type\":\"ListItem\",\"position\":2,\"name\":\"A merge vs. A pleca &#8211; Partir ou partir en roumain\"}]},{\"@type\":\"WebSite\",\"@id\":\"https:\/\/talkpal.ai\/fr\/#website\",\"url\":\"https:\/\/talkpal.ai\/fr\/\",\"name\":\"Talkpal\",\"description\":\"AI Language Learning\",\"publisher\":{\"@id\":\"https:\/\/talkpal.ai\/fr\/#organization\"},\"alternateName\":\"Talkpal AI\",\"potentialAction\":[{\"@type\":\"SearchAction\",\"target\":{\"@type\":\"EntryPoint\",\"urlTemplate\":\"https:\/\/talkpal.ai\/fr\/?s={search_term_string}\"},\"query-input\":{\"@type\":\"PropertyValueSpecification\",\"valueRequired\":true,\"valueName\":\"search_term_string\"}}],\"inLanguage\":\"fr-FR\"},{\"@type\":\"Organization\",\"@id\":\"https:\/\/talkpal.ai\/fr\/#organization\",\"name\":\"Talkpal, Inc.\",\"alternateName\":\"Talkpal AI\",\"url\":\"https:\/\/talkpal.ai\/fr\/\",\"logo\":{\"@type\":\"ImageObject\",\"inLanguage\":\"fr-FR\",\"@id\":\"https:\/\/talkpal.ai\/fr\/#\/schema\/logo\/image\/\",\"url\":\"https:\/\/talkpal.ai\/wp-content\/uploads\/2024\/03\/Talkpal-Logo-Icon.png\",\"contentUrl\":\"https:\/\/talkpal.ai\/wp-content\/uploads\/2024\/03\/Talkpal-Logo-Icon.png\",\"width\":2880,\"height\":2880,\"caption\":\"Talkpal, Inc.\"},\"image\":{\"@id\":\"https:\/\/talkpal.ai\/fr\/#\/schema\/logo\/image\/\"},\"sameAs\":[\"https:\/\/www.facebook.com\/profile.php?id=100090733639311\",\"https:\/\/x.com\/talkpalai\",\"https:\/\/www.linkedin.com\/company\/talkpal\/\",\"https:\/\/www.youtube.com\/@TalkPal\/\",\"https:\/\/www.tiktok.com\/@talkpal\",\"https:\/\/www.instagram.com\/talkpal_ai\/\",\"https:\/\/www.crunchbase.com\/organization\/talkpal-9cde\",\"https:\/\/www.g2.com\/products\/talkpal-for-business\/\",\"https:\/\/www.trustpilot.com\/review\/talkpal.ai\",\"https:\/\/www.capterra.com\/p\/10006800\/TalkPal\/\"],\"description\":\"Talkpal is a language learning web and mobile education app, powered by the latest AI technologies, that provides engaging experiences to its customers in many different languages to help them improve their language skills. Users can chat about unlimited amount of topics with the app and use other modes to practice their language learning.\",\"email\":\"support@talkpal.ai\",\"legalName\":\"Talkpal, Inc.\",\"foundingDate\":\"2023-04-03\",\"duns\":\"118989042\",\"numberOfEmployees\":{\"@type\":\"QuantitativeValue\",\"minValue\":\"11\",\"maxValue\":\"50\"},\"publishingPrinciples\":\"https:\/\/talkpal.ai\/publishing-principles\/\",\"actionableFeedbackPolicy\":\"https:\/\/talkpal.ai\/actionable-feedback-policy\/\",\"correctionsPolicy\":\"https:\/\/talkpal.ai\/corrections-policy\/\",\"ethicsPolicy\":\"https:\/\/talkpal.ai\/ethics-policy\/\",\"diversityPolicy\":\"https:\/\/talkpal.ai\/diversity-policy\/\",\"diversityStaffingReport\":\"https:\/\/talkpal.ai\/diversity-policy\/\"}]}<\/script>\n<!-- \/ Yoast SEO Premium plugin. -->","yoast_head_json":{"title":"A merge vs. A pleca - Partir ou partir en roumain - Talkpal","description":"Dans l'apprentissage du roumain, les verbes a merge et a pleca peuvent parfois pr\u00eater \u00e0 confusion pour les francophones, car ils se traduisent tous deux","robots":{"index":"index","follow":"follow","max-snippet":"max-snippet:-1","max-image-preview":"max-image-preview:large","max-video-preview":"max-video-preview:-1"},"canonical":"https:\/\/talkpal.ai\/fr\/vocabulary\/a-merge-vs-a-pleca-partir-ou-partir-en-roumain\/","og_locale":"fr_FR","og_type":"article","og_title":"A merge vs. A pleca - Partir ou partir en roumain","og_description":"Dans l'apprentissage du roumain, les verbes a merge et a pleca peuvent parfois pr\u00eater \u00e0 confusion pour les francophones, car ils se traduisent tous deux","og_url":"https:\/\/talkpal.ai\/fr\/vocabulary\/a-merge-vs-a-pleca-partir-ou-partir-en-roumain\/","og_site_name":"Talkpal","article_publisher":"https:\/\/www.facebook.com\/profile.php?id=100090733639311","og_image":[{"width":1024,"height":1024,"url":"https:\/\/talkpal.ai\/wp-content\/uploads\/2024\/10\/talkpal_flat_illustration_of_a_employees_working_together_happi_c674ff77-e477-4e09-835a-01d30e561e99.png","type":"image\/png"}],"twitter_card":"summary_large_image","twitter_site":"@talkpalai","twitter_misc":{"Dur\u00e9e de lecture estim\u00e9e":"4 minutes"},"schema":{"@context":"https:\/\/schema.org","@graph":[{"@type":"WebPage","@id":"https:\/\/talkpal.ai\/fr\/vocabulary\/a-merge-vs-a-pleca-partir-ou-partir-en-roumain\/","url":"https:\/\/talkpal.ai\/fr\/vocabulary\/a-merge-vs-a-pleca-partir-ou-partir-en-roumain\/","name":"A merge vs. A pleca - Partir ou partir en roumain - Talkpal","isPartOf":{"@id":"https:\/\/talkpal.ai\/fr\/#website"},"primaryImageOfPage":{"@id":"https:\/\/talkpal.ai\/fr\/vocabulary\/a-merge-vs-a-pleca-partir-ou-partir-en-roumain\/#primaryimage"},"image":{"@id":"https:\/\/talkpal.ai\/fr\/vocabulary\/a-merge-vs-a-pleca-partir-ou-partir-en-roumain\/#primaryimage"},"thumbnailUrl":"https:\/\/talkpal.ai\/wp-content\/uploads\/2025\/12\/students-in-sunset-light-learning-languages.webp","datePublished":"2024-06-10T12:09:17+00:00","description":"Dans l'apprentissage du roumain, les verbes a merge et a pleca peuvent parfois pr\u00eater \u00e0 confusion pour les francophones, car ils se traduisent tous deux","breadcrumb":{"@id":"https:\/\/talkpal.ai\/fr\/vocabulary\/a-merge-vs-a-pleca-partir-ou-partir-en-roumain\/#breadcrumb"},"inLanguage":"fr-FR","potentialAction":[{"@type":"ReadAction","target":["https:\/\/talkpal.ai\/fr\/vocabulary\/a-merge-vs-a-pleca-partir-ou-partir-en-roumain\/"]}]},{"@type":"ImageObject","inLanguage":"fr-FR","@id":"https:\/\/talkpal.ai\/fr\/vocabulary\/a-merge-vs-a-pleca-partir-ou-partir-en-roumain\/#primaryimage","url":"https:\/\/talkpal.ai\/wp-content\/uploads\/2025\/12\/students-in-sunset-light-learning-languages.webp","contentUrl":"https:\/\/talkpal.ai\/wp-content\/uploads\/2025\/12\/students-in-sunset-light-learning-languages.webp","width":1200,"height":896,"caption":"Students sit at a long library table bathed in sunset light while learning languages."},{"@type":"BreadcrumbList","@id":"https:\/\/talkpal.ai\/fr\/vocabulary\/a-merge-vs-a-pleca-partir-ou-partir-en-roumain\/#breadcrumb","itemListElement":[{"@type":"ListItem","position":1,"name":"Homepage","item":"https:\/\/talkpal.ai\/fr\/"},{"@type":"ListItem","position":2,"name":"A merge vs. A pleca &#8211; Partir ou partir en roumain"}]},{"@type":"WebSite","@id":"https:\/\/talkpal.ai\/fr\/#website","url":"https:\/\/talkpal.ai\/fr\/","name":"Talkpal","description":"AI Language Learning","publisher":{"@id":"https:\/\/talkpal.ai\/fr\/#organization"},"alternateName":"Talkpal AI","potentialAction":[{"@type":"SearchAction","target":{"@type":"EntryPoint","urlTemplate":"https:\/\/talkpal.ai\/fr\/?s={search_term_string}"},"query-input":{"@type":"PropertyValueSpecification","valueRequired":true,"valueName":"search_term_string"}}],"inLanguage":"fr-FR"},{"@type":"Organization","@id":"https:\/\/talkpal.ai\/fr\/#organization","name":"Talkpal, Inc.","alternateName":"Talkpal AI","url":"https:\/\/talkpal.ai\/fr\/","logo":{"@type":"ImageObject","inLanguage":"fr-FR","@id":"https:\/\/talkpal.ai\/fr\/#\/schema\/logo\/image\/","url":"https:\/\/talkpal.ai\/wp-content\/uploads\/2024\/03\/Talkpal-Logo-Icon.png","contentUrl":"https:\/\/talkpal.ai\/wp-content\/uploads\/2024\/03\/Talkpal-Logo-Icon.png","width":2880,"height":2880,"caption":"Talkpal, Inc."},"image":{"@id":"https:\/\/talkpal.ai\/fr\/#\/schema\/logo\/image\/"},"sameAs":["https:\/\/www.facebook.com\/profile.php?id=100090733639311","https:\/\/x.com\/talkpalai","https:\/\/www.linkedin.com\/company\/talkpal\/","https:\/\/www.youtube.com\/@TalkPal\/","https:\/\/www.tiktok.com\/@talkpal","https:\/\/www.instagram.com\/talkpal_ai\/","https:\/\/www.crunchbase.com\/organization\/talkpal-9cde","https:\/\/www.g2.com\/products\/talkpal-for-business\/","https:\/\/www.trustpilot.com\/review\/talkpal.ai","https:\/\/www.capterra.com\/p\/10006800\/TalkPal\/"],"description":"Talkpal is a language learning web and mobile education app, powered by the latest AI technologies, that provides engaging experiences to its customers in many different languages to help them improve their language skills. Users can chat about unlimited amount of topics with the app and use other modes to practice their language learning.","email":"support@talkpal.ai","legalName":"Talkpal, Inc.","foundingDate":"2023-04-03","duns":"118989042","numberOfEmployees":{"@type":"QuantitativeValue","minValue":"11","maxValue":"50"},"publishingPrinciples":"https:\/\/talkpal.ai\/publishing-principles\/","actionableFeedbackPolicy":"https:\/\/talkpal.ai\/actionable-feedback-policy\/","correctionsPolicy":"https:\/\/talkpal.ai\/corrections-policy\/","ethicsPolicy":"https:\/\/talkpal.ai\/ethics-policy\/","diversityPolicy":"https:\/\/talkpal.ai\/diversity-policy\/","diversityStaffingReport":"https:\/\/talkpal.ai\/diversity-policy\/"}]}},"_links":{"self":[{"href":"https:\/\/talkpal.ai\/fr\/wp-json\/wp\/v2\/vocabulary\/740215","targetHints":{"allow":["GET"]}}],"collection":[{"href":"https:\/\/talkpal.ai\/fr\/wp-json\/wp\/v2\/vocabulary"}],"about":[{"href":"https:\/\/talkpal.ai\/fr\/wp-json\/wp\/v2\/types\/vocabulary"}],"wp:featuredmedia":[{"embeddable":true,"href":"https:\/\/talkpal.ai\/fr\/wp-json\/wp\/v2\/media\/1527945"}],"wp:attachment":[{"href":"https:\/\/talkpal.ai\/fr\/wp-json\/wp\/v2\/media?parent=740215"}],"wp:term":[{"taxonomy":"vocabulary_language","embeddable":true,"href":"https:\/\/talkpal.ai\/fr\/wp-json\/wp\/v2\/vocabulary_language?post=740215"}],"curies":[{"name":"wp","href":"https:\/\/api.w.org\/{rel}","templated":true}]}}