{"id":738827,"date":"2024-06-10T10:13:18","date_gmt":"2024-06-10T10:13:18","guid":{"rendered":"https:\/\/talkpal.ai\/vocabulary\/vera-vs-verda-etre-ou-devenir-en-islandais\/"},"modified":"2024-06-10T10:13:18","modified_gmt":"2024-06-10T10:13:18","slug":"vera-vs-verda-etre-ou-devenir-en-islandais","status":"publish","type":"vocabulary","link":"https:\/\/talkpal.ai\/fr\/vocabulary\/vera-vs-verda-etre-ou-devenir-en-islandais\/","title":{"rendered":"Vera vs. Ver\u00f0a &#8211; \u00catre ou devenir en islandais"},"content":{"rendered":"<p>L&rsquo;apprentissage de l&rsquo;islandais peut sembler intimidant pour beaucoup, surtout quand <a href=\"https:\/\/talkpal.ai\/culture\/how-do-i-use-the-expression-il-sagit-de\/\">il s&rsquo;agit<\/a> de comprendre les nuances des verbes. Deux des verbes les plus couramment utilis\u00e9s mais souvent confondus sont <b>vera<\/b> et <b>ver\u00f0a<\/b>. Bien que ces deux verbes puissent \u00eatre traduits en <a href=\"https:\/\/talkpal.ai\/learn-french\/\">fran\u00e7ais<\/a> par \u00ab\u00a0\u00eatre\u00a0\u00bb ou \u00ab\u00a0devenir\u00a0\u00bb, leur utilisation en <a href=\"https:\/\/talkpal.ai\/learn-icelandic\/\">islandais<\/a> est bien distincte. Cet article vous aidera \u00e0 d\u00e9m\u00ealer ces deux verbes et \u00e0 les utiliser correctement dans vos conversations quotidiennes.<\/p>\n<h2>Vera &#8211; \u00catre<\/h2>\n<p>Le verbe <b>vera<\/b> est l&rsquo;\u00e9quivalent direct du verbe \u00ab\u00a0\u00eatre\u00a0\u00bb en fran\u00e7ais. Il est utilis\u00e9 pour d\u00e9crire des \u00e9tats permanents ou temporaires, des identit\u00e9s et des lieux.<\/p>\n<p><b>Vera<\/b> &#8211; (\u00eatre) : utilis\u00e9 pour d\u00e9crire un \u00e9tat ou une condition, que ce soit temporaire ou permanent.<br \/>\n<font color=\"#2D3AC7\">\u00c9g er nemandi.<\/font> (Je suis \u00e9tudiant.)<\/p>\n<p><b>\u00c9g<\/b> &#8211; (je) : pronom personnel utilis\u00e9 pour se r\u00e9f\u00e9rer \u00e0 soi-m\u00eame.<br \/>\n<font color=\"#2D3AC7\">\u00c9g er h\u00e9r.<\/font> (Je suis ici.)<\/p>\n<p><b>Er<\/b> &#8211; (suis) : forme conjugu\u00e9e du verbe <b>vera<\/b> \u00e0 la premi\u00e8re personne du singulier.<br \/>\n<font color=\"#2D3AC7\">H\u00fan er l\u00e6knir.<\/font> (Elle est m\u00e9decin.)<\/p>\n<p><b>H\u00e9r<\/b> &#8211; (ici) : adverbe de lieu.<br \/>\n<font color=\"#2D3AC7\">B\u00f3kin er h\u00e9r.<\/font> (Le livre est ici.)<\/p>\n<p><b>L\u00e6knir<\/b> &#8211; (m\u00e9decin) : un professionnel de la sant\u00e9.<br \/>\n<font color=\"#2D3AC7\">Hann er l\u00e6knir.<\/font> (Il est m\u00e9decin.)<\/p>\n<p><b>Nemandi<\/b> &#8211; (\u00e9tudiant) : une personne qui \u00e9tudie, g\u00e9n\u00e9ralement dans une \u00e9cole ou une <a href=\"https:\/\/talkpal.ai\/mt\/skont-talkpal-ghall-istaff-tal-universita\/\">universit\u00e9<\/a>.<br \/>\n<font color=\"#2D3AC7\">\u00c9g er nemandi.<\/font> (Je suis \u00e9tudiant.)<\/p>\n<p><b>B\u00f3kin<\/b> &#8211; (livre) : un objet contenant des pages \u00e9crites ou imprim\u00e9es.<br \/>\n<font color=\"#2D3AC7\">B\u00f3kin er \u00e1 bor\u00f0inu.<\/font> (Le livre est sur la table.)<\/p>\n<p><b>Bor\u00f0inu<\/b> &#8211; (la table) : un meuble avec une surface plane utilis\u00e9 pour manger, \u00e9crire, etc.<br \/>\n<font color=\"#2D3AC7\">B\u00f3kin er \u00e1 bor\u00f0inu.<\/font> (Le livre est sur la table.)<\/p>\n<h2>Ver\u00f0a &#8211; Devenir<\/h2>\n<p>Le verbe <b>ver\u00f0a<\/b> est utilis\u00e9 pour d\u00e9crire une transformation ou un changement d&rsquo;\u00e9tat, similaire au verbe \u00ab\u00a0devenir\u00a0\u00bb en fran\u00e7ais.<\/p>\n<p><b>Ver\u00f0a<\/b> &#8211; (devenir) : utilis\u00e9 pour indiquer un changement d&rsquo;\u00e9tat ou de condition.<br \/>\n<font color=\"#2D3AC7\">\u00c9g ver\u00f0 l\u00e6knir.<\/font> (Je deviendrai m\u00e9decin.)<\/p>\n<p><b>Ver\u00f0<\/b> &#8211; (deviendrai) : forme conjugu\u00e9e du verbe <b>ver\u00f0a<\/b> \u00e0 la premi\u00e8re personne du singulier.<br \/>\n<font color=\"#2D3AC7\">H\u00fan ver\u00f0ur fr\u00e6g.<\/font> (Elle deviendra c\u00e9l\u00e8bre.)<\/p>\n<p><b>Fr\u00e6g<\/b> &#8211; (c\u00e9l\u00e8bre) : bien connu, reconnu par beaucoup de gens.<br \/>\n<font color=\"#2D3AC7\">H\u00fan ver\u00f0ur fr\u00e6g.<\/font> (Elle deviendra c\u00e9l\u00e8bre.)<\/p>\n<p><b>H\u00fan<\/b> &#8211; (elle) : pronom personnel f\u00e9minin.<br \/>\n<font color=\"#2D3AC7\">H\u00fan ver\u00f0ur fr\u00e6g.<\/font> (Elle deviendra c\u00e9l\u00e8bre.)<\/p>\n<p><b>\u00c9g<\/b> &#8211; (je) : pronom personnel utilis\u00e9 pour se r\u00e9f\u00e9rer \u00e0 soi-m\u00eame.<br \/>\n<font color=\"#2D3AC7\">\u00c9g ver\u00f0 l\u00e6knir.<\/font> (Je deviendrai m\u00e9decin.)<\/p>\n<h3>Comparaison entre Vera et Ver\u00f0a<\/h3>\n<p>Pour mieux comprendre la diff\u00e9rence entre <b>vera<\/b> et <b>ver\u00f0a<\/b>, examinons quelques exemples suppl\u00e9mentaires :<\/p>\n<p><b>Vera<\/b> pour exprimer un \u00e9tat permanent :<br \/>\n<font color=\"#2D3AC7\">\u00c9g er kennari.<\/font> (Je suis enseignant.)<\/p>\n<p><b>Ver\u00f0a<\/b> pour exprimer une transformation :<br \/>\n<font color=\"#2D3AC7\">\u00c9g ver\u00f0 kennari.<\/font> (Je deviendrai enseignant.)<\/p>\n<p><b>Vera<\/b> pour indiquer un lieu :<br \/>\n<font color=\"#2D3AC7\">H\u00fan er \u00e1 skrifstofunni.<\/font> (Elle est au bureau.)<\/p>\n<p><b>Ver\u00f0a<\/b> pour indiquer un changement de lieu :<br \/>\n<font color=\"#2D3AC7\">H\u00fan ver\u00f0ur \u00e1 skrifstofunni.<\/font> (Elle sera au bureau.)<\/p>\n<p><b>Vera<\/b> pour indiquer une condition temporaire :<br \/>\n<font color=\"#2D3AC7\">\u00c9g er veikur.<\/font> (Je suis malade.)<\/p>\n<p><b>Ver\u00f0a<\/b> pour indiquer une condition future :<br \/>\n<font color=\"#2D3AC7\">\u00c9g ver\u00f0 veikur.<\/font> (Je deviendrai malade.)<\/p>\n<h2>Conjugaison des verbes Vera et Ver\u00f0a<\/h2>\n<p>Il est essentiel de conna\u00eetre les formes conjugu\u00e9es de ces verbes pour les utiliser correctement dans des phrases.<\/p>\n<h3>Conjugaison de Vera<\/h3>\n<p>Pr\u00e9sent:<br \/>\n<b>\u00c9g er<\/b> &#8211; (Je suis)<br \/>\n<font color=\"#2D3AC7\">\u00c9g er h\u00e9r.<\/font> (Je suis ici.)<\/p>\n<p><b>\u00de\u00fa ert<\/b> &#8211; (Tu es)<br \/>\n<font color=\"#2D3AC7\">\u00de\u00fa ert falleg.<\/font> (Tu es belle.)<\/p>\n<p><b>Hann\/H\u00fan\/\u00dea\u00f0 er<\/b> &#8211; (Il\/Elle\/Cela est)<br \/>\n<font color=\"#2D3AC7\">Hann er gamall.<\/font> (Il est vieux.)<\/p>\n<p><b>Vi\u00f0 erum<\/b> &#8211; (Nous sommes)<br \/>\n<font color=\"#2D3AC7\">Vi\u00f0 erum vinir.<\/font> (Nous sommes amis.)<\/p>\n<p><b>\u00dei\u00f0 eru\u00f0<\/b> &#8211; (Vous \u00eates)<br \/>\n<font color=\"#2D3AC7\">\u00dei\u00f0 eru\u00f0 h\u00e9r.<\/font> (Vous \u00eates ici.)<\/p>\n<p><b>\u00deeir\/\u00de\u00e6r\/\u00deau eru<\/b> &#8211; (Ils\/Elles sont)<br \/>\n<font color=\"#2D3AC7\">\u00deau eru \u00e1n\u00e6g\u00f0.<\/font> (Ils sont heureux.)<\/p>\n<h3>Conjugaison de Ver\u00f0a<\/h3>\n<p>Pr\u00e9sent:<br \/>\n<b>\u00c9g ver\u00f0<\/b> &#8211; (Je deviens)<br \/>\n<font color=\"#2D3AC7\">\u00c9g ver\u00f0 \u00fereyttur.<\/font> (Je deviens fatigu\u00e9.)<\/p>\n<p><b>\u00de\u00fa ver\u00f0ur<\/b> &#8211; (Tu deviens)<br \/>\n<font color=\"#2D3AC7\">\u00de\u00fa ver\u00f0ur hamingjus\u00f6m.<\/font> (Tu deviens heureuse.)<\/p>\n<p><b>Hann\/H\u00fan\/\u00dea\u00f0 ver\u00f0ur<\/b> &#8211; (Il\/Elle\/Cela devient)<br \/>\n<font color=\"#2D3AC7\">Hann ver\u00f0ur rei\u00f0ur.<\/font> (Il devient en col\u00e8re.)<\/p>\n<p><b>Vi\u00f0 ver\u00f0um<\/b> &#8211; (Nous devenons)<br \/>\n<font color=\"#2D3AC7\">Vi\u00f0 ver\u00f0um r\u00edk.<\/font> (Nous devenons riches.)<\/p>\n<p><b>\u00dei\u00f0 ver\u00f0i\u00f0<\/b> &#8211; (Vous devenez)<br \/>\n<font color=\"#2D3AC7\">\u00dei\u00f0 ver\u00f0i\u00f0 vins\u00e6l.<\/font> (Vous devenez populaires.)<\/p>\n<p><b>\u00deeir\/\u00de\u00e6r\/\u00deau ver\u00f0a<\/b> &#8211; (Ils\/Elles deviennent)<br \/>\n<font color=\"#2D3AC7\">\u00deau ver\u00f0a \u00fereytt.<\/font> (Ils deviennent fatigu\u00e9s.)<\/p>\n<h2>Expressions courantes avec Vera et Ver\u00f0a<\/h2>\n<p>Certaines expressions courantes en islandais utilisent ces deux verbes. Conna\u00eetre ces expressions peut enrichir votre vocabulaire et am\u00e9liorer votre fluidit\u00e9.<\/p>\n<p><b>Vera \u00ed stu\u00f0i<\/b> &#8211; (\u00eatre de bonne humeur)<br \/>\n<font color=\"#2D3AC7\">\u00c9g er \u00ed stu\u00f0i.<\/font> (Je suis de bonne humeur.)<\/p>\n<p><b>Vera til sta\u00f0ar<\/b> &#8211; (\u00eatre pr\u00e9sent)<br \/>\n<font color=\"#2D3AC7\">H\u00fan er til sta\u00f0ar.<\/font> (Elle est pr\u00e9sente.)<\/p>\n<p><b>Ver\u00f0a \u00e1stfanginn<\/b> &#8211; (tomber amoureux)<br \/>\n<font color=\"#2D3AC7\">\u00c9g ver\u00f0 \u00e1stfanginn.<\/font> (Je tombe amoureux.)<\/p>\n<p><b>Ver\u00f0a veikur<\/b> &#8211; (tomber malade)<br \/>\n<font color=\"#2D3AC7\">\u00c9g ver\u00f0 veikur.<\/font> (Je tombe malade.)<\/p>\n<h3>Conclusion<\/h3>\n<p>Comprendre la diff\u00e9rence entre <b>vera<\/b> et <b>ver\u00f0a<\/b> est crucial pour <a href=\"https:\/\/talkpal.ai\/fr\/maitriser-rapidement-comment-parler-islandais-facilement-et-efficacement\/\">ma\u00eetriser l&rsquo;islandais<\/a>. Alors que <b>vera<\/b> se concentre sur l&rsquo;\u00e9tat d&rsquo;\u00eatre, <b>ver\u00f0a<\/b> est utilis\u00e9 pour d\u00e9crire un changement ou une transformation. En pratiquant ces verbes et en utilisant les exemples fournis, vous serez en mesure de les ma\u00eetriser et de les utiliser correctement dans vos conversations quotidiennes en islandais. <a href=\"https:\/\/talkpal.ai\/culture\/how-do-i-wish-someone-good-luck-in-french\/\">Bonne chance<\/a> dans votre apprentissage de cette belle langue nordique !<\/p>\n","protected":false},"featured_media":1528576,"template":"","vocabulary_language":[3853],"class_list":["post-738827","vocabulary","type-vocabulary","status-publish","has-post-thumbnail","hentry","vocabulary_language-islandais"],"acf":[],"yoast_head":"<!-- This site is optimized with the Yoast SEO Premium plugin v27.2 (Yoast SEO v27.2) - https:\/\/yoast.com\/product\/yoast-seo-premium-wordpress\/ -->\n<title>Vera vs. Ver\u00f0a - \u00catre ou devenir en islandais - Talkpal<\/title>\n<meta name=\"description\" content=\"L&#039;apprentissage de l&#039;islandais peut sembler intimidant pour beaucoup, surtout quand il s&#039;agit de comprendre les nuances des verbes. Deux des verbes les\" \/>\n<meta name=\"robots\" content=\"index, follow, max-snippet:-1, max-image-preview:large, max-video-preview:-1\" \/>\n<link rel=\"canonical\" href=\"https:\/\/talkpal.ai\/fr\/vocabulary\/vera-vs-verda-etre-ou-devenir-en-islandais\/\" \/>\n<meta property=\"og:locale\" content=\"fr_FR\" \/>\n<meta property=\"og:type\" content=\"article\" \/>\n<meta property=\"og:title\" content=\"Vera vs. Ver\u00f0a - \u00catre ou devenir en islandais\" \/>\n<meta property=\"og:description\" content=\"L&#039;apprentissage de l&#039;islandais peut sembler intimidant pour beaucoup, surtout quand il s&#039;agit de comprendre les nuances des verbes. Deux des verbes les\" \/>\n<meta property=\"og:url\" content=\"https:\/\/talkpal.ai\/fr\/vocabulary\/vera-vs-verda-etre-ou-devenir-en-islandais\/\" \/>\n<meta property=\"og:site_name\" content=\"Talkpal\" \/>\n<meta property=\"article:publisher\" content=\"https:\/\/www.facebook.com\/profile.php?id=100090733639311\" \/>\n<meta property=\"og:image\" content=\"https:\/\/talkpal.ai\/wp-content\/uploads\/2024\/10\/talkpal_flat_illustration_of_a_employees_working_together_happi_c674ff77-e477-4e09-835a-01d30e561e99.png\" \/>\n\t<meta property=\"og:image:width\" content=\"1024\" \/>\n\t<meta property=\"og:image:height\" content=\"1024\" \/>\n\t<meta property=\"og:image:type\" content=\"image\/png\" \/>\n<meta name=\"twitter:card\" content=\"summary_large_image\" \/>\n<meta name=\"twitter:site\" content=\"@talkpalai\" \/>\n<meta name=\"twitter:label1\" content=\"Dur\u00e9e de lecture estim\u00e9e\" \/>\n\t<meta name=\"twitter:data1\" content=\"4 minutes\" \/>\n<script type=\"application\/ld+json\" class=\"yoast-schema-graph\">{\"@context\":\"https:\/\/schema.org\",\"@graph\":[{\"@type\":\"WebPage\",\"@id\":\"https:\/\/talkpal.ai\/fr\/vocabulary\/vera-vs-verda-etre-ou-devenir-en-islandais\/\",\"url\":\"https:\/\/talkpal.ai\/fr\/vocabulary\/vera-vs-verda-etre-ou-devenir-en-islandais\/\",\"name\":\"Vera vs. Ver\u00f0a - \u00catre ou devenir en islandais - Talkpal\",\"isPartOf\":{\"@id\":\"https:\/\/talkpal.ai\/fr\/#website\"},\"primaryImageOfPage\":{\"@id\":\"https:\/\/talkpal.ai\/fr\/vocabulary\/vera-vs-verda-etre-ou-devenir-en-islandais\/#primaryimage\"},\"image\":{\"@id\":\"https:\/\/talkpal.ai\/fr\/vocabulary\/vera-vs-verda-etre-ou-devenir-en-islandais\/#primaryimage\"},\"thumbnailUrl\":\"https:\/\/talkpal.ai\/wp-content\/uploads\/2025\/12\/three-students-smiling-learning-languages-together.webp\",\"datePublished\":\"2024-06-10T10:13:18+00:00\",\"description\":\"L'apprentissage de l'islandais peut sembler intimidant pour beaucoup, surtout quand il s'agit de comprendre les nuances des verbes. Deux des verbes les\",\"breadcrumb\":{\"@id\":\"https:\/\/talkpal.ai\/fr\/vocabulary\/vera-vs-verda-etre-ou-devenir-en-islandais\/#breadcrumb\"},\"inLanguage\":\"fr-FR\",\"potentialAction\":[{\"@type\":\"ReadAction\",\"target\":[\"https:\/\/talkpal.ai\/fr\/vocabulary\/vera-vs-verda-etre-ou-devenir-en-islandais\/\"]}]},{\"@type\":\"ImageObject\",\"inLanguage\":\"fr-FR\",\"@id\":\"https:\/\/talkpal.ai\/fr\/vocabulary\/vera-vs-verda-etre-ou-devenir-en-islandais\/#primaryimage\",\"url\":\"https:\/\/talkpal.ai\/wp-content\/uploads\/2025\/12\/three-students-smiling-learning-languages-together.webp\",\"contentUrl\":\"https:\/\/talkpal.ai\/wp-content\/uploads\/2025\/12\/three-students-smiling-learning-languages-together.webp\",\"width\":1200,\"height\":896,\"caption\":\"Three students smile while looking at their laptops and notebooks for learning languages.\"},{\"@type\":\"BreadcrumbList\",\"@id\":\"https:\/\/talkpal.ai\/fr\/vocabulary\/vera-vs-verda-etre-ou-devenir-en-islandais\/#breadcrumb\",\"itemListElement\":[{\"@type\":\"ListItem\",\"position\":1,\"name\":\"Homepage\",\"item\":\"https:\/\/talkpal.ai\/fr\/\"},{\"@type\":\"ListItem\",\"position\":2,\"name\":\"Vera vs. Ver\u00f0a &#8211; \u00catre ou devenir en islandais\"}]},{\"@type\":\"WebSite\",\"@id\":\"https:\/\/talkpal.ai\/fr\/#website\",\"url\":\"https:\/\/talkpal.ai\/fr\/\",\"name\":\"Talkpal\",\"description\":\"AI Language Learning\",\"publisher\":{\"@id\":\"https:\/\/talkpal.ai\/fr\/#organization\"},\"alternateName\":\"Talkpal AI\",\"potentialAction\":[{\"@type\":\"SearchAction\",\"target\":{\"@type\":\"EntryPoint\",\"urlTemplate\":\"https:\/\/talkpal.ai\/fr\/?s={search_term_string}\"},\"query-input\":{\"@type\":\"PropertyValueSpecification\",\"valueRequired\":true,\"valueName\":\"search_term_string\"}}],\"inLanguage\":\"fr-FR\"},{\"@type\":\"Organization\",\"@id\":\"https:\/\/talkpal.ai\/fr\/#organization\",\"name\":\"Talkpal, Inc.\",\"alternateName\":\"Talkpal AI\",\"url\":\"https:\/\/talkpal.ai\/fr\/\",\"logo\":{\"@type\":\"ImageObject\",\"inLanguage\":\"fr-FR\",\"@id\":\"https:\/\/talkpal.ai\/fr\/#\/schema\/logo\/image\/\",\"url\":\"https:\/\/talkpal.ai\/wp-content\/uploads\/2024\/03\/Talkpal-Logo-Icon.png\",\"contentUrl\":\"https:\/\/talkpal.ai\/wp-content\/uploads\/2024\/03\/Talkpal-Logo-Icon.png\",\"width\":2880,\"height\":2880,\"caption\":\"Talkpal, Inc.\"},\"image\":{\"@id\":\"https:\/\/talkpal.ai\/fr\/#\/schema\/logo\/image\/\"},\"sameAs\":[\"https:\/\/www.facebook.com\/profile.php?id=100090733639311\",\"https:\/\/x.com\/talkpalai\",\"https:\/\/www.linkedin.com\/company\/talkpal\/\",\"https:\/\/www.youtube.com\/@TalkPal\/\",\"https:\/\/www.tiktok.com\/@talkpal\",\"https:\/\/www.instagram.com\/talkpal_ai\/\",\"https:\/\/www.crunchbase.com\/organization\/talkpal-9cde\",\"https:\/\/www.g2.com\/products\/talkpal-for-business\/\",\"https:\/\/www.trustpilot.com\/review\/talkpal.ai\",\"https:\/\/www.capterra.com\/p\/10006800\/TalkPal\/\"],\"description\":\"Talkpal is a language learning web and mobile education app, powered by the latest AI technologies, that provides engaging experiences to its customers in many different languages to help them improve their language skills. Users can chat about unlimited amount of topics with the app and use other modes to practice their language learning.\",\"email\":\"support@talkpal.ai\",\"legalName\":\"Talkpal, Inc.\",\"foundingDate\":\"2023-04-03\",\"duns\":\"118989042\",\"numberOfEmployees\":{\"@type\":\"QuantitativeValue\",\"minValue\":\"11\",\"maxValue\":\"50\"},\"publishingPrinciples\":\"https:\/\/talkpal.ai\/publishing-principles\/\",\"actionableFeedbackPolicy\":\"https:\/\/talkpal.ai\/actionable-feedback-policy\/\",\"correctionsPolicy\":\"https:\/\/talkpal.ai\/corrections-policy\/\",\"ethicsPolicy\":\"https:\/\/talkpal.ai\/ethics-policy\/\",\"diversityPolicy\":\"https:\/\/talkpal.ai\/diversity-policy\/\",\"diversityStaffingReport\":\"https:\/\/talkpal.ai\/diversity-policy\/\"}]}<\/script>\n<!-- \/ Yoast SEO Premium plugin. -->","yoast_head_json":{"title":"Vera vs. Ver\u00f0a - \u00catre ou devenir en islandais - Talkpal","description":"L'apprentissage de l'islandais peut sembler intimidant pour beaucoup, surtout quand il s'agit de comprendre les nuances des verbes. Deux des verbes les","robots":{"index":"index","follow":"follow","max-snippet":"max-snippet:-1","max-image-preview":"max-image-preview:large","max-video-preview":"max-video-preview:-1"},"canonical":"https:\/\/talkpal.ai\/fr\/vocabulary\/vera-vs-verda-etre-ou-devenir-en-islandais\/","og_locale":"fr_FR","og_type":"article","og_title":"Vera vs. Ver\u00f0a - \u00catre ou devenir en islandais","og_description":"L'apprentissage de l'islandais peut sembler intimidant pour beaucoup, surtout quand il s'agit de comprendre les nuances des verbes. Deux des verbes les","og_url":"https:\/\/talkpal.ai\/fr\/vocabulary\/vera-vs-verda-etre-ou-devenir-en-islandais\/","og_site_name":"Talkpal","article_publisher":"https:\/\/www.facebook.com\/profile.php?id=100090733639311","og_image":[{"width":1024,"height":1024,"url":"https:\/\/talkpal.ai\/wp-content\/uploads\/2024\/10\/talkpal_flat_illustration_of_a_employees_working_together_happi_c674ff77-e477-4e09-835a-01d30e561e99.png","type":"image\/png"}],"twitter_card":"summary_large_image","twitter_site":"@talkpalai","twitter_misc":{"Dur\u00e9e de lecture estim\u00e9e":"4 minutes"},"schema":{"@context":"https:\/\/schema.org","@graph":[{"@type":"WebPage","@id":"https:\/\/talkpal.ai\/fr\/vocabulary\/vera-vs-verda-etre-ou-devenir-en-islandais\/","url":"https:\/\/talkpal.ai\/fr\/vocabulary\/vera-vs-verda-etre-ou-devenir-en-islandais\/","name":"Vera vs. Ver\u00f0a - \u00catre ou devenir en islandais - Talkpal","isPartOf":{"@id":"https:\/\/talkpal.ai\/fr\/#website"},"primaryImageOfPage":{"@id":"https:\/\/talkpal.ai\/fr\/vocabulary\/vera-vs-verda-etre-ou-devenir-en-islandais\/#primaryimage"},"image":{"@id":"https:\/\/talkpal.ai\/fr\/vocabulary\/vera-vs-verda-etre-ou-devenir-en-islandais\/#primaryimage"},"thumbnailUrl":"https:\/\/talkpal.ai\/wp-content\/uploads\/2025\/12\/three-students-smiling-learning-languages-together.webp","datePublished":"2024-06-10T10:13:18+00:00","description":"L'apprentissage de l'islandais peut sembler intimidant pour beaucoup, surtout quand il s'agit de comprendre les nuances des verbes. Deux des verbes les","breadcrumb":{"@id":"https:\/\/talkpal.ai\/fr\/vocabulary\/vera-vs-verda-etre-ou-devenir-en-islandais\/#breadcrumb"},"inLanguage":"fr-FR","potentialAction":[{"@type":"ReadAction","target":["https:\/\/talkpal.ai\/fr\/vocabulary\/vera-vs-verda-etre-ou-devenir-en-islandais\/"]}]},{"@type":"ImageObject","inLanguage":"fr-FR","@id":"https:\/\/talkpal.ai\/fr\/vocabulary\/vera-vs-verda-etre-ou-devenir-en-islandais\/#primaryimage","url":"https:\/\/talkpal.ai\/wp-content\/uploads\/2025\/12\/three-students-smiling-learning-languages-together.webp","contentUrl":"https:\/\/talkpal.ai\/wp-content\/uploads\/2025\/12\/three-students-smiling-learning-languages-together.webp","width":1200,"height":896,"caption":"Three students smile while looking at their laptops and notebooks for learning languages."},{"@type":"BreadcrumbList","@id":"https:\/\/talkpal.ai\/fr\/vocabulary\/vera-vs-verda-etre-ou-devenir-en-islandais\/#breadcrumb","itemListElement":[{"@type":"ListItem","position":1,"name":"Homepage","item":"https:\/\/talkpal.ai\/fr\/"},{"@type":"ListItem","position":2,"name":"Vera vs. Ver\u00f0a &#8211; \u00catre ou devenir en islandais"}]},{"@type":"WebSite","@id":"https:\/\/talkpal.ai\/fr\/#website","url":"https:\/\/talkpal.ai\/fr\/","name":"Talkpal","description":"AI Language Learning","publisher":{"@id":"https:\/\/talkpal.ai\/fr\/#organization"},"alternateName":"Talkpal AI","potentialAction":[{"@type":"SearchAction","target":{"@type":"EntryPoint","urlTemplate":"https:\/\/talkpal.ai\/fr\/?s={search_term_string}"},"query-input":{"@type":"PropertyValueSpecification","valueRequired":true,"valueName":"search_term_string"}}],"inLanguage":"fr-FR"},{"@type":"Organization","@id":"https:\/\/talkpal.ai\/fr\/#organization","name":"Talkpal, Inc.","alternateName":"Talkpal AI","url":"https:\/\/talkpal.ai\/fr\/","logo":{"@type":"ImageObject","inLanguage":"fr-FR","@id":"https:\/\/talkpal.ai\/fr\/#\/schema\/logo\/image\/","url":"https:\/\/talkpal.ai\/wp-content\/uploads\/2024\/03\/Talkpal-Logo-Icon.png","contentUrl":"https:\/\/talkpal.ai\/wp-content\/uploads\/2024\/03\/Talkpal-Logo-Icon.png","width":2880,"height":2880,"caption":"Talkpal, Inc."},"image":{"@id":"https:\/\/talkpal.ai\/fr\/#\/schema\/logo\/image\/"},"sameAs":["https:\/\/www.facebook.com\/profile.php?id=100090733639311","https:\/\/x.com\/talkpalai","https:\/\/www.linkedin.com\/company\/talkpal\/","https:\/\/www.youtube.com\/@TalkPal\/","https:\/\/www.tiktok.com\/@talkpal","https:\/\/www.instagram.com\/talkpal_ai\/","https:\/\/www.crunchbase.com\/organization\/talkpal-9cde","https:\/\/www.g2.com\/products\/talkpal-for-business\/","https:\/\/www.trustpilot.com\/review\/talkpal.ai","https:\/\/www.capterra.com\/p\/10006800\/TalkPal\/"],"description":"Talkpal is a language learning web and mobile education app, powered by the latest AI technologies, that provides engaging experiences to its customers in many different languages to help them improve their language skills. Users can chat about unlimited amount of topics with the app and use other modes to practice their language learning.","email":"support@talkpal.ai","legalName":"Talkpal, Inc.","foundingDate":"2023-04-03","duns":"118989042","numberOfEmployees":{"@type":"QuantitativeValue","minValue":"11","maxValue":"50"},"publishingPrinciples":"https:\/\/talkpal.ai\/publishing-principles\/","actionableFeedbackPolicy":"https:\/\/talkpal.ai\/actionable-feedback-policy\/","correctionsPolicy":"https:\/\/talkpal.ai\/corrections-policy\/","ethicsPolicy":"https:\/\/talkpal.ai\/ethics-policy\/","diversityPolicy":"https:\/\/talkpal.ai\/diversity-policy\/","diversityStaffingReport":"https:\/\/talkpal.ai\/diversity-policy\/"}]}},"_links":{"self":[{"href":"https:\/\/talkpal.ai\/fr\/wp-json\/wp\/v2\/vocabulary\/738827","targetHints":{"allow":["GET"]}}],"collection":[{"href":"https:\/\/talkpal.ai\/fr\/wp-json\/wp\/v2\/vocabulary"}],"about":[{"href":"https:\/\/talkpal.ai\/fr\/wp-json\/wp\/v2\/types\/vocabulary"}],"wp:featuredmedia":[{"embeddable":true,"href":"https:\/\/talkpal.ai\/fr\/wp-json\/wp\/v2\/media\/1528576"}],"wp:attachment":[{"href":"https:\/\/talkpal.ai\/fr\/wp-json\/wp\/v2\/media?parent=738827"}],"wp:term":[{"taxonomy":"vocabulary_language","embeddable":true,"href":"https:\/\/talkpal.ai\/fr\/wp-json\/wp\/v2\/vocabulary_language?post=738827"}],"curies":[{"name":"wp","href":"https:\/\/api.w.org\/{rel}","templated":true}]}}