{"id":738450,"date":"2024-06-10T09:41:46","date_gmt":"2024-06-10T09:41:46","guid":{"rendered":"https:\/\/talkpal.ai\/vocabulary\/pola-mana-vs-pola-tarde-le-matin-ou-lapres-midi-en-galicien\/"},"modified":"2024-06-10T09:41:46","modified_gmt":"2024-06-10T09:41:46","slug":"pola-mana-vs-pola-tarde-le-matin-ou-lapres-midi-en-galicien","status":"publish","type":"vocabulary","link":"https:\/\/talkpal.ai\/fr\/vocabulary\/pola-mana-vs-pola-tarde-le-matin-ou-lapres-midi-en-galicien\/","title":{"rendered":"Pola ma\u00f1\u00e1 vs. Pola tarde &#8211; Le matin ou l&rsquo;apr\u00e8s-midi en galicien"},"content":{"rendered":"<p><a href=\"https:\/\/talkpal.ai\/the-best-way-to-start-speaking-a-new-language\/\">Apprendre une nouvelle langue<\/a> peut \u00eatre une aventure passionnante. Aujourd&rsquo;hui, nous allons explorer deux moments de la journ\u00e9e en <a href=\"https:\/\/talkpal.ai\/learn-galician\/\">galicien<\/a> : le matin et l&rsquo;apr\u00e8s-midi. Ces deux p\u00e9riodes sont cruciales pour structurer notre quotidien et comprendre comment elles sont exprim\u00e9es en galicien peut grandement enrichir notre vocabulaire.<\/p>\n<h2>Pola ma\u00f1\u00e1 &#8211; Le matin en galicien<\/h2>\n<p>Le terme <b>pola ma\u00f1\u00e1<\/b> signifie \u00ab\u00a0le matin\u00a0\u00bb en galicien. C&rsquo;est le moment de la journ\u00e9e qui va du lever du soleil jusqu&rsquo;\u00e0 midi. C&rsquo;est une p\u00e9riode souvent associ\u00e9e \u00e0 un <a href=\"https:\/\/talkpal.ai\/talkpal-new-years-discount\/\">nouveau<\/a> d\u00e9part, \u00e0 l&rsquo;\u00e9nergie et \u00e0 la productivit\u00e9.<\/p>\n<p><b>Ma\u00f1\u00e1<\/b><br \/>\nCela signifie \u00ab\u00a0matin\u00a0\u00bb. C&rsquo;est une partie de la journ\u00e9e o\u00f9 beaucoup de gens commencent leur routine quotidienne.<br \/>\n<font color=\"#2D3AC7\">Lev\u00e1ntome pola ma\u00f1\u00e1 \u00e1s sete.<\/font><\/p>\n<p><b>Almorzo<\/b><br \/>\nCela signifie \u00ab\u00a0petit-d\u00e9jeuner\u00a0\u00bb. <a href=\"https:\/\/talkpal.ai\/culture\/how-do-i-use-the-expression-il-sagit-de\/\">Il s&rsquo;agit<\/a> du premier repas de la journ\u00e9e, g\u00e9n\u00e9ralement pris le matin.<br \/>\n<font color=\"#2D3AC7\">O almorzo \u00e9 a comida m\u00e1is importante do d\u00eda.<\/font><\/p>\n<p><b>Sol<\/b><br \/>\nCela signifie \u00ab\u00a0soleil\u00a0\u00bb. Le soleil est souvent associ\u00e9 au matin lorsqu&rsquo;il se l\u00e8ve et commence \u00e0 \u00e9clairer la journ\u00e9e.<br \/>\n<font color=\"#2D3AC7\">O sol sae pola ma\u00f1\u00e1.<\/font><\/p>\n<p><b>Traballo<\/b><br \/>\nCela signifie \u00ab\u00a0travail\u00a0\u00bb. Pour beaucoup, le matin est le moment o\u00f9 commence la journ\u00e9e de travail.<br \/>\n<font color=\"#2D3AC7\">O traballo comeza \u00e1s nove da ma\u00f1\u00e1.<\/font><\/p>\n<p><b>Espertador<\/b><br \/>\nCela signifie \u00ab\u00a0r\u00e9veil\u00a0\u00bb. C&rsquo;est l&rsquo;appareil qui nous aide \u00e0 nous r\u00e9veiller le matin.<br \/>\n<font color=\"#2D3AC7\">O espertador soa \u00e1s seis da ma\u00f1\u00e1.<\/font><\/p>\n<h3>Activit\u00e9s typiques du matin<\/h3>\n<p>Le matin est souvent rempli de diverses activit\u00e9s qui pr\u00e9parent les gens pour le reste de la journ\u00e9e.<\/p>\n<p><b>Exercicio<\/b><br \/>\nCela signifie \u00ab\u00a0exercice\u00a0\u00bb. Beaucoup de gens pr\u00e9f\u00e8rent faire de l&rsquo;exercice le matin pour bien <a href=\"https:\/\/talkpal.ai\/ko\/ai-%ec%96%b8%ec%96%b4-%ea%b5%90%ec%82%ac\/\">commencer<\/a> la journ\u00e9e.<br \/>\n<font color=\"#2D3AC7\">Fago exercicio pola ma\u00f1\u00e1 antes de traballar.<\/font><\/p>\n<p><b>Lectura<\/b><br \/>\nCela signifie \u00ab\u00a0lecture\u00a0\u00bb. Le matin peut \u00eatre un moment de tranquillit\u00e9 id\u00e9al pour lire.<br \/>\n<font color=\"#2D3AC7\">G\u00fastame facer lectura pola ma\u00f1\u00e1.<\/font><\/p>\n<p><b>Transporte<\/b><br \/>\nCela signifie \u00ab\u00a0transport\u00a0\u00bb. Le matin est souvent le moment o\u00f9 les gens prennent les transports pour aller au travail ou \u00e0 l&rsquo;\u00e9cole.<br \/>\n<font color=\"#2D3AC7\">Uso o <a href=\"https:\/\/talkpal.ai\/pt-pt\/culture\/transporte-publico-em-portugal-vocabulario-de-viagens\/\">transporte p\u00fablico<\/a> pola ma\u00f1\u00e1 para ir ao traballo.<\/font><\/p>\n<p><b>Planificaci\u00f3n<\/b><br \/>\nCela signifie \u00ab\u00a0planification\u00a0\u00bb. C&rsquo;est le moment de la journ\u00e9e o\u00f9 l&rsquo;on planifie souvent les t\u00e2ches \u00e0 accomplir.<br \/>\n<font color=\"#2D3AC7\">A planificaci\u00f3n do d\u00eda faise mellor pola ma\u00f1\u00e1.<\/font><\/p>\n<h2>Pola tarde &#8211; L&rsquo;apr\u00e8s-midi en galicien<\/h2>\n<p>Le terme <b>pola tarde<\/b> signifie \u00ab\u00a0l&rsquo;apr\u00e8s-midi\u00a0\u00bb en galicien. C&rsquo;est la p\u00e9riode qui s&rsquo;\u00e9tend de midi jusqu&rsquo;au coucher du soleil. C&rsquo;est souvent un moment plus calme o\u00f9 les activit\u00e9s de la journ\u00e9e se poursuivent \u00e0 un rythme plus d\u00e9tendu.<\/p>\n<p><b>Tarde<\/b><br \/>\nCela signifie \u00ab\u00a0apr\u00e8s-midi\u00a0\u00bb. C&rsquo;est la p\u00e9riode de la journ\u00e9e apr\u00e8s le d\u00e9jeuner et avant le soir.<br \/>\n<font color=\"#2D3AC7\">Pola tarde, adoitamos descansar un pouco.<\/font><\/p>\n<p><b>Xantar<\/b><br \/>\nCela signifie \u00ab\u00a0d\u00e9jeuner\u00a0\u00bb. C&rsquo;est le repas principal de la journ\u00e9e, souvent pris \u00e0 midi.<br \/>\n<font color=\"#2D3AC7\">Tomamos o xantar \u00e1s d\u00faas da tarde.<\/font><\/p>\n<p><b>Sesta<\/b><br \/>\nCela signifie \u00ab\u00a0sieste\u00a0\u00bb. Une courte p\u00e9riode de repos prise g\u00e9n\u00e9ralement apr\u00e8s le d\u00e9jeuner.<br \/>\n<font color=\"#2D3AC7\">G\u00fastame tomar unha sesta pola tarde.<\/font><\/p>\n<p><b>Estudo<\/b><br \/>\nCela signifie \u00ab\u00a0\u00e9tude\u00a0\u00bb. L&rsquo;apr\u00e8s-midi peut \u00eatre un bon moment pour se concentrer sur les \u00e9tudes.<br \/>\n<font color=\"#2D3AC7\">Dedico tempo ao estudo pola tarde.<\/font><\/p>\n<p><b>Merenda<\/b><br \/>\nCela signifie \u00ab\u00a0go\u00fbter\u00a0\u00bb. C&rsquo;est une petite collation prise g\u00e9n\u00e9ralement en milieu d&rsquo;apr\u00e8s-midi.<br \/>\n<font color=\"#2D3AC7\">A merenda \u00e9 importante para manter a enerx\u00eda pola tarde.<\/font><\/p>\n<h3>Activit\u00e9s typiques de l&rsquo;apr\u00e8s-midi<\/h3>\n<p>L&rsquo;apr\u00e8s-midi peut \u00eatre rempli d&rsquo;activit\u00e9s diverses, souvent moins pressantes que celles du matin.<\/p>\n<p><b>Paseo<\/b><br \/>\nCela signifie \u00ab\u00a0promenade\u00a0\u00bb. Une activit\u00e9 relaxante que beaucoup aiment faire l&rsquo;apr\u00e8s-midi.<br \/>\n<font color=\"#2D3AC7\">Damos un paseo polo parque pola tarde.<\/font><\/p>\n<p><b>Traballos da casa<\/b><br \/>\nCela signifie \u00ab\u00a0travaux m\u00e9nagers\u00a0\u00bb. Beaucoup de gens utilisent l&rsquo;apr\u00e8s-midi pour accomplir des t\u00e2ches m\u00e9nag\u00e8res.<br \/>\n<font color=\"#2D3AC7\">Facemos os traballos da casa pola tarde.<\/font><\/p>\n<p><b>Reuni\u00f3n<\/b><br \/>\nCela signifie \u00ab\u00a0r\u00e9union\u00a0\u00bb. Les r\u00e9unions de travail ou sociales peuvent souvent avoir lieu l&rsquo;apr\u00e8s-midi.<br \/>\n<font color=\"#2D3AC7\">Temos unha reuni\u00f3n importante pola tarde.<\/font><\/p>\n<p><b>Deporte<\/b><br \/>\nCela signifie \u00ab\u00a0sport\u00a0\u00bb. L&rsquo;apr\u00e8s-midi est un bon moment pour pratiquer des activit\u00e9s sportives.<br \/>\n<font color=\"#2D3AC7\">Xogamos ao f\u00fatbol pola tarde.<\/font><\/p>\n<h3>Comparaison entre le matin et l&rsquo;apr\u00e8s-midi<\/h3>\n<p>Comprendre les diff\u00e9rences entre le matin et l&rsquo;apr\u00e8s-midi peut vous aider \u00e0 mieux organiser votre journ\u00e9e et \u00e0 utiliser les termes appropri\u00e9s en galicien.<\/p>\n<p><b>Enerx\u00eda<\/b><br \/>\nCela signifie \u00ab\u00a0\u00e9nergie\u00a0\u00bb. G\u00e9n\u00e9ralement, les gens ont plus d&rsquo;\u00e9nergie le matin et peuvent ressentir une baisse d&rsquo;\u00e9nergie l&rsquo;apr\u00e8s-midi.<br \/>\n<font color=\"#2D3AC7\">Te\u00f1o m\u00e1is enerx\u00eda pola ma\u00f1\u00e1 que pola tarde.<\/font><\/p>\n<p><b>Concentraci\u00f3n<\/b><br \/>\nCela signifie \u00ab\u00a0concentration\u00a0\u00bb. La concentration peut \u00eatre plus \u00e9lev\u00e9e le matin, tandis que l&rsquo;apr\u00e8s-midi peut n\u00e9cessiter des pauses.<br \/>\n<font color=\"#2D3AC7\">A concentraci\u00f3n \u00e9 mellor pola ma\u00f1\u00e1.<\/font><\/p>\n<p><b>Atarefado<\/b><br \/>\nCela signifie \u00ab\u00a0occup\u00e9\u00a0\u00bb. Le matin est souvent plus occup\u00e9 avec des t\u00e2ches urgentes, tandis que l&rsquo;apr\u00e8s-midi peut \u00eatre plus d\u00e9tendu.<br \/>\n<font color=\"#2D3AC7\">Estou m\u00e1is atarefado pola ma\u00f1\u00e1.<\/font><\/p>\n<p><b>Relax<\/b><br \/>\nCela signifie \u00ab\u00a0d\u00e9tente\u00a0\u00bb. L&rsquo;apr\u00e8s-midi peut \u00eatre un moment propice \u00e0 la d\u00e9tente apr\u00e8s les activit\u00e9s du matin.<br \/>\n<font color=\"#2D3AC7\">Pola tarde, prefiro relaxarme.<\/font><\/p>\n<p>En r\u00e9sum\u00e9, comprendre et utiliser correctement les termes <b>pola ma\u00f1\u00e1<\/b> et <b>pola tarde<\/b> en galicien vous permettra de mieux structurer vos conversations et de vous adapter aux diff\u00e9rents moments de la journ\u00e9e. Que vous soyez du matin ou de l&rsquo;apr\u00e8s-midi, chaque p\u00e9riode a ses propres activit\u00e9s et \u00e9nergies qui enrichissent notre quotidien.<\/p>\n","protected":false},"featured_media":1527800,"template":"","vocabulary_language":[3849],"class_list":["post-738450","vocabulary","type-vocabulary","status-publish","has-post-thumbnail","hentry","vocabulary_language-galicien"],"acf":[],"yoast_head":"<!-- This site is optimized with the Yoast SEO Premium plugin v27.2 (Yoast SEO v27.2) - https:\/\/yoast.com\/product\/yoast-seo-premium-wordpress\/ -->\n<title>Pola ma\u00f1\u00e1 vs. Pola tarde - Le matin ou l&#039;apr\u00e8s-midi en galicien - Talkpal<\/title>\n<meta name=\"description\" content=\"Apprendre une nouvelle langue peut \u00eatre une aventure passionnante. Aujourd&#039;hui, nous allons explorer deux moments de la journ\u00e9e en galicien : le matin et\" \/>\n<meta name=\"robots\" content=\"index, follow, max-snippet:-1, max-image-preview:large, max-video-preview:-1\" \/>\n<link rel=\"canonical\" href=\"https:\/\/talkpal.ai\/fr\/vocabulary\/pola-mana-vs-pola-tarde-le-matin-ou-lapres-midi-en-galicien\/\" \/>\n<meta property=\"og:locale\" content=\"fr_FR\" \/>\n<meta property=\"og:type\" content=\"article\" \/>\n<meta property=\"og:title\" content=\"Pola ma\u00f1\u00e1 vs. Pola tarde - Le matin ou l&#039;apr\u00e8s-midi en galicien\" \/>\n<meta property=\"og:description\" content=\"Apprendre une nouvelle langue peut \u00eatre une aventure passionnante. Aujourd&#039;hui, nous allons explorer deux moments de la journ\u00e9e en galicien : le matin et\" \/>\n<meta property=\"og:url\" content=\"https:\/\/talkpal.ai\/fr\/vocabulary\/pola-mana-vs-pola-tarde-le-matin-ou-lapres-midi-en-galicien\/\" \/>\n<meta property=\"og:site_name\" content=\"Talkpal\" \/>\n<meta property=\"article:publisher\" content=\"https:\/\/www.facebook.com\/profile.php?id=100090733639311\" \/>\n<meta property=\"og:image\" content=\"https:\/\/talkpal.ai\/wp-content\/uploads\/2024\/10\/talkpal_flat_illustration_of_a_employees_working_together_happi_c674ff77-e477-4e09-835a-01d30e561e99.png\" \/>\n\t<meta property=\"og:image:width\" content=\"1024\" \/>\n\t<meta property=\"og:image:height\" content=\"1024\" \/>\n\t<meta property=\"og:image:type\" content=\"image\/png\" \/>\n<meta name=\"twitter:card\" content=\"summary_large_image\" \/>\n<meta name=\"twitter:site\" content=\"@talkpalai\" \/>\n<meta name=\"twitter:label1\" content=\"Dur\u00e9e de lecture estim\u00e9e\" \/>\n\t<meta name=\"twitter:data1\" content=\"4 minutes\" \/>\n<script type=\"application\/ld+json\" class=\"yoast-schema-graph\">{\"@context\":\"https:\/\/schema.org\",\"@graph\":[{\"@type\":\"WebPage\",\"@id\":\"https:\/\/talkpal.ai\/fr\/vocabulary\/pola-mana-vs-pola-tarde-le-matin-ou-lapres-midi-en-galicien\/\",\"url\":\"https:\/\/talkpal.ai\/fr\/vocabulary\/pola-mana-vs-pola-tarde-le-matin-ou-lapres-midi-en-galicien\/\",\"name\":\"Pola ma\u00f1\u00e1 vs. Pola tarde - Le matin ou l'apr\u00e8s-midi en galicien - Talkpal\",\"isPartOf\":{\"@id\":\"https:\/\/talkpal.ai\/fr\/#website\"},\"primaryImageOfPage\":{\"@id\":\"https:\/\/talkpal.ai\/fr\/vocabulary\/pola-mana-vs-pola-tarde-le-matin-ou-lapres-midi-en-galicien\/#primaryimage\"},\"image\":{\"@id\":\"https:\/\/talkpal.ai\/fr\/vocabulary\/pola-mana-vs-pola-tarde-le-matin-ou-lapres-midi-en-galicien\/#primaryimage\"},\"thumbnailUrl\":\"https:\/\/talkpal.ai\/wp-content\/uploads\/2025\/12\/many-students-in-library-learning-languages.webp\",\"datePublished\":\"2024-06-10T09:41:46+00:00\",\"description\":\"Apprendre une nouvelle langue peut \u00eatre une aventure passionnante. Aujourd'hui, nous allons explorer deux moments de la journ\u00e9e en galicien : le matin et\",\"breadcrumb\":{\"@id\":\"https:\/\/talkpal.ai\/fr\/vocabulary\/pola-mana-vs-pola-tarde-le-matin-ou-lapres-midi-en-galicien\/#breadcrumb\"},\"inLanguage\":\"fr-FR\",\"potentialAction\":[{\"@type\":\"ReadAction\",\"target\":[\"https:\/\/talkpal.ai\/fr\/vocabulary\/pola-mana-vs-pola-tarde-le-matin-ou-lapres-midi-en-galicien\/\"]}]},{\"@type\":\"ImageObject\",\"inLanguage\":\"fr-FR\",\"@id\":\"https:\/\/talkpal.ai\/fr\/vocabulary\/pola-mana-vs-pola-tarde-le-matin-ou-lapres-midi-en-galicien\/#primaryimage\",\"url\":\"https:\/\/talkpal.ai\/wp-content\/uploads\/2025\/12\/many-students-in-library-learning-languages.webp\",\"contentUrl\":\"https:\/\/talkpal.ai\/wp-content\/uploads\/2025\/12\/many-students-in-library-learning-languages.webp\",\"width\":1200,\"height\":896,\"caption\":\"Many students sit at long tables inside a sunlit library while learning languages together.\"},{\"@type\":\"BreadcrumbList\",\"@id\":\"https:\/\/talkpal.ai\/fr\/vocabulary\/pola-mana-vs-pola-tarde-le-matin-ou-lapres-midi-en-galicien\/#breadcrumb\",\"itemListElement\":[{\"@type\":\"ListItem\",\"position\":1,\"name\":\"Homepage\",\"item\":\"https:\/\/talkpal.ai\/fr\/\"},{\"@type\":\"ListItem\",\"position\":2,\"name\":\"Pola ma\u00f1\u00e1 vs. Pola tarde &#8211; Le matin ou l&#8217;apr\u00e8s-midi en galicien\"}]},{\"@type\":\"WebSite\",\"@id\":\"https:\/\/talkpal.ai\/fr\/#website\",\"url\":\"https:\/\/talkpal.ai\/fr\/\",\"name\":\"Talkpal\",\"description\":\"AI Language Learning\",\"publisher\":{\"@id\":\"https:\/\/talkpal.ai\/fr\/#organization\"},\"alternateName\":\"Talkpal AI\",\"potentialAction\":[{\"@type\":\"SearchAction\",\"target\":{\"@type\":\"EntryPoint\",\"urlTemplate\":\"https:\/\/talkpal.ai\/fr\/?s={search_term_string}\"},\"query-input\":{\"@type\":\"PropertyValueSpecification\",\"valueRequired\":true,\"valueName\":\"search_term_string\"}}],\"inLanguage\":\"fr-FR\"},{\"@type\":\"Organization\",\"@id\":\"https:\/\/talkpal.ai\/fr\/#organization\",\"name\":\"Talkpal, Inc.\",\"alternateName\":\"Talkpal AI\",\"url\":\"https:\/\/talkpal.ai\/fr\/\",\"logo\":{\"@type\":\"ImageObject\",\"inLanguage\":\"fr-FR\",\"@id\":\"https:\/\/talkpal.ai\/fr\/#\/schema\/logo\/image\/\",\"url\":\"https:\/\/talkpal.ai\/wp-content\/uploads\/2024\/03\/Talkpal-Logo-Icon.png\",\"contentUrl\":\"https:\/\/talkpal.ai\/wp-content\/uploads\/2024\/03\/Talkpal-Logo-Icon.png\",\"width\":2880,\"height\":2880,\"caption\":\"Talkpal, Inc.\"},\"image\":{\"@id\":\"https:\/\/talkpal.ai\/fr\/#\/schema\/logo\/image\/\"},\"sameAs\":[\"https:\/\/www.facebook.com\/profile.php?id=100090733639311\",\"https:\/\/x.com\/talkpalai\",\"https:\/\/www.linkedin.com\/company\/talkpal\/\",\"https:\/\/www.youtube.com\/@TalkPal\/\",\"https:\/\/www.tiktok.com\/@talkpal\",\"https:\/\/www.instagram.com\/talkpal_ai\/\",\"https:\/\/www.crunchbase.com\/organization\/talkpal-9cde\",\"https:\/\/www.g2.com\/products\/talkpal-for-business\/\",\"https:\/\/www.trustpilot.com\/review\/talkpal.ai\",\"https:\/\/www.capterra.com\/p\/10006800\/TalkPal\/\"],\"description\":\"Talkpal is a language learning web and mobile education app, powered by the latest AI technologies, that provides engaging experiences to its customers in many different languages to help them improve their language skills. Users can chat about unlimited amount of topics with the app and use other modes to practice their language learning.\",\"email\":\"support@talkpal.ai\",\"legalName\":\"Talkpal, Inc.\",\"foundingDate\":\"2023-04-03\",\"duns\":\"118989042\",\"numberOfEmployees\":{\"@type\":\"QuantitativeValue\",\"minValue\":\"11\",\"maxValue\":\"50\"},\"publishingPrinciples\":\"https:\/\/talkpal.ai\/publishing-principles\/\",\"actionableFeedbackPolicy\":\"https:\/\/talkpal.ai\/actionable-feedback-policy\/\",\"correctionsPolicy\":\"https:\/\/talkpal.ai\/corrections-policy\/\",\"ethicsPolicy\":\"https:\/\/talkpal.ai\/ethics-policy\/\",\"diversityPolicy\":\"https:\/\/talkpal.ai\/diversity-policy\/\",\"diversityStaffingReport\":\"https:\/\/talkpal.ai\/diversity-policy\/\"}]}<\/script>\n<!-- \/ Yoast SEO Premium plugin. -->","yoast_head_json":{"title":"Pola ma\u00f1\u00e1 vs. Pola tarde - Le matin ou l'apr\u00e8s-midi en galicien - Talkpal","description":"Apprendre une nouvelle langue peut \u00eatre une aventure passionnante. Aujourd'hui, nous allons explorer deux moments de la journ\u00e9e en galicien : le matin et","robots":{"index":"index","follow":"follow","max-snippet":"max-snippet:-1","max-image-preview":"max-image-preview:large","max-video-preview":"max-video-preview:-1"},"canonical":"https:\/\/talkpal.ai\/fr\/vocabulary\/pola-mana-vs-pola-tarde-le-matin-ou-lapres-midi-en-galicien\/","og_locale":"fr_FR","og_type":"article","og_title":"Pola ma\u00f1\u00e1 vs. Pola tarde - Le matin ou l'apr\u00e8s-midi en galicien","og_description":"Apprendre une nouvelle langue peut \u00eatre une aventure passionnante. Aujourd'hui, nous allons explorer deux moments de la journ\u00e9e en galicien : le matin et","og_url":"https:\/\/talkpal.ai\/fr\/vocabulary\/pola-mana-vs-pola-tarde-le-matin-ou-lapres-midi-en-galicien\/","og_site_name":"Talkpal","article_publisher":"https:\/\/www.facebook.com\/profile.php?id=100090733639311","og_image":[{"width":1024,"height":1024,"url":"https:\/\/talkpal.ai\/wp-content\/uploads\/2024\/10\/talkpal_flat_illustration_of_a_employees_working_together_happi_c674ff77-e477-4e09-835a-01d30e561e99.png","type":"image\/png"}],"twitter_card":"summary_large_image","twitter_site":"@talkpalai","twitter_misc":{"Dur\u00e9e de lecture estim\u00e9e":"4 minutes"},"schema":{"@context":"https:\/\/schema.org","@graph":[{"@type":"WebPage","@id":"https:\/\/talkpal.ai\/fr\/vocabulary\/pola-mana-vs-pola-tarde-le-matin-ou-lapres-midi-en-galicien\/","url":"https:\/\/talkpal.ai\/fr\/vocabulary\/pola-mana-vs-pola-tarde-le-matin-ou-lapres-midi-en-galicien\/","name":"Pola ma\u00f1\u00e1 vs. Pola tarde - Le matin ou l'apr\u00e8s-midi en galicien - Talkpal","isPartOf":{"@id":"https:\/\/talkpal.ai\/fr\/#website"},"primaryImageOfPage":{"@id":"https:\/\/talkpal.ai\/fr\/vocabulary\/pola-mana-vs-pola-tarde-le-matin-ou-lapres-midi-en-galicien\/#primaryimage"},"image":{"@id":"https:\/\/talkpal.ai\/fr\/vocabulary\/pola-mana-vs-pola-tarde-le-matin-ou-lapres-midi-en-galicien\/#primaryimage"},"thumbnailUrl":"https:\/\/talkpal.ai\/wp-content\/uploads\/2025\/12\/many-students-in-library-learning-languages.webp","datePublished":"2024-06-10T09:41:46+00:00","description":"Apprendre une nouvelle langue peut \u00eatre une aventure passionnante. Aujourd'hui, nous allons explorer deux moments de la journ\u00e9e en galicien : le matin et","breadcrumb":{"@id":"https:\/\/talkpal.ai\/fr\/vocabulary\/pola-mana-vs-pola-tarde-le-matin-ou-lapres-midi-en-galicien\/#breadcrumb"},"inLanguage":"fr-FR","potentialAction":[{"@type":"ReadAction","target":["https:\/\/talkpal.ai\/fr\/vocabulary\/pola-mana-vs-pola-tarde-le-matin-ou-lapres-midi-en-galicien\/"]}]},{"@type":"ImageObject","inLanguage":"fr-FR","@id":"https:\/\/talkpal.ai\/fr\/vocabulary\/pola-mana-vs-pola-tarde-le-matin-ou-lapres-midi-en-galicien\/#primaryimage","url":"https:\/\/talkpal.ai\/wp-content\/uploads\/2025\/12\/many-students-in-library-learning-languages.webp","contentUrl":"https:\/\/talkpal.ai\/wp-content\/uploads\/2025\/12\/many-students-in-library-learning-languages.webp","width":1200,"height":896,"caption":"Many students sit at long tables inside a sunlit library while learning languages together."},{"@type":"BreadcrumbList","@id":"https:\/\/talkpal.ai\/fr\/vocabulary\/pola-mana-vs-pola-tarde-le-matin-ou-lapres-midi-en-galicien\/#breadcrumb","itemListElement":[{"@type":"ListItem","position":1,"name":"Homepage","item":"https:\/\/talkpal.ai\/fr\/"},{"@type":"ListItem","position":2,"name":"Pola ma\u00f1\u00e1 vs. Pola tarde &#8211; Le matin ou l&#8217;apr\u00e8s-midi en galicien"}]},{"@type":"WebSite","@id":"https:\/\/talkpal.ai\/fr\/#website","url":"https:\/\/talkpal.ai\/fr\/","name":"Talkpal","description":"AI Language Learning","publisher":{"@id":"https:\/\/talkpal.ai\/fr\/#organization"},"alternateName":"Talkpal AI","potentialAction":[{"@type":"SearchAction","target":{"@type":"EntryPoint","urlTemplate":"https:\/\/talkpal.ai\/fr\/?s={search_term_string}"},"query-input":{"@type":"PropertyValueSpecification","valueRequired":true,"valueName":"search_term_string"}}],"inLanguage":"fr-FR"},{"@type":"Organization","@id":"https:\/\/talkpal.ai\/fr\/#organization","name":"Talkpal, Inc.","alternateName":"Talkpal AI","url":"https:\/\/talkpal.ai\/fr\/","logo":{"@type":"ImageObject","inLanguage":"fr-FR","@id":"https:\/\/talkpal.ai\/fr\/#\/schema\/logo\/image\/","url":"https:\/\/talkpal.ai\/wp-content\/uploads\/2024\/03\/Talkpal-Logo-Icon.png","contentUrl":"https:\/\/talkpal.ai\/wp-content\/uploads\/2024\/03\/Talkpal-Logo-Icon.png","width":2880,"height":2880,"caption":"Talkpal, Inc."},"image":{"@id":"https:\/\/talkpal.ai\/fr\/#\/schema\/logo\/image\/"},"sameAs":["https:\/\/www.facebook.com\/profile.php?id=100090733639311","https:\/\/x.com\/talkpalai","https:\/\/www.linkedin.com\/company\/talkpal\/","https:\/\/www.youtube.com\/@TalkPal\/","https:\/\/www.tiktok.com\/@talkpal","https:\/\/www.instagram.com\/talkpal_ai\/","https:\/\/www.crunchbase.com\/organization\/talkpal-9cde","https:\/\/www.g2.com\/products\/talkpal-for-business\/","https:\/\/www.trustpilot.com\/review\/talkpal.ai","https:\/\/www.capterra.com\/p\/10006800\/TalkPal\/"],"description":"Talkpal is a language learning web and mobile education app, powered by the latest AI technologies, that provides engaging experiences to its customers in many different languages to help them improve their language skills. Users can chat about unlimited amount of topics with the app and use other modes to practice their language learning.","email":"support@talkpal.ai","legalName":"Talkpal, Inc.","foundingDate":"2023-04-03","duns":"118989042","numberOfEmployees":{"@type":"QuantitativeValue","minValue":"11","maxValue":"50"},"publishingPrinciples":"https:\/\/talkpal.ai\/publishing-principles\/","actionableFeedbackPolicy":"https:\/\/talkpal.ai\/actionable-feedback-policy\/","correctionsPolicy":"https:\/\/talkpal.ai\/corrections-policy\/","ethicsPolicy":"https:\/\/talkpal.ai\/ethics-policy\/","diversityPolicy":"https:\/\/talkpal.ai\/diversity-policy\/","diversityStaffingReport":"https:\/\/talkpal.ai\/diversity-policy\/"}]}},"_links":{"self":[{"href":"https:\/\/talkpal.ai\/fr\/wp-json\/wp\/v2\/vocabulary\/738450","targetHints":{"allow":["GET"]}}],"collection":[{"href":"https:\/\/talkpal.ai\/fr\/wp-json\/wp\/v2\/vocabulary"}],"about":[{"href":"https:\/\/talkpal.ai\/fr\/wp-json\/wp\/v2\/types\/vocabulary"}],"wp:featuredmedia":[{"embeddable":true,"href":"https:\/\/talkpal.ai\/fr\/wp-json\/wp\/v2\/media\/1527800"}],"wp:attachment":[{"href":"https:\/\/talkpal.ai\/fr\/wp-json\/wp\/v2\/media?parent=738450"}],"wp:term":[{"taxonomy":"vocabulary_language","embeddable":true,"href":"https:\/\/talkpal.ai\/fr\/wp-json\/wp\/v2\/vocabulary_language?post=738450"}],"curies":[{"name":"wp","href":"https:\/\/api.w.org\/{rel}","templated":true}]}}