{"id":738443,"date":"2024-06-10T09:41:26","date_gmt":"2024-06-10T09:41:26","guid":{"rendered":"https:\/\/talkpal.ai\/vocabulary\/sentar-vs-estar-de-pe-assis-ou-debout-en-galicien\/"},"modified":"2024-06-10T09:41:26","modified_gmt":"2024-06-10T09:41:26","slug":"sentar-vs-estar-de-pe-assis-ou-debout-en-galicien","status":"publish","type":"vocabulary","link":"https:\/\/talkpal.ai\/fr\/vocabulary\/sentar-vs-estar-de-pe-assis-ou-debout-en-galicien\/","title":{"rendered":"Sentar vs. Estar de p\u00e9 &#8211; Assis ou debout en galicien"},"content":{"rendered":"<p>La langue galicienne, parl\u00e9e dans la r\u00e9gion nord-ouest de l&rsquo;Espagne, poss\u00e8de des nuances int\u00e9ressantes, notamment lorsqu&rsquo;il s&rsquo;agit de d\u00e9crire des postures comme \u00ab\u00a0<a href=\"https:\/\/talkpal.ai\/locations\/learn-english-in-assis\/\">assis<\/a>\u00a0\u00bb ou \u00ab\u00a0debout\u00a0\u00bb. Cet article vise \u00e0 \u00e9claircir l&rsquo;utilisation des verbes <b>sentar<\/b> et <b>estar de p\u00e9<\/b> en <a href=\"https:\/\/talkpal.ai\/learn-galician\/\">galicien<\/a>, et comment ils se traduisent en <a href=\"https:\/\/talkpal.ai\/learn-french\/\">fran\u00e7ais<\/a>.<\/p>\n<h2>Sentar<\/h2>\n<p>Le verbe <b>sentar<\/b> signifie \u00ab\u00a0s&rsquo;asseoir\u00a0\u00bb. En galicien, il est utilis\u00e9 pour indiquer l&rsquo;action de s&rsquo;asseoir ou l&rsquo;\u00e9tat d&rsquo;\u00eatre assis. C&rsquo;est un verbe r\u00e9gulier et est souvent employ\u00e9 dans la vie quotidienne.<\/p>\n<p><b>Sentar<\/b><br \/>\nS&rsquo;asseoir.<br \/>\n<font color=\"#2D3AC7\">Vou sentar na cadeira.<\/font><\/p>\n<h3>Conjugaison de Sentar<\/h3>\n<p>Voici la conjugaison du verbe <b>sentar<\/b> au pr\u00e9sent de l&rsquo;indicatif :<\/p>\n<p><b>Eu<\/b> sento<br \/>\n<b>Ti<\/b> sentas<br \/>\n<b>El\/Ela\/Vostede<\/b> senta<br \/>\n<b>N\u00f3s<\/b> sentamos<br \/>\n<b>V\u00f3s<\/b> sentades<br \/>\n<b>Eles\/Elas\/Vostedes<\/b> sentan  <\/p>\n<h2>Estar de p\u00e9<\/h2>\n<p>Le verbe <b>estar de p\u00e9<\/b> signifie \u00ab\u00a0\u00eatre debout\u00a0\u00bb. Il est utilis\u00e9 pour d\u00e9crire l&rsquo;action ou l&rsquo;\u00e9tat d&rsquo;\u00eatre debout. En galicien, ce verbe est souvent utilis\u00e9 dans des contextes o\u00f9 l&rsquo;on parle de positions physiques ou d&rsquo;attitudes.<\/p>\n<p><b>Estar de p\u00e9<\/b><br \/>\n\u00catre debout.<br \/>\n<font color=\"#2D3AC7\">Estou de p\u00e9 na fila.<\/font><\/p>\n<h3>Conjugaison de Estar<\/h3>\n<p>La conjugaison de <b>estar<\/b> au pr\u00e9sent de l&rsquo;indicatif est l\u00e9g\u00e8rement irr\u00e9guli\u00e8re :<\/p>\n<p><b>Eu<\/b> estou<br \/>\n<b>Ti<\/b> est\u00e1s<br \/>\n<b>El\/Ela\/Vostede<\/b> est\u00e1<br \/>\n<b>N\u00f3s<\/b> estamos<br \/>\n<b>V\u00f3s<\/b> estades<br \/>\n<b>Eles\/Elas\/Vostedes<\/b> est\u00e1n  <\/p>\n<h2>Vocabulaire associ\u00e9<\/h2>\n<p>Pour mieux comprendre et utiliser ces verbes, voici quelques mots de vocabulaire associ\u00e9s \u00e0 ces postures.<\/p>\n<p><b>cadeira<\/b><br \/>\nChaise.<br \/>\n<font color=\"#2D3AC7\">A cadeira est\u00e1 <a href=\"https:\/\/talkpal.ai\/locations\/language-courses-in-rota\/\">rota<\/a>.<\/font><\/p>\n<p><b>banco<\/b><br \/>\nBanc.<br \/>\n<font color=\"#2D3AC7\">Sentamos no banco do parque.<\/font><\/p>\n<p><b>sof\u00e1<\/b><br \/>\nCanap\u00e9.<br \/>\n<font color=\"#2D3AC7\">O sof\u00e1 \u00e9 moi c\u00f3modo.<\/font><\/p>\n<p><b>mesa<\/b><br \/>\nTable.<br \/>\n<font color=\"#2D3AC7\">A mesa est\u00e1 no centro da sala.<\/font><\/p>\n<p><b>fila<\/b><br \/>\nFile.<br \/>\n<font color=\"#2D3AC7\">Hai <a href=\"https:\/\/talkpal.ai\/locations\/language-courses-in-moita\/\">moita<\/a> xente na fila.<\/font><\/p>\n<p><b>esc\u00f3itar<\/b><br \/>\n\u00c9couter.<br \/>\n<font color=\"#2D3AC7\">Estou esc\u00f3itando a m\u00fasica.<\/font><\/p>\n<p><b>ler<\/b><br \/>\nLire.<br \/>\n<font color=\"#2D3AC7\">G\u00fastame ler libros na cadeira.<\/font><\/p>\n<p><b>descansar<\/b><br \/>\nSe reposer.<br \/>\n<font color=\"#2D3AC7\">Vou descansar no sof\u00e1.<\/font><\/p>\n<p><b>esperar<\/b><br \/>\nAttendre.<br \/>\n<font color=\"#2D3AC7\">Estou esperando na fila.<\/font><\/p>\n<h2>Contextes d&rsquo;utilisation<\/h2>\n<p>Comprendre quand utiliser <b>sentar<\/b> et <b>estar de p\u00e9<\/b> est essentiel pour ma\u00eetriser le galicien. Voici quelques exemples de contextes o\u00f9 ces verbes sont couramment utilis\u00e9s.<\/p>\n<h3>\u00c0 l&rsquo;\u00e9cole ou au travail<\/h3>\n<p>Dans un cadre scolaire ou professionnel, on peut souvent entendre :<\/p>\n<p><b>Sentar<\/b> : Les \u00e9l\u00e8ves doivent s&rsquo;asseoir pour suivre les <a href=\"https:\/\/talkpal.ai\/courses\/\">cours<\/a>.<br \/>\n<font color=\"#2D3AC7\">Os alumnos deben sentar para escoitar a lecci\u00f3n.<\/font><\/p>\n<p><b>Estar de p\u00e9<\/b> : Lors d&rsquo;une pr\u00e9sentation, il est courant de rester debout.<br \/>\n<font color=\"#2D3AC7\">O profesor est\u00e1 de p\u00e9 durante a presentaci\u00f3n.<\/font><\/p>\n<h3>\u00c0 la maison<\/h3>\n<p>\u00c0 la maison, ces verbes sont \u00e9galement tr\u00e8s utilis\u00e9s :<\/p>\n<p><b>Sentar<\/b> : S&rsquo;asseoir pour regarder la t\u00e9l\u00e9vision ou lire.<br \/>\n<font color=\"#2D3AC7\">Sentamos no sof\u00e1 para ver a televisi\u00f3n.<\/font><\/p>\n<p><b>Estar de p\u00e9<\/b> : \u00catre debout en cuisinant ou en attendant quelqu&rsquo;un.<br \/>\n<font color=\"#2D3AC7\">Estou de p\u00e9 na coci\u00f1a preparando a cea.<\/font><\/p>\n<h2>Diff\u00e9rences culturelles<\/h2>\n<p>Il est int\u00e9ressant de noter que l&rsquo;usage de ces termes peut r\u00e9v\u00e9ler des aspects culturels. Par exemple, en Galice, il est courant de s&rsquo;asseoir pour prendre un caf\u00e9 et discuter, contrairement \u00e0 d&rsquo;autres cultures o\u00f9 l&rsquo;on peut pr\u00e9f\u00e9rer rester debout.<\/p>\n<p><b>caf\u00e9<\/b><br \/>\nCaf\u00e9.<br \/>\n<font color=\"#2D3AC7\">Tomamos un caf\u00e9 sentados na terraza.<\/font><\/p>\n<p><b>conversar<\/b><br \/>\nDiscuter.<br \/>\n<font color=\"#2D3AC7\">G\u00fastame conversar cos amigos no caf\u00e9.<\/font><\/p>\n<h2>Verbes associ\u00e9s<\/h2>\n<p>Pour enrichir votre vocabulaire, voici quelques verbes associ\u00e9s \u00e0 <b>sentar<\/b> et <b>estar de p\u00e9<\/b>.<\/p>\n<p><b>levantar<\/b><br \/>\nSe lever.<br \/>\n<font color=\"#2D3AC7\">Vou levantarme cedo ma\u00f1\u00e1.<\/font><\/p>\n<p><b>sentarse<\/b><br \/>\nS&rsquo;asseoir (r\u00e9fl\u00e9chi).<br \/>\n<font color=\"#2D3AC7\">Vou sentarme na cadeira.<\/font><\/p>\n<p><b>quedar de p\u00e9<\/b><br \/>\nRester debout.<br \/>\n<font color=\"#2D3AC7\">Prefiro quedar de p\u00e9 na festa.<\/font><\/p>\n<p><b>achegar<\/b><br \/>\nApprocher.<br \/>\n<font color=\"#2D3AC7\">Achegouse \u00e1 mesa para coller o libro.<\/font><\/p>\n<p><b>afastarse<\/b><br \/>\nS&rsquo;\u00e9loigner.<br \/>\n<font color=\"#2D3AC7\">Afastouse da cadeira para ver mellor.<\/font><\/p>\n<h2>Expressions idiomatiques<\/h2>\n<p>Certaines <a href=\"https:\/\/talkpal.ai\/fr\/culture\/les-expressions-idiomatiques-liees-aux-animaux-en-francais\/\">expressions idiomatiques<\/a> utilisent \u00e9galement ces verbes. En voici quelques-unes.<\/p>\n<p><b>Sentar ben<\/b><br \/>\nBien se passer.<br \/>\n<font color=\"#2D3AC7\">A reuni\u00f3n sentou ben a todos.<\/font><\/p>\n<p><b>Estar de p\u00e9 de guerra<\/b><br \/>\n\u00catre sur le pied de guerre.<br \/>\n<font color=\"#2D3AC7\">Os traballadores est\u00e1n de p\u00e9 de guerra.<\/font><\/p>\n<h2>Exercices pratiques<\/h2>\n<p>Pour renforcer votre compr\u00e9hension, voici quelques exercices pratiques.<\/p>\n<h3>Compl\u00e9tez les phrases<\/h3>\n<p>1. Eu ___________ (sentar) na cadeira.<br \/>\n2. Ti ___________ (estar de p\u00e9) na fila.<br \/>\n3. N\u00f3s ___________ (sentar) no banco do parque.<br \/>\n4. Ela ___________ (estar de p\u00e9) na coci\u00f1a.<\/p>\n<h3>Traduisez en galicien<\/h3>\n<p>1. Je m&rsquo;assieds sur le canap\u00e9.<br \/>\n2. Il est debout devant la porte.<br \/>\n3. Nous nous asseyons pour lire.<br \/>\n4. Vous \u00eates debout en attendant le bus.<\/p>\n<h3>Questions de compr\u00e9hension<\/h3>\n<p>1. Quelle est la diff\u00e9rence entre <b>sentar<\/b> et <b>sentarse<\/b> ?<br \/>\n2. Dans quel contexte utiliseriez-vous <b>estar de p\u00e9<\/b> ?<br \/>\n3. Pouvez-vous donner un exemple d&rsquo;expression idiomatique avec <b>sentar<\/b> ?<\/p>\n<p>En pratiquant r\u00e9guli\u00e8rement et en utilisant ces verbes dans diff\u00e9rents contextes, vous am\u00e9liorerez votre ma\u00eetrise du galicien et serez capable de communiquer plus efficacement. Bonne chance dans votre apprentissage !<\/p>\n","protected":false},"featured_media":1528321,"template":"","vocabulary_language":[3849],"class_list":["post-738443","vocabulary","type-vocabulary","status-publish","has-post-thumbnail","hentry","vocabulary_language-galicien"],"acf":[],"yoast_head":"<!-- This site is optimized with the Yoast SEO Premium plugin v27.2 (Yoast SEO v27.2) - https:\/\/yoast.com\/product\/yoast-seo-premium-wordpress\/ -->\n<title>Sentar vs. Estar de p\u00e9 - Assis ou debout en galicien - Talkpal<\/title>\n<meta name=\"description\" content=\"La langue galicienne, parl\u00e9e dans la r\u00e9gion nord-ouest de l&#039;Espagne, poss\u00e8de des nuances int\u00e9ressantes, notamment lorsqu&#039;il s&#039;agit de d\u00e9crire des postures\" \/>\n<meta name=\"robots\" content=\"index, follow, max-snippet:-1, max-image-preview:large, max-video-preview:-1\" \/>\n<link rel=\"canonical\" href=\"https:\/\/talkpal.ai\/fr\/vocabulary\/sentar-vs-estar-de-pe-assis-ou-debout-en-galicien\/\" \/>\n<meta property=\"og:locale\" content=\"fr_FR\" \/>\n<meta property=\"og:type\" content=\"article\" \/>\n<meta property=\"og:title\" content=\"Sentar vs. Estar de p\u00e9 - Assis ou debout en galicien\" \/>\n<meta property=\"og:description\" content=\"La langue galicienne, parl\u00e9e dans la r\u00e9gion nord-ouest de l&#039;Espagne, poss\u00e8de des nuances int\u00e9ressantes, notamment lorsqu&#039;il s&#039;agit de d\u00e9crire des postures\" \/>\n<meta property=\"og:url\" content=\"https:\/\/talkpal.ai\/fr\/vocabulary\/sentar-vs-estar-de-pe-assis-ou-debout-en-galicien\/\" \/>\n<meta property=\"og:site_name\" content=\"Talkpal\" \/>\n<meta property=\"article:publisher\" content=\"https:\/\/www.facebook.com\/profile.php?id=100090733639311\" \/>\n<meta property=\"og:image\" content=\"https:\/\/talkpal.ai\/wp-content\/uploads\/2024\/10\/talkpal_flat_illustration_of_a_employees_working_together_happi_c674ff77-e477-4e09-835a-01d30e561e99.png\" \/>\n\t<meta property=\"og:image:width\" content=\"1024\" \/>\n\t<meta property=\"og:image:height\" content=\"1024\" \/>\n\t<meta property=\"og:image:type\" content=\"image\/png\" \/>\n<meta name=\"twitter:card\" content=\"summary_large_image\" \/>\n<meta name=\"twitter:site\" content=\"@talkpalai\" \/>\n<meta name=\"twitter:label1\" content=\"Dur\u00e9e de lecture estim\u00e9e\" \/>\n\t<meta name=\"twitter:data1\" content=\"4 minutes\" \/>\n<script type=\"application\/ld+json\" class=\"yoast-schema-graph\">{\"@context\":\"https:\/\/schema.org\",\"@graph\":[{\"@type\":\"WebPage\",\"@id\":\"https:\/\/talkpal.ai\/fr\/vocabulary\/sentar-vs-estar-de-pe-assis-ou-debout-en-galicien\/\",\"url\":\"https:\/\/talkpal.ai\/fr\/vocabulary\/sentar-vs-estar-de-pe-assis-ou-debout-en-galicien\/\",\"name\":\"Sentar vs. Estar de p\u00e9 - Assis ou debout en galicien - Talkpal\",\"isPartOf\":{\"@id\":\"https:\/\/talkpal.ai\/fr\/#website\"},\"primaryImageOfPage\":{\"@id\":\"https:\/\/talkpal.ai\/fr\/vocabulary\/sentar-vs-estar-de-pe-assis-ou-debout-en-galicien\/#primaryimage\"},\"image\":{\"@id\":\"https:\/\/talkpal.ai\/fr\/vocabulary\/sentar-vs-estar-de-pe-assis-ou-debout-en-galicien\/#primaryimage\"},\"thumbnailUrl\":\"https:\/\/talkpal.ai\/wp-content\/uploads\/2025\/12\/trio-reads-books-to-learn-languages.webp\",\"datePublished\":\"2024-06-10T09:41:26+00:00\",\"description\":\"La langue galicienne, parl\u00e9e dans la r\u00e9gion nord-ouest de l'Espagne, poss\u00e8de des nuances int\u00e9ressantes, notamment lorsqu'il s'agit de d\u00e9crire des postures\",\"breadcrumb\":{\"@id\":\"https:\/\/talkpal.ai\/fr\/vocabulary\/sentar-vs-estar-de-pe-assis-ou-debout-en-galicien\/#breadcrumb\"},\"inLanguage\":\"fr-FR\",\"potentialAction\":[{\"@type\":\"ReadAction\",\"target\":[\"https:\/\/talkpal.ai\/fr\/vocabulary\/sentar-vs-estar-de-pe-assis-ou-debout-en-galicien\/\"]}]},{\"@type\":\"ImageObject\",\"inLanguage\":\"fr-FR\",\"@id\":\"https:\/\/talkpal.ai\/fr\/vocabulary\/sentar-vs-estar-de-pe-assis-ou-debout-en-galicien\/#primaryimage\",\"url\":\"https:\/\/talkpal.ai\/wp-content\/uploads\/2025\/12\/trio-reads-books-to-learn-languages.webp\",\"contentUrl\":\"https:\/\/talkpal.ai\/wp-content\/uploads\/2025\/12\/trio-reads-books-to-learn-languages.webp\",\"width\":1200,\"height\":896,\"caption\":\"Three students study textbooks together while learning languages in a cozy room.\"},{\"@type\":\"BreadcrumbList\",\"@id\":\"https:\/\/talkpal.ai\/fr\/vocabulary\/sentar-vs-estar-de-pe-assis-ou-debout-en-galicien\/#breadcrumb\",\"itemListElement\":[{\"@type\":\"ListItem\",\"position\":1,\"name\":\"Homepage\",\"item\":\"https:\/\/talkpal.ai\/fr\/\"},{\"@type\":\"ListItem\",\"position\":2,\"name\":\"Sentar vs. Estar de p\u00e9 &#8211; Assis ou debout en galicien\"}]},{\"@type\":\"WebSite\",\"@id\":\"https:\/\/talkpal.ai\/fr\/#website\",\"url\":\"https:\/\/talkpal.ai\/fr\/\",\"name\":\"Talkpal\",\"description\":\"AI Language Learning\",\"publisher\":{\"@id\":\"https:\/\/talkpal.ai\/fr\/#organization\"},\"alternateName\":\"Talkpal AI\",\"potentialAction\":[{\"@type\":\"SearchAction\",\"target\":{\"@type\":\"EntryPoint\",\"urlTemplate\":\"https:\/\/talkpal.ai\/fr\/?s={search_term_string}\"},\"query-input\":{\"@type\":\"PropertyValueSpecification\",\"valueRequired\":true,\"valueName\":\"search_term_string\"}}],\"inLanguage\":\"fr-FR\"},{\"@type\":\"Organization\",\"@id\":\"https:\/\/talkpal.ai\/fr\/#organization\",\"name\":\"Talkpal, Inc.\",\"alternateName\":\"Talkpal AI\",\"url\":\"https:\/\/talkpal.ai\/fr\/\",\"logo\":{\"@type\":\"ImageObject\",\"inLanguage\":\"fr-FR\",\"@id\":\"https:\/\/talkpal.ai\/fr\/#\/schema\/logo\/image\/\",\"url\":\"https:\/\/talkpal.ai\/wp-content\/uploads\/2024\/03\/Talkpal-Logo-Icon.png\",\"contentUrl\":\"https:\/\/talkpal.ai\/wp-content\/uploads\/2024\/03\/Talkpal-Logo-Icon.png\",\"width\":2880,\"height\":2880,\"caption\":\"Talkpal, Inc.\"},\"image\":{\"@id\":\"https:\/\/talkpal.ai\/fr\/#\/schema\/logo\/image\/\"},\"sameAs\":[\"https:\/\/www.facebook.com\/profile.php?id=100090733639311\",\"https:\/\/x.com\/talkpalai\",\"https:\/\/www.linkedin.com\/company\/talkpal\/\",\"https:\/\/www.youtube.com\/@TalkPal\/\",\"https:\/\/www.tiktok.com\/@talkpal\",\"https:\/\/www.instagram.com\/talkpal_ai\/\",\"https:\/\/www.crunchbase.com\/organization\/talkpal-9cde\",\"https:\/\/www.g2.com\/products\/talkpal-for-business\/\",\"https:\/\/www.trustpilot.com\/review\/talkpal.ai\",\"https:\/\/www.capterra.com\/p\/10006800\/TalkPal\/\"],\"description\":\"Talkpal is a language learning web and mobile education app, powered by the latest AI technologies, that provides engaging experiences to its customers in many different languages to help them improve their language skills. Users can chat about unlimited amount of topics with the app and use other modes to practice their language learning.\",\"email\":\"support@talkpal.ai\",\"legalName\":\"Talkpal, Inc.\",\"foundingDate\":\"2023-04-03\",\"duns\":\"118989042\",\"numberOfEmployees\":{\"@type\":\"QuantitativeValue\",\"minValue\":\"11\",\"maxValue\":\"50\"},\"publishingPrinciples\":\"https:\/\/talkpal.ai\/publishing-principles\/\",\"actionableFeedbackPolicy\":\"https:\/\/talkpal.ai\/actionable-feedback-policy\/\",\"correctionsPolicy\":\"https:\/\/talkpal.ai\/corrections-policy\/\",\"ethicsPolicy\":\"https:\/\/talkpal.ai\/ethics-policy\/\",\"diversityPolicy\":\"https:\/\/talkpal.ai\/diversity-policy\/\",\"diversityStaffingReport\":\"https:\/\/talkpal.ai\/diversity-policy\/\"}]}<\/script>\n<!-- \/ Yoast SEO Premium plugin. -->","yoast_head_json":{"title":"Sentar vs. Estar de p\u00e9 - Assis ou debout en galicien - Talkpal","description":"La langue galicienne, parl\u00e9e dans la r\u00e9gion nord-ouest de l'Espagne, poss\u00e8de des nuances int\u00e9ressantes, notamment lorsqu'il s'agit de d\u00e9crire des postures","robots":{"index":"index","follow":"follow","max-snippet":"max-snippet:-1","max-image-preview":"max-image-preview:large","max-video-preview":"max-video-preview:-1"},"canonical":"https:\/\/talkpal.ai\/fr\/vocabulary\/sentar-vs-estar-de-pe-assis-ou-debout-en-galicien\/","og_locale":"fr_FR","og_type":"article","og_title":"Sentar vs. Estar de p\u00e9 - Assis ou debout en galicien","og_description":"La langue galicienne, parl\u00e9e dans la r\u00e9gion nord-ouest de l'Espagne, poss\u00e8de des nuances int\u00e9ressantes, notamment lorsqu'il s'agit de d\u00e9crire des postures","og_url":"https:\/\/talkpal.ai\/fr\/vocabulary\/sentar-vs-estar-de-pe-assis-ou-debout-en-galicien\/","og_site_name":"Talkpal","article_publisher":"https:\/\/www.facebook.com\/profile.php?id=100090733639311","og_image":[{"width":1024,"height":1024,"url":"https:\/\/talkpal.ai\/wp-content\/uploads\/2024\/10\/talkpal_flat_illustration_of_a_employees_working_together_happi_c674ff77-e477-4e09-835a-01d30e561e99.png","type":"image\/png"}],"twitter_card":"summary_large_image","twitter_site":"@talkpalai","twitter_misc":{"Dur\u00e9e de lecture estim\u00e9e":"4 minutes"},"schema":{"@context":"https:\/\/schema.org","@graph":[{"@type":"WebPage","@id":"https:\/\/talkpal.ai\/fr\/vocabulary\/sentar-vs-estar-de-pe-assis-ou-debout-en-galicien\/","url":"https:\/\/talkpal.ai\/fr\/vocabulary\/sentar-vs-estar-de-pe-assis-ou-debout-en-galicien\/","name":"Sentar vs. Estar de p\u00e9 - Assis ou debout en galicien - Talkpal","isPartOf":{"@id":"https:\/\/talkpal.ai\/fr\/#website"},"primaryImageOfPage":{"@id":"https:\/\/talkpal.ai\/fr\/vocabulary\/sentar-vs-estar-de-pe-assis-ou-debout-en-galicien\/#primaryimage"},"image":{"@id":"https:\/\/talkpal.ai\/fr\/vocabulary\/sentar-vs-estar-de-pe-assis-ou-debout-en-galicien\/#primaryimage"},"thumbnailUrl":"https:\/\/talkpal.ai\/wp-content\/uploads\/2025\/12\/trio-reads-books-to-learn-languages.webp","datePublished":"2024-06-10T09:41:26+00:00","description":"La langue galicienne, parl\u00e9e dans la r\u00e9gion nord-ouest de l'Espagne, poss\u00e8de des nuances int\u00e9ressantes, notamment lorsqu'il s'agit de d\u00e9crire des postures","breadcrumb":{"@id":"https:\/\/talkpal.ai\/fr\/vocabulary\/sentar-vs-estar-de-pe-assis-ou-debout-en-galicien\/#breadcrumb"},"inLanguage":"fr-FR","potentialAction":[{"@type":"ReadAction","target":["https:\/\/talkpal.ai\/fr\/vocabulary\/sentar-vs-estar-de-pe-assis-ou-debout-en-galicien\/"]}]},{"@type":"ImageObject","inLanguage":"fr-FR","@id":"https:\/\/talkpal.ai\/fr\/vocabulary\/sentar-vs-estar-de-pe-assis-ou-debout-en-galicien\/#primaryimage","url":"https:\/\/talkpal.ai\/wp-content\/uploads\/2025\/12\/trio-reads-books-to-learn-languages.webp","contentUrl":"https:\/\/talkpal.ai\/wp-content\/uploads\/2025\/12\/trio-reads-books-to-learn-languages.webp","width":1200,"height":896,"caption":"Three students study textbooks together while learning languages in a cozy room."},{"@type":"BreadcrumbList","@id":"https:\/\/talkpal.ai\/fr\/vocabulary\/sentar-vs-estar-de-pe-assis-ou-debout-en-galicien\/#breadcrumb","itemListElement":[{"@type":"ListItem","position":1,"name":"Homepage","item":"https:\/\/talkpal.ai\/fr\/"},{"@type":"ListItem","position":2,"name":"Sentar vs. Estar de p\u00e9 &#8211; Assis ou debout en galicien"}]},{"@type":"WebSite","@id":"https:\/\/talkpal.ai\/fr\/#website","url":"https:\/\/talkpal.ai\/fr\/","name":"Talkpal","description":"AI Language Learning","publisher":{"@id":"https:\/\/talkpal.ai\/fr\/#organization"},"alternateName":"Talkpal AI","potentialAction":[{"@type":"SearchAction","target":{"@type":"EntryPoint","urlTemplate":"https:\/\/talkpal.ai\/fr\/?s={search_term_string}"},"query-input":{"@type":"PropertyValueSpecification","valueRequired":true,"valueName":"search_term_string"}}],"inLanguage":"fr-FR"},{"@type":"Organization","@id":"https:\/\/talkpal.ai\/fr\/#organization","name":"Talkpal, Inc.","alternateName":"Talkpal AI","url":"https:\/\/talkpal.ai\/fr\/","logo":{"@type":"ImageObject","inLanguage":"fr-FR","@id":"https:\/\/talkpal.ai\/fr\/#\/schema\/logo\/image\/","url":"https:\/\/talkpal.ai\/wp-content\/uploads\/2024\/03\/Talkpal-Logo-Icon.png","contentUrl":"https:\/\/talkpal.ai\/wp-content\/uploads\/2024\/03\/Talkpal-Logo-Icon.png","width":2880,"height":2880,"caption":"Talkpal, Inc."},"image":{"@id":"https:\/\/talkpal.ai\/fr\/#\/schema\/logo\/image\/"},"sameAs":["https:\/\/www.facebook.com\/profile.php?id=100090733639311","https:\/\/x.com\/talkpalai","https:\/\/www.linkedin.com\/company\/talkpal\/","https:\/\/www.youtube.com\/@TalkPal\/","https:\/\/www.tiktok.com\/@talkpal","https:\/\/www.instagram.com\/talkpal_ai\/","https:\/\/www.crunchbase.com\/organization\/talkpal-9cde","https:\/\/www.g2.com\/products\/talkpal-for-business\/","https:\/\/www.trustpilot.com\/review\/talkpal.ai","https:\/\/www.capterra.com\/p\/10006800\/TalkPal\/"],"description":"Talkpal is a language learning web and mobile education app, powered by the latest AI technologies, that provides engaging experiences to its customers in many different languages to help them improve their language skills. Users can chat about unlimited amount of topics with the app and use other modes to practice their language learning.","email":"support@talkpal.ai","legalName":"Talkpal, Inc.","foundingDate":"2023-04-03","duns":"118989042","numberOfEmployees":{"@type":"QuantitativeValue","minValue":"11","maxValue":"50"},"publishingPrinciples":"https:\/\/talkpal.ai\/publishing-principles\/","actionableFeedbackPolicy":"https:\/\/talkpal.ai\/actionable-feedback-policy\/","correctionsPolicy":"https:\/\/talkpal.ai\/corrections-policy\/","ethicsPolicy":"https:\/\/talkpal.ai\/ethics-policy\/","diversityPolicy":"https:\/\/talkpal.ai\/diversity-policy\/","diversityStaffingReport":"https:\/\/talkpal.ai\/diversity-policy\/"}]}},"_links":{"self":[{"href":"https:\/\/talkpal.ai\/fr\/wp-json\/wp\/v2\/vocabulary\/738443","targetHints":{"allow":["GET"]}}],"collection":[{"href":"https:\/\/talkpal.ai\/fr\/wp-json\/wp\/v2\/vocabulary"}],"about":[{"href":"https:\/\/talkpal.ai\/fr\/wp-json\/wp\/v2\/types\/vocabulary"}],"wp:featuredmedia":[{"embeddable":true,"href":"https:\/\/talkpal.ai\/fr\/wp-json\/wp\/v2\/media\/1528321"}],"wp:attachment":[{"href":"https:\/\/talkpal.ai\/fr\/wp-json\/wp\/v2\/media?parent=738443"}],"wp:term":[{"taxonomy":"vocabulary_language","embeddable":true,"href":"https:\/\/talkpal.ai\/fr\/wp-json\/wp\/v2\/vocabulary_language?post=738443"}],"curies":[{"name":"wp","href":"https:\/\/api.w.org\/{rel}","templated":true}]}}